{"version":"1.0","provider_name":"Legislapp","provider_url":"https:\/\/www.legislapp.com.br","author_name":"admin","author_url":"https:\/\/www.legislapp.com.br\/index.php\/author\/admin\/","title":"PL 5446\/2009 - Legislapp","type":"rich","width":600,"height":338,"html":"<blockquote class=\"wp-embedded-content\" data-secret=\"PaW2LmZRym\"><a href=\"https:\/\/www.legislapp.com.br\/index.php\/pl-5446-2009\/\">PL 5446\/2009<\/a><\/blockquote><iframe sandbox=\"allow-scripts\" security=\"restricted\" src=\"https:\/\/www.legislapp.com.br\/index.php\/pl-5446-2009\/embed\/#?secret=PaW2LmZRym\" width=\"600\" height=\"338\" title=\"&#8220;PL 5446\/2009&#8221; &#8212; Legislapp\" data-secret=\"PaW2LmZRym\" frameborder=\"0\" marginwidth=\"0\" marginheight=\"0\" scrolling=\"no\" class=\"wp-embedded-content\"><\/iframe><script type=\"text\/javascript\">\n\/* <![CDATA[ *\/\n\/*! This file is auto-generated *\/\n!function(d,l){\"use strict\";l.querySelector&&d.addEventListener&&\"undefined\"!=typeof URL&&(d.wp=d.wp||{},d.wp.receiveEmbedMessage||(d.wp.receiveEmbedMessage=function(e){var t=e.data;if((t||t.secret||t.message||t.value)&&!\/[^a-zA-Z0-9]\/.test(t.secret)){for(var s,r,n,a=l.querySelectorAll('iframe[data-secret=\"'+t.secret+'\"]'),o=l.querySelectorAll('blockquote[data-secret=\"'+t.secret+'\"]'),c=new RegExp(\"^https?:$\",\"i\"),i=0;i<o.length;i++)o[i].style.display=\"none\";for(i=0;i<a.length;i++)s=a[i],e.source===s.contentWindow&&(s.removeAttribute(\"style\"),\"height\"===t.message?(1e3<(r=parseInt(t.value,10))?r=1e3:~~r<200&&(r=200),s.height=r):\"link\"===t.message&&(r=new URL(s.getAttribute(\"src\")),n=new URL(t.value),c.test(n.protocol))&&n.host===r.host&&l.activeElement===s&&(d.top.location.href=t.value))}},d.addEventListener(\"message\",d.wp.receiveEmbedMessage,!1),l.addEventListener(\"DOMContentLoaded\",function(){for(var e,t,s=l.querySelectorAll(\"iframe.wp-embedded-content\"),r=0;r<s.length;r++)(t=(e=s[r]).getAttribute(\"data-secret\"))||(t=Math.random().toString(36).substring(2,12),e.src+=\"#?secret=\"+t,e.setAttribute(\"data-secret\",t)),e.contentWindow.postMessage({message:\"ready\",secret:t},\"*\")},!1)))}(window,document);\n\/* ]]> *\/\n<\/script>\n","description":"C\u00e2mara &#8211; Autoria de CARLOS ALBERTO ROLIM ZARATTINI Disp\u00f5e sobre a contagem do tempo de exerc\u00edcio dos profissionais que exercem atividades em unidades de educa\u00e7\u00e3o infantil como de efetivo exerc\u00edcio do magist\u00e9rio. Garantia, profissional, educa\u00e7\u00e3o infantil, contagem, tempo de servi\u00e7o, exerc\u00edcio efetivo, magist\u00e9rio, inclus\u00e3o, dire\u00e7\u00e3o, assessoramento, coordenador pedag\u00f3gico, orientador pedag\u00f3gico, creche, pr\u00e9-escola. Visualizar completo na [&hellip;]","thumbnail_url":"https:\/\/www.camara.leg.br\/internet\/deputado\/bandep\/141398.jpg"}