{"id":10030,"date":"2025-12-01T10:57:37","date_gmt":"2025-12-01T13:57:37","guid":{"rendered":"https:\/\/www.legislapp.com.br\/index.php\/avulso-inicial-pl-3262-2025-camara\/"},"modified":"2025-12-01T10:57:37","modified_gmt":"2025-12-01T13:57:37","slug":"avulso-inicial-pl-3262-2025-camara","status":"publish","type":"page","link":"https:\/\/www.legislapp.com.br\/index.php\/avulso-inicial-pl-3262-2025-camara\/","title":{"rendered":"Avulso Inicial &#8211; PL 3262\/2025 &#8211; C\u00e2mara"},"content":{"rendered":"<h1 style='text-align: center;'>Avulso Inicial &#8211; Autoria de Daiana Santos<\/h3>\n<p><\/p>\n<article>C\u00e2mara dos Deputados<br \/>\nGabinete da Deputada Federal Daiana Santos<br \/>\nGabinete 901 &#8211; Anexo IV &#8211; C\u00e2mara dos Deputados<br \/>\nPROJETO DE LEI N\u00ba          , DE 2025<br \/>\n(Da Sra. DAIANA SANTOS)<br \/>\nRevoga o art. 284 (crime de curandeirismo) do<br \/>\nDecreto-Lei n\u00ba 2.848, de 7 de dezembro de 1940<br \/>\n(C\u00f3digo Penal), e altera os arts. 129 e 283 para<br \/>\nrefor\u00e7ar o combate ao estelionato e a prote\u00e7\u00e3o \u00e0<br \/>\nsa\u00fade p\u00fablica.<br \/>\nO Congresso Nacional decreta:<br \/>\nArt. 1\u00ba Esta Lei revoga o Art.284 do Decreto-Lei n\u00ba 2.848, de 7 de<br \/>\ndezembro de 1940 (C\u00f3digo Penal) e altera os arts. Para refor\u00e7ar a prote\u00e7\u00e3o \u00e0 sa\u00fade<br \/>\np\u00fablica.<br \/>\nArt. 2\u00ba Fica revogado o Art. 284 do Decreto-Lei n\u00ba 2.848, de 7 de<br \/>\ndezembro de 1940 (C\u00f3digo Penal).<br \/>\nArt. 3\u00ba O \u00a7 2\u00ba do art. 171 do Decreto-Lei n\u00ba 2.848, de 7 de dezembro de<br \/>\n1940, passa a vigorar acrescido do seguinte inciso VII:<br \/>\n\u201cDiagn\u00f3stico e prescri\u00e7\u00e3o de subst\u00e2ncias com prop\u00f3sito<br \/>\nfraudulento<br \/>\nC\u00e2mara dos Deputados | Anexo VI \u2013 Gabinete 901 | Bras\u00edlia &#8211; DF &#8211; Brasil &#8211; CEP 70160-900<br \/>\nTel (61) 3215-5901 | Cel (61)99637-8135 | dep.daianasantos@camara.leg.br<br \/>\nRua Sofia Veloso, 85 | Cidade Baixa \u2013 Porto Alegre\/RS | Whats (51) 99213-7962<br \/>\nPara verificar a assinatura, acesse https:\/\/infoleg-autenticidade-assinatura.camara.leg.br\/CD258963902200<br \/>\nAssinado eletronicamente pelo(a) Dep. Daiana Santos<br \/>\nApresenta\u00e7\u00e3o: 04\/07\/2025 13:28:07.300 &#8211; Mesa<br \/>\n*CD258963902200* PL n.3262\/2025<br \/>C\u00e2mara dos Deputados<br \/>\nGabinete da Deputada Federal Daiana Santos<br \/>\nGabinete 901 &#8211; Anexo IV &#8211; C\u00e2mara dos Deputados<br \/>\nVII \u2013 faz diagn\u00f3sticos, prescreve ou ministra subst\u00e2ncias com promessa<br \/>\nde cura, de maneira fraudulenta e com o prop\u00f3sito de enganar\u201d.<br \/>\nArt. 4\u00ba O Art. 132 do Decreto-Lei n\u00ba 2.848, de 7 de dezembro de 1940<br \/>\npassa a vigorar acrescido o seguinte \u00a7 2\u00ba:<br \/>\n\u201c\u00a7 2\u00ba Nas mesmas penas incorre quem, sem habilita\u00e7\u00e3o legal para o<br \/>\nexerc\u00edcio de profiss\u00e3o da \u00e1rea da sa\u00fade, exp\u00f5e a v\u00edtima a perigo direto e<br \/>\niminente por meio de diagn\u00f3stico, prescri\u00e7\u00e3o, ministra\u00e7\u00e3o ou aplica\u00e7\u00e3o de<br \/>\nsubst\u00e2ncia ou procedimento terap\u00eautico, com inten\u00e7\u00e3o de simular<br \/>\ncapacidade t\u00e9cnico-profissional com finalidade diversa do mero aux\u00edlio<br \/>\nespiritual, ritual\u00edstico ou tradicional.<br \/>\n\u00a7 3\u00ba N\u00e3o se aplica o disposto no \u00a7 2\u00ba \u00e0s pr\u00e1ticas tradicionais ou populares<br \/>\nde cuidado, assist\u00eancia ou cura, de natureza espiritual, ritual\u00edstica ou<br \/>\ncultural, que n\u00e3o envolvam m\u00e9todos invasivos nem subst\u00e2ncias de<br \/>\nreconhecida nocividade por autoridade sanit\u00e1ria competente, quando<br \/>\npraticadas em contextos comunit\u00e1rios, sem inten\u00e7\u00e3o de fraude ou<br \/>\nexerc\u00edcio indevido de profiss\u00e3o regulamentada\u201d.<br \/>\nArt. 5\u00ba Esta lei entra em vigor na data de sua publica\u00e7\u00e3o.<br \/>\nC\u00e2mara dos Deputados | Anexo VI \u2013 Gabinete 901 | Bras\u00edlia &#8211; DF &#8211; Brasil &#8211; CEP 70160-900<br \/>\nTel (61) 3215-5901 | Cel (61)99637-8135 | dep.daianasantos@camara.leg.br<br \/>\nRua Sofia Veloso, 85 | Cidade Baixa \u2013 Porto Alegre\/RS | Whats (51) 99213-7962<br \/>\nPara verificar a assinatura, acesse https:\/\/infoleg-autenticidade-assinatura.camara.leg.br\/CD258963902200<br \/>\nAssinado eletronicamente pelo(a) Dep. Daiana Santos<br \/>\nApresenta\u00e7\u00e3o: 04\/07\/2025 13:28:07.300 &#8211; Mesa<br \/>\n*CD258963902200* PL n.3262\/2025<br \/>C\u00e2mara dos Deputados<br \/>\nGabinete da Deputada Federal Daiana Santos<br \/>\nGabinete 901 &#8211; Anexo IV &#8211; C\u00e2mara dos Deputados<br \/>\nJUSTIFICA\u00c7\u00c3O<br \/>\n1 As origens da criminaliza\u00e7\u00e3o do \u201ccurandeirismo\u201d<br \/>\nSegundo pesquisa desenvolvida por Marcus Vin\u00edcius Carvalho Garcia, o crime de<br \/>\ncurandeirismo surge no ordenamento jur\u00eddico brasileiro no Artigo 158 do C\u00f3digo Penal de<br \/>\n1890 com a seguinte defini\u00e7\u00e3o: &#8220;Ministrar, ou simplesmente prescrever, como meio curativo<br \/>\npara uso interno ou externo, e sob qualquer f\u00f3rma preparada, substancia de qualquer dos<br \/>\n1<br \/>\nreinos da natureza, fazendo, ou exercendo assim, o officio do denominado curandeiro&#8221; .<br \/>\nDe acordo com a literatura especializada, a criminaliza\u00e7\u00e3o das pr\u00e1ticas curativas<br \/>\npela manipula\u00e7\u00e3o de elementos da natureza, bem como os ritos e rituais associados<br \/>\n(espiritismo, sortil\u00e9gios, gestos, talism\u00e3s, cartomancias, hipnotismo), foi inclu\u00eddo no<br \/>\n2<br \/>\nordenamento penal por influ\u00eancia do racismo cient\u00edfico , consequ\u00eancia da recep\u00e7\u00e3o do<br \/>\npositivismo no pa\u00eds. Corrente filos\u00f3fica que logrou expressiva convers\u00e3o junto \u00e0s elites<br \/>\npol\u00edticas, intelectuais e dirigentes do Brasil a partir da segunda metade do s\u00e9culo XIX, a<br \/>\nret\u00f3rica positivista foi onipresente na transi\u00e7\u00e3o do Imp\u00e9rio para a Rep\u00fablica &#8211; instaurada<br \/>\nformalmente em 1889 &#8211; e vigeu como sustent\u00e1culo moral do projeto de na\u00e7\u00e3o no alvorecer<br \/>\n3<br \/>\ndo s\u00e9culo XX, e adiante .<br \/>\nO Brasil padecia, segundo a perspectiva positivista, de relevante atraso civilizat\u00f3rio,<br \/>\nsobretudo devido aos costumes e \u00e0s mentalidades \u201cfetichistas\u201d, que adviriam das<br \/>\nreminisc\u00eancias da ritual\u00edstica, da oralidade e das farmacopeias tradicionais ind\u00edgenas e<br \/>\n1<br \/>\n Decreto 847 de 11 de outubro de 1890, C\u00f3digo Penal, acess\u00edvel em<br \/>\nhttps:\/\/www.planalto.gov.br\/ccivil_03\/decreto\/1851-1899\/d847.htm<br \/>\n2<br \/>\n SANTOS; R. A.; SILVA, R. M. N. Racismo cient\u00edfico no Brasil: um retrato racial do Brasil p\u00f3s-<br \/>\nescravatura. Educa\u00e7\u00e3o em Revista, v. 34, n. 68, 2018.<br \/>\n3<br \/>\n SCHRITZMEYER, Ana L\u00facia Pastore. Sortil\u00e9gio de Saberes: curadores e ju\u00edzes nos tribunais<br \/>\nbrasileiros (1900-1990 \u2013 S\u00e3o Paulo \u2013 IBCCRIM, 2004.<br \/>\nC\u00e2mara dos Deputados | Anexo VI \u2013 Gabinete 901 | Bras\u00edlia &#8211; DF &#8211; Brasil &#8211; CEP 70160-900<br \/>\nTel (61) 3215-5901 | Cel (61)99637-8135 | dep.daianasantos@camara.leg.br<br \/>\nRua Sofia Veloso, 85 | Cidade Baixa \u2013 Porto Alegre\/RS | Whats (51) 99213-7962<br \/>\nPara verificar a assinatura, acesse https:\/\/infoleg-autenticidade-assinatura.camara.leg.br\/CD258963902200<br \/>\nAssinado eletronicamente pelo(a) Dep. Daiana Santos<br \/>\nApresenta\u00e7\u00e3o: 04\/07\/2025 13:28:07.300 &#8211; Mesa<br \/>\n*CD258963902200* PL n.3262\/2025<br \/>C\u00e2mara dos Deputados<br \/>\nGabinete da Deputada Federal Daiana Santos<br \/>\nGabinete 901 &#8211; Anexo IV &#8211; C\u00e2mara dos Deputados<br \/>\nnegro-africanas. Ind\u00edgenas como refer\u00eancia do passado; negros e mesti\u00e7os como um<br \/>\nproblema a ser encarado no presente, em um pa\u00eds em processo de emancipa\u00e7\u00e3o em<br \/>\nrela\u00e7\u00e3o ao jugo da metr\u00f3pole lusitana, e que tamb\u00e9m vivenciava vertiginosa urbaniza\u00e7\u00e3o<br \/>\n4<br \/>\nque demandava, assim, interven\u00e7\u00f5es de natureza sanit\u00e1ria, fundi\u00e1ria e penal .<br \/>\nAs pol\u00edticas higienistas urbanas, notadamente implementadas com vi\u00e9s autorit\u00e1rio e<br \/>\ncompuls\u00f3rio junto aos pretos e pobres, \u00e9 exemplo dessa mudan\u00e7a de paradigma nos<br \/>\nprim\u00f3rdios da Rep\u00fablica, em que a operacionaliza\u00e7\u00e3o da lei e o monop\u00f3lio estatal da<br \/>\nviol\u00eancia foi colocado a servi\u00e7o das convic\u00e7\u00f5es emanadas pela ci\u00eancia oficial.<br \/>\nIsso porque as chamadas pr\u00e1ticas fetichistas, como o curandeirismo (ou seus<br \/>\nsin\u00f4nimos como magia, feiti\u00e7aria etc.), n\u00e3o constam no C\u00f3digo Criminal de 1830. Ou seja,<br \/>\ndiferentemente do Per\u00edodo Republicano, n\u00e3o est\u00e3o expressas no ordenamento penal do<br \/>\nBrasil Imp\u00e9rio (1808 &#8211; 1889), seja sob o derradeiro dom\u00ednio da Corte Portuguesa (1808 &#8211;<br \/>\n1822), seja como Reinado independente (1822-1889). Exce\u00e7\u00e3o para as chamadas<br \/>\nOrdena\u00e7\u00f5es Filipinas, antigas leis portuguesas compiladas em c\u00f3digos a partir de 1603 pelo<br \/>\nmonarca Felipe I, e que vigorou como subs\u00eddio do direito p\u00e1trio at\u00e9 31 de dezembro de<br \/>\n1916.<br \/>\nConforme aludido, portanto, a criminaliza\u00e7\u00e3o do curandeirismo, se expande na<br \/>\nprimeira metade do s\u00e9culo XX e \u00e9 aprimorada no c\u00f3digo penal de 1940. Torna-se, nesse<br \/>\nespa\u00e7o temporal, uma contraven\u00e7\u00e3o oficial que passa a ser aplicada em conson\u00e2ncia &#8211; ou<br \/>\nem resposta oficial das elites &#8211; ao crescimento, dissemina\u00e7\u00e3o e institucionaliza\u00e7\u00e3o das<br \/>\nreligi\u00f5es de matriz africana, como o candombl\u00e9 e a umbanda, bem como o pr\u00f3prio<br \/>\nespiritismo kardecista, que teve r\u00e1pida dissemina\u00e7\u00e3o no Brasil a partir de meados do s\u00e9culo<br \/>\nXIX, conforme demonstra Rosa (2022: p. 683).<br \/>\nImporta salientar que sublinhamos os dispositivos que t\u00eam interface com o<br \/>\ncurandeirismo enquanto conceito gen\u00e9rico para sistemas de cren\u00e7as, manipula\u00e7\u00e3o de<br \/>\nelementos da natureza, sortil\u00e9gios e pr\u00e1ticas m\u00e1gicas. Ou seja, que se correlacionam com o<br \/>\n4<br \/>\n CAMPOS, Ludimila et ali. \u201cCurandeirismo no Brasil: Uma abordagem hist\u00f3rico-jur\u00eddica na transi\u00e7\u00e3o<br \/>\npara a Rep\u00fablica\u201d. Revista Relegens Thr\u00e9skeia v. 09 n\u00b0 2. UFPR, 2020 p. 225 a 241.<br \/>\nC\u00e2mara dos Deputados | Anexo VI \u2013 Gabinete 901 | Bras\u00edlia &#8211; DF &#8211; Brasil &#8211; CEP 70160-900<br \/>\nTel (61) 3215-5901 | Cel (61)99637-8135 | dep.daianasantos@camara.leg.br<br \/>\nRua Sofia Veloso, 85 | Cidade Baixa \u2013 Porto Alegre\/RS | Whats (51) 99213-7962<br \/>\nPara verificar a assinatura, acesse https:\/\/infoleg-autenticidade-assinatura.camara.leg.br\/CD258963902200<br \/>\nAssinado eletronicamente pelo(a) Dep. Daiana Santos<br \/>\nApresenta\u00e7\u00e3o: 04\/07\/2025 13:28:07.300 &#8211; Mesa<br \/>\n*CD258963902200* PL n.3262\/2025<br \/>C\u00e2mara dos Deputados<br \/>\nGabinete da Deputada Federal Daiana Santos<br \/>\nGabinete 901 &#8211; Anexo IV &#8211; C\u00e2mara dos Deputados<br \/>\nlivre exerc\u00edcio de culto e express\u00e3o religiosa. Afinal, esta \u00e9 a conota\u00e7\u00e3o dada ao<br \/>\ncurandeirismo no Artigo 284 do C\u00f3digo Penal de 1940, do qual se prop\u00f5e aqui o<br \/>\nabolimento. Sobretudo porque se trata de um dispositivo estigmatizante e preconceituoso<br \/>\nque fora historicamente voltado para criminaliza\u00e7\u00e3o de religi\u00f5es afro-brasileiras e,<br \/>\nconsequentemente, de indiv\u00edduos pretos e pobres. A historiografia elenca in\u00fameros casos<br \/>\nde persegui\u00e7\u00e3o a indiv\u00edduos, assim como a interven\u00e7\u00e3o violenta em espa\u00e7os e estruturas de<br \/>\nsociabilidade das religi\u00f5es africanas no Brasil. Amparada pela lei penal, sob a \u00e9gide da<br \/>\nmanuten\u00e7\u00e3o da ordem, disseminou-se, na realidade, indiscriminadamente, a intoler\u00e2ncia<br \/>\n5<br \/>\nreligiosa .<br \/>\n2 Tipos penais similares j\u00e1 foram descriminalizados<br \/>\nImporta registrar que j\u00e1 correram relevantes altera\u00e7\u00f5es do C\u00f3digo Penal de 1890<br \/>\npara o C\u00f3digo de Processo Penal de 1940 em rela\u00e7\u00e3o aos crimes que supostamente<br \/>\natentariam contra a sa\u00fade p\u00fablica. H\u00e1 tr\u00eas artigos em que o CP\/1890 nomeia<br \/>\nexpressamente um rol de pr\u00e1ticas curativas ilegais. O artigo 156 refere-se ao exerc\u00edcio de<br \/>\natividades m\u00e9dicas sem estar habilitado \u201csegundo leis e regulamentos\u201d. Acrescenta essa<br \/>\npr\u00e9-condi\u00e7\u00e3o, conforme grafia da \u00e9poca, para a \u201carte dent\u00e1ria ou a pharmacia\u201d e \u201cpraticar a<br \/>\nhomeopathia, a dosimetria, o hypnotismo e o magnetismo animal\u201d. O artigo 157 pro\u00edbe o<br \/>\n\u201cespiritismo, a magia e seus sortil\u00e9gios, usar talismans e cartomancias para despertar<br \/>\nsentimentos de \u00f3dio ou amor, inculcar cura de mol\u00e9stias cur\u00e1veis ou incur\u00e1veis, emfim, para<br \/>\nfascinar e subjugar a credulidade publica\u201d. O artigo 158 explicita o que seria o of\u00edcio de<br \/>\ncurandeiro nos seguintes termos: \u201cministrar, ou simplesmente prescrever, como meio<br \/>\ncurativo para uso interno ou externo, e sob qualquer f\u00f3rma preparada, substancia de<br \/>\nqualquer dos reinos da natureza, fazendo, ou exercendo assim, o officio do denominado<br \/>\n6<br \/>\ncurandeiro\u201d .<br \/>\n5<br \/>\n cf:. OLIVEIRA, Josivaldo Pires de. \u201cNa busca da curandeira: rela\u00e7\u00f5es de poder e repress\u00e3o ao<br \/>\nCandombl\u00e9 no interior baiano\u201d. Veredas da Hist\u00f3ria [online]. Ano V. Edi\u00e7\u00e3o 2, 2012. P. 55-63.<br \/>\nC\u00e2mara dos Deputados | Anexo VI \u2013 Gabinete 901 | Bras\u00edlia &#8211; DF &#8211; Brasil &#8211; CEP 70160-900<br \/>\nTel (61) 3215-5901 | Cel (61)99637-8135 | dep.daianasantos@camara.leg.br<br \/>\nRua Sofia Veloso, 85 | Cidade Baixa \u2013 Porto Alegre\/RS | Whats (51) 99213-7962<br \/>\nPara verificar a assinatura, acesse https:\/\/infoleg-autenticidade-assinatura.camara.leg.br\/CD258963902200<br \/>\nAssinado eletronicamente pelo(a) Dep. Daiana Santos<br \/>\nApresenta\u00e7\u00e3o: 04\/07\/2025 13:28:07.300 &#8211; Mesa<br \/>\n*CD258963902200* PL n.3262\/2025<br \/>C\u00e2mara dos Deputados<br \/>\nGabinete da Deputada Federal Daiana Santos<br \/>\nGabinete 901 &#8211; Anexo IV &#8211; C\u00e2mara dos Deputados<br \/>\nNota-se que entre as condutas criminosas contidas no CP\/1890 relativas ao bin\u00f4mio<br \/>\nreligiosidade e sa\u00fade p\u00fablica, somente o of\u00edcio de curandeiro restou tipificado<br \/>\nexpressamente como crime no CP\/1940. O legislador original excluiu as refer\u00eancias<br \/>\nexpressas ao espiritismo, \u00e0 dosimetria, \u00e0 homeopatia, \u00e0 magia e seus sortil\u00e9gios, ao<br \/>\nhipnotismo, ao magnetismo animal, bem como ao uso de talism\u00e3s e da cartomancia. \u00c9<br \/>\nposs\u00edvel que a supress\u00e3o desses termos tenha sido resultado da compreens\u00e3o de que n\u00e3o<br \/>\nhavia compatibilidade entre os mesmos e os princ\u00edpios de liberdade de culto e laicidade do<br \/>\nEstado, que s\u00e3o fundamentos constitucionais desde a Constitui\u00e7\u00e3o de 1891.<br \/>\nPor outro lado, o crime de \u201ccurandeirismo\u201d foi mantido e escalou para previs\u00e3o de<br \/>\npenas mais severas. Modificaram de um a seis meses, no CP\/1890, para seis meses a dois<br \/>\nanos, no CP\/1940.<br \/>\n3 Inconstitucionalidade, anticonvencionalidade e antijuridicidade do crime<br \/>\nde curandeirismo<br \/>\n\u00c9 preciso reconhecer que o art. 284 do C\u00f3digo Penal, que mant\u00e9m o crime de<br \/>\ncurandeirismo, viola a Constitui\u00e7\u00e3o sob m\u00faltiplos aspectos. Ao criminalizar pr\u00e1ticas<br \/>\ntradicionais de cura ele fere a liberdade de consci\u00eancia e de cren\u00e7a (art. 5\u00ba VI) e a<br \/>\nigualdade material, pois atinge de forma desproporcional comunidades afro-<br \/>\nind\u00edgenas e populares. Tamb\u00e9m contraria a prote\u00e7\u00e3o estatal \u00e0s express\u00f5es culturais<br \/>\ne aos \u201cmodos de criar, fazer e viver\u201d garantida nos arts. 215 e 216, que imp\u00f5em ao<br \/>\nPoder P\u00fablico o dever de valorizar esses saberes .<br \/>\nPor tipificar mero perigo abstrato, o dispositivo ignora o princ\u00edpio da<br \/>\nofensividade e a interven\u00e7\u00e3o penal m\u00ednima, corol\u00e1rios que deveriam estar<br \/>\nassentados em um direito penal constitucionalmente informado.<br \/>\n6<br \/>\n C\u00f3digo Penal de 1890, acess\u00edvel em<br \/>\nhttps:\/\/www.planalto.gov.br\/ccivil_03\/decreto\/1851-1899\/d847.htm<br \/>\nC\u00e2mara dos Deputados | Anexo VI \u2013 Gabinete 901 | Bras\u00edlia &#8211; DF &#8211; Brasil &#8211; CEP 70160-900<br \/>\nTel (61) 3215-5901 | Cel (61)99637-8135 | dep.daianasantos@camara.leg.br<br \/>\nRua Sofia Veloso, 85 | Cidade Baixa \u2013 Porto Alegre\/RS | Whats (51) 99213-7962<br \/>\nPara verificar a assinatura, acesse https:\/\/infoleg-autenticidade-assinatura.camara.leg.br\/CD258963902200<br \/>\nAssinado eletronicamente pelo(a) Dep. Daiana Santos<br \/>\nApresenta\u00e7\u00e3o: 04\/07\/2025 13:28:07.300 &#8211; Mesa<br \/>\n*CD258963902200* PL n.3262\/2025<br \/>C\u00e2mara dos Deputados<br \/>\nGabinete da Deputada Federal Daiana Santos<br \/>\nGabinete 901 &#8211; Anexo IV &#8211; C\u00e2mara dos Deputados<br \/>\nEm n\u00edvel convencional, o tipo mostra-se incompat\u00edvel com obriga\u00e7\u00f5es<br \/>\ninternacionais assumidas pelo Brasil. A Conven\u00e7\u00e3o Americana sobre Direitos<br \/>\nHumanos protege o livre exerc\u00edcio de cultos (art. 12) e veda discrimina\u00e7\u00f5es (arts.<br \/>\n1.1 e 24); essas disposi\u00e7\u00f5es s\u00e3o refor\u00e7adas pela Conven\u00e7\u00e3o Interamericana contra<br \/>\no Racismo, que combate normas de efeito discriminat\u00f3rio e foi incorporada com<br \/>\nstatus constitucional ao ordenamento jur\u00eddico brasileiro. Al\u00e9m disso, \u00e9 preciso<br \/>\nrememorar que o art. 25 da Conven\u00e7\u00e3o OIT 169 exige que os servi\u00e7os de sa\u00fade<br \/>\nrespeitem as \u201cpr\u00e1ticas e medicamentos tradicionais\u201d dos povos tribais.<br \/>\nDogmaticamente, o crime \u00e9 antijur\u00eddico porque carece de bem jur\u00eddico<br \/>\naut\u00f4nomo: a sa\u00fade p\u00fablica j\u00e1 se encontra protegida por delitos de perigo concreto.<br \/>\nSua reda\u00e7\u00e3o vaga compromete a taxatividade e gera aplica\u00e7\u00e3o seletiva, como<br \/>\ndemonstram estudos que apontam uso residual e discriminat\u00f3rio do dispositivo.<br \/>\nAl\u00e9m disso, o contexto regulat\u00f3rio atual recomenda o reconhecimento e<br \/>\nfiscaliza\u00e7\u00e3o \u2014 n\u00e3o a criminaliza\u00e7\u00e3o \u2014 de terapias tradicionais: 170 Estados<br \/>\nmembros da OMS relatam uso de medicina tradicional, e o comunicado da C\u00fapula<br \/>\ndo G20 Rio\/2024 exorta \u00e0 valoriza\u00e7\u00e3o \u201cbaseada em evid\u00eancias\u201d dessas pr\u00e1ticas.<br \/>\nDesproporcional, impreciso e normativamente superado, portanto, o art. 284<br \/>\nest\u00e1 em rota de colis\u00e3o com a coer\u00eancia interna do ordenamento e deve ser banido.<br \/>\n4 A solu\u00e7\u00e3o do presente projeto<br \/>\nAinda assim, para que se elimine qualquer d\u00favida acerca da vulnera\u00e7\u00e3o \u00e0<br \/>\nprote\u00e7\u00e3o de bens jur\u00eddicos, como o patrim\u00f4nio e a sa\u00fade p\u00fablica, prop\u00f5e-se<br \/>\nmudan\u00e7as que reforcem, ainda que com novos cuidados que n\u00e3o criminalizem as<br \/>\nreligi\u00f5es, saberes e pr\u00e1ticas tradicionais, os crimes de estelionato e perigo para a<br \/>\nC\u00e2mara dos Deputados | Anexo VI \u2013 Gabinete 901 | Bras\u00edlia &#8211; DF &#8211; Brasil &#8211; CEP 70160-900<br \/>\nTel (61) 3215-5901 | Cel (61)99637-8135 | dep.daianasantos@camara.leg.br<br \/>\nRua Sofia Veloso, 85 | Cidade Baixa \u2013 Porto Alegre\/RS | Whats (51) 99213-7962<br \/>\nPara verificar a assinatura, acesse https:\/\/infoleg-autenticidade-assinatura.camara.leg.br\/CD258963902200<br \/>\nAssinado eletronicamente pelo(a) Dep. Daiana Santos<br \/>\nApresenta\u00e7\u00e3o: 04\/07\/2025 13:28:07.300 &#8211; Mesa<br \/>\n*CD258963902200* PL n.3262\/2025<br \/>C\u00e2mara dos Deputados<br \/>\nGabinete da Deputada Federal Daiana Santos<br \/>\nGabinete 901 &#8211; Anexo IV &#8211; C\u00e2mara dos Deputados<br \/>\nvida ou sa\u00fade de outrem, de modo que se consiga alcan\u00e7ar mais facilmente um<br \/>\nconsenso em torno da quest\u00e3o.<br \/>\n\u00c9 preciso, no entanto, avan\u00e7ar no reconhecimento das nossas riquezas<br \/>\nculturais e populares, legadas pelo Brasil negro, ind\u00edgena, das religi\u00f5es de matriz<br \/>\nafricana e das pr\u00f3prias igrejas evang\u00e9licas populares, muitas vezes tamb\u00e9m alvo de<br \/>\npreconceito. \u00c9 preciso uni\u00e3o porque a seletividade penal bate \u00e0 porta de todos<br \/>\naqueles marcados pela cor pelo territ\u00f3rio em que nasceram.<br \/>\nSala das Sess\u00f5es, em        de                     de 2025.<br \/>\n Deputada Daiana Santos<br \/>\n PCdoB\/RS<br \/>\nC\u00e2mara dos Deputados | Anexo VI \u2013 Gabinete 901 | Bras\u00edlia &#8211; DF &#8211; Brasil &#8211; CEP 70160-900<br \/>\nTel (61) 3215-5901 | Cel (61)99637-8135 | dep.daianasantos@camara.leg.br<br \/>\nRua Sofia Veloso, 85 | Cidade Baixa \u2013 Porto Alegre\/RS | Whats (51) 99213-7962<br \/>\nPara verificar a assinatura, acesse https:\/\/infoleg-autenticidade-assinatura.camara.leg.br\/CD258963902200<br \/>\nAssinado eletronicamente pelo(a) Dep. Daiana Santos<br \/>\nApresenta\u00e7\u00e3o: 04\/07\/2025 13:28:07.300 &#8211; Mesa<br \/>\n*CD258963902200* PL n.3262\/2025<\/article>\n<p><a href='https:\/\/app.legislapp.com.br\/#\/busca?termo='><\/a><\/p>\n<div style=\"text-align: center\">\n      <img decoding=\"async\" style=\"width: 14%;\" src=\"https:\/\/www.legislapp.com.br\/wp-content\/uploads\/2021\/07\/Logo-Legislapp-1-03-1.png\"><br \/>\n      <\/p>\n<div style=\"margin-bottom: 20px;\" class=\"et_pb_button_module_wrapper et_pb_button_5_tb_body_wrapper et_pb_button_alignment_center et_pb_module \">\n         <a class=\"et_pb_button et_pb_button_5_tb_body et_hover_enabled et_pb_bg_layout_dark\" style=\"width: 50%;background-color: black;\" href=\"https:\/\/app.legislapp.com.br\" target=\"_blank\" rel=\"noopener\">Visualizar completo na nossa plataforma (30 dias gr\u00e1tis)<\/a><\/p><\/div>\n<p>      <a href=\"https:\/\/play.google.com\/store\/apps\/details?id=br.com.legislapp\"><img decoding=\"async\" style=\"width: 15%; min-width: 130px;\" src=\"https:\/\/www.legislapp.com.br\/wp-content\/uploads\/google-play.png\"><\/a><br \/>\n      <a href=\"https:\/\/apps.apple.com\/us\/app\/legislapp\/id1568929859\"><img decoding=\"async\" style=\"width: 15%; min-width: 130px\" src=\"https:\/\/www.legislapp.com.br\/wp-content\/uploads\/apple-store.png\"><\/a>\n   <\/div>\n","protected":false},"excerpt":{"rendered":"<p>Avulso Inicial &#8211; Autoria de Daiana Santos C\u00e2mara dos Deputados Gabinete da Deputada Federal Daiana Santos Gabinete 901 &#8211; Anexo IV &#8211; C\u00e2mara dos Deputados PROJETO DE LEI N\u00ba , DE 2025 (Da Sra. DAIANA SANTOS) Revoga o art. 284 (crime de curandeirismo) do Decreto-Lei n\u00ba 2.848, de 7 de dezembro de 1940 (C\u00f3digo Penal), [&hellip;]<\/p>\n","protected":false},"author":1,"featured_media":0,"parent":0,"menu_order":0,"comment_status":"closed","ping_status":"closed","template":"page-template-blank.php","meta":{"_et_pb_use_builder":"","_et_pb_old_content":"","_et_gb_content_width":"1080","ngg_post_thumbnail":0,"footnotes":""},"class_list":["post-10030","page","type-page","status-publish","hentry"],"yoast_head":"<!-- This site is optimized with the Yoast SEO plugin v24.4 - https:\/\/yoast.com\/wordpress\/plugins\/seo\/ -->\n<title>Avulso Inicial - PL 3262\/2025 - C\u00e2mara - Legislapp<\/title>\n<meta name=\"robots\" content=\"index, follow, max-snippet:-1, max-image-preview:large, max-video-preview:-1\" \/>\n<link rel=\"canonical\" href=\"https:\/\/www.legislapp.com.br\/index.php\/avulso-inicial-pl-3262-2025-camara\/\" \/>\n<meta property=\"og:locale\" content=\"pt_BR\" \/>\n<meta property=\"og:type\" content=\"article\" \/>\n<meta property=\"og:title\" content=\"Avulso Inicial - PL 3262\/2025 - C\u00e2mara - Legislapp\" \/>\n<meta property=\"og:description\" content=\"Avulso Inicial &#8211; Autoria de Daiana Santos C\u00e2mara dos Deputados Gabinete da Deputada Federal Daiana Santos Gabinete 901 &#8211; Anexo IV &#8211; C\u00e2mara dos Deputados PROJETO DE LEI N\u00ba , DE 2025 (Da Sra. DAIANA SANTOS) Revoga o art. 284 (crime de curandeirismo) do Decreto-Lei n\u00ba 2.848, de 7 de dezembro de 1940 (C\u00f3digo Penal), [&hellip;]\" \/>\n<meta property=\"og:url\" content=\"https:\/\/www.legislapp.com.br\/index.php\/avulso-inicial-pl-3262-2025-camara\/\" \/>\n<meta property=\"og:site_name\" content=\"Legislapp\" \/>\n<meta property=\"article:publisher\" content=\"https:\/\/www.instagram.com\/legislapp\/\" \/>\n<meta property=\"og:image\" content=\"https:\/\/www.legislapp.com.br\/wp-content\/uploads\/2021\/07\/Logo-Legislapp-1-03-1.png\" \/>\n<meta name=\"twitter:card\" content=\"summary_large_image\" \/>\n<meta name=\"twitter:label1\" content=\"Est. tempo de leitura\" \/>\n\t<meta name=\"twitter:data1\" content=\"13 minutos\" \/>\n<script type=\"application\/ld+json\" class=\"yoast-schema-graph\">{\"@context\":\"https:\/\/schema.org\",\"@graph\":[{\"@type\":\"WebPage\",\"@id\":\"https:\/\/www.legislapp.com.br\/index.php\/avulso-inicial-pl-3262-2025-camara\/\",\"url\":\"https:\/\/www.legislapp.com.br\/index.php\/avulso-inicial-pl-3262-2025-camara\/\",\"name\":\"Avulso Inicial - PL 3262\/2025 - C\u00e2mara - Legislapp\",\"isPartOf\":{\"@id\":\"https:\/\/www.legislapp.com.br\/#website\"},\"primaryImageOfPage\":{\"@id\":\"https:\/\/www.legislapp.com.br\/index.php\/avulso-inicial-pl-3262-2025-camara\/#primaryimage\"},\"image\":{\"@id\":\"https:\/\/www.legislapp.com.br\/index.php\/avulso-inicial-pl-3262-2025-camara\/#primaryimage\"},\"thumbnailUrl\":\"https:\/\/www.legislapp.com.br\/wp-content\/uploads\/2021\/07\/Logo-Legislapp-1-03-1.png\",\"datePublished\":\"2025-12-01T13:57:37+00:00\",\"breadcrumb\":{\"@id\":\"https:\/\/www.legislapp.com.br\/index.php\/avulso-inicial-pl-3262-2025-camara\/#breadcrumb\"},\"inLanguage\":\"pt-BR\",\"potentialAction\":[{\"@type\":\"ReadAction\",\"target\":[\"https:\/\/www.legislapp.com.br\/index.php\/avulso-inicial-pl-3262-2025-camara\/\"]}]},{\"@type\":\"ImageObject\",\"inLanguage\":\"pt-BR\",\"@id\":\"https:\/\/www.legislapp.com.br\/index.php\/avulso-inicial-pl-3262-2025-camara\/#primaryimage\",\"url\":\"https:\/\/www.legislapp.com.br\/wp-content\/uploads\/2021\/07\/Logo-Legislapp-1-03-1.png\",\"contentUrl\":\"https:\/\/www.legislapp.com.br\/wp-content\/uploads\/2021\/07\/Logo-Legislapp-1-03-1.png\",\"width\":2679,\"height\":2697},{\"@type\":\"BreadcrumbList\",\"@id\":\"https:\/\/www.legislapp.com.br\/index.php\/avulso-inicial-pl-3262-2025-camara\/#breadcrumb\",\"itemListElement\":[{\"@type\":\"ListItem\",\"position\":1,\"name\":\"In\u00edcio\",\"item\":\"https:\/\/www.legislapp.com.br\/\"},{\"@type\":\"ListItem\",\"position\":2,\"name\":\"Avulso Inicial &#8211; PL 3262\/2025 &#8211; C\u00e2mara\"}]},{\"@type\":\"WebSite\",\"@id\":\"https:\/\/www.legislapp.com.br\/#website\",\"url\":\"https:\/\/www.legislapp.com.br\/\",\"name\":\"Legislapp\",\"description\":\"Intelig\u00eancia governamental em tempo real\",\"publisher\":{\"@id\":\"https:\/\/www.legislapp.com.br\/#organization\"},\"potentialAction\":[{\"@type\":\"SearchAction\",\"target\":{\"@type\":\"EntryPoint\",\"urlTemplate\":\"https:\/\/www.legislapp.com.br\/?s={search_term_string}\"},\"query-input\":{\"@type\":\"PropertyValueSpecification\",\"valueRequired\":true,\"valueName\":\"search_term_string\"}}],\"inLanguage\":\"pt-BR\"},{\"@type\":\"Organization\",\"@id\":\"https:\/\/www.legislapp.com.br\/#organization\",\"name\":\"Legislapp Monitoramento e Intelig\u00eancia Governamental\",\"url\":\"https:\/\/www.legislapp.com.br\/\",\"logo\":{\"@type\":\"ImageObject\",\"inLanguage\":\"pt-BR\",\"@id\":\"https:\/\/www.legislapp.com.br\/#\/schema\/logo\/image\/\",\"url\":\"https:\/\/www.legislapp.com.br\/wp-content\/uploads\/icon.png\",\"contentUrl\":\"https:\/\/www.legislapp.com.br\/wp-content\/uploads\/icon.png\",\"width\":1024,\"height\":1024,\"caption\":\"Legislapp Monitoramento e Intelig\u00eancia Governamental\"},\"image\":{\"@id\":\"https:\/\/www.legislapp.com.br\/#\/schema\/logo\/image\/\"},\"sameAs\":[\"https:\/\/www.instagram.com\/legislapp\/\"]}]}<\/script>\n<!-- \/ Yoast SEO plugin. -->","yoast_head_json":{"title":"Avulso Inicial - PL 3262\/2025 - C\u00e2mara - Legislapp","robots":{"index":"index","follow":"follow","max-snippet":"max-snippet:-1","max-image-preview":"max-image-preview:large","max-video-preview":"max-video-preview:-1"},"canonical":"https:\/\/www.legislapp.com.br\/index.php\/avulso-inicial-pl-3262-2025-camara\/","og_locale":"pt_BR","og_type":"article","og_title":"Avulso Inicial - PL 3262\/2025 - C\u00e2mara - Legislapp","og_description":"Avulso Inicial &#8211; Autoria de Daiana Santos C\u00e2mara dos Deputados Gabinete da Deputada Federal Daiana Santos Gabinete 901 &#8211; Anexo IV &#8211; C\u00e2mara dos Deputados PROJETO DE LEI N\u00ba , DE 2025 (Da Sra. DAIANA SANTOS) Revoga o art. 284 (crime de curandeirismo) do Decreto-Lei n\u00ba 2.848, de 7 de dezembro de 1940 (C\u00f3digo Penal), [&hellip;]","og_url":"https:\/\/www.legislapp.com.br\/index.php\/avulso-inicial-pl-3262-2025-camara\/","og_site_name":"Legislapp","article_publisher":"https:\/\/www.instagram.com\/legislapp\/","og_image":[{"url":"https:\/\/www.legislapp.com.br\/wp-content\/uploads\/2021\/07\/Logo-Legislapp-1-03-1.png","type":"","width":"","height":""}],"twitter_card":"summary_large_image","twitter_misc":{"Est. tempo de leitura":"13 minutos"},"schema":{"@context":"https:\/\/schema.org","@graph":[{"@type":"WebPage","@id":"https:\/\/www.legislapp.com.br\/index.php\/avulso-inicial-pl-3262-2025-camara\/","url":"https:\/\/www.legislapp.com.br\/index.php\/avulso-inicial-pl-3262-2025-camara\/","name":"Avulso Inicial - PL 3262\/2025 - C\u00e2mara - Legislapp","isPartOf":{"@id":"https:\/\/www.legislapp.com.br\/#website"},"primaryImageOfPage":{"@id":"https:\/\/www.legislapp.com.br\/index.php\/avulso-inicial-pl-3262-2025-camara\/#primaryimage"},"image":{"@id":"https:\/\/www.legislapp.com.br\/index.php\/avulso-inicial-pl-3262-2025-camara\/#primaryimage"},"thumbnailUrl":"https:\/\/www.legislapp.com.br\/wp-content\/uploads\/2021\/07\/Logo-Legislapp-1-03-1.png","datePublished":"2025-12-01T13:57:37+00:00","breadcrumb":{"@id":"https:\/\/www.legislapp.com.br\/index.php\/avulso-inicial-pl-3262-2025-camara\/#breadcrumb"},"inLanguage":"pt-BR","potentialAction":[{"@type":"ReadAction","target":["https:\/\/www.legislapp.com.br\/index.php\/avulso-inicial-pl-3262-2025-camara\/"]}]},{"@type":"ImageObject","inLanguage":"pt-BR","@id":"https:\/\/www.legislapp.com.br\/index.php\/avulso-inicial-pl-3262-2025-camara\/#primaryimage","url":"https:\/\/www.legislapp.com.br\/wp-content\/uploads\/2021\/07\/Logo-Legislapp-1-03-1.png","contentUrl":"https:\/\/www.legislapp.com.br\/wp-content\/uploads\/2021\/07\/Logo-Legislapp-1-03-1.png","width":2679,"height":2697},{"@type":"BreadcrumbList","@id":"https:\/\/www.legislapp.com.br\/index.php\/avulso-inicial-pl-3262-2025-camara\/#breadcrumb","itemListElement":[{"@type":"ListItem","position":1,"name":"In\u00edcio","item":"https:\/\/www.legislapp.com.br\/"},{"@type":"ListItem","position":2,"name":"Avulso Inicial &#8211; PL 3262\/2025 &#8211; C\u00e2mara"}]},{"@type":"WebSite","@id":"https:\/\/www.legislapp.com.br\/#website","url":"https:\/\/www.legislapp.com.br\/","name":"Legislapp","description":"Intelig\u00eancia governamental em tempo real","publisher":{"@id":"https:\/\/www.legislapp.com.br\/#organization"},"potentialAction":[{"@type":"SearchAction","target":{"@type":"EntryPoint","urlTemplate":"https:\/\/www.legislapp.com.br\/?s={search_term_string}"},"query-input":{"@type":"PropertyValueSpecification","valueRequired":true,"valueName":"search_term_string"}}],"inLanguage":"pt-BR"},{"@type":"Organization","@id":"https:\/\/www.legislapp.com.br\/#organization","name":"Legislapp Monitoramento e Intelig\u00eancia Governamental","url":"https:\/\/www.legislapp.com.br\/","logo":{"@type":"ImageObject","inLanguage":"pt-BR","@id":"https:\/\/www.legislapp.com.br\/#\/schema\/logo\/image\/","url":"https:\/\/www.legislapp.com.br\/wp-content\/uploads\/icon.png","contentUrl":"https:\/\/www.legislapp.com.br\/wp-content\/uploads\/icon.png","width":1024,"height":1024,"caption":"Legislapp Monitoramento e Intelig\u00eancia Governamental"},"image":{"@id":"https:\/\/www.legislapp.com.br\/#\/schema\/logo\/image\/"},"sameAs":["https:\/\/www.instagram.com\/legislapp\/"]}]}},"_links":{"self":[{"href":"https:\/\/www.legislapp.com.br\/index.php\/wp-json\/wp\/v2\/pages\/10030","targetHints":{"allow":["GET"]}}],"collection":[{"href":"https:\/\/www.legislapp.com.br\/index.php\/wp-json\/wp\/v2\/pages"}],"about":[{"href":"https:\/\/www.legislapp.com.br\/index.php\/wp-json\/wp\/v2\/types\/page"}],"author":[{"embeddable":true,"href":"https:\/\/www.legislapp.com.br\/index.php\/wp-json\/wp\/v2\/users\/1"}],"replies":[{"embeddable":true,"href":"https:\/\/www.legislapp.com.br\/index.php\/wp-json\/wp\/v2\/comments?post=10030"}],"version-history":[{"count":0,"href":"https:\/\/www.legislapp.com.br\/index.php\/wp-json\/wp\/v2\/pages\/10030\/revisions"}],"wp:attachment":[{"href":"https:\/\/www.legislapp.com.br\/index.php\/wp-json\/wp\/v2\/media?parent=10030"}],"curies":[{"name":"wp","href":"https:\/\/api.w.org\/{rel}","templated":true}]}}