{"id":10060,"date":"2025-12-01T10:59:21","date_gmt":"2025-12-01T13:59:21","guid":{"rendered":"https:\/\/www.legislapp.com.br\/index.php\/avulso-inicial-pl-5548-2025-camara\/"},"modified":"2025-12-01T10:59:21","modified_gmt":"2025-12-01T13:59:21","slug":"avulso-inicial-pl-5548-2025-camara","status":"publish","type":"page","link":"https:\/\/www.legislapp.com.br\/index.php\/avulso-inicial-pl-5548-2025-camara\/","title":{"rendered":"Avulso Inicial &#8211; PL 5548\/2025 &#8211; C\u00e2mara"},"content":{"rendered":"<h1 style='text-align: center;'>Avulso Inicial &#8211; Autoria de Wellington Roberto<\/h3>\n<p><\/p>\n<article>PROJETO DE LEI N\u00ba          , DE 2025<br \/>\n(Do Sr. WELLINGTON ROBERTO)<br \/>\nAltera a Lei n\u00ba 13.709, de 14 de agosto<br \/>\nde 2018 (Lei Geral de Dados Pessoais \u2013<br \/>\nLGPD), disciplinando o tratamento de dados<br \/>\npreditivos de sa\u00fade por sistemas de<br \/>\nintelig\u00eancia artificial e cong\u00eaneres.<br \/>\nO Congresso Nacional decreta:<br \/>\nArt. 1\u00ba Esta Lei altera a Lei n\u00ba 13.709, de 14 de agosto de 2018<br \/>\n(Lei Geral de Dados Pessoais \u2013 LGPD), disciplinando o tratamento de dados<br \/>\npreditivos de sa\u00fade por sistemas de intelig\u00eancia artificial e cong\u00eaneres.<br \/>\nArt. 2\u00ba A Lei n\u00ba 13.709, de 14 de agosto de 2018, passa a<br \/>\nvigorar com as seguintes altera\u00e7\u00f5es e acr\u00e9scimos:<br \/>\n\u201cArt.<br \/>\n5\u00ba &#8230;&#8230;&#8230;&#8230;&#8230;&#8230;&#8230;&#8230;&#8230;&#8230;&#8230;&#8230;&#8230;&#8230;&#8230;&#8230;&#8230;&#8230;&#8230;&#8230;&#8230;&#8230;&#8230;&#8230;&#8230;&#8230;&#8230;&#8230;<br \/>\n&#8230;&#8230;&#8230;&#8230;&#8230;&#8230;&#8230;&#8230;&#8230;&#8230;&#8230;&#8230;&#8230;&#8230;&#8230;&#8230;&#8230;&#8230;&#8230;&#8230;&#8230;&#8230;&#8230;&#8230;&#8230;&#8230;&#8230;&#8230;&#8230;&#8230;&#8230;..<br \/>\nXX &#8211; dados preditivos de sa\u00fade: informa\u00e7\u00f5es produzidas a<br \/>\npartir do tratamento de dados pessoais por algoritmos,<br \/>\nmodelos estat\u00edsticos ou sistemas de intelig\u00eancia artificial que<br \/>\nestimem a probabilidade de ocorr\u00eancia futura de doen\u00e7as ou<br \/>\ncondi\u00e7\u00f5es de sa\u00fade em indiv\u00edduos ou popula\u00e7\u00f5es;<br \/>\n&#8230;&#8230;&#8230;&#8230;&#8230;&#8230;&#8230;&#8230;&#8230;&#8230;&#8230;&#8230;&#8230;&#8230;&#8230;&#8230;&#8230;&#8230;&#8230;&#8230;&#8230;&#8230;&#8230;&#8230;&#8230;&#8230;&#8230;&#8230;&#8230;&#8230;&#8230;.\u201d<br \/>\n\u201cArt. 13-A. O tratamento de dados preditivos de sa\u00fade<br \/>\nobservar\u00e1 as regras aplic\u00e1veis ao tratamento de dados<br \/>\npessoais de sa\u00fade, inclusive quanto ao consentimento e aos<br \/>\ndireitos do titular, sem preju\u00edzo do disposto nos arts. 13-B a<br \/>\n13-F.<br \/>\nArt. 13-B. A produ\u00e7\u00e3o de dados preditivos de sa\u00fade<br \/>\ndepender\u00e1 de consentimento espec\u00edfico para essa finalidade.<br \/>\nArt. 13-C. S\u00e3o assegurados ao titular:<br \/>\nI \u2013 acesso claro e compreens\u00edvel aos dados preditivos de<br \/>\nsa\u00fade gerados sobre si;<br \/>\nII \u2013 revis\u00e3o e contesta\u00e7\u00e3o dos resultados preditivos;<br \/>\nPara verificar a assinatura, acesse https:\/\/infoleg-autenticidade-assinatura.camara.leg.br\/CD259873058500<br \/>\nAssinado eletronicamente pelo(a) Dep. Wellington Roberto<br \/>\nApresenta\u00e7\u00e3o: 30\/10\/2025 13:25:02.360 &#8211; Mesa<br \/>\n*CD259873058500* PL n.5548\/2025<br \/>2<br \/>\nIII \u2013 retirada a qualquer tempo do consentimento para a<br \/>\nprodu\u00e7\u00e3o de dados preditivos de sa\u00fade sobre si.<br \/>\nArt. 13-D. O uso de dados preditivos de sa\u00fade ser\u00e1<br \/>\npermitido exclusivamente para:<br \/>\nI \u2013 assist\u00eancia m\u00e9dica individual, mediante consentimento<br \/>\ninformado, livre, espec\u00edfico e destacado do paciente;<br \/>\nII \u2013 pesquisa cient\u00edfica e ensaios cl\u00ednicos aprovados por<br \/>\ncomit\u00ea de \u00e9tica em pesquisa;<br \/>\nIII \u2013 formula\u00e7\u00e3o, avalia\u00e7\u00e3o e monitoramento de pol\u00edticas<br \/>\np\u00fablicas de sa\u00fade.<br \/>\nArt. 13-E. \u00c9 vedado o uso de dados preditivos de sa\u00fade<br \/>\npara:<br \/>\nI \u2013 decis\u00f5es comerciais de seguradoras, institui\u00e7\u00f5es<br \/>\nfinanceiras, empregadores ou quaisquer agentes econ\u00f4micos<br \/>\nque possam resultar em discrimina\u00e7\u00e3o, exclus\u00e3o ou restri\u00e7\u00e3o<br \/>\nde direitos;<br \/>\nII \u2013 defini\u00e7\u00e3o de pr\u00eamios, tarifas, limites de cr\u00e9dito,<br \/>\ncondi\u00e7\u00f5es de contrata\u00e7\u00e3o ou manuten\u00e7\u00e3o de v\u00ednculos<br \/>\nempregat\u00edcios;<br \/>\nIII \u2013 finalidade diversa das previstas no art. 13-D.<br \/>\nArt. 13-F. Sempre que poss\u00edvel e pertinente \u00e0 finalidade do<br \/>\nseu tratamento, os dados preditivos de sa\u00fade dever\u00e3o ser<br \/>\nanonimizados.<br \/>\nArt. 13-G. O Poder Executivo poder\u00e1 instituir Espa\u00e7os<br \/>\nSeguros de Processamento de Dados de Sa\u00fade, com acesso<br \/>\nrestrito, auditoria independente e controle temporal de<br \/>\nutiliza\u00e7\u00e3o.<br \/>\n\u00a7 1\u00ba Regulamento dispor\u00e1 sobre os requisitos t\u00e9cnicos e de<br \/>\nseguran\u00e7a aplic\u00e1veis aos Espa\u00e7os de que trata o caput.<br \/>\n\u00a7 2\u00ba Para efeito deste artigo, consideram-se Espa\u00e7os<br \/>\nSeguros de Processamento de Dados de Sa\u00fade os ambientes<br \/>\ncontrolados de processamento que utilizam medidas t\u00e9cnicas<br \/>\ne administrativas para garantir a confidencialidade,<br \/>\nintegridade e autenticidade de dados pessoais de sa\u00fade,<br \/>\ninclusive dados preditivos.\u201d<br \/>\nArt. 3\u00ba Esta Lei entra em vigor 90 (noventa) dias ap\u00f3s a sua<br \/>\npublica\u00e7\u00e3o.<br \/>\nPara verificar a assinatura, acesse https:\/\/infoleg-autenticidade-assinatura.camara.leg.br\/CD259873058500<br \/>\nAssinado eletronicamente pelo(a) Dep. Wellington Roberto<br \/>\nApresenta\u00e7\u00e3o: 30\/10\/2025 13:25:02.360 &#8211; Mesa<br \/>\n*CD259873058500* PL n.5548\/2025<br \/>3<br \/>\nJUSTIFICA\u00c7\u00c3O<br \/>\nAo mesmo tempo em que oferecem grandes benef\u00edcios para os<br \/>\ncidad\u00e3os, as ferramentas de intelig\u00eancia artificial \u2013 IA \u2013 tamb\u00e9m podem<br \/>\nintroduzir riscos significativos para a popula\u00e7\u00e3o.<br \/>\nNo que diz respeito ao tratamento de dados de sa\u00fade pessoal,<br \/>\nos atuais modelos de IA s\u00e3o capazes de prever, com base em hist\u00f3ricos<br \/>\nm\u00e9dicos, fatores de risco, estilo de vida e outros par\u00e2metros, a probabilidade<br \/>\nde ocorr\u00eancia de doen\u00e7as com at\u00e9 vinte anos de anteced\u00eancia. Embora o<br \/>\npotencial dessas tecnologias possa ser aproveitado para aprimorar a medicina<br \/>\npreventiva e as pol\u00edticas p\u00fablicas de sa\u00fade, o uso indevido dos sistemas<br \/>\npreditivos baseados em IA pode causar preju\u00edzos incalcul\u00e1veis para a<br \/>\npopula\u00e7\u00e3o.<br \/>\nDentre outras hip\u00f3teses, os riscos associados ao uso<br \/>\ninadequado desses sistemas podem ser ilustrados por pr\u00e1ticas discriminat\u00f3rias<br \/>\nutilizadas por:<br \/>\na) seguradoras, para negar o acesso a planos de sa\u00fade ou<br \/>\nimpor tarifas abusivas a indiv\u00edduos classificados como de \u201calto risco\u201d;<br \/>\nb) institui\u00e7\u00f5es financeiras, para aplicar taxas de juros elevadas<br \/>\na clientes com base em an\u00e1lises de cr\u00e9dito estimadas de forma err\u00f4nea; e<br \/>\nc) empregadores, para restringir contrata\u00e7\u00f5es ou promo\u00e7\u00f5es<br \/>\nem raz\u00e3o de previs\u00f5es sobre doen\u00e7as futuras.<br \/>\nPara enfrentar esse problema, elaboramos o presente Projeto<br \/>\nde Lei, que tem por objetivo regulamentar o uso de dados preditivos de sa\u00fade<br \/>\ngerados por sistemas de IA, de modo a mitigar os riscos decorrentes do seu<br \/>\nuso inadequado. A proposta se justifica porque, embora a Lei Geral de<br \/>\nProte\u00e7\u00e3o de Dados Pessoais \u2013 LGPD \u2013 j\u00e1 estabele\u00e7a medidas de prote\u00e7\u00e3o a<br \/>\ninforma\u00e7\u00f5es sens\u00edveis, inclusive dados de sa\u00fade, ela n\u00e3o contempla de forma<br \/>\nexpressa os dados preditivos, que possuem natureza distinta dos dados<br \/>\nPara verificar a assinatura, acesse https:\/\/infoleg-autenticidade-assinatura.camara.leg.br\/CD259873058500<br \/>\nAssinado eletronicamente pelo(a) Dep. Wellington Roberto<br \/>\nApresenta\u00e7\u00e3o: 30\/10\/2025 13:25:02.360 &#8211; Mesa<br \/>\n*CD259873058500* PL n.5548\/2025<br \/>4<br \/>\npessoais regulares, por se tratarem de estimativas probabil\u00edsticas, e n\u00e3o de<br \/>\ndiagn\u00f3sticos confirmados.<br \/>\nNesse sentido, a iniciativa ora oferecida prop\u00f5e:<br \/>\nI \u2013 proibir o uso discriminat\u00f3rio de dados preditivos de sa\u00fade;<br \/>\nII \u2013 conferir tratamento \u00e0s informa\u00e7\u00f5es preditivas de sa\u00fade<br \/>\nequivalente ao dispensado aos dados pessoais de sa\u00fade, inclusive quanto ao<br \/>\nconsentimento e aos direitos dos seus titulares; e<br \/>\nIII \u2013 garantir que a utiliza\u00e7\u00e3o dos dados preditivos ocorra<br \/>\nexclusivamente para fins m\u00e9dicos, cient\u00edficos e de pol\u00edticas p\u00fablicas.<br \/>\nEm complemento, sob a inspira\u00e7\u00e3o do Espa\u00e7o Europeu de<br \/>\nDados de Sa\u00fade (European Health Data Space), o projeto autoriza a cria\u00e7\u00e3o<br \/>\ndos Espa\u00e7os Seguros de Processamento de Dados de Sa\u00fade, que s\u00e3o<br \/>\nambientes que utilizam medidas t\u00e9cnicas e administrativas para garantir a<br \/>\nconfidencialidade, integridade e autenticidade de dados pessoais de sa\u00fade,<br \/>\ninclusive dados preditivos de sa\u00fade. A medida, que prev\u00ea o uso e a troca de<br \/>\ndados eletr\u00f4nicos de sa\u00fade em ambientes controlados, garantir\u00e1 o acesso a<br \/>\ninforma\u00e7\u00f5es anonimizadas para a realiza\u00e7\u00e3o de pesquisas cient\u00edficas e a<br \/>\nelabora\u00e7\u00e3o de pol\u00edticas p\u00fablicas, entre outras finalidades.<br \/>\nEm s\u00edntese, ao estabelecer restri\u00e7\u00f5es expressas ao uso<br \/>\ncomercial de dados de sa\u00fade preditivos, reconhecendo a necessidade da sua<br \/>\nprote\u00e7\u00e3o refor\u00e7ada, o projeto colocar\u00e1 o Brasil na vanguarda da regula\u00e7\u00e3o do<br \/>\nuso da intelig\u00eancia artificial em sa\u00fade, assegurando o equil\u00edbrio entre a<br \/>\ninova\u00e7\u00e3o tecnol\u00f3gica e a prote\u00e7\u00e3o de direitos fundamentais.<br \/>\nConsiderando os elementos elencados, solicitamos o apoio dos<br \/>\nilustres Pares para a aprova\u00e7\u00e3o da presente proposi\u00e7\u00e3o.<br \/>\nSala das Sess\u00f5es, em        de                     de 2025.<br \/>\nDeputado WELLINGTON ROBERTO<br \/>\n2025-18568<br \/>\nPara verificar a assinatura, acesse https:\/\/infoleg-autenticidade-assinatura.camara.leg.br\/CD259873058500<br \/>\nAssinado eletronicamente pelo(a) Dep. Wellington Roberto<br \/>\nApresenta\u00e7\u00e3o: 30\/10\/2025 13:25:02.360 &#8211; Mesa<br \/>\n*CD259873058500* PL n.5548\/2025<\/article>\n<p><a href='https:\/\/app.legislapp.com.br\/#\/busca?termo=Altera\u00e7\u00e3o'>Altera\u00e7\u00e3o<\/a>, <a href='https:\/\/app.legislapp.com.br\/#\/busca?termo=Lei Geral de Prote\u00e7\u00e3o de Dados Pessoais (LGPDP) (2018)'>Lei Geral de Prote\u00e7\u00e3o de Dados Pessoais (LGPDP) (2018)<\/a>, <a href='https:\/\/app.legislapp.com.br\/#\/busca?termo=Tratamento de dados'>Tratamento de dados<\/a>, <a href='https:\/\/app.legislapp.com.br\/#\/busca?termo=Dados pessoais sens\u00edveis'>Dados pessoais sens\u00edveis<\/a>, <a href='https:\/\/app.legislapp.com.br\/#\/busca?termo=Prontu\u00e1rio m\u00e9dico'>Prontu\u00e1rio m\u00e9dico<\/a>, <a href='https:\/\/app.legislapp.com.br\/#\/busca?termo=Intelig\u00eancia artificial'>Intelig\u00eancia artificial<\/a>, <a href='https:\/\/app.legislapp.com.br\/#\/busca?termo=Algoritmo'>Algoritmo<\/a>, <a href='https:\/\/app.legislapp.com.br\/#\/busca?termo=c\u00e1lculo'>c\u00e1lculo<\/a>, <a href='https:\/\/app.legislapp.com.br\/#\/busca?termo=Probabilidade e Estat\u00edstica'>Probabilidade e Estat\u00edstica<\/a>, <a href='https:\/\/app.legislapp.com.br\/#\/busca?termo=Doen\u00e7a'>Doen\u00e7a<\/a>, <a href='https:\/\/app.legislapp.com.br\/#\/busca?termo=fator de risco'>fator de risco<\/a>, <a href='https:\/\/app.legislapp.com.br\/#\/busca?termo=Operadora de plano de assist\u00eancia \u00e0 sa\u00fade'>Operadora de plano de assist\u00eancia \u00e0 sa\u00fade<\/a>, <a href='https:\/\/app.legislapp.com.br\/#\/busca?termo=Institui\u00e7\u00e3o financeira'>Institui\u00e7\u00e3o financeira<\/a>, <a href='https:\/\/app.legislapp.com.br\/#\/busca?termo=Empregador.'>Empregador.<\/a><\/p>\n<div style=\"text-align: center\">\n      <img decoding=\"async\" style=\"width: 14%;\" src=\"https:\/\/www.legislapp.com.br\/wp-content\/uploads\/2021\/07\/Logo-Legislapp-1-03-1.png\"><br \/>\n      <\/p>\n<div style=\"margin-bottom: 20px;\" class=\"et_pb_button_module_wrapper et_pb_button_5_tb_body_wrapper et_pb_button_alignment_center et_pb_module \">\n         <a class=\"et_pb_button et_pb_button_5_tb_body et_hover_enabled et_pb_bg_layout_dark\" style=\"width: 50%;background-color: black;\" href=\"https:\/\/app.legislapp.com.br\" target=\"_blank\" rel=\"noopener\">Visualizar completo na nossa plataforma (30 dias gr\u00e1tis)<\/a><\/p><\/div>\n<p>      <a href=\"https:\/\/play.google.com\/store\/apps\/details?id=br.com.legislapp\"><img decoding=\"async\" style=\"width: 15%; min-width: 130px;\" src=\"https:\/\/www.legislapp.com.br\/wp-content\/uploads\/google-play.png\"><\/a><br \/>\n      <a href=\"https:\/\/apps.apple.com\/us\/app\/legislapp\/id1568929859\"><img decoding=\"async\" style=\"width: 15%; min-width: 130px\" src=\"https:\/\/www.legislapp.com.br\/wp-content\/uploads\/apple-store.png\"><\/a>\n   <\/div>\n","protected":false},"excerpt":{"rendered":"<p>Avulso Inicial &#8211; Autoria de Wellington Roberto PROJETO DE LEI N\u00ba , DE 2025 (Do Sr. WELLINGTON ROBERTO) Altera a Lei n\u00ba 13.709, de 14 de agosto de 2018 (Lei Geral de Dados Pessoais \u2013 LGPD), disciplinando o tratamento de dados preditivos de sa\u00fade por sistemas de intelig\u00eancia artificial e cong\u00eaneres. O Congresso Nacional decreta: [&hellip;]<\/p>\n","protected":false},"author":1,"featured_media":0,"parent":0,"menu_order":0,"comment_status":"closed","ping_status":"closed","template":"page-template-blank.php","meta":{"_et_pb_use_builder":"","_et_pb_old_content":"","_et_gb_content_width":"1080","ngg_post_thumbnail":0,"footnotes":""},"class_list":["post-10060","page","type-page","status-publish","hentry"],"yoast_head":"<!-- This site is optimized with the Yoast SEO plugin v24.4 - https:\/\/yoast.com\/wordpress\/plugins\/seo\/ -->\n<title>Avulso Inicial - PL 5548\/2025 - C\u00e2mara - Legislapp<\/title>\n<meta name=\"robots\" content=\"index, follow, max-snippet:-1, max-image-preview:large, max-video-preview:-1\" \/>\n<link rel=\"canonical\" href=\"https:\/\/www.legislapp.com.br\/index.php\/avulso-inicial-pl-5548-2025-camara\/\" \/>\n<meta property=\"og:locale\" content=\"pt_BR\" \/>\n<meta property=\"og:type\" content=\"article\" \/>\n<meta property=\"og:title\" content=\"Avulso Inicial - PL 5548\/2025 - C\u00e2mara - Legislapp\" \/>\n<meta property=\"og:description\" content=\"Avulso Inicial &#8211; Autoria de Wellington Roberto PROJETO DE LEI N\u00ba , DE 2025 (Do Sr. WELLINGTON ROBERTO) Altera a Lei n\u00ba 13.709, de 14 de agosto de 2018 (Lei Geral de Dados Pessoais \u2013 LGPD), disciplinando o tratamento de dados preditivos de sa\u00fade por sistemas de intelig\u00eancia artificial e cong\u00eaneres. O Congresso Nacional decreta: [&hellip;]\" \/>\n<meta property=\"og:url\" content=\"https:\/\/www.legislapp.com.br\/index.php\/avulso-inicial-pl-5548-2025-camara\/\" \/>\n<meta property=\"og:site_name\" content=\"Legislapp\" \/>\n<meta property=\"article:publisher\" content=\"https:\/\/www.instagram.com\/legislapp\/\" \/>\n<meta property=\"og:image\" content=\"https:\/\/www.legislapp.com.br\/wp-content\/uploads\/2021\/07\/Logo-Legislapp-1-03-1.png\" \/>\n<meta name=\"twitter:card\" content=\"summary_large_image\" \/>\n<meta name=\"twitter:label1\" content=\"Est. tempo de leitura\" \/>\n\t<meta name=\"twitter:data1\" content=\"6 minutos\" \/>\n<script type=\"application\/ld+json\" class=\"yoast-schema-graph\">{\"@context\":\"https:\/\/schema.org\",\"@graph\":[{\"@type\":\"WebPage\",\"@id\":\"https:\/\/www.legislapp.com.br\/index.php\/avulso-inicial-pl-5548-2025-camara\/\",\"url\":\"https:\/\/www.legislapp.com.br\/index.php\/avulso-inicial-pl-5548-2025-camara\/\",\"name\":\"Avulso Inicial - PL 5548\/2025 - C\u00e2mara - Legislapp\",\"isPartOf\":{\"@id\":\"https:\/\/www.legislapp.com.br\/#website\"},\"primaryImageOfPage\":{\"@id\":\"https:\/\/www.legislapp.com.br\/index.php\/avulso-inicial-pl-5548-2025-camara\/#primaryimage\"},\"image\":{\"@id\":\"https:\/\/www.legislapp.com.br\/index.php\/avulso-inicial-pl-5548-2025-camara\/#primaryimage\"},\"thumbnailUrl\":\"https:\/\/www.legislapp.com.br\/wp-content\/uploads\/2021\/07\/Logo-Legislapp-1-03-1.png\",\"datePublished\":\"2025-12-01T13:59:21+00:00\",\"breadcrumb\":{\"@id\":\"https:\/\/www.legislapp.com.br\/index.php\/avulso-inicial-pl-5548-2025-camara\/#breadcrumb\"},\"inLanguage\":\"pt-BR\",\"potentialAction\":[{\"@type\":\"ReadAction\",\"target\":[\"https:\/\/www.legislapp.com.br\/index.php\/avulso-inicial-pl-5548-2025-camara\/\"]}]},{\"@type\":\"ImageObject\",\"inLanguage\":\"pt-BR\",\"@id\":\"https:\/\/www.legislapp.com.br\/index.php\/avulso-inicial-pl-5548-2025-camara\/#primaryimage\",\"url\":\"https:\/\/www.legislapp.com.br\/wp-content\/uploads\/2021\/07\/Logo-Legislapp-1-03-1.png\",\"contentUrl\":\"https:\/\/www.legislapp.com.br\/wp-content\/uploads\/2021\/07\/Logo-Legislapp-1-03-1.png\",\"width\":2679,\"height\":2697},{\"@type\":\"BreadcrumbList\",\"@id\":\"https:\/\/www.legislapp.com.br\/index.php\/avulso-inicial-pl-5548-2025-camara\/#breadcrumb\",\"itemListElement\":[{\"@type\":\"ListItem\",\"position\":1,\"name\":\"In\u00edcio\",\"item\":\"https:\/\/www.legislapp.com.br\/\"},{\"@type\":\"ListItem\",\"position\":2,\"name\":\"Avulso Inicial &#8211; PL 5548\/2025 &#8211; C\u00e2mara\"}]},{\"@type\":\"WebSite\",\"@id\":\"https:\/\/www.legislapp.com.br\/#website\",\"url\":\"https:\/\/www.legislapp.com.br\/\",\"name\":\"Legislapp\",\"description\":\"Intelig\u00eancia governamental em tempo real\",\"publisher\":{\"@id\":\"https:\/\/www.legislapp.com.br\/#organization\"},\"potentialAction\":[{\"@type\":\"SearchAction\",\"target\":{\"@type\":\"EntryPoint\",\"urlTemplate\":\"https:\/\/www.legislapp.com.br\/?s={search_term_string}\"},\"query-input\":{\"@type\":\"PropertyValueSpecification\",\"valueRequired\":true,\"valueName\":\"search_term_string\"}}],\"inLanguage\":\"pt-BR\"},{\"@type\":\"Organization\",\"@id\":\"https:\/\/www.legislapp.com.br\/#organization\",\"name\":\"Legislapp Monitoramento e Intelig\u00eancia Governamental\",\"url\":\"https:\/\/www.legislapp.com.br\/\",\"logo\":{\"@type\":\"ImageObject\",\"inLanguage\":\"pt-BR\",\"@id\":\"https:\/\/www.legislapp.com.br\/#\/schema\/logo\/image\/\",\"url\":\"https:\/\/www.legislapp.com.br\/wp-content\/uploads\/icon.png\",\"contentUrl\":\"https:\/\/www.legislapp.com.br\/wp-content\/uploads\/icon.png\",\"width\":1024,\"height\":1024,\"caption\":\"Legislapp Monitoramento e Intelig\u00eancia Governamental\"},\"image\":{\"@id\":\"https:\/\/www.legislapp.com.br\/#\/schema\/logo\/image\/\"},\"sameAs\":[\"https:\/\/www.instagram.com\/legislapp\/\"]}]}<\/script>\n<!-- \/ Yoast SEO plugin. -->","yoast_head_json":{"title":"Avulso Inicial - PL 5548\/2025 - C\u00e2mara - Legislapp","robots":{"index":"index","follow":"follow","max-snippet":"max-snippet:-1","max-image-preview":"max-image-preview:large","max-video-preview":"max-video-preview:-1"},"canonical":"https:\/\/www.legislapp.com.br\/index.php\/avulso-inicial-pl-5548-2025-camara\/","og_locale":"pt_BR","og_type":"article","og_title":"Avulso Inicial - PL 5548\/2025 - C\u00e2mara - Legislapp","og_description":"Avulso Inicial &#8211; Autoria de Wellington Roberto PROJETO DE LEI N\u00ba , DE 2025 (Do Sr. WELLINGTON ROBERTO) Altera a Lei n\u00ba 13.709, de 14 de agosto de 2018 (Lei Geral de Dados Pessoais \u2013 LGPD), disciplinando o tratamento de dados preditivos de sa\u00fade por sistemas de intelig\u00eancia artificial e cong\u00eaneres. O Congresso Nacional decreta: [&hellip;]","og_url":"https:\/\/www.legislapp.com.br\/index.php\/avulso-inicial-pl-5548-2025-camara\/","og_site_name":"Legislapp","article_publisher":"https:\/\/www.instagram.com\/legislapp\/","og_image":[{"url":"https:\/\/www.legislapp.com.br\/wp-content\/uploads\/2021\/07\/Logo-Legislapp-1-03-1.png","type":"","width":"","height":""}],"twitter_card":"summary_large_image","twitter_misc":{"Est. tempo de leitura":"6 minutos"},"schema":{"@context":"https:\/\/schema.org","@graph":[{"@type":"WebPage","@id":"https:\/\/www.legislapp.com.br\/index.php\/avulso-inicial-pl-5548-2025-camara\/","url":"https:\/\/www.legislapp.com.br\/index.php\/avulso-inicial-pl-5548-2025-camara\/","name":"Avulso Inicial - PL 5548\/2025 - C\u00e2mara - Legislapp","isPartOf":{"@id":"https:\/\/www.legislapp.com.br\/#website"},"primaryImageOfPage":{"@id":"https:\/\/www.legislapp.com.br\/index.php\/avulso-inicial-pl-5548-2025-camara\/#primaryimage"},"image":{"@id":"https:\/\/www.legislapp.com.br\/index.php\/avulso-inicial-pl-5548-2025-camara\/#primaryimage"},"thumbnailUrl":"https:\/\/www.legislapp.com.br\/wp-content\/uploads\/2021\/07\/Logo-Legislapp-1-03-1.png","datePublished":"2025-12-01T13:59:21+00:00","breadcrumb":{"@id":"https:\/\/www.legislapp.com.br\/index.php\/avulso-inicial-pl-5548-2025-camara\/#breadcrumb"},"inLanguage":"pt-BR","potentialAction":[{"@type":"ReadAction","target":["https:\/\/www.legislapp.com.br\/index.php\/avulso-inicial-pl-5548-2025-camara\/"]}]},{"@type":"ImageObject","inLanguage":"pt-BR","@id":"https:\/\/www.legislapp.com.br\/index.php\/avulso-inicial-pl-5548-2025-camara\/#primaryimage","url":"https:\/\/www.legislapp.com.br\/wp-content\/uploads\/2021\/07\/Logo-Legislapp-1-03-1.png","contentUrl":"https:\/\/www.legislapp.com.br\/wp-content\/uploads\/2021\/07\/Logo-Legislapp-1-03-1.png","width":2679,"height":2697},{"@type":"BreadcrumbList","@id":"https:\/\/www.legislapp.com.br\/index.php\/avulso-inicial-pl-5548-2025-camara\/#breadcrumb","itemListElement":[{"@type":"ListItem","position":1,"name":"In\u00edcio","item":"https:\/\/www.legislapp.com.br\/"},{"@type":"ListItem","position":2,"name":"Avulso Inicial &#8211; PL 5548\/2025 &#8211; C\u00e2mara"}]},{"@type":"WebSite","@id":"https:\/\/www.legislapp.com.br\/#website","url":"https:\/\/www.legislapp.com.br\/","name":"Legislapp","description":"Intelig\u00eancia governamental em tempo real","publisher":{"@id":"https:\/\/www.legislapp.com.br\/#organization"},"potentialAction":[{"@type":"SearchAction","target":{"@type":"EntryPoint","urlTemplate":"https:\/\/www.legislapp.com.br\/?s={search_term_string}"},"query-input":{"@type":"PropertyValueSpecification","valueRequired":true,"valueName":"search_term_string"}}],"inLanguage":"pt-BR"},{"@type":"Organization","@id":"https:\/\/www.legislapp.com.br\/#organization","name":"Legislapp Monitoramento e Intelig\u00eancia Governamental","url":"https:\/\/www.legislapp.com.br\/","logo":{"@type":"ImageObject","inLanguage":"pt-BR","@id":"https:\/\/www.legislapp.com.br\/#\/schema\/logo\/image\/","url":"https:\/\/www.legislapp.com.br\/wp-content\/uploads\/icon.png","contentUrl":"https:\/\/www.legislapp.com.br\/wp-content\/uploads\/icon.png","width":1024,"height":1024,"caption":"Legislapp Monitoramento e Intelig\u00eancia Governamental"},"image":{"@id":"https:\/\/www.legislapp.com.br\/#\/schema\/logo\/image\/"},"sameAs":["https:\/\/www.instagram.com\/legislapp\/"]}]}},"_links":{"self":[{"href":"https:\/\/www.legislapp.com.br\/index.php\/wp-json\/wp\/v2\/pages\/10060","targetHints":{"allow":["GET"]}}],"collection":[{"href":"https:\/\/www.legislapp.com.br\/index.php\/wp-json\/wp\/v2\/pages"}],"about":[{"href":"https:\/\/www.legislapp.com.br\/index.php\/wp-json\/wp\/v2\/types\/page"}],"author":[{"embeddable":true,"href":"https:\/\/www.legislapp.com.br\/index.php\/wp-json\/wp\/v2\/users\/1"}],"replies":[{"embeddable":true,"href":"https:\/\/www.legislapp.com.br\/index.php\/wp-json\/wp\/v2\/comments?post=10060"}],"version-history":[{"count":0,"href":"https:\/\/www.legislapp.com.br\/index.php\/wp-json\/wp\/v2\/pages\/10060\/revisions"}],"wp:attachment":[{"href":"https:\/\/www.legislapp.com.br\/index.php\/wp-json\/wp\/v2\/media?parent=10060"}],"curies":[{"name":"wp","href":"https:\/\/api.w.org\/{rel}","templated":true}]}}