{"id":10077,"date":"2025-12-01T11:00:05","date_gmt":"2025-12-01T14:00:05","guid":{"rendered":"https:\/\/www.legislapp.com.br\/index.php\/avulso-inicial-pl-4964-2025-camara\/"},"modified":"2025-12-01T11:00:05","modified_gmt":"2025-12-01T14:00:05","slug":"avulso-inicial-pl-4964-2025-camara","status":"publish","type":"page","link":"https:\/\/www.legislapp.com.br\/index.php\/avulso-inicial-pl-4964-2025-camara\/","title":{"rendered":"Avulso Inicial &#8211; PL 4964\/2025 &#8211; C\u00e2mara"},"content":{"rendered":"<h1 style='text-align: center;'>Avulso Inicial &#8211; Autoria de Comiss\u00e3o de Legisla\u00e7\u00e3o Participativa<\/h3>\n<p><\/p>\n<article>PROJETO DE LEI N\u00ba         , DE 2023<br \/>\n(Da Comiss\u00e3o de Legisla\u00e7\u00e3o Participativa)<br \/>\n(Origem: SUG n\u00ba 23, de 2022)<br \/>\nAltera a Lei n\u00ba 14.601, de 19 de junho de<br \/>\n2023, para instituir o abono natalino aos<br \/>\nbenefici\u00e1rios do Programa Bolsa Fam\u00edlia.<br \/>\nO Congresso Nacional decreta:<br \/>\nArt. 1\u00ba Esta Lei Altera a Lei n\u00ba 14.601, de 19 de junho de 2023,<br \/>\npara instituir o abono natalino aos benefici\u00e1rios do Programa Bolsa Fam\u00edlia.<br \/>\nArt. 2\u00ba A Lei n\u00ba 14.601, de 19 de junho de 2023, passa a vigorar<br \/>\ncom a seguinte reda\u00e7\u00e3o:<br \/>\n\u201cArt. 7\u00ba&#8230;&#8230;&#8230;&#8230;&#8230;&#8230;&#8230;&#8230;&#8230;&#8230;&#8230;&#8230;&#8230;&#8230;&#8230;&#8230;&#8230;&#8230;&#8230;&#8230;&#8230;&#8230;&#8230;&#8230;&#8230;&#8230;&#8230;&#8230;&#8230;&#8230;<br \/>\n&#8230;&#8230;&#8230;&#8230;&#8230;&#8230;&#8230;&#8230;&#8230;&#8230;&#8230;&#8230;&#8230;&#8230;&#8230;&#8230;&#8230;&#8230;&#8230;&#8230;&#8230;&#8230;&#8230;&#8230;&#8230;&#8230;&#8230;&#8230;&#8230;&#8230;&#8230;&#8230;&#8230;..<br \/>\n\u00a7 9\u00ba \u00c9 devido abono anual, no m\u00eas de dezembro, \u00e0s fam\u00edlias<br \/>\nbenefici\u00e1rias do Programa Bolsa Fam\u00edlia, em valor equivalente a 1\/12 (um doze<br \/>\navos) da soma dos benef\u00edcios de que tratam o \u00a7 1\u00ba deste artigo pagos durante<br \/>\no respectivo ano.\u201d<br \/>\nArt. 3\u00ba Esta Lei entra em vigor na data de sua publica\u00e7\u00e3o.<br \/>\nSala da Comiss\u00e3o, em 26 de junho de 2024.<br \/>\nPara verificar a assinatura, acesse https:\/\/infoleg-autenticidade-assinatura.camara.leg.br\/CD259023513700<br \/>\nAssinado eletronicamente pelo(a) Dep. Fred Costa<br \/>\nApresenta\u00e7\u00e3o: 06\/10\/2025 09:30:04.370 &#8211; Mesa<br \/>\n*CD259023513700* PL n.4964\/2025<br \/>JUSTIFICA\u00c7\u00c3O<br \/>\nA institui\u00e7\u00e3o de 13\u00ba ou abono natalino, aos benefici\u00e1rios do<br \/>\nPrograma Bolsa Fam\u00edlia \u2013 PBF, \u00e9 oportuna e merit\u00f3ria, pois garante o<br \/>\npagamento de um benef\u00edcio adicional, no final de ano, quando as despesas<br \/>\naumentam, aos milh\u00f5es de benefici\u00e1rios desse Programa.<br \/>\nDe acordo com pesquisa realizada com base em dados da<br \/>\nPesquisa Nacional por Amostra de Domic\u00edlios Cont\u00ednua (PNAD Cont\u00ednua), do<br \/>\nInstituto Brasileiro de Geografia e Estat\u00edstica (IBGE), em 2023, os 10% da<br \/>\npopula\u00e7\u00e3o brasileira com maiores rendimentos domiciliares per capita tiveram<br \/>\nrenda 14,4 vezes maior que os 40% mais pobres, o menor n\u00famero desde o<br \/>\nin\u00edcio da s\u00e9rie hist\u00f3ria iniciada em 2012. Considerando os dados pr\u00e9-pandemia,<br \/>\ndevemos reconhecer que houve um avan\u00e7o na redu\u00e7\u00e3o da desigualdade. Em<br \/>\n2019, a rela\u00e7\u00e3o estava em 16,9 vezes, tendo ocorrido uma piora no auge da<br \/>\npandemia, quando chegou a 17 vezes, e uma redu\u00e7\u00e3o em 2022, quando<br \/>\nchegou a 14,4 vezes, n\u00famero que foi mantido em 2023.<br \/>\nSegundo o Sr. Gustavo Geaquinto, analista da pesquisa, tr\u00eas<br \/>\nfatores podem explicar a redu\u00e7\u00e3o da desigualdade: os programas sociais, em<br \/>\nespecial o PBF, que garante o pagamento de ao menos R$ 600,00 por fam\u00edlia;<br \/>\na expans\u00e3o do mercado de trabalho; e o aumento do sal\u00e1rio m\u00ednimo acima da<br \/>\ninfla\u00e7\u00e3o.<br \/>\nOs dados de inseguran\u00e7a alimentar e nutricional tamb\u00e9m<br \/>\nmostram melhoras significativas. Em 2022, 33,1 milh\u00f5es de pessoas estavam<br \/>\nem situa\u00e7\u00e3o de inseguran\u00e7a alimentar e nutricional grave, n\u00famero que caiu<br \/>\npara 8,7 milh\u00f5es de pessoas em 2023, o que representa uma queda de 11,4%,<br \/>\nreduzindo de 15,5% para 4,1% a fra\u00e7\u00e3o da popula\u00e7\u00e3o que passa por essa<br \/>\ngrave priva\u00e7\u00e3o.<br \/>\nEsses n\u00fameros nos d\u00e3o otimismo de que \u00e9 poss\u00edvel conferir<br \/>\ndignidade e inclus\u00e3o social a todos brasileiros por meio de pol\u00edticas p\u00fablicas<br \/>\nque garantam a concretiza\u00e7\u00e3o dos direitos fundamentais. Por outro lado,<br \/>\nPara verificar a assinatura, acesse https:\/\/infoleg-autenticidade-assinatura.camara.leg.br\/CD259023513700<br \/>\nAssinado eletronicamente pelo(a) Dep. Fred Costa<br \/>\nApresenta\u00e7\u00e3o: 06\/10\/2025 09:30:04.370 &#8211; Mesa<br \/>\n*CD259023513700* PL n.4964\/2025<br \/>conforme exposto pela autora da Sugest\u00e3o n\u00ba 23, de 2022 (Centro de<br \/>\nDesenvolvimento Social Maca\u00e9 \/ Convida \u2013 RJ), \u00e9 poss\u00edvel avan\u00e7ar ainda mais<br \/>\nna redu\u00e7\u00e3o da desigualdade social, garantindo-se aos benefici\u00e1rios do PBF um<br \/>\nnatal mais digno, por meio da concess\u00e3o de um d\u00e9cimo terceiro.<br \/>\nAssim, a presente proposta n\u00e3o apenas representa um avan\u00e7o<br \/>\nna garantia dos direitos sociais, mas tamb\u00e9m contribui para a dinamiza\u00e7\u00e3o da<br \/>\neconomia nacional. De acordo com estudos do Instituto de Pesquisa<br \/>\nEcon\u00f4mica Aplicada (IPEA), cada R$ 1,00 investido em programas de<br \/>\ntransfer\u00eancia de renda gera um impacto multiplicador de produto, aumentando<br \/>\nem R$ 1,37 as riquezas para a economia; no caso da renda, 1% a mais em<br \/>\npol\u00edticas sociais gera 2% de alta na renda.<br \/>\nTodos esses dados demonstram a import\u00e2ncia de que, sempre<br \/>\nque poss\u00edvel, sejam refor\u00e7ados os gastos com pol\u00edticas sociais de transfer\u00eancia<br \/>\nde renda, como no caso da concess\u00e3o do 13\u00ba.<br \/>\nNotamos que a legisla\u00e7\u00e3o j\u00e1 garante esse direito aos<br \/>\ntrabalhadores empregados da iniciativa privada, aos servidores p\u00fablicos e aos<br \/>\ntitulares de benef\u00edcios previdenci\u00e1rios. N\u00e3o h\u00e1 raz\u00e3o para que os benefici\u00e1rios<br \/>\ndo PBF sejam discriminados, devendo ser tamb\u00e9m concedido o d\u00e9cimo terceiro<br \/>\n\u00e0s milh\u00f5es de fam\u00edlias benefici\u00e1rias do Programa.<br \/>\nFica evidente, portanto, a import\u00e2ncia e a urg\u00eancia da<br \/>\ninstitui\u00e7\u00e3o do d\u00e9cimo terceiro no Programa Bolsa Fam\u00edlia, n\u00e3o apenas como<br \/>\nmedida de justi\u00e7a social, ao garantir uma renda m\u00ednima digna \u00e0s fam\u00edlias mais<br \/>\nvulner\u00e1veis no final de ano, como tamb\u00e9m para impulsionar a economia<br \/>\nnacional por meio do est\u00edmulo ao consumo e \u00e0 gera\u00e7\u00e3o de empregos.<br \/>\nSala da Comiss\u00e3o, em 30 de abril de 2025.<br \/>\nDeputado FRED COSTA<br \/>\nPresidente<br \/>\nPara verificar a assinatura, acesse https:\/\/infoleg-autenticidade-assinatura.camara.leg.br\/CD259023513700<br \/>\nAssinado eletronicamente pelo(a) Dep. Fred Costa<br \/>\nApresenta\u00e7\u00e3o: 06\/10\/2025 09:30:04.370 &#8211; Mesa<br \/>\n*CD259023513700* PL n.4964\/2025<\/article>\n<p><a href='https:\/\/app.legislapp.com.br\/#\/busca?termo='><\/a><\/p>\n<div style=\"text-align: center\">\n      <img decoding=\"async\" style=\"width: 14%;\" src=\"https:\/\/www.legislapp.com.br\/wp-content\/uploads\/2021\/07\/Logo-Legislapp-1-03-1.png\"><br \/>\n      <\/p>\n<div style=\"margin-bottom: 20px;\" class=\"et_pb_button_module_wrapper et_pb_button_5_tb_body_wrapper et_pb_button_alignment_center et_pb_module \">\n         <a class=\"et_pb_button et_pb_button_5_tb_body et_hover_enabled et_pb_bg_layout_dark\" style=\"width: 50%;background-color: black;\" href=\"https:\/\/app.legislapp.com.br\" target=\"_blank\" rel=\"noopener\">Visualizar completo na nossa plataforma (30 dias gr\u00e1tis)<\/a><\/p><\/div>\n<p>      <a href=\"https:\/\/play.google.com\/store\/apps\/details?id=br.com.legislapp\"><img decoding=\"async\" style=\"width: 15%; min-width: 130px;\" src=\"https:\/\/www.legislapp.com.br\/wp-content\/uploads\/google-play.png\"><\/a><br \/>\n      <a href=\"https:\/\/apps.apple.com\/us\/app\/legislapp\/id1568929859\"><img decoding=\"async\" style=\"width: 15%; min-width: 130px\" src=\"https:\/\/www.legislapp.com.br\/wp-content\/uploads\/apple-store.png\"><\/a>\n   <\/div>\n","protected":false},"excerpt":{"rendered":"<p>Avulso Inicial &#8211; Autoria de Comiss\u00e3o de Legisla\u00e7\u00e3o Participativa PROJETO DE LEI N\u00ba , DE 2023 (Da Comiss\u00e3o de Legisla\u00e7\u00e3o Participativa) (Origem: SUG n\u00ba 23, de 2022) Altera a Lei n\u00ba 14.601, de 19 de junho de 2023, para instituir o abono natalino aos benefici\u00e1rios do Programa Bolsa Fam\u00edlia. O Congresso Nacional decreta: Art. 1\u00ba [&hellip;]<\/p>\n","protected":false},"author":1,"featured_media":0,"parent":0,"menu_order":0,"comment_status":"closed","ping_status":"closed","template":"page-template-blank.php","meta":{"_et_pb_use_builder":"","_et_pb_old_content":"","_et_gb_content_width":"1080","ngg_post_thumbnail":0,"footnotes":""},"class_list":["post-10077","page","type-page","status-publish","hentry"],"yoast_head":"<!-- This site is optimized with the Yoast SEO plugin v24.4 - https:\/\/yoast.com\/wordpress\/plugins\/seo\/ -->\n<title>Avulso Inicial - PL 4964\/2025 - C\u00e2mara - Legislapp<\/title>\n<meta name=\"robots\" content=\"index, follow, max-snippet:-1, max-image-preview:large, max-video-preview:-1\" \/>\n<link rel=\"canonical\" href=\"https:\/\/www.legislapp.com.br\/index.php\/avulso-inicial-pl-4964-2025-camara\/\" \/>\n<meta property=\"og:locale\" content=\"pt_BR\" \/>\n<meta property=\"og:type\" content=\"article\" \/>\n<meta property=\"og:title\" content=\"Avulso Inicial - PL 4964\/2025 - C\u00e2mara - Legislapp\" \/>\n<meta property=\"og:description\" content=\"Avulso Inicial &#8211; Autoria de Comiss\u00e3o de Legisla\u00e7\u00e3o Participativa PROJETO DE LEI N\u00ba , DE 2023 (Da Comiss\u00e3o de Legisla\u00e7\u00e3o Participativa) (Origem: SUG n\u00ba 23, de 2022) Altera a Lei n\u00ba 14.601, de 19 de junho de 2023, para instituir o abono natalino aos benefici\u00e1rios do Programa Bolsa Fam\u00edlia. O Congresso Nacional decreta: Art. 1\u00ba [&hellip;]\" \/>\n<meta property=\"og:url\" content=\"https:\/\/www.legislapp.com.br\/index.php\/avulso-inicial-pl-4964-2025-camara\/\" \/>\n<meta property=\"og:site_name\" content=\"Legislapp\" \/>\n<meta property=\"article:publisher\" content=\"https:\/\/www.instagram.com\/legislapp\/\" \/>\n<meta property=\"og:image\" content=\"https:\/\/www.legislapp.com.br\/wp-content\/uploads\/2021\/07\/Logo-Legislapp-1-03-1.png\" \/>\n<meta name=\"twitter:card\" content=\"summary_large_image\" \/>\n<meta name=\"twitter:label1\" content=\"Est. tempo de leitura\" \/>\n\t<meta name=\"twitter:data1\" content=\"4 minutos\" \/>\n<script type=\"application\/ld+json\" class=\"yoast-schema-graph\">{\"@context\":\"https:\/\/schema.org\",\"@graph\":[{\"@type\":\"WebPage\",\"@id\":\"https:\/\/www.legislapp.com.br\/index.php\/avulso-inicial-pl-4964-2025-camara\/\",\"url\":\"https:\/\/www.legislapp.com.br\/index.php\/avulso-inicial-pl-4964-2025-camara\/\",\"name\":\"Avulso Inicial - PL 4964\/2025 - C\u00e2mara - Legislapp\",\"isPartOf\":{\"@id\":\"https:\/\/www.legislapp.com.br\/#website\"},\"primaryImageOfPage\":{\"@id\":\"https:\/\/www.legislapp.com.br\/index.php\/avulso-inicial-pl-4964-2025-camara\/#primaryimage\"},\"image\":{\"@id\":\"https:\/\/www.legislapp.com.br\/index.php\/avulso-inicial-pl-4964-2025-camara\/#primaryimage\"},\"thumbnailUrl\":\"https:\/\/www.legislapp.com.br\/wp-content\/uploads\/2021\/07\/Logo-Legislapp-1-03-1.png\",\"datePublished\":\"2025-12-01T14:00:05+00:00\",\"breadcrumb\":{\"@id\":\"https:\/\/www.legislapp.com.br\/index.php\/avulso-inicial-pl-4964-2025-camara\/#breadcrumb\"},\"inLanguage\":\"pt-BR\",\"potentialAction\":[{\"@type\":\"ReadAction\",\"target\":[\"https:\/\/www.legislapp.com.br\/index.php\/avulso-inicial-pl-4964-2025-camara\/\"]}]},{\"@type\":\"ImageObject\",\"inLanguage\":\"pt-BR\",\"@id\":\"https:\/\/www.legislapp.com.br\/index.php\/avulso-inicial-pl-4964-2025-camara\/#primaryimage\",\"url\":\"https:\/\/www.legislapp.com.br\/wp-content\/uploads\/2021\/07\/Logo-Legislapp-1-03-1.png\",\"contentUrl\":\"https:\/\/www.legislapp.com.br\/wp-content\/uploads\/2021\/07\/Logo-Legislapp-1-03-1.png\",\"width\":2679,\"height\":2697},{\"@type\":\"BreadcrumbList\",\"@id\":\"https:\/\/www.legislapp.com.br\/index.php\/avulso-inicial-pl-4964-2025-camara\/#breadcrumb\",\"itemListElement\":[{\"@type\":\"ListItem\",\"position\":1,\"name\":\"In\u00edcio\",\"item\":\"https:\/\/www.legislapp.com.br\/\"},{\"@type\":\"ListItem\",\"position\":2,\"name\":\"Avulso Inicial &#8211; PL 4964\/2025 &#8211; C\u00e2mara\"}]},{\"@type\":\"WebSite\",\"@id\":\"https:\/\/www.legislapp.com.br\/#website\",\"url\":\"https:\/\/www.legislapp.com.br\/\",\"name\":\"Legislapp\",\"description\":\"Intelig\u00eancia governamental em tempo real\",\"publisher\":{\"@id\":\"https:\/\/www.legislapp.com.br\/#organization\"},\"potentialAction\":[{\"@type\":\"SearchAction\",\"target\":{\"@type\":\"EntryPoint\",\"urlTemplate\":\"https:\/\/www.legislapp.com.br\/?s={search_term_string}\"},\"query-input\":{\"@type\":\"PropertyValueSpecification\",\"valueRequired\":true,\"valueName\":\"search_term_string\"}}],\"inLanguage\":\"pt-BR\"},{\"@type\":\"Organization\",\"@id\":\"https:\/\/www.legislapp.com.br\/#organization\",\"name\":\"Legislapp Monitoramento e Intelig\u00eancia Governamental\",\"url\":\"https:\/\/www.legislapp.com.br\/\",\"logo\":{\"@type\":\"ImageObject\",\"inLanguage\":\"pt-BR\",\"@id\":\"https:\/\/www.legislapp.com.br\/#\/schema\/logo\/image\/\",\"url\":\"https:\/\/www.legislapp.com.br\/wp-content\/uploads\/icon.png\",\"contentUrl\":\"https:\/\/www.legislapp.com.br\/wp-content\/uploads\/icon.png\",\"width\":1024,\"height\":1024,\"caption\":\"Legislapp Monitoramento e Intelig\u00eancia Governamental\"},\"image\":{\"@id\":\"https:\/\/www.legislapp.com.br\/#\/schema\/logo\/image\/\"},\"sameAs\":[\"https:\/\/www.instagram.com\/legislapp\/\"]}]}<\/script>\n<!-- \/ Yoast SEO plugin. -->","yoast_head_json":{"title":"Avulso Inicial - PL 4964\/2025 - C\u00e2mara - Legislapp","robots":{"index":"index","follow":"follow","max-snippet":"max-snippet:-1","max-image-preview":"max-image-preview:large","max-video-preview":"max-video-preview:-1"},"canonical":"https:\/\/www.legislapp.com.br\/index.php\/avulso-inicial-pl-4964-2025-camara\/","og_locale":"pt_BR","og_type":"article","og_title":"Avulso Inicial - PL 4964\/2025 - C\u00e2mara - Legislapp","og_description":"Avulso Inicial &#8211; Autoria de Comiss\u00e3o de Legisla\u00e7\u00e3o Participativa PROJETO DE LEI N\u00ba , DE 2023 (Da Comiss\u00e3o de Legisla\u00e7\u00e3o Participativa) (Origem: SUG n\u00ba 23, de 2022) Altera a Lei n\u00ba 14.601, de 19 de junho de 2023, para instituir o abono natalino aos benefici\u00e1rios do Programa Bolsa Fam\u00edlia. O Congresso Nacional decreta: Art. 1\u00ba [&hellip;]","og_url":"https:\/\/www.legislapp.com.br\/index.php\/avulso-inicial-pl-4964-2025-camara\/","og_site_name":"Legislapp","article_publisher":"https:\/\/www.instagram.com\/legislapp\/","og_image":[{"url":"https:\/\/www.legislapp.com.br\/wp-content\/uploads\/2021\/07\/Logo-Legislapp-1-03-1.png","type":"","width":"","height":""}],"twitter_card":"summary_large_image","twitter_misc":{"Est. tempo de leitura":"4 minutos"},"schema":{"@context":"https:\/\/schema.org","@graph":[{"@type":"WebPage","@id":"https:\/\/www.legislapp.com.br\/index.php\/avulso-inicial-pl-4964-2025-camara\/","url":"https:\/\/www.legislapp.com.br\/index.php\/avulso-inicial-pl-4964-2025-camara\/","name":"Avulso Inicial - PL 4964\/2025 - C\u00e2mara - Legislapp","isPartOf":{"@id":"https:\/\/www.legislapp.com.br\/#website"},"primaryImageOfPage":{"@id":"https:\/\/www.legislapp.com.br\/index.php\/avulso-inicial-pl-4964-2025-camara\/#primaryimage"},"image":{"@id":"https:\/\/www.legislapp.com.br\/index.php\/avulso-inicial-pl-4964-2025-camara\/#primaryimage"},"thumbnailUrl":"https:\/\/www.legislapp.com.br\/wp-content\/uploads\/2021\/07\/Logo-Legislapp-1-03-1.png","datePublished":"2025-12-01T14:00:05+00:00","breadcrumb":{"@id":"https:\/\/www.legislapp.com.br\/index.php\/avulso-inicial-pl-4964-2025-camara\/#breadcrumb"},"inLanguage":"pt-BR","potentialAction":[{"@type":"ReadAction","target":["https:\/\/www.legislapp.com.br\/index.php\/avulso-inicial-pl-4964-2025-camara\/"]}]},{"@type":"ImageObject","inLanguage":"pt-BR","@id":"https:\/\/www.legislapp.com.br\/index.php\/avulso-inicial-pl-4964-2025-camara\/#primaryimage","url":"https:\/\/www.legislapp.com.br\/wp-content\/uploads\/2021\/07\/Logo-Legislapp-1-03-1.png","contentUrl":"https:\/\/www.legislapp.com.br\/wp-content\/uploads\/2021\/07\/Logo-Legislapp-1-03-1.png","width":2679,"height":2697},{"@type":"BreadcrumbList","@id":"https:\/\/www.legislapp.com.br\/index.php\/avulso-inicial-pl-4964-2025-camara\/#breadcrumb","itemListElement":[{"@type":"ListItem","position":1,"name":"In\u00edcio","item":"https:\/\/www.legislapp.com.br\/"},{"@type":"ListItem","position":2,"name":"Avulso Inicial &#8211; PL 4964\/2025 &#8211; C\u00e2mara"}]},{"@type":"WebSite","@id":"https:\/\/www.legislapp.com.br\/#website","url":"https:\/\/www.legislapp.com.br\/","name":"Legislapp","description":"Intelig\u00eancia governamental em tempo real","publisher":{"@id":"https:\/\/www.legislapp.com.br\/#organization"},"potentialAction":[{"@type":"SearchAction","target":{"@type":"EntryPoint","urlTemplate":"https:\/\/www.legislapp.com.br\/?s={search_term_string}"},"query-input":{"@type":"PropertyValueSpecification","valueRequired":true,"valueName":"search_term_string"}}],"inLanguage":"pt-BR"},{"@type":"Organization","@id":"https:\/\/www.legislapp.com.br\/#organization","name":"Legislapp Monitoramento e Intelig\u00eancia Governamental","url":"https:\/\/www.legislapp.com.br\/","logo":{"@type":"ImageObject","inLanguage":"pt-BR","@id":"https:\/\/www.legislapp.com.br\/#\/schema\/logo\/image\/","url":"https:\/\/www.legislapp.com.br\/wp-content\/uploads\/icon.png","contentUrl":"https:\/\/www.legislapp.com.br\/wp-content\/uploads\/icon.png","width":1024,"height":1024,"caption":"Legislapp Monitoramento e Intelig\u00eancia Governamental"},"image":{"@id":"https:\/\/www.legislapp.com.br\/#\/schema\/logo\/image\/"},"sameAs":["https:\/\/www.instagram.com\/legislapp\/"]}]}},"_links":{"self":[{"href":"https:\/\/www.legislapp.com.br\/index.php\/wp-json\/wp\/v2\/pages\/10077","targetHints":{"allow":["GET"]}}],"collection":[{"href":"https:\/\/www.legislapp.com.br\/index.php\/wp-json\/wp\/v2\/pages"}],"about":[{"href":"https:\/\/www.legislapp.com.br\/index.php\/wp-json\/wp\/v2\/types\/page"}],"author":[{"embeddable":true,"href":"https:\/\/www.legislapp.com.br\/index.php\/wp-json\/wp\/v2\/users\/1"}],"replies":[{"embeddable":true,"href":"https:\/\/www.legislapp.com.br\/index.php\/wp-json\/wp\/v2\/comments?post=10077"}],"version-history":[{"count":0,"href":"https:\/\/www.legislapp.com.br\/index.php\/wp-json\/wp\/v2\/pages\/10077\/revisions"}],"wp:attachment":[{"href":"https:\/\/www.legislapp.com.br\/index.php\/wp-json\/wp\/v2\/media?parent=10077"}],"curies":[{"name":"wp","href":"https:\/\/api.w.org\/{rel}","templated":true}]}}