{"id":10124,"date":"2025-12-01T11:01:50","date_gmt":"2025-12-01T14:01:50","guid":{"rendered":"https:\/\/www.legislapp.com.br\/index.php\/avulso-inicial-pl-4744-2025-camara\/"},"modified":"2025-12-01T11:01:50","modified_gmt":"2025-12-01T14:01:50","slug":"avulso-inicial-pl-4744-2025-camara","status":"publish","type":"page","link":"https:\/\/www.legislapp.com.br\/index.php\/avulso-inicial-pl-4744-2025-camara\/","title":{"rendered":"Avulso Inicial &#8211; PL 4744\/2025 &#8211; C\u00e2mara"},"content":{"rendered":"<h1 style='text-align: center;'>Avulso Inicial &#8211; Autoria de Enfermeira Rejane<\/h3>\n<p><\/p>\n<article>C\u00c2MARA DOS DEPUTADOS<br \/>\nGABINETE DO DEPUTADO  ENFERMEIRA REJANE\/RJ<\/p>\n<p>PROJETO DE LEI N\u00b0     , DE 2025<br \/>\n(Do Sra. ENFERMEIRA REJANE )<br \/>\nAltera a Lei n\u00ba 7.498, de 25 de junho de 1986,<br \/>\nque disp\u00f5e sobre a regulamenta\u00e7\u00e3o do<br \/>\nexerc\u00edcio da Enfermagem, para instituir a<br \/>\nGratifica\u00e7\u00e3o por Ac\u00famulo de Acervo aos<br \/>\nprofissionais de Enfermagem.<br \/>\nArt. 1\u00ba<br \/>\nA Lei n\u00ba 7.498, de 25 de junho de 1986, passa a vigorar acrescida do<br \/>\nseguinte artigo:<br \/>\nArt. 22-A. Fica institu\u00edda a Gratifica\u00e7\u00e3o por Ac\u00famulo de Acervo, devida<br \/>\naos profissionais de Enfermagem que assumirem, cumulativamente,<br \/>\natribui\u00e7\u00f5es, responsabilidades assistenciais ou administrativas em raz\u00e3o de<br \/>\nafastamento, vac\u00e2ncia ou car\u00eancia de profissionais nos servi\u00e7os de sa\u00fade.<br \/>\n\u00a71\u00ba A gratifica\u00e7\u00e3o ser\u00e1 devida sempre que houver ac\u00famulo comprovado<br \/>\nde pacientes, plant\u00f5es ou setores adicionais, em car\u00e1ter tempor\u00e1rio e<br \/>\nextraordin\u00e1rio.<br \/>\n\u00a72\u00ba O valor da Gratifica\u00e7\u00e3o corresponder\u00e1 a at\u00e9 1\/3 (um ter\u00e7o) da<br \/>\nremunera\u00e7\u00e3o-base do profissional, proporcional ao per\u00edodo de ac\u00famulo,<br \/>\nconforme regulamenta\u00e7\u00e3o espec\u00edfica.<br \/>\n\u00a73\u00ba A Gratifica\u00e7\u00e3o por Ac\u00famulo de Acervo ter\u00e1 car\u00e1ter transit\u00f3rio e<br \/>\nindenizat\u00f3rio, n\u00e3o se incorporando \u00e0 remunera\u00e7\u00e3o nem servindo de base de<br \/>\nc\u00e1lculo para aposentadoria e demais benef\u00edcios.<br \/>\n\u00a74\u00ba O Poder Executivo regulamentar\u00e1 esta Lei no prazo de 120 (cento e<br \/>\nvinte) dias, ouvido o Conselho Nacional de Sa\u00fade e o Conselho Federal de<br \/>\nEnfermagem.<br \/>\nPara verificar a assinatura, acesse https:\/\/infoleg-autenticidade-assinatura.camara.leg.br\/CD250854769400<br \/>\nAssinado eletronicamente pelo(a) Dep. Enfermeira Rejane<br \/>\nApresenta\u00e7\u00e3o: 24\/09\/2025 13:25:10.167 &#8211; Mesa<br \/>\n*CD250854769400* PL n.4744\/2025<br \/>Art. 2\u00ba<br \/>\nEsta Lei entra em vigor na data de sua publica\u00e7\u00e3o.<br \/>\nJustificativa<br \/>\nA Enfermagem, por muitas vezes, \u00e9 obrigada a absorver cargas<br \/>\nadicionais de trabalho em raz\u00e3o de f\u00e9rias, licen\u00e7as, vac\u00e2ncias e car\u00eancia de<br \/>\nprofissionais nos servi\u00e7os de sa\u00fade.<br \/>\nEsse ac\u00famulo compromete a sa\u00fade do trabalhador e a qualidade da<br \/>\nassist\u00eancia prestada ao usu\u00e1rio do SUS.<br \/>\nInspirando-se no modelo adotado pelo Poder Judici\u00e1rio, que j\u00e1<br \/>\nreconhece o esfor\u00e7o extraordin\u00e1rio de magistrados que assumem processos<br \/>\nal\u00e9m de sua lota\u00e7\u00e3o por meio da gratifica\u00e7\u00e3o por ac\u00famulo de acervo, \u00e9 justo e<br \/>\nnecess\u00e1rio que a Enfermagem tamb\u00e9m tenha reconhecido seu esfor\u00e7o em<br \/>\nsitua\u00e7\u00f5es an\u00e1logas.<br \/>\nA presente proposta busca valorizar os profissionais, assegurar<br \/>\ncondi\u00e7\u00f5es dignas de trabalho e reduzir a sobrecarga cr\u00f4nica que afeta a<br \/>\ncategoria, sem gerar impacto permanente na folha, j\u00e1 que a gratifica\u00e7\u00e3o tem<br \/>\ncar\u00e1ter indenizat\u00f3rio e tempor\u00e1rio.<br \/>\nSala das Sess\u00f5es, em        de         de 2025.<br \/>\nEnfermeira Rejane<br \/>\nDeputada Federal \u2013 PcdoB\/RJ<br \/>\nPara verificar a assinatura, acesse https:\/\/infoleg-autenticidade-assinatura.camara.leg.br\/CD250854769400<br \/>\nAssinado eletronicamente pelo(a) Dep. Enfermeira Rejane<br \/>\nApresenta\u00e7\u00e3o: 24\/09\/2025 13:25:10.167 &#8211; Mesa<br \/>\n*CD250854769400* PL n.4744\/2025<\/article>\n<p><a href='https:\/\/app.legislapp.com.br\/#\/busca?termo='><\/a><\/p>\n<div style=\"text-align: center\">\n      <img decoding=\"async\" style=\"width: 14%;\" src=\"https:\/\/www.legislapp.com.br\/wp-content\/uploads\/2021\/07\/Logo-Legislapp-1-03-1.png\"><br \/>\n      <\/p>\n<div style=\"margin-bottom: 20px;\" class=\"et_pb_button_module_wrapper et_pb_button_5_tb_body_wrapper et_pb_button_alignment_center et_pb_module \">\n         <a class=\"et_pb_button et_pb_button_5_tb_body et_hover_enabled et_pb_bg_layout_dark\" style=\"width: 50%;background-color: black;\" href=\"https:\/\/app.legislapp.com.br\" target=\"_blank\" rel=\"noopener\">Visualizar completo na nossa plataforma (30 dias gr\u00e1tis)<\/a><\/p><\/div>\n<p>      <a href=\"https:\/\/play.google.com\/store\/apps\/details?id=br.com.legislapp\"><img decoding=\"async\" style=\"width: 15%; min-width: 130px;\" src=\"https:\/\/www.legislapp.com.br\/wp-content\/uploads\/google-play.png\"><\/a><br \/>\n      <a href=\"https:\/\/apps.apple.com\/us\/app\/legislapp\/id1568929859\"><img decoding=\"async\" style=\"width: 15%; min-width: 130px\" src=\"https:\/\/www.legislapp.com.br\/wp-content\/uploads\/apple-store.png\"><\/a>\n   <\/div>\n","protected":false},"excerpt":{"rendered":"<p>Avulso Inicial &#8211; Autoria de Enfermeira Rejane C\u00c2MARA DOS DEPUTADOS GABINETE DO DEPUTADO ENFERMEIRA REJANE\/RJ PROJETO DE LEI N\u00b0 , DE 2025 (Do Sra. ENFERMEIRA REJANE ) Altera a Lei n\u00ba 7.498, de 25 de junho de 1986, que disp\u00f5e sobre a regulamenta\u00e7\u00e3o do exerc\u00edcio da Enfermagem, para instituir a Gratifica\u00e7\u00e3o por Ac\u00famulo de Acervo [&hellip;]<\/p>\n","protected":false},"author":1,"featured_media":0,"parent":0,"menu_order":0,"comment_status":"closed","ping_status":"closed","template":"page-template-blank.php","meta":{"_et_pb_use_builder":"","_et_pb_old_content":"","_et_gb_content_width":"1080","ngg_post_thumbnail":0,"footnotes":""},"class_list":["post-10124","page","type-page","status-publish","hentry"],"yoast_head":"<!-- This site is optimized with the Yoast SEO plugin v24.4 - https:\/\/yoast.com\/wordpress\/plugins\/seo\/ -->\n<title>Avulso Inicial - PL 4744\/2025 - C\u00e2mara - Legislapp<\/title>\n<meta name=\"robots\" content=\"index, follow, max-snippet:-1, max-image-preview:large, max-video-preview:-1\" \/>\n<link rel=\"canonical\" href=\"https:\/\/www.legislapp.com.br\/index.php\/avulso-inicial-pl-4744-2025-camara\/\" \/>\n<meta property=\"og:locale\" content=\"pt_BR\" \/>\n<meta property=\"og:type\" content=\"article\" \/>\n<meta property=\"og:title\" content=\"Avulso Inicial - PL 4744\/2025 - C\u00e2mara - Legislapp\" \/>\n<meta property=\"og:description\" content=\"Avulso Inicial &#8211; Autoria de Enfermeira Rejane C\u00c2MARA DOS DEPUTADOS GABINETE DO DEPUTADO ENFERMEIRA REJANE\/RJ PROJETO DE LEI N\u00b0 , DE 2025 (Do Sra. ENFERMEIRA REJANE ) Altera a Lei n\u00ba 7.498, de 25 de junho de 1986, que disp\u00f5e sobre a regulamenta\u00e7\u00e3o do exerc\u00edcio da Enfermagem, para instituir a Gratifica\u00e7\u00e3o por Ac\u00famulo de Acervo [&hellip;]\" \/>\n<meta property=\"og:url\" content=\"https:\/\/www.legislapp.com.br\/index.php\/avulso-inicial-pl-4744-2025-camara\/\" \/>\n<meta property=\"og:site_name\" content=\"Legislapp\" \/>\n<meta property=\"article:publisher\" content=\"https:\/\/www.instagram.com\/legislapp\/\" \/>\n<meta property=\"og:image\" content=\"https:\/\/www.legislapp.com.br\/wp-content\/uploads\/2021\/07\/Logo-Legislapp-1-03-1.png\" \/>\n<meta name=\"twitter:card\" content=\"summary_large_image\" \/>\n<meta name=\"twitter:label1\" content=\"Est. tempo de leitura\" \/>\n\t<meta name=\"twitter:data1\" content=\"2 minutos\" \/>\n<script type=\"application\/ld+json\" class=\"yoast-schema-graph\">{\"@context\":\"https:\/\/schema.org\",\"@graph\":[{\"@type\":\"WebPage\",\"@id\":\"https:\/\/www.legislapp.com.br\/index.php\/avulso-inicial-pl-4744-2025-camara\/\",\"url\":\"https:\/\/www.legislapp.com.br\/index.php\/avulso-inicial-pl-4744-2025-camara\/\",\"name\":\"Avulso Inicial - PL 4744\/2025 - C\u00e2mara - Legislapp\",\"isPartOf\":{\"@id\":\"https:\/\/www.legislapp.com.br\/#website\"},\"primaryImageOfPage\":{\"@id\":\"https:\/\/www.legislapp.com.br\/index.php\/avulso-inicial-pl-4744-2025-camara\/#primaryimage\"},\"image\":{\"@id\":\"https:\/\/www.legislapp.com.br\/index.php\/avulso-inicial-pl-4744-2025-camara\/#primaryimage\"},\"thumbnailUrl\":\"https:\/\/www.legislapp.com.br\/wp-content\/uploads\/2021\/07\/Logo-Legislapp-1-03-1.png\",\"datePublished\":\"2025-12-01T14:01:50+00:00\",\"breadcrumb\":{\"@id\":\"https:\/\/www.legislapp.com.br\/index.php\/avulso-inicial-pl-4744-2025-camara\/#breadcrumb\"},\"inLanguage\":\"pt-BR\",\"potentialAction\":[{\"@type\":\"ReadAction\",\"target\":[\"https:\/\/www.legislapp.com.br\/index.php\/avulso-inicial-pl-4744-2025-camara\/\"]}]},{\"@type\":\"ImageObject\",\"inLanguage\":\"pt-BR\",\"@id\":\"https:\/\/www.legislapp.com.br\/index.php\/avulso-inicial-pl-4744-2025-camara\/#primaryimage\",\"url\":\"https:\/\/www.legislapp.com.br\/wp-content\/uploads\/2021\/07\/Logo-Legislapp-1-03-1.png\",\"contentUrl\":\"https:\/\/www.legislapp.com.br\/wp-content\/uploads\/2021\/07\/Logo-Legislapp-1-03-1.png\",\"width\":2679,\"height\":2697},{\"@type\":\"BreadcrumbList\",\"@id\":\"https:\/\/www.legislapp.com.br\/index.php\/avulso-inicial-pl-4744-2025-camara\/#breadcrumb\",\"itemListElement\":[{\"@type\":\"ListItem\",\"position\":1,\"name\":\"In\u00edcio\",\"item\":\"https:\/\/www.legislapp.com.br\/\"},{\"@type\":\"ListItem\",\"position\":2,\"name\":\"Avulso Inicial &#8211; PL 4744\/2025 &#8211; C\u00e2mara\"}]},{\"@type\":\"WebSite\",\"@id\":\"https:\/\/www.legislapp.com.br\/#website\",\"url\":\"https:\/\/www.legislapp.com.br\/\",\"name\":\"Legislapp\",\"description\":\"Intelig\u00eancia governamental em tempo real\",\"publisher\":{\"@id\":\"https:\/\/www.legislapp.com.br\/#organization\"},\"potentialAction\":[{\"@type\":\"SearchAction\",\"target\":{\"@type\":\"EntryPoint\",\"urlTemplate\":\"https:\/\/www.legislapp.com.br\/?s={search_term_string}\"},\"query-input\":{\"@type\":\"PropertyValueSpecification\",\"valueRequired\":true,\"valueName\":\"search_term_string\"}}],\"inLanguage\":\"pt-BR\"},{\"@type\":\"Organization\",\"@id\":\"https:\/\/www.legislapp.com.br\/#organization\",\"name\":\"Legislapp Monitoramento e Intelig\u00eancia Governamental\",\"url\":\"https:\/\/www.legislapp.com.br\/\",\"logo\":{\"@type\":\"ImageObject\",\"inLanguage\":\"pt-BR\",\"@id\":\"https:\/\/www.legislapp.com.br\/#\/schema\/logo\/image\/\",\"url\":\"https:\/\/www.legislapp.com.br\/wp-content\/uploads\/icon.png\",\"contentUrl\":\"https:\/\/www.legislapp.com.br\/wp-content\/uploads\/icon.png\",\"width\":1024,\"height\":1024,\"caption\":\"Legislapp Monitoramento e Intelig\u00eancia Governamental\"},\"image\":{\"@id\":\"https:\/\/www.legislapp.com.br\/#\/schema\/logo\/image\/\"},\"sameAs\":[\"https:\/\/www.instagram.com\/legislapp\/\"]}]}<\/script>\n<!-- \/ Yoast SEO plugin. -->","yoast_head_json":{"title":"Avulso Inicial - PL 4744\/2025 - C\u00e2mara - Legislapp","robots":{"index":"index","follow":"follow","max-snippet":"max-snippet:-1","max-image-preview":"max-image-preview:large","max-video-preview":"max-video-preview:-1"},"canonical":"https:\/\/www.legislapp.com.br\/index.php\/avulso-inicial-pl-4744-2025-camara\/","og_locale":"pt_BR","og_type":"article","og_title":"Avulso Inicial - PL 4744\/2025 - C\u00e2mara - Legislapp","og_description":"Avulso Inicial &#8211; Autoria de Enfermeira Rejane C\u00c2MARA DOS DEPUTADOS GABINETE DO DEPUTADO ENFERMEIRA REJANE\/RJ PROJETO DE LEI N\u00b0 , DE 2025 (Do Sra. ENFERMEIRA REJANE ) Altera a Lei n\u00ba 7.498, de 25 de junho de 1986, que disp\u00f5e sobre a regulamenta\u00e7\u00e3o do exerc\u00edcio da Enfermagem, para instituir a Gratifica\u00e7\u00e3o por Ac\u00famulo de Acervo [&hellip;]","og_url":"https:\/\/www.legislapp.com.br\/index.php\/avulso-inicial-pl-4744-2025-camara\/","og_site_name":"Legislapp","article_publisher":"https:\/\/www.instagram.com\/legislapp\/","og_image":[{"url":"https:\/\/www.legislapp.com.br\/wp-content\/uploads\/2021\/07\/Logo-Legislapp-1-03-1.png","type":"","width":"","height":""}],"twitter_card":"summary_large_image","twitter_misc":{"Est. tempo de leitura":"2 minutos"},"schema":{"@context":"https:\/\/schema.org","@graph":[{"@type":"WebPage","@id":"https:\/\/www.legislapp.com.br\/index.php\/avulso-inicial-pl-4744-2025-camara\/","url":"https:\/\/www.legislapp.com.br\/index.php\/avulso-inicial-pl-4744-2025-camara\/","name":"Avulso Inicial - PL 4744\/2025 - C\u00e2mara - Legislapp","isPartOf":{"@id":"https:\/\/www.legislapp.com.br\/#website"},"primaryImageOfPage":{"@id":"https:\/\/www.legislapp.com.br\/index.php\/avulso-inicial-pl-4744-2025-camara\/#primaryimage"},"image":{"@id":"https:\/\/www.legislapp.com.br\/index.php\/avulso-inicial-pl-4744-2025-camara\/#primaryimage"},"thumbnailUrl":"https:\/\/www.legislapp.com.br\/wp-content\/uploads\/2021\/07\/Logo-Legislapp-1-03-1.png","datePublished":"2025-12-01T14:01:50+00:00","breadcrumb":{"@id":"https:\/\/www.legislapp.com.br\/index.php\/avulso-inicial-pl-4744-2025-camara\/#breadcrumb"},"inLanguage":"pt-BR","potentialAction":[{"@type":"ReadAction","target":["https:\/\/www.legislapp.com.br\/index.php\/avulso-inicial-pl-4744-2025-camara\/"]}]},{"@type":"ImageObject","inLanguage":"pt-BR","@id":"https:\/\/www.legislapp.com.br\/index.php\/avulso-inicial-pl-4744-2025-camara\/#primaryimage","url":"https:\/\/www.legislapp.com.br\/wp-content\/uploads\/2021\/07\/Logo-Legislapp-1-03-1.png","contentUrl":"https:\/\/www.legislapp.com.br\/wp-content\/uploads\/2021\/07\/Logo-Legislapp-1-03-1.png","width":2679,"height":2697},{"@type":"BreadcrumbList","@id":"https:\/\/www.legislapp.com.br\/index.php\/avulso-inicial-pl-4744-2025-camara\/#breadcrumb","itemListElement":[{"@type":"ListItem","position":1,"name":"In\u00edcio","item":"https:\/\/www.legislapp.com.br\/"},{"@type":"ListItem","position":2,"name":"Avulso Inicial &#8211; PL 4744\/2025 &#8211; C\u00e2mara"}]},{"@type":"WebSite","@id":"https:\/\/www.legislapp.com.br\/#website","url":"https:\/\/www.legislapp.com.br\/","name":"Legislapp","description":"Intelig\u00eancia governamental em tempo real","publisher":{"@id":"https:\/\/www.legislapp.com.br\/#organization"},"potentialAction":[{"@type":"SearchAction","target":{"@type":"EntryPoint","urlTemplate":"https:\/\/www.legislapp.com.br\/?s={search_term_string}"},"query-input":{"@type":"PropertyValueSpecification","valueRequired":true,"valueName":"search_term_string"}}],"inLanguage":"pt-BR"},{"@type":"Organization","@id":"https:\/\/www.legislapp.com.br\/#organization","name":"Legislapp Monitoramento e Intelig\u00eancia Governamental","url":"https:\/\/www.legislapp.com.br\/","logo":{"@type":"ImageObject","inLanguage":"pt-BR","@id":"https:\/\/www.legislapp.com.br\/#\/schema\/logo\/image\/","url":"https:\/\/www.legislapp.com.br\/wp-content\/uploads\/icon.png","contentUrl":"https:\/\/www.legislapp.com.br\/wp-content\/uploads\/icon.png","width":1024,"height":1024,"caption":"Legislapp Monitoramento e Intelig\u00eancia Governamental"},"image":{"@id":"https:\/\/www.legislapp.com.br\/#\/schema\/logo\/image\/"},"sameAs":["https:\/\/www.instagram.com\/legislapp\/"]}]}},"_links":{"self":[{"href":"https:\/\/www.legislapp.com.br\/index.php\/wp-json\/wp\/v2\/pages\/10124","targetHints":{"allow":["GET"]}}],"collection":[{"href":"https:\/\/www.legislapp.com.br\/index.php\/wp-json\/wp\/v2\/pages"}],"about":[{"href":"https:\/\/www.legislapp.com.br\/index.php\/wp-json\/wp\/v2\/types\/page"}],"author":[{"embeddable":true,"href":"https:\/\/www.legislapp.com.br\/index.php\/wp-json\/wp\/v2\/users\/1"}],"replies":[{"embeddable":true,"href":"https:\/\/www.legislapp.com.br\/index.php\/wp-json\/wp\/v2\/comments?post=10124"}],"version-history":[{"count":0,"href":"https:\/\/www.legislapp.com.br\/index.php\/wp-json\/wp\/v2\/pages\/10124\/revisions"}],"wp:attachment":[{"href":"https:\/\/www.legislapp.com.br\/index.php\/wp-json\/wp\/v2\/media?parent=10124"}],"curies":[{"name":"wp","href":"https:\/\/api.w.org\/{rel}","templated":true}]}}