{"id":10136,"date":"2025-12-01T11:02:24","date_gmt":"2025-12-01T14:02:24","guid":{"rendered":"https:\/\/www.legislapp.com.br\/index.php\/avulso-inicial-pl-4637-2025-camara\/"},"modified":"2025-12-01T11:02:24","modified_gmt":"2025-12-01T14:02:24","slug":"avulso-inicial-pl-4637-2025-camara","status":"publish","type":"page","link":"https:\/\/www.legislapp.com.br\/index.php\/avulso-inicial-pl-4637-2025-camara\/","title":{"rendered":"Avulso Inicial &#8211; PL 4637\/2025 &#8211; C\u00e2mara"},"content":{"rendered":"<h1 style='text-align: center;'>Avulso Inicial &#8211; Autoria de Kim Kataguiri<\/h3>\n<p><\/p>\n<article>C\u00c2MARA DOS DEPUTADOS<br \/>\nGabinete do Deputado Federal KIM KATAGUIRI<br \/>\nPROJETO DE LEI n\u00ba     DE 2025<br \/>\n(Do Sr. Kim Kataguiri)<br \/>\nRevoga o \u00a71\u00ba do art. 20 da Lei n\u00ba 7.716, de<br \/>\n5 de janeiro de 1989, e acrescenta ao<br \/>\nDecreto-Lei n\u00ba 2.848, de 7 de dezembro de<br \/>\n1940, o Cap\u00edtulo VII ao T\u00edtulo XII \u2013 Dos<br \/>\nCrimes Contra o Estado Democr\u00e1tico de<br \/>\nDireito, para tipificar os crimes de apologia<br \/>\nao nazismo e ao comunismo.<br \/>\nO Congresso Nacional Decreta:<br \/>\nArt. 1\u00ba Inclui-se o Cap\u00edtulo VII, bem como os artigos 359-V, 359-W e 359-<br \/>\nX,  ao Decreto-le 2.848 de 7 de dezembro de 1940 \u2013 C\u00f3digo Penal, com a<br \/>\nseguinte reda\u00e7\u00e3o:<br \/>\nCapitulo VII<br \/>\nDA APOLOGIA A IDEOLOGIAS TOTALIT\u00c1RIAS<br \/>\nApologia ao Nazismo<br \/>\nArt. 359-V. Praticar, induzir ou incitar, por qualquer<br \/>\nmeio, a apologia ao nazismo, de seus s\u00edmbolos, pr\u00e1ticas<br \/>\nou doutrinas.<br \/>\nPena \u2013 reclus\u00e3o, de 2 (dois) a 5 (cinco) anos, e multa.<br \/>\nPar\u00e1grafo \u00fanico \u2013 Incorre na mesma pena quem:<br \/>\nI \u2013 fabricar, comercializar, distribuir ou veicular<br \/>\ns\u00edmbolos, emblemas, ornamentos, distintivos ou<br \/>\nPra\u00e7a dos Tr\u00eas Poderes &#8211; C\u00e2mara dos Deputados<br \/>\nAnexo IV, 7\u00ba andar, gabinete 744<br \/>\ndep.kimkatguiri@camara.leg.br<br \/>\nCEP 70160-900 &#8211; Bras\u00edlia-DF<br \/>\nPara verificar a assinatura, acesse https:\/\/infoleg-autenticidade-assinatura.camara.leg.br\/CD254661597700<br \/>\nAssinado eletronicamente pelo(a) Dep. Kim Kataguiri<br \/>\nApresenta\u00e7\u00e3o: 17\/09\/2025 17:40:27.427 &#8211; Mesa<br \/>\n*CD254661597700* PL n.4637\/2025<br \/>C\u00c2MARA DOS DEPUTADOS<br \/>\nGabinete do Deputado Federal KIM KATAGUIRI<br \/>\npropaganda que utilizem a cruz su\u00e1stica ou gamada,<br \/>\npara fins de divulga\u00e7\u00e3o do nazismo;<br \/>\nII \u2013 propagar discursos de superioridade da ra\u00e7a ariana;<br \/>\nIII \u2013 incitar o antissemitismo, a persegui\u00e7\u00e3o a minorias<br \/>\n\u00e9tnicas, religiosas ou sociais;<br \/>\nIV \u2013 justificar, apoiar ou endossar o Holocausto e outros<br \/>\ncrimes de guerra praticados pelo regime nazista;<br \/>\nV \u2013 enaltecer a Alemanha Nazista, Adolf Hitler, o Partido<br \/>\nNazista, ou o golpe de 1933 que levou aquele regime ao<br \/>\npoder;<br \/>\nVI \u2013 promover organiza\u00e7\u00f5es, reuni\u00f5es, publica\u00e7\u00f5es ou<br \/>\nmanifesta\u00e7\u00f5es destinadas \u00e0 difus\u00e3o da ideologia nazista.<br \/>\nApologia ao Comunismo<br \/>\nArt. 359-W. Praticar, induzir ou incitar, por qualquer<br \/>\nmeio, a apologia do comunismo, de seus s\u00edmbolos,<br \/>\npr\u00e1ticas ou doutrinas.<br \/>\nPena \u2013 reclus\u00e3o, de 2 (dois) a 5 (cinco) anos, e multa.<br \/>\nPar\u00e1grafo \u00fanico \u2013 Incorre na mesma pena quem:<br \/>\nI \u2013 fabricar, comercializar, distribuir ou veicular<br \/>\ns\u00edmbolos, emblemas, ornamentos, distintivos ou<br \/>\npropaganda que utilizem a foice e o martelo e<br \/>\nassemelhados ligados a outros regimes comulistas, para<br \/>\nfins de divulga\u00e7\u00e3o do comunismo;<br \/>\nII \u2013 enaltecer revolu\u00e7\u00f5es socialistas ou movimentos que<br \/>\ntenham instaurado regimes totalit\u00e1rios de inspira\u00e7\u00e3o<br \/>\ncomunista;<br \/>\nIII \u2013 pregar a revolu\u00e7\u00e3o armada com vistas a destituir o<br \/>\nEstado Democr\u00e1tico de Direito;<br \/>\nIV \u2013 defender o partido \u00fanico ou a supress\u00e3o das<br \/>\nliberdades civis com o intuito de instaurar a ditadura do<br \/>\nPra\u00e7a dos Tr\u00eas Poderes &#8211; C\u00e2mara dos Deputados<br \/>\nAnexo IV, 7\u00ba andar, gabinete 744<br \/>\ndep.kimkatguiri@camara.leg.br<br \/>\nCEP 70160-900 &#8211; Bras\u00edlia-DF<br \/>\nPara verificar a assinatura, acesse https:\/\/infoleg-autenticidade-assinatura.camara.leg.br\/CD254661597700<br \/>\nAssinado eletronicamente pelo(a) Dep. Kim Kataguiri<br \/>\nApresenta\u00e7\u00e3o: 17\/09\/2025 17:40:27.427 &#8211; Mesa<br \/>\n*CD254661597700* PL n.4637\/2025<br \/>C\u00c2MARA DOS DEPUTADOS<br \/>\nGabinete do Deputado Federal KIM KATAGUIRI<br \/>\nproletariado;<br \/>\nV \u2013 promover organiza\u00e7\u00f5es, reuni\u00f5es, publica\u00e7\u00f5es ou<br \/>\nmanifesta\u00e7\u00f5es destinadas \u00e0 difus\u00e3o da ideologia<br \/>\ncomunista.<br \/>\nAssocia\u00e7\u00e3o para Imposi\u00e7\u00e3o de Ideologia Totalit\u00e1ria<br \/>\nArt. 359-X. Associarem-se duas ou mais pessoas com o<br \/>\nfim de destituir o Estado Democr\u00e1tico de Direito,<br \/>\nimpondo no Brasil ideologias totalit\u00e1rias de inspira\u00e7\u00e3o<br \/>\nnazista ou comunista.<br \/>\nPena \u2013 reclus\u00e3o, de 10 (dez) a 20 (vinte) anos, e multa.<br \/>\nPar\u00e1grafo \u00fanico \u2013 Incorre na mesma pena quem<br \/>\npromove, constitui, organiza, financia, lidera ou de<br \/>\nqualquer modo auxilia a associa\u00e7\u00e3o referida no caput.<br \/>\nArt. 2\u00ba. Fica revogado o \u00a71\u00ba do artigo 20 da Lei n\u00ba 7.716, de 5 de janeiro de<br \/>\n1989<br \/>\nArt. 3\u00ba . Esta Lei entra em vigor 90 dias ap\u00f3s a data de sua publica\u00e7\u00e3o.<br \/>\nJUSTIFICA\u00c7\u00c3O<br \/>\nO Projeto visa aperfei\u00e7oar a tutela penal do Estado Democr\u00e1tico de Direito diante de<br \/>\nideologias historicamente ligadas a regimes totalit\u00e1rios \u2014 em especial o nazismo e<br \/>\nexperi\u00eancias comunistas de partido \u00fanico \u2014 que negam liberdades civis, pluralismo pol\u00edtico<br \/>\ne dignidade humana. Faz isso (i) realocando, de forma mais sistem\u00e1tica, a mat\u00e9ria hoje<br \/>\ntratada no \u00a71\u00ba do art. 20 da Lei n\u00ba 7.716\/1989 para o T\u00edtulo XII do C\u00f3digo Penal, que re\u00fane<br \/>\nos crimes contra o Estado Democr\u00e1tico, e (ii) tipificando condutas de apologia e associa\u00e7\u00e3o<br \/>\nvoltadas \u00e0 imposi\u00e7\u00e3o de ordem totalit\u00e1ria. A solu\u00e7\u00e3o harmoniza-se com a l\u00f3gica do T\u00edtulo XII,<br \/>\ncriado pela Lei 14.197\/2021, sem afetar a tutela aut\u00f4noma dos crimes de racismo prevista<br \/>\nno art. 5\u00ba, XLII, da Constitui\u00e7\u00e3o.<br \/>\nA liberdade de express\u00e3o no Brasil \u00e9 ampl\u00edssima, mas n\u00e3o \u00e9 absoluta: o STF, na<br \/>\nADPF 130, recha\u00e7ou censura pr\u00e9via e afirmou a centralidade do debate p\u00fablico, sem blindar<br \/>\ndiscursos que violem direitos fundamentais ou fa\u00e7am apologia a pr\u00e1ticas il\u00edcitas. J\u00e1 na ADPF<br \/>\n187 (\u201cmarcha da maconha\u201d), a Corte distinguiu defesa de mudan\u00e7as legislativas (protegida)<br \/>\nPra\u00e7a dos Tr\u00eas Poderes &#8211; C\u00e2mara dos Deputados<br \/>\nAnexo IV, 7\u00ba andar, gabinete 744<br \/>\ndep.kimkatguiri@camara.leg.br<br \/>\nCEP 70160-900 &#8211; Bras\u00edlia-DF<br \/>\nPara verificar a assinatura, acesse https:\/\/infoleg-autenticidade-assinatura.camara.leg.br\/CD254661597700<br \/>\nAssinado eletronicamente pelo(a) Dep. Kim Kataguiri<br \/>\nApresenta\u00e7\u00e3o: 17\/09\/2025 17:40:27.427 &#8211; Mesa<br \/>\n*CD254661597700* PL n.4637\/2025<br \/>C\u00c2MARA DOS DEPUTADOS<br \/>\nGabinete do Deputado Federal KIM KATAGUIRI<br \/>\nde incita\u00e7\u00e3o \u00e0 pr\u00e1tica criminosa (pun\u00edvel). A presente proposi\u00e7\u00e3o incide sobre Lei<br \/>\n14.197\/2021de ideologias totalit\u00e1rias, n\u00e3o sobre o debate hist\u00f3rico ou acad\u00eamico \u2014 linha<br \/>\nque o STF j\u00e1 tra\u00e7ou em precedentes paradigm\u00e1ticos.<br \/>\nNo plano internacional, a Conven\u00e7\u00e3o Americana de Direitos Humanos (CADH) manda<br \/>\nque a lei pro\u00edba propaganda de guerra e apologia ao \u00f3dio nacional, racial ou religioso<br \/>\nquando constitua incita\u00e7\u00e3o \u00e0 discrimina\u00e7\u00e3o, hostilidade, crime ou viol\u00eancia (art. 13.5). A<br \/>\nONU, pelo Pacto Internacional sobre Direitos Civis e Pol\u00edticos (art. 20.2) e pela \u201cRabat Plan<br \/>\nof Action\u201d, estabelece par\u00e2metros objetivos (contexto, posi\u00e7\u00e3o do orador, inten\u00e7\u00e3o, conte\u00fado<br \/>\ne forma, alcance do discurso e probabilidade de dano) para distinguir express\u00e3o protegida<br \/>\nde incita\u00e7\u00e3o pun\u00edvel. A nossa tipifica\u00e7\u00e3o \u00e9 concebida para incidir exatamente nesse n\u00facleo<br \/>\nde incita\u00e7\u00e3o e apologia com potencial lesivo.<br \/>\nAdemais, a jurisprud\u00eancia brasileira reconhece que discurso anti-semita \u00e9 racismo e<br \/>\nn\u00e3o se protege pela liberdade de express\u00e3o (HC 82.424\/RS \u2013 Ellwanger), o que revela a<br \/>\ncompatibilidade, no Brasil, entre liberdade e repress\u00e3o a discursos que negam a dignidade<br \/>\nhumana e fomentam hostilidade a grupos.<br \/>\nA literatura emp\u00edrica demonstra que propaganda extremista e enaltecimento de<br \/>\nideologias totalit\u00e1rias aumentam viol\u00eancia e hostilidade social. Estudo hist\u00f3rico de Adena et<br \/>\n1<br \/>\nal. (2015) mostra que a expans\u00e3o do r\u00e1dio nos anos 1930 impulsionou o apoio eleitoral ao<br \/>\nnazismo e aumentou ataques anti-semitas em munic\u00edpios alem\u00e3es mais expostos \u2014<br \/>\nevid\u00eancia de causalidade entre propaganda e viol\u00eancia. An\u00e1lises contempor\u00e2neas (por ex.,<br \/>\n2<br \/>\nM\u00fcller &#038; Schwarz) associam maior exposi\u00e7\u00e3o a conte\u00fado de \u00f3dio em plataformas a picos de<br \/>\ncrimes de \u00f3dio e ataques contra minorias, refor\u00e7ando que a circula\u00e7\u00e3o intensiva de<br \/>\nmensagens de exalta\u00e7\u00e3o\/hostilidade pode converter-se em a\u00e7\u00e3o violenta.<br \/>\nQuanto aos efeitos hist\u00f3ricos das ideologias aqui visadas, o nazismo conduziu ao<br \/>\nHolocausto, com o assassinato de cerca de 6 milh\u00f5es de judeus, entre outros crimes de<br \/>\nguerra e contra a humanidade, amplamente documentados pelo United States Holocaust<br \/>\nMemorial Museum. J\u00e1 experi\u00eancias comunistas de partido \u00fanico produziram, em diferentes<br \/>\npa\u00edses e per\u00edodos, mortes em massa e repress\u00e3o sistem\u00e1tica: a literatura especializada<br \/>\n(p.ex., The Black Book of Communism; Yang Jisheng sobre a Grande Fome chinesa; Anne<br \/>\nApplebaum sobre o Gulag) quantifica e descreve tais viola\u00e7\u00f5es em larga escala. O objetivo<br \/>\ndo PL n\u00e3o \u00e9 \u201cpunir ideias\u201d, mas coibir a exalta\u00e7\u00e3o militante de projetos pol\u00edtico-ideol\u00f3gicos<br \/>\n1<br \/>\n CAMBRIDGE UNIVERSITY, \u201cIdentity Propaganda\u201d, dispon\u00edvel em<br \/>\nhttps:\/\/www.cambridge.org\/core\/journals\/british-journal-of-political-science\/article\/identity-<br \/>\npropaganda\/58D24FEE9BD37B4F5C913C1C0592EBCF, acesso em 16\/09\/2025.<br \/>\n2<br \/>\nM\u00dcLER, SCHWARTZ, \u201cFanning the Flames of Hate: Social Media and Hate Crime\u201d, dispon\u00edvel em<br \/>\nhttps:\/\/www.researchgate.net\/publication\/346110180_Fanning_the_Flames_of_Hate_Social_Medi<br \/>\na_and_Hate_Crime, acesso em 16\/09\/2025.<br \/>\nPra\u00e7a dos Tr\u00eas Poderes &#8211; C\u00e2mara dos Deputados<br \/>\nAnexo IV, 7\u00ba andar, gabinete 744<br \/>\ndep.kimkatguiri@camara.leg.br<br \/>\nCEP 70160-900 &#8211; Bras\u00edlia-DF<br \/>\nPara verificar a assinatura, acesse https:\/\/infoleg-autenticidade-assinatura.camara.leg.br\/CD254661597700<br \/>\nAssinado eletronicamente pelo(a) Dep. Kim Kataguiri<br \/>\nApresenta\u00e7\u00e3o: 17\/09\/2025 17:40:27.427 &#8211; Mesa<br \/>\n*CD254661597700* PL n.4637\/2025<br \/>C\u00c2MARA DOS DEPUTADOS<br \/>\nGabinete do Deputado Federal KIM KATAGUIRI<br \/>\nintrinsecamente incompat\u00edveis com a democracia constitucional e que, historicamente,<br \/>\nderam causa a atrocidades.<br \/>\nDiversos ordenamentos criminalizam propaganda e uso de s\u00edmbolos de organiza\u00e7\u00f5es<br \/>\ntotalit\u00e1rias, com exce\u00e7\u00f5es para fins art\u00edsticos, jornal\u00edsticos, acad\u00eamicos ou informativos. A<br \/>\n3<br \/>\nAlemanha pune a dissemina\u00e7\u00e3o de propaganda (C\u00f3digo Penal Alem\u00e3o &#8211; StGB \u00a786 ) e o uso<br \/>\n4<br \/>\nde s\u00edmbolos de organiza\u00e7\u00f5es inconstitucionais (StGB \u00a786a ), mas exclui hip\u00f3teses<br \/>\nsocialmente adequadas (arte, ci\u00eancia, educa\u00e7\u00e3o, jornalismo, informa\u00e7\u00e3o hist\u00f3rica). A<br \/>\nconstitui\u00e7\u00e3o da Pol\u00f4nia pro\u00edbe partidso nazistas e comunistas em seu art. 13. Esses<br \/>\nmodelos inspiram a calibragem da presente proposta, com foco em<br \/>\napologia\/indu\u00e7\u00e3o\/incita\u00e7\u00e3o e finalidade de difus\u00e3o.<br \/>\n3<br \/>\n Em tradu\u00e7\u00e3o livre do alem\u00e3o: \u00a7 86  Distribui\u00e7\u00e3o de material de propaganda de organiza\u00e7\u00f5es<br \/>\ninconstitucionais e terroristas (1) Qualquer pessoa que utilize propaganda 1. um partido<br \/>\ndeclarado inconstitucional pelo Tribunal Constitucional Federal ou um partido ou associa\u00e7\u00e3o que<br \/>\ntenha sido irrevogavelmente estabelecido como uma organiza\u00e7\u00e3o substituta para tal partido, 2.<br \/>\numa associa\u00e7\u00e3o que esteja irrevogavelmente proibida por ser dirigida contra a ordem<br \/>\nconstitucional ou contra a ideia de entendimento internacional, ou que tenha sido<br \/>\nirrevogavelmente estabelecida como uma organiza\u00e7\u00e3o substituta para tal associa\u00e7\u00e3o proibida, 3.<br \/>\num governo, associa\u00e7\u00e3o ou institui\u00e7\u00e3o fora do \u00e2mbito territorial desta Lei, que atue para os fins<br \/>\nde uma das partes ou associa\u00e7\u00f5es referidas nos n\u00fameros 1 e 2, ou 4. que, segundo o seu<br \/>\nconte\u00fado, pretendem dar continuidade aos esfor\u00e7os de uma antiga organiza\u00e7\u00e3o nacional-<br \/>\nsocialista, difundida no pa\u00eds ou colocada \u00e0 disposi\u00e7\u00e3o do p\u00fablico ou produzida, armazenada,<br \/>\nimportada ou exportada para distribui\u00e7\u00e3o no pa\u00eds ou no exterior ser\u00e1 punida com pena de pris\u00e3o<br \/>\nat\u00e9 tr\u00eas anos ou multa. (2) Qualquer pessoa que divulgue material de propaganda no pa\u00eds ou o<br \/>\ndisponibilize ao p\u00fablico, ou produza, armazene, importe ou exporte material de propaganda de<br \/>\numa organiza\u00e7\u00e3o listada como pessoa jur\u00eddica, associa\u00e7\u00e3o ou entidade no anexo do Regulamento<br \/>\nde Execu\u00e7\u00e3o (UE) 2021\/138 do Conselho, de 5 de fevereiro de 2021, que d\u00e1 execu\u00e7\u00e3o ao artigo<br \/>\n2.\u00ba, n.\u00ba 3, do Regulamento (CE) n.\u00ba 2580\/2001 relativo a medidas restritivas espec\u00edficas dirigidas<br \/>\ncontra determinadas pessoas e entidades com vista a combater o terrorismo e que revoga o<br \/>\nRegulamento de Execu\u00e7\u00e3o (UE) 2020\/1128 (JO L 43 de 8.2.2021, p. 1), para distribui\u00e7\u00e3o no pa\u00eds<br \/>\nou no estrangeiro, ser\u00e1 punida da mesma forma. (3) Considera-se material de propaganda, na<br \/>\nacep\u00e7\u00e3o do par\u00e1grafo 1, apenas conte\u00fado (artigo 11, par\u00e1grafo 3) dirigido contra a ordem<br \/>\ndemocr\u00e1tica b\u00e1sica livre ou o princ\u00edpio do entendimento internacional. Considera-se material de<br \/>\npropaganda, na acep\u00e7\u00e3o do par\u00e1grafo 2, apenas conte\u00fado (artigo 11, par\u00e1grafo 3) dirigido contra<br \/>\na exist\u00eancia ou a seguran\u00e7a de um Estado ou de uma organiza\u00e7\u00e3o internacional, ou contra os<br \/>\nprinc\u00edpios constitucionais da Rep\u00fablica Federal da Alemanha. (4) Os par\u00e1grafos 1 e 2 n\u00e3o se<br \/>\naplicam se o ato servir aos prop\u00f3sitos de educa\u00e7\u00e3o c\u00edvica, defesa contra atividades<br \/>\ninconstitucionais, arte ou ci\u00eancia, pesquisa ou ensino, cobertura de eventos atuais ou hist\u00f3ricos<br \/>\nou prop\u00f3sitos semelhantes. (5) Se a culpa for menor, o tribunal pode abster-se de impor puni\u00e7\u00e3o<br \/>\nao abrigo desta disposi\u00e7\u00e3o.<br \/>\n4<br \/>\n Em tradu\u00e7\u00e3o livre do alem\u00e3o, \u00a7 86a  Uso de s\u00edmbolos de organiza\u00e7\u00f5es inconstitucionais e<br \/>\nterroristas<br \/>\n(1) Quem for punido com pena de pris\u00e3o at\u00e9 tr\u00eas anos ou com multa 1. difundir na Alemanha os<br \/>\ns\u00edmbolos de um dos partidos ou associa\u00e7\u00f5es referidos no artigo 86.\u00ba (1) n.\u00bas 1, 2 e 4 ou no<br \/>\nPra\u00e7a dos Tr\u00eas Poderes &#8211; C\u00e2mara dos Deputados<br \/>\nAnexo IV, 7\u00ba andar, gabinete 744<br \/>\ndep.kimkatguiri@camara.leg.br<br \/>\nCEP 70160-900 &#8211; Bras\u00edlia-DF<br \/>\nPara verificar a assinatura, acesse https:\/\/infoleg-autenticidade-assinatura.camara.leg.br\/CD254661597700<br \/>\nAssinado eletronicamente pelo(a) Dep. Kim Kataguiri<br \/>\nApresenta\u00e7\u00e3o: 17\/09\/2025 17:40:27.427 &#8211; Mesa<br \/>\n*CD254661597700* PL n.4637\/2025<br \/>C\u00c2MARA DOS DEPUTADOS<br \/>\nGabinete do Deputado Federal KIM KATAGUIRI<br \/>\nDesde 2021, os crimes contra o Estado Democr\u00e1tico de Direito (arts. 359-L a 359-T)<br \/>\nsubstitu\u00edram a antiga Lei de Seguran\u00e7a Nacional. Inserir a \u201cApologia a ideologias totalit\u00e1rias\u201d<br \/>\ne a \u201cAssocia\u00e7\u00e3o para imposi\u00e7\u00e3o de ideologia totalit\u00e1ria\u201d no mesmo T\u00edtulo d\u00e1 coer\u00eancia<br \/>\nsistem\u00e1tica e facilita aplica\u00e7\u00e3o conforme o art. 359-T, que resguarda cr\u00edticas aos poderes e<br \/>\natividade jornal\u00edstica \u2014 isto \u00e9, separa o debate pol\u00edtico da incita\u00e7\u00e3o \u00e0 ruptura da ordem<br \/>\ndemocr\u00e1tica.<br \/>\nA revoga\u00e7\u00e3o do \u00a71\u00ba do art. 20 da Lei 7.716\/1989 elimina sobreposi\u00e7\u00e3o indesejada<br \/>\ncom a lei de racismo e concentra, no CP, o tratamento institucional do problema (Estado<br \/>\nDemocr\u00e1tico), preservando a tutela do racismo no seu \u00e2mbito pr\u00f3prio.<br \/>\nPara evitar overbreadth e assegurar necessidade\/proporcionalidade, a aplica\u00e7\u00e3o dos<br \/>\nnovos tipos deve observar: (a) os crit\u00e9rios de Rabat (contexto, status do orador, inten\u00e7\u00e3o,<br \/>\nconte\u00fado\/forma, alcance, probabilidade de dano); (b) a distin\u00e7\u00e3o STF entre defesa de ideias<br \/>\ne incita\u00e7\u00e3o \u00e0 pr\u00e1tica criminosa; e (c) a leitura conjunta com o art. 359-T (manifesta\u00e7\u00f5es<br \/>\ncr\u00edticas e jornalismo n\u00e3o s\u00e3o crime). Na pr\u00e1xis comparada, como na Alemanha, admite-se<br \/>\numa cl\u00e1usula de adequa\u00e7\u00e3o social (arte, ci\u00eancia, ensino, reportagem e informa\u00e7\u00e3o hist\u00f3rica),<br \/>\nque serve de baliza hermen\u00eautica mesmo quando n\u00e3o explicitada em detalhe no tipo.<br \/>\nTais par\u00e2metros preservam o debate acad\u00eamico e jornal\u00edstico e direcionam a<br \/>\npersecu\u00e7\u00e3o penal ao n\u00facleo efetivamente perigoso: apologia\/indu\u00e7\u00e3o\/incita\u00e7\u00e3o \u00e0 imposi\u00e7\u00e3o<br \/>\nde ideologia totalit\u00e1ria, inclusive por s\u00edmbolos e propaganda destinados \u00e0 difus\u00e3o e<br \/>\nmobiliza\u00e7\u00e3o.<br \/>\nA centraliza\u00e7\u00e3o da mat\u00e9ria no C\u00f3digo Penal e a tipifica\u00e7\u00e3o espec\u00edfica reduzem<br \/>\nambiguidades, facilitam a persecu\u00e7\u00e3o em face de condutas de difus\u00e3o organizada (eventos,<br \/>\nredes, material audiovisual) e desarticulam a mobiliza\u00e7\u00e3o extremista antes que transborde<br \/>\nem viol\u00eancia, como sugerem os estudos emp\u00edricos sobre propaganda e crimes de \u00f3dio. N\u00e3o<br \/>\nh\u00e1 impacto or\u00e7ament\u00e1rio relevante al\u00e9m do ordin\u00e1rio de policiamento e Minist\u00e9rio P\u00fablico; do<br \/>\nponto de vista de preven\u00e7\u00e3o, a sinaliza\u00e7\u00e3o normativa pode desincentivar a circula\u00e7\u00e3o p\u00fablica<br \/>\nde material de exalta\u00e7\u00e3o totalit\u00e1ria, especialmente em ambientes digitais de alta escala.<br \/>\npar\u00e1grafo 2 ou utiliz\u00e1-los publicamente, numa reuni\u00e3o ou em conte\u00fados por si divulgados (artigo<br \/>\n11.\u00ba (3)) ou 2. produz, mant\u00e9m em estoque, importa ou exporta conte\u00fado (Se\u00e7\u00e3o 11(3)) que<br \/>\nrepresenta ou cont\u00e9m tal marca para distribui\u00e7\u00e3o ou uso na Alemanha ou no exterior da maneira<br \/>\nreferida no n\u00famero 1. (2) Os s\u00edmbolos distintivos, na acep\u00e7\u00e3o do par\u00e1grafo 1, incluem, em<br \/>\nparticular, bandeiras, distintivos, itens de uniforme, slogans e formas de sauda\u00e7\u00e3o. Os s\u00edmbolos<br \/>\ndistintivos a que se refere a primeira frase ser\u00e3o considerados equivalentes \u00e0queles que lhes<br \/>\nsejam confusamente semelhantes. (3) Os n.os 4 e 5 do artigo 86.\u00ba s\u00e3o aplic\u00e1veis em<br \/>\nconformidade.<br \/>\nPra\u00e7a dos Tr\u00eas Poderes &#8211; C\u00e2mara dos Deputados<br \/>\nAnexo IV, 7\u00ba andar, gabinete 744<br \/>\ndep.kimkatguiri@camara.leg.br<br \/>\nCEP 70160-900 &#8211; Bras\u00edlia-DF<br \/>\nPara verificar a assinatura, acesse https:\/\/infoleg-autenticidade-assinatura.camara.leg.br\/CD254661597700<br \/>\nAssinado eletronicamente pelo(a) Dep. Kim Kataguiri<br \/>\nApresenta\u00e7\u00e3o: 17\/09\/2025 17:40:27.427 &#8211; Mesa<br \/>\n*CD254661597700* PL n.4637\/2025<br \/>C\u00c2MARA DOS DEPUTADOS<br \/>\nGabinete do Deputado Federal KIM KATAGUIRI<br \/>\nSala das sess\u00f5es,      de            de 2025.<br \/>\nKim Kataguiri<br \/>\nUNI\u00c3O &#8211; SP<br \/>\nPra\u00e7a dos Tr\u00eas Poderes &#8211; C\u00e2mara dos Deputados<br \/>\nAnexo IV, 7\u00ba andar, gabinete 744<br \/>\ndep.kimkatguiri@camara.leg.br<br \/>\nCEP 70160-900 &#8211; Bras\u00edlia-DF<br \/>\nPara verificar a assinatura, acesse https:\/\/infoleg-autenticidade-assinatura.camara.leg.br\/CD254661597700<br \/>\nAssinado eletronicamente pelo(a) Dep. Kim Kataguiri<br \/>\nApresenta\u00e7\u00e3o: 17\/09\/2025 17:40:27.427 &#8211; Mesa<br \/>\n*CD254661597700* PL n.4637\/2025<\/article>\n<p><a href='https:\/\/app.legislapp.com.br\/#\/busca?termo=Altera\u00e7\u00e3o'>Altera\u00e7\u00e3o<\/a>, <a href='https:\/\/app.legislapp.com.br\/#\/busca?termo=C\u00f3digo Penal (1940)'>C\u00f3digo Penal (1940)<\/a>, <a href='https:\/\/app.legislapp.com.br\/#\/busca?termo=Crime contra o Estado Democr\u00e1tico de Direito'>Crime contra o Estado Democr\u00e1tico de Direito<\/a>, <a href='https:\/\/app.legislapp.com.br\/#\/busca?termo=tipifica\u00e7\u00e3o de conduta'>tipifica\u00e7\u00e3o de conduta<\/a>, <a href='https:\/\/app.legislapp.com.br\/#\/busca?termo=apologia'>apologia<\/a>, <a href='https:\/\/app.legislapp.com.br\/#\/busca?termo=nazismo'>nazismo<\/a>, <a href='https:\/\/app.legislapp.com.br\/#\/busca?termo=comunismo'>comunismo<\/a>, <a href='https:\/\/app.legislapp.com.br\/#\/busca?termo=imposi\u00e7\u00e3o'>imposi\u00e7\u00e3o<\/a>, <a href='https:\/\/app.legislapp.com.br\/#\/busca?termo=Ideologia pol\u00edtica'>Ideologia pol\u00edtica<\/a>, <a href='https:\/\/app.legislapp.com.br\/#\/busca?termo=Totalitarismo'>Totalitarismo<\/a>, <a href='https:\/\/app.legislapp.com.br\/#\/busca?termo=crit\u00e9rio'>crit\u00e9rio<\/a>, <a href='https:\/\/app.legislapp.com.br\/#\/busca?termo=penalidade. _Altera\u00e7\u00e3o'>penalidade. _Altera\u00e7\u00e3o<\/a>, <a href='https:\/\/app.legislapp.com.br\/#\/busca?termo=Lei Ca\u00f3 (1989)'>Lei Ca\u00f3 (1989)<\/a>, <a href='https:\/\/app.legislapp.com.br\/#\/busca?termo=revoga\u00e7\u00e3o'>revoga\u00e7\u00e3o<\/a>, <a href='https:\/\/app.legislapp.com.br\/#\/busca?termo=dispositivo legal'>dispositivo legal<\/a>, <a href='https:\/\/app.legislapp.com.br\/#\/busca?termo=fabrica\u00e7\u00e3o'>fabrica\u00e7\u00e3o<\/a>, <a href='https:\/\/app.legislapp.com.br\/#\/busca?termo=comercializa\u00e7\u00e3o'>comercializa\u00e7\u00e3o<\/a>, <a href='https:\/\/app.legislapp.com.br\/#\/busca?termo=distribui\u00e7\u00e3o'>distribui\u00e7\u00e3o<\/a>, <a href='https:\/\/app.legislapp.com.br\/#\/busca?termo=veicula\u00e7\u00e3o'>veicula\u00e7\u00e3o<\/a>, <a href='https:\/\/app.legislapp.com.br\/#\/busca?termo=s\u00edmbolo'>s\u00edmbolo<\/a>, <a href='https:\/\/app.legislapp.com.br\/#\/busca?termo=propaganda'>propaganda<\/a>, <a href='https:\/\/app.legislapp.com.br\/#\/busca?termo=cruz su\u00e1stica'>cruz su\u00e1stica<\/a>, <a href='https:\/\/app.legislapp.com.br\/#\/busca?termo=divulga\u00e7\u00e3o'>divulga\u00e7\u00e3o<\/a>, <a href='https:\/\/app.legislapp.com.br\/#\/busca?termo=nazismo.'>nazismo.<\/a><\/p>\n<div style=\"text-align: center\">\n      <img decoding=\"async\" style=\"width: 14%;\" src=\"https:\/\/www.legislapp.com.br\/wp-content\/uploads\/2021\/07\/Logo-Legislapp-1-03-1.png\"><br \/>\n      <\/p>\n<div style=\"margin-bottom: 20px;\" class=\"et_pb_button_module_wrapper et_pb_button_5_tb_body_wrapper et_pb_button_alignment_center et_pb_module \">\n         <a class=\"et_pb_button et_pb_button_5_tb_body et_hover_enabled et_pb_bg_layout_dark\" style=\"width: 50%;background-color: black;\" href=\"https:\/\/app.legislapp.com.br\" target=\"_blank\" rel=\"noopener\">Visualizar completo na nossa plataforma (30 dias gr\u00e1tis)<\/a><\/p><\/div>\n<p>      <a href=\"https:\/\/play.google.com\/store\/apps\/details?id=br.com.legislapp\"><img decoding=\"async\" style=\"width: 15%; min-width: 130px;\" src=\"https:\/\/www.legislapp.com.br\/wp-content\/uploads\/google-play.png\"><\/a><br \/>\n      <a href=\"https:\/\/apps.apple.com\/us\/app\/legislapp\/id1568929859\"><img decoding=\"async\" style=\"width: 15%; min-width: 130px\" src=\"https:\/\/www.legislapp.com.br\/wp-content\/uploads\/apple-store.png\"><\/a>\n   <\/div>\n","protected":false},"excerpt":{"rendered":"<p>Avulso Inicial &#8211; Autoria de Kim Kataguiri C\u00c2MARA DOS DEPUTADOS Gabinete do Deputado Federal KIM KATAGUIRI PROJETO DE LEI n\u00ba DE 2025 (Do Sr. Kim Kataguiri) Revoga o \u00a71\u00ba do art. 20 da Lei n\u00ba 7.716, de 5 de janeiro de 1989, e acrescenta ao Decreto-Lei n\u00ba 2.848, de 7 de dezembro de 1940, o [&hellip;]<\/p>\n","protected":false},"author":1,"featured_media":0,"parent":0,"menu_order":0,"comment_status":"closed","ping_status":"closed","template":"page-template-blank.php","meta":{"_et_pb_use_builder":"","_et_pb_old_content":"","_et_gb_content_width":"1080","ngg_post_thumbnail":0,"footnotes":""},"class_list":["post-10136","page","type-page","status-publish","hentry"],"yoast_head":"<!-- This site is optimized with the Yoast SEO plugin v24.4 - https:\/\/yoast.com\/wordpress\/plugins\/seo\/ -->\n<title>Avulso Inicial - PL 4637\/2025 - C\u00e2mara - Legislapp<\/title>\n<meta name=\"robots\" content=\"index, follow, max-snippet:-1, max-image-preview:large, max-video-preview:-1\" \/>\n<link rel=\"canonical\" href=\"https:\/\/www.legislapp.com.br\/index.php\/avulso-inicial-pl-4637-2025-camara\/\" \/>\n<meta property=\"og:locale\" content=\"pt_BR\" \/>\n<meta property=\"og:type\" content=\"article\" \/>\n<meta property=\"og:title\" content=\"Avulso Inicial - PL 4637\/2025 - C\u00e2mara - Legislapp\" \/>\n<meta property=\"og:description\" content=\"Avulso Inicial &#8211; Autoria de Kim Kataguiri C\u00c2MARA DOS DEPUTADOS Gabinete do Deputado Federal KIM KATAGUIRI PROJETO DE LEI n\u00ba DE 2025 (Do Sr. Kim Kataguiri) Revoga o \u00a71\u00ba do art. 20 da Lei n\u00ba 7.716, de 5 de janeiro de 1989, e acrescenta ao Decreto-Lei n\u00ba 2.848, de 7 de dezembro de 1940, o [&hellip;]\" \/>\n<meta property=\"og:url\" content=\"https:\/\/www.legislapp.com.br\/index.php\/avulso-inicial-pl-4637-2025-camara\/\" \/>\n<meta property=\"og:site_name\" content=\"Legislapp\" \/>\n<meta property=\"article:publisher\" content=\"https:\/\/www.instagram.com\/legislapp\/\" \/>\n<meta property=\"og:image\" content=\"https:\/\/www.legislapp.com.br\/wp-content\/uploads\/2021\/07\/Logo-Legislapp-1-03-1.png\" \/>\n<meta name=\"twitter:card\" content=\"summary_large_image\" \/>\n<meta name=\"twitter:label1\" content=\"Est. tempo de leitura\" \/>\n\t<meta name=\"twitter:data1\" content=\"14 minutos\" \/>\n<script type=\"application\/ld+json\" class=\"yoast-schema-graph\">{\"@context\":\"https:\/\/schema.org\",\"@graph\":[{\"@type\":\"WebPage\",\"@id\":\"https:\/\/www.legislapp.com.br\/index.php\/avulso-inicial-pl-4637-2025-camara\/\",\"url\":\"https:\/\/www.legislapp.com.br\/index.php\/avulso-inicial-pl-4637-2025-camara\/\",\"name\":\"Avulso Inicial - PL 4637\/2025 - C\u00e2mara - Legislapp\",\"isPartOf\":{\"@id\":\"https:\/\/www.legislapp.com.br\/#website\"},\"primaryImageOfPage\":{\"@id\":\"https:\/\/www.legislapp.com.br\/index.php\/avulso-inicial-pl-4637-2025-camara\/#primaryimage\"},\"image\":{\"@id\":\"https:\/\/www.legislapp.com.br\/index.php\/avulso-inicial-pl-4637-2025-camara\/#primaryimage\"},\"thumbnailUrl\":\"https:\/\/www.legislapp.com.br\/wp-content\/uploads\/2021\/07\/Logo-Legislapp-1-03-1.png\",\"datePublished\":\"2025-12-01T14:02:24+00:00\",\"breadcrumb\":{\"@id\":\"https:\/\/www.legislapp.com.br\/index.php\/avulso-inicial-pl-4637-2025-camara\/#breadcrumb\"},\"inLanguage\":\"pt-BR\",\"potentialAction\":[{\"@type\":\"ReadAction\",\"target\":[\"https:\/\/www.legislapp.com.br\/index.php\/avulso-inicial-pl-4637-2025-camara\/\"]}]},{\"@type\":\"ImageObject\",\"inLanguage\":\"pt-BR\",\"@id\":\"https:\/\/www.legislapp.com.br\/index.php\/avulso-inicial-pl-4637-2025-camara\/#primaryimage\",\"url\":\"https:\/\/www.legislapp.com.br\/wp-content\/uploads\/2021\/07\/Logo-Legislapp-1-03-1.png\",\"contentUrl\":\"https:\/\/www.legislapp.com.br\/wp-content\/uploads\/2021\/07\/Logo-Legislapp-1-03-1.png\",\"width\":2679,\"height\":2697},{\"@type\":\"BreadcrumbList\",\"@id\":\"https:\/\/www.legislapp.com.br\/index.php\/avulso-inicial-pl-4637-2025-camara\/#breadcrumb\",\"itemListElement\":[{\"@type\":\"ListItem\",\"position\":1,\"name\":\"In\u00edcio\",\"item\":\"https:\/\/www.legislapp.com.br\/\"},{\"@type\":\"ListItem\",\"position\":2,\"name\":\"Avulso Inicial &#8211; PL 4637\/2025 &#8211; C\u00e2mara\"}]},{\"@type\":\"WebSite\",\"@id\":\"https:\/\/www.legislapp.com.br\/#website\",\"url\":\"https:\/\/www.legislapp.com.br\/\",\"name\":\"Legislapp\",\"description\":\"Intelig\u00eancia governamental em tempo real\",\"publisher\":{\"@id\":\"https:\/\/www.legislapp.com.br\/#organization\"},\"potentialAction\":[{\"@type\":\"SearchAction\",\"target\":{\"@type\":\"EntryPoint\",\"urlTemplate\":\"https:\/\/www.legislapp.com.br\/?s={search_term_string}\"},\"query-input\":{\"@type\":\"PropertyValueSpecification\",\"valueRequired\":true,\"valueName\":\"search_term_string\"}}],\"inLanguage\":\"pt-BR\"},{\"@type\":\"Organization\",\"@id\":\"https:\/\/www.legislapp.com.br\/#organization\",\"name\":\"Legislapp Monitoramento e Intelig\u00eancia Governamental\",\"url\":\"https:\/\/www.legislapp.com.br\/\",\"logo\":{\"@type\":\"ImageObject\",\"inLanguage\":\"pt-BR\",\"@id\":\"https:\/\/www.legislapp.com.br\/#\/schema\/logo\/image\/\",\"url\":\"https:\/\/www.legislapp.com.br\/wp-content\/uploads\/icon.png\",\"contentUrl\":\"https:\/\/www.legislapp.com.br\/wp-content\/uploads\/icon.png\",\"width\":1024,\"height\":1024,\"caption\":\"Legislapp Monitoramento e Intelig\u00eancia Governamental\"},\"image\":{\"@id\":\"https:\/\/www.legislapp.com.br\/#\/schema\/logo\/image\/\"},\"sameAs\":[\"https:\/\/www.instagram.com\/legislapp\/\"]}]}<\/script>\n<!-- \/ Yoast SEO plugin. -->","yoast_head_json":{"title":"Avulso Inicial - PL 4637\/2025 - C\u00e2mara - Legislapp","robots":{"index":"index","follow":"follow","max-snippet":"max-snippet:-1","max-image-preview":"max-image-preview:large","max-video-preview":"max-video-preview:-1"},"canonical":"https:\/\/www.legislapp.com.br\/index.php\/avulso-inicial-pl-4637-2025-camara\/","og_locale":"pt_BR","og_type":"article","og_title":"Avulso Inicial - PL 4637\/2025 - C\u00e2mara - Legislapp","og_description":"Avulso Inicial &#8211; Autoria de Kim Kataguiri C\u00c2MARA DOS DEPUTADOS Gabinete do Deputado Federal KIM KATAGUIRI PROJETO DE LEI n\u00ba DE 2025 (Do Sr. Kim Kataguiri) Revoga o \u00a71\u00ba do art. 20 da Lei n\u00ba 7.716, de 5 de janeiro de 1989, e acrescenta ao Decreto-Lei n\u00ba 2.848, de 7 de dezembro de 1940, o [&hellip;]","og_url":"https:\/\/www.legislapp.com.br\/index.php\/avulso-inicial-pl-4637-2025-camara\/","og_site_name":"Legislapp","article_publisher":"https:\/\/www.instagram.com\/legislapp\/","og_image":[{"url":"https:\/\/www.legislapp.com.br\/wp-content\/uploads\/2021\/07\/Logo-Legislapp-1-03-1.png","type":"","width":"","height":""}],"twitter_card":"summary_large_image","twitter_misc":{"Est. tempo de leitura":"14 minutos"},"schema":{"@context":"https:\/\/schema.org","@graph":[{"@type":"WebPage","@id":"https:\/\/www.legislapp.com.br\/index.php\/avulso-inicial-pl-4637-2025-camara\/","url":"https:\/\/www.legislapp.com.br\/index.php\/avulso-inicial-pl-4637-2025-camara\/","name":"Avulso Inicial - PL 4637\/2025 - C\u00e2mara - Legislapp","isPartOf":{"@id":"https:\/\/www.legislapp.com.br\/#website"},"primaryImageOfPage":{"@id":"https:\/\/www.legislapp.com.br\/index.php\/avulso-inicial-pl-4637-2025-camara\/#primaryimage"},"image":{"@id":"https:\/\/www.legislapp.com.br\/index.php\/avulso-inicial-pl-4637-2025-camara\/#primaryimage"},"thumbnailUrl":"https:\/\/www.legislapp.com.br\/wp-content\/uploads\/2021\/07\/Logo-Legislapp-1-03-1.png","datePublished":"2025-12-01T14:02:24+00:00","breadcrumb":{"@id":"https:\/\/www.legislapp.com.br\/index.php\/avulso-inicial-pl-4637-2025-camara\/#breadcrumb"},"inLanguage":"pt-BR","potentialAction":[{"@type":"ReadAction","target":["https:\/\/www.legislapp.com.br\/index.php\/avulso-inicial-pl-4637-2025-camara\/"]}]},{"@type":"ImageObject","inLanguage":"pt-BR","@id":"https:\/\/www.legislapp.com.br\/index.php\/avulso-inicial-pl-4637-2025-camara\/#primaryimage","url":"https:\/\/www.legislapp.com.br\/wp-content\/uploads\/2021\/07\/Logo-Legislapp-1-03-1.png","contentUrl":"https:\/\/www.legislapp.com.br\/wp-content\/uploads\/2021\/07\/Logo-Legislapp-1-03-1.png","width":2679,"height":2697},{"@type":"BreadcrumbList","@id":"https:\/\/www.legislapp.com.br\/index.php\/avulso-inicial-pl-4637-2025-camara\/#breadcrumb","itemListElement":[{"@type":"ListItem","position":1,"name":"In\u00edcio","item":"https:\/\/www.legislapp.com.br\/"},{"@type":"ListItem","position":2,"name":"Avulso Inicial &#8211; PL 4637\/2025 &#8211; C\u00e2mara"}]},{"@type":"WebSite","@id":"https:\/\/www.legislapp.com.br\/#website","url":"https:\/\/www.legislapp.com.br\/","name":"Legislapp","description":"Intelig\u00eancia governamental em tempo real","publisher":{"@id":"https:\/\/www.legislapp.com.br\/#organization"},"potentialAction":[{"@type":"SearchAction","target":{"@type":"EntryPoint","urlTemplate":"https:\/\/www.legislapp.com.br\/?s={search_term_string}"},"query-input":{"@type":"PropertyValueSpecification","valueRequired":true,"valueName":"search_term_string"}}],"inLanguage":"pt-BR"},{"@type":"Organization","@id":"https:\/\/www.legislapp.com.br\/#organization","name":"Legislapp Monitoramento e Intelig\u00eancia Governamental","url":"https:\/\/www.legislapp.com.br\/","logo":{"@type":"ImageObject","inLanguage":"pt-BR","@id":"https:\/\/www.legislapp.com.br\/#\/schema\/logo\/image\/","url":"https:\/\/www.legislapp.com.br\/wp-content\/uploads\/icon.png","contentUrl":"https:\/\/www.legislapp.com.br\/wp-content\/uploads\/icon.png","width":1024,"height":1024,"caption":"Legislapp Monitoramento e Intelig\u00eancia Governamental"},"image":{"@id":"https:\/\/www.legislapp.com.br\/#\/schema\/logo\/image\/"},"sameAs":["https:\/\/www.instagram.com\/legislapp\/"]}]}},"_links":{"self":[{"href":"https:\/\/www.legislapp.com.br\/index.php\/wp-json\/wp\/v2\/pages\/10136","targetHints":{"allow":["GET"]}}],"collection":[{"href":"https:\/\/www.legislapp.com.br\/index.php\/wp-json\/wp\/v2\/pages"}],"about":[{"href":"https:\/\/www.legislapp.com.br\/index.php\/wp-json\/wp\/v2\/types\/page"}],"author":[{"embeddable":true,"href":"https:\/\/www.legislapp.com.br\/index.php\/wp-json\/wp\/v2\/users\/1"}],"replies":[{"embeddable":true,"href":"https:\/\/www.legislapp.com.br\/index.php\/wp-json\/wp\/v2\/comments?post=10136"}],"version-history":[{"count":0,"href":"https:\/\/www.legislapp.com.br\/index.php\/wp-json\/wp\/v2\/pages\/10136\/revisions"}],"wp:attachment":[{"href":"https:\/\/www.legislapp.com.br\/index.php\/wp-json\/wp\/v2\/media?parent=10136"}],"curies":[{"name":"wp","href":"https:\/\/api.w.org\/{rel}","templated":true}]}}