{"id":10213,"date":"2025-12-01T11:06:10","date_gmt":"2025-12-01T14:06:10","guid":{"rendered":"https:\/\/www.legislapp.com.br\/index.php\/avulso-inicial-pl-294-2025-camara\/"},"modified":"2025-12-01T11:06:10","modified_gmt":"2025-12-01T14:06:10","slug":"avulso-inicial-pl-294-2025-camara","status":"publish","type":"page","link":"https:\/\/www.legislapp.com.br\/index.php\/avulso-inicial-pl-294-2025-camara\/","title":{"rendered":"Avulso Inicial &#8211; PL 294\/2025 &#8211; C\u00e2mara"},"content":{"rendered":"<h1 style='text-align: center;'>Avulso Inicial &#8211; Autoria de Pezenti<\/h3>\n<p><\/p>\n<article> PROJETO DE LEI N\u00ba          , DE 2025<br \/>\n(Do Sr. PEZENTI)<br \/>\nInstitui o Programa Nacional de Apoio<br \/>\n\u00e0s Pessoas com Esclerose M\u00faltipla<br \/>\n(PNAEM).<br \/>\nO Congresso Nacional decreta:<br \/>\nArt. 1\u00ba Esta Lei institui o Programa Nacional de Apoio \u00e0s<br \/>\nPessoas com Esclerose M\u00faltipla (PNAEM).<br \/>\nArt. 2\u00ba Fica institu\u00eddo o Programa Nacional de Apoio \u00e0s<br \/>\nPessoas com Esclerose M\u00faltipla (PNAEM), com o objetivo de proporcionar<br \/>\nassist\u00eancia integral, apoio e acesso a direitos para pacientes diagnosticados<br \/>\ncom esclerose m\u00faltipla em todo o territ\u00f3rio nacional.<br \/>\nArt. 3\u00ba S\u00e3o objetivos do PNAEM:<br \/>\nI &#8211; garantir acesso a tratamentos m\u00e9dicos especializados,<br \/>\nincluindo medicamentos, terapias e reabilita\u00e7\u00e3o para o controle da esclerose<br \/>\nm\u00faltipla;<br \/>\nII &#8211; disponibilizar suporte psicol\u00f3gico e acompanhamento<br \/>\nemocional \u00e0s pessoas com esclerose m\u00faltipla e seus familiares;<br \/>\nIII &#8211; incentivar a pesquisa cient\u00edfica para o desenvolvimento de<br \/>\nnovas terapias e tratamentos voltados \u00e0 esclerose m\u00faltipla;<br \/>\nIV &#8211; promover a\u00e7\u00f5es de conscientiza\u00e7\u00e3o e educa\u00e7\u00e3o p\u00fablica<br \/>\nsobre a esclerose m\u00faltipla e seus impactos na vida dos pacientes;<br \/>\nV &#8211; promover a capacita\u00e7\u00e3o de profissionais de sa\u00fade,<br \/>\nespecialmente da aten\u00e7\u00e3o prim\u00e1ria, a respeito dos crit\u00e9rios para diagn\u00f3stico da<br \/>\nesclerose m\u00faltipla.<br \/>\nArt. 4\u00ba O art. 2\u00ba da Lei n\u00ba 13.146, de 6 de julho de 2015, passa<br \/>\na vigorar acrescido do seguinte \u00a74\u00ba:<br \/>\nPara verificar a assinatura, acesse https:\/\/infoleg-autenticidade-assinatura.camara.leg.br\/CD259791770100<br \/>\nAssinado eletronicamente pelo(a) Dep. Pezenti<br \/>\nApresenta\u00e7\u00e3o: 05\/02\/2025 17:27:25.427 &#8211; Mesa<br \/>\n*CD259791770100* PL n.294\/2025<br \/>2<br \/>\n\u201cArt. 2\u00ba &#8230;&#8230;&#8230;&#8230;&#8230;&#8230;&#8230;&#8230;&#8230;&#8230;&#8230;&#8230;&#8230;&#8230;&#8230;&#8230;&#8230;&#8230;&#8230;&#8230;&#8230;&#8230;&#8230;&#8230;&#8230;.<br \/>\n&#8230;&#8230;&#8230;&#8230;&#8230;&#8230;&#8230;&#8230;&#8230;&#8230;&#8230;&#8230;&#8230;&#8230;&#8230;&#8230;&#8230;&#8230;&#8230;&#8230;&#8230;&#8230;&#8230;&#8230;&#8230;&#8230;&#8230;&#8230;&#8230;.<br \/>\n\u00a74\u00ba As pessoas com esclerose m\u00faltipla s\u00e3o consideradas<br \/>\npessoas com defici\u00eancia, se atendidos os requisitos do caput\u201d.<br \/>\n(NR)<br \/>\nArt. 5\u00ba Esta Lei entra em vigor ap\u00f3s decorridos cento e vinte<br \/>\ndias de sua publica\u00e7\u00e3o oficial.<br \/>\nJUSTIFICA\u00c7\u00c3O<br \/>\nA esclerose m\u00faltipla \u00e9 uma condi\u00e7\u00e3o cr\u00f4nica, progressiva e<br \/>\nautoimune que afeta o sistema nervoso central, resultando em uma variedade<br \/>\nde sintomas limitantes. Estima-se que milh\u00f5es de pessoas em todo o mundo<br \/>\nconvivam com essa doen\u00e7a, sendo ela frequentemente diagnosticada em<br \/>\nadultos jovens, entre 20 e 40 anos, afetando significativamente suas vidas<br \/>\nprodutivas e sociais.  Embora os avan\u00e7os na medicina tenham trazido melhores<br \/>\nop\u00e7\u00f5es terap\u00eauticas, o impacto da esclerose m\u00faltipla vai al\u00e9m da sa\u00fade,<br \/>\nexigindo suporte abrangente em diversos aspectos da vida, como<br \/>\nempregabilidade, mobilidade e acesso \u00e0 educa\u00e7\u00e3o.<br \/>\nNo Brasil, as dificuldades enfrentadas por pessoas com<br \/>\nesclerose m\u00faltipla s\u00e3o agravadas pela falta de pol\u00edticas p\u00fablicas espec\u00edficas e<br \/>\npela limita\u00e7\u00e3o no reconhecimento da condi\u00e7\u00e3o como uma defici\u00eancia. Essa<br \/>\nlacuna deixa muitos pacientes desamparados, especialmente em rela\u00e7\u00e3o \u00e0<br \/>\ninclus\u00e3o social e \u00e0 obten\u00e7\u00e3o de benef\u00edcios que poderiam atenuar os efeitos<br \/>\nsocioecon\u00f4micos da doen\u00e7a. Isso contribui para perpetuar desigualdades e<br \/>\nbarreiras.<br \/>\nEste Projeto de Lei pretende instituir o Programa Nacional de<br \/>\nApoio \u00e0s Pessoas com Esclerose M\u00faltipla (PNAEM), que visa oferecer suporte<br \/>\nmultidimensional a esses pacientes, incluindo acesso a tratamentos,<br \/>\nreabilita\u00e7\u00e3o e programas de sa\u00fade e educa\u00e7\u00e3o social. A altera\u00e7\u00e3o na Lei n\u00ba<br \/>\n13.146, de 2015, trar\u00e1 maior seguran\u00e7a jur\u00eddica para os pacientes,<br \/>\nassegurando-lhes os direitos garantidos \u00e0s pessoas com defici\u00eancia, como<br \/>\nPara verificar a assinatura, acesse https:\/\/infoleg-autenticidade-assinatura.camara.leg.br\/CD259791770100<br \/>\nAssinado eletronicamente pelo(a) Dep. Pezenti<br \/>\nApresenta\u00e7\u00e3o: 05\/02\/2025 17:27:25.427 &#8211; Mesa<br \/>\n*CD259791770100* PL n.294\/2025<br \/>3<br \/>\nprioridade em servi\u00e7os p\u00fablicos e oportunidades de inser\u00e7\u00e3o no mercado de<br \/>\ntrabalho.<br \/>\nA aprova\u00e7\u00e3o desta proposi\u00e7\u00e3o permitir\u00e1 que milhares de<br \/>\nbrasileiros diagnosticados com esclerose m\u00faltipla tenham maior acesso aos<br \/>\nseus direitos e possam conduzir suas vidas com mais dignidade e autonomia.<br \/>\nAdemais, a formaliza\u00e7\u00e3o de um programa espec\u00edfico tamb\u00e9m incentivaria a<br \/>\nrealiza\u00e7\u00e3o de campanhas educativas e o fortalecimento de a\u00e7\u00f5es preventivas,<br \/>\ncontribuindo para uma melhor compreens\u00e3o da doen\u00e7a pela sociedade e para<br \/>\na redu\u00e7\u00e3o do estigma enfrentado pelos pacientes.<br \/>\nPelo exposto, pedimos o apoio dos nobres colegas<br \/>\nparlamentares para a aprova\u00e7\u00e3o desta proposi\u00e7\u00e3o.<br \/>\nSala das Sess\u00f5es, em 05 de fevereiro de 2025.<br \/>\nPEZENTI<br \/>\nDeputado Federal<br \/>\nPara verificar a assinatura, acesse https:\/\/infoleg-autenticidade-assinatura.camara.leg.br\/CD259791770100<br \/>\nAssinado eletronicamente pelo(a) Dep. Pezenti<br \/>\nApresenta\u00e7\u00e3o: 05\/02\/2025 17:27:25.427 &#8211; Mesa<br \/>\n*CD259791770100* PL n.294\/2025<\/article>\n<p><a href='https:\/\/app.legislapp.com.br\/#\/busca?termo='><\/a><\/p>\n<div style=\"text-align: center\">\n      <img decoding=\"async\" style=\"width: 14%;\" src=\"https:\/\/www.legislapp.com.br\/wp-content\/uploads\/2021\/07\/Logo-Legislapp-1-03-1.png\"><br \/>\n      <\/p>\n<div style=\"margin-bottom: 20px;\" class=\"et_pb_button_module_wrapper et_pb_button_5_tb_body_wrapper et_pb_button_alignment_center et_pb_module \">\n         <a class=\"et_pb_button et_pb_button_5_tb_body et_hover_enabled et_pb_bg_layout_dark\" style=\"width: 50%;background-color: black;\" href=\"https:\/\/app.legislapp.com.br\" target=\"_blank\" rel=\"noopener\">Visualizar completo na nossa plataforma (30 dias gr\u00e1tis)<\/a><\/p><\/div>\n<p>      <a href=\"https:\/\/play.google.com\/store\/apps\/details?id=br.com.legislapp\"><img decoding=\"async\" style=\"width: 15%; min-width: 130px;\" src=\"https:\/\/www.legislapp.com.br\/wp-content\/uploads\/google-play.png\"><\/a><br \/>\n      <a href=\"https:\/\/apps.apple.com\/us\/app\/legislapp\/id1568929859\"><img decoding=\"async\" style=\"width: 15%; min-width: 130px\" src=\"https:\/\/www.legislapp.com.br\/wp-content\/uploads\/apple-store.png\"><\/a>\n   <\/div>\n","protected":false},"excerpt":{"rendered":"<p>Avulso Inicial &#8211; Autoria de Pezenti PROJETO DE LEI N\u00ba , DE 2025 (Do Sr. PEZENTI) Institui o Programa Nacional de Apoio \u00e0s Pessoas com Esclerose M\u00faltipla (PNAEM). O Congresso Nacional decreta: Art. 1\u00ba Esta Lei institui o Programa Nacional de Apoio \u00e0s Pessoas com Esclerose M\u00faltipla (PNAEM). Art. 2\u00ba Fica institu\u00eddo o Programa Nacional [&hellip;]<\/p>\n","protected":false},"author":1,"featured_media":0,"parent":0,"menu_order":0,"comment_status":"closed","ping_status":"closed","template":"page-template-blank.php","meta":{"_et_pb_use_builder":"","_et_pb_old_content":"","_et_gb_content_width":"1080","ngg_post_thumbnail":0,"footnotes":""},"class_list":["post-10213","page","type-page","status-publish","hentry"],"yoast_head":"<!-- This site is optimized with the Yoast SEO plugin v24.4 - https:\/\/yoast.com\/wordpress\/plugins\/seo\/ -->\n<title>Avulso Inicial - PL 294\/2025 - C\u00e2mara - Legislapp<\/title>\n<meta name=\"robots\" content=\"index, follow, max-snippet:-1, max-image-preview:large, max-video-preview:-1\" \/>\n<link rel=\"canonical\" href=\"https:\/\/www.legislapp.com.br\/index.php\/avulso-inicial-pl-294-2025-camara\/\" \/>\n<meta property=\"og:locale\" content=\"pt_BR\" \/>\n<meta property=\"og:type\" content=\"article\" \/>\n<meta property=\"og:title\" content=\"Avulso Inicial - PL 294\/2025 - C\u00e2mara - Legislapp\" \/>\n<meta property=\"og:description\" content=\"Avulso Inicial &#8211; Autoria de Pezenti PROJETO DE LEI N\u00ba , DE 2025 (Do Sr. PEZENTI) Institui o Programa Nacional de Apoio \u00e0s Pessoas com Esclerose M\u00faltipla (PNAEM). O Congresso Nacional decreta: Art. 1\u00ba Esta Lei institui o Programa Nacional de Apoio \u00e0s Pessoas com Esclerose M\u00faltipla (PNAEM). Art. 2\u00ba Fica institu\u00eddo o Programa Nacional [&hellip;]\" \/>\n<meta property=\"og:url\" content=\"https:\/\/www.legislapp.com.br\/index.php\/avulso-inicial-pl-294-2025-camara\/\" \/>\n<meta property=\"og:site_name\" content=\"Legislapp\" \/>\n<meta property=\"article:publisher\" content=\"https:\/\/www.instagram.com\/legislapp\/\" \/>\n<meta property=\"og:image\" content=\"https:\/\/www.legislapp.com.br\/wp-content\/uploads\/2021\/07\/Logo-Legislapp-1-03-1.png\" \/>\n<meta name=\"twitter:card\" content=\"summary_large_image\" \/>\n<meta name=\"twitter:label1\" content=\"Est. tempo de leitura\" \/>\n\t<meta name=\"twitter:data1\" content=\"4 minutos\" \/>\n<script type=\"application\/ld+json\" class=\"yoast-schema-graph\">{\"@context\":\"https:\/\/schema.org\",\"@graph\":[{\"@type\":\"WebPage\",\"@id\":\"https:\/\/www.legislapp.com.br\/index.php\/avulso-inicial-pl-294-2025-camara\/\",\"url\":\"https:\/\/www.legislapp.com.br\/index.php\/avulso-inicial-pl-294-2025-camara\/\",\"name\":\"Avulso Inicial - PL 294\/2025 - C\u00e2mara - Legislapp\",\"isPartOf\":{\"@id\":\"https:\/\/www.legislapp.com.br\/#website\"},\"primaryImageOfPage\":{\"@id\":\"https:\/\/www.legislapp.com.br\/index.php\/avulso-inicial-pl-294-2025-camara\/#primaryimage\"},\"image\":{\"@id\":\"https:\/\/www.legislapp.com.br\/index.php\/avulso-inicial-pl-294-2025-camara\/#primaryimage\"},\"thumbnailUrl\":\"https:\/\/www.legislapp.com.br\/wp-content\/uploads\/2021\/07\/Logo-Legislapp-1-03-1.png\",\"datePublished\":\"2025-12-01T14:06:10+00:00\",\"breadcrumb\":{\"@id\":\"https:\/\/www.legislapp.com.br\/index.php\/avulso-inicial-pl-294-2025-camara\/#breadcrumb\"},\"inLanguage\":\"pt-BR\",\"potentialAction\":[{\"@type\":\"ReadAction\",\"target\":[\"https:\/\/www.legislapp.com.br\/index.php\/avulso-inicial-pl-294-2025-camara\/\"]}]},{\"@type\":\"ImageObject\",\"inLanguage\":\"pt-BR\",\"@id\":\"https:\/\/www.legislapp.com.br\/index.php\/avulso-inicial-pl-294-2025-camara\/#primaryimage\",\"url\":\"https:\/\/www.legislapp.com.br\/wp-content\/uploads\/2021\/07\/Logo-Legislapp-1-03-1.png\",\"contentUrl\":\"https:\/\/www.legislapp.com.br\/wp-content\/uploads\/2021\/07\/Logo-Legislapp-1-03-1.png\",\"width\":2679,\"height\":2697},{\"@type\":\"BreadcrumbList\",\"@id\":\"https:\/\/www.legislapp.com.br\/index.php\/avulso-inicial-pl-294-2025-camara\/#breadcrumb\",\"itemListElement\":[{\"@type\":\"ListItem\",\"position\":1,\"name\":\"In\u00edcio\",\"item\":\"https:\/\/www.legislapp.com.br\/\"},{\"@type\":\"ListItem\",\"position\":2,\"name\":\"Avulso Inicial &#8211; PL 294\/2025 &#8211; C\u00e2mara\"}]},{\"@type\":\"WebSite\",\"@id\":\"https:\/\/www.legislapp.com.br\/#website\",\"url\":\"https:\/\/www.legislapp.com.br\/\",\"name\":\"Legislapp\",\"description\":\"Intelig\u00eancia governamental em tempo real\",\"publisher\":{\"@id\":\"https:\/\/www.legislapp.com.br\/#organization\"},\"potentialAction\":[{\"@type\":\"SearchAction\",\"target\":{\"@type\":\"EntryPoint\",\"urlTemplate\":\"https:\/\/www.legislapp.com.br\/?s={search_term_string}\"},\"query-input\":{\"@type\":\"PropertyValueSpecification\",\"valueRequired\":true,\"valueName\":\"search_term_string\"}}],\"inLanguage\":\"pt-BR\"},{\"@type\":\"Organization\",\"@id\":\"https:\/\/www.legislapp.com.br\/#organization\",\"name\":\"Legislapp Monitoramento e Intelig\u00eancia Governamental\",\"url\":\"https:\/\/www.legislapp.com.br\/\",\"logo\":{\"@type\":\"ImageObject\",\"inLanguage\":\"pt-BR\",\"@id\":\"https:\/\/www.legislapp.com.br\/#\/schema\/logo\/image\/\",\"url\":\"https:\/\/www.legislapp.com.br\/wp-content\/uploads\/icon.png\",\"contentUrl\":\"https:\/\/www.legislapp.com.br\/wp-content\/uploads\/icon.png\",\"width\":1024,\"height\":1024,\"caption\":\"Legislapp Monitoramento e Intelig\u00eancia Governamental\"},\"image\":{\"@id\":\"https:\/\/www.legislapp.com.br\/#\/schema\/logo\/image\/\"},\"sameAs\":[\"https:\/\/www.instagram.com\/legislapp\/\"]}]}<\/script>\n<!-- \/ Yoast SEO plugin. -->","yoast_head_json":{"title":"Avulso Inicial - PL 294\/2025 - C\u00e2mara - Legislapp","robots":{"index":"index","follow":"follow","max-snippet":"max-snippet:-1","max-image-preview":"max-image-preview:large","max-video-preview":"max-video-preview:-1"},"canonical":"https:\/\/www.legislapp.com.br\/index.php\/avulso-inicial-pl-294-2025-camara\/","og_locale":"pt_BR","og_type":"article","og_title":"Avulso Inicial - PL 294\/2025 - C\u00e2mara - Legislapp","og_description":"Avulso Inicial &#8211; Autoria de Pezenti PROJETO DE LEI N\u00ba , DE 2025 (Do Sr. PEZENTI) Institui o Programa Nacional de Apoio \u00e0s Pessoas com Esclerose M\u00faltipla (PNAEM). O Congresso Nacional decreta: Art. 1\u00ba Esta Lei institui o Programa Nacional de Apoio \u00e0s Pessoas com Esclerose M\u00faltipla (PNAEM). Art. 2\u00ba Fica institu\u00eddo o Programa Nacional [&hellip;]","og_url":"https:\/\/www.legislapp.com.br\/index.php\/avulso-inicial-pl-294-2025-camara\/","og_site_name":"Legislapp","article_publisher":"https:\/\/www.instagram.com\/legislapp\/","og_image":[{"url":"https:\/\/www.legislapp.com.br\/wp-content\/uploads\/2021\/07\/Logo-Legislapp-1-03-1.png","type":"","width":"","height":""}],"twitter_card":"summary_large_image","twitter_misc":{"Est. tempo de leitura":"4 minutos"},"schema":{"@context":"https:\/\/schema.org","@graph":[{"@type":"WebPage","@id":"https:\/\/www.legislapp.com.br\/index.php\/avulso-inicial-pl-294-2025-camara\/","url":"https:\/\/www.legislapp.com.br\/index.php\/avulso-inicial-pl-294-2025-camara\/","name":"Avulso Inicial - PL 294\/2025 - C\u00e2mara - Legislapp","isPartOf":{"@id":"https:\/\/www.legislapp.com.br\/#website"},"primaryImageOfPage":{"@id":"https:\/\/www.legislapp.com.br\/index.php\/avulso-inicial-pl-294-2025-camara\/#primaryimage"},"image":{"@id":"https:\/\/www.legislapp.com.br\/index.php\/avulso-inicial-pl-294-2025-camara\/#primaryimage"},"thumbnailUrl":"https:\/\/www.legislapp.com.br\/wp-content\/uploads\/2021\/07\/Logo-Legislapp-1-03-1.png","datePublished":"2025-12-01T14:06:10+00:00","breadcrumb":{"@id":"https:\/\/www.legislapp.com.br\/index.php\/avulso-inicial-pl-294-2025-camara\/#breadcrumb"},"inLanguage":"pt-BR","potentialAction":[{"@type":"ReadAction","target":["https:\/\/www.legislapp.com.br\/index.php\/avulso-inicial-pl-294-2025-camara\/"]}]},{"@type":"ImageObject","inLanguage":"pt-BR","@id":"https:\/\/www.legislapp.com.br\/index.php\/avulso-inicial-pl-294-2025-camara\/#primaryimage","url":"https:\/\/www.legislapp.com.br\/wp-content\/uploads\/2021\/07\/Logo-Legislapp-1-03-1.png","contentUrl":"https:\/\/www.legislapp.com.br\/wp-content\/uploads\/2021\/07\/Logo-Legislapp-1-03-1.png","width":2679,"height":2697},{"@type":"BreadcrumbList","@id":"https:\/\/www.legislapp.com.br\/index.php\/avulso-inicial-pl-294-2025-camara\/#breadcrumb","itemListElement":[{"@type":"ListItem","position":1,"name":"In\u00edcio","item":"https:\/\/www.legislapp.com.br\/"},{"@type":"ListItem","position":2,"name":"Avulso Inicial &#8211; PL 294\/2025 &#8211; C\u00e2mara"}]},{"@type":"WebSite","@id":"https:\/\/www.legislapp.com.br\/#website","url":"https:\/\/www.legislapp.com.br\/","name":"Legislapp","description":"Intelig\u00eancia governamental em tempo real","publisher":{"@id":"https:\/\/www.legislapp.com.br\/#organization"},"potentialAction":[{"@type":"SearchAction","target":{"@type":"EntryPoint","urlTemplate":"https:\/\/www.legislapp.com.br\/?s={search_term_string}"},"query-input":{"@type":"PropertyValueSpecification","valueRequired":true,"valueName":"search_term_string"}}],"inLanguage":"pt-BR"},{"@type":"Organization","@id":"https:\/\/www.legislapp.com.br\/#organization","name":"Legislapp Monitoramento e Intelig\u00eancia Governamental","url":"https:\/\/www.legislapp.com.br\/","logo":{"@type":"ImageObject","inLanguage":"pt-BR","@id":"https:\/\/www.legislapp.com.br\/#\/schema\/logo\/image\/","url":"https:\/\/www.legislapp.com.br\/wp-content\/uploads\/icon.png","contentUrl":"https:\/\/www.legislapp.com.br\/wp-content\/uploads\/icon.png","width":1024,"height":1024,"caption":"Legislapp Monitoramento e Intelig\u00eancia Governamental"},"image":{"@id":"https:\/\/www.legislapp.com.br\/#\/schema\/logo\/image\/"},"sameAs":["https:\/\/www.instagram.com\/legislapp\/"]}]}},"_links":{"self":[{"href":"https:\/\/www.legislapp.com.br\/index.php\/wp-json\/wp\/v2\/pages\/10213","targetHints":{"allow":["GET"]}}],"collection":[{"href":"https:\/\/www.legislapp.com.br\/index.php\/wp-json\/wp\/v2\/pages"}],"about":[{"href":"https:\/\/www.legislapp.com.br\/index.php\/wp-json\/wp\/v2\/types\/page"}],"author":[{"embeddable":true,"href":"https:\/\/www.legislapp.com.br\/index.php\/wp-json\/wp\/v2\/users\/1"}],"replies":[{"embeddable":true,"href":"https:\/\/www.legislapp.com.br\/index.php\/wp-json\/wp\/v2\/comments?post=10213"}],"version-history":[{"count":0,"href":"https:\/\/www.legislapp.com.br\/index.php\/wp-json\/wp\/v2\/pages\/10213\/revisions"}],"wp:attachment":[{"href":"https:\/\/www.legislapp.com.br\/index.php\/wp-json\/wp\/v2\/media?parent=10213"}],"curies":[{"name":"wp","href":"https:\/\/api.w.org\/{rel}","templated":true}]}}