{"id":10299,"date":"2025-12-01T11:11:06","date_gmt":"2025-12-01T14:11:06","guid":{"rendered":"https:\/\/www.legislapp.com.br\/index.php\/avulso-inicial-pl-2760-2025-camara\/"},"modified":"2025-12-01T11:11:06","modified_gmt":"2025-12-01T14:11:06","slug":"avulso-inicial-pl-2760-2025-camara","status":"publish","type":"page","link":"https:\/\/www.legislapp.com.br\/index.php\/avulso-inicial-pl-2760-2025-camara\/","title":{"rendered":"Avulso Inicial &#8211; PL 2760\/2025 &#8211; C\u00e2mara"},"content":{"rendered":"<h1 style='text-align: center;'>Avulso Inicial &#8211; Autoria de Daniela Reinehr<\/h3>\n<p><\/p>\n<article>C\u00c2MARA DOS DEPUTADOS<br \/>\nGabinete da Deputada Federal Daniela Reinehr \u2013 PL\/SC<br \/>\nPROJETO DE LEI N\u00ba   , DE 2025<br \/>\n(Da Sra. DANIELA REINEHR)<br \/>\nDisp\u00f5e sobre a regulamenta\u00e7\u00e3o da altera\u00e7\u00e3o de<br \/>\nnomes oficiais de institui\u00e7\u00f5es e campi das<br \/>\nuniversidades federais e d\u00e1 outras provid\u00eancias.<br \/>\nO CONGRESSO NACIONAL decreta:<br \/>\nArt. 1\u00ba Esta Lei regula o procedimento de altera\u00e7\u00e3o de nomes oficiais de<br \/>\nuniversidades federais, seus campi, unidades acad\u00eamicas, pr\u00e9dios e logradouros<br \/>\nvinculados.<br \/>\nArt. 2\u00ba A altera\u00e7\u00e3o do nome oficial de qualquer institui\u00e7\u00e3o, campus, pr\u00e9dio ou<br \/>\nunidade pertencente a universidades federais somente poder\u00e1 ocorrer mediante:<br \/>\nI \u2013 audi\u00eancia p\u00fablica obrigat\u00f3ria, com participa\u00e7\u00e3o parit\u00e1ria entre<br \/>\nrepresentantes da comunidade acad\u00eamica, ex-alunos, representantes da sociedade<br \/>\ncivil, membros da institui\u00e7\u00e3o homenageada ou seus descendentes;<br \/>\nII \u2013 relat\u00f3rio t\u00e9cnico imparcial, elaborado por comiss\u00e3o mista formada por<br \/>\nmembros indicados pelo Congresso Nacional, Minist\u00e9rio da Educa\u00e7\u00e3o, e Ordem dos<br \/>\nAdvogados do Brasil (OAB), com an\u00e1lise hist\u00f3rica, jur\u00eddica e cultural da<br \/>\npersonalidade homenageada;<br \/>\nIII \u2013 aprova\u00e7\u00e3o em consulta p\u00fablica com qu\u00f3rum qualificado, a ser realizada<br \/>\ncom pelo menos 50% mais 1 dos votos de toda a comunidade universit\u00e1ria (alunos,<br \/>\ndocentes, servidores t\u00e9cnicos e administrativos), com voto secreto e facultativo;<br \/>\nPara verificar a assinatura, acesse https:\/\/infoleg-autenticidade-assinatura.camara.leg.br\/CD250515495600<br \/>\nAssinado eletronicamente pelo(a) Dep. Daniela Reinehr<br \/>\nApresenta\u00e7\u00e3o: 10\/06\/2025 09:50:46.923 &#8211; Mesa<br \/>\n*CD250515495600* PL n.2760\/2025<br \/>C\u00c2MARA DOS DEPUTADOS<br \/>\nGabinete da Deputada Federal Daniela Reinehr \u2013 PL\/SC<br \/>\nIV \u2013 aprova\u00e7\u00e3o legislativa pr\u00e9via, por meio de decreto legislativo, nos casos<br \/>\nde nomes atribu\u00eddos por lei federal ou que envolvam figuras p\u00fablicas de relev\u00e2ncia<br \/>\nnacional.<br \/>\nArt. 3\u00ba \u00c9 vedada a retirada de nomes de personalidades hist\u00f3ricas<br \/>\nfundadoras ou que exerceram cargos de dire\u00e7\u00e3o institucional, salvo em caso de<br \/>\ncomprova\u00e7\u00e3o judicial de envolvimento direto e doloso em crimes contra a<br \/>\nhumanidade reconhecidos por tribunal competente.<br \/>\nArt. 4\u00ba A viola\u00e7\u00e3o dos procedimentos previstos nesta lei implicar\u00e1 nulidade do<br \/>\nato administrativo e responsabiliza\u00e7\u00e3o dos agentes p\u00fablicos envolvidos, nos termos<br \/>\nda legisla\u00e7\u00e3o vigente.<br \/>\nArt. 5\u00ba Esta lei entra em vigor na data de sua publica\u00e7\u00e3o.<br \/>\nJUSTIFICA\u00c7\u00c3O<br \/>\nA presente proposi\u00e7\u00e3o tem por objetivo regulamentar o<br \/>\nprocedimento de altera\u00e7\u00e3o de nomes oficiais de institui\u00e7\u00f5es, campi, unidades e<br \/>\npr\u00e9dios das universidades federais, de forma a preservar a mem\u00f3ria institucional,<br \/>\ngarantir a imparcialidade nos processos de renomea\u00e7\u00e3o e impedir o uso ideol\u00f3gico<br \/>\ndas universidades p\u00fablicas como instrumentos de revisionismo pol\u00edtico-partid\u00e1rio.<br \/>\nO Brasil tem assistido, com crescente preocupa\u00e7\u00e3o, \u00e0<br \/>\ninstrumentaliza\u00e7\u00e3o das institui\u00e7\u00f5es de ensino superior por grupos militantes que,<br \/>\nsob o pretexto de \u201crevisar a hist\u00f3ria\u201d, promovem verdadeiras campanhas de<br \/>\ncancelamento de personagens hist\u00f3ricos e personalidades p\u00fablicas, muitas delas<br \/>\nfundadoras ou pilares das universidades que ajudaram a construir. Em vez de<br \/>\nserem espa\u00e7os de di\u00e1logo plural e respeito \u00e0 mem\u00f3ria institucional, as<br \/>\nuniversidades v\u00eam se tornando palcos de revisionismo ideol\u00f3gico e radicaliza\u00e7\u00e3o<br \/>\npol\u00edtica.<br \/>\nPara verificar a assinatura, acesse https:\/\/infoleg-autenticidade-assinatura.camara.leg.br\/CD250515495600<br \/>\nAssinado eletronicamente pelo(a) Dep. Daniela Reinehr<br \/>\nApresenta\u00e7\u00e3o: 10\/06\/2025 09:50:46.923 &#8211; Mesa<br \/>\n*CD250515495600* PL n.2760\/2025<br \/>C\u00c2MARA DOS DEPUTADOS<br \/>\nGabinete da Deputada Federal Daniela Reinehr \u2013 PL\/SC<br \/>\nO caso ocorrido na Universidade Federal de Santa Catarina<br \/>\n(UFSC), em 6 de junho de 2025, \u00e9 emblem\u00e1tico dessa realidade. Nessa data, o<br \/>\nConselho Universit\u00e1rio rejeitou a impugna\u00e7\u00e3o de um relat\u00f3rio elaborado pela<br \/>\nchamada \u201cComiss\u00e3o da Mem\u00f3ria e Verdade\u201d \u2013 documento flagrantemente<br \/>\nenviesado e politicamente orientado \u2013 que prop\u00f5e a retirada do nome de Jo\u00e3o<br \/>\nDavid Ferreira Lima, primeiro reitor da UFSC, do campus principal da institui\u00e7\u00e3o.<br \/>\nA sess\u00e3o foi marcada por desequil\u00edbrio, intoler\u00e2ncia e desrespeito.<br \/>\nCenas constrangedoras tomaram conta do plen\u00e1rio: dan\u00e7as provocativas, faixas<br \/>\nideol\u00f3gicas e discursos agressivos contra a Pol\u00edcia Militar e o setor produtivo<br \/>\ncatarinense. A advogada da fam\u00edlia do ex-reitor, Helo\u00edsa Blasi, teve m\u00edseros cinco<br \/>\nminutos para sua manifesta\u00e7\u00e3o, enquanto os militantes tiveram espa\u00e7o<br \/>\ndesproporcional e sem controle, somando mais de 50 minutos para impor sua<br \/>\nvers\u00e3o dos fatos. Houve omiss\u00e3o da reitoria diante de abusos flagrantes, com<br \/>\nconiv\u00eancia expl\u00edcita do reitor Irineu Manoel de Souza.<br \/>\nEssa conduta evidencia o dom\u00ednio de uma l\u00f3gica autorit\u00e1ria no<br \/>\ninterior da universidade, que subverte a fun\u00e7\u00e3o pedag\u00f3gica e cient\u00edfica da<br \/>\ninstitui\u00e7\u00e3o para fins de imposi\u00e7\u00e3o ideol\u00f3gica. Trata-se de um processo que n\u00e3o<br \/>\napenas agride o princ\u00edpio do pluralismo de ideias, como compromete a confian\u00e7a<br \/>\np\u00fablica na neutralidade das institui\u00e7\u00f5es de ensino mantidas com recursos da<br \/>\npopula\u00e7\u00e3o brasileira.<br \/>\nA proposta de retirada do nome de Ferreira Lima ignora n\u00e3o<br \/>\napenas sua import\u00e2ncia hist\u00f3rica para a cria\u00e7\u00e3o e estrutura\u00e7\u00e3o da UFSC, como<br \/>\nrepresenta um desrespeito \u00e0 sua trajet\u00f3ria p\u00fablica e ao reconhecimento que<br \/>\nconquistou em vida. N\u00e3o se trata de um debate sobre justi\u00e7a hist\u00f3rica, mas de<br \/>\numa tentativa de apagar simbolicamente qualquer legado que n\u00e3o esteja alinhado<br \/>\ncom a vis\u00e3o da esquerda radical que hoje hegemoniza muitos conselhos<br \/>\nuniversit\u00e1rios.<br \/>\nEm sua manifesta\u00e7\u00e3o sobre o caso, o prefeito de Florian\u00f3polis,<br \/>\nTop\u00e1zio Silveira Neto, demonstrou lucidez ao afirmar que os reais problemas da<br \/>\nUFSC residem na m\u00e1 gest\u00e3o, na falta de recursos e na submiss\u00e3o cega \u00e0 agenda<br \/>\ndo governo federal \u2013 e n\u00e3o na suposta necessidade de rebatizar edif\u00edcios ou<br \/>\napagar nomes que carregam significados hist\u00f3ricos.<br \/>\nA presente proposta busca, portanto, estabelecer crit\u00e9rios claros,<br \/>\nPara verificar a assinatura, acesse https:\/\/infoleg-autenticidade-assinatura.camara.leg.br\/CD250515495600<br \/>\nAssinado eletronicamente pelo(a) Dep. Daniela Reinehr<br \/>\nApresenta\u00e7\u00e3o: 10\/06\/2025 09:50:46.923 &#8211; Mesa<br \/>\n*CD250515495600* PL n.2760\/2025<br \/>C\u00c2MARA DOS DEPUTADOS<br \/>\nGabinete da Deputada Federal Daniela Reinehr \u2013 PL\/SC<br \/>\nimparciais e transparentes para a altera\u00e7\u00e3o de nomes em institui\u00e7\u00f5es federais de<br \/>\nensino, impedindo que tais processos sejam conduzidos com motiva\u00e7\u00f5es<br \/>\nexclusivamente ideol\u00f3gicas, sem consulta ampla \u00e0 sociedade e sem o devido<br \/>\nrespeito \u00e0s tradi\u00e7\u00f5es e \u00e0 mem\u00f3ria institucional.<br \/>\nAo exigir audi\u00eancia p\u00fablica, relat\u00f3rio t\u00e9cnico imparcial e aprova\u00e7\u00e3o<br \/>\npor consulta p\u00fablica qualificada, este projeto fortalece os princ\u00edpios da democracia,<br \/>\nda transpar\u00eancia e do equil\u00edbrio institucional, al\u00e9m de proteger os direitos das<br \/>\nfam\u00edlias homenageadas e da pr\u00f3pria sociedade que sustenta as universidades<br \/>\ncom seus impostos.<br \/>\nUniversidade p\u00fablica n\u00e3o \u00e9 instrumento de milit\u00e2ncia. A hist\u00f3ria<br \/>\nn\u00e3o pode ser reescrita a servi\u00e7o de ideologias. O Brasil precisa reencontrar o<br \/>\ncaminho do respeito \u00e0 verdade, \u00e0 legalidade e \u00e0 pluralidade. Esta proposi\u00e7\u00e3o \u00e9 um<br \/>\npasso firme nesse sentido, em defesa da mem\u00f3ria nacional, da responsabilidade<br \/>\ninstitucional e do bom senso.<br \/>\nDiante do exposto, conclamo os nobres pares a se somarem a<br \/>\nesta iniciativa em favor da ordem, da justi\u00e7a e do resgate da verdadeira miss\u00e3o<br \/>\ndas universidades p\u00fablicas brasileiras.<br \/>\nSala das Sess\u00f5es, em        de                     de 2025.<br \/>\nDeputada DANIELA REINEHR<br \/>\nPara verificar a assinatura, acesse https:\/\/infoleg-autenticidade-assinatura.camara.leg.br\/CD250515495600<br \/>\nAssinado eletronicamente pelo(a) Dep. Daniela Reinehr<br \/>\nApresenta\u00e7\u00e3o: 10\/06\/2025 09:50:46.923 &#8211; Mesa<br \/>\n*CD250515495600* PL n.2760\/2025<\/article>\n<p><a href='https:\/\/app.legislapp.com.br\/#\/busca?termo='><\/a><\/p>\n<div style=\"text-align: center\">\n      <img decoding=\"async\" style=\"width: 14%;\" src=\"https:\/\/www.legislapp.com.br\/wp-content\/uploads\/2021\/07\/Logo-Legislapp-1-03-1.png\"><br \/>\n      <\/p>\n<div style=\"margin-bottom: 20px;\" class=\"et_pb_button_module_wrapper et_pb_button_5_tb_body_wrapper et_pb_button_alignment_center et_pb_module \">\n         <a class=\"et_pb_button et_pb_button_5_tb_body et_hover_enabled et_pb_bg_layout_dark\" style=\"width: 50%;background-color: black;\" href=\"https:\/\/app.legislapp.com.br\" target=\"_blank\" rel=\"noopener\">Visualizar completo na nossa plataforma (30 dias gr\u00e1tis)<\/a><\/p><\/div>\n<p>      <a href=\"https:\/\/play.google.com\/store\/apps\/details?id=br.com.legislapp\"><img decoding=\"async\" style=\"width: 15%; min-width: 130px;\" src=\"https:\/\/www.legislapp.com.br\/wp-content\/uploads\/google-play.png\"><\/a><br \/>\n      <a href=\"https:\/\/apps.apple.com\/us\/app\/legislapp\/id1568929859\"><img decoding=\"async\" style=\"width: 15%; min-width: 130px\" src=\"https:\/\/www.legislapp.com.br\/wp-content\/uploads\/apple-store.png\"><\/a>\n   <\/div>\n","protected":false},"excerpt":{"rendered":"<p>Avulso Inicial &#8211; Autoria de Daniela Reinehr C\u00c2MARA DOS DEPUTADOS Gabinete da Deputada Federal Daniela Reinehr \u2013 PL\/SC PROJETO DE LEI N\u00ba , DE 2025 (Da Sra. DANIELA REINEHR) Disp\u00f5e sobre a regulamenta\u00e7\u00e3o da altera\u00e7\u00e3o de nomes oficiais de institui\u00e7\u00f5es e campi das universidades federais e d\u00e1 outras provid\u00eancias. O CONGRESSO NACIONAL decreta: Art. 1\u00ba [&hellip;]<\/p>\n","protected":false},"author":1,"featured_media":0,"parent":0,"menu_order":0,"comment_status":"closed","ping_status":"closed","template":"page-template-blank.php","meta":{"_et_pb_use_builder":"","_et_pb_old_content":"","_et_gb_content_width":"1080","ngg_post_thumbnail":0,"footnotes":""},"class_list":["post-10299","page","type-page","status-publish","hentry"],"yoast_head":"<!-- This site is optimized with the Yoast SEO plugin v24.4 - https:\/\/yoast.com\/wordpress\/plugins\/seo\/ -->\n<title>Avulso Inicial - PL 2760\/2025 - C\u00e2mara - Legislapp<\/title>\n<meta name=\"robots\" content=\"index, follow, max-snippet:-1, max-image-preview:large, max-video-preview:-1\" \/>\n<link rel=\"canonical\" href=\"https:\/\/www.legislapp.com.br\/index.php\/avulso-inicial-pl-2760-2025-camara\/\" \/>\n<meta property=\"og:locale\" content=\"pt_BR\" \/>\n<meta property=\"og:type\" content=\"article\" \/>\n<meta property=\"og:title\" content=\"Avulso Inicial - PL 2760\/2025 - C\u00e2mara - Legislapp\" \/>\n<meta property=\"og:description\" content=\"Avulso Inicial &#8211; Autoria de Daniela Reinehr C\u00c2MARA DOS DEPUTADOS Gabinete da Deputada Federal Daniela Reinehr \u2013 PL\/SC PROJETO DE LEI N\u00ba , DE 2025 (Da Sra. DANIELA REINEHR) Disp\u00f5e sobre a regulamenta\u00e7\u00e3o da altera\u00e7\u00e3o de nomes oficiais de institui\u00e7\u00f5es e campi das universidades federais e d\u00e1 outras provid\u00eancias. O CONGRESSO NACIONAL decreta: Art. 1\u00ba [&hellip;]\" \/>\n<meta property=\"og:url\" content=\"https:\/\/www.legislapp.com.br\/index.php\/avulso-inicial-pl-2760-2025-camara\/\" \/>\n<meta property=\"og:site_name\" content=\"Legislapp\" \/>\n<meta property=\"article:publisher\" content=\"https:\/\/www.instagram.com\/legislapp\/\" \/>\n<meta property=\"og:image\" content=\"https:\/\/www.legislapp.com.br\/wp-content\/uploads\/2021\/07\/Logo-Legislapp-1-03-1.png\" \/>\n<meta name=\"twitter:card\" content=\"summary_large_image\" \/>\n<meta name=\"twitter:label1\" content=\"Est. tempo de leitura\" \/>\n\t<meta name=\"twitter:data1\" content=\"6 minutos\" \/>\n<script type=\"application\/ld+json\" class=\"yoast-schema-graph\">{\"@context\":\"https:\/\/schema.org\",\"@graph\":[{\"@type\":\"WebPage\",\"@id\":\"https:\/\/www.legislapp.com.br\/index.php\/avulso-inicial-pl-2760-2025-camara\/\",\"url\":\"https:\/\/www.legislapp.com.br\/index.php\/avulso-inicial-pl-2760-2025-camara\/\",\"name\":\"Avulso Inicial - PL 2760\/2025 - C\u00e2mara - Legislapp\",\"isPartOf\":{\"@id\":\"https:\/\/www.legislapp.com.br\/#website\"},\"primaryImageOfPage\":{\"@id\":\"https:\/\/www.legislapp.com.br\/index.php\/avulso-inicial-pl-2760-2025-camara\/#primaryimage\"},\"image\":{\"@id\":\"https:\/\/www.legislapp.com.br\/index.php\/avulso-inicial-pl-2760-2025-camara\/#primaryimage\"},\"thumbnailUrl\":\"https:\/\/www.legislapp.com.br\/wp-content\/uploads\/2021\/07\/Logo-Legislapp-1-03-1.png\",\"datePublished\":\"2025-12-01T14:11:06+00:00\",\"breadcrumb\":{\"@id\":\"https:\/\/www.legislapp.com.br\/index.php\/avulso-inicial-pl-2760-2025-camara\/#breadcrumb\"},\"inLanguage\":\"pt-BR\",\"potentialAction\":[{\"@type\":\"ReadAction\",\"target\":[\"https:\/\/www.legislapp.com.br\/index.php\/avulso-inicial-pl-2760-2025-camara\/\"]}]},{\"@type\":\"ImageObject\",\"inLanguage\":\"pt-BR\",\"@id\":\"https:\/\/www.legislapp.com.br\/index.php\/avulso-inicial-pl-2760-2025-camara\/#primaryimage\",\"url\":\"https:\/\/www.legislapp.com.br\/wp-content\/uploads\/2021\/07\/Logo-Legislapp-1-03-1.png\",\"contentUrl\":\"https:\/\/www.legislapp.com.br\/wp-content\/uploads\/2021\/07\/Logo-Legislapp-1-03-1.png\",\"width\":2679,\"height\":2697},{\"@type\":\"BreadcrumbList\",\"@id\":\"https:\/\/www.legislapp.com.br\/index.php\/avulso-inicial-pl-2760-2025-camara\/#breadcrumb\",\"itemListElement\":[{\"@type\":\"ListItem\",\"position\":1,\"name\":\"In\u00edcio\",\"item\":\"https:\/\/www.legislapp.com.br\/\"},{\"@type\":\"ListItem\",\"position\":2,\"name\":\"Avulso Inicial &#8211; PL 2760\/2025 &#8211; C\u00e2mara\"}]},{\"@type\":\"WebSite\",\"@id\":\"https:\/\/www.legislapp.com.br\/#website\",\"url\":\"https:\/\/www.legislapp.com.br\/\",\"name\":\"Legislapp\",\"description\":\"Intelig\u00eancia governamental em tempo real\",\"publisher\":{\"@id\":\"https:\/\/www.legislapp.com.br\/#organization\"},\"potentialAction\":[{\"@type\":\"SearchAction\",\"target\":{\"@type\":\"EntryPoint\",\"urlTemplate\":\"https:\/\/www.legislapp.com.br\/?s={search_term_string}\"},\"query-input\":{\"@type\":\"PropertyValueSpecification\",\"valueRequired\":true,\"valueName\":\"search_term_string\"}}],\"inLanguage\":\"pt-BR\"},{\"@type\":\"Organization\",\"@id\":\"https:\/\/www.legislapp.com.br\/#organization\",\"name\":\"Legislapp Monitoramento e Intelig\u00eancia Governamental\",\"url\":\"https:\/\/www.legislapp.com.br\/\",\"logo\":{\"@type\":\"ImageObject\",\"inLanguage\":\"pt-BR\",\"@id\":\"https:\/\/www.legislapp.com.br\/#\/schema\/logo\/image\/\",\"url\":\"https:\/\/www.legislapp.com.br\/wp-content\/uploads\/icon.png\",\"contentUrl\":\"https:\/\/www.legislapp.com.br\/wp-content\/uploads\/icon.png\",\"width\":1024,\"height\":1024,\"caption\":\"Legislapp Monitoramento e Intelig\u00eancia Governamental\"},\"image\":{\"@id\":\"https:\/\/www.legislapp.com.br\/#\/schema\/logo\/image\/\"},\"sameAs\":[\"https:\/\/www.instagram.com\/legislapp\/\"]}]}<\/script>\n<!-- \/ Yoast SEO plugin. -->","yoast_head_json":{"title":"Avulso Inicial - PL 2760\/2025 - C\u00e2mara - Legislapp","robots":{"index":"index","follow":"follow","max-snippet":"max-snippet:-1","max-image-preview":"max-image-preview:large","max-video-preview":"max-video-preview:-1"},"canonical":"https:\/\/www.legislapp.com.br\/index.php\/avulso-inicial-pl-2760-2025-camara\/","og_locale":"pt_BR","og_type":"article","og_title":"Avulso Inicial - PL 2760\/2025 - C\u00e2mara - Legislapp","og_description":"Avulso Inicial &#8211; Autoria de Daniela Reinehr C\u00c2MARA DOS DEPUTADOS Gabinete da Deputada Federal Daniela Reinehr \u2013 PL\/SC PROJETO DE LEI N\u00ba , DE 2025 (Da Sra. DANIELA REINEHR) Disp\u00f5e sobre a regulamenta\u00e7\u00e3o da altera\u00e7\u00e3o de nomes oficiais de institui\u00e7\u00f5es e campi das universidades federais e d\u00e1 outras provid\u00eancias. O CONGRESSO NACIONAL decreta: Art. 1\u00ba [&hellip;]","og_url":"https:\/\/www.legislapp.com.br\/index.php\/avulso-inicial-pl-2760-2025-camara\/","og_site_name":"Legislapp","article_publisher":"https:\/\/www.instagram.com\/legislapp\/","og_image":[{"url":"https:\/\/www.legislapp.com.br\/wp-content\/uploads\/2021\/07\/Logo-Legislapp-1-03-1.png","type":"","width":"","height":""}],"twitter_card":"summary_large_image","twitter_misc":{"Est. tempo de leitura":"6 minutos"},"schema":{"@context":"https:\/\/schema.org","@graph":[{"@type":"WebPage","@id":"https:\/\/www.legislapp.com.br\/index.php\/avulso-inicial-pl-2760-2025-camara\/","url":"https:\/\/www.legislapp.com.br\/index.php\/avulso-inicial-pl-2760-2025-camara\/","name":"Avulso Inicial - PL 2760\/2025 - C\u00e2mara - Legislapp","isPartOf":{"@id":"https:\/\/www.legislapp.com.br\/#website"},"primaryImageOfPage":{"@id":"https:\/\/www.legislapp.com.br\/index.php\/avulso-inicial-pl-2760-2025-camara\/#primaryimage"},"image":{"@id":"https:\/\/www.legislapp.com.br\/index.php\/avulso-inicial-pl-2760-2025-camara\/#primaryimage"},"thumbnailUrl":"https:\/\/www.legislapp.com.br\/wp-content\/uploads\/2021\/07\/Logo-Legislapp-1-03-1.png","datePublished":"2025-12-01T14:11:06+00:00","breadcrumb":{"@id":"https:\/\/www.legislapp.com.br\/index.php\/avulso-inicial-pl-2760-2025-camara\/#breadcrumb"},"inLanguage":"pt-BR","potentialAction":[{"@type":"ReadAction","target":["https:\/\/www.legislapp.com.br\/index.php\/avulso-inicial-pl-2760-2025-camara\/"]}]},{"@type":"ImageObject","inLanguage":"pt-BR","@id":"https:\/\/www.legislapp.com.br\/index.php\/avulso-inicial-pl-2760-2025-camara\/#primaryimage","url":"https:\/\/www.legislapp.com.br\/wp-content\/uploads\/2021\/07\/Logo-Legislapp-1-03-1.png","contentUrl":"https:\/\/www.legislapp.com.br\/wp-content\/uploads\/2021\/07\/Logo-Legislapp-1-03-1.png","width":2679,"height":2697},{"@type":"BreadcrumbList","@id":"https:\/\/www.legislapp.com.br\/index.php\/avulso-inicial-pl-2760-2025-camara\/#breadcrumb","itemListElement":[{"@type":"ListItem","position":1,"name":"In\u00edcio","item":"https:\/\/www.legislapp.com.br\/"},{"@type":"ListItem","position":2,"name":"Avulso Inicial &#8211; PL 2760\/2025 &#8211; C\u00e2mara"}]},{"@type":"WebSite","@id":"https:\/\/www.legislapp.com.br\/#website","url":"https:\/\/www.legislapp.com.br\/","name":"Legislapp","description":"Intelig\u00eancia governamental em tempo real","publisher":{"@id":"https:\/\/www.legislapp.com.br\/#organization"},"potentialAction":[{"@type":"SearchAction","target":{"@type":"EntryPoint","urlTemplate":"https:\/\/www.legislapp.com.br\/?s={search_term_string}"},"query-input":{"@type":"PropertyValueSpecification","valueRequired":true,"valueName":"search_term_string"}}],"inLanguage":"pt-BR"},{"@type":"Organization","@id":"https:\/\/www.legislapp.com.br\/#organization","name":"Legislapp Monitoramento e Intelig\u00eancia Governamental","url":"https:\/\/www.legislapp.com.br\/","logo":{"@type":"ImageObject","inLanguage":"pt-BR","@id":"https:\/\/www.legislapp.com.br\/#\/schema\/logo\/image\/","url":"https:\/\/www.legislapp.com.br\/wp-content\/uploads\/icon.png","contentUrl":"https:\/\/www.legislapp.com.br\/wp-content\/uploads\/icon.png","width":1024,"height":1024,"caption":"Legislapp Monitoramento e Intelig\u00eancia Governamental"},"image":{"@id":"https:\/\/www.legislapp.com.br\/#\/schema\/logo\/image\/"},"sameAs":["https:\/\/www.instagram.com\/legislapp\/"]}]}},"_links":{"self":[{"href":"https:\/\/www.legislapp.com.br\/index.php\/wp-json\/wp\/v2\/pages\/10299","targetHints":{"allow":["GET"]}}],"collection":[{"href":"https:\/\/www.legislapp.com.br\/index.php\/wp-json\/wp\/v2\/pages"}],"about":[{"href":"https:\/\/www.legislapp.com.br\/index.php\/wp-json\/wp\/v2\/types\/page"}],"author":[{"embeddable":true,"href":"https:\/\/www.legislapp.com.br\/index.php\/wp-json\/wp\/v2\/users\/1"}],"replies":[{"embeddable":true,"href":"https:\/\/www.legislapp.com.br\/index.php\/wp-json\/wp\/v2\/comments?post=10299"}],"version-history":[{"count":0,"href":"https:\/\/www.legislapp.com.br\/index.php\/wp-json\/wp\/v2\/pages\/10299\/revisions"}],"wp:attachment":[{"href":"https:\/\/www.legislapp.com.br\/index.php\/wp-json\/wp\/v2\/media?parent=10299"}],"curies":[{"name":"wp","href":"https:\/\/api.w.org\/{rel}","templated":true}]}}