{"id":10334,"date":"2025-12-01T11:13:05","date_gmt":"2025-12-01T14:13:05","guid":{"rendered":"https:\/\/www.legislapp.com.br\/index.php\/avulso-inicial-pl-2717-2025-camara\/"},"modified":"2025-12-01T11:13:05","modified_gmt":"2025-12-01T14:13:05","slug":"avulso-inicial-pl-2717-2025-camara","status":"publish","type":"page","link":"https:\/\/www.legislapp.com.br\/index.php\/avulso-inicial-pl-2717-2025-camara\/","title":{"rendered":"Avulso Inicial &#8211; PL 2717\/2025 &#8211; C\u00e2mara"},"content":{"rendered":"<h1 style='text-align: center;'>Avulso Inicial &#8211; Autoria de Vitor Lippi<\/h3>\n<p><\/p>\n<article>PROJETO DE LEI N\u00ba        , DE 2025<br \/>\n(Do Sr. VITOR LIPPI)<br \/>\nInstitui o Marco Legal da Acelera\u00e7\u00e3o da<br \/>\nEfici\u00eancia Energ\u00e9tica nos<br \/>\nrefrigeradores.<br \/>\nO Congresso Nacional decreta:<br \/>\nArt. 1\u00ba Institui o Marco Legal da Acelera\u00e7\u00e3o da Efici\u00eancia Energ\u00e9tica de<br \/>\nrefrigeradores comerciais, estabelecendo diretrizes para a transpar\u00eancia na<br \/>\ninforma\u00e7\u00e3o ao consumidor e a fixa\u00e7\u00e3o de \u00edndices m\u00ednimos de efici\u00eancia.<br \/>\nArt. 2\u00ba Os fabricantes de refrigeradores comerciais s\u00e3o obrigados a fornecer<br \/>\ninforma\u00e7\u00f5es detalhados sobre o desempenho de consumo de energia e das<br \/>\nemiss\u00f5es de CO dos produtos comercializados, por meio de etiquetas espec\u00edficas<br \/>\n2<br \/>\naplicadas diretamente no produto destinado ao consumidor final.<br \/>\nPar\u00e1grafo \u00danico. Os fabricantes ter\u00e3o at\u00e9 1 (um) ano a partir da publica\u00e7\u00e3o<br \/>\ndesta Lei para adequa\u00e7\u00e3o \u00e0s exig\u00eancias previstas no caput.<br \/>\nArt. 3\u00ba Cabe ao Poder Executivo regulamentar os \u00edndices m\u00ednimos de<br \/>\nefici\u00eancia energ\u00e9tica ou n\u00edveis m\u00e1ximos de consumo de energia aplic\u00e1veis aos<br \/>\nrefrigeradores comerciais comercializados no territ\u00f3rio nacional.<br \/>\n\u00a71\u00ba A aus\u00eancia de regulamenta\u00e7\u00e3o prevista no caput n\u00e3o impede o<br \/>\ncumprimento do estabelecido no art. 2\u00ba desta Lei.<br \/>\n\u00a72\u00ba A regulamenta\u00e7\u00e3o dever\u00e1 ocorrer em at\u00e9 2 (dois) anos, a partir da<br \/>\npublica\u00e7\u00e3o desta Lei.<br \/>\n\u00a73\u00ba O Poder Executivo definir\u00e1 o \u00f3rg\u00e3o regulador respons\u00e1vel pela<br \/>\nfiscaliza\u00e7\u00e3o, acompanhamento e avalia\u00e7\u00e3o do cumprimento das disposi\u00e7\u00f5es desta<br \/>\nLei.<br \/>\nArt. 4\u00ba Esta Lei entra em vigor na data de sua publica\u00e7\u00e3o.<\/p>\n<p>Para verificar a assinatura, acesse https:\/\/infoleg-autenticidade-assinatura.camara.leg.br\/CD251035420400<br \/>\nAssinado eletronicamente pelo(a) Dep. Vitor Lippi<br \/>\nApresenta\u00e7\u00e3o: 05\/06\/2025 10:11:51.890 &#8211; Mesa<br \/>\n*CD251035420400* PL n.2717\/2025<br \/>JUSTIFICATIVA<br \/>\nEsta proposta de lei tem por objetivo instituir o marco legal da acelera\u00e7\u00e3o da<br \/>\nefici\u00eancia energ\u00e9tica nos refrigeradores comerciais, promovendo o uso mais eficiente e<br \/>\neficaz dos recursos energ\u00e9ticos.<br \/>\nDesde 2015, quando foi assinado o Acordo de Paris com foco em reduzir e<br \/>\nconter o aquecimento global por meio da limita\u00e7\u00e3o das emiss\u00f5es de di\u00f3xido de carbono<br \/>\n(CO ) e metano (CH ), al\u00e9m de outros gases de efeito estufa, o Brasil est\u00e1<br \/>\n2 4<br \/>\ncomprometido com pol\u00edticas p\u00fablicas que promovam uma transi\u00e7\u00e3o energ\u00e9tica mais<br \/>\nsustent\u00e1vel. O setor de refrigera\u00e7\u00e3o representa uma preocupante crescente, uma vez<br \/>\nque as emiss\u00f5es associadas a essa atividade podem duplicar at\u00e9 2050, contribuindo<br \/>\nsignificativamente para o aquecimento global.<br \/>\nOs refrigeradores foram respons\u00e1veis por 19% do uso da eletricidade<br \/>\nsomente em 2022 e a demanda energ\u00e9tica desses equipamentos tende a crescer ainda<br \/>\nmais nos pr\u00f3ximos anos. Esta tend\u00eancia se deve \u00e0 necessidade de manter maior<br \/>\nconforto t\u00e9rmico, para a conserva\u00e7\u00e3o de alimentos e l\u00edquidos, assim como para a<br \/>\ngarantia da seguran\u00e7a da cadeia produtiva, evitando perdas e desperd\u00edcios. Al\u00e9m<br \/>\ndisso, os equipamentos de refrigera\u00e7\u00e3o desempenham um papel fundamental no setor<br \/>\nm\u00e9dico-hospitalar, garantindo a estabilidade de vacinas, medicamentos e insumos<br \/>\nessenciais do setor.<br \/>\nNo Brasil, estima-se que o consumo de energia de equipamentos de<br \/>\nrefrigera\u00e7\u00e3o e climatiza\u00e7\u00e3o corresponda a mais de 65% da energia total consumida no<br \/>\nsetor m\u00e9dico-hospitalar, sendo que os refrigeradores comerciais representam<br \/>\naproximadamente 25% do consumo total de energia nesses estabelecimentos. Diante<br \/>\ndesse cen\u00e1rio, torna-se imperativo fomentar a produ\u00e7\u00e3o de refrigeradores comerciais<br \/>\nmais eficientes, alinhando a pol\u00edtica energ\u00e9tica nacional com as necessidades de<br \/>\nsustentabilidade e redu\u00e7\u00e3o de custos.<br \/>\nNos pr\u00f3ximos anos os gastos energ\u00e9ticos desses equipamentos ir\u00e3o passar<br \/>\npor um aumento significativo, visto que ser\u00e1 necess\u00e1rio investir para manter o conforto<br \/>\nt\u00e9rmico, manter a qualidade da comida e a satisfa\u00e7\u00e3o de toda a cadeia produtiva.<br \/>\nDesde a d\u00e9cada de 1980, o Brasil vem adotando medidas para promover a<br \/>\nconserva\u00e7\u00e3o de energia da ind\u00fastria e desenvolver produtos e processos mais<br \/>\neficientes quanto \u00e0 energia dispendida. Entre os principais programas e marcos<br \/>\nregulat\u00f3rios que refor\u00e7am tais medidas, destacam-se:<br \/>\n\uf0b7 Lei n\u00ba 10.295, de 17 de outubro de 2001, que disp\u00f5e sobre a Pol\u00edtica<br \/>\nNacional de Conserva\u00e7\u00e3o e Uso Racional de Energia;<br \/>\n\uf0b7 Decreto n\u00ba 4.508, de 2002, e Decreto n\u00ba 9.864, de 2019, que<br \/>\nregulamentam os n\u00edveis m\u00ednimos de efici\u00eancia energ\u00e9tica de motores<br \/>\nel\u00e9tricos, da Pol\u00edtica Nacional de Conserva\u00e7\u00e3o e Uso Racional de<br \/>\nPara verificar a assinatura, acesse https:\/\/infoleg-autenticidade-assinatura.camara.leg.br\/CD251035420400<br \/>\nAssinado eletronicamente pelo(a) Dep. Vitor Lippi<br \/>\nApresenta\u00e7\u00e3o: 05\/06\/2025 10:11:51.890 &#8211; Mesa<br \/>\n*CD251035420400* PL n.2717\/2025<br \/>Energia e o Comit\u00ea Gestor de Indicadores e N\u00edveis de Efici\u00eancia<br \/>\nEnerg\u00e9tica; e<br \/>\n\uf0b7 Lei n\u00ba 9.991 de 2020, que disp\u00f5e sobre investimentos em pesquisa e<br \/>\ndesenvolvimento em efici\u00eancia energ\u00e9tica por parte de<br \/>\nconcession\u00e1rias, permission\u00e1rias e autorizadas do setor de energia<br \/>\nel\u00e9trica.<br \/>\nAl\u00e9m das normas citadas, o Brasil est\u00e1 entre os pa\u00edses do mundo que<br \/>\nestabeleceram os Padr\u00f5es M\u00ednimos de Desempenho Energ\u00e9tico (MEPS) para<br \/>\nrefrigeradores e equipamentos similares. Mesmo assim, os refrigeradores comerciais<br \/>\nno pa\u00eds ainda n\u00e3o possuem um padr\u00e3o m\u00ednimo obrigat\u00f3rio de efici\u00eancia energ\u00e9tica, o<br \/>\nque representa uma lacuna regulat\u00f3ria a ser devidamente superada.<br \/>\nO Brasil \u00e9 signat\u00e1rio da Emenda de Kigali ao Protocolo de Montreal, um<br \/>\ncompromisso internacional que busca a redu\u00e7\u00e3o progressiva de hidrofluorcarbonetos<br \/>\n(HFCs), subst\u00e2ncias utilizadas em sistemas de refrigera\u00e7\u00e3o que possuem elevado<br \/>\npotencial de aquecimento global. No entanto, ainda carecemos de uma<br \/>\nregulamenta\u00e7\u00e3o para a efici\u00eancia energ\u00e9tica dos refrigeradores comerciais, o que afeta<br \/>\no cumprimento das metas estabelecidas no Acordo de Paris e na Emenda de Kigali,<br \/>\nal\u00e9m de aumentar a press\u00e3o sobre o sistema energ\u00e9tico brasileiro.<br \/>\nApesar de os refrigeradores e climatizadores residenciais serem amparados<br \/>\npela pr\u00e1tica de etiquetagem sobre efici\u00eancia energ\u00e9tica, os comerciais n\u00e3o possuem<br \/>\nqualquer padr\u00e3o m\u00ednimo de efici\u00eancia energ\u00e9tica.<br \/>\nDiante da acelera\u00e7\u00e3o do aquecimento global, o Brasil precisa adotar<br \/>\nmedidas concretas para reduzir o consumo de energia e melhorar os indicadores<br \/>\nambientais. A regulamenta\u00e7\u00e3o da efici\u00eancia energ\u00e9tica dos refrigeradores comerciais<br \/>\nrepresenta um passo fundamental para a transi\u00e7\u00e3o energ\u00e9tica com maior efici\u00eancia,<br \/>\nefic\u00e1cia e pelo desenvolvimento sustent\u00e1vel do pa\u00eds. O que representa um importante<br \/>\navan\u00e7o para a ind\u00fastria nacional e se insere na pol\u00edtica industrial Nova Ind\u00fastria Brasil<br \/>\n(NIB).<br \/>\nDiante do exposto, contamos com o apoio dos Nobres parlamentares para a<br \/>\naprova\u00e7\u00e3o desta proposta que visa consolidar o Brasil como refer\u00eancia em efici\u00eancia<br \/>\nenerg\u00e9tica e sustentabilidade no setor de refrigera\u00e7\u00e3o comercial.<br \/>\nSala de sess\u00f5es, em                   de           de 2025.<br \/>\nDeputado VITOR LIPPI<br \/>\nPara verificar a assinatura, acesse https:\/\/infoleg-autenticidade-assinatura.camara.leg.br\/CD251035420400<br \/>\nAssinado eletronicamente pelo(a) Dep. Vitor Lippi<br \/>\nApresenta\u00e7\u00e3o: 05\/06\/2025 10:11:51.890 &#8211; Mesa<br \/>\n*CD251035420400* PL n.2717\/2025<\/article>\n<p><a href='https:\/\/app.legislapp.com.br\/#\/busca?termo=Cria\u00e7\u00e3o'>Cria\u00e7\u00e3o<\/a>, <a href='https:\/\/app.legislapp.com.br\/#\/busca?termo=Marco Legal da Acelera\u00e7\u00e3o da Efici\u00eancia Energ\u00e9tica de Refrigeradores Comerciais'>Marco Legal da Acelera\u00e7\u00e3o da Efici\u00eancia Energ\u00e9tica de Refrigeradores Comerciais<\/a>, <a href='https:\/\/app.legislapp.com.br\/#\/busca?termo=refrigerador comercial'>refrigerador comercial<\/a>, <a href='https:\/\/app.legislapp.com.br\/#\/busca?termo=informa\u00e7\u00e3o ao consumidor'>informa\u00e7\u00e3o ao consumidor<\/a>, <a href='https:\/\/app.legislapp.com.br\/#\/busca?termo=desempenho'>desempenho<\/a>, <a href='https:\/\/app.legislapp.com.br\/#\/busca?termo=consumo de energia'>consumo de energia<\/a>, <a href='https:\/\/app.legislapp.com.br\/#\/busca?termo=Poder Executivo'>Poder Executivo<\/a>, <a href='https:\/\/app.legislapp.com.br\/#\/busca?termo=defini\u00e7\u00e3o'>defini\u00e7\u00e3o<\/a>, <a href='https:\/\/app.legislapp.com.br\/#\/busca?termo=\u00edndice'>\u00edndice<\/a>, <a href='https:\/\/app.legislapp.com.br\/#\/busca?termo=efici\u00eancia energ\u00e9tica.'>efici\u00eancia energ\u00e9tica.<\/a><\/p>\n<div style=\"text-align: center\">\n      <img decoding=\"async\" style=\"width: 14%;\" src=\"https:\/\/www.legislapp.com.br\/wp-content\/uploads\/2021\/07\/Logo-Legislapp-1-03-1.png\"><br \/>\n      <\/p>\n<div style=\"margin-bottom: 20px;\" class=\"et_pb_button_module_wrapper et_pb_button_5_tb_body_wrapper et_pb_button_alignment_center et_pb_module \">\n         <a class=\"et_pb_button et_pb_button_5_tb_body et_hover_enabled et_pb_bg_layout_dark\" style=\"width: 50%;background-color: black;\" href=\"https:\/\/app.legislapp.com.br\" target=\"_blank\" rel=\"noopener\">Visualizar completo na nossa plataforma (30 dias gr\u00e1tis)<\/a><\/p><\/div>\n<p>      <a href=\"https:\/\/play.google.com\/store\/apps\/details?id=br.com.legislapp\"><img decoding=\"async\" style=\"width: 15%; min-width: 130px;\" src=\"https:\/\/www.legislapp.com.br\/wp-content\/uploads\/google-play.png\"><\/a><br \/>\n      <a href=\"https:\/\/apps.apple.com\/us\/app\/legislapp\/id1568929859\"><img decoding=\"async\" style=\"width: 15%; min-width: 130px\" src=\"https:\/\/www.legislapp.com.br\/wp-content\/uploads\/apple-store.png\"><\/a>\n   <\/div>\n","protected":false},"excerpt":{"rendered":"<p>Avulso Inicial &#8211; Autoria de Vitor Lippi PROJETO DE LEI N\u00ba , DE 2025 (Do Sr. VITOR LIPPI) Institui o Marco Legal da Acelera\u00e7\u00e3o da Efici\u00eancia Energ\u00e9tica nos refrigeradores. O Congresso Nacional decreta: Art. 1\u00ba Institui o Marco Legal da Acelera\u00e7\u00e3o da Efici\u00eancia Energ\u00e9tica de refrigeradores comerciais, estabelecendo diretrizes para a transpar\u00eancia na informa\u00e7\u00e3o ao [&hellip;]<\/p>\n","protected":false},"author":1,"featured_media":0,"parent":0,"menu_order":0,"comment_status":"closed","ping_status":"closed","template":"page-template-blank.php","meta":{"_et_pb_use_builder":"","_et_pb_old_content":"","_et_gb_content_width":"1080","ngg_post_thumbnail":0,"footnotes":""},"class_list":["post-10334","page","type-page","status-publish","hentry"],"yoast_head":"<!-- This site is optimized with the Yoast SEO plugin v24.4 - https:\/\/yoast.com\/wordpress\/plugins\/seo\/ -->\n<title>Avulso Inicial - PL 2717\/2025 - C\u00e2mara - Legislapp<\/title>\n<meta name=\"robots\" content=\"index, follow, max-snippet:-1, max-image-preview:large, max-video-preview:-1\" \/>\n<link rel=\"canonical\" href=\"https:\/\/www.legislapp.com.br\/index.php\/avulso-inicial-pl-2717-2025-camara\/\" \/>\n<meta property=\"og:locale\" content=\"pt_BR\" \/>\n<meta property=\"og:type\" content=\"article\" \/>\n<meta property=\"og:title\" content=\"Avulso Inicial - PL 2717\/2025 - C\u00e2mara - Legislapp\" \/>\n<meta property=\"og:description\" content=\"Avulso Inicial &#8211; Autoria de Vitor Lippi PROJETO DE LEI N\u00ba , DE 2025 (Do Sr. VITOR LIPPI) Institui o Marco Legal da Acelera\u00e7\u00e3o da Efici\u00eancia Energ\u00e9tica nos refrigeradores. O Congresso Nacional decreta: Art. 1\u00ba Institui o Marco Legal da Acelera\u00e7\u00e3o da Efici\u00eancia Energ\u00e9tica de refrigeradores comerciais, estabelecendo diretrizes para a transpar\u00eancia na informa\u00e7\u00e3o ao [&hellip;]\" \/>\n<meta property=\"og:url\" content=\"https:\/\/www.legislapp.com.br\/index.php\/avulso-inicial-pl-2717-2025-camara\/\" \/>\n<meta property=\"og:site_name\" content=\"Legislapp\" \/>\n<meta property=\"article:publisher\" content=\"https:\/\/www.instagram.com\/legislapp\/\" \/>\n<meta property=\"og:image\" content=\"https:\/\/www.legislapp.com.br\/wp-content\/uploads\/2021\/07\/Logo-Legislapp-1-03-1.png\" \/>\n<meta name=\"twitter:card\" content=\"summary_large_image\" \/>\n<meta name=\"twitter:label1\" content=\"Est. tempo de leitura\" \/>\n\t<meta name=\"twitter:data1\" content=\"6 minutos\" \/>\n<script type=\"application\/ld+json\" class=\"yoast-schema-graph\">{\"@context\":\"https:\/\/schema.org\",\"@graph\":[{\"@type\":\"WebPage\",\"@id\":\"https:\/\/www.legislapp.com.br\/index.php\/avulso-inicial-pl-2717-2025-camara\/\",\"url\":\"https:\/\/www.legislapp.com.br\/index.php\/avulso-inicial-pl-2717-2025-camara\/\",\"name\":\"Avulso Inicial - PL 2717\/2025 - C\u00e2mara - Legislapp\",\"isPartOf\":{\"@id\":\"https:\/\/www.legislapp.com.br\/#website\"},\"primaryImageOfPage\":{\"@id\":\"https:\/\/www.legislapp.com.br\/index.php\/avulso-inicial-pl-2717-2025-camara\/#primaryimage\"},\"image\":{\"@id\":\"https:\/\/www.legislapp.com.br\/index.php\/avulso-inicial-pl-2717-2025-camara\/#primaryimage\"},\"thumbnailUrl\":\"https:\/\/www.legislapp.com.br\/wp-content\/uploads\/2021\/07\/Logo-Legislapp-1-03-1.png\",\"datePublished\":\"2025-12-01T14:13:05+00:00\",\"breadcrumb\":{\"@id\":\"https:\/\/www.legislapp.com.br\/index.php\/avulso-inicial-pl-2717-2025-camara\/#breadcrumb\"},\"inLanguage\":\"pt-BR\",\"potentialAction\":[{\"@type\":\"ReadAction\",\"target\":[\"https:\/\/www.legislapp.com.br\/index.php\/avulso-inicial-pl-2717-2025-camara\/\"]}]},{\"@type\":\"ImageObject\",\"inLanguage\":\"pt-BR\",\"@id\":\"https:\/\/www.legislapp.com.br\/index.php\/avulso-inicial-pl-2717-2025-camara\/#primaryimage\",\"url\":\"https:\/\/www.legislapp.com.br\/wp-content\/uploads\/2021\/07\/Logo-Legislapp-1-03-1.png\",\"contentUrl\":\"https:\/\/www.legislapp.com.br\/wp-content\/uploads\/2021\/07\/Logo-Legislapp-1-03-1.png\",\"width\":2679,\"height\":2697},{\"@type\":\"BreadcrumbList\",\"@id\":\"https:\/\/www.legislapp.com.br\/index.php\/avulso-inicial-pl-2717-2025-camara\/#breadcrumb\",\"itemListElement\":[{\"@type\":\"ListItem\",\"position\":1,\"name\":\"In\u00edcio\",\"item\":\"https:\/\/www.legislapp.com.br\/\"},{\"@type\":\"ListItem\",\"position\":2,\"name\":\"Avulso Inicial &#8211; PL 2717\/2025 &#8211; C\u00e2mara\"}]},{\"@type\":\"WebSite\",\"@id\":\"https:\/\/www.legislapp.com.br\/#website\",\"url\":\"https:\/\/www.legislapp.com.br\/\",\"name\":\"Legislapp\",\"description\":\"Intelig\u00eancia governamental em tempo real\",\"publisher\":{\"@id\":\"https:\/\/www.legislapp.com.br\/#organization\"},\"potentialAction\":[{\"@type\":\"SearchAction\",\"target\":{\"@type\":\"EntryPoint\",\"urlTemplate\":\"https:\/\/www.legislapp.com.br\/?s={search_term_string}\"},\"query-input\":{\"@type\":\"PropertyValueSpecification\",\"valueRequired\":true,\"valueName\":\"search_term_string\"}}],\"inLanguage\":\"pt-BR\"},{\"@type\":\"Organization\",\"@id\":\"https:\/\/www.legislapp.com.br\/#organization\",\"name\":\"Legislapp Monitoramento e Intelig\u00eancia Governamental\",\"url\":\"https:\/\/www.legislapp.com.br\/\",\"logo\":{\"@type\":\"ImageObject\",\"inLanguage\":\"pt-BR\",\"@id\":\"https:\/\/www.legislapp.com.br\/#\/schema\/logo\/image\/\",\"url\":\"https:\/\/www.legislapp.com.br\/wp-content\/uploads\/icon.png\",\"contentUrl\":\"https:\/\/www.legislapp.com.br\/wp-content\/uploads\/icon.png\",\"width\":1024,\"height\":1024,\"caption\":\"Legislapp Monitoramento e Intelig\u00eancia Governamental\"},\"image\":{\"@id\":\"https:\/\/www.legislapp.com.br\/#\/schema\/logo\/image\/\"},\"sameAs\":[\"https:\/\/www.instagram.com\/legislapp\/\"]}]}<\/script>\n<!-- \/ Yoast SEO plugin. -->","yoast_head_json":{"title":"Avulso Inicial - PL 2717\/2025 - C\u00e2mara - Legislapp","robots":{"index":"index","follow":"follow","max-snippet":"max-snippet:-1","max-image-preview":"max-image-preview:large","max-video-preview":"max-video-preview:-1"},"canonical":"https:\/\/www.legislapp.com.br\/index.php\/avulso-inicial-pl-2717-2025-camara\/","og_locale":"pt_BR","og_type":"article","og_title":"Avulso Inicial - PL 2717\/2025 - C\u00e2mara - Legislapp","og_description":"Avulso Inicial &#8211; Autoria de Vitor Lippi PROJETO DE LEI N\u00ba , DE 2025 (Do Sr. VITOR LIPPI) Institui o Marco Legal da Acelera\u00e7\u00e3o da Efici\u00eancia Energ\u00e9tica nos refrigeradores. O Congresso Nacional decreta: Art. 1\u00ba Institui o Marco Legal da Acelera\u00e7\u00e3o da Efici\u00eancia Energ\u00e9tica de refrigeradores comerciais, estabelecendo diretrizes para a transpar\u00eancia na informa\u00e7\u00e3o ao [&hellip;]","og_url":"https:\/\/www.legislapp.com.br\/index.php\/avulso-inicial-pl-2717-2025-camara\/","og_site_name":"Legislapp","article_publisher":"https:\/\/www.instagram.com\/legislapp\/","og_image":[{"url":"https:\/\/www.legislapp.com.br\/wp-content\/uploads\/2021\/07\/Logo-Legislapp-1-03-1.png","type":"","width":"","height":""}],"twitter_card":"summary_large_image","twitter_misc":{"Est. tempo de leitura":"6 minutos"},"schema":{"@context":"https:\/\/schema.org","@graph":[{"@type":"WebPage","@id":"https:\/\/www.legislapp.com.br\/index.php\/avulso-inicial-pl-2717-2025-camara\/","url":"https:\/\/www.legislapp.com.br\/index.php\/avulso-inicial-pl-2717-2025-camara\/","name":"Avulso Inicial - PL 2717\/2025 - C\u00e2mara - Legislapp","isPartOf":{"@id":"https:\/\/www.legislapp.com.br\/#website"},"primaryImageOfPage":{"@id":"https:\/\/www.legislapp.com.br\/index.php\/avulso-inicial-pl-2717-2025-camara\/#primaryimage"},"image":{"@id":"https:\/\/www.legislapp.com.br\/index.php\/avulso-inicial-pl-2717-2025-camara\/#primaryimage"},"thumbnailUrl":"https:\/\/www.legislapp.com.br\/wp-content\/uploads\/2021\/07\/Logo-Legislapp-1-03-1.png","datePublished":"2025-12-01T14:13:05+00:00","breadcrumb":{"@id":"https:\/\/www.legislapp.com.br\/index.php\/avulso-inicial-pl-2717-2025-camara\/#breadcrumb"},"inLanguage":"pt-BR","potentialAction":[{"@type":"ReadAction","target":["https:\/\/www.legislapp.com.br\/index.php\/avulso-inicial-pl-2717-2025-camara\/"]}]},{"@type":"ImageObject","inLanguage":"pt-BR","@id":"https:\/\/www.legislapp.com.br\/index.php\/avulso-inicial-pl-2717-2025-camara\/#primaryimage","url":"https:\/\/www.legislapp.com.br\/wp-content\/uploads\/2021\/07\/Logo-Legislapp-1-03-1.png","contentUrl":"https:\/\/www.legislapp.com.br\/wp-content\/uploads\/2021\/07\/Logo-Legislapp-1-03-1.png","width":2679,"height":2697},{"@type":"BreadcrumbList","@id":"https:\/\/www.legislapp.com.br\/index.php\/avulso-inicial-pl-2717-2025-camara\/#breadcrumb","itemListElement":[{"@type":"ListItem","position":1,"name":"In\u00edcio","item":"https:\/\/www.legislapp.com.br\/"},{"@type":"ListItem","position":2,"name":"Avulso Inicial &#8211; PL 2717\/2025 &#8211; C\u00e2mara"}]},{"@type":"WebSite","@id":"https:\/\/www.legislapp.com.br\/#website","url":"https:\/\/www.legislapp.com.br\/","name":"Legislapp","description":"Intelig\u00eancia governamental em tempo real","publisher":{"@id":"https:\/\/www.legislapp.com.br\/#organization"},"potentialAction":[{"@type":"SearchAction","target":{"@type":"EntryPoint","urlTemplate":"https:\/\/www.legislapp.com.br\/?s={search_term_string}"},"query-input":{"@type":"PropertyValueSpecification","valueRequired":true,"valueName":"search_term_string"}}],"inLanguage":"pt-BR"},{"@type":"Organization","@id":"https:\/\/www.legislapp.com.br\/#organization","name":"Legislapp Monitoramento e Intelig\u00eancia Governamental","url":"https:\/\/www.legislapp.com.br\/","logo":{"@type":"ImageObject","inLanguage":"pt-BR","@id":"https:\/\/www.legislapp.com.br\/#\/schema\/logo\/image\/","url":"https:\/\/www.legislapp.com.br\/wp-content\/uploads\/icon.png","contentUrl":"https:\/\/www.legislapp.com.br\/wp-content\/uploads\/icon.png","width":1024,"height":1024,"caption":"Legislapp Monitoramento e Intelig\u00eancia Governamental"},"image":{"@id":"https:\/\/www.legislapp.com.br\/#\/schema\/logo\/image\/"},"sameAs":["https:\/\/www.instagram.com\/legislapp\/"]}]}},"_links":{"self":[{"href":"https:\/\/www.legislapp.com.br\/index.php\/wp-json\/wp\/v2\/pages\/10334","targetHints":{"allow":["GET"]}}],"collection":[{"href":"https:\/\/www.legislapp.com.br\/index.php\/wp-json\/wp\/v2\/pages"}],"about":[{"href":"https:\/\/www.legislapp.com.br\/index.php\/wp-json\/wp\/v2\/types\/page"}],"author":[{"embeddable":true,"href":"https:\/\/www.legislapp.com.br\/index.php\/wp-json\/wp\/v2\/users\/1"}],"replies":[{"embeddable":true,"href":"https:\/\/www.legislapp.com.br\/index.php\/wp-json\/wp\/v2\/comments?post=10334"}],"version-history":[{"count":0,"href":"https:\/\/www.legislapp.com.br\/index.php\/wp-json\/wp\/v2\/pages\/10334\/revisions"}],"wp:attachment":[{"href":"https:\/\/www.legislapp.com.br\/index.php\/wp-json\/wp\/v2\/media?parent=10334"}],"curies":[{"name":"wp","href":"https:\/\/api.w.org\/{rel}","templated":true}]}}