{"id":10473,"date":"2025-12-01T11:20:06","date_gmt":"2025-12-01T14:20:06","guid":{"rendered":"https:\/\/www.legislapp.com.br\/index.php\/avulso-inicial-pl-4725-2025-camara\/"},"modified":"2025-12-01T11:20:06","modified_gmt":"2025-12-01T14:20:06","slug":"avulso-inicial-pl-4725-2025-camara","status":"publish","type":"page","link":"https:\/\/www.legislapp.com.br\/index.php\/avulso-inicial-pl-4725-2025-camara\/","title":{"rendered":"Avulso Inicial &#8211; PL 4725\/2025 &#8211; C\u00e2mara"},"content":{"rendered":"<h1 style='text-align: center;'>Avulso Inicial &#8211; Autoria de Jonas Donizette<\/h3>\n<p><\/p>\n<article>PROJETO DE LEI N\u00ba          , DE 2025<br \/>\n(Do Sr. JONAS DONIZETTE)<br \/>\nAltera a legisla\u00e7\u00e3o previdenci\u00e1ria para<br \/>\nestabelecer que o tempo de contribui\u00e7\u00e3o do<br \/>\njovem aprendiz ser\u00e1 computado para fins de<br \/>\naposentadoria.<br \/>\nO Congresso Nacional decreta:<br \/>\nArt. 1\u00ba Esta Lei altera o Decreto Lei n\u00ba 5.452, de 1\u00ba de maio de<br \/>\n1943, Consolida\u00e7\u00e3o das Leis do Trabalho, para alterar a legisla\u00e7\u00e3o<br \/>\nprevidenci\u00e1ria para estabelecer que o tempo de contribui\u00e7\u00e3o do jovem aprendiz<br \/>\nser\u00e1 computado para fins de aposentadoria.<br \/>\nArt. 2\u00ba O art. 428 do Decreto Lei n\u00ba 5.452, de 1\u00ba de maio de<br \/>\n1943, Consolida\u00e7\u00e3o das Leis do, passa a vigorar com as seguintes altera\u00e7\u00f5es:<br \/>\nArt.<br \/>\n428&#8230;&#8230;&#8230;&#8230;&#8230;&#8230;&#8230;&#8230;&#8230;&#8230;&#8230;&#8230;&#8230;&#8230;&#8230;&#8230;&#8230;&#8230;&#8230;&#8230;&#8230;&#8230;&#8230;&#8230;&#8230;&#8230;&#8230;&#8230;&#8230;&#8230;&#8230;..<br \/>\n&#8230;&#8230;&#8230;&#8230;&#8230;&#8230;&#8230;&#8230;&#8230;&#8230;&#8230;&#8230;&#8230;&#8230;&#8230;&#8230;&#8230;&#8230;&#8230;&#8230;&#8230;&#8230;&#8230;&#8230;&#8230;&#8230;&#8230;&#8230;&#8230;&#8230;&#8230;&#8230;&#8230;.<br \/>\nPar\u00e1grafo \u00fanico \u2013 O tempo de contribui\u00e7\u00e3o do jovem aprendiz<br \/>\nser\u00e1 totalmente contabilizado para a concess\u00e3o de sua<br \/>\naposentadoria.<br \/>\nArt. 3\u00ba Esta Lei entra em vigor na data da sua publica\u00e7\u00e3o.<br \/>\nJUSTIFICA\u00c7\u00c3O<br \/>\nO presente Projeto de Lei tem como objetivo assegurar, de<br \/>\nforma clara e consolidada, que o tempo de servi\u00e7o prestado por jovens<br \/>\naprendizes seja computado para fins de aposentadoria. A medida busca<br \/>\nharmonizar os princ\u00edpios de prote\u00e7\u00e3o social e est\u00edmulo \u00e0 inser\u00e7\u00e3o profissional<br \/>\njuvenil, reconhecendo que o contrato de aprendizagem, embora especial,<br \/>\nPara verificar a assinatura, acesse https:\/\/infoleg-autenticidade-assinatura.camara.leg.br\/CD259864039000<br \/>\nAssinado eletronicamente pelo(a) Dep. Jonas Donizette<br \/>\nApresenta\u00e7\u00e3o: 23\/09\/2025 17:33:16.780 &#8211; Mesa<br \/>\n*CD259864039000* PL n.4725\/2025<br \/>2<br \/>\nconstitui v\u00ednculo de trabalho regido pela Consolida\u00e7\u00e3o das Leis do Trabalho<br \/>\n(CLT), conforme previsto no artigo 428\u00b9.<br \/>\nO Superior Tribunal de Justi\u00e7a (STJ), nos Recursos Especiais<br \/>\nn\u00ba 2.191.479 e 2.191.694, j\u00e1 reconheceu que o contrato de aprendizagem<br \/>\npossui efeitos previdenci\u00e1rios, destacando que \u201cn\u00e3o se sustenta o argumento<br \/>\nde que o aprendiz \u00e9 segurado facultativo\u201d, uma vez que o jovem, ao<br \/>\ndesempenhar atividades mediante contrato formal, enquadra-se na categoria<br \/>\nde segurado empregado\u00b2. Tal entendimento corrige uma distor\u00e7\u00e3o hist\u00f3rica que<br \/>\ndificultava a plena integra\u00e7\u00e3o dos aprendizes ao sistema de seguridade social,<br \/>\ngarantindo que o esfor\u00e7o desenvolvido no per\u00edodo de aprendizagem repercuta<br \/>\npositivamente na aposentadoria futura.<br \/>\nDo ponto de vista social, a proposta fortalece a prote\u00e7\u00e3o<br \/>\nintegral ao jovem trabalhador, prevista no Estatuto da Crian\u00e7a e do<br \/>\nAdolescente, contribuindo para a inclus\u00e3o previdenci\u00e1ria de uma parcela da<br \/>\npopula\u00e7\u00e3o que inicia a vida profissional em situa\u00e7\u00e3o de vulnerabilidade.<br \/>\nGarantir que o tempo de aprendizagem conte para aposentadoria significa<br \/>\nreconhecer que o trabalho e a dedica\u00e7\u00e3o do jovem no presente devem refletir<br \/>\nem seguran\u00e7a e dignidade no futuro.<br \/>\nAl\u00e9m disso, a proposta contribui para a redu\u00e7\u00e3o da<br \/>\ninformalidade juvenil, ampliando a atratividade do contrato de aprendizagem<br \/>\ncomo caminho seguro de inser\u00e7\u00e3o no mercado de trabalho e refor\u00e7ando o<br \/>\ncar\u00e1ter solid\u00e1rio da Previd\u00eancia Social. Assim, o que poderia ser percebido<br \/>\ncomo custo adicional transforma-se em investimento social de longo prazo,<br \/>\nformando cidad\u00e3os mais protegidos e preparados para o futuro.<br \/>\nEm s\u00edntese, a aprova\u00e7\u00e3o deste Projeto de Lei consolida<br \/>\njuridicamente o reconhecimento do contrato de aprendizagem como tempo de<br \/>\ncontribui\u00e7\u00e3o para aposentadoria, harmonizando a realidade social e econ\u00f4mica<br \/>\ndo pa\u00eds, fortalecendo a prote\u00e7\u00e3o previdenci\u00e1ria dos jovens aprendizes e<br \/>\ngarantindo-lhes efetiva cidadania laboral.<br \/>\n1- Consolida\u00e7\u00e3o das Leis do Trabalho, art. 428.<br \/>\n2-  Superior Tribunal de Justi\u00e7a, 1\u00aa Se\u00e7\u00e3o, REsp 2191479 e REsp 2191694,<br \/>\ndecis\u00e3o relatada pela Ministra Maria Thereza de Assis Moura.<br \/>\nPara verificar a assinatura, acesse https:\/\/infoleg-autenticidade-assinatura.camara.leg.br\/CD259864039000<br \/>\nAssinado eletronicamente pelo(a) Dep. Jonas Donizette<br \/>\nApresenta\u00e7\u00e3o: 23\/09\/2025 17:33:16.780 &#8211; Mesa<br \/>\n*CD259864039000* PL n.4725\/2025<br \/>3<br \/>\nAnte o exposto, rogamos aos nobres Pares apoio para<br \/>\naprova\u00e7\u00e3o da mat\u00e9ria.<br \/>\nSala das Sess\u00f5es, em        de                     de 2025.<br \/>\nDeputado JONAS DONIZETTE<br \/>\n1- Consolida\u00e7\u00e3o das Leis do Trabalho, art. 428.<br \/>\n2-  Superior Tribunal de Justi\u00e7a, 1\u00aa Se\u00e7\u00e3o, REsp 2191479 e REsp 2191694,<br \/>\ndecis\u00e3o relatada pela Ministra Maria Thereza de Assis Moura.<br \/>\nPara verificar a assinatura, acesse https:\/\/infoleg-autenticidade-assinatura.camara.leg.br\/CD259864039000<br \/>\nAssinado eletronicamente pelo(a) Dep. Jonas Donizette<br \/>\nApresenta\u00e7\u00e3o: 23\/09\/2025 17:33:16.780 &#8211; Mesa<br \/>\n*CD259864039000* PL n.4725\/2025<\/article>\n<p><a href='https:\/\/app.legislapp.com.br\/#\/busca?termo='><\/a><\/p>\n<div style=\"text-align: center\">\n      <img decoding=\"async\" style=\"width: 14%;\" src=\"https:\/\/www.legislapp.com.br\/wp-content\/uploads\/2021\/07\/Logo-Legislapp-1-03-1.png\"><br \/>\n      <\/p>\n<div style=\"margin-bottom: 20px;\" class=\"et_pb_button_module_wrapper et_pb_button_5_tb_body_wrapper et_pb_button_alignment_center et_pb_module \">\n         <a class=\"et_pb_button et_pb_button_5_tb_body et_hover_enabled et_pb_bg_layout_dark\" style=\"width: 50%;background-color: black;\" href=\"https:\/\/app.legislapp.com.br\" target=\"_blank\" rel=\"noopener\">Visualizar completo na nossa plataforma (30 dias gr\u00e1tis)<\/a><\/p><\/div>\n<p>      <a href=\"https:\/\/play.google.com\/store\/apps\/details?id=br.com.legislapp\"><img decoding=\"async\" style=\"width: 15%; min-width: 130px;\" src=\"https:\/\/www.legislapp.com.br\/wp-content\/uploads\/google-play.png\"><\/a><br \/>\n      <a href=\"https:\/\/apps.apple.com\/us\/app\/legislapp\/id1568929859\"><img decoding=\"async\" style=\"width: 15%; min-width: 130px\" src=\"https:\/\/www.legislapp.com.br\/wp-content\/uploads\/apple-store.png\"><\/a>\n   <\/div>\n","protected":false},"excerpt":{"rendered":"<p>Avulso Inicial &#8211; Autoria de Jonas Donizette PROJETO DE LEI N\u00ba , DE 2025 (Do Sr. JONAS DONIZETTE) Altera a legisla\u00e7\u00e3o previdenci\u00e1ria para estabelecer que o tempo de contribui\u00e7\u00e3o do jovem aprendiz ser\u00e1 computado para fins de aposentadoria. O Congresso Nacional decreta: Art. 1\u00ba Esta Lei altera o Decreto Lei n\u00ba 5.452, de 1\u00ba de [&hellip;]<\/p>\n","protected":false},"author":1,"featured_media":0,"parent":0,"menu_order":0,"comment_status":"closed","ping_status":"closed","template":"page-template-blank.php","meta":{"_et_pb_use_builder":"","_et_pb_old_content":"","_et_gb_content_width":"1080","ngg_post_thumbnail":0,"footnotes":""},"class_list":["post-10473","page","type-page","status-publish","hentry"],"yoast_head":"<!-- This site is optimized with the Yoast SEO plugin v24.4 - https:\/\/yoast.com\/wordpress\/plugins\/seo\/ -->\n<title>Avulso Inicial - PL 4725\/2025 - C\u00e2mara - Legislapp<\/title>\n<meta name=\"robots\" content=\"index, follow, max-snippet:-1, max-image-preview:large, max-video-preview:-1\" \/>\n<link rel=\"canonical\" href=\"https:\/\/www.legislapp.com.br\/index.php\/avulso-inicial-pl-4725-2025-camara\/\" \/>\n<meta property=\"og:locale\" content=\"pt_BR\" \/>\n<meta property=\"og:type\" content=\"article\" \/>\n<meta property=\"og:title\" content=\"Avulso Inicial - PL 4725\/2025 - C\u00e2mara - Legislapp\" \/>\n<meta property=\"og:description\" content=\"Avulso Inicial &#8211; Autoria de Jonas Donizette PROJETO DE LEI N\u00ba , DE 2025 (Do Sr. JONAS DONIZETTE) Altera a legisla\u00e7\u00e3o previdenci\u00e1ria para estabelecer que o tempo de contribui\u00e7\u00e3o do jovem aprendiz ser\u00e1 computado para fins de aposentadoria. O Congresso Nacional decreta: Art. 1\u00ba Esta Lei altera o Decreto Lei n\u00ba 5.452, de 1\u00ba de [&hellip;]\" \/>\n<meta property=\"og:url\" content=\"https:\/\/www.legislapp.com.br\/index.php\/avulso-inicial-pl-4725-2025-camara\/\" \/>\n<meta property=\"og:site_name\" content=\"Legislapp\" \/>\n<meta property=\"article:publisher\" content=\"https:\/\/www.instagram.com\/legislapp\/\" \/>\n<meta property=\"og:image\" content=\"https:\/\/www.legislapp.com.br\/wp-content\/uploads\/2021\/07\/Logo-Legislapp-1-03-1.png\" \/>\n<meta name=\"twitter:card\" content=\"summary_large_image\" \/>\n<meta name=\"twitter:label1\" content=\"Est. tempo de leitura\" \/>\n\t<meta name=\"twitter:data1\" content=\"3 minutos\" \/>\n<script type=\"application\/ld+json\" class=\"yoast-schema-graph\">{\"@context\":\"https:\/\/schema.org\",\"@graph\":[{\"@type\":\"WebPage\",\"@id\":\"https:\/\/www.legislapp.com.br\/index.php\/avulso-inicial-pl-4725-2025-camara\/\",\"url\":\"https:\/\/www.legislapp.com.br\/index.php\/avulso-inicial-pl-4725-2025-camara\/\",\"name\":\"Avulso Inicial - PL 4725\/2025 - C\u00e2mara - Legislapp\",\"isPartOf\":{\"@id\":\"https:\/\/www.legislapp.com.br\/#website\"},\"primaryImageOfPage\":{\"@id\":\"https:\/\/www.legislapp.com.br\/index.php\/avulso-inicial-pl-4725-2025-camara\/#primaryimage\"},\"image\":{\"@id\":\"https:\/\/www.legislapp.com.br\/index.php\/avulso-inicial-pl-4725-2025-camara\/#primaryimage\"},\"thumbnailUrl\":\"https:\/\/www.legislapp.com.br\/wp-content\/uploads\/2021\/07\/Logo-Legislapp-1-03-1.png\",\"datePublished\":\"2025-12-01T14:20:06+00:00\",\"breadcrumb\":{\"@id\":\"https:\/\/www.legislapp.com.br\/index.php\/avulso-inicial-pl-4725-2025-camara\/#breadcrumb\"},\"inLanguage\":\"pt-BR\",\"potentialAction\":[{\"@type\":\"ReadAction\",\"target\":[\"https:\/\/www.legislapp.com.br\/index.php\/avulso-inicial-pl-4725-2025-camara\/\"]}]},{\"@type\":\"ImageObject\",\"inLanguage\":\"pt-BR\",\"@id\":\"https:\/\/www.legislapp.com.br\/index.php\/avulso-inicial-pl-4725-2025-camara\/#primaryimage\",\"url\":\"https:\/\/www.legislapp.com.br\/wp-content\/uploads\/2021\/07\/Logo-Legislapp-1-03-1.png\",\"contentUrl\":\"https:\/\/www.legislapp.com.br\/wp-content\/uploads\/2021\/07\/Logo-Legislapp-1-03-1.png\",\"width\":2679,\"height\":2697},{\"@type\":\"BreadcrumbList\",\"@id\":\"https:\/\/www.legislapp.com.br\/index.php\/avulso-inicial-pl-4725-2025-camara\/#breadcrumb\",\"itemListElement\":[{\"@type\":\"ListItem\",\"position\":1,\"name\":\"In\u00edcio\",\"item\":\"https:\/\/www.legislapp.com.br\/\"},{\"@type\":\"ListItem\",\"position\":2,\"name\":\"Avulso Inicial &#8211; PL 4725\/2025 &#8211; C\u00e2mara\"}]},{\"@type\":\"WebSite\",\"@id\":\"https:\/\/www.legislapp.com.br\/#website\",\"url\":\"https:\/\/www.legislapp.com.br\/\",\"name\":\"Legislapp\",\"description\":\"Intelig\u00eancia governamental em tempo real\",\"publisher\":{\"@id\":\"https:\/\/www.legislapp.com.br\/#organization\"},\"potentialAction\":[{\"@type\":\"SearchAction\",\"target\":{\"@type\":\"EntryPoint\",\"urlTemplate\":\"https:\/\/www.legislapp.com.br\/?s={search_term_string}\"},\"query-input\":{\"@type\":\"PropertyValueSpecification\",\"valueRequired\":true,\"valueName\":\"search_term_string\"}}],\"inLanguage\":\"pt-BR\"},{\"@type\":\"Organization\",\"@id\":\"https:\/\/www.legislapp.com.br\/#organization\",\"name\":\"Legislapp Monitoramento e Intelig\u00eancia Governamental\",\"url\":\"https:\/\/www.legislapp.com.br\/\",\"logo\":{\"@type\":\"ImageObject\",\"inLanguage\":\"pt-BR\",\"@id\":\"https:\/\/www.legislapp.com.br\/#\/schema\/logo\/image\/\",\"url\":\"https:\/\/www.legislapp.com.br\/wp-content\/uploads\/icon.png\",\"contentUrl\":\"https:\/\/www.legislapp.com.br\/wp-content\/uploads\/icon.png\",\"width\":1024,\"height\":1024,\"caption\":\"Legislapp Monitoramento e Intelig\u00eancia Governamental\"},\"image\":{\"@id\":\"https:\/\/www.legislapp.com.br\/#\/schema\/logo\/image\/\"},\"sameAs\":[\"https:\/\/www.instagram.com\/legislapp\/\"]}]}<\/script>\n<!-- \/ Yoast SEO plugin. -->","yoast_head_json":{"title":"Avulso Inicial - PL 4725\/2025 - C\u00e2mara - Legislapp","robots":{"index":"index","follow":"follow","max-snippet":"max-snippet:-1","max-image-preview":"max-image-preview:large","max-video-preview":"max-video-preview:-1"},"canonical":"https:\/\/www.legislapp.com.br\/index.php\/avulso-inicial-pl-4725-2025-camara\/","og_locale":"pt_BR","og_type":"article","og_title":"Avulso Inicial - PL 4725\/2025 - C\u00e2mara - Legislapp","og_description":"Avulso Inicial &#8211; Autoria de Jonas Donizette PROJETO DE LEI N\u00ba , DE 2025 (Do Sr. JONAS DONIZETTE) Altera a legisla\u00e7\u00e3o previdenci\u00e1ria para estabelecer que o tempo de contribui\u00e7\u00e3o do jovem aprendiz ser\u00e1 computado para fins de aposentadoria. O Congresso Nacional decreta: Art. 1\u00ba Esta Lei altera o Decreto Lei n\u00ba 5.452, de 1\u00ba de [&hellip;]","og_url":"https:\/\/www.legislapp.com.br\/index.php\/avulso-inicial-pl-4725-2025-camara\/","og_site_name":"Legislapp","article_publisher":"https:\/\/www.instagram.com\/legislapp\/","og_image":[{"url":"https:\/\/www.legislapp.com.br\/wp-content\/uploads\/2021\/07\/Logo-Legislapp-1-03-1.png","type":"","width":"","height":""}],"twitter_card":"summary_large_image","twitter_misc":{"Est. tempo de leitura":"3 minutos"},"schema":{"@context":"https:\/\/schema.org","@graph":[{"@type":"WebPage","@id":"https:\/\/www.legislapp.com.br\/index.php\/avulso-inicial-pl-4725-2025-camara\/","url":"https:\/\/www.legislapp.com.br\/index.php\/avulso-inicial-pl-4725-2025-camara\/","name":"Avulso Inicial - PL 4725\/2025 - C\u00e2mara - Legislapp","isPartOf":{"@id":"https:\/\/www.legislapp.com.br\/#website"},"primaryImageOfPage":{"@id":"https:\/\/www.legislapp.com.br\/index.php\/avulso-inicial-pl-4725-2025-camara\/#primaryimage"},"image":{"@id":"https:\/\/www.legislapp.com.br\/index.php\/avulso-inicial-pl-4725-2025-camara\/#primaryimage"},"thumbnailUrl":"https:\/\/www.legislapp.com.br\/wp-content\/uploads\/2021\/07\/Logo-Legislapp-1-03-1.png","datePublished":"2025-12-01T14:20:06+00:00","breadcrumb":{"@id":"https:\/\/www.legislapp.com.br\/index.php\/avulso-inicial-pl-4725-2025-camara\/#breadcrumb"},"inLanguage":"pt-BR","potentialAction":[{"@type":"ReadAction","target":["https:\/\/www.legislapp.com.br\/index.php\/avulso-inicial-pl-4725-2025-camara\/"]}]},{"@type":"ImageObject","inLanguage":"pt-BR","@id":"https:\/\/www.legislapp.com.br\/index.php\/avulso-inicial-pl-4725-2025-camara\/#primaryimage","url":"https:\/\/www.legislapp.com.br\/wp-content\/uploads\/2021\/07\/Logo-Legislapp-1-03-1.png","contentUrl":"https:\/\/www.legislapp.com.br\/wp-content\/uploads\/2021\/07\/Logo-Legislapp-1-03-1.png","width":2679,"height":2697},{"@type":"BreadcrumbList","@id":"https:\/\/www.legislapp.com.br\/index.php\/avulso-inicial-pl-4725-2025-camara\/#breadcrumb","itemListElement":[{"@type":"ListItem","position":1,"name":"In\u00edcio","item":"https:\/\/www.legislapp.com.br\/"},{"@type":"ListItem","position":2,"name":"Avulso Inicial &#8211; PL 4725\/2025 &#8211; C\u00e2mara"}]},{"@type":"WebSite","@id":"https:\/\/www.legislapp.com.br\/#website","url":"https:\/\/www.legislapp.com.br\/","name":"Legislapp","description":"Intelig\u00eancia governamental em tempo real","publisher":{"@id":"https:\/\/www.legislapp.com.br\/#organization"},"potentialAction":[{"@type":"SearchAction","target":{"@type":"EntryPoint","urlTemplate":"https:\/\/www.legislapp.com.br\/?s={search_term_string}"},"query-input":{"@type":"PropertyValueSpecification","valueRequired":true,"valueName":"search_term_string"}}],"inLanguage":"pt-BR"},{"@type":"Organization","@id":"https:\/\/www.legislapp.com.br\/#organization","name":"Legislapp Monitoramento e Intelig\u00eancia Governamental","url":"https:\/\/www.legislapp.com.br\/","logo":{"@type":"ImageObject","inLanguage":"pt-BR","@id":"https:\/\/www.legislapp.com.br\/#\/schema\/logo\/image\/","url":"https:\/\/www.legislapp.com.br\/wp-content\/uploads\/icon.png","contentUrl":"https:\/\/www.legislapp.com.br\/wp-content\/uploads\/icon.png","width":1024,"height":1024,"caption":"Legislapp Monitoramento e Intelig\u00eancia Governamental"},"image":{"@id":"https:\/\/www.legislapp.com.br\/#\/schema\/logo\/image\/"},"sameAs":["https:\/\/www.instagram.com\/legislapp\/"]}]}},"_links":{"self":[{"href":"https:\/\/www.legislapp.com.br\/index.php\/wp-json\/wp\/v2\/pages\/10473","targetHints":{"allow":["GET"]}}],"collection":[{"href":"https:\/\/www.legislapp.com.br\/index.php\/wp-json\/wp\/v2\/pages"}],"about":[{"href":"https:\/\/www.legislapp.com.br\/index.php\/wp-json\/wp\/v2\/types\/page"}],"author":[{"embeddable":true,"href":"https:\/\/www.legislapp.com.br\/index.php\/wp-json\/wp\/v2\/users\/1"}],"replies":[{"embeddable":true,"href":"https:\/\/www.legislapp.com.br\/index.php\/wp-json\/wp\/v2\/comments?post=10473"}],"version-history":[{"count":0,"href":"https:\/\/www.legislapp.com.br\/index.php\/wp-json\/wp\/v2\/pages\/10473\/revisions"}],"wp:attachment":[{"href":"https:\/\/www.legislapp.com.br\/index.php\/wp-json\/wp\/v2\/media?parent=10473"}],"curies":[{"name":"wp","href":"https:\/\/api.w.org\/{rel}","templated":true}]}}