{"id":10478,"date":"2025-12-01T11:20:17","date_gmt":"2025-12-01T14:20:17","guid":{"rendered":"https:\/\/www.legislapp.com.br\/index.php\/avulso-inicial-pl-4930-2025-camara\/"},"modified":"2025-12-01T11:20:17","modified_gmt":"2025-12-01T14:20:17","slug":"avulso-inicial-pl-4930-2025-camara","status":"publish","type":"page","link":"https:\/\/www.legislapp.com.br\/index.php\/avulso-inicial-pl-4930-2025-camara\/","title":{"rendered":"Avulso Inicial &#8211; PL 4930\/2025 &#8211; C\u00e2mara"},"content":{"rendered":"<h1 style='text-align: center;'>Avulso Inicial &#8211; Autoria de Pastor Diniz<\/h3>\n<p><\/p>\n<article>PROJETO DE LEI N\u00ba          , DE 2025<br \/>\n(Do Sr. Pastor Diniz)<br \/>\nAltera a Lei n\u00ba 12.651, de 25 de maio<br \/>\nde 2012, para autorizar que im\u00f3veis rurais<br \/>\nsituados em floresta ou cerrado da<br \/>\nAmaz\u00f4nia Legal utilizem a integralidade da<br \/>\nReserva Legal para fins de emiss\u00e3o de Cota<br \/>\nde Reserva Ambiental (CRA).<br \/>\nO Congresso Nacional decreta:<br \/>\nArt. 1\u00ba O art. 44 da Lei n\u00ba 12.651, de 25 de maio de 2012,<br \/>\npassa a vigorar com a seguinte reda\u00e7\u00e3o:<br \/>\n&#8220;Art.<br \/>\n44 &#8230;&#8230;&#8230;&#8230;&#8230;&#8230;&#8230;&#8230;&#8230;&#8230;&#8230;&#8230;&#8230;&#8230;&#8230;&#8230;&#8230;&#8230;&#8230;&#8230;&#8230;&#8230;&#8230;&#8230;&#8230;&#8230;&#8230;<br \/>\n&#8230;&#8230;&#8230;&#8230;&#8230;&#8230;&#8230;&#8230;&#8230;&#8230;&#8230;&#8230;&#8230;&#8230;&#8230;&#8230;&#8230;&#8230;&#8230;&#8230;&#8230;&#8230;&#8230;&#8230;&#8230;&#8230;&#8230;&#8230;&#8230;&#8230;&#8230;<br \/>\n\u00a7 4\u00ba Poder\u00e1 ser institu\u00edda CRA relativa \u00e0 vegeta\u00e7\u00e3o nativa<br \/>\nque integra a Reserva Legal de im\u00f3veis rurais referidos no<br \/>\ninciso V do art. 3\u00ba, bem como daqueles localizados em<br \/>\n\u00e1reas de floresta ou cerrado na Amaz\u00f4nia Legal, desde<br \/>\nque atendidos os percentuais m\u00ednimos previstos no art.<br \/>\n12, mantida a fun\u00e7\u00e3o ecol\u00f3gica da Reserva Legal e<br \/>\nobservados os demais crit\u00e9rios estabelecidos nesta Lei.<br \/>\n\u00a7 5\u00ba A autoriza\u00e7\u00e3o prevista no \u00a7 4\u00ba configura medida<br \/>\ncompensat\u00f3ria \u00e0 exig\u00eancia legal de manuten\u00e7\u00e3o de 80%<br \/>\nou 35% de cobertura de vegeta\u00e7\u00e3o nativa, a t\u00edtulo de<br \/>\nReserva Legal, nos im\u00f3veis localizados, respectivamente,<br \/>\nem \u00e1reas de florestas ou cerrado na Amaz\u00f4nia Legal.&#8221;<br \/>\n(NR)<br \/>\nArt. 2\u00ba Esta lei entra em vigor na data de sua publica\u00e7\u00e3o.<br \/>\nPara verificar a assinatura, acesse https:\/\/infoleg-autenticidade-assinatura.camara.leg.br\/CD257006881700<br \/>\nAssinado eletronicamente pelo(a) Dep. Pastor Diniz<br \/>\nApresenta\u00e7\u00e3o: 02\/10\/2025 09:12:21.810 &#8211; Mesa<br \/>\n*CD257006881700* PL n.4930\/2025<br \/>2<br \/>\nJUSTIFICA\u00c7\u00c3O<br \/>\nO presente Projeto de Lei tem por objetivo alterar o art. 44 da<br \/>\nLei n\u00ba 12.651, de 25 de maio de 2012 (C\u00f3digo Florestal), para autorizar o uso<br \/>\nda totalidade da Reserva Legal (RL) de im\u00f3veis rurais localizados em \u00e1reas de<br \/>\nfloresta ou cerrado da Amaz\u00f4nia Legal na emiss\u00e3o de Cota de Reserva<br \/>\nAmbiental (CRA).<br \/>\nEssa autoriza\u00e7\u00e3o est\u00e1 condicionada ao cumprimento dos<br \/>\npercentuais m\u00ednimos de RL estabelecidos na pr\u00f3pria legisla\u00e7\u00e3o, \u00e0 preserva\u00e7\u00e3o<br \/>\nda fun\u00e7\u00e3o ecol\u00f3gica da \u00e1rea e \u00e0 observ\u00e2ncia dos demais crit\u00e9rios legais. Trata-<br \/>\nse de medida de natureza compensat\u00f3ria, que n\u00e3o implica desmatamento,<br \/>\ntampouco configura monetiza\u00e7\u00e3o indevida de obriga\u00e7\u00e3o ambiental, aplicando-<br \/>\nse exclusivamente a \u00e1reas j\u00e1 conservadas.<br \/>\nAtualmente, o C\u00f3digo Florestal autoriza a emiss\u00e3o de CRA<br \/>\nsobre a totalidade da RL apenas para im\u00f3veis de at\u00e9 quatro m\u00f3dulos fiscais,<br \/>\ncom base na presumida vulnerabilidade socioecon\u00f4mica desses propriet\u00e1rios.<br \/>\nPara propriedades maiores, a emiss\u00e3o restringe-se \u00e0 vegeta\u00e7\u00e3o nativa que<br \/>\nexceda os percentuais m\u00ednimos exigidos.<br \/>\nAssim, a proposta busca estender essa possibilidade \u00e0s<br \/>\nm\u00e9dias e grandes propriedades da Amaz\u00f4nia Legal, regi\u00e3o sujeita \u00e0s<br \/>\nexig\u00eancias ambientais mais rigorosas do pa\u00eds (80% e 35% de RL). Ao<br \/>\nreconhecer as limita\u00e7\u00f5es produtivas impostas por tais restri\u00e7\u00f5es \u2014<br \/>\nespecialmente em compara\u00e7\u00e3o a outras regi\u00f5es com menores percentuais de<br \/>\nRL (20%) \u2014, a medida visa corrigir uma assimetria normativa, promovendo<br \/>\nmaior equil\u00edbrio regulat\u00f3rio.<br \/>\nPermitir a emiss\u00e3o de CRA sobre 100% da RL nesses im\u00f3veis<br \/>\ncontribui para fortalecer o mercado de ativos ambientais, fomentar a<br \/>\nregulariza\u00e7\u00e3o fundi\u00e1ria, ampliar a ades\u00e3o ao Cadastro Ambiental Rural (CAR) e<br \/>\nvalorizar os servi\u00e7os ecossist\u00eamicos prestados pela vegeta\u00e7\u00e3o nativa, em<br \/>\nconson\u00e2ncia com os princ\u00edpios da equidade, da fun\u00e7\u00e3o social da propriedade e<br \/>\ndo desenvolvimento sustent\u00e1vel.<br \/>\nPara verificar a assinatura, acesse https:\/\/infoleg-autenticidade-assinatura.camara.leg.br\/CD257006881700<br \/>\nAssinado eletronicamente pelo(a) Dep. Pastor Diniz<br \/>\nApresenta\u00e7\u00e3o: 02\/10\/2025 09:12:21.810 &#8211; Mesa<br \/>\n*CD257006881700* PL n.4930\/2025<br \/>3<br \/>\nAfinal, nos termos da Lei 12.651\/2012, a RL \u00e9 um instrumento<br \/>\nde pol\u00edtica p\u00fablica ambiental voltado, dentre outros fins, ao uso sustent\u00e1vel dos<br \/>\nrecursos naturais da propriedade rural. A Cota de Reserva Ambiental (CRA),<br \/>\npor sua vez, configura um mecanismo de mercado ambiental regulado, que<br \/>\npermite a compensa\u00e7\u00e3o de obriga\u00e7\u00f5es legais por meio da compra e venda de<br \/>\nativos ambientais, desde que respeitados os crit\u00e9rios ecol\u00f3gicos e jur\u00eddicos<br \/>\nestabelecidos pela legisla\u00e7\u00e3o ambiental brasileira.<br \/>\nConclui-se que a amplia\u00e7\u00e3o desse instrumento \u00e0 realidade<br \/>\namaz\u00f4nica representa um avan\u00e7o normativo ajustado \u00e0s especificidades<br \/>\nregionais. A medida promove justi\u00e7a ambiental, estimula a inclus\u00e3o produtiva e<br \/>\nrefor\u00e7a o compromisso com a conserva\u00e7\u00e3o da floresta em p\u00e9.<br \/>\nDiante do exposto, solicitamos o apoio dos nobres<br \/>\nParlamentares para a aprova\u00e7\u00e3o desta iniciativa, que representa um passo<br \/>\nconcreto rumo \u00e0 supera\u00e7\u00e3o das desigualdades regionais e \u00e0 consolida\u00e7\u00e3o de<br \/>\numa pol\u00edtica ambiental mais justa.<br \/>\nSala das Sess\u00f5es, em  02 de outubro de 2025.<br \/>\nDeputado Pastor Diniz<br \/>\nPara verificar a assinatura, acesse https:\/\/infoleg-autenticidade-assinatura.camara.leg.br\/CD257006881700<br \/>\nAssinado eletronicamente pelo(a) Dep. Pastor Diniz<br \/>\nApresenta\u00e7\u00e3o: 02\/10\/2025 09:12:21.810 &#8211; Mesa<br \/>\n*CD257006881700* PL n.4930\/2025<\/article>\n<p><a href='https:\/\/app.legislapp.com.br\/#\/busca?termo='><\/a><\/p>\n<div style=\"text-align: center\">\n      <img decoding=\"async\" style=\"width: 14%;\" src=\"https:\/\/www.legislapp.com.br\/wp-content\/uploads\/2021\/07\/Logo-Legislapp-1-03-1.png\"><br \/>\n      <\/p>\n<div style=\"margin-bottom: 20px;\" class=\"et_pb_button_module_wrapper et_pb_button_5_tb_body_wrapper et_pb_button_alignment_center et_pb_module \">\n         <a class=\"et_pb_button et_pb_button_5_tb_body et_hover_enabled et_pb_bg_layout_dark\" style=\"width: 50%;background-color: black;\" href=\"https:\/\/app.legislapp.com.br\" target=\"_blank\" rel=\"noopener\">Visualizar completo na nossa plataforma (30 dias gr\u00e1tis)<\/a><\/p><\/div>\n<p>      <a href=\"https:\/\/play.google.com\/store\/apps\/details?id=br.com.legislapp\"><img decoding=\"async\" style=\"width: 15%; min-width: 130px;\" src=\"https:\/\/www.legislapp.com.br\/wp-content\/uploads\/google-play.png\"><\/a><br \/>\n      <a href=\"https:\/\/apps.apple.com\/us\/app\/legislapp\/id1568929859\"><img decoding=\"async\" style=\"width: 15%; min-width: 130px\" src=\"https:\/\/www.legislapp.com.br\/wp-content\/uploads\/apple-store.png\"><\/a>\n   <\/div>\n","protected":false},"excerpt":{"rendered":"<p>Avulso Inicial &#8211; Autoria de Pastor Diniz PROJETO DE LEI N\u00ba , DE 2025 (Do Sr. Pastor Diniz) Altera a Lei n\u00ba 12.651, de 25 de maio de 2012, para autorizar que im\u00f3veis rurais situados em floresta ou cerrado da Amaz\u00f4nia Legal utilizem a integralidade da Reserva Legal para fins de emiss\u00e3o de Cota de [&hellip;]<\/p>\n","protected":false},"author":1,"featured_media":0,"parent":0,"menu_order":0,"comment_status":"closed","ping_status":"closed","template":"page-template-blank.php","meta":{"_et_pb_use_builder":"","_et_pb_old_content":"","_et_gb_content_width":"1080","ngg_post_thumbnail":0,"footnotes":""},"class_list":["post-10478","page","type-page","status-publish","hentry"],"yoast_head":"<!-- This site is optimized with the Yoast SEO plugin v24.4 - https:\/\/yoast.com\/wordpress\/plugins\/seo\/ -->\n<title>Avulso Inicial - PL 4930\/2025 - C\u00e2mara - Legislapp<\/title>\n<meta name=\"robots\" content=\"index, follow, max-snippet:-1, max-image-preview:large, max-video-preview:-1\" \/>\n<link rel=\"canonical\" href=\"https:\/\/www.legislapp.com.br\/index.php\/avulso-inicial-pl-4930-2025-camara\/\" \/>\n<meta property=\"og:locale\" content=\"pt_BR\" \/>\n<meta property=\"og:type\" content=\"article\" \/>\n<meta property=\"og:title\" content=\"Avulso Inicial - PL 4930\/2025 - C\u00e2mara - Legislapp\" \/>\n<meta property=\"og:description\" content=\"Avulso Inicial &#8211; Autoria de Pastor Diniz PROJETO DE LEI N\u00ba , DE 2025 (Do Sr. Pastor Diniz) Altera a Lei n\u00ba 12.651, de 25 de maio de 2012, para autorizar que im\u00f3veis rurais situados em floresta ou cerrado da Amaz\u00f4nia Legal utilizem a integralidade da Reserva Legal para fins de emiss\u00e3o de Cota de [&hellip;]\" \/>\n<meta property=\"og:url\" content=\"https:\/\/www.legislapp.com.br\/index.php\/avulso-inicial-pl-4930-2025-camara\/\" \/>\n<meta property=\"og:site_name\" content=\"Legislapp\" \/>\n<meta property=\"article:publisher\" content=\"https:\/\/www.instagram.com\/legislapp\/\" \/>\n<meta property=\"og:image\" content=\"https:\/\/www.legislapp.com.br\/wp-content\/uploads\/2021\/07\/Logo-Legislapp-1-03-1.png\" \/>\n<meta name=\"twitter:card\" content=\"summary_large_image\" \/>\n<meta name=\"twitter:label1\" content=\"Est. tempo de leitura\" \/>\n\t<meta name=\"twitter:data1\" content=\"4 minutos\" \/>\n<script type=\"application\/ld+json\" class=\"yoast-schema-graph\">{\"@context\":\"https:\/\/schema.org\",\"@graph\":[{\"@type\":\"WebPage\",\"@id\":\"https:\/\/www.legislapp.com.br\/index.php\/avulso-inicial-pl-4930-2025-camara\/\",\"url\":\"https:\/\/www.legislapp.com.br\/index.php\/avulso-inicial-pl-4930-2025-camara\/\",\"name\":\"Avulso Inicial - PL 4930\/2025 - C\u00e2mara - Legislapp\",\"isPartOf\":{\"@id\":\"https:\/\/www.legislapp.com.br\/#website\"},\"primaryImageOfPage\":{\"@id\":\"https:\/\/www.legislapp.com.br\/index.php\/avulso-inicial-pl-4930-2025-camara\/#primaryimage\"},\"image\":{\"@id\":\"https:\/\/www.legislapp.com.br\/index.php\/avulso-inicial-pl-4930-2025-camara\/#primaryimage\"},\"thumbnailUrl\":\"https:\/\/www.legislapp.com.br\/wp-content\/uploads\/2021\/07\/Logo-Legislapp-1-03-1.png\",\"datePublished\":\"2025-12-01T14:20:17+00:00\",\"breadcrumb\":{\"@id\":\"https:\/\/www.legislapp.com.br\/index.php\/avulso-inicial-pl-4930-2025-camara\/#breadcrumb\"},\"inLanguage\":\"pt-BR\",\"potentialAction\":[{\"@type\":\"ReadAction\",\"target\":[\"https:\/\/www.legislapp.com.br\/index.php\/avulso-inicial-pl-4930-2025-camara\/\"]}]},{\"@type\":\"ImageObject\",\"inLanguage\":\"pt-BR\",\"@id\":\"https:\/\/www.legislapp.com.br\/index.php\/avulso-inicial-pl-4930-2025-camara\/#primaryimage\",\"url\":\"https:\/\/www.legislapp.com.br\/wp-content\/uploads\/2021\/07\/Logo-Legislapp-1-03-1.png\",\"contentUrl\":\"https:\/\/www.legislapp.com.br\/wp-content\/uploads\/2021\/07\/Logo-Legislapp-1-03-1.png\",\"width\":2679,\"height\":2697},{\"@type\":\"BreadcrumbList\",\"@id\":\"https:\/\/www.legislapp.com.br\/index.php\/avulso-inicial-pl-4930-2025-camara\/#breadcrumb\",\"itemListElement\":[{\"@type\":\"ListItem\",\"position\":1,\"name\":\"In\u00edcio\",\"item\":\"https:\/\/www.legislapp.com.br\/\"},{\"@type\":\"ListItem\",\"position\":2,\"name\":\"Avulso Inicial &#8211; PL 4930\/2025 &#8211; C\u00e2mara\"}]},{\"@type\":\"WebSite\",\"@id\":\"https:\/\/www.legislapp.com.br\/#website\",\"url\":\"https:\/\/www.legislapp.com.br\/\",\"name\":\"Legislapp\",\"description\":\"Intelig\u00eancia governamental em tempo real\",\"publisher\":{\"@id\":\"https:\/\/www.legislapp.com.br\/#organization\"},\"potentialAction\":[{\"@type\":\"SearchAction\",\"target\":{\"@type\":\"EntryPoint\",\"urlTemplate\":\"https:\/\/www.legislapp.com.br\/?s={search_term_string}\"},\"query-input\":{\"@type\":\"PropertyValueSpecification\",\"valueRequired\":true,\"valueName\":\"search_term_string\"}}],\"inLanguage\":\"pt-BR\"},{\"@type\":\"Organization\",\"@id\":\"https:\/\/www.legislapp.com.br\/#organization\",\"name\":\"Legislapp Monitoramento e Intelig\u00eancia Governamental\",\"url\":\"https:\/\/www.legislapp.com.br\/\",\"logo\":{\"@type\":\"ImageObject\",\"inLanguage\":\"pt-BR\",\"@id\":\"https:\/\/www.legislapp.com.br\/#\/schema\/logo\/image\/\",\"url\":\"https:\/\/www.legislapp.com.br\/wp-content\/uploads\/icon.png\",\"contentUrl\":\"https:\/\/www.legislapp.com.br\/wp-content\/uploads\/icon.png\",\"width\":1024,\"height\":1024,\"caption\":\"Legislapp Monitoramento e Intelig\u00eancia Governamental\"},\"image\":{\"@id\":\"https:\/\/www.legislapp.com.br\/#\/schema\/logo\/image\/\"},\"sameAs\":[\"https:\/\/www.instagram.com\/legislapp\/\"]}]}<\/script>\n<!-- \/ Yoast SEO plugin. -->","yoast_head_json":{"title":"Avulso Inicial - PL 4930\/2025 - C\u00e2mara - Legislapp","robots":{"index":"index","follow":"follow","max-snippet":"max-snippet:-1","max-image-preview":"max-image-preview:large","max-video-preview":"max-video-preview:-1"},"canonical":"https:\/\/www.legislapp.com.br\/index.php\/avulso-inicial-pl-4930-2025-camara\/","og_locale":"pt_BR","og_type":"article","og_title":"Avulso Inicial - PL 4930\/2025 - C\u00e2mara - Legislapp","og_description":"Avulso Inicial &#8211; Autoria de Pastor Diniz PROJETO DE LEI N\u00ba , DE 2025 (Do Sr. Pastor Diniz) Altera a Lei n\u00ba 12.651, de 25 de maio de 2012, para autorizar que im\u00f3veis rurais situados em floresta ou cerrado da Amaz\u00f4nia Legal utilizem a integralidade da Reserva Legal para fins de emiss\u00e3o de Cota de [&hellip;]","og_url":"https:\/\/www.legislapp.com.br\/index.php\/avulso-inicial-pl-4930-2025-camara\/","og_site_name":"Legislapp","article_publisher":"https:\/\/www.instagram.com\/legislapp\/","og_image":[{"url":"https:\/\/www.legislapp.com.br\/wp-content\/uploads\/2021\/07\/Logo-Legislapp-1-03-1.png","type":"","width":"","height":""}],"twitter_card":"summary_large_image","twitter_misc":{"Est. tempo de leitura":"4 minutos"},"schema":{"@context":"https:\/\/schema.org","@graph":[{"@type":"WebPage","@id":"https:\/\/www.legislapp.com.br\/index.php\/avulso-inicial-pl-4930-2025-camara\/","url":"https:\/\/www.legislapp.com.br\/index.php\/avulso-inicial-pl-4930-2025-camara\/","name":"Avulso Inicial - PL 4930\/2025 - C\u00e2mara - Legislapp","isPartOf":{"@id":"https:\/\/www.legislapp.com.br\/#website"},"primaryImageOfPage":{"@id":"https:\/\/www.legislapp.com.br\/index.php\/avulso-inicial-pl-4930-2025-camara\/#primaryimage"},"image":{"@id":"https:\/\/www.legislapp.com.br\/index.php\/avulso-inicial-pl-4930-2025-camara\/#primaryimage"},"thumbnailUrl":"https:\/\/www.legislapp.com.br\/wp-content\/uploads\/2021\/07\/Logo-Legislapp-1-03-1.png","datePublished":"2025-12-01T14:20:17+00:00","breadcrumb":{"@id":"https:\/\/www.legislapp.com.br\/index.php\/avulso-inicial-pl-4930-2025-camara\/#breadcrumb"},"inLanguage":"pt-BR","potentialAction":[{"@type":"ReadAction","target":["https:\/\/www.legislapp.com.br\/index.php\/avulso-inicial-pl-4930-2025-camara\/"]}]},{"@type":"ImageObject","inLanguage":"pt-BR","@id":"https:\/\/www.legislapp.com.br\/index.php\/avulso-inicial-pl-4930-2025-camara\/#primaryimage","url":"https:\/\/www.legislapp.com.br\/wp-content\/uploads\/2021\/07\/Logo-Legislapp-1-03-1.png","contentUrl":"https:\/\/www.legislapp.com.br\/wp-content\/uploads\/2021\/07\/Logo-Legislapp-1-03-1.png","width":2679,"height":2697},{"@type":"BreadcrumbList","@id":"https:\/\/www.legislapp.com.br\/index.php\/avulso-inicial-pl-4930-2025-camara\/#breadcrumb","itemListElement":[{"@type":"ListItem","position":1,"name":"In\u00edcio","item":"https:\/\/www.legislapp.com.br\/"},{"@type":"ListItem","position":2,"name":"Avulso Inicial &#8211; PL 4930\/2025 &#8211; C\u00e2mara"}]},{"@type":"WebSite","@id":"https:\/\/www.legislapp.com.br\/#website","url":"https:\/\/www.legislapp.com.br\/","name":"Legislapp","description":"Intelig\u00eancia governamental em tempo real","publisher":{"@id":"https:\/\/www.legislapp.com.br\/#organization"},"potentialAction":[{"@type":"SearchAction","target":{"@type":"EntryPoint","urlTemplate":"https:\/\/www.legislapp.com.br\/?s={search_term_string}"},"query-input":{"@type":"PropertyValueSpecification","valueRequired":true,"valueName":"search_term_string"}}],"inLanguage":"pt-BR"},{"@type":"Organization","@id":"https:\/\/www.legislapp.com.br\/#organization","name":"Legislapp Monitoramento e Intelig\u00eancia Governamental","url":"https:\/\/www.legislapp.com.br\/","logo":{"@type":"ImageObject","inLanguage":"pt-BR","@id":"https:\/\/www.legislapp.com.br\/#\/schema\/logo\/image\/","url":"https:\/\/www.legislapp.com.br\/wp-content\/uploads\/icon.png","contentUrl":"https:\/\/www.legislapp.com.br\/wp-content\/uploads\/icon.png","width":1024,"height":1024,"caption":"Legislapp Monitoramento e Intelig\u00eancia Governamental"},"image":{"@id":"https:\/\/www.legislapp.com.br\/#\/schema\/logo\/image\/"},"sameAs":["https:\/\/www.instagram.com\/legislapp\/"]}]}},"_links":{"self":[{"href":"https:\/\/www.legislapp.com.br\/index.php\/wp-json\/wp\/v2\/pages\/10478","targetHints":{"allow":["GET"]}}],"collection":[{"href":"https:\/\/www.legislapp.com.br\/index.php\/wp-json\/wp\/v2\/pages"}],"about":[{"href":"https:\/\/www.legislapp.com.br\/index.php\/wp-json\/wp\/v2\/types\/page"}],"author":[{"embeddable":true,"href":"https:\/\/www.legislapp.com.br\/index.php\/wp-json\/wp\/v2\/users\/1"}],"replies":[{"embeddable":true,"href":"https:\/\/www.legislapp.com.br\/index.php\/wp-json\/wp\/v2\/comments?post=10478"}],"version-history":[{"count":0,"href":"https:\/\/www.legislapp.com.br\/index.php\/wp-json\/wp\/v2\/pages\/10478\/revisions"}],"wp:attachment":[{"href":"https:\/\/www.legislapp.com.br\/index.php\/wp-json\/wp\/v2\/media?parent=10478"}],"curies":[{"name":"wp","href":"https:\/\/api.w.org\/{rel}","templated":true}]}}