{"id":10530,"date":"2025-12-01T11:23:35","date_gmt":"2025-12-01T14:23:35","guid":{"rendered":"https:\/\/www.legislapp.com.br\/index.php\/avulso-inicial-pl-3285-2025-camara\/"},"modified":"2025-12-01T11:23:35","modified_gmt":"2025-12-01T14:23:35","slug":"avulso-inicial-pl-3285-2025-camara","status":"publish","type":"page","link":"https:\/\/www.legislapp.com.br\/index.php\/avulso-inicial-pl-3285-2025-camara\/","title":{"rendered":"Avulso Inicial &#8211; PL 3285\/2025 &#8211; C\u00e2mara"},"content":{"rendered":"<h1 style='text-align: center;'>Avulso Inicial &#8211; Autoria de Eli Borges<\/h3>\n<p><\/p>\n<article>PROJETO DE LEI N\u00ba.    \/ 2025<br \/>\n(DO SR ELI BORGES PL\/TO)<br \/>\nInstitui o Dia Nacional de Ora\u00e7\u00e3o (DNO), a<br \/>\ncomemorar-se na data de 31 de outubro.<br \/>\nO Congresso Nacional decreta:<br \/>\nArt. 1\u00ba Fica institu\u00eddo o Dia Nacional de Ora\u00e7\u00e3o (DNO), a<br \/>\ncomemorar-se na data de 31 de outubro, onde ser\u00e3o realizadas ora\u00e7\u00f5es e preces em todo<br \/>\no Pa\u00eds, nos diversos segmentos da sociedade, cujo objetivo \u00e9 motivar a reflex\u00e3o e elevar<br \/>\na espiritualidade do povo brasileiro, conforme crit\u00e9rios estabelecidos nesta Lei.<br \/>\nArt. 2\u00ba Esta Lei entra em vigor na data de sua publica\u00e7\u00e3o.<br \/>\nJUSTIFICATIVA<br \/>\nO Ser humano \u00e9 um ser greg\u00e1rio; o que o torna dependente da vida em<br \/>\nsociedade. Na pr\u00e1tica dessa conviv\u00eancia social, \u00e9 indispens\u00e1vel \u00e0 necessidade de se<br \/>\ndesenvolver a espiritualidade, por meio da busca do Sagrado. Portanto, \u00e9 salutar que um<br \/>\ndia no ano seja destinado ao exerc\u00edcio dessa car\u00eancia intr\u00ednseca de cada pessoa, pois,<br \/>\norar: Tr\u00e1s profundos momentos de reflex\u00e3o e bem-estar, al\u00e9m de desenvolve a<br \/>\nespiritualidade, independente da ideologia ou de segmenta\u00e7\u00e3o espec\u00edfica de qualquer<br \/>\ncidad\u00e3o. A busca pelo Sagrado, por meio da ora\u00e7\u00e3o \u00e9 uma atitude espont\u00e2nea que<br \/>\ndepende exclusivamente de cada individuo.<br \/>\n\u201cSegundo mat\u00e9ria do G1, de 10\/03\/2025 00h00, escrita por Poliana<br \/>\nCasemiro\/Rayane Moura, sobre a crise de sa\u00fade mental: Brasil tem maior n\u00famero de<br \/>\nafastamentos por ansiedade e depress\u00e3o em 10 anos. Dados de 2024 mostram que o<br \/>\npa\u00eds registrou mais de 470 mil afastamentos do trabalho por transtornos mentais.<br \/>\nTrata-se do maior n\u00famero desde 2014. O Brasil vive uma crise de sa\u00fade mental com<br \/>\nimpacto direto na vida de trabalhadores e de empresas. \u00c9 o que revelam dados<br \/>\nPara verificar a assinatura, acesse https:\/\/infoleg-autenticidade-assinatura.camara.leg.br\/CD257057528100<br \/>\nAssinado eletronicamente pelo(a) Dep. Eli Borges<br \/>\nApresenta\u00e7\u00e3o: 08\/07\/2025 16:48:39.783 &#8211; Mesa<br \/>\n*CD257057528100* PL n.3285\/2025<br \/>exclusivos do Minist\u00e9rio da Previd\u00eancia Social sobre afastamentos do trabalho. Em<br \/>\n2024, Os dados, obtidos com exclusividade pelo g1, mostram que, no \u00faltimo ano, os<br \/>\ntranstornos mentais chegaram a uma situa\u00e7\u00e3o incapacitante como nunca visto. Na<br \/>\ncompara\u00e7\u00e3o com o ano anterior, as 472.328 licen\u00e7as m\u00e9dicas concedidas representam<br \/>\num aumento de 68%\u201d.<br \/>\nAs doen\u00e7as da alma incluindo os dist\u00farbios psicossom\u00e1ticos alteram as<br \/>\ncondi\u00e7\u00f5es emocionais e o bem-estar mental, dentre elas destacamos: A depress\u00e3o (Uma<br \/>\ndas doen\u00e7as da alma mais comuns, caracterizada por tristeza profunda, falta de<br \/>\nmotiva\u00e7\u00e3o e perda de interesse nas atividades di\u00e1rias. Pode ser desencadeada por fatores<br \/>\ncomo estresse, perda de entes queridos ou problemas financeiros.), A ansiedade (Inclui<br \/>\ntranstornos como a s\u00edndrome do p\u00e2nico e fobias, que podem causar sintomas f\u00edsicos e<br \/>\nemocionais intensos. A ansiedade pode se manifestar em situa\u00e7\u00f5es cotidianas e impactar<br \/>\na qualidade de vida.), e os Dist\u00farbios Psicossom\u00e1ticos (Essas condi\u00e7\u00f5es se manifestam<br \/>\ncomo sintomas f\u00edsicos que n\u00e3o t\u00eam uma causa org\u00e2nica clara, mas est\u00e3o relacionados a<br \/>\nfatores emocionais. Exemplos incluem problemas de pele, gastrite e dores de cabe\u00e7a), e<br \/>\noutros como: (Transtorno Obsessivo-Compulsivo (TOC): Caracterizado por<br \/>\npensamentos intrusivos e comportamentos repetitivos, o TOC pode causar grande<br \/>\nsofrimento e interferir nas atividades di\u00e1rias), podem ser aliviados ou mesmo<br \/>\nminimizados se for poss\u00edvel a pr\u00e1tica da espiritualidade e a ora\u00e7\u00e3o \u00e9 o caminho mais<br \/>\neficiente para alcan\u00e7ar o equil\u00edbrio frente a esses desafios da sociedade p\u00f3s-moderna.<br \/>\nSala das Sess\u00f5es,          de     2025.<br \/>\nELI BORGES PL\/TO.<br \/>\nPara verificar a assinatura, acesse https:\/\/infoleg-autenticidade-assinatura.camara.leg.br\/CD257057528100<br \/>\nAssinado eletronicamente pelo(a) Dep. Eli Borges<br \/>\nApresenta\u00e7\u00e3o: 08\/07\/2025 16:48:39.783 &#8211; Mesa<br \/>\n*CD257057528100* PL n.3285\/2025<\/article>\n<p><a href='https:\/\/app.legislapp.com.br\/#\/busca?termo=Cria\u00e7\u00e3o'>Cria\u00e7\u00e3o<\/a>, <a href='https:\/\/app.legislapp.com.br\/#\/busca?termo=Dia Nacional de Ora\u00e7\u00e3o'>Dia Nacional de Ora\u00e7\u00e3o<\/a>, <a href='https:\/\/app.legislapp.com.br\/#\/busca?termo=Data comemorativa'>Data comemorativa<\/a>, <a href='https:\/\/app.legislapp.com.br\/#\/busca?termo=Outubro.'>Outubro.<\/a><\/p>\n<div style=\"text-align: center\">\n      <img decoding=\"async\" style=\"width: 14%;\" src=\"https:\/\/www.legislapp.com.br\/wp-content\/uploads\/2021\/07\/Logo-Legislapp-1-03-1.png\"><br \/>\n      <\/p>\n<div style=\"margin-bottom: 20px;\" class=\"et_pb_button_module_wrapper et_pb_button_5_tb_body_wrapper et_pb_button_alignment_center et_pb_module \">\n         <a class=\"et_pb_button et_pb_button_5_tb_body et_hover_enabled et_pb_bg_layout_dark\" style=\"width: 50%;background-color: black;\" href=\"https:\/\/app.legislapp.com.br\" target=\"_blank\" rel=\"noopener\">Visualizar completo na nossa plataforma (30 dias gr\u00e1tis)<\/a><\/p><\/div>\n<p>      <a href=\"https:\/\/play.google.com\/store\/apps\/details?id=br.com.legislapp\"><img decoding=\"async\" style=\"width: 15%; min-width: 130px;\" src=\"https:\/\/www.legislapp.com.br\/wp-content\/uploads\/google-play.png\"><\/a><br \/>\n      <a href=\"https:\/\/apps.apple.com\/us\/app\/legislapp\/id1568929859\"><img decoding=\"async\" style=\"width: 15%; min-width: 130px\" src=\"https:\/\/www.legislapp.com.br\/wp-content\/uploads\/apple-store.png\"><\/a>\n   <\/div>\n","protected":false},"excerpt":{"rendered":"<p>Avulso Inicial &#8211; Autoria de Eli Borges PROJETO DE LEI N\u00ba. \/ 2025 (DO SR ELI BORGES PL\/TO) Institui o Dia Nacional de Ora\u00e7\u00e3o (DNO), a comemorar-se na data de 31 de outubro. O Congresso Nacional decreta: Art. 1\u00ba Fica institu\u00eddo o Dia Nacional de Ora\u00e7\u00e3o (DNO), a comemorar-se na data de 31 de outubro, [&hellip;]<\/p>\n","protected":false},"author":1,"featured_media":0,"parent":0,"menu_order":0,"comment_status":"closed","ping_status":"closed","template":"page-template-blank.php","meta":{"_et_pb_use_builder":"","_et_pb_old_content":"","_et_gb_content_width":"1080","ngg_post_thumbnail":0,"footnotes":""},"class_list":["post-10530","page","type-page","status-publish","hentry"],"yoast_head":"<!-- This site is optimized with the Yoast SEO plugin v24.4 - https:\/\/yoast.com\/wordpress\/plugins\/seo\/ -->\n<title>Avulso Inicial - PL 3285\/2025 - C\u00e2mara - Legislapp<\/title>\n<meta name=\"robots\" content=\"index, follow, max-snippet:-1, max-image-preview:large, max-video-preview:-1\" \/>\n<link rel=\"canonical\" href=\"https:\/\/www.legislapp.com.br\/index.php\/avulso-inicial-pl-3285-2025-camara\/\" \/>\n<meta property=\"og:locale\" content=\"pt_BR\" \/>\n<meta property=\"og:type\" content=\"article\" \/>\n<meta property=\"og:title\" content=\"Avulso Inicial - PL 3285\/2025 - C\u00e2mara - Legislapp\" \/>\n<meta property=\"og:description\" content=\"Avulso Inicial &#8211; Autoria de Eli Borges PROJETO DE LEI N\u00ba. \/ 2025 (DO SR ELI BORGES PL\/TO) Institui o Dia Nacional de Ora\u00e7\u00e3o (DNO), a comemorar-se na data de 31 de outubro. O Congresso Nacional decreta: Art. 1\u00ba Fica institu\u00eddo o Dia Nacional de Ora\u00e7\u00e3o (DNO), a comemorar-se na data de 31 de outubro, [&hellip;]\" \/>\n<meta property=\"og:url\" content=\"https:\/\/www.legislapp.com.br\/index.php\/avulso-inicial-pl-3285-2025-camara\/\" \/>\n<meta property=\"og:site_name\" content=\"Legislapp\" \/>\n<meta property=\"article:publisher\" content=\"https:\/\/www.instagram.com\/legislapp\/\" \/>\n<meta property=\"og:image\" content=\"https:\/\/www.legislapp.com.br\/wp-content\/uploads\/2021\/07\/Logo-Legislapp-1-03-1.png\" \/>\n<meta name=\"twitter:card\" content=\"summary_large_image\" \/>\n<meta name=\"twitter:label1\" content=\"Est. tempo de leitura\" \/>\n\t<meta name=\"twitter:data1\" content=\"3 minutos\" \/>\n<script type=\"application\/ld+json\" class=\"yoast-schema-graph\">{\"@context\":\"https:\/\/schema.org\",\"@graph\":[{\"@type\":\"WebPage\",\"@id\":\"https:\/\/www.legislapp.com.br\/index.php\/avulso-inicial-pl-3285-2025-camara\/\",\"url\":\"https:\/\/www.legislapp.com.br\/index.php\/avulso-inicial-pl-3285-2025-camara\/\",\"name\":\"Avulso Inicial - PL 3285\/2025 - C\u00e2mara - Legislapp\",\"isPartOf\":{\"@id\":\"https:\/\/www.legislapp.com.br\/#website\"},\"primaryImageOfPage\":{\"@id\":\"https:\/\/www.legislapp.com.br\/index.php\/avulso-inicial-pl-3285-2025-camara\/#primaryimage\"},\"image\":{\"@id\":\"https:\/\/www.legislapp.com.br\/index.php\/avulso-inicial-pl-3285-2025-camara\/#primaryimage\"},\"thumbnailUrl\":\"https:\/\/www.legislapp.com.br\/wp-content\/uploads\/2021\/07\/Logo-Legislapp-1-03-1.png\",\"datePublished\":\"2025-12-01T14:23:35+00:00\",\"breadcrumb\":{\"@id\":\"https:\/\/www.legislapp.com.br\/index.php\/avulso-inicial-pl-3285-2025-camara\/#breadcrumb\"},\"inLanguage\":\"pt-BR\",\"potentialAction\":[{\"@type\":\"ReadAction\",\"target\":[\"https:\/\/www.legislapp.com.br\/index.php\/avulso-inicial-pl-3285-2025-camara\/\"]}]},{\"@type\":\"ImageObject\",\"inLanguage\":\"pt-BR\",\"@id\":\"https:\/\/www.legislapp.com.br\/index.php\/avulso-inicial-pl-3285-2025-camara\/#primaryimage\",\"url\":\"https:\/\/www.legislapp.com.br\/wp-content\/uploads\/2021\/07\/Logo-Legislapp-1-03-1.png\",\"contentUrl\":\"https:\/\/www.legislapp.com.br\/wp-content\/uploads\/2021\/07\/Logo-Legislapp-1-03-1.png\",\"width\":2679,\"height\":2697},{\"@type\":\"BreadcrumbList\",\"@id\":\"https:\/\/www.legislapp.com.br\/index.php\/avulso-inicial-pl-3285-2025-camara\/#breadcrumb\",\"itemListElement\":[{\"@type\":\"ListItem\",\"position\":1,\"name\":\"In\u00edcio\",\"item\":\"https:\/\/www.legislapp.com.br\/\"},{\"@type\":\"ListItem\",\"position\":2,\"name\":\"Avulso Inicial &#8211; PL 3285\/2025 &#8211; C\u00e2mara\"}]},{\"@type\":\"WebSite\",\"@id\":\"https:\/\/www.legislapp.com.br\/#website\",\"url\":\"https:\/\/www.legislapp.com.br\/\",\"name\":\"Legislapp\",\"description\":\"Intelig\u00eancia governamental em tempo real\",\"publisher\":{\"@id\":\"https:\/\/www.legislapp.com.br\/#organization\"},\"potentialAction\":[{\"@type\":\"SearchAction\",\"target\":{\"@type\":\"EntryPoint\",\"urlTemplate\":\"https:\/\/www.legislapp.com.br\/?s={search_term_string}\"},\"query-input\":{\"@type\":\"PropertyValueSpecification\",\"valueRequired\":true,\"valueName\":\"search_term_string\"}}],\"inLanguage\":\"pt-BR\"},{\"@type\":\"Organization\",\"@id\":\"https:\/\/www.legislapp.com.br\/#organization\",\"name\":\"Legislapp Monitoramento e Intelig\u00eancia Governamental\",\"url\":\"https:\/\/www.legislapp.com.br\/\",\"logo\":{\"@type\":\"ImageObject\",\"inLanguage\":\"pt-BR\",\"@id\":\"https:\/\/www.legislapp.com.br\/#\/schema\/logo\/image\/\",\"url\":\"https:\/\/www.legislapp.com.br\/wp-content\/uploads\/icon.png\",\"contentUrl\":\"https:\/\/www.legislapp.com.br\/wp-content\/uploads\/icon.png\",\"width\":1024,\"height\":1024,\"caption\":\"Legislapp Monitoramento e Intelig\u00eancia Governamental\"},\"image\":{\"@id\":\"https:\/\/www.legislapp.com.br\/#\/schema\/logo\/image\/\"},\"sameAs\":[\"https:\/\/www.instagram.com\/legislapp\/\"]}]}<\/script>\n<!-- \/ Yoast SEO plugin. -->","yoast_head_json":{"title":"Avulso Inicial - PL 3285\/2025 - C\u00e2mara - Legislapp","robots":{"index":"index","follow":"follow","max-snippet":"max-snippet:-1","max-image-preview":"max-image-preview:large","max-video-preview":"max-video-preview:-1"},"canonical":"https:\/\/www.legislapp.com.br\/index.php\/avulso-inicial-pl-3285-2025-camara\/","og_locale":"pt_BR","og_type":"article","og_title":"Avulso Inicial - PL 3285\/2025 - C\u00e2mara - Legislapp","og_description":"Avulso Inicial &#8211; Autoria de Eli Borges PROJETO DE LEI N\u00ba. \/ 2025 (DO SR ELI BORGES PL\/TO) Institui o Dia Nacional de Ora\u00e7\u00e3o (DNO), a comemorar-se na data de 31 de outubro. O Congresso Nacional decreta: Art. 1\u00ba Fica institu\u00eddo o Dia Nacional de Ora\u00e7\u00e3o (DNO), a comemorar-se na data de 31 de outubro, [&hellip;]","og_url":"https:\/\/www.legislapp.com.br\/index.php\/avulso-inicial-pl-3285-2025-camara\/","og_site_name":"Legislapp","article_publisher":"https:\/\/www.instagram.com\/legislapp\/","og_image":[{"url":"https:\/\/www.legislapp.com.br\/wp-content\/uploads\/2021\/07\/Logo-Legislapp-1-03-1.png","type":"","width":"","height":""}],"twitter_card":"summary_large_image","twitter_misc":{"Est. tempo de leitura":"3 minutos"},"schema":{"@context":"https:\/\/schema.org","@graph":[{"@type":"WebPage","@id":"https:\/\/www.legislapp.com.br\/index.php\/avulso-inicial-pl-3285-2025-camara\/","url":"https:\/\/www.legislapp.com.br\/index.php\/avulso-inicial-pl-3285-2025-camara\/","name":"Avulso Inicial - PL 3285\/2025 - C\u00e2mara - Legislapp","isPartOf":{"@id":"https:\/\/www.legislapp.com.br\/#website"},"primaryImageOfPage":{"@id":"https:\/\/www.legislapp.com.br\/index.php\/avulso-inicial-pl-3285-2025-camara\/#primaryimage"},"image":{"@id":"https:\/\/www.legislapp.com.br\/index.php\/avulso-inicial-pl-3285-2025-camara\/#primaryimage"},"thumbnailUrl":"https:\/\/www.legislapp.com.br\/wp-content\/uploads\/2021\/07\/Logo-Legislapp-1-03-1.png","datePublished":"2025-12-01T14:23:35+00:00","breadcrumb":{"@id":"https:\/\/www.legislapp.com.br\/index.php\/avulso-inicial-pl-3285-2025-camara\/#breadcrumb"},"inLanguage":"pt-BR","potentialAction":[{"@type":"ReadAction","target":["https:\/\/www.legislapp.com.br\/index.php\/avulso-inicial-pl-3285-2025-camara\/"]}]},{"@type":"ImageObject","inLanguage":"pt-BR","@id":"https:\/\/www.legislapp.com.br\/index.php\/avulso-inicial-pl-3285-2025-camara\/#primaryimage","url":"https:\/\/www.legislapp.com.br\/wp-content\/uploads\/2021\/07\/Logo-Legislapp-1-03-1.png","contentUrl":"https:\/\/www.legislapp.com.br\/wp-content\/uploads\/2021\/07\/Logo-Legislapp-1-03-1.png","width":2679,"height":2697},{"@type":"BreadcrumbList","@id":"https:\/\/www.legislapp.com.br\/index.php\/avulso-inicial-pl-3285-2025-camara\/#breadcrumb","itemListElement":[{"@type":"ListItem","position":1,"name":"In\u00edcio","item":"https:\/\/www.legislapp.com.br\/"},{"@type":"ListItem","position":2,"name":"Avulso Inicial &#8211; PL 3285\/2025 &#8211; C\u00e2mara"}]},{"@type":"WebSite","@id":"https:\/\/www.legislapp.com.br\/#website","url":"https:\/\/www.legislapp.com.br\/","name":"Legislapp","description":"Intelig\u00eancia governamental em tempo real","publisher":{"@id":"https:\/\/www.legislapp.com.br\/#organization"},"potentialAction":[{"@type":"SearchAction","target":{"@type":"EntryPoint","urlTemplate":"https:\/\/www.legislapp.com.br\/?s={search_term_string}"},"query-input":{"@type":"PropertyValueSpecification","valueRequired":true,"valueName":"search_term_string"}}],"inLanguage":"pt-BR"},{"@type":"Organization","@id":"https:\/\/www.legislapp.com.br\/#organization","name":"Legislapp Monitoramento e Intelig\u00eancia Governamental","url":"https:\/\/www.legislapp.com.br\/","logo":{"@type":"ImageObject","inLanguage":"pt-BR","@id":"https:\/\/www.legislapp.com.br\/#\/schema\/logo\/image\/","url":"https:\/\/www.legislapp.com.br\/wp-content\/uploads\/icon.png","contentUrl":"https:\/\/www.legislapp.com.br\/wp-content\/uploads\/icon.png","width":1024,"height":1024,"caption":"Legislapp Monitoramento e Intelig\u00eancia Governamental"},"image":{"@id":"https:\/\/www.legislapp.com.br\/#\/schema\/logo\/image\/"},"sameAs":["https:\/\/www.instagram.com\/legislapp\/"]}]}},"_links":{"self":[{"href":"https:\/\/www.legislapp.com.br\/index.php\/wp-json\/wp\/v2\/pages\/10530","targetHints":{"allow":["GET"]}}],"collection":[{"href":"https:\/\/www.legislapp.com.br\/index.php\/wp-json\/wp\/v2\/pages"}],"about":[{"href":"https:\/\/www.legislapp.com.br\/index.php\/wp-json\/wp\/v2\/types\/page"}],"author":[{"embeddable":true,"href":"https:\/\/www.legislapp.com.br\/index.php\/wp-json\/wp\/v2\/users\/1"}],"replies":[{"embeddable":true,"href":"https:\/\/www.legislapp.com.br\/index.php\/wp-json\/wp\/v2\/comments?post=10530"}],"version-history":[{"count":0,"href":"https:\/\/www.legislapp.com.br\/index.php\/wp-json\/wp\/v2\/pages\/10530\/revisions"}],"wp:attachment":[{"href":"https:\/\/www.legislapp.com.br\/index.php\/wp-json\/wp\/v2\/media?parent=10530"}],"curies":[{"name":"wp","href":"https:\/\/api.w.org\/{rel}","templated":true}]}}