{"id":10555,"date":"2025-12-01T11:25:15","date_gmt":"2025-12-01T14:25:15","guid":{"rendered":"https:\/\/www.legislapp.com.br\/index.php\/avulso-inicial-pl-4816-2025-camara\/"},"modified":"2025-12-01T11:25:15","modified_gmt":"2025-12-01T14:25:15","slug":"avulso-inicial-pl-4816-2025-camara","status":"publish","type":"page","link":"https:\/\/www.legislapp.com.br\/index.php\/avulso-inicial-pl-4816-2025-camara\/","title":{"rendered":"Avulso Inicial &#8211; PL 4816\/2025 &#8211; C\u00e2mara"},"content":{"rendered":"<h1 style='text-align: center;'>Avulso Inicial &#8211; Autoria de Robinson Faria<\/h3>\n<p><\/p>\n<article>C\u00c2MARA DOS DEPUTADOS<br \/>\nDeputado Federal Robinson Faria<br \/>\nPROJETO DE LEI N\u00ba,                     2025<br \/>\n(Do Sr. ROBINSON FARIA)<br \/>\nAltera o Decreto-Lei n\u00ba 2.848, de<br \/>\n7 de dezembro de 1940 (C\u00f3digo<br \/>\nPenal), para reconhecer como<br \/>\ncircunst\u00e2ncia agravante a pr\u00e1tica<br \/>\nde crime contra pessoa com<br \/>\ndefici\u00eancia.<br \/>\nO CONGRESSO NACIONAL decreta:<br \/>\nArt. 1\u00ba Esta lei altera o art. 61, inciso II, al\u00ednea \u201ch\u201d do C\u00f3digo<br \/>\nPenal, para incluir o crime cometido contra pessoa com defici\u00eancia<br \/>\nnas circunst\u00e2ncias que agravam a pena.<br \/>\nArt. 2\u00ba O art. 61, inciso II, al\u00ednea \u201ch\u201d, do Decreto-Lei n\u00ba 2.848,<br \/>\nde 7 de dezembro de 1940 (C\u00f3digo Penal), passa a vigorar com a<br \/>\nseguinte reda\u00e7\u00e3o:<br \/>\n\u201ch) quando o crime \u00e9 cometido<br \/>\ncontra crian\u00e7a, maior de 60<br \/>\n(sessenta) anos, enfermo, mulher<br \/>\ngr\u00e1vida ou pessoa com<br \/>\ndefici\u00eancia.\u201d<br \/>\nArt. 3\u00ba Esta lei entra em vigor na data de sua publica\u00e7\u00e3o.<br \/>\nJUSTIFICA\u00c7\u00c3O<br \/>\nPra\u00e7a dos Tr\u00eas Poderes &#8211; C\u00e2mara dos Deputados &#8211; Anexo IV, 7\u00ba andar, Gabinete 706<br \/>\nCEP 70160-900 \u2013 Bras\u00edlia\/DF<br \/>\ndep.robinsonfaria@camara.leg.br<br \/>\nPara verificar a assinatura, acesse https:\/\/infoleg-autenticidade-assinatura.camara.leg.br\/CD257154442400<br \/>\nAssinado eletronicamente pelo(a) Dep. Robinson Faria<br \/>\nApresenta\u00e7\u00e3o: 29\/09\/2025 15:58:46.843 &#8211; Mesa<br \/>\n*CD257154442400* PL n.4816\/2025<br \/>C\u00c2MARA DOS DEPUTADOS<br \/>\nDeputado Federal Robinson Faria<br \/>\nO C\u00f3digo Penal brasileiro sofreu diversas reformas ao longo dos<br \/>\nanos, mas ainda preserva dispositivos cuja reda\u00e7\u00e3o n\u00e3o acompanhou<br \/>\nplenamente a evolu\u00e7\u00e3o dos direitos fundamentais consagrados pela<br \/>\nConstitui\u00e7\u00e3o de 1988 e pela legisla\u00e7\u00e3o infraconstitucional mais<br \/>\nrecente.<br \/>\nUm exemplo \u00e9 o art. 61, inciso II, al\u00ednea \u201ch\u201d, que prev\u00ea como<br \/>\ncircunst\u00e2ncia agravante a pr\u00e1tica de crime contra crian\u00e7a, pessoa<br \/>\nidosa, enfermo ou mulher gr\u00e1vida. Nota-se que, embora tenha<br \/>\nincorporado a prote\u00e7\u00e3o \u00e0 popula\u00e7\u00e3o idosa, fruto de altera\u00e7\u00e3o<br \/>\nlegislativa posterior, o dispositivo permanece silente em rela\u00e7\u00e3o \u00e0s<br \/>\npessoas com defici\u00eancia.<br \/>\nDesde a Conven\u00e7\u00e3o Internacional sobre os Direitos das Pessoas<br \/>\ncom Defici\u00eancia, internalizada no Brasil com status de emenda<br \/>\nconstitucional, at\u00e9 a promulga\u00e7\u00e3o da Lei Brasileira de Inclus\u00e3o da<br \/>\nPessoa com Defici\u00eancia (Lei n\u00ba 13.146\/2015), que reconhece o<br \/>\nautismo como defici\u00eancia para todos os efeitos legais, o ordenamento<br \/>\njur\u00eddico brasileiro consolidou a necessidade de assegurar prote\u00e7\u00e3o<br \/>\nespecial e efetiva a esse grupo historicamente vulner\u00e1vel.<br \/>\nEntretanto, o C\u00f3digo Penal, ao n\u00e3o incluir a pessoa com<br \/>\ndefici\u00eancia na lista de v\u00edtimas cuja condi\u00e7\u00e3o gera agravamento da<br \/>\npena, cria uma lacuna que fragiliza a tutela penal. Embora o termo<br \/>\n\u201cenfermo\u201d possa abranger situa\u00e7\u00f5es de defici\u00eancia, n\u00e3o h\u00e1 identidade<br \/>\nconceitual entre os institutos, pois defici\u00eancia n\u00e3o \u00e9 enfermidade.<br \/>\nPessoas com defici\u00eancia n\u00e3o s\u00e3o, por defini\u00e7\u00e3o, enfermas, e n\u00e3o<br \/>\npodem depender de uma interpreta\u00e7\u00e3o extensiva para ter seus<br \/>\ndireitos reconhecidos.<br \/>\nPra\u00e7a dos Tr\u00eas Poderes &#8211; C\u00e2mara dos Deputados &#8211; Anexo IV, 7\u00ba andar, Gabinete 706<br \/>\nCEP 70160-900 \u2013 Bras\u00edlia\/DF<br \/>\ndep.robinsonfaria@camara.leg.br<br \/>\nPara verificar a assinatura, acesse https:\/\/infoleg-autenticidade-assinatura.camara.leg.br\/CD257154442400<br \/>\nAssinado eletronicamente pelo(a) Dep. Robinson Faria<br \/>\nApresenta\u00e7\u00e3o: 29\/09\/2025 15:58:46.843 &#8211; Mesa<br \/>\n*CD257154442400* PL n.4816\/2025<br \/>C\u00c2MARA DOS DEPUTADOS<br \/>\nDeputado Federal Robinson Faria<br \/>\nDados de organiza\u00e7\u00f5es nacionais e internacionais revelam que<br \/>\npessoas com defici\u00eancia est\u00e3o mais expostas \u00e0 viol\u00eancia f\u00edsica,<br \/>\npsicol\u00f3gica e sexual. Estudos apontam que indiv\u00edduos com defici\u00eancia<br \/>\nintelectual ou com transtorno do espectro autista enfrentam \u00edndices<br \/>\nsignificativamente maiores de discrimina\u00e7\u00e3o, abusos e viola\u00e7\u00e3o de<br \/>\ndireitos do que a m\u00e9dia da popula\u00e7\u00e3o. No Brasil, o IBGE estima que<br \/>\nmais de 18 milh\u00f5es de brasileiros convivem com algum grau de<br \/>\ndefici\u00eancia, o que corresponde a parcela expressiva de nossa<br \/>\nsociedade.<br \/>\nEsta parcela da popula\u00e7\u00e3o est\u00e1 entre as mais suscet\u00edveis a<br \/>\nsofrer com crimes diversos, justamente por sua condi\u00e7\u00e3o de maior<br \/>\nvulnerabilidade f\u00edsica, cognitiva ou sensorial, tornando-os alvos<br \/>\nfrequentes de pr\u00e1ticas criminosas que v\u00e3o desde a viol\u00eancia f\u00edsica,<br \/>\npsicol\u00f3gica e sexual at\u00e9 a explora\u00e7\u00e3o econ\u00f4mica, a neglig\u00eancia e a<br \/>\ndiscrimina\u00e7\u00e3o. Tal cen\u00e1rio exige do Estado e da sociedade uma<br \/>\naten\u00e7\u00e3o diferenciada e a ado\u00e7\u00e3o de mecanismos mais eficazes de<br \/>\nprote\u00e7\u00e3o.<br \/>\nDiante dessa conjuntura, \u00e9 significativo atualizar o C\u00f3digo Penal<br \/>\npara refletir os avan\u00e7os normativos e sociais, incluindo<br \/>\nexpressamente as pessoas com defici\u00eancia entre os sujeitos cuja<br \/>\nvulnerabilidade justifica o agravamento da pena. A proposta n\u00e3o<br \/>\napenas harmoniza o C\u00f3digo Penal com a Constitui\u00e7\u00e3o Federal e com a<br \/>\nlegisla\u00e7\u00e3o protetiva j\u00e1 vigente, mas tamb\u00e9m envia uma mensagem<br \/>\nclara \u00e0 sociedade, onde a viol\u00eancia e a discrimina\u00e7\u00e3o contra pessoas<br \/>\ncom defici\u00eancia n\u00e3o ser\u00e3o toleradas.<br \/>\nTrata-se, portanto, de medida de justi\u00e7a e coer\u00eancia legislativa,<br \/>\nconferindo maior seguran\u00e7a jur\u00eddica \u00e0 aplica\u00e7\u00e3o das normas penais e<br \/>\nPra\u00e7a dos Tr\u00eas Poderes &#8211; C\u00e2mara dos Deputados &#8211; Anexo IV, 7\u00ba andar, Gabinete 706<br \/>\nCEP 70160-900 \u2013 Bras\u00edlia\/DF<br \/>\ndep.robinsonfaria@camara.leg.br<br \/>\nPara verificar a assinatura, acesse https:\/\/infoleg-autenticidade-assinatura.camara.leg.br\/CD257154442400<br \/>\nAssinado eletronicamente pelo(a) Dep. Robinson Faria<br \/>\nApresenta\u00e7\u00e3o: 29\/09\/2025 15:58:46.843 &#8211; Mesa<br \/>\n*CD257154442400* PL n.4816\/2025<br \/>C\u00c2MARA DOS DEPUTADOS<br \/>\nDeputado Federal Robinson Faria<br \/>\nreafirmando o compromisso do Estado brasileiro com a dignidade da<br \/>\npessoa humana e a inclus\u00e3o social.<br \/>\nAnte o exposto, submeto o presente projeto \u00e0 aprecia\u00e7\u00e3o dos<br \/>\nnobres Parlamentares, na certeza de que esta Casa Legislativa saber\u00e1<br \/>\nreconhecer a urg\u00eancia e relev\u00e2ncia do tema, e aprovar\u00e1 a medida<br \/>\ncomo parte do nosso compromisso com as pessoas com defici\u00eancia,<br \/>\nem especial \u00e0s pessoas com transtorno do espectro autista.<br \/>\nSala das Sess\u00f5es, em                 de setembro de 2025.<br \/>\nROBINSON FARIA<br \/>\nDeputado Federal \u2013 PP\/RN<br \/>\nPra\u00e7a dos Tr\u00eas Poderes &#8211; C\u00e2mara dos Deputados &#8211; Anexo IV, 7\u00ba andar, Gabinete 706<br \/>\nCEP 70160-900 \u2013 Bras\u00edlia\/DF<br \/>\ndep.robinsonfaria@camara.leg.br<br \/>\nPara verificar a assinatura, acesse https:\/\/infoleg-autenticidade-assinatura.camara.leg.br\/CD257154442400<br \/>\nAssinado eletronicamente pelo(a) Dep. Robinson Faria<br \/>\nApresenta\u00e7\u00e3o: 29\/09\/2025 15:58:46.843 &#8211; Mesa<br \/>\n*CD257154442400* PL n.4816\/2025<\/article>\n<p><a href='https:\/\/app.legislapp.com.br\/#\/busca?termo=Altera\u00e7\u00e3o'>Altera\u00e7\u00e3o<\/a>, <a href='https:\/\/app.legislapp.com.br\/#\/busca?termo=C\u00f3digo Penal (1940)'>C\u00f3digo Penal (1940)<\/a>, <a href='https:\/\/app.legislapp.com.br\/#\/busca?termo=circunst\u00e2ncia agravante'>circunst\u00e2ncia agravante<\/a>, <a href='https:\/\/app.legislapp.com.br\/#\/busca?termo=crit\u00e9rio'>crit\u00e9rio<\/a>, <a href='https:\/\/app.legislapp.com.br\/#\/busca?termo=crime'>crime<\/a>, <a href='https:\/\/app.legislapp.com.br\/#\/busca?termo=v\u00edtima'>v\u00edtima<\/a>, <a href='https:\/\/app.legislapp.com.br\/#\/busca?termo=pessoa com defici\u00eancia'>pessoa com defici\u00eancia<\/a>, <a href='https:\/\/app.legislapp.com.br\/#\/busca?termo=agrava\u00e7\u00e3o penal'>agrava\u00e7\u00e3o penal<\/a>, <a href='https:\/\/app.legislapp.com.br\/#\/busca?termo=vulnerabilidade'>vulnerabilidade<\/a>, <a href='https:\/\/app.legislapp.com.br\/#\/busca?termo=Direitos do deficiente'>Direitos do deficiente<\/a>, <a href='https:\/\/app.legislapp.com.br\/#\/busca?termo=Transtorno do Espectro Autista (TEA).'>Transtorno do Espectro Autista (TEA).<\/a><\/p>\n<div style=\"text-align: center\">\n      <img decoding=\"async\" style=\"width: 14%;\" src=\"https:\/\/www.legislapp.com.br\/wp-content\/uploads\/2021\/07\/Logo-Legislapp-1-03-1.png\"><br \/>\n      <\/p>\n<div style=\"margin-bottom: 20px;\" class=\"et_pb_button_module_wrapper et_pb_button_5_tb_body_wrapper et_pb_button_alignment_center et_pb_module \">\n         <a class=\"et_pb_button et_pb_button_5_tb_body et_hover_enabled et_pb_bg_layout_dark\" style=\"width: 50%;background-color: black;\" href=\"https:\/\/app.legislapp.com.br\" target=\"_blank\" rel=\"noopener\">Visualizar completo na nossa plataforma (30 dias gr\u00e1tis)<\/a><\/p><\/div>\n<p>      <a href=\"https:\/\/play.google.com\/store\/apps\/details?id=br.com.legislapp\"><img decoding=\"async\" style=\"width: 15%; min-width: 130px;\" src=\"https:\/\/www.legislapp.com.br\/wp-content\/uploads\/google-play.png\"><\/a><br \/>\n      <a href=\"https:\/\/apps.apple.com\/us\/app\/legislapp\/id1568929859\"><img decoding=\"async\" style=\"width: 15%; min-width: 130px\" src=\"https:\/\/www.legislapp.com.br\/wp-content\/uploads\/apple-store.png\"><\/a>\n   <\/div>\n","protected":false},"excerpt":{"rendered":"<p>Avulso Inicial &#8211; Autoria de Robinson Faria C\u00c2MARA DOS DEPUTADOS Deputado Federal Robinson Faria PROJETO DE LEI N\u00ba, 2025 (Do Sr. ROBINSON FARIA) Altera o Decreto-Lei n\u00ba 2.848, de 7 de dezembro de 1940 (C\u00f3digo Penal), para reconhecer como circunst\u00e2ncia agravante a pr\u00e1tica de crime contra pessoa com defici\u00eancia. O CONGRESSO NACIONAL decreta: Art. 1\u00ba [&hellip;]<\/p>\n","protected":false},"author":1,"featured_media":0,"parent":0,"menu_order":0,"comment_status":"closed","ping_status":"closed","template":"page-template-blank.php","meta":{"_et_pb_use_builder":"","_et_pb_old_content":"","_et_gb_content_width":"1080","ngg_post_thumbnail":0,"footnotes":""},"class_list":["post-10555","page","type-page","status-publish","hentry"],"yoast_head":"<!-- This site is optimized with the Yoast SEO plugin v24.4 - https:\/\/yoast.com\/wordpress\/plugins\/seo\/ -->\n<title>Avulso Inicial - PL 4816\/2025 - C\u00e2mara - Legislapp<\/title>\n<meta name=\"robots\" content=\"index, follow, max-snippet:-1, max-image-preview:large, max-video-preview:-1\" \/>\n<link rel=\"canonical\" href=\"https:\/\/www.legislapp.com.br\/index.php\/avulso-inicial-pl-4816-2025-camara\/\" \/>\n<meta property=\"og:locale\" content=\"pt_BR\" \/>\n<meta property=\"og:type\" content=\"article\" \/>\n<meta property=\"og:title\" content=\"Avulso Inicial - PL 4816\/2025 - C\u00e2mara - Legislapp\" \/>\n<meta property=\"og:description\" content=\"Avulso Inicial &#8211; Autoria de Robinson Faria C\u00c2MARA DOS DEPUTADOS Deputado Federal Robinson Faria PROJETO DE LEI N\u00ba, 2025 (Do Sr. ROBINSON FARIA) Altera o Decreto-Lei n\u00ba 2.848, de 7 de dezembro de 1940 (C\u00f3digo Penal), para reconhecer como circunst\u00e2ncia agravante a pr\u00e1tica de crime contra pessoa com defici\u00eancia. O CONGRESSO NACIONAL decreta: Art. 1\u00ba [&hellip;]\" \/>\n<meta property=\"og:url\" content=\"https:\/\/www.legislapp.com.br\/index.php\/avulso-inicial-pl-4816-2025-camara\/\" \/>\n<meta property=\"og:site_name\" content=\"Legislapp\" \/>\n<meta property=\"article:publisher\" content=\"https:\/\/www.instagram.com\/legislapp\/\" \/>\n<meta property=\"og:image\" content=\"https:\/\/www.legislapp.com.br\/wp-content\/uploads\/2021\/07\/Logo-Legislapp-1-03-1.png\" \/>\n<meta name=\"twitter:card\" content=\"summary_large_image\" \/>\n<meta name=\"twitter:label1\" content=\"Est. tempo de leitura\" \/>\n\t<meta name=\"twitter:data1\" content=\"5 minutos\" \/>\n<script type=\"application\/ld+json\" class=\"yoast-schema-graph\">{\"@context\":\"https:\/\/schema.org\",\"@graph\":[{\"@type\":\"WebPage\",\"@id\":\"https:\/\/www.legislapp.com.br\/index.php\/avulso-inicial-pl-4816-2025-camara\/\",\"url\":\"https:\/\/www.legislapp.com.br\/index.php\/avulso-inicial-pl-4816-2025-camara\/\",\"name\":\"Avulso Inicial - PL 4816\/2025 - C\u00e2mara - Legislapp\",\"isPartOf\":{\"@id\":\"https:\/\/www.legislapp.com.br\/#website\"},\"primaryImageOfPage\":{\"@id\":\"https:\/\/www.legislapp.com.br\/index.php\/avulso-inicial-pl-4816-2025-camara\/#primaryimage\"},\"image\":{\"@id\":\"https:\/\/www.legislapp.com.br\/index.php\/avulso-inicial-pl-4816-2025-camara\/#primaryimage\"},\"thumbnailUrl\":\"https:\/\/www.legislapp.com.br\/wp-content\/uploads\/2021\/07\/Logo-Legislapp-1-03-1.png\",\"datePublished\":\"2025-12-01T14:25:15+00:00\",\"breadcrumb\":{\"@id\":\"https:\/\/www.legislapp.com.br\/index.php\/avulso-inicial-pl-4816-2025-camara\/#breadcrumb\"},\"inLanguage\":\"pt-BR\",\"potentialAction\":[{\"@type\":\"ReadAction\",\"target\":[\"https:\/\/www.legislapp.com.br\/index.php\/avulso-inicial-pl-4816-2025-camara\/\"]}]},{\"@type\":\"ImageObject\",\"inLanguage\":\"pt-BR\",\"@id\":\"https:\/\/www.legislapp.com.br\/index.php\/avulso-inicial-pl-4816-2025-camara\/#primaryimage\",\"url\":\"https:\/\/www.legislapp.com.br\/wp-content\/uploads\/2021\/07\/Logo-Legislapp-1-03-1.png\",\"contentUrl\":\"https:\/\/www.legislapp.com.br\/wp-content\/uploads\/2021\/07\/Logo-Legislapp-1-03-1.png\",\"width\":2679,\"height\":2697},{\"@type\":\"BreadcrumbList\",\"@id\":\"https:\/\/www.legislapp.com.br\/index.php\/avulso-inicial-pl-4816-2025-camara\/#breadcrumb\",\"itemListElement\":[{\"@type\":\"ListItem\",\"position\":1,\"name\":\"In\u00edcio\",\"item\":\"https:\/\/www.legislapp.com.br\/\"},{\"@type\":\"ListItem\",\"position\":2,\"name\":\"Avulso Inicial &#8211; PL 4816\/2025 &#8211; C\u00e2mara\"}]},{\"@type\":\"WebSite\",\"@id\":\"https:\/\/www.legislapp.com.br\/#website\",\"url\":\"https:\/\/www.legislapp.com.br\/\",\"name\":\"Legislapp\",\"description\":\"Intelig\u00eancia governamental em tempo real\",\"publisher\":{\"@id\":\"https:\/\/www.legislapp.com.br\/#organization\"},\"potentialAction\":[{\"@type\":\"SearchAction\",\"target\":{\"@type\":\"EntryPoint\",\"urlTemplate\":\"https:\/\/www.legislapp.com.br\/?s={search_term_string}\"},\"query-input\":{\"@type\":\"PropertyValueSpecification\",\"valueRequired\":true,\"valueName\":\"search_term_string\"}}],\"inLanguage\":\"pt-BR\"},{\"@type\":\"Organization\",\"@id\":\"https:\/\/www.legislapp.com.br\/#organization\",\"name\":\"Legislapp Monitoramento e Intelig\u00eancia Governamental\",\"url\":\"https:\/\/www.legislapp.com.br\/\",\"logo\":{\"@type\":\"ImageObject\",\"inLanguage\":\"pt-BR\",\"@id\":\"https:\/\/www.legislapp.com.br\/#\/schema\/logo\/image\/\",\"url\":\"https:\/\/www.legislapp.com.br\/wp-content\/uploads\/icon.png\",\"contentUrl\":\"https:\/\/www.legislapp.com.br\/wp-content\/uploads\/icon.png\",\"width\":1024,\"height\":1024,\"caption\":\"Legislapp Monitoramento e Intelig\u00eancia Governamental\"},\"image\":{\"@id\":\"https:\/\/www.legislapp.com.br\/#\/schema\/logo\/image\/\"},\"sameAs\":[\"https:\/\/www.instagram.com\/legislapp\/\"]}]}<\/script>\n<!-- \/ Yoast SEO plugin. -->","yoast_head_json":{"title":"Avulso Inicial - PL 4816\/2025 - C\u00e2mara - Legislapp","robots":{"index":"index","follow":"follow","max-snippet":"max-snippet:-1","max-image-preview":"max-image-preview:large","max-video-preview":"max-video-preview:-1"},"canonical":"https:\/\/www.legislapp.com.br\/index.php\/avulso-inicial-pl-4816-2025-camara\/","og_locale":"pt_BR","og_type":"article","og_title":"Avulso Inicial - PL 4816\/2025 - C\u00e2mara - Legislapp","og_description":"Avulso Inicial &#8211; Autoria de Robinson Faria C\u00c2MARA DOS DEPUTADOS Deputado Federal Robinson Faria PROJETO DE LEI N\u00ba, 2025 (Do Sr. ROBINSON FARIA) Altera o Decreto-Lei n\u00ba 2.848, de 7 de dezembro de 1940 (C\u00f3digo Penal), para reconhecer como circunst\u00e2ncia agravante a pr\u00e1tica de crime contra pessoa com defici\u00eancia. O CONGRESSO NACIONAL decreta: Art. 1\u00ba [&hellip;]","og_url":"https:\/\/www.legislapp.com.br\/index.php\/avulso-inicial-pl-4816-2025-camara\/","og_site_name":"Legislapp","article_publisher":"https:\/\/www.instagram.com\/legislapp\/","og_image":[{"url":"https:\/\/www.legislapp.com.br\/wp-content\/uploads\/2021\/07\/Logo-Legislapp-1-03-1.png","type":"","width":"","height":""}],"twitter_card":"summary_large_image","twitter_misc":{"Est. tempo de leitura":"5 minutos"},"schema":{"@context":"https:\/\/schema.org","@graph":[{"@type":"WebPage","@id":"https:\/\/www.legislapp.com.br\/index.php\/avulso-inicial-pl-4816-2025-camara\/","url":"https:\/\/www.legislapp.com.br\/index.php\/avulso-inicial-pl-4816-2025-camara\/","name":"Avulso Inicial - PL 4816\/2025 - C\u00e2mara - Legislapp","isPartOf":{"@id":"https:\/\/www.legislapp.com.br\/#website"},"primaryImageOfPage":{"@id":"https:\/\/www.legislapp.com.br\/index.php\/avulso-inicial-pl-4816-2025-camara\/#primaryimage"},"image":{"@id":"https:\/\/www.legislapp.com.br\/index.php\/avulso-inicial-pl-4816-2025-camara\/#primaryimage"},"thumbnailUrl":"https:\/\/www.legislapp.com.br\/wp-content\/uploads\/2021\/07\/Logo-Legislapp-1-03-1.png","datePublished":"2025-12-01T14:25:15+00:00","breadcrumb":{"@id":"https:\/\/www.legislapp.com.br\/index.php\/avulso-inicial-pl-4816-2025-camara\/#breadcrumb"},"inLanguage":"pt-BR","potentialAction":[{"@type":"ReadAction","target":["https:\/\/www.legislapp.com.br\/index.php\/avulso-inicial-pl-4816-2025-camara\/"]}]},{"@type":"ImageObject","inLanguage":"pt-BR","@id":"https:\/\/www.legislapp.com.br\/index.php\/avulso-inicial-pl-4816-2025-camara\/#primaryimage","url":"https:\/\/www.legislapp.com.br\/wp-content\/uploads\/2021\/07\/Logo-Legislapp-1-03-1.png","contentUrl":"https:\/\/www.legislapp.com.br\/wp-content\/uploads\/2021\/07\/Logo-Legislapp-1-03-1.png","width":2679,"height":2697},{"@type":"BreadcrumbList","@id":"https:\/\/www.legislapp.com.br\/index.php\/avulso-inicial-pl-4816-2025-camara\/#breadcrumb","itemListElement":[{"@type":"ListItem","position":1,"name":"In\u00edcio","item":"https:\/\/www.legislapp.com.br\/"},{"@type":"ListItem","position":2,"name":"Avulso Inicial &#8211; PL 4816\/2025 &#8211; C\u00e2mara"}]},{"@type":"WebSite","@id":"https:\/\/www.legislapp.com.br\/#website","url":"https:\/\/www.legislapp.com.br\/","name":"Legislapp","description":"Intelig\u00eancia governamental em tempo real","publisher":{"@id":"https:\/\/www.legislapp.com.br\/#organization"},"potentialAction":[{"@type":"SearchAction","target":{"@type":"EntryPoint","urlTemplate":"https:\/\/www.legislapp.com.br\/?s={search_term_string}"},"query-input":{"@type":"PropertyValueSpecification","valueRequired":true,"valueName":"search_term_string"}}],"inLanguage":"pt-BR"},{"@type":"Organization","@id":"https:\/\/www.legislapp.com.br\/#organization","name":"Legislapp Monitoramento e Intelig\u00eancia Governamental","url":"https:\/\/www.legislapp.com.br\/","logo":{"@type":"ImageObject","inLanguage":"pt-BR","@id":"https:\/\/www.legislapp.com.br\/#\/schema\/logo\/image\/","url":"https:\/\/www.legislapp.com.br\/wp-content\/uploads\/icon.png","contentUrl":"https:\/\/www.legislapp.com.br\/wp-content\/uploads\/icon.png","width":1024,"height":1024,"caption":"Legislapp Monitoramento e Intelig\u00eancia Governamental"},"image":{"@id":"https:\/\/www.legislapp.com.br\/#\/schema\/logo\/image\/"},"sameAs":["https:\/\/www.instagram.com\/legislapp\/"]}]}},"_links":{"self":[{"href":"https:\/\/www.legislapp.com.br\/index.php\/wp-json\/wp\/v2\/pages\/10555","targetHints":{"allow":["GET"]}}],"collection":[{"href":"https:\/\/www.legislapp.com.br\/index.php\/wp-json\/wp\/v2\/pages"}],"about":[{"href":"https:\/\/www.legislapp.com.br\/index.php\/wp-json\/wp\/v2\/types\/page"}],"author":[{"embeddable":true,"href":"https:\/\/www.legislapp.com.br\/index.php\/wp-json\/wp\/v2\/users\/1"}],"replies":[{"embeddable":true,"href":"https:\/\/www.legislapp.com.br\/index.php\/wp-json\/wp\/v2\/comments?post=10555"}],"version-history":[{"count":0,"href":"https:\/\/www.legislapp.com.br\/index.php\/wp-json\/wp\/v2\/pages\/10555\/revisions"}],"wp:attachment":[{"href":"https:\/\/www.legislapp.com.br\/index.php\/wp-json\/wp\/v2\/media?parent=10555"}],"curies":[{"name":"wp","href":"https:\/\/api.w.org\/{rel}","templated":true}]}}