{"id":10670,"date":"2025-12-01T11:31:55","date_gmt":"2025-12-01T14:31:55","guid":{"rendered":"https:\/\/www.legislapp.com.br\/index.php\/avulso-inicial-pl-3800-2025-camara\/"},"modified":"2025-12-01T11:31:55","modified_gmt":"2025-12-01T14:31:55","slug":"avulso-inicial-pl-3800-2025-camara","status":"publish","type":"page","link":"https:\/\/www.legislapp.com.br\/index.php\/avulso-inicial-pl-3800-2025-camara\/","title":{"rendered":"Avulso Inicial &#8211; PL 3800\/2025 &#8211; C\u00e2mara"},"content":{"rendered":"<h1 style='text-align: center;'>Avulso Inicial &#8211; Autoria de C\u00e9lia Xakriab\u00e1<\/h3>\n<p><\/p>\n<article>PROJETO DE LEI ,                      DE 2025<br \/>\n(Da Sra. C\u00c9LIA XAKRIAB\u00c1)<br \/>\nASSEGURA aos povos ind\u00edgenas, povos e<br \/>\ncomunidades tradicionais e comunidades de<br \/>\nmatriz afro-brasileira o direito ao uso de<br \/>\nelementos culturais e espirituais de<br \/>\nidentifica\u00e7\u00e3o em espa\u00e7os p\u00fablicos e privados<br \/>\nde uso coletivo, sem que isso implique em<br \/>\nrestri\u00e7\u00e3o de acesso, circula\u00e7\u00e3o ou exerc\u00edcio<br \/>\nde direitos.<br \/>\nO Congresso Nacional decreta:<br \/>\nArt. 1\u00ba Fica assegurado aos povos ind\u00edgenas, \u00e0s comunidades<br \/>\nquilombolas, aos povos e comunidades tradicionais (PCTs), \u00e0s comunidades de<br \/>\nmatriz afro-brasileira, entre outras, o direito de utilizar, em quaisquer espa\u00e7os<br \/>\np\u00fablicos ou privados de uso coletivo, elementos que expressem pertencimento<br \/>\ncultural, espiritual, \u00e9tnico ou tradicional, como cocares, turbantes, tran\u00e7as,<br \/>\nvestes rituais, marac\u00e1s e adornos simb\u00f3licos.<br \/>\nArt. 2\u00ba \u00c9 vedada qualquer forma de discrimina\u00e7\u00e3o, restri\u00e7\u00e3o de<br \/>\nacesso, abordagem vexat\u00f3ria ou constrangimento a essas pessoas em raz\u00e3o do<br \/>\nuso dos elementos referidos no art. 1\u00ba, inclusive em locais como:<br \/>\nI \u2013 aeroportos, portos, rodovi\u00e1rias e esta\u00e7\u00f5es;<br \/>\nII \u2013 reparti\u00e7\u00f5es p\u00fablicas, \u00f3rg\u00e3os administrativos e de seguran\u00e7a;<br \/>\nIII \u2013 institui\u00e7\u00f5es de ensino e estabelecimentos de sa\u00fade;<br \/>\nIV \u2013 estabelecimentos comerciais e culturais;<br \/>\nV \u2013 eventos esportivos, sociais, art\u00edsticos e religiosos;<br \/>\nPara verificar a assinatura, acesse https:\/\/infoleg-autenticidade-assinatura.camara.leg.br\/CD250154927400<br \/>\nAssinado eletronicamente pelo(a) Dep. C\u00e9lia Xakriab\u00e1<br \/>\nApresenta\u00e7\u00e3o: 06\/08\/2025 21:19:36.847 &#8211; Mesa<br \/>\n*CD250154927400* PL n.3800\/2025<br \/>Art. 3\u00ba Os \u00f3rg\u00e3os p\u00fablicos, empresas prestadoras de servi\u00e7os<br \/>\np\u00fablicos e entidades de seguran\u00e7a dever\u00e3o adotar medidas para sensibiliza\u00e7\u00e3o,<br \/>\ncapacita\u00e7\u00e3o e forma\u00e7\u00e3o de seus agentes quanto ao respeito \u00e0 diversidade cultural<br \/>\ne \u00e9tnica, visando \u00e0 preven\u00e7\u00e3o de atos discriminat\u00f3rios.<br \/>\nArt. 4\u00ba Esta Lei ser\u00e1 regulamentada pelo Poder Executivo no<br \/>\nprazo de 180 (cento e oitenta) dias.<br \/>\nArt. 5\u00b0 Esta Lei entra em vigor na data de sua publica\u00e7\u00e3o.<br \/>\nJUSTIFICA\u00c7\u00c3O<br \/>\nO Brasil \u00e9 uma na\u00e7\u00e3o marcada por diversidade \u00e9tnica, espiritual e cultural,<br \/>\nsendo o lar de mais de 300 povos ind\u00edgenas distintos, al\u00e9m de dezenas de<br \/>\ncomunidades quilombolas, povos e comunidades tradicionais (PCTs) e povos de<br \/>\nmatriz afro-brasileira. Essa riqueza civilizat\u00f3ria representa um patrim\u00f4nio<br \/>\ncoletivo que deve ser protegido, fortalecido e valorizado pelo Estado brasileiro.<br \/>\nA presente proposi\u00e7\u00e3o tem por objetivo garantir, em \u00e2mbito nacional, a<br \/>\nvaloriza\u00e7\u00e3o dessa diversidade, em respeito \u00e0s normativas brasileiras j\u00e1 existentes<br \/>\nque resguardam a liberdade cultural e a identidade dos povos que aqui habitam e,<br \/>\ntamb\u00e9m, que vedam qualquer tipo de discrimina\u00e7\u00e3o.<br \/>\nA Constitui\u00e7\u00e3o Federal de 1988 consagra esse compromisso com o<br \/>\npluralismo cultural e o reconhecimento dos direitos culturais e identit\u00e1rios dos<br \/>\npovos ind\u00edgenas e das comunidades afrodescendentes e de outros grupos<br \/>\nparticipantes do processo civilizat\u00f3rio nacional. Assegura-se, expressamente, o<br \/>\ndireito \u00e0 livre express\u00e3o de seus costumes, cren\u00e7as, s\u00edmbolos e tradi\u00e7\u00f5es. A<br \/>\nprote\u00e7\u00e3o ao direito de manifesta\u00e7\u00e3o cultural, inclusive em espa\u00e7os p\u00fablicos, est\u00e1<br \/>\nainda vinculada a princ\u00edpios constitucionais como a dignidade da pessoa humana,<br \/>\na liberdade de cren\u00e7a (art. 5\u00ba, VI) e a veda\u00e7\u00e3o \u00e0 discrimina\u00e7\u00e3o (art. 5\u00ba, caput).<br \/>\nPara verificar a assinatura, acesse https:\/\/infoleg-autenticidade-assinatura.camara.leg.br\/CD250154927400<br \/>\nAssinado eletronicamente pelo(a) Dep. C\u00e9lia Xakriab\u00e1<br \/>\nApresenta\u00e7\u00e3o: 06\/08\/2025 21:19:36.847 &#8211; Mesa<br \/>\n*CD250154927400* PL n.3800\/2025<br \/>Dessa forma, o presente projeto se insere em um marco legal e<br \/>\nconstitucional j\u00e1 consolidado, refor\u00e7ando o papel do Estado como garantidor da<br \/>\nliberdade identit\u00e1ria e do respeito \u00e0 diversidade que comp\u00f5e o povo brasileiro. \u00c9,<br \/>\nainda, uma medida necess\u00e1ria diante de recorrentes epis\u00f3dios de viola\u00e7\u00e3o de<br \/>\ndireitos em raz\u00e3o do uso de indument\u00e1rias e s\u00edmbolos tradicionais.<br \/>\nRecentemente, a atleta ind\u00edgena brasileira Alba Val\u00e9ria teve seu cocar<br \/>\napreendido na imigra\u00e7\u00e3o dos Estados Unidos, descrevendo o ocorrido como \u201cuma<br \/>\n1<br \/>\ndor horr\u00edvel\u201d por se ver despojada de um s\u00edmbolo de sua identidade ancestral . Em<br \/>\noutro epis\u00f3dio, um l\u00edder ind\u00edgena foi preso por desacato ao tentar embarcar em<br \/>\num voo usando cocar, sendo desrespeitado em sua liberdade de manifesta\u00e7\u00e3o<br \/>\n2<br \/>\ncultural . At\u00e9 mesmo uma deputada federal ind\u00edgena, assim como eu, relatou a<br \/>\napreens\u00e3o de seu cocar ao desembarcar na Su\u00ed\u00e7a, o que mostra que a<br \/>\ninvisibiliza\u00e7\u00e3o e criminaliza\u00e7\u00e3o simb\u00f3lica da cultura tradicional atravessa as<br \/>\n3<br \/>\nfronteiras .<br \/>\nEsses fatos evidenciam a necessidade de uma norma legal que reafirme o<br \/>\ndireito \u00e0 identidade cultural como componente do princ\u00edpio da dignidade da<br \/>\npessoa humana (CF, art. 1\u00ba, III), da liberdade de express\u00e3o e cren\u00e7a (CF, art. 5\u00ba, VI e<br \/>\nVIII) e do pluralismo pol\u00edtico (CF, art. 1\u00ba, V), fundamentos do Estado Democr\u00e1tico<br \/>\nde Direito.<br \/>\nRessalta-se ainda que o Brasil \u00e9 signat\u00e1rio da Conven\u00e7\u00e3o da UNESCO sobre<br \/>\na Prote\u00e7\u00e3o e Promo\u00e7\u00e3o da Diversidade das Express\u00f5es Culturais, promulgada pelo<br \/>\nDecreto n\u00ba 6.177\/2007. Pelo texto da Conven\u00e7\u00e3o, o pa\u00eds se compromete a atuar no<br \/>\nsentido de adotar pol\u00edticas e medidas relacionadas \u00e0 promo\u00e7\u00e3o da diversidade das<br \/>\n1<br \/>\n https:\/\/oglobo.globo.com\/esportes\/epoca\/noticia\/2024\/08\/15\/atleta-indigena-brasileira-tem-<br \/>\ncocar-apreendido-na-imigracao-dos-eua-dor-horrivel.ghtml<br \/>\n2<br \/>\n https:\/\/noticias.uol.com.br\/cotidiano\/ultimas-noticias\/2011\/11\/23\/lider-indigena-e-preso-por-<br \/>\ndesacato-pela-pf-ao-embarcar-em-voo-com-cocar.htm<br \/>\n3<br \/>\n https:\/\/www.estadao.com.br\/brasil\/deputada-indigena-diz-que-teve-cocar-confiscado-ao-<br \/>\ndesembarcar-na-suica\/?srsltid=AfmBOoqdalkHSteLJv67CiSrqyiXMu91E-<br \/>\nlDOI6xcmxpw9OttHVlWQ0u<br \/>\nPara verificar a assinatura, acesse https:\/\/infoleg-autenticidade-assinatura.camara.leg.br\/CD250154927400<br \/>\nAssinado eletronicamente pelo(a) Dep. C\u00e9lia Xakriab\u00e1<br \/>\nApresenta\u00e7\u00e3o: 06\/08\/2025 21:19:36.847 &#8211; Mesa<br \/>\n*CD250154927400* PL n.3800\/2025<br \/>express\u00f5es culturais, definida como a multiplicidade de formas pelas quais as<br \/>\nculturas dos grupos e sociedades encontram sua express\u00e3o. As express\u00f5es<br \/>\nculturais s\u00e3o transmitidas entre e dentro dos grupos e sociedades, manifestando-<br \/>\nse de maneira enriquecedora perante o conjunto social.<br \/>\nA interculturalidade deve ser afirmada pelo Estado como um princ\u00edpio que<br \/>\nvaloriza a conviv\u00eancia equitativa entre culturas distintas. Ao assegurar o uso livre<br \/>\nde elementos tradicionais em todos os espa\u00e7os, promove-se o respeito m\u00fatuo, a<br \/>\ninclus\u00e3o e a justi\u00e7a social.<br \/>\nPor todo o exposto, solicito o apoio dos nobres pares para a aprova\u00e7\u00e3o<br \/>\ndeste importante projeto.<br \/>\nSala das Sess\u00f5es, em        de                     de 2025.<br \/>\nC\u00c9LIA XAKRIAB\u00c1<br \/>\nDeputada Federal PSOL\/MG<br \/>\nPara verificar a assinatura, acesse https:\/\/infoleg-autenticidade-assinatura.camara.leg.br\/CD250154927400<br \/>\nAssinado eletronicamente pelo(a) Dep. C\u00e9lia Xakriab\u00e1<br \/>\nApresenta\u00e7\u00e3o: 06\/08\/2025 21:19:36.847 &#8211; Mesa<br \/>\n*CD250154927400* PL n.3800\/2025<\/article>\n<p><a href='https:\/\/app.legislapp.com.br\/#\/busca?termo='><\/a><\/p>\n<div style=\"text-align: center\">\n      <img decoding=\"async\" style=\"width: 14%;\" src=\"https:\/\/www.legislapp.com.br\/wp-content\/uploads\/2021\/07\/Logo-Legislapp-1-03-1.png\"><br \/>\n      <\/p>\n<div style=\"margin-bottom: 20px;\" class=\"et_pb_button_module_wrapper et_pb_button_5_tb_body_wrapper et_pb_button_alignment_center et_pb_module \">\n         <a class=\"et_pb_button et_pb_button_5_tb_body et_hover_enabled et_pb_bg_layout_dark\" style=\"width: 50%;background-color: black;\" href=\"https:\/\/app.legislapp.com.br\" target=\"_blank\" rel=\"noopener\">Visualizar completo na nossa plataforma (30 dias gr\u00e1tis)<\/a><\/p><\/div>\n<p>      <a href=\"https:\/\/play.google.com\/store\/apps\/details?id=br.com.legislapp\"><img decoding=\"async\" style=\"width: 15%; min-width: 130px;\" src=\"https:\/\/www.legislapp.com.br\/wp-content\/uploads\/google-play.png\"><\/a><br \/>\n      <a href=\"https:\/\/apps.apple.com\/us\/app\/legislapp\/id1568929859\"><img decoding=\"async\" style=\"width: 15%; min-width: 130px\" src=\"https:\/\/www.legislapp.com.br\/wp-content\/uploads\/apple-store.png\"><\/a>\n   <\/div>\n","protected":false},"excerpt":{"rendered":"<p>Avulso Inicial &#8211; Autoria de C\u00e9lia Xakriab\u00e1 PROJETO DE LEI , DE 2025 (Da Sra. C\u00c9LIA XAKRIAB\u00c1) ASSEGURA aos povos ind\u00edgenas, povos e comunidades tradicionais e comunidades de matriz afro-brasileira o direito ao uso de elementos culturais e espirituais de identifica\u00e7\u00e3o em espa\u00e7os p\u00fablicos e privados de uso coletivo, sem que isso implique em restri\u00e7\u00e3o [&hellip;]<\/p>\n","protected":false},"author":1,"featured_media":0,"parent":0,"menu_order":0,"comment_status":"closed","ping_status":"closed","template":"page-template-blank.php","meta":{"_et_pb_use_builder":"","_et_pb_old_content":"","_et_gb_content_width":"1080","ngg_post_thumbnail":0,"footnotes":""},"class_list":["post-10670","page","type-page","status-publish","hentry"],"yoast_head":"<!-- This site is optimized with the Yoast SEO plugin v24.4 - https:\/\/yoast.com\/wordpress\/plugins\/seo\/ -->\n<title>Avulso Inicial - PL 3800\/2025 - C\u00e2mara - Legislapp<\/title>\n<meta name=\"robots\" content=\"index, follow, max-snippet:-1, max-image-preview:large, max-video-preview:-1\" \/>\n<link rel=\"canonical\" href=\"https:\/\/www.legislapp.com.br\/index.php\/avulso-inicial-pl-3800-2025-camara\/\" \/>\n<meta property=\"og:locale\" content=\"pt_BR\" \/>\n<meta property=\"og:type\" content=\"article\" \/>\n<meta property=\"og:title\" content=\"Avulso Inicial - PL 3800\/2025 - C\u00e2mara - Legislapp\" \/>\n<meta property=\"og:description\" content=\"Avulso Inicial &#8211; Autoria de C\u00e9lia Xakriab\u00e1 PROJETO DE LEI , DE 2025 (Da Sra. C\u00c9LIA XAKRIAB\u00c1) ASSEGURA aos povos ind\u00edgenas, povos e comunidades tradicionais e comunidades de matriz afro-brasileira o direito ao uso de elementos culturais e espirituais de identifica\u00e7\u00e3o em espa\u00e7os p\u00fablicos e privados de uso coletivo, sem que isso implique em restri\u00e7\u00e3o [&hellip;]\" \/>\n<meta property=\"og:url\" content=\"https:\/\/www.legislapp.com.br\/index.php\/avulso-inicial-pl-3800-2025-camara\/\" \/>\n<meta property=\"og:site_name\" content=\"Legislapp\" \/>\n<meta property=\"article:publisher\" content=\"https:\/\/www.instagram.com\/legislapp\/\" \/>\n<meta property=\"og:image\" content=\"https:\/\/www.legislapp.com.br\/wp-content\/uploads\/2021\/07\/Logo-Legislapp-1-03-1.png\" \/>\n<meta name=\"twitter:card\" content=\"summary_large_image\" \/>\n<meta name=\"twitter:label1\" content=\"Est. tempo de leitura\" \/>\n\t<meta name=\"twitter:data1\" content=\"5 minutos\" \/>\n<script type=\"application\/ld+json\" class=\"yoast-schema-graph\">{\"@context\":\"https:\/\/schema.org\",\"@graph\":[{\"@type\":\"WebPage\",\"@id\":\"https:\/\/www.legislapp.com.br\/index.php\/avulso-inicial-pl-3800-2025-camara\/\",\"url\":\"https:\/\/www.legislapp.com.br\/index.php\/avulso-inicial-pl-3800-2025-camara\/\",\"name\":\"Avulso Inicial - PL 3800\/2025 - C\u00e2mara - Legislapp\",\"isPartOf\":{\"@id\":\"https:\/\/www.legislapp.com.br\/#website\"},\"primaryImageOfPage\":{\"@id\":\"https:\/\/www.legislapp.com.br\/index.php\/avulso-inicial-pl-3800-2025-camara\/#primaryimage\"},\"image\":{\"@id\":\"https:\/\/www.legislapp.com.br\/index.php\/avulso-inicial-pl-3800-2025-camara\/#primaryimage\"},\"thumbnailUrl\":\"https:\/\/www.legislapp.com.br\/wp-content\/uploads\/2021\/07\/Logo-Legislapp-1-03-1.png\",\"datePublished\":\"2025-12-01T14:31:55+00:00\",\"breadcrumb\":{\"@id\":\"https:\/\/www.legislapp.com.br\/index.php\/avulso-inicial-pl-3800-2025-camara\/#breadcrumb\"},\"inLanguage\":\"pt-BR\",\"potentialAction\":[{\"@type\":\"ReadAction\",\"target\":[\"https:\/\/www.legislapp.com.br\/index.php\/avulso-inicial-pl-3800-2025-camara\/\"]}]},{\"@type\":\"ImageObject\",\"inLanguage\":\"pt-BR\",\"@id\":\"https:\/\/www.legislapp.com.br\/index.php\/avulso-inicial-pl-3800-2025-camara\/#primaryimage\",\"url\":\"https:\/\/www.legislapp.com.br\/wp-content\/uploads\/2021\/07\/Logo-Legislapp-1-03-1.png\",\"contentUrl\":\"https:\/\/www.legislapp.com.br\/wp-content\/uploads\/2021\/07\/Logo-Legislapp-1-03-1.png\",\"width\":2679,\"height\":2697},{\"@type\":\"BreadcrumbList\",\"@id\":\"https:\/\/www.legislapp.com.br\/index.php\/avulso-inicial-pl-3800-2025-camara\/#breadcrumb\",\"itemListElement\":[{\"@type\":\"ListItem\",\"position\":1,\"name\":\"In\u00edcio\",\"item\":\"https:\/\/www.legislapp.com.br\/\"},{\"@type\":\"ListItem\",\"position\":2,\"name\":\"Avulso Inicial &#8211; PL 3800\/2025 &#8211; C\u00e2mara\"}]},{\"@type\":\"WebSite\",\"@id\":\"https:\/\/www.legislapp.com.br\/#website\",\"url\":\"https:\/\/www.legislapp.com.br\/\",\"name\":\"Legislapp\",\"description\":\"Intelig\u00eancia governamental em tempo real\",\"publisher\":{\"@id\":\"https:\/\/www.legislapp.com.br\/#organization\"},\"potentialAction\":[{\"@type\":\"SearchAction\",\"target\":{\"@type\":\"EntryPoint\",\"urlTemplate\":\"https:\/\/www.legislapp.com.br\/?s={search_term_string}\"},\"query-input\":{\"@type\":\"PropertyValueSpecification\",\"valueRequired\":true,\"valueName\":\"search_term_string\"}}],\"inLanguage\":\"pt-BR\"},{\"@type\":\"Organization\",\"@id\":\"https:\/\/www.legislapp.com.br\/#organization\",\"name\":\"Legislapp Monitoramento e Intelig\u00eancia Governamental\",\"url\":\"https:\/\/www.legislapp.com.br\/\",\"logo\":{\"@type\":\"ImageObject\",\"inLanguage\":\"pt-BR\",\"@id\":\"https:\/\/www.legislapp.com.br\/#\/schema\/logo\/image\/\",\"url\":\"https:\/\/www.legislapp.com.br\/wp-content\/uploads\/icon.png\",\"contentUrl\":\"https:\/\/www.legislapp.com.br\/wp-content\/uploads\/icon.png\",\"width\":1024,\"height\":1024,\"caption\":\"Legislapp Monitoramento e Intelig\u00eancia Governamental\"},\"image\":{\"@id\":\"https:\/\/www.legislapp.com.br\/#\/schema\/logo\/image\/\"},\"sameAs\":[\"https:\/\/www.instagram.com\/legislapp\/\"]}]}<\/script>\n<!-- \/ Yoast SEO plugin. -->","yoast_head_json":{"title":"Avulso Inicial - PL 3800\/2025 - C\u00e2mara - Legislapp","robots":{"index":"index","follow":"follow","max-snippet":"max-snippet:-1","max-image-preview":"max-image-preview:large","max-video-preview":"max-video-preview:-1"},"canonical":"https:\/\/www.legislapp.com.br\/index.php\/avulso-inicial-pl-3800-2025-camara\/","og_locale":"pt_BR","og_type":"article","og_title":"Avulso Inicial - PL 3800\/2025 - C\u00e2mara - Legislapp","og_description":"Avulso Inicial &#8211; Autoria de C\u00e9lia Xakriab\u00e1 PROJETO DE LEI , DE 2025 (Da Sra. C\u00c9LIA XAKRIAB\u00c1) ASSEGURA aos povos ind\u00edgenas, povos e comunidades tradicionais e comunidades de matriz afro-brasileira o direito ao uso de elementos culturais e espirituais de identifica\u00e7\u00e3o em espa\u00e7os p\u00fablicos e privados de uso coletivo, sem que isso implique em restri\u00e7\u00e3o [&hellip;]","og_url":"https:\/\/www.legislapp.com.br\/index.php\/avulso-inicial-pl-3800-2025-camara\/","og_site_name":"Legislapp","article_publisher":"https:\/\/www.instagram.com\/legislapp\/","og_image":[{"url":"https:\/\/www.legislapp.com.br\/wp-content\/uploads\/2021\/07\/Logo-Legislapp-1-03-1.png","type":"","width":"","height":""}],"twitter_card":"summary_large_image","twitter_misc":{"Est. tempo de leitura":"5 minutos"},"schema":{"@context":"https:\/\/schema.org","@graph":[{"@type":"WebPage","@id":"https:\/\/www.legislapp.com.br\/index.php\/avulso-inicial-pl-3800-2025-camara\/","url":"https:\/\/www.legislapp.com.br\/index.php\/avulso-inicial-pl-3800-2025-camara\/","name":"Avulso Inicial - PL 3800\/2025 - C\u00e2mara - Legislapp","isPartOf":{"@id":"https:\/\/www.legislapp.com.br\/#website"},"primaryImageOfPage":{"@id":"https:\/\/www.legislapp.com.br\/index.php\/avulso-inicial-pl-3800-2025-camara\/#primaryimage"},"image":{"@id":"https:\/\/www.legislapp.com.br\/index.php\/avulso-inicial-pl-3800-2025-camara\/#primaryimage"},"thumbnailUrl":"https:\/\/www.legislapp.com.br\/wp-content\/uploads\/2021\/07\/Logo-Legislapp-1-03-1.png","datePublished":"2025-12-01T14:31:55+00:00","breadcrumb":{"@id":"https:\/\/www.legislapp.com.br\/index.php\/avulso-inicial-pl-3800-2025-camara\/#breadcrumb"},"inLanguage":"pt-BR","potentialAction":[{"@type":"ReadAction","target":["https:\/\/www.legislapp.com.br\/index.php\/avulso-inicial-pl-3800-2025-camara\/"]}]},{"@type":"ImageObject","inLanguage":"pt-BR","@id":"https:\/\/www.legislapp.com.br\/index.php\/avulso-inicial-pl-3800-2025-camara\/#primaryimage","url":"https:\/\/www.legislapp.com.br\/wp-content\/uploads\/2021\/07\/Logo-Legislapp-1-03-1.png","contentUrl":"https:\/\/www.legislapp.com.br\/wp-content\/uploads\/2021\/07\/Logo-Legislapp-1-03-1.png","width":2679,"height":2697},{"@type":"BreadcrumbList","@id":"https:\/\/www.legislapp.com.br\/index.php\/avulso-inicial-pl-3800-2025-camara\/#breadcrumb","itemListElement":[{"@type":"ListItem","position":1,"name":"In\u00edcio","item":"https:\/\/www.legislapp.com.br\/"},{"@type":"ListItem","position":2,"name":"Avulso Inicial &#8211; PL 3800\/2025 &#8211; C\u00e2mara"}]},{"@type":"WebSite","@id":"https:\/\/www.legislapp.com.br\/#website","url":"https:\/\/www.legislapp.com.br\/","name":"Legislapp","description":"Intelig\u00eancia governamental em tempo real","publisher":{"@id":"https:\/\/www.legislapp.com.br\/#organization"},"potentialAction":[{"@type":"SearchAction","target":{"@type":"EntryPoint","urlTemplate":"https:\/\/www.legislapp.com.br\/?s={search_term_string}"},"query-input":{"@type":"PropertyValueSpecification","valueRequired":true,"valueName":"search_term_string"}}],"inLanguage":"pt-BR"},{"@type":"Organization","@id":"https:\/\/www.legislapp.com.br\/#organization","name":"Legislapp Monitoramento e Intelig\u00eancia Governamental","url":"https:\/\/www.legislapp.com.br\/","logo":{"@type":"ImageObject","inLanguage":"pt-BR","@id":"https:\/\/www.legislapp.com.br\/#\/schema\/logo\/image\/","url":"https:\/\/www.legislapp.com.br\/wp-content\/uploads\/icon.png","contentUrl":"https:\/\/www.legislapp.com.br\/wp-content\/uploads\/icon.png","width":1024,"height":1024,"caption":"Legislapp Monitoramento e Intelig\u00eancia Governamental"},"image":{"@id":"https:\/\/www.legislapp.com.br\/#\/schema\/logo\/image\/"},"sameAs":["https:\/\/www.instagram.com\/legislapp\/"]}]}},"_links":{"self":[{"href":"https:\/\/www.legislapp.com.br\/index.php\/wp-json\/wp\/v2\/pages\/10670","targetHints":{"allow":["GET"]}}],"collection":[{"href":"https:\/\/www.legislapp.com.br\/index.php\/wp-json\/wp\/v2\/pages"}],"about":[{"href":"https:\/\/www.legislapp.com.br\/index.php\/wp-json\/wp\/v2\/types\/page"}],"author":[{"embeddable":true,"href":"https:\/\/www.legislapp.com.br\/index.php\/wp-json\/wp\/v2\/users\/1"}],"replies":[{"embeddable":true,"href":"https:\/\/www.legislapp.com.br\/index.php\/wp-json\/wp\/v2\/comments?post=10670"}],"version-history":[{"count":0,"href":"https:\/\/www.legislapp.com.br\/index.php\/wp-json\/wp\/v2\/pages\/10670\/revisions"}],"wp:attachment":[{"href":"https:\/\/www.legislapp.com.br\/index.php\/wp-json\/wp\/v2\/media?parent=10670"}],"curies":[{"name":"wp","href":"https:\/\/api.w.org\/{rel}","templated":true}]}}