{"id":10691,"date":"2025-12-01T11:32:43","date_gmt":"2025-12-01T14:32:43","guid":{"rendered":"https:\/\/www.legislapp.com.br\/index.php\/avulso-inicial-pl-3964-2025-camara\/"},"modified":"2025-12-01T11:32:43","modified_gmt":"2025-12-01T14:32:43","slug":"avulso-inicial-pl-3964-2025-camara","status":"publish","type":"page","link":"https:\/\/www.legislapp.com.br\/index.php\/avulso-inicial-pl-3964-2025-camara\/","title":{"rendered":"Avulso Inicial &#8211; PL 3964\/2025 &#8211; C\u00e2mara"},"content":{"rendered":"<h1 style='text-align: center;'>Avulso Inicial &#8211; Autoria de Denise Pess\u00f4a<\/h3>\n<p><\/p>\n<article>PROJETO DE LEI N\u00ba          , DE 2025<br \/>\n(Da Sra. DENISE PESS\u00d4A)<br \/>\nDisp\u00f5e sobre a atua\u00e7\u00e3o das Casas da<br \/>\nMulher Brasileira na prote\u00e7\u00e3o e acolhimento<br \/>\nintegral das mulheres e crian\u00e7as, v\u00edtimas de<br \/>\nviol\u00eancia dom\u00e9stica e familiar.<br \/>\nO Congresso Nacional decreta:<br \/>\nArt. 1\u00ba. Esta Lei disp\u00f5e sobre a atua\u00e7\u00e3o das Casas da Mulher<br \/>\nBrasileira (CMB), institu\u00eddas pelo Decreto n\u00ba 11.431, de 8 de mar\u00e7o de 2023,<br \/>\nespecialmente na prote\u00e7\u00e3o e acolhimento integral das mulheres e crian\u00e7as,<br \/>\nv\u00edtimas de viol\u00eancia dom\u00e9stica e familiar.<br \/>\nArt. 2\u00ba. As Casas da Mulher Brasileira s\u00e3o espa\u00e7os p\u00fablicos<br \/>\nonde se concentram os principais servi\u00e7os especializados e multidisciplinares<br \/>\nvoltados para o atendimento das mulheres e dos seus filhos e filhas, quando se<br \/>\nencontrarem em situa\u00e7\u00e3o de terem sofrido viol\u00eancia dom\u00e9stica e familiar, na<br \/>\nforma da Lei n\u00ba 11.340, de 07 de agosto de 2006 (Lei Maria da Penha).<br \/>\nArt. 3\u00ba. Observada a autonomia administrativa e financeira dos<br \/>\nentes federativos, na forma da Constitui\u00e7\u00e3o Federal de 1988, cada unidade das<br \/>\nCasas da Mulher Brasileira (CMB), implementadas por meio da articula\u00e7\u00e3o com<br \/>\n\u00f3rg\u00e3os e entidades da Uni\u00e3o, dos Estados, do Distrito Federal e dos<br \/>\nMunic\u00edpios, com unidades sem fins lucrativos e com organiza\u00e7\u00f5es da<br \/>\nsociedade civil, dever\u00e3o atuar de forma articulada com os atendimentos<br \/>\nespecializados na \u00e1rea da sa\u00fade, da justi\u00e7a, da seguran\u00e7a p\u00fablica, da rede<br \/>\nsocioassistencial, da promo\u00e7\u00e3o da autonomia financeira, especialmente por<br \/>\nmeio de:<br \/>\nI \u2013 servi\u00e7os de atendimento psicol\u00f3gico e social, realizado por<br \/>\nprofissionais especializados, preferencialmente do sexo feminino;<br \/>\nII \u2013 alojamentos provis\u00f3rios e de passagem, para a mulher,<br \/>\nseus filhos e filhas;<br \/>\nPara verificar a assinatura, acesse https:\/\/infoleg-autenticidade-assinatura.camara.leg.br\/CD257299644600<br \/>\nAssinado eletronicamente pelo(a) Dep. Denise Pess\u00f4a<br \/>\nApresenta\u00e7\u00e3o: 12\/08\/2025 20:32:03.160 &#8211; Mesa<br \/>\n*CD257299644600* PL n.3964\/2025<br \/>2<br \/>\nIII \u2013 integra\u00e7\u00e3o com os servi\u00e7os da rede de sa\u00fade, nas suas<br \/>\ndiversas especialidades, e da \u00e1rea educacional, assim como o apoio<br \/>\nsocioassistencial;<br \/>\nIV \u2013 orienta\u00e7\u00e3o e direcionamento para os programas de aux\u00edlio<br \/>\ne promo\u00e7\u00e3o da autonomia econ\u00f4mica e da gera\u00e7\u00e3o de trabalho, emprego e<br \/>\nrenda;<br \/>\nV \u2013 atendimento de \u00f3rg\u00e3os p\u00fablicos federais, estaduais e<br \/>\nmunicipais, tais como:<br \/>\na) as delegacias especializadas no atendimento \u00e0s mulheres,<br \/>\nna explica\u00e7\u00e3o detalhada e did\u00e1tica dos seus direitos,<br \/>\nespecialmente para aquelas que se encontram em situa\u00e7\u00e3o<br \/>\nde viol\u00eancia dom\u00e9stica e familiar;<br \/>\nb) os juizados e as varas especializados nos diversos casos<br \/>\nde viol\u00eancia dom\u00e9stica e familiar contra as mulheres;<br \/>\nc) as promotorias de justi\u00e7a e setores das defensorias<br \/>\np\u00fablicas, que realizam trabalhos especializados, em<br \/>\nprocessos judiciais, na defesa e na garantia de direitos das<br \/>\nmulheres;<br \/>\nd) as rondas e patrulhas especializadas no atendimento \u00e0s<br \/>\nmulheres, especialmente aquelas que se encontram sob<br \/>\nmedida protetiva de urg\u00eancia.<br \/>\nArt. 4\u00ba. As Casas da Mulher Brasileira contar\u00e3o com espa\u00e7os e<br \/>\nambientes espec\u00edficos para o acolhimento das mulheres e das suas fam\u00edlias,<br \/>\nem situa\u00e7\u00e3o de viol\u00eancia dom\u00e9stica e familiar, que dever\u00e3o conter,<br \/>\nespecialmente:<br \/>\nI \u2013 atendimento psicol\u00f3gico, individual e em grupo;<br \/>\nII \u2013 espa\u00e7o de conviv\u00eancia infantil, brinquedoteca ou parque<br \/>\ninfantil;<br \/>\nIII \u2013 atendimento profissional especializado no fornecimento de<br \/>\nsuporte psicol\u00f3gico e apoio pedag\u00f3gico \u00e0s crian\u00e7as.<br \/>\nPara verificar a assinatura, acesse https:\/\/infoleg-autenticidade-assinatura.camara.leg.br\/CD257299644600<br \/>\nAssinado eletronicamente pelo(a) Dep. Denise Pess\u00f4a<br \/>\nApresenta\u00e7\u00e3o: 12\/08\/2025 20:32:03.160 &#8211; Mesa<br \/>\n*CD257299644600* PL n.3964\/2025<br \/>3<br \/>\nArt. 5\u00ba. Observada as peculiaridades financeiras,<br \/>\nadministrativas e financeiras dos Munic\u00edpios e Estados brasileiros, os governos<br \/>\ndesses entes federativos dever\u00e3o realizar campanhas informativas voltadas<br \/>\npara a comunidade local, assim como promoverem a dissemina\u00e7\u00e3o continuada<br \/>\nda preven\u00e7\u00e3o da viol\u00eancia dom\u00e9stica e familiar, com foco na educa\u00e7\u00e3o dos<br \/>\nmeninos e meninas sobre o respeito, a igualdade e os direitos humanos.<br \/>\nArt. 6\u00ba. A Lei Or\u00e7ament\u00e1ria Anual (LOA) dever\u00e1 prever uma<br \/>\nrubrica pr\u00f3pria para prever a fonte de recursos necess\u00e1rios ao fortalecimento e<br \/>\namplia\u00e7\u00e3o do n\u00famero de Casas da Mulher Brasileira existentes no pa\u00eds.<br \/>\nArt. 7\u00ba Esta Lei entra em vigor na data de sua publica\u00e7\u00e3o.<br \/>\nJUSTIFICA\u00c7\u00c3O<br \/>\nComo \u00e9 do conhecimento de todos, a cria\u00e7\u00e3o da Casa da<br \/>\nMulher Brasileira (CMB) tem proporcionado para as mulheres, que tiveram a<br \/>\ninfelicidade de serem v\u00edtimas de viol\u00eancia dom\u00e9stica e familiar, um espa\u00e7o<br \/>\nimportante para o seu afastamento do lar violento e discriminador.<br \/>\nEmbora em n\u00famero insuficiente para a gravidade e dimens\u00e3o<br \/>\ndo problema, as CMB t\u00eam integrado diversas formas de apoio jur\u00eddico e social<br \/>\nde forma multidisciplinar e humanizada. Entendemos que, no contexto de uma<br \/>\nsociedade marcada pela amplitude e profundidade das diversas formas de<br \/>\nviol\u00eancia dom\u00e9stica e familiar contra as mulheres brasileiras, o Poder P\u00fablico<br \/>\ndeve se engajar no fortalecimento das Casas da Mulher Brasileira.<br \/>\nNesse sentido, num mesmo espa\u00e7o, as mulheres podem contar<br \/>\ncom o acesso a diversos tipos de servi\u00e7os especializados, tais como o<br \/>\nacolhimento e a triagem; o apoio psicossocial; a delegacia especializada nos<br \/>\ncasos de viol\u00eancia dom\u00e9stica e familiar; Juizado; Minist\u00e9rio P\u00fablico, Defensoria<br \/>\nP\u00fablica; cuidado das crian\u00e7as, tais como a brinquedoteca, assim como o<br \/>\nalojamento de passagem e central de transportes.<br \/>\nO objetivo principal \u00e9 facilitar o acesso aos servi\u00e7os<br \/>\nespecializados para garantir condi\u00e7\u00f5es de enfrentamento \u00e0 viol\u00eancia, o<br \/>\nempoderamento da mulher e sua autonomia econ\u00f4mica.<br \/>\nPara verificar a assinatura, acesse https:\/\/infoleg-autenticidade-assinatura.camara.leg.br\/CD257299644600<br \/>\nAssinado eletronicamente pelo(a) Dep. Denise Pess\u00f4a<br \/>\nApresenta\u00e7\u00e3o: 12\/08\/2025 20:32:03.160 &#8211; Mesa<br \/>\n*CD257299644600* PL n.3964\/2025<br \/>4<br \/>\nNesse sentido, o Projeto de Lei que estamos apresentando<br \/>\nvisa fortalecer e ampliar as linhas gerais de atua\u00e7\u00e3o da Casa da Mulher<br \/>\nBrasileira, entendida como um espa\u00e7o importante de apoio psicol\u00f3gico, social e<br \/>\njur\u00eddico para as mulheres que forem v\u00edtimas de viol\u00eancia dom\u00e9stica e familiar.<br \/>\nSegundo informa\u00e7\u00f5es disponibilizadas pelo Minist\u00e9rio das<br \/>\nMulheres, em 2025, o Brasil conta com 10 Casas da Mulher Brasileira que j\u00e1<br \/>\nest\u00e3o em funcionamento. Ao mesmo tempo, o Poder Executivo Federal, em<br \/>\nparceria com Estados e Munic\u00edpios, inaugurou recentemente 3 unidades: em<br \/>\nSalvador (BA), Teresina (PI) e Ananindeua (PA), totalizando R$ 21,7 milh\u00f5es<br \/>\nem investimento.<br \/>\nAo todo, 32 unidades das Casas da Mulher Brasileira est\u00e3o em<br \/>\nimplementa\u00e7\u00e3o pelo pa\u00eds, em diferentes fases de constru\u00e7\u00e3o. Em dezembro de<br \/>\n2024, 19 novos contratos de repasse foram assinados pelo Minist\u00e9rio das<br \/>\nMulheres, Governos Estaduais e a Caixa Econ\u00f4mica Federal para a constru\u00e7\u00e3o<br \/>\ne equipagem das unidades nas capitais e munic\u00edpios do interior, dentre eles<br \/>\n1<br \/>\nPorto Alegre e Caxias do Sul\/RS .<br \/>\n                           Aplaudindo a iniciativa do Poder Executivo Federal e do<br \/>\nMinist\u00e9rio das Mulheres, nosso Projeto de Lei visa aperfei\u00e7oar a<br \/>\nregulamenta\u00e7\u00e3o da mat\u00e9ria.<br \/>\nN\u00e3o resta d\u00favida sobre os objetivos dessa iniciativa legislativa:<br \/>\nfortalecer o combate contra as diversas formas de viol\u00eancia contra as<br \/>\nmulheres.<br \/>\nEm face do exposto, contamos com o voto dos nobres pares na<br \/>\naprova\u00e7\u00e3o do presente Projeto de Lei.<br \/>\nSala das Sess\u00f5es, em        de                     de 2025.<br \/>\nDeputada DENISE PESS\u00d4A<br \/>\n(PT-RS)<br \/>\n1<br \/>\n Informa\u00e7\u00f5es dispon\u00edveis em: https:\/\/agenciagov.ebc.com.br\/noticias\/202503\/implementacao-de-novas-<br \/>\ncasas-da-mulher-brasileira-e-centros-de-referencia-avanca-nos-estados<br \/>\nPara verificar a assinatura, acesse https:\/\/infoleg-autenticidade-assinatura.camara.leg.br\/CD257299644600<br \/>\nAssinado eletronicamente pelo(a) Dep. Denise Pess\u00f4a<br \/>\nApresenta\u00e7\u00e3o: 12\/08\/2025 20:32:03.160 &#8211; Mesa<br \/>\n*CD257299644600* PL n.3964\/2025<\/article>\n<p><a href='https:\/\/app.legislapp.com.br\/#\/busca?termo='><\/a><\/p>\n<div style=\"text-align: center\">\n      <img decoding=\"async\" style=\"width: 14%;\" src=\"https:\/\/www.legislapp.com.br\/wp-content\/uploads\/2021\/07\/Logo-Legislapp-1-03-1.png\"><br \/>\n      <\/p>\n<div style=\"margin-bottom: 20px;\" class=\"et_pb_button_module_wrapper et_pb_button_5_tb_body_wrapper et_pb_button_alignment_center et_pb_module \">\n         <a class=\"et_pb_button et_pb_button_5_tb_body et_hover_enabled et_pb_bg_layout_dark\" style=\"width: 50%;background-color: black;\" href=\"https:\/\/app.legislapp.com.br\" target=\"_blank\" rel=\"noopener\">Visualizar completo na nossa plataforma (30 dias gr\u00e1tis)<\/a><\/p><\/div>\n<p>      <a href=\"https:\/\/play.google.com\/store\/apps\/details?id=br.com.legislapp\"><img decoding=\"async\" style=\"width: 15%; min-width: 130px;\" src=\"https:\/\/www.legislapp.com.br\/wp-content\/uploads\/google-play.png\"><\/a><br \/>\n      <a href=\"https:\/\/apps.apple.com\/us\/app\/legislapp\/id1568929859\"><img decoding=\"async\" style=\"width: 15%; min-width: 130px\" src=\"https:\/\/www.legislapp.com.br\/wp-content\/uploads\/apple-store.png\"><\/a>\n   <\/div>\n","protected":false},"excerpt":{"rendered":"<p>Avulso Inicial &#8211; Autoria de Denise Pess\u00f4a PROJETO DE LEI N\u00ba , DE 2025 (Da Sra. DENISE PESS\u00d4A) Disp\u00f5e sobre a atua\u00e7\u00e3o das Casas da Mulher Brasileira na prote\u00e7\u00e3o e acolhimento integral das mulheres e crian\u00e7as, v\u00edtimas de viol\u00eancia dom\u00e9stica e familiar. O Congresso Nacional decreta: Art. 1\u00ba. Esta Lei disp\u00f5e sobre a atua\u00e7\u00e3o das [&hellip;]<\/p>\n","protected":false},"author":1,"featured_media":0,"parent":0,"menu_order":0,"comment_status":"closed","ping_status":"closed","template":"page-template-blank.php","meta":{"_et_pb_use_builder":"","_et_pb_old_content":"","_et_gb_content_width":"1080","ngg_post_thumbnail":0,"footnotes":""},"class_list":["post-10691","page","type-page","status-publish","hentry"],"yoast_head":"<!-- This site is optimized with the Yoast SEO plugin v24.4 - https:\/\/yoast.com\/wordpress\/plugins\/seo\/ -->\n<title>Avulso Inicial - PL 3964\/2025 - C\u00e2mara - Legislapp<\/title>\n<meta name=\"robots\" content=\"index, follow, max-snippet:-1, max-image-preview:large, max-video-preview:-1\" \/>\n<link rel=\"canonical\" href=\"https:\/\/www.legislapp.com.br\/index.php\/avulso-inicial-pl-3964-2025-camara\/\" \/>\n<meta property=\"og:locale\" content=\"pt_BR\" \/>\n<meta property=\"og:type\" content=\"article\" \/>\n<meta property=\"og:title\" content=\"Avulso Inicial - PL 3964\/2025 - C\u00e2mara - Legislapp\" \/>\n<meta property=\"og:description\" content=\"Avulso Inicial &#8211; Autoria de Denise Pess\u00f4a PROJETO DE LEI N\u00ba , DE 2025 (Da Sra. DENISE PESS\u00d4A) Disp\u00f5e sobre a atua\u00e7\u00e3o das Casas da Mulher Brasileira na prote\u00e7\u00e3o e acolhimento integral das mulheres e crian\u00e7as, v\u00edtimas de viol\u00eancia dom\u00e9stica e familiar. O Congresso Nacional decreta: Art. 1\u00ba. Esta Lei disp\u00f5e sobre a atua\u00e7\u00e3o das [&hellip;]\" \/>\n<meta property=\"og:url\" content=\"https:\/\/www.legislapp.com.br\/index.php\/avulso-inicial-pl-3964-2025-camara\/\" \/>\n<meta property=\"og:site_name\" content=\"Legislapp\" \/>\n<meta property=\"article:publisher\" content=\"https:\/\/www.instagram.com\/legislapp\/\" \/>\n<meta property=\"og:image\" content=\"https:\/\/www.legislapp.com.br\/wp-content\/uploads\/2021\/07\/Logo-Legislapp-1-03-1.png\" \/>\n<meta name=\"twitter:card\" content=\"summary_large_image\" \/>\n<meta name=\"twitter:label1\" content=\"Est. tempo de leitura\" \/>\n\t<meta name=\"twitter:data1\" content=\"6 minutos\" \/>\n<script type=\"application\/ld+json\" class=\"yoast-schema-graph\">{\"@context\":\"https:\/\/schema.org\",\"@graph\":[{\"@type\":\"WebPage\",\"@id\":\"https:\/\/www.legislapp.com.br\/index.php\/avulso-inicial-pl-3964-2025-camara\/\",\"url\":\"https:\/\/www.legislapp.com.br\/index.php\/avulso-inicial-pl-3964-2025-camara\/\",\"name\":\"Avulso Inicial - PL 3964\/2025 - C\u00e2mara - Legislapp\",\"isPartOf\":{\"@id\":\"https:\/\/www.legislapp.com.br\/#website\"},\"primaryImageOfPage\":{\"@id\":\"https:\/\/www.legislapp.com.br\/index.php\/avulso-inicial-pl-3964-2025-camara\/#primaryimage\"},\"image\":{\"@id\":\"https:\/\/www.legislapp.com.br\/index.php\/avulso-inicial-pl-3964-2025-camara\/#primaryimage\"},\"thumbnailUrl\":\"https:\/\/www.legislapp.com.br\/wp-content\/uploads\/2021\/07\/Logo-Legislapp-1-03-1.png\",\"datePublished\":\"2025-12-01T14:32:43+00:00\",\"breadcrumb\":{\"@id\":\"https:\/\/www.legislapp.com.br\/index.php\/avulso-inicial-pl-3964-2025-camara\/#breadcrumb\"},\"inLanguage\":\"pt-BR\",\"potentialAction\":[{\"@type\":\"ReadAction\",\"target\":[\"https:\/\/www.legislapp.com.br\/index.php\/avulso-inicial-pl-3964-2025-camara\/\"]}]},{\"@type\":\"ImageObject\",\"inLanguage\":\"pt-BR\",\"@id\":\"https:\/\/www.legislapp.com.br\/index.php\/avulso-inicial-pl-3964-2025-camara\/#primaryimage\",\"url\":\"https:\/\/www.legislapp.com.br\/wp-content\/uploads\/2021\/07\/Logo-Legislapp-1-03-1.png\",\"contentUrl\":\"https:\/\/www.legislapp.com.br\/wp-content\/uploads\/2021\/07\/Logo-Legislapp-1-03-1.png\",\"width\":2679,\"height\":2697},{\"@type\":\"BreadcrumbList\",\"@id\":\"https:\/\/www.legislapp.com.br\/index.php\/avulso-inicial-pl-3964-2025-camara\/#breadcrumb\",\"itemListElement\":[{\"@type\":\"ListItem\",\"position\":1,\"name\":\"In\u00edcio\",\"item\":\"https:\/\/www.legislapp.com.br\/\"},{\"@type\":\"ListItem\",\"position\":2,\"name\":\"Avulso Inicial &#8211; PL 3964\/2025 &#8211; C\u00e2mara\"}]},{\"@type\":\"WebSite\",\"@id\":\"https:\/\/www.legislapp.com.br\/#website\",\"url\":\"https:\/\/www.legislapp.com.br\/\",\"name\":\"Legislapp\",\"description\":\"Intelig\u00eancia governamental em tempo real\",\"publisher\":{\"@id\":\"https:\/\/www.legislapp.com.br\/#organization\"},\"potentialAction\":[{\"@type\":\"SearchAction\",\"target\":{\"@type\":\"EntryPoint\",\"urlTemplate\":\"https:\/\/www.legislapp.com.br\/?s={search_term_string}\"},\"query-input\":{\"@type\":\"PropertyValueSpecification\",\"valueRequired\":true,\"valueName\":\"search_term_string\"}}],\"inLanguage\":\"pt-BR\"},{\"@type\":\"Organization\",\"@id\":\"https:\/\/www.legislapp.com.br\/#organization\",\"name\":\"Legislapp Monitoramento e Intelig\u00eancia Governamental\",\"url\":\"https:\/\/www.legislapp.com.br\/\",\"logo\":{\"@type\":\"ImageObject\",\"inLanguage\":\"pt-BR\",\"@id\":\"https:\/\/www.legislapp.com.br\/#\/schema\/logo\/image\/\",\"url\":\"https:\/\/www.legislapp.com.br\/wp-content\/uploads\/icon.png\",\"contentUrl\":\"https:\/\/www.legislapp.com.br\/wp-content\/uploads\/icon.png\",\"width\":1024,\"height\":1024,\"caption\":\"Legislapp Monitoramento e Intelig\u00eancia Governamental\"},\"image\":{\"@id\":\"https:\/\/www.legislapp.com.br\/#\/schema\/logo\/image\/\"},\"sameAs\":[\"https:\/\/www.instagram.com\/legislapp\/\"]}]}<\/script>\n<!-- \/ Yoast SEO plugin. -->","yoast_head_json":{"title":"Avulso Inicial - PL 3964\/2025 - C\u00e2mara - Legislapp","robots":{"index":"index","follow":"follow","max-snippet":"max-snippet:-1","max-image-preview":"max-image-preview:large","max-video-preview":"max-video-preview:-1"},"canonical":"https:\/\/www.legislapp.com.br\/index.php\/avulso-inicial-pl-3964-2025-camara\/","og_locale":"pt_BR","og_type":"article","og_title":"Avulso Inicial - PL 3964\/2025 - C\u00e2mara - Legislapp","og_description":"Avulso Inicial &#8211; Autoria de Denise Pess\u00f4a PROJETO DE LEI N\u00ba , DE 2025 (Da Sra. DENISE PESS\u00d4A) Disp\u00f5e sobre a atua\u00e7\u00e3o das Casas da Mulher Brasileira na prote\u00e7\u00e3o e acolhimento integral das mulheres e crian\u00e7as, v\u00edtimas de viol\u00eancia dom\u00e9stica e familiar. O Congresso Nacional decreta: Art. 1\u00ba. Esta Lei disp\u00f5e sobre a atua\u00e7\u00e3o das [&hellip;]","og_url":"https:\/\/www.legislapp.com.br\/index.php\/avulso-inicial-pl-3964-2025-camara\/","og_site_name":"Legislapp","article_publisher":"https:\/\/www.instagram.com\/legislapp\/","og_image":[{"url":"https:\/\/www.legislapp.com.br\/wp-content\/uploads\/2021\/07\/Logo-Legislapp-1-03-1.png","type":"","width":"","height":""}],"twitter_card":"summary_large_image","twitter_misc":{"Est. tempo de leitura":"6 minutos"},"schema":{"@context":"https:\/\/schema.org","@graph":[{"@type":"WebPage","@id":"https:\/\/www.legislapp.com.br\/index.php\/avulso-inicial-pl-3964-2025-camara\/","url":"https:\/\/www.legislapp.com.br\/index.php\/avulso-inicial-pl-3964-2025-camara\/","name":"Avulso Inicial - PL 3964\/2025 - C\u00e2mara - Legislapp","isPartOf":{"@id":"https:\/\/www.legislapp.com.br\/#website"},"primaryImageOfPage":{"@id":"https:\/\/www.legislapp.com.br\/index.php\/avulso-inicial-pl-3964-2025-camara\/#primaryimage"},"image":{"@id":"https:\/\/www.legislapp.com.br\/index.php\/avulso-inicial-pl-3964-2025-camara\/#primaryimage"},"thumbnailUrl":"https:\/\/www.legislapp.com.br\/wp-content\/uploads\/2021\/07\/Logo-Legislapp-1-03-1.png","datePublished":"2025-12-01T14:32:43+00:00","breadcrumb":{"@id":"https:\/\/www.legislapp.com.br\/index.php\/avulso-inicial-pl-3964-2025-camara\/#breadcrumb"},"inLanguage":"pt-BR","potentialAction":[{"@type":"ReadAction","target":["https:\/\/www.legislapp.com.br\/index.php\/avulso-inicial-pl-3964-2025-camara\/"]}]},{"@type":"ImageObject","inLanguage":"pt-BR","@id":"https:\/\/www.legislapp.com.br\/index.php\/avulso-inicial-pl-3964-2025-camara\/#primaryimage","url":"https:\/\/www.legislapp.com.br\/wp-content\/uploads\/2021\/07\/Logo-Legislapp-1-03-1.png","contentUrl":"https:\/\/www.legislapp.com.br\/wp-content\/uploads\/2021\/07\/Logo-Legislapp-1-03-1.png","width":2679,"height":2697},{"@type":"BreadcrumbList","@id":"https:\/\/www.legislapp.com.br\/index.php\/avulso-inicial-pl-3964-2025-camara\/#breadcrumb","itemListElement":[{"@type":"ListItem","position":1,"name":"In\u00edcio","item":"https:\/\/www.legislapp.com.br\/"},{"@type":"ListItem","position":2,"name":"Avulso Inicial &#8211; PL 3964\/2025 &#8211; C\u00e2mara"}]},{"@type":"WebSite","@id":"https:\/\/www.legislapp.com.br\/#website","url":"https:\/\/www.legislapp.com.br\/","name":"Legislapp","description":"Intelig\u00eancia governamental em tempo real","publisher":{"@id":"https:\/\/www.legislapp.com.br\/#organization"},"potentialAction":[{"@type":"SearchAction","target":{"@type":"EntryPoint","urlTemplate":"https:\/\/www.legislapp.com.br\/?s={search_term_string}"},"query-input":{"@type":"PropertyValueSpecification","valueRequired":true,"valueName":"search_term_string"}}],"inLanguage":"pt-BR"},{"@type":"Organization","@id":"https:\/\/www.legislapp.com.br\/#organization","name":"Legislapp Monitoramento e Intelig\u00eancia Governamental","url":"https:\/\/www.legislapp.com.br\/","logo":{"@type":"ImageObject","inLanguage":"pt-BR","@id":"https:\/\/www.legislapp.com.br\/#\/schema\/logo\/image\/","url":"https:\/\/www.legislapp.com.br\/wp-content\/uploads\/icon.png","contentUrl":"https:\/\/www.legislapp.com.br\/wp-content\/uploads\/icon.png","width":1024,"height":1024,"caption":"Legislapp Monitoramento e Intelig\u00eancia Governamental"},"image":{"@id":"https:\/\/www.legislapp.com.br\/#\/schema\/logo\/image\/"},"sameAs":["https:\/\/www.instagram.com\/legislapp\/"]}]}},"_links":{"self":[{"href":"https:\/\/www.legislapp.com.br\/index.php\/wp-json\/wp\/v2\/pages\/10691","targetHints":{"allow":["GET"]}}],"collection":[{"href":"https:\/\/www.legislapp.com.br\/index.php\/wp-json\/wp\/v2\/pages"}],"about":[{"href":"https:\/\/www.legislapp.com.br\/index.php\/wp-json\/wp\/v2\/types\/page"}],"author":[{"embeddable":true,"href":"https:\/\/www.legislapp.com.br\/index.php\/wp-json\/wp\/v2\/users\/1"}],"replies":[{"embeddable":true,"href":"https:\/\/www.legislapp.com.br\/index.php\/wp-json\/wp\/v2\/comments?post=10691"}],"version-history":[{"count":0,"href":"https:\/\/www.legislapp.com.br\/index.php\/wp-json\/wp\/v2\/pages\/10691\/revisions"}],"wp:attachment":[{"href":"https:\/\/www.legislapp.com.br\/index.php\/wp-json\/wp\/v2\/media?parent=10691"}],"curies":[{"name":"wp","href":"https:\/\/api.w.org\/{rel}","templated":true}]}}