{"id":10816,"date":"2025-12-01T11:39:38","date_gmt":"2025-12-01T14:39:38","guid":{"rendered":"https:\/\/www.legislapp.com.br\/index.php\/avulso-inicial-pl-5799-2025-camara\/"},"modified":"2025-12-01T11:39:38","modified_gmt":"2025-12-01T14:39:38","slug":"avulso-inicial-pl-5799-2025-camara","status":"publish","type":"page","link":"https:\/\/www.legislapp.com.br\/index.php\/avulso-inicial-pl-5799-2025-camara\/","title":{"rendered":"Avulso Inicial &#8211; PL 5799\/2025 &#8211; C\u00e2mara"},"content":{"rendered":"<h1 style='text-align: center;'>Avulso Inicial &#8211; Autoria de Marcos Tavares<\/h3>\n<p><\/p>\n<article>C\u00c2MARA DOS DEPUTADOS<br \/>\nDEPUTADO FEDERAL MARCOS TAVARES<br \/>\nPROJETO DE LEI N\u00ba     DE                      DE 2025<br \/>\n(Do Senhor Marcos Tavares)<br \/>\nInstitui a obrigatoriedade de avalia\u00e7\u00e3o da sa\u00fade<br \/>\nmental nos exames m\u00e9dicos peri\u00f3dicos e<br \/>\ndemissionais, como medida preventiva de<br \/>\ntranstornos mentais e comportamentais no<br \/>\nambiente de trabalho, e d\u00e1 outras provid\u00eancias.<br \/>\nO CONGRESSO NACIONAL decreta:<br \/>\nArt. 1\u00ba Esta Lei disp\u00f5e sobre a obrigatoriedade de inclus\u00e3o de avalia\u00e7\u00e3o<br \/>\npsicol\u00f3gica e de sa\u00fade mental nos exames m\u00e9dicos peri\u00f3dicos e demissionais<br \/>\nrealizados pelos empregadores p\u00fablicos e privados, com vistas \u00e0 detec\u00e7\u00e3o<br \/>\nprecoce de transtornos mentais relacionados ao trabalho.<br \/>\nArt. 2\u00ba As avalia\u00e7\u00f5es previstas nesta Lei dever\u00e3o ser conduzidas por<br \/>\nm\u00e9dico do trabalho, com apoio de psic\u00f3logo ou profissional de sa\u00fade mental<br \/>\ndevidamente registrado em conselho de classe, e integrar o Atestado de Sa\u00fade<br \/>\nOcupacional (ASO) do trabalhador.<br \/>\nArt. 3\u00ba O exame m\u00e9dico peri\u00f3dico de que trata o art. 168 da Consolida\u00e7\u00e3o<br \/>\ndas Leis do Trabalho (CLT) dever\u00e1 obrigatoriamente incluir an\u00e1lise de<br \/>\nindicadores psicossociais e de sofrimento mental, sendo observado o seguinte:<br \/>\nI \u2013 a periodicidade m\u00ednima ser\u00e1 de 2 (dois) anos;<br \/>\nII \u2013 para trabalhadores com menos de 18 (dezoito) anos ou mais de 45<br \/>\n(quarenta e cinco) anos, o exame ser\u00e1 anual;<br \/>\nIII \u2013 trabalhadores submetidos a situa\u00e7\u00f5es de alta press\u00e3o, plant\u00f5es<br \/>\ncont\u00ednuos ou fun\u00e7\u00f5es cr\u00edticas dever\u00e3o ser avaliados anualmente,<br \/>\nindependentemente da faixa et\u00e1ria.<br \/>\nArt. 4\u00ba As informa\u00e7\u00f5es referentes \u00e0 sa\u00fade mental do trabalhador ser\u00e3o<br \/>\ntratadas sob sigilo profissional, em conformidade com a Lei n\u00ba 13.709, de 14 de<br \/>\nagosto de 2018 (Lei Geral de Prote\u00e7\u00e3o de Dados Pessoais), sendo vedada sua<br \/>\nutiliza\u00e7\u00e3o para fins discriminat\u00f3rios.<br \/>\nArt. 5\u00ba O Minist\u00e9rio do Trabalho e Emprego, em articula\u00e7\u00e3o com o<br \/>\nMinist\u00e9rio da Sa\u00fade e o Instituto Nacional do Seguro Social (INSS), editar\u00e1 norma<br \/>\ncomplementar para regulamentar a metodologia de avalia\u00e7\u00e3o e os instrumentos<br \/>\n_________________________________________________________________________________________________________________________<br \/>\nPra\u00e7a dos Tr\u00eas Poderes &#8211; Anexo IV \u2013 Gabinete 611 &#8211; C\u00e2mara dos Deputados &#8211; CEP: 70.160-900 \u2013 Bras\u00edlia\/DF<br \/>\nContato: (61) 3215-5611 e-mail: dep.marcostavares@camara.leg.br<br \/>\nPara verificar a assinatura, acesse https:\/\/infoleg-autenticidade-assinatura.camara.leg.br\/CD250557935500<br \/>\nAssinado eletronicamente pelo(a) Dep. Marcos Tavares<br \/>\nApresenta\u00e7\u00e3o: 11\/11\/2025 17:58:56.883 &#8211; Mesa<br \/>\n*CD250557935500* PL n.5799\/2025<br \/>C\u00c2MARA DOS DEPUTADOS<br \/>\nDEPUTADO FEDERAL MARCOS TAVARES<br \/>\nde monitoramento epidemiol\u00f3gico da sa\u00fade mental laboral.<br \/>\nArt. 6\u00ba O descumprimento das obriga\u00e7\u00f5es previstas nesta Lei sujeitar\u00e1 o<br \/>\nempregador \u00e0s penalidades do art. 201 da CLT, sem preju\u00edzo de outras san\u00e7\u00f5es<br \/>\nadministrativas, civis e trabalhistas aplic\u00e1veis.<br \/>\nArt. 7\u00ba Esta Lei entra em vigor 180 (cento e oitenta) dias ap\u00f3s sua<br \/>\npublica\u00e7\u00e3o.<br \/>\nSala das Sess\u00f5es, em       de                  de 2025.<br \/>\nMARCOS TAVARES<br \/>\nDeputado Federal<br \/>\nPDT-RJ<br \/>\n_________________________________________________________________________________________________________________________<br \/>\nPra\u00e7a dos Tr\u00eas Poderes &#8211; Anexo IV \u2013 Gabinete 611 &#8211; C\u00e2mara dos Deputados &#8211; CEP: 70.160-900 \u2013 Bras\u00edlia\/DF<br \/>\nContato: (61) 3215-5611 e-mail: dep.marcostavares@camara.leg.br<br \/>\nPara verificar a assinatura, acesse https:\/\/infoleg-autenticidade-assinatura.camara.leg.br\/CD250557935500<br \/>\nAssinado eletronicamente pelo(a) Dep. Marcos Tavares<br \/>\nApresenta\u00e7\u00e3o: 11\/11\/2025 17:58:56.883 &#8211; Mesa<br \/>\n*CD250557935500* PL n.5799\/2025<br \/>C\u00c2MARA DOS DEPUTADOS<br \/>\nDEPUTADO FEDERAL MARCOS TAVARES<br \/>\nJUSTIFICATIVA<br \/>\nO presente Projeto de Lei Federal tem como objetivo instituir a avalia\u00e7\u00e3o<br \/>\nobrigat\u00f3ria da sa\u00fade mental nos exames m\u00e9dicos peri\u00f3dicos e demissionais, a<br \/>\nfim de prevenir o adoecimento ps\u00edquico, reduzir afastamentos por transtornos<br \/>\nmentais e fortalecer pol\u00edticas de sa\u00fade laboral no Brasil.<br \/>\nDe acordo com dados oficiais do Minist\u00e9rio da Previd\u00eancia Social (Boletim<br \/>\nEstat\u00edstico de Benef\u00edcios, 2024), foram concedidos 472.328 afastamentos pelo<br \/>\nINSS em raz\u00e3o de transtornos mentais e comportamentais, representando um<br \/>\naumento de 68% em rela\u00e7\u00e3o a 2023, quando foram registrados 283.471 casos.<br \/>\nAs principais causas de afastamento em 2024 foram:<br \/>\n\uf0b7 Transtornos de ansiedade: 141.414 casos;<br \/>\n\uf0b7 Epis\u00f3dios depressivos: 113.604 casos;<br \/>\n\uf0b7 Transtorno depressivo recorrente: 52.627 casos;<br \/>\n\uf0b7 Transtorno afetivo bipolar: 51.314 casos.<br \/>\nEsses dados evidenciam uma crise silenciosa de sa\u00fade mental no<br \/>\ntrabalho, que impacta diretamente a produtividade, a arrecada\u00e7\u00e3o previdenci\u00e1ria<br \/>\ne a sustentabilidade das empresas p\u00fablicas e privadas.<br \/>\nA Organiza\u00e7\u00e3o Mundial da Sa\u00fade (OMS, Relat\u00f3rio Global de Sa\u00fade<br \/>\nMental 2023) estima que a cada US$ 1 investido em programas de preven\u00e7\u00e3o e<br \/>\napoio psicol\u00f3gico, h\u00e1 um retorno de US$ 4 em produtividade e redu\u00e7\u00e3o de custos<br \/>\nm\u00e9dicos e previdenci\u00e1rios. No contexto brasileiro, o Instituto Nacional do Seguro<br \/>\nSocial (INSS) gasta, em m\u00e9dia, R$ 7 bilh\u00f5es anuais com benef\u00edcios por<br \/>\nincapacidade tempor\u00e1ria relacionados a transtornos mentais, sendo a depress\u00e3o<br \/>\ne a ansiedade as duas principais causas de afastamento laboral.<br \/>\nA legisla\u00e7\u00e3o trabalhista brasileira, em especial o art. 168 da Consolida\u00e7\u00e3o<br \/>\ndas Leis do Trabalho (CLT) e a Norma Regulamentadora n\u00ba 7 (NR-7), j\u00e1 prev\u00ea a<br \/>\nobrigatoriedade de exames m\u00e9dicos admissionais, peri\u00f3dicos, de retorno e<br \/>\ndemissionais. No entanto, a avalia\u00e7\u00e3o da sa\u00fade mental n\u00e3o \u00e9 obrigat\u00f3ria nesses<br \/>\nexames, ficando restrita \u00e0 an\u00e1lise de sintomas f\u00edsicos ou biol\u00f3gicos. Tal lacuna<br \/>\nimpede a detec\u00e7\u00e3o precoce de transtornos psicol\u00f3gicos, que muitas vezes<br \/>\nevoluem at\u00e9 o afastamento completo do trabalhador.<br \/>\nO objetivo central desta proposi\u00e7\u00e3o \u00e9 incluir a triagem psicol\u00f3gica e<br \/>\npsicossocial de rotina nos exames ocupacionais, identificando sinais precoces de<br \/>\n_________________________________________________________________________________________________________________________<br \/>\nPra\u00e7a dos Tr\u00eas Poderes &#8211; Anexo IV \u2013 Gabinete 611 &#8211; C\u00e2mara dos Deputados &#8211; CEP: 70.160-900 \u2013 Bras\u00edlia\/DF<br \/>\nContato: (61) 3215-5611 e-mail: dep.marcostavares@camara.leg.br<br \/>\nPara verificar a assinatura, acesse https:\/\/infoleg-autenticidade-assinatura.camara.leg.br\/CD250557935500<br \/>\nAssinado eletronicamente pelo(a) Dep. Marcos Tavares<br \/>\nApresenta\u00e7\u00e3o: 11\/11\/2025 17:58:56.883 &#8211; Mesa<br \/>\n*CD250557935500* PL n.5799\/2025<br \/>C\u00c2MARA DOS DEPUTADOS<br \/>\nDEPUTADO FEDERAL MARCOS TAVARES<br \/>\nansiedade, esgotamento emocional, depress\u00e3o e outros dist\u00farbios relacionados<br \/>\n\u00e0s condi\u00e7\u00f5es de trabalho. Essa medida tem car\u00e1ter preventivo e humanit\u00e1rio,<br \/>\nal\u00e9m de gerar economia p\u00fablica, ao reduzir o n\u00famero de afastamentos e o<br \/>\nvolume de benef\u00edcios previdenci\u00e1rios.<br \/>\nA proposta tamb\u00e9m prev\u00ea a participa\u00e7\u00e3o de psic\u00f3logos e profissionais de<br \/>\nsa\u00fade mental nos programas de controle m\u00e9dico ocupacional, assegurando uma<br \/>\nabordagem multiprofissional e alinhada \u00e0s diretrizes da Pol\u00edtica Nacional de<br \/>\nSa\u00fade do Trabalhador e da Trabalhadora (Portaria MS n\u00ba 1.823\/2012).<br \/>\nSegundo o IBGE (Pesquisa Nacional de Sa\u00fade, 2023), cerca de 14,1%<br \/>\ndos brasileiros em idade produtiva relatam sintomas compat\u00edveis com transtornos<br \/>\nmentais, enquanto 64% nunca receberam atendimento psicol\u00f3gico regular. A<br \/>\namplia\u00e7\u00e3o da avalia\u00e7\u00e3o nos exames peri\u00f3dicos \u00e9, portanto, uma pol\u00edtica de<br \/>\ninclus\u00e3o e cuidado, especialmente para trabalhadores de baixa renda ou em<br \/>\nregi\u00f5es com menor acesso \u00e0 sa\u00fade mental.<br \/>\nA medida tamb\u00e9m tem base nos princ\u00edpios constitucionais da dignidade da<br \/>\npessoa humana (art. 1\u00ba, III) e da redu\u00e7\u00e3o dos riscos inerentes ao trabalho (art. 7\u00ba,<br \/>\nXXII), al\u00e9m de estar em conson\u00e2ncia com os Objetivos de Desenvolvimento<br \/>\nSustent\u00e1vel (ODS 3 e 8) da Agenda 2030 da ONU, que tratam de sa\u00fade e bem-<br \/>\nestar e trabalho decente.<br \/>\nPortanto, este Projeto de Lei \u00e9 t\u00e9cnico, inovador e constitucionalmente<br \/>\nseguro, alinhando-se \u00e0s melhores pr\u00e1ticas internacionais de preven\u00e7\u00e3o em sa\u00fade<br \/>\nmental. Sua aprova\u00e7\u00e3o representar\u00e1 um avan\u00e7o civilizat\u00f3rio na pol\u00edtica trabalhista<br \/>\ne previdenci\u00e1ria brasileira, ao proteger a sa\u00fade psicol\u00f3gica dos trabalhadores e<br \/>\npromover um ambiente de trabalho mais humano, saud\u00e1vel e produtivo.<br \/>\nSala das Sess\u00f5es, em       de                  de 2025.<br \/>\nMARCOS TAVARES<br \/>\nDeputado Federal<br \/>\nPDT-RJ<br \/>\n_________________________________________________________________________________________________________________________<br \/>\nPra\u00e7a dos Tr\u00eas Poderes &#8211; Anexo IV \u2013 Gabinete 611 &#8211; C\u00e2mara dos Deputados &#8211; CEP: 70.160-900 \u2013 Bras\u00edlia\/DF<br \/>\nContato: (61) 3215-5611 e-mail: dep.marcostavares@camara.leg.br<br \/>\nPara verificar a assinatura, acesse https:\/\/infoleg-autenticidade-assinatura.camara.leg.br\/CD250557935500<br \/>\nAssinado eletronicamente pelo(a) Dep. Marcos Tavares<br \/>\nApresenta\u00e7\u00e3o: 11\/11\/2025 17:58:56.883 &#8211; Mesa<br \/>\n*CD250557935500* PL n.5799\/2025<\/article>\n<p><a href='https:\/\/app.legislapp.com.br\/#\/busca?termo='><\/a><\/p>\n<div style=\"text-align: center\">\n      <img decoding=\"async\" style=\"width: 14%;\" src=\"https:\/\/www.legislapp.com.br\/wp-content\/uploads\/2021\/07\/Logo-Legislapp-1-03-1.png\"><br \/>\n      <\/p>\n<div style=\"margin-bottom: 20px;\" class=\"et_pb_button_module_wrapper et_pb_button_5_tb_body_wrapper et_pb_button_alignment_center et_pb_module \">\n         <a class=\"et_pb_button et_pb_button_5_tb_body et_hover_enabled et_pb_bg_layout_dark\" style=\"width: 50%;background-color: black;\" href=\"https:\/\/app.legislapp.com.br\" target=\"_blank\" rel=\"noopener\">Visualizar completo na nossa plataforma (30 dias gr\u00e1tis)<\/a><\/p><\/div>\n<p>      <a href=\"https:\/\/play.google.com\/store\/apps\/details?id=br.com.legislapp\"><img decoding=\"async\" style=\"width: 15%; min-width: 130px;\" src=\"https:\/\/www.legislapp.com.br\/wp-content\/uploads\/google-play.png\"><\/a><br \/>\n      <a href=\"https:\/\/apps.apple.com\/us\/app\/legislapp\/id1568929859\"><img decoding=\"async\" style=\"width: 15%; min-width: 130px\" src=\"https:\/\/www.legislapp.com.br\/wp-content\/uploads\/apple-store.png\"><\/a>\n   <\/div>\n","protected":false},"excerpt":{"rendered":"<p>Avulso Inicial &#8211; Autoria de Marcos Tavares C\u00c2MARA DOS DEPUTADOS DEPUTADO FEDERAL MARCOS TAVARES PROJETO DE LEI N\u00ba DE DE 2025 (Do Senhor Marcos Tavares) Institui a obrigatoriedade de avalia\u00e7\u00e3o da sa\u00fade mental nos exames m\u00e9dicos peri\u00f3dicos e demissionais, como medida preventiva de transtornos mentais e comportamentais no ambiente de trabalho, e d\u00e1 outras provid\u00eancias. [&hellip;]<\/p>\n","protected":false},"author":1,"featured_media":0,"parent":0,"menu_order":0,"comment_status":"closed","ping_status":"closed","template":"page-template-blank.php","meta":{"_et_pb_use_builder":"","_et_pb_old_content":"","_et_gb_content_width":"1080","ngg_post_thumbnail":0,"footnotes":""},"class_list":["post-10816","page","type-page","status-publish","hentry"],"yoast_head":"<!-- This site is optimized with the Yoast SEO plugin v24.4 - https:\/\/yoast.com\/wordpress\/plugins\/seo\/ -->\n<title>Avulso Inicial - PL 5799\/2025 - C\u00e2mara - Legislapp<\/title>\n<meta name=\"robots\" content=\"index, follow, max-snippet:-1, max-image-preview:large, max-video-preview:-1\" \/>\n<link rel=\"canonical\" href=\"https:\/\/www.legislapp.com.br\/index.php\/avulso-inicial-pl-5799-2025-camara\/\" \/>\n<meta property=\"og:locale\" content=\"pt_BR\" \/>\n<meta property=\"og:type\" content=\"article\" \/>\n<meta property=\"og:title\" content=\"Avulso Inicial - PL 5799\/2025 - C\u00e2mara - Legislapp\" \/>\n<meta property=\"og:description\" content=\"Avulso Inicial &#8211; Autoria de Marcos Tavares C\u00c2MARA DOS DEPUTADOS DEPUTADO FEDERAL MARCOS TAVARES PROJETO DE LEI N\u00ba DE DE 2025 (Do Senhor Marcos Tavares) Institui a obrigatoriedade de avalia\u00e7\u00e3o da sa\u00fade mental nos exames m\u00e9dicos peri\u00f3dicos e demissionais, como medida preventiva de transtornos mentais e comportamentais no ambiente de trabalho, e d\u00e1 outras provid\u00eancias. [&hellip;]\" \/>\n<meta property=\"og:url\" content=\"https:\/\/www.legislapp.com.br\/index.php\/avulso-inicial-pl-5799-2025-camara\/\" \/>\n<meta property=\"og:site_name\" content=\"Legislapp\" \/>\n<meta property=\"article:publisher\" content=\"https:\/\/www.instagram.com\/legislapp\/\" \/>\n<meta property=\"og:image\" content=\"https:\/\/www.legislapp.com.br\/wp-content\/uploads\/2021\/07\/Logo-Legislapp-1-03-1.png\" \/>\n<meta name=\"twitter:card\" content=\"summary_large_image\" \/>\n<meta name=\"twitter:label1\" content=\"Est. tempo de leitura\" \/>\n\t<meta name=\"twitter:data1\" content=\"6 minutos\" \/>\n<script type=\"application\/ld+json\" class=\"yoast-schema-graph\">{\"@context\":\"https:\/\/schema.org\",\"@graph\":[{\"@type\":\"WebPage\",\"@id\":\"https:\/\/www.legislapp.com.br\/index.php\/avulso-inicial-pl-5799-2025-camara\/\",\"url\":\"https:\/\/www.legislapp.com.br\/index.php\/avulso-inicial-pl-5799-2025-camara\/\",\"name\":\"Avulso Inicial - PL 5799\/2025 - C\u00e2mara - Legislapp\",\"isPartOf\":{\"@id\":\"https:\/\/www.legislapp.com.br\/#website\"},\"primaryImageOfPage\":{\"@id\":\"https:\/\/www.legislapp.com.br\/index.php\/avulso-inicial-pl-5799-2025-camara\/#primaryimage\"},\"image\":{\"@id\":\"https:\/\/www.legislapp.com.br\/index.php\/avulso-inicial-pl-5799-2025-camara\/#primaryimage\"},\"thumbnailUrl\":\"https:\/\/www.legislapp.com.br\/wp-content\/uploads\/2021\/07\/Logo-Legislapp-1-03-1.png\",\"datePublished\":\"2025-12-01T14:39:38+00:00\",\"breadcrumb\":{\"@id\":\"https:\/\/www.legislapp.com.br\/index.php\/avulso-inicial-pl-5799-2025-camara\/#breadcrumb\"},\"inLanguage\":\"pt-BR\",\"potentialAction\":[{\"@type\":\"ReadAction\",\"target\":[\"https:\/\/www.legislapp.com.br\/index.php\/avulso-inicial-pl-5799-2025-camara\/\"]}]},{\"@type\":\"ImageObject\",\"inLanguage\":\"pt-BR\",\"@id\":\"https:\/\/www.legislapp.com.br\/index.php\/avulso-inicial-pl-5799-2025-camara\/#primaryimage\",\"url\":\"https:\/\/www.legislapp.com.br\/wp-content\/uploads\/2021\/07\/Logo-Legislapp-1-03-1.png\",\"contentUrl\":\"https:\/\/www.legislapp.com.br\/wp-content\/uploads\/2021\/07\/Logo-Legislapp-1-03-1.png\",\"width\":2679,\"height\":2697},{\"@type\":\"BreadcrumbList\",\"@id\":\"https:\/\/www.legislapp.com.br\/index.php\/avulso-inicial-pl-5799-2025-camara\/#breadcrumb\",\"itemListElement\":[{\"@type\":\"ListItem\",\"position\":1,\"name\":\"In\u00edcio\",\"item\":\"https:\/\/www.legislapp.com.br\/\"},{\"@type\":\"ListItem\",\"position\":2,\"name\":\"Avulso Inicial &#8211; PL 5799\/2025 &#8211; C\u00e2mara\"}]},{\"@type\":\"WebSite\",\"@id\":\"https:\/\/www.legislapp.com.br\/#website\",\"url\":\"https:\/\/www.legislapp.com.br\/\",\"name\":\"Legislapp\",\"description\":\"Intelig\u00eancia governamental em tempo real\",\"publisher\":{\"@id\":\"https:\/\/www.legislapp.com.br\/#organization\"},\"potentialAction\":[{\"@type\":\"SearchAction\",\"target\":{\"@type\":\"EntryPoint\",\"urlTemplate\":\"https:\/\/www.legislapp.com.br\/?s={search_term_string}\"},\"query-input\":{\"@type\":\"PropertyValueSpecification\",\"valueRequired\":true,\"valueName\":\"search_term_string\"}}],\"inLanguage\":\"pt-BR\"},{\"@type\":\"Organization\",\"@id\":\"https:\/\/www.legislapp.com.br\/#organization\",\"name\":\"Legislapp Monitoramento e Intelig\u00eancia Governamental\",\"url\":\"https:\/\/www.legislapp.com.br\/\",\"logo\":{\"@type\":\"ImageObject\",\"inLanguage\":\"pt-BR\",\"@id\":\"https:\/\/www.legislapp.com.br\/#\/schema\/logo\/image\/\",\"url\":\"https:\/\/www.legislapp.com.br\/wp-content\/uploads\/icon.png\",\"contentUrl\":\"https:\/\/www.legislapp.com.br\/wp-content\/uploads\/icon.png\",\"width\":1024,\"height\":1024,\"caption\":\"Legislapp Monitoramento e Intelig\u00eancia Governamental\"},\"image\":{\"@id\":\"https:\/\/www.legislapp.com.br\/#\/schema\/logo\/image\/\"},\"sameAs\":[\"https:\/\/www.instagram.com\/legislapp\/\"]}]}<\/script>\n<!-- \/ Yoast SEO plugin. -->","yoast_head_json":{"title":"Avulso Inicial - PL 5799\/2025 - C\u00e2mara - Legislapp","robots":{"index":"index","follow":"follow","max-snippet":"max-snippet:-1","max-image-preview":"max-image-preview:large","max-video-preview":"max-video-preview:-1"},"canonical":"https:\/\/www.legislapp.com.br\/index.php\/avulso-inicial-pl-5799-2025-camara\/","og_locale":"pt_BR","og_type":"article","og_title":"Avulso Inicial - PL 5799\/2025 - C\u00e2mara - Legislapp","og_description":"Avulso Inicial &#8211; Autoria de Marcos Tavares C\u00c2MARA DOS DEPUTADOS DEPUTADO FEDERAL MARCOS TAVARES PROJETO DE LEI N\u00ba DE DE 2025 (Do Senhor Marcos Tavares) Institui a obrigatoriedade de avalia\u00e7\u00e3o da sa\u00fade mental nos exames m\u00e9dicos peri\u00f3dicos e demissionais, como medida preventiva de transtornos mentais e comportamentais no ambiente de trabalho, e d\u00e1 outras provid\u00eancias. [&hellip;]","og_url":"https:\/\/www.legislapp.com.br\/index.php\/avulso-inicial-pl-5799-2025-camara\/","og_site_name":"Legislapp","article_publisher":"https:\/\/www.instagram.com\/legislapp\/","og_image":[{"url":"https:\/\/www.legislapp.com.br\/wp-content\/uploads\/2021\/07\/Logo-Legislapp-1-03-1.png","type":"","width":"","height":""}],"twitter_card":"summary_large_image","twitter_misc":{"Est. tempo de leitura":"6 minutos"},"schema":{"@context":"https:\/\/schema.org","@graph":[{"@type":"WebPage","@id":"https:\/\/www.legislapp.com.br\/index.php\/avulso-inicial-pl-5799-2025-camara\/","url":"https:\/\/www.legislapp.com.br\/index.php\/avulso-inicial-pl-5799-2025-camara\/","name":"Avulso Inicial - PL 5799\/2025 - C\u00e2mara - Legislapp","isPartOf":{"@id":"https:\/\/www.legislapp.com.br\/#website"},"primaryImageOfPage":{"@id":"https:\/\/www.legislapp.com.br\/index.php\/avulso-inicial-pl-5799-2025-camara\/#primaryimage"},"image":{"@id":"https:\/\/www.legislapp.com.br\/index.php\/avulso-inicial-pl-5799-2025-camara\/#primaryimage"},"thumbnailUrl":"https:\/\/www.legislapp.com.br\/wp-content\/uploads\/2021\/07\/Logo-Legislapp-1-03-1.png","datePublished":"2025-12-01T14:39:38+00:00","breadcrumb":{"@id":"https:\/\/www.legislapp.com.br\/index.php\/avulso-inicial-pl-5799-2025-camara\/#breadcrumb"},"inLanguage":"pt-BR","potentialAction":[{"@type":"ReadAction","target":["https:\/\/www.legislapp.com.br\/index.php\/avulso-inicial-pl-5799-2025-camara\/"]}]},{"@type":"ImageObject","inLanguage":"pt-BR","@id":"https:\/\/www.legislapp.com.br\/index.php\/avulso-inicial-pl-5799-2025-camara\/#primaryimage","url":"https:\/\/www.legislapp.com.br\/wp-content\/uploads\/2021\/07\/Logo-Legislapp-1-03-1.png","contentUrl":"https:\/\/www.legislapp.com.br\/wp-content\/uploads\/2021\/07\/Logo-Legislapp-1-03-1.png","width":2679,"height":2697},{"@type":"BreadcrumbList","@id":"https:\/\/www.legislapp.com.br\/index.php\/avulso-inicial-pl-5799-2025-camara\/#breadcrumb","itemListElement":[{"@type":"ListItem","position":1,"name":"In\u00edcio","item":"https:\/\/www.legislapp.com.br\/"},{"@type":"ListItem","position":2,"name":"Avulso Inicial &#8211; PL 5799\/2025 &#8211; C\u00e2mara"}]},{"@type":"WebSite","@id":"https:\/\/www.legislapp.com.br\/#website","url":"https:\/\/www.legislapp.com.br\/","name":"Legislapp","description":"Intelig\u00eancia governamental em tempo real","publisher":{"@id":"https:\/\/www.legislapp.com.br\/#organization"},"potentialAction":[{"@type":"SearchAction","target":{"@type":"EntryPoint","urlTemplate":"https:\/\/www.legislapp.com.br\/?s={search_term_string}"},"query-input":{"@type":"PropertyValueSpecification","valueRequired":true,"valueName":"search_term_string"}}],"inLanguage":"pt-BR"},{"@type":"Organization","@id":"https:\/\/www.legislapp.com.br\/#organization","name":"Legislapp Monitoramento e Intelig\u00eancia Governamental","url":"https:\/\/www.legislapp.com.br\/","logo":{"@type":"ImageObject","inLanguage":"pt-BR","@id":"https:\/\/www.legislapp.com.br\/#\/schema\/logo\/image\/","url":"https:\/\/www.legislapp.com.br\/wp-content\/uploads\/icon.png","contentUrl":"https:\/\/www.legislapp.com.br\/wp-content\/uploads\/icon.png","width":1024,"height":1024,"caption":"Legislapp Monitoramento e Intelig\u00eancia Governamental"},"image":{"@id":"https:\/\/www.legislapp.com.br\/#\/schema\/logo\/image\/"},"sameAs":["https:\/\/www.instagram.com\/legislapp\/"]}]}},"_links":{"self":[{"href":"https:\/\/www.legislapp.com.br\/index.php\/wp-json\/wp\/v2\/pages\/10816","targetHints":{"allow":["GET"]}}],"collection":[{"href":"https:\/\/www.legislapp.com.br\/index.php\/wp-json\/wp\/v2\/pages"}],"about":[{"href":"https:\/\/www.legislapp.com.br\/index.php\/wp-json\/wp\/v2\/types\/page"}],"author":[{"embeddable":true,"href":"https:\/\/www.legislapp.com.br\/index.php\/wp-json\/wp\/v2\/users\/1"}],"replies":[{"embeddable":true,"href":"https:\/\/www.legislapp.com.br\/index.php\/wp-json\/wp\/v2\/comments?post=10816"}],"version-history":[{"count":0,"href":"https:\/\/www.legislapp.com.br\/index.php\/wp-json\/wp\/v2\/pages\/10816\/revisions"}],"wp:attachment":[{"href":"https:\/\/www.legislapp.com.br\/index.php\/wp-json\/wp\/v2\/media?parent=10816"}],"curies":[{"name":"wp","href":"https:\/\/api.w.org\/{rel}","templated":true}]}}