{"id":10852,"date":"2025-12-01T11:42:12","date_gmt":"2025-12-01T14:42:12","guid":{"rendered":"https:\/\/www.legislapp.com.br\/index.php\/avulso-inicial-pl-4290-2025-camara\/"},"modified":"2025-12-01T11:42:12","modified_gmt":"2025-12-01T14:42:12","slug":"avulso-inicial-pl-4290-2025-camara","status":"publish","type":"page","link":"https:\/\/www.legislapp.com.br\/index.php\/avulso-inicial-pl-4290-2025-camara\/","title":{"rendered":"Avulso Inicial &#8211; PL 4290\/2025 &#8211; C\u00e2mara"},"content":{"rendered":"<h1 style='text-align: center;'>Avulso Inicial &#8211; Autoria de Marcos Pollon<\/h3>\n<p><\/p>\n<article>C\u00e2mara dos Deputados<br \/>\nGabinete do Deputado Federal Marcos Pollon<br \/>\nPROJETO DE LEI N\u00ba _______, DE 2025<br \/>\n(do Sr. Marcos Pollon)<br \/>\nAltera a Lei n\u00ba 8.742, de 07 de dezembro de 1993,<br \/>\npara incluir nova reda\u00e7\u00e3o ao Art. 21, \u00a7 5\u00ba, para<br \/>\nretirar a terminologia: salvo quando houver<br \/>\nfundamentada suspeita de fraude ou erro.<br \/>\nO Congresso Nacional Decreta:<br \/>\nArt. 1\u00ba A Lei n\u00ba 8.742, de 07 de dezembro de 1993, passa a vigorar com a seguinte<br \/>\nreda\u00e7\u00e3o:<br \/>\nArt. 21. O benef\u00edcio de presta\u00e7\u00e3o continuada deve ser revisto a cada 2 (dois) anos<br \/>\npara avalia\u00e7\u00e3o da continuidade das condi\u00e7\u00f5es que lhe deram origem.<br \/>\n\u00a7 5\u00ba O benefici\u00e1rio do benef\u00edcio de presta\u00e7\u00e3o continuada \u00e9 dispensado de<br \/>\navalia\u00e7\u00e3o m\u00e9dico-pericial peri\u00f3dica, desde que o impedimento de que trata o \u00a7 2\u00ba do art.<br \/>\n20 desta Lei seja permanente, irrevers\u00edvel ou irrecuper\u00e1vel. (NR)<br \/>\nArt. 2\u00ba Esta Lei entra em vigor na data de sua publica\u00e7\u00e3o.<br \/>\nJUSTIFICATIVA<br \/>\nO presente Projeto de Lei visa garantir a qualidade t\u00e9cnica e a justi\u00e7a na an\u00e1lise de<br \/>\nlaudos e diagn\u00f3sticos relacionados ao Transtorno do Espectro Autista (TEA) e outras<br \/>\ncondi\u00e7\u00f5es neurol\u00f3gicas ou psiqui\u00e1tricas. Muitas fam\u00edlias enfrentam indeferimentos<br \/>\ninjustos ou atrasos no reconhecimento de direitos por juntas m\u00e9dicas compostas por<br \/>\nprofissionais sem forma\u00e7\u00e3o espec\u00edfica nessas \u00e1reas. Esse cen\u00e1rio fere o direito do<br \/>\ncidad\u00e3o e compromete a credibilidade t\u00e9cnica do processo.<br \/>\nAo incluir nova reda\u00e7\u00e3o ao Art. 21, \u00a7 5\u00ba, ir\u00e1 evitar indeferimentos que muita das<br \/>\nvezes injusta e assim, a proposta assegura maior precis\u00e3o, sensibilidade e respeito \u00e0<br \/>\nBras\u00edlia \u2013 DF: C\u00e2mara dos Deputados \u2013 Anexo \u2013 III \u2013 Gabinete 136 \u2013 70160-900<br \/>\nTelefone: (61) 3215 5136 &#8211; E-mail: dep.marcospollon@camara.leg.br  \/ gab.marcospollon@camara.leg.br<br \/>\nPara verificar a assinatura, acesse https:\/\/infoleg-autenticidade-assinatura.camara.leg.br\/CD259800088600<br \/>\nAssinado eletronicamente pelo(a) Dep. Marcos Pollon<br \/>\nApresenta\u00e7\u00e3o: 28\/08\/2025 09:41:40.023 &#8211; Mesa<br \/>\n*CD259800088600* PL n.4290\/2025<br \/>C\u00e2mara dos Deputados<br \/>\nGabinete do Deputado Federal Marcos Pollon<br \/>\nrealidade cl\u00ednica dos pacientes. O diagn\u00f3stico e o manejo de condi\u00e7\u00f5es como autismo,<br \/>\ntranstornos psiqui\u00e1tricos e doen\u00e7as neurol\u00f3gicas exigem conhecimento aprofundado e<br \/>\nexperi\u00eancia pr\u00e1tica, que n\u00e3o podem ser supridos por profissionais de outras \u00e1reas,<br \/>\nmesmo com boa forma\u00e7\u00e3o geral.<br \/>\nAl\u00e9m disso, essa exig\u00eancia contribui para evitar decis\u00f5es arbitr\u00e1rias ou<br \/>\ntecnicamente equivocadas, que t\u00eam impacto direto na vida de milhares de pessoas e<br \/>\nfam\u00edlias, muitas vezes em situa\u00e7\u00e3o de vulnerabilidade. O reconhecimento adequado de<br \/>\num laudo m\u00e9dico pode significar o acesso a tratamentos, medicamentos, benef\u00edcios<br \/>\nassistenciais ou educacionais essenciais para a dignidade e o desenvolvimento do<br \/>\nindiv\u00edduo.<br \/>\n\u00c9 importante destacar que o Brasil possui profissionais altamente capacitados nas<br \/>\n\u00e1reas de neurologia, psiquiatria e especializa\u00e7\u00f5es voltadas ao autismo. Valorizar e exigir<br \/>\nessa compet\u00eancia \u00e9 uma forma de proteger o cidad\u00e3o, garantir justi\u00e7a e assegurar que o<br \/>\nprocesso pericial ou avaliativo seja realizado com o devido rigor t\u00e9cnico e humano.<br \/>\nA Constitui\u00e7\u00e3o Federal estabelece, em seu artigo 6\u00ba, que a sa\u00fade \u00e9 um direito<br \/>\nsocial fundamental. Negar esse direito com base em avalia\u00e7\u00f5es m\u00e9dicas fr\u00e1geis,<br \/>\nconduzidas por profissionais fora da \u00e1rea espec\u00edfica, representa uma viola\u00e7\u00e3o grave. Este<br \/>\nProjeto de Lei, portanto, vem como um mecanismo de prote\u00e7\u00e3o, respeito \u00e0 ci\u00eancia m\u00e9dica<br \/>\ne \u00e0 dignidade da pessoa humana, promovendo maior responsabilidade e \u00e9tica na<br \/>\ncondu\u00e7\u00e3o de processos m\u00e9dicos que impactam diretamente direitos fundamentais.<br \/>\nPor fim, a medida tamb\u00e9m contribui para a redu\u00e7\u00e3o de lit\u00edgios judiciais, pois<br \/>\ndecis\u00f5es t\u00e9cnicas bem fundamentadas e respeitosas \u00e0 especialidade m\u00e9dica tendem a<br \/>\nser mais confi\u00e1veis e menos contestadas. Ganha o paciente, ganha a administra\u00e7\u00e3o<br \/>\np\u00fablica e ganha o sistema de sa\u00fade como um todo.<br \/>\nSendo assim, a presente proposta busca devolver racionalidade, humanidade e<br \/>\nlegalidade ao sistema previdenci\u00e1rio e de sa\u00fade p\u00fablica. O reconhecimento t\u00e9cnico de<br \/>\ncondi\u00e7\u00f5es cl\u00ednicas, especialmente aquelas de natureza neurol\u00f3gica, psiqui\u00e1trica ou<br \/>\nrelacionadas ao Transtorno do Espectro Autista (TEA), deve ser feito com<br \/>\nBras\u00edlia \u2013 DF: C\u00e2mara dos Deputados \u2013 Anexo \u2013 III \u2013 Gabinete 136 \u2013 70160-900<br \/>\nTelefone: (61) 3215 5136 &#8211; E-mail: dep.marcospollon@camara.leg.br  \/ gab.marcospollon@camara.leg.br<br \/>\nPara verificar a assinatura, acesse https:\/\/infoleg-autenticidade-assinatura.camara.leg.br\/CD259800088600<br \/>\nAssinado eletronicamente pelo(a) Dep. Marcos Pollon<br \/>\nApresenta\u00e7\u00e3o: 28\/08\/2025 09:41:40.023 &#8211; Mesa<br \/>\n*CD259800088600* PL n.4290\/2025<br \/>C\u00e2mara dos Deputados<br \/>\nGabinete do Deputado Federal Marcos Pollon<br \/>\nresponsabilidade e compet\u00eancia, exigindo das juntas m\u00e9dicas uma forma\u00e7\u00e3o compat\u00edvel<br \/>\ncom a complexidade do caso avaliado.<br \/>\n\u00c9 fundamental assegurar que as juntas m\u00e9dicas sejam compostas por especialistas<br \/>\nque detenham conhecimento t\u00e9cnico espec\u00edfico sobre os diagn\u00f3sticos apresentados,<br \/>\ngarantindo avalia\u00e7\u00f5es mais justas, precisas e embasadas. Ao adotar essa medida, o<br \/>\nEstado refor\u00e7a a confian\u00e7a da popula\u00e7\u00e3o em suas institui\u00e7\u00f5es, promove o respeito aos<br \/>\ndireitos fundamentais e valoriza a atua\u00e7\u00e3o \u00e9tica e respons\u00e1vel dos profissionais da sa\u00fade.<br \/>\nPelas raz\u00f5es acima expostas, submete-se o presente projeto \u00e0 aprecia\u00e7\u00e3o dos<br \/>\nnobres pares, com a convic\u00e7\u00e3o de que ser\u00e1 reconhecido seu m\u00e9rito social, jur\u00eddico e<br \/>\nconstitucional.<br \/>\nSala das Sess\u00f5es, em 26 de agosto de 2025.<br \/>\nDeputado MARCOS POLLON<br \/>\nPL\/MS<br \/>\nBras\u00edlia \u2013 DF: C\u00e2mara dos Deputados \u2013 Anexo \u2013 III \u2013 Gabinete 136 \u2013 70160-900<br \/>\nTelefone: (61) 3215 5136 &#8211; E-mail: dep.marcospollon@camara.leg.br  \/ gab.marcospollon@camara.leg.br<br \/>\nPara verificar a assinatura, acesse https:\/\/infoleg-autenticidade-assinatura.camara.leg.br\/CD259800088600<br \/>\nAssinado eletronicamente pelo(a) Dep. Marcos Pollon<br \/>\nApresenta\u00e7\u00e3o: 28\/08\/2025 09:41:40.023 &#8211; Mesa<br \/>\n*CD259800088600* PL n.4290\/2025<\/article>\n<p><a href='https:\/\/app.legislapp.com.br\/#\/busca?termo='><\/a><\/p>\n<div style=\"text-align: center\">\n      <img decoding=\"async\" style=\"width: 14%;\" src=\"https:\/\/www.legislapp.com.br\/wp-content\/uploads\/2021\/07\/Logo-Legislapp-1-03-1.png\"><br \/>\n      <\/p>\n<div style=\"margin-bottom: 20px;\" class=\"et_pb_button_module_wrapper et_pb_button_5_tb_body_wrapper et_pb_button_alignment_center et_pb_module \">\n         <a class=\"et_pb_button et_pb_button_5_tb_body et_hover_enabled et_pb_bg_layout_dark\" style=\"width: 50%;background-color: black;\" href=\"https:\/\/app.legislapp.com.br\" target=\"_blank\" rel=\"noopener\">Visualizar completo na nossa plataforma (30 dias gr\u00e1tis)<\/a><\/p><\/div>\n<p>      <a href=\"https:\/\/play.google.com\/store\/apps\/details?id=br.com.legislapp\"><img decoding=\"async\" style=\"width: 15%; min-width: 130px;\" src=\"https:\/\/www.legislapp.com.br\/wp-content\/uploads\/google-play.png\"><\/a><br \/>\n      <a href=\"https:\/\/apps.apple.com\/us\/app\/legislapp\/id1568929859\"><img decoding=\"async\" style=\"width: 15%; min-width: 130px\" src=\"https:\/\/www.legislapp.com.br\/wp-content\/uploads\/apple-store.png\"><\/a>\n   <\/div>\n","protected":false},"excerpt":{"rendered":"<p>Avulso Inicial &#8211; Autoria de Marcos Pollon C\u00e2mara dos Deputados Gabinete do Deputado Federal Marcos Pollon PROJETO DE LEI N\u00ba _______, DE 2025 (do Sr. Marcos Pollon) Altera a Lei n\u00ba 8.742, de 07 de dezembro de 1993, para incluir nova reda\u00e7\u00e3o ao Art. 21, \u00a7 5\u00ba, para retirar a terminologia: salvo quando houver fundamentada [&hellip;]<\/p>\n","protected":false},"author":1,"featured_media":0,"parent":0,"menu_order":0,"comment_status":"closed","ping_status":"closed","template":"page-template-blank.php","meta":{"_et_pb_use_builder":"","_et_pb_old_content":"","_et_gb_content_width":"1080","ngg_post_thumbnail":0,"footnotes":""},"class_list":["post-10852","page","type-page","status-publish","hentry"],"yoast_head":"<!-- This site is optimized with the Yoast SEO plugin v24.4 - https:\/\/yoast.com\/wordpress\/plugins\/seo\/ -->\n<title>Avulso Inicial - PL 4290\/2025 - C\u00e2mara - Legislapp<\/title>\n<meta name=\"robots\" content=\"index, follow, max-snippet:-1, max-image-preview:large, max-video-preview:-1\" \/>\n<link rel=\"canonical\" href=\"https:\/\/www.legislapp.com.br\/index.php\/avulso-inicial-pl-4290-2025-camara\/\" \/>\n<meta property=\"og:locale\" content=\"pt_BR\" \/>\n<meta property=\"og:type\" content=\"article\" \/>\n<meta property=\"og:title\" content=\"Avulso Inicial - PL 4290\/2025 - C\u00e2mara - Legislapp\" \/>\n<meta property=\"og:description\" content=\"Avulso Inicial &#8211; Autoria de Marcos Pollon C\u00e2mara dos Deputados Gabinete do Deputado Federal Marcos Pollon PROJETO DE LEI N\u00ba _______, DE 2025 (do Sr. Marcos Pollon) Altera a Lei n\u00ba 8.742, de 07 de dezembro de 1993, para incluir nova reda\u00e7\u00e3o ao Art. 21, \u00a7 5\u00ba, para retirar a terminologia: salvo quando houver fundamentada [&hellip;]\" \/>\n<meta property=\"og:url\" content=\"https:\/\/www.legislapp.com.br\/index.php\/avulso-inicial-pl-4290-2025-camara\/\" \/>\n<meta property=\"og:site_name\" content=\"Legislapp\" \/>\n<meta property=\"article:publisher\" content=\"https:\/\/www.instagram.com\/legislapp\/\" \/>\n<meta property=\"og:image\" content=\"https:\/\/www.legislapp.com.br\/wp-content\/uploads\/2021\/07\/Logo-Legislapp-1-03-1.png\" \/>\n<meta name=\"twitter:card\" content=\"summary_large_image\" \/>\n<meta name=\"twitter:label1\" content=\"Est. tempo de leitura\" \/>\n\t<meta name=\"twitter:data1\" content=\"5 minutos\" \/>\n<script type=\"application\/ld+json\" class=\"yoast-schema-graph\">{\"@context\":\"https:\/\/schema.org\",\"@graph\":[{\"@type\":\"WebPage\",\"@id\":\"https:\/\/www.legislapp.com.br\/index.php\/avulso-inicial-pl-4290-2025-camara\/\",\"url\":\"https:\/\/www.legislapp.com.br\/index.php\/avulso-inicial-pl-4290-2025-camara\/\",\"name\":\"Avulso Inicial - PL 4290\/2025 - C\u00e2mara - Legislapp\",\"isPartOf\":{\"@id\":\"https:\/\/www.legislapp.com.br\/#website\"},\"primaryImageOfPage\":{\"@id\":\"https:\/\/www.legislapp.com.br\/index.php\/avulso-inicial-pl-4290-2025-camara\/#primaryimage\"},\"image\":{\"@id\":\"https:\/\/www.legislapp.com.br\/index.php\/avulso-inicial-pl-4290-2025-camara\/#primaryimage\"},\"thumbnailUrl\":\"https:\/\/www.legislapp.com.br\/wp-content\/uploads\/2021\/07\/Logo-Legislapp-1-03-1.png\",\"datePublished\":\"2025-12-01T14:42:12+00:00\",\"breadcrumb\":{\"@id\":\"https:\/\/www.legislapp.com.br\/index.php\/avulso-inicial-pl-4290-2025-camara\/#breadcrumb\"},\"inLanguage\":\"pt-BR\",\"potentialAction\":[{\"@type\":\"ReadAction\",\"target\":[\"https:\/\/www.legislapp.com.br\/index.php\/avulso-inicial-pl-4290-2025-camara\/\"]}]},{\"@type\":\"ImageObject\",\"inLanguage\":\"pt-BR\",\"@id\":\"https:\/\/www.legislapp.com.br\/index.php\/avulso-inicial-pl-4290-2025-camara\/#primaryimage\",\"url\":\"https:\/\/www.legislapp.com.br\/wp-content\/uploads\/2021\/07\/Logo-Legislapp-1-03-1.png\",\"contentUrl\":\"https:\/\/www.legislapp.com.br\/wp-content\/uploads\/2021\/07\/Logo-Legislapp-1-03-1.png\",\"width\":2679,\"height\":2697},{\"@type\":\"BreadcrumbList\",\"@id\":\"https:\/\/www.legislapp.com.br\/index.php\/avulso-inicial-pl-4290-2025-camara\/#breadcrumb\",\"itemListElement\":[{\"@type\":\"ListItem\",\"position\":1,\"name\":\"In\u00edcio\",\"item\":\"https:\/\/www.legislapp.com.br\/\"},{\"@type\":\"ListItem\",\"position\":2,\"name\":\"Avulso Inicial &#8211; PL 4290\/2025 &#8211; C\u00e2mara\"}]},{\"@type\":\"WebSite\",\"@id\":\"https:\/\/www.legislapp.com.br\/#website\",\"url\":\"https:\/\/www.legislapp.com.br\/\",\"name\":\"Legislapp\",\"description\":\"Intelig\u00eancia governamental em tempo real\",\"publisher\":{\"@id\":\"https:\/\/www.legislapp.com.br\/#organization\"},\"potentialAction\":[{\"@type\":\"SearchAction\",\"target\":{\"@type\":\"EntryPoint\",\"urlTemplate\":\"https:\/\/www.legislapp.com.br\/?s={search_term_string}\"},\"query-input\":{\"@type\":\"PropertyValueSpecification\",\"valueRequired\":true,\"valueName\":\"search_term_string\"}}],\"inLanguage\":\"pt-BR\"},{\"@type\":\"Organization\",\"@id\":\"https:\/\/www.legislapp.com.br\/#organization\",\"name\":\"Legislapp Monitoramento e Intelig\u00eancia Governamental\",\"url\":\"https:\/\/www.legislapp.com.br\/\",\"logo\":{\"@type\":\"ImageObject\",\"inLanguage\":\"pt-BR\",\"@id\":\"https:\/\/www.legislapp.com.br\/#\/schema\/logo\/image\/\",\"url\":\"https:\/\/www.legislapp.com.br\/wp-content\/uploads\/icon.png\",\"contentUrl\":\"https:\/\/www.legislapp.com.br\/wp-content\/uploads\/icon.png\",\"width\":1024,\"height\":1024,\"caption\":\"Legislapp Monitoramento e Intelig\u00eancia Governamental\"},\"image\":{\"@id\":\"https:\/\/www.legislapp.com.br\/#\/schema\/logo\/image\/\"},\"sameAs\":[\"https:\/\/www.instagram.com\/legislapp\/\"]}]}<\/script>\n<!-- \/ Yoast SEO plugin. -->","yoast_head_json":{"title":"Avulso Inicial - PL 4290\/2025 - C\u00e2mara - Legislapp","robots":{"index":"index","follow":"follow","max-snippet":"max-snippet:-1","max-image-preview":"max-image-preview:large","max-video-preview":"max-video-preview:-1"},"canonical":"https:\/\/www.legislapp.com.br\/index.php\/avulso-inicial-pl-4290-2025-camara\/","og_locale":"pt_BR","og_type":"article","og_title":"Avulso Inicial - PL 4290\/2025 - C\u00e2mara - Legislapp","og_description":"Avulso Inicial &#8211; Autoria de Marcos Pollon C\u00e2mara dos Deputados Gabinete do Deputado Federal Marcos Pollon PROJETO DE LEI N\u00ba _______, DE 2025 (do Sr. Marcos Pollon) Altera a Lei n\u00ba 8.742, de 07 de dezembro de 1993, para incluir nova reda\u00e7\u00e3o ao Art. 21, \u00a7 5\u00ba, para retirar a terminologia: salvo quando houver fundamentada [&hellip;]","og_url":"https:\/\/www.legislapp.com.br\/index.php\/avulso-inicial-pl-4290-2025-camara\/","og_site_name":"Legislapp","article_publisher":"https:\/\/www.instagram.com\/legislapp\/","og_image":[{"url":"https:\/\/www.legislapp.com.br\/wp-content\/uploads\/2021\/07\/Logo-Legislapp-1-03-1.png","type":"","width":"","height":""}],"twitter_card":"summary_large_image","twitter_misc":{"Est. tempo de leitura":"5 minutos"},"schema":{"@context":"https:\/\/schema.org","@graph":[{"@type":"WebPage","@id":"https:\/\/www.legislapp.com.br\/index.php\/avulso-inicial-pl-4290-2025-camara\/","url":"https:\/\/www.legislapp.com.br\/index.php\/avulso-inicial-pl-4290-2025-camara\/","name":"Avulso Inicial - PL 4290\/2025 - C\u00e2mara - Legislapp","isPartOf":{"@id":"https:\/\/www.legislapp.com.br\/#website"},"primaryImageOfPage":{"@id":"https:\/\/www.legislapp.com.br\/index.php\/avulso-inicial-pl-4290-2025-camara\/#primaryimage"},"image":{"@id":"https:\/\/www.legislapp.com.br\/index.php\/avulso-inicial-pl-4290-2025-camara\/#primaryimage"},"thumbnailUrl":"https:\/\/www.legislapp.com.br\/wp-content\/uploads\/2021\/07\/Logo-Legislapp-1-03-1.png","datePublished":"2025-12-01T14:42:12+00:00","breadcrumb":{"@id":"https:\/\/www.legislapp.com.br\/index.php\/avulso-inicial-pl-4290-2025-camara\/#breadcrumb"},"inLanguage":"pt-BR","potentialAction":[{"@type":"ReadAction","target":["https:\/\/www.legislapp.com.br\/index.php\/avulso-inicial-pl-4290-2025-camara\/"]}]},{"@type":"ImageObject","inLanguage":"pt-BR","@id":"https:\/\/www.legislapp.com.br\/index.php\/avulso-inicial-pl-4290-2025-camara\/#primaryimage","url":"https:\/\/www.legislapp.com.br\/wp-content\/uploads\/2021\/07\/Logo-Legislapp-1-03-1.png","contentUrl":"https:\/\/www.legislapp.com.br\/wp-content\/uploads\/2021\/07\/Logo-Legislapp-1-03-1.png","width":2679,"height":2697},{"@type":"BreadcrumbList","@id":"https:\/\/www.legislapp.com.br\/index.php\/avulso-inicial-pl-4290-2025-camara\/#breadcrumb","itemListElement":[{"@type":"ListItem","position":1,"name":"In\u00edcio","item":"https:\/\/www.legislapp.com.br\/"},{"@type":"ListItem","position":2,"name":"Avulso Inicial &#8211; PL 4290\/2025 &#8211; C\u00e2mara"}]},{"@type":"WebSite","@id":"https:\/\/www.legislapp.com.br\/#website","url":"https:\/\/www.legislapp.com.br\/","name":"Legislapp","description":"Intelig\u00eancia governamental em tempo real","publisher":{"@id":"https:\/\/www.legislapp.com.br\/#organization"},"potentialAction":[{"@type":"SearchAction","target":{"@type":"EntryPoint","urlTemplate":"https:\/\/www.legislapp.com.br\/?s={search_term_string}"},"query-input":{"@type":"PropertyValueSpecification","valueRequired":true,"valueName":"search_term_string"}}],"inLanguage":"pt-BR"},{"@type":"Organization","@id":"https:\/\/www.legislapp.com.br\/#organization","name":"Legislapp Monitoramento e Intelig\u00eancia Governamental","url":"https:\/\/www.legislapp.com.br\/","logo":{"@type":"ImageObject","inLanguage":"pt-BR","@id":"https:\/\/www.legislapp.com.br\/#\/schema\/logo\/image\/","url":"https:\/\/www.legislapp.com.br\/wp-content\/uploads\/icon.png","contentUrl":"https:\/\/www.legislapp.com.br\/wp-content\/uploads\/icon.png","width":1024,"height":1024,"caption":"Legislapp Monitoramento e Intelig\u00eancia Governamental"},"image":{"@id":"https:\/\/www.legislapp.com.br\/#\/schema\/logo\/image\/"},"sameAs":["https:\/\/www.instagram.com\/legislapp\/"]}]}},"_links":{"self":[{"href":"https:\/\/www.legislapp.com.br\/index.php\/wp-json\/wp\/v2\/pages\/10852","targetHints":{"allow":["GET"]}}],"collection":[{"href":"https:\/\/www.legislapp.com.br\/index.php\/wp-json\/wp\/v2\/pages"}],"about":[{"href":"https:\/\/www.legislapp.com.br\/index.php\/wp-json\/wp\/v2\/types\/page"}],"author":[{"embeddable":true,"href":"https:\/\/www.legislapp.com.br\/index.php\/wp-json\/wp\/v2\/users\/1"}],"replies":[{"embeddable":true,"href":"https:\/\/www.legislapp.com.br\/index.php\/wp-json\/wp\/v2\/comments?post=10852"}],"version-history":[{"count":0,"href":"https:\/\/www.legislapp.com.br\/index.php\/wp-json\/wp\/v2\/pages\/10852\/revisions"}],"wp:attachment":[{"href":"https:\/\/www.legislapp.com.br\/index.php\/wp-json\/wp\/v2\/media?parent=10852"}],"curies":[{"name":"wp","href":"https:\/\/api.w.org\/{rel}","templated":true}]}}