{"id":10920,"date":"2025-12-01T11:46:13","date_gmt":"2025-12-01T14:46:13","guid":{"rendered":"https:\/\/www.legislapp.com.br\/index.php\/avulso-inicial-pl-4091-2025-camara\/"},"modified":"2025-12-01T11:46:13","modified_gmt":"2025-12-01T14:46:13","slug":"avulso-inicial-pl-4091-2025-camara","status":"publish","type":"page","link":"https:\/\/www.legislapp.com.br\/index.php\/avulso-inicial-pl-4091-2025-camara\/","title":{"rendered":"Avulso Inicial &#8211; PL 4091\/2025 &#8211; C\u00e2mara"},"content":{"rendered":"<h1 style='text-align: center;'>Avulso Inicial &#8211; Autoria de Delegado Ramagem<\/h3>\n<p><\/p>\n<article>PROJETO DE LEI N\u00ba , DE 2025<br \/>\n(Do Sr. Delegado Ramagem)<br \/>\nAltera a Lei n\u00ba 12.965, de 23 de Abril<br \/>\nde 2014 (Marco Civil da Internet), e<br \/>\nd\u00e1 outras provid\u00eancias.<br \/>\nO CONGRESSO NACIONAL decreta:<br \/>\nArt. 1\u00ba A Lei n\u00ba 12.965, de 23 de abril de 2014, passa a vigorar<br \/>\ncom as seguintes altera\u00e7\u00f5es:<br \/>\n\u201cArt. 1\u00ba  &#8230;&#8230;&#8230;&#8230;&#8230;&#8230;&#8230;&#8230;&#8230;&#8230;&#8230;&#8230;&#8230;&#8230;&#8230;&#8230;&#8230;&#8230;&#8230;&#8230;&#8230;&#8230;&#8230;<br \/>\nPar\u00e1grafo \u00fanico.  O disposto nesta Lei aplica-se<br \/>\nmesmo que as atividades sejam realizadas por pessoa<br \/>\njur\u00eddica sediada no exterior, desde que oferte servi\u00e7o ao<br \/>\np\u00fablico brasileiro ou, no m\u00ednimo, uma pessoa jur\u00eddica<br \/>\nintegrante do mesmo grupo econ\u00f4mico possua<br \/>\nestabelecimento situado no Pa\u00eds, incidindo a norma<br \/>\napenas sobre perfis e contas criadas a partir do territ\u00f3rio<br \/>\nbrasileiro.\u201d (NR)<br \/>\n\u201cArt. 5\u00ba  &#8230;&#8230;&#8230;&#8230;&#8230;&#8230;&#8230;&#8230;&#8230;&#8230;&#8230;&#8230;&#8230;&#8230;&#8230;&#8230;&#8230;&#8230;&#8230;&#8230;&#8230;&#8230;..<br \/>\n&#8230;&#8230;&#8230;&#8230;&#8230;&#8230;&#8230;&#8230;&#8230;&#8230;&#8230;&#8230;&#8230;&#8230;&#8230;&#8230;&#8230;&#8230;&#8230;&#8230;&#8230;&#8230;&#8230;&#8230;&#8230;&#8230;&#8230;.<br \/>\nIX &#8211; rede social &#8211; aplica\u00e7\u00e3o de internet cuja principal<br \/>\nfinalidade seja o compartilhamento e a dissemina\u00e7\u00e3o,<br \/>\npelos usu\u00e1rios, de opini\u00f5es e informa\u00e7\u00f5es, veiculados<br \/>\npor textos ou arquivos de imagens, sonoros ou<br \/>\naudiovisuais, em uma \u00fanica plataforma, por meio de<br \/>\ncontas conectadas ou acess\u00edveis de forma articulada,<br \/>\npermitida a conex\u00e3o entre usu\u00e1rios, e que seja provida<br \/>\npor pessoa jur\u00eddica que exer\u00e7a atividade com fins<br \/>\necon\u00f4micos e de forma organizada, mediante a oferta de<br \/>\nservi\u00e7os ao p\u00fablico brasileiro com, no m\u00ednimo, dois<br \/>\n1<br \/>\nPara verificar a assinatura, acesse https:\/\/infoleg-autenticidade-assinatura.camara.leg.br\/CD257235758400<br \/>\nAssinado eletronicamente pelo(a) Dep. Delegado Ramagem<br \/>\nApresenta\u00e7\u00e3o: 19\/08\/2025 16:19:29.267 &#8211; Mesa<br \/>\n*CD257235758400* PL n.4091\/2025<br \/>milh\u00f5es de usu\u00e1rios registrados no Pa\u00eds;<br \/>\nX &#8211; modera\u00e7\u00e3o em redes sociais &#8211; a\u00e7\u00f5es dos<br \/>\nprovedores de redes sociais de exclus\u00e3o, suspens\u00e3o ou<br \/>\nbloqueio da divulga\u00e7\u00e3o de conte\u00fado gerado por usu\u00e1rio<br \/>\ne a\u00e7\u00f5es de suspens\u00e3o, total ou parcial, dos servi\u00e7os e<br \/>\ndas funcionalidades de conta ou perfil de usu\u00e1rio de<br \/>\nredes sociais;<br \/>\nXI &#8211; dever de cuidado &#8211; atribui\u00e7\u00e3o legal dos<br \/>\nprovedores de aplica\u00e7\u00f5es de internet de aferi\u00e7\u00e3o de<br \/>\ncondutas il\u00edcitas para exclus\u00e3o e suspens\u00e3o de<br \/>\nconte\u00fados e suspens\u00e3o de servi\u00e7os e de funcionalidades<br \/>\nda conta ou do perfil de usu\u00e1rio de redes sociais,<br \/>\nconforme rol taxativo previsto no art. 8\u00ba-C desta Lei;<br \/>\nXII &#8211; conte\u00fado impulsionado: conte\u00fado dispon\u00edvel<br \/>\nem aplica\u00e7\u00e3o de internet e divulgado ou promovido,<br \/>\nmediante pagamento pecuni\u00e1rio ou de valor estim\u00e1vel<br \/>\nem dinheiro ao provedor de aplica\u00e7\u00e3o, visando aumentar<br \/>\no seu alcance e a sua visibilidade;<br \/>\nXIII &#8211; Sharenting prejudicial: divulga\u00e7\u00e3o reiterada,<br \/>\npor pais, respons\u00e1veis ou terceiros, de conte\u00fado que<br \/>\nexponha excessivamente ou adultize crian\u00e7as e<br \/>\nadolescentes, causando-lhes risco ou preju\u00edzo \u00e0 sua<br \/>\nintegridade f\u00edsica, ps\u00edquica ou moral;<br \/>\nXIV \u2013 Adultiza\u00e7\u00e3o: pr\u00e1tica de atribuir apar\u00eancia,<br \/>\ncomportamento, linguagem ou gestos de conota\u00e7\u00e3o<br \/>\nsexual a crian\u00e7as ou adolescentes; e<br \/>\nXV \u2013 Explora\u00e7\u00e3o sexual infantil online: qualquer<br \/>\nforma de produ\u00e7\u00e3o, divulga\u00e7\u00e3o, compartilhamento,<br \/>\nvenda, compra ou armazenamento de conte\u00fado de<br \/>\nnatureza sexual envolvendo crian\u00e7as ou adolescentes,<br \/>\nconforme o Estatuto da Crian\u00e7a e do Adolescente (ECA).<br \/>\n\u00a7 1\u00ba  N\u00e3o se incluem na defini\u00e7\u00e3o de que trata o<br \/>\ninciso IX do caput as aplica\u00e7\u00f5es de internet que se<br \/>\ndestinam \u00e0 troca de mensagens instant\u00e2neas e \u00e0s<br \/>\nchamadas de voz, assim como aquelas que tenham<br \/>\ncomo principal finalidade a viabiliza\u00e7\u00e3o do com\u00e9rcio de<br \/>\nbens ou servi\u00e7os.\u201d (NR)<br \/>\n\u00a7 2\u00ba Qualquer atividade de modera\u00e7\u00e3o em redes<br \/>\n2<br \/>\nPara verificar a assinatura, acesse https:\/\/infoleg-autenticidade-assinatura.camara.leg.br\/CD257235758400<br \/>\nAssinado eletronicamente pelo(a) Dep. Delegado Ramagem<br \/>\nApresenta\u00e7\u00e3o: 19\/08\/2025 16:19:29.267 &#8211; Mesa<br \/>\n*CD257235758400* PL n.4091\/2025<br \/>sociais ter\u00e1 como princ\u00edpio fundamental a liberdade de<br \/>\nmanifesta\u00e7\u00e3o de express\u00e3o e de comunica\u00e7\u00e3o,<br \/>\nindependentemente de licen\u00e7a e vedada qualquer<br \/>\ncensura, sendo vedado o anonimato, nos termos do<br \/>\nartigo 5\u00ba IV da Constitui\u00e7\u00e3o Federal.<br \/>\n\u00a7 3\u00ba  A veda\u00e7\u00e3o do anonimato n\u00e3o obsta o direito<br \/>\nao uso de nome social e \u00e0 pseudon\u00edmia e o expl\u00edcito<br \/>\n\u00e2nimo humor\u00edstico ou par\u00f3dico.<br \/>\n\u201cSe\u00e7\u00e3o II<br \/>\nDos direitos e das garantias dos usu\u00e1rios de redes sociais<br \/>\nArt. 8\u00ba-A  Aos usu\u00e1rios, nas rela\u00e7\u00f5es com os<br \/>\nprovedores de redes sociais, s\u00e3o assegurados os<br \/>\nseguintes direitos, sem preju\u00edzo do disposto na Se\u00e7\u00e3o I<br \/>\ndeste Cap\u00edtulo:<br \/>\nI &#8211; acesso a informa\u00e7\u00f5es claras, p\u00fablicas e objetivas<br \/>\nsobre quaisquer pol\u00edticas, procedimentos, medidas e<br \/>\ninstrumentos utilizados para fins de eventual modera\u00e7\u00e3o<br \/>\nou limita\u00e7\u00e3o do alcance da divulga\u00e7\u00e3o de conte\u00fado<br \/>\ngerado pelo usu\u00e1rio, inclu\u00eddos os crit\u00e9rios e os<br \/>\nprocedimentos utilizados para a decis\u00e3o humana ou<br \/>\nautomatizada, ressalvados os segredos comercial e<br \/>\nindustrial;<br \/>\nII &#8211; contradit\u00f3rio, ampla defesa e recurso, a serem<br \/>\nobrigatoriamente observados nas hip\u00f3teses de<br \/>\nmodera\u00e7\u00e3o de conte\u00fado, devendo o provedor de redes<br \/>\nsociais oferecer, no m\u00ednimo, um canal eletr\u00f4nico de<br \/>\ncomunica\u00e7\u00e3o dedicado ao exerc\u00edcio desses direitos;<br \/>\nIII &#8211; restitui\u00e7\u00e3o do conte\u00fado disponibilizado pelo<br \/>\nusu\u00e1rio, em particular de dados pessoais, textos,<br \/>\nimagens, dentre outros, quando houver requerimento;<br \/>\nIV &#8211; restabelecimento da conta, do perfil ou do<br \/>\nconte\u00fado no mesmo estado em que se encontrava, nas<br \/>\nhip\u00f3teses de:<br \/>\na) modera\u00e7\u00e3o indevida pelo provedor de redes<br \/>\nsociais;<br \/>\nb) revers\u00e3o de decis\u00e3o judicial; e<br \/>\n3<br \/>\nPara verificar a assinatura, acesse https:\/\/infoleg-autenticidade-assinatura.camara.leg.br\/CD257235758400<br \/>\nAssinado eletronicamente pelo(a) Dep. Delegado Ramagem<br \/>\nApresenta\u00e7\u00e3o: 19\/08\/2025 16:19:29.267 &#8211; Mesa<br \/>\n*CD257235758400* PL n.4091\/2025<br \/>c) t\u00e9rmino do prazo m\u00e1ximo previsto no \u00a7 2o deste<br \/>\nartigo;<br \/>\nV &#8211; n\u00e3o suspens\u00e3o, total ou parcial, de servi\u00e7os e<br \/>\nfuncionalidades da conta ou do perfil, exceto por justa<br \/>\ncausa, observado o disposto nos artigos 8\u00ba-B e 8\u00ba-C;<br \/>\nVI &#8211; n\u00e3o exclus\u00e3o, suspens\u00e3o ou bloqueio da<br \/>\ndivulga\u00e7\u00e3o de conte\u00fado gerado pelo usu\u00e1rio, exceto por<br \/>\njusta causa, observado o disposto no art. 8\u00ba-C; e<br \/>\nVII &#8211; acesso a resumo dos termos de uso da rede<br \/>\nsocial, com destaque \u00e0s regras de maior signific\u00e2ncia<br \/>\npara o usu\u00e1rio.<br \/>\n\u00a7 1\u00ba   \u00c9 vedada aos provedores de redes sociais:<br \/>\nI &#8211; a exclus\u00e3o perene do acesso de pessoa f\u00edsica ou<br \/>\njur\u00eddica \u00e0 rede social, devendo-se prever prazo m\u00e1ximo<br \/>\nde suspens\u00e3o do acesso, que n\u00e3o ser\u00e1 superior ao<br \/>\nprazo previsto no \u00a7 2\u00ba, considerando-se a veda\u00e7\u00e3o a<br \/>\npenas de car\u00e1ter perp\u00e9tuo; e<br \/>\nII &#8211; a ado\u00e7\u00e3o de crit\u00e9rios de modera\u00e7\u00e3o ou limita\u00e7\u00e3o<br \/>\ndo alcance da divulga\u00e7\u00e3o de conte\u00fado que impliquem<br \/>\ncensura de ordem pol\u00edtica, ideol\u00f3gica, cient\u00edfica, art\u00edstica<br \/>\nou religiosa, observado o disposto nos artigos 8\u00ba-B e 8\u00ba-<br \/>\nC.\u201d (NR)<br \/>\n\u00a7 2\u00ba  Em observ\u00e2ncia ao art. 5\u00ba , XLVII, b, da<br \/>\nConstitui\u00e7\u00e3o Federal, qualquer suspens\u00e3o de acesso a<br \/>\nredes sociais, inclusive por decis\u00e3o judicial, n\u00e3o<br \/>\nultrapassar\u00e1 o prazo de 1 (um) ano, sem preju\u00edzo de<br \/>\nnova suspens\u00e3o por fato diverso do que tenha dado<br \/>\nensejo \u00e0 suspens\u00e3o anterior.<br \/>\n\u00a7 3\u00ba  As san\u00e7\u00f5es previstas neste artigo ser\u00e3o<br \/>\naplicadas de forma proporcional, de acordo com as<br \/>\npeculiaridades do caso concreto, assegurados a ampla<br \/>\ndefesa e o contradit\u00f3rio, tudo sem preju\u00edzo de outras<br \/>\nsan\u00e7\u00f5es c\u00edveis, criminais ou administrativas que sejam<br \/>\ncab\u00edveis.<br \/>\n\u00a7 4\u00ba  As plataformas digitais dever\u00e3o oferecer<br \/>\nferramentas volunt\u00e1rias e configur\u00e1veis de supervis\u00e3o<br \/>\nparental, respeitando a autonomia progressiva do<br \/>\n4<br \/>\nPara verificar a assinatura, acesse https:\/\/infoleg-autenticidade-assinatura.camara.leg.br\/CD257235758400<br \/>\nAssinado eletronicamente pelo(a) Dep. Delegado Ramagem<br \/>\nApresenta\u00e7\u00e3o: 19\/08\/2025 16:19:29.267 &#8211; Mesa<br \/>\n*CD257235758400* PL n.4091\/2025<br \/>adolescente e a privacidade das comunica\u00e7\u00f5es.<br \/>\nArt. 8\u00ba-B  Em observ\u00e2ncia \u00e0 liberdade de<br \/>\nexpress\u00e3o, comunica\u00e7\u00e3o e manifesta\u00e7\u00e3o de<br \/>\npensamento, \u00e9 vedada a exclus\u00e3o permanente dos<br \/>\nservi\u00e7os e das funcionalidades da conta ou do perfil de<br \/>\nusu\u00e1rio de redes sociais, sendo admitida a suspens\u00e3o,<br \/>\ntotal ou parcial, quando houver justa causa e motiva\u00e7\u00e3o.<br \/>\n\u00a7 1\u00ba  Considera-se caracterizada a justa causa nas<br \/>\nseguintes hip\u00f3teses:<br \/>\nI &#8211; inadimplemento contratual por parte do usu\u00e1rio,<br \/>\naplicadas as regras da Lei n. 8.078. de 1990 (C\u00f3digo de<br \/>\nDefesa do Consumidor);<br \/>\nII &#8211; contas criadas com o prop\u00f3sito de assumir ou<br \/>\nsimular identidade de terceiros para enganar o p\u00fablico,<br \/>\nressalvados o direito ao uso de nome social e \u00e0<br \/>\npseudon\u00edmia e o expl\u00edcito \u00e2nimo humor\u00edstico ou<br \/>\npar\u00f3dico;<br \/>\nIII &#8211; contas preponderantemente geridas por<br \/>\nqualquer programa de computador ou tecnologia para<br \/>\nsimular ou substituir atividades humanas na distribui\u00e7\u00e3o<br \/>\nde conte\u00fado em provedores;<br \/>\nIV &#8211; pr\u00e1tica reiterada das condutas previstas no art.<br \/>\n8\u00ba-C;<br \/>\nV &#8211; contas que ofertem produtos ou servi\u00e7os que<br \/>\nviolem patente, marca registrada, direito autoral ou<br \/>\noutros direitos de propriedade intelectual; ou<br \/>\nVI &#8211; cumprimento de determina\u00e7\u00e3o judicial.<br \/>\n\u00a7 2\u00ba  O usu\u00e1rio dever\u00e1 ser notificado da suspens\u00e3o,<br \/>\ntotal ou parcial, dos servi\u00e7os e das funcionalidades da<br \/>\nconta ou do perfil.<br \/>\n\u00a7 3\u00ba  A notifica\u00e7\u00e3o de que trata o \u00a7 2\u00ba:<br \/>\nI &#8211; poder\u00e1 ocorrer por meio eletr\u00f4nico, de acordo<br \/>\ncom as regras de uso da rede social;<br \/>\n5<br \/>\nPara verificar a assinatura, acesse https:\/\/infoleg-autenticidade-assinatura.camara.leg.br\/CD257235758400<br \/>\nAssinado eletronicamente pelo(a) Dep. Delegado Ramagem<br \/>\nApresenta\u00e7\u00e3o: 19\/08\/2025 16:19:29.267 &#8211; Mesa<br \/>\n*CD257235758400* PL n.4091\/2025<br \/>II &#8211; ocorrer\u00e1 de forma pr\u00e9via ou concomitante \u00e0<br \/>\nsuspens\u00e3o, total ou parcial, dos servi\u00e7os e das<br \/>\nfuncionalidades da conta ou do perfil;<br \/>\nIII &#8211; conter\u00e1 a identifica\u00e7\u00e3o da medida adotada, a<br \/>\nmotiva\u00e7\u00e3o da decis\u00e3o e as informa\u00e7\u00f5es sobre prazos,<br \/>\ncanais eletr\u00f4nicos de comunica\u00e7\u00e3o e procedimentos<br \/>\npara a contesta\u00e7\u00e3o e a eventual revis\u00e3o pelo provedor<br \/>\nde redes sociais; e<br \/>\nIV &#8211; no caso de cumprimento de determina\u00e7\u00e3o<br \/>\njudicial, conter\u00e1 a decis\u00e3o judicial na \u00edntegra, com<br \/>\nindica\u00e7\u00e3o do n\u00famero do processo e Ju\u00edzo prolator da<br \/>\ndecis\u00e3o.<br \/>\n\u00a7 4\u00ba  As medidas de que trata o caput tamb\u00e9m<br \/>\npoder\u00e3o ser adotadas em rela\u00e7\u00e3o a conte\u00fado ou perfil<br \/>\npr\u00f3prio, a requerimento do usu\u00e1rio, de seu representante<br \/>\nlegal ou de seus herdeiros, ressalvadas as hip\u00f3teses de<br \/>\nguarda obrigat\u00f3ria de registros previstas na legisla\u00e7\u00e3o.<br \/>\n\u00a7 5\u00ba  A suspens\u00e3o, total ou parcial, dos servi\u00e7os e<br \/>\ndas funcionalidades da conta ou do perfil de usu\u00e1rio de<br \/>\nredes sociais por pr\u00e1tica reiterada das condutas<br \/>\nprevistas no art. 8\u00ba-C presume pr\u00e9via exclus\u00e3o de<br \/>\nconte\u00fado, devidamente motivada e irrecorrida, ou<br \/>\nmantida ap\u00f3s recurso, por no m\u00ednimo 3 (tr\u00eas) vezes.<br \/>\n\u00a7 6\u00ba  A suspens\u00e3o, total ou parcial, dos servi\u00e7os e<br \/>\ndas funcionalidades da conta ou do perfil de usu\u00e1rio de<br \/>\nredes sociais por pr\u00e1tica reiterada das condutas<br \/>\nprevistas no art. 8\u00ba-C configura dever de cuidado,<br \/>\ncalcado na relev\u00e2ncia dos bens jur\u00eddicos tutelados, e<br \/>\nn\u00e3o substitui as compet\u00eancias constitucionais das<br \/>\nPol\u00edcias Judici\u00e1rias e do Minist\u00e9rio P\u00fablico, n\u00e3o se<br \/>\nconfigurando exerc\u00edcio de opinio delicti.<br \/>\n\u00a7 7\u00ba  \u00c9 vedada a suspens\u00e3o, total ou parcial, dos<br \/>\nservi\u00e7os e das funcionalidades da conta ou do perfil de<br \/>\nusu\u00e1rio relacionado ao exerc\u00edcio da atividade<br \/>\nparlamentar, bem como de conte\u00fados de natureza<br \/>\npol\u00edtica, religiosa, filos\u00f3fica, opinativa, intelectual,<br \/>\nart\u00edstica ou de comunica\u00e7\u00e3o disponibilizados na internet.<br \/>\n6<br \/>\nPara verificar a assinatura, acesse https:\/\/infoleg-autenticidade-assinatura.camara.leg.br\/CD257235758400<br \/>\nAssinado eletronicamente pelo(a) Dep. Delegado Ramagem<br \/>\nApresenta\u00e7\u00e3o: 19\/08\/2025 16:19:29.267 &#8211; Mesa<br \/>\n*CD257235758400* PL n.4091\/2025<br \/>\u00a7 8\u00ba A decis\u00e3o judicial que determinar a suspens\u00e3o,<br \/>\ntotal ou parcial, dos servi\u00e7os e das funcionalidades da<br \/>\nconta ou do perfil de usu\u00e1rio de redes sociais fixar\u00e1<br \/>\nprazo razo\u00e1vel para o cumprimento, n\u00e3o inferior a 48<br \/>\n(quarenta e oito) horas.<br \/>\n\u00a7 9\u00ba  As decis\u00f5es judiciais que determinarem a<br \/>\nsuspens\u00e3o, total ou parcial, dos servi\u00e7os e das<br \/>\nfuncionalidades da conta ou do perfil de usu\u00e1rio de<br \/>\nredes sociais ter\u00e3o seus efeitos limitados ao territ\u00f3rio<br \/>\nnacional. (NR)<br \/>\n\u00a7 10.  O provedor de aplica\u00e7\u00f5es de internet que<br \/>\ndisponibilize conte\u00fado gerado por terceiros ser\u00e1<br \/>\nresponsabilizado subsidiariamente pelo conte\u00fado de<br \/>\nexposi\u00e7\u00e3o sexualizada de crian\u00e7as e adolescentes, bem<br \/>\ncomo \u00e0 pr\u00e1tica de sharenting prejudicial e adultiza\u00e7\u00e3o<br \/>\nquando, ap\u00f3s o recebimento de notifica\u00e7\u00e3o pela v\u00edtima,<br \/>\nrespons\u00e1vel legal ou pelo \u00f3rg\u00e3o respons\u00e1vel do<br \/>\nMinist\u00e9rio P\u00fablico, deixar de promover, de forma<br \/>\ndiligente, no \u00e2mbito e nos limites t\u00e9cnicos do seu<br \/>\nservi\u00e7o, a indisponibiliza\u00e7\u00e3o desse conte\u00fado.<br \/>\n\u00a7 11.  A notifica\u00e7\u00e3o prevista no \u00a7 10 dever\u00e1 conter,<br \/>\nsob pena de nulidade, elementos que permitam a<br \/>\nidentifica\u00e7\u00e3o inequ\u00edvoca do material apontado como<br \/>\npublicidade violadora, por meio do Localizador Uniforme<br \/>\nde Recursos (Uniform Resource Locator \u2013 URL)<br \/>\nespec\u00edfico.<br \/>\n\u00a7 12.  O provedor de aplica\u00e7\u00f5es dever\u00e1, ap\u00f3s a<br \/>\nnotifica\u00e7\u00e3o prevista no \u00a7 10, envidar os melhores<br \/>\nesfor\u00e7os para, no \u00e2mbito e nos limites t\u00e9cnicos do seu<br \/>\nservi\u00e7o, indisponibilizar conte\u00fados de id\u00eantico teor ao<br \/>\nmaterial apresentado na notifica\u00e7\u00e3o, devendo o autor da<br \/>\nnotifica\u00e7\u00e3o emend\u00e1-la quando identificar conte\u00fado<br \/>\nid\u00eantico que n\u00e3o tenha sido removido.<br \/>\n\u00a7 13.  A notifica\u00e7\u00e3o ao provedor de aplica\u00e7\u00e3o<br \/>\nprevista no \u00a7 10, quando originada do Minist\u00e9rio P\u00fablico,<br \/>\nrespeitar\u00e1 a Lei n\u00ba 9.784 , de 29 de janeiro de 1999 (Lei<br \/>\nde Processo Administrativo), devendo o Minist\u00e9rio<br \/>\nP\u00fablico disponibilizar mecanismo de f\u00e1cil acesso para<br \/>\napresenta\u00e7\u00e3o de recurso pelo autor da publica\u00e7\u00e3o<br \/>\n7<br \/>\nPara verificar a assinatura, acesse https:\/\/infoleg-autenticidade-assinatura.camara.leg.br\/CD257235758400<br \/>\nAssinado eletronicamente pelo(a) Dep. Delegado Ramagem<br \/>\nApresenta\u00e7\u00e3o: 19\/08\/2025 16:19:29.267 &#8211; Mesa<br \/>\n*CD257235758400* PL n.4091\/2025<br \/>indisponibilizada a partir da notifica\u00e7\u00e3o, sendo<br \/>\nrespons\u00e1vel por eventuais danos morais e materiais<br \/>\ndecorrentes de indisponibiliza\u00e7\u00e3o inadequada de<br \/>\nconte\u00fado.<br \/>\n\u00a7 14.  O Minist\u00e9rio P\u00fablico dever\u00e1 disponibilizar<br \/>\ncanal de den\u00fancias aberto \u00e0 popula\u00e7\u00e3o, de f\u00e1cil acesso,<br \/>\npara que usu\u00e1rios possam denunciar conte\u00fado<br \/>\npotencialmente violador dos direitos de crian\u00e7as e<br \/>\nadolescentes, devendo promover a notifica\u00e7\u00e3o da<br \/>\nrespectiva plataforma, conforme o \u00a7 10, quando, ap\u00f3s<br \/>\nan\u00e1lise individualizada, encontrados elementos que<br \/>\npermitam a caracteriza\u00e7\u00e3o do conte\u00fado como violador.<br \/>\n\u00a7 15.  O provedor dever\u00e1 disponibilizar aos usu\u00e1rios<br \/>\ne ao Minist\u00e9rio P\u00fablico canal de f\u00e1cil acesso para o<br \/>\nrecebimento das notifica\u00e7\u00f5es previstas neste artigo.<br \/>\n\u00a7 16.  O provedor dever\u00e1 notificar o autor da<br \/>\npublica\u00e7\u00e3o da indisponibiliza\u00e7\u00e3o de seu conte\u00fado e<br \/>\ninform\u00e1-lo do canal de recurso previsto no \u00a7 13.<br \/>\n\u00a7 17.  As plataformas poder\u00e3o utilizar fluxos j\u00e1<br \/>\nconsolidados de coopera\u00e7\u00e3o internacional, como o<br \/>\nNational Center for Missing and Exploited Children<br \/>\n(NCMEC), para comunica\u00e7\u00e3o de casos de explora\u00e7\u00e3o<br \/>\nsexual infantil, desde que respeitada a legisla\u00e7\u00e3o<br \/>\nnacional.<br \/>\nArt. 8\u00ba-C  Em observ\u00e2ncia \u00e0 liberdade de<br \/>\nexpress\u00e3o, comunica\u00e7\u00e3o e manifesta\u00e7\u00e3o de<br \/>\npensamento, a exclus\u00e3o, a suspens\u00e3o ou o bloqueio da<br \/>\ndivulga\u00e7\u00e3o de conte\u00fado gerado por usu\u00e1rio somente<br \/>\npoder\u00e1 ser realizado com justa causa e motiva\u00e7\u00e3o.<br \/>\n\u00a7 1\u00ba  Considera-se caracterizada a justa causa nas<br \/>\nseguintes hip\u00f3teses:<br \/>\nI \u2013 viola\u00e7\u00e3o da intimidade decorrente da divulga\u00e7\u00e3o,<br \/>\nsem autoriza\u00e7\u00e3o de seus participantes, de imagens, de<br \/>\nv\u00eddeos ou de outros materiais contendo cenas de nudez<br \/>\nou de atos sexuais de car\u00e1ter privado;<br \/>\n8<br \/>\nPara verificar a assinatura, acesse https:\/\/infoleg-autenticidade-assinatura.camara.leg.br\/CD257235758400<br \/>\nAssinado eletronicamente pelo(a) Dep. Delegado Ramagem<br \/>\nApresenta\u00e7\u00e3o: 19\/08\/2025 16:19:29.267 &#8211; Mesa<br \/>\n*CD257235758400* PL n.4091\/2025<br \/>II \u2013 divulga\u00e7\u00e3o de conte\u00fados relacionados a crimes<br \/>\nde terrorismo ou a atos preparat\u00f3rios de terrorismo,<br \/>\ntipificados nos termos da Lei no 13.260, de 16 de mar\u00e7o<br \/>\nde 2016;<br \/>\nIII \u2013 induzimento, instiga\u00e7\u00e3o ou aux\u00edlio a suic\u00eddio ou<br \/>\na automutila\u00e7\u00e3o, nos termos do art. 122 do C\u00f3digo<br \/>\nPenal;<br \/>\nIV \u2013 divulga\u00e7\u00e3o de conte\u00fado relacionado a crimes<br \/>\nsexuais contra pessoas vulner\u00e1veis, pornografia infantil<br \/>\nou crimes graves contra crian\u00e7as e adolescentes, nos<br \/>\ntermos dos arts. 217-A, 218, 218-A, 218-B e 241-A a<br \/>\n241-E do Estatuto da Crian\u00e7a e do Adolescente e do<br \/>\nC\u00f3digo Penal;<br \/>\nV \u2013 divulga\u00e7\u00e3o de conte\u00fado relacionado a crimes<br \/>\nde tr\u00e1fico de pessoas, nos termos do art. 149-A do<br \/>\nC\u00f3digo Penal;<br \/>\nVI &#8211; promo\u00e7\u00e3o, ensino, incentivo ou apologia \u00e0<br \/>\nfabrica\u00e7\u00e3o ou ao consumo de drogas il\u00edcitas;<br \/>\nVII &#8211; utiliza\u00e7\u00e3o ou ensino do uso de computadores<br \/>\nou tecnologia da informa\u00e7\u00e3o com o objetivo de roubar<br \/>\ncredenciais, invadir sistemas, comprometer dados<br \/>\npessoais ou causar danos a terceiros;<br \/>\nVIII &#8211; utiliza\u00e7\u00e3o ou ensino do uso de aplica\u00e7\u00f5es de<br \/>\ninternet, s\u00edtios eletr\u00f4nicos ou tecnologia da informa\u00e7\u00e3o<br \/>\ncom o objetivo de violar patente, marca registrada,<br \/>\ndireito autoral ou outros direitos de propriedade<br \/>\nintelectual;<br \/>\nIX &#8211; conte\u00fado impulsionado que viole os artigos 36,<br \/>\n37 e 38 da Lei no 8.078, de 11 de setembro de 1990<br \/>\n(C\u00f3digo de Defesa do Consumidor), quando, ap\u00f3s o<br \/>\nrecebimento de notifica\u00e7\u00e3o pela Secretaria Nacional do<br \/>\nConsumidor (Senacon) ou \u00f3rg\u00e3o que venha a substitu\u00ed-<br \/>\nlo, conforme previsto no art. 106 da Lei no 8.078, de 11<br \/>\nde setembro de 1990 (C\u00f3digo de Defesa do<br \/>\nConsumidor); ou<br \/>\nX &#8211; dissemina\u00e7\u00e3o de v\u00edrus de software ou qualquer<br \/>\noutro c\u00f3digo de computador, arquivo ou programa<br \/>\n9<br \/>\nPara verificar a assinatura, acesse https:\/\/infoleg-autenticidade-assinatura.camara.leg.br\/CD257235758400<br \/>\nAssinado eletronicamente pelo(a) Dep. Delegado Ramagem<br \/>\nApresenta\u00e7\u00e3o: 19\/08\/2025 16:19:29.267 &#8211; Mesa<br \/>\n*CD257235758400* PL n.4091\/2025<br \/>projetado para interromper, destruir ou limitar a<br \/>\nfuncionalidade de qualquer recurso de computador.<br \/>\n\u00a7 2\u00ba  O usu\u00e1rio dever\u00e1 ser notificado da exclus\u00e3o,<br \/>\nda suspens\u00e3o ou do bloqueio da divulga\u00e7\u00e3o de conte\u00fado<br \/>\npor ele gerado.<br \/>\n\u00a7 3\u00ba  A notifica\u00e7\u00e3o de que trata o \u00a7 2\u00ba:<br \/>\nI &#8211; poder\u00e1 ocorrer por meio eletr\u00f4nico, de acordo<br \/>\ncom as regras de uso da rede social;<br \/>\nII &#8211; ocorrer\u00e1 de forma pr\u00e9via ou concomitante \u00e0<br \/>\nexclus\u00e3o, \u00e0 suspens\u00e3o ou ao bloqueio da divulga\u00e7\u00e3o de<br \/>\nconte\u00fado; e<br \/>\nIII &#8211; conter\u00e1 a identifica\u00e7\u00e3o da medida adotada, a<br \/>\nmotiva\u00e7\u00e3o da decis\u00e3o e as informa\u00e7\u00f5es sobre prazos,<br \/>\ncanais eletr\u00f4nicos de comunica\u00e7\u00e3o e procedimentos<br \/>\npara a contesta\u00e7\u00e3o e a eventual revis\u00e3o pelo provedor<br \/>\nde redes sociais.<br \/>\n\u00a7 4\u00ba  As medidas de que trata o caput tamb\u00e9m<br \/>\npoder\u00e3o ser adotadas a requerimento do pr\u00f3prio usu\u00e1rio,<br \/>\nressalvadas as hip\u00f3teses de guarda obrigat\u00f3ria de<br \/>\nregistros previstas na legisla\u00e7\u00e3o.<br \/>\n\u00a7 5\u00ba  Nos casos das al\u00edneas \u2018b\u2019, \u2018c\u2019 e \u2018d\u2019 do inciso II<br \/>\ndo caput, a exclus\u00e3o, a suspens\u00e3o ou o bloqueio da<br \/>\ndivulga\u00e7\u00e3o de conte\u00fado gerado por usu\u00e1rio ser\u00e1<br \/>\nimediatamente comunicada ao Minist\u00e9rio P\u00fablico com<br \/>\natribui\u00e7\u00e3o para o caso.<br \/>\n\u00a7 6\u00ba  A exclus\u00e3o, a suspens\u00e3o ou o bloqueio da<br \/>\ndivulga\u00e7\u00e3o de conte\u00fado gerado por usu\u00e1rio por for\u00e7a das<br \/>\nal\u00edneas \u2018b\u2019, \u2018c\u2019 e \u2018d\u2019 do inciso II do caput configura dever<br \/>\nde cuidado, calcado na relev\u00e2ncia dos bens jur\u00eddicos<br \/>\ntutelados, e n\u00e3o substitui as compet\u00eancias<br \/>\nconstitucionais das Pol\u00edcias Judici\u00e1rias e do Minist\u00e9rio<br \/>\nP\u00fablico, n\u00e3o se configurando exerc\u00edcio de opinio delicti.<br \/>\n\u00a7 7\u00ba  \u00c9 vedada a indisponibiliza\u00e7\u00e3o de conte\u00fado<br \/>\nrelacionado ao exerc\u00edcio da atividade parlamentar, bem<br \/>\ncomo de conte\u00fados de natureza pol\u00edtica, religiosa,<br \/>\nfilos\u00f3fica, opinativa, intelectual, art\u00edstica ou de<br \/>\n10<br \/>\nPara verificar a assinatura, acesse https:\/\/infoleg-autenticidade-assinatura.camara.leg.br\/CD257235758400<br \/>\nAssinado eletronicamente pelo(a) Dep. Delegado Ramagem<br \/>\nApresenta\u00e7\u00e3o: 19\/08\/2025 16:19:29.267 &#8211; Mesa<br \/>\n*CD257235758400* PL n.4091\/2025<br \/>comunica\u00e7\u00e3o disponibilizados na internet.<br \/>\n\u00a7 8\u00ba A decis\u00e3o judicial que determinar a exclus\u00e3o, a<br \/>\nsuspens\u00e3o ou o bloqueio da divulga\u00e7\u00e3o de conte\u00fado<br \/>\ngerado por usu\u00e1rio fixar\u00e1 prazo razo\u00e1vel para o<br \/>\ncumprimento, n\u00e3o inferior a 24 (vinte e quatro) horas.<br \/>\n\u00a7 9\u00ba  O provedor de rede social dever\u00e1 substituir o<br \/>\nconte\u00fado tornado indispon\u00edvel pela motiva\u00e7\u00e3o ou pela<br \/>\nordem judicial, expondo o n\u00famero do processo judicial<br \/>\nou procedimento onde se encontra a ordem judicial que<br \/>\ndeu fundamento \u00e0 indisponibiliza\u00e7\u00e3o, salvo expressa<br \/>\nprevis\u00e3o legal ou expressa determina\u00e7\u00e3o judicial<br \/>\nfundamentada em contr\u00e1rio.<br \/>\n\u00a7 10.  As decis\u00f5es judiciais que determinarem a<br \/>\nexclus\u00e3o, a suspens\u00e3o ou o bloqueio da divulga\u00e7\u00e3o de<br \/>\nconte\u00fado gerado por usu\u00e1rio ter\u00e3o seus efeitos limitados<br \/>\nao territ\u00f3rio nacional.<br \/>\n\u00a7 11. O provedor de aplica\u00e7\u00f5es dever\u00e1 envidar os<br \/>\nmelhores esfor\u00e7os para indisponibilizar conte\u00fados<br \/>\nimpulsionados de id\u00eantico teor a conte\u00fado que j\u00e1 tenha<br \/>\nsido objeto de exclus\u00e3o, suspens\u00e3o ou bloqueio.\u201d (NR)<br \/>\nArt. 8\u00ba-D  Nos casos de ofensa \u00e0 honra de pessoa<br \/>\nnatural, o conte\u00fado dever\u00e1 ser exclu\u00eddo pelo provedor de<br \/>\naplica\u00e7\u00e3o mediante notifica\u00e7\u00e3o extrajudicial v\u00e1lida,<br \/>\nqualificada, espec\u00edfica e leg\u00edtima, realizada pela v\u00edtima<br \/>\nou por seu representante legal, quando houver nova<br \/>\npublica\u00e7\u00e3o que reproduza, de forma integral e<br \/>\ninequ\u00edvoca, conte\u00fado anteriormente declarado il\u00edcito por<br \/>\ndecis\u00e3o judicial transitada em julgado.<br \/>\n\u00a7 1\u00ba  Para os fins deste artigo, considera-se<br \/>\nreprodu\u00e7\u00e3o integral e inequ\u00edvoca aquela que mantiver<br \/>\ncumulativamente:<br \/>\nI \u2013 o mesmo texto;<br \/>\nII \u2013 o mesmo contexto de publica\u00e7\u00e3o;<br \/>\nIII \u2013 os mesmos sujeitos envolvidos;<br \/>\n11<br \/>\nPara verificar a assinatura, acesse https:\/\/infoleg-autenticidade-assinatura.camara.leg.br\/CD257235758400<br \/>\nAssinado eletronicamente pelo(a) Dep. Delegado Ramagem<br \/>\nApresenta\u00e7\u00e3o: 19\/08\/2025 16:19:29.267 &#8211; Mesa<br \/>\n*CD257235758400* PL n.4091\/2025<br \/>IV \u2013 a mesma inten\u00e7\u00e3o comunicativa;<br \/>\nV \u2013 o mesmo formato de apresenta\u00e7\u00e3o;<br \/>\nVI \u2013 a mesma aplica\u00e7\u00e3o de internet; e<br \/>\nVII \u2013 a mesma finalidade original da publica\u00e7\u00e3o<br \/>\nanteriormente declarada il\u00edcita.<br \/>\n\u00a7 2\u00ba N\u00e3o ser\u00e1 considerada suficiente a simples<br \/>\nnotifica\u00e7\u00e3o extrajudicial referente a conte\u00fado apenas<br \/>\nsimilar, parcialmente coincidente ou tematicamente<br \/>\nrelacionado ao anteriormente julgado il\u00edcito.<br \/>\n\u00a7 3\u00ba  A notifica\u00e7\u00e3o prevista no caput dever\u00e1 conter,<br \/>\nsob pena de nulidade, elementos que permitam a<br \/>\nidentifica\u00e7\u00e3o espec\u00edfica do material apontado como<br \/>\ninfringente e a verifica\u00e7\u00e3o da legitimidade de quem<br \/>\napresenta o pedido.\u201d<br \/>\n\u201cArt. 8\u00ba-E  Para aplica\u00e7\u00e3o do disposto nos artigos<br \/>\n8\u00ba-B e 8\u00ba-C, ser\u00e1 considerada motivada a decis\u00e3o que:<br \/>\nI &#8211; indicar a parte espec\u00edfica do contrato de<br \/>\npresta\u00e7\u00e3o de servi\u00e7os ou do termo de uso relativo aos<br \/>\nservi\u00e7os fornecidos pelo provedor de aplica\u00e7\u00f5es de<br \/>\ninternet que foi violada;<br \/>\nII &#8211; especificar a postagem ou a conduta<br \/>\nconsiderada afrontosa ao contrato de presta\u00e7\u00e3o de<br \/>\nservi\u00e7os ou ao termo de uso; e<br \/>\nIII &#8211; informar o fundamento jur\u00eddico da decis\u00e3o.\u201d<br \/>\n(NR)<br \/>\nArt. 21. O provedor de aplica\u00e7\u00f5es de internet que<br \/>\ndisponibilize conte\u00fado gerado por terceiros ser\u00e1<br \/>\nresponsabilizado subsidiariamente quando deixar de<br \/>\npromover, de forma diligente, no \u00e2mbito e nos limites<br \/>\nt\u00e9cnicos do seu servi\u00e7o, a indisponibiliza\u00e7\u00e3o do<br \/>\nconte\u00fado apontado como infringente, nos casos<br \/>\ndeterminados nos artigos 8\u00ba-B, 8\u00ba-C e 8\u00ba-D desta Lei.<br \/>\n12<br \/>\nPara verificar a assinatura, acesse https:\/\/infoleg-autenticidade-assinatura.camara.leg.br\/CD257235758400<br \/>\nAssinado eletronicamente pelo(a) Dep. Delegado Ramagem<br \/>\nApresenta\u00e7\u00e3o: 19\/08\/2025 16:19:29.267 &#8211; Mesa<br \/>\n*CD257235758400* PL n.4091\/2025<br \/>\u00a7 1\u00ba  Nos casos de conte\u00fado de exposi\u00e7\u00e3o<br \/>\nsexualizada de crian\u00e7as e adolescentes e da pr\u00e1tica de<br \/>\nsharenting prejudicial e adultiza\u00e7\u00e3o, o provedor de<br \/>\naplica\u00e7\u00f5es de internet ser\u00e1 responsabilizado quando,<br \/>\nap\u00f3s o recebimento de notifica\u00e7\u00e3o pela v\u00edtima,<br \/>\nrespons\u00e1vel legal ou pelo \u00f3rg\u00e3o respons\u00e1vel do<br \/>\nMinist\u00e9rio P\u00fablico, deixar de promover, de forma<br \/>\ndiligente, no \u00e2mbito e nos limites t\u00e9cnicos do seu<br \/>\nservi\u00e7o, a indisponibiliza\u00e7\u00e3o desse conte\u00fado.<br \/>\n\u00a7 2\u00ba  A notifica\u00e7\u00e3o prevista no \u00a7 1o dever\u00e1 conter,<br \/>\nsob pena de nulidade, elementos que permitam a<br \/>\nidentifica\u00e7\u00e3o inequ\u00edvoca do material apontado como<br \/>\npublicidade violadora, por meio do Localizador Uniforme<br \/>\nde Recursos (Uniform Resource Locator \u2013 URL)<br \/>\nespec\u00edfico.<br \/>\n\u00a7 3\u00ba  O provedor de aplica\u00e7\u00f5es dever\u00e1, ap\u00f3s a<br \/>\nnotifica\u00e7\u00e3o prevista no \u00a7 1o, envidar os melhores<br \/>\nesfor\u00e7os para, no \u00e2mbito e nos limites t\u00e9cnicos do seu<br \/>\nservi\u00e7o, indisponibilizar conte\u00fados de id\u00eantico teor ao<br \/>\nmaterial apresentado na notifica\u00e7\u00e3o, devendo o autor da<br \/>\nnotifica\u00e7\u00e3o emend\u00e1-la quando identificar conte\u00fado<br \/>\nid\u00eantico que n\u00e3o tenha sido removido.<br \/>\n\u00a7 4\u00ba  A notifica\u00e7\u00e3o ao provedor de aplica\u00e7\u00e3o<br \/>\nprevista no \u00a7 1o quando originada do Minist\u00e9rio P\u00fablico,<br \/>\nrespeitar\u00e1 a Lei n\u00ba 9.784 , de 29 de janeiro de 1999 (Lei<br \/>\nde Processo Administrativo), devendo o Minist\u00e9rio<br \/>\nP\u00fablico disponibilizar mecanismo de f\u00e1cil acesso para<br \/>\napresenta\u00e7\u00e3o de recurso pelo autor da publica\u00e7\u00e3o<br \/>\nindisponibilizada a partir da notifica\u00e7\u00e3o, sendo<br \/>\nrespons\u00e1vel por eventuais danos morais e materiais<br \/>\ndecorrentes de indisponibiliza\u00e7\u00e3o inadequada de<br \/>\nconte\u00fado.<br \/>\n\u00a7 5\u00ba  O Minist\u00e9rio P\u00fablico dever\u00e1 disponibilizar<br \/>\ncanal de den\u00fancias aberto \u00e0 popula\u00e7\u00e3o, de f\u00e1cil acesso,<br \/>\npara que usu\u00e1rios possam denunciar conte\u00fado<br \/>\npotencialmente violador dos direitos de crian\u00e7as e<br \/>\nadolescentes, devendo promover a notifica\u00e7\u00e3o da<br \/>\nrespectiva plataforma, conforme o \u00a7 1o, quando, ap\u00f3s<br \/>\nan\u00e1lise individualizada, encontrados elementos que<br \/>\npermitam a caracteriza\u00e7\u00e3o do conte\u00fado como violador.<br \/>\n\u00a7 6\u00ba  O provedor dever\u00e1 disponibilizar aos usu\u00e1rios<br \/>\ne ao Minist\u00e9rio P\u00fablico canal de f\u00e1cil acesso para o<br \/>\nrecebimento das notifica\u00e7\u00f5es previstas neste artigo.<br \/>\n13<br \/>\nPara verificar a assinatura, acesse https:\/\/infoleg-autenticidade-assinatura.camara.leg.br\/CD257235758400<br \/>\nAssinado eletronicamente pelo(a) Dep. Delegado Ramagem<br \/>\nApresenta\u00e7\u00e3o: 19\/08\/2025 16:19:29.267 &#8211; Mesa<br \/>\n*CD257235758400* PL n.4091\/2025<br \/>\u00a7 7\u00ba  O provedor dever\u00e1 notificar o autor da<br \/>\npublica\u00e7\u00e3o da indisponibiliza\u00e7\u00e3o de seu conte\u00fado e<br \/>\ninform\u00e1-lo do canal de recurso previsto no \u00a7 5o.<br \/>\n\u00a7 8\u00ba  As plataformas poder\u00e3o utilizar fluxos j\u00e1<br \/>\nconsolidados de coopera\u00e7\u00e3o internacional, como o<br \/>\nNational Center for Missing and Exploited Children<br \/>\n(NCMEC), para comunica\u00e7\u00e3o de casos de explora\u00e7\u00e3o<br \/>\nsexual infantil, desde que respeitada a legisla\u00e7\u00e3o<br \/>\nnacional.<br \/>\n \u201cCAP\u00cdTULO IV-A<br \/>\nDAS SAN\u00c7\u00d5ES<br \/>\nArt. 28-A.  Em caso de infra\u00e7\u00e3o ao infra\u00e7\u00f5es \u00e0s<br \/>\nnormas previstas nos artigos 8\u00ba-A, 8\u00ba-B, 8\u00ba-C, 8\u00ba-D, 10 e<br \/>\nart. 11, o Poder Executivo Federal, por interm\u00e9dio da<br \/>\nAdvocacia-Geral da Uni\u00e3o (AGU), poder\u00e1 notificar<br \/>\nextrajudicialmente o provedor de rede social a t\u00edtulo de<br \/>\nadvert\u00eancia, com indica\u00e7\u00e3o de prazo para ado\u00e7\u00e3o de<br \/>\nmedidas corretivas.<br \/>\n\u00a7 1\u00ba  Caso a advert\u00eancia n\u00e3o seja frut\u00edfera, o Poder<br \/>\nExecutivo Federal, por interm\u00e9dio da AGU, poder\u00e1<br \/>\npropor a\u00e7\u00e3o judicial para corre\u00e7\u00e3o do il\u00edcito e imposi\u00e7\u00e3o<br \/>\nde multa de at\u00e9 2% (dois por cento) do faturamento do<br \/>\ngrupo econ\u00f4mico no Pa\u00eds em seu \u00faltimo exerc\u00edcio,<br \/>\nexclu\u00eddos os tributos, considerados a condi\u00e7\u00e3o<br \/>\necon\u00f4mica do infrator e o princ\u00edpio da proporcionalidade<br \/>\nentre a gravidade da falta e a intensidade da san\u00e7\u00e3o.<br \/>\n\u00a7 2\u00ba  Caso seja mantida a pr\u00e1tica il\u00edcita mesmo<br \/>\nap\u00f3s a imposi\u00e7\u00e3o da multa prevista no \u00a71\u00ba, a multa<br \/>\npoder\u00e1 ser aumentada para at\u00e9 o dobro.<br \/>\n\u00a7 3\u00ba  Na hip\u00f3tese de empresa estrangeira,<br \/>\nresponde solidariamente pelo pagamento da multa de<br \/>\nque trata o caput a filial, a sucursal, o escrit\u00f3rio ou o<br \/>\nestabelecimento situado no Pa\u00eds.<br \/>\n\u00a7 4\u00ba  As san\u00e7\u00f5es previstas neste artigo ser\u00e3o<br \/>\naplicadas de forma proporcional, de acordo com as<br \/>\npeculiaridades do caso concreto, assegurados a ampla<br \/>\n14<br \/>\nPara verificar a assinatura, acesse https:\/\/infoleg-autenticidade-assinatura.camara.leg.br\/CD257235758400<br \/>\nAssinado eletronicamente pelo(a) Dep. Delegado Ramagem<br \/>\nApresenta\u00e7\u00e3o: 19\/08\/2025 16:19:29.267 &#8211; Mesa<br \/>\n*CD257235758400* PL n.4091\/2025<br \/>defesa e o contradit\u00f3rio, tudo sem preju\u00edzo de outras<br \/>\nsan\u00e7\u00f5es c\u00edveis, criminais ou administrativas que sejam<br \/>\ncab\u00edveis.\u201d (NR)<br \/>\nArt. 28-B.  \u00c9 expressamente vedada a proibi\u00e7\u00e3o do<br \/>\nexerc\u00edcio das atividades dos provedores de conex\u00e3o ou<br \/>\nde aplica\u00e7\u00f5es de internet.<br \/>\nArt. 29-C.  A suspens\u00e3o tempor\u00e1ria do exerc\u00edcio<br \/>\ndas atividades dos provedores de conex\u00e3o ou de<br \/>\naplica\u00e7\u00f5es de internet \u00e9 considerada medida extrema e<br \/>\nexcepcional\u00edssima, somente podendo ser aplicada:<br \/>\nI &#8211; por \u00f3rg\u00e3o judicial colegiado;<br \/>\nII &#8211; ap\u00f3s o esgotamento de outras medidas<br \/>\nadministrativas e judiciais, incluindo a requisi\u00e7\u00e3o de<br \/>\ncoopera\u00e7\u00e3o jur\u00eddica internacional ou outros meios<br \/>\ndiplom\u00e1ticos, em se tratando de provedor estrangeiro;<br \/>\nIII &#8211; diante de comprovado descumprimento<br \/>\ndeliberado, reiterado e sistem\u00e1tico que viole os direitos<br \/>\nfundamentais dos usu\u00e1rios previstos nesta Lei; e<br \/>\nIV &#8211; quando houver risco concreto, comprovado e<br \/>\njustificado \u00e0 incolumidade p\u00fablica ou \u00e0 seguran\u00e7a<br \/>\nnacional.<br \/>\n\u00a7 1\u00ba Em nenhuma hip\u00f3tese as san\u00e7\u00f5es previstas<br \/>\nneste artigo poder\u00e3o ser impostas de of\u00edcio ou em<br \/>\ncar\u00e1ter cautelar ou liminar.<br \/>\n\u00a7 2\u00ba A decis\u00e3o judicial que determinar a suspens\u00e3o<br \/>\ntempor\u00e1ria do exerc\u00edcio das atividades dos provedores<br \/>\nde conex\u00e3o ou de aplica\u00e7\u00f5es de internet dever\u00e1 apontar<br \/>\nde maneira clara, objetiva e fundamentada os direitos<br \/>\nfundamentais dos usu\u00e1rios violados, indicando<br \/>\nexpressamente a previs\u00e3o legal espec\u00edfica, bem como<br \/>\nas medidas corretivas a serem adotadas.<br \/>\n\u00a7 3\u00ba A ado\u00e7\u00e3o das medidas corretivas far\u00e1 cessar<br \/>\nimediatamente a suspens\u00e3o tempor\u00e1ria ou proibi\u00e7\u00e3o do<br \/>\nexerc\u00edcio das atividades dos provedores de conex\u00e3o ou<br \/>\nde aplica\u00e7\u00f5es de internet, devendo o respectivo<br \/>\nprovedor de conex\u00e3o ou de aplica\u00e7\u00e3o de internet<br \/>\n15<br \/>\nPara verificar a assinatura, acesse https:\/\/infoleg-autenticidade-assinatura.camara.leg.br\/CD257235758400<br \/>\nAssinado eletronicamente pelo(a) Dep. Delegado Ramagem<br \/>\nApresenta\u00e7\u00e3o: 19\/08\/2025 16:19:29.267 &#8211; Mesa<br \/>\n*CD257235758400* PL n.4091\/2025<br \/>declarar em ju\u00edzo a ado\u00e7\u00e3o das medidas corretivas.<br \/>\nArt. 28-D.  \u00c9 vedado ao juiz emitir ordens que<br \/>\ndeterminem a indisponibiliza\u00e7\u00e3o de conte\u00fado<br \/>\nrelacionado ao exerc\u00edcio da atividade parlamentar, bem<br \/>\ncomo de conte\u00fados de natureza pol\u00edtica, religiosa,<br \/>\nfilos\u00f3fica, opinativa, intelectual, art\u00edstica ou de<br \/>\ncomunica\u00e7\u00e3o disponibilizados na internet.<br \/>\nPar\u00e1grafo \u00fanico.  Esta Lei n\u00e3o poder\u00e1 ser<br \/>\ninterpretada de forma a restringir a liberdade de<br \/>\nexpress\u00e3o ou criar censura pr\u00e9via, devendo sempre<br \/>\nrespeitar o devido processo legal e a ampla defesa.<br \/>\nArt. 2\u00ba  A Lei 8.069\/1990 (Estatuto da Crian\u00e7a e do Adolescente)<br \/>\nfica acrescida do seguinte artigo:<br \/>\nArt. 240-B \u2013 Produzir, reproduzir, dirigir,<br \/>\nfotografar, filmar, registrar, divulgar, compartilhar ou<br \/>\npermitir, ainda que a t\u00edtulo gratuito, conte\u00fado digital<br \/>\nque sexualize, adultize ou exponha crian\u00e7a ou<br \/>\nadolescente de forma a induzir ou explorar sua<br \/>\nimagem para fins sexuais:<br \/>\nPena \u2013 reclus\u00e3o de 4 (quatro) a 8 (oito) anos e<br \/>\nmulta.<br \/>\nPar\u00e1grafo \u00fanico. A pena \u00e9 aumentada de 1\/3<br \/>\n(um ter\u00e7o) at\u00e9 a metade:<br \/>\nI \u2013 Se o agente for pai, m\u00e3e ou respons\u00e1vel;<br \/>\nII &#8211; Se o agente obtiver vantagem econ\u00f4mica<br \/>\ncom tais pr\u00e1ticas.<br \/>\nArt. 3\u00ba  A Lei n\u00ba 10.406, de 10 de janeiro de 2002, passa a vigorar<br \/>\ncom a seguinte altera\u00e7\u00e3o:<br \/>\n\u201cArt. 932\u2026\u2026\u2026\u2026\u2026\u2026\u2026\u2026\u2026\u2026\u2026\u2026\u2026\u2026\u2026\u2026\u2026\u2026\u2026.<br \/>\nPar\u00e1grafo \u00fanico. Ressalvadas as hip\u00f3teses expressas<br \/>\ne espec\u00edficas previstas em lei, os provedores de<br \/>\naplica\u00e7\u00f5es de internet n\u00e3o respondem pela repara\u00e7\u00e3o<br \/>\n16<br \/>\nPara verificar a assinatura, acesse https:\/\/infoleg-autenticidade-assinatura.camara.leg.br\/CD257235758400<br \/>\nAssinado eletronicamente pelo(a) Dep. Delegado Ramagem<br \/>\nApresenta\u00e7\u00e3o: 19\/08\/2025 16:19:29.267 &#8211; Mesa<br \/>\n*CD257235758400* PL n.4091\/2025<br \/>civil decorrente de atos il\u00edcitos praticados por seus<br \/>\nusu\u00e1rios, inclusive os consistentes na disponibiliza\u00e7\u00e3o<br \/>\nde conte\u00fados na internet.\u201d<br \/>\nArt. 4\u00ba  Os provedores de redes sociais ter\u00e3o o prazo de 90<br \/>\n(noventa) dias, contado da data de publica\u00e7\u00e3o desta Lei, para a adequa\u00e7\u00e3o<br \/>\nde suas pol\u00edticas e de seus termos de uso ao disposto nesta Lei.<br \/>\nArt. 5\u00ba  Fica revogado o art. 12 da Lei n\u00ba 12.965, de 2014.<br \/>\nArt. 6\u00ba  Esta Lei entra em vigor na data de sua publica\u00e7\u00e3o.<br \/>\nJUSTIFICA\u00c7\u00c3O<br \/>\nEm 27\/11\/2024, o STF iniciou o julgamento dos Recursos<br \/>\nExtraordin\u00e1rios (REs) 1037396 e 1057258, versando sobre quest\u00f5es ligadas<br \/>\nao Marco Civil da Internet.<br \/>\n17<br \/>\nPara verificar a assinatura, acesse https:\/\/infoleg-autenticidade-assinatura.camara.leg.br\/CD257235758400<br \/>\nAssinado eletronicamente pelo(a) Dep. Delegado Ramagem<br \/>\nApresenta\u00e7\u00e3o: 19\/08\/2025 16:19:29.267 &#8211; Mesa<br \/>\n*CD257235758400* PL n.4091\/2025<br \/>Em 18\/11\/2024, praticamente uma semana antes do in\u00edcio do<br \/>\njulgamento, durante um evento no Mato Grosso, o ministro do STF Alexandre<br \/>\nMoraes j\u00e1 sedimentava a estrada dizendo que a regulamenta\u00e7\u00e3o das redes<br \/>\nera necess\u00e1ria para a volta de uma \u201cnormalidade democr\u00e1tica no Brasil\u201d. Ele<br \/>\ndeclarou que \u201cnunca houve nenhum setor na hist\u00f3ria que afete muitas<br \/>\npessoas e que n\u00e3o tenha sido regulamentado\u201d.  Moraes disse ainda: \u201cA culpa<br \/>\n\u00e9 das redes sociais? N\u00e3o, elas n\u00e3o pensam. Quem pensam s\u00e3o os humanos<br \/>\npor tr\u00e1s das redes sociais, que, sem nenhuma transpar\u00eancia dos algoritmos,<br \/>\ndirecionam para cativar e fazer uma lavagem cerebral nas pessoas, gerando<br \/>\n1<br \/>\nesse ambiente de \u00f3dio.\u201d<br \/>\nNo Recurso Extraordin\u00e1rio (RE) 1037396 (Tema 987 da<br \/>\nrepercuss\u00e3o geral), relatado pelo Min. Dias Toffoli, a discuss\u00e3o travada<br \/>\nincidiu sobre a validade do artigo 19 do Marco Civil da Internet, o qual exige<br \/>\nordem judicial pr\u00e9via e espec\u00edfica de exclus\u00e3o de conte\u00fado para a<br \/>\nresponsabiliza\u00e7\u00e3o civil de provedores, websites e gestores de redes sociais<br \/>\npor danos decorrentes de atos il\u00edcitos praticados por terceiros. Nele, o<br \/>\nFacebook Servi\u00e7os Online do Brasil Ltda. questiona decis\u00e3o da Justi\u00e7a<br \/>\npaulista que determinou a exclus\u00e3o de um perfil falso da rede social.<br \/>\nEis o teor do art. 19:<br \/>\n\u201cArt. 19. Com o intuito de assegurar a liberdade de express\u00e3o e<br \/>\nimpedir a censura, o provedor de aplica\u00e7\u00f5es de internet<br \/>\nsomente poder\u00e1 ser responsabilizado civilmente por danos<br \/>\ndecorrentes de conte\u00fado gerado por terceiros se, ap\u00f3s<br \/>\nordem judicial espec\u00edfica, n\u00e3o tomar as provid\u00eancias para,<br \/>\nno \u00e2mbito e nos limites t\u00e9cnicos do seu servi\u00e7o e dentro do<br \/>\nprazo assinalado, tornar indispon\u00edvel o conte\u00fado apontado<br \/>\ncomo infringente, ressalvadas as disposi\u00e7\u00f5es legais em<br \/>\ncontr\u00e1rio.<br \/>\n\u00a7 1\u00ba A ordem judicial de que trata o caput dever\u00e1 conter, sob<br \/>\npena de nulidade, identifica\u00e7\u00e3o clara e espec\u00edfica do conte\u00fado<br \/>\napontado como infringente, que permita a localiza\u00e7\u00e3o inequ\u00edvoca<br \/>\ndo material.<br \/>\n\u00a7 2\u00ba A aplica\u00e7\u00e3o do disposto neste artigo para infra\u00e7\u00f5es a direitos<br \/>\nde autor ou a direitos conexos depende de previs\u00e3o legal<br \/>\nespec\u00edfica, que dever\u00e1 respeitar a liberdade de express\u00e3o e<br \/>\ndemais garantias previstas no art. 5\u00ba da Constitui\u00e7\u00e3o Federal.<br \/>\n\u00a7 3\u00ba As causas que versem sobre ressarcimento por danos<br \/>\ndecorrentes de conte\u00fados disponibilizados na internet<br \/>\n1<br \/>\n https:\/\/matogrossoeconomico.com.br\/politica-mato-grosso\/al<br \/>\nexandre-de-moraes-afirma-em-evento-em-cuiaba-que-rede-<br \/>\nsocial-nao-e-uma-terra-sem-lei\/<br \/>\n18<br \/>\nPara verificar a assinatura, acesse https:\/\/infoleg-autenticidade-assinatura.camara.leg.br\/CD257235758400<br \/>\nAssinado eletronicamente pelo(a) Dep. Delegado Ramagem<br \/>\nApresenta\u00e7\u00e3o: 19\/08\/2025 16:19:29.267 &#8211; Mesa<br \/>\n*CD257235758400* PL n.4091\/2025<br \/>relacionados \u00e0 honra, \u00e0 reputa\u00e7\u00e3o ou a direitos de personalidade,<br \/>\nbem como sobre a indisponibiliza\u00e7\u00e3o desses conte\u00fados por<br \/>\nprovedores de aplica\u00e7\u00f5es de internet, poder\u00e3o ser apresentadas<br \/>\nperante os juizados especiais.<br \/>\n\u00a7 4\u00ba O juiz, inclusive no procedimento previsto no \u00a7 3\u00ba , poder\u00e1<br \/>\nantecipar, total ou parcialmente, os efeitos da tutela pretendida<br \/>\nno pedido inicial, existindo prova inequ\u00edvoca do fato e<br \/>\nconsiderado o interesse da coletividade na disponibiliza\u00e7\u00e3o do<br \/>\nconte\u00fado na internet, desde que presentes os requisitos de<br \/>\nverossimilhan\u00e7a da alega\u00e7\u00e3o do autor e de fundado receio de<br \/>\ndano irrepar\u00e1vel ou de dif\u00edcil repara\u00e7\u00e3o.\u201d<br \/>\nJ\u00e1 o RE 1057258 (Tema 533 da repercuss\u00e3o geral), relatado pelo<br \/>\nMin. Luiz Fux, discute se a empresa que hospeda sites na internet tem o<br \/>\ndever de fiscalizar o conte\u00fado publicado e de retir\u00e1-lo do ar quando for<br \/>\nconsiderado ofensivo, sem necessidade de interven\u00e7\u00e3o do Judici\u00e1rio ou de<br \/>\nnotifica\u00e7\u00e3o pr\u00e9via. Neste caso, o Google Brasil Internet S.A. contesta decis\u00e3o<br \/>\nque o condenou a pagar indeniza\u00e7\u00e3o por danos morais por n\u00e3o excluir do<br \/>\nOrkut uma comunidade criada para ofender uma pessoa.<br \/>\nChegando a junho de 2025, sobreveio, como esperado, a decis\u00e3o do<br \/>\nSTF, em mais um menoscabo do Parlamento. Segue a tese firmada, que foi<br \/>\nnoticiada pelo STF em uma exc\u00eantrica \u201cinforma\u00e7\u00e3o \u00e0 sociedade\u201d, que<br \/>\ntamb\u00e9m evidencia a usurpa\u00e7\u00e3o do poder de legislar<br \/>\n(https:\/\/www.stf.jus.br\/arquivo\/cms\/noticiaNoticiaStf\/anexo\/Informac807a771o<br \/>\na768SociedadeArt19MCI_vRev.pdf):<br \/>\nTese de julgamento:<br \/>\n\u201cReconhecimento da inconstitucionalidade parcial e progressiva<br \/>\ndo art. 19 do MCI<br \/>\n1. O art. 19 da Lei n\u00ba 12.965\/2014 (Marco Civil da Internet), que<br \/>\nexige ordem judicial espec\u00edfica para a responsabiliza\u00e7\u00e3o civil de<br \/>\nprovedor de aplica\u00e7\u00f5es de internet por danos decorrentes de<br \/>\nconte\u00fado gerado por terceiros, \u00e9 parcialmente inconstitucional.<br \/>\nH\u00e1 um estado de omiss\u00e3o parcial que decorre do fato de que a<br \/>\nregra geral do art. 19 n\u00e3o confere prote\u00e7\u00e3o suficiente a bens<br \/>\njur\u00eddicos constitucionais de alta relev\u00e2ncia (prote\u00e7\u00e3o de direitos<br \/>\nfundamentais e da democracia).<br \/>\nInterpreta\u00e7\u00e3o do art. 19 do MCI<br \/>\n2. Enquanto n\u00e3o sobrevier nova legisla\u00e7\u00e3o, o art. 19 do MCI deve<br \/>\nser interpretado de forma que os provedores de aplica\u00e7\u00e3o de<br \/>\ninternet est\u00e3o sujeitos \u00e0 responsabiliza\u00e7\u00e3o civil, ressalvada a<br \/>\n19<br \/>\nPara verificar a assinatura, acesse https:\/\/infoleg-autenticidade-assinatura.camara.leg.br\/CD257235758400<br \/>\nAssinado eletronicamente pelo(a) Dep. Delegado Ramagem<br \/>\nApresenta\u00e7\u00e3o: 19\/08\/2025 16:19:29.267 &#8211; Mesa<br \/>\n*CD257235758400* PL n.4091\/2025<br \/>aplica\u00e7\u00e3o das disposi\u00e7\u00f5es espec\u00edficas da legisla\u00e7\u00e3o eleitoral e os<br \/>\natos normativos expedidos pelo TSE.<br \/>\n3. O provedor de aplica\u00e7\u00f5es de internet ser\u00e1 responsabilizado<br \/>\ncivilmente, nos termos do art. 21 do MCI, pelos danos<br \/>\ndecorrentes de conte\u00fados gerados por terceiros em casos de<br \/>\ncrime ou atos il\u00edcitos, sem preju\u00edzo do dever de remo\u00e7\u00e3o do<br \/>\nconte\u00fado. Aplica-se a mesma regra nos casos de contas<br \/>\ndenunciadas como inaut\u00eanticas<br \/>\n3.1. Nas hip\u00f3teses de crime contra a honra aplica-se o art. 19 do<br \/>\nMCI, sem preju\u00edzo da possibilidade de remo\u00e7\u00e3o por notifica\u00e7\u00e3o<br \/>\nextrajudicial.<br \/>\n3.2. Em se tratando de sucessivas replica\u00e7\u00f5es do fato ofensivo j\u00e1<br \/>\nreconhecido por decis\u00e3o judicial, todos os provedores de redes<br \/>\nsociais dever\u00e3o remover as publica\u00e7\u00f5es com id\u00eanticos<br \/>\nconte\u00fados, independentemente de novas decis\u00f5es judiciais, a<br \/>\npartir de notifica\u00e7\u00e3o judicial ou extrajudicial.<br \/>\nPresun\u00e7\u00e3o de responsabilidade<br \/>\n4. Fica estabelecida a presun\u00e7\u00e3o de responsabilidade dos<br \/>\nprovedores em caso de conte\u00fados il\u00edcitos quando se tratar de (a)<br \/>\nan\u00fancios e impulsionamentos pagos; ou (b) rede artificial de<br \/>\ndistribui\u00e7\u00e3o (chatbot ou rob\u00f4s). Nestas hip\u00f3teses, a<br \/>\nresponsabiliza\u00e7\u00e3o poder\u00e1 se dar independentemente de<br \/>\nnotifica\u00e7\u00e3o. Os provedores ficar\u00e3o exclu\u00eddos de responsabilidade<br \/>\nse comprovarem que atuaram diligentemente e em tempo<br \/>\nrazo\u00e1vel para tornar indispon\u00edvel o conte\u00fado.<br \/>\nDever de cuidado em caso de circula\u00e7\u00e3o massiva de conte\u00fados<br \/>\nil\u00edcitos graves<br \/>\n5. O provedor de aplica\u00e7\u00f5es de internet \u00e9 respons\u00e1vel quando<br \/>\nn\u00e3o promover a indisponibiliza\u00e7\u00e3o imediata de conte\u00fados que<br \/>\nconfigurem as pr\u00e1ticas de crimes graves previstas no seguinte rol<br \/>\ntaxativo: (a) condutas e atos antidemocr\u00e1ticos que se amoldem<br \/>\naos tipos previstos nos artigos 286, par\u00e1grafo \u00fanico, 359-L, 359-<br \/>\nM, 359-N, 359-P e 359-R do C\u00f3digo Penal; (b) crimes de<br \/>\nterrorismo ou preparat\u00f3rios de terrorismo, tipificados pela Lei n\u00ba<br \/>\n13.260\/2016; (c) crimes de induzimento, instiga\u00e7\u00e3o ou aux\u00edlio a<br \/>\nsuic\u00eddio ou a automutila\u00e7\u00e3o, nos termos do art. 122 do C\u00f3digo<br \/>\nPenal; (d) incita\u00e7\u00e3o \u00e0 discrimina\u00e7\u00e3o em raz\u00e3o de ra\u00e7a, cor, etnia,<br \/>\nreligi\u00e3o, proced\u00eancia nacional, sexualidade ou identidade de<br \/>\ng\u00eanero (condutas homof\u00f3bicas e transf\u00f3bicas), pass\u00edvel de<br \/>\nenquadramento nos arts. 20, 20-A, 20-B e 20-C da Lei n\u00ba 7.716,<br \/>\nde 1989; (e) crimes praticados contra a mulher em raz\u00e3o da<br \/>\n20<br \/>\nPara verificar a assinatura, acesse https:\/\/infoleg-autenticidade-assinatura.camara.leg.br\/CD257235758400<br \/>\nAssinado eletronicamente pelo(a) Dep. Delegado Ramagem<br \/>\nApresenta\u00e7\u00e3o: 19\/08\/2025 16:19:29.267 &#8211; Mesa<br \/>\n*CD257235758400* PL n.4091\/2025<br \/>condi\u00e7\u00e3o do sexo feminino, inclusive conte\u00fados que propagam<br \/>\n\u00f3dio \u00e0s mulheres (Lei n\u00ba 11.340\/06; Lei n\u00ba 10.446\/02; Lei n\u00ba<br \/>\n14.192\/21; CP, art. 141, \u00a7 3\u00ba; art. 146-A; art. 147, \u00a7 1\u00ba; art. 147-A;<br \/>\ne art. 147-B do CP); (f) crimes sexuais contra pessoas<br \/>\nvulner\u00e1veis, pornografia infantil e crimes graves contra crian\u00e7as e<br \/>\nadolescentes, nos termos dos arts. 217-A, 218, 218-A, 218-B,<br \/>\n218-C, do C\u00f3digo Penal e dos arts. 240, 241-A, 241- C, 241-D do<br \/>\nEstatuto da Crian\u00e7a e do Adolescente; g) tr\u00e1fico de pessoas (CP,<br \/>\nart. 149-A).<br \/>\n5.1. A responsabilidade dos provedores de aplica\u00e7\u00f5es de internet<br \/>\nprevista neste item diz respeito \u00e0 configura\u00e7\u00e3o de falha<br \/>\nsist\u00eamica.<br \/>\n5.2. Considera-se falha sist\u00eamica, imput\u00e1vel ao provedor de<br \/>\naplica\u00e7\u00f5es de internet, deixar de adotar adequadas medidas de<br \/>\npreven\u00e7\u00e3o ou remo\u00e7\u00e3o dos conte\u00fados il\u00edcitos anteriormente<br \/>\nlistados, configurando viola\u00e7\u00e3o ao dever de atuar de forma<br \/>\nrespons\u00e1vel, transparente e cautelosa.<br \/>\n5.3. Consideram-se adequadas as medidas que, conforme o<br \/>\nestado da t\u00e9cnica, forne\u00e7am os n\u00edveis mais elevados de<br \/>\nseguran\u00e7a para o tipo de atividade desempenhada pelo<br \/>\nprovedor.<br \/>\n5.4. A exist\u00eancia de conte\u00fado il\u00edcito de forma isolada, atomizada,<br \/>\nn\u00e3o \u00e9, por si s\u00f3, suficiente para ensejar a aplica\u00e7\u00e3o da<br \/>\nresponsabilidade civil do presente item. Contudo, nesta hip\u00f3tese,<br \/>\nincidir\u00e1 o regime de responsabilidade previsto no art. 21 do MCI.<br \/>\n5.5. Nas hip\u00f3teses previstas neste item, o respons\u00e1vel pela<br \/>\npublica\u00e7\u00e3o do conte\u00fado removido pelo provedor de aplica\u00e7\u00f5es de<br \/>\ninternet poder\u00e1 requerer judicialmente o seu restabelecimento,<br \/>\nmediante demonstra\u00e7\u00e3o da aus\u00eancia de ilicitude. Ainda que o<br \/>\nconte\u00fado seja restaurado por ordem judicial, n\u00e3o haver\u00e1<br \/>\nimposi\u00e7\u00e3o de indeniza\u00e7\u00e3o ao provedor. Incid\u00eancia do art. 19.<br \/>\n6. Aplica-se o art. 19 do MCI ao (a) provedor de servi\u00e7os de e-<br \/>\nmail; (b) provedor de aplica\u00e7\u00f5es cuja finalidade primordial seja a<br \/>\nrealiza\u00e7\u00e3o de reuni\u00f5es fechadas por v\u00eddeo ou voz; (c) provedor<br \/>\nde servi\u00e7os de mensageria instant\u00e2nea (tamb\u00e9m chamadas de<br \/>\nprovedores de servi\u00e7os de mensageria privada), exclusivamente<br \/>\nno que diz respeito \u00e0s comunica\u00e7\u00f5es interpessoais,<br \/>\nresguardadas pelo sigilo das comunica\u00e7\u00f5es (art. 5\u00ba, inciso XII, da<br \/>\nCF\/88).<br \/>\nMarketplaces<br \/>\n21<br \/>\nPara verificar a assinatura, acesse https:\/\/infoleg-autenticidade-assinatura.camara.leg.br\/CD257235758400<br \/>\nAssinado eletronicamente pelo(a) Dep. Delegado Ramagem<br \/>\nApresenta\u00e7\u00e3o: 19\/08\/2025 16:19:29.267 &#8211; Mesa<br \/>\n*CD257235758400* PL n.4091\/2025<br \/>7. Os provedores de aplica\u00e7\u00f5es de internet que funcionarem<br \/>\ncomo marketplaces respondem civilmente de acordo com o<br \/>\nC\u00f3digo de Defesa do Consumidor (Lei n\u00ba 8.078\/90).<br \/>\nDeveres adicionais<br \/>\n8. Os provedores de aplica\u00e7\u00f5es de internet dever\u00e3o editar<br \/>\nautorregula\u00e7\u00e3o que abranja, necessariamente, sistema de<br \/>\nnotifica\u00e7\u00f5es, devido processo e relat\u00f3rios anuais de<br \/>\ntranspar\u00eancia em rela\u00e7\u00e3o a notifica\u00e7\u00f5es extrajudiciais, an\u00fancios e<br \/>\nimpulsionamentos.<br \/>\n9. Dever\u00e3o, igualmente, disponibilizar a usu\u00e1rios e a n\u00e3o<br \/>\nusu\u00e1rios canais espec\u00edficos de atendimento, preferencialmente<br \/>\neletr\u00f4nicos, que sejam acess\u00edveis e amplamente divulgados nas<br \/>\nrespectivas plataformas de maneira permanente.<br \/>\n10. Tais regras dever\u00e3o ser publicadas e revisadas<br \/>\nperiodicamente, de forma transparente e acess\u00edvel ao p\u00fablico.<br \/>\n11. Os provedores de aplica\u00e7\u00f5es de internet com atua\u00e7\u00e3o no<br \/>\nBrasil devem constituir e manter sede e representante no pa\u00eds,<br \/>\ncuja identifica\u00e7\u00e3o e informa\u00e7\u00f5es para contato dever\u00e3o ser<br \/>\ndisponibilizadas e estar facilmente acess\u00edveis nos respectivos<br \/>\ns\u00edtios. Essa representa\u00e7\u00e3o deve conferir ao representante,<br \/>\nnecessariamente pessoa jur\u00eddica com sede no pa\u00eds, plenos<br \/>\npoderes para (a) responder perante as esferas administrativa e<br \/>\njudicial; (b) prestar \u00e0s autoridades competentes informa\u00e7\u00f5es<br \/>\nrelativas ao funcionamento do provedor, \u00e0s regras e aos<br \/>\nprocedimentos utilizados para modera\u00e7\u00e3o de conte\u00fado e para<br \/>\ngest\u00e3o das reclama\u00e7\u00f5es pelos sistemas internos; aos relat\u00f3rios<br \/>\nde transpar\u00eancia, monitoramento e gest\u00e3o dos riscos sist\u00eamicos;<br \/>\n\u00e0s regras para o perfilamento de usu\u00e1rios (quando for o caso), a<br \/>\nveicula\u00e7\u00e3o de publicidade e o impulsionamento remunerado de<br \/>\nconte\u00fados; (c) cumprir as determina\u00e7\u00f5es judiciais; e (d)<br \/>\nresponder e cumprir eventuais penaliza\u00e7\u00f5es, multas e afeta\u00e7\u00f5es<br \/>\nfinanceiras em que o representado incorrer, especialmente por<br \/>\ndescumprimento de obriga\u00e7\u00f5es legais e judiciais.<br \/>\nNatureza da responsabilidade<br \/>\n12. N\u00e3o haver\u00e1 responsabilidade objetiva na aplica\u00e7\u00e3o da tese<br \/>\naqui enunciada.<br \/>\nApelo ao legislador<br \/>\n13. Apela-se ao Congresso Nacional para que seja elaborada<br \/>\nlegisla\u00e7\u00e3o capaz de sanar as defici\u00eancias do atual regime quanto<br \/>\n\u00e0 prote\u00e7\u00e3o de direitos fundamentais.<br \/>\n22<br \/>\nPara verificar a assinatura, acesse https:\/\/infoleg-autenticidade-assinatura.camara.leg.br\/CD257235758400<br \/>\nAssinado eletronicamente pelo(a) Dep. Delegado Ramagem<br \/>\nApresenta\u00e7\u00e3o: 19\/08\/2025 16:19:29.267 &#8211; Mesa<br \/>\n*CD257235758400* PL n.4091\/2025<br \/>Modula\u00e7\u00e3o dos efeitos temporais<br \/>\n14. Para preservar a seguran\u00e7a jur\u00eddica, ficam modulados os<br \/>\nefeitos da presente decis\u00e3o, que somente se aplicar\u00e1<br \/>\nprospectivamente, ressalvadas decis\u00f5es transitadas em julgado.\u201d<br \/>\nA pr\u00f3pria extens\u00e3o da tese firmada j\u00e1 deixa claro que se trata de<br \/>\nevidente e inescap\u00e1vel ato de legislar, o que evidentemente n\u00e3o \u00e9 papel do<br \/>\nPoder Judici\u00e1rio. Trata-se aqui de mais uma ocasi\u00e3o em que o Supremo<br \/>\nTribunal Federal, que deveria limitar-se aos limites estritos de sua condi\u00e7\u00e3o<br \/>\nde legislador negativo, comporta-se como legislador positivo, o que vem<br \/>\nocorrendo com frequ\u00eancia estarrecedora. No caso espec\u00edfico do tema em<br \/>\napre\u00e7o, j\u00e1 houve mat\u00e9rias jornal\u00edsticas denunciando que nem mesmo<br \/>\nditaduras tiveram a ousadia de regular as redes sociais via Poder Judici\u00e1rio<br \/>\n(https:\/\/www.gazetadopovo.com.br\/vida-e-cidadania\/nem-em-ditaduras-<br \/>\njudiciario-liderou-regulacao-redes-como-stf-quer-fazer\/).<br \/>\nE v\u00e1rios pontos evidenciam que a aparente e alegada<br \/>\npreocupa\u00e7\u00e3o com \u201ccrimes nocivos\u201d apenas busca mascarar a realidade j\u00e1<br \/>\nevidenciada agora inclusive em \u00e2mbito internacional. O que se pretende \u00e9 a<br \/>\ncensura pol\u00edtica, e ainda repassando a plataformas privadas o dever de<br \/>\ncensurar, sob pena de sofrer san\u00e7\u00f5es das mais graves.<br \/>\nNessa linha, e evitando-se maiores considera\u00e7\u00f5es te\u00f3ricas que<br \/>\ncertamente ser\u00e3o objeto de apresenta\u00e7\u00e3o nos debates sobre o projeto, a<br \/>\npresente proposi\u00e7\u00e3o busca resguardar a liberdade de express\u00e3o e a<br \/>\nliberdade pol\u00edtica, mas com previs\u00e3o de responsabiliza\u00e7\u00e3o em caso de crimes<br \/>\ncomuns, e n\u00e3o de conte\u00fado pol\u00edtico, cuja evid\u00eancia e gravidade objetiva<br \/>\njustifiquem o dever de cuidado. E tudo isso sem afastar a atribui\u00e7\u00e3o<br \/>\nconstitucional do Minist\u00e9rio P\u00fablico como titular da a\u00e7\u00e3o penal, bem como a<br \/>\ninafastabilidade da jurisdi\u00e7\u00e3o, inclusive da jurisdi\u00e7\u00e3o colegiada, para a<br \/>\nimposi\u00e7\u00e3o de medidas gravosas que aniquilam a liberdade de express\u00e3o<br \/>\npotencializada pelas redes sociais.<br \/>\nN\u00e3o h\u00e1 quem possa dizer o que \u00e9 ou n\u00e3o verdade, e nas<br \/>\npalavras do escritor Phill Kerby, trazidas por Gustavo Maultasch em<br \/>\nlivro sobre o tema, \u201ca censura \u00e9 o impulso mais forte da natureza<br \/>\nhumana\u201d. O autor tamb\u00e9m alerta que \u201cse algu\u00e9m est\u00e1 muito certo da<br \/>\nvirtude de suas cren\u00e7as, e certo da vileza da opini\u00e3o alheia, o impulso<br \/>\nnatural costuma ser o de procurar conter e silenciar aqueles que<br \/>\n2<br \/>\nousem publicar suas ideias julgadas inaceit\u00e1veis\u201d .<br \/>\n2<br \/>\n MAULTASCH, Gustavo. Contra Toda Censura: pequeno tratado sobre a liberdade de express\u00e3o. S\u00e3o Paulo:<br \/>\nAvis Rara, 2022. pp. 13.<br \/>\n23<br \/>\nPara verificar a assinatura, acesse https:\/\/infoleg-autenticidade-assinatura.camara.leg.br\/CD257235758400<br \/>\nAssinado eletronicamente pelo(a) Dep. Delegado Ramagem<br \/>\nApresenta\u00e7\u00e3o: 19\/08\/2025 16:19:29.267 &#8211; Mesa<br \/>\n*CD257235758400* PL n.4091\/2025<br \/>O \u00fanico rem\u00e9dio poss\u00edvel para informa\u00e7\u00f5es distorcidas ou falsas<br \/>\n\u00e9 mais informa\u00e7\u00e3o. Apenas a circula\u00e7\u00e3o ampla e aberta de ideias \u00e9<br \/>\ncapaz de minimizar os inevit\u00e1veis riscos de informa\u00e7\u00f5es falsas, e<br \/>\nnunca a censura ser\u00e1 o rem\u00e9dio, ainda que travestida de eufemismos<br \/>\ncomo \u201cregula\u00e7\u00e3o\u201d. Como alerta Maultasch, \u201co autorit\u00e1rio que se op\u00f5e<br \/>\n\u00e0 Liberdade de Express\u00e3o precisa disfar\u00e7ar sua posi\u00e7\u00e3o para<br \/>\nadequ\u00e1-la ao brilho simb\u00f3lico. (&#8230;) Nenhum governo que queira<br \/>\ncensurar seus dissidentes dir\u00e1 que quer censurar seus<br \/>\ndissidentes: \u00e9 preciso inventar um pretexto mais comovente\u201d.<br \/>\nA Liberdade de Express\u00e3o existe para proteger o discurso dissidente,<br \/>\ne impedir que o pensamento hegem\u00f4nico ou apenas defendido por algum<br \/>\nregime de poder o abafe. Conceder ao Estado o poder de definir o que pode<br \/>\nou n\u00e3o ser dito \u00e9 uma abertura fatal para o totalitarismo, pois nunca ser\u00e1<br \/>\nposs\u00edvel saber onde esses \u201climites\u201d ir\u00e3o parar. \u201c\u00c9 f\u00e1cil tolerar a censura<br \/>\n3<br \/>\nquando ela atinge os nossos advers\u00e1rios\u201d .<br \/>\nNa Venezuela, Pa\u00eds vizinho j\u00e1 not\u00f3rio pelas investidas totalit\u00e1rias de<br \/>\num governo internacionalmente reconhecido como ileg\u00edtimo, foi aprovada, em<br \/>\n2017, a chamada \u201cLei Constitucional contra o \u00d3dio\u201d, que permite o<br \/>\nfechamento de meios de comunica\u00e7\u00e3o e prev\u00ea pena de at\u00e9 20 anos de pris\u00e3o<br \/>\npara quem \u201cincitar ao \u00f3dio, \u00e0 discrimina\u00e7\u00e3o ou \u00e0 viol\u00eancia em determinado<br \/>\ngrupo social ou pol\u00edtica\u201d. A inten\u00e7\u00e3o declarada da lei foi \u201cfrear a campanha de<br \/>\n\u00f3dio e viol\u00eancia promovida por setores extremistas da oposi\u00e7\u00e3o venezuelana<br \/>\ne buscar o reencontro, a reunifica\u00e7\u00e3o e a harmonia e a paz do povo\u201d.<br \/>\nInfelizmente, \u00e9 imposs\u00edvel n\u00e3o notar as coincid\u00eancias entre essa iniciativa<br \/>\nocorrida na Venezuela e a insist\u00eancia do Governo Federal, e do STF em<br \/>\n\u201cregular\u201d as redes sociais. A Venezuela \u00e9 reconhecidamente um Pa\u00eds com<br \/>\ngoverno ileg\u00edtimo e com criminaliza\u00e7\u00e3o da oposi\u00e7\u00e3o, conforme consta<br \/>\ninclusive de relat\u00f3rio da ONU, de 2019. Certamente n\u00e3o se pode admitir que<br \/>\no Brasil v\u00e1 pelo mesmo caminho.<br \/>\nNovamente utilizando as li\u00e7\u00f5es de Maultasch, \u201co princ\u00edpio da<br \/>\nLiberdade de Express\u00e3o obt\u00e9m sua for\u00e7a moral dessa aplica\u00e7\u00e3o geral e<br \/>\nirrestrita, dessa aplica\u00e7\u00e3o percebida como ison\u00f4mica e n\u00e3o-arbitr\u00e1ria: ele vale<br \/>\nigualmente para todos, independentemente de gostarmos ou n\u00e3o do uso que<br \/>\nse faz dele. Se ele valer para alguns tipos de discursos e n\u00e3o para outros,<br \/>\nperde-se a sua for\u00e7a moral de princ\u00edpio, e ele passa a ser visto como mera<br \/>\n4<br \/>\nferramenta de poder para silenciamento de advers\u00e1rios\u201d . A Liberdade de<br \/>\nExpress\u00e3o s\u00f3 pode existir sob uma justificativa deontol\u00f3gica, um fim em si<br \/>\nmesma, e n\u00e3o como algo instrumental. Trata-se de um direito natural,<br \/>\nprinc\u00edpio \u00e9tico aprior\u00edstico, que serve de base para a garantia dos demais<br \/>\ndireitos e liberdades. \u00c9 nesse sentido que, nos Estados Unidos da Am\u00e9rica, \u00e9<br \/>\ncomum dizer-se que a segunda emenda &#8211; que garante o direito a portar<br \/>\n3<br \/>\n MAULTASCH, Gustavo. Contra\u2026 pp. 25.<br \/>\n4<br \/>\n MAULTASCH, Gustavo. Contra\u2026 pp. 34-36.<br \/>\n24<br \/>\nPara verificar a assinatura, acesse https:\/\/infoleg-autenticidade-assinatura.camara.leg.br\/CD257235758400<br \/>\nAssinado eletronicamente pelo(a) Dep. Delegado Ramagem<br \/>\nApresenta\u00e7\u00e3o: 19\/08\/2025 16:19:29.267 &#8211; Mesa<br \/>\n*CD257235758400* PL n.4091\/2025<br \/>armas &#8211; serve para garantir a primeira &#8211; que cont\u00e9m a liberdade de<br \/>\nexpress\u00e3o.<br \/>\nSomente a compreens\u00e3o da Liberdade de Express\u00e3o como um<br \/>\nprinc\u00edpio deontol\u00f3gico evita o arb\u00edtrio, que pode ser estatal ou privado. Em<br \/>\nrealidade, o Estado deveria era proteger as pessoas comuns de eventuais<br \/>\nabusos de censura por parte das plataformas, mas o que vemos,<br \/>\ninfelizmente, \u00e9 o Estado defendendo a censura. E \u00e9 sempre bom lembrar que<br \/>\nas rela\u00e7\u00f5es de poder s\u00e3o transit\u00f3rias, ao menos em uma Rep\u00fablica<br \/>\ndemocr\u00e1tica real, e n\u00e3o apenas de nome. Nesse sentido, vale suscitar<br \/>\npublica\u00e7\u00e3o do deputado federal Andr\u00e9 Janones, de 21 de janeiro de 2025, em<br \/>\nque informa que a Meta estava excluindo conte\u00fados de contas de esquerda<br \/>\nque imputam nazismo a Elon Musk, em raz\u00e3o de mais uma narrativa do tipo<br \/>\n5<br \/>\n\u201ctudo o que eu n\u00e3o gosto \u00e9 nazismo\u201d . Ora, se a defesa for pela censura, em<br \/>\nespecial aquela determinada &#8211; direta ou indiretamente pelo governo &#8211; todos<br \/>\nser\u00e3o v\u00edtimas dela, mesmo que num primeiro momento se regozijem com o<br \/>\nsilenciar dos advers\u00e1rios.<br \/>\nS\u00e3o in\u00fameros os casos de legisla\u00e7\u00f5es que acabaram sendo aplicadas<br \/>\nprecisamente contra a minoria que supostamente pretendiam proteger. \u201cPor<br \/>\nexemplo, a primeira pessoa condenada com base numa lei brit\u00e2nica de 1965<br \/>\n&#8211; British Race Relations Act, promulgada para aplacar o racismo contra<br \/>\n6<br \/>\nminorias &#8211; foi um cidad\u00e3o negro, por ter xingado um policial branco\u201d .<br \/>\nA \u201cmodernidade\u201d da censura tem foco nas redes sociais, porque elas<br \/>\nextinguiram o monop\u00f3lio da m\u00eddia tradicional sobre a difus\u00e3o de informa\u00e7\u00f5es.<br \/>\nAgora, \u00e9 poss\u00edvel buscar fontes diretas, e o discurso n\u00e3o fica mais restrito a<br \/>\nve\u00edculos de m\u00eddia tradicionais, e que hist\u00f3rica e sabidamente manipulam a<br \/>\ninforma\u00e7\u00e3o em dire\u00e7\u00e3o \u00e0quilo que o ve\u00edculo, e quem o custeia, querem que<br \/>\nseja a \u201cverdade\u201d. E no Brasil os ve\u00edculos de m\u00eddia s\u00e3o substancialmente<br \/>\npagos pelo Governo, especialmente o Governo Federal, mas tamb\u00e9m os<br \/>\ngovernos estaduais e municipais. E ainda importa lembrar que a coloniza\u00e7\u00e3o<br \/>\ndo pensamento universit\u00e1rio gera o dado de levantamento recente no sentido<br \/>\nde que 80% dos jornalistas profissionais se posicionam \u00e0 esquerda do<br \/>\n7<br \/>\nespectro pol\u00edtico, e apenas 4% se posicionam \u00e0 direita .<br \/>\nAs redes sociais rivalizam, ganham protagonismo na circula\u00e7\u00e3o da<br \/>\ninforma\u00e7\u00e3o por fonte direta e, com isso, fragilizam esse monop\u00f3lio da<br \/>\ninforma\u00e7\u00e3o pela m\u00eddia tradicional, e essa \u00e9 a raz\u00e3o maior do \u00edmpeto de<br \/>\ncensura estatal. Busca-se aqui o equil\u00edbrio necess\u00e1rio, que resguarde e<br \/>\namplie a liberdade de express\u00e3o, embora garanta a responsabiliza\u00e7\u00e3o nos<br \/>\ncasos realmente necess\u00e1rios.<br \/>\n5<br \/>\n https:\/\/x.com\/andrejanonesadv\/status\/1881726225603059776?s=46.<br \/>\n6<br \/>\n MAULTASCH, Gustavo. Contra\u2026 pp. 39.<br \/>\n7<br \/>\n https:\/\/www.gazetadopovo.com.br\/ideias\/estudo-mostra-que-80-dos-jornalistas-brasileiros-sao-de-esquerda-<br \/>\nentenda\/.<br \/>\n25<br \/>\nPara verificar a assinatura, acesse https:\/\/infoleg-autenticidade-assinatura.camara.leg.br\/CD257235758400<br \/>\nAssinado eletronicamente pelo(a) Dep. Delegado Ramagem<br \/>\nApresenta\u00e7\u00e3o: 19\/08\/2025 16:19:29.267 &#8211; Mesa<br \/>\n*CD257235758400* PL n.4091\/2025<br \/>Vale salientar que ficam vedadas interpreta\u00e7\u00f5es da Lei que mitiguem<br \/>\na liberdade de express\u00e3o. Igualmente, veda-se a pena perp\u00e9tua de exclus\u00e3o<br \/>\nde perfis, permitindo-se t\u00e3o-somente a suspens\u00e3o, com prazo m\u00e1ximo<br \/>\ndeterminado, e desde que haja infra\u00e7\u00e3o reiterada e documentada. A exclus\u00e3o<br \/>\nde conte\u00fados tamb\u00e9m fica sujeita a regras claras, com obriga\u00e7\u00e3o de substituir<br \/>\no conte\u00fado exclu\u00eddo pela decis\u00e3o de exclus\u00e3o, de modo que as pessoas<br \/>\nsaibam que ali havia algo que foi exclu\u00eddo nos termos da Lei.<br \/>\nNo caso de crian\u00e7as e adolescentes, aplica-se o princ\u00edpio da prote\u00e7\u00e3o<br \/>\nintegral, mas sem sacrif\u00edcio da liberdade de express\u00e3o, da privacidade e da<br \/>\nneutralidade tecnol\u00f3gica. Conforme justifica\u00e7\u00e3o contida no PL 3889\/2025,<br \/>\napresentado pelo Deputado Nikolas Ferreira e do qual sou signat\u00e1rio, \u201cEsse<br \/>\nequil\u00edbrio \u00e9 indispens\u00e1vel porque a liberdade de express\u00e3o \u00e9 um direito de<br \/>\ntodos, especialmente das crian\u00e7as e adolescentes, que t\u00eam o direito de<br \/>\ncrescer e participar de uma sociedade sem censura. Com esse intuito, a<br \/>\nproposta \u00e9 que seja assegurado devido processo e mecanismos de recurso,<br \/>\nal\u00e9m de se exigir decis\u00f5es fundamentadas para a exclus\u00e3o de conte\u00fado. Isso<br \/>\nevita remo\u00e7\u00f5es arbitr\u00e1rias, discricion\u00e1rias ou mal intencionadas. O projeto<br \/>\ntamb\u00e9m veda a cria\u00e7\u00e3o de obriga\u00e7\u00f5es restritivas por ato infralegal, refor\u00e7ando<br \/>\na reserva legal em mat\u00e9ria de  liberdade de express\u00e3o. Por fim, s\u00e3o<br \/>\nfortalecidos fluxos de coopera\u00e7\u00e3o e estabelecida hip\u00f3tese de<br \/>\nresponsabiliza\u00e7\u00e3o penal para coibir condutas graves. A iniciativa harmoniza<br \/>\ndois relevantes princ\u00edpios constitucionais: a prote\u00e7\u00e3o integral \u00e0 inf\u00e2ncia (art.<br \/>\n227) e a liberdade de express\u00e3o e veda\u00e7\u00e3o \u00e0 censura (art. 220). Consiste,<br \/>\nportanto, em uma resposta necess\u00e1ria, proporcional, cuidadosa, e<br \/>\nobsequiosa de nosso ordenamento jur\u00eddico, que protege sem silenciar\u201d.<br \/>\nPelo exposto, pedimos o apoio dos Deputados para a aprova\u00e7\u00e3o<br \/>\ndeste Projeto de Lei.<br \/>\nSala das Sess\u00f5es,<br \/>\nDELEGADO RAMAGEM<br \/>\nDeputado Federal<br \/>\nPL-RJ<br \/>\n26<br \/>\nPara verificar a assinatura, acesse https:\/\/infoleg-autenticidade-assinatura.camara.leg.br\/CD257235758400<br \/>\nAssinado eletronicamente pelo(a) Dep. Delegado Ramagem<br \/>\nApresenta\u00e7\u00e3o: 19\/08\/2025 16:19:29.267 &#8211; Mesa<br \/>\n*CD257235758400* PL n.4091\/2025<\/article>\n<p><a href='https:\/\/app.legislapp.com.br\/#\/busca?termo=Altera\u00e7\u00e3o'>Altera\u00e7\u00e3o<\/a>, <a href='https:\/\/app.legislapp.com.br\/#\/busca?termo=Marco Civil da Internet (2014)'>Marco Civil da Internet (2014)<\/a>, <a href='https:\/\/app.legislapp.com.br\/#\/busca?termo=regula\u00e7\u00e3o'>regula\u00e7\u00e3o<\/a>, <a href='https:\/\/app.legislapp.com.br\/#\/busca?termo=direitos'>direitos<\/a>, <a href='https:\/\/app.legislapp.com.br\/#\/busca?termo=usu\u00e1rio'>usu\u00e1rio<\/a>, <a href='https:\/\/app.legislapp.com.br\/#\/busca?termo=rede social. _ Crit\u00e9rio'>rede social. _ Crit\u00e9rio<\/a>, <a href='https:\/\/app.legislapp.com.br\/#\/busca?termo=exclus\u00e3o'>exclus\u00e3o<\/a>, <a href='https:\/\/app.legislapp.com.br\/#\/busca?termo=suspens\u00e3o'>suspens\u00e3o<\/a>, <a href='https:\/\/app.legislapp.com.br\/#\/busca?termo=conta de usu\u00e1rio'>conta de usu\u00e1rio<\/a>, <a href='https:\/\/app.legislapp.com.br\/#\/busca?termo=Remo\u00e7\u00e3o de conte\u00fado'>Remo\u00e7\u00e3o de conte\u00fado<\/a>, <a href='https:\/\/app.legislapp.com.br\/#\/busca?termo=perfil de usu\u00e1rio'>perfil de usu\u00e1rio<\/a>, <a href='https:\/\/app.legislapp.com.br\/#\/busca?termo=Liberdade de express\u00e3o. _ Altera\u00e7\u00e3o'>Liberdade de express\u00e3o. _ Altera\u00e7\u00e3o<\/a>, <a href='https:\/\/app.legislapp.com.br\/#\/busca?termo=Estatuto da Crian\u00e7a e do Adolescente (ECA) (1990)'>Estatuto da Crian\u00e7a e do Adolescente (ECA) (1990)<\/a>, <a href='https:\/\/app.legislapp.com.br\/#\/busca?termo=crime contra a crian\u00e7a e o adolescente'>crime contra a crian\u00e7a e o adolescente<\/a>, <a href='https:\/\/app.legislapp.com.br\/#\/busca?termo=conte\u00fado digital'>conte\u00fado digital<\/a>, <a href='https:\/\/app.legislapp.com.br\/#\/busca?termo=sexualiza\u00e7\u00e3o precoce'>sexualiza\u00e7\u00e3o precoce<\/a>, <a href='https:\/\/app.legislapp.com.br\/#\/busca?termo=adultiza\u00e7\u00e3o'>adultiza\u00e7\u00e3o<\/a>, <a href='https:\/\/app.legislapp.com.br\/#\/busca?termo=menor de idade. _ Altera\u00e7\u00e3o'>menor de idade. _ Altera\u00e7\u00e3o<\/a>, <a href='https:\/\/app.legislapp.com.br\/#\/busca?termo=C\u00f3digo Civil (2002)'>C\u00f3digo Civil (2002)<\/a>, <a href='https:\/\/app.legislapp.com.br\/#\/busca?termo=inaplica\u00e7\u00e3o'>inaplica\u00e7\u00e3o<\/a>, <a href='https:\/\/app.legislapp.com.br\/#\/busca?termo=responsabilidade civil'>responsabilidade civil<\/a>, <a href='https:\/\/app.legislapp.com.br\/#\/busca?termo=Repara\u00e7\u00e3o do dano'>Repara\u00e7\u00e3o do dano<\/a>, <a href='https:\/\/app.legislapp.com.br\/#\/busca?termo=Aplica\u00e7\u00e3o de internet'>Aplica\u00e7\u00e3o de internet<\/a>, <a href='https:\/\/app.legislapp.com.br\/#\/busca?termo=Ato il\u00edcito'>Ato il\u00edcito<\/a>, <a href='https:\/\/app.legislapp.com.br\/#\/busca?termo=conte\u00fado de usu\u00e1rio.'>conte\u00fado de usu\u00e1rio.<\/a><\/p>\n<div style=\"text-align: center\">\n      <img decoding=\"async\" style=\"width: 14%;\" src=\"https:\/\/www.legislapp.com.br\/wp-content\/uploads\/2021\/07\/Logo-Legislapp-1-03-1.png\"><br \/>\n      <\/p>\n<div style=\"margin-bottom: 20px;\" class=\"et_pb_button_module_wrapper et_pb_button_5_tb_body_wrapper et_pb_button_alignment_center et_pb_module \">\n         <a class=\"et_pb_button et_pb_button_5_tb_body et_hover_enabled et_pb_bg_layout_dark\" style=\"width: 50%;background-color: black;\" href=\"https:\/\/app.legislapp.com.br\" target=\"_blank\" rel=\"noopener\">Visualizar completo na nossa plataforma (30 dias gr\u00e1tis)<\/a><\/p><\/div>\n<p>      <a href=\"https:\/\/play.google.com\/store\/apps\/details?id=br.com.legislapp\"><img decoding=\"async\" style=\"width: 15%; min-width: 130px;\" src=\"https:\/\/www.legislapp.com.br\/wp-content\/uploads\/google-play.png\"><\/a><br \/>\n      <a href=\"https:\/\/apps.apple.com\/us\/app\/legislapp\/id1568929859\"><img decoding=\"async\" style=\"width: 15%; min-width: 130px\" src=\"https:\/\/www.legislapp.com.br\/wp-content\/uploads\/apple-store.png\"><\/a>\n   <\/div>\n","protected":false},"excerpt":{"rendered":"<p>Avulso Inicial &#8211; Autoria de Delegado Ramagem PROJETO DE LEI N\u00ba , DE 2025 (Do Sr. Delegado Ramagem) Altera a Lei n\u00ba 12.965, de 23 de Abril de 2014 (Marco Civil da Internet), e d\u00e1 outras provid\u00eancias. O CONGRESSO NACIONAL decreta: Art. 1\u00ba A Lei n\u00ba 12.965, de 23 de abril de 2014, passa a [&hellip;]<\/p>\n","protected":false},"author":1,"featured_media":0,"parent":0,"menu_order":0,"comment_status":"closed","ping_status":"closed","template":"page-template-blank.php","meta":{"_et_pb_use_builder":"","_et_pb_old_content":"","_et_gb_content_width":"1080","ngg_post_thumbnail":0,"footnotes":""},"class_list":["post-10920","page","type-page","status-publish","hentry"],"yoast_head":"<!-- This site is optimized with the Yoast SEO plugin v24.4 - https:\/\/yoast.com\/wordpress\/plugins\/seo\/ -->\n<title>Avulso Inicial - PL 4091\/2025 - C\u00e2mara - Legislapp<\/title>\n<meta name=\"robots\" content=\"index, follow, max-snippet:-1, max-image-preview:large, max-video-preview:-1\" \/>\n<link rel=\"canonical\" href=\"https:\/\/www.legislapp.com.br\/index.php\/avulso-inicial-pl-4091-2025-camara\/\" \/>\n<meta property=\"og:locale\" content=\"pt_BR\" \/>\n<meta property=\"og:type\" content=\"article\" \/>\n<meta property=\"og:title\" content=\"Avulso Inicial - PL 4091\/2025 - C\u00e2mara - Legislapp\" \/>\n<meta property=\"og:description\" content=\"Avulso Inicial &#8211; Autoria de Delegado Ramagem PROJETO DE LEI N\u00ba , DE 2025 (Do Sr. Delegado Ramagem) Altera a Lei n\u00ba 12.965, de 23 de Abril de 2014 (Marco Civil da Internet), e d\u00e1 outras provid\u00eancias. O CONGRESSO NACIONAL decreta: Art. 1\u00ba A Lei n\u00ba 12.965, de 23 de abril de 2014, passa a [&hellip;]\" \/>\n<meta property=\"og:url\" content=\"https:\/\/www.legislapp.com.br\/index.php\/avulso-inicial-pl-4091-2025-camara\/\" \/>\n<meta property=\"og:site_name\" content=\"Legislapp\" \/>\n<meta property=\"article:publisher\" content=\"https:\/\/www.instagram.com\/legislapp\/\" \/>\n<meta property=\"og:image\" content=\"https:\/\/www.legislapp.com.br\/wp-content\/uploads\/2021\/07\/Logo-Legislapp-1-03-1.png\" \/>\n<meta name=\"twitter:card\" content=\"summary_large_image\" \/>\n<meta name=\"twitter:label1\" content=\"Est. tempo de leitura\" \/>\n\t<meta name=\"twitter:data1\" content=\"45 minutos\" \/>\n<script type=\"application\/ld+json\" class=\"yoast-schema-graph\">{\"@context\":\"https:\/\/schema.org\",\"@graph\":[{\"@type\":\"WebPage\",\"@id\":\"https:\/\/www.legislapp.com.br\/index.php\/avulso-inicial-pl-4091-2025-camara\/\",\"url\":\"https:\/\/www.legislapp.com.br\/index.php\/avulso-inicial-pl-4091-2025-camara\/\",\"name\":\"Avulso Inicial - PL 4091\/2025 - C\u00e2mara - Legislapp\",\"isPartOf\":{\"@id\":\"https:\/\/www.legislapp.com.br\/#website\"},\"primaryImageOfPage\":{\"@id\":\"https:\/\/www.legislapp.com.br\/index.php\/avulso-inicial-pl-4091-2025-camara\/#primaryimage\"},\"image\":{\"@id\":\"https:\/\/www.legislapp.com.br\/index.php\/avulso-inicial-pl-4091-2025-camara\/#primaryimage\"},\"thumbnailUrl\":\"https:\/\/www.legislapp.com.br\/wp-content\/uploads\/2021\/07\/Logo-Legislapp-1-03-1.png\",\"datePublished\":\"2025-12-01T14:46:13+00:00\",\"breadcrumb\":{\"@id\":\"https:\/\/www.legislapp.com.br\/index.php\/avulso-inicial-pl-4091-2025-camara\/#breadcrumb\"},\"inLanguage\":\"pt-BR\",\"potentialAction\":[{\"@type\":\"ReadAction\",\"target\":[\"https:\/\/www.legislapp.com.br\/index.php\/avulso-inicial-pl-4091-2025-camara\/\"]}]},{\"@type\":\"ImageObject\",\"inLanguage\":\"pt-BR\",\"@id\":\"https:\/\/www.legislapp.com.br\/index.php\/avulso-inicial-pl-4091-2025-camara\/#primaryimage\",\"url\":\"https:\/\/www.legislapp.com.br\/wp-content\/uploads\/2021\/07\/Logo-Legislapp-1-03-1.png\",\"contentUrl\":\"https:\/\/www.legislapp.com.br\/wp-content\/uploads\/2021\/07\/Logo-Legislapp-1-03-1.png\",\"width\":2679,\"height\":2697},{\"@type\":\"BreadcrumbList\",\"@id\":\"https:\/\/www.legislapp.com.br\/index.php\/avulso-inicial-pl-4091-2025-camara\/#breadcrumb\",\"itemListElement\":[{\"@type\":\"ListItem\",\"position\":1,\"name\":\"In\u00edcio\",\"item\":\"https:\/\/www.legislapp.com.br\/\"},{\"@type\":\"ListItem\",\"position\":2,\"name\":\"Avulso Inicial &#8211; PL 4091\/2025 &#8211; C\u00e2mara\"}]},{\"@type\":\"WebSite\",\"@id\":\"https:\/\/www.legislapp.com.br\/#website\",\"url\":\"https:\/\/www.legislapp.com.br\/\",\"name\":\"Legislapp\",\"description\":\"Intelig\u00eancia governamental em tempo real\",\"publisher\":{\"@id\":\"https:\/\/www.legislapp.com.br\/#organization\"},\"potentialAction\":[{\"@type\":\"SearchAction\",\"target\":{\"@type\":\"EntryPoint\",\"urlTemplate\":\"https:\/\/www.legislapp.com.br\/?s={search_term_string}\"},\"query-input\":{\"@type\":\"PropertyValueSpecification\",\"valueRequired\":true,\"valueName\":\"search_term_string\"}}],\"inLanguage\":\"pt-BR\"},{\"@type\":\"Organization\",\"@id\":\"https:\/\/www.legislapp.com.br\/#organization\",\"name\":\"Legislapp Monitoramento e Intelig\u00eancia Governamental\",\"url\":\"https:\/\/www.legislapp.com.br\/\",\"logo\":{\"@type\":\"ImageObject\",\"inLanguage\":\"pt-BR\",\"@id\":\"https:\/\/www.legislapp.com.br\/#\/schema\/logo\/image\/\",\"url\":\"https:\/\/www.legislapp.com.br\/wp-content\/uploads\/icon.png\",\"contentUrl\":\"https:\/\/www.legislapp.com.br\/wp-content\/uploads\/icon.png\",\"width\":1024,\"height\":1024,\"caption\":\"Legislapp Monitoramento e Intelig\u00eancia Governamental\"},\"image\":{\"@id\":\"https:\/\/www.legislapp.com.br\/#\/schema\/logo\/image\/\"},\"sameAs\":[\"https:\/\/www.instagram.com\/legislapp\/\"]}]}<\/script>\n<!-- \/ Yoast SEO plugin. -->","yoast_head_json":{"title":"Avulso Inicial - PL 4091\/2025 - C\u00e2mara - Legislapp","robots":{"index":"index","follow":"follow","max-snippet":"max-snippet:-1","max-image-preview":"max-image-preview:large","max-video-preview":"max-video-preview:-1"},"canonical":"https:\/\/www.legislapp.com.br\/index.php\/avulso-inicial-pl-4091-2025-camara\/","og_locale":"pt_BR","og_type":"article","og_title":"Avulso Inicial - PL 4091\/2025 - C\u00e2mara - Legislapp","og_description":"Avulso Inicial &#8211; Autoria de Delegado Ramagem PROJETO DE LEI N\u00ba , DE 2025 (Do Sr. Delegado Ramagem) Altera a Lei n\u00ba 12.965, de 23 de Abril de 2014 (Marco Civil da Internet), e d\u00e1 outras provid\u00eancias. O CONGRESSO NACIONAL decreta: Art. 1\u00ba A Lei n\u00ba 12.965, de 23 de abril de 2014, passa a [&hellip;]","og_url":"https:\/\/www.legislapp.com.br\/index.php\/avulso-inicial-pl-4091-2025-camara\/","og_site_name":"Legislapp","article_publisher":"https:\/\/www.instagram.com\/legislapp\/","og_image":[{"url":"https:\/\/www.legislapp.com.br\/wp-content\/uploads\/2021\/07\/Logo-Legislapp-1-03-1.png","type":"","width":"","height":""}],"twitter_card":"summary_large_image","twitter_misc":{"Est. tempo de leitura":"45 minutos"},"schema":{"@context":"https:\/\/schema.org","@graph":[{"@type":"WebPage","@id":"https:\/\/www.legislapp.com.br\/index.php\/avulso-inicial-pl-4091-2025-camara\/","url":"https:\/\/www.legislapp.com.br\/index.php\/avulso-inicial-pl-4091-2025-camara\/","name":"Avulso Inicial - PL 4091\/2025 - C\u00e2mara - Legislapp","isPartOf":{"@id":"https:\/\/www.legislapp.com.br\/#website"},"primaryImageOfPage":{"@id":"https:\/\/www.legislapp.com.br\/index.php\/avulso-inicial-pl-4091-2025-camara\/#primaryimage"},"image":{"@id":"https:\/\/www.legislapp.com.br\/index.php\/avulso-inicial-pl-4091-2025-camara\/#primaryimage"},"thumbnailUrl":"https:\/\/www.legislapp.com.br\/wp-content\/uploads\/2021\/07\/Logo-Legislapp-1-03-1.png","datePublished":"2025-12-01T14:46:13+00:00","breadcrumb":{"@id":"https:\/\/www.legislapp.com.br\/index.php\/avulso-inicial-pl-4091-2025-camara\/#breadcrumb"},"inLanguage":"pt-BR","potentialAction":[{"@type":"ReadAction","target":["https:\/\/www.legislapp.com.br\/index.php\/avulso-inicial-pl-4091-2025-camara\/"]}]},{"@type":"ImageObject","inLanguage":"pt-BR","@id":"https:\/\/www.legislapp.com.br\/index.php\/avulso-inicial-pl-4091-2025-camara\/#primaryimage","url":"https:\/\/www.legislapp.com.br\/wp-content\/uploads\/2021\/07\/Logo-Legislapp-1-03-1.png","contentUrl":"https:\/\/www.legislapp.com.br\/wp-content\/uploads\/2021\/07\/Logo-Legislapp-1-03-1.png","width":2679,"height":2697},{"@type":"BreadcrumbList","@id":"https:\/\/www.legislapp.com.br\/index.php\/avulso-inicial-pl-4091-2025-camara\/#breadcrumb","itemListElement":[{"@type":"ListItem","position":1,"name":"In\u00edcio","item":"https:\/\/www.legislapp.com.br\/"},{"@type":"ListItem","position":2,"name":"Avulso Inicial &#8211; PL 4091\/2025 &#8211; C\u00e2mara"}]},{"@type":"WebSite","@id":"https:\/\/www.legislapp.com.br\/#website","url":"https:\/\/www.legislapp.com.br\/","name":"Legislapp","description":"Intelig\u00eancia governamental em tempo real","publisher":{"@id":"https:\/\/www.legislapp.com.br\/#organization"},"potentialAction":[{"@type":"SearchAction","target":{"@type":"EntryPoint","urlTemplate":"https:\/\/www.legislapp.com.br\/?s={search_term_string}"},"query-input":{"@type":"PropertyValueSpecification","valueRequired":true,"valueName":"search_term_string"}}],"inLanguage":"pt-BR"},{"@type":"Organization","@id":"https:\/\/www.legislapp.com.br\/#organization","name":"Legislapp Monitoramento e Intelig\u00eancia Governamental","url":"https:\/\/www.legislapp.com.br\/","logo":{"@type":"ImageObject","inLanguage":"pt-BR","@id":"https:\/\/www.legislapp.com.br\/#\/schema\/logo\/image\/","url":"https:\/\/www.legislapp.com.br\/wp-content\/uploads\/icon.png","contentUrl":"https:\/\/www.legislapp.com.br\/wp-content\/uploads\/icon.png","width":1024,"height":1024,"caption":"Legislapp Monitoramento e Intelig\u00eancia Governamental"},"image":{"@id":"https:\/\/www.legislapp.com.br\/#\/schema\/logo\/image\/"},"sameAs":["https:\/\/www.instagram.com\/legislapp\/"]}]}},"_links":{"self":[{"href":"https:\/\/www.legislapp.com.br\/index.php\/wp-json\/wp\/v2\/pages\/10920","targetHints":{"allow":["GET"]}}],"collection":[{"href":"https:\/\/www.legislapp.com.br\/index.php\/wp-json\/wp\/v2\/pages"}],"about":[{"href":"https:\/\/www.legislapp.com.br\/index.php\/wp-json\/wp\/v2\/types\/page"}],"author":[{"embeddable":true,"href":"https:\/\/www.legislapp.com.br\/index.php\/wp-json\/wp\/v2\/users\/1"}],"replies":[{"embeddable":true,"href":"https:\/\/www.legislapp.com.br\/index.php\/wp-json\/wp\/v2\/comments?post=10920"}],"version-history":[{"count":0,"href":"https:\/\/www.legislapp.com.br\/index.php\/wp-json\/wp\/v2\/pages\/10920\/revisions"}],"wp:attachment":[{"href":"https:\/\/www.legislapp.com.br\/index.php\/wp-json\/wp\/v2\/media?parent=10920"}],"curies":[{"name":"wp","href":"https:\/\/api.w.org\/{rel}","templated":true}]}}