{"id":11122,"date":"2026-01-19T11:31:51","date_gmt":"2026-01-19T14:31:51","guid":{"rendered":"https:\/\/www.legislapp.com.br\/index.php\/cam-legislativa-de-mg-pl-4661-2025\/"},"modified":"2026-01-19T11:31:51","modified_gmt":"2026-01-19T14:31:51","slug":"cam-legislativa-de-mg-pl-4661-2025","status":"publish","type":"page","link":"https:\/\/www.legislapp.com.br\/index.php\/cam-legislativa-de-mg-pl-4661-2025\/","title":{"rendered":"PL 4661\/2025 &#8211; Deputados"},"content":{"rendered":"<h1 style='text-align: center;'>C\u00e2m. Legislativa de MG &#8211; Autoria de Deputados<\/h3>\n<p><\/p>\n<article style='text-align: center'>Declara de utilidade p\u00fablica o Instituto Constru\u00e7\u00f5es e Montagens de<br \/>\nProjetos para Trabalhadores &#8211; ICMPT -, com sede no Munic\u00edpio de<br \/>\nConselheiro Lafaiete.<\/article>\n<p><\/p>\n<p style='text-align: center'><a href='https:\/\/app.legislapp.com.br\/#\/busca?termo='><\/a><\/p>\n<p><\/p>\n<article>Declara de utilidade p\u00fablica o Instituto Constru\u00e7\u00f5es e Montagens de Projetos para Trabalhadores \u2013 ICMPT \u2013, com sede no Munic\u00edpio de Conselheiro Lafaiete.<br \/>\nA Assembleia Legislativa do Estado de Minas Gerais decreta:<br \/>\nArt. 1\u00ba \u2013 Fica declarado de utilidade p\u00fablica o Instituto Constru\u00e7\u00f5es e Montagens de Projetos para Trabalhadores \u2013 ICMPT \u2013, com sede no Munic\u00edpio de Conselheiro Lafaiete.<br \/>\nArt. 2\u00ba \u2013 Esta lei entra em vigor na data de sua publica\u00e7\u00e3o.<br \/>\nSala das Reuni\u00f5es, 21 de outubro de 2025.<br \/>\nLeleco Pimentel (PT), presidente da Comiss\u00e3o Extraordin\u00e1ria de Defesa da Habita\u00e7\u00e3o e da Reforma Urbana, presidente da Cipe Rio Doce, respons\u00e1vel da Frente Parlamentar em Defesa da Agroecologia, Agricultura Familiar, Soberania e Seguran\u00e7a Alimentar e Nutricional e vice-presidente da Comiss\u00e3o de Assuntos Municipais e Regionaliza\u00e7\u00e3o.<br \/>\nJustifica\u00e7\u00e3o: O Instituto Constru\u00e7\u00f5es e Montagens de Projetos para Trabalhadores \u2013 ICMPT \u2013 \u00e9 uma entidade sem fins lucrativos que tem como finalidade a promo\u00e7\u00e3o do bem-estar social e da qualidade de vida do trabalhador e seus dependentes. Seu trabalho abrange um vasto leque de a\u00e7\u00f5es nas \u00e1reas de assist\u00eancia social, educa\u00e7\u00e3o, esporte, cultura, sa\u00fade, inclus\u00e3o produtiva, prote\u00e7\u00e3o ao trabalhador, capacita\u00e7\u00e3o profissional e inclus\u00e3o de pessoas com defici\u00eancia. Com sede no munic\u00edpio de Conselheiro Lafaiete, o ICMPT atua de forma direta e indireta na elabora\u00e7\u00e3o e execu\u00e7\u00e3o de projetos que visam \u00e0 forma\u00e7\u00e3o cidad\u00e3, \u00e0 gera\u00e7\u00e3o de renda, \u00e0 inclus\u00e3o social e \u00e0 defesa de direitos humanos, com aten\u00e7\u00e3o especial aos grupos em situa\u00e7\u00e3o de vulnerabilidade.\u00a0<br \/>\nA entidade presta servi\u00e7os como alfabetiza\u00e7\u00e3o de adultos, cursos profissionalizantes, oficinas culturais, atividades esportivas, apoio a jovens aprendizes, distribui\u00e7\u00e3o de cestas b\u00e1sicas, a\u00e7\u00f5es de sa\u00fade preventiva e apoio \u00e0 popula\u00e7\u00e3o com defici\u00eancia, entre outros. O Instituto tamb\u00e9m mant\u00e9m parcerias com \u00f3rg\u00e3os p\u00fablicos e privados, sendo reconhecido pelo comprometimento com os princ\u00edpios da legalidade, impessoalidade, moralidade, publicidade, economicidade, efici\u00eancia e inclus\u00e3o social. A abrang\u00eancia de suas atividades contribui de forma significativa para o desenvolvimento social local e o fortalecimento dos la\u00e7os comunit\u00e1rios.<br \/>\n\u2013 Publicado, vai o projeto \u00e0s Comiss\u00f5es de Justi\u00e7a, para exame preliminar, e do Trabalho, para delibera\u00e7\u00e3o, nos termos do art. 188, c\/c o art. 103, inciso I, do Regimento Interno.<\/article>\n<div style=\"text-align: center\">\n<div style=\"margin-bottom: 20px;\" class=\"et_pb_button_module_wrapper et_pb_button_5_tb_body_wrapper et_pb_button_alignment_center et_pb_module \">\n         <a class=\"et_pb_button et_pb_button_5_tb_body et_hover_enabled et_pb_bg_layout_dark\" style=\"width: 50%;background-color: black;\" href=\"https:\/\/app.legislapp.com.br\" target=\"_blank\" rel=\"noopener\">Visualizar completo na nossa plataforma (30 dias gr\u00e1tis)<\/a><\/p><\/div>\n<p>      <a href=\"https:\/\/play.google.com\/store\/apps\/details?id=br.com.legislapp\"><img decoding=\"async\" style=\"width: 15%; min-width: 130px;\" src=\"https:\/\/www.legislapp.com.br\/wp-content\/uploads\/google-play.png\"><\/a><br \/>\n      <a href=\"https:\/\/apps.apple.com\/us\/app\/legislapp\/id1568929859\"><img decoding=\"async\" style=\"width: 15%; min-width: 130px\" src=\"https:\/\/www.legislapp.com.br\/wp-content\/uploads\/apple-store.png\"><\/a>\n   <\/div>\n","protected":false},"excerpt":{"rendered":"<p>C\u00e2m. Legislativa de MG &#8211; Autoria de Deputados Declara de utilidade p\u00fablica o Instituto Constru\u00e7\u00f5es e Montagens de Projetos para Trabalhadores &#8211; ICMPT -, com sede no Munic\u00edpio de Conselheiro Lafaiete. Declara de utilidade p\u00fablica o Instituto Constru\u00e7\u00f5es e Montagens de Projetos para Trabalhadores \u2013 ICMPT \u2013, com sede no Munic\u00edpio de Conselheiro Lafaiete. A [&hellip;]<\/p>\n","protected":false},"author":1,"featured_media":0,"parent":0,"menu_order":0,"comment_status":"closed","ping_status":"closed","template":"page-template-blank.php","meta":{"_et_pb_use_builder":"","_et_pb_old_content":"","_et_gb_content_width":"1080","ngg_post_thumbnail":0,"footnotes":""},"class_list":["post-11122","page","type-page","status-publish","hentry"],"yoast_head":"<!-- This site is optimized with the Yoast SEO plugin v24.4 - https:\/\/yoast.com\/wordpress\/plugins\/seo\/ -->\n<title>PL 4661\/2025 - Deputados - Legislapp<\/title>\n<meta name=\"robots\" content=\"index, follow, max-snippet:-1, max-image-preview:large, max-video-preview:-1\" \/>\n<link rel=\"canonical\" href=\"https:\/\/www.legislapp.com.br\/index.php\/cam-legislativa-de-mg-pl-4661-2025\/\" \/>\n<meta property=\"og:locale\" content=\"pt_BR\" \/>\n<meta property=\"og:type\" content=\"article\" \/>\n<meta property=\"og:title\" content=\"PL 4661\/2025 - Deputados - Legislapp\" \/>\n<meta property=\"og:description\" content=\"C\u00e2m. Legislativa de MG &#8211; Autoria de Deputados Declara de utilidade p\u00fablica o Instituto Constru\u00e7\u00f5es e Montagens de Projetos para Trabalhadores &#8211; ICMPT -, com sede no Munic\u00edpio de Conselheiro Lafaiete. Declara de utilidade p\u00fablica o Instituto Constru\u00e7\u00f5es e Montagens de Projetos para Trabalhadores \u2013 ICMPT \u2013, com sede no Munic\u00edpio de Conselheiro Lafaiete. A [&hellip;]\" \/>\n<meta property=\"og:url\" content=\"https:\/\/www.legislapp.com.br\/index.php\/cam-legislativa-de-mg-pl-4661-2025\/\" \/>\n<meta property=\"og:site_name\" content=\"Legislapp\" \/>\n<meta property=\"article:publisher\" content=\"https:\/\/www.instagram.com\/legislapp\/\" \/>\n<meta property=\"og:image\" content=\"https:\/\/www.legislapp.com.br\/wp-content\/uploads\/google-play.png\" \/>\n<meta name=\"twitter:card\" content=\"summary_large_image\" \/>\n<meta name=\"twitter:label1\" content=\"Est. tempo de leitura\" \/>\n\t<meta name=\"twitter:data1\" content=\"2 minutos\" \/>\n<script type=\"application\/ld+json\" class=\"yoast-schema-graph\">{\"@context\":\"https:\/\/schema.org\",\"@graph\":[{\"@type\":\"WebPage\",\"@id\":\"https:\/\/www.legislapp.com.br\/index.php\/cam-legislativa-de-mg-pl-4661-2025\/\",\"url\":\"https:\/\/www.legislapp.com.br\/index.php\/cam-legislativa-de-mg-pl-4661-2025\/\",\"name\":\"PL 4661\/2025 - Deputados - Legislapp\",\"isPartOf\":{\"@id\":\"https:\/\/www.legislapp.com.br\/#website\"},\"primaryImageOfPage\":{\"@id\":\"https:\/\/www.legislapp.com.br\/index.php\/cam-legislativa-de-mg-pl-4661-2025\/#primaryimage\"},\"image\":{\"@id\":\"https:\/\/www.legislapp.com.br\/index.php\/cam-legislativa-de-mg-pl-4661-2025\/#primaryimage\"},\"thumbnailUrl\":\"https:\/\/www.legislapp.com.br\/wp-content\/uploads\/google-play.png\",\"datePublished\":\"2026-01-19T14:31:51+00:00\",\"breadcrumb\":{\"@id\":\"https:\/\/www.legislapp.com.br\/index.php\/cam-legislativa-de-mg-pl-4661-2025\/#breadcrumb\"},\"inLanguage\":\"pt-BR\",\"potentialAction\":[{\"@type\":\"ReadAction\",\"target\":[\"https:\/\/www.legislapp.com.br\/index.php\/cam-legislativa-de-mg-pl-4661-2025\/\"]}]},{\"@type\":\"ImageObject\",\"inLanguage\":\"pt-BR\",\"@id\":\"https:\/\/www.legislapp.com.br\/index.php\/cam-legislativa-de-mg-pl-4661-2025\/#primaryimage\",\"url\":\"https:\/\/www.legislapp.com.br\/wp-content\/uploads\/google-play.png\",\"contentUrl\":\"https:\/\/www.legislapp.com.br\/wp-content\/uploads\/google-play.png\",\"width\":564,\"height\":168},{\"@type\":\"BreadcrumbList\",\"@id\":\"https:\/\/www.legislapp.com.br\/index.php\/cam-legislativa-de-mg-pl-4661-2025\/#breadcrumb\",\"itemListElement\":[{\"@type\":\"ListItem\",\"position\":1,\"name\":\"In\u00edcio\",\"item\":\"https:\/\/www.legislapp.com.br\/\"},{\"@type\":\"ListItem\",\"position\":2,\"name\":\"PL 4661\/2025 &#8211; Deputados\"}]},{\"@type\":\"WebSite\",\"@id\":\"https:\/\/www.legislapp.com.br\/#website\",\"url\":\"https:\/\/www.legislapp.com.br\/\",\"name\":\"Legislapp\",\"description\":\"Intelig\u00eancia governamental em tempo real\",\"publisher\":{\"@id\":\"https:\/\/www.legislapp.com.br\/#organization\"},\"potentialAction\":[{\"@type\":\"SearchAction\",\"target\":{\"@type\":\"EntryPoint\",\"urlTemplate\":\"https:\/\/www.legislapp.com.br\/?s={search_term_string}\"},\"query-input\":{\"@type\":\"PropertyValueSpecification\",\"valueRequired\":true,\"valueName\":\"search_term_string\"}}],\"inLanguage\":\"pt-BR\"},{\"@type\":\"Organization\",\"@id\":\"https:\/\/www.legislapp.com.br\/#organization\",\"name\":\"Legislapp Monitoramento e Intelig\u00eancia Governamental\",\"url\":\"https:\/\/www.legislapp.com.br\/\",\"logo\":{\"@type\":\"ImageObject\",\"inLanguage\":\"pt-BR\",\"@id\":\"https:\/\/www.legislapp.com.br\/#\/schema\/logo\/image\/\",\"url\":\"https:\/\/www.legislapp.com.br\/wp-content\/uploads\/icon.png\",\"contentUrl\":\"https:\/\/www.legislapp.com.br\/wp-content\/uploads\/icon.png\",\"width\":1024,\"height\":1024,\"caption\":\"Legislapp Monitoramento e Intelig\u00eancia Governamental\"},\"image\":{\"@id\":\"https:\/\/www.legislapp.com.br\/#\/schema\/logo\/image\/\"},\"sameAs\":[\"https:\/\/www.instagram.com\/legislapp\/\"]}]}<\/script>\n<!-- \/ Yoast SEO plugin. -->","yoast_head_json":{"title":"PL 4661\/2025 - Deputados - Legislapp","robots":{"index":"index","follow":"follow","max-snippet":"max-snippet:-1","max-image-preview":"max-image-preview:large","max-video-preview":"max-video-preview:-1"},"canonical":"https:\/\/www.legislapp.com.br\/index.php\/cam-legislativa-de-mg-pl-4661-2025\/","og_locale":"pt_BR","og_type":"article","og_title":"PL 4661\/2025 - Deputados - Legislapp","og_description":"C\u00e2m. Legislativa de MG &#8211; Autoria de Deputados Declara de utilidade p\u00fablica o Instituto Constru\u00e7\u00f5es e Montagens de Projetos para Trabalhadores &#8211; ICMPT -, com sede no Munic\u00edpio de Conselheiro Lafaiete. Declara de utilidade p\u00fablica o Instituto Constru\u00e7\u00f5es e Montagens de Projetos para Trabalhadores \u2013 ICMPT \u2013, com sede no Munic\u00edpio de Conselheiro Lafaiete. A [&hellip;]","og_url":"https:\/\/www.legislapp.com.br\/index.php\/cam-legislativa-de-mg-pl-4661-2025\/","og_site_name":"Legislapp","article_publisher":"https:\/\/www.instagram.com\/legislapp\/","og_image":[{"url":"https:\/\/www.legislapp.com.br\/wp-content\/uploads\/google-play.png","type":"","width":"","height":""}],"twitter_card":"summary_large_image","twitter_misc":{"Est. tempo de leitura":"2 minutos"},"schema":{"@context":"https:\/\/schema.org","@graph":[{"@type":"WebPage","@id":"https:\/\/www.legislapp.com.br\/index.php\/cam-legislativa-de-mg-pl-4661-2025\/","url":"https:\/\/www.legislapp.com.br\/index.php\/cam-legislativa-de-mg-pl-4661-2025\/","name":"PL 4661\/2025 - Deputados - Legislapp","isPartOf":{"@id":"https:\/\/www.legislapp.com.br\/#website"},"primaryImageOfPage":{"@id":"https:\/\/www.legislapp.com.br\/index.php\/cam-legislativa-de-mg-pl-4661-2025\/#primaryimage"},"image":{"@id":"https:\/\/www.legislapp.com.br\/index.php\/cam-legislativa-de-mg-pl-4661-2025\/#primaryimage"},"thumbnailUrl":"https:\/\/www.legislapp.com.br\/wp-content\/uploads\/google-play.png","datePublished":"2026-01-19T14:31:51+00:00","breadcrumb":{"@id":"https:\/\/www.legislapp.com.br\/index.php\/cam-legislativa-de-mg-pl-4661-2025\/#breadcrumb"},"inLanguage":"pt-BR","potentialAction":[{"@type":"ReadAction","target":["https:\/\/www.legislapp.com.br\/index.php\/cam-legislativa-de-mg-pl-4661-2025\/"]}]},{"@type":"ImageObject","inLanguage":"pt-BR","@id":"https:\/\/www.legislapp.com.br\/index.php\/cam-legislativa-de-mg-pl-4661-2025\/#primaryimage","url":"https:\/\/www.legislapp.com.br\/wp-content\/uploads\/google-play.png","contentUrl":"https:\/\/www.legislapp.com.br\/wp-content\/uploads\/google-play.png","width":564,"height":168},{"@type":"BreadcrumbList","@id":"https:\/\/www.legislapp.com.br\/index.php\/cam-legislativa-de-mg-pl-4661-2025\/#breadcrumb","itemListElement":[{"@type":"ListItem","position":1,"name":"In\u00edcio","item":"https:\/\/www.legislapp.com.br\/"},{"@type":"ListItem","position":2,"name":"PL 4661\/2025 &#8211; Deputados"}]},{"@type":"WebSite","@id":"https:\/\/www.legislapp.com.br\/#website","url":"https:\/\/www.legislapp.com.br\/","name":"Legislapp","description":"Intelig\u00eancia governamental em tempo real","publisher":{"@id":"https:\/\/www.legislapp.com.br\/#organization"},"potentialAction":[{"@type":"SearchAction","target":{"@type":"EntryPoint","urlTemplate":"https:\/\/www.legislapp.com.br\/?s={search_term_string}"},"query-input":{"@type":"PropertyValueSpecification","valueRequired":true,"valueName":"search_term_string"}}],"inLanguage":"pt-BR"},{"@type":"Organization","@id":"https:\/\/www.legislapp.com.br\/#organization","name":"Legislapp Monitoramento e Intelig\u00eancia Governamental","url":"https:\/\/www.legislapp.com.br\/","logo":{"@type":"ImageObject","inLanguage":"pt-BR","@id":"https:\/\/www.legislapp.com.br\/#\/schema\/logo\/image\/","url":"https:\/\/www.legislapp.com.br\/wp-content\/uploads\/icon.png","contentUrl":"https:\/\/www.legislapp.com.br\/wp-content\/uploads\/icon.png","width":1024,"height":1024,"caption":"Legislapp Monitoramento e Intelig\u00eancia Governamental"},"image":{"@id":"https:\/\/www.legislapp.com.br\/#\/schema\/logo\/image\/"},"sameAs":["https:\/\/www.instagram.com\/legislapp\/"]}]}},"_links":{"self":[{"href":"https:\/\/www.legislapp.com.br\/index.php\/wp-json\/wp\/v2\/pages\/11122","targetHints":{"allow":["GET"]}}],"collection":[{"href":"https:\/\/www.legislapp.com.br\/index.php\/wp-json\/wp\/v2\/pages"}],"about":[{"href":"https:\/\/www.legislapp.com.br\/index.php\/wp-json\/wp\/v2\/types\/page"}],"author":[{"embeddable":true,"href":"https:\/\/www.legislapp.com.br\/index.php\/wp-json\/wp\/v2\/users\/1"}],"replies":[{"embeddable":true,"href":"https:\/\/www.legislapp.com.br\/index.php\/wp-json\/wp\/v2\/comments?post=11122"}],"version-history":[{"count":0,"href":"https:\/\/www.legislapp.com.br\/index.php\/wp-json\/wp\/v2\/pages\/11122\/revisions"}],"wp:attachment":[{"href":"https:\/\/www.legislapp.com.br\/index.php\/wp-json\/wp\/v2\/media?parent=11122"}],"curies":[{"name":"wp","href":"https:\/\/api.w.org\/{rel}","templated":true}]}}