{"id":11211,"date":"2026-01-19T11:41:14","date_gmt":"2026-01-19T14:41:14","guid":{"rendered":"https:\/\/www.legislapp.com.br\/index.php\/avulso-inicial-pl-6183-2025-camara\/"},"modified":"2026-01-19T11:41:14","modified_gmt":"2026-01-19T14:41:14","slug":"avulso-inicial-pl-6183-2025-camara","status":"publish","type":"page","link":"https:\/\/www.legislapp.com.br\/index.php\/avulso-inicial-pl-6183-2025-camara\/","title":{"rendered":"Avulso Inicial &#8211; PL 6183\/2025 &#8211; C\u00e2mara"},"content":{"rendered":"<h1 style='text-align: center;'>Avulso Inicial &#8211; Autoria de Duda Salabert<\/h3>\n<p><\/p>\n<article>C\u00c2MARA DOS DEPUTADOS<br \/>\nGabinete da Deputada Duda Salabert &#8211; PDT\/MG<br \/>\nPROJETO DE LEI N\u00ba ______ , DE 2025<br \/>\n(Da Sra. Duda Salabert)<br \/>\nAltera a Lei n\u00ba 9.605, de 12 de fevereiro<br \/>\nde 1998, para tipificar como crime a<br \/>\ndisponibiliza\u00e7\u00e3o, contrata\u00e7\u00e3o, cess\u00e3o ou<br \/>\nloca\u00e7\u00e3o de animais em atividades de<br \/>\nguarda patrimonial.<br \/>\nO Congresso Nacional decreta:<br \/>\nArt. 1\u00ba O art. 32 da Lei n\u00ba 9.605, de 12 de fevereiro de 1998, passa a vigorar<br \/>\nacrescido dos seguintes \u00a71\u00ba-C a \u00a71\u00ba-E:<br \/>\n\u201cArt. 32. \u2026\u2026\u2026\u2026\u2026\u2026\u2026\u2026\u2026\u2026\u2026\u2026\u2026\u2026\u2026\u2026\u2026<br \/>\n\u2026\u2026\u2026\u2026\u2026\u2026\u2026\u2026\u2026\u2026\u2026\u2026\u2026\u2026\u2026\u2026\u2026\u2026\u2026\u2026\u2026<br \/>\n\u00a7 1\u00ba-C. Incorre nas mesmas penas do \u00a7 1\u00ba quem disponibiliza, contrata, cede<br \/>\nou loca animais, dom\u00e9sticos ou domesticados, para atividades de guarda ou<br \/>\nvigil\u00e2ncia patrimonial, pr\u00f3prias ou terceirizadas, destinadas \u00e0 prote\u00e7\u00e3o de bens,<br \/>\nestabelecimentos ou propriedades privadas.<br \/>\n\u00a7 1\u00ba-D. A pena \u00e9 aumentada de um sexto quando o animal for mantido em<br \/>\ncondi\u00e7\u00f5es inadequadas de alojamento, alimenta\u00e7\u00e3o, hidrata\u00e7\u00e3o, repouso, conten\u00e7\u00e3o<br \/>\nf\u00edsica ou exposi\u00e7\u00e3o a riscos acentuado que comprometam sua sa\u00fade ou bem-estar,<br \/>\nou quando submetido a treinamentos ou pr\u00e1ticas que induzam agressividade ou<br \/>\nsofrimento.\u201d<br \/>\nArt. 2\u00ba Esta Lei entra em vigor na data de sua publica\u00e7\u00e3o.<br \/>\nPara verificar a assinatura, acesse https:\/\/infoleg-autenticidade-assinatura.camara.leg.br\/CD257714971700<br \/>\nAssinado eletronicamente pelo(a) Dep. Duda Salabert<br \/>\nApresenta\u00e7\u00e3o: 04\/12\/2025 15:39:47.527 &#8211; Mesa<br \/>\n*CD257714971700* PL n.6183\/2025<br \/>C\u00c2MARA DOS DEPUTADOS<br \/>\nGabinete da Deputada Duda Salabert &#8211; PDT\/MG<br \/>\nJUSTIFICA\u00c7\u00c3O<br \/>\nA Constitui\u00e7\u00e3o Federal, em seu art. 225, \u00a7 1\u00ba, VII, imp\u00f5e ao Poder P\u00fablico o<br \/>\ndever de proteger a fauna e vedar pr\u00e1ticas cru\u00e9is contra animais. A pr\u00e1tica de alugar<br \/>\nc\u00e3es e outros animais dom\u00e9sticos para atividades de guarda patrimonial tem gerado<br \/>\nreiterados casos de maus-tratos, decorrentes de confinamento prolongado, aus\u00eancia<br \/>\nde repouso adequado, falta de supervis\u00e3o qualificada, treinamentos agressivos e<br \/>\nexposi\u00e7\u00e3o cont\u00ednua a riscos.<br \/>\nDiversos munic\u00edpios t\u00eam reconhecido essa incompatibilidade \u00e9tica e jur\u00eddica,<br \/>\nproibindo a loca\u00e7\u00e3o de c\u00e3es de guarda diante das frequentes den\u00fancias de<br \/>\nsofrimento, abandono e uso meramente instrumental desses animais como meios de<br \/>\nintimida\u00e7\u00e3o.<br \/>\nEste Projeto de Lei harmoniza o ordenamento jur\u00eddico federal,<br \/>\nestabelecendo tipo penal espec\u00edfico para coibir a loca\u00e7\u00e3o e cess\u00e3o de animais em<br \/>\natividades de vigil\u00e2ncia patrimonial e prevendo causa de aumento de pena quando<br \/>\nhouver agravamento das condi\u00e7\u00f5es de manejo ou risco \u00e0 sa\u00fade do animal.<br \/>\nA medida est\u00e1 alinhada \u00e0s melhores pr\u00e1ticas nacionais e internacionais de<br \/>\nprote\u00e7\u00e3o animal e contribui para superar lacunas que t\u00eam permitido a persist\u00eancia<br \/>\nde situa\u00e7\u00f5es de crueldade. Por essas raz\u00f5es, contamos com o apoio dos nobres<br \/>\nPares para sua aprova\u00e7\u00e3o.<br \/>\nSala das Sess\u00f5es, 4 de dezembro de 2025.<br \/>\nDeputada DUDA SALABERT<br \/>\nPDT\/MG<br \/>\nPara verificar a assinatura, acesse https:\/\/infoleg-autenticidade-assinatura.camara.leg.br\/CD257714971700<br \/>\nAssinado eletronicamente pelo(a) Dep. Duda Salabert<br \/>\nApresenta\u00e7\u00e3o: 04\/12\/2025 15:39:47.527 &#8211; Mesa<br \/>\n*CD257714971700* PL n.6183\/2025<\/article>\n<p><a href='https:\/\/app.legislapp.com.br\/#\/busca?termo=Altera\u00e7\u00e3o'>Altera\u00e7\u00e3o<\/a>, <a href='https:\/\/app.legislapp.com.br\/#\/busca?termo=Lei dos Crimes Ambientais (1998)'>Lei dos Crimes Ambientais (1998)<\/a>, <a href='https:\/\/app.legislapp.com.br\/#\/busca?termo=tipifica\u00e7\u00e3o de conduta'>tipifica\u00e7\u00e3o de conduta<\/a>, <a href='https:\/\/app.legislapp.com.br\/#\/busca?termo=disponibiliza\u00e7\u00e3o'>disponibiliza\u00e7\u00e3o<\/a>, <a href='https:\/\/app.legislapp.com.br\/#\/busca?termo=contrata\u00e7\u00e3o'>contrata\u00e7\u00e3o<\/a>, <a href='https:\/\/app.legislapp.com.br\/#\/busca?termo=cess\u00e3o'>cess\u00e3o<\/a>, <a href='https:\/\/app.legislapp.com.br\/#\/busca?termo=loca\u00e7\u00e3o'>loca\u00e7\u00e3o<\/a>, <a href='https:\/\/app.legislapp.com.br\/#\/busca?termo=animal'>animal<\/a>, <a href='https:\/\/app.legislapp.com.br\/#\/busca?termo=guarda patrimonial'>guarda patrimonial<\/a>, <a href='https:\/\/app.legislapp.com.br\/#\/busca?termo=pena.'>pena.<\/a><\/p>\n<div style=\"text-align: center\">\n      <img decoding=\"async\" style=\"width: 14%;\" src=\"https:\/\/www.legislapp.com.br\/wp-content\/uploads\/2021\/07\/Logo-Legislapp-1-03-1.png\"><br \/>\n      <\/p>\n<div style=\"margin-bottom: 20px;\" class=\"et_pb_button_module_wrapper et_pb_button_5_tb_body_wrapper et_pb_button_alignment_center et_pb_module \">\n         <a class=\"et_pb_button et_pb_button_5_tb_body et_hover_enabled et_pb_bg_layout_dark\" style=\"width: 50%;background-color: black;\" href=\"https:\/\/app.legislapp.com.br\" target=\"_blank\" rel=\"noopener\">Visualizar completo na nossa plataforma (30 dias gr\u00e1tis)<\/a><\/p><\/div>\n<p>      <a href=\"https:\/\/play.google.com\/store\/apps\/details?id=br.com.legislapp\"><img decoding=\"async\" style=\"width: 15%; min-width: 130px;\" src=\"https:\/\/www.legislapp.com.br\/wp-content\/uploads\/google-play.png\"><\/a><br \/>\n      <a href=\"https:\/\/apps.apple.com\/us\/app\/legislapp\/id1568929859\"><img decoding=\"async\" style=\"width: 15%; min-width: 130px\" src=\"https:\/\/www.legislapp.com.br\/wp-content\/uploads\/apple-store.png\"><\/a>\n   <\/div>\n","protected":false},"excerpt":{"rendered":"<p>Avulso Inicial &#8211; Autoria de Duda Salabert C\u00c2MARA DOS DEPUTADOS Gabinete da Deputada Duda Salabert &#8211; PDT\/MG PROJETO DE LEI N\u00ba ______ , DE 2025 (Da Sra. Duda Salabert) Altera a Lei n\u00ba 9.605, de 12 de fevereiro de 1998, para tipificar como crime a disponibiliza\u00e7\u00e3o, contrata\u00e7\u00e3o, cess\u00e3o ou loca\u00e7\u00e3o de animais em atividades de [&hellip;]<\/p>\n","protected":false},"author":1,"featured_media":0,"parent":0,"menu_order":0,"comment_status":"closed","ping_status":"closed","template":"page-template-blank.php","meta":{"_et_pb_use_builder":"","_et_pb_old_content":"","_et_gb_content_width":"1080","ngg_post_thumbnail":0,"footnotes":""},"class_list":["post-11211","page","type-page","status-publish","hentry"],"yoast_head":"<!-- This site is optimized with the Yoast SEO plugin v24.4 - https:\/\/yoast.com\/wordpress\/plugins\/seo\/ -->\n<title>Avulso Inicial - PL 6183\/2025 - C\u00e2mara - Legislapp<\/title>\n<meta name=\"robots\" content=\"index, follow, max-snippet:-1, max-image-preview:large, max-video-preview:-1\" \/>\n<link rel=\"canonical\" href=\"https:\/\/www.legislapp.com.br\/index.php\/avulso-inicial-pl-6183-2025-camara\/\" \/>\n<meta property=\"og:locale\" content=\"pt_BR\" \/>\n<meta property=\"og:type\" content=\"article\" \/>\n<meta property=\"og:title\" content=\"Avulso Inicial - PL 6183\/2025 - C\u00e2mara - Legislapp\" \/>\n<meta property=\"og:description\" content=\"Avulso Inicial &#8211; Autoria de Duda Salabert C\u00c2MARA DOS DEPUTADOS Gabinete da Deputada Duda Salabert &#8211; PDT\/MG PROJETO DE LEI N\u00ba ______ , DE 2025 (Da Sra. Duda Salabert) Altera a Lei n\u00ba 9.605, de 12 de fevereiro de 1998, para tipificar como crime a disponibiliza\u00e7\u00e3o, contrata\u00e7\u00e3o, cess\u00e3o ou loca\u00e7\u00e3o de animais em atividades de [&hellip;]\" \/>\n<meta property=\"og:url\" content=\"https:\/\/www.legislapp.com.br\/index.php\/avulso-inicial-pl-6183-2025-camara\/\" \/>\n<meta property=\"og:site_name\" content=\"Legislapp\" \/>\n<meta property=\"article:publisher\" content=\"https:\/\/www.instagram.com\/legislapp\/\" \/>\n<meta property=\"og:image\" content=\"https:\/\/www.legislapp.com.br\/wp-content\/uploads\/2021\/07\/Logo-Legislapp-1-03-1.png\" \/>\n<meta name=\"twitter:card\" content=\"summary_large_image\" \/>\n<meta name=\"twitter:label1\" content=\"Est. tempo de leitura\" \/>\n\t<meta name=\"twitter:data1\" content=\"3 minutos\" \/>\n<script type=\"application\/ld+json\" class=\"yoast-schema-graph\">{\"@context\":\"https:\/\/schema.org\",\"@graph\":[{\"@type\":\"WebPage\",\"@id\":\"https:\/\/www.legislapp.com.br\/index.php\/avulso-inicial-pl-6183-2025-camara\/\",\"url\":\"https:\/\/www.legislapp.com.br\/index.php\/avulso-inicial-pl-6183-2025-camara\/\",\"name\":\"Avulso Inicial - PL 6183\/2025 - C\u00e2mara - Legislapp\",\"isPartOf\":{\"@id\":\"https:\/\/www.legislapp.com.br\/#website\"},\"primaryImageOfPage\":{\"@id\":\"https:\/\/www.legislapp.com.br\/index.php\/avulso-inicial-pl-6183-2025-camara\/#primaryimage\"},\"image\":{\"@id\":\"https:\/\/www.legislapp.com.br\/index.php\/avulso-inicial-pl-6183-2025-camara\/#primaryimage\"},\"thumbnailUrl\":\"https:\/\/www.legislapp.com.br\/wp-content\/uploads\/2021\/07\/Logo-Legislapp-1-03-1.png\",\"datePublished\":\"2026-01-19T14:41:14+00:00\",\"breadcrumb\":{\"@id\":\"https:\/\/www.legislapp.com.br\/index.php\/avulso-inicial-pl-6183-2025-camara\/#breadcrumb\"},\"inLanguage\":\"pt-BR\",\"potentialAction\":[{\"@type\":\"ReadAction\",\"target\":[\"https:\/\/www.legislapp.com.br\/index.php\/avulso-inicial-pl-6183-2025-camara\/\"]}]},{\"@type\":\"ImageObject\",\"inLanguage\":\"pt-BR\",\"@id\":\"https:\/\/www.legislapp.com.br\/index.php\/avulso-inicial-pl-6183-2025-camara\/#primaryimage\",\"url\":\"https:\/\/www.legislapp.com.br\/wp-content\/uploads\/2021\/07\/Logo-Legislapp-1-03-1.png\",\"contentUrl\":\"https:\/\/www.legislapp.com.br\/wp-content\/uploads\/2021\/07\/Logo-Legislapp-1-03-1.png\",\"width\":2679,\"height\":2697},{\"@type\":\"BreadcrumbList\",\"@id\":\"https:\/\/www.legislapp.com.br\/index.php\/avulso-inicial-pl-6183-2025-camara\/#breadcrumb\",\"itemListElement\":[{\"@type\":\"ListItem\",\"position\":1,\"name\":\"In\u00edcio\",\"item\":\"https:\/\/www.legislapp.com.br\/\"},{\"@type\":\"ListItem\",\"position\":2,\"name\":\"Avulso Inicial &#8211; PL 6183\/2025 &#8211; C\u00e2mara\"}]},{\"@type\":\"WebSite\",\"@id\":\"https:\/\/www.legislapp.com.br\/#website\",\"url\":\"https:\/\/www.legislapp.com.br\/\",\"name\":\"Legislapp\",\"description\":\"Intelig\u00eancia governamental em tempo real\",\"publisher\":{\"@id\":\"https:\/\/www.legislapp.com.br\/#organization\"},\"potentialAction\":[{\"@type\":\"SearchAction\",\"target\":{\"@type\":\"EntryPoint\",\"urlTemplate\":\"https:\/\/www.legislapp.com.br\/?s={search_term_string}\"},\"query-input\":{\"@type\":\"PropertyValueSpecification\",\"valueRequired\":true,\"valueName\":\"search_term_string\"}}],\"inLanguage\":\"pt-BR\"},{\"@type\":\"Organization\",\"@id\":\"https:\/\/www.legislapp.com.br\/#organization\",\"name\":\"Legislapp Monitoramento e Intelig\u00eancia Governamental\",\"url\":\"https:\/\/www.legislapp.com.br\/\",\"logo\":{\"@type\":\"ImageObject\",\"inLanguage\":\"pt-BR\",\"@id\":\"https:\/\/www.legislapp.com.br\/#\/schema\/logo\/image\/\",\"url\":\"https:\/\/www.legislapp.com.br\/wp-content\/uploads\/icon.png\",\"contentUrl\":\"https:\/\/www.legislapp.com.br\/wp-content\/uploads\/icon.png\",\"width\":1024,\"height\":1024,\"caption\":\"Legislapp Monitoramento e Intelig\u00eancia Governamental\"},\"image\":{\"@id\":\"https:\/\/www.legislapp.com.br\/#\/schema\/logo\/image\/\"},\"sameAs\":[\"https:\/\/www.instagram.com\/legislapp\/\"]}]}<\/script>\n<!-- \/ Yoast SEO plugin. -->","yoast_head_json":{"title":"Avulso Inicial - PL 6183\/2025 - C\u00e2mara - Legislapp","robots":{"index":"index","follow":"follow","max-snippet":"max-snippet:-1","max-image-preview":"max-image-preview:large","max-video-preview":"max-video-preview:-1"},"canonical":"https:\/\/www.legislapp.com.br\/index.php\/avulso-inicial-pl-6183-2025-camara\/","og_locale":"pt_BR","og_type":"article","og_title":"Avulso Inicial - PL 6183\/2025 - C\u00e2mara - Legislapp","og_description":"Avulso Inicial &#8211; Autoria de Duda Salabert C\u00c2MARA DOS DEPUTADOS Gabinete da Deputada Duda Salabert &#8211; PDT\/MG PROJETO DE LEI N\u00ba ______ , DE 2025 (Da Sra. Duda Salabert) Altera a Lei n\u00ba 9.605, de 12 de fevereiro de 1998, para tipificar como crime a disponibiliza\u00e7\u00e3o, contrata\u00e7\u00e3o, cess\u00e3o ou loca\u00e7\u00e3o de animais em atividades de [&hellip;]","og_url":"https:\/\/www.legislapp.com.br\/index.php\/avulso-inicial-pl-6183-2025-camara\/","og_site_name":"Legislapp","article_publisher":"https:\/\/www.instagram.com\/legislapp\/","og_image":[{"url":"https:\/\/www.legislapp.com.br\/wp-content\/uploads\/2021\/07\/Logo-Legislapp-1-03-1.png","type":"","width":"","height":""}],"twitter_card":"summary_large_image","twitter_misc":{"Est. tempo de leitura":"3 minutos"},"schema":{"@context":"https:\/\/schema.org","@graph":[{"@type":"WebPage","@id":"https:\/\/www.legislapp.com.br\/index.php\/avulso-inicial-pl-6183-2025-camara\/","url":"https:\/\/www.legislapp.com.br\/index.php\/avulso-inicial-pl-6183-2025-camara\/","name":"Avulso Inicial - PL 6183\/2025 - C\u00e2mara - Legislapp","isPartOf":{"@id":"https:\/\/www.legislapp.com.br\/#website"},"primaryImageOfPage":{"@id":"https:\/\/www.legislapp.com.br\/index.php\/avulso-inicial-pl-6183-2025-camara\/#primaryimage"},"image":{"@id":"https:\/\/www.legislapp.com.br\/index.php\/avulso-inicial-pl-6183-2025-camara\/#primaryimage"},"thumbnailUrl":"https:\/\/www.legislapp.com.br\/wp-content\/uploads\/2021\/07\/Logo-Legislapp-1-03-1.png","datePublished":"2026-01-19T14:41:14+00:00","breadcrumb":{"@id":"https:\/\/www.legislapp.com.br\/index.php\/avulso-inicial-pl-6183-2025-camara\/#breadcrumb"},"inLanguage":"pt-BR","potentialAction":[{"@type":"ReadAction","target":["https:\/\/www.legislapp.com.br\/index.php\/avulso-inicial-pl-6183-2025-camara\/"]}]},{"@type":"ImageObject","inLanguage":"pt-BR","@id":"https:\/\/www.legislapp.com.br\/index.php\/avulso-inicial-pl-6183-2025-camara\/#primaryimage","url":"https:\/\/www.legislapp.com.br\/wp-content\/uploads\/2021\/07\/Logo-Legislapp-1-03-1.png","contentUrl":"https:\/\/www.legislapp.com.br\/wp-content\/uploads\/2021\/07\/Logo-Legislapp-1-03-1.png","width":2679,"height":2697},{"@type":"BreadcrumbList","@id":"https:\/\/www.legislapp.com.br\/index.php\/avulso-inicial-pl-6183-2025-camara\/#breadcrumb","itemListElement":[{"@type":"ListItem","position":1,"name":"In\u00edcio","item":"https:\/\/www.legislapp.com.br\/"},{"@type":"ListItem","position":2,"name":"Avulso Inicial &#8211; PL 6183\/2025 &#8211; C\u00e2mara"}]},{"@type":"WebSite","@id":"https:\/\/www.legislapp.com.br\/#website","url":"https:\/\/www.legislapp.com.br\/","name":"Legislapp","description":"Intelig\u00eancia governamental em tempo real","publisher":{"@id":"https:\/\/www.legislapp.com.br\/#organization"},"potentialAction":[{"@type":"SearchAction","target":{"@type":"EntryPoint","urlTemplate":"https:\/\/www.legislapp.com.br\/?s={search_term_string}"},"query-input":{"@type":"PropertyValueSpecification","valueRequired":true,"valueName":"search_term_string"}}],"inLanguage":"pt-BR"},{"@type":"Organization","@id":"https:\/\/www.legislapp.com.br\/#organization","name":"Legislapp Monitoramento e Intelig\u00eancia Governamental","url":"https:\/\/www.legislapp.com.br\/","logo":{"@type":"ImageObject","inLanguage":"pt-BR","@id":"https:\/\/www.legislapp.com.br\/#\/schema\/logo\/image\/","url":"https:\/\/www.legislapp.com.br\/wp-content\/uploads\/icon.png","contentUrl":"https:\/\/www.legislapp.com.br\/wp-content\/uploads\/icon.png","width":1024,"height":1024,"caption":"Legislapp Monitoramento e Intelig\u00eancia Governamental"},"image":{"@id":"https:\/\/www.legislapp.com.br\/#\/schema\/logo\/image\/"},"sameAs":["https:\/\/www.instagram.com\/legislapp\/"]}]}},"_links":{"self":[{"href":"https:\/\/www.legislapp.com.br\/index.php\/wp-json\/wp\/v2\/pages\/11211","targetHints":{"allow":["GET"]}}],"collection":[{"href":"https:\/\/www.legislapp.com.br\/index.php\/wp-json\/wp\/v2\/pages"}],"about":[{"href":"https:\/\/www.legislapp.com.br\/index.php\/wp-json\/wp\/v2\/types\/page"}],"author":[{"embeddable":true,"href":"https:\/\/www.legislapp.com.br\/index.php\/wp-json\/wp\/v2\/users\/1"}],"replies":[{"embeddable":true,"href":"https:\/\/www.legislapp.com.br\/index.php\/wp-json\/wp\/v2\/comments?post=11211"}],"version-history":[{"count":0,"href":"https:\/\/www.legislapp.com.br\/index.php\/wp-json\/wp\/v2\/pages\/11211\/revisions"}],"wp:attachment":[{"href":"https:\/\/www.legislapp.com.br\/index.php\/wp-json\/wp\/v2\/media?parent=11211"}],"curies":[{"name":"wp","href":"https:\/\/api.w.org\/{rel}","templated":true}]}}