{"id":11291,"date":"2026-01-19T11:48:13","date_gmt":"2026-01-19T14:48:13","guid":{"rendered":"https:\/\/www.legislapp.com.br\/index.php\/avulso-inicial-pl-5216-2025-camara\/"},"modified":"2026-01-19T11:48:13","modified_gmt":"2026-01-19T14:48:13","slug":"avulso-inicial-pl-5216-2025-camara","status":"publish","type":"page","link":"https:\/\/www.legislapp.com.br\/index.php\/avulso-inicial-pl-5216-2025-camara\/","title":{"rendered":"Avulso Inicial &#8211; PL 5216\/2025 &#8211; C\u00e2mara"},"content":{"rendered":"<h1 style='text-align: center;'>Avulso Inicial &#8211; Autoria de Fatima Pelaes<\/h3>\n<p><\/p>\n<article>PROJETO DE LEI N\u00ba ______, DE 2025<br \/>\n(Da Sra. F\u00e1tima Pelaes)<br \/>\nConcede isen\u00e7\u00e3o do Imposto de Renda da<br \/>\nPessoa F\u00edsica aos professores da educa\u00e7\u00e3o<br \/>\nb\u00e1sica da rede p\u00fablica e privada de ensino<br \/>\nque atingirem metas de qualidade de<br \/>\nensino estabelecidas com base no \u00cdndice<br \/>\nde Desenvolvimento da Educa\u00e7\u00e3o B\u00e1sica<br \/>\n(IDEB) e em indicadores equivalentes, e<br \/>\nd\u00e1 outras provid\u00eancias.<br \/>\nO CONGRESSO NACIONAL decreta:<br \/>\nArt. 1\u00ba Ficam isentos do Imposto de Renda da Pessoa F\u00edsica (IRPF) os professores da<br \/>\neduca\u00e7\u00e3o b\u00e1sica da rede p\u00fablica e privada de ensino que alcan\u00e7arem as metas de<br \/>\nqualidade de ensino estabelecidas pelo Minist\u00e9rio da Educa\u00e7\u00e3o, com base no \u00cdndice de<br \/>\nDesenvolvimento da Educa\u00e7\u00e3o B\u00e1sica (IDEB) e em indicadores equivalentes aplic\u00e1veis<br \/>\n\u00e0 rede privada.<br \/>\nArt. 2\u00ba A isen\u00e7\u00e3o de que trata o art. 1\u00ba ser\u00e1 concedida anualmente, mediante<br \/>\ncomprova\u00e7\u00e3o, pelo \u00f3rg\u00e3o competente, do cumprimento das metas de desempenho<br \/>\nfixadas para a unidade escolar em que o professor exer\u00e7a suas atividades.<br \/>\n\u00a7 1\u00ba As metas de desempenho ser\u00e3o definidas pelo Minist\u00e9rio da Educa\u00e7\u00e3o, em conjunto<br \/>\ncom as Secretarias Estaduais e Municipais de Educa\u00e7\u00e3o, observando os par\u00e2metros do<br \/>\nIDEB e indicadores equivalentes aplic\u00e1veis \u00e0 rede privada.<br \/>\n\u00a7 2\u00ba O benef\u00edcio ser\u00e1 proporcional ao per\u00edodo de exerc\u00edcio do professor na institui\u00e7\u00e3o de<br \/>\nensino durante o respectivo ano-base.<br \/>\n\u00a7 3\u00ba A isen\u00e7\u00e3o aplica-se exclusivamente aos rendimentos decorrentes do exerc\u00edcio da<br \/>\ndoc\u00eancia.<br \/>\nArt. 3\u00ba O Poder Executivo regulamentar\u00e1 esta Lei no prazo de 90 (noventa) dias,<br \/>\ncontados da data de sua publica\u00e7\u00e3o, estabelecendo os crit\u00e9rios e procedimentos para a<br \/>\nconcess\u00e3o da isen\u00e7\u00e3o.<br \/>\nArt. 4\u00ba A isen\u00e7\u00e3o prevista nesta Lei n\u00e3o se aplica aos professores afastados de suas<br \/>\nfun\u00e7\u00f5es por motivo n\u00e3o relacionado ao exerc\u00edcio efetivo da doc\u00eancia, nem \u00e0queles que<br \/>\nn\u00e3o cumprirem integralmente a carga hor\u00e1ria m\u00ednima exigida para o cargo.<br \/>\nPara verificar a assinatura, acesse https:\/\/infoleg-autenticidade-assinatura.camara.leg.br\/CD251399094000<br \/>\nAssinado eletronicamente pelo(a) Dep. Fatima Pelaes<br \/>\nApresenta\u00e7\u00e3o: 15\/10\/2025 17:51:58.833 &#8211; Mesa<br \/>\n*CD251399094000* PL n.5216\/2025<br \/>Art. 5\u00ba As despesas decorrentes da aplica\u00e7\u00e3o desta Lei correr\u00e3o \u00e0 conta das dota\u00e7\u00f5es<br \/>\nor\u00e7ament\u00e1rias pr\u00f3prias, podendo ser suplementadas se necess\u00e1rio.<br \/>\nArt. 6\u00ba Esta Lei entra em vigor na data de sua publica\u00e7\u00e3o.<br \/>\nJUSTIFICA\u00c7\u00c3O<br \/>\nA presente proposi\u00e7\u00e3o visa reconhecer e valorizar o papel essencial dos professores da<br \/>\neduca\u00e7\u00e3o b\u00e1sica da rede p\u00fablica e privada no processo de forma\u00e7\u00e3o das novas gera\u00e7\u00f5es,<br \/>\ncriando um incentivo fiscal diretamente vinculado \u00e0 melhoria da qualidade do ensino.<br \/>\nO \u00cdndice de Desenvolvimento da Educa\u00e7\u00e3o B\u00e1sica (IDEB), criado pelo Instituto<br \/>\nNacional de Estudos e Pesquisas Educacionais An\u00edsio Teixeira (INEP), \u00e9 o principal<br \/>\nindicador de qualidade da educa\u00e7\u00e3o no Brasil, combinando dados de desempenho em<br \/>\navalia\u00e7\u00f5es nacionais e taxas de aprova\u00e7\u00e3o escolar.<br \/>\nNo caso das institui\u00e7\u00f5es privadas, poder\u00e3o ser considerados indicadores de qualidade<br \/>\neducacional reconhecidos nacionalmente, em conformidade com a regulamenta\u00e7\u00e3o do<br \/>\nMinist\u00e9rio da Educa\u00e7\u00e3o, de modo a garantir a equidade na avalia\u00e7\u00e3o dos resultados<br \/>\neducacionais entre as redes de ensino.<br \/>\nEstudos do INSPER, em parceria com a Funda\u00e7\u00e3o Roberto Marinho, o SESI e o<br \/>\nPrograma das Na\u00e7\u00f5es Unidas para o Desenvolvimento (PNUD), apontam que o Brasil<br \/>\nperde aproximadamente R$ 220 bilh\u00f5es por ano devido \u00e0 evas\u00e3o escolar, o que<br \/>\nequivale a cerca de 3% do Produto Interno Bruto (PIB). Essa realidade evidencia o<br \/>\nimpacto econ\u00f4mico e social da baixa qualidade educacional e refor\u00e7a a necessidade de<br \/>\npol\u00edticas p\u00fablicas que estimulem a perman\u00eancia dos estudantes na escola e a valoriza\u00e7\u00e3o<br \/>\ndos profissionais da educa\u00e7\u00e3o.<br \/>\nAo vincular a isen\u00e7\u00e3o do imposto de renda ao alcance das metas do IDEB e de<br \/>\nindicadores equivalentes, este Projeto de Lei busca recompensar o m\u00e9rito e o<br \/>\ncomprometimento dos educadores, incentivando a busca por melhores resultados<br \/>\npedag\u00f3gicos e fortalecendo a responsabilidade compartilhada entre gestores, docentes e<br \/>\ncomunidade escolar.<br \/>\nMais do que um benef\u00edcio financeiro, trata-se de um instrumento de reconhecimento e<br \/>\nmotiva\u00e7\u00e3o profissional, que refor\u00e7a a import\u00e2ncia do trabalho docente e contribui para o<br \/>\naprimoramento cont\u00ednuo do ensino brasileiro.<br \/>\nEsta iniciativa contou com a valiosa contribui\u00e7\u00e3o e sugest\u00e3o do professor Sivaldo<br \/>\nBrito, cuja experi\u00eancia e dedica\u00e7\u00e3o ao ensino inspiraram a formula\u00e7\u00e3o desta proposta.<br \/>\nSua colabora\u00e7\u00e3o refor\u00e7a a import\u00e2ncia do di\u00e1logo permanente entre o Parlamento e os<br \/>\nprofissionais da educa\u00e7\u00e3o, na constru\u00e7\u00e3o de pol\u00edticas que realmente atendam \u00e0s<br \/>\nnecessidades da categoria e da sociedade.<br \/>\nPara verificar a assinatura, acesse https:\/\/infoleg-autenticidade-assinatura.camara.leg.br\/CD251399094000<br \/>\nAssinado eletronicamente pelo(a) Dep. Fatima Pelaes<br \/>\nApresenta\u00e7\u00e3o: 15\/10\/2025 17:51:58.833 &#8211; Mesa<br \/>\n*CD251399094000* PL n.5216\/2025<br \/>A educa\u00e7\u00e3o de qualidade \u00e9 o caminho mais seguro para o desenvolvimento social e<br \/>\necon\u00f4mico do pa\u00eds. Valorizar o professor \u00e9 investir no futuro do Brasil.<br \/>\nDiante do exposto, conto com o apoio dos nobres pares para a aprova\u00e7\u00e3o desta relevante<br \/>\niniciativa.<br \/>\nSala das Sess\u00f5es, em 15 de outubro de 2025.<br \/>\nF\u00e1tima Pelaes<br \/>\nDeputada Federal<br \/>\nRepublicanos Amap\u00e1<br \/>\nPara verificar a assinatura, acesse https:\/\/infoleg-autenticidade-assinatura.camara.leg.br\/CD251399094000<br \/>\nAssinado eletronicamente pelo(a) Dep. Fatima Pelaes<br \/>\nApresenta\u00e7\u00e3o: 15\/10\/2025 17:51:58.833 &#8211; Mesa<br \/>\n*CD251399094000* PL n.5216\/2025<\/article>\n<p><a href='https:\/\/app.legislapp.com.br\/#\/busca?termo=Isen\u00e7\u00e3o tribut\u00e1ria'>Isen\u00e7\u00e3o tribut\u00e1ria<\/a>, <a href='https:\/\/app.legislapp.com.br\/#\/busca?termo=Imposto sobre a Renda da Pessoa F\u00edsica (IRPF)'>Imposto sobre a Renda da Pessoa F\u00edsica (IRPF)<\/a>, <a href='https:\/\/app.legislapp.com.br\/#\/busca?termo=professor'>professor<\/a>, <a href='https:\/\/app.legislapp.com.br\/#\/busca?termo=educa\u00e7\u00e3o b\u00e1sica'>educa\u00e7\u00e3o b\u00e1sica<\/a>, <a href='https:\/\/app.legislapp.com.br\/#\/busca?termo=meta'>meta<\/a>, <a href='https:\/\/app.legislapp.com.br\/#\/busca?termo=qualidade'>qualidade<\/a>, <a href='https:\/\/app.legislapp.com.br\/#\/busca?termo=ensino'>ensino<\/a>, <a href='https:\/\/app.legislapp.com.br\/#\/busca?termo=benef\u00edcio fiscal'>benef\u00edcio fiscal<\/a>, <a href='https:\/\/app.legislapp.com.br\/#\/busca?termo=tributa\u00e7\u00e3o.'>tributa\u00e7\u00e3o.<\/a><\/p>\n<div style=\"text-align: center\">\n      <img decoding=\"async\" style=\"width: 14%;\" src=\"https:\/\/www.legislapp.com.br\/wp-content\/uploads\/2021\/07\/Logo-Legislapp-1-03-1.png\"><br \/>\n      <\/p>\n<div style=\"margin-bottom: 20px;\" class=\"et_pb_button_module_wrapper et_pb_button_5_tb_body_wrapper et_pb_button_alignment_center et_pb_module \">\n         <a class=\"et_pb_button et_pb_button_5_tb_body et_hover_enabled et_pb_bg_layout_dark\" style=\"width: 50%;background-color: black;\" href=\"https:\/\/app.legislapp.com.br\" target=\"_blank\" rel=\"noopener\">Visualizar completo na nossa plataforma (30 dias gr\u00e1tis)<\/a><\/p><\/div>\n<p>      <a href=\"https:\/\/play.google.com\/store\/apps\/details?id=br.com.legislapp\"><img decoding=\"async\" style=\"width: 15%; min-width: 130px;\" src=\"https:\/\/www.legislapp.com.br\/wp-content\/uploads\/google-play.png\"><\/a><br \/>\n      <a href=\"https:\/\/apps.apple.com\/us\/app\/legislapp\/id1568929859\"><img decoding=\"async\" style=\"width: 15%; min-width: 130px\" src=\"https:\/\/www.legislapp.com.br\/wp-content\/uploads\/apple-store.png\"><\/a>\n   <\/div>\n","protected":false},"excerpt":{"rendered":"<p>Avulso Inicial &#8211; Autoria de Fatima Pelaes PROJETO DE LEI N\u00ba ______, DE 2025 (Da Sra. F\u00e1tima Pelaes) Concede isen\u00e7\u00e3o do Imposto de Renda da Pessoa F\u00edsica aos professores da educa\u00e7\u00e3o b\u00e1sica da rede p\u00fablica e privada de ensino que atingirem metas de qualidade de ensino estabelecidas com base no \u00cdndice de Desenvolvimento da Educa\u00e7\u00e3o [&hellip;]<\/p>\n","protected":false},"author":1,"featured_media":0,"parent":0,"menu_order":0,"comment_status":"closed","ping_status":"closed","template":"page-template-blank.php","meta":{"_et_pb_use_builder":"","_et_pb_old_content":"","_et_gb_content_width":"1080","ngg_post_thumbnail":0,"footnotes":""},"class_list":["post-11291","page","type-page","status-publish","hentry"],"yoast_head":"<!-- This site is optimized with the Yoast SEO plugin v24.4 - https:\/\/yoast.com\/wordpress\/plugins\/seo\/ -->\n<title>Avulso Inicial - PL 5216\/2025 - C\u00e2mara - Legislapp<\/title>\n<meta name=\"robots\" content=\"index, follow, max-snippet:-1, max-image-preview:large, max-video-preview:-1\" \/>\n<link rel=\"canonical\" href=\"https:\/\/www.legislapp.com.br\/index.php\/avulso-inicial-pl-5216-2025-camara\/\" \/>\n<meta property=\"og:locale\" content=\"pt_BR\" \/>\n<meta property=\"og:type\" content=\"article\" \/>\n<meta property=\"og:title\" content=\"Avulso Inicial - PL 5216\/2025 - C\u00e2mara - Legislapp\" \/>\n<meta property=\"og:description\" content=\"Avulso Inicial &#8211; Autoria de Fatima Pelaes PROJETO DE LEI N\u00ba ______, DE 2025 (Da Sra. F\u00e1tima Pelaes) Concede isen\u00e7\u00e3o do Imposto de Renda da Pessoa F\u00edsica aos professores da educa\u00e7\u00e3o b\u00e1sica da rede p\u00fablica e privada de ensino que atingirem metas de qualidade de ensino estabelecidas com base no \u00cdndice de Desenvolvimento da Educa\u00e7\u00e3o [&hellip;]\" \/>\n<meta property=\"og:url\" content=\"https:\/\/www.legislapp.com.br\/index.php\/avulso-inicial-pl-5216-2025-camara\/\" \/>\n<meta property=\"og:site_name\" content=\"Legislapp\" \/>\n<meta property=\"article:publisher\" content=\"https:\/\/www.instagram.com\/legislapp\/\" \/>\n<meta property=\"og:image\" content=\"https:\/\/www.legislapp.com.br\/wp-content\/uploads\/2021\/07\/Logo-Legislapp-1-03-1.png\" \/>\n<meta name=\"twitter:card\" content=\"summary_large_image\" \/>\n<meta name=\"twitter:label1\" content=\"Est. tempo de leitura\" \/>\n\t<meta name=\"twitter:data1\" content=\"5 minutos\" \/>\n<script type=\"application\/ld+json\" class=\"yoast-schema-graph\">{\"@context\":\"https:\/\/schema.org\",\"@graph\":[{\"@type\":\"WebPage\",\"@id\":\"https:\/\/www.legislapp.com.br\/index.php\/avulso-inicial-pl-5216-2025-camara\/\",\"url\":\"https:\/\/www.legislapp.com.br\/index.php\/avulso-inicial-pl-5216-2025-camara\/\",\"name\":\"Avulso Inicial - PL 5216\/2025 - C\u00e2mara - Legislapp\",\"isPartOf\":{\"@id\":\"https:\/\/www.legislapp.com.br\/#website\"},\"primaryImageOfPage\":{\"@id\":\"https:\/\/www.legislapp.com.br\/index.php\/avulso-inicial-pl-5216-2025-camara\/#primaryimage\"},\"image\":{\"@id\":\"https:\/\/www.legislapp.com.br\/index.php\/avulso-inicial-pl-5216-2025-camara\/#primaryimage\"},\"thumbnailUrl\":\"https:\/\/www.legislapp.com.br\/wp-content\/uploads\/2021\/07\/Logo-Legislapp-1-03-1.png\",\"datePublished\":\"2026-01-19T14:48:13+00:00\",\"breadcrumb\":{\"@id\":\"https:\/\/www.legislapp.com.br\/index.php\/avulso-inicial-pl-5216-2025-camara\/#breadcrumb\"},\"inLanguage\":\"pt-BR\",\"potentialAction\":[{\"@type\":\"ReadAction\",\"target\":[\"https:\/\/www.legislapp.com.br\/index.php\/avulso-inicial-pl-5216-2025-camara\/\"]}]},{\"@type\":\"ImageObject\",\"inLanguage\":\"pt-BR\",\"@id\":\"https:\/\/www.legislapp.com.br\/index.php\/avulso-inicial-pl-5216-2025-camara\/#primaryimage\",\"url\":\"https:\/\/www.legislapp.com.br\/wp-content\/uploads\/2021\/07\/Logo-Legislapp-1-03-1.png\",\"contentUrl\":\"https:\/\/www.legislapp.com.br\/wp-content\/uploads\/2021\/07\/Logo-Legislapp-1-03-1.png\",\"width\":2679,\"height\":2697},{\"@type\":\"BreadcrumbList\",\"@id\":\"https:\/\/www.legislapp.com.br\/index.php\/avulso-inicial-pl-5216-2025-camara\/#breadcrumb\",\"itemListElement\":[{\"@type\":\"ListItem\",\"position\":1,\"name\":\"In\u00edcio\",\"item\":\"https:\/\/www.legislapp.com.br\/\"},{\"@type\":\"ListItem\",\"position\":2,\"name\":\"Avulso Inicial &#8211; PL 5216\/2025 &#8211; C\u00e2mara\"}]},{\"@type\":\"WebSite\",\"@id\":\"https:\/\/www.legislapp.com.br\/#website\",\"url\":\"https:\/\/www.legislapp.com.br\/\",\"name\":\"Legislapp\",\"description\":\"Intelig\u00eancia governamental em tempo real\",\"publisher\":{\"@id\":\"https:\/\/www.legislapp.com.br\/#organization\"},\"potentialAction\":[{\"@type\":\"SearchAction\",\"target\":{\"@type\":\"EntryPoint\",\"urlTemplate\":\"https:\/\/www.legislapp.com.br\/?s={search_term_string}\"},\"query-input\":{\"@type\":\"PropertyValueSpecification\",\"valueRequired\":true,\"valueName\":\"search_term_string\"}}],\"inLanguage\":\"pt-BR\"},{\"@type\":\"Organization\",\"@id\":\"https:\/\/www.legislapp.com.br\/#organization\",\"name\":\"Legislapp Monitoramento e Intelig\u00eancia Governamental\",\"url\":\"https:\/\/www.legislapp.com.br\/\",\"logo\":{\"@type\":\"ImageObject\",\"inLanguage\":\"pt-BR\",\"@id\":\"https:\/\/www.legislapp.com.br\/#\/schema\/logo\/image\/\",\"url\":\"https:\/\/www.legislapp.com.br\/wp-content\/uploads\/icon.png\",\"contentUrl\":\"https:\/\/www.legislapp.com.br\/wp-content\/uploads\/icon.png\",\"width\":1024,\"height\":1024,\"caption\":\"Legislapp Monitoramento e Intelig\u00eancia Governamental\"},\"image\":{\"@id\":\"https:\/\/www.legislapp.com.br\/#\/schema\/logo\/image\/\"},\"sameAs\":[\"https:\/\/www.instagram.com\/legislapp\/\"]}]}<\/script>\n<!-- \/ Yoast SEO plugin. -->","yoast_head_json":{"title":"Avulso Inicial - PL 5216\/2025 - C\u00e2mara - Legislapp","robots":{"index":"index","follow":"follow","max-snippet":"max-snippet:-1","max-image-preview":"max-image-preview:large","max-video-preview":"max-video-preview:-1"},"canonical":"https:\/\/www.legislapp.com.br\/index.php\/avulso-inicial-pl-5216-2025-camara\/","og_locale":"pt_BR","og_type":"article","og_title":"Avulso Inicial - PL 5216\/2025 - C\u00e2mara - Legislapp","og_description":"Avulso Inicial &#8211; Autoria de Fatima Pelaes PROJETO DE LEI N\u00ba ______, DE 2025 (Da Sra. F\u00e1tima Pelaes) Concede isen\u00e7\u00e3o do Imposto de Renda da Pessoa F\u00edsica aos professores da educa\u00e7\u00e3o b\u00e1sica da rede p\u00fablica e privada de ensino que atingirem metas de qualidade de ensino estabelecidas com base no \u00cdndice de Desenvolvimento da Educa\u00e7\u00e3o [&hellip;]","og_url":"https:\/\/www.legislapp.com.br\/index.php\/avulso-inicial-pl-5216-2025-camara\/","og_site_name":"Legislapp","article_publisher":"https:\/\/www.instagram.com\/legislapp\/","og_image":[{"url":"https:\/\/www.legislapp.com.br\/wp-content\/uploads\/2021\/07\/Logo-Legislapp-1-03-1.png","type":"","width":"","height":""}],"twitter_card":"summary_large_image","twitter_misc":{"Est. tempo de leitura":"5 minutos"},"schema":{"@context":"https:\/\/schema.org","@graph":[{"@type":"WebPage","@id":"https:\/\/www.legislapp.com.br\/index.php\/avulso-inicial-pl-5216-2025-camara\/","url":"https:\/\/www.legislapp.com.br\/index.php\/avulso-inicial-pl-5216-2025-camara\/","name":"Avulso Inicial - PL 5216\/2025 - C\u00e2mara - Legislapp","isPartOf":{"@id":"https:\/\/www.legislapp.com.br\/#website"},"primaryImageOfPage":{"@id":"https:\/\/www.legislapp.com.br\/index.php\/avulso-inicial-pl-5216-2025-camara\/#primaryimage"},"image":{"@id":"https:\/\/www.legislapp.com.br\/index.php\/avulso-inicial-pl-5216-2025-camara\/#primaryimage"},"thumbnailUrl":"https:\/\/www.legislapp.com.br\/wp-content\/uploads\/2021\/07\/Logo-Legislapp-1-03-1.png","datePublished":"2026-01-19T14:48:13+00:00","breadcrumb":{"@id":"https:\/\/www.legislapp.com.br\/index.php\/avulso-inicial-pl-5216-2025-camara\/#breadcrumb"},"inLanguage":"pt-BR","potentialAction":[{"@type":"ReadAction","target":["https:\/\/www.legislapp.com.br\/index.php\/avulso-inicial-pl-5216-2025-camara\/"]}]},{"@type":"ImageObject","inLanguage":"pt-BR","@id":"https:\/\/www.legislapp.com.br\/index.php\/avulso-inicial-pl-5216-2025-camara\/#primaryimage","url":"https:\/\/www.legislapp.com.br\/wp-content\/uploads\/2021\/07\/Logo-Legislapp-1-03-1.png","contentUrl":"https:\/\/www.legislapp.com.br\/wp-content\/uploads\/2021\/07\/Logo-Legislapp-1-03-1.png","width":2679,"height":2697},{"@type":"BreadcrumbList","@id":"https:\/\/www.legislapp.com.br\/index.php\/avulso-inicial-pl-5216-2025-camara\/#breadcrumb","itemListElement":[{"@type":"ListItem","position":1,"name":"In\u00edcio","item":"https:\/\/www.legislapp.com.br\/"},{"@type":"ListItem","position":2,"name":"Avulso Inicial &#8211; PL 5216\/2025 &#8211; C\u00e2mara"}]},{"@type":"WebSite","@id":"https:\/\/www.legislapp.com.br\/#website","url":"https:\/\/www.legislapp.com.br\/","name":"Legislapp","description":"Intelig\u00eancia governamental em tempo real","publisher":{"@id":"https:\/\/www.legislapp.com.br\/#organization"},"potentialAction":[{"@type":"SearchAction","target":{"@type":"EntryPoint","urlTemplate":"https:\/\/www.legislapp.com.br\/?s={search_term_string}"},"query-input":{"@type":"PropertyValueSpecification","valueRequired":true,"valueName":"search_term_string"}}],"inLanguage":"pt-BR"},{"@type":"Organization","@id":"https:\/\/www.legislapp.com.br\/#organization","name":"Legislapp Monitoramento e Intelig\u00eancia Governamental","url":"https:\/\/www.legislapp.com.br\/","logo":{"@type":"ImageObject","inLanguage":"pt-BR","@id":"https:\/\/www.legislapp.com.br\/#\/schema\/logo\/image\/","url":"https:\/\/www.legislapp.com.br\/wp-content\/uploads\/icon.png","contentUrl":"https:\/\/www.legislapp.com.br\/wp-content\/uploads\/icon.png","width":1024,"height":1024,"caption":"Legislapp Monitoramento e Intelig\u00eancia Governamental"},"image":{"@id":"https:\/\/www.legislapp.com.br\/#\/schema\/logo\/image\/"},"sameAs":["https:\/\/www.instagram.com\/legislapp\/"]}]}},"_links":{"self":[{"href":"https:\/\/www.legislapp.com.br\/index.php\/wp-json\/wp\/v2\/pages\/11291","targetHints":{"allow":["GET"]}}],"collection":[{"href":"https:\/\/www.legislapp.com.br\/index.php\/wp-json\/wp\/v2\/pages"}],"about":[{"href":"https:\/\/www.legislapp.com.br\/index.php\/wp-json\/wp\/v2\/types\/page"}],"author":[{"embeddable":true,"href":"https:\/\/www.legislapp.com.br\/index.php\/wp-json\/wp\/v2\/users\/1"}],"replies":[{"embeddable":true,"href":"https:\/\/www.legislapp.com.br\/index.php\/wp-json\/wp\/v2\/comments?post=11291"}],"version-history":[{"count":0,"href":"https:\/\/www.legislapp.com.br\/index.php\/wp-json\/wp\/v2\/pages\/11291\/revisions"}],"wp:attachment":[{"href":"https:\/\/www.legislapp.com.br\/index.php\/wp-json\/wp\/v2\/media?parent=11291"}],"curies":[{"name":"wp","href":"https:\/\/api.w.org\/{rel}","templated":true}]}}