{"id":4535,"date":"2024-08-05T18:24:39","date_gmt":"2024-08-05T21:24:39","guid":{"rendered":"https:\/\/www.legislapp.com.br\/index.php\/ordem-dia-camara-sexta-feira-2-de-agosto-de-2024\/"},"modified":"2024-08-05T18:24:39","modified_gmt":"2024-08-05T21:24:39","slug":"ordem-dia-camara-sexta-feira-2-de-agosto-de-2024","status":"publish","type":"page","link":"https:\/\/www.legislapp.com.br\/index.php\/ordem-dia-camara-sexta-feira-2-de-agosto-de-2024\/","title":{"rendered":"ORDEM DO DIA COMISS\u00d5ES C\u00c2MARA DOS DEPUTADOS 02\/08\/2024"},"content":{"rendered":"<h1 style='text-align: center;'>sexta-feira, 2 de agosto de 2024 &#8211; ORDEM DO DIA COMISS\u00d5ES C\u00c2MARA DOS DEPUTADOS 02\/08\/2024<\/h3>\n<p><\/p>\n<article>C\u00c2MARA DOS DEPUTADOS <br \/>57\u00aa LEGISLATURA &#8211; 2\u00aa SESS\u00c3O LEGISLATIVA <br \/>Em 2 de agosto de 2024 <br \/>sexta-feira <br \/>I &#8211; COMISS\u00d5ES PERMANENTES <br \/>COMISS\u00c3O DE ADMINISTRA\u00c7\u00c3O E SERVI\u00c7O P\u00daBLICO <br \/>AVISOS <br \/>PROPOSI\u00c7\u00d5ES EM FASE DE RECEBIMENTO DE EMENDAS (5 SESS\u00d5ES) <br \/>DECURSO: 1\u00aa SESS\u00c3O <br \/>\u00daLTIMA SESS\u00c3O: 08-08-24 <br \/>Substitutivo (Art. 119, II e \u00a71\u00ba) <br \/>AS PROPOSI\u00c7\u00d5ES ABAIXO SOMENTE RECEBER\u00c3O EMENDAS APRESENTADAS POR MEMBROS <br \/>DESTA COMISS\u00c3O <br \/>PROJETO DE LEI N\u00ba 7.452\/10 &#8211; do Sr. Filipe Pereira &#8211; que &#8220;altera a Lei n\u00ba 8.987, de 1995, que &#8220;disp\u00f5e <br \/>sobre o regime de concess\u00e3o e permiss\u00e3o da presta\u00e7\u00e3o de servi\u00e7os p\u00fablicos previstos no art. 175 da <br \/>Constitui\u00e7\u00e3o Federal, e d\u00e1 outras provid\u00eancias&#8221;, para dispor sobre os servi\u00e7os de pagamento autom\u00e1tico <br \/>de ped\u00e1gios&#8221;. (Apensados: PL 2620\/2011 (Apensado: PL 9782\/2018), PL 8213\/2014 (Apensados: PL <br \/>3213\/2015 (Apensados: PL 4038\/2015 e PL 6155\/2019), PL 5122\/2016, PL 3583\/2019 e PL 2335\/2023), <br \/>PL 1442\/2019 (Apensados: PL 3392\/2020, PL 727\/2021, PL 2967\/2021, PL 3303\/2021 (Apensados: PL <br \/>3726\/2021 (Apensado: PL 897\/2022) e PL 4112\/2021 (Apensados: PL 2616\/2023 e PL 3407\/2023 <br \/>(Apensados: PL 4714\/2023, PL 5799\/2023, PL 6057\/2023, PL 51\/2024, PL 228\/2024 e PL 4643\/2020))) e <br \/>PL 2770\/2023), PL 2780\/2019 e PL 142\/2022) <br \/>RELATOR: Deputado BRUNO FARIAS. DECURSO: 4\u00aa SESS\u00c3O <br \/>\u00daLTIMA SESS\u00c3O: 05-08-24 <br \/>Substitutivo (Art. 119, II e \u00a71\u00ba) <br \/>AS PROPOSI\u00c7\u00d5ES ABAIXO SOMENTE RECEBER\u00c3O EMENDAS APRESENTADAS POR MEMBROS <br \/>DESTA COMISS\u00c3O <br \/>PROJETO DE LEI N\u00ba 4.403\/16 &#8211; do Sr. Carlos Henrique Gaguim &#8211; que &#8220;altera a Lei n\u00ba 4.769, de 9 de <br \/>setembro de 1965, que disp\u00f5e sobre a profiss\u00e3o de administrador, para estabelecer que as atividades <br \/>pr\u00f3prias da profiss\u00e3o de administrador s\u00e3o, nas circunst\u00e2ncias que menciona, considerada t\u00edpicas de <br \/>Estado&#8221;. <br \/>RELATORA: Deputada ERIKA KOKAY. <br \/>DECURSO: 5\u00aa SESS\u00c3O <br \/>\u00daLTIMA SESS\u00c3O: 02-08-24 <br \/>Projetos de Lei (Art. 119, I e \u00a71\u00ba) <br \/>PROJETO DE LEI N\u00ba 3.607\/19 &#8211; do Sr. Ossesio Silva &#8211; que &#8220;acrescenta dispositivo \u00e0 Lei n\u00ba 9.784, 29 de <br \/>janeiro de 1999&#8243;. <br \/>RELATOR: Deputado PROF. REGINALDO VERAS. <br \/>PROJETO DE LEI N\u00ba 3.608\/19 &#8211; do Sr. Ossesio Silva &#8211; que &#8220;altera a Lei n\u00b0 10.741, de 1\u00b0 de outubro de <br \/>2003, para tornar obrigat\u00f3ria a afixa\u00e7\u00e3o de placa em \u00f3rg\u00e3os e entidades p\u00fablicos e privados prestadores <br \/>de servi\u00e7os \u00e0 popula\u00e7\u00e3o com aviso relativo a infra\u00e7\u00f5es e crimes contra o idoso&#8221;. <br \/>RELATOR: Deputado CABO GILBERTO SILVA. <br \/>PROJETO DE LEI N\u00ba 4.400\/19 &#8211; do Sr. F\u00e1bio Trad &#8211; que &#8220;altera o art. 11, da Lei n\u00ba 10.098, de 19 de <br \/>dezembro de 2000, para tornar obrigat\u00f3rio o oferecimento de atendimento no t\u00e9rreo dos edif\u00edcios de <br \/>\u00f3rg\u00e3os p\u00fablicos, para pessoas com defici\u00eancia ou com mobilidade reduzida&#8221;. (Apensado: PL 2465\/2021) <br \/>RELATOR: Deputado OSSESIO SILVA. <br \/>PROJETO DE LEI N\u00ba 4.416\/19 &#8211; do Sr. Ossesio Silva &#8211; que &#8220;acrescenta o \u00a7 2\u00ba ao art. 22 da Lei no <br \/>13.019, de 31 de julho de 2014, para obrigar a organiza\u00e7\u00e3o da sociedade civil que desenvolve trabalhos <br \/>destinados ao segmento social e possua mais de cinco atividades ou projetos, a destinar um destes para <br \/>o p\u00fablico idoso&#8221;. <br \/>RELATOR: Deputado LUIZ GAST\u00c3O. <br \/>PROJETO DE LEI N\u00ba 816\/22 &#8211; do Sr. Kim Kataguiri &#8211; que &#8220;disciplina a cess\u00e3o onerosa de direitos \u00e0 <br \/>denomina\u00e7\u00e3o de bens p\u00fablicos pertencentes \u00e0 Uni\u00e3o ou \u00e0s pessoas jur\u00eddicas da administra\u00e7\u00e3o indireta <br \/>federal&#8221;. <br \/>RELATORA: Deputada ADRIANA VENTURA. <br \/>PROJETO DE LEI N\u00ba 5.295\/23 &#8211; da Sra. Dilvanda Faro &#8211; que &#8220;altera a Lei n\u00ba 11.340, de 7 de agosto de <br \/>2006, para prever o sigilo dos dados e informa\u00e7\u00f5es da mulher v\u00edtima de viol\u00eancia familiar ou dom\u00e9stica e <br \/>de seus dependentes nos diversos cadastros mantidos pelo poder p\u00fablico em que seja inscrita&#8221;. <br \/>(Apensado: PL 5472\/2023) <br \/>RELATORA: Deputada DENISE PESS\u00d4A. <br \/>PROJETO DE LEI N\u00ba 5.447\/23 &#8211; do Sr. Airton Faleiro &#8211; que &#8220;autoriza o Poder Executivo a criar a <br \/>Universidade Federal da Regi\u00e3o Tocantina do Estado do Par\u00e1 (UFRT-PA). &#8221; <br \/>RELATORA: Deputada ERIKA KOKAY. <br \/>PROJETO DE LEI N\u00ba 5.935\/23 &#8211; do Sr. Rodrigo Valadares &#8211; que &#8220;altera a composi\u00e7\u00e3o do Conselho <br \/>Nacional de Previd\u00eancia Social (CNPS), para fins de delibera\u00e7\u00e3o do teto de taxa de juros do cr\u00e9dito <br \/>consignado&#8221;. <br \/>RELATOR: Deputado CAPIT\u00c3O ALBERTO NETO. Substitutivo (Art. 119, II e \u00a71\u00ba) <br \/>AS PROPOSI\u00c7\u00d5ES ABAIXO SOMENTE RECEBER\u00c3O EMENDAS APRESENTADAS POR MEMBROS <br \/>DESTA COMISS\u00c3O <br \/>PROJETO DE LEI N\u00ba 4.399\/21 &#8211; do Sr. Pompeo de Mattos &#8211; que &#8220;estabelece indeniza\u00e7\u00e3o para as v\u00edtimas <br \/>do inc\u00eandio na Boate Kiss, ocorrido em 27 de janeiro de 2013&#8243;. <br \/>RELATOR: Deputado RONALDO NOGUEIRA. <br \/>COMISS\u00c3O DE AGRICULTURA, PECU\u00c1RIA, ABASTECIMENTO E <br \/>DESENVOLVIMENTO RURAL <br \/>AVISOS <br \/>PROPOSI\u00c7\u00d5ES EM FASE DE RECEBIMENTO DE EMENDAS (5 SESS\u00d5ES) <br \/>DECURSO: 1\u00aa SESS\u00c3O <br \/>\u00daLTIMA SESS\u00c3O: 08-08-24 <br \/>Projetos de Lei (Art. 119, I e \u00a71\u00ba) <br \/>PROJETO DE LEI N\u00ba 1.228\/23 &#8211; do Sr. Jo\u00e3o Daniel &#8211; que &#8220;disp\u00f5e sobre aquisi\u00e7\u00e3o, pelas distribuidoras, <br \/>de cr\u00e9ditos de energia el\u00e9trica provenientes de micro e minigera\u00e7\u00e3o distribu\u00edda de unidades enquadradas <br \/>como agricultura familiar e microempreendedor individual enquanto durar o financiamento dos <br \/>equipamentos&#8221;. (Apensado: PL 3066\/2023) <br \/>Substitutivo (Art. 119, II e \u00a71\u00ba) <br \/>AS PROPOSI\u00c7\u00d5ES ABAIXO SOMENTE RECEBER\u00c3O EMENDAS APRESENTADAS POR MEMBROS <br \/>DESTA COMISS\u00c3O <br \/>PROJETO DE LEI N\u00ba 9.362\/17 &#8211; do Sr. Aureo &#8211; que &#8220;disp\u00f5e sobre a pol\u00edtica de incentivo e promo\u00e7\u00e3o ao <br \/>desenvolvimento de startups. (PL das Startups)&#8221; (Apensados: PL 10928\/2018, PL 477\/2019, PL <br \/>2670\/2019, PL 3432\/2019, PL 5162\/2020 e PL 140\/2021) <br \/>RELATORA: Deputada CORONEL FERNANDA. <br \/>PROJETO DE LEI N\u00ba 2.022\/22 &#8211; do Sr. Marco Bertaiolli &#8211; que &#8220;altera a Lei n\u00ba 10.925, de 23 de julho de <br \/>2004, para prever al\u00edquota zero de Contribui\u00e7\u00e3o para o PIS\/Pasep e da Contribui\u00e7\u00e3o para o <br \/>Financiamento da Seguridade Social &#8211; COFINS incidentes na importa\u00e7\u00e3o e na comercializa\u00e7\u00e3o no <br \/>mercado interno de adubos e fertilizantes&#8221;. (Apensados: PL 2045\/2022 e PL 4070\/2023) <br \/>RELATOR: Deputado PEDRO LUPION. <br \/>DECURSO: 4\u00aa SESS\u00c3O <br \/>\u00daLTIMA SESS\u00c3O: 05-08-24 <br \/>Substitutivo (Art. 119, II e \u00a71\u00ba) <br \/>AS PROPOSI\u00c7\u00d5ES ABAIXO SOMENTE RECEBER\u00c3O EMENDAS APRESENTADAS POR MEMBROS <br \/>DESTA COMISS\u00c3O <br \/>PROJETO DE LEI N\u00ba 486\/20 &#8211; do Senado Federal &#8211; Zequinha Marinho &#8211; que &#8220;altera a Lei n\u00ba 11.326, de <br \/>24 de julho de 2006, para incluir a redu\u00e7\u00e3o das desigualdades sociais e regionais entre os princ\u00edpios a serem observados pela Pol\u00edtica Nacional da Agricultura Familiar e Empreendimentos Familiares Rurais e <br \/>determina ao poder p\u00fablico tratamento especial quanto a linhas de cr\u00e9dito rural e servi\u00e7os de assist\u00eancia <br \/>t\u00e9cnica e extens\u00e3o rural destinados a agricultores familiares e empreendimentos familiares rurais <br \/>situados na Regi\u00e3o do Maraj\u00f3&#8221;. <br \/>RELATOR: Deputado AUGUSTO PUPPIO. <br \/>DECURSO: 5\u00aa SESS\u00c3O <br \/>\u00daLTIMA SESS\u00c3O: 02-08-24 <br \/>Projetos de Lei (Art. 119, I e \u00a71\u00ba) <br \/>PROJETO DE LEI N\u00ba 909\/24 &#8211; do Sr. Ismael Alexandrino &#8211; que &#8220;institui o Corredor Ecol\u00f3gico On\u00e7a <br \/>Pintada no territ\u00f3rio brasileiro&#8221;. <br \/>RELATORA: Deputada JULIANA KOLANKIEWICZ. <br \/>PROJETO DE LEI N\u00ba 2.062\/24 &#8211; do Sr. Leo Prates &#8211; que &#8220;disp\u00f5e sobre a suspens\u00e3o de pagamento de <br \/>financiamentos relacionados \u00e0 atividade agropecu\u00e1ria em virtude da seca e dos inc\u00eandios no Estado da <br \/>Bahia, Piau\u00ed, Maranh\u00e3o e Tocantins. &#8221; <br \/>RELATOR: Deputado PEDRO JR. <br \/>Substitutivo (Art. 119, II e \u00a71\u00ba) <br \/>AS PROPOSI\u00c7\u00d5ES ABAIXO SOMENTE RECEBER\u00c3O EMENDAS APRESENTADAS POR MEMBROS <br \/>DESTA COMISS\u00c3O <br \/>PROJETO DE LEI N\u00ba 4.623\/19 &#8211; do Sr. Pedro Augusto Bezerra &#8211; que &#8220;disp\u00f5e sobre a conserva\u00e7\u00e3o, a <br \/>restaura\u00e7\u00e3o e o uso sustent\u00e1vel do bioma Caatinga&#8221;. (Apensado: PL 3048\/2022) <br \/>RELATOR: Deputado CORONEL MEIRA. <br \/>PROJETO DE LEI N\u00ba 4.338\/23 &#8211; do Sr. Otto Alencar Filho &#8211; que &#8220;institui o Programa Emergencial para <br \/>Fabrica\u00e7\u00e3o de Am\u00f4nia e Ureia, a subven\u00e7\u00e3o econ\u00f4mica para o uso de g\u00e1s natural como mat\u00e9ria-prima <br \/>desses produtos, altera a Lei n\u00ba 8.171, de 17 de janeiro de 1991, a Lei n\u00ba 8.427, de 27 de maio de 1992, <br \/>e a Lei n\u00ba 12.304, de 2 de agosto de 2010, e d\u00e1 outras provid\u00eancias&#8221;. <br \/>RELATORA: Deputada CORONEL FERNANDA. <br \/>PROJETO DE LEI N\u00ba 4.601\/23 &#8211; do Sr. Lucio Mosquini &#8211; que &#8220;autoriza a cria\u00e7\u00e3o de linha emergencial de <br \/>cr\u00e9dito rural e a renegocia\u00e7\u00e3o e prorroga\u00e7\u00e3o de opera\u00e7\u00f5es de cr\u00e9dito rural de custeio e investimento <br \/>para produtores rurais da pecu\u00e1ria de corte e produtores de leite, que tenham sido prejudicados pela <br \/>queda de pre\u00e7os de comercializa\u00e7\u00e3o. &#8221; (Apensados: PL 4722\/2023, PL 5036\/2023, PL 5213\/2023, PL <br \/>6095\/2023 e PL 919\/2024) <br \/>RELATOR: Deputado SERGIO SOUZA. <br \/>COMISS\u00c3O DE CI\u00caNCIA, TECNOLOGIA E INOVA\u00c7\u00c3O <br \/>AVISOS <br \/>PROPOSI\u00c7\u00d5ES EM FASE DE RECEBIMENTO DE EMENDAS (5 SESS\u00d5ES) <br \/>DECURSO: 5\u00aa SESS\u00c3O <br \/>\u00daLTIMA SESS\u00c3O: 02-08-24 <br \/>Substitutivo (Art. 119, II e \u00a71\u00ba) AS PROPOSI\u00c7\u00d5ES ABAIXO SOMENTE RECEBER\u00c3O EMENDAS APRESENTADAS POR MEMBROS <br \/>DESTA COMISS\u00c3O <br \/>PROJETO DE LEI N\u00ba 587\/22 &#8211; do Sr. Carlos Henrique Gaguim &#8211; que &#8220;institui a Pol\u00edtica Federal TI Verde, <br \/>para promover a reutiliza\u00e7\u00e3o e reciclagem de computadores e acess\u00f3rios descartados pelos \u00f3rg\u00e3os <br \/>p\u00fablicos federais&#8221;. <br \/>RELATOR: Deputado JULIO CESAR RIBEIRO. <br \/>PROJETO DE LEI N\u00ba 5.869\/23 &#8211; da Sra. Yandra Moura &#8211; que &#8220;disp\u00f5e sobre o Programa de Fomento \u00e0s <br \/>Cidades Criativas e d\u00e1 outras provid\u00eancias. &#8221; <br \/>RELATORA: Deputada NELY AQUINO. <br \/>COMISS\u00c3O DE COMUNICA\u00c7\u00c3O <br \/>AVISOS <br \/>PROPOSI\u00c7\u00d5ES EM FASE DE RECEBIMENTO DE EMENDAS (5 SESS\u00d5ES) <br \/>DECURSO: 2\u00aa SESS\u00c3O <br \/>\u00daLTIMA SESS\u00c3O: 07-08-24 <br \/>Substitutivo (Art. 119, II e \u00a71\u00ba) <br \/>AS PROPOSI\u00c7\u00d5ES ABAIXO SOMENTE RECEBER\u00c3O EMENDAS APRESENTADAS POR MEMBROS <br \/>DESTA COMISS\u00c3O <br \/>PROJETO DE LEI N\u00ba 337\/24 &#8211; do Sr. Bibo Nunes &#8211; que &#8220;determina a suspens\u00e3o da carteira nacional de <br \/>habilita\u00e7\u00e3o e das linhas telef\u00f4nicas de titularidade do pichador, al\u00e9m da perda do direito de pegar <br \/>empr\u00e9stimo subsidiado ou consignado e d\u00e1 outras provid\u00eancias&#8221;. <br \/>RELATORA: Deputada SILVYE ALVES. <br \/>DECURSO: 5\u00aa SESS\u00c3O <br \/>\u00daLTIMA SESS\u00c3O: 02-08-24 <br \/>Projetos de Lei (Art. 119, I e \u00a71\u00ba) <br \/>PROJETO DE LEI N\u00ba 2.966\/20 &#8211; do Sr. En\u00e9ias Reis &#8211; que &#8220;institui normas sobre a permuta digital&#8221;. <br \/>RELATOR: Deputado MARANGONI. <br \/>PROJETO DE LEI N\u00ba 3.698\/23 &#8211; do Sr. Alberto Fraga &#8211; que &#8220;altera a Lei n\u00ba 5.070, de 7 de julho de 1966, <br \/>para dispor sobre identifica\u00e7\u00e3o de amea\u00e7as e repress\u00e3o de il\u00edcitos contra a infraestrutura de <br \/>telecomunica\u00e7\u00f5es, e d\u00e1 outras provid\u00eancias&#8221;. <br \/>RELATOR: Deputado ALBUQUERQUE. <br \/>PROJETO DE LEI N\u00ba 1.850\/24 &#8211; da Sra. Detinha &#8211; que &#8220;disp\u00f5e sobre a veicula\u00e7\u00e3o de campanha nacional <br \/>em canais de teledifus\u00e3o para que pessoas surdas acessem conte\u00fado multim\u00eddia na L\u00edngua Brasileira de <br \/>Sinais &#8211; Libras&#8221;. <br \/>RELATORA: Deputada SIMONE MARQUETTO. <br \/>PROJETO DE LEI N\u00ba 1.910\/24 &#8211; da Sra. Laura Carneiro &#8211; que &#8220;altera o art. 21 da Lei n\u00b0 12.965, de 2014, <br \/>Marco Civil da Internet para obrigar os provedores de aplica\u00e7\u00e3o a tomar medidas imediatas e eficazes <br \/>para tornar indispon\u00edveis outros URLs que contenham ou links que apontem para o material j\u00e1 <br \/>identificado como infringente. &#8221; RELATOR: Deputado FRED LINHARES. <br \/>PROJETO DE LEI N\u00ba 2.096\/24 &#8211; do Sr. Cezinha de Madureira &#8211; que &#8220;altera a Lei n\u00ba 4.117, de 27 de <br \/>agosto de 1962, que institui o C\u00f3digo Brasileiro de Telecomunica\u00e7\u00f5es, para dispor sobre a incorpora\u00e7\u00e3o <br \/>da capacidade de recep\u00e7\u00e3o da frequ\u00eancia estendida aos aparelhos destinados \u00e0 recep\u00e7\u00e3o de ondas do <br \/>tipo FM. &#8221; <br \/>RELATOR: Deputado SILAS C\u00c2MARA. <br \/>COMISS\u00c3O DE CONSTITUI\u00c7\u00c3O E JUSTI\u00c7A E DE CIDADANIA <br \/>AVISOS <br \/>PROPOSI\u00c7\u00d5ES EM FASE DE RECEBIMENTO DE EMENDAS (5 SESS\u00d5ES) <br \/>DECURSO: 1\u00aa SESS\u00c3O <br \/>\u00daLTIMA SESS\u00c3O: 08-08-24 <br \/>Substitutivo (Art. 119, II e \u00a71\u00ba) <br \/>AS PROPOSI\u00c7\u00d5ES ABAIXO SOMENTE RECEBER\u00c3O EMENDAS APRESENTADAS POR MEMBROS <br \/>DESTA COMISS\u00c3O <br \/>A &#8211; Da An\u00e1lise da Constitucionalidade, Juridicidade e M\u00e9rito: <br \/>PROJETO DE LEI N\u00ba 4.470\/23 &#8211; do Sr. Jonas Donizette &#8211; que &#8220;altera o inciso II do artigo 53 da Lei 13.105 <br \/>de 16 de mar\u00e7o de 2015, C\u00f3digo de Processo Civil, para estabelecer que o foro do domic\u00edlio ou da <br \/>resid\u00eancia do alimentando \u00e9 o competente para a a\u00e7\u00e3o de investiga\u00e7\u00e3o de paternidade, quando <br \/>cumulada com a de alimentos&#8221;. <br \/>RELATOR: Deputado FL\u00c1VIO NOGUEIRA. <br \/>DECURSO: 3\u00aa SESS\u00c3O <br \/>\u00daLTIMA SESS\u00c3O: 06-08-24 <br \/>Substitutivo (Art. 119, II e \u00a71\u00ba) <br \/>AS PROPOSI\u00c7\u00d5ES ABAIXO SOMENTE RECEBER\u00c3O EMENDAS APRESENTADAS POR MEMBROS <br \/>DESTA COMISS\u00c3O <br \/>A &#8211; Da An\u00e1lise da Constitucionalidade, Juridicidade e M\u00e9rito: <br \/>PROJETO DE LEI N\u00ba 2.815\/21 &#8211; do Sr. Julio Lopes &#8211; que &#8220;altera a Lei n\u00ba 6.938, de 31 de agosto de 1981, <br \/>para dispor acerca do licenciamento ambiental simplificado para a implanta\u00e7\u00e3o ou amplia\u00e7\u00e3o de <br \/>gasodutos de transporte de g\u00e1s natural nas faixas de dom\u00ednio e de servid\u00e3o de dutos de transporte de <br \/>petr\u00f3leo ou derivados, linhas de transmiss\u00e3o e de distribui\u00e7\u00e3o, rodovias, ferrovias e minerodutos&#8221;. <br \/>RELATOR: Deputado AUREO RIBEIRO. <br \/>DECURSO: 5\u00aa SESS\u00c3O <br \/>\u00daLTIMA SESS\u00c3O: 02-08-24 <br \/>Projetos de Lei (Art. 119, I e \u00a71\u00ba) A &#8211; Da An\u00e1lise da Constitucionalidade, Juridicidade e M\u00e9rito: <br \/>PROJETO DE LEI N\u00ba 5.109\/23 &#8211; do Sr. Ricardo Ayres &#8211; que &#8220;altera a Lei n\u00ba 8.906, de 4 de julho de 1994 <br \/>(Estatuto da Advocacia), para assegurar medidas de prote\u00e7\u00e3o pessoal a advogadas (os) que forem <br \/>agredidos durante o exerc\u00edcio da profiss\u00e3o. &#8221; (Apensado: PL 5154\/2023) <br \/>RELATOR: Deputado ALFREDO GASPAR. <br \/>PROJETO DE LEI N\u00ba 649\/24 &#8211; da Sra. Adriana Ventura e outros &#8211; que &#8220;altera a Lei n\u00ba 13.105, de 16 de <br \/>mar\u00e7o de 2015 (C\u00f3digo de Processo Civil), para dispor sobre o terceiro interessado, possibilitando-lhe <br \/>arguir o impedimento e a suspei\u00e7\u00e3o do juiz&#8221;. <br \/>RELATOR: Deputado ALFREDO GASPAR. <br \/>B &#8211; Da An\u00e1lise da Constitucionalidade e Juridicidade (art. 54, I): <br \/>PROJETO DE LEI N\u00ba 6.399\/13 &#8211; do Senado Federal &#8211; Paulo Paim &#8211; (PLS 161\/2011) &#8211; que &#8220;altera o \u00a7 2\u00ba<br \/>do art. 16 da Lei n\u00ba 8.213, de 24 de julho de 1991, para equiparar ao filho do segurado o menor sob sua <br \/>guarda judicial, mediante declara\u00e7\u00e3o do segurado, desde que o menor n\u00e3o possua condi\u00e7\u00f5es suficientes <br \/>para o pr\u00f3prio sustento e educa\u00e7\u00e3o&#8221;. (Apensados: PL 3197\/2012 (Apensado: PL 4763\/2012), PL <br \/>9992\/2018, PL 10366\/2018 e PL 3413\/2019) <br \/>RELATORA: Deputada LAURA CARNEIRO. <br \/>PROJETO DE LEI N\u00ba 3.174\/19 &#8211; do Sr. Carlos Henrique Gaguim &#8211; que &#8220;disp\u00f5e sobre a responsabilidade <br \/>e obrigatoriedade t\u00e9cnica pelo tratamento, e controle de qualidade da \u00e1gua de piscinas de uso p\u00fablico e <br \/>coletivo&#8221;. <br \/>RELATOR: Deputado FL\u00c1VIO NOGUEIRA. <br \/>PROJETO DE LEI N\u00ba 3.330\/19 &#8211; do Sr. M\u00e1rio Heringer &#8211; que &#8220;condiciona a avalia\u00e7\u00e3o da infraestrutura <br \/>f\u00edsica das institui\u00e7\u00f5es de ensino superior, no \u00e2mbito do Sistema Nacional de Avalia\u00e7\u00e3o da Educa\u00e7\u00e3o <br \/>Superior &#8211; SINAES, a cadastro das bibliotecas institucionais junto ao \u00f3rg\u00e3o respons\u00e1vel pela gest\u00e3o da <br \/>Cultura no Governo Federal, e d\u00e1 outras provid\u00eancias&#8221;. <br \/>RELATOR: Deputado CHICO ALENCAR. <br \/>PROJETO DE LEI N\u00ba 3.498\/19 &#8211; do Sr. Altineu C\u00f4rtes &#8211; que &#8220;altera a Lei n\u00ba 12.587, de 3 de janeiro de <br \/>2012, para dispor sobre a obrigatoriedade de contrata\u00e7\u00e3o de seguro de danos causados por colis\u00e3o, <br \/>inc\u00eandio, furto ou roubo dos ve\u00edculos utilizados no transporte remunerado privado individual de <br \/>passageiros&#8221; (Apensados: PL 5795\/2019, PL 5756\/2019, PL 6110\/2019 e PL 3516\/2020) <br \/>RELATOR: Deputado KIM KATAGUIRI. <br \/>PROJETO DE LEI N\u00ba 5.533\/20 &#8211; do Sr. M\u00e1rio Heringer &#8211; que &#8220;altera o art. 8\u00ba da Lei n\u00ba 11.904, de 14 de <br \/>janeiro de 2009, que \u201cInstitui o Estatuto de Museus e d\u00e1 outras provid\u00eancias\u201d, para criar mecanismo de <br \/>prote\u00e7\u00e3o contra a extin\u00e7\u00e3o injustificada de museus p\u00fablicos, e d\u00e1 outras provid\u00eancias&#8221;. <br \/>RELATOR: Deputado CHICO ALENCAR. <br \/>PROJETO DE LEI N\u00ba 4.385\/21 &#8211; do Senado Federal &#8211; Paulo Paim &#8211; (PLS 793\/2015) &#8211; que &#8220;altera o art. <br \/>45-A da Lei n\u00ba 8.212 e o art. 96 da Lei n\u00ba 8.213, ambas de 24 de julho de 1991, para dispensar do <br \/>pagamento de multa para contagem rec\u00edproca de tempo de servi\u00e7o o segurado que tenha exercido <br \/>atividade dispensada do registro previdenci\u00e1rio obrigat\u00f3rio&#8221;. <br \/>RELATORA: Deputada LAURA CARNEIRO. <br \/>PROJETO DE LEI N\u00ba 1.476\/22 &#8211; do Sr. Milton Coelho &#8211; que &#8220;altera a Lei 9.615, de 24 de mar\u00e7o de 1998, <br \/>que institui normas gerais sobre desporto e d\u00e1 outras provid\u00eancias, para dispor sobre a inscri\u00e7\u00e3o dos <br \/>programas de forma\u00e7\u00e3o de atletas por entidades formadoras no Conselho Municipal dos Direitos da <br \/>Crian\u00e7a e do Adolescente&#8221;. <br \/>RELATORA: Deputada ANA PAULA LIMA. <br \/>PROJETO DE LEI N\u00ba 1.927\/23 &#8211; do Sr. Lucas Ramos &#8211; que &#8220;institui o Cadastro Unificado Virtual de <br \/>Diplomas Registrados&#8221;. <br \/>RELATORA: Deputada TABATA AMARAL. <br \/>PROJETO DE LEI N\u00ba 4.720\/23 &#8211; do Sr. Alberto Fraga &#8211; que &#8220;altera o art. 1\u00ba da Lei n\u00ba 11.433, de 28 de <br \/>dezembro de 2006, para denominar o Dia do Idoso como Dia Nacional do Respeito aos Idosos, e d\u00e1 outras provid\u00eancias&#8221;. <br \/>RELATOR: Deputado CAPIT\u00c3O AUGUSTO. <br \/>PROJETO DE LEI N\u00ba 5.015\/23 &#8211; da Sra. Priscila Costa &#8211; que &#8220;institui o Dia de Preven\u00e7\u00e3o \u00e0 Automutila\u00e7\u00e3o <br \/>e d\u00e1 outras provid\u00eancias. &#8221; <br \/>RELATORA: Deputada LAURA CARNEIRO. <br \/>COMISS\u00c3O DE CULTURA <br \/>AVISOS <br \/>PROPOSI\u00c7\u00d5ES EM FASE DE RECEBIMENTO DE EMENDAS (5 SESS\u00d5ES) <br \/>DECURSO: 2\u00aa SESS\u00c3O <br \/>\u00daLTIMA SESS\u00c3O: 07-08-24 <br \/>Substitutivo (Art. 119, II e \u00a71\u00ba) <br \/>AS PROPOSI\u00c7\u00d5ES ABAIXO SOMENTE RECEBER\u00c3O EMENDAS APRESENTADAS POR MEMBROS <br \/>DESTA COMISS\u00c3O <br \/>PROJETO DE LEI N\u00ba 1.516\/24 &#8211; do Sr. Yury do Pared\u00e3o &#8211; que &#8220;reconhece e declara Patrim\u00f4nio <br \/>Religioso, Cultural e Imaterial do Brasil, a Campanha da Fraternidade. &#8221; <br \/>RELATOR: Deputado MARCELO QUEIROZ. <br \/>DECURSO: 5\u00aa SESS\u00c3O <br \/>\u00daLTIMA SESS\u00c3O: 02-08-24 <br \/>Substitutivo (Art. 119, II e \u00a71\u00ba) <br \/>AS PROPOSI\u00c7\u00d5ES ABAIXO SOMENTE RECEBER\u00c3O EMENDAS APRESENTADAS POR MEMBROS <br \/>DESTA COMISS\u00c3O <br \/>PROJETO DE LEI N\u00ba 2.594\/19 &#8211; do Sr. J\u00fanior Bozzella &#8211; que &#8220;confere ao Munic\u00edpio de S\u00e3o Jos\u00e9 dos <br \/>Campos, no Estado de S\u00e3o Paulo, o t\u00edtulo de Capital Nacional da Avia\u00e7\u00e3o e da Ind\u00fastria Aeroespacial&#8221;. <br \/>(Apensado: PL 1488\/2022) <br \/>RELATORA: Deputada ALICE PORTUGAL. <br \/>PROJETO DE LEI N\u00ba 1.452\/24 &#8211; do Sr. Nitinho &#8211; que &#8220;inclui e declara a tradi\u00e7\u00e3o do Barco de Fogo, como <br \/>Patrim\u00f4nio Nacional, Hist\u00f3rico e Cultural do Brasil e d\u00e1 outras provid\u00eancias. &#8221; <br \/>RELATOR: Deputado RAIMUNDO SANTOS. <br \/>COMISS\u00c3O DE DEFESA DOS DIREITOS DA MULHER <br \/>AVISOS <br \/>PROPOSI\u00c7\u00d5ES EM FASE DE RECEBIMENTO DE EMENDAS A PARTIR DE <br \/>SEGUNDA-FEIRA (DIA 05\/08\/2024) Substitutivo (Art. 119, II e \u00a71\u00ba) <br \/>AS PROPOSI\u00c7\u00d5ES ABAIXO SOMENTE RECEBER\u00c3O EMENDAS APRESENTADAS POR MEMBROS <br \/>DESTA COMISS\u00c3O <br \/>PROJETO DE LEI N\u00ba 1.249\/22 &#8211; da Sra. Jandira Feghali &#8211; que &#8220;acrescenta inciso XIII ao art. 473 do <br \/>DECRETO-LEI N\u00ba 5.452, DE 1\u00ba DE MAIO DE 1943, para garantir licen\u00e7a de tr\u00eas dias consecutivos, a <br \/>cada m\u00eas, \u00e0s mulheres que comprovem sintomas graves associados ao fluxo menstrual&#8221;. (Apensados: <br \/>PL 2978\/2022, PL 1719\/2023, PL 5048\/2023 e PL 1094\/2024) <br \/>RELATORA: Deputada JULIANA CARDOSO. <br \/>PROPOSI\u00c7\u00d5ES EM FASE DE RECEBIMENTO DE EMENDAS (5 SESS\u00d5ES) <br \/>DECURSO: 1\u00aa SESS\u00c3O <br \/>\u00daLTIMA SESS\u00c3O: 08-08-24 <br \/>Projetos de Lei (Art. 119, I e \u00a71\u00ba) <br \/>PROJETO DE LEI N\u00ba 108\/24 &#8211; do Sr. Julio Cesar Ribeiro &#8211; que &#8220;altera a lei 14.541 de 3 de abril de 2023, <br \/>que disp\u00f5e sobre cria\u00e7\u00e3o e o funcionamento ininterrupto de Delegacias Especializadas de Atendimento \u00e0 <br \/>Mulher, para a amplia\u00e7\u00e3o da capacidade de atendimento das delegacias especializadas de atendimento <br \/>\u00e0 mulher. &#8221; <br \/>RELATORA: Deputada JULIANA CARDOSO. <br \/>DECURSO: 4\u00aa SESS\u00c3O <br \/>\u00daLTIMA SESS\u00c3O: 05-08-24 <br \/>Projetos de Lei (Art. 119, I e \u00a71\u00ba) <br \/>PROJETO DE LEI N\u00ba 4.343\/20 &#8211; Eduardo da Fonte e Tereza Nelma &#8211; que &#8220;altera a Lei n\u00ba 11.340, de 07 <br \/>de agosto de 2006 (Lei Maria da Penha), para incluir a mulher com defici\u00eancia no rol exemplificativo do <br \/>art. 2\u00ba&#8221;. <br \/>RELATORA: Deputada LAURA CARNEIRO. <br \/>PROJETO DE LEI N\u00ba 3.945\/21 &#8211; da Sra. Tal\u00edria Petrone e outros &#8211; que &#8220;cria a Semana Nacional de Apoio <br \/>\u00e0 Amamenta\u00e7\u00e3o Negra, a ser celebrada entre os dias 25 e 31 de agosto de cada ano&#8221;. <br \/>RELATORA: Deputada REGINETE BISPO. <br \/>PROJETO DE LEI N\u00ba 6.113\/23 &#8211; do Sr. Duda Ramos &#8211; que &#8220;cria o Banco Nacional de Boas Pr\u00e1ticas na <br \/>Preven\u00e7\u00e3o e no Combate da Viol\u00eancia Contra a Mulher. &#8221; <br \/>RELATORA: Deputada LAURA CARNEIRO. <br \/>PROJETO DE LEI N\u00ba 1.424\/24 &#8211; da Sra. Rog\u00e9ria Santos &#8211; que &#8220;altera a Consolida\u00e7\u00e3o das Leis do <br \/>Trabalho e a Lei n\u00ba 11.340, de 7 de agosto de 2006, para dispor sobre a estabilidade da empregada do <br \/>retorno ao trabalho ap\u00f3s o t\u00e9rmino da vig\u00eancia de medida protetiva de urg\u00eancia&#8221;. <br \/>RELATORA: Deputada DELEGADA IONE. <br \/>PROJETO DE LEI N\u00ba 1.621\/24 &#8211; da Sra. Erika Hilton &#8211; que &#8220;altera a Lei n\u00b0 14.214, de 6 de outubro de <br \/>2021, para dispor sobre a inser\u00e7\u00e3o de mulheres em contexto de eventos clim\u00e1ticos extremos, <br \/>calamidade p\u00fablica e deslocamento clim\u00e1tico como benefici\u00e1rias do Programa de Prote\u00e7\u00e3o e Promo\u00e7\u00e3o <br \/>da Sa\u00fade Menstrual&#8221;. <br \/>RELATORA: Deputada MARIA ARRAES. <br \/>COMISS\u00c3O DE DEFESA DOS DIREITOS DA PESSOA IDOSA AVISOS <br \/>PROPOSI\u00c7\u00d5ES EM FASE DE RECEBIMENTO DE EMENDAS A PARTIR DE <br \/>SEGUNDA-FEIRA (DIA 05\/08\/2024) <br \/>Projetos de Lei (Art. 119, I e \u00a71\u00ba) <br \/>PROJETO DE LEI N\u00ba 2.445\/24 &#8211; do Sr. Duda Ramos &#8211; que &#8220;disp\u00f5e sobre o Marco Regulat\u00f3rio da <br \/>Responsabilidade Filial em rela\u00e7\u00e3o \u00e0 pessoa idosa&#8221;. <br \/>RELATOR: Deputado PEDRO AIHARA. <br \/>PROPOSI\u00c7\u00d5ES EM FASE DE RECEBIMENTO DE EMENDAS (5 SESS\u00d5ES) <br \/>DECURSO: 1\u00aa SESS\u00c3O <br \/>\u00daLTIMA SESS\u00c3O: 08-08-24 <br \/>Projetos de Lei (Art. 119, I e \u00a71\u00ba) <br \/>PROJETO DE LEI N\u00ba 1.951\/24 &#8211; do Sr. Z\u00e9 Haroldo Cathedral &#8211; que &#8220;institui o Dia Nacional do Combate \u00e0 <br \/>Viol\u00eancia Contra a Pessoa Idosa&#8221;. <br \/>RELATOR: Deputado CASTRO NETO. <br \/>PROJETO DE LEI N\u00ba 2.361\/24 &#8211; do Sr. Marcos Tavares &#8211; que &#8220;disp\u00f5e sobre a implementa\u00e7\u00e3o de um <br \/>Programa de Vacina\u00e7\u00e3o Domiciliar para Idosos, destinado a indiv\u00edduos com 60 anos ou mais que <br \/>estejam incapacitados de se deslocar at\u00e9 os locais de vacina\u00e7\u00e3o, proporcionando acesso \u00e0 imuniza\u00e7\u00e3o <br \/>contra Covid-19 e gripe (Influenza). &#8221; <br \/>RELATOR: Deputado ERIBERTO MEDEIROS. <br \/>PROJETO DE LEI N\u00ba 2.480\/24 &#8211; do Sr. Aureo Ribeiro &#8211; que &#8220;altera a Lei n\u00ba 10.741, de 1 de outubro de <br \/>2003, para dispor sobre a prioridade ao idoso em Servi\u00e7o de Atendimento ao Consumidor &#8211; SAC por <br \/>telefone, no \u00e2mbito dos fornecedores de servi\u00e7os regulados pelo Poder P\u00fablico federal&#8221;. <br \/>RELATORA: Deputada DAYANY BITTENCOURT. <br \/>DECURSO: 5\u00aa SESS\u00c3O <br \/>\u00daLTIMA SESS\u00c3O: 02-08-24 <br \/>Projetos de Lei (Art. 119, I e \u00a71\u00ba) <br \/>PROJETO DE LEI N\u00ba 2.212\/24 &#8211; do Sr. David Soares &#8211; que &#8220;acrescenta na lei 8313, de 23 de Dezembro <br \/>de 1991 para incluir no art.1\u00b0 incentivo a projetos voltados para idosos&#8221;. <br \/>RELATOR: Deputado GERALDO RESENDE. <br \/>PROJETO DE LEI N\u00ba 2.217\/24 &#8211; do Sr. Ossesio Silva &#8211; que &#8220;cria o Cadastro Nacional de Pessoas <br \/>Condenadas por Viol\u00eancia contra Pessoas Idosas (CNVI) e d\u00e1 outras provid\u00eancias&#8221; (Apensado: PL <br \/>2367\/2024) <br \/>RELATOR: Deputado LUIZ COUTO. <br \/>COMISS\u00c3O DE DEFESA DOS DIREITOS DAS PESSOAS COM DEFICI\u00caNCIA <br \/>AVISOS PROPOSI\u00c7\u00d5ES EM FASE DE RECEBIMENTO DE EMENDAS (5 SESS\u00d5ES) <br \/>DECURSO: 1\u00aa SESS\u00c3O <br \/>\u00daLTIMA SESS\u00c3O: 08-08-24 <br \/>Projetos de Lei (Art. 119, I e \u00a71\u00ba) <br \/>PROJETO DE LEI N\u00ba 492\/20 &#8211; do Sr. Geninho Zuliani &#8211; que &#8220;concede isen\u00e7\u00e3o do Imposto sobre Produtos <br \/>Industrializados (IPI) e do Imposto de Importa\u00e7\u00e3o (II) sobre produtos de tecnologia assistiva destinados <br \/>\u00e0s pessoas com defici\u00eancia&#8221; (Apensado: PL 2171\/2022) <br \/>RELATOR: Deputado SARGENTO PORTUGAL. <br \/>PROJETO DE LEI N\u00ba 4.582\/23 &#8211; do Sr. Dagoberto Nogueira &#8211; que &#8220;disp\u00f5e sobre a garantia de transporte <br \/>adaptado aos educandos com defici\u00eancia&#8221;. <br \/>RELATORA: Deputada DAYANY BITTENCOURT. <br \/>PROJETO DE LEI N\u00ba 1.936\/24 &#8211; do Sr. Clodoaldo Magalh\u00e3es &#8211; que &#8220;cria a Pol\u00edtica Nacional de Prote\u00e7\u00e3o <br \/>\u00e0s Pessoas com Ostomia e d\u00e1 outras provid\u00eancias&#8221; <br \/>RELATORA: Deputada ROSANGELA MORO. <br \/>PROJETO DE LEI N\u00ba 1.941\/24 &#8211; do Sr. Marx Beltr\u00e3o &#8211; que &#8220;altera a Lei n\u00ba 13.146, de 2015, para prever o <br \/>uso do cord\u00e3o de fita com desenhos de tulipa vermelha como instrumento auxiliar de orienta\u00e7\u00e3o para <br \/>identifica\u00e7\u00e3o de pessoas com doen\u00e7a de Parkison&#8221;. <br \/>RELATOR: Deputado Z\u00c9 HAROLDO CATHEDRAL. <br \/>PROJETO DE LEI N\u00ba 1.976\/24 &#8211; do Sr. Mauricio Neves &#8211; que &#8220;inclui a Displasia Ectod\u00e9rmica (DE) no rol <br \/>das \u201cdoen\u00e7as raras\u201d, declara seus portadores \u201cPessoas com Defici\u00eancia\u201d, para todos os efeitos legais, <br \/>institui o Dia Nacional de Inclus\u00e3o do Portador de DE e d\u00e1 outras provid\u00eancias\u201d&#8221;. <br \/>RELATORA: Deputada LUCYANA GEN\u00c9SIO. <br \/>PROJETO DE LEI N\u00ba 2.016\/24 &#8211; do Sr. Luciano Ducci &#8211; que &#8220;altera a Lei n\u00ba 13.846, de 18 de junho de <br \/>2019, para permitir que m\u00e9dicos particulares especialistas em suas respectivas \u00e1reas possam emitir <br \/>laudos atestando a defici\u00eancia, para fins de concess\u00e3o de benef\u00edcios tribut\u00e1rios, enquanto n\u00e3o forem <br \/>implementadas per\u00edcias m\u00e9dicas espec\u00edficas para essa finalidade. &#8221; <br \/>RELATOR: Deputado GERALDO RESENDE. <br \/>PROJETO DE LEI N\u00ba 2.041\/24 &#8211; do Sr. Jadyel Alencar &#8211; que &#8220;institui o Programa Nacional de Facilita\u00e7\u00e3o <br \/>ao Acesso de Tratamentos \u00e0 Base de Canabidiol (CBD) para Pessoas com Transtorno do Espectro <br \/>Autista (TEA). &#8221; <br \/>RELATOR: Deputado Z\u00c9 HAROLDO CATHEDRAL. <br \/>PROJETO DE LEI N\u00ba 2.054\/24 &#8211; do Sr. Duarte Jr. &#8211; que &#8220;altera a Lei 14.601\/2023 para garantir o BPC no <br \/>c\u00e1lculo da renda familiar per capita mensal, exceto quando percebido por pessoa com defici\u00eancia, e <br \/>assegura a acumula\u00e7\u00e3o deste benef\u00edcio com outros benef\u00edcios sociais&#8221;. (Apensado: PL 2055\/2024) <br \/>RELATOR: Deputado M\u00c1RCIO JERRY. <br \/>Substitutivo (Art. 119, II e \u00a71\u00ba) <br \/>AS PROPOSI\u00c7\u00d5ES ABAIXO SOMENTE RECEBER\u00c3O EMENDAS APRESENTADAS POR MEMBROS <br \/>DESTA COMISS\u00c3O <br \/>PROJETO DE LEI N\u00ba 4.691\/19 &#8211; do Senado Federal &#8211; Leila Barros &#8211; que &#8220;altera a Lei n\u00ba 6.259, de 30 de <br \/>outubro de 1975, que \u201cdisp\u00f5e sobre a organiza\u00e7\u00e3o das a\u00e7\u00f5es de Vigil\u00e2ncia Epidemiol\u00f3gica, sobre o <br \/>Programa Nacional de Imuniza\u00e7\u00f5es, estabelece normas relativas \u00e0 notifica\u00e7\u00e3o compuls\u00f3ria de doen\u00e7as, <br \/>e d\u00e1 outras provid\u00eancias\u201d, para tornar obrigat\u00f3ria a notifica\u00e7\u00e3o de doen\u00e7as raras&#8221;. (Apensado: PL <br \/>3302\/2015 (Apensados: PL 4345\/2016 (Apensados: PL 4818\/2016 (Apensado: PL 5017\/2016), PL <br \/>705\/2019 (Apensados: PL 1035\/2021 e PL 1208\/2024), PL 3543\/2019 (Apensado: PL 5732\/2023), PL <br \/>5374\/2020 (Apensados: PL 656\/2021, PL 1502\/2023 (Apensado: PL 2684\/2023), PL 6110\/2023 (Apensado: PL 1203\/2024) e PL 756\/2024) e PL 992\/2022 (Apensados: PL 2960\/2023, PL 5508\/2023 e <br \/>PL 757\/2024)), PL 4812\/2016 (Apensados: PL 3650\/2020 e PL 1907\/2021 (Apensado: PL 2817\/2021)), <br \/>PL 5998\/2016, PL 3262\/2020 (Apensados: PL 4352\/2020 e PL 3888\/2023) e PL 758\/2024)) <br \/>RELATOR: Deputado DANIEL AGROBOM. <br \/>PROJETO DE LEI N\u00ba 2.172\/23 &#8211; do Sr. Duarte &#8211; que &#8220;revoga o \u00a78\u00ba do art. 1\u00ba da Lei n\u00ba 12.933, de 26 de <br \/>dezembro de 2015 e altera o \u00a77\u00ba do art. 44 da Lei 13.146, de 6 de julho de 2015, para efetivar a todas as <br \/>pessoas com defici\u00eancia e seu acompanhante o direito \u00e0 cultura, esporte, turismo e lazer assegurando a <br \/>concess\u00e3o de gratuidade&#8221;. (Apensado: PL 3366\/2023) <br \/>RELATOR: Deputado BRUNO FARIAS. <br \/>DECURSO: 5\u00aa SESS\u00c3O <br \/>\u00daLTIMA SESS\u00c3O: 02-08-24 <br \/>Substitutivo (Art. 119, II e \u00a71\u00ba) <br \/>AS PROPOSI\u00c7\u00d5ES ABAIXO SOMENTE RECEBER\u00c3O EMENDAS APRESENTADAS POR MEMBROS <br \/>DESTA COMISS\u00c3O <br \/>PROJETO DE LEI N\u00ba 2.958\/23 &#8211; do Sr. Jonas Donizette &#8211; que &#8220;acrescenta o \u00a7 6\u00ba ao art. 15, da Lei n\u00ba<br \/>9.615, de 24 de mar\u00e7o de 1998, para dispor sobre o uso da denomina\u00e7\u00e3o &#8220;paraol\u00edmpico&#8221;, inclusive para <br \/>fins comerciais, pelas pessoas jur\u00eddicas de direito privado sem fins lucrativos que especifica&#8221;. <br \/>RELATORA: Deputada DANIELA REINEHR. <br \/>COMISS\u00c3O DE DESENVOLVIMENTO URBANO <br \/>AVISOS <br \/>PROPOSI\u00c7\u00d5ES EM FASE DE RECEBIMENTO DE EMENDAS (5 SESS\u00d5ES) <br \/>DECURSO: 2\u00aa SESS\u00c3O <br \/>\u00daLTIMA SESS\u00c3O: 07-08-24 <br \/>Substitutivo (Art. 119, II e \u00a71\u00ba) <br \/>AS PROPOSI\u00c7\u00d5ES ABAIXO SOMENTE RECEBER\u00c3O EMENDAS APRESENTADAS POR MEMBROS <br \/>DESTA COMISS\u00c3O <br \/>PROJETO DE LEI N\u00ba 4.072\/19 &#8211; do Sr. Giovani Cherini &#8211; que &#8220;obriga que o documento de cobran\u00e7a de <br \/>condom\u00ednio e encargos contenha informa\u00e7\u00f5es detalhadas respectivamente ao que est\u00e1 sendo cobrado <br \/>da unidade condominial&#8221;. <br \/>RELATOR: Deputado GUILHERME BOULOS. <br \/>DECURSO: 5\u00aa SESS\u00c3O <br \/>\u00daLTIMA SESS\u00c3O: 02-08-24 <br \/>Substitutivo (Art. 119, II e \u00a71\u00ba) <br \/>AS PROPOSI\u00c7\u00d5ES ABAIXO SOMENTE RECEBER\u00c3O EMENDAS APRESENTADAS POR MEMBROS <br \/>DESTA COMISS\u00c3O PROJETO DE LEI N\u00ba 9.448\/17 &#8211; da Sra. Mariana Carvalho &#8211; que &#8220;determina a adequa\u00e7\u00e3o dos frald\u00e1rios <br \/>aos portadores de defici\u00eancia e mobilidade reduzida para ambos os sexos&#8221;. (Apensado: PL 4059\/2023) <br \/>RELATORA: Deputada L\u00caDA BORGES. <br \/>PROJETO DE LEI N\u00ba 5.998\/19 &#8211; do Senado Federal &#8211; Reguffe &#8211; (PLS 667\/2015) &#8211; que &#8220;altera a Lei n\u00ba<br \/>10.257, de 10 de julho de 2001 (Estatuto da Cidade), para incluir, no conte\u00fado obrigat\u00f3rio do plano <br \/>diretor, a localiza\u00e7\u00e3o dos equipamentos urbanos e comunit\u00e1rios necess\u00e1rios \u00e0 execu\u00e7\u00e3o das pol\u00edticas <br \/>setoriais, e d\u00e1 outras provid\u00eancias&#8221;. (Apensado: PL 770\/2023) <br \/>RELATORA: Deputada L\u00caDA BORGES. <br \/>PROJETO DE LEI N\u00ba 4.284\/23 &#8211; do Sr. Marcos Tavares &#8211; que &#8220;institui a obrigatoriedade de constru\u00e7\u00e3o e <br \/>manuten\u00e7\u00e3o de escolas, creches e Unidades B\u00e1sicas de Sa\u00fade nas proximidades dos conjuntos <br \/>habitacionais financiados com recursos federais, em todo territ\u00f3rio nacional e d\u00e1 outras provid\u00eancias&#8221;. <br \/>RELATORA: Deputada L\u00caDA BORGES. <br \/>COMISS\u00c3O DE DIREITOS HUMANOS, MINORIAS E IGUALDADE RACIAL <br \/>AVISOS <br \/>PROPOSI\u00c7\u00d5ES EM FASE DE RECEBIMENTO DE EMENDAS (5 SESS\u00d5ES) <br \/>DECURSO: 1\u00aa SESS\u00c3O <br \/>\u00daLTIMA SESS\u00c3O: 08-08-24 <br \/>Projetos de Lei (Art. 119, I e \u00a71\u00ba) <br \/>PROJETO DE LEI N\u00ba 276\/11 &#8211; do Sr. Duarte Nogueira &#8211; que &#8220;altera o art. 6\u00ba da Lei n\u00ba 9.883, de 7 de <br \/>dezembro de 1999, que &#8220;Institui o Sistema Brasileiro de Intelig\u00eancia &#8211; ABIN, e d\u00e1 outras provid\u00eancias&#8221;, <br \/>para criar a Controladoria das Atividades de Intelig\u00eancia&#8221;. (Apensados: PL 480\/2011, PL 6832\/2013, PL <br \/>645\/2015 e PL 5139\/2023 (Apensado: PL 5302\/2023)) <br \/>RELATOR: Deputado TADEU VENERI. <br \/>COMISS\u00c3O DE EDUCA\u00c7\u00c3O <br \/>AVISOS <br \/>PROPOSI\u00c7\u00d5ES EM FASE DE RECEBIMENTO DE EMENDAS (5 SESS\u00d5ES) <br \/>DECURSO: 1\u00aa SESS\u00c3O <br \/>\u00daLTIMA SESS\u00c3O: 08-08-24 <br \/>Projetos de Lei (Art. 119, I e \u00a71\u00ba) <br \/>PROJETO DE LEI N\u00ba 1.358\/24 &#8211; do Sr. Pedro Campos &#8211; que &#8220;altera a Lei n\u00ba 11.096, de 13 de janeiro de <br \/>2005, que \u201cInstitui o Programa Universidade para Todos \u2013 PROUNI\u201d para dispor sobre a oferta de bolsas <br \/>de gradua\u00e7\u00e3o tecnol\u00f3gica e o incentivo a inser\u00e7\u00e3o de estudantes em ambiente organizacional pr\u00e1tico&#8221;. <br \/>RELATORA: Deputada LUISA CANZIANI. Substitutivo (Art. 119, II e \u00a71\u00ba) <br \/>AS PROPOSI\u00c7\u00d5ES ABAIXO SOMENTE RECEBER\u00c3O EMENDAS APRESENTADAS POR MEMBROS <br \/>DESTA COMISS\u00c3O <br \/>PROJETO DE LEI N\u00ba 1.691\/23 &#8211; do Sr. Gilson Daniel &#8211; que &#8220;disp\u00f5e sobre compensa\u00e7\u00e3o financeira a ser <br \/>paga pela Uni\u00e3o \u00e0s v\u00edtimas dos ataques violentos nas escolas, bem como aos familiares das v\u00edtimas, em <br \/>casos de \u00f3bito&#8221;. <br \/>RELATORA: Deputada TABATA AMARAL. <br \/>PROJETO DE LEI N\u00ba 3.007\/23 &#8211; do Sr. Paulo Litro &#8211; que &#8220;assegura ao estudante com s\u00edndrome de down <br \/>o direito \u00e0 matr\u00edcula em escola regular e, em escola da educa\u00e7\u00e3o especial em contraturno, para a <br \/>assist\u00eancia e suporte&#8221;. <br \/>RELATOR: Deputado PROFESSOR ALCIDES. <br \/>PROJETO DE LEI N\u00ba 4.655\/23 &#8211; do Sr. Fausto Pinato &#8211; que &#8220;disp\u00f5e sobre o fornecimento de <br \/>suplementa\u00e7\u00e3o alimentar para crian\u00e7as em estabelecimentos p\u00fablicos de ensino, de sa\u00fade e da <br \/>assist\u00eancia social, e alteram os artigos 70 e 71 da Lei n\u00ba 9.394, de 20 de dezembro de 1996&#8243;. <br \/>RELATOR: Deputado RAFAEL BRITO. <br \/>DECURSO: 2\u00aa SESS\u00c3O <br \/>\u00daLTIMA SESS\u00c3O: 07-08-24 <br \/>Substitutivo (Art. 119, II e \u00a71\u00ba) <br \/>AS PROPOSI\u00c7\u00d5ES ABAIXO SOMENTE RECEBER\u00c3O EMENDAS APRESENTADAS POR MEMBROS <br \/>DESTA COMISS\u00c3O <br \/>PROJETO DE LEI N\u00ba 3.471\/15 &#8211; do Sr. Helder Salom\u00e3o &#8211; que &#8220;altera a Lei n\u00ba 9.394, de 20 de dezembro <br \/>de 1996 &#8211; LDB, para determinar que a carga hor\u00e1ria semanal m\u00ednima para as disciplinas do ensino m\u00e9dio <br \/>dever\u00e1 ser de dois tempos de aula&#8221;. <br \/>RELATORA: Deputada DANDARA. <br \/>DECURSO: 5\u00aa SESS\u00c3O <br \/>\u00daLTIMA SESS\u00c3O: 02-08-24 <br \/>Projetos de Lei (Art. 119, I e \u00a71\u00ba) <br \/>PROJETO DE LEI N\u00ba 2.710\/22 &#8211; do Sr. Kim Kataguiri &#8211; que &#8220;cria o Cadastro Nacional de Informa\u00e7\u00f5es <br \/>sobre maus tratos e abuso sexual praticados contra crian\u00e7as em creches e pr\u00e9-escolas da educa\u00e7\u00e3o <br \/>infantil&#8221;. <br \/>RELATOR: Deputado CAPIT\u00c3O ALDEN. <br \/>PROJETO DE LEI N\u00ba 844\/23 &#8211; do Sr. Alberto Fraga &#8211; que &#8220;acresce o art. 58-A \u00e0 Lei n\u00ba 9.394, de 20 de <br \/>dezembro de 1996, que estabelece diretrizes e bases da educa\u00e7\u00e3o nacional, para estabelecer <br \/>capacita\u00e7\u00e3o b\u00e1sica para professores e colaboradores na educa\u00e7\u00e3o inclusiva, e d\u00e1 outras provid\u00eancias. <br \/>&#8221; (Apensados: PL 2599\/2023 e PL 5877\/2023) <br \/>RELATOR: Deputado CAPIT\u00c3O ALDEN. <br \/>PROJETO DE LEI N\u00ba 3.420\/23 &#8211; do Sr. Rubens Pereira J\u00fanior &#8211; que &#8220;institui o est\u00e1gio de estudantes do <br \/>curso de gradua\u00e7\u00e3o e de curso e t\u00e9cnico de enfermagem no Corpo de Bombeiros Militar do Distrito <br \/>Federal e d\u00e1 outras provid\u00eancias&#8221;. <br \/>RELATORA: Deputada ALICE PORTUGAL. <br \/>PROJETO DE LEI N\u00ba 4.486\/23 &#8211; da Sra. Flavinha &#8211; que &#8220;disp\u00f5e sobre a cria\u00e7\u00e3o da Patrulha Nacional de <br \/>Preven\u00e7\u00e3o \u00e0 Viol\u00eancia Dom\u00e9stica e Familiar contra Crian\u00e7as e Adolescentes. &#8221; <br \/>RELATORA: Deputada ROG\u00c9RIA SANTOS. PROJETO DE LEI N\u00ba 5.962\/23 &#8211; do Sr. Gilberto Abramo &#8211; que &#8220;inclui diretrizes sobre mentoria <br \/>profissional em programas de educa\u00e7\u00e3o e capacita\u00e7\u00e3o profissional&#8221;. <br \/>RELATOR: Deputado DIEGO GARCIA. <br \/>PROJETO DE LEI N\u00ba 559\/24 &#8211; do Sr. Jos\u00e9 Guimar\u00e3es &#8211; que &#8220;altera a Lei n\u00ba 9.394, de 20 de dezembro de <br \/>1996, para incluir conte\u00fados relativos a no\u00e7\u00f5es de seguran\u00e7a e sa\u00fade no trabalho, como tema <br \/>transversal nos curr\u00edculos da educa\u00e7\u00e3o b\u00e1sica&#8221;. <br \/>RELATOR: Deputado PROF. REGINALDO VERAS. <br \/>PROJETO DE LEI N\u00ba 626\/24 &#8211; do Sr. Fred Linhares &#8211; que &#8220;destina 10% (dez por cento) dos recursos do <br \/>Fundo Nacional de Desenvolvimento Cient\u00edfico e Tecnol\u00f3gico &#8211; FNDCT para o fomento de produtos, <br \/>estrat\u00e9gias e tecnologias voltados para a telessa\u00fade, a teleassist\u00eancia e a educa\u00e7\u00e3o \u00e0 dist\u00e2ncia. &#8221; <br \/>RELATOR: Deputado DELEGADO PAULO BILYNSKYJ. <br \/>PROJETO DE LEI N\u00ba 1.306\/24 &#8211; da Sra. Dayany Bittencourt &#8211; que &#8220;altera a Lei n\u00ba 10.260, 12 de julho de <br \/>2001, que trata do Fundo de Financiamento Estudantil (Fies), a fim de estabelecer disposi\u00e7\u00f5es relativas <br \/>\u00e0 quita\u00e7\u00e3o de obriga\u00e7\u00f5es futuras decorrentes de contratos de estudantes adimplentes com o mencionado <br \/>Fundo, e d\u00e1 outras provid\u00eancias&#8221;. (Apensado: PL 1446\/2024) <br \/>RELATOR: Deputado MOSES RODRIGUES. <br \/>PROJETO DE LEI N\u00ba 1.326\/24 &#8211; da Sra. Tabata Amaral &#8211; que &#8220;cria o selo Escola Volunt\u00e1ria. &#8221; <br \/>RELATOR: Deputado PROF. REGINALDO VERAS. <br \/>Substitutivo (Art. 119, II e \u00a71\u00ba) <br \/>AS PROPOSI\u00c7\u00d5ES ABAIXO SOMENTE RECEBER\u00c3O EMENDAS APRESENTADAS POR MEMBROS <br \/>DESTA COMISS\u00c3O <br \/>PROJETO DE LEI N\u00ba 147\/23 &#8211; da Sra. Renata Abreu &#8211; que &#8220;altera a Lei n\u00ba 12.933, de 26 de dezembro de <br \/>2013, que \u201cDisp\u00f5e sobre o benef\u00edcio do pagamento de meia-entrada para estudantes, idosos, pessoas <br \/>com defici\u00eancia e jovens de 15 a 29 anos comprovadamente carentes em espet\u00e1culos art\u00edstico-culturais <br \/>e esportivos, e revoga a Medida Provis\u00f3ria no 2.208, de 17 de agosto de 2001\u201d, para estender a <br \/>condi\u00e7\u00e3o de estudante por um ano ap\u00f3s a conclus\u00e3o do ensino m\u00e9dio. &#8221; <br \/>RELATORA: Deputada ROG\u00c9RIA SANTOS. <br \/>PROJETO DE LEI N\u00ba 6.141\/23 &#8211; do Sr. Lucio Mosquini &#8211; que &#8220;torna obrigat\u00f3ria a oferta de educa\u00e7\u00e3o <br \/>profissional t\u00e9cnica de n\u00edvel m\u00e9dio em todas as unidades de ensino m\u00e9dio da rede p\u00fablica&#8221;. <br \/>RELATORA: Deputada ROG\u00c9RIA SANTOS. <br \/>COMISS\u00c3O DO ESPORTE <br \/>AVISOS <br \/>PROPOSI\u00c7\u00d5ES EM FASE DE RECEBIMENTO DE EMENDAS (5 SESS\u00d5ES) <br \/>DECURSO: 5\u00aa SESS\u00c3O <br \/>\u00daLTIMA SESS\u00c3O: 02-08-24 <br \/>Projetos de Lei (Art. 119, I e \u00a71\u00ba) <br \/>PROJETO DE LEI N\u00ba 6.090\/23 &#8211; do Sr. Saulo Pedroso &#8211; que &#8220;altera a Lei n\u00ba 14.597, de 14 de junho de <br \/>2023, que institui a Lei Geral do Esporte, a fim de melhorar a seguran\u00e7a nos est\u00e1dios e arenas <br \/>esportivas&#8221;. (Apensado: PL 488\/2024) <br \/>RELATOR: Deputado CORONEL CHRIS\u00d3STOMO. Substitutivo (Art. 119, II e \u00a71\u00ba) <br \/>AS PROPOSI\u00c7\u00d5ES ABAIXO SOMENTE RECEBER\u00c3O EMENDAS APRESENTADAS POR MEMBROS <br \/>DESTA COMISS\u00c3O <br \/>PROJETO DE LEI N\u00ba 1.100\/24 &#8211; do Sr. Alexandre Lindenmeyer &#8211; que &#8220;disp\u00f5e sobre a destina\u00e7\u00e3o de <br \/>parte das d\u00edvidas tribut\u00e1rias e previdenci\u00e1rias dos clubes esportivos profissionais para projetos de <br \/>paradesporto voltados para crian\u00e7as, adolescentes e jovens inscritos no Cadastro \u00danico e benefici\u00e1rios <br \/>do Bolsa Fam\u00edlia. &#8221; <br \/>RELATOR: Deputado DR. ZACHARIAS CALIL. <br \/>COMISS\u00c3O DE FINAN\u00c7AS E TRIBUTA\u00c7\u00c3O <br \/>AVISOS <br \/>PROPOSI\u00c7\u00d5ES EM FASE DE RECEBIMENTO DE EMENDAS (5 SESS\u00d5ES) <br \/>DECURSO: 3\u00aa SESS\u00c3O <br \/>\u00daLTIMA SESS\u00c3O: 06-08-24 <br \/>Projetos de Lei (Art. 119, I e \u00a71\u00ba) <br \/>A &#8211; Da An\u00e1lise da Adequa\u00e7\u00e3o Financeira e Or\u00e7ament\u00e1ria e do M\u00e9rito: <br \/>PROJETO DE LEI N\u00ba 1.586\/22 &#8211; do Sr. Airton Faleiro e outros &#8211; que &#8220;altera o Art. 1\u00ba do Decreto-Lei n\u00ba<br \/>1.578, de 11 de outubro de 1977, e d\u00e1 outras provid\u00eancias. &#8221; <br \/>RELATOR: Deputado CORONEL MEIRA. <br \/>PROJETO DE LEI N\u00ba 4.826\/09 &#8211; do Sr. Jo\u00e3o Herrmann &#8211; que &#8220;acrescenta a al\u00ednea &#8220;h&#8221; ao art. 8\u00ba da Lei n\u00ba<br \/>9.250, de 26 de dezembro de 1995, que trata sobre o imposto de renda pessoa f\u00edsica&#8221;. (Apensados: PL <br \/>5331\/2009 (Apensado: PL 709\/2022), PL 286\/2011, PL 575\/2011, PL 3741\/2012 (Apensado: PL <br \/>3146\/2019), PL 7279\/2014, PL 411\/2015, PL 914\/2015, PL 1404\/2015, PL 2050\/2015 e PL 4047\/2015) <br \/>RELATOR: Deputado CAPIT\u00c3O ALBERTO NETO. <br \/>PROJETO DE LEI N\u00ba 3.461\/12 &#8211; do Sr. Padre Jo\u00e3o &#8211; que &#8220;isenta da Contribui\u00e7\u00e3o para o Financiamento <br \/>da Seguridade Social &#8211; Cofins e da Contribui\u00e7\u00e3o para o Pis\/Pasep os produtos resultantes da explora\u00e7\u00e3o <br \/>da atividade rural exercida pelo agricultor familiar ou empreendedor familiar rural&#8221;. <br \/>RELATOR: Deputado PAULO GUEDES. <br \/>PROJETO DE LEI N\u00ba 9.625\/18 &#8211; do Sr. Padre Jo\u00e3o &#8211; que &#8220;disp\u00f5e sobre a pol\u00edtica de incentivo \u00e0 produ\u00e7\u00e3o <br \/>de etanol em microdestilarias e em cooperativas de pequenos produtores e d\u00e1 outras provid\u00eancias&#8221;. <br \/>RELATOR: Deputado PAULO GUEDES. <br \/>PROJETO DE LEI N\u00ba 1.372\/19 &#8211; do Sr. Vinicius Farah &#8211; que &#8220;cria o Fundo Nacional de Apoio \u00e0s APAEs, <br \/>e institui a destina\u00e7\u00e3o de 0.5% dos pr\u00eamios da Mega Sena da Loteria da Caixa&#8221;. <br \/>RELATOR: Deputado M\u00c1RIO NEGROMONTE JR.. <br \/>PROJETO DE LEI N\u00ba 2.924\/21 &#8211; do Sr. Luiz Lima &#8211; que &#8220;disp\u00f5e sobre a inclus\u00e3o da gastronomia <br \/>tradicional brasileira no rol de express\u00f5es culturais listadas no benef\u00edcio garantido nos termos do art. 18 <br \/>da Lei n\u00ba 8.313, de 23 de dezembro de 1991&#8243;. <br \/>RELATORA: Deputada LAURA CARNEIRO. <br \/>PROJETO DE LEI N\u00ba 495\/22 &#8211; do Sr. Cleber Verde &#8211; que &#8220;disp\u00f5e sobre a isen\u00e7\u00e3o do IOF para <br \/>aposentados e pensionistas acima de 75 anos de idade&#8221;. RELATOR: Deputado COBALCHINI. <br \/>PROJETO DE LEI N\u00ba 1.027\/22 &#8211; dos Srs. Silvia Cristina e Weliton Prado &#8211; que &#8220;altera a Lei n\u00ba 8.080, de <br \/>19 de setembro de 1990, para dispor sobre a participa\u00e7\u00e3o direta ou indireta de empresas ou de capital <br \/>estrangeiro na assist\u00eancia \u00e0 sa\u00fade no caso de transfer\u00eancia de tecnologia ou doa\u00e7\u00e3o de bens, insumos, <br \/>medicamentos e capitais \u00e0s a\u00e7\u00f5es das pol\u00edticas p\u00fablicas voltadas \u00e0 preven\u00e7\u00e3o e ao combate ao c\u00e2ncer&#8221;. <br \/>RELATORA: Deputada LAURA CARNEIRO. <br \/>PROJETO DE LEI N\u00ba 244\/23 &#8211; do Sr. Lula da Fonte &#8211; que &#8220;institui o Fundo Nacional destinado a financiar <br \/>e apoiar pesquisas e a\u00e7\u00f5es destinados \u00e0s pessoas com defici\u00eancia&#8221;. (Apensados: PL 290\/2023 <br \/>(Apensado: PL 2343\/2023) e PL 1290\/2023) <br \/>RELATOR: Deputado ALCEU MOREIRA. <br \/>PROJETO DE LEI N\u00ba 463\/24 &#8211; do Sr. Cleber Verde &#8211; que &#8220;esta Lei acrescenta um art. 39-A ao texto da <br \/>Lei n\u00b0 11.196, de 21 de novembro de 2005, para conceder isen\u00e7\u00e3o do Imposto de Renda da Pessoa <br \/>F\u00edsica sobre o ganho auferido por pessoa f\u00edsica residente no Pa\u00eds na venda de empresa de sua <br \/>propriedade, ou de suas cotas em participa\u00e7\u00e3o societ\u00e1ria, desde que o alienante, no prazo de 180 (cento <br \/>e oitenta) dias contado da celebra\u00e7\u00e3o do contrato, aplique o produto da venda na abertura de nova <br \/>empresa, na aquisi\u00e7\u00e3o da propriedade de empresa j\u00e1 existente ou na participa\u00e7\u00e3o societ\u00e1ria em outra <br \/>empresa, mediante a aquisi\u00e7\u00e3o de cotas, e desde que essas empresas estejam localizadas no Pa\u00eds. &#8221; <br \/>RELATOR: Deputado COBALCHINI. <br \/>B &#8211; Da An\u00e1lise da Adequa\u00e7\u00e3o Financeira e Or\u00e7ament\u00e1ria (art. 54): <br \/>PROJETO DE LEI N\u00ba 1.164\/11 &#8211; do Sr. Lincoln Portela &#8211; que &#8220;acrescenta o \u00a7 3\u00ba e incisos ao art. 1\u00ba da Lei <br \/>n\u00ba 11.770, de 09 de setembro de 2008&#8243;. (Apensado: PL 1464\/2011) <br \/>RELATORA: Deputada LAURA CARNEIRO. <br \/>PROJETO DE LEI N\u00ba 3.692\/19 &#8211; do Senado Federal &#8211; Paulo Paim &#8211; que &#8220;altera a Lei n\u00ba 13.146, de 6 de <br \/>julho de 2015 (Estatuto da Pessoa com Defici\u00eancia), para obrigar hospitais e estabelecimentos de sa\u00fade <br \/>de m\u00e9dio e grande portes a disporem de equipamentos adequados \u00e0s pessoas com defici\u00eancia&#8221;. <br \/>RELATORA: Deputada LAURA CARNEIRO. <br \/>PROJETO DE LEI N\u00ba 3.406\/20 &#8211; do Sr. Weliton Prado &#8211; que &#8220;altera a Lei n\u00ba 12.732, de 22 de novembro <br \/>de 2012, para garantir o uso de quimioterapia por via oral no Sistema \u00danico de Sa\u00fade &#8211; &#8220;Lei Sim a <br \/>Quimio Oral no SUS&#8221;&#8221;. (Apensado: PL 2428\/2021) <br \/>RELATORA: Deputada LAURA CARNEIRO. <br \/>PROJETO DE LEI N\u00ba 4.146\/20 &#8211; da Sra. Mara Rocha e outros &#8211; que &#8220;regulamenta a profiss\u00e3o de <br \/>Trabalhador essencial de limpeza urbana&#8221;. (Apensados: PL 3253\/2019 e PL 2019\/2022) <br \/>RELATOR: Deputado DUARTE JR.. <br \/>PROJETO DE LEI N\u00ba 2.328\/21 &#8211; do Sr. Eduardo Barbosa &#8211; que &#8220;altera a Lei n\u00ba 8.742, de 7 de dezembro <br \/>de 1993, para identificar expressamente os destinat\u00e1rios do benef\u00edcio de presta\u00e7\u00e3o continuada&#8221;. <br \/>RELATORA: Deputada LAURA CARNEIRO. <br \/>PROJETO DE LEI N\u00ba 3.760\/21 &#8211; das Sras. Carla Dickson e Dra. Soraya Manato &#8211; que &#8220;institui o m\u00eas <br \/>\u201cABRIL AZUL\u201d como o m\u00eas da fam\u00edlia acolhedora, como forma de conscientiza\u00e7\u00e3o e incentivo ao <br \/>acolhimento familiar de crian\u00e7as e adolescentes&#8221;. (Apensado: PL 797\/2023) <br \/>RELATORA: Deputada LAURA CARNEIRO. <br \/>PROJETO DE LEI N\u00ba 3.833\/23 &#8211; do Sr. Pezenti &#8211; que &#8220;&#8221;Altera o art. 11 da Lei n 8.213, de 24 de junho de <br \/>1991.&#8221;&#8221; <br \/>RELATORA: Deputada LAURA CARNEIRO. <br \/>PROJETO DE LEI N\u00ba 6.107\/23 &#8211; do Sr. Dr. Zacharias Calil &#8211; que &#8220;institui programa de preven\u00e7\u00e3o e <br \/>profilaxia de doen\u00e7as e agravos no \u00e2mbito do Sistema \u00danico de Sa\u00fade (SUS), mediante o uso de <br \/>c\u00e9lulas-tronco mesenquimais e de oxigenoterapia hiperb\u00e1rica. &#8221; <br \/>RELATORA: Deputada LAURA CARNEIRO. <br \/>PROJETO DE LEI N\u00ba 82\/24 &#8211; dos Srs. Jos\u00e9 Guimar\u00e3es e Rubens Pereira J\u00fanior &#8211; que &#8220;altera a Lei n\u00ba14.601, de 19 de junho de 2023, para estabelecer o fim da fila de espera ao Programa Bolsa Fam\u00edlia. &#8221; <br \/>RELATOR: Deputado PAULO GUEDES. <br \/>PROJETO DE LEI N\u00ba 363\/24 &#8211; da Sra. L\u00eada Borges &#8211; que &#8220;institui a Semana Nacional de <br \/>Conscientiza\u00e7\u00e3o sobre Cuidados Preventivos da Osteoporose&#8221;. <br \/>RELATORA: Deputada LAURA CARNEIRO. <br \/>PROJETO DE LEI N\u00ba 1.508\/24 &#8211; da Sra. Iza Arruda &#8211; que &#8220;altera a Lei n\u00ba 9.263, de 12 de janeiro de 1996, <br \/>para tratar da Pol\u00edtica Nacional de Aten\u00e7\u00e3o Integral em Reprodu\u00e7\u00e3o Humana Assistida, e a Lei n\u00ba 11.664, <br \/>de 29 de abril de 2008, para dispor sobre o dever do Sistema \u00danico de Sa\u00fade de garantir o acesso <br \/>tempestivo a servi\u00e7os de reprodu\u00e7\u00e3o humana assistida, inclusive a criopreserva\u00e7\u00e3o de \u00f3vulos, para <br \/>mulheres em tratamento de c\u00e2ncer que possa afetar a sua fertilidade. &#8221; <br \/>RELATORA: Deputada LAURA CARNEIRO. <br \/>COMISS\u00c3O DE IND\u00daSTRIA, COM\u00c9RCIO E SERVI\u00c7OS <br \/>AVISOS <br \/>PROPOSI\u00c7\u00d5ES EM FASE DE RECEBIMENTO DE EMENDAS (5 SESS\u00d5ES) <br \/>DECURSO: 3\u00aa SESS\u00c3O <br \/>\u00daLTIMA SESS\u00c3O: 06-08-24 <br \/>Projetos de Lei (Art. 119, I e \u00a71\u00ba) <br \/>PROJETO DE LEI N\u00ba 3.181\/20 &#8211; do Sr. Marreca Filho &#8211; que &#8220;disp\u00f5e sobre a obrigatoriedade dos grandes <br \/>centros comerciais disponibilizarem \u00e1rea para atendimento de primeiros socorros aos seus <br \/>frequentadores, nos termos que especifica&#8221;. (Apensado: PL 1717\/2023) <br \/>RELATOR: Deputado HEITOR SCHUCH. <br \/>DECURSO: 5\u00aa SESS\u00c3O <br \/>\u00daLTIMA SESS\u00c3O: 02-08-24 <br \/>Substitutivo (Art. 119, II e \u00a71\u00ba) <br \/>AS PROPOSI\u00c7\u00d5ES ABAIXO SOMENTE RECEBER\u00c3O EMENDAS APRESENTADAS POR MEMBROS <br \/>DESTA COMISS\u00c3O <br \/>PROJETO DE LEI N\u00ba 737\/15 &#8211; do Sr. Baleia Rossi &#8211; que &#8220;disp\u00f5e sobre a cria\u00e7\u00e3o do Programa de <br \/>Est\u00edmulo \u00e0 Cidadania Fiscal no \u00e2mbito da Uni\u00e3o Federal&#8221;. (Apensados: PL 896\/2015 e PL 474\/2024) <br \/>RELATOR: Deputado DELEGADO RAMAGEM. <br \/>COMISS\u00c3O DE INTEGRA\u00c7\u00c3O NACIONAL E DESENVOLVIMENTO <br \/>REGIONAL <br \/>AVISOS <br \/>PROPOSI\u00c7\u00d5ES EM FASE DE RECEBIMENTO DE EMENDAS (5 SESS\u00d5ES) DECURSO: 2\u00aa SESS\u00c3O <br \/>\u00daLTIMA SESS\u00c3O: 07-08-24 <br \/>Projetos de Lei (Art. 119, I e \u00a71\u00ba) <br \/>PROJETO DE LEI N\u00ba 2.060\/24 &#8211; do Sr. Cobalchini e outros &#8211; que &#8220;estabelece a realiza\u00e7\u00e3o de concursos <br \/>excepcionais especiais de loterias num\u00e9ricas pela Caixa Econ\u00f4mica Federal, cujos lucros l\u00edquidos ser\u00e3o <br \/>direcionados para os munic\u00edpios que se encontram em estado de calamidade p\u00fablica em decorr\u00eancia de <br \/>desastres naturais. &#8221; <br \/>RELATOR: Deputado EUN\u00cdCIO OLIVEIRA. <br \/>COMISS\u00c3O DE MEIO AMBIENTE E DESENVOLVIMENTO SUSTENT\u00c1VEL <br \/>AVISOS <br \/>PROPOSI\u00c7\u00d5ES EM FASE DE RECEBIMENTO DE EMENDAS (5 SESS\u00d5ES) <br \/>DECURSO: 3\u00aa SESS\u00c3O <br \/>\u00daLTIMA SESS\u00c3O: 06-08-24 <br \/>Projetos de Lei (Art. 119, I e \u00a71\u00ba) <br \/>PROJETO DE LEI N\u00ba 2.037\/24 &#8211; Cobalchini e Nicoletti &#8211; que &#8220;altera a Lei n\u00ba 6.938, de 31 de agosto de <br \/>1981, para dispor acerca do licenciamento ambiental simplificado para a implanta\u00e7\u00e3o ou amplia\u00e7\u00e3o de <br \/>rodovias, gasodutos de transporte de g\u00e1s natural, de redes de telecomunica\u00e7\u00e3o e redes de transmiss\u00e3o <br \/>de energia el\u00e9trica nas faixas de dom\u00ednio e de servid\u00e3o da Uni\u00e3o, dos Estados e Munic\u00edpios&#8221;. <br \/>RELATOR: Deputado BALEIA ROSSI. <br \/>Substitutivo (Art. 119, II e \u00a71\u00ba) <br \/>AS PROPOSI\u00c7\u00d5ES ABAIXO SOMENTE RECEBER\u00c3O EMENDAS APRESENTADAS POR MEMBROS <br \/>DESTA COMISS\u00c3O <br \/>PROJETO DE LEI N\u00ba 918\/23 &#8211; do Sr. Delegado Matheus Laiola e outros &#8211; que &#8220;altera a Lei n\u00ba 11.340, de <br \/>7 de agosto de 2006, para dispor sobre o direito de garantia de prote\u00e7\u00e3o e de seguran\u00e7a de v\u00edtimas de <br \/>viol\u00eancia dom\u00e9stica e de seus animais de estima\u00e7\u00e3o e d\u00e1 outras provid\u00eancias&#8221;. (Apensado: PL <br \/>4043\/2023) <br \/>RELATOR: Deputado BRUNO GANEM. <br \/>DECURSO: 4\u00aa SESS\u00c3O <br \/>\u00daLTIMA SESS\u00c3O: 05-08-24 <br \/>Projetos de Lei (Art. 119, I e \u00a71\u00ba) <br \/>PROJETO DE LEI N\u00ba 747\/22 &#8211; do Sr. General Gir\u00e3o &#8211; que &#8220;altera a Lei n\u00ba 11.959, de 29 de junho de <br \/>2009, que disp\u00f5e sobre a Pol\u00edtica Nacional de Desenvolvimento Sustent\u00e1vel da Aquicultura e da Pesca, <br \/>regula as atividades pesqueiras, revoga a Lei n\u00ba 7.679, de 23 de novembro de 1988, e dispositivos do <br \/>Decreto-Lei n\u00ba 221, de 28 de fevereiro de 1967, e d\u00e1 outras provid\u00eancias&#8221;. <br \/>RELATOR: Deputado T\u00daLIO GAD\u00caLHA. PROJETO DE LEI N\u00ba 4.631\/23 &#8211; da Sra. Iza Arruda &#8211; que &#8220;institui Regime Especial de Tributa\u00e7\u00e3o para a <br \/>importa\u00e7\u00e3o de embarca\u00e7\u00f5es destinadas \u00e0 reciclagem em estaleiro nacional autorizado. &#8221; <br \/>RELATORA: Deputada DUDA SALABERT. <br \/>PROJETO DE LEI N\u00ba 5.622\/23 &#8211; da Sra. Ana Pimentel &#8211; que &#8220;altera a Lei n\u00ba 9.795, de 27 de abril de <br \/>1999, que &#8220;disp\u00f5e sobre a educa\u00e7\u00e3o ambiental, institui a Pol\u00edtica Nacional de Educa\u00e7\u00e3o Ambiental e d\u00e1 <br \/>outras provid\u00eancias&#8221;, para dispor sobre a integra\u00e7\u00e3o entre educa\u00e7\u00e3o ambiental e sa\u00fade humana. &#8221; <br \/>RELATORA: Deputada SOCORRO NERI. <br \/>PROJETO DE LEI N\u00ba 5.840\/23 &#8211; da Sra. Silvye Alves &#8211; que &#8220;trata sobre as responsabilidades da empresa <br \/>causadora pelo epis\u00f3dio ou perigo presente de dano ambiental severo quanto aos direitos das v\u00edtimas e <br \/>da localidade impactada e d\u00e1 outras provid\u00eancias&#8221; <br \/>RELATORA: Deputada DUDA SALABERT. <br \/>PROJETO DE LEI N\u00ba 161\/24 &#8211; da Sra. Yandra Moura &#8211; que &#8220;disp\u00f5e sobre o Programa de Fomento \u00e0s <br \/>Cidades Resilientes e d\u00e1 outras provid\u00eancias&#8221; <br \/>RELATORA: Deputada SOCORRO NERI. <br \/>PROJETO DE LEI N\u00ba 1.323\/24 &#8211; do Sr. Adriano do Baldy &#8211; que &#8220;prorroga o prazo estabelecido pela Lei <br \/>14.026\/2020 para encerramento dos lix\u00f5es em munic\u00edpios com menos de 50 mil habitantes e estabelece <br \/>medidas alternativas para a gest\u00e3o de res\u00edduos s\u00f3lidos&#8221;. <br \/>RELATOR: Deputado AMOM MANDEL. <br \/>PROJETO DE LEI N\u00ba 1.341\/24 &#8211; do Sr. Thiago Flores &#8211; que &#8220;altera a Lei n\u00ba 11.952, de 25 de junho de <br \/>2009, para dispor sobre o acesso ao cr\u00e9dito por pessoas ocupantes de im\u00f3veis pass\u00edveis de <br \/>regulariza\u00e7\u00e3o fundi\u00e1ria&#8221;. <br \/>RELATORA: Deputada CAMILA JARA. <br \/>PROJETO DE LEI N\u00ba 1.377\/24 &#8211; da Sra. C\u00e9lia Xakriab\u00e1 &#8211; que &#8220;institui o Dia Nacional do Reflorestamento <br \/>e dos Cora\u00e7\u00f5es Unidos pela Cura da Terra&#8221; <br \/>RELATOR: Deputado NILTO TATTO. <br \/>PROJETO DE LEI N\u00ba 1.489\/24 &#8211; da Sra. Duda Salabert &#8211; que &#8220;institui o Dia Nacional do Veganismo. &#8221; <br \/>RELATOR: Deputado BRUNO GANEM. <br \/>PROJETO DE LEI N\u00ba 1.515\/24 &#8211; do Sr. Reinhold Stephanes &#8211; que &#8220;denomina \u201cFloresta Nacional de <br \/>Asssungui &#8211; Sir Robert Baden-Powell\u201d a Flona de Assungui, criada em 25 de outubro de 1968. &#8221; <br \/>RELATOR: Deputado C\u00c9LIO STUDART. <br \/>PROJETO DE LEI N\u00ba 1.622\/24 &#8211; da Sra. Yandra Moura &#8211; que &#8220;disp\u00f5e sobre o transporte de c\u00e3es e <br \/>animais de estima\u00e7\u00e3o no compartimento de cargas e na cabine de passageiros de aeronaves comerciais. <br \/>&#8221; <br \/>RELATOR: Deputado C\u00c9LIO STUDART. <br \/>PROJETO DE LEI N\u00ba 1.707\/24 &#8211; do Sr. Pedro Uczai &#8211; que &#8220;altera a Lei n\u00ba 12.087, de 11 de novembro de <br \/>2009, para incluir cooperativas solares entre as entidades eleg\u00edveis para a garantia de risco \u00e0s <br \/>opera\u00e7\u00f5es de cr\u00e9dito do Fundo de Garantia de Opera\u00e7\u00f5es &#8211; FGO, nas condi\u00e7\u00f5es que especifica. &#8221; <br \/>RELATOR: Deputado NILTO TATTO. <br \/>PROJETO DE LEI N\u00ba 2.000\/24 &#8211; da Sra. Dandara &#8211; que &#8220;disp\u00f5e sobre a destina\u00e7\u00e3o de recursos para <br \/>a\u00e7\u00f5es de enfrentamento a inunda\u00e7\u00f5es e alagamentos severos, fundadas no conceito de \u201ccidades-<br \/>esponja\u201d&#8221;. <br \/>RELATOR: Deputado MARCELO QUEIROZ. <br \/>PROJETO DE LEI N\u00ba 2.210\/24 &#8211; do Sr. Emanuel Pinheiro Neto &#8211; que &#8220;altera a Lei n\u00ba 7.797, de 10 de julho <br \/>de 1989, que cria o Fundo Nacional de Meio Ambiente, para destinar de no m\u00ednimo 15% de seus <br \/>recursos ao munic\u00edpio afetado pelo crime ambiental. &#8221; <br \/>RELATORA: Deputada SOCORRO NERI. <br \/>PROJETO DE LEI N\u00ba 2.213\/24 &#8211; do Sr. F\u00e1bio Teruel &#8211; que &#8220;disp\u00f5e sobre a substitui\u00e7\u00e3o da terminologia <br \/>&#8220;dono&#8221; para &#8220;humano respons\u00e1vel&#8221; em cadastros, fichas e registros de animais de estima\u00e7\u00e3o, cria a Semana Nacional de Conscientiza\u00e7\u00e3o da Guarda Respons\u00e1vel de Animais de Estima\u00e7\u00e3o e d\u00e1 outras <br \/>provid\u00eancias&#8221;. <br \/>RELATOR: Deputado DELEGADO MATHEUS LAIOLA. <br \/>PROJETO DE LEI N\u00ba 2.215\/24 &#8211; da Sra. Duda Salabert &#8211; que &#8220;institui o Dia Nacional para a A\u00e7\u00e3o <br \/>Clim\u00e1tica&#8221;. <br \/>RELATORA: Deputada FL\u00c1VIA MORAIS. <br \/>PROJETO DE LEI N\u00ba 2.223\/24 &#8211; do Sr. Bruno Ganem &#8211; que &#8220;institui a Campanha de Conscientiza\u00e7\u00e3o <br \/>sobre a Peritonite Infecciosa Felina (PIF) e d\u00e1 outras provid\u00eancias. &#8221; <br \/>RELATOR: Deputado DELEGADO MATHEUS LAIOLA. <br \/>DECURSO: 5\u00aa SESS\u00c3O <br \/>\u00daLTIMA SESS\u00c3O: 02-08-24 <br \/>Substitutivo (Art. 119, II e \u00a71\u00ba) <br \/>AS PROPOSI\u00c7\u00d5ES ABAIXO SOMENTE RECEBER\u00c3O EMENDAS APRESENTADAS POR MEMBROS <br \/>DESTA COMISS\u00c3O <br \/>PROJETO DE LEI N\u00ba 4.058\/20 &#8211; do Sr. Josimar Maranh\u00e3ozinho &#8211; que &#8220;estabelece medidas de <br \/>conserva\u00e7\u00e3o da Regi\u00e3o Hidrogr\u00e1fica do Tocantins-Araguaia&#8221;. <br \/>RELATOR: Deputado Z\u00c9 TROV\u00c3O. <br \/>COMISS\u00c3O DE MINAS E ENERGIA <br \/>AVISOS <br \/>PROPOSI\u00c7\u00d5ES EM FASE DE RECEBIMENTO DE EMENDAS (5 SESS\u00d5ES) <br \/>DECURSO: 5\u00aa SESS\u00c3O <br \/>\u00daLTIMA SESS\u00c3O: 02-08-24 <br \/>Projetos de Lei (Art. 119, I e \u00a71\u00ba) <br \/>PROJETO DE LEI N\u00ba 1.923\/24 &#8211; do Sr. Julio Lopes &#8211; que &#8220;disp\u00f5e acerca do Sistema Eletr\u00f4nico de <br \/>Informa\u00e7\u00f5es do Setor de Combust\u00edveis (SEISC), que ser\u00e1 implementado e operado pelo Operador <br \/>Nacional do Sistema de Combust\u00edveis (ONSC) e altera a Lei n\u00ba 9.478, de 6 de agosto de 1997. &#8221; <br \/>RELATOR: Deputado J\u00daNIOR FERRARI. <br \/>PROJETO DE LEI N\u00ba 1.924\/24 &#8211; do Sr. Julio Lopes &#8211; que &#8220;disp\u00f5e acerca do Sistema Eletr\u00f4nico de <br \/>Informa\u00e7\u00f5es do Setor de Mineral (SEISMI), que ser\u00e1 implementado e operado pelo Operador Nacional <br \/>do Sistema Mineral (ONSM) e altera o Decreto-Lei n\u00ba 227, de 28 de fevereiro de 1967&#8243;. <br \/>RELATOR: Deputado HUGO LEAL. <br \/>PROJETO DE LEI N\u00ba 1.940\/24 &#8211; do Sr. Marx Beltr\u00e3o &#8211; que &#8220;institui o ressarcimento aos produtores rurais <br \/>por perdas de produtos perec\u00edveis decorrentes da falta de energia el\u00e9trica, e d\u00e1 outras provid\u00eancias&#8221;. <br \/>RELATOR: Deputado CORONEL CHRIS\u00d3STOMO. <br \/>PROJETO DE LEI N\u00ba 2.152\/24 &#8211; do Sr. Gabriel Mota &#8211; que &#8220;autoriza a comercializa\u00e7\u00e3o de combust\u00edveis <br \/>automotivos em posto revendedor varejista para produtor rural e pescador em recipiente utilizado em <br \/>seus processos produtivos. &#8221; <br \/>RELATOR: Deputado Z\u00c9 VITOR. Substitutivo (Art. 119, II e \u00a71\u00ba) <br \/>AS PROPOSI\u00c7\u00d5ES ABAIXO SOMENTE RECEBER\u00c3O EMENDAS APRESENTADAS POR MEMBROS <br \/>DESTA COMISS\u00c3O <br \/>PROJETO DE LEI N\u00ba 699\/23 &#8211; do Senado Federal &#8211; La\u00e9rcio Oliveira &#8211; que &#8220;institui o Programa de <br \/>Desenvolvimento da Ind\u00fastria de Fertilizantes (Profert), altera as Leis n\u00ba 10.925, de 23 de julho de 2004, <br \/>n\u00ba 9.430, de 27 de dezembro de 1996, e n\u00ba 12.431, de 24 de junho de 2011, e d\u00e1 outras provid\u00eancias&#8221;. <br \/>RELATOR: Deputado J\u00daNIOR FERRARI. <br \/>COMISS\u00c3O DE PREVID\u00caNCIA, ASSIST\u00caNCIA SOCIAL, INF\u00c2NCIA, <br \/>ADOLESC\u00caNCIA E FAM\u00cdLIA <br \/>AVISOS <br \/>PROPOSI\u00c7\u00d5ES EM FASE DE RECEBIMENTO DE EMENDAS (5 SESS\u00d5ES) <br \/>DECURSO: 1\u00aa SESS\u00c3O <br \/>\u00daLTIMA SESS\u00c3O: 08-08-24 <br \/>Substitutivo (Art. 119, II e \u00a71\u00ba) <br \/>AS PROPOSI\u00c7\u00d5ES ABAIXO SOMENTE RECEBER\u00c3O EMENDAS APRESENTADAS POR MEMBROS <br \/>DESTA COMISS\u00c3O <br \/>PROJETO DE LEI N\u00ba 4.514\/21 &#8211; do Sr. Otto Alencar Filho &#8211; que &#8220;acrescenta o \u00a7 6\u00ba ao Art. 101 da Lei N\u00ba<br \/>LEI N\u00ba 8.213, de 24 de julho de 1991, que disp\u00f5e sobre os Planos de Benef\u00edcios da Previd\u00eancia Social&#8221;. <br \/>(Apensados: PL 94\/2022 e PL 1848\/2023 (Apensados: PL 2114\/2023 e PL 4884\/2023)) <br \/>RELATORA: Deputada ROG\u00c9RIA SANTOS. <br \/>PROJETO DE LEI N\u00ba 2.479\/22 &#8211; do Sr. C\u00e9lio Studart &#8211; que &#8220;inclui os motoristas de transporte individual e <br \/>entregadores por aplicativos no Programa Aux\u00edlio Brasil&#8221;. <br \/>RELATOR: Deputado ALLAN GARC\u00caS. <br \/>DECURSO: 2\u00aa SESS\u00c3O <br \/>\u00daLTIMA SESS\u00c3O: 07-08-24 <br \/>Substitutivo (Art. 119, II e \u00a71\u00ba) <br \/>AS PROPOSI\u00c7\u00d5ES ABAIXO SOMENTE RECEBER\u00c3O EMENDAS APRESENTADAS POR MEMBROS <br \/>DESTA COMISS\u00c3O <br \/>PROJETO DE LEI N\u00ba 2.530\/21 &#8211; do Sr. J\u00fanior Mano &#8211; que &#8220;altera o \u00a7 9\u00ba do art. 20 da Lei n\u00ba 8.742, de 7 <br \/>de dezembro de 1993, para excluir os rendimentos de bolsa de inicia\u00e7\u00e3o cient\u00edfica do c\u00e1lculo da renda <br \/>per capita familiar de que trata o \u00a7 3\u00ba do art. 20&#8243;. <br \/>RELATOR: Deputado LUCIANO DUCCI. <br \/>PROJETO DE LEI N\u00ba 3.667\/23 &#8211; do Sr. Ricardo Silva &#8211; que &#8220;altera a Lei n\u00ba 10.887, de 18 de junho de <br \/>2004, para determinar que incidir\u00e1 a contribui\u00e7\u00e3o previdenci\u00e1ria, apenas, sobre proventos de <br \/>aposentadoria e pens\u00f5es percebidos pelos portadores de doen\u00e7a grave que superem o dobro do limite <br \/>m\u00e1ximo estabelecido para os benef\u00edcios do Regime Geral de Previd\u00eancia Social (RGPS), na forma que <br \/>especifica&#8221;. RELATORA: Deputada ERIKA KOKAY. <br \/>DECURSO: 5\u00aa SESS\u00c3O <br \/>\u00daLTIMA SESS\u00c3O: 02-08-24 <br \/>Projetos de Lei (Art. 119, I e \u00a71\u00ba) <br \/>PROJETO DE LEI N\u00ba 9.338\/17 &#8211; do Sr. Cleber Verde &#8211; que &#8220;alterar a reda\u00e7\u00e3o do art. 103 da Lei n.\u00ba 8.213, <br \/>de 24 de junho de 1991, que disp\u00f5e sobre os planos de benef\u00edcios da Previd\u00eancia Social e d\u00e1 outras <br \/>provid\u00eancias&#8221;. (Apensados: PL 10974\/2018 e PL 3797\/2023) <br \/>RELATOR: Deputado LINCOLN PORTELA. <br \/>PROJETO DE LEI N\u00ba 9.861\/18 &#8211; do Sr. Cleber Verde &#8211; que &#8220;alterar a al\u00ednea &#8220;a&#8221; do inciso VII, do Art. 11, <br \/>da Lei n\u00ba 8.213, de 24 de julho de 1991, que disp\u00f5e sobre os Planos de Benef\u00edcios da Previd\u00eancia Social <br \/>e d\u00e1 outras provid\u00eancias&#8221;. <br \/>RELATOR: Deputado LINCOLN PORTELA. <br \/>COMISS\u00c3O DE RELA\u00c7\u00d5ES EXTERIORES E DE DEFESA NACIONAL <br \/>AVISOS <br \/>PROPOSI\u00c7\u00d5ES EM FASE DE RECEBIMENTO DE EMENDAS (5 SESS\u00d5ES) <br \/>DECURSO: 4\u00aa SESS\u00c3O <br \/>\u00daLTIMA SESS\u00c3O: 05-08-24 <br \/>Substitutivo (Art. 119, II e \u00a71\u00ba) <br \/>AS PROPOSI\u00c7\u00d5ES ABAIXO SOMENTE RECEBER\u00c3O EMENDAS APRESENTADAS POR MEMBROS <br \/>DESTA COMISS\u00c3O <br \/>PROJETO DE LEI N\u00ba 3.265\/23 &#8211; do Sr. Cabo Gilberto Silva &#8211; que &#8220;institu\u00ed no Calend\u00e1rio Nacional o dia 09 <br \/>de janeiro como data de combate \u00e0 Perf\u00eddia&#8221;. <br \/>RELATOR: Deputado RODRIGO VALADARES. <br \/>COMISS\u00c3O DE SA\u00daDE <br \/>AVISOS <br \/>PROPOSI\u00c7\u00d5ES EM FASE DE RECEBIMENTO DE EMENDAS (5 SESS\u00d5ES) <br \/>DECURSO: 1\u00aa SESS\u00c3O <br \/>\u00daLTIMA SESS\u00c3O: 08-08-24 <br \/>Projetos de Lei (Art. 119, I e \u00a71\u00ba) PROJETO DE LEI N\u00ba 2.179\/24 &#8211; do Sr. Rubens Pereira J\u00fanior &#8211; que &#8220;altera a Lei 12.764, de 27 de <br \/>setembro de 2012, que \u201cInstitui a Pol\u00edtica Nacional de Prote\u00e7\u00e3o dos Direitos da Pessoa com Transtorno <br \/>do Espectro Autista; e altera o \u00a7 3\u00ba do art. 98 da Lei n\u00ba 8.112, de 11 de dezembro de 1990\u201d para <br \/>estabelecer o direito ao uso de pulseira de identifica\u00e7\u00e3o de pessoa com Transtorno do Espectro Autista e <br \/>seus acompanhantes durante o atendimento nas institui\u00e7\u00f5es de sa\u00fade&#8221;. <br \/>RELATORA: Deputada DRA. ALESSANDRA HABER. <br \/>Substitutivo (Art. 119, II e \u00a71\u00ba) <br \/>AS PROPOSI\u00c7\u00d5ES ABAIXO SOMENTE RECEBER\u00c3O EMENDAS APRESENTADAS POR MEMBROS <br \/>DESTA COMISS\u00c3O <br \/>PROJETO DE LEI N\u00ba 6.158\/16 &#8211; do Sr. Beto Salame &#8211; que &#8220;disp\u00f5e sobre a obrigatoriedade da coloca\u00e7\u00e3o <br \/>de folhetos e cartazes explicativos sobre gordura trans, em estabelecimentos comerciais que <br \/>comercializam estes produtos para a popula\u00e7\u00e3o e d\u00e1 outra providencias&#8221;. (Apensados: PL 10663\/2018 e <br \/>PL 11047\/2018) <br \/>RELATORA: Deputada DRA. ALESSANDRA HABER. <br \/>PROJETO DE LEI N\u00ba 4.343\/21 &#8211; do Sr. Walter Alves &#8211; que &#8220;altera a Lei n\u00ba 8.080, de 19 de setembro de <br \/>1990 (Lei Org\u00e2nica da Sa\u00fade), para autorizar a cria\u00e7\u00e3o de Centros de Medicinas Integrativas e <br \/>Complementares (CMIC)&#8221;. <br \/>RELATOR: Deputado BRUNO FARIAS. <br \/>PROJETO DE LEI N\u00ba 25\/19 &#8211; Weliton Prado e Aliel Machado &#8211; que &#8220;altera a Lei n\u00ba 11.664, de 29 de abril <br \/>de 2008, que &#8220;disp\u00f5e sobre a efetiva\u00e7\u00e3o de a\u00e7\u00f5es de sa\u00fade que assegurem a preven\u00e7\u00e3o, a detec\u00e7\u00e3o, o <br \/>tratamento e o seguimento dos c\u00e2nceres do colo uterino e de mama, no \u00e2mbito do Sistema \u00danico de <br \/>Sa\u00fade &#8211; SUS&#8221;, para assegura a realiza\u00e7\u00e3o do teste de mapeamento gen\u00e9tico \u00e0s mulheres com elevado <br \/>risco de desenvolver c\u00e2ncer de mama&#8221;. <br \/>RELATORA: Deputada SILVIA CRISTINA. <br \/>PROJETO DE LEI N\u00ba 3.039\/20 &#8211; do Sr. Alexandre Frota &#8211; que &#8220;&#8221;Institui o Servi\u00e7o Especial Gratuito de <br \/>Transporte para tratamento de Sa\u00fade&#8221;&#8221;. (Apensado: PL 4354\/2023) <br \/>RELATOR: Deputado BRUNO FARIAS. <br \/>PROJETO DE LEI N\u00ba 5.316\/20 &#8211; da Sra. Professora Dayane Pimentel &#8211; que &#8220;altera a lei org\u00e2nica do <br \/>Sistema \u00danico de Sa\u00fade &#8211; SUS, lei 8.080, de 19 de setembro de 1990, para obrigar todos os postos de <br \/>sa\u00fade do pa\u00eds a possu\u00edrem soro contra a picada de animais pe\u00e7onhentos, bem como cria a necessidade <br \/>de treinamento dos profissionais de sa\u00fade para o tratamento desses casos&#8221;. <br \/>RELATORA: Deputada FL\u00c1VIA MORAIS. <br \/>PROJETO DE LEI N\u00ba 470\/22 &#8211; do Sr. J\u00falio Delgado &#8211; que &#8220;disp\u00f5e sobre a concess\u00e3o de aux\u00edlio <br \/>assistencial a pacientes em tratamento de doen\u00e7as graves e que demandem apoio para o exerc\u00edcio de <br \/>atividades b\u00e1sicas da vida di\u00e1ria, cujos v\u00ednculos familiares e comunit\u00e1rios encontram-se fragilizados ou <br \/>rompidos e que n\u00e3o tenham renda para sua manuten\u00e7\u00e3o durante o per\u00edodo, com perman\u00eancia em <br \/>unidades de acolhimento vinculados ao Sistema \u00danico de Assist\u00eancia Social \u2013 Suas&#8221;. <br \/>RELATORA: Deputada SILVIA CRISTINA. <br \/>PROJETO DE LEI N\u00ba 2.902\/22 &#8211; do Sr. Francisco Jr. &#8211; que &#8220;disp\u00f5e sobre a institui\u00e7\u00e3o da &#8220;Semana <br \/>Nacional em Defesa da Sa\u00fade Mental dos Profissionais de Seguran\u00e7a P\u00fablica&#8221;. &#8221; (Apensados: PL <br \/>4406\/2023, PL 4759\/2023 (Apensado: PL 6116\/2023) e PL 1186\/2024) <br \/>RELATORA: Deputada FL\u00c1VIA MORAIS. <br \/>PROJETO DE LEI N\u00ba 5.354\/23 &#8211; do Sr. Roberto Duarte &#8211; que &#8220;disp\u00f5e sobre a afixa\u00e7\u00e3o de cartazes, faixas <br \/>ou qualquer outro meio de divulga\u00e7\u00e3o que informe sobre a possibilidade de cirurgia de estrabismo em <br \/>estabelecimentos de sa\u00fade do SUS. Al\u00e9m de definir o prazo m\u00e1ximo de espera para realiza\u00e7\u00e3o da <br \/>cirurgia nas Unidades da Rede P\u00fablica de Sa\u00fade&#8221;. <br \/>RELATORA: Deputada FL\u00c1VIA MORAIS. <br \/>PROJETO DE LEI N\u00ba 328\/24 &#8211; do Sr. C\u00e9lio Silveira &#8211; que &#8220;altera a Lei n\u00ba 8.080, de 19 de setembro de <br \/>1990, que disp\u00f5e sobre as condi\u00e7\u00f5es para a promo\u00e7\u00e3o, prote\u00e7\u00e3o e recupera\u00e7\u00e3o da sa\u00fade, a organiza\u00e7\u00e3o <br \/>e o funcionamento dos servi\u00e7os correspondentes e d\u00e1 outras provid\u00eancias, para regulamentar as <br \/>refer\u00eancias no Sistema \u00danico de Sa\u00fade \u2013 SUS&#8221;. RELATORA: Deputada FL\u00c1VIA MORAIS. <br \/>PROJETO DE LEI N\u00ba 2.032\/24 &#8211; do Sr. Dr. Daniel Soranz &#8211; que &#8220;altera a Lei n\u00ba 8.745, de 9 de dezembro <br \/>de 1993, que disp\u00f5e sobre a contrata\u00e7\u00e3o por tempo determinado para atender \u00e0 necessidade tempor\u00e1ria <br \/>de excepcional interesse p\u00fablico, para dispor sobre prazo de vig\u00eancia dos contratos referente \u00e0 <br \/>assist\u00eancia em sa\u00fade p\u00fablica. &#8221; <br \/>RELATOR: Deputado JORGE SOLLA. <br \/>DECURSO: 2\u00aa SESS\u00c3O <br \/>\u00daLTIMA SESS\u00c3O: 07-08-24 <br \/>Substitutivo (Art. 119, II e \u00a71\u00ba) <br \/>AS PROPOSI\u00c7\u00d5ES ABAIXO SOMENTE RECEBER\u00c3O EMENDAS APRESENTADAS POR MEMBROS <br \/>DESTA COMISS\u00c3O <br \/>PROJETO DE LEI N\u00ba 5.036\/19 &#8211; do Sr. Felipe Carreras &#8211; que &#8220;disp\u00f5e sobre a doa\u00e7\u00e3o de bicicletas <br \/>apreendidas por ato administrativo ou de pol\u00edcia, para institui\u00e7\u00f5es beneficentes&#8221;. <br \/>RELATOR: Deputado LUCIANO DUCCI. <br \/>DECURSO: 3\u00aa SESS\u00c3O <br \/>\u00daLTIMA SESS\u00c3O: 06-08-24 <br \/>Substitutivo (Art. 119, II e \u00a71\u00ba) <br \/>AS PROPOSI\u00c7\u00d5ES ABAIXO SOMENTE RECEBER\u00c3O EMENDAS APRESENTADAS POR MEMBROS <br \/>DESTA COMISS\u00c3O <br \/>PROJETO DE LEI N\u00ba 30\/22 &#8211; do Sr. Alexandre Frota &#8211; que &#8220;disp\u00f5e sobre institui\u00e7\u00e3o do Programa de <br \/>Apoio \u00e0 Oncologia Infantil e Enfermidades Correlacionadas e d\u00e1 outras provid\u00eancias&#8221;. (Apensado: PL <br \/>5167\/2023) <br \/>RELATORA: Deputada SILVIA CRISTINA. <br \/>PROJETO DE LEI N\u00ba 850\/21 &#8211; do Sr. Pedro Westphalen e outros &#8211; que &#8220;prorroga at\u00e9 30 de setembro de <br \/>2021, a partir de 1\u00ba de janeiro de 2021, a n\u00e3o obrigatoriedade da manuten\u00e7\u00e3o das metas quantitativas e <br \/>qualitativas contratualizadas pelos prestadores de servi\u00e7o de sa\u00fade no \u00e2mbito do Sistema \u00danico de <br \/>Sa\u00fade (SUS)&#8221;. (Apensados: PL 187\/2023 e PL 4557\/2023) <br \/>RELATORA: Deputada ROG\u00c9RIA SANTOS. <br \/>DECURSO: 5\u00aa SESS\u00c3O <br \/>\u00daLTIMA SESS\u00c3O: 02-08-24 <br \/>Projetos de Lei (Art. 119, I e \u00a71\u00ba) <br \/>PROJETO DE LEI N\u00ba 3.736\/20 &#8211; do Sr. Eduardo da Fonte &#8211; que &#8220;torna obrigat\u00f3ria a realiza\u00e7\u00e3o de exame <br \/>destinado a identificar doen\u00e7as raras em rec\u00e9m-nascidos nas redes p\u00fablica e privada de sa\u00fade e com <br \/>cobertura do Sistema \u00danico de Sa\u00fade (SUS)&#8221;. <br \/>RELATOR: Deputado LULA DA FONTE. <br \/>PROJETO DE LEI N\u00ba 1.522\/24 &#8211; do Sr. Julio Lopes &#8211; que &#8220;disp\u00f5e sobre a utiliza\u00e7\u00e3o de ferramentas <br \/>tecnol\u00f3gicas de intelig\u00eancia artificial para gest\u00e3o e manuten\u00e7\u00e3o de dados no Sistema \u00danico de Sa\u00fade em <br \/>todo territ\u00f3rio nacional &#8221; <br \/>RELATOR: Deputado LEONARDO GADELHA. <br \/>PROJETO DE LEI N\u00ba 2.167\/24 &#8211; do Sr. Duda Ramos &#8211; que &#8220;altera a Lei n\u00ba 12.842, de 10 de julho de <br \/>2013, para estabelecer a obrigatoriedade de supervis\u00e3o m\u00e9dica na produ\u00e7\u00e3o e divulga\u00e7\u00e3o de conte\u00fados de sa\u00fade nos meios de comunica\u00e7\u00e3o, incluindo em aplica\u00e7\u00f5es de internet. &#8221; <br \/>RELATOR: Deputado ORLANDO SILVA. <br \/>Substitutivo (Art. 119, II e \u00a71\u00ba) <br \/>AS PROPOSI\u00c7\u00d5ES ABAIXO SOMENTE RECEBER\u00c3O EMENDAS APRESENTADAS POR MEMBROS <br \/>DESTA COMISS\u00c3O <br \/>PROJETO DE LEI N\u00ba 3.569\/23 &#8211; do Sr. Raimundo Santos &#8211; que &#8220;acrescenta o \u00a7 3\u00ba ao art. 2\u00b0 da Lei n\u00ba<br \/>13.146, de 6 de julho de 2015, que \u201cInstitui a Lei Brasileira de Inclus\u00e3o da Pessoa com Defici\u00eancia <br \/>(Estatuto da Pessoa com Defici\u00eancia)\u201d, para estabelecer que os indiv\u00edduos diagnosticados com a <br \/>S\u00edndrome de Hutchinson-Gilford ter\u00e3o os mesmos direitos das pessoas com defici\u00eancia&#8221;. <br \/>RELATOR: Deputado ISMAEL ALEXANDRINO. <br \/>PROJETO DE LEI N\u00ba 3.842\/23 &#8211; do Sr. Marx Beltr\u00e3o &#8211; que &#8220;disp\u00f5e sobre a dispensa da passagem dos <br \/>portadores de marca-passo ou de aparelho similar atrav\u00e9s de portas detetoras de metal ou por <br \/>dispositivos de seguran\u00e7a com igual finalidade&#8221;. <br \/>RELATOR: Deputado DR. LUIZ OVANDO. <br \/>PROJETO DE LEI N\u00ba 3.886\/23 &#8211; da Sra. Clarissa T\u00e9rcio &#8211; que &#8220;institui a \u201cPol\u00edtica Nacional de Tratamento <br \/>e Fornecimento Gratuito de medicamentos, que combatam a Obesidade&#8221;&#8221;. <br \/>RELATORA: Deputada JANDIRA FEGHALI. <br \/>PROJETO DE LEI N\u00ba 4.459\/23 &#8211; do Sr. Jefferson Campos &#8211; que &#8220;disp\u00f5e sobre a obrigatoriedade de o <br \/>Sistema \u00danico de Sa\u00fade (SUS) aceitar exames realizados em laborat\u00f3rios privados, ainda que <br \/>subsidiados pelo interessado, para fins de celeridade no atendimento de procedimentos e servi\u00e7os de <br \/>sa\u00fade de baixa, m\u00e9dia e alta complexidade&#8221;. <br \/>RELATORA: Deputada ANA PAULA LIMA. <br \/>PROJETO DE LEI N\u00ba 1.108\/24 &#8211; do Sr. Guilherme Boulos &#8211; que &#8220;institui a Semana Nacional de <br \/>Enfrentamento \u00e0s Parasitoses Intestinais, no per\u00edodo que inclua o dia 25 de junho&#8221;. <br \/>RELATORA: Deputada JULIANA CARDOSO. <br \/>COMISS\u00c3O DE SEGURAN\u00c7A P\u00daBLICA E COMBATE AO CRIME <br \/>ORGANIZADO <br \/>AVISOS <br \/>PROPOSI\u00c7\u00d5ES EM FASE DE RECEBIMENTO DE EMENDAS (5 SESS\u00d5ES) <br \/>DECURSO: 1\u00aa SESS\u00c3O <br \/>\u00daLTIMA SESS\u00c3O: 08-08-24 <br \/>Projetos de Lei (Art. 119, I e \u00a71\u00ba) <br \/>PROJETO DE LEI N\u00ba 2.194\/24 &#8211; da Sra. Dayany Bittencourt &#8211; que &#8220;altera a Lei n\u00ba 9.605, de 12 de <br \/>fevereiro de 1998, para criar o Cadastro Nacional de Pessoas Condenadas por Crime de Maus-Tratos <br \/>aos animais (CNPC Maus-Tratos aos Animais), e d\u00e1 outras provid\u00eancias&#8221;. <br \/>RELATOR: Deputado DELEGADO MATHEUS LAIOLA. <br \/>PROJETO DE LEI N\u00ba 2.263\/24 &#8211; do Sr. Eriberto Medeiros &#8211; que &#8220;disp\u00f5e sobre o treinamento em <br \/>seguran\u00e7a para os porteiros, vigilantes e outros funcion\u00e1rios que trabalham no controle de entrada e <br \/>sa\u00edda de institui\u00e7\u00f5es p\u00fablicas e privadas e de quaisquer outros estabelecimentos, tais como <br \/>condom\u00ednios, hot\u00e9is, bancos e postos de gasolina&#8221;. PROJETO DE LEI N\u00ba 2.303\/24 &#8211; da Sra. Silvye Alves &#8211; que &#8220;cria o Cadastro Nacional de Pessoas <br \/>Condenadas por Crimes Contra Crian\u00e7as e Adolescentes (CNCCA)&#8221;. <br \/>PROJETO DE LEI N\u00ba 2.339\/24 &#8211; do Sr. Capit\u00e3o Augusto &#8211; que &#8220;disp\u00f5e sobre a proibi\u00e7\u00e3o do uso de <br \/>imagens de c\u00e2meras corporais da Pol\u00edcia Militar como prova criminal contra o policial. &#8221; <br \/>PROJETO DE LEI N\u00ba 2.379\/24 &#8211; do Sr. Pedro Aihara &#8211; que &#8220;estabelece a certifica\u00e7\u00e3o &#8220;Cidade Resiliente, <br \/>Cidade Protegida&#8221; para munic\u00edpios que tenham pr\u00e1ticas exemplares em resili\u00eancia e preven\u00e7\u00e3o de <br \/>desastres, alinhando-se \u00e0s diretrizes da Lei n\u00ba 12.608, de 2012&#8243;. <br \/>PROJETO DE LEI N\u00ba 2.395\/24 &#8211; do Sr. Coronel Ulysses &#8211; que &#8220;acrescenta inciso ao artigo 18, da Lei n.\u00ba<br \/>14.751, de 12 de dezembro de 2023, para assegurar aos militares estaduais, ativos e inativos, no <br \/>m\u00ednimo, as mesmas condi\u00e7\u00f5es de aquisi\u00e7\u00e3o de armas de fogo de uso restrito e de uso permitido, as <br \/>estabelecidas para os militares do Ex\u00e9rcito Brasileiro&#8221;. <br \/>PROJETO DE LEI N\u00ba 2.419\/24 &#8211; do Sr. Eriberto Medeiros &#8211; que &#8220;disp\u00f5e sobre a Cultura dos <br \/>Bacamarteiros, as apresenta\u00e7\u00f5es e o tr\u00e1fego do bacamarte e d\u00e1 outras provid\u00eancias&#8221;. <br \/>PROJETO DE LEI N\u00ba 2.435\/24 &#8211; do Sr. Delegado Caveira &#8211; que &#8220;altera a Lei n\u00ba 12.830, de 20 de junho de <br \/>2013, para dispor sobre a capacidade postulat\u00f3ria do delegado de pol\u00edcia&#8221;. <br \/>PROJETO DE LEI N\u00ba 2.538\/24 &#8211; do Sr. Delegado Ramagem &#8211; que &#8220;altera a Lei n\u00ba 7.210, de 11 de julho <br \/>de 1984 (Lei de Execu\u00e7\u00e3o Penal)&#8221;. <br \/>Substitutivo (Art. 119, II e \u00a71\u00ba) <br \/>AS PROPOSI\u00c7\u00d5ES ABAIXO SOMENTE RECEBER\u00c3O EMENDAS APRESENTADAS POR MEMBROS <br \/>DESTA COMISS\u00c3O <br \/>PROJETO DE LEI N\u00ba 1.348\/19 &#8211; do Sr. Aluisio Mendes &#8211; que &#8220;disp\u00f5e sobre a escolta durante o transporte <br \/>de explosivos, bem como o controle dos estoques de explosivos&#8221;. <br \/>RELATOR: Deputado SARGENTO PORTUGAL. <br \/>PROJETO DE LEI N\u00ba 828\/24 &#8211; do Sr. Dr. Victor Linhalis &#8211; que &#8220;cria o Cadastro Nacional de Combate \u00e0 <br \/>Viol\u00eancia Contra Vulner\u00e1veis e d\u00e1 outras provid\u00eancias. &#8221; <br \/>RELATOR: Deputado MESSIAS DONATO. <br \/>DECURSO: 2\u00aa SESS\u00c3O <br \/>\u00daLTIMA SESS\u00c3O: 07-08-24 <br \/>Substitutivo (Art. 119, II e \u00a71\u00ba) <br \/>AS PROPOSI\u00c7\u00d5ES ABAIXO SOMENTE RECEBER\u00c3O EMENDAS APRESENTADAS POR MEMBROS <br \/>DESTA COMISS\u00c3O <br \/>PROJETO DE LEI N\u00ba 382\/24 &#8211; da Sra. Dayany Bittencourt &#8211; que &#8220;insere o art.18-A na Lei n\u00ba 13.022, de <br \/>08 de agosto de 2014, que disp\u00f5e sobre o Estatuto Geral das Guardas Municipais, para estabelecer <br \/>direitos e prerrogativas&#8221;. <br \/>RELATOR: Deputado DELEGADO DA CUNHA. <br \/>PROJETO DE LEI N\u00ba 1.193\/24 &#8211; do Sr. Marcos Pollon &#8211; que &#8220;qualifica como Organiza\u00e7\u00f5es da Sociedade <br \/>Civil de Interesse P\u00fablico as pessoas jur\u00eddicas de direito privado registradas na modalidade de entidade <br \/>de tiro desportivo regularmente inscritas nos \u00f3rg\u00e3os competentes e d\u00e1 outras provid\u00eancias&#8221;. <br \/>RELATOR: Deputado DELEGADO PAULO BILYNSKYJ. <br \/>DECURSO: 5\u00aa SESS\u00c3O <br \/>\u00daLTIMA SESS\u00c3O: 02-08-24 Substitutivo (Art. 119, II e \u00a71\u00ba) <br \/>AS PROPOSI\u00c7\u00d5ES ABAIXO SOMENTE RECEBER\u00c3O EMENDAS APRESENTADAS POR MEMBROS <br \/>DESTA COMISS\u00c3O <br \/>PROJETO DE LEI N\u00ba 2.165\/22 &#8211; da Sra. Policial Katia Sastre &#8211; que &#8220;disp\u00f5e sobre a aquisi\u00e7\u00e3o de <br \/>muni\u00e7\u00e3o, pelos agentes de seguran\u00e7a p\u00fablica, das armas utilizadas por eles nas respectivas <br \/>corpora\u00e7\u00f5es&#8221;. (Apensado: PL 4483\/2023) <br \/>RELATOR: Deputado DELEGADO PAULO BILYNSKYJ. <br \/>PROJETO DE LEI N\u00ba 1.188\/24 &#8211; do Sr. Marcos Pollon &#8211; que &#8220;disp\u00f5e sobre a cria\u00e7\u00e3o do Cadastro <br \/>Nacional de Invasores de Propriedades Urbanas e Rurais e da outras previd\u00eancias&#8221;. <br \/>RELATOR: Deputado RODOLFO NOGUEIRA. <br \/>COMISS\u00c3O DE TRABALHO <br \/>AVISOS <br \/>PROPOSI\u00c7\u00d5ES EM FASE DE RECEBIMENTO DE EMENDAS (5 SESS\u00d5ES) <br \/>DECURSO: 1\u00aa SESS\u00c3O <br \/>\u00daLTIMA SESS\u00c3O: 08-08-24 <br \/>Projetos de Lei (Art. 119, I e \u00a71\u00ba) <br \/>PROJETO DE LEI N\u00ba 10.193\/18 &#8211; do Sr. Roberto de Lucena &#8211; que &#8220;disciplina a atividade de com\u00e9rcio <br \/>ambulante e d\u00e1 outras provid\u00eancias&#8221; (Apensados: PL 5922\/2019, PL 4867\/2020 (Apensado: PL <br \/>3077\/2022) e PL 630\/2023) <br \/>RELATORA: Deputada FL\u00c1VIA MORAIS. <br \/>PROJETO DE LEI N\u00ba 280\/23 &#8211; do Sr. L\u00e9o Prates &#8211; que &#8220;altera dispositivos da Lei n\u00b0 9.715, de 25 de <br \/>novembro de 1998, que disp\u00f5e sobre as contribui\u00e7\u00f5es para os Programas de Integra\u00e7\u00e3o Social e de <br \/>Forma\u00e7\u00e3o do Patrim\u00f4nio do Servidor P\u00fablico &#8211; PIS\/PASEP e da Lei n\u00b0 7.998, de 11 de janeiro de 1990, <br \/>que regula o Programa do Seguro-Desemprego, o Abono Salarial, institui o Fundo de Amparo ao <br \/>Trabalhador (FAT), e d\u00e1 outras provid\u00eancias&#8221; <br \/>RELATOR: Deputado ANDR\u00c9 FIGUEIREDO. <br \/>Substitutivo (Art. 119, II e \u00a71\u00ba) <br \/>AS PROPOSI\u00c7\u00d5ES ABAIXO SOMENTE RECEBER\u00c3O EMENDAS APRESENTADAS POR MEMBROS <br \/>DESTA COMISS\u00c3O <br \/>PROJETO DE LEI N\u00ba 4.923\/19 &#8211; do Sr. Marcos Pereira &#8211; que &#8220;altera a Lei n. 7.998, de 11 de janeiro de <br \/>1990, para dispor sobre a presta\u00e7\u00e3o de servi\u00e7os do trabalhador \u00e0 administra\u00e7\u00e3o p\u00fablica ou \u00e0s entidades <br \/>sem fins lucrativos durante a percep\u00e7\u00e3o do benef\u00edcio do seguro-desemprego&#8221;. <br \/>RELATOR: Deputado VINICIUS CARVALHO. <br \/>PROJETO DE LEI N\u00ba 4.911\/23 &#8211; do Sr. Max Lemos &#8211; que &#8220;regulamenta a Profiss\u00e3o de Alpinismo <br \/>Industrial e d\u00e1 outras provid\u00eancias&#8221; (Apensado: PL 1181\/2024) <br \/>RELATOR: Deputado LEO PRATES. <br \/>DECURSO: 3\u00aa SESS\u00c3O <br \/>\u00daLTIMA SESS\u00c3O: 06-08-24 Projetos de Lei (Art. 119, I e \u00a71\u00ba) <br \/>PROJETO DE LEI N\u00ba 3.024\/08 &#8211; do Sr. Ivan Valente &#8211; que &#8220;disp\u00f5e sobre o direito de empregados que <br \/>gozam de alguma forma de estabilidade definida em lei&#8221;. (Apensado: PL 5431\/2013) <br \/>RELATOR: Deputado BOHN GASS. <br \/>PROJETO DE LEI N\u00ba 7.566\/10 &#8211; do Sr. Hugo Leal &#8211; que &#8220;cria a profiss\u00e3o de Agente Comunit\u00e1rio de <br \/>Reflorestamento e Meio Ambiente&#8221;. <br \/>RELATOR: Deputado DUARTE JR.. <br \/>PROJETO DE LEI N\u00ba 239\/11 &#8211; do Sr. Sandes J\u00fanior &#8211; que &#8220;acrescenta dispositivo \u00e0 Consolida\u00e7\u00e3o das <br \/>Leis do Trabalho, aprovada pelo Decreto-Lei n\u00ba 5.452, de 1\u00ba de maio de 1943, para garantir seguro de <br \/>vida aos jornalistas profissionais&#8221;. (Apensado: PL 332\/2011) <br \/>RELATOR: Deputado DUARTE JR.. <br \/>PROJETO DE LEI N\u00ba 6.164\/19 &#8211; do Sr. Pedro Westphalen &#8211; que &#8220;altera o \u00a7 2\u00ba do art. 168 da <br \/>Consolida\u00e7\u00e3o das Leis do Trabalho, aprovada pelo Decreto-Lei 5.452, de 1\u00ba de maio de 1943, para <br \/>determinar a comprova\u00e7\u00e3o do estado vacinal completo em exames m\u00e9dicos por conta do empregador&#8221;. <br \/>(Apensados: PL 455\/2021 e PL 3991\/2021 (Apensado: PL 171\/2022)) <br \/>RELATOR: Deputado BOHN GASS. <br \/>PROJETO DE LEI N\u00ba 50\/15 &#8211; da Sra. Carmen Zanotto &#8211; que &#8220;disp\u00f5e sobre a forma\u00e7\u00e3o continuada dos <br \/>profissionais de enfermagem&#8221;. <br \/>RELATOR: Deputado DUARTE JR.. <br \/>PROJETO DE LEI N\u00ba 2.084\/19 &#8211; da Sra. Soraya Santos &#8211; que &#8220;torna obrigat\u00f3ria a participa\u00e7\u00e3o de, no <br \/>m\u00ednimo, 30% (trinta por cento) de mulheres na composi\u00e7\u00e3o de entidades de representa\u00e7\u00e3o civil&#8221;. <br \/>RELATOR: Deputado BOHN GASS. <br \/>PROJETO DE LEI N\u00ba 3.125\/19 &#8211; do Sr. Diego Garcia &#8211; que &#8220;cria o Programa Nacional de C\u00e3es-Guia&#8221;. <br \/>(Apensado: PL 5344\/2019) <br \/>RELATORA: Deputada FL\u00c1VIA MORAIS. <br \/>PROJETO DE LEI N\u00ba 2.777\/21 &#8211; do Sr. C\u00e9lio Studart &#8211; que &#8220;determina que a interrup\u00e7\u00e3o do fornecimento <br \/>de \u00e1gua em abrigos de prote\u00e7\u00e3o animal obede\u00e7a a crit\u00e9rios que preservem condi\u00e7\u00f5es m\u00ednimas de <br \/>manuten\u00e7\u00e3o da sa\u00fade&#8221;. <br \/>RELATOR: Deputado CLODOALDO MAGALH\u00c3ES. <br \/>PROJETO DE LEI N\u00ba 2.907\/22 &#8211; do Sr. Francisco Jr. &#8211; que &#8220;cria o Programa de Incentivo de Retorno ao <br \/>Mercado de Trabalho&#8221;. <br \/>RELATOR: Deputado DUARTE JR.. <br \/>PROJETO DE LEI N\u00ba 4.572\/23 &#8211; do Sr. Cleber Verde &#8211; que &#8220;revoga o art. 3\u00ba da Lei n\u00ba 12.790, de 14 de <br \/>mar\u00e7o de 2013, para estabelecer a aplica\u00e7\u00e3o aos comerci\u00e1rios das normas gerais sobre dura\u00e7\u00e3o do <br \/>trabalho. &#8221; <br \/>RELATOR: Deputado OSSESIO SILVA. <br \/>PROJETO DE LEI N\u00ba 5.227\/23 &#8211; da Sra. Ivoneide Caetano &#8211; que &#8220;disp\u00f5e sobre a cria\u00e7\u00e3o do Selo <br \/>&#8220;Ind\u00fastria Amiga da Justi\u00e7a Social&#8221;. &#8221; <br \/>RELATOR: Deputado DUARTE JR.. <br \/>PROJETO DE LEI N\u00ba 5.636\/23 &#8211; do Sr. Felipe Becari &#8211; que &#8220;altera a legisla\u00e7\u00e3o trabalhista e <br \/>previdenci\u00e1ria para dispor sobre a concess\u00e3o de plano de custeio de servi\u00e7os veterin\u00e1rios pelo <br \/>empregador. &#8221; <br \/>RELATOR: Deputado ALFREDINHO. <br \/>PROJETO DE LEI N\u00ba 1.030\/24 &#8211; da Sra. Professora Luciene Cavalcante &#8211; que &#8220;altera os artigos 21 e 30 <br \/>da Lei n\u00ba 8.935, de 18 de novembro de 1994 para resguardar direitos trabalhistas dos prepostos de <br \/>servi\u00e7os notariais e de registro&#8221;. <br \/>RELATOR: Deputado LUIZ CARLOS MOTTA. PROJETO DE LEI N\u00ba 1.163\/24 &#8211; do Sr. Jonas Donizette &#8211; que &#8220;disp\u00f5e sobre a contrata\u00e7\u00e3o de jovens <br \/>trabalhadores para o primeiro emprego. &#8221; <br \/>RELATOR: Deputado LUIZ GAST\u00c3O. <br \/>PROJETO DE LEI N\u00ba 1.311\/24 &#8211; do Sr. Jonas Donizette &#8211; que &#8220;insere os artigos 1\u00ba-A e 5\u00ba-A na Lei n\u00ba<br \/>7.102, de 20 de junho de 1983, que disp\u00f5e sobre seguran\u00e7a para estabelecimentos financeiros, <br \/>estabelece normas para constitui\u00e7\u00e3o e funcionamento das empresas particulares que exploram servi\u00e7os <br \/>de vigil\u00e2ncia e de transporte de valores, e d\u00e1 outras provid\u00eancias, para aumentar a prote\u00e7\u00e3o dos <br \/>empregados de estabelecimentos financeiros n\u00e3o envolvidos diretamente na seguran\u00e7a de suas <br \/>instala\u00e7\u00f5es. &#8221; <br \/>RELATOR: Deputado LUIZ GAST\u00c3O. <br \/>Substitutivo (Art. 119, II e \u00a71\u00ba) <br \/>AS PROPOSI\u00c7\u00d5ES ABAIXO SOMENTE RECEBER\u00c3O EMENDAS APRESENTADAS POR MEMBROS <br \/>DESTA COMISS\u00c3O <br \/>PROJETO DE LEI N\u00ba 353\/11 &#8211; do Sr. Vicentinho &#8211; que &#8220;disp\u00f5e sobre as atividades dos caixas de <br \/>supermercado&#8221;. (Apensados: PL 2139\/2011, PL 6784\/2013, PL 5787\/2019 (Apensado: PL 253\/2021) e <br \/>PL 4034\/2023) <br \/>RELATOR: Deputado ALFREDINHO. <br \/>COMISS\u00c3O DE TURISMO <br \/>AVISOS <br \/>PROPOSI\u00c7\u00d5ES EM FASE DE RECEBIMENTO DE EMENDAS (5 SESS\u00d5ES) <br \/>DECURSO: 4\u00aa SESS\u00c3O <br \/>\u00daLTIMA SESS\u00c3O: 05-08-24 <br \/>Projetos de Lei (Art. 119, I e \u00a71\u00ba) <br \/>PROJETO DE LEI N\u00ba 1.871\/24 &#8211; do Sr. Duda Ramos &#8211; que &#8220;determina a instala\u00e7\u00e3o de equipamentos <br \/>destinados a deficientes visuais em pontos de interesse tur\u00edstico. &#8221; <br \/>RELATOR: Deputado DIEGO CORONEL. <br \/>PROJETO DE LEI N\u00ba 2.203\/24 &#8211; da Sra. Ana Paula Le\u00e3o &#8211; que &#8220;inclui no Calend\u00e1rio Nacional de <br \/>Eventos, vinculado ao Minist\u00e9rio do Turismo, o Festival de Quadrilhas Juninas, no Munic\u00edpio de <br \/>Uberl\u00e2ndia, Estado de Minas Gerais&#8221;. <br \/>RELATOR: Deputado KENISTON BRAGA. <br \/>DECURSO: 5\u00aa SESS\u00c3O <br \/>\u00daLTIMA SESS\u00c3O: 02-08-24 <br \/>Projetos de Lei (Art. 119, I e \u00a71\u00ba) <br \/>PROJETO DE LEI N\u00ba 1.383\/24 &#8211; do Sr. Gilson Daniel &#8211; que &#8220;altera a Lei n\u00ba 11.771, de 17 de setembro de <br \/>2008&#8243;. <br \/>RELATOR: Deputado SAULLO VIANNA. <br \/>PROJETO DE LEI N\u00ba 1.384\/24 &#8211; do Sr. Andr\u00e9 Figueiredo &#8211; que &#8220;institui a Pol\u00edtica Nacional para as <br \/>Comiss\u00f5es de Apoio \u00e0 Cinematografia (film commissions)&#8221;. RELATOR: Deputado WASHINGTON QUAQU\u00c1. <br \/>PROJETO DE LEI N\u00ba 1.582\/24 &#8211; do Sr. Gerv\u00e1sio Maia &#8211; que &#8220;altera a Lei n\u00ba 8.842, de 4 de janeiro de <br \/>1994, que disp\u00f5e sobre a pol\u00edtica nacional do idoso, cria o Conselho Nacional do Idoso e d\u00e1 outras <br \/>provid\u00eancias, para incluir o Turismo como tem\u00e1tica da proposta or\u00e7ament\u00e1ria direcionada aos idosos&#8221;. <br \/>RELATORA: Deputada SIMONE MARQUETTO. <br \/>PROJETO DE LEI N\u00ba 1.864\/24 &#8211; do Sr. Nitinho &#8211; que &#8220;inclui no Calend\u00e1rio Tur\u00edstico Nacional o Festival <br \/>de Inverno do Povoado Palmares, no munic\u00edpio de Riach\u00e3o do Dantas, Estado de Sergipe. &#8221; <br \/>RELATOR: Deputado SAULLO VIANNA. <br \/>PROJETO DE LEI N\u00ba 2.044\/24 &#8211; da Sra. Denise Pess\u00f4a &#8211; que &#8220;disp\u00f5e sobre o provimento de renda <br \/>m\u00ednima emergencial para os guias tur\u00edsticos visando atenuar os efeitos no setor de turismo decorrentes <br \/>da cat\u00e1strofe clim\u00e1tica no Rio Grande do Sul. &#8221; <br \/>RELATOR: Deputado ALEXANDRE LINDENMEYER. <br \/>Substitutivo (Art. 119, II e \u00a71\u00ba) <br \/>AS PROPOSI\u00c7\u00d5ES ABAIXO SOMENTE RECEBER\u00c3O EMENDAS APRESENTADAS POR MEMBROS <br \/>DESTA COMISS\u00c3O <br \/>PROJETO DE LEI N\u00ba 1.280\/24 &#8211; do Sr. Pompeo de Mattos e outros &#8211; que &#8220;cria a Rota dos Tropeiros, nos <br \/>Estados de S\u00e3o Paulo, Paran\u00e1, Santa Catarina e Rio Grande do Sul&#8221;. <br \/>RELATOR: Deputado VERMELHO. <br \/>COMISS\u00c3O DE VIA\u00c7\u00c3O E TRANSPORTES <br \/>AVISOS <br \/>PROPOSI\u00c7\u00d5ES EM FASE DE RECEBIMENTO DE EMENDAS (5 SESS\u00d5ES) <br \/>DECURSO: 1\u00aa SESS\u00c3O <br \/>\u00daLTIMA SESS\u00c3O: 08-08-24 <br \/>Projetos de Lei (Art. 119, I e \u00a71\u00ba) <br \/>PROJETO DE LEI N\u00ba 4.197\/23 &#8211; do Sr. Paulo Alexandre Barbosa &#8211; que &#8220;assegura aos Munic\u00edpios <br \/>participa\u00e7\u00e3o na receita auferida com os arrendamentos, concess\u00f5es e autoriza\u00e7\u00f5es de terminais <br \/>portu\u00e1rios, instala\u00e7\u00f5es portu\u00e1rias ou servi\u00e7os portu\u00e1rios associados \u00e0s opera\u00e7\u00f5es portu\u00e1rias, com o <br \/>objetivo de mitigar ou compensar os impactos locais das atividades, opera\u00e7\u00f5es e servi\u00e7os portu\u00e1rios; <br \/>altera a Lei n\u00ba 12.815, de 5 de junho de 2013, e d\u00e1 outras provid\u00eancias&#8221;. <br \/>RELATOR: Deputado RICARDO AYRES. <br \/>PROJETO DE LEI N\u00ba 4.511\/23 &#8211; da Sra. Adriana Ventura &#8211; que &#8220;altera a Lei n\u00ba 5.862, de 12 de dezembro <br \/>de 1972, que autoriza o Poder Executivo a constituir a empresa p\u00fablica denominada Empresa Brasileira <br \/>de Infra-Estrutura Aeroportu\u00e1ria &#8211; INFRAERO, e d\u00e1 outras provid\u00eancias, para vedar a atua\u00e7\u00e3o da <br \/>INFRAERO no exterior&#8221;. <br \/>RELATOR: Deputado GILBERTO ABRAMO. <br \/>PROJETO DE LEI N\u00ba 675\/24 &#8211; do Sr. Pedro Aihara &#8211; que &#8220;obrigatoriedade de incluir refer\u00eancias ao pai da <br \/>avia\u00e7\u00e3o e patrono da aeron\u00e1utica brasileira, Alberto Santos Dumont, nos &#8220;speeches de aeronaves&#8221; <br \/>proferidos pelos comiss\u00e1rios de bordo ou pelos comandantes de aeronaves em voos dom\u00e9sticos no <br \/>territ\u00f3rio brasileiro&#8221;. <br \/>RELATOR: Deputado GILBERTO ABRAMO. PROJETO DE LEI N\u00ba 915\/24 &#8211; do Sr. Albuquerque &#8211; que &#8220;altera a Lei n\u00ba 9.537, de 1997, para dispor <br \/>sobre a habilita\u00e7\u00e3o de pescadores na categoria de aquavi\u00e1rio&#8221;. <br \/>RELATOR: Deputado RICARDO AYRES. <br \/>PROJETO DE LEI N\u00ba 1.887\/24 &#8211; do Sr. Luiz Carlos Motta &#8211; que &#8220;denomina Eng\u00ba Jose Roberto Bonetti, o <br \/>trevo de acesso no km 20 da Rodovia Fern\u00e3o Dias &#8211; BR 381, em Bragan\u00e7a Paulista. &#8221; <br \/>RELATORA: Deputada ROSANA VALLE. <br \/>PROJETO DE LEI N\u00ba 1.911\/24 &#8211; das Sras. Laura Carneiro e Maria Rosas &#8211; que &#8220;denomina \u201cPonte Vilmar <br \/>Soares dos Santos\u201d a Ponte de Inspe\u00e7\u00e3o Naval, localizada na Avenida Almirante Saldanha da Gama, <br \/>111, Ponta da Praia, no Munic\u00edpio de Santos, Estado de S\u00e3o Paulo. &#8221; <br \/>RELATOR: Deputado BEBETO. <br \/>DECURSO: 5\u00aa SESS\u00c3O <br \/>\u00daLTIMA SESS\u00c3O: 02-08-24 <br \/>Projetos de Lei (Art. 119, I e \u00a71\u00ba) <br \/>PROJETO DE LEI N\u00ba 751\/24 &#8211; do Sr. Marcelo Crivella &#8211; que &#8220;altera a Lei n\u00ba 10.741, de 1\u00ba de outubro de <br \/>2003, que disp\u00f5e sobre o Estatuto da Pessoa Idosa e d\u00e1 outras provid\u00eancias, para prover efetividade, <br \/>em todo o territ\u00f3rio nacional, ao exerc\u00edcio de benef\u00edcios nela previstos&#8221;. <br \/>RELATORA: Deputada HELENA LIMA. <br \/>Substitutivo (Art. 119, II e \u00a71\u00ba) <br \/>AS PROPOSI\u00c7\u00d5ES ABAIXO SOMENTE RECEBER\u00c3O EMENDAS APRESENTADAS POR MEMBROS <br \/>DESTA COMISS\u00c3O <br \/>PROJETO DE LEI N\u00ba 1.541\/21 &#8211; do Sr. Alceu Moreira &#8211; que &#8220;altera a Lei n\u00ba 9.503, de 1997, C\u00f3digo de <br \/>Tr\u00e2nsito Brasileiro, para modificar prazo constante de penalidade relativa a exames toxicol\u00f3gicos&#8221;. <br \/>RELATOR: Deputado Z\u00c9 TROV\u00c3O. <br \/>PROJETO DE LEI N\u00ba 64\/22 &#8211; do Sr. Jos\u00e9 Nelto &#8211; que &#8220;discorre sobre a regulamenta\u00e7\u00e3o de far\u00f3is <br \/>auxiliares para motocicletas&#8221;. <br \/>RELATOR: Deputado NICOLETTI. <br \/>II &#8211; COORDENA\u00c7\u00c3O DE COMISS\u00d5ES PERMANENTES <br \/>ENCAMINHAMENTO DE MAT\u00c9RIA \u00c0S COMISS\u00d5ES <br \/>EM 01\/08\/2024: <br \/>Comiss\u00e3o de Defesa dos Direitos da Pessoa Idosa: <br \/>PROJETO DE LEI N\u00ba 2.367\/2024 <br \/>Comiss\u00e3o de Finan\u00e7as e Tributa\u00e7\u00e3o: <br \/>PROJETO DE DECRETO LEGISLATIVO N\u00ba 318\/2024 <br \/>Comiss\u00e3o de Minas e Energia: PROJETO DE LEI N\u00ba 2.307\/2024 <br \/>PROJETO DE LEI N\u00ba 2.330\/2024 <br \/>PROJETO DE LEI N\u00ba 2.331\/2024 <br \/>PROJETO DE LEI N\u00ba 2.391\/2024 <br \/>PROJETO DE LEI N\u00ba 2.443\/2024 <br \/>PROJETO DE LEI N\u00ba 2.444\/2024 <br \/>Comiss\u00e3o de Previd\u00eancia, Assist\u00eancia Social, Inf\u00e2ncia, Adolesc\u00eancia e Fam\u00edlia: <br \/>PROJETO DE DECRETO LEGISLATIVO N\u00ba 318\/2024 <br \/>Comiss\u00e3o de Trabalho: <br \/>PROJETO DE LEI N\u00ba 2.145\/2024 <br \/>PROJETO DE LEI N\u00ba 2.155\/2024 <br \/>PROJETO DE LEI N\u00ba 2.297\/2024 <br \/>PROJETO DE LEI N\u00ba 2.308\/2024 <br \/>PROJETO DE LEI N\u00ba 2.320\/2024 <br \/>PROJETO DE LEI N\u00ba 2.351\/2024 <br \/>PROJETO DE LEI N\u00ba 2.364\/2024 <br \/>PROJETO DE LEI N\u00ba 2.365\/2024 <br \/>PROJETO DE LEI N\u00ba 2.375\/2024 <br \/>PROJETO DE LEI N\u00ba 2.383\/2024 <br \/>PROJETO DE LEI N\u00ba 2.397\/2024 <br \/>PROJETO DE LEI N\u00ba 2.497\/2024 <br \/>Comiss\u00e3o de Via\u00e7\u00e3o e Transportes: <br \/>PROJETO DE DECRETO LEGISLATIVO N\u00ba 319\/2024 <br \/>Comiss\u00e3o do Esporte: <br \/>PROJETO DE LEI N\u00ba 2.452\/2024 <br \/>PROJETO DE LEI N\u00ba 2.457\/2024 <br \/>PROJETO DE LEI N\u00ba 2.461\/2024 <\/article>\n<p><\/p>\n<div style=\"text-align: center\">\n      <img decoding=\"async\" style=\"width: 14%;\" src=\"https:\/\/www.legislapp.com.br\/wp-content\/uploads\/2021\/07\/Logo-Legislapp-1-03-1.png\"><br \/>\n      <\/p>\n<div style=\"margin-bottom: 20px;\" class=\"et_pb_button_module_wrapper et_pb_button_5_tb_body_wrapper et_pb_button_alignment_center et_pb_module \">\n         <a class=\"et_pb_button et_pb_button_5_tb_body et_hover_enabled et_pb_bg_layout_dark\" style=\"width: 50%;background-color: black;\" href=\"https:\/\/app.legislapp.com.br\" target=\"_blank\" rel=\"noopener\">Visualizar completo na nossa plataforma (30 dias gr\u00e1tis)<\/a><\/p><\/div>\n<p>      <a href=\"https:\/\/play.google.com\/store\/apps\/details?id=br.com.legislapp\"><img decoding=\"async\" style=\"width: 15%; min-width: 130px;\" src=\"https:\/\/www.legislapp.com.br\/wp-content\/uploads\/google-play.png\"><\/a><br \/>\n      <a href=\"https:\/\/apps.apple.com\/us\/app\/legislapp\/id1568929859\"><img decoding=\"async\" style=\"width: 15%; min-width: 130px\" src=\"https:\/\/www.legislapp.com.br\/wp-content\/uploads\/apple-store.png\"><\/a>\n   <\/div>\n","protected":false},"excerpt":{"rendered":"<p>sexta-feira, 2 de agosto de 2024 &#8211; ORDEM DO DIA COMISS\u00d5ES C\u00c2MARA DOS DEPUTADOS 02\/08\/2024 C\u00c2MARA DOS DEPUTADOS 57\u00aa LEGISLATURA &#8211; 2\u00aa SESS\u00c3O LEGISLATIVA Em 2 de agosto de 2024 sexta-feira I &#8211; COMISS\u00d5ES PERMANENTES COMISS\u00c3O DE ADMINISTRA\u00c7\u00c3O E SERVI\u00c7O P\u00daBLICO AVISOS PROPOSI\u00c7\u00d5ES EM FASE DE RECEBIMENTO DE EMENDAS (5 SESS\u00d5ES) DECURSO: 1\u00aa SESS\u00c3O \u00daLTIMA [&hellip;]<\/p>\n","protected":false},"author":1,"featured_media":0,"parent":0,"menu_order":0,"comment_status":"closed","ping_status":"closed","template":"page-template-blank.php","meta":{"_et_pb_use_builder":"","_et_pb_old_content":"","_et_gb_content_width":"1080","ngg_post_thumbnail":0,"footnotes":""},"class_list":["post-4535","page","type-page","status-publish","hentry"],"yoast_head":"<!-- This site is optimized with the Yoast SEO plugin v24.4 - https:\/\/yoast.com\/wordpress\/plugins\/seo\/ -->\n<title>ORDEM DO DIA COMISS\u00d5ES C\u00c2MARA DOS DEPUTADOS 02\/08\/2024 - Legislapp<\/title>\n<meta name=\"robots\" content=\"index, follow, max-snippet:-1, max-image-preview:large, max-video-preview:-1\" \/>\n<link rel=\"canonical\" href=\"https:\/\/www.legislapp.com.br\/index.php\/ordem-dia-camara-sexta-feira-2-de-agosto-de-2024\/\" \/>\n<meta property=\"og:locale\" content=\"pt_BR\" \/>\n<meta property=\"og:type\" content=\"article\" \/>\n<meta property=\"og:title\" content=\"ORDEM DO DIA COMISS\u00d5ES C\u00c2MARA DOS DEPUTADOS 02\/08\/2024 - Legislapp\" \/>\n<meta property=\"og:description\" content=\"sexta-feira, 2 de agosto de 2024 &#8211; ORDEM DO DIA COMISS\u00d5ES C\u00c2MARA DOS DEPUTADOS 02\/08\/2024 C\u00c2MARA DOS DEPUTADOS 57\u00aa LEGISLATURA &#8211; 2\u00aa SESS\u00c3O LEGISLATIVA Em 2 de agosto de 2024 sexta-feira I &#8211; COMISS\u00d5ES PERMANENTES COMISS\u00c3O DE ADMINISTRA\u00c7\u00c3O E SERVI\u00c7O P\u00daBLICO AVISOS PROPOSI\u00c7\u00d5ES EM FASE DE RECEBIMENTO DE EMENDAS (5 SESS\u00d5ES) DECURSO: 1\u00aa SESS\u00c3O \u00daLTIMA [&hellip;]\" \/>\n<meta property=\"og:url\" content=\"https:\/\/www.legislapp.com.br\/index.php\/ordem-dia-camara-sexta-feira-2-de-agosto-de-2024\/\" \/>\n<meta property=\"og:site_name\" content=\"Legislapp\" \/>\n<meta property=\"article:publisher\" content=\"https:\/\/www.instagram.com\/legislapp\/\" \/>\n<meta property=\"og:image\" content=\"https:\/\/www.legislapp.com.br\/wp-content\/uploads\/2021\/07\/Logo-Legislapp-1-03-1.png\" \/>\n<meta name=\"twitter:card\" content=\"summary_large_image\" \/>\n<meta name=\"twitter:label1\" content=\"Est. tempo de leitura\" \/>\n\t<meta name=\"twitter:data1\" content=\"64 minutos\" \/>\n<script type=\"application\/ld+json\" class=\"yoast-schema-graph\">{\"@context\":\"https:\/\/schema.org\",\"@graph\":[{\"@type\":\"WebPage\",\"@id\":\"https:\/\/www.legislapp.com.br\/index.php\/ordem-dia-camara-sexta-feira-2-de-agosto-de-2024\/\",\"url\":\"https:\/\/www.legislapp.com.br\/index.php\/ordem-dia-camara-sexta-feira-2-de-agosto-de-2024\/\",\"name\":\"ORDEM DO DIA COMISS\u00d5ES C\u00c2MARA DOS DEPUTADOS 02\/08\/2024 - Legislapp\",\"isPartOf\":{\"@id\":\"https:\/\/www.legislapp.com.br\/#website\"},\"primaryImageOfPage\":{\"@id\":\"https:\/\/www.legislapp.com.br\/index.php\/ordem-dia-camara-sexta-feira-2-de-agosto-de-2024\/#primaryimage\"},\"image\":{\"@id\":\"https:\/\/www.legislapp.com.br\/index.php\/ordem-dia-camara-sexta-feira-2-de-agosto-de-2024\/#primaryimage\"},\"thumbnailUrl\":\"https:\/\/www.legislapp.com.br\/wp-content\/uploads\/2021\/07\/Logo-Legislapp-1-03-1.png\",\"datePublished\":\"2024-08-05T21:24:39+00:00\",\"breadcrumb\":{\"@id\":\"https:\/\/www.legislapp.com.br\/index.php\/ordem-dia-camara-sexta-feira-2-de-agosto-de-2024\/#breadcrumb\"},\"inLanguage\":\"pt-BR\",\"potentialAction\":[{\"@type\":\"ReadAction\",\"target\":[\"https:\/\/www.legislapp.com.br\/index.php\/ordem-dia-camara-sexta-feira-2-de-agosto-de-2024\/\"]}]},{\"@type\":\"ImageObject\",\"inLanguage\":\"pt-BR\",\"@id\":\"https:\/\/www.legislapp.com.br\/index.php\/ordem-dia-camara-sexta-feira-2-de-agosto-de-2024\/#primaryimage\",\"url\":\"https:\/\/www.legislapp.com.br\/wp-content\/uploads\/2021\/07\/Logo-Legislapp-1-03-1.png\",\"contentUrl\":\"https:\/\/www.legislapp.com.br\/wp-content\/uploads\/2021\/07\/Logo-Legislapp-1-03-1.png\",\"width\":2679,\"height\":2697},{\"@type\":\"BreadcrumbList\",\"@id\":\"https:\/\/www.legislapp.com.br\/index.php\/ordem-dia-camara-sexta-feira-2-de-agosto-de-2024\/#breadcrumb\",\"itemListElement\":[{\"@type\":\"ListItem\",\"position\":1,\"name\":\"In\u00edcio\",\"item\":\"https:\/\/www.legislapp.com.br\/\"},{\"@type\":\"ListItem\",\"position\":2,\"name\":\"ORDEM DO DIA COMISS\u00d5ES C\u00c2MARA DOS DEPUTADOS 02\/08\/2024\"}]},{\"@type\":\"WebSite\",\"@id\":\"https:\/\/www.legislapp.com.br\/#website\",\"url\":\"https:\/\/www.legislapp.com.br\/\",\"name\":\"Legislapp\",\"description\":\"Intelig\u00eancia governamental em tempo real\",\"publisher\":{\"@id\":\"https:\/\/www.legislapp.com.br\/#organization\"},\"potentialAction\":[{\"@type\":\"SearchAction\",\"target\":{\"@type\":\"EntryPoint\",\"urlTemplate\":\"https:\/\/www.legislapp.com.br\/?s={search_term_string}\"},\"query-input\":{\"@type\":\"PropertyValueSpecification\",\"valueRequired\":true,\"valueName\":\"search_term_string\"}}],\"inLanguage\":\"pt-BR\"},{\"@type\":\"Organization\",\"@id\":\"https:\/\/www.legislapp.com.br\/#organization\",\"name\":\"Legislapp Monitoramento e Intelig\u00eancia Governamental\",\"url\":\"https:\/\/www.legislapp.com.br\/\",\"logo\":{\"@type\":\"ImageObject\",\"inLanguage\":\"pt-BR\",\"@id\":\"https:\/\/www.legislapp.com.br\/#\/schema\/logo\/image\/\",\"url\":\"https:\/\/www.legislapp.com.br\/wp-content\/uploads\/icon.png\",\"contentUrl\":\"https:\/\/www.legislapp.com.br\/wp-content\/uploads\/icon.png\",\"width\":1024,\"height\":1024,\"caption\":\"Legislapp Monitoramento e Intelig\u00eancia Governamental\"},\"image\":{\"@id\":\"https:\/\/www.legislapp.com.br\/#\/schema\/logo\/image\/\"},\"sameAs\":[\"https:\/\/www.instagram.com\/legislapp\/\"]}]}<\/script>\n<!-- \/ Yoast SEO plugin. -->","yoast_head_json":{"title":"ORDEM DO DIA COMISS\u00d5ES C\u00c2MARA DOS DEPUTADOS 02\/08\/2024 - Legislapp","robots":{"index":"index","follow":"follow","max-snippet":"max-snippet:-1","max-image-preview":"max-image-preview:large","max-video-preview":"max-video-preview:-1"},"canonical":"https:\/\/www.legislapp.com.br\/index.php\/ordem-dia-camara-sexta-feira-2-de-agosto-de-2024\/","og_locale":"pt_BR","og_type":"article","og_title":"ORDEM DO DIA COMISS\u00d5ES C\u00c2MARA DOS DEPUTADOS 02\/08\/2024 - Legislapp","og_description":"sexta-feira, 2 de agosto de 2024 &#8211; ORDEM DO DIA COMISS\u00d5ES C\u00c2MARA DOS DEPUTADOS 02\/08\/2024 C\u00c2MARA DOS DEPUTADOS 57\u00aa LEGISLATURA &#8211; 2\u00aa SESS\u00c3O LEGISLATIVA Em 2 de agosto de 2024 sexta-feira I &#8211; COMISS\u00d5ES PERMANENTES COMISS\u00c3O DE ADMINISTRA\u00c7\u00c3O E SERVI\u00c7O P\u00daBLICO AVISOS PROPOSI\u00c7\u00d5ES EM FASE DE RECEBIMENTO DE EMENDAS (5 SESS\u00d5ES) DECURSO: 1\u00aa SESS\u00c3O \u00daLTIMA [&hellip;]","og_url":"https:\/\/www.legislapp.com.br\/index.php\/ordem-dia-camara-sexta-feira-2-de-agosto-de-2024\/","og_site_name":"Legislapp","article_publisher":"https:\/\/www.instagram.com\/legislapp\/","og_image":[{"url":"https:\/\/www.legislapp.com.br\/wp-content\/uploads\/2021\/07\/Logo-Legislapp-1-03-1.png","type":"","width":"","height":""}],"twitter_card":"summary_large_image","twitter_misc":{"Est. tempo de leitura":"64 minutos"},"schema":{"@context":"https:\/\/schema.org","@graph":[{"@type":"WebPage","@id":"https:\/\/www.legislapp.com.br\/index.php\/ordem-dia-camara-sexta-feira-2-de-agosto-de-2024\/","url":"https:\/\/www.legislapp.com.br\/index.php\/ordem-dia-camara-sexta-feira-2-de-agosto-de-2024\/","name":"ORDEM DO DIA COMISS\u00d5ES C\u00c2MARA DOS DEPUTADOS 02\/08\/2024 - Legislapp","isPartOf":{"@id":"https:\/\/www.legislapp.com.br\/#website"},"primaryImageOfPage":{"@id":"https:\/\/www.legislapp.com.br\/index.php\/ordem-dia-camara-sexta-feira-2-de-agosto-de-2024\/#primaryimage"},"image":{"@id":"https:\/\/www.legislapp.com.br\/index.php\/ordem-dia-camara-sexta-feira-2-de-agosto-de-2024\/#primaryimage"},"thumbnailUrl":"https:\/\/www.legislapp.com.br\/wp-content\/uploads\/2021\/07\/Logo-Legislapp-1-03-1.png","datePublished":"2024-08-05T21:24:39+00:00","breadcrumb":{"@id":"https:\/\/www.legislapp.com.br\/index.php\/ordem-dia-camara-sexta-feira-2-de-agosto-de-2024\/#breadcrumb"},"inLanguage":"pt-BR","potentialAction":[{"@type":"ReadAction","target":["https:\/\/www.legislapp.com.br\/index.php\/ordem-dia-camara-sexta-feira-2-de-agosto-de-2024\/"]}]},{"@type":"ImageObject","inLanguage":"pt-BR","@id":"https:\/\/www.legislapp.com.br\/index.php\/ordem-dia-camara-sexta-feira-2-de-agosto-de-2024\/#primaryimage","url":"https:\/\/www.legislapp.com.br\/wp-content\/uploads\/2021\/07\/Logo-Legislapp-1-03-1.png","contentUrl":"https:\/\/www.legislapp.com.br\/wp-content\/uploads\/2021\/07\/Logo-Legislapp-1-03-1.png","width":2679,"height":2697},{"@type":"BreadcrumbList","@id":"https:\/\/www.legislapp.com.br\/index.php\/ordem-dia-camara-sexta-feira-2-de-agosto-de-2024\/#breadcrumb","itemListElement":[{"@type":"ListItem","position":1,"name":"In\u00edcio","item":"https:\/\/www.legislapp.com.br\/"},{"@type":"ListItem","position":2,"name":"ORDEM DO DIA COMISS\u00d5ES C\u00c2MARA DOS DEPUTADOS 02\/08\/2024"}]},{"@type":"WebSite","@id":"https:\/\/www.legislapp.com.br\/#website","url":"https:\/\/www.legislapp.com.br\/","name":"Legislapp","description":"Intelig\u00eancia governamental em tempo real","publisher":{"@id":"https:\/\/www.legislapp.com.br\/#organization"},"potentialAction":[{"@type":"SearchAction","target":{"@type":"EntryPoint","urlTemplate":"https:\/\/www.legislapp.com.br\/?s={search_term_string}"},"query-input":{"@type":"PropertyValueSpecification","valueRequired":true,"valueName":"search_term_string"}}],"inLanguage":"pt-BR"},{"@type":"Organization","@id":"https:\/\/www.legislapp.com.br\/#organization","name":"Legislapp Monitoramento e Intelig\u00eancia Governamental","url":"https:\/\/www.legislapp.com.br\/","logo":{"@type":"ImageObject","inLanguage":"pt-BR","@id":"https:\/\/www.legislapp.com.br\/#\/schema\/logo\/image\/","url":"https:\/\/www.legislapp.com.br\/wp-content\/uploads\/icon.png","contentUrl":"https:\/\/www.legislapp.com.br\/wp-content\/uploads\/icon.png","width":1024,"height":1024,"caption":"Legislapp Monitoramento e Intelig\u00eancia Governamental"},"image":{"@id":"https:\/\/www.legislapp.com.br\/#\/schema\/logo\/image\/"},"sameAs":["https:\/\/www.instagram.com\/legislapp\/"]}]}},"_links":{"self":[{"href":"https:\/\/www.legislapp.com.br\/index.php\/wp-json\/wp\/v2\/pages\/4535","targetHints":{"allow":["GET"]}}],"collection":[{"href":"https:\/\/www.legislapp.com.br\/index.php\/wp-json\/wp\/v2\/pages"}],"about":[{"href":"https:\/\/www.legislapp.com.br\/index.php\/wp-json\/wp\/v2\/types\/page"}],"author":[{"embeddable":true,"href":"https:\/\/www.legislapp.com.br\/index.php\/wp-json\/wp\/v2\/users\/1"}],"replies":[{"embeddable":true,"href":"https:\/\/www.legislapp.com.br\/index.php\/wp-json\/wp\/v2\/comments?post=4535"}],"version-history":[{"count":0,"href":"https:\/\/www.legislapp.com.br\/index.php\/wp-json\/wp\/v2\/pages\/4535\/revisions"}],"wp:attachment":[{"href":"https:\/\/www.legislapp.com.br\/index.php\/wp-json\/wp\/v2\/media?parent=4535"}],"curies":[{"name":"wp","href":"https:\/\/api.w.org\/{rel}","templated":true}]}}