{"id":5116,"date":"2024-09-30T20:39:32","date_gmt":"2024-09-30T23:39:32","guid":{"rendered":"https:\/\/www.legislapp.com.br\/index.php\/ordem-dia-camara-quinta-feira-5-de-setembro-de-2024-2\/"},"modified":"2024-09-30T20:39:32","modified_gmt":"2024-09-30T23:39:32","slug":"ordem-dia-camara-quinta-feira-5-de-setembro-de-2024-2","status":"publish","type":"page","link":"https:\/\/www.legislapp.com.br\/index.php\/ordem-dia-camara-quinta-feira-5-de-setembro-de-2024-2\/","title":{"rendered":"ORDEM DO DIA COMISS\u00d5ES C\u00c2MARA DOS DEPUTADOS 05\/09\/2024"},"content":{"rendered":"<h1 style='text-align: center;'>quinta-feira, 5 de setembro de 2024 &#8211; ORDEM DO DIA COMISS\u00d5ES C\u00c2MARA DOS DEPUTADOS 05\/09\/2024<\/h3>\n<p><\/p>\n<article>C\u00c2MARA DOS DEPUTADOS <br \/>57\u00aa LEGISLATURA &#8211; 2\u00aa SESS\u00c3O LEGISLATIVA <br \/>Em 5 de setembro de 2024 <br \/>quinta-feira <br \/>I &#8211; COMISS\u00d5ES PERMANENTES <br \/>COMISS\u00c3O DE ADMINISTRA\u00c7\u00c3O E SERVI\u00c7O P\u00daBLICO <br \/>AVISOS <br \/>PROPOSI\u00c7\u00d5ES EM FASE DE RECEBIMENTO DE EMENDAS (5 SESS\u00d5ES) <br \/>DECURSO: 3\u00aa SESS\u00c3O <br \/>\u00daLTIMA SESS\u00c3O: 09-09-24 <br \/>Substitutivo (Art. 119, II e \u00a71\u00ba) <br \/>AS PROPOSI\u00c7\u00d5ES ABAIXO SOMENTE RECEBER\u00c3O EMENDAS APRESENTADAS POR MEMBROS <br \/>DESTA COMISS\u00c3O <br \/>PROJETO DE LEI N\u00ba 4.400\/19 &#8211; do Sr. F\u00e1bio Trad &#8211; que &#8220;altera o art. 11, da Lei n\u00ba 10.098, de 19 de <br \/>dezembro de 2000, para tornar obrigat\u00f3rio o oferecimento de atendimento no t\u00e9rreo dos edif\u00edcios de <br \/>\u00f3rg\u00e3os p\u00fablicos, para pessoas com defici\u00eancia ou com mobilidade reduzida&#8221;. (Apensado: PL 2465\/2021) <br \/>RELATOR: Deputado OSSESIO SILVA. <br \/>DECURSO: 4\u00aa SESS\u00c3O <br \/>\u00daLTIMA SESS\u00c3O: 06-09-24 <br \/>Projetos de Lei (Art. 119, I e \u00a71\u00ba) <br \/>PROJETO DE LEI N\u00ba 3.505\/23 &#8211; do Senado Federal &#8211; Vanderlan Cardoso &#8211; que &#8220;disp\u00f5e sobre a cria\u00e7\u00e3o da Universidade Federal de Rio Verde (UFRV), por desmembramento do campus Rio Verde do Instituto <br \/>Federal Goiano&#8221;. <br \/>RELATORA: Deputada MARUSSA BOLDRIN. <br \/>DECURSO: 5\u00aa SESS\u00c3O <br \/>\u00daLTIMA SESS\u00c3O: 05-09-24 <br \/>Substitutivo (Art. 119, II e \u00a71\u00ba) <br \/>AS PROPOSI\u00c7\u00d5ES ABAIXO SOMENTE RECEBER\u00c3O EMENDAS APRESENTADAS POR MEMBROS <br \/>DESTA COMISS\u00c3O <br \/>PROJETO DE LEI N\u00ba 4.014\/23 &#8211; da Sra. C\u00e9lia Xakriab\u00e1 &#8211; que &#8220;disp\u00f5e sobre a presen\u00e7a obrigat\u00f3ria de <br \/>Int\u00e9rprete\/Tradutor de L\u00edngua Ind\u00edgena em \u00d3rg\u00e3os P\u00fablicos, Institui\u00e7\u00f5es de Fun\u00e7\u00f5es Essenciais \u00e0 <br \/>Justi\u00e7a e Concession\u00e1rias de Servi\u00e7os P\u00fablicos&#8221;. <br \/>RELATORA: Deputada S\u00c2MIA BOMFIM. <br \/>PROJETO DE LEI N\u00ba 672\/24 &#8211; Chico Alencar e Tarc\u00edsio Motta &#8211; que &#8220;pro\u00edbe a monetiza\u00e7\u00e3o, por <br \/>detentores de mandatos eletivos, de conte\u00fados que tenham por objeto o exerc\u00edcio da fun\u00e7\u00e3o p\u00fablica ou o <br \/>recebimento de receitas em fun\u00e7\u00e3o de conte\u00fado produzido com emprego de recursos p\u00fablicos&#8221;. <br \/>RELATORA: Deputada S\u00c2MIA BOMFIM. <br \/>COMISS\u00c3O DE AGRICULTURA, PECU\u00c1RIA, ABASTECIMENTO E <br \/>DESENVOLVIMENTO RURAL <br \/>AVISOS <br \/>PROPOSI\u00c7\u00d5ES EM FASE DE RECEBIMENTO DE EMENDAS (5 SESS\u00d5ES) <br \/>DECURSO: 1\u00aa SESS\u00c3O <br \/>\u00daLTIMA SESS\u00c3O: 11-09-24 <br \/>Substitutivo (Art. 119, II e \u00a71\u00ba) <br \/>AS PROPOSI\u00c7\u00d5ES ABAIXO SOMENTE RECEBER\u00c3O EMENDAS APRESENTADAS POR MEMBROS <br \/>DESTA COMISS\u00c3O <br \/>PROJETO DE LEI N\u00ba 6.029\/23 &#8211; do Sr. Samuel Viana &#8211; que &#8220;disp\u00f5e sobre a promo\u00e7\u00e3o da <br \/>internacionaliza\u00e7\u00e3o da ra\u00e7a de cavalos Mangalarga Marchador, e d\u00e1 outras provid\u00eancias. &#8221; <br \/>RELATOR: Deputado EMIDINHO MADEIRA. <br \/>DECURSO: 2\u00aa SESS\u00c3O <br \/>\u00daLTIMA SESS\u00c3O: 10-09-24 <br \/>Projetos de Lei (Art. 119, I e \u00a71\u00ba) <br \/>PROJETO DE LEI N\u00ba 2.963\/21 &#8211; do Sr. Marreca Filho &#8211; que &#8220;altera o art. 25 da Lei N\u00ba 10.438, de 26 de <br \/>abril de 2002, para estender \u00e0s cooperativas e \u00e0s col\u00f4nias de pescadores artesanais os descontos <br \/>especiais nas tarifas de energia el\u00e9trica aplic\u00e1veis \u00e0s unidades consumidoras classificadas na Classe <br \/>Rural&#8221;. <br \/>RELATOR: Deputado AUREO RIBEIRO. PROJETO DE LEI N\u00ba 6.385\/19 &#8211; do Senado Federal &#8211; Flexa Ribeiro &#8211; (PLS 26\/2018) &#8211; que &#8220;confere a <br \/>Bel\u00e9m, no Estado do Par\u00e1, o t\u00edtulo de Capital Nacional do A\u00e7a\u00ed&#8221;. (Apensados: PL 8083\/2017, PL <br \/>2447\/2021, PL 2700\/2023, PL 3158\/2023 e PL 5493\/2023) <br \/>RELATOR: Deputado RODRIGO ESTACHO. <br \/>PROJETO DE LEI N\u00ba 1.228\/23 &#8211; do Sr. Jo\u00e3o Daniel &#8211; que &#8220;disp\u00f5e sobre aquisi\u00e7\u00e3o, pelas distribuidoras, <br \/>de cr\u00e9ditos de energia el\u00e9trica provenientes de micro e minigera\u00e7\u00e3o distribu\u00edda de unidades enquadradas <br \/>como agricultura familiar e microempreendedor individual enquanto durar o financiamento dos <br \/>equipamentos&#8221;. (Apensado: PL 3066\/2023) <br \/>RELATOR: Deputado AUREO RIBEIRO. <br \/>PROJETO DE LEI N\u00ba 1.658\/23 &#8211; do Senado Federal &#8211; Jaime Bagattoli &#8211; que &#8220;altera a Lei n\u00ba 13.756, de 12 <br \/>de dezembro de 2018, para destinar recursos do produto da arrecada\u00e7\u00e3o de loterias ao Programa <br \/>Nacional de Cr\u00e9dito Fundi\u00e1rio&#8221;. <br \/>RELATORA: Deputada SILVIA CRISTINA. <br \/>PROJETO DE LEI N\u00ba 1.436\/24 &#8211; do Sr. Lucio Mosquini &#8211; que &#8220;regula a utiliza\u00e7\u00e3o cr\u00e9ditos de carbono na <br \/>compensa\u00e7\u00e3o tribut\u00e1ria com impostos que tenham o fato gerador na atividade agropecu\u00e1ria e d\u00e1 outras <br \/>provid\u00eancias. &#8221; <br \/>RELATOR: Deputado TI\u00c3O MEDEIROS. <br \/>PROJETO DE LEI N\u00ba 1.835\/24 &#8211; do Sr. Pinheirinho &#8211; que &#8220;altera o art. 8\u00ba da Lei n\u00ba 6.446, de 5 de outubro <br \/>de 1977&#8243;. <br \/>RELATORA: Deputada ANA PAULA LE\u00c3O. <br \/>PROJETO DE LEI N\u00ba 1.853\/24 &#8211; do Sr. Jos\u00e9 Medeiros &#8211; que &#8220;reduz as al\u00edquotas do Imposto sobre <br \/>Produtos Industrializados incidentes sobre m\u00e1quinas agr\u00edcolas e ve\u00edculos el\u00e9tricos. &#8221; <br \/>RELATOR: Deputado MAURICIO DO V\u00d4LEI. <br \/>PROJETO DE LEI N\u00ba 1.999\/24 &#8211; da Sra. Ana Paula Le\u00e3o &#8211; que &#8220;pro\u00edbe a fabrica\u00e7\u00e3o e a comercializa\u00e7\u00e3o <br \/>de leite sint\u00e9tico no territ\u00f3rio nacional&#8221;. <br \/>RELATORA: Deputada DANIELA REINEHR. <br \/>PROJETO DE LEI N\u00ba 2.207\/24 &#8211; do Sr. Saullo Vianna &#8211; que &#8220;regulamenta a venda de produtos a base de <br \/>\u201cCETAMINA\u201d em agropecu\u00e1rias, farm\u00e1cias, cl\u00ednicas, m\u00e9dicas e veterin\u00e1rias e similares&#8221;. <br \/>RELATOR: Deputado DOMINGOS S\u00c1VIO. <br \/>PROJETO DE LEI N\u00ba 2.232\/24 &#8211; do Sr. Henderson Pinto &#8211; que &#8220;altera a Lei n\u00ba 12.512, de 14 de outubro <br \/>de 2011, para incluir pescadores artesanais de baixa renda entre os benefici\u00e1rios do Programa de <br \/>Fomento \u00e0s Atividades Produtivas Rurais&#8221;. <br \/>RELATOR: Deputado ALBUQUERQUE. <br \/>PROJETO DE LEI N\u00ba 2.327\/24 &#8211; do Sr. Alexandre Guimar\u00e3es &#8211; que &#8220;confere ao Munic\u00edpio de Aragua\u00edna, <br \/>no Estado do Tocantins, o t\u00edtulo de Capital Nacional da Cavalgada. &#8221; (Apensado: PL 2657\/2024) <br \/>RELATOR: Deputado J\u00daLIO OLIVEIRA. <br \/>PROJETO DE LEI N\u00ba 2.389\/24 &#8211; do Sr. Raimundo Santos &#8211; que &#8220;institui o \u201cPrograma Nacional de <br \/>Incentivo e Comercializa\u00e7\u00e3o do Abacaxi (PNICAB)\u201d. &#8221; <br \/>RELATOR: Deputado EVAIR VIEIRA DE MELO. <br \/>PROJETO DE LEI N\u00ba 2.402\/24 &#8211; do Sr. Josimar Maranh\u00e3ozinho &#8211; que &#8220;institui linha especial de cr\u00e9dito <br \/>rural&#8221;. <br \/>RELATORA: Deputada DETINHA. <br \/>PROJETO DE LEI N\u00ba 2.432\/24 &#8211; do Sr. Lucio Mosquini &#8211; que &#8220;altera a Lei n\u00ba 12.651, de 25 de maio de <br \/>2012, C\u00f3digo Florestal, para dispor sobre recomposi\u00e7\u00e3o de \u00e1reas suprimidas dentro da reserva legal e <br \/>d\u00e1 outras provid\u00eancias&#8221;. <br \/>RELATOR: Deputado SERGIO SOUZA. <br \/>PROJETO DE LEI N\u00ba 2.470\/24 &#8211; do Sr. Lucio Mosquini &#8211; que &#8220;altera a Lei n\u00ba 12.651, de 25 de maio de <br \/>2012, C\u00f3digo Florestal, para dispor sobre recomposi\u00e7\u00e3o de \u00e1reas suprimidas dentro da reserva legal e d\u00e1 outras provid\u00eancias&#8221;. <br \/>RELATORA: Deputada SILVIA CRISTINA. <br \/>PROJETO DE LEI N\u00ba 2.481\/24 &#8211; do Sr. Jadyel Alencar &#8211; que &#8220;institui o Programa de Prioriza\u00e7\u00e3o do <br \/>Abastecimento Escolar com Produtos Frescos e Org\u00e2nicos oriundos da agricultura local e familiar e <br \/>altera a Lei n\u00ba 11.947, de 16 de junho de 2009, para incluir diretrizes sobre a produ\u00e7\u00e3o e aquisi\u00e7\u00e3o de <br \/>g\u00eaneros aliment\u00edcios livres de agrot\u00f3xicos no Programa Nacional de Alimenta\u00e7\u00e3o Escolar (PNAE)&#8221;. <br \/>RELATORA: Deputada ROBERTA ROMA. <br \/>PROJETO DE LEI N\u00ba 2.502\/24 &#8211; do Sr. Rodolfo Nogueira &#8211; que &#8220;altera a Lei n\u00ba 8.629, de 25 de fevereiro <br \/>de 1993, para tornar a propriedade produtiva absolutamente insuscet\u00edvel de desapropria\u00e7\u00e3o para fins de <br \/>reforma agr\u00e1ria e para aprimorar a regulamenta\u00e7\u00e3o dos crit\u00e9rios de produtividade&#8221;. <br \/>RELATOR: Deputado JOS\u00c9 MEDEIROS. <br \/>PROJETO DE LEI N\u00ba 2.604\/24 &#8211; do Sr. Nilto Tatto e outros &#8211; que &#8220;altera a reda\u00e7\u00e3o do Art. 11, da Lei n\u00ba<br \/>8.629, de 25 de fevereiro de 1993, regulamenta o par\u00e1grafo \u00fanico do Art. 185 da Constitui\u00e7\u00e3o Federal, e <br \/>d\u00e1 outras provid\u00eancias. &#8221; <br \/>RELATORA: Deputada MARUSSA BOLDRIN. <br \/>PROJETO DE LEI N\u00ba 2.707\/24 &#8211; da Sra. Alice Portugal &#8211; que &#8220;altera a Lei n\u00ba 10.779, de 25 de novembro <br \/>de 2003, para incluir categorias entre as benefici\u00e1rias do seguro-desemprego durante o per\u00edodo do <br \/>defeso e alterar o prazo de recebimento do benef\u00edcio. &#8221; <br \/>RELATOR: Deputado LUIZ NISHIMORI. <br \/>PROJETO DE LEI N\u00ba 2.742\/24 &#8211; do Sr. Marcos Tavares &#8211; que &#8220;disp\u00f5e sobre a estabelecimento de <br \/>padr\u00f5es legais m\u00ednimos para o tratamento de animais em criadouros, incluindo espa\u00e7o adequado, <br \/>acesso a \u00e1gua e comida, cuidados veterin\u00e1rios e restri\u00e7\u00f5es \u00e0 reprodu\u00e7\u00e3o excessiva. &#8221; <br \/>RELATOR: Deputado NELSON BARBUDO. <br \/>PROJETO DE LEI N\u00ba 2.754\/24 &#8211; do Sr. Ulisses Guimar\u00e3es &#8211; que &#8220;disp\u00f5e sobre a capacita\u00e7\u00e3o obrigat\u00f3ria <br \/>e uso de tecnologias para o pessoal envolvido no transporte de animais por companhias a\u00e9reas e outros <br \/>transportadores e d\u00e1 outras provid\u00eancias. &#8221; <br \/>RELATOR: Deputado MARCEL VAN HATTEM. <br \/>PROJETO DE LEI N\u00ba 2.756\/24 &#8211; do Sr. Ulisses Guimar\u00e3es &#8211; que &#8220;disp\u00f5e sobre a desburocratiza\u00e7\u00e3o e <br \/>moderniza\u00e7\u00e3o dos processos de inspe\u00e7\u00e3o sanit\u00e1ria dos produtos artesanais de origem animal, por meio <br \/>da implementa\u00e7\u00e3o de tecnologias digitais, visando a simplifica\u00e7\u00e3o dos procedimentos e a promo\u00e7\u00e3o da <br \/>seguran\u00e7a alimentar. &#8221; <br \/>RELATOR: Deputado EVAIR VIEIRA DE MELO. <br \/>PROJETO DE LEI N\u00ba 2.764\/24 &#8211; do Sr. Marcelo Moraes &#8211; que &#8220;autoriza e estabelece diretrizes para o <br \/>Poder P\u00fablico federal adquirir alimentos de pa\u00edses estrangeiros para recomposi\u00e7\u00e3o de estoques p\u00fablicos <br \/>em caso de calamidade p\u00fablica, assegurando prioridade aos produtores nacionais e d\u00e1 outras <br \/>provid\u00eancias. &#8221; <br \/>RELATOR: Deputado EMIDINHO MADEIRA. <br \/>PROJETO DE LEI N\u00ba 2.870\/24 &#8211; do Sr. Marcos Tavares &#8211; que &#8220;institui incentivos \u00e0 pesquisa e <br \/>desenvolvimento de alimentos sustent\u00e1veis para animais, promovendo benef\u00edcios fiscais para empresas <br \/>que investem em alternativas ecol\u00f3gicas e nutritivas, estabelece padr\u00f5es de sustentabilidade na <br \/>produ\u00e7\u00e3o e fomenta a inova\u00e7\u00e3o no setor de alimenta\u00e7\u00e3o animal&#8221;. <br \/>RELATOR: Deputado EMANUEL PINHEIRO NETO. <br \/>PROJETO DE LEI N\u00ba 2.873\/24 &#8211; do Sr. Marcos Tavares &#8211; que &#8220;obriga o poder p\u00fablico a garantir a <br \/>castra\u00e7\u00e3o de animais v\u00edtimas de cat\u00e1strofes ou outras emerg\u00eancias, acolhidos em abrigos p\u00fablicos ou <br \/>privados, estabelecendo crit\u00e9rios espec\u00edficos para a realiza\u00e7\u00e3o do procedimento. &#8221; <br \/>RELATOR: Deputado ALCEU MOREIRA. <br \/>PROJETO DE LEI N\u00ba 3.114\/24 &#8211; do Sr. Daniel Agrobom &#8211; que &#8220;altera a Lei n\u00ba 12.188, de 11 de janeiro de <br \/>2010, para estabelecer que o Programa Nacional de Assist\u00eancia T\u00e9cnica e Extens\u00e3o Rural na Agricultura <br \/>Familiar e na Reforma Agr\u00e1ria (Pronater)inclua, entre suas diretrizes, a\u00e7\u00f5es para assist\u00eancia aos <br \/>afetados por enchentes ou outros eventos clim\u00e1ticos extremos. &#8221; <br \/>RELATOR: Deputado Z\u00c9 SILVA. PROJETO DE LEI N\u00ba 3.119\/24 &#8211; do Sr. Jorge Goetten &#8211; que &#8220;confere ao Munic\u00edpio de Corup\u00e1, localizado <br \/>no Estado de Santa Catarina, o t\u00edtulo de Capital Nacional da Banana. &#8221; <br \/>RELATORA: Deputada DANIELA REINEHR. <br \/>PROJETO DE LEI N\u00ba 3.180\/24 &#8211; do Sr. Lucio Mosquini &#8211; que &#8220;altera a Lei n\u00ba 14.701, de 20 de outubro de <br \/>2023 para incluir o art. 33 e d\u00e1 outras provid\u00eancias. &#8221; <br \/>RELATOR: Deputado PEDRO LUPION. <br \/>Substitutivo (Art. 119, II e \u00a71\u00ba) <br \/>AS PROPOSI\u00c7\u00d5ES ABAIXO SOMENTE RECEBER\u00c3O EMENDAS APRESENTADAS POR MEMBROS <br \/>DESTA COMISS\u00c3O <br \/>PROJETO DE LEI N\u00ba 4.417\/23 &#8211; do Sr. Juninho do Pneu &#8211; que &#8220;institui o programa de incentivo de <br \/>pr\u00e1ticas sustent\u00e1veis para pequenos produtores rurais. &#8221; <br \/>RELATORA: Deputada CORONEL FERNANDA. <br \/>DECURSO: 5\u00aa SESS\u00c3O <br \/>\u00daLTIMA SESS\u00c3O: 05-09-24 <br \/>Substitutivo (Art. 119, II e \u00a71\u00ba) <br \/>AS PROPOSI\u00c7\u00d5ES ABAIXO SOMENTE RECEBER\u00c3O EMENDAS APRESENTADAS POR MEMBROS <br \/>DESTA COMISS\u00c3O <br \/>PROJETO DE LEI N\u00ba 711\/22 &#8211; do Sr. Jer\u00f4nimo Goergen &#8211; que &#8220;institui o Fundo Nacional para Preven\u00e7\u00e3o, <br \/>Prote\u00e7\u00e3o e Defesa Agropecu\u00e1ria Contra Calamidades &#8211; FUNDEAGRO, e d\u00e1 outras provid\u00eancias&#8221; <br \/>RELATOR: Deputado PEZENTI. <br \/>COMISS\u00c3O DA AMAZ\u00d4NIA E DOS POVOS ORIGIN\u00c1RIOS E TRADICIONAIS <br \/>AVISOS <br \/>PROPOSI\u00c7\u00d5ES EM FASE DE RECEBIMENTO DE EMENDAS (5 SESS\u00d5ES) <br \/>DECURSO: 1\u00aa SESS\u00c3O <br \/>\u00daLTIMA SESS\u00c3O: 11-09-24 <br \/>Substitutivo (Art. 119, II e \u00a71\u00ba) <br \/>AS PROPOSI\u00c7\u00d5ES ABAIXO SOMENTE RECEBER\u00c3O EMENDAS APRESENTADAS POR MEMBROS <br \/>DESTA COMISS\u00c3O <br \/>PROJETO DE LEI N\u00ba 1.815\/23 &#8211; do Sr. Aliel Machado e outros &#8211; que &#8220;altera o C\u00f3digo Eleitoral e institui o <br \/>Programa Cidadania Plena, orientado a facilitar o alistamento, a transfer\u00eancia e vota\u00e7\u00e3o de idosos, <br \/>pessoas hospitalizadas e com mobilidade reduzida e de cidad\u00e3os das comunidades quilombolas, das <br \/>comunidades cai\u00e7aras e ribeirinhas e das aldeias ind\u00edgenas&#8221;. (Apensado: PL 3937\/2023) <br \/>RELATORA: Deputada JULIANA CARDOSO. <br \/>DECURSO: 5\u00aa SESS\u00c3O <br \/>\u00daLTIMA SESS\u00c3O: 05-09-24 Substitutivo (Art. 119, II e \u00a71\u00ba) <br \/>AS PROPOSI\u00c7\u00d5ES ABAIXO SOMENTE RECEBER\u00c3O EMENDAS APRESENTADAS POR MEMBROS <br \/>DESTA COMISS\u00c3O <br \/>PROJETO DE LEI N\u00ba 5.467\/19 &#8211; da Sra. Joenia Wapichana &#8211; que &#8220;altera a Lei n\u00ba 9.605, de 12 de <br \/>fevereiro de 1998, e a Lei n\u00ba 6.001, de 19 de dezembro de 1973, para reverter em benef\u00edcio dos povos <br \/>ind\u00edgenas os valores arrecadados em pagamento de multas por infra\u00e7\u00e3o ambiental cometida em terras <br \/>ind\u00edgenas&#8221;. <br \/>RELATORA: Deputada C\u00c9LIA XAKRIAB\u00c1. <br \/>PROJETO DE LEI N\u00ba 3.421\/23 &#8211; do Sr. Lucio Mosquini &#8211; que &#8220;acrescenta os \u00a7\u00a7 5\u00ba e 6\u00ba ao art. 4\u00ba \u00e0 Lei n\u00ba<br \/>7.827, de 27 de setembro de 1989 que regulamenta o art. 159, inciso I, al\u00ednea c, da Constitui\u00e7\u00e3o Federal, <br \/>institui o Fundo Constitucional de Financiamento do Norte &#8211; FNO, o Fundo Constitucional de <br \/>Financiamento do Nordeste &#8211; FNE e o Fundo Constitucional de Financiamento do Centro-Oeste &#8211; FCO, e <br \/>d\u00e1 outras provid\u00eancias&#8221;. (Apensado: PL 4189\/2023) <br \/>RELATOR: Deputado ZEZINHO BARBARY. <br \/>COMISS\u00c3O DE CI\u00caNCIA, TECNOLOGIA E INOVA\u00c7\u00c3O <br \/>AVISOS <br \/>PROPOSI\u00c7\u00d5ES EM FASE DE RECEBIMENTO DE EMENDAS (5 SESS\u00d5ES) <br \/>DECURSO: 2\u00aa SESS\u00c3O <br \/>\u00daLTIMA SESS\u00c3O: 10-09-24 <br \/>Projetos de Lei (Art. 119, I e \u00a71\u00ba) <br \/>PROJETO DE LEI N\u00ba 2.721\/24 &#8211; do Sr. Jonas Donizette &#8211; que &#8220;altera o art. 11 da Lei n\u00b0 9.610, de 1998, <br \/>para deixar expresso que autor \u00e9 apenas a pessoa f\u00edsica, independentemente do grau de autonomia do <br \/>sistema de intelig\u00eancia artificial utilizado na elabora\u00e7\u00e3o da obra. &#8221; <br \/>RELATOR: Deputado LEONARDO GADELHA. <br \/>PROJETO DE LEI N\u00ba 2.967\/24 &#8211; do Sr. Pedro Jr &#8211; que &#8220;disp\u00f5e sobre o apoio a startups e empresas de <br \/>tecnologia atrav\u00e9s de incentivos fiscais e financiamentos&#8221;. <br \/>RELATOR: Deputado LEONARDO GADELHA. <br \/>Substitutivo (Art. 119, II e \u00a71\u00ba) <br \/>AS PROPOSI\u00c7\u00d5ES ABAIXO SOMENTE RECEBER\u00c3O EMENDAS APRESENTADAS POR MEMBROS <br \/>DESTA COMISS\u00c3O <br \/>PROJETO DE LEI N\u00ba 674\/24 &#8211; do Sr. Pedro Aihara &#8211; que &#8220;instituir o Programa de Incentivo \u00e0 Participa\u00e7\u00e3o <br \/>em Olimp\u00edadas Cient\u00edficas (PIPOC)&#8221;. (Apensado: PL 2959\/2024) <br \/>RELATOR: Deputado OSSESIO SILVA. <br \/>COMISS\u00c3O DE COMUNICA\u00c7\u00c3O <br \/>AVISOS PROPOSI\u00c7\u00d5ES EM FASE DE RECEBIMENTO DE EMENDAS (5 SESS\u00d5ES) <br \/>DECURSO: 5\u00aa SESS\u00c3O <br \/>\u00daLTIMA SESS\u00c3O: 05-09-24 <br \/>Projetos de Lei (Art. 119, I e \u00a71\u00ba) <br \/>PROJETO DE LEI N\u00ba 3.484\/21 &#8211; do Sr. Alexandre Frota &#8211; que &#8220;estabelece a obrigatoriedade de etiqueta <br \/>de advert\u00eancia para o uso de telas eletr\u00f4nicas por crian\u00e7as de at\u00e9 doze de idade&#8221;. <br \/>RELATOR: Deputado PASTOR DINIZ. <br \/>PROJETO DE LEI N\u00ba 1.809\/23 &#8211; do Sr. Dorinaldo Malafaia &#8211; que &#8220;altera a Lei n\u00ba 8.080, de 19 de <br \/>setembro de 1990, e a Lei n\u00ba. 12.965, de 23 de abril de 2014, para dispor sobre o combate \u00e0 divulga\u00e7\u00e3o <br \/>de mentiras (fake news) que ponham em risco a sa\u00fade da popula\u00e7\u00e3o&#8221;. <br \/>RELATOR: Deputado ANDR\u00c9 FIGUEIREDO. <br \/>PROJETO DE LEI N\u00ba 2.416\/24 &#8211; da Sra. Nely Aquino &#8211; que &#8220;disp\u00f5e sobre a regulamenta\u00e7\u00e3o do uso de <br \/>tecnologias de vigil\u00e2ncia e coleta de dados pessoais no territ\u00f3rio nacional, complementando a Lei Geral <br \/>de Prote\u00e7\u00e3o de Dados Pessoais (LGPD &#8211; Lei n\u00ba 13.709, de 14 de agosto de 2018) e estabelecendo <br \/>diretrizes adicionais para a prote\u00e7\u00e3o da privacidade e dos direitos dos cidad\u00e3os&#8221;. <br \/>RELATORA: Deputada DANI CUNHA. <br \/>PROJETO DE LEI N\u00ba 2.564\/24 &#8211; do Sr. Duda Ramos &#8211; que &#8220;prop\u00f5e a\u00e7\u00f5es de Combate a atua\u00e7\u00e3o em <br \/>Territ\u00f3rio Nacional dos Jogos Ilegais na Internet &#8221; <br \/>RELATOR: Deputado CLEBER VERDE. <br \/>PROJETO DE LEI N\u00ba 2.766\/24 &#8211; do Sr. Jorge Goetten &#8211; que &#8220;inclui na Lei n\u00ba 12.965, de 23 de abril de <br \/>2014 (Marco Civil da Internet) a obrigatoriedade de veicula\u00e7\u00e3o de mensagem de advert\u00eancia quanto ao <br \/>risco para a sa\u00fade mental de crian\u00e7as e adolescentes pelo uso de aplica\u00e7\u00f5es de internet que <br \/>disponibilizem conte\u00fado gerado por terceiros, inclusive redes sociais&#8221;. <br \/>RELATORA: Deputada FRANCIANE BAYER. <br \/>PROJETO DE LEI N\u00ba 2.777\/24 &#8211; da Sra. Silvye Alves &#8211; que &#8220;disp\u00f5e sobre medidas de valoriza\u00e7\u00e3o, <br \/>prote\u00e7\u00e3o e promo\u00e7\u00e3o dos direitos das mulheres trabalhadoras operadoras de telemarketing&#8221;. <br \/>RELATOR: Deputado CLEBER VERDE. <br \/>Substitutivo (Art. 119, II e \u00a71\u00ba) <br \/>AS PROPOSI\u00c7\u00d5ES ABAIXO SOMENTE RECEBER\u00c3O EMENDAS APRESENTADAS POR MEMBROS <br \/>DESTA COMISS\u00c3O <br \/>PROJETO DE LEI N\u00ba 9.049\/17 &#8211; do Sr. Capit\u00e3o Augusto &#8211; que &#8220;acrescenta par\u00e1grafo ao art. 36 da Lei n\u00ba<br \/>12.529, de 2011, para estabelecer como infra\u00e7\u00e3o \u00e0 ordem econ\u00f4mica a concentra\u00e7\u00e3o decorrente de <br \/>monop\u00f3lio ou oligop\u00f3lio dos meios de comunica\u00e7\u00e3o social&#8221;. <br \/>RELATOR: Deputado PASTOR DINIZ. <br \/>PROJETO DE LEI N\u00ba 2.771\/20 &#8211; da Sra. Benedita da Silva &#8211; que &#8220;altera a Lei n\u00b0 9.998, de 17 de agosto <br \/>de 2000, que institui o Fundo de Universaliza\u00e7\u00e3o dos Servi\u00e7os de Telecomunica\u00e7\u00f5es, para transform\u00e1-lo <br \/>no Fundo de Universaliza\u00e7\u00e3o dos Servi\u00e7os de Telecomunica\u00e7\u00f5es e de Radiodifus\u00e3o Comunit\u00e1ria&#8221;. <br \/>RELATOR: Deputado PASTOR DINIZ. <br \/>COMISS\u00c3O DE CONSTITUI\u00c7\u00c3O E JUSTI\u00c7A E DE CIDADANIA <br \/>AVISOS PROPOSI\u00c7\u00d5ES EM FASE DE RECEBIMENTO DE EMENDAS (5 SESS\u00d5ES) <br \/>DECURSO: 1\u00aa SESS\u00c3O <br \/>\u00daLTIMA SESS\u00c3O: 11-09-24 <br \/>Substitutivo (Art. 119, II e \u00a71\u00ba) <br \/>AS PROPOSI\u00c7\u00d5ES ABAIXO SOMENTE RECEBER\u00c3O EMENDAS APRESENTADAS POR MEMBROS <br \/>DESTA COMISS\u00c3O <br \/>A &#8211; Da An\u00e1lise da Constitucionalidade, Juridicidade e M\u00e9rito: <br \/>PROJETO DE LEI N\u00ba 9.609\/18 &#8211; do Sr. Efraim Filho &#8211; que &#8220;altera a Lei n\u00ba 13.105, de 16 de mar\u00e7o de <br \/>2015, C\u00f3digo de Processo Civil, instituindo o inciso VII no art. 154, atribuindo ao Oficial de Justi\u00e7a a <br \/>incumb\u00eancia de conciliar e mediar conflitos constantes nos processos judiciais&#8221;. (Apensados: PL <br \/>4757\/2019, PL 6586\/2019 (Apensados: PL 1117\/2021 e PL 4332\/2021) e PL 4755\/2020 (Apensado: PL <br \/>379\/2022)) <br \/>RELATOR: Deputado ROBERTO DUARTE. <br \/>PROJETO DE LEI N\u00ba 398\/21 &#8211; do Sr. Carlos Bezerra &#8211; que &#8220;altera o art. 932 do C\u00f3digo de Processo Civil <br \/>para dispor que a decis\u00e3o denegat\u00f3ria de seguimento a recurso por diverg\u00eancia sumular ou <br \/>jurisprudencial deve mencionar os precedentes que a motivam, e d\u00e1 outras provid\u00eancias&#8221;. (Apensado: PL <br \/>2198\/2021) <br \/>RELATORA: Deputada BIA KICIS. <br \/>B &#8211; Da An\u00e1lise da Constitucionalidade e Juridicidade (art. 54, I): <br \/>PROJETO DE LEI N\u00ba 5.057\/20 &#8211; do Sr. Milton Vieira &#8211; que &#8220;regulamenta a profiss\u00e3o de Ferrageador de <br \/>Equinos&#8221; <br \/>RELATOR: Deputado COVATTI FILHO. <br \/>DECURSO: 2\u00aa SESS\u00c3O <br \/>\u00daLTIMA SESS\u00c3O: 10-09-24 <br \/>Projetos de Lei (Art. 119, I e \u00a71\u00ba) <br \/>A &#8211; Da An\u00e1lise da Constitucionalidade, Juridicidade e M\u00e9rito: <br \/>PROJETO DE LEI N\u00ba 3.081\/22 &#8211; do Sr. Tiago Mitraud &#8211; que &#8220;revoga e altera Leis, Decretos-Leis e um <br \/>Decreto, a fim de desregulamentar profiss\u00f5es e atividades que n\u00e3o ofere\u00e7am risco \u00e0 seguran\u00e7a, \u00e0 sa\u00fade, <br \/>\u00e0 ordem p\u00fablica, \u00e0 incolumidade individual e patrimonial&#8221;. <br \/>RELATOR: Deputado DUARTE JR.. <br \/>PROJETO DE LEI N\u00ba 6.159\/23 &#8211; do Sr. Cleber Verde &#8211; que &#8220;altera a Lei n\u00ba 8.906, de 04 de julho de 1994 <br \/>e a Lei n\u00ba 13.105, de 16 de mar\u00e7o de 2015, para instituir a prioridade na expedi\u00e7\u00e3o de alvar\u00e1, RPV e <br \/>precat\u00f3rio de honor\u00e1rios advocat\u00edcios&#8221;. (Apensado: PL 244\/2024) <br \/>RELATOR: Deputado MARCELO CRIVELLA. <br \/>PROJETO DE LEI N\u00ba 390\/24 &#8211; da Sra. Camila Jara &#8211; que &#8220;altera a Lei n\u00ba 10.406 de 10 de janeiro de 2002 <br \/>(C\u00f3digo Civil), para reconhecer como fraude an\u00fancios de produtos falsos e golpes financeiros, que <br \/>envolvam o uso manipulado por intelig\u00eancia artificial da imagem e voz de pessoas. &#8221; <br \/>RELATOR: Deputado DUARTE JR.. <br \/>PROJETO DE LEI N\u00ba 941\/24 &#8211; da Sra. Laura Carneiro &#8211; que &#8220;disp\u00f5e sobre a cust\u00f3dia compartilhada de <br \/>animais de estima\u00e7\u00e3o nos casos de dissolu\u00e7\u00e3o de casamento ou de uni\u00e3o est\u00e1vel e d\u00e1 outras <br \/>provid\u00eancias. &#8221; RELATOR: Deputado RICARDO AYRES. <br \/>B &#8211; Da An\u00e1lise da Constitucionalidade e Juridicidade (art. 54, I): <br \/>PROJETO DE LEI N\u00ba 5.717\/16 &#8211; do Sr. R\u00f4mulo Gouveia &#8211; que &#8220;insere um par\u00e1grafo \u00fanico no art. 18 da <br \/>Lei n\u00ba 8.987, de 13 de fevereiro de 1995, para tornar obrigat\u00f3ria a previs\u00e3o, nos editais de concess\u00e3o de <br \/>rodovias, de instala\u00e7\u00e3o de c\u00e2meras nos trechos a serem concedidos, bem como de disponibiliza\u00e7\u00e3o de <br \/>acesso \u00e0s imagens geradas aos \u00f3rg\u00e3os de seguran\u00e7a p\u00fablica&#8221;. (Apensado: PL 8988\/2017) <br \/>RELATOR: Deputado TONINHO WANDSCHEER. <br \/>PROJETO DE LEI N\u00ba 10.674\/18 &#8211; do Sr. Ricardo Izar &#8211; que &#8220;disp\u00f5e sobre a regulamenta\u00e7\u00e3o da profiss\u00e3o <br \/>de T\u00e9cnico em Necropsia e d\u00e1 outras provid\u00eancias&#8221;. (Apensado: PL 6535\/2019) <br \/>RELATOR: Deputado DELEGADO PAULO BILYNSKYJ. <br \/>PROJETO DE LEI N\u00ba 761\/19 &#8211; do Sr. Bacelar &#8211; que &#8220;altera a Lei n\u00ba 9.394, de 20 de dezembro de 1996, <br \/>que estabelece as diretrizes e bases da educa\u00e7\u00e3o nacional, para vedar a cobran\u00e7a de expedi\u00e7\u00e3o de <br \/>primeira via de diplomas e outros documentos acad\u00eamicos, por institui\u00e7\u00f5es p\u00fablicas e privadas de <br \/>educa\u00e7\u00e3o b\u00e1sica e superior&#8221;. <br \/>RELATOR: Deputado PATRUS ANANIAS. <br \/>PROJETO DE LEI N\u00ba 1.354\/21 &#8211; do Sr. Denis Bezerra &#8211; que &#8220;altera o MCI, com a finalidade de criar <br \/>est\u00edmulo \u00e0 pluralidade e diversidade de not\u00edcias, assegurar medidas de prote\u00e7\u00e3o ao jornalismo nacional e <br \/>combate \u00e0s fake news, para adotar pol\u00edtica de tratamento n\u00e3o discriminat\u00f3rio das empresas de m\u00eddia de <br \/>jornais, revistas, r\u00e1dio e televis\u00e3o legalmente institu\u00eddas bem como para criar mecanismos de <br \/>equanimidade, pluralidade e diversidade de conte\u00fado na internet&#8221;. (Apensado: PL 1586\/2021 <br \/>(Apensados: PL 2950\/2021 e PL 78\/2022)) <br \/>RELATOR: Deputado LUIZ PHILIPPE DE ORLEANS E BRAGAN\u00c7A. <br \/>PROJETO DE LEI N\u00ba 2.220\/21 &#8211; do Sr. Pedro Lucas Fernandes &#8211; que &#8220;disp\u00f5e Lei n\u00ba 10.778, de 24 de <br \/>novembro de 2003, para estabelecer a prioridade na realiza\u00e7\u00e3o de exames toxicol\u00f3gicos de mulheres <br \/>v\u00edtimas de viol\u00eancia&#8221;. <br \/>RELATOR: Deputado \u00c1TILA LIRA. <br \/>PROJETO DE LEI N\u00ba 2.464\/21 &#8211; da Sra. Rejane Dias &#8211; que &#8220;torna obrigat\u00f3ria a notifica\u00e7\u00e3o da exist\u00eancia <br \/>de gravidez por aluna menor de 14 (quatorze) anos de idade, pelas institui\u00e7\u00f5es de ensino p\u00fablicas e <br \/>privadas&#8221;. <br \/>RELATORA: Deputada CHRIS TONIETTO. <br \/>PROJETO DE LEI N\u00ba 2.898\/21 &#8211; do Sr. Evair Vieira de Melo &#8211; que &#8220;altera a Lei n.\u00ba 6.538, de 22 de junho <br \/>de 1978, no sentido de assegurar o mapeamento georreferenciado das propriedades rurais no Brasil&#8221;. <br \/>RELATOR: Deputado DELEGADO PAULO BILYNSKYJ. <br \/>PROJETO DE LEI N\u00ba 3.412\/21 &#8211; do Sr. Marcelo Ramos &#8211; que &#8220;institui a Pol\u00edtica Nacional de <br \/>Responsabilidade Econ\u00f4mica de prote\u00e7\u00e3o da atividade privada&#8221;. <br \/>RELATOR: Deputado FELIPE CARRERAS. <br \/>PROJETO DE LEI N\u00ba 3.738\/21 &#8211; do Senado Federal &#8211; Jader Barbalho &#8211; que &#8220;institui o Dia Nacional do <br \/>Ribeirinho&#8221;. <br \/>RELATORA: Deputada ELCIONE BARBALHO. <br \/>PROJETO DE LEI N\u00ba 713\/23 &#8211; do Senado Federal &#8211; Carlos Viana &#8211; que &#8220;concede ao Munic\u00edpio de Ouro <br \/>Fino, no Estado de Minas Gerais, o t\u00edtulo de Capital Nacional da Pol\u00edtica do Caf\u00e9 com Leite. &#8221; <br \/>RELATOR: Deputado RAFAEL SIMOES. <br \/>PROJETO DE LEI N\u00ba 1.933\/23 &#8211; do Sr. Beto Preto &#8211; que &#8220;declara a cidade de Rio Branco do Sul, no <br \/>Estado do Paran\u00e1, Capital Nacional do Cimento&#8221;. <br \/>RELATOR: Deputado DIEGO CORONEL. <br \/>PROJETO DE LEI N\u00ba 2.788\/23 &#8211; do Sr. Coronel Telhada &#8211; que &#8220;confere ao munic\u00edpio de Laranjal Paulista, <br \/>localizado no Estado de S\u00e3o Paulo, o t\u00edtulo de Capital Nacional dos Brinquedos&#8221;. <br \/>RELATOR: Deputado CAPIT\u00c3O ALBERTO NETO. PROJETO DE LEI N\u00ba 4.033\/23 &#8211; do Sr. Evair Vieira de Melo &#8211; que &#8220;confere o t\u00edtulo de Capital Nacional do <br \/>M\u00e1rmore ao Munic\u00edpio de Cachoeiro de Itapemirim, no Estado do Esp\u00edrito Santo&#8221;. <br \/>RELATOR: Deputado DR. VICTOR LINHALIS. <br \/>PROJETO DE LEI N\u00ba 4.111\/23 &#8211; do Senado Federal &#8211; Davi Alcolumbre &#8211; (PL 98\/2015) &#8211; que &#8220;altera a Lei <br \/>n\u00ba 9.503, de 23 de setembro de 1997 (C\u00f3digo de Tr\u00e2nsito Brasileiro), para exigir a avalia\u00e7\u00e3o psicol\u00f3gica <br \/>de todos os motoristas a partir da primeira habilita\u00e7\u00e3o&#8221;. <br \/>PROJETO DE LEI N\u00ba 1.730\/24 &#8211; da Sra. Laura Carneiro &#8211; que &#8220;reconhece o Carnaval do Rio de Janeiro, <br \/>no Estado do Rio de Janeiro, como manifesta\u00e7\u00e3o da cultura nacional. &#8221; <br \/>RELATOR: Deputado RICARDO AYRES. <br \/>DECURSO: 5\u00aa SESS\u00c3O <br \/>\u00daLTIMA SESS\u00c3O: 05-09-24 <br \/>Projetos de Lei (Art. 119, I e \u00a71\u00ba) <br \/>A &#8211; Da An\u00e1lise da Constitucionalidade, Juridicidade e M\u00e9rito: <br \/>PROJETO DE LEI N\u00ba 3.391\/19 &#8211; do Sr. F\u00e1bio Faria &#8211; que &#8220;altera a Lei n. 8.080, de 19 de setembro de <br \/>1990, que disp\u00f5e sobre as condi\u00e7\u00f5es para a promo\u00e7\u00e3o, prote\u00e7\u00e3o e recupera\u00e7\u00e3o da sa\u00fade, para dispor <br \/>sobre a prioridade na assist\u00eancia psicol\u00f3gica \u00e0s mulheres que sofreram aborto espont\u00e2neo, nos casos <br \/>permitidos em Lei ou na ocorr\u00eancia de \u00f3bito perinatal&#8221; (Apensados: PL 3649\/2019 (Apensado: PL <br \/>4899\/2020 (Apensado: PL 5576\/2020)), PL 1372\/2020 e PL 5041\/2020) <br \/>RELATORA: Deputada CHRIS TONIETTO. <br \/>PROJETO DE LEI N\u00ba 6.272\/16 &#8211; do Sr. Laerte Bessa &#8211; que &#8220;acrescenta dispositivos \u00e0 Lei n\u00ba 7.474, de 8 <br \/>de maio de 1986, que disp\u00f5e sobre medidas de seguran\u00e7a aos ex-Presidentes da Rep\u00fablica e d\u00e1 outras <br \/>provid\u00eancias&#8221;. (Apensados: PL 6280\/2016 (Apensados: PL 8969\/2017 (Apensado: PL 1721\/2024), PL <br \/>9895\/2018, PL 10600\/2018, PL 2219\/2019, PL 3707\/2019, PL 4042\/2019, PL 6345\/2019, PL 850\/2020, <br \/>PL 1381\/2020, PL 1515\/2020 (Apensados: PL 3834\/2021 e PL 941\/2023), PL 4195\/2021 e PL <br \/>2694\/2023), PL 8607\/2017 (Apensado: PL 2423\/2022 (Apensado: PL 775\/2023)), PL 9583\/2018, PL <br \/>9745\/2018, PL 10039\/2018, PL 10058\/2018, PL 921\/2019, PL 2607\/2019, PL 2516\/2020 (Apensado: PL <br \/>4016\/2023) e PL 3328\/2020) <br \/>RELATORA: Deputada BIA KICIS. <br \/>PROJETO DE LEI N\u00ba 625\/20 &#8211; do Sr. Gilberto Abramo &#8211; que &#8220;altera a Lei n\u00ba 10.169, de 29 de dezembro <br \/>de 2000, que &#8220;Regula o \u00a7 2\u00ba do art. 236 da Constitui\u00e7\u00e3o Federal, mediante o estabelecimento de normas <br \/>gerais para a fixa\u00e7\u00e3o de emolumentos relativos aos atos praticados pelos servi\u00e7os notariais e de <br \/>registro&#8221;&#8221;. <br \/>RELATOR: Deputado TONINHO WANDSCHEER. <br \/>PROJETO DE LEI N\u00ba 4.757\/23 &#8211; do Sr. Prof. Paulo Fernando &#8211; que &#8220;altera a Lei n\u00ba 5.700, de 1\u00ba de <br \/>setembro de1971, que\u201cdisp\u00f5e sobre a forma e a apresenta\u00e7\u00e3o dos S\u00edmbolos Nacionais, e d\u00e1 outras <br \/>provid\u00eancias\u201d. &#8221; <br \/>RELATOR: Deputado ALFREDO GASPAR. <br \/>PROJETO DE LEI N\u00ba 1.289\/24 &#8211; do Sr. Ti\u00e3o Medeiros &#8211; que &#8220;altera a Lei n\u00ba 9.307, de 23 de setembro de <br \/>1996, que \u201cDisp\u00f5e sobre a arbitragem\u201d e a Lei n\u00ba 13.105, de 16 de mar\u00e7o de 2015, C\u00f3digo de Processo <br \/>Civil, para disciplinar a possibilidade de execu\u00e7\u00e3o de t\u00edtulos judiciais e d\u00e1 outras provid\u00eancias. &#8221; <br \/>RELATOR: Deputado ALFREDO GASPAR. <br \/>B &#8211; Da An\u00e1lise da Constitucionalidade e Juridicidade (art. 54, I): <br \/>PROJETO DE LEI N\u00ba 1.555\/19 &#8211; do Sr. Delegado Ant\u00f4nio Furtado &#8211; que &#8220;altera a Lei n\u00ba 8.069, de 13 de <br \/>julho de 1990 e a Lei n\u00ba 10.826, de 22 de dezembro de 2003, para disciplinar a atua\u00e7\u00e3o coercitiva do <br \/>agente p\u00fablico executor de medida socioeducativa&#8221;. <br \/>RELATORA: Deputada LAURA CARNEIRO. PROJETO DE LEI N\u00ba 164\/21 &#8211; da Sra. Paula Belmonte e outros &#8211; que &#8220;regulamenta o \u00a7 9\u00ba do art. 212 da <br \/>Constitui\u00e7\u00e3o Federal para dispor sobre as normas de monitoramento, acompanhamento e apura\u00e7\u00e3o de <br \/>percentuais m\u00ednimos de investimentos de recursos p\u00fablicos em educa\u00e7\u00e3o e as diretrizes de <br \/>operacionaliza\u00e7\u00e3o do Sistema de Informa\u00e7\u00f5es sobre Or\u00e7amentos P\u00fablicos em Educa\u00e7\u00e3o &#8211; SIOPE, <br \/>dispostas nos art. 23 e 37, inciso V, e art. 38 \u00a7\u00a7 1\u00ba a 3\u00ba da Lei n\u00ba 14.113, de 25 de dezembro de 2020 e <br \/>d\u00e1 outras provid\u00eancias. &#8221; <br \/>RELATORA: Deputada LAURA CARNEIRO. <br \/>PROJETO DE LEI N\u00ba 4.064\/23 &#8211; do Sr. Prof. Paulo Fernando &#8211; que &#8220;declara Josu\u00e9 Apol\u00f4nio de Castro <br \/>Patrono Nacional do Combate \u00e0 Fome&#8221;. <br \/>RELATOR: Deputado CHICO ALENCAR. <br \/>PROJETO DE LEI N\u00ba 4.566\/23 &#8211; da Sra. C\u00e9lia Xakriab\u00e1 &#8211; que &#8220;disp\u00f5e sobre o reconhecimento do Direito <br \/>Territorial Origin\u00e1rio dos Povos Ind\u00edgenas e fixa o Marco Temporal do Genoc\u00eddio Ind\u00edgena&#8221;. <br \/>RELATORA: Deputada CAROLINE DE TONI. <br \/>PROJETO DE LEI N\u00ba 4.805\/23 &#8211; do Sr. Felipe Carreras &#8211; que &#8220;estabelece crit\u00e9rios para a tributa\u00e7\u00e3o das <br \/>empresas de formatura que atuam sob o formato de agenciamento e intermedia\u00e7\u00e3o e d\u00e1 outras <br \/>provid\u00eancias. &#8221; <br \/>RELATOR: Deputado DELEGADO PAULO BILYNSKYJ. <br \/>PROJETO DE LEI N\u00ba 5.779\/23 &#8211; do Sr. Julio Arcoverde &#8211; que &#8220;altera a Lei n\u00ba 14.597, de 14 de junho de <br \/>2023, que institui a Lei Geral do Esporte, para garantir a separa\u00e7\u00e3o de torcidas rivais nas arenas <br \/>esportivas. &#8221; <br \/>RELATOR: Deputado COVATTI FILHO. <br \/>Substitutivo (Art. 119, II e \u00a71\u00ba) <br \/>AS PROPOSI\u00c7\u00d5ES ABAIXO SOMENTE RECEBER\u00c3O EMENDAS APRESENTADAS POR MEMBROS <br \/>DESTA COMISS\u00c3O <br \/>A &#8211; Da An\u00e1lise da Constitucionalidade e Juridicidade (art. 54, I): <br \/>PROJETO DE LEI N\u00ba 3.387\/21 &#8211; do Sr. Alexandre Frota &#8211; (PL 1079\/2019) &#8211; que &#8220;estabelece aos hospitais <br \/>e maternidades do sejam obrigados a oferecer aos pais ou respons\u00e1veis de rec\u00e9m-nascidos, orienta\u00e7\u00f5es <br \/>e treinamento para primeiros socorros em caso de engasgamento, aspira\u00e7\u00e3o de corpo estranho e <br \/>preven\u00e7\u00e3o de morte s\u00fabita&#8221;. <br \/>PROJETO DE LEI N\u00ba 3.924\/21 &#8211; do Sr. Jos\u00e9 Nelto &#8211; (PL 1079\/2019) &#8211; que &#8220;institui-se que profissionais <br \/>devidamente capacitados dever\u00e3o orientar e treinar pais ou respons\u00e1veis de rec\u00e9m-nascidos para <br \/>primeiros socorros em casos de emerg\u00eancia&#8221;. <br \/>COMISS\u00c3O DE CULTURA <br \/>AVISOS <br \/>PROPOSI\u00c7\u00d5ES EM FASE DE RECEBIMENTO DE EMENDAS (5 SESS\u00d5ES) <br \/>DECURSO: 5\u00aa SESS\u00c3O <br \/>\u00daLTIMA SESS\u00c3O: 05-09-24 <br \/>Projetos de Lei (Art. 119, I e \u00a71\u00ba) <br \/>PROJETO DE LEI N\u00ba 960\/22 &#8211; do Sr. F\u00e1bio Trad &#8211; que &#8220;altera a Lei n\u00ba 662, de 6 de abril de 1949, que &#8220;declara feriados nacionais os dias 1o de janeiro, 1o de maio, 7 de setembro, 15 de novembro e 25 de <br \/>dezembro&#8221;, para incluir o dia 19 de abril &#8211; Dia dos Povos Ind\u00edgenas &#8211; como feriado nacional. &#8221; <br \/>RELATORA: Deputada JULIANA CARDOSO. <br \/>PROJETO DE LEI N\u00ba 4.149\/21 &#8211; do Sr. Fernando Rodolfo &#8211; que &#8220;denomina a cidade de Garanhuns, no <br \/>Estado de Pernambuco, como &#8220;Terra da Magia Natalina&#8221; e inclui no Calend\u00e1rio Nacional de Eventos <br \/>Tur\u00edsticos, do Minist\u00e9rio do Turismo, o evento &#8220;Magia do Natal\u201d&#8221;. &#8221; <br \/>RELATOR: Deputado CABO GILBERTO SILVA. <br \/>PROJETO DE LEI N\u00ba 334\/24 &#8211; do Sr. S\u00f3stenes Cavalcante &#8211; que &#8220;estabelece o Dia Nacional do <br \/>Neurocirurgi\u00e3o, a ser celebrado anualmente em 14 de abril&#8221;. <br \/>RELATORA: Deputada BIA KICIS. <br \/>PROJETO DE LEI N\u00ba 1.036\/24 &#8211; da Sra. Fl\u00e1via Morais &#8211; que &#8220;institui o Dia Nacional da Carreiro de Boi. &#8221; <br \/>RELATOR: Deputado NITINHO. <br \/>PROJETO DE LEI N\u00ba 1.886\/24 &#8211; da Sra. Iza Arruda &#8211; que &#8220;inscreve o nome de Francisco Juli\u00e3o no Livro <br \/>dos Her\u00f3is e Hero\u00ednas da P\u00e1tria. &#8221; <br \/>RELATOR: Deputado FELIPE CARRERAS. <br \/>PROJETO DE LEI N\u00ba 1.888\/24 &#8211; da Sra. Iza Arruda &#8211; que &#8220;inscreve o nome de Flora de Oliveira Lima no <br \/>Livro dos Her\u00f3is e Hero\u00ednas da P\u00e1tria. &#8221; <br \/>RELATOR: Deputado FELIPE CARRERAS. <br \/>PROJETO DE LEI N\u00ba 1.937\/24 &#8211; do Sr. Alexandre Lindenmeyer &#8211; que &#8220;disp\u00f5e sobre a inclus\u00e3o dos <br \/>segmentos da economia criativa nos planos de reconstru\u00e7\u00e3o e recupera\u00e7\u00e3o de \u00e1reas atingidas por <br \/>estado de calamidade p\u00fablica e d\u00e1 outras provid\u00eancias. &#8221; <br \/>RELATORA: Deputada S\u00c2MIA BOMFIM. <br \/>PROJETO DE LEI N\u00ba 1.948\/24 &#8211; do Sr. Jos\u00e9 Priante &#8211; que &#8220;declara o \u201cTacac\u00e1\u201d prato de origem ind\u00edgena <br \/>t\u00edpico da Regi\u00e3o Amaz\u00f4nica principalmente produzida e consumida no Par\u00e1 como Patrim\u00f4nio Cultural <br \/>Imaterial do Brasil. &#8221; <br \/>RELATOR: Deputado RAIMUNDO SANTOS. <br \/>PROJETO DE LEI N\u00ba 2.109\/24 &#8211; do Sr. Cobalchini &#8211; que &#8220;confere ao Munic\u00edpio de Treze T\u00edlias, no Estado <br \/>de Santa Catarina, o t\u00edtulo de Cidade mais Austr\u00edaca do Brasil. &#8221; <br \/>RELATOR: Deputado OTONI DE PAULA. <br \/>PROJETO DE LEI N\u00ba 2.119\/24 &#8211; da Sra. S\u00e2mia Bomfim &#8211; que &#8220;declara a Parada do Orgulho LGBT+ de <br \/>S\u00e3o Paulo como Patrim\u00f4nio Cultural Imaterial do Brasil&#8221;. <br \/>RELATOR: Deputado TARC\u00cdSIO MOTTA. <br \/>PROJETO DE LEI N\u00ba 2.148\/24 &#8211; do Sr. Alfredinho &#8211; que &#8220;reconhece o \u201cCol\u00f4nia Fest\u201d, na cidade de S\u00e3o <br \/>Paulo-SP, como manifesta\u00e7\u00e3o da cultura nacional. &#8221; <br \/>RELATORA: Deputada JULIANA CARDOSO. <br \/>PROJETO DE LEI N\u00ba 2.183\/24 &#8211; do Sr. Saullo Vianna &#8211; que &#8220;eleva a \u201cFesta da Santo Ant\u00f4nio de Borba\u201d &#8211;<br \/>que se realiza em Borba, no Estado do Amazonas, patrim\u00f4nio cultural imaterial do Brasil. &#8221; <br \/>RELATOR: Deputado DEFENSOR ST\u00c9LIO DENER. <br \/>PROJETO DE LEI N\u00ba 2.328\/24 &#8211; da Sra. Juliana Cardoso &#8211; que &#8220;institui o Dia do Quadrinho Nacional. &#8221; <br \/>RELATOR: Deputado ALFREDINHO. <br \/>PROJETO DE LEI N\u00ba 2.399\/24 &#8211; do Sr. Waldenor Pereira &#8211; que &#8220;inscreve o nome de An\u00edsio Teixeira no <br \/>Livro dos Her\u00f3is e Hero\u00ednas da P\u00e1tria&#8221; <br \/>RELATORA: Deputada S\u00c2MIA BOMFIM. <br \/>PROJETO DE LEI N\u00ba 2.494\/24 &#8211; do Sr. Clodoaldo Magalh\u00e3es &#8211; que &#8220;disp\u00f5e sobre a concess\u00e3o de meia-<br \/>entrada para profissionais de sa\u00fade, policiais, bombeiros, pessoas com autismo e seus acompanhantes, <br \/>pessoas com defici\u00eancia e seus acompanhantes em eventos culturais, esportivos e de lazer. &#8221; <br \/>RELATORA: Deputada ERIKA KOKAY. PROJETO DE LEI N\u00ba 2.507\/24 &#8211; do Sr. Arnaldo Jardim &#8211; que &#8220;reconhece como patrim\u00f4nio hist\u00f3rico-<br \/>cultural brasileiro o basquete de Franca, no estado de S\u00e3o Paulo&#8221;. <br \/>RELATOR: Deputado DOUGLAS VIEGAS. <br \/>PROJETO DE LEI N\u00ba 2.586\/24 &#8211; do Sr. Felipe Carreras &#8211; que &#8220;reconhece o \u201cFestival de Inverno de <br \/>Garanhuns\u201d, que se realiza anualmente na cidade de Garanhuns, no estado de Pernambuco, como <br \/>manifesta\u00e7\u00e3o da cultura nacional&#8221;. <br \/>RELATORA: Deputada L\u00cdDICE DA MATA. <br \/>PROJETO DE LEI N\u00ba 2.587\/24 &#8211; do Sr. Felipe Carreras &#8211; que &#8220;reconhece o \u201cEncantos do Natal\u201d, que se <br \/>realiza anualmente na cidade de Garanhuns, no estado de Pernambuco, como manifesta\u00e7\u00e3o da cultura <br \/>nacional&#8221;. <br \/>RELATORA: Deputada L\u00cdDICE DA MATA. <br \/>PROJETO DE LEI N\u00ba 2.591\/24 &#8211; do Sr. Marx Beltr\u00e3o &#8211; que &#8220;altera o art. 42, para inclus\u00e3o do inciso IV da <br \/>Lei n\u00ba 13.146, de 6 de julho de 2015, tornando obrigat\u00f3rio que teatros, cinemas, audit\u00f3rios, est\u00e1dios, <br \/>gin\u00e1sios de esporte, locais de espet\u00e1culos e de confer\u00eancias e similares de administra\u00e7\u00e3o p\u00fablica a <br \/>fornecerem cadeiras de rodas \u00e0s pessoas com defici\u00eancia ou mobilidade reduzida. &#8221; <br \/>RELATOR: Deputado AUREO RIBEIRO. <br \/>PROJETO DE LEI N\u00ba 2.752\/24 &#8211; do Sr. Alfredinho &#8211; que &#8220;reconhece a rapadura como manifesta\u00e7\u00e3o da <br \/>cultura nacional&#8221;. <br \/>RELATOR: Deputado DEFENSOR ST\u00c9LIO DENER. <br \/>COMISS\u00c3O DE DEFESA DO CONSUMIDOR <br \/>AVISOS <br \/>PROPOSI\u00c7\u00d5ES EM FASE DE RECEBIMENTO DE EMENDAS (5 SESS\u00d5ES) <br \/>DECURSO: 1\u00aa SESS\u00c3O <br \/>\u00daLTIMA SESS\u00c3O: 11-09-24 <br \/>Projetos de Lei (Art. 119, I e \u00a71\u00ba) <br \/>PROJETO DE LEI N\u00ba 4.355\/19 &#8211; da Sra. Dra. Soraya Manato &#8211; que &#8220;altera a Lei n\u00ba 10.962, de 11 de <br \/>outubro de 2004, que &#8220;disp\u00f5e sobre a oferta e as formas de afixa\u00e7\u00e3o de pre\u00e7os de produtos e servi\u00e7os <br \/>para o consumidor&#8221;, para obrigar os fornecedores a expor pre\u00e7os de produtos tamb\u00e9m por unidade de <br \/>medida&#8221;. <br \/>RELATOR: Deputado DUARTE JR.. <br \/>PROJETO DE LEI N\u00ba 3.052\/20 &#8211; do Sr. Gilberto Abramo &#8211; que &#8220;disp\u00f5e sobre a obrigatoriedade de <br \/>informar aos consumidores dos termos da norma ABNT n\u00b0 14.207 de 6 de fevereiro de 2009, que trata <br \/>dos boxes de banheiro fabricados com vidros de seguran\u00e7a&#8221;. <br \/>RELATOR: Deputado ROBERTO MONTEIRO PAI. <br \/>PROJETO DE LEI N\u00ba 3.617\/19 &#8211; do Senado Federal &#8211; Rodrigo Cunha &#8211; que &#8220;altera a Lei n\u00ba 8.078, de 11 <br \/>de setembro de 1990 (C\u00f3digo de Defesa do Consumidor), para instituir multa di\u00e1ria em caso de n\u00e3o <br \/>realiza\u00e7\u00e3o da contrapropaganda&#8221;. <br \/>RELATOR: Deputado DUARTE JR.. <br \/>PROJETO DE LEI N\u00ba 3.782\/21 &#8211; do Sr. Ivan Valente &#8211; que &#8220;altera a Lei n\u00ba 14.034, de 05 de agosto de <br \/>2020 que \u201cDisp\u00f5e sobre medidas emergenciais para a avia\u00e7\u00e3o civil brasileira em raz\u00e3o da pandemia da <br \/>Covid-19; e altera as Leis n os 7.565, de 19 de dezembro de 1986, 6.009, de 26 de dezembro de 1973, <br \/>12.462, de 4 de agosto de 2011, 13.319, de 25 de julho de 2016, 13.499, de 26 de outubro de 2017, e 9.825, de 23 de agosto de 1999.\u201d para assegurar o direito dos consumidores \u00e0 aquisi\u00e7\u00e3o de voo para o <br \/>mesmo trecho cancelado&#8221;. (Apensado: PL 108\/2022 (Apensados: PL 123\/2022, PL 267\/2022, PL <br \/>275\/2022, PL 343\/2022 e PL 472\/2022)) <br \/>RELATOR: Deputado GILSON MARQUES. <br \/>PROJETO DE LEI N\u00ba 1.859\/23 &#8211; do Sr. Luciano Azevedo &#8211; que &#8220;altera a Lei n\u00ba 8.078, de 11 de setembro <br \/>de 1990, a fim de instituir atendimento especializado em defesa dos consumidores nos aeroportos <br \/>dotados de instala\u00e7\u00f5es e facilidades para apoio de opera\u00e7\u00f5es de aeronaves e de embarque e <br \/>desembarque de pessoas e cargas, localizados nas capitais e regi\u00f5es metropolitanas. &#8221; <br \/>RELATOR: Deputado CARLOS HENRIQUE GAGUIM. <br \/>PROJETO DE LEI N\u00ba 3.325\/23 &#8211; do Sr. Jeferson Rodrigues &#8211; que &#8220;disp\u00f5e sobre a obriga\u00e7\u00e3o de <br \/>implementa\u00e7\u00e3o de mangueiras transparentes nos postos de combust\u00edveis, visando garantir a <br \/>transpar\u00eancia e a seguran\u00e7a nas opera\u00e7\u00f5es de abastecimento de ve\u00edculos. &#8221; <br \/>RELATOR: Deputado ROBERTO MONTEIRO PAI. <br \/>PROJETO DE LEI N\u00ba 4.487\/23 &#8211; da Sra. Flavinha &#8211; que &#8220;altera a Lei n\u00ba 8.078, de 11 de setembro de <br \/>1990, para equiparara consumidor o pequeno, o m\u00e9dio e o grande produtor rural na compra de insumos, <br \/>produtos e maquin\u00e1rios necess\u00e1rios \u00e0 produ\u00e7\u00e3o agr\u00edcola, ainda que n\u00e3o sejam destinat\u00e1rios finais na <br \/>cadeia de consumo. &#8221; <br \/>RELATOR: Deputado PAUL\u00c3O. <br \/>PROJETO DE LEI N\u00ba 4.717\/23 &#8211; do Sr. Jos\u00e9 Medeiros &#8211; que &#8220;altera a Lei n\u00ba 8.078, de 11 de setembro de <br \/>1990, para obrigar as empresas de transporte de passageiros que oferecem programas de milhagens a <br \/>fornecer mecanismos de verifica\u00e7\u00e3o da identidade do consumidor e a garantir a compra de passagem <br \/>com o uso de milhas em caso de disponibilidade de assento em oferta v\u00e1lida&#8221;. <br \/>RELATOR: Deputado JORGE BRAZ. <br \/>PROJETO DE LEI N\u00ba 5.101\/23 &#8211; da Sra. Rosana Valle &#8211; que &#8220;altera a Lei n\u00ba 6.360, de 23 de setembro de <br \/>1976, para dispor sobre as informa\u00e7\u00f5es acerca da data da \u00faltima calibra\u00e7\u00e3o e o prazo de sua validade, <br \/>inseridas nos equipamentos de radioterapia&#8221;. <br \/>RELATOR: Deputado GILSON DANIEL. <br \/>PROJETO DE LEI N\u00ba 715\/24 &#8211; da Sra. Jandira Feghali &#8211; que &#8220;altera a Lei n\u00ba 11.903, de 14 de janeiro de <br \/>2009, para revogar o \u00a7 5\u00ba do art. 3\u00ba. &#8221; (Apensados: PL 744\/2024, PL 925\/2024, PL 1258\/2024 e PL <br \/>2478\/2024) <br \/>RELATOR: Deputado RICARDO AYRES. <br \/>PROJETO DE LEI N\u00ba 716\/24 &#8211; do Sr. Marangoni &#8211; que &#8220;disp\u00f5e sobre as condi\u00e7\u00f5es de comercializa\u00e7\u00e3o de <br \/>produtos cosm\u00e9ticos mediante procedimento de refilagem e d\u00e1 outras provid\u00eancias&#8221;. <br \/>RELATOR: Deputado DUARTE JR.. <br \/>PROJETO DE LEI N\u00ba 1.157\/24 &#8211; do Sr. Daniel Agrobom &#8211; que &#8220;altera o art. 2\u00ba da Lei n\u00ba 10.962, de 11 de <br \/>outubro de 2004, que \u201cDisp\u00f5e sobre a oferta e as formas de afixa\u00e7\u00e3o de pre\u00e7os de produtos e servi\u00e7os <br \/>para o consumidor\u201d, para fins de obrigar os estabelecimentos a disporem os pre\u00e7os dos produtos de <br \/>forma a possibilitar a sua clara identifica\u00e7\u00e3o por consumidores pessoas idosas ou com defici\u00eancia. &#8221; <br \/>RELATOR: Deputado ROBERTO MONTEIRO PAI. <br \/>PROJETO DE LEI N\u00ba 2.102\/24 &#8211; da Sra. Meire Serafim &#8211; que &#8220;altera a Lei n\u00ba 8.078, de 11 de setembro de <br \/>1990, o C\u00f3digo de Defesa do Consumidor (CDC), para suspender a transa\u00e7\u00e3o financeira pelas <br \/>institui\u00e7\u00f5es financeiras, quando solicitada pelo titular do cart\u00e3o de cr\u00e9dito. &#8221; <br \/>RELATOR: Deputado VINICIUS CARVALHO. <br \/>PROJETO DE LEI N\u00ba 2.196\/24 &#8211; do Sr. Carlos Henrique Gaguim &#8211; que &#8220;altera o Decreto-Lei n\u00ba 986, de 21 <br \/>de outubro de 1969, para estabelecer sistema de rotulagem de alimentos com duas datas de validade no <br \/>Brasil. &#8221; <br \/>RELATOR: Deputado GILSON DANIEL. <br \/>PROJETO DE LEI N\u00ba 2.229\/24 &#8211; do Sr. Ricardo Ayres &#8211; que &#8220;acrescenta novos \u00a7\u00a7 2\u00ba e 3\u00ba ao art. 31 da <br \/>Lei n\u00ba 8.078, de 11 de setembro de 1990, que \u201cdisp\u00f5e sobre a prote\u00e7\u00e3o do consumidor e d\u00e1 outras <br \/>provid\u00eancias\u201d, para disciplinar as informa\u00e7\u00f5es devidas ao consumidor relativas a majora\u00e7\u00f5es de pre\u00e7os <br \/>de servi\u00e7os continuados, e d\u00e1 outras provid\u00eancias&#8221;. RELATOR: Deputado DUARTE JR.. <br \/>PROJETO DE LEI N\u00ba 2.241\/24 &#8211; do Sr. Chico Alencar &#8211; que &#8220;disp\u00f5e sobre a obrigatoriedade de <br \/>prioriza\u00e7\u00e3o do atendimento por ser humano nos servi\u00e7os de atendimento remoto ao consumidor&#8221;. <br \/>RELATORA: Deputada GISELA SIMONA. <br \/>PROJETO DE LEI N\u00ba 2.245\/24 &#8211; do Sr. Romero Rodrigues &#8211; que &#8220;altera a Lei n\u00ba 13.146, de 6 de julho de <br \/>2015, para tornar obrigat\u00f3ria a utiliza\u00e7\u00e3o de avisos sonoros para atendimento de pessoas com <br \/>defici\u00eancia visual. &#8221; <br \/>RELATOR: Deputado PAUL\u00c3O. <br \/>PROJETO DE LEI N\u00ba 2.316\/24 &#8211; da Sra. Daniela do Waguinho &#8211; que &#8220;altera o Decreto-Lei n\u00ba 986, de 21 <br \/>de outubro de 1969, para dispor sobre o tamanho das letras utilizadas nos r\u00f3tulos e embalagens de <br \/>alimentos&#8221;. <br \/>RELATOR: Deputado GILSON DANIEL. <br \/>PROJETO DE LEI N\u00ba 2.381\/24 &#8211; do Sr. Pastor Gil &#8211; que &#8220;institui a obrigatoriedade de fabrica\u00e7\u00e3o de <br \/>equipamentos el\u00e9tricos bivolt no Brasil e d\u00e1 outras provid\u00eancias&#8221;. <br \/>RELATOR: Deputado AUREO RIBEIRO. <br \/>PROJETO DE LEI N\u00ba 2.393\/24 &#8211; do Sr. Ricardo Ayres &#8211; que &#8220;altera a Lei n\u00ba 8.078, de 11 de setembro de <br \/>1990, \u201cque disp\u00f5e sobre a prote\u00e7\u00e3o do consumidor e d\u00e1 outras provid\u00eancias\u201d, para incluir, como causa <br \/>obstativa da decad\u00eancia, a formaliza\u00e7\u00e3o de reclama\u00e7\u00e3o junto a \u00f3rg\u00e3o de defesa do consumidor. &#8221; <br \/>RELATOR: Deputado VINICIUS CARVALHO. <br \/>PROJETO DE LEI N\u00ba 2.442\/24 &#8211; do Sr. Clodoaldo Magalh\u00e3es &#8211; que &#8220;obriga os estabelecimentos <br \/>comerciais em aeroportos e \u00e1reas perimetrais a praticarem pre\u00e7os equivalentes aos de mercados fora <br \/>dessas \u00e1reas, com base em pre\u00e7os m\u00e9dios de venda &#8221; <br \/>RELATOR: Deputado CARLOS HENRIQUE GAGUIM. <br \/>PROJETO DE LEI N\u00ba 2.514\/24 &#8211; do Sr. F\u00e1bio Teruel &#8211; que &#8220;disp\u00f5e sobre a obrigatoriedade de divulga\u00e7\u00e3o <br \/>p\u00fablica das informa\u00e7\u00f5es relativas ao recolhimento de produtos aliment\u00edcios pela Ag\u00eancia Nacional de <br \/>Vigil\u00e2ncia Sanit\u00e1ria (Anvisa) por motivo de inconformidade com as normas de vigil\u00e2ncia sanit\u00e1ria e d\u00e1 <br \/>outras provid\u00eancias&#8221;. <br \/>RELATORA: Deputada GISELA SIMONA. <br \/>PROJETO DE LEI N\u00ba 2.547\/24 &#8211; do Sr. Ricardo Ayres &#8211; que &#8220;acrescenta novo art. 31-A \u00e0 Lei n\u00ba 8.078, de <br \/>11 de setembro de 1990, para dispor sobre o direito do consumidor de examinar o produto no momento <br \/>da compra. &#8221; <br \/>RELATOR: Deputado AUREO RIBEIRO. <br \/>PROJETO DE LEI N\u00ba 2.581\/24 &#8211; do Sr. Capit\u00e3o Alden &#8211; que &#8220;altera a Lei n\u00ba 14.181, de 1\u00ba julho de 2021, <br \/>para permitir que institui\u00e7\u00f5es financeiras celebrem acordos para a compra do direito credit\u00f3rio e de <br \/>cr\u00e9dito de precat\u00f3rios junto \u00e0 Uni\u00e3o do devedor como forma de abatimento nas d\u00edvidas objeto do <br \/>processo de repactua\u00e7\u00e3o de d\u00edvidas. &#8221; <br \/>RELATOR: Deputado M\u00c1RCIO MARINHO. <br \/>PROJETO DE LEI N\u00ba 2.844\/24 &#8211; do Sr. Bruno Ganem &#8211; que &#8220;pro\u00edbe, em todo territ\u00f3rio nacional, a <br \/>fabrica\u00e7\u00e3o e a importa\u00e7\u00e3o de pap\u00e9is t\u00e9rmicos que contenham em sua composi\u00e7\u00e3o Bisfenol A (BPA) e <br \/>Bisfenol S (BPS) com concentra\u00e7\u00e3o igual ou superior a 0,02% de seu peso&#8221;. <br \/>RELATOR: Deputado GILSON DANIEL. <br \/>PROJETO DE LEI N\u00ba 2.865\/24 &#8211; do Sr. Fred Linhares &#8211; que &#8220;altera a Lei n\u00ba 12.764, de 27 de dezembro <br \/>de 2012, que institui a Pol\u00edtica Nacional de Prote\u00e7\u00e3o dos Direitos da Pessoa com Transtorno do Espectro <br \/>Autista&#8221; <br \/>RELATORA: Deputada GISELA SIMONA. <br \/>PROJETO DE LEI N\u00ba 2.880\/24 &#8211; do Sr. C\u00e9lio Studart &#8211; que &#8220;altera a Lei n\u00ba 8.078, de 1990, para vedar a <br \/>fidelidade e suas decorrentes cobran\u00e7as em contratos de presta\u00e7\u00e3o de servi\u00e7o. &#8221; <br \/>RELATOR: Deputado GILSON DANIEL. PROJETO DE LEI N\u00ba 2.984\/24 &#8211; do Sr. Leonardo Gadelha &#8211; que &#8220;estabelece condi\u00e7\u00e3o para a oferta de <br \/>cr\u00e9dito nas hip\u00f3teses que determina. &#8221; <br \/>RELATOR: Deputado GILSON MARQUES. <br \/>PROJETO DE LEI N\u00ba 3.001\/24 &#8211; do Sr. J\u00fanior Mano &#8211; que &#8220;estabelece a responsabilidade solid\u00e1ria de <br \/>plataformas de com\u00e9rcio eletr\u00f4nico pela aliena\u00e7\u00e3o de produtos falsificados e d\u00e1 outras provid\u00eancias. &#8221; <br \/>RELATOR: Deputado GILSON MARQUES. <br \/>PROJETO DE LEI N\u00ba 3.169\/24 &#8211; do Sr. Jonas Donizette &#8211; que &#8220;cria a obriga\u00e7\u00e3o das empresas a\u00e9reas <br \/>que efetuarem venda de passagens por \u201ccodeshare\u201d, de avisar por escrito aos consumidores que haver\u00e1 <br \/>altera\u00e7\u00e3o de companhia a\u00e9rea, assim como os dados da companhia parceira a realizar o voo de forma <br \/>clara e transparente. &#8221; <br \/>RELATOR: Deputado M\u00c1RCIO MARINHO. <br \/>Substitutivo (Art. 119, II e \u00a71\u00ba) <br \/>AS PROPOSI\u00c7\u00d5ES ABAIXO SOMENTE RECEBER\u00c3O EMENDAS APRESENTADAS POR MEMBROS <br \/>DESTA COMISS\u00c3O <br \/>PROJETO DE LEI N\u00ba 1.954\/22 &#8211; do Sr. Carlos Veras &#8211; que &#8220;disp\u00f5e sobre o tempo como bem de valor <br \/>jur\u00eddico essencial para o exerc\u00edcio dos direitos da personalidade, devendo ser considerado para fins de <br \/>repara\u00e7\u00e3o integral dos danos ao consumidor&#8221;. <br \/>RELATOR: Deputado VINICIUS CARVALHO. <br \/>COMISS\u00c3O DE DEFESA DOS DIREITOS DA MULHER <br \/>AVISOS <br \/>PROPOSI\u00c7\u00d5ES EM FASE DE RECEBIMENTO DE EMENDAS (5 SESS\u00d5ES) <br \/>DECURSO: 1\u00aa SESS\u00c3O <br \/>\u00daLTIMA SESS\u00c3O: 11-09-24 <br \/>Substitutivo (Art. 119, II e \u00a71\u00ba) <br \/>AS PROPOSI\u00c7\u00d5ES ABAIXO SOMENTE RECEBER\u00c3O EMENDAS APRESENTADAS POR MEMBROS <br \/>DESTA COMISS\u00c3O <br \/>PROJETO DE LEI N\u00ba 6.113\/23 &#8211; do Sr. Duda Ramos &#8211; que &#8220;cria o Banco Nacional de Boas Pr\u00e1ticas na <br \/>Preven\u00e7\u00e3o e no Combate da Viol\u00eancia Contra a Mulher. &#8221; <br \/>RELATORA: Deputada LAURA CARNEIRO. <br \/>DECURSO: 3\u00aa SESS\u00c3O <br \/>\u00daLTIMA SESS\u00c3O: 09-09-24 <br \/>Projetos de Lei (Art. 119, I e \u00a71\u00ba) <br \/>PROJETO DE LEI N\u00ba 3.275\/15 &#8211; do Senado Federal &#8211; Lob\u00e3o Filho &#8211; (PLS 102\/2014) &#8211; que &#8220;altera a Lei n\u00ba<br \/>10.098, de 19 de dezembro de 2000, para estabelecer reserva de vagas em estacionamentos p\u00fablicos <br \/>para mulheres a partir do sexto m\u00eas de gesta\u00e7\u00e3o e at\u00e9 30 (trinta) dias ap\u00f3s o parto&#8221;. (Apensados: PL <br \/>4548\/2016 (Apensado: PL 4986\/2016 (Apensado: PL 5941\/2016)) e PL 5034\/2016) <br \/>RELATORA: Deputada LAURA CARNEIRO. PROJETO DE LEI N\u00ba 5.133\/23 &#8211; do Senado Federal &#8211; Leila Barros &#8211; que &#8220;institui o Dia Nacional de <br \/>Conscientiza\u00e7\u00e3o sobre a Depress\u00e3o P\u00f3s-Parto. &#8221; <br \/>RELATORA: Deputada LAURA CARNEIRO. <br \/>PROJETO DE LEI N\u00ba 2.112\/24 &#8211; da Sra. Maria Arraes &#8211; que &#8220;cria o programa de Medidas de Apoio <br \/>Matricial para Redu\u00e7\u00e3o de Morbimortalidade Materna &#8211; MAMM&#8221;. <br \/>RELATORA: Deputada LAURA CARNEIRO. <br \/>COMISS\u00c3O DE DEFESA DOS DIREITOS DA PESSOA IDOSA <br \/>AVISOS <br \/>PROPOSI\u00c7\u00d5ES EM FASE DE RECEBIMENTO DE EMENDAS (5 SESS\u00d5ES) <br \/>DECURSO: 3\u00aa SESS\u00c3O <br \/>\u00daLTIMA SESS\u00c3O: 09-09-24 <br \/>Projetos de Lei (Art. 119, I e \u00a71\u00ba) <br \/>PROJETO DE LEI N\u00ba 3.152\/24 &#8211; do Sr. Marcos Tavares &#8211; que &#8220;institui o Programa Nacional de Terapia <br \/>Assistida por Animais (PNTA) para Idosos, visando promover a sa\u00fade mental e f\u00edsica de idosos por meio <br \/>da intera\u00e7\u00e3o terap\u00eautica com animais dom\u00e9sticos, incentivando a integra\u00e7\u00e3o social e melhorando a <br \/>qualidade de vida dos idosos&#8221;. <br \/>RELATORA: Deputada DAYANY BITTENCOURT. <br \/>DECURSO: 4\u00aa SESS\u00c3O <br \/>\u00daLTIMA SESS\u00c3O: 06-09-24 <br \/>Projetos de Lei (Art. 119, I e \u00a71\u00ba) <br \/>PROJETO DE LEI N\u00ba 78\/24 &#8211; da Sra. Fernanda Melchionna &#8211; que &#8220;permite a ado\u00e7\u00e3o de abatimentos <br \/>legais na Declara\u00e7\u00e3o de Ajuste Anual do Imposto sobre a Renda das Pessoas F\u00edsicas (IRPF) at\u00e9 o limite <br \/>de 20% da renda tribut\u00e1vel dos gastos com produtos e servi\u00e7os que garantam a melhoria da qualidade <br \/>de vida do permanentemente incapacitado para o trabalho e\/ou do idoso a partir dos 65 anos&#8221;. <br \/>RELATOR: Deputado MARCOS TAVARES. <br \/>PROJETO DE LEI N\u00ba 2.867\/24 &#8211; do Sr. Marcos Tavares &#8211; que &#8220;estabelece padr\u00f5es rigorosos de <br \/>qualidade e seguran\u00e7a para casas de repouso e asilos&#8221;. <br \/>RELATOR: Deputado GILBERTO NASCIMENTO. <br \/>PROJETO DE LEI N\u00ba 2.874\/24 &#8211; do Sr. Marcos Tavares &#8211; que &#8220;disp\u00f5e sobre a garantia \u00e0 continuidade <br \/>dos servi\u00e7os essenciais de \u00e1gua, energia el\u00e9trica e g\u00e1s em abrigos e casas de recolhimento, visando <br \/>assegurar a sa\u00fade e o bem-estar dos residentes. &#8221; <br \/>RELATOR: Deputado PASTOR GIL. <br \/>PROJETO DE LEI N\u00ba 2.926\/24 &#8211; do Sr. Marcos Tavares &#8211; que &#8220;institui o Programa Nacional de <br \/>Tecnologia Assistiva para Idosos, com o objetivo de fornecer tecnologias que auxiliem idosos com <br \/>limita\u00e7\u00f5es f\u00edsicas ou cognitivas, melhorando sua qualidade de vida e independ\u00eancia. &#8221; <br \/>RELATORA: Deputada NELY AQUINO. <br \/>PROJETO DE LEI N\u00ba 3.136\/24 &#8211; do Sr. Marx Beltr\u00e3o &#8211; que &#8220;altera a Lei n\u00ba 10.741, de 1\u00ba de outubro de <br \/>2003, para estabelecer o registro do comparecimento de pessoa idosa \u00e0 unidade da aten\u00e7\u00e3o prim\u00e1ria \u00e0 <br \/>sa\u00fade a fim de assegurar seu bem-estar&#8221;. RELATOR: Deputado ERIBERTO MEDEIROS. <br \/>DECURSO: 5\u00aa SESS\u00c3O <br \/>\u00daLTIMA SESS\u00c3O: 05-09-24 <br \/>Projetos de Lei (Art. 119, I e \u00a71\u00ba) <br \/>PROJETO DE LEI N\u00ba 70\/24 &#8211; da Sra. Magda Mofatto &#8211; que &#8220;altera a reda\u00e7\u00e3o do art. 93 da Lei n\u00ba 8.213, <br \/>de 24 de julho de 1991, que disp\u00f5e sobre os Planos de Benef\u00edcios da Previd\u00eancia Social e d\u00e1 outras <br \/>provid\u00eancias, para facultar o preenchimento de vagas por pessoa idosa na impossibilidade comprovada <br \/>de preenchimento por pessoa com defici\u00eancia&#8221;. <br \/>RELATOR: Deputado MARCELO CRIVELLA. <br \/>COMISS\u00c3O DE DEFESA DOS DIREITOS DAS PESSOAS COM DEFICI\u00caNCIA <br \/>AVISOS <br \/>PROPOSI\u00c7\u00d5ES EM FASE DE RECEBIMENTO DE EMENDAS (5 SESS\u00d5ES) <br \/>DECURSO: 1\u00aa SESS\u00c3O <br \/>\u00daLTIMA SESS\u00c3O: 11-09-24 <br \/>Projetos de Lei (Art. 119, I e \u00a71\u00ba) <br \/>PROJETO DE LEI N\u00ba 2.636\/19 &#8211; do Sr. Expedito Netto &#8211; que &#8220;obriga as unidades escolares, p\u00fablicas e <br \/>privadas, inclusive creches, a disponibilizarem no m\u00ednimo 10% (dez por cento) de mobili\u00e1rio adaptado <br \/>para pessoas com defici\u00eancia e ou obesas&#8221;. (Apensado: PL 6450\/2019 (Apensado: PL 2150\/2022)) <br \/>RELATORA: Deputada LUISA CANZIANI. <br \/>PROJETO DE LEI N\u00ba 9.448\/17 &#8211; da Sra. Mariana Carvalho &#8211; que &#8220;determina a adequa\u00e7\u00e3o dos frald\u00e1rios <br \/>aos portadores de defici\u00eancia e mobilidade reduzida para ambos os sexos&#8221;. (Apensado: PL 4059\/2023) <br \/>RELATORA: Deputada ROSANGELA MORO. <br \/>PROJETO DE LEI N\u00ba 4.767\/20 &#8211; do Senado Federal &#8211; Nelsinho Trad &#8211; que &#8220;altera a Lei n\u00ba 13.146, de 6 de <br \/>julho de 2015 (Estatuto da Pessoa com Defici\u00eancia), para determinar que as pessoas com s\u00edndrome de <br \/>Tourette sejam consideradas pessoas com defici\u00eancia para todos os fins legais. &#8221; <br \/>RELATORA: Deputada FL\u00c1VIA MORAIS. <br \/>PROJETO DE LEI N\u00ba 3.728\/21 &#8211; do Senado Federal &#8211; Leila Barros &#8211; que &#8220;altera a Lei n\u00ba 11.340, de 7 de <br \/>agosto de 2006 (Lei Maria da Penha), para dispor sobre o atendimento acess\u00edvel \u00e0 mulher em situa\u00e7\u00e3o <br \/>de viol\u00eancia dom\u00e9stica e familiar&#8221;. <br \/>RELATORA: Deputada ROSANGELA MORO. <br \/>PROJETO DE LEI N\u00ba 1.002\/22 &#8211; do Sr. Geninho Zuliani &#8211; que &#8220;acrescenta-se o \u00a74\u00ba, ao art. 48, da Lei n\u00ba<br \/>13.146, de 6 de julho de 2015, que Institui a Lei Brasileira de Inclus\u00e3o da Pessoa com Defici\u00eancia <br \/>(Estatuto da Pessoa com Defici\u00eancia), obrigando o transporte gratuitamente da ajuda t\u00e9cnica utilizada <br \/>pela Pessoa com Defici\u00eancia, na cabine da aeronave, da forma que especifica&#8221; <br \/>RELATORA: Deputada ANDREIA SIQUEIRA. <br \/>PROJETO DE LEI N\u00ba 1.211\/22 &#8211; do Senado Federal -Rom\u00e1rio &#8211; que &#8220;altera a Lei n\u00ba 13.146, de 6 de julho <br \/>de 2015 (Estatuto da Pessoa com Defici\u00eancia), para prever o fornecimento obrigat\u00f3rio, pelo poder <br \/>p\u00fablico, mediante solicita\u00e7\u00e3o, de formul\u00e1rios impressos em papel como alternativa aos apresentados em <br \/>meio eletr\u00f4nico&#8221;. RELATOR: Deputado MARCELO QUEIROZ. <br \/>PROJETO DE LEI N\u00ba 1.408\/23 &#8211; do Sr. Afonso Motta &#8211; que &#8220;disp\u00f5e sobre a continuidade dos cuidados <br \/>assistenciais ao usu\u00e1rio de plano de sa\u00fade coletivo ap\u00f3s rescis\u00e3o unilateral do mesmo&#8221;. (Apensados: PL <br \/>2818\/2023, PL 1837\/2024 (Apensado: PL 1970\/2024), PL 1933\/2024, PL 2081\/2024, PL 2103\/2024, PL <br \/>2107\/2024, PL 1908\/2024, PL 1979\/2024, PL 2007\/2024 (Apensado: PL 2063\/2024), PL 2074\/2024, PL <br \/>2174\/2024, PL 2268\/2024, PL 2288\/2024, PL 2456\/2024, PL 2665\/2024 e PL 2969\/2024) <br \/>RELATOR: Deputado AUREO RIBEIRO. <br \/>PROJETO DE LEI N\u00ba 3.114\/23 &#8211; do Senado Federal &#8211; Damares Alves &#8211; que &#8220;altera o Decreto-Lei n\u00ba<br \/>2.848, de 7 de dezembro de 1940 (C\u00f3digo Penal), para prever que o estelionato cometido contra pessoa <br \/>com defici\u00eancia procede-se mediante a\u00e7\u00e3o penal p\u00fablica incondicionada&#8221;. <br \/>RELATORA: Deputada MARIA ROSAS. <br \/>PROJETO DE LEI N\u00ba 485\/24 &#8211; do Sr. Josenildo &#8211; que &#8220;disp\u00f5e sobre a comercializa\u00e7\u00e3o de cal\u00e7ados para <br \/>pessoas com defici\u00eancia nos membros inferiores&#8221;. <br \/>RELATORA: Deputada FL\u00c1VIA MORAIS. <br \/>PROJETO DE LEI N\u00ba 2.068\/24 &#8211; da Sra. Sonize Barbosa &#8211; que &#8220;estabelece isen\u00e7\u00e3o do Imposto de <br \/>Importa\u00e7\u00e3o sobre pr\u00f3teses articulares e equipamentos de acessibilidade para pessoas com defici\u00eancia. &#8221; <br \/>RELATOR: Deputado M\u00c1RCIO JERRY. <br \/>PROJETO DE LEI N\u00ba 2.231\/24 &#8211; da Sra. Yandra Moura &#8211; que &#8220;altera a Lei no 13.146, de 2015, para <br \/>prever o uso do cord\u00e3o de fita com desenhos de cora\u00e7\u00f5es entrela\u00e7ados como indicativo de pessoa <br \/>portadora de Epiderm\u00f3lise Bolhosa&#8221;. <br \/>RELATORA: Deputada DAYANY BITTENCOURT. <br \/>PROJETO DE LEI N\u00ba 2.233\/24 &#8211; do Sr. Benes Leoc\u00e1dio &#8211; que &#8220;altera a Lei n\u00ba 13.146, de 6 de julho de <br \/>2015, para assegurar mecanismos de incentivo \u00e0 participa\u00e7\u00e3o das pessoas com defici\u00eancia na produ\u00e7\u00e3o <br \/>e na pr\u00e1tica de atividades art\u00edsticas, intelectuais, culturais, esportivas e recreativas. &#8221; <br \/>RELATOR: Deputado MARCELO QUEIROZ. <br \/>PROJETO DE LEI N\u00ba 2.333\/24 &#8211; do Sr. Coronel Chris\u00f3stomo &#8211; que &#8220;institui o Programa Nacional de <br \/>Reabilita\u00e7\u00e3o Tecnol\u00f3gica Avan\u00e7ada&#8221;. <br \/>RELATOR: Deputado WELITON PRADO. <br \/>PROJETO DE LEI N\u00ba 2.471\/24 &#8211; da Sra. Clarissa T\u00e9rcio &#8211; que &#8220;altera a Lei n\u00ba 14.254, de 30 de novembro <br \/>de 2021, a fim de ampliar os cuidados aos educandos com dislexia ou Transtorno do D\u00e9ficit de Aten\u00e7\u00e3o <br \/>com Hiperatividade (TDAH) ou outro transtorno de aprendizagem&#8221;. <br \/>RELATORA: Deputada LUCYANA GEN\u00c9SIO. <br \/>PROJETO DE LEI N\u00ba 2.489\/24 &#8211; do Sr. Castro Neto &#8211; que &#8220;altera a Lei n\u00ba 13.146, de 6 de julho de 2015, <br \/>Estatuto da Pessoa com Defici\u00eancia&#8221;. <br \/>RELATOR: Deputado DUARTE JR.. <br \/>PROJETO DE LEI N\u00ba 2.536\/24 &#8211; do Sr. Leo Prates &#8211; que &#8220;estabelece que as Operadoras de Plano de <br \/>Assist\u00eancia \u00e0 Sa\u00fade prestem cobertura integral de todas as especialidades terap\u00eauticas ao tratamento <br \/>de sa\u00fade mental&#8221;. <br \/>RELATOR: Deputado MAX LEMOS. <br \/>PROJETO DE LEI N\u00ba 2.560\/24 &#8211; do Sr. Paulo Alexandre Barbosa &#8211; que &#8220;projeto de lei que visa alterar a <br \/>Lei n\u00ba 12.587, de 3 de janeiro de 2012, para incluir a acessibilidade como diretriz para a presta\u00e7\u00e3o dos <br \/>servi\u00e7os de transporte remunerado privado individual de passageiros&#8221;. <br \/>RELATOR: Deputado AMOM MANDEL. <br \/>PROJETO DE LEI N\u00ba 2.594\/24 &#8211; do Sr. Marx Beltr\u00e3o &#8211; que &#8220;altera a Lei n\u00ba 12.764, de 27 de dezembro de <br \/>2012, para sobre o diagn\u00f3stico precoce do transtorno do espectro autista e o apoio \u00e0s respectivas <br \/>fam\u00edlias&#8221;. <br \/>RELATORA: Deputada MISSION\u00c1RIA MICHELE COLLINS. <br \/>PROJETO DE LEI N\u00ba 2.603\/24 &#8211; do Sr. Duarte Jr. &#8211; que &#8220;disp\u00f5e sobre a continuidade da indexa\u00e7\u00e3o do reajuste do BPC ao sal\u00e1rio m\u00ednimo para garantir essa corre\u00e7\u00e3o \u00e0s pessoas com defici\u00eancia&#8221;. <br \/>RELATOR: Deputado M\u00c1RCIO JERRY. <br \/>PROJETO DE LEI N\u00ba 2.697\/24 &#8211; da Sra. Yandra Moura &#8211; que &#8220;disp\u00f5e sobre a pol\u00edtica de incentivo para a <br \/>contrata\u00e7\u00e3o de m\u00e3es at\u00edpicas&#8221;. <br \/>RELATORA: Deputada DAYANY BITTENCOURT. <br \/>PROJETO DE LEI N\u00ba 2.705\/24 &#8211; do Sr. Saulo Pedroso &#8211; que &#8220;altera dispositivos da Lei n\u00ba 8.069, de 13 de <br \/>julho de 1990; da Lei n\u00ba 9.394, de 20 de dezembro de 1996; da Lei n\u00ba 12.764, de 27 de dezembro de <br \/>2012 e da Lei n\u00ba 13.146, de 6 de julho de 2015 a fim de atualizar a nomenclatura utilizada para referir-se <br \/>\u00e0s pessoas com defici\u00eancia, al\u00e9m de padronizar, conforme as normas precedentes, as compet\u00eancias do <br \/>profissional respons\u00e1vel pelo atendimento educacional especializado&#8221;. <br \/>RELATOR: Deputado BRUNO FARIAS. <br \/>PROJETO DE LEI N\u00ba 2.740\/24 &#8211; do Sr. Antonio Carlos Rodrigues &#8211; que &#8220;altera a Lei n\u00ba 13.830, de 13 de <br \/>maio de 2019, para obrigar o Sistema \u00danico de Sa\u00fade a disponibilizar centros de equoterapia para a <br \/>reabilita\u00e7\u00e3o de pessoas com defici\u00eancia&#8221;. <br \/>RELATORA: Deputada PROFESSORA LUCIENE CAVALCANTE. <br \/>PROJETO DE LEI N\u00ba 2.834\/24 &#8211; da Sra. Dra. Alessandra Haber &#8211; que &#8220;disp\u00f5e sobre Pontos de Leitura na <br \/>Pol\u00edtica Nacional de Cultura Viva, institu\u00edda pela Lei n\u00ba 13.018, de 22 de julho de 2014. &#8221; <br \/>RELATOR: Deputado DANIEL AGROBOM. <br \/>PROJETO DE LEI N\u00ba 2.913\/24 &#8211; do Sr. Amom Mandel &#8211; que &#8220;altera a Lei n\u00ba 12.764, de 27 de dezembro <br \/>de 2012, para incluir o Plano Nacional de Capacita\u00e7\u00e3o Profissional para Pessoas com Transtorno do <br \/>Espectro Autista (TEA) e d\u00e1 outras provid\u00eancias&#8221;. <br \/>RELATOR: Deputado DANILO FORTE. <br \/>PROJETO DE LEI N\u00ba 2.931\/24 &#8211; do Sr. Marcos Tavares &#8211; que &#8220;estabelece o direito dos consumidores <br \/>com defici\u00eancia visual de solicitar contratos em braille, sem custo extra, visando garantir a acessibilidade <br \/>e a inclus\u00e3o nas rela\u00e7\u00f5es de consumo. &#8221; <br \/>RELATORA: Deputada SILVIA WAI\u00c3PI. <br \/>PROJETO DE LEI N\u00ba 2.981\/24 &#8211; da Sra. Silvye Alves &#8211; que &#8220;altera a Lei n.\u00ba 12.771, de 29 de agosto de <br \/>2012, que disp\u00f5e sobre o ingresso nas universidades federais e nas institui\u00e7\u00f5es federais de ensino <br \/>t\u00e9cnico de n\u00edvel m\u00e9dio, a fim de incluir no programa especial de cotas, reserva de vagas para os <br \/>respons\u00e1veis legais por pessoas com defici\u00eancia, nos termos da legisla\u00e7\u00e3o&#8221;. <br \/>RELATORA: Deputada PROFESSORA LUCIENE CAVALCANTE. <br \/>PROJETO DE LEI N\u00ba 2.998\/24 &#8211; do Sr. Eduardo da Fonte &#8211; que &#8220;prev\u00ea a obrigatoriedade dos Planos de <br \/>Sa\u00fade em custear sess\u00f5es de fonoaudiologia, psicologia, terapia ocupacional com integra\u00e7\u00e3o sensorial, <br \/>psicopedagogia, psicomotricista, musicoterapia ou equoterapia para pessoas com transtorno do espectro <br \/>autista (TEA) realizadas em ambiente cl\u00ednico, escolar ou domiciliar e fixa prazo m\u00e1ximo para autoriza\u00e7\u00e3o <br \/>de procedimento ou tratamento solicitado. &#8221; <br \/>RELATOR: Deputado WELITON PRADO. <br \/>PROJETO DE LEI N\u00ba 3.012\/24 &#8211; do Sr. Augusto Puppio &#8211; que &#8220;acrescenta o \u00a7 4\u00ba ao art. 3\u00ba da Lei n\u00ba<br \/>14.597, de 14 de junho de 2023, para instituir campanha permanente de orienta\u00e7\u00e3o e conscientiza\u00e7\u00e3o <br \/>pela integra\u00e7\u00e3o de pessoas com defici\u00eancia no esporte. &#8221; <br \/>RELATORA: Deputada DANIELA REINEHR. <br \/>PROJETO DE LEI N\u00ba 3.035\/24 &#8211; do Sr. J\u00fanior Mano &#8211; que &#8220;disp\u00f5e sobre a isen\u00e7\u00e3o de tributa\u00e7\u00e3o sobre as <br \/>premia\u00e7\u00f5es em dinheiro recebidas por atletas brasileiros nas Paraolimp\u00edadas. &#8221; (Apensados: PL <br \/>3063\/2024, PL 3065\/2024, PL 3075\/2024, PL 3080\/2024, PL 3082\/2024 e PL 3093\/2024) <br \/>RELATOR: Deputado MAX LEMOS. <br \/>PROJETO DE LEI N\u00ba 3.053\/24 &#8211; da Sra. Mission\u00e1ria Michele Collins &#8211; que &#8220;altera o Decreto-Lei n\u00ba 5.452, <br \/>de 1\u00ba de maio de 1943, que aprova a Consolida\u00e7\u00e3o das Leis do Trabalho. &#8221; <br \/>RELATOR: Deputado DANILO FORTE. <br \/>PROJETO DE LEI N\u00ba 3.054\/24 &#8211; da Sra. Mission\u00e1ria Michele Collins &#8211; que &#8220;altera a Lei n\u00ba 13.146, de 6 de <br \/>julho de 2015, que institui a Lei Brasileira de Inclus\u00e3o da Pessoa com Defici\u00eancia (Estatuto da Pessoa com Defici\u00eancia)&#8221;. <br \/>RELATOR: Deputado WELITON PRADO. <br \/>PROJETO DE LEI N\u00ba 3.094\/24 &#8211; da Sra. Carmen Zanotto &#8211; que &#8220;altera a Lei n\u00ba 9.503, de 23 de setembro <br \/>de 1997, C\u00f3digo de Tr\u00e2nsito Brasileiro, para dispor sobre sinaliza\u00e7\u00e3o em locais destinados a travessias <br \/>de pedestres, e a Lei n\u00ba 10.257, de 10 de julho de 2001, Estatuto da Cidade, para tratar de plano de <br \/>rotas acess\u00edveis para pessoas com transtorno do espectro autista. &#8221; <br \/>RELATOR: Deputado SARGENTO PORTUGAL. <br \/>PROJETO DE LEI N\u00ba 3.098\/24 &#8211; da Sra. Luizianne Lins &#8211; que &#8220;cria SALAS DE ACOLHIMENTO <br \/>SENSORIAL \u00c0S PESSOAS COM TRANSTORNO DO ESPECTRO AUTISTA nas Institui\u00e7\u00f5es de Ensino <br \/>Superior. &#8221; <br \/>RELATOR: Deputado AMOM MANDEL. <br \/>PROJETO DE LEI N\u00ba 3.104\/24 &#8211; da Sra. Dandara &#8211; que &#8220;confere o t\u00edtulo de \u201cCapital Nacional do <br \/>Paradesporto\u201d ao Munic\u00edpio de Uberl\u00e2ndia, no Estado de Minas Gerais&#8221;. <br \/>RELATOR: Deputado WELITON PRADO. <br \/>PROJETO DE LEI N\u00ba 3.125\/24 &#8211; do Sr. Orlando Silva &#8211; que &#8220;altera aLei n\u00ba 12.764, de 27 de dezembro de <br \/>2012, que institui a Pol\u00edtica Nacional de Prote\u00e7\u00e3o dos Direitos da Pessoa com Transtorno do Espectro <br \/>Autista e estabelece diretrizes para sua consecu\u00e7\u00e3o. &#8221; <br \/>RELATOR: Deputado M\u00c1RCIO JERRY. <br \/>PROJETO DE LEI N\u00ba 3.135\/24 &#8211; do Sr. Marangoni &#8211; que &#8220;altera a Lei n\u00ba 13.146, de 6 de julho de 2015 <br \/>(Estatuto da Pessoa com Defici\u00eancia), para incluir as dificuldades de comunica\u00e7\u00e3o no rol dos <br \/>impedimentos que caracterizam a pessoa com defici\u00eancia. &#8221; <br \/>RELATORA: Deputada DAYANY BITTENCOURT. <br \/>PROJETO DE LEI N\u00ba 3.171\/24 &#8211; do Sr. Geraldo Resende &#8211; que &#8220;altera a Lei n\u00ba 8.989, de 24 de fevereiro <br \/>de 1995, para retirar as exig\u00eancias e a limita\u00e7\u00e3o de valor na aquisi\u00e7\u00e3o de ve\u00edculos el\u00e9tricos com isen\u00e7\u00e3o <br \/>de IPI por pessoas com defici\u00eancia. &#8221; <br \/>RELATOR: Deputado SARGENTO PORTUGAL. <br \/>PROJETO DE LEI N\u00ba 3.219\/24 &#8211; da Sra. Mission\u00e1ria Michele Collins &#8211; que &#8220;altera a Lei n\u00ba 14.620, de 13 <br \/>de julho de 2023, que disp\u00f5e sobre o Programa Minha Casa, Minha Vida. &#8221; <br \/>RELATORA: Deputada LUISA CANZIANI. <br \/>DECURSO: 3\u00aa SESS\u00c3O <br \/>\u00daLTIMA SESS\u00c3O: 09-09-24 <br \/>Substitutivo (Art. 119, II e \u00a71\u00ba) <br \/>AS PROPOSI\u00c7\u00d5ES ABAIXO SOMENTE RECEBER\u00c3O EMENDAS APRESENTADAS POR MEMBROS <br \/>DESTA COMISS\u00c3O <br \/>PROJETO DE LEI N\u00ba 4.969\/23 &#8211; do Sr. Eriberto Medeiros &#8211; que &#8220;altera a Lei n\u00ba 13.146, de 6 de julho de <br \/>2015, para incluir no conceito de \u201cdefici\u00eancia\u201d as defici\u00eancias n\u00e3o aparentes, o transtorno do espectro <br \/>autista e as doen\u00e7as raras &#8221; <br \/>RELATOR: Deputado GERALDO RESENDE. <br \/>DECURSO: 5\u00aa SESS\u00c3O <br \/>\u00daLTIMA SESS\u00c3O: 05-09-24 <br \/>Substitutivo (Art. 119, II e \u00a71\u00ba) <br \/>AS PROPOSI\u00c7\u00d5ES ABAIXO SOMENTE RECEBER\u00c3O EMENDAS APRESENTADAS POR MEMBROS <br \/>DESTA COMISS\u00c3O PROJETO DE LEI N\u00ba 3.503\/19 &#8211; da Sra. Maria Rosas &#8211; que &#8220;altera as Leis n\u00ba 13.146, de 6 de julho de <br \/>2015 (Estatuto da Pessoa com Defici\u00eancia), determinando que os portais na internet mantidos por <br \/>empresas privadas e \u00f3rg\u00e3os governamentais disponibilizem ferramenta interativa para tradu\u00e7\u00e3o de <br \/>conte\u00fados digitais para a L\u00edngua Brasileira de Sinais; e n\u00ba 8.248, de 23 de outubro de 1991 (Lei de <br \/>Inform\u00e1tica), condicionando o acesso aos benef\u00edcios oferecidos pela Lei de Inform\u00e1tica \u00e0 instala\u00e7\u00e3o, nos <br \/>computadores e telefones celulares inteligentes incentivados, de ferramenta interativa embarcada para <br \/>tradu\u00e7\u00e3o de conte\u00fados digitais para a L\u00edngua Brasileira de Sinais&#8221;. (Apensados: PL 2951\/2021 <br \/>(Apensados: PL 4052\/2021 e PL 3391\/2023) e PL 104\/2023) <br \/>RELATORA: Deputada ERIKA KOKAY. <br \/>PROJETO DE LEI N\u00ba 6.165\/23 &#8211; da Sra. Rog\u00e9ria Santos &#8211; que &#8220;disp\u00f5e sobre a obrigatoriedade de <br \/>afixa\u00e7\u00e3o de cartazes, adesivos ou placas informativas em idiomas distintos nos locais de acesso e <br \/>perman\u00eancia de turistas p\u00fablico ou privado, contendo as informa\u00e7\u00f5es de utilidade e seguran\u00e7a p\u00fablica <br \/>aos turistas nos Estados do Brasil, assim como, informa\u00e7\u00f5es sobre os meios de den\u00fancias, contato e <br \/>endere\u00e7o com localiza\u00e7\u00e3o da Delegacia de Prote\u00e7\u00e3o ao Turista&#8221;. <br \/>RELATOR: Deputado PAULO ALEXANDRE BARBOSA. <br \/>COMISS\u00c3O DE DESENVOLVIMENTO ECON\u00d4MICO <br \/>AVISOS <br \/>PROPOSI\u00c7\u00d5ES EM FASE DE RECEBIMENTO DE EMENDAS (5 SESS\u00d5ES) <br \/>DECURSO: 1\u00aa SESS\u00c3O <br \/>\u00daLTIMA SESS\u00c3O: 11-09-24 <br \/>Substitutivo (Art. 119, II e \u00a71\u00ba) <br \/>AS PROPOSI\u00c7\u00d5ES ABAIXO SOMENTE RECEBER\u00c3O EMENDAS APRESENTADAS POR MEMBROS <br \/>DESTA COMISS\u00c3O <br \/>PROJETO DE LEI N\u00ba 5.873\/19 &#8211; do Sr. Kim Kataguiri &#8211; que &#8220;altera a Lei n\u00ba 13.636, de 20 de mar\u00e7o de <br \/>2018, que disp\u00f5e sobre o Programa Nacional de Microcr\u00e9dito Produtivo Orientado (PNMPO)&#8221;. <br \/>RELATOR: Deputado DANIEL ALMEIDA. <br \/>DECURSO: 2\u00aa SESS\u00c3O <br \/>\u00daLTIMA SESS\u00c3O: 10-09-24 <br \/>Projetos de Lei (Art. 119, I e \u00a71\u00ba) <br \/>PROJETO DE LEI N\u00ba 2.841\/22 &#8211; do Sr. Gilberto Abramo &#8211; que &#8220;cria a Zona Franca do Vale do <br \/>Jequitinhonha, nas condi\u00e7\u00f5es que estabelece&#8221;. <br \/>RELATOR: Deputado JULIO CESAR RIBEIRO. <br \/>COMISS\u00c3O DE DESENVOLVIMENTO URBANO <br \/>AVISOS PROPOSI\u00c7\u00d5ES EM FASE DE RECEBIMENTO DE EMENDAS (5 SESS\u00d5ES) <br \/>DECURSO: 5\u00aa SESS\u00c3O <br \/>\u00daLTIMA SESS\u00c3O: 05-09-24 <br \/>Projetos de Lei (Art. 119, I e \u00a71\u00ba) <br \/>PROJETO DE LEI N\u00ba 1.890\/24 &#8211; do Sr. Duda Ramos &#8211; que &#8220;institui o projeto \u201cNasce uma crian\u00e7a, planta-<br \/>se uma \u00e1rvore\u201d, que disp\u00f5e sobre medidas de preserva\u00e7\u00e3o do meio ambiente e de educa\u00e7\u00e3o ambiental <br \/>por meio do plantio de uma muda de \u00e1rvore a cada registro de nascimento de crian\u00e7a na rede p\u00fablica de <br \/>sa\u00fade do munic\u00edpio &#8211; (Lei Davi Ramos). &#8221; <br \/>RELATOR: Deputado CLEBER VERDE. <br \/>COMISS\u00c3O DE DIREITOS HUMANOS, MINORIAS E IGUALDADE RACIAL <br \/>AVISOS <br \/>PROPOSI\u00c7\u00d5ES EM FASE DE RECEBIMENTO DE EMENDAS (5 SESS\u00d5ES) <br \/>DECURSO: 5\u00aa SESS\u00c3O <br \/>\u00daLTIMA SESS\u00c3O: 05-09-24 <br \/>Projetos de Lei (Art. 119, I e \u00a71\u00ba) <br \/>PROJETO DE LEI N\u00ba 3.445\/21 &#8211; do Sr. Alexandre Padilha &#8211; que &#8220;institui a Pol\u00edtica Nacional de Trabalho <br \/>com Apoio para Pessoas com Defici\u00eancia&#8221;. (Apensados: PL 2945\/2023 e PL 5079\/2023) <br \/>RELATOR: Deputado TADEU VENERI. <br \/>COMISS\u00c3O DE EDUCA\u00c7\u00c3O <br \/>AVISOS <br \/>PROPOSI\u00c7\u00d5ES EM FASE DE RECEBIMENTO DE EMENDAS A PARTIR DE <br \/>AMANH\u00c3 (DIA 06\/09\/2024) <br \/>Projetos de Lei (Art. 119, I e \u00a71\u00ba) <br \/>PROJETO DE LEI N\u00ba 1.966\/21 &#8211; do Sr. Z\u00e9 Vitor &#8211; que &#8220;altera a Lei n\u00ba 11.577, de 22 de novembro de <br \/>2007, tornando obrigat\u00f3ria a divulga\u00e7\u00e3o, nas aulas e cursos ministrados de forma n\u00e3o presencial, de <br \/>mensagens de advert\u00eancia e informes de orienta\u00e7\u00e3o sobre o encaminhamento de den\u00fancias contra atos <br \/>de pedofilia, abuso, explora\u00e7\u00e3o sexual e tr\u00e1fico de crian\u00e7as e adolescentes&#8221;. (Apensado: PL 4323\/2023) <br \/>RELATOR: Deputado DANIEL JOS\u00c9. <br \/>PROJETO DE LEI N\u00ba 4.026\/21 &#8211; do Sr. Sebasti\u00e3o Oliveira &#8211; que &#8220;prorroga at\u00e9 31\/12\/2022 a possibilidade <br \/>de cola\u00e7\u00e3o de grau antecipada para os cursos da \u00e1rea de sa\u00fade, mencionados no \u00a72\u00ba da Lei 14.040, de <br \/>2020: medicina, farm\u00e1cia, enfermagem, fisioterapia e odontologia&#8221;. (Apensado: PL 290\/2022) <br \/>RELATOR: Deputado FERNANDO MINEIRO. PROJETO DE LEI N\u00ba 274\/22 &#8211; do Sr. Jos\u00e9 Nelto &#8211; que &#8220;disp\u00f5e sobre a isen\u00e7\u00e3o na inscri\u00e7\u00e3o do Exame <br \/>Nacional do Ensino M\u00e9dio (Enem), pelos pr\u00f3ximos 4 (quatro) anos&#8221;. <br \/>RELATOR: Deputado KIM KATAGUIRI. <br \/>PROJETO DE LEI N\u00ba 7.989\/17 &#8211; do Sr. Geraldo Resende &#8211; que &#8220;denomina Centro Territorial de <br \/>Forma\u00e7\u00e3o e Apoio Tecnol\u00f3gico para Agricultura Familiar EDWIN BAUR o Centro de Forma\u00e7\u00e3o localizado <br \/>no munic\u00edpio de Gl\u00f3ria de Dourados-MS&#8221;. <br \/>RELATOR: Deputado DAGOBERTO NOGUEIRA. <br \/>PROJETO DE LEI N\u00ba 364\/22 &#8211; do Sr. Darci de Matos &#8211; que &#8220;disp\u00f5e sobre a\u00e7\u00f5es emergenciais e <br \/>tempor\u00e1rias destinadas ao setor do ensino privado para compensar os efeitos decorrentes das medidas <br \/>de combate \u00e0 pandemia da Covid-19&#8243;. <br \/>RELATORA: Deputada SORAYA SANTOS. <br \/>PROJETO DE LEI N\u00ba 391\/23 &#8211; do Sr. Fernando Rodolfo &#8211; que &#8220;altera a Lei n\u00ba 14.113, de 25 de dezembro <br \/>de 2020, para estabelecer que os juros morat\u00f3rios incidentes sobre o valor dos precat\u00f3rios devidos pela <br \/>Uni\u00e3o \u00e0 t\u00edtulo de complementa\u00e7\u00e3o das verbas do Fundo de Manuten\u00e7\u00e3o e Desenvolvimento do Ensino <br \/>Fundamental e de Valoriza\u00e7\u00e3o do Magist\u00e9rio (Fundef) poder\u00e3o ser utilizados para quita\u00e7\u00e3o de honor\u00e1rios <br \/>de advogados, devendo o saldo remanescente necessariamente ser repassado aos profissionais do <br \/>magist\u00e9rio, inclusive aposentados e pensionistas, na forma de abono&#8221;. <br \/>RELATOR: Deputado DELEGADO RAMAGEM. <br \/>PROJETO DE LEI N\u00ba 3.440\/23 &#8211; do Sr. Alberto Mour\u00e3o &#8211; que &#8220;altera a Lei n\u00ba 12.871, de 22 de outubro de <br \/>2013, que institui o Programa Mais M\u00e9dicos, para estimular a ades\u00e3o a programas de resid\u00eancia em <br \/>Medicina Geral de Fam\u00edlia e Comunidade e modificar os crit\u00e9rios de abertura de novos cursos de <br \/>Medicina&#8221;. <br \/>RELATOR: Deputado RODRIGO VALADARES. <br \/>PROJETO DE LEI N\u00ba 3.595\/23 &#8211; do Sr. Eduardo Velloso &#8211; que &#8220;acrescenta par\u00e1grafo ao art. 15-D da Lei <br \/>n\u00ba 10.260, de 2001, que disp\u00f5e sobre o Fundo de Financiamento Estudantil, para autorizar a abertura de <br \/>linha de financiamento para estudantes em cursos de Medicina em institui\u00e7\u00f5es de educa\u00e7\u00e3o superior do <br \/>exterior, acreditadas junto ao Arcu-Sul&#8221;. <br \/>RELATOR: Deputado RODRIGO VALADARES. <br \/>PROPOSI\u00c7\u00d5ES EM FASE DE RECEBIMENTO DE EMENDAS (5 SESS\u00d5ES) <br \/>DECURSO: 5\u00aa SESS\u00c3O <br \/>\u00daLTIMA SESS\u00c3O: 05-09-24 <br \/>Substitutivo (Art. 119, II e \u00a71\u00ba) <br \/>AS PROPOSI\u00c7\u00d5ES ABAIXO SOMENTE RECEBER\u00c3O EMENDAS APRESENTADAS POR MEMBROS <br \/>DESTA COMISS\u00c3O <br \/>PROJETO DE LEI N\u00ba 1.601\/23 &#8211; do Sr. Delegado Paulo Bilynskyj &#8211; que &#8220;pro\u00edbe a implanta\u00e7\u00e3o, adapta\u00e7\u00e3o <br \/>e utiliza\u00e7\u00e3o de banheiros que determinem o uso comum de pessoas de sexos biologicamente distintos <br \/>em ambientes escolares&#8221;. (Apensado: PL 3541\/2023) <br \/>RELATOR: Deputado CAPIT\u00c3O ALDEN. <br \/>COMISS\u00c3O DE FINAN\u00c7AS E TRIBUTA\u00c7\u00c3O <br \/>AVISOS <br \/>PROPOSI\u00c7\u00d5ES EM FASE DE RECEBIMENTO DE EMENDAS A PARTIR DE AMANH\u00c3 (DIA 06\/09\/2024) <br \/>Projetos de Lei (Art. 119, I e \u00a71\u00ba) <br \/>A &#8211; Da An\u00e1lise da Adequa\u00e7\u00e3o Financeira e Or\u00e7ament\u00e1ria e do M\u00e9rito: <br \/>PROJETO DE LEI N\u00ba 792\/07 &#8211; do Sr. Anselmo de Jesus &#8211; que &#8220;disp\u00f5e sobre a defini\u00e7\u00e3o de servi\u00e7os <br \/>ambientais e d\u00e1 outras provid\u00eancias&#8221;. (Apensados: PL 1190\/2007 (Apensados: PL 1999\/2007 e PL <br \/>2364\/2007), PL 1667\/2007, PL 1920\/2007, PL 5487\/2009 (Apensado: PL 6005\/2009), PL 5528\/2009, PL <br \/>6204\/2009 e PL 7061\/2010) <br \/>RELATOR: Relator a Designar. <br \/>PROJETO DE LEI N\u00ba 1.721\/22 &#8211; da Sra. Carla Zambelli &#8211; que &#8220;institui medidas de incentivo \u00e0 doa\u00e7\u00e3o e <br \/>venda de equipamentos de inform\u00e1tica usados&#8221;. <br \/>RELATOR: Deputado KIM KATAGUIRI. <br \/>PROJETO DE LEI N\u00ba 6.631\/09 &#8211; do Sr. Vanderlei Macris &#8211; que &#8220;acrescenta al\u00ednea ao inciso II do art. 8\u00ba<br \/>da Lei n\u00ba 9.250, de 26 de dezembro de 1995, para incluir as despesas veterin\u00e1rias nas dedu\u00e7\u00f5es da <br \/>base de c\u00e1lculo do imposto de renda das pessoas f\u00edsicas&#8221;. (Apensados: PL 7437\/2014, PL 7550\/2014, <br \/>PL 7554\/2014, PL 7942\/2014, PL 948\/2015, PL 5426\/2016, PL 10289\/2018 (Apensado: PL 1447\/2022), <br \/>PL 1358\/2019 (Apensados: PL 2816\/2021, PL 3014\/2021, PL 1569\/2022, PL 246\/2023, PL 1529\/2023, <br \/>PL 5136\/2023, PL 387\/2024, PL 798\/2024 e PL 1661\/2024), PL 2169\/2021, PL 3591\/2021, PL 958\/2022, <br \/>PL 1130\/2022, PL 1967\/2022, PL 2770\/2022 (Apensados: PL 2302\/2023, PL 5050\/2023 e PL 399\/2024 <br \/>(Apensados: PL 2839\/2024 e PL 3078\/2024)), PL 2436\/2023, PL 6104\/2023 e PL 6187\/2023) <br \/>RELATOR: Deputado FAUSTO PINATO. <br \/>PROJETO DE LEI N\u00ba 6.688\/09 &#8211; do Senado Federal &#8211; Ant\u00f4nio Carlos Valadares &#8211; (PLS 281\/2008) &#8211; que <br \/>&#8220;altera dispositivos da Consolida\u00e7\u00e3o das Leis do Trabalho (CLT), aprovada pelo Decreto-Lei n\u00ba 5.452, de <br \/>1\u00ba de maio de 1943, para fixar prazo para recolhimento da contribui\u00e7\u00e3o sindical&#8221;. <br \/>RELATOR: Deputado JOS\u00c9 MEDEIROS. <br \/>PROJETO DE LEI N\u00ba 1.269\/15 &#8211; do Sr. Jo\u00e3o Daniel &#8211; que &#8220;disp\u00f5e sobre o tratamento tribut\u00e1rio <br \/>diferenciado para a cacha\u00e7a artesanal produzida por agricultores familiares&#8221;. <br \/>RELATOR: Deputado ALCEU MOREIRA. <br \/>PROJETO DE LEI N\u00ba 2.548\/15 &#8211; do Sr. Augusto Carvalho &#8211; que &#8220;altera-se dispositivos da Lei n\u00ba 11.788, <br \/>de 25 de setembro de 2008, o qual disp\u00f5e a respeito dos est\u00e1gios dos estudantes e d\u00e1 outras <br \/>provid\u00eancias&#8221;. (Apensados: PL 6115\/2016, PL 7291\/2017, PL 10917\/2018 (Apensado: PL 3589\/2020) e <br \/>PL 5477\/2019) <br \/>RELATOR: Deputado SANDERSON. <br \/>PROJETO DE LEI N\u00ba 5.236\/16 &#8211; do Sr. Capit\u00e3o Augusto &#8211; que &#8220;altera a Lei n\u00ba 9250, de 26 de dezembro <br \/>de 1995, que altera a legisla\u00e7\u00e3o do imposto de renda das pessoas f\u00edsicas e d\u00e1 outras provid\u00eancias&#8221;. <br \/>RELATOR: Deputado AUREO RIBEIRO. <br \/>PROJETO DE LEI N\u00ba 360\/23 &#8211; da Sra. Silvia Wai\u00e3pi &#8211; que &#8220;concede incentivo fiscal a pessoas f\u00edsicas e <br \/>jur\u00eddicas que colaborem com a seguran\u00e7a p\u00fablica por meio de videovigil\u00e2ncia&#8221;. <br \/>RELATOR: Deputado KIM KATAGUIRI. <br \/>PROJETO DE LEI N\u00ba 1.092\/23 &#8211; do Sr. Fred Costa &#8211; que &#8220;cria o Fundo Nacional do Artesanato &#8211; FNA&#8221;. <br \/>RELATORA: Deputada LAURA CARNEIRO. <br \/>PROJETO DE LEI N\u00ba 1.732\/23 &#8211; do Sr. Lula da Fonte &#8211; que &#8220;isenta a cobran\u00e7a de PIS\/Pasep e Cofins os <br \/>medicamentos destinados a pacientes diagnosticados com s\u00edndrome de down e microcefalia&#8221;. <br \/>RELATOR: Deputado PEDRO WESTPHALEN. <br \/>PROJETO DE LEI N\u00ba 2.254\/23 &#8211; da Sra. Ros\u00e2ngela Moro &#8211; que &#8220;altera a reda\u00e7\u00e3o do \u00a7 7\u00ba do art. 1\u00ba da Lei <br \/>n\u00b0 8.989, de 24 de fevereiro de 1995, para limitar a aquisi\u00e7\u00e3o, com isen\u00e7\u00e3o do Imposto sobre Produtos <br \/>Industrializados (IPI), feita por pessoas com defici\u00eancia, a ve\u00edculo novo cujo pre\u00e7o de venda ao <br \/>consumidor, inclu\u00eddos os tributos incidentes, n\u00e3o seja superior a R$ 300.000,00 (trezentos mil reais)&#8221;. <br \/>RELATOR: Deputado CAPIT\u00c3O ALBERTO NETO. PROJETO DE LEI N\u00ba 2.892\/23 &#8211; do Sr. Dr. Fernando M\u00e1ximo &#8211; que &#8220;&#8221;Reduz \u00e0 zero a al\u00edquota de tributos <br \/>incidentes sobre a aquisi\u00e7\u00e3o de detectores de metais por institui\u00e7\u00f5es de ensino, institui\u00e7\u00f5es religiosas e <br \/>institui\u00e7\u00f5es hospitalares.&#8221;&#8221; <br \/>RELATOR: Deputado CABO GILBERTO SILVA. <br \/>PROJETO DE LEI N\u00ba 3.226\/23 &#8211; do Sr. Alberto Fraga &#8211; que &#8220;acrescenta al\u00ednea ao inciso IV do art. 75 da <br \/>Lei n\u00ba 14.133, de 1\u00ba de abril de 2021, lei de licita\u00e7\u00f5es e contratos administrativos, e d\u00e1 outras <br \/>provid\u00eancias&#8221;. <br \/>RELATOR: Deputado CABO GILBERTO SILVA. <br \/>PROJETO DE LEI N\u00ba 3.464\/23 &#8211; do Sr. Vinicius Carvalho e outros &#8211; que &#8220;programa de Incentivo \u00e0 <br \/>Contrata\u00e7\u00e3o de Pacientes Renais em Di\u00e1lise e Transplantados&#8221;. <br \/>RELATOR: Deputado LUIZ GAST\u00c3O. <br \/>PROJETO DE LEI N\u00ba 5.092\/23 &#8211; dos Srs. Professora Luciene Cavalcante e Felipe Becari &#8211; que &#8220;pro\u00edbe a <br \/>utiliza\u00e7\u00e3o de gaiolas e sistemas de confinamento extremo de animais criados para a alimenta\u00e7\u00e3o <br \/>humana e extra\u00e7\u00e3o de penas e peles e d\u00e1 outras provid\u00eancias&#8221;. <br \/>RELATOR: Deputado MARCELO QUEIROZ. <br \/>PROJETO DE LEI N\u00ba 5.528\/23 &#8211; do Sr. Pompeo de Mattos &#8211; que &#8220;disp\u00f5e sobre a contrata\u00e7\u00e3o de <br \/>opera\u00e7\u00f5es de cr\u00e9dito consignado por benefici\u00e1rios de aux\u00edlio-acidente&#8221;. <br \/>RELATOR: Deputado LUIZ PHILIPPE DE ORLEANS E BRAGAN\u00c7A. <br \/>PROJETO DE LEI N\u00ba 5.833\/23 &#8211; do Sr. Sargento Portugal e outros &#8211; que &#8220;estabelece margem de <br \/>prefer\u00eancia para as propostas oferecidas por pessoas de baixa renda, na aquisi\u00e7\u00e3o de materiais e <br \/>equipamentos sem utiliza\u00e7\u00e3o previs\u00edvel vendidos pela administra\u00e7\u00e3o p\u00fablica&#8221;. <br \/>RELATORA: Deputada DAYANY BITTENCOURT. <br \/>PROJETO DE LEI N\u00ba 392\/24 &#8211; do Sr. Afonso Motta &#8211; que &#8220;cria o Conselho Federal e os Conselhos <br \/>Regionais de Psicomotricidade, profiss\u00e3o institu\u00edda pela Lei n. 13.794, de 03 de janeiro de 2019, e d\u00e1 <br \/>outras provid\u00eancias. &#8221; <br \/>RELATOR: Deputado SARGENTO PORTUGAL. <br \/>PROJETO DE LEI N\u00ba 687\/24 &#8211; da Sra. Silvia Wai\u00e3pi &#8211; que &#8220;regula as condi\u00e7\u00f5es de trabalho de homens <br \/>que foram diagnosticados, est\u00e3o em tratamento ou em per\u00edodo de aguardo de remiss\u00e3o do c\u00e2ncer de <br \/>pr\u00f3stata e institui o Selo Azul&#8221;. <br \/>RELATOR: Deputado SANDERSON. <br \/>PROJETO DE LEI N\u00ba 2.285\/24 &#8211; do Sr. Ossesio Silva &#8211; que &#8220;altera o artigo 30 da Lei 6.015\/73 \u2013 Lei dos <br \/>Registros P\u00fablicos, para que n\u00e3o sejam cobrados emolumentos relativos \u00e0 Certid\u00e3o de Casamento&#8221; <br \/>RELATOR: Deputado GILBERTO ABRAMO. <br \/>PROJETO DE LEI N\u00ba 3.162\/24 &#8211; do Sr. Sergio Souza &#8211; que &#8220;altera a Lei n\u00ba 5.768, de 20 de dezembro de <br \/>1971, para permitir a premia\u00e7\u00e3o em forma de quota parte em sociedade cooperativa, dep\u00f3sito em <br \/>poupan\u00e7a e outros produtos financeiros ou de investimentos oferecidos pelas institui\u00e7\u00f5es autorizadas a <br \/>funcionar pelo Banco Central do Brasil. &#8221; <br \/>RELATOR: Deputado COBALCHINI. <br \/>PROJETO DE LEI N\u00ba 3.192\/24 &#8211; do Sr. Evair Vieira de Melo &#8211; que &#8220;disp\u00f5e sobre a n\u00e3o incid\u00eancia do <br \/>Imposto sobre Produtos Industrializados quando sobrev\u00e9m furto ou roubo do produto industrializado ap\u00f3s <br \/>sua sa\u00edda do estabelecimento industrial ou equiparado e antes de sua entrega ao adquirente. &#8221; <br \/>RELATOR: Deputado CABO GILBERTO SILVA. <br \/>B &#8211; Da An\u00e1lise da Adequa\u00e7\u00e3o Financeira e Or\u00e7ament\u00e1ria (art. 54): <br \/>PROJETO DE LEI N\u00ba 460\/03 &#8211; do Sr. Corauci Sobrinho &#8211; que &#8220;altera a Lei n\u00ba 8.742, de 7 de dezembro de <br \/>1993, para estender ao portador da S\u00edndrome de Imunodefici\u00eancia Adquirida &#8211; AIDS o benef\u00edcio de <br \/>presta\u00e7\u00e3o continuada&#8221;. (Apensados: PL 3047\/2004 (Apensado: PL 2362\/2007), PL 1904\/2007, PL <br \/>770\/2003, PL 1312\/2003, PL 1421\/2003, PL 3363\/2004, PL 4366\/2004, PL 4613\/2004, PL 5871\/2005, PL <br \/>6026\/2005 (Apensado: PL 5671\/2009), PL 7597\/2006, PL 682\/2007, PL 917\/2007, PL 918\/2007, PL <br \/>952\/2007, PL 1043\/2007, PL 1577\/2007, PL 1630\/2007, PL 1865\/2007, PL 1898\/2007, PL 1996\/2007 <br \/>(Apensado: PL 3356\/2008), PL 2146\/2007, PL 2209\/2007, PL 2847\/2008, PL 2911\/2008, PL 2963\/2008, PL 4650\/2009 e PL 5196\/2009) <br \/>RELATOR: Deputado SARGENTO PORTUGAL. <br \/>PROJETO DE LEI N\u00ba 3.145\/08 &#8211; da Sra. Alice Portugal &#8211; que &#8220;disp\u00f5e sobre a contrata\u00e7\u00e3o de assistentes <br \/>sociais&#8221;. <br \/>RELATOR: Deputado SARGENTO PORTUGAL. <br \/>PROJETO DE LEI N\u00ba 4.400\/08 &#8211; do Senado Federal &#8211; Paulo Paim &#8211; (PLS 672\/2007) &#8211; que &#8220;altera a Lei n\u00ba<br \/>10.741, de 1\u00ba de outubro de 2003 (Estatuto do Idoso), para estabelecer a concess\u00e3o de dois sal\u00e1rios <br \/>m\u00ednimos de benef\u00edcio mensal ao idoso carente com cem anos ou mais&#8221;. <br \/>RELATOR: Deputado SARGENTO PORTUGAL. <br \/>PROJETO DE LEI N\u00ba 2.381\/11 &#8211; da Sra. Professora Dorinha Seabra Rezende &#8211; que &#8220;acrescenta \u00a7\u00a7 7\u00ba e <br \/>8\u00ba \u00e0 Lei n\u00ba 10.880, de 9 de junho de 2004, que institui o Programa Nacional de Apoio ao Transporte do <br \/>Escolar &#8211; PNATE e o Programa de Apoio aos Sistemas de Ensino para Atendimento \u00e0 Educa\u00e7\u00e3o de <br \/>Jovens e Adultos, disp\u00f5e sobre o repasse de recursos financeiros do Programa Brasil Alfabetizado, <br \/>altera o art. 4\u00ba da Lei n\u00ba 9.424, de 24 de dezembro de 1996, e d\u00e1 outras provid\u00eancias&#8221;. <br \/>RELATORA: Deputada LAURA CARNEIRO. <br \/>PROJETO DE LEI N\u00ba 2.783\/11 &#8211; do SUPERIOR TRIBUNAL DE JUSTI\u00c7A &#8211; que &#8220;disp\u00f5e sobre a cria\u00e7\u00e3o e <br \/>a extin\u00e7\u00e3o de fun\u00e7\u00f5es comissionadas no quadro de pessoal da Justi\u00e7a Federal de primeiro grau da 5\u00aa<br \/>Regi\u00e3o e d\u00e1 outras provid\u00eancias&#8221;. <br \/>RELATOR: Deputado KIM KATAGUIRI. <br \/>PROJETO DE LEI N\u00ba 3.697\/12 &#8211; do Sr. Marco Tebaldi &#8211; que &#8220;disp\u00f5e sobre o programa de agendamento <br \/>de consultas e entrega domiciliar de medicamentos de uso cont\u00ednuo \u00e0s pessoas portadoras de <br \/>necessidades especiais e idosos em todo o territ\u00f3rio nacional, e d\u00e1 outras provid\u00eancias&#8221;. (Apensado: PL <br \/>5612\/2013 (Apensado: PL 3951\/2015 (Apensados: PL 6773\/2016 (Apensado: PL 11053\/2018) e PL <br \/>2330\/2021))) <br \/>RELATORA: Deputada LAURA CARNEIRO. <br \/>PROJETO DE LEI N\u00ba 3.995\/12 &#8211; do Senado Federal &#8211; Paulo Paim &#8211; (PLS 203\/2005) &#8211; que &#8220;acrescenta art. <br \/>197-A \u00e0 Consolida\u00e7\u00e0o das Leis do Trabalho (CLT), aprovada pelo Decreto-Lei n\u00ba 5.452, de 1\u00ba de maio de <br \/>1943, para considerar insalubre e penosa a atividade profissional dos empregados em servi\u00e7os de <br \/>limpeza, asseio, conserva\u00e7\u00e3o e coleta de lixo, e para dar outras provid\u00eancias&#8221;. (Apensados: PL <br \/>7159\/2010 (Apensado: PL 3184\/2012 (Apensados: PL 5583\/2016 e PL 6264\/2016)) e PL 3119\/2015 <br \/>(Apensados: PL 8661\/2017 e PL 10865\/2018)) <br \/>RELATORA: Deputada LAURA CARNEIRO. <br \/>PROJETO DE LEI N\u00ba 4.742\/12 &#8211; do Senado Federal &#8211; S\u00e9rgio Zambiasi &#8211; (PLS 179\/2008) &#8211; que &#8220;autoriza o <br \/>Poder Executivo a instituir o adicional por atividade de risco para os vigilantes de institui\u00e7\u00f5es federais de <br \/>educa\u00e7\u00e3o superior e de pesquisa cient\u00edfica e tecnol\u00f3gica&#8221;. (Apensado: PL 4863\/2009) <br \/>RELATOR: Deputado AUREO RIBEIRO. <br \/>PROJETO DE LEI N\u00ba 155\/15 &#8211; da Sra. Carmen Zanotto &#8211; que &#8220;reconhece ao paciente Renal Cr\u00f4nico, a <br \/>partir da paralisia total dos rins nativos em hemodi\u00e1lise e di\u00e1lise peritoneal e da constata\u00e7\u00e3o do <br \/>comprometimento de sua funcionalidade, o mesmo tratamento legal e os mesmos direitos garantidos \u00e0s <br \/>pessoas com defici\u00eancia&#8221;. (Apensados: PL 456\/2015 e PL 2435\/2015) <br \/>RELATORA: Deputada LAURA CARNEIRO. <br \/>PROJETO DE LEI N\u00ba 290\/15 &#8211; do Sr. Valmir Assun\u00e7\u00e3o &#8211; que &#8220;acrescenta art. 17-A \u00e0 Lei n\u00ba 11.340, de 7 <br \/>de agosto de 2006, que cria mecanismos para coibir a viol\u00eancia dom\u00e9stica e familiar contra a mulher, <br \/>para dispor sobre o direito de regresso da Previd\u00eancia Social perante o agressor&#8221; (Apensados: PL <br \/>422\/2015, PL 3846\/2015, PL 6315\/2016 e PL 6410\/2016) <br \/>RELATORA: Deputada LAURA CARNEIRO. <br \/>PROJETO DE LEI N\u00ba 964\/15 &#8211; do Sr. H\u00e9lio Leite &#8211; que &#8220;altera a Lei n\u00ba 10.438, de 26 de abril de 2002, <br \/>para dispor sobre a prioriza\u00e7\u00e3o dos munic\u00edpios localizados at\u00e9 dez quil\u00f4metros ao redor das margens <br \/>dos reservat\u00f3rios das usinas hidrel\u00e9tricas e das suas redes de transmiss\u00e3o de energia no processo de <br \/>universaliza\u00e7\u00e3o dos servi\u00e7os p\u00fablicos de energia el\u00e9trica no meio rural&#8221;. <br \/>RELATOR: Deputado PAUDERNEY AVELINO. PROJETO DE LEI N\u00ba 2.106\/15 &#8211; do Sr. Capit\u00e3o Augusto &#8211; que &#8220;acrescenta par\u00e1grafo \u00fanico ao art. 24 do <br \/>Decreto-Lei n\u00ba 667, de 2 de julho de 1969, para assegurar aos policiais e bombeiros militares a carga <br \/>hor\u00e1ria de 120 horas mensais, bem como a remunera\u00e7\u00e3o em dobro dos feriados trabalhados nos casos <br \/>que especifica, e da outras provid\u00eancias&#8221;. <br \/>PROJETO DE LEI N\u00ba 1.613\/22 &#8211; do Sr. Jos\u00e9 Nelto &#8211; que &#8220;disp\u00f5e sobre a cria\u00e7\u00e3o da \u201cPlataforma CURA\u2019\u2019&#8221;. <br \/>RELATORA: Deputada LAURA CARNEIRO. <br \/>PROJETO DE LEI N\u00ba 211\/23 &#8211; do Sr. Z\u00e9 Haroldo Cathedral &#8211; que &#8220;disp\u00f5e sobre a cria\u00e7\u00e3o e o <br \/>funcionamento de Delegacias Especializadas de Prote\u00e7\u00e3o Animal&#8221;. (Apensado: PL 4478\/2023) <br \/>RELATORA: Deputada DAYANY BITTENCOURT. <br \/>PROJETO DE LEI N\u00ba 3.690\/23 &#8211; da Sra. Dra. Alessandra Haber &#8211; que &#8220;altera a Lei n\u00ba 13.146, de 6 de <br \/>julho de 2015, para dispor sobre o atendimento \u00e0s pessoas com defici\u00eancia visual, fomentando a <br \/>destina\u00e7\u00e3o de m\u00e1quinas e impressoras de braile para institui\u00e7\u00f5es, universidades e entidades p\u00fablicas e <br \/>estabelece medidas para o treinamento e capacita\u00e7\u00e3o para o uso desses equipamentos&#8221;. <br \/>RELATOR: Deputado COBALCHINI. <br \/>PROPOSI\u00c7\u00d5ES EM FASE DE RECEBIMENTO DE EMENDAS (5 SESS\u00d5ES) <br \/>DECURSO: 1\u00aa SESS\u00c3O <br \/>\u00daLTIMA SESS\u00c3O: 11-09-24 <br \/>Projetos de Lei (Art. 119, I e \u00a71\u00ba) <br \/>A &#8211; Da An\u00e1lise da Adequa\u00e7\u00e3o Financeira e Or\u00e7ament\u00e1ria e do M\u00e9rito: <br \/>PROJETO DE LEI N\u00ba 3.573\/15 &#8211; da Sra. Tereza Cristina &#8211; que &#8220;altera a Lei no 11.076, de 30 de <br \/>dezembro de 2004, dispondo sobre a emiss\u00e3o dos Certificados de Receb\u00edveis do Agroneg\u00f3cio &#8211; CRA <br \/>com cl\u00e1usula de corre\u00e7\u00e3o monet\u00e1ria com base na varia\u00e7\u00e3o da taxa cambial, em moeda estrangeira ou <br \/>denominados em e indexados \u00e0 moeda estrangeira&#8221;. <br \/>RELATOR: Deputado COBALCHINI. <br \/>PROJETO DE LEI N\u00ba 2.641\/19 &#8211; do Senado Federal &#8211; Alessandro Vieira &#8211; que &#8220;altera a Lei n\u00ba 14.133, de <br \/>1\u00ba de abril de 2021 (Lei de Licita\u00e7\u00f5es e Contratos Administrativos), para estabelecer requisitos para a <br \/>compra de equipamentos destinados a procedimentos diagn\u00f3sticos ou terap\u00eauticos no \u00e2mbito do <br \/>Sistema \u00danico de Sa\u00fade (SUS). &#8221; <br \/>RELATORA: Deputada LAURA CARNEIRO. <br \/>PROJETO DE LEI N\u00ba 3.762\/20 &#8211; do Sr. Dr. Jaziel &#8211; que &#8220;disp\u00f5e sobre da distribui\u00e7\u00e3o gratuita de pr\u00eamios, <br \/>mediante sorteio, vale-brinde ou concurso, a t\u00edtulo de propaganda, realizadas por meio de provedores de <br \/>aplica\u00e7\u00f5es de internet, e altera o art. 4\u00ba da Lei n\u00ba 5.768, de 20 de dezembro de 1971, para incluir as <br \/>institui\u00e7\u00f5es religiosas&#8221;. (Apensado: PL 1913\/2022) <br \/>RELATOR: Deputado MARCELO QUEIROZ. <br \/>PROJETO DE LEI N\u00ba 4.036\/20 &#8211; do Sr. L\u00e9o Moraes &#8211; que &#8220;altera a Lei n\u00ba 9.503 de 23 setembro de 1997 <br \/>para determinar que o valor da taxa para renova\u00e7\u00e3o do Exame de Aptid\u00e3o F\u00edsica e Mental ser\u00e1 gratuita <br \/>ao condutor com mais de sessenta e cinco anos de idade&#8221;. <br \/>RELATORA: Deputada DAYANY BITTENCOURT. <br \/>PROJETO DE LEI N\u00ba 2.636\/21 &#8211; do Sr. Marcelo Brum &#8211; que &#8220;institui linha de cr\u00e9dito rural para o <br \/>investimento em sistemas de irriga\u00e7\u00e3o e constru\u00e7\u00e3o e moderniza\u00e7\u00e3o de armaz\u00e9ns&#8221;. <br \/>RELATOR: Deputado COBALCHINI. <br \/>PROJETO DE LEI N\u00ba 4.021\/21 &#8211; do Sr. Weliton Prado &#8211; que &#8220;determina que todos os valores ou bens <br \/>provenientes dos efeitos da condena\u00e7\u00e3o judicial criminal ou c\u00edvel ou de acordos, inclusive na atua\u00e7\u00e3o <br \/>extrajudicial do Minist\u00e9rio P\u00fablico, e que sejam por lei destinados \u00e0 Uni\u00e3o ser\u00e3o utilizados no combate ao <br \/>c\u00e2ncer&#8221;. RELATORA: Deputada LAURA CARNEIRO. <br \/>PROJETO DE LEI N\u00ba 2.490\/22 &#8211; do Senado Federal &#8211; Rodrigo Pacheco &#8211; que &#8220;altera o Decreto-Lei n\u00ba<br \/>401, de 30 de dezembro de 1968, para dispor sobre a responsabilidade pela reten\u00e7\u00e3o e pelo <br \/>recolhimento do Imposto sobre a Renda na fonte incidente sobre os juros remetidos para o exterior <br \/>devidos em raz\u00e3o da compra de bens a prazo&#8221;. <br \/>RELATORA: Deputada LAURA CARNEIRO. <br \/>PROJETO DE LEI N\u00ba 5.049\/23 &#8211; da Sra. Dayany Bittencourt e outros &#8211; que &#8220;institui o selo &#8220;Selo Amarelo <br \/>da Luta contra a Endometrios&#8221;, com a finalidade de identificar sociedades empres\u00e1rias que adotem <br \/>pr\u00e1ticas voltadas \u00e0 inclus\u00e3o profissional de pessoa com endometriose severa ou incapacitante ou de <br \/>seus pais, c\u00f4njuge ou respons\u00e1vel legal, conforme o caso, e d\u00e1 outras provid\u00eancias&#8221;. <br \/>RELATORA: Deputada LAURA CARNEIRO. <br \/>PROJETO DE LEI N\u00ba 5.523\/23 &#8211; do Senado Federal &#8211; Rog\u00e9rio Carvalho &#8211; que &#8220;altera a Lei n\u00ba 11.076, de <br \/>30 de dezembro de 2004, para permitir que as institui\u00e7\u00f5es financeiras utilizem como lastro de Letra de <br \/>Cr\u00e9dito do Agroneg\u00f3cio (LCA) de sua emiss\u00e3o t\u00edtulo de cr\u00e9dito representativo de repasse <br \/>interfinanceiro&#8221;. <br \/>RELATORA: Deputada LAURA CARNEIRO. <br \/>PROJETO DE LEI N\u00ba 460\/24 &#8211; do Sr. Ricardo Ayres &#8211; que &#8220;institui a Letra de Cr\u00e9dito Verde, e d\u00e1 outras <br \/>provid\u00eancias&#8221;. <br \/>RELATORA: Deputada LAURA CARNEIRO. <br \/>PROJETO DE LEI N\u00ba 878\/24 &#8211; do Sr. General Pazuello &#8211; que &#8220;institui o Sistema Colaborativo de <br \/>Seguran\u00e7a e Monitoramento P\u00fablico e Privado, no \u00e2mbito da Federa\u00e7\u00e3o, de seus Estados e Munic\u00edpios e <br \/>concede incentivo fiscal a pessoas f\u00edsicas e jur\u00eddicas que colaborem com a seguran\u00e7a p\u00fablica por meio <br \/>de v\u00eddeo vigil\u00e2ncia&#8221;. <br \/>RELATOR: Deputado KIM KATAGUIRI. <br \/>PROJETO DE LEI N\u00ba 1.347\/24 &#8211; do Sr. Pezenti &#8211; que &#8220;&#8221;Altera a Lei n\u00ba 9.782, de 26 de janeiro de 1999, <br \/>para estabelecer valores e prazos diferenciados para o registro, revalida\u00e7\u00e3o ou renova\u00e7\u00e3o de registro de <br \/>produtos fum\u00edgenos derivados exclusivamente do tabaco.&#8221;&#8221; <br \/>RELATOR: Deputado ALCEU MOREIRA. <br \/>B &#8211; Da An\u00e1lise da Adequa\u00e7\u00e3o Financeira e Or\u00e7ament\u00e1ria (art. 54): <br \/>PROJETO DE LEI N\u00ba 1.738\/11 &#8211; do Sr. Geraldo Resende &#8211; que &#8220;disp\u00f5e sobre a Pol\u00edtica Nacional de <br \/>Vacina\u00e7\u00e3o contra a Leishmaniose animal&#8221;. (Apensado: PL 2388\/2015) <br \/>RELATORA: Deputada LAURA CARNEIRO. <br \/>PROJETO DE LEI N\u00ba 7.004\/17 &#8211; dos Srs. Weliton Prado e Ricardo Izar &#8211; que &#8220;altera a Lei no 11.664, de <br \/>29 de abril de 2008, que &#8220;disp\u00f5e sobre a efetiva\u00e7\u00e3o de a\u00e7\u00f5es de sa\u00fade que assegurem a preven\u00e7\u00e3o, a <br \/>detec\u00e7\u00e3o, o tratamento e o seguimento dos c\u00e2nceres do colo uterino e de mama, no \u00e2mbito do Sistema <br \/>\u00danico de Sa\u00fade &#8211; SUS&#8221;, para assegurar unidades m\u00f3veis de sa\u00fade para a realiza\u00e7\u00e3o de exame <br \/>mamogr\u00e1fico&#8221;. <br \/>RELATORA: Deputada LAURA CARNEIRO. <br \/>PROJETO DE LEI N\u00ba 4.502\/19 &#8211; do Sr. Dr. Luiz Ovando &#8211; que &#8220;altera a Lei n\u00ba 8.080, de 19 de setembro <br \/>de 1990, para dispor sobre o credenciamento e habilita\u00e7\u00e3o de m\u00e9dicos para o atendimento pelo sistema <br \/>\u00fanico de sa\u00fade&#8221;. (Apensado: PL 1804\/2021) <br \/>RELATOR: Deputado MARCELO QUEIROZ. <br \/>PROJETO DE LEI N\u00ba 4.368\/20 &#8211; do Sr. Pedro Westphalen &#8211; que &#8220;altera a Lei n\u00ba 12.136, de 18 de <br \/>dezembro de 2009, para instituir o M\u00eas Nacional de Conscientiza\u00e7\u00e3o e Divulga\u00e7\u00e3o da Fibrose C\u00edstica &#8211;<br \/>Setembro Roxo&#8221;. <br \/>RELATORA: Deputada LAURA CARNEIRO. <br \/>PROJETO DE LEI N\u00ba 5.104\/20 &#8211; do Sr. Guiga Peixoto &#8211; que &#8220;altera a Lei n\u00ba 12.764, de 27 de dezembro <br \/>de 2012, que institui a Pol\u00edtica Nacional de Prote\u00e7\u00e3o dos Direitos da Pessoa com Transtorno do Espectro <br \/>Autista, a fim incluir de informa\u00e7\u00f5es sobre os sintomas do Transtorno do Espectro Autista (TEA) na <br \/>carteira de vacina\u00e7\u00e3o&#8221;. RELATORA: Deputada LAURA CARNEIRO. <br \/>PROJETO DE LEI N\u00ba 531\/22 &#8211; do Sr. Patrick Dorneles &#8211; que &#8220;institui o Programa Nacional de Doa\u00e7\u00e3o de <br \/>Sangue, Plaquetas e Medula \u00f3ssea&#8221;. (Apensados: PL 730\/2023 e PL 1372\/2024) <br \/>RELATORA: Deputada LAURA CARNEIRO. <br \/>PROJETO DE LEI N\u00ba 903\/22 &#8211; do Sr. Geninho Zuliani &#8211; que &#8220;altera a Lei n\u00ba 14.238, de 19 de novembro <br \/>de 2021, que Institui o Estatuto da Pessoa com C\u00e2ncer, e d\u00e1 outras provid\u00eancias&#8221; <br \/>RELATORA: Deputada LAURA CARNEIRO. <br \/>PROJETO DE LEI N\u00ba 1.278\/23 &#8211; do Sr. Saullo Vianna &#8211; que &#8220;disp\u00f5e sobre a implanta\u00e7\u00e3o de espa\u00e7os de <br \/>lazer aparelhados para atividades da terceira idade nos programas habitacionais executados pela <br \/>Uni\u00e3o&#8221;. <br \/>RELATORA: Deputada LAURA CARNEIRO. <br \/>PROJETO DE LEI N\u00ba 1.456\/23 &#8211; do Sr. Saullo Vianna &#8211; que &#8220;equipara o L\u00fapus Eritematoso Sist\u00eamico \u00e0s <br \/>defici\u00eancias f\u00edsicas e intelectuais, em todos os seus efeitos jur\u00eddicos&#8221;. <br \/>RELATORA: Deputada LAURA CARNEIRO. <br \/>PROJETO DE LEI N\u00ba 2.513\/23 &#8211; dos Srs. Weliton Prado e Silvia Cristina &#8211; que &#8220;disp\u00f5e sobre a <br \/>destina\u00e7\u00e3o de recursos para a preven\u00e7\u00e3o, diagn\u00f3stico e tratamento do c\u00e2ncer. &#8221; <br \/>RELATORA: Deputada LAURA CARNEIRO. <br \/>PROJETO DE LEI N\u00ba 4.986\/23 &#8211; da Sra. Delegada Adriana Accorsi &#8211; que &#8220;altera a lei n\u00ba 14.541, de 3 de <br \/>abril de 2023, para prever salas de apoio 24 horas em munic\u00edpios que n\u00e3o disponha de delegacia <br \/>especializada de atendimento \u00e0 mulher. &#8221; <br \/>RELATORA: Deputada LAURA CARNEIRO. <br \/>PROJETO DE LEI N\u00ba 6.149\/23 &#8211; do Sr. Gerv\u00e1sio Maia &#8211; que &#8220;cria o Cadastro Nacional de Monitoramento <br \/>de Fac\u00e7\u00f5es Criminosas&#8221;. <br \/>RELATORA: Deputada LAURA CARNEIRO. <br \/>PROJETO DE LEI N\u00ba 537\/24 &#8211; do Sr. Rodrigo Gambale &#8211; que &#8220;disp\u00f5e sobre o fortalecimento da atividade <br \/>de intelig\u00eancia policial para a preven\u00e7\u00e3o, investiga\u00e7\u00e3o e repress\u00e3o aos crimes cujo aliciamento de <br \/>pessoas ocorre pela Internet e as a\u00e7\u00f5es de viol\u00eancia extrema e m\u00f3rbida se manifestam fora dela. &#8221; <br \/>RELATOR: Deputado KIM KATAGUIRI. <br \/>PROJETO DE LEI N\u00ba 938\/24 &#8211; da Sra. Fl\u00e1via Morais &#8211; que &#8220;institui a Carteira de Identifica\u00e7\u00e3o da Pessoa <br \/>com L\u00fapus e d\u00e1 outras provid\u00eancias&#8221;. <br \/>RELATORA: Deputada LAURA CARNEIRO. <br \/>PROJETO DE LEI N\u00ba 2.004\/24 &#8211; do Defensoria P\u00fablica da Uni\u00e3o &#8211; que &#8220;altera a Lei n\u00ba 14.377, de 22 de <br \/>junho de 2022, que disp\u00f5e sobre a estrutura\u00e7\u00e3o do Plano de Carreiras e Cargos de Provimento Efetivo <br \/>dos\/as Servidores\/as da Defensoria P\u00fablica da Uni\u00e3o; fixa o valor de suas remunera\u00e7\u00f5es; e d\u00e1 outras <br \/>provid\u00eancias&#8221;. <br \/>RELATORA: Deputada LAURA CARNEIRO. <br \/>DECURSO: 2\u00aa SESS\u00c3O <br \/>\u00daLTIMA SESS\u00c3O: 10-09-24 <br \/>Projetos de Lei (Art. 119, I e \u00a71\u00ba) <br \/>A &#8211; Da An\u00e1lise da Adequa\u00e7\u00e3o Financeira e Or\u00e7ament\u00e1ria e do M\u00e9rito: <br \/>PROJETO DE LEI N\u00ba 5.389\/19 &#8211; dos Srs. Rubens Bueno e Marreca Filho &#8211; que &#8220;altera a Lei n\u00ba 9.933, de <br \/>20 de dezembro de 1999, com o intuito de transferir para o \u00e2mbito dos Estados e do Distrito Federal a <br \/>execu\u00e7\u00e3o das atividades neles mencionadas, e d\u00e1 outras provid\u00eancias&#8221;. <br \/>RELATOR: Deputado AUREO RIBEIRO. PROJETO DE LEI N\u00ba 4.311\/12 &#8211; do Senado Federal &#8211; Francisco Dornelles &#8211; (PLS 410\/2009) &#8211; que &#8220;eleva <br \/>para 50% (cinquenta por cento), nos anos-calend\u00e1rio de 2012, 2013 e 2014, o limite previsto nos arts. 15 <br \/>e 16 da Lei n\u00ba 9.065, de 20 de junho de 1995, para a compensa\u00e7\u00e3o de preju\u00edzo fiscal e de base de <br \/>c\u00e1lculo negativa da Contribui\u00e7\u00e3o Social sobre o Lucro L\u00edquido (CSLL)&#8221;. (Apensados: PL 7956\/2014, PL <br \/>7959\/2014 e PL 8835\/2017) <br \/>RELATOR: Deputado FERNANDO MONTEIRO. <br \/>PROJETO DE LEI N\u00ba 21\/19 &#8211; dos Srs. Weliton Prado e Aliel Machado &#8211; que &#8220;disp\u00f5e sobre a garantia ao <br \/>consumidor da disponibiliza\u00e7\u00e3o de mecanismos de seguran\u00e7a alternativos aos sistemas biom\u00e9tricos para <br \/>controle de transa\u00e7\u00f5es&#8221; (Apensado: PL 4132\/2020) <br \/>RELATOR: Deputado GILBERTO ABRAMO. <br \/>DECURSO: 3\u00aa SESS\u00c3O <br \/>\u00daLTIMA SESS\u00c3O: 09-09-24 <br \/>Projetos de Lei (Art. 119, I e \u00a71\u00ba) <br \/>A &#8211; Da An\u00e1lise da Adequa\u00e7\u00e3o Financeira e Or\u00e7ament\u00e1ria e do M\u00e9rito: <br \/>PROJETO DE LEI N\u00ba 1.373\/23 &#8211; dos Srs. L\u00e1zaro Botelho e Ricardo Ayres &#8211; que &#8220;altera a Lei n\u00ba 8.629, de <br \/>25 de fevereiro de 1993, para impedir aquele que cometa invas\u00e3o de propriedade de ser benefici\u00e1rio do <br \/>Programa de Reforma Agr\u00e1ria, da regulariza\u00e7\u00e3o fundi\u00e1ria ou de linhas de cr\u00e9dito que tenham <br \/>subven\u00e7\u00f5es econ\u00f4micas&#8221;. (Apensados: PL 1781\/2023, PL 4390\/2023 e PL 4387\/2023 (Apensado: PL <br \/>1473\/2024)) <br \/>RELATOR: Deputado SERGIO SOUZA. <br \/>PROJETO DE LEI N\u00ba 2.699\/24 &#8211; do Sr. Gabriel Nunes &#8211; que &#8220;altera a Lei n\u00b0 14.133, de 1\u00ba de abril de <br \/>2021, para estabelecer, na compra de bens, regras complementares relativas \u00e0 disponibiliza\u00e7\u00e3o de <br \/>pe\u00e7as de reposi\u00e7\u00e3o e de manuten\u00e7\u00e3o e assist\u00eancia t\u00e9cnica&#8221; <br \/>RELATORA: Deputada LAURA CARNEIRO. <br \/>DECURSO: 5\u00aa SESS\u00c3O <br \/>\u00daLTIMA SESS\u00c3O: 05-09-24 <br \/>Projetos de Lei (Art. 119, I e \u00a71\u00ba) <br \/>A &#8211; Da An\u00e1lise da Adequa\u00e7\u00e3o Financeira e Or\u00e7ament\u00e1ria e do M\u00e9rito: <br \/>PROJETO DE LEI N\u00ba 1.987\/24 &#8211; do Sr. Capit\u00e3o Alberto Neto &#8211; que &#8220;altera o Decreto-Lei n\u00ba 37, de 18 de <br \/>novembro de 1966, para dispor sobre a aplica\u00e7\u00e3o da pena de perdimento de ve\u00edculo. &#8221; <br \/>RELATOR: Deputado ALCEU MOREIRA. <br \/>B &#8211; Da An\u00e1lise da Adequa\u00e7\u00e3o Financeira e Or\u00e7ament\u00e1ria (art. 54): <br \/>PROJETO DE LEI N\u00ba 636\/21 &#8211; da Sra. Perp\u00e9tua Almeida &#8211; que &#8220;concede indeniza\u00e7\u00e3o e tratamento <br \/>m\u00e9dico aos servidores da extinta Superintend\u00eancia de Campanha de Sa\u00fade P\u00fablica &#8211; SUCAM, <br \/>contaminados pelos inseticidas DDT e Malathion&#8221;. <br \/>RELATORA: Deputada SOCORRO NERI. <br \/>Substitutivo (Art. 119, II e \u00a71\u00ba) <br \/>AS PROPOSI\u00c7\u00d5ES ABAIXO SOMENTE RECEBER\u00c3O EMENDAS APRESENTADAS POR MEMBROS <br \/>DESTA COMISS\u00c3O <br \/>A &#8211; Da An\u00e1lise da Adequa\u00e7\u00e3o Financeira e Or\u00e7ament\u00e1ria e do M\u00e9rito: <br \/>PROJETO DE LEI N\u00ba 1.009\/24 &#8211; do Sr. Mendon\u00e7a Filho &#8211; que &#8220;disp\u00f5e sobre os incentivos e benef\u00edcios fiscais ou financeiro fiscais relativos ao imposto sobre opera\u00e7\u00f5es relativas \u00e0 circula\u00e7\u00e3o de mercadorias e <br \/>sobre presta\u00e7\u00f5es de servi\u00e7os de transporte interestadual e intermunicipal e de comunica\u00e7\u00e3o &#8211; ICMS, sob <br \/>a forma de cr\u00e9dito presumido ou outra forma de redu\u00e7\u00e3o do imposto a pagar ap\u00f3s a sua apura\u00e7\u00e3o. <br \/>&#8221; (Apensado: PL 1189\/2024) <br \/>RELATOR: Deputado LUIZ PHILIPPE DE ORLEANS E BRAGAN\u00c7A. <br \/>COMISS\u00c3O DE IND\u00daSTRIA, COM\u00c9RCIO E SERVI\u00c7OS <br \/>AVISOS <br \/>PROPOSI\u00c7\u00d5ES EM FASE DE RECEBIMENTO DE EMENDAS A PARTIR DE <br \/>AMANH\u00c3 (DIA 06\/09\/2024) <br \/>Projetos de Lei (Art. 119, I e \u00a71\u00ba) <br \/>PROJETO DE LEI N\u00ba 2.896\/24 &#8211; do Sr. Paulo Litro &#8211; que &#8220;confere ao Munic\u00edpio de Campo Largo, no <br \/>estado do Paran\u00e1, o t\u00edtulo de Capital Nacional da Lou\u00e7a. &#8221; <br \/>RELATOR: Deputado LUIZ NISHIMORI. <br \/>PROPOSI\u00c7\u00d5ES EM FASE DE RECEBIMENTO DE EMENDAS (5 SESS\u00d5ES) <br \/>DECURSO: 1\u00aa SESS\u00c3O <br \/>\u00daLTIMA SESS\u00c3O: 11-09-24 <br \/>Substitutivo (Art. 119, II e \u00a71\u00ba) <br \/>AS PROPOSI\u00c7\u00d5ES ABAIXO SOMENTE RECEBER\u00c3O EMENDAS APRESENTADAS POR MEMBROS <br \/>DESTA COMISS\u00c3O <br \/>PROJETO DE LEI N\u00ba 6.176\/23 &#8211; do Sr. Marx Beltr\u00e3o &#8211; que &#8220;obriga as empresas e lojas que produzem <br \/>carimbo a solicitarem no ato do pedido documenta\u00e7\u00e3o de inscri\u00e7\u00e3o do m\u00e9dico, veterin\u00e1rio ou dentista&#8221;. <br \/>RELATOR: Deputado VITOR LIPPI. <br \/>DECURSO: 2\u00aa SESS\u00c3O <br \/>\u00daLTIMA SESS\u00c3O: 10-09-24 <br \/>Projetos de Lei (Art. 119, I e \u00a71\u00ba) <br \/>PROJETO DE LEI N\u00ba 2.996\/24 &#8211; da Sra. Luisa Canziani &#8211; que &#8220;altera a Lei n\u00ba 9.365, de 16 de dezembro <br \/>de 1996, para dispor sobre a sub-roga\u00e7\u00e3o autom\u00e1tica de cr\u00e9ditos e garantias em casos de fal\u00eancia, <br \/>liquida\u00e7\u00e3o extrajudicial ou interven\u00e7\u00e3o em institui\u00e7\u00e3o financeira agente do Banco Nacional de <br \/>Desenvolvimento Econ\u00f4mico e Social &#8211; BNDES, da Ag\u00eancia Especial de Financiamento Industrial &#8211;<br \/>FINAME ou da Financiadora de Estudos e Projetos &#8211; FINEP. &#8221; <br \/>RELATOR: Deputado JULIO LOPES. <br \/>PROJETO DE LEI N\u00ba 3.036\/24 &#8211; do Sr. Sargento Fahur &#8211; que &#8220;disp\u00f5e sobre a obrigatoriedade da <br \/>comprova\u00e7\u00e3o de origem l\u00edcita do material por parte de vendedores e compradores de cobre e outros <br \/>metais recicl\u00e1veis no territ\u00f3rio nacional e d\u00e1 outras provid\u00eancias&#8221;. <br \/>RELATOR: Deputado JULIO LOPES. DECURSO: 5\u00aa SESS\u00c3O <br \/>\u00daLTIMA SESS\u00c3O: 05-09-24 <br \/>Projetos de Lei (Art. 119, I e \u00a71\u00ba) <br \/>PROJETO DE LEI N\u00ba 2.633\/24 &#8211; do Sr. Jos\u00e9 Nelto &#8211; que &#8220;disp\u00f5e sobre a autoriza\u00e7\u00e3o para a venda de <br \/>cigarros em estabelecimentos varejistas acima do pre\u00e7o m\u00ednimo estabelecido pela Lei n\u00ba 12.546, de 14 <br \/>de dezembro de 2011. &#8221; <br \/>RELATOR: Deputado HEITOR SCHUCH. <br \/>Substitutivo (Art. 119, II e \u00a71\u00ba) <br \/>AS PROPOSI\u00c7\u00d5ES ABAIXO SOMENTE RECEBER\u00c3O EMENDAS APRESENTADAS POR MEMBROS <br \/>DESTA COMISS\u00c3O <br \/>PROJETO DE LEI N\u00ba 874\/24 &#8211; do Sr. Jonas Donizette &#8211; que &#8220;altera o artigo 50 da Lei n\u00ba 11.101, de 9 de <br \/>fevereiro de 2005, para admitir, entre os meios de recupera\u00e7\u00e3o judicial, a concess\u00e3o de prazos e <br \/>condi\u00e7\u00f5es espec\u00edficas para o pagamento de obriga\u00e7\u00f5es devidas a credores que n\u00e3o informarem seus <br \/>respectivos dados banc\u00e1rios. &#8221; <br \/>RELATOR: Deputado JULIO LOPES. <br \/>COMISS\u00c3O DE MEIO AMBIENTE E DESENVOLVIMENTO SUSTENT\u00c1VEL <br \/>AVISOS <br \/>PROPOSI\u00c7\u00d5ES EM FASE DE RECEBIMENTO DE EMENDAS (5 SESS\u00d5ES) <br \/>DECURSO: 1\u00aa SESS\u00c3O <br \/>\u00daLTIMA SESS\u00c3O: 11-09-24 <br \/>Projetos de Lei (Art. 119, I e \u00a71\u00ba) <br \/>PROJETO DE LEI N\u00ba 2.971\/22 &#8211; do Sr. Nilto Tatto &#8211; que &#8220;disp\u00f5e sobre a aplica\u00e7\u00e3o de normas ambientais <br \/>\u00e0s atividades administrativas das For\u00e7as Armadas, \u00e0s de preparo e emprego militar, bem como aos <br \/>empreendimentos, obras e servi\u00e7os no \u00e2mbito de cada For\u00e7a&#8221;. <br \/>RELATOR: Deputado CORONEL CHRIS\u00d3STOMO. <br \/>PROJETO DE LEI N\u00ba 2.038\/23 &#8211; do Sr. Jos\u00e9 Medeiros &#8211; que &#8220;estimula a manuten\u00e7\u00e3o da reserva legal e <br \/>das \u00e1reas de prote\u00e7\u00e3o legais&#8221;. <br \/>RELATORA: Deputada ELCIONE BARBALHO. <br \/>PROJETO DE LEI N\u00ba 1.412\/24 &#8211; da Sra. Dayany Bittencourt &#8211; que &#8220;disp\u00f5e sobre medidas de prote\u00e7\u00e3o e <br \/>seguran\u00e7a para c\u00e3es e outros animais que atuam em opera\u00e7\u00f5es de busca, resgate e salvamento, entre <br \/>outras, nos \u00f3rg\u00e3os de seguran\u00e7a p\u00fablica, For\u00e7as Armadas e demais institui\u00e7\u00f5es&#8221;. <br \/>RELATOR: Deputado DELEGADO MATHEUS LAIOLA. <br \/>PROJETO DE LEI N\u00ba 2.111\/24 &#8211; do Sr. Jeferson Rodrigues &#8211; que &#8220;alian\u00e7a Pela Reconstru\u00e7\u00e3o do Rio <br \/>Grande do Sul, o Projeto de Lei, permite o uso de recursos do Fundo Nacional sobre Mudan\u00e7as do Clima <br \/>&#8211; FNMC, para a\u00e7\u00f5es de combate \u00e0s calamidades p\u00fablicas decorrentes de cat\u00e1strofes clim\u00e1ticas. &#8221; <br \/>RELATORA: Deputada SOCORRO NERI. <br \/>PROJETO DE LEI N\u00ba 2.129\/24 &#8211; da Sra. Duda Salabert &#8211; que &#8220;cria o Monumento Natural da Lapinha da <br \/>Serra, no Estado de Minas Gerais&#8221;. <br \/>RELATOR: Deputado STEFANO AGUIAR. PROJETO DE LEI N\u00ba 2.131\/24 &#8211; da Sra. Duda Salabert &#8211; que &#8220;altera a Lei n\u00ba 6.938, de 31 de agosto de <br \/>1981, para incluir entre os princ\u00edpios e fundamentos da Pol\u00edtica Nacional de Meio Ambiente, o <br \/>acompanhamento das s\u00e9ries hist\u00f3ricas de precipita\u00e7\u00e3o resultantes de eventos extremos decorrentes da <br \/>crise clim\u00e1tica e proje\u00e7\u00f5es de chuvas para os pr\u00f3ximos anos considerando modelos clim\u00e1ticos atuais. &#8221; <br \/>RELATORA: Deputada CARLA AYRES. <br \/>PROJETO DE LEI N\u00ba 2.136\/24 &#8211; do Sr. Hildo Rocha &#8211; que &#8220;altera a Lei 14.620, de 13 de Julho de 2023, a <br \/>Lei n\u00ba 11.124, de 16 de junho de 2005, a Lei 11.977, de 7 de julho de 2009, a Lei 10.188, de 12 de <br \/>fevereiro de 2001, a Lei n\u00ba 10.257, de 10 de julho de 2001, a Lei 8.677, de 13 de julho de 1993 e a Lei n\u00ba<br \/>4.380, de 21 de agosto de 1964, que institui mecanismos de est\u00edmulo \u00e0 instala\u00e7\u00e3o de sistemas de coleta, <br \/>armazenamento e utiliza\u00e7\u00e3o de \u00e1guas pluviais em edifica\u00e7\u00f5es p\u00fablicas e privadas&#8221;. <br \/>RELATOR: Deputado NILTO TATTO. <br \/>PROJETO DE LEI N\u00ba 2.254\/24 &#8211; do Sr. Amom Mandel &#8211; que &#8220;institui o Programa Nacional de Incentivo <br \/>para Solu\u00e7\u00f5es de Engenharia Natural em Zonas de Risco, visando \u00e0 preven\u00e7\u00e3o de deslizamentos e <br \/>inunda\u00e7\u00f5es atrav\u00e9s do uso de t\u00e9cnicas de engenharia natural&#8221;. <br \/>RELATORA: Deputada SOCORRO NERI. <br \/>PROJETO DE LEI N\u00ba 2.257\/24 &#8211; do Sr. Amom Mandel &#8211; que &#8220;institui a obrigatoriedade de reavalia\u00e7\u00e3o <br \/>peri\u00f3dica das zonas de risco de deslizamento e alagamento pelos munic\u00edpios e estabelece diretrizes <br \/>para o planejamento urbano em tais \u00e1reas. &#8221; <br \/>RELATOR: Deputado NILTO TATTO. <br \/>PROJETO DE LEI N\u00ba 2.366\/24 &#8211; do Sr. Marcos Tavares &#8211; que &#8220;disp\u00f5e sobre a proibi\u00e7\u00e3o a perman\u00eancia <br \/>de animais sozinhos no interior de ve\u00edculos automotivos, e d\u00e1 outras provid\u00eancias. &#8221; <br \/>RELATOR: Deputado MARCELO QUEIROZ. <br \/>PROJETO DE LEI N\u00ba 2.384\/24 &#8211; do Sr. Pezenti &#8211; que &#8220;\u201cLei Agenor Tupinamb\u00e1\u201d Descriminaliza a posse e <br \/>legaliza a cria\u00e7\u00e3o de animal silvestre n\u00e3o amea\u00e7ado de extin\u00e7\u00e3o&#8221;. <br \/>RELATOR: Deputado DELEGADO MATHEUS LAIOLA. <br \/>PROJETO DE LEI N\u00ba 2.404\/24 &#8211; do Sr. Adail Filho &#8211; que &#8220;protege a pesca de subsist\u00eancia em per\u00edodo de <br \/>defeso&#8221;. <br \/>RELATOR: Deputado T\u00daLIO GAD\u00caLHA. <br \/>PROJETO DE LEI N\u00ba 2.424\/24 &#8211; do Sr. Heitor Schuch &#8211; que &#8220;altera a Lei n\u00ba 11.326, de 24 de julho de <br \/>2006, e a Lei n\u00ba 12.512, de 14 de outubro de 2011, para dispor sobre o planejamento e a gest\u00e3o de <br \/>riscos em eventos clim\u00e1ticos na Pol\u00edtica Nacional da Agricultura Familiar e Empreendimentos Familiares <br \/>Rurais e no Programa de Fomento \u00e0s Atividades Produtivas Rurais&#8221;. <br \/>RELATOR: Deputado BANDEIRA DE MELLO. <br \/>PROJETO DE LEI N\u00ba 2.534\/24 &#8211; do Sr. Marcelo Queiroz &#8211; que &#8220;institui o Programa Protetor <br \/>Microempreendedor, define os par\u00e2metros para hospedagem de animais e d\u00e1 outras provid\u00eancias&#8221;. <br \/>RELATOR: Deputado DELEGADO MATHEUS LAIOLA. <br \/>PROJETO DE LEI N\u00ba 2.535\/24 &#8211; da Sra. Julia Zanatta &#8211; que &#8220;concede ao munic\u00edpio de Tangar\u00e1 o t\u00edtulo de <br \/>maior produtor de papel e embalagens recicl\u00e1veis de Santa Catarina. &#8221; <br \/>RELATOR: Deputado Z\u00c9 TROV\u00c3O. <br \/>PROJETO DE LEI N\u00ba 2.744\/24 &#8211; do Sr. Marcos Tavares &#8211; que &#8220;disp\u00f5e sobre o incentivo \u00e0 ado\u00e7\u00e3o de <br \/>animais de abrigos, isen\u00e7\u00e3o de taxas de ado\u00e7\u00e3o em per\u00edodos determinados do ano e a realiza\u00e7\u00e3o de <br \/>campanhas educativas sobre ado\u00e7\u00e3o respons\u00e1vel. &#8221; <br \/>RELATOR: Deputado DELEGADO MATHEUS LAIOLA. <br \/>PROJETO DE LEI N\u00ba 2.769\/24 &#8211; do Sr. Jadyel Alencar &#8211; que &#8220;disp\u00f5e sobre a tramita\u00e7\u00e3o priorit\u00e1ria de <br \/>processos judiciais e administrativos que visem apurar maus tratos contra animais, estabelece diretrizes <br \/>para o tratamento f\u00edsico e \u00e9tico adequado dos animais e institui a Campanha Dezembro Verde de <br \/>Combate ao Abandono de Animais e Conscientiza\u00e7\u00e3o sobre Ado\u00e7\u00e3o Animal Respons\u00e1vel. &#8221; <br \/>RELATOR: Deputado DELEGADO MATHEUS LAIOLA. <br \/>PROJETO DE LEI N\u00ba 2.824\/24 &#8211; do Sr. Evair Vieira de Melo &#8211; que &#8220;altera a Lei n\u00ba 14.902, de 27 de junho <br \/>de 2024, que institui o Programa Mobilidade Verde e Inova\u00e7\u00e3o (Programa Mover)&#8221;. RELATOR: Deputado Z\u00c9 TROV\u00c3O. <br \/>PROJETO DE LEI N\u00ba 2.841\/24 &#8211; do Sr. Tarc\u00edsio Motta &#8211; que &#8220;institui o Programa Nacional de Fomento \u00e0s <br \/>Escolas Resilientes e d\u00e1 outras provid\u00eancias. &#8221; <br \/>RELATORA: Deputada SOCORRO NERI. <br \/>PROJETO DE LEI N\u00ba 2.892\/24 &#8211; da Sra. Denise Pess\u00f4a &#8211; que &#8220;altera a Lei 9.985, de 18 de julho de 2000, <br \/>que institui o Sistema Nacional de Unidades de Conserva\u00e7\u00e3o da Natureza (Snuc) para dispor sobre a <br \/>disponibiliza\u00e7\u00e3o de instala\u00e7\u00f5es sanit\u00e1rias e de hidrata\u00e7\u00e3o em unidades abertas \u00e0 visita\u00e7\u00e3o p\u00fablica. &#8221; <br \/>RELATORA: Deputada CARLA AYRES. <br \/>PROJETO DE LEI N\u00ba 2.914\/24 &#8211; do Sr. Amom Mandel &#8211; que &#8220;altera a Lei n\u00ba 9.433 de 1997 para incluir <br \/>diretrizes espec\u00edficas para a gest\u00e3o de recursos h\u00eddricos em regi\u00f5es afetadas por estiagem. &#8221; <br \/>RELATOR: Deputado NILTO TATTO. <br \/>PROJETO DE LEI N\u00ba 2.925\/24 &#8211; do Sr. Marcos Tavares &#8211; que &#8220;estabelece a cria\u00e7\u00e3o do Fundo Nacional <br \/>de Prote\u00e7\u00e3o e Bem-Estar Animal, destinado a financiar programas de esteriliza\u00e7\u00e3o, ado\u00e7\u00e3o e educa\u00e7\u00e3o <br \/>sobre o bem-estar animal, al\u00e9m de oferecer suporte financeiro a santu\u00e1rios e abrigos de animais em todo <br \/>o pa\u00eds. &#8221; <br \/>RELATOR: Deputado MARCELO QUEIROZ. <br \/>PROJETO DE LEI N\u00ba 2.944\/24 &#8211; do Sr. Marcos Tavares &#8211; que &#8220;estabelece a regula\u00e7\u00e3o dos servi\u00e7os de <br \/>pet sitting e dog walking, definindo normas e requisitos para os profissionais da \u00e1rea, visando garantir a <br \/>qualidade, seguran\u00e7a e bem-estar dos animais sob seus cuidados&#8221;. <br \/>RELATOR: Deputado DELEGADO MATHEUS LAIOLA. <br \/>PROJETO DE LEI N\u00ba 2.968\/24 &#8211; do Sr. Pedro Aihara &#8211; que &#8220;altera o art. 41 da Lei n\u00ba 9.605, de 12 de <br \/>fevereiro de 1998, que disp\u00f5e sobre as san\u00e7\u00f5es penais e administrativas derivadas de condutas e <br \/>atividades lesivas ao meio ambiente, para agravar as san\u00e7\u00f5es aplic\u00e1veis \u00e0quele que provoca inc\u00eandio <br \/>em mata ou floresta&#8221;. <br \/>RELATOR: Deputado C\u00c9LIO STUDART. <br \/>PROJETO DE LEI N\u00ba 2.995\/24 &#8211; do Sr. Bandeira de Mello &#8211; que &#8220;altera os limites do Parque Nacional de <br \/>Itatiaia para suprimir 979 hectares na por\u00e7\u00e3o sul e promover a recategoriza\u00e7\u00e3o da \u00e1rea suprimida, que <br \/>passa a denominar-se Monumento Natural de Itatiaia. &#8221; <br \/>RELATOR: Deputado MARCELO QUEIROZ. <br \/>PROJETO DE LEI N\u00ba 3.025\/24 &#8211; do Sr. Jadyel Alencar &#8211; que &#8220;altera a Lei n\u00ba 11.445, de 5 de janeiro de <br \/>2007, para priorizar a aplica\u00e7\u00e3o de recursos p\u00fablicos federais em a\u00e7\u00f5es de saneamento b\u00e1sico em <br \/>munic\u00edpios que possuam seu territ\u00f3rio parcial ou totalmente inserido em unidades de conserva\u00e7\u00e3o. &#8221; <br \/>RELATORA: Deputada SOCORRO NERI. <br \/>PROJETO DE LEI N\u00ba 3.049\/24 &#8211; do Sr. Clodoaldo Magalh\u00e3es &#8211; que &#8220;estabelece a Pol\u00edtica Nacional de <br \/>Convers\u00e3o de Zool\u00f3gicos em Parques de Lazer Tem\u00e1ticos Infantis, visando a preserva\u00e7\u00e3o e o bem-estar <br \/>animal, al\u00e9m da promo\u00e7\u00e3o de atividades educativas e recreativas &#8221; <br \/>RELATOR: Deputado DELEGADO MATHEUS LAIOLA. <br \/>PROJETO DE LEI N\u00ba 3.055\/24 &#8211; da Sra. Carla Ayres &#8211; que &#8220;disp\u00f5e sobre o Marco Legal do Reuso da <br \/>\u00c1gua &#8221; <br \/>RELATORA: Deputada CAROL DARTORA. <br \/>PROJETO DE LEI N\u00ba 3.154\/24 &#8211; do Sr. Marcos Tavares &#8211; que &#8220;institui o reconhecimento e a <br \/>regulamenta\u00e7\u00e3o da etologia cl\u00ednica, zoopsiquiatria e medicina veterin\u00e1ria comportamental como <br \/>especialidades da medicina veterin\u00e1ria, estabelecendo diretrizes para a forma\u00e7\u00e3o, atua\u00e7\u00e3o profissional e <br \/>tratamento de transtornos comportamentais em animais. &#8221; <br \/>RELATOR: Deputado BRUNO GANEM. <br \/>COMISS\u00c3O DE PREVID\u00caNCIA, ASSIST\u00caNCIA SOCIAL, INF\u00c2NCIA, <br \/>ADOLESC\u00caNCIA E FAM\u00cdLIA AVISOS <br \/>PROPOSI\u00c7\u00d5ES EM FASE DE RECEBIMENTO DE EMENDAS (5 SESS\u00d5ES) <br \/>DECURSO: 1\u00aa SESS\u00c3O <br \/>\u00daLTIMA SESS\u00c3O: 11-09-24 <br \/>Substitutivo (Art. 119, II e \u00a71\u00ba) <br \/>AS PROPOSI\u00c7\u00d5ES ABAIXO SOMENTE RECEBER\u00c3O EMENDAS APRESENTADAS POR MEMBROS <br \/>DESTA COMISS\u00c3O <br \/>PROJETO DE LEI N\u00ba 2.276\/11 &#8211; do Sr. Hugo Leal &#8211; que &#8220;acrescenta inciso ao art. 51 da Lei n\u00ba 8.078, de <br \/>11 de setembro de 1990, &#8220;que disp\u00f5e sobre a prote\u00e7\u00e3o do consumidor e d\u00e1 outras provid\u00eancias&#8221; para <br \/>configurar como abusiva a cl\u00e1usula que autorize a resolu\u00e7\u00e3o unilateral dos contratos de seguro sobre a <br \/>vida ou a renova\u00e7\u00e3o em condi\u00e7\u00f5es desfavor\u00e1veis ao consumidor&#8221;. (Apensado: PL 2932\/2011 (Apensado: <br \/>PL 4098\/2015)) <br \/>RELATOR: Deputado ALLAN GARC\u00caS. <br \/>PROJETO DE LEI N\u00ba 3.549\/20 &#8211; do Sr. Jos\u00e9 Guimar\u00e3es &#8211; que &#8220;disp\u00f5e sobre a concess\u00e3o de aux\u00edlio <br \/>emergencial mulheres artes\u00e3s &#8211; Bolsa Artes\u00e3&#8221;. <br \/>RELATORA: Deputada ERIKA KOKAY. <br \/>PROJETO DE LEI N\u00ba 1.617\/24 &#8211; da Sra. Maria do Ros\u00e1rio &#8211; que &#8220;cria o Programa Nacional de Prote\u00e7\u00e3o <br \/>Integral a Crian\u00e7as, Adolescentes, Pessoas Idosas e Pessoas com Defici\u00eancia em Situa\u00e7\u00f5es de Riscos e <br \/>Desastres em conformidade com Protocolo Nacional Conjunto para a Prote\u00e7\u00e3o Integral em Situa\u00e7\u00e3o de <br \/>Riscos e Desastres (PNCPI) institu\u00eddo pela Portaria Interministerial n\u00ba 02, de 6 de dezembro de 2012. <br \/>&#8221; (Apensados: PL 1914\/2024 e PL 1916\/2024) <br \/>RELATORA: Deputada ERIKA KOKAY. <br \/>DECURSO: 3\u00aa SESS\u00c3O <br \/>\u00daLTIMA SESS\u00c3O: 09-09-24 <br \/>Projetos de Lei (Art. 119, I e \u00a71\u00ba) <br \/>PROJETO DE LEI N\u00ba 105\/15 &#8211; do Sr. Alceu Moreira &#8211; que &#8220;d\u00e1 nova reda\u00e7\u00e3o aos incisos III e IV, \u00a7 8\u00ba do <br \/>art. 6\u00ba da Lei n\u00ba 10.999, de 15 de dezembro de 2004&#8243;. (Apensados: PL 2192\/2015 e PL 2193\/2015) <br \/>PROJETO DE LEI N\u00ba 2.846\/21 &#8211; do Senado Federal &#8211; Zenaide Maia &#8211; que &#8220;altera a Lei n\u00ba 8.069, de 13 de <br \/>julho de 1990 (Estatuto da Crian\u00e7a e do Adolescente), para assegurar a perman\u00eancia de lactentes e <br \/>crian\u00e7as com suas m\u00e3es&#8221;. <br \/>RELATORA: Deputada LAURA CARNEIRO. <br \/>PROJETO DE LEI N\u00ba 2.046\/24 &#8211; da Sra. Daiana Santos &#8211; que &#8220;disp\u00f5e sobre o respeito \u00e0 diversidade <br \/>sexual e de g\u00eanero&#8221;. (Apensado: PL 2667\/2024) <br \/>RELATORA: Deputada JULIA ZANATTA. <br \/>Substitutivo (Art. 119, II e \u00a71\u00ba) <br \/>AS PROPOSI\u00c7\u00d5ES ABAIXO SOMENTE RECEBER\u00c3O EMENDAS APRESENTADAS POR MEMBROS <br \/>DESTA COMISS\u00c3O <br \/>PROJETO DE LEI N\u00ba 1.843\/23 &#8211; do Sr. Samuel Viana &#8211; que &#8220;\u201cAltera a reda\u00e7\u00e3o do \u00a7 1\u00ba do art. 18 da Lei n\u00ba<br \/>8.213, de 24 de julho de 1991, para dispor sobre a concess\u00e3o do aux\u00edlio-acidente ao segurado <br \/>contribuinte individual do Regime Geral de Previd\u00eancia.\u201d&#8221; RELATOR: Deputado PASTOR EURICO. <br \/>PROJETO DE LEI N\u00ba 338\/24 &#8211; do Sr. Vicentinho &#8211; que &#8220;altera o art. 75 da Lei n\u00ba 8.213, de 24 de julho de <br \/>1991, que disp\u00f5e sobre os Planos de Benef\u00edcios da Previd\u00eancia Social, para tratar sobre o valor mensal <br \/>da pens\u00e3o por morte&#8221;. (Apensado: PL 371\/2024) <br \/>RELATOR: Relator a Designar. <br \/>DECURSO: 5\u00aa SESS\u00c3O <br \/>\u00daLTIMA SESS\u00c3O: 05-09-24 <br \/>Projetos de Lei (Art. 119, I e \u00a71\u00ba) <br \/>PROJETO DE LEI N\u00ba 2.893\/21 &#8211; do Sr. Marcelo Moraes &#8211; que &#8220;disp\u00f5e sobre cess\u00e3o de cr\u00e9ditos obtidos <br \/>em sistema de compensa\u00e7\u00e3o de energia el\u00e9trica a entidades sem fins lucrativos&#8221;. (Apensados: PL <br \/>2156\/2022, PL 3309\/2023, PL 4113\/2023 e PL 4651\/2023) <br \/>RELATORA: Deputada MISSION\u00c1RIA MICHELE COLLINS. <br \/>PROJETO DE LEI N\u00ba 660\/19 &#8211; do Senado Federal &#8211; Weverton &#8211; que &#8220;altera a Lei n\u00ba 8.069, de 13 de julho <br \/>de 1990 (Estatuto da Crian\u00e7a e do Adolescente), para prever o apoio t\u00e9cnico da Justi\u00e7a Eleitoral ao <br \/>processo de escolha dos conselheiros tutelares&#8221;. <br \/>RELATORA: Deputada LAURA CARNEIRO. <br \/>PROJETO DE LEI N\u00ba 3.180\/20 &#8211; do Sr. Alexandre Frota &#8211; que &#8220;&#8221;disp\u00f5e sobre a implanta\u00e7\u00e3o obrigat\u00f3ria <br \/>de acompanhamento psicol\u00f3gico para mulheres v\u00edtimas de viol\u00eancia e d\u00e1 outras provid\u00eancias&#8221;&#8221;. <br \/>(Apensados: PL 2194\/2021 e PL 988\/2023) <br \/>RELATORA: Deputada MISSION\u00c1RIA MICHELE COLLINS. <br \/>PROJETO DE LEI N\u00ba 3.097\/21 &#8211; do Senado Federal &#8211; Jaques Wagner &#8211; que &#8220;institui o Programa Agente <br \/>Jovem Ambiental e altera a Lei n\u00ba 9.795, de 27 de abril de 1999, que \u201cdisp\u00f5e sobre a educa\u00e7\u00e3o <br \/>ambiental, institui a Pol\u00edtica Nacional de Educa\u00e7\u00e3o Ambiental e d\u00e1 outras provid\u00eancias\u201d, para determinar <br \/>o incentivo \u00e0 elabora\u00e7\u00e3o de projetos voltados \u00e0 participa\u00e7\u00e3o da sociedade na implementa\u00e7\u00e3o da Pol\u00edtica <br \/>Nacional do Meio Ambiente (Lei Alfredo Sirkis)&#8221;. <br \/>RELATORA: Deputada LAURA CARNEIRO. <br \/>PROJETO DE LEI N\u00ba 386\/23 &#8211; do Senado Federal &#8211; Damares Alves &#8211; que &#8220;altera a Consolida\u00e7\u00e3o das Leis <br \/>do Trabalho (CLT), aprovada pelo Decreto-Lei n\u00ba 5.452, de 1\u00ba de maio de 1943, para prorrogar a licen\u00e7a-<br \/>maternidade em at\u00e9 120 (cento e vinte) dias ap\u00f3s a alta hospitalar do rec\u00e9m-nascido e de sua m\u00e3e; e a <br \/>Lei n\u00ba 8.213, de 24 de julho de 1991, para ampliar o prazo de recebimento do sal\u00e1rio-maternidade&#8221;. <br \/>RELATORA: Deputada LAURA CARNEIRO. <br \/>PROJETO DE LEI N\u00ba 2.709\/24 &#8211; da Sra. Rog\u00e9ria Santos &#8211; que &#8220;altera a Lei n.\u00ba 8.069, de 12 de julho de <br \/>1990 (Estatuto da Crian\u00e7a e do Adolescente) para determinar a realiza\u00e7\u00e3o de campanhas permanentes <br \/>sobre os riscos dos conte\u00fados digitais que envolva a viol\u00eancia e explora\u00e7\u00e3o sexual de crian\u00e7as e <br \/>adolescentes&#8221;. <br \/>RELATORA: Deputada MISSION\u00c1RIA MICHELE COLLINS. <br \/>Substitutivo (Art. 119, II e \u00a71\u00ba) <br \/>AS PROPOSI\u00c7\u00d5ES ABAIXO SOMENTE RECEBER\u00c3O EMENDAS APRESENTADAS POR MEMBROS <br \/>DESTA COMISS\u00c3O <br \/>PROJETO DE LEI N\u00ba 6.075\/13 &#8211; do Sr. Guilherme Campos &#8211; que &#8220;garante \u00e0s crian\u00e7as e adolescentes a <br \/>realiza\u00e7\u00e3o pelo Sistema \u00danico de Sa\u00fade &#8211; SUS de cirurgia reparadora de otoplastia&#8221;. (Apensado: PL <br \/>8207\/2014) <br \/>RELATOR: Deputado ALLAN GARC\u00caS. <br \/>PROJETO DE LEI N\u00ba 9.409\/17 &#8211; do Sr. Lucas Vergilio &#8211; que &#8220;disp\u00f5e sobre a realiza\u00e7\u00e3o de propostas, <br \/>endossos, aditivos, certificados individuais, bilhetes, ap\u00f3lices e contrata\u00e7\u00e3o de seguros privados, de <br \/>microsseguros e de planos de previd\u00eancia complementar aberta, por interm\u00e9dio de transa\u00e7\u00f5es <br \/>eletr\u00f4nicas seguras&#8221;. RELATOR: Deputado ALLAN GARC\u00caS. <br \/>PROJETO DE LEI N\u00ba 690\/20 &#8211; da Sra. Perp\u00e9tua Almeida e outros &#8211; que &#8220;cria no Programa Bolsa Fam\u00edlia <br \/>o benef\u00edcio provis\u00f3rio, vari\u00e1vel e emergencial vinculado ao per\u00edodo de enfrentamento de pandemias e da <br \/>outras providencias&#8221;. (Apensado: PL 418\/2021 (Apensados: PL 469\/2021, PL 470\/2021, PL 471\/2021 e <br \/>PL 472\/2021)) <br \/>RELATOR: Deputado PASTOR HENRIQUE VIEIRA. <br \/>PROJETO DE LEI N\u00ba 1.902\/22 &#8211; da Sra. S\u00e2mia Bomfim &#8211; que &#8220;disp\u00f5e sobre assento de nascimento de <br \/>filho havido por insemina\u00e7\u00e3o artificial heter\u00f3loga no oficial de registro civil das pessoas naturais, <br \/>independentemente do local onde a insemina\u00e7\u00e3o tenha ocorrido. Altera o inciso V do art. 1.597 da Lei n\u00ba<br \/>10.406, de 10 de janeiro de 2002 (C\u00f3digo Civil), para prever a necessidade de anu\u00eancia de ambos os <br \/>c\u00f4njuges ou, se o casal estiver em uni\u00e3o est\u00e1vel, de ambos os companheiros, para fins de <br \/>reconhecimento da filia\u00e7\u00e3o. &#8221; (Apensado: PL 2448\/2023) <br \/>RELATOR: Deputado PASTOR HENRIQUE VIEIRA. <br \/>PROJETO DE LEI N\u00ba 2.727\/23 &#8211; do Sr. Juninho do Pneu &#8211; que &#8220;obriga a divulga\u00e7\u00e3o do perfil de <br \/>benefici\u00e1rios que se enquadram na isen\u00e7\u00e3o do pagamento de conta de luz&#8221;. (Apensado: PL 4085\/2023) <br \/>RELATORA: Deputada DANIELA DO WAGUINHO. <br \/>COMISS\u00c3O DE RELA\u00c7\u00d5ES EXTERIORES E DE DEFESA NACIONAL <br \/>AVISOS <br \/>PROPOSI\u00c7\u00d5ES EM FASE DE RECEBIMENTO DE EMENDAS (5 SESS\u00d5ES) <br \/>DECURSO: 1\u00aa SESS\u00c3O <br \/>\u00daLTIMA SESS\u00c3O: 11-09-24 <br \/>Substitutivo (Art. 119, II e \u00a71\u00ba) <br \/>AS PROPOSI\u00c7\u00d5ES ABAIXO SOMENTE RECEBER\u00c3O EMENDAS APRESENTADAS POR MEMBROS <br \/>DESTA COMISS\u00c3O <br \/>PROJETO DE LEI N\u00ba 6.017\/23 &#8211; do Sr. Prof. Paulo Fernando &#8211; que &#8220;disp\u00f5e sobre o pedido de <br \/>reaquisi\u00e7\u00e3o da nacionalidade brasileira origin\u00e1ria, com fundamento no \u00a7 5\u00ba do art. 12 da Constitui\u00e7\u00e3o <br \/>Federal, alterando a reda\u00e7\u00e3o do art. 76 da Lei n\u00ba 13.445, de 24 de maio de 2017. &#8221; <br \/>RELATOR: Deputado RODRIGO VALADARES. <br \/>DECURSO: 2\u00aa SESS\u00c3O <br \/>\u00daLTIMA SESS\u00c3O: 10-09-24 <br \/>Projetos de Lei (Art. 119, I e \u00a71\u00ba) <br \/>PROJETO DE LEI N\u00ba 2.205\/24 &#8211; do Sr. Lucio Mosquini &#8211; que &#8220;institui as Escolas C\u00edvico-Militares de <br \/>Ensino Profissionalizante no \u00e2mbito do sistema de ensino p\u00fablico do Brasil e d\u00e1 outras provid\u00eancias. &#8221; <br \/>RELATOR: Deputado GENERAL PAZUELLO. <br \/>DECURSO: 3\u00aa SESS\u00c3O <br \/>\u00daLTIMA SESS\u00c3O: 09-09-24 Projetos de Lei (Art. 119, I e \u00a71\u00ba) <br \/>PROJETO DE LEI N\u00ba 1.466\/24 &#8211; do Sr. Afonso Hamm &#8211; que &#8220;altera o art. 68 daLei no 4.375, de 17 de <br \/>agosto de 1964 &#8211; Lei do Servi\u00e7o Militar, para disporsobre a distribui\u00e7\u00e3o dos recursos do Fundo de Servi\u00e7o <br \/>Militar. &#8221; <br \/>RELATORA: Deputada DANIELA REINEHR. <br \/>COMISS\u00c3O DE SA\u00daDE <br \/>AVISOS <br \/>PROPOSI\u00c7\u00d5ES EM FASE DE RECEBIMENTO DE EMENDAS (5 SESS\u00d5ES) <br \/>DECURSO: 1\u00aa SESS\u00c3O <br \/>\u00daLTIMA SESS\u00c3O: 11-09-24 <br \/>Projetos de Lei (Art. 119, I e \u00a71\u00ba) <br \/>PROJETO DE LEI N\u00ba 2.573\/23 &#8211; do Sr. Andr\u00e9 Janones &#8211; que &#8220;cria a obrigatoriedade de Assist\u00eancia <br \/>Psicol\u00f3gica para Servidores da Seguran\u00e7a P\u00fablica. &#8221; (Apensados: PL 2710\/2023, PL 5860\/2023 e PL <br \/>1276\/2024) <br \/>RELATOR: Deputado GERALDO RESENDE. <br \/>PROJETO DE LEI N\u00ba 4.752\/23 &#8211; da Sra. Delegada Adriana Accorsi &#8211; que &#8220;altera a lei n\u00ba 11.664, de 29 de <br \/>abril de 2008, para dispor sobre o acesso das mulheres do campo, da floresta e das \u00e1guas, e das <br \/>privadas de liberdade, \u00e0s a\u00e7\u00f5es de sa\u00fade que assegurem a preven\u00e7\u00e3o, a detec\u00e7\u00e3o, o tratamento e o <br \/>seguimento dos c\u00e2nceres do colo uterino, de mama e colorretal no \u00e2mbito do sistema \u00fanico de sa\u00fade. &#8221; <br \/>RELATORA: Deputada JULIANA CARDOSO. <br \/>PROJETO DE LEI N\u00ba 5.821\/23 &#8211; da Sra. Laura Carneiro &#8211; que &#8220;altera a Lei n\u00ba 11.664, de 29 de abril de <br \/>2008, que disp\u00f5e sobre a efetiva\u00e7\u00e3o de a\u00e7\u00f5es de sa\u00fade que assegurem a preven\u00e7\u00e3o, a detec\u00e7\u00e3o, o <br \/>tratamento e o seguimento dos c\u00e2nceres do colo uterino e de mama, no \u00e2mbito do Sistema \u00danico de <br \/>Sa\u00fade (SUS), para dispor sobre a\u00e7\u00f5es direcionadas a ampliar os servi\u00e7os de mamografia e de exames <br \/>de triagem&#8221;. <br \/>RELATOR: Deputado DR. ZACHARIAS CALIL. <br \/>PROJETO DE LEI N\u00ba 443\/24 &#8211; do Sr. Eduardo da Fonte &#8211; que &#8220;prev\u00ea a obrigatoriedade da aplica\u00e7\u00e3o pelo <br \/>SUS do Teste M-CHAT, destinado \u00e0 identifica\u00e7\u00e3o precoce dos casos de Transtorno do Espectro Autista &#8211;<br \/>TEA. &#8221; (Apensados: PL 1281\/2024 e PL 1362\/2024) <br \/>RELATOR: Deputado BRUNO FARIAS. <br \/>PROJETO DE LEI N\u00ba 871\/24 &#8211; do Sr. Raniery Paulino &#8211; que &#8220;institui em todo territ\u00f3rio nacional, no \u00e2mbito <br \/>do Sistema \u00danico de Sa\u00fade-SUS, a obrigatoriedade de realiza\u00e7\u00e3o do exame espirom\u00e9trico para <br \/>pacientes em tratamento e inscritos nos programas de cessa\u00e7\u00e3o do tabagismo. &#8221; <br \/>RELATOR: Deputado PEDRO TOURINHO. <br \/>PROJETO DE LEI N\u00ba 1.063\/24 &#8211; da Sra. Ros\u00e2ngela Moro &#8211; que &#8220;altera a Lei n\u00ba 13.146, de 6 de julho de <br \/>2015 (Lei Brasileira de Inclus\u00e3o da Pessoa com Defici\u00eancia), para classificar a S\u00edndrome de Duchenne <br \/>como defici\u00eancia para todos os efeitos legais&#8221;. <br \/>RELATORA: Deputada ROG\u00c9RIA SANTOS. <br \/>PROJETO DE LEI N\u00ba 1.078\/24 &#8211; do Sr. Luciano Galego &#8211; que &#8220;institui o programa de cirurgias capilares <br \/>pelo Sistema \u00danico de Sa\u00fade (SUS) para pessoas v\u00edtimas de doen\u00e7as graves ou acidentes que resultem <br \/>em perda capilar significativa&#8221;. <br \/>RELATOR: Deputado AUGUSTO PUPPIO. PROJETO DE LEI N\u00ba 1.986\/24 &#8211; do Sr. Jefferson Campos &#8211; que &#8220;altera a Lei n\u00ba 14.308, de 8 de mar\u00e7o de <br \/>2022, que institui a Pol\u00edtica Nacional de Aten\u00e7\u00e3o \u00e0 Oncologia Pedi\u00e1trica, para instituir campanhas de <br \/>conscientiza\u00e7\u00e3o a respeito dos sintomas dos principais c\u00e2nceres infantis, permitindo um diagn\u00f3stico <br \/>precoce. &#8221; <br \/>RELATORA: Deputada ROG\u00c9RIA SANTOS. <br \/>PROJETO DE LEI N\u00ba 2.099\/24 &#8211; da Sra. Meire Serafim &#8211; que &#8220;institui o servi\u00e7o de telemedicina para <br \/>gestantes em \u00e1reas rurais e de dif\u00edcil acesso e d\u00e1 outras provid\u00eancias. &#8221; <br \/>RELATORA: Deputada ANA PAULA LIMA. <br \/>PROJETO DE LEI N\u00ba 2.163\/24 &#8211; do Sr. Lafayette de Andrada &#8211; que &#8220;altera Lei n\u00ba 9.656, de 3 de junho de <br \/>1998, para obrigar as operadoras de planos privados de assist\u00eancia \u00e0 sa\u00fade a oferecer produtos que <br \/>contemplem uma cobertura diferenciada para o tratamento do c\u00e2ncer&#8221;. <br \/>RELATOR: Deputado DR. ZACHARIAS CALIL. <br \/>PROJETO DE LEI N\u00ba 2.289\/24 &#8211; do Sr. Pastor Gil &#8211; que &#8220;institui o programa nacional de doa\u00e7\u00e3o de <br \/>alimentos e incentivos p\u00fablicos \u00e0s empresas de alimenta\u00e7\u00e3o no o combate \u00e0 fome no Brasil&#8221;. (Apensado: <br \/>PL 2423\/2024) <br \/>RELATOR: Deputado PADRE JO\u00c3O. <br \/>PROJETO DE LEI N\u00ba 2.392\/24 &#8211; do Sr. Mersinho Lucena &#8211; que &#8220;acrescenta o art. 1\u00ba-A \u00e0 Lei n\u00ba 13.693, de <br \/>10 de junho de 2018, para assegurar \u00e0s pessoas com doen\u00e7as raras a prioridade na tramita\u00e7\u00e3o <br \/>processual e procedimentos judiciais e administrativos, e d\u00e1 outras provid\u00eancias. &#8221; <br \/>RELATORA: Deputada ROG\u00c9RIA SANTOS. <br \/>PROJETO DE LEI N\u00ba 2.446\/24 &#8211; do Sr. Mario Frias &#8211; que &#8220;institui a pol\u00edtica nacional de aten\u00e7\u00e3o dedicada <br \/>ao cuidado e \u00e0 sa\u00fade do homem, relacionada \u00e0 defici\u00eancia androg\u00eanica do envelhecimento masculino e <br \/>\u00e0 disfun\u00e7\u00e3o er\u00e9til no \u00e2mbito do Sistema \u00danico de Sa\u00fade do Governo Federal \u2013 SUS&#8221;. <br \/>RELATORA: Deputada ROG\u00c9RIA SANTOS. <br \/>PROJETO DE LEI N\u00ba 2.476\/24 &#8211; do Sr. Aureo Ribeiro &#8211; que &#8220;disp\u00f5e sobre a inclus\u00e3o da Estimula\u00e7\u00e3o <br \/>Magn\u00e9tica Transcraniana (EMT) na lista de procedimentos do Sistema \u00danico de Sa\u00fade (SUS)&#8221;. <br \/>RELATORA: Deputada ROG\u00c9RIA SANTOS. <br \/>PROJETO DE LEI N\u00ba 2.499\/24 &#8211; do Sr. Coronel Meira e outros &#8211; que &#8220;disp\u00f5e sobre a obrigatoriedade da <br \/>notifica\u00e7\u00e3o \u00e0 autoridade policial, pelos hospitais, cl\u00ednicas e unidades b\u00e1sicas de sa\u00fade, da interrup\u00e7\u00e3o de <br \/>gesta\u00e7\u00e3o decorrente de estupro e d\u00e1 outras provid\u00eancias&#8221;. <br \/>RELATORA: Deputada ANA PIMENTEL. <br \/>PROJETO DE LEI N\u00ba 2.543\/24 &#8211; do Sr. Rafael Brito &#8211; que &#8220;institui a Pol\u00edtica Nacional de Promo\u00e7\u00e3o ao <br \/>Bem-Estar Coletivo e d\u00e1 outras provid\u00eancias. &#8221; <br \/>RELATORA: Deputada JANDIRA FEGHALI. <br \/>PROJETO DE LEI N\u00ba 2.550\/24 &#8211; da Sra. Fl\u00e1via Morais &#8211; que &#8220;estabelece Diretrizes para a Pol\u00edtica de <br \/>Rastreamento e Diagn\u00f3stico Precoce de C\u00e2ncer de Pulm\u00e3o, no \u00e2mbito do Sistema \u00danico de Sa\u00fade <br \/>(SUS). &#8221; <br \/>RELATOR: Deputado GERALDO RESENDE. <br \/>PROJETO DE LEI N\u00ba 2.596\/24 &#8211; do Sr. Luiz Philippe de Orleans e Bragan\u00e7a &#8211; que &#8220;institui a campanha <br \/>nacional &#8220;Abril Verde&#8221;, dedicada \u00e0 preven\u00e7\u00e3o do transtorno de estresse p\u00f3s-traum\u00e1tico (TEPT)&#8221;. <br \/>RELATOR: Deputado DELEGADO PAULO BILYNSKYJ. <br \/>PROJETO DE LEI N\u00ba 2.646\/24 &#8211; do Sr. Marcos Tavares &#8211; que &#8220;cria a Lei de Assist\u00eancia Integral \u00e0 Sa\u00fade <br \/>Mental&#8221;. <br \/>RELATORA: Deputada ROG\u00c9RIA SANTOS. <br \/>PROJETO DE LEI N\u00ba 2.714\/24 &#8211; do Sr. Murilo Galdino &#8211; que &#8220;altera a Lei n\u00ba 14.722, de 8 de novembro de <br \/>2023, para incluir nos Censos Demogr\u00e1ficos realizados no Brasil pergunta sobre doadores de \u00f3rg\u00e3os e <br \/>tecidos&#8221;. <br \/>RELATORA: Deputada FL\u00c1VIA MORAIS. PROJETO DE LEI N\u00ba 2.899\/24 &#8211; do Sr. Dr. Zacharias Calil e outros &#8211; que &#8220;disp\u00f5e sobre a institui\u00e7\u00e3o do <br \/>m\u00eas de maio como M\u00eas da \u00c9tica na Sa\u00fade. &#8221; <br \/>RELATORA: Deputada SILVIA CRISTINA. <br \/>PROJETO DE LEI N\u00ba 3.038\/24 &#8211; da Sra. Adriana Ventura &#8211; que &#8220;altera a Lei n\u00ba 12.514, de 28 de outubro <br \/>de 2011, para vedar a cobran\u00e7a de inscri\u00e7\u00e3o suplementar para o exerc\u00edcio profissional&#8221;. <br \/>RELATORA: Deputada SILVIA CRISTINA. <br \/>Substitutivo (Art. 119, II e \u00a71\u00ba) <br \/>AS PROPOSI\u00c7\u00d5ES ABAIXO SOMENTE RECEBER\u00c3O EMENDAS APRESENTADAS POR MEMBROS <br \/>DESTA COMISS\u00c3O <br \/>PROJETO DE LEI N\u00ba 3.514\/19 &#8211; da Sra. Joenia Wapichana &#8211; que &#8220;regulamenta a profiss\u00e3o de Agente <br \/>Ind\u00edgena de Sa\u00fade (AIS) e Agente Ind\u00edgena de Saneamento (AISAN), no \u00e2mbito do Subsistema de <br \/>Aten\u00e7\u00e3o \u00e0 Sa\u00fade Ind\u00edgena (SasiSUS), e d\u00e1 outras provid\u00eancias&#8221;. <br \/>RELATORA: Deputada JULIANA CARDOSO. <br \/>PROJETO DE LEI N\u00ba 3.736\/20 &#8211; do Sr. Eduardo da Fonte &#8211; que &#8220;torna obrigat\u00f3ria a realiza\u00e7\u00e3o de exame <br \/>destinado a identificar doen\u00e7as raras em rec\u00e9m-nascidos nas redes p\u00fablica e privada de sa\u00fade e com <br \/>cobertura do Sistema \u00danico de Sa\u00fade (SUS)&#8221;. <br \/>RELATOR: Deputado LULA DA FONTE. <br \/>PROJETO DE LEI N\u00ba 9.880\/18 &#8211; do Sr. Ronaldo Carletto &#8211; que &#8220;torna obrigat\u00f3rio o procedimento de <br \/>sanitiza\u00e7\u00e3o em locais fechados de acesso coletivo&#8221;. (Apensados: PL 3784\/2020, PL 4661\/2020 e PL <br \/>5985\/2023) <br \/>RELATORA: Deputada ROG\u00c9RIA SANTOS. <br \/>DECURSO: 2\u00aa SESS\u00c3O <br \/>\u00daLTIMA SESS\u00c3O: 10-09-24 <br \/>Substitutivo (Art. 119, II e \u00a71\u00ba) <br \/>AS PROPOSI\u00c7\u00d5ES ABAIXO SOMENTE RECEBER\u00c3O EMENDAS APRESENTADAS POR MEMBROS <br \/>DESTA COMISS\u00c3O <br \/>PROJETO DE LEI N\u00ba 2.726\/22 &#8211; da Sra. Luiza Erundina &#8211; que &#8220;institui a Pol\u00edtica Nacional de Conviv\u00eancia <br \/>Sociocultural e Economia Solid\u00e1ria (PNCS)&#8221;. <br \/>RELATORA: Deputada JANDIRA FEGHALI. <br \/>DECURSO: 4\u00aa SESS\u00c3O <br \/>\u00daLTIMA SESS\u00c3O: 06-09-24 <br \/>Substitutivo (Art. 119, II e \u00a71\u00ba) <br \/>AS PROPOSI\u00c7\u00d5ES ABAIXO SOMENTE RECEBER\u00c3O EMENDAS APRESENTADAS POR MEMBROS <br \/>DESTA COMISS\u00c3O <br \/>PROJETO DE LEI N\u00ba 5.415\/19 &#8211; do Sr. Alexandre Serfiotis &#8211; que &#8220;inclui Art. 19-V na Lei n\u00ba 8.080, de 19 <br \/>de setembro de 1990, que &#8220;Disp\u00f5e sobre as condi\u00e7\u00f5es para a promo\u00e7\u00e3o, prote\u00e7\u00e3o e recupera\u00e7\u00e3o da <br \/>sa\u00fade, a organiza\u00e7\u00e3o e o funcionamento dos servi\u00e7os correspondentes e d\u00e1 outras provid\u00eancias&#8221;, para <br \/>disciplinar a dispensa\u00e7\u00e3o de medicamentos biossimilares pelo Sistema \u00danico de Sa\u00fade (SUS), em <br \/>substitui\u00e7\u00e3o aos medicamentos biol\u00f3gicos originadores&#8221;. <br \/>RELATORA: Deputada SILVIA CRISTINA. <br \/>DECURSO: 5\u00aa SESS\u00c3O \u00daLTIMA SESS\u00c3O: 05-09-24 <br \/>Projetos de Lei (Art. 119, I e \u00a71\u00ba) <br \/>PROJETO DE LEI N\u00ba 11.159\/18 &#8211; do Sr. Carlos Henrique Gaguim &#8211; que &#8220;disp\u00f5e sobre a cria\u00e7\u00e3o do <br \/>Cart\u00e3o Odontol\u00f3gico Preventivo &#8211; COP&#8221;. <br \/>RELATOR: Deputado ALLAN GARC\u00caS. <br \/>PROJETO DE LEI N\u00ba 2.680\/24 &#8211; do Sr. Ossesio Silva &#8211; que &#8220;altera a Lei 10.216, de 6 de abril de 2001, <br \/>que disp\u00f5e sobre a prote\u00e7\u00e3o e os direitos das pessoas portadoras de transtornos mentais e redireciona o <br \/>modelo assistencial em sa\u00fade mental, para incluir o disque sa\u00fade mental. &#8221; <br \/>RELATOR: Deputado ALLAN GARC\u00caS. <br \/>PROJETO DE LEI N\u00ba 2.847\/24 &#8211; do Sr. Pastor Gil &#8211; que &#8220;institui garantia de prote\u00e7\u00e3o e assist\u00eancia <br \/>integral a crian\u00e7as e adolescentes em situa\u00e7\u00e3o de calamidade p\u00fablica. &#8221; <br \/>RELATOR: Deputado ALLAN GARC\u00caS. <br \/>Substitutivo (Art. 119, II e \u00a71\u00ba) <br \/>AS PROPOSI\u00c7\u00d5ES ABAIXO SOMENTE RECEBER\u00c3O EMENDAS APRESENTADAS POR MEMBROS <br \/>DESTA COMISS\u00c3O <br \/>PROJETO DE LEI N\u00ba 2.391\/23 &#8211; do Sr. Duarte &#8211; que &#8220;disp\u00f5e sobre a assist\u00eancia especial fornecida \u00e0s <br \/>parturientes cujos dependentes s\u00e3o filhos rec\u00e9m-nascidos com defici\u00eancia ou patologia cr\u00f4nica que <br \/>implique em tratamento continuado, e d\u00e1 outras provid\u00eancias&#8221;. <br \/>RELATOR: Deputado LUCIANO DUCCI. <br \/>PROJETO DE LEI N\u00ba 3.869\/23 &#8211; do Sr. Pastor Gil &#8211; que &#8220;disp\u00f5e sobre a realiza\u00e7\u00e3o do exame <br \/>denominado Ecocardiograma fetal em gestantes nas unidades p\u00fablicas de sa\u00fade e d\u00e1 outras <br \/>provid\u00eancias&#8221;. <br \/>RELATOR: Deputado DORINALDO MALAFAIA. <br \/>PROJETO DE LEI N\u00ba 905\/24 &#8211; do Sr. Dr. Zacharias Calil &#8211; que &#8220;institui o Dia Nacional das Zoonoses. &#8221; <br \/>RELATORA: Deputada MEIRE SERAFIM. <br \/>PROJETO DE LEI N\u00ba 992\/24 &#8211; do Sr. Alberto Mour\u00e3o &#8211; que &#8220;altera a Lei n\u00ba 8.080, de 19 de setembro de <br \/>1990, para criar sistema de regula\u00e7\u00e3o e transpar\u00eancia, no \u00e2mbito do Sistema \u00danico de Sa\u00fade (SUS), e <br \/>autorizar o credenciamento tempor\u00e1rio simplificado de prestadores. &#8221; <br \/>RELATORA: Deputada IZA ARRUDA. <br \/>COMISS\u00c3O DE SEGURAN\u00c7A P\u00daBLICA E COMBATE AO CRIME <br \/>ORGANIZADO <br \/>AVISOS <br \/>PROPOSI\u00c7\u00d5ES EM FASE DE RECEBIMENTO DE EMENDAS (5 SESS\u00d5ES) <br \/>DECURSO: 1\u00aa SESS\u00c3O <br \/>\u00daLTIMA SESS\u00c3O: 11-09-24 <br \/>Substitutivo (Art. 119, II e \u00a71\u00ba) <br \/>AS PROPOSI\u00c7\u00d5ES ABAIXO SOMENTE RECEBER\u00c3O EMENDAS APRESENTADAS POR MEMBROS <br \/>DESTA COMISS\u00c3O PROJETO DE LEI N\u00ba 960\/24 &#8211; do Sr. Capit\u00e3o Alden &#8211; que &#8220;altera art. 927 da Lei n\u00ba 10.406, de 10 de <br \/>janeiro de 2002 \u2013 C\u00f3digo Civil, e d\u00e1 outras provid\u00eancias&#8221;. <br \/>RELATOR: Deputado RODOLFO NOGUEIRA. <br \/>DECURSO: 2\u00aa SESS\u00c3O <br \/>\u00daLTIMA SESS\u00c3O: 10-09-24 <br \/>Projetos de Lei (Art. 119, I e \u00a71\u00ba) <br \/>PROJETO DE LEI N\u00ba 564\/24 &#8211; do Sr. Capit\u00e3o Alberto Neto &#8211; que &#8220;insere o inciso XXXVIII no art. 18 da <br \/>Lei n\u00ba 14.751, de 12 de dezembro de 2023, que institui a Lei Org\u00e2nica Nacional das Pol\u00edcias Militares e <br \/>dos Corpos de Bombeiros Militares dos Estados, do Distrito Federal e dos Territ\u00f3rios, para conceder o <br \/>direito \u00e0 carga hor\u00e1ria reduzida ao policial militar e ao bombeiro militar que tenha c\u00f4njuge, filho ou <br \/>dependente com defici\u00eancia de qualquer natureza, sem preju\u00edzo da remunera\u00e7\u00e3o, independente de <br \/>compensa\u00e7\u00e3o de hor\u00e1rio&#8221;. <br \/>RELATOR: Deputado RODOLFO NOGUEIRA. <br \/>PROJETO DE LEI N\u00ba 1.113\/24 &#8211; da Sra. Carla Zambelli &#8211; que &#8220;altera a Lei no 13.675, de 11 de junho de <br \/>2018, para criar o Banco de Dados Nacional de Vitimiza\u00e7\u00e3o, Suic\u00eddio e Doen\u00e7as Psicol\u00f3gicas dos <br \/>Profissionais de Seguran\u00e7a P\u00fablica e Defesa Social, al\u00e9m de estabelecer a diretriz para a inclus\u00e3o na <br \/>grade curricular de forma\u00e7\u00e3o e qualifica\u00e7\u00e3o das institui\u00e7\u00f5es integrantes do Sistema \u00danico de Seguran\u00e7a <br \/>P\u00fablica (Susp), disciplinas voltadas ao aprimoramento da abordagem policial tecnicamente adequada e <br \/>inclusiva \u00e0s pessoas com defici\u00eancia&#8221;. <br \/>RELATOR: Deputado ALBUQUERQUE. <br \/>PROJETO DE LEI N\u00ba 1.442\/24 &#8211; da Sra. Laura Carneiro &#8211; que &#8220;altera a Lei n\u00ba 11.340, de 7 de agosto de <br \/>2006, para dispor sobre prioridade na realiza\u00e7\u00e3o de exames periciais por mulheres v\u00edtimas de viol\u00eancia <br \/>dom\u00e9stica e familiar. &#8221; <br \/>RELATORA: Deputada DAYANY BITTENCOURT. <br \/>PROJETO DE LEI N\u00ba 2.902\/24 &#8211; do Sr. Reinhold Stephanes &#8211; que &#8220;altera a Lei n\u00ba 9.503, de 23 de <br \/>setembro de 1997, a fim de disciplinar a identifica\u00e7\u00e3o dos ve\u00edculos oficiais destinados a socorro de <br \/>inc\u00eandio e salvamento, os de pol\u00edcia,os da guarda municipal, e os do corpo de bombeiros. &#8221; <br \/>RELATOR: Deputado THIAGO FLORES. <br \/>PROJETO DE LEI N\u00ba 2.920\/24 &#8211; do Sr. Delegado Palumbo &#8211; que &#8220;insere o inciso III no \u00a71\u00ba do art. 5\u00ba da <br \/>Lei n\u00ba 13.756, de 12 de dezembro de 2018, que disp\u00f5e sobre o Fundo Nacional de Seguran\u00e7a P\u00fablica <br \/>(FNSP) e trata de outros temas, para prever a utiliza\u00e7\u00e3o de recursos do FNSP na seguran\u00e7a e na <br \/>prote\u00e7\u00e3o de magistrados, membros do Minist\u00e9rio P\u00fablico, Delegados de Pol\u00edcia, integrantes da <br \/>seguran\u00e7a p\u00fablica, oficiais de justi\u00e7a, ainda que aposentados, reformados ou na reserva remunerada, <br \/>quando amea\u00e7ados por organiza\u00e7\u00f5es criminosas, na forma que especifica&#8221;. <br \/>RELATOR: Deputado DELEGADO FABIO COSTA. <br \/>PROJETO DE LEI N\u00ba 3.032\/24 &#8211; do Sr. Capit\u00e3o Alberto Neto &#8211; que &#8220;autoriza as Pol\u00edcias Militares dos <br \/>Estados e do Distrito Federal a requisitarem diretamente, \u00e0 autoridade judicial competente, bens <br \/>apreendidos em opera\u00e7\u00f5es policiais para uso em suas atividades operacionais e administrativas. &#8221; <br \/>RELATOR: Deputado SARGENTO GON\u00c7ALVES. <br \/>PROJETO DE LEI N\u00ba 3.101\/24 &#8211; da Sra. Eliza Virg\u00ednia &#8211; que &#8220;disp\u00f5e sobre a obrigatoriedade de <br \/>disponibiliza\u00e7\u00e3o de kits de APH-T\u00e1tico e cria\u00e7\u00e3o de um sistema de atendimento m\u00f3vel de urg\u00eancia <br \/>exclusivo para os agentes de seguran\u00e7a p\u00fablica elencados no art. 144 da Constitui\u00e7\u00e3o federal&#8221;. <br \/>RELATOR: Deputado ALLAN GARC\u00caS. <br \/>PROJETO DE LEI N\u00ba 3.158\/24 &#8211; do Sr. Aureo Ribeiro &#8211; que &#8220;altera a Lei n\u00ba 14.597, de 14 de junho de <br \/>2023, para vedar a puni\u00e7\u00e3o coletiva de torcidas organizadas em decorr\u00eancia de atos de viol\u00eancia ou <br \/>vandalismo praticados por indiv\u00edduos durante eventos esportivos em arenas que disponham de sistema <br \/>de identifica\u00e7\u00e3o biom\u00e9trica em pleno funcionamento. &#8221; <br \/>RELATOR: Deputado CAPIT\u00c3O ALDEN. <br \/>PROJETO DE LEI N\u00ba 3.193\/24 &#8211; do Sr. Augusto Coutinho &#8211; que &#8220;disp\u00f5e sobre a destrui\u00e7\u00e3o de m\u00e1quinas utilizadas para fabrica\u00e7\u00e3o de produtos falsificados ou destinados a atividades criminosas definidas em <br \/>lei&#8221;. <br \/>RELATOR: Deputado ALBUQUERQUE. <br \/>PROJETO DE LEI N\u00ba 3.199\/24 &#8211; do Sr. Sargento Portugal &#8211; que &#8220;altera o artigo 16 da Lei 13.022 de 2014 <br \/>incluindo \u00a71\u00ba e \u00a72\u00ba fazendo constar conv\u00eanio e coopera\u00e7\u00e3o t\u00e9cnica do Executivo Municipal com as <br \/>secretarias de Seguran\u00e7a P\u00fablica&#8221;. <br \/>RELATOR: Deputado CORONEL MEIRA. <br \/>COMISS\u00c3O DE TRABALHO <br \/>AVISOS <br \/>PROPOSI\u00c7\u00d5ES EM FASE DE RECEBIMENTO DE EMENDAS A PARTIR DE <br \/>AMANH\u00c3 (DIA 06\/09\/2024) <br \/>Substitutivo (Art. 119, II e \u00a71\u00ba) <br \/>AS PROPOSI\u00c7\u00d5ES ABAIXO SOMENTE RECEBER\u00c3O EMENDAS APRESENTADAS POR MEMBROS <br \/>DESTA COMISS\u00c3O <br \/>PROJETO DE LEI N\u00ba 894\/21 &#8211; do Sr. Jorge Solla e outros &#8211; que &#8220;disp\u00f5e sobre a validade do registro <br \/>profissional em todo o territ\u00f3rio nacional&#8221;. (Apensado: PL 2260\/2021) <br \/>RELATOR: Deputado LEO PRATES. <br \/>PROPOSI\u00c7\u00d5ES EM FASE DE RECEBIMENTO DE EMENDAS (5 SESS\u00d5ES) <br \/>DECURSO: 2\u00aa SESS\u00c3O <br \/>\u00daLTIMA SESS\u00c3O: 10-09-24 <br \/>Projetos de Lei (Art. 119, I e \u00a71\u00ba) <br \/>PROJETO DE LEI N\u00ba 1.813\/23 &#8211; do Sr. Jonas Donizette &#8211; que &#8220;acrescenta par\u00e1grafo ao art. 12 da Lei n\u00ba<br \/>11.788, de 2008, que disp\u00f5e sobre est\u00e1gio de estudantes, para fixar valores m\u00ednimos para a bolsa ou <br \/>outra forma de contrapresta\u00e7\u00e3o concedida ao estagi\u00e1rio&#8221;. (Apensado: PL 1148\/2024) <br \/>RELATOR: Deputado RAFAEL BRITO. <br \/>PROJETO DE LEI N\u00ba 5.862\/23 &#8211; do Sr. Jo\u00e3o Daniel &#8211; que &#8220;altera a Lei n\u00ba 9.608, de 18 de fevereiro de <br \/>1998, que disp\u00f5e sobre o servi\u00e7o volunt\u00e1rio e d\u00e1 outras provid\u00eancias. &#8221; <br \/>RELATOR: Deputado T\u00daLIO GAD\u00caLHA. <br \/>PROJETO DE LEI N\u00ba 2.558\/24 &#8211; do Sr. Ac\u00e1cio Favacho &#8211; que &#8220;acrescenta o inciso XIII no art. 473 da <br \/>Consolida\u00e7\u00e3o das Leis do Trabalho (CLT), aprovada pelo Decreto-Lei n\u00ba 5.452, de 1\u00ba de maio de 1943, <br \/>para permitir ao empregado ausentar-se de seu posto de trabalho, sem preju\u00edzo de seu sal\u00e1rio, para o <br \/>acompanhamento de c\u00f4njuge ou companheiro (a), quando do diagn\u00f3stico e na fase do tratamento do <br \/>c\u00e2ncer, nos dias de sess\u00f5es de quimioterapia e radioterapia, devidamente comprovado&#8221;. <br \/>RELATOR: Deputado RAFAEL BRITO. <br \/>PROJETO DE LEI N\u00ba 3.178\/24 &#8211; Reginaldo Lopes e Mauro Benevides Filho &#8211; que &#8220;altera a Lei n\u00ba 1.411, <br \/>de 13 de agosto de 1951, para dispor sobre a profiss\u00e3o de Economistas e d\u00e1 outras provid\u00eancias. &#8221; <br \/>RELATOR: Deputado ANDR\u00c9 FIGUEIREDO. <br \/>Substitutivo (Art. 119, II e \u00a71\u00ba) AS PROPOSI\u00c7\u00d5ES ABAIXO SOMENTE RECEBER\u00c3O EMENDAS APRESENTADAS POR MEMBROS <br \/>DESTA COMISS\u00c3O <br \/>PROJETO DE LEI N\u00ba 2.717\/19 &#8211; do Sr. Fred Costa &#8211; que &#8220;&#8221;Disp\u00f5e sobre o reconhecimento da Sa\u00fade <br \/>Est\u00e9tica como \u00e1rea de atua\u00e7\u00e3o do profissional de Biologia, Biomedicina, Enfermagem, Farm\u00e1cia, <br \/>Fisioterapia e Fonoaudiologia.&#8221;&#8221; <br \/>RELATOR: Deputado EVAIR VIEIRA DE MELO. <br \/>DECURSO: 3\u00aa SESS\u00c3O <br \/>\u00daLTIMA SESS\u00c3O: 09-09-24 <br \/>Substitutivo (Art. 119, II e \u00a71\u00ba) <br \/>AS PROPOSI\u00c7\u00d5ES ABAIXO SOMENTE RECEBER\u00c3O EMENDAS APRESENTADAS POR MEMBROS <br \/>DESTA COMISS\u00c3O <br \/>PROJETO DE LEI N\u00ba 5.227\/23 &#8211; da Sra. Ivoneide Caetano &#8211; que &#8220;disp\u00f5e sobre a cria\u00e7\u00e3o do Selo <br \/>&#8220;Ind\u00fastria Amiga da Justi\u00e7a Social&#8221;. &#8221; <br \/>RELATOR: Deputado DUARTE JR.. <br \/>DECURSO: 5\u00aa SESS\u00c3O <br \/>\u00daLTIMA SESS\u00c3O: 05-09-24 <br \/>Projetos de Lei (Art. 119, I e \u00a71\u00ba) <br \/>PROJETO DE LEI N\u00ba 4.697\/12 &#8211; do Sr. Dami\u00e3o Feliciano &#8211; que &#8220;disp\u00f5e sobre reserva de vagas para <br \/>alunos oriundos da rede p\u00fablica de ensino nos contratos e conv\u00eanios de est\u00e1gio&#8221;. (Apensados: PL <br \/>963\/2015, PL 6747\/2016 (Apensados: PL 11243\/2018, PL 4081\/2019, PL 6506\/2019, PL 289\/2020 e PL <br \/>1807\/2020), PL 8693\/2017 e PL 3995\/2019) <br \/>RELATOR: Deputado RAFAEL BRITO. <br \/>PROJETO DE LEI N\u00ba 3.736\/19 &#8211; do Sr. Isnaldo Bulh\u00f5es Jr. &#8211; que &#8220;regulamenta o exerc\u00edcio da profiss\u00e3o <br \/>de Gastr\u00f3logo&#8221;. (Apensado: PL 6300\/2019) <br \/>RELATOR: Deputado CORONEL MEIRA. <br \/>PROJETO DE LEI N\u00ba 5.138\/23 &#8211; da Sra. Denise Pess\u00f4a &#8211; que &#8220;altera o artigo 473 da Consolida\u00e7\u00e3o das <br \/>Leis do Trabalho (CLT), para conceder licen\u00e7a \u00e0 pessoa indicada pela m\u00e3e solo para acompanha-la <br \/>quando do nascimento ou da ado\u00e7\u00e3o de filho&#8221;. <br \/>RELATORA: Deputada PROFESSORA LUCIENE CAVALCANTE. <br \/>PROJETO DE LEI N\u00ba 6.148\/23 &#8211; do Sr. Toninho Wandscheer &#8211; que &#8220;disp\u00f5e sobre a regulamenta\u00e7\u00e3o da <br \/>atividade de procurador para afins de representa\u00e7\u00e3o de v\u00edtimas de acidentes de tr\u00e2nsito. &#8221; <br \/>RELATORA: Deputada ERIKA KOKAY. <br \/>Substitutivo (Art. 119, II e \u00a71\u00ba) <br \/>AS PROPOSI\u00c7\u00d5ES ABAIXO SOMENTE RECEBER\u00c3O EMENDAS APRESENTADAS POR MEMBROS <br \/>DESTA COMISS\u00c3O <br \/>PROJETO DE LEI N\u00ba 6.357\/13 &#8211; do Sr. Giovani Cherini &#8211; que &#8220;disp\u00f5e sobre a proibi\u00e7\u00e3o do uso de <br \/>ve\u00edculos de tra\u00e7\u00e3o animal em \u00e1rea urbana e a sua substitui\u00e7\u00e3o por ve\u00edculo de propuls\u00e3o humana&#8221;. <br \/>(Apensados: PL 7022\/2017 (Apensados: PL 753\/2019 e PL 5729\/2023), PL 270\/2019 e PL 1357\/2020) <br \/>RELATOR: Deputado MARCELO QUEIROZ. <br \/>PROJETO DE LEI N\u00ba 2.468\/21 &#8211; do Sr. Franco Cartafina &#8211; que &#8220;altera o Decreto-Lei n\u00ba 9.295, de 27 de <br \/>maio de 1946, para estabelecer a inviolabilidade do contador por seus atos e manifesta\u00e7\u00f5es, no exerc\u00edcio <br \/>da profiss\u00e3o&#8221;. (Apensados: PL 4279\/2021 (Apensado: PL 879\/2023) e PL 1633\/2022) <br \/>RELATORA: Deputada FL\u00c1VIA MORAIS. PROJETO DE LEI N\u00ba 1.242\/23 &#8211; do Sr. Z\u00e9 Trov\u00e3o &#8211; que &#8220;cria o Programa Nacional de Fortalecimento do <br \/>Transportador Aut\u00f4nomo &#8211; PRONAT e d\u00e1 outras provid\u00eancias&#8221;. <br \/>RELATOR: Deputado EVAIR VIEIRA DE MELO. <br \/>COMISS\u00c3O DE VIA\u00c7\u00c3O E TRANSPORTES <br \/>AVISOS <br \/>PROPOSI\u00c7\u00d5ES EM FASE DE RECEBIMENTO DE EMENDAS (5 SESS\u00d5ES) <br \/>DECURSO: 1\u00aa SESS\u00c3O <br \/>\u00daLTIMA SESS\u00c3O: 11-09-24 <br \/>Projetos de Lei (Art. 119, I e \u00a71\u00ba) <br \/>PROJETO DE LEI N\u00ba 2.760\/19 &#8211; do Sr. Franco Cartafina &#8211; que &#8220;altera a Lei n\u00ba 8.987, de 13 de fevereiro <br \/>de 1995, que disp\u00f5e sobre o regime de concess\u00e3o e permiss\u00e3o da presta\u00e7\u00e3o de servi\u00e7o p\u00fablico previsto <br \/>no art. 175 da Constitui\u00e7\u00e3o Federal&#8221;. (Apensado: PL 5617\/2023) <br \/>RELATOR: Deputado BEBETO. <br \/>PROJETO DE LEI N\u00ba 2.968\/21 &#8211; do Sr. Alexandre Frota &#8211; que &#8220;altera a Lei 12.587 de 3 de janeiro de <br \/>2012 para inserir o artigo 14 A e d\u00e1 outras providencias&#8221; <br \/>RELATOR: Deputado BEBETO. <br \/>PROJETO DE LEI N\u00ba 4.386\/21 &#8211; do Senado Federal &#8211; Flexa Ribeiro &#8211; (PLS 702\/2015) &#8211; que &#8220;altera a Lei <br \/>n\u00ba 12.379, de 6 de janeiro de 2011, que disp\u00f5e sobre o Sistema Nacional de Via\u00e7\u00e3o, para determinar a <br \/>segrega\u00e7\u00e3o das vias em fun\u00e7\u00e3o de crit\u00e9rios de acessibilidade, mobilidade e seguran\u00e7a, e a Lei n\u00ba 6.766, <br \/>de 19 de dezembro de 1979, que disp\u00f5e sobre o Parcelamento do Solo Urbano, para vedar a conex\u00e3o <br \/>direta de vias urbanas locais com rodovias&#8221;. <br \/>RELATOR: Deputado BEBETO. <br \/>PROJETO DE LEI N\u00ba 1.400\/24 &#8211; do Sr. General Pazuello &#8211; que &#8220;altera a Lei n\u00ba 9.503, de 23 de setembro <br \/>de 1997, que institui o C\u00f3digo de Tr\u00e2nsito Brasileiro, para determinar a identifica\u00e7\u00e3o de caminh\u00f5es na <br \/>parte superior da carroceria&#8221;. <br \/>RELATOR: Deputado HUGO LEAL. <br \/>PROJETO DE LEI N\u00ba 2.252\/24 &#8211; do Sr. Luiz Philippe de Orleans e Bragan\u00e7a &#8211; que &#8220;altera a Lei n\u00ba 9.296, <br \/>de 24 de julho de 1996, que regulamenta o inciso XII, parte final, da Constitui\u00e7\u00e3o Federal de 1988, para <br \/>incluir a legitimidade da autoridade aeron\u00e1utica para representar \u00e0 autoridade policial ou ministerial pela <br \/>intercepta\u00e7\u00e3o telef\u00f4nica de ocupantes de aeronaves em emerg\u00eancia e possibilitar o compartilhamento <br \/>dessas informa\u00e7\u00f5es para fins de busca e salvamento e investiga\u00e7\u00e3o de acidentes aeron\u00e1uticos&#8221;. <br \/>RELATOR: Deputado GILBERTO ABRAMO. <br \/>PROJETO DE LEI N\u00ba 2.322\/24 &#8211; do Sr. Pastor Sargento Isid\u00f3rio &#8211; que &#8220;isenta motocicletas em geral <br \/>sejam: motot\u00e1xis, motoboys entre outras modalidades do pagamento de ped\u00e1gios em todas as rodovias <br \/>federais e estaduais do territ\u00f3rio nacional. &#8221; <br \/>RELATOR: Deputado BEBETO. <br \/>PROJETO DE LEI N\u00ba 2.433\/24 &#8211; do Sr. Leo Prates &#8211; que &#8220;estabelece a obrigatoriedade de disponibilidade <br \/>de acesso \u00e0 internet em voos no espa\u00e7o a\u00e9reo brasileiro, e d\u00e1 outras provid\u00eancias&#8221; <br \/>RELATOR: Deputado MAUR\u00cdCIO CARVALHO. <br \/>PROJETO DE LEI N\u00ba 2.447\/24 &#8211; do Sr. Clodoaldo Magalh\u00e3es &#8211; que &#8220;disp\u00f5e sobre a convers\u00e3o em cr\u00e9dito das passagens a\u00e9reas adquiridas e n\u00e3o utilizadas, permitindo sua remarca\u00e7\u00e3o e portabilidade entre <br \/>companhias a\u00e9reas nacionais, e d\u00e1 outras provid\u00eancias. &#8221; <br \/>RELATOR: Deputado GILBERTO ABRAMO. <br \/>PROJETO DE LEI N\u00ba 2.455\/24 &#8211; do Sr. Julio Lopes &#8211; que &#8220;disp\u00f5e sobre isen\u00e7\u00e3o do Imposto sobre <br \/>Produtos Industrializados para as sa\u00eddas de ve\u00edculos de transporte de passageiros com capacidade para <br \/>at\u00e9 vinte passageiros e com Peso Bruto Total de at\u00e9 cinco toneladas. &#8221; <br \/>RELATOR: Deputado MARCO BRASIL. <br \/>PROJETO DE LEI N\u00ba 2.545\/24 &#8211; do Sr. Clodoaldo Magalh\u00e3es &#8211; que &#8220;disp\u00f5e sobre a destina\u00e7\u00e3o de 5% <br \/>(cinco por cento) do valor total arrecadado com a cobran\u00e7a das multas de tr\u00e2nsito para a\u00e7\u00f5es de <br \/>educa\u00e7\u00e3o para o tr\u00e2nsito no Brasil &#8221; <br \/>RELATOR: Deputado HUGO LEAL. <br \/>PROJETO DE LEI N\u00ba 2.623\/24 &#8211; do Sr. Thiago Flores &#8211; que &#8220;altera a Lei n\u00ba 12.830, de 20 de junho de <br \/>2013, para autorizar o registro de restri\u00e7\u00e3o de il\u00edcito, pelo delegado de pol\u00edcia, referente a ve\u00edculo <br \/>automotor. &#8221; <br \/>RELATOR: Deputado RICARDO AYRES. <br \/>PROJETO DE LEI N\u00ba 2.789\/24 &#8211; do Sr. Beto Richa &#8211; que &#8220;denomina \u201cRodovia Henrique Herwig\u201d a BR376, <br \/>no trecho situado entre S\u00e3o Jos\u00e9 dos Pinhais e Garuva. . &#8221; <br \/>RELATOR: Deputado MARCO BRASIL. <br \/>PROJETO DE LEI N\u00ba 2.851\/24 &#8211; do Sr. Dr. Daniel Soranz &#8211; que &#8220;institui a notifica\u00e7\u00e3o compuls\u00f3ria dos <br \/>casos de suspeita de viol\u00eancia e acidentes de tr\u00e2nsito atendidos em servi\u00e7os de sa\u00fade p\u00fablicos e <br \/>privados&#8221;. <br \/>RELATOR: Deputado DANIEL TRZECIAK. <br \/>PROJETO DE LEI N\u00ba 3.128\/24 &#8211; do Sr. Toninho Wandscheer &#8211; que &#8220;disp\u00f5e sobre a anistia \u00e0s infra\u00e7\u00f5es <br \/>de tr\u00e2nsito cometidas pelos condutores de ve\u00edculos utilizados para ajuda humanit\u00e1ria ao Estado do Rio <br \/>Grande do Sul, durante o per\u00edodo do estado de calamidade p\u00fablica. &#8221; <br \/>RELATOR: Deputado AFONSO HAMM. <br \/>Substitutivo (Art. 119, II e \u00a71\u00ba) <br \/>AS PROPOSI\u00c7\u00d5ES ABAIXO SOMENTE RECEBER\u00c3O EMENDAS APRESENTADAS POR MEMBROS <br \/>DESTA COMISS\u00c3O <br \/>PROJETO DE LEI N\u00ba 222\/24 &#8211; do Sr. Pedro Aihara &#8211; que &#8220;altera a Lei n\u00ba 9.503, de 1997 (C\u00f3digo de <br \/>Tr\u00e2nsito Brasileiro), para tornar poss\u00edvel, mediante termo de coopera\u00e7\u00e3o, o uso de ve\u00edculo automotor <br \/>levado a leil\u00e3o em treinamentos de salvamento veicular realizados por Corpos de Bombeiros Militares&#8221;. <br \/>RELATOR: Deputado GILBERTO ABRAMO. <br \/>DECURSO: 4\u00aa SESS\u00c3O <br \/>\u00daLTIMA SESS\u00c3O: 06-09-24 <br \/>Projetos de Lei (Art. 119, I e \u00a71\u00ba) <br \/>PROJETO DE LEI N\u00ba 468\/23 &#8211; da Sra. Fernanda Pessoa &#8211; que &#8220;acrescenta o \u00a78\u00ba ao artigo 147 do C\u00f3digo <br \/>de Tr\u00e2nsito Brasileiro para que passe a constar o termo \u201cmobilidade reduzida\u201d ao condutor acometido <br \/>com as enfermidades que disp\u00f5e&#8221;. <br \/>RELATOR: Deputado HUGO LEAL. <br \/>PROJETO DE LEI N\u00ba 2.464\/23 &#8211; do Sr. Jonas Donizette &#8211; que &#8220;altera a Lei n\u00ba 9.503, de 1997, que institui <br \/>o C\u00f3digo de Tr\u00e2nsito Brasileiro, para dispor sobre a responsabilidade administrativa em caso de falhas <br \/>oriundas de projetos e da qualidade dos materiais e equipamentos utilizados na fabrica\u00e7\u00e3o de ve\u00edculos&#8221;. <br \/>RELATOR: Deputado HUGO LEAL. <br \/>PROJETO DE LEI N\u00ba 621\/24 &#8211; da Sra. Rog\u00e9ria Santos &#8211; que &#8220;altera a Lei n\u00ba 9.503, de 23 de setembro de <br \/>1997, que institui o C\u00f3digo de Tr\u00e2nsito Brasileiro, para garantir livre estacionamento e parada aos ve\u00edculos de mulheres em inicio de trabalho de parto&#8221;. <br \/>RELATOR: Deputado HUGO LEAL. <br \/>PROJETO DE LEI N\u00ba 2.292\/24 &#8211; do Sr. Dagoberto Nogueira &#8211; que &#8220;altera a Lei n\u00ba 9.503, de 23 de <br \/>setembro de 1997, que institui o C\u00f3digo de Tr\u00e2nsito Brasileiro&#8221;. <br \/>RELATOR: Deputado HUGO LEAL. <br \/>II &#8211; COMISS\u00d5ES TEMPOR\u00c1RIAS <br \/>COMISS\u00c3O DE JURISTAS COM A FINALIDADE DE DEBATER E <br \/>APRESENTAR PROPOSTA DE REVIS\u00c3O DO ARCABOU\u00c7O LEGAL QUE <br \/>REGULA A EXPLORA\u00c7\u00c3O DIRETA E INDIRETA PELA UNI\u00c3O DE PORTOS <br \/>E INSTALA\u00c7\u00d5ES PORTU\u00c1RIAS BRASILEIRO <br \/>REUNI\u00c3O <br \/>LOCAL: Audit\u00f3rio Ministro Arnaldo Sussekind, t\u00e9rreo do Bloco B do Tribunal Superior do Trabalho <br \/>HOR\u00c1RIO: 09h <br \/>TEMA: &#8220;Os novos horizontes do marco legal portu\u00e1rio no Brasil&#8221; <br \/>9h &#8211; Abertura:<br \/>Ministro L\u00e9lio Bentes Correa, Presidente do TST (confirmado)<br \/>Mariana Pescatori, Secret\u00e1ria Executiva do Minist\u00e9rio de Portos e Aeroportos, representando o Ministro <br \/>Silvio Costa Filho (confirmada)<br \/>Ministro Douglas Alencar Rodrigues, Presidente da CEPORTOS (confirmado)<br \/>Jos\u00e9 de Lima Ramos Pereira, Procurador-Geral do Trabalho ( a confirmar)<br \/>9h20 &#8211; Confer\u00eancia inicial: Mr. John Moseley, Diretor Geral do Porto de Houston (EUA) (confirmado) (40 <br \/>minutos)<br \/>10h &#8211; Painel 1: Temas da Subcomiss\u00e3o 1 da CEPORTOS &#8211; Temas Gerais da Atividade Portu\u00e1ria (15 <br \/>minutos para cada)<br \/>Mediadora: Ministra Maria Cristina Irigoyen Peduzzi, Ministra do Tribunal Superior do Trabalho (a <br \/>confirmar)<br \/>Expositores:<br \/>Ministro Benjamin Zymler, Membro da CEPORTOS (confirmado) <br \/>Jesualdo Silva, Diretor-Presidente da ABTP &#8211; Associa\u00e7\u00e3o Brasileira dos Terminais Portu\u00e1rios <br \/>(confirmado) <br \/>Dr. Eduardo Nery, Membro da CEPORTOS (confirmado);<br \/>Luiz Fernando Garcia da Silva, Presidente da ABEPH &#8211; Associa\u00e7\u00e3o Brasileira das Entidades Portu\u00e1rias e <br \/>Hidrovi\u00e1rias (confirmado) <br \/>11h20 &#8211; Confer\u00eancia intermedi\u00e1ria: Dr. Jonas Mendes, Consultor da Funda\u00e7\u00e3o Valenciaport (Espanha) <br \/>(confirmado por videoconfer\u00eancia) (40 minutos)<br \/>12h &#8211; Intervalo para almo\u00e7o<br \/>14h30 &#8211; Painel 2: Temas da Subcomiss\u00e3o 2 da CEPORTOS &#8211; Simplifica\u00e7\u00e3o Regulat\u00f3ria, Patrimonial e <br \/>Ambiental, envolvendo os temas gerais da atividade portu\u00e1ria (20 minutos para cada)<br \/>Mediador: Deputado Ti\u00e3o Medeiros (confirmado) <br \/>Expositores:<br \/>Caio Morel, Diretor-Executivo da ABRATEC &#8211; Associa\u00e7\u00e3o Brasileira dos Terminais de Cont\u00eaineres <br \/>(confirmado) <br \/>Murillo Barbosa, Diretor-Presidente da ATP &#8211; Associa\u00e7\u00e3o de Terminais Portu\u00e1rios Privados (confirmado) <br \/>F\u00e1bio Lavor Teixeira, Diretor de Moderniza\u00e7\u00e3o e Gest\u00e3o Portu\u00e1ria (confirmado) <br \/>M\u00e1rio Povia, Diretor-Presidente do IBI &#8211; Instituto Brasileiro de Infraestrutura (confirmado) Lima Filho, Diretor da ANTAQ &#8211; Ag\u00eancia Nacional de Transportes Aquavi\u00e1rios (confirmado) <br \/>16h10 &#8211; Coffee Break<br \/>16h30 &#8211; Painel 3: Temas da Subcomiss\u00e3o 3 da CEPORTOS &#8211; Rela\u00e7\u00f5es de Trabalho e Qualifica\u00e7\u00e3o da <br \/>m\u00e3o de obra no sistema portu\u00e1rio (20 minutos para cada)<br \/>Mediador: Ministro Guilherme Augusto Caputo Bastos, Ministro do Tribunal Superior do Trabalho <br \/>(confirmado)<br \/>Expositores:<br \/>Ministro Alexandre Ramos, Membro da CEPORTOS (confirmado) <br \/>Jos\u00e9 Adilson Pereira, Presidente da FNE &#8211; Federa\u00e7\u00e3o Nacional dos Estivadores (confirmado) <br \/>Francisco Jos\u00e9 Nogueira da Silva (Chico), Presidente do Settaport &#8211; Sindicato dos Empregados <br \/>Terrestres em Transportes Aquavi\u00e1rios e Operadores Portu\u00e1rios do Estado de S\u00e3o Paulo (a confirmar)<br \/>S\u00e9rgio Aquino, Presidente da FENOP \u2013 Federa\u00e7\u00e3o Nacional das Opera\u00e7\u00f5es Portu\u00e1rias (confirmado) <br \/>Jos\u00e9 de Lima Ramos Pereira, Procurador-Geral do Trabalho (a confirmar)<br \/>17h50 &#8211; Mesa de Encerramento:<br \/>Mediador: Ministro Douglas Alencar Rodrigues (confirmado) <br \/>Expositor: Desembargador Celso Peel (Relator Geral da CEPORTOS) (confirmado) <br \/>Membros da CEPORTOS<br \/>Link para inscri\u00e7\u00f5es: https:\/\/docs.google.com\/forms\/d\/e\/1FAIpQLSfqaqjDSpRVXp8hIxCv-<br \/>Yc7hbjGuEfzCK8l5uXsG9426GwUrw\/formResponse <br \/>III &#8211; COORDENA\u00c7\u00c3O DE COMISS\u00d5ES PERMANENTES <br \/>ENCAMINHAMENTO DE MAT\u00c9RIA \u00c0S COMISS\u00d5ES <br \/>EM 04\/09\/2024: <br \/>Comiss\u00e3o de Constitui\u00e7\u00e3o e Justi\u00e7a e de Cidadania: <br \/>PROJETO DE LEI N\u00ba 363\/2024 <br \/>Comiss\u00e3o de Finan\u00e7as e Tributa\u00e7\u00e3o: <br \/>PROJETO DE LEI N\u00ba 1.252\/2007 <\/article>\n<p><\/p>\n<div style=\"text-align: center\">\n      <img decoding=\"async\" style=\"width: 14%;\" src=\"https:\/\/www.legislapp.com.br\/wp-content\/uploads\/2021\/07\/Logo-Legislapp-1-03-1.png\"><br \/>\n      <\/p>\n<div style=\"margin-bottom: 20px;\" class=\"et_pb_button_module_wrapper et_pb_button_5_tb_body_wrapper et_pb_button_alignment_center et_pb_module \">\n         <a class=\"et_pb_button et_pb_button_5_tb_body et_hover_enabled et_pb_bg_layout_dark\" style=\"width: 50%;background-color: black;\" href=\"https:\/\/app.legislapp.com.br\" target=\"_blank\" rel=\"noopener\">Visualizar completo na nossa plataforma (30 dias gr\u00e1tis)<\/a><\/p><\/div>\n<p>      <a href=\"https:\/\/play.google.com\/store\/apps\/details?id=br.com.legislapp\"><img decoding=\"async\" style=\"width: 15%; min-width: 130px;\" src=\"https:\/\/www.legislapp.com.br\/wp-content\/uploads\/google-play.png\"><\/a><br \/>\n      <a href=\"https:\/\/apps.apple.com\/us\/app\/legislapp\/id1568929859\"><img decoding=\"async\" style=\"width: 15%; min-width: 130px\" src=\"https:\/\/www.legislapp.com.br\/wp-content\/uploads\/apple-store.png\"><\/a>\n   <\/div>\n","protected":false},"excerpt":{"rendered":"<p>quinta-feira, 5 de setembro de 2024 &#8211; ORDEM DO DIA COMISS\u00d5ES C\u00c2MARA DOS DEPUTADOS 05\/09\/2024 C\u00c2MARA DOS DEPUTADOS 57\u00aa LEGISLATURA &#8211; 2\u00aa SESS\u00c3O LEGISLATIVA Em 5 de setembro de 2024 quinta-feira I &#8211; COMISS\u00d5ES PERMANENTES COMISS\u00c3O DE ADMINISTRA\u00c7\u00c3O E SERVI\u00c7O P\u00daBLICO AVISOS PROPOSI\u00c7\u00d5ES EM FASE DE RECEBIMENTO DE EMENDAS (5 SESS\u00d5ES) DECURSO: 3\u00aa SESS\u00c3O \u00daLTIMA [&hellip;]<\/p>\n","protected":false},"author":1,"featured_media":0,"parent":0,"menu_order":0,"comment_status":"closed","ping_status":"closed","template":"page-template-blank.php","meta":{"_et_pb_use_builder":"","_et_pb_old_content":"","_et_gb_content_width":"1080","ngg_post_thumbnail":0,"footnotes":""},"class_list":["post-5116","page","type-page","status-publish","hentry"],"yoast_head":"<!-- This site is optimized with the Yoast SEO plugin v24.4 - https:\/\/yoast.com\/wordpress\/plugins\/seo\/ -->\n<title>ORDEM DO DIA COMISS\u00d5ES C\u00c2MARA DOS DEPUTADOS 05\/09\/2024 - Legislapp<\/title>\n<meta name=\"robots\" content=\"index, follow, max-snippet:-1, max-image-preview:large, max-video-preview:-1\" \/>\n<link rel=\"canonical\" href=\"https:\/\/www.legislapp.com.br\/index.php\/ordem-dia-camara-quinta-feira-5-de-setembro-de-2024-2\/\" \/>\n<meta property=\"og:locale\" content=\"pt_BR\" \/>\n<meta property=\"og:type\" content=\"article\" \/>\n<meta property=\"og:title\" content=\"ORDEM DO DIA COMISS\u00d5ES C\u00c2MARA DOS DEPUTADOS 05\/09\/2024 - Legislapp\" \/>\n<meta property=\"og:description\" content=\"quinta-feira, 5 de setembro de 2024 &#8211; ORDEM DO DIA COMISS\u00d5ES C\u00c2MARA DOS DEPUTADOS 05\/09\/2024 C\u00c2MARA DOS DEPUTADOS 57\u00aa LEGISLATURA &#8211; 2\u00aa SESS\u00c3O LEGISLATIVA Em 5 de setembro de 2024 quinta-feira I &#8211; COMISS\u00d5ES PERMANENTES COMISS\u00c3O DE ADMINISTRA\u00c7\u00c3O E SERVI\u00c7O P\u00daBLICO AVISOS PROPOSI\u00c7\u00d5ES EM FASE DE RECEBIMENTO DE EMENDAS (5 SESS\u00d5ES) DECURSO: 3\u00aa SESS\u00c3O \u00daLTIMA [&hellip;]\" \/>\n<meta property=\"og:url\" content=\"https:\/\/www.legislapp.com.br\/index.php\/ordem-dia-camara-quinta-feira-5-de-setembro-de-2024-2\/\" \/>\n<meta property=\"og:site_name\" content=\"Legislapp\" \/>\n<meta property=\"article:publisher\" content=\"https:\/\/www.instagram.com\/legislapp\/\" \/>\n<meta property=\"og:image\" content=\"https:\/\/www.legislapp.com.br\/wp-content\/uploads\/2021\/07\/Logo-Legislapp-1-03-1.png\" \/>\n<meta name=\"twitter:card\" content=\"summary_large_image\" \/>\n<meta name=\"twitter:label1\" content=\"Est. tempo de leitura\" \/>\n\t<meta name=\"twitter:data1\" content=\"113 minutos\" \/>\n<script type=\"application\/ld+json\" class=\"yoast-schema-graph\">{\"@context\":\"https:\/\/schema.org\",\"@graph\":[{\"@type\":\"WebPage\",\"@id\":\"https:\/\/www.legislapp.com.br\/index.php\/ordem-dia-camara-quinta-feira-5-de-setembro-de-2024-2\/\",\"url\":\"https:\/\/www.legislapp.com.br\/index.php\/ordem-dia-camara-quinta-feira-5-de-setembro-de-2024-2\/\",\"name\":\"ORDEM DO DIA COMISS\u00d5ES C\u00c2MARA DOS DEPUTADOS 05\/09\/2024 - Legislapp\",\"isPartOf\":{\"@id\":\"https:\/\/www.legislapp.com.br\/#website\"},\"primaryImageOfPage\":{\"@id\":\"https:\/\/www.legislapp.com.br\/index.php\/ordem-dia-camara-quinta-feira-5-de-setembro-de-2024-2\/#primaryimage\"},\"image\":{\"@id\":\"https:\/\/www.legislapp.com.br\/index.php\/ordem-dia-camara-quinta-feira-5-de-setembro-de-2024-2\/#primaryimage\"},\"thumbnailUrl\":\"https:\/\/www.legislapp.com.br\/wp-content\/uploads\/2021\/07\/Logo-Legislapp-1-03-1.png\",\"datePublished\":\"2024-09-30T23:39:32+00:00\",\"breadcrumb\":{\"@id\":\"https:\/\/www.legislapp.com.br\/index.php\/ordem-dia-camara-quinta-feira-5-de-setembro-de-2024-2\/#breadcrumb\"},\"inLanguage\":\"pt-BR\",\"potentialAction\":[{\"@type\":\"ReadAction\",\"target\":[\"https:\/\/www.legislapp.com.br\/index.php\/ordem-dia-camara-quinta-feira-5-de-setembro-de-2024-2\/\"]}]},{\"@type\":\"ImageObject\",\"inLanguage\":\"pt-BR\",\"@id\":\"https:\/\/www.legislapp.com.br\/index.php\/ordem-dia-camara-quinta-feira-5-de-setembro-de-2024-2\/#primaryimage\",\"url\":\"https:\/\/www.legislapp.com.br\/wp-content\/uploads\/2021\/07\/Logo-Legislapp-1-03-1.png\",\"contentUrl\":\"https:\/\/www.legislapp.com.br\/wp-content\/uploads\/2021\/07\/Logo-Legislapp-1-03-1.png\",\"width\":2679,\"height\":2697},{\"@type\":\"BreadcrumbList\",\"@id\":\"https:\/\/www.legislapp.com.br\/index.php\/ordem-dia-camara-quinta-feira-5-de-setembro-de-2024-2\/#breadcrumb\",\"itemListElement\":[{\"@type\":\"ListItem\",\"position\":1,\"name\":\"In\u00edcio\",\"item\":\"https:\/\/www.legislapp.com.br\/\"},{\"@type\":\"ListItem\",\"position\":2,\"name\":\"ORDEM DO DIA COMISS\u00d5ES C\u00c2MARA DOS DEPUTADOS 05\/09\/2024\"}]},{\"@type\":\"WebSite\",\"@id\":\"https:\/\/www.legislapp.com.br\/#website\",\"url\":\"https:\/\/www.legislapp.com.br\/\",\"name\":\"Legislapp\",\"description\":\"Intelig\u00eancia governamental em tempo real\",\"publisher\":{\"@id\":\"https:\/\/www.legislapp.com.br\/#organization\"},\"potentialAction\":[{\"@type\":\"SearchAction\",\"target\":{\"@type\":\"EntryPoint\",\"urlTemplate\":\"https:\/\/www.legislapp.com.br\/?s={search_term_string}\"},\"query-input\":{\"@type\":\"PropertyValueSpecification\",\"valueRequired\":true,\"valueName\":\"search_term_string\"}}],\"inLanguage\":\"pt-BR\"},{\"@type\":\"Organization\",\"@id\":\"https:\/\/www.legislapp.com.br\/#organization\",\"name\":\"Legislapp Monitoramento e Intelig\u00eancia Governamental\",\"url\":\"https:\/\/www.legislapp.com.br\/\",\"logo\":{\"@type\":\"ImageObject\",\"inLanguage\":\"pt-BR\",\"@id\":\"https:\/\/www.legislapp.com.br\/#\/schema\/logo\/image\/\",\"url\":\"https:\/\/www.legislapp.com.br\/wp-content\/uploads\/icon.png\",\"contentUrl\":\"https:\/\/www.legislapp.com.br\/wp-content\/uploads\/icon.png\",\"width\":1024,\"height\":1024,\"caption\":\"Legislapp Monitoramento e Intelig\u00eancia Governamental\"},\"image\":{\"@id\":\"https:\/\/www.legislapp.com.br\/#\/schema\/logo\/image\/\"},\"sameAs\":[\"https:\/\/www.instagram.com\/legislapp\/\"]}]}<\/script>\n<!-- \/ Yoast SEO plugin. -->","yoast_head_json":{"title":"ORDEM DO DIA COMISS\u00d5ES C\u00c2MARA DOS DEPUTADOS 05\/09\/2024 - Legislapp","robots":{"index":"index","follow":"follow","max-snippet":"max-snippet:-1","max-image-preview":"max-image-preview:large","max-video-preview":"max-video-preview:-1"},"canonical":"https:\/\/www.legislapp.com.br\/index.php\/ordem-dia-camara-quinta-feira-5-de-setembro-de-2024-2\/","og_locale":"pt_BR","og_type":"article","og_title":"ORDEM DO DIA COMISS\u00d5ES C\u00c2MARA DOS DEPUTADOS 05\/09\/2024 - Legislapp","og_description":"quinta-feira, 5 de setembro de 2024 &#8211; ORDEM DO DIA COMISS\u00d5ES C\u00c2MARA DOS DEPUTADOS 05\/09\/2024 C\u00c2MARA DOS DEPUTADOS 57\u00aa LEGISLATURA &#8211; 2\u00aa SESS\u00c3O LEGISLATIVA Em 5 de setembro de 2024 quinta-feira I &#8211; COMISS\u00d5ES PERMANENTES COMISS\u00c3O DE ADMINISTRA\u00c7\u00c3O E SERVI\u00c7O P\u00daBLICO AVISOS PROPOSI\u00c7\u00d5ES EM FASE DE RECEBIMENTO DE EMENDAS (5 SESS\u00d5ES) DECURSO: 3\u00aa SESS\u00c3O \u00daLTIMA [&hellip;]","og_url":"https:\/\/www.legislapp.com.br\/index.php\/ordem-dia-camara-quinta-feira-5-de-setembro-de-2024-2\/","og_site_name":"Legislapp","article_publisher":"https:\/\/www.instagram.com\/legislapp\/","og_image":[{"url":"https:\/\/www.legislapp.com.br\/wp-content\/uploads\/2021\/07\/Logo-Legislapp-1-03-1.png","type":"","width":"","height":""}],"twitter_card":"summary_large_image","twitter_misc":{"Est. tempo de leitura":"113 minutos"},"schema":{"@context":"https:\/\/schema.org","@graph":[{"@type":"WebPage","@id":"https:\/\/www.legislapp.com.br\/index.php\/ordem-dia-camara-quinta-feira-5-de-setembro-de-2024-2\/","url":"https:\/\/www.legislapp.com.br\/index.php\/ordem-dia-camara-quinta-feira-5-de-setembro-de-2024-2\/","name":"ORDEM DO DIA COMISS\u00d5ES C\u00c2MARA DOS DEPUTADOS 05\/09\/2024 - Legislapp","isPartOf":{"@id":"https:\/\/www.legislapp.com.br\/#website"},"primaryImageOfPage":{"@id":"https:\/\/www.legislapp.com.br\/index.php\/ordem-dia-camara-quinta-feira-5-de-setembro-de-2024-2\/#primaryimage"},"image":{"@id":"https:\/\/www.legislapp.com.br\/index.php\/ordem-dia-camara-quinta-feira-5-de-setembro-de-2024-2\/#primaryimage"},"thumbnailUrl":"https:\/\/www.legislapp.com.br\/wp-content\/uploads\/2021\/07\/Logo-Legislapp-1-03-1.png","datePublished":"2024-09-30T23:39:32+00:00","breadcrumb":{"@id":"https:\/\/www.legislapp.com.br\/index.php\/ordem-dia-camara-quinta-feira-5-de-setembro-de-2024-2\/#breadcrumb"},"inLanguage":"pt-BR","potentialAction":[{"@type":"ReadAction","target":["https:\/\/www.legislapp.com.br\/index.php\/ordem-dia-camara-quinta-feira-5-de-setembro-de-2024-2\/"]}]},{"@type":"ImageObject","inLanguage":"pt-BR","@id":"https:\/\/www.legislapp.com.br\/index.php\/ordem-dia-camara-quinta-feira-5-de-setembro-de-2024-2\/#primaryimage","url":"https:\/\/www.legislapp.com.br\/wp-content\/uploads\/2021\/07\/Logo-Legislapp-1-03-1.png","contentUrl":"https:\/\/www.legislapp.com.br\/wp-content\/uploads\/2021\/07\/Logo-Legislapp-1-03-1.png","width":2679,"height":2697},{"@type":"BreadcrumbList","@id":"https:\/\/www.legislapp.com.br\/index.php\/ordem-dia-camara-quinta-feira-5-de-setembro-de-2024-2\/#breadcrumb","itemListElement":[{"@type":"ListItem","position":1,"name":"In\u00edcio","item":"https:\/\/www.legislapp.com.br\/"},{"@type":"ListItem","position":2,"name":"ORDEM DO DIA COMISS\u00d5ES C\u00c2MARA DOS DEPUTADOS 05\/09\/2024"}]},{"@type":"WebSite","@id":"https:\/\/www.legislapp.com.br\/#website","url":"https:\/\/www.legislapp.com.br\/","name":"Legislapp","description":"Intelig\u00eancia governamental em tempo real","publisher":{"@id":"https:\/\/www.legislapp.com.br\/#organization"},"potentialAction":[{"@type":"SearchAction","target":{"@type":"EntryPoint","urlTemplate":"https:\/\/www.legislapp.com.br\/?s={search_term_string}"},"query-input":{"@type":"PropertyValueSpecification","valueRequired":true,"valueName":"search_term_string"}}],"inLanguage":"pt-BR"},{"@type":"Organization","@id":"https:\/\/www.legislapp.com.br\/#organization","name":"Legislapp Monitoramento e Intelig\u00eancia Governamental","url":"https:\/\/www.legislapp.com.br\/","logo":{"@type":"ImageObject","inLanguage":"pt-BR","@id":"https:\/\/www.legislapp.com.br\/#\/schema\/logo\/image\/","url":"https:\/\/www.legislapp.com.br\/wp-content\/uploads\/icon.png","contentUrl":"https:\/\/www.legislapp.com.br\/wp-content\/uploads\/icon.png","width":1024,"height":1024,"caption":"Legislapp Monitoramento e Intelig\u00eancia Governamental"},"image":{"@id":"https:\/\/www.legislapp.com.br\/#\/schema\/logo\/image\/"},"sameAs":["https:\/\/www.instagram.com\/legislapp\/"]}]}},"_links":{"self":[{"href":"https:\/\/www.legislapp.com.br\/index.php\/wp-json\/wp\/v2\/pages\/5116","targetHints":{"allow":["GET"]}}],"collection":[{"href":"https:\/\/www.legislapp.com.br\/index.php\/wp-json\/wp\/v2\/pages"}],"about":[{"href":"https:\/\/www.legislapp.com.br\/index.php\/wp-json\/wp\/v2\/types\/page"}],"author":[{"embeddable":true,"href":"https:\/\/www.legislapp.com.br\/index.php\/wp-json\/wp\/v2\/users\/1"}],"replies":[{"embeddable":true,"href":"https:\/\/www.legislapp.com.br\/index.php\/wp-json\/wp\/v2\/comments?post=5116"}],"version-history":[{"count":0,"href":"https:\/\/www.legislapp.com.br\/index.php\/wp-json\/wp\/v2\/pages\/5116\/revisions"}],"wp:attachment":[{"href":"https:\/\/www.legislapp.com.br\/index.php\/wp-json\/wp\/v2\/media?parent=5116"}],"curies":[{"name":"wp","href":"https:\/\/api.w.org\/{rel}","templated":true}]}}