{"id":5909,"date":"2025-06-25T10:08:48","date_gmt":"2025-06-25T13:08:48","guid":{"rendered":"https:\/\/www.legislapp.com.br\/index.php\/camara-pec-14-2021\/"},"modified":"2025-06-25T10:08:48","modified_gmt":"2025-06-25T13:08:48","slug":"camara-pec-14-2021","status":"publish","type":"page","link":"https:\/\/www.legislapp.com.br\/index.php\/camara-pec-14-2021\/","title":{"rendered":"PEC 14\/2021 &#8211; Afonso Florence"},"content":{"rendered":"<h1 style='text-align: center;'>C\u00e2mara &#8211; Autoria de Afonso Florence<br \/><img src='https:\/\/www.camara.leg.br\/internet\/deputado\/bandep\/160508.jpg' alt='Afonso Florence' \/><\/h3>\n<p><\/p>\n<article style='text-align: center'>Altera o art. 198 da Constitui\u00e7\u00e3o Federal para estabelecer o Sistema de Prote\u00e7\u00e3o Social e Valoriza\u00e7\u00e3o dos Agentes Comunit\u00e1rios de Sa\u00fade e Agentes de Combate \u00e0s Endemias, a aposentadoria especial e exclusiva, e fixar a responsabilidade do gestor local do SUS pela regularidade do v\u00ednculo empregat\u00edcio desses profissionais.<\/article>\n<p><\/p>\n<p style='text-align: center'><a href='https:\/\/app.legislapp.com.br\/#\/busca?termo=Constitui\u00e7\u00e3o Federal (1988)'>Constitui\u00e7\u00e3o Federal (1988)<\/a>, <a href='https:\/\/app.legislapp.com.br\/#\/busca?termo=admiss\u00e3o'>admiss\u00e3o<\/a>, <a href='https:\/\/app.legislapp.com.br\/#\/busca?termo=agente comunit\u00e1rio de sa\u00fade'>agente comunit\u00e1rio de sa\u00fade<\/a>, <a href='https:\/\/app.legislapp.com.br\/#\/busca?termo=agente de combate \u00e0s endemias'>agente de combate \u00e0s endemias<\/a>, <a href='https:\/\/app.legislapp.com.br\/#\/busca?termo=processo seletivo'>processo seletivo<\/a>, <a href='https:\/\/app.legislapp.com.br\/#\/busca?termo=concurso p\u00fablico. _Cria\u00e7\u00e3o'>concurso p\u00fablico. _Cria\u00e7\u00e3o<\/a>, <a href='https:\/\/app.legislapp.com.br\/#\/busca?termo=Sistema de Prote\u00e7\u00e3o Social e Valoriza\u00e7\u00e3o dos Agentes Comunit\u00e1rios de Sa\u00fade e dos Agentes de Combate \u00e0s Endemias'>Sistema de Prote\u00e7\u00e3o Social e Valoriza\u00e7\u00e3o dos Agentes Comunit\u00e1rios de Sa\u00fade e dos Agentes de Combate \u00e0s Endemias<\/a>, <a href='https:\/\/app.legislapp.com.br\/#\/busca?termo=Sistema \u00danico de Sa\u00fade (SUS). _Compet\u00eancia'>Sistema \u00danico de Sa\u00fade (SUS). _Compet\u00eancia<\/a>, <a href='https:\/\/app.legislapp.com.br\/#\/busca?termo=Uni\u00e3o'>Uni\u00e3o<\/a>, <a href='https:\/\/app.legislapp.com.br\/#\/busca?termo=assist\u00eancia financeira'>assist\u00eancia financeira<\/a>, <a href='https:\/\/app.legislapp.com.br\/#\/busca?termo=Estado (ente federado)'>Estado (ente federado)<\/a>, <a href='https:\/\/app.legislapp.com.br\/#\/busca?termo=Distrito Federal'>Distrito Federal<\/a>, <a href='https:\/\/app.legislapp.com.br\/#\/busca?termo=Munic\u00edpio'>Munic\u00edpio<\/a>, <a href='https:\/\/app.legislapp.com.br\/#\/busca?termo=piso salarial'>piso salarial<\/a>, <a href='https:\/\/app.legislapp.com.br\/#\/busca?termo=educa\u00e7\u00e3o e forma\u00e7\u00e3o profissional'>educa\u00e7\u00e3o e forma\u00e7\u00e3o profissional<\/a>, <a href='https:\/\/app.legislapp.com.br\/#\/busca?termo=agente comunit\u00e1rio de sa\u00fade'>agente comunit\u00e1rio de sa\u00fade<\/a>, <a href='https:\/\/app.legislapp.com.br\/#\/busca?termo=agente de combate \u00e0s endemias. _Crit\u00e9rio'>agente de combate \u00e0s endemias. _Crit\u00e9rio<\/a>, <a href='https:\/\/app.legislapp.com.br\/#\/busca?termo=concess\u00e3o'>concess\u00e3o<\/a>, <a href='https:\/\/app.legislapp.com.br\/#\/busca?termo=aposentadoria especial'>aposentadoria especial<\/a>, <a href='https:\/\/app.legislapp.com.br\/#\/busca?termo=pens\u00e3o. _Agente comunit\u00e1rio de sa\u00fade'>pens\u00e3o. _Agente comunit\u00e1rio de sa\u00fade<\/a>, <a href='https:\/\/app.legislapp.com.br\/#\/busca?termo=agente de combate \u00e0s endemias'>agente de combate \u00e0s endemias<\/a>, <a href='https:\/\/app.legislapp.com.br\/#\/busca?termo=v\u00ednculo empregat\u00edcio'>v\u00ednculo empregat\u00edcio<\/a>, <a href='https:\/\/app.legislapp.com.br\/#\/busca?termo=car\u00e1ter tempor\u00e1rio'>car\u00e1ter tempor\u00e1rio<\/a>, <a href='https:\/\/app.legislapp.com.br\/#\/busca?termo=admiss\u00e3o'>admiss\u00e3o<\/a>, <a href='https:\/\/app.legislapp.com.br\/#\/busca?termo=regime jur\u00eddico'>regime jur\u00eddico<\/a>, <a href='https:\/\/app.legislapp.com.br\/#\/busca?termo=provimento de cargo p\u00fablico.'>provimento de cargo p\u00fablico.<\/a><\/p>\n<p><\/p>\n<article>PROPOSTA DE EMENDA \u00c0 CONSTITUI\u00c7\u00c3O N\u00ba_____, DE 2021<br \/>\n(Do Deputado Dr. Leonardo e outros)<br \/>\nAltera o art. 198 da Constitui\u00e7\u00e3o<br \/>\nFederal para estabelecer o Sistema<br \/>\nde Prote\u00e7\u00e3o Social e Valoriza\u00e7\u00e3o dos<br \/>\nAgentes Comunit\u00e1rios de Sa\u00fade e<br \/>\nAgentes de Combate \u00e0s Endemias, a<br \/>\naposentadoria especial e exclusiva, e<br \/>\nfixar a responsabilidade do gestor<br \/>\nlocal do SUS pela regularidade do<br \/>\nv\u00ednculo empregat\u00edcio desses<br \/>\nprofissionais.<\/p>\n<p>As Mesas da C\u00e2mara dos Deputados e do Senado Federal,<br \/>\nnos termos do \u00a7 3\u00ba do art. 60 da Constitui\u00e7\u00e3o Federal, promulgam a<br \/>\nseguinte emenda ao texto constitucional:<\/p>\n<p>Art. 1\u00ba Os \u00a7\u00a7 4\u00ba e 5\u00ba do art. 198 da Constitui\u00e7\u00e3o Federal<br \/>\npassam a vigorar                  com a seguinte reda\u00e7\u00e3o:<br \/>\n\u201cArt. 198.<br \/>\n&#8230;&#8230;&#8230;&#8230;&#8230;&#8230;&#8230;&#8230;&#8230;&#8230;&#8230;&#8230;&#8230;&#8230;&#8230;&#8230;&#8230;&#8230;&#8230;&#8230;&#8230;&#8230;&#8230;&#8230;&#8230;&#8230;&#8230;&#8230;&#8230;&#8230;&#8230;&#8230;&#8230;..<br \/>\n&#8230;.<br \/>\n&#8230;&#8230;&#8230;&#8230;&#8230;&#8230;&#8230;&#8230;&#8230;&#8230;&#8230;&#8230;&#8230;&#8230;&#8230;&#8230;&#8230;&#8230;&#8230;&#8230;&#8230;&#8230;&#8230;&#8230;&#8230;&#8230;&#8230;&#8230;<br \/>\n&#8230;&#8230;&#8230;&#8230;&#8230;&#8230;&#8230;&#8230;&#8230;&#8230;&#8230;&#8230;..<br \/>\n\u00a7 4\u00ba Os gestores locais do sistema \u00fanico de sa\u00fade dever\u00e3o<br \/>\nadmitir os agentes comunit\u00e1rios de sa\u00fade e agentes de<br \/>\ncombate \u00e0s endemias por meio de concurso p\u00fablico na sua<br \/>\nforma espec\u00edfica de processo seletivo p\u00fablico, de provimento<br \/>\nefetivo atendendo \u00e0 natureza e complexidade de suas<br \/>\natribui\u00e7\u00f5es e requisitos espec\u00edficos para sua atua\u00e7\u00e3o fixados<br \/>\nem Lei Federal.<br \/>\n\u00a7 5\u00ba A Uni\u00e3o, os Estados, Distrito Federal e os Munic\u00edpios<br \/>\ncomp\u00f5em o Sistema de Prote\u00e7\u00e3o Social e Valoriza\u00e7\u00e3o dos<br \/>\nAgentes Comunit\u00e1rios de Sa\u00fade e dos Agentes de Combate<br \/>\n\u00e0s Endemias, que integrar\u00e1 os direitos, servi\u00e7os e a\u00e7\u00f5es,<br \/>\npermanentes e interativas, da regulamenta\u00e7\u00e3o do v\u00ednculo<br \/>\nAssinado eletronicamente pelo(a) Dep. Dr. Leonardo e outros<br \/>\nPara verificar as assinaturas, acesse https:\/\/infoleg-autenticidade-assinatura.camara.leg.br\/CD210810068100<br \/>\nApresenta\u00e7\u00e3o: 25\/05\/2021 16:04 &#8211; Mesa<br \/>\n*CD210810068100* PEC n.14\/2021empregat\u00edcio junto ao gestor local do SUS, a remunera\u00e7\u00e3o,<br \/>\na aposentadoria e pens\u00e3o, sa\u00fade e assist\u00eancia, devendo lei<br \/>\nfederal dispor sobre o regime jur\u00eddico de provimento efetivo<br \/>\ne direto, as diretrizes para os Planos de Carreira, a fixa\u00e7\u00e3o<br \/>\ndo piso salarial profissional nacional como vencimento inicial<br \/>\nda carreira, a qualifica\u00e7\u00e3o e a regulamenta\u00e7\u00e3o das<br \/>\natividades dos profissionais agentes comunit\u00e1rios de sa\u00fade e<br \/>\nagentes de combates \u00e0s endemias;<\/p>\n<p>Art. 2\u00ba Acrescenta os \u00a7\u00a7 5\u00ba-A, 5\u00ba-B e 5\u00ba-C ao art. 198 da<br \/>\nConstitui\u00e7\u00e3o Federal:<\/p>\n<p>\u201cArt.<br \/>\n198&#8230;&#8230;&#8230;&#8230;&#8230;&#8230;&#8230;&#8230;&#8230;&#8230;&#8230;&#8230;&#8230;&#8230;&#8230;&#8230;&#8230;&#8230;&#8230;&#8230;&#8230;&#8230;&#8230;&#8230;&#8230;&#8230;&#8230;&#8230;&#8230;&#8230;&#8230;..<br \/>\n&#8230;&#8230;&#8230;..<br \/>\n&#8230;&#8230;&#8230;&#8230;&#8230;&#8230;&#8230;&#8230;&#8230;&#8230;&#8230;&#8230;&#8230;&#8230;&#8230;&#8230;&#8230;&#8230;&#8230;&#8230;&#8230;&#8230;&#8230;&#8230;&#8230;&#8230;&#8230;&#8230;<br \/>\n&#8230;&#8230;&#8230;&#8230;&#8230;&#8230;&#8230;&#8230;&#8230;&#8230;&#8230;&#8230;<\/p>\n<p>\u00a7 5\u00ba -A.  Compete \u00e0 Uni\u00e3o, nos termos da lei federal, prestar<br \/>\nassist\u00eancia financeira complementar aos Estados, ao Distrito<br \/>\nFederal e aos Munic\u00edpios, para o cumprimento do referido piso<br \/>\nsalarial e promover a implanta\u00e7\u00e3o da qualifica\u00e7\u00e3o profissional<br \/>\nna \u00e1rea de atua\u00e7\u00e3o como forma de desenvolvimento e<br \/>\nvaloriza\u00e7\u00e3o da carreira dos Agentes Comunit\u00e1rios de Sa\u00fade e<br \/>\ndos Agentes de Combate \u00e0s Endemias;<br \/>\n\u00a7 5\u00ba-B. \u00c9 vedada a inclus\u00e3o da assist\u00eancia financeira<br \/>\ncomplementar repassada pela Uni\u00e3o em limites de despesas<br \/>\nde pessoal de qualquer esp\u00e9cie, devendo ser considerado para<br \/>\nfins de custeio todos os recursos financeiros destinados pelo<br \/>\ngestor local do SUS \u00e0 execu\u00e7\u00e3o do Sistema de Prote\u00e7\u00e3o Social<br \/>\ne Valoriza\u00e7\u00e3o dos Agentes Comunit\u00e1rios de Sa\u00fade e dos<br \/>\nAgentes de Combate \u00e0s Endemias, n\u00e3o se aplicando nesses<br \/>\ncasos o disposto no inciso I, do art. 169 da Constitui\u00e7\u00e3o<br \/>\nFederal;<br \/>\n\u00a7 5\u00ba-C.  O Agente Comunit\u00e1rio de Sa\u00fade e o Agente de<br \/>\nCombate \u00e0s Endemias que comprovar atua\u00e7\u00e3o por 25 anos<br \/>\nexclusivamente no efetivo exerc\u00edcio das suas fun\u00e7\u00f5es de<br \/>\ncampo e nas unidades de sa\u00fade da aten\u00e7\u00e3o b\u00e1sica ou da<br \/>\nvigil\u00e2ncia epidemiol\u00f3gica e ambiental em atividades<br \/>\nrelacionadas \u00e0s suas fun\u00e7\u00f5es, coordena\u00e7\u00e3o, supervis\u00e3o ou<br \/>\nrepresenta\u00e7\u00e3o dos profissionais, ter\u00e3o direito \u00e0 aposentadoria<br \/>\nespecial e a pens\u00e3o de forma integral e parit\u00e1ria;<br \/>\nAssinado eletronicamente pelo(a) Dep. Dr. Leonardo e outros<br \/>\nPara verificar as assinaturas, acesse https:\/\/infoleg-autenticidade-assinatura.camara.leg.br\/CD210810068100<br \/>\nApresenta\u00e7\u00e3o: 25\/05\/2021 16:04 &#8211; Mesa<br \/>\n*CD210810068100* PEC n.14\/2021Art. 3\u00ba. Os profissionais que estejam desempenhando as<br \/>\natividades de agentes comunit\u00e1rios de sa\u00fade e de agentes de combate<br \/>\n\u00e0s endemias junto \u00e0 aten\u00e7\u00e3o b\u00e1sica ou \u00e0 vigil\u00e2ncia epidemiol\u00f3gica e<br \/>\nambiental do SUS na forma de v\u00ednculo empregat\u00edcio tempor\u00e1rio, indireto<br \/>\nou prec\u00e1rio na data da promulga\u00e7\u00e3o da presente emenda constitucional,<br \/>\ndever\u00e3o ser admitidos pelos gestores locais do SUS de acordo com o<br \/>\nregime jur\u00eddico dos servidores do ente federado contratante com<br \/>\nprovimento efetivo e direto, desde de que tenham se submetido ao<br \/>\nConcurso P\u00fablico na forma de Processo Seletivo P\u00fablico de provas ou de<br \/>\nprovas e t\u00edtulos ap\u00f3s 14 de fevereiro de 2006, sendo estes efetuados<br \/>\npor \u00f3rg\u00e3os ou entes da administra\u00e7\u00e3o direta ou indireta de Estados,<br \/>\nDistrito Federal ou Munic\u00edpios ou por institui\u00e7\u00f5es com efetiva supervis\u00e3o<br \/>\ne autoriza\u00e7\u00e3o da administra\u00e7\u00e3o direta dos entes da federa\u00e7\u00e3o;<\/p>\n<p>\u00a7 1\u00ba.  A certifica\u00e7\u00e3o da realiza\u00e7\u00e3o do  Concurso P\u00fablico na<br \/>\nforma de Processo Seletivo P\u00fablico de provas ou de provas e<br \/>\nt\u00edtulos  dos Agentes Comunit\u00e1rios de Sa\u00fade e Agentes de<br \/>\nCombate \u00e0s Endemias em atividade na data da publica\u00e7\u00e3o<br \/>\nda presente emenda com v\u00ednculo empregat\u00edcio tempor\u00e1rio,<br \/>\nindireto ou prec\u00e1rio se dar\u00e1 com a apresenta\u00e7\u00e3o da<br \/>\ndocumenta\u00e7\u00e3o que atenda aos princ\u00edpios da impessoalidade,<br \/>\nmoralidade, efici\u00eancia e legitimidade e na falta da<br \/>\napresenta\u00e7\u00e3o desta,  por parecer de Comiss\u00e3o Especial de<br \/>\nCertifica\u00e7\u00e3o criada pelo gestor local do SUS que atuar\u00e1 na<br \/>\njuntada de provas exclusivamente quando a comprova\u00e7\u00e3o<br \/>\ndo referido processo seletivo p\u00fablico ficar prejudicada em<br \/>\ndecorr\u00eancia do lapso temporal ou ainda intercorr\u00eancias<br \/>\nocasionadas por neglig\u00eancia ou imper\u00edcia no registro dos<br \/>\natos administrativos;<\/p>\n<p>\u00a7 2\u00ba. Alcan\u00e7a os efeitos da certifica\u00e7\u00e3o realizada pela<br \/>\nComiss\u00e3o Especial de Certifica\u00e7\u00e3o de que trata o par\u00e1grafo<br \/>\nanterior os profissionais Agentes Comunit\u00e1rios de Sa\u00fade e<br \/>\ndos Agentes de Combate \u00e0s Endemias contemplados pela<br \/>\nEmenda Constitucional n\u00ba 51, de 14 fevereiro de 2006 e que<br \/>\nainda estejam exercendo a atividade na forma de v\u00ednculo<br \/>\ntempor\u00e1rio, indireto ou prec\u00e1rio na data da publica\u00e7\u00e3o desta<br \/>\nEmenda Constitucional;<\/p>\n<p>\u00a7 3\u00ba.  Para efeito de certifica\u00e7\u00e3o do  Concurso P\u00fablico na<br \/>\nforma de Processo Seletivo P\u00fablico de provas ou de provas e<br \/>\nt\u00edtulos realizados ap\u00f3s 14 de fevereiro de 2006, dever\u00e1  ser<br \/>\nconsiderado nulo qualquer dispositivo do Edital que se<br \/>\nmanifestar contr\u00e1rio \u00e0 forma de admiss\u00e3o efetiva, direta e<br \/>\npor tempo indeterminado dos profissionais Agentes<br \/>\nComunit\u00e1rios de Sa\u00fade e dos Agentes de Combate \u00e0s<br \/>\nAssinado eletronicamente pelo(a) Dep. Dr. Leonardo e outros<br \/>\nPara verificar as assinaturas, acesse https:\/\/infoleg-autenticidade-assinatura.camara.leg.br\/CD210810068100<br \/>\nApresenta\u00e7\u00e3o: 25\/05\/2021 16:04 &#8211; Mesa<br \/>\n*CD210810068100* PEC n.14\/2021Endemias,  ressalvado a hip\u00f3tese dos editais de sele\u00e7\u00e3o<br \/>\nemergencial com a finalidade de combate a surtos<br \/>\nepid\u00eamicos, na forma da lei aplic\u00e1vel.<\/p>\n<p>Art 4\u00ba. O gestor local do SUS ficar\u00e1 impedido de firmar<br \/>\nconv\u00eanio e aderir \u00e0s novas estrat\u00e9gias de a\u00e7\u00f5es p\u00fablicas dos quais<br \/>\nimpliquem em repasses de recursos da Uni\u00e3o \u00e0 gest\u00e3o local at\u00e9 que seja<br \/>\ncomprovado a regularidade do v\u00ednculo efetivo e direito dos profissionais<br \/>\nAgentes Comunit\u00e1rios de Sa\u00fade e dos Agentes de Combate \u00e0s Endemias<br \/>\nna forma da presente Emenda, cabendo ao Tribunal de Contas da Uni\u00e3o<br \/>\nas medidas de fiscaliza\u00e7\u00e3o do cumprimento das condi\u00e7\u00f5es de repasse<br \/>\nfinanceiro da Uni\u00e3o aos demais entes federados nos termos do art. 71<br \/>\nda Constitui\u00e7\u00e3o Federal.<\/p>\n<p>Par\u00e1grafo \u00danico \u2013 O gestor local do SUS incorre nos<br \/>\nmesmos impedimentos previstos no caput quando a Comiss\u00e3o Especial<br \/>\nde Certifica\u00e7\u00e3o concluir pela inexist\u00eancia da anterior realiza\u00e7\u00e3o do<br \/>\nConcurso P\u00fablico na forma de Processo Seletivo P\u00fablico de provas ou de<br \/>\nprovas e t\u00edtulos, devendo manter o v\u00ednculo dos atuais Agentes<br \/>\nComunit\u00e1rios de Sa\u00fade e dos Agentes de Combate \u00e0s Endemias at\u00e9 a<br \/>\nrealiza\u00e7\u00e3o de novo Concurso P\u00fablico na forma de Processo Seletivo<br \/>\nP\u00fablico de provas ou de provas e t\u00edtulos.<\/p>\n<p>Art. 5\u00ba Esta emenda constitucional entra em vigor na data<br \/>\nda sua publica\u00e7\u00e3o.<br \/>\nJUSTIFICATVA<\/p>\n<p>O Sistema \u00danico de Sa\u00fade tem ao longo dos anos sofrido<br \/>\ngrandes transforma\u00e7\u00f5es e com isso se tornado cada vez mais<br \/>\nimprescind\u00edvel \u00e0 vida dos brasileiros e brasileiras. Boa parte dessas<br \/>\ntransforma\u00e7\u00f5es sofridas pelo SUS se d\u00e3o gra\u00e7as \u00e0 atua\u00e7\u00e3o dos<br \/>\nprofissionais Agentes Comunit\u00e1rios de Sa\u00fade e dos Agentes de Combate<br \/>\n\u00e0s Endemias -ACS e ACE, com suas atividades exclusivas no SUS.  S\u00e3o<br \/>\naproximadamente 400 mil profissionais   que nos permitiram fazer uma<br \/>\nradiografia social e sanit\u00e1ria do territ\u00f3rio brasileiro, estando presentes<br \/>\nem mais de 90% dos munic\u00edpios brasileiros, executando na ponta do<br \/>\nsistema a busca ativa, o acolhimento e acompanhamento domiciliar e<br \/>\nterritorial especialmente das comunidades mais vulner\u00e1veis.<\/p>\n<p>A essencialidade do trabalho desses profissionais para o SUS<br \/>\n\u00e9 inversamente valorizada pelo Estado, que ao longo da trajet\u00f3ria de<br \/>\nsurgimento dessas categorias, sempre priorizou as pol\u00edticas de sa\u00fade<br \/>\nAssinado eletronicamente pelo(a) Dep. Dr. Leonardo e outros<br \/>\nPara verificar as assinaturas, acesse https:\/\/infoleg-autenticidade-assinatura.camara.leg.br\/CD210810068100<br \/>\nApresenta\u00e7\u00e3o: 25\/05\/2021 16:04 &#8211; Mesa<br \/>\n*CD210810068100* PEC n.14\/2021p\u00fablica contando com a dedica\u00e7\u00e3o e o comprometimento pessoal desses<br \/>\nprofissionais em detrimento dos seus direitos m\u00ednimos, como repouso<br \/>\nsemanal, f\u00e9rias, receber ao menos o valor de 1 (um) sal\u00e1rio m\u00ednimo,<br \/>\nseguridade social, 13\u00ba sal\u00e1rio, condi\u00e7\u00f5es de trabalho, adicional de<br \/>\ninsalubridade, periculosidade, ajuda de transporte, EPI\u00b4s, horas extras,<br \/>\nqualifica\u00e7\u00e3o profissional entre outros.<\/p>\n<p>Muito j\u00e1 se fez para mitigar tantas perdas e falta de<br \/>\nvaloriza\u00e7\u00e3o.  O parlamento brasileiro j\u00e1 aprovou 2 Emendas \u00e0<br \/>\nConstitui\u00e7\u00e3o Federal \u00e0 favor dos ACS e ACE  fixando garantias<br \/>\nconstitucionais para proibir a precariza\u00e7\u00e3o do v\u00ednculo empregat\u00edcio e<br \/>\nestabeleceu o direito a um piso salarial com um m\u00ednimo de dignidade.<br \/>\nMas ainda assim, pouco mudou a realidade dessas categorias no seu dia<br \/>\na dia de trabalho. Ou seja, continuam a cada dia desempenhando um<br \/>\ntrabalho essencial e obrigat\u00f3rio na sa\u00fade preventiva e no SUS como um<br \/>\ntodo, mas infelizmente uma boa parte da categoria dos ACS e ACE do<br \/>\npa\u00eds ainda se encontra exercendo suas atividades de forma prec\u00e1ria,<br \/>\ncom v\u00ednculos tempor\u00e1rios e marginalizados da maioria de seus direitos<br \/>\nconstitucionais, sendo demitidos por conveni\u00eancia pol\u00edtica ou troca de<br \/>\ngestores.<\/p>\n<p>A proposta de emenda constitucional que ora apresentamos,<br \/>\ncuida da cria\u00e7\u00e3o do SISTEMA DE PROTE\u00c7\u00c3O SOCIAL E VALORIZA\u00c7\u00c3O<br \/>\nDOS ACS E ACE reconhecendo assim o papel essencial e exclusivo<br \/>\ndesses profissionais ao SUS, e sobretudo estabelecendo condi\u00e7\u00f5es<br \/>\nm\u00ednimas de repara\u00e7\u00e3o do Estado aos anos de neglig\u00eancia com os<br \/>\ndireitos desses trabalhadores que est\u00e3o desempenhando tais atividades<br \/>\nh\u00e1 30 anos ao longo da consolida\u00e7\u00e3o do SUS.<\/p>\n<p>Com o SISTEMA DE PROTE\u00c7\u00c3O SOCIAL E VALORIZA\u00c7\u00c3O<br \/>\nDOS ACS E ACE ainda ser\u00e1 poss\u00edvel garantir o fortalecimento do SUS na<br \/>\nmedida em que se agrega seguran\u00e7a jur\u00eddica ao v\u00ednculo empregat\u00edcio e<br \/>\nse  fomenta a valoriza\u00e7\u00e3o da carreira desses profissionais inclusive com<br \/>\ninvestimento em qualifica\u00e7\u00e3o, e se torne acess\u00edvel o direito \u00e0 parcelas<br \/>\nremunerat\u00f3rias modais da categoria como a insalubridade, a<br \/>\npericulosidade e o aux\u00edlio transporte e se reconhe\u00e7a o direito a uma<br \/>\naposentadoria especial e exclusiva por exerc\u00edcio de sua atividades.<\/p>\n<p>Com esses objetivos a PEC trar\u00e1 justi\u00e7a social para os ACS e<br \/>\nACE indo ao encontro de v\u00e1rias demandas trazidas pelas lideran\u00e7as da<br \/>\ncategoria, sabidamente uma das mais organizadas e proativas no<br \/>\ncen\u00e1rio legislativo nacional, das quais destacamos:<\/p>\n<p>A) A defini\u00e7\u00e3o expressa no texto constitucional que<br \/>\n\u201cprocesso seletivo p\u00fablico\u201d \u00e9 uma forma espec\u00edfica<br \/>\ndo concurso p\u00fablico previsto no art. 37, II da CF\/88,<br \/>\nmas aplic\u00e1vel aos ACS e ACE devido \u00e0s especificidades<br \/>\nda categoria quanto ao princ\u00edpio do v\u00ednculo com o<br \/>\nAssinado eletronicamente pelo(a) Dep. Dr. Leonardo e outros<br \/>\nPara verificar as assinaturas, acesse https:\/\/infoleg-autenticidade-assinatura.camara.leg.br\/CD210810068100<br \/>\nApresenta\u00e7\u00e3o: 25\/05\/2021 16:04 &#8211; Mesa<br \/>\n*CD210810068100* PEC n.14\/2021territ\u00f3rio de atua\u00e7\u00e3o, sendo essa quest\u00e3o, em grande<br \/>\nparte um dos maiores motivos de precariza\u00e7\u00e3o do<br \/>\nv\u00ednculo empregat\u00edcio da categoria, dividindo o<br \/>\nentendimento dos operadores do direito e tribunais de<br \/>\ntodo o Pa\u00eds e fazendo com que haja agentes de<br \/>\nprimeira, segunda e terceira classe. Assim, pretende-se<br \/>\nuniformizar o acesso ao direito de provimento<br \/>\nefetivo e direto de todos os ACS e ACE que passaram<br \/>\nem processo seletivo p\u00fablico de provas ou de provas e<br \/>\nt\u00edtulos ao cargo p\u00fablico ou emprego p\u00fablico de acordo<br \/>\ncom o regime jur\u00eddico do ente empregador, sendo esse<br \/>\no entendimento de in\u00fameros Tribunais do Poder<br \/>\nJudici\u00e1rio e tamb\u00e9m Tribunais de Contas que aqui<br \/>\ncitamos como exemplos os de Goi\u00e1s, do Cear\u00e1,<br \/>\nPernambuco, Para\u00edba, da Bahia, Piau\u00ed entre outros;<br \/>\nB) Garantir a valoriza\u00e7\u00e3o da carreira da categoria dos ACS<br \/>\ne ACE  n\u00e3o s\u00f3 fixando o direito ao piso salarial nacional<br \/>\ncomo sendo o correspondente ao vencimento inicial das<br \/>\nsuas carreiras, como tamb\u00e9m garantindo o<br \/>\ndesenvolvimento dessa carreira mediante a qualifica\u00e7\u00e3o<br \/>\ndesses profissionais;<br \/>\nC) Restabelecer a seguran\u00e7a jur\u00eddica aos profissionais ACS<br \/>\ne ACE que ap\u00f3s 14 de fevereiro de 2006 passaram pelo<br \/>\nconcurso p\u00fablico na forma de processo seletivo p\u00fablico,<br \/>\nmas ainda permanecem no exerc\u00edcio de suas atividades<br \/>\nmarginalizados do v\u00ednculo efetivo e direto, evitando<br \/>\nassim uma ruptura imediata da atividade desses<br \/>\nprofissionais ocasionada por demiss\u00f5es em massa,<br \/>\ncausando enorme preju\u00edzo e desequil\u00edbrio ao SUS, pois<br \/>\nvivemos em tempos de Pandemia do Coronavirus, e as<br \/>\n\u00fanicas a\u00e7\u00f5es eficazes conhecidas pela medicina \u00e9 o<br \/>\nisolamento social e a vacina\u00e7\u00e3o, dois caminhos  em que<br \/>\nos ACS e ACE s\u00e3o estrategicamente fundamentais para<br \/>\no seu sucesso, seja pela larga experi\u00eancia de<br \/>\nmobiliza\u00e7\u00e3o social ou seja pela capacidade de busca<br \/>\nativa dos casos de Covid em suas comunidades, o que<br \/>\nse projeta em um grande desafio para a categoria no<br \/>\np\u00f3s pandemia, qual seja, o acompanhamento e<br \/>\nacolhimento da popula\u00e7\u00e3o sequelada pela COVID-19.<br \/>\nD) Criar e reconhecer o direito da Aposentadoria Especial<br \/>\npela atividade exclusiva por 25 anos dos ACS e ACE, \u00e9<br \/>\nreparar uma grande injusti\u00e7a hist\u00f3rica cometida pelo<br \/>\nEstado brasileiro contra essa categoria, pois ap\u00f3s anos<br \/>\nde trabalho com dedica\u00e7\u00e3o quase integral, sendo<br \/>\nAssinado eletronicamente pelo(a) Dep. Dr. Leonardo e outros<br \/>\nPara verificar as assinaturas, acesse https:\/\/infoleg-autenticidade-assinatura.camara.leg.br\/CD210810068100<br \/>\nApresenta\u00e7\u00e3o: 25\/05\/2021 16:04 &#8211; Mesa<br \/>\n*CD210810068100* PEC n.14\/2021muitas vezes a \u00fanica \u201ccara\u201d do SUS pelos rinc\u00f5es e<br \/>\nperiferias de nosso pa\u00eds, trabalhando em condi\u00e7\u00f5es<br \/>\nrotineiras e de grande envolvimento social e<br \/>\npsicol\u00f3gico, exposto \u00e0 viol\u00eancia social e as intemp\u00e9ries<br \/>\nclim\u00e1ticas tornando nesse contexto inconceb\u00edvel tratar<br \/>\nessa categoria como um trabalhador pleno em suas<br \/>\ngarantias na rela\u00e7\u00e3o trabalhista sejam elas do setor<br \/>\nprivado ou p\u00fablico.  Os ACS e ACE, tendo o Estado<br \/>\ncomo ente empregador, foram totalmente<br \/>\nmarginalizados, primeiro porque mesmo com todo o<br \/>\naparato de fiscaliza\u00e7\u00e3o da m\u00e1quina p\u00fablica, ainda se<br \/>\npermitiu por anos, e ao que parece ainda se permite,<br \/>\nque os ACS e ACE sejam lesados na sua seguridade<br \/>\nsocial, boa parte pelo fato de que simplesmente os<br \/>\ngestores locais do SUS n\u00e3o serem informados como<br \/>\ntrabalhadores \u00e0 previd\u00eancia social; segundo por serem<br \/>\numa categoria relativamente nova, e ainda n\u00e3o ter sido<br \/>\nfeito nenhum estudo da expectativa de vida e<br \/>\ncondi\u00e7\u00f5es de sobrevida desses trabalhadores ap\u00f3s seus<br \/>\n25 anos de atividade laboral exclusiva na fun\u00e7\u00e3o de<br \/>\nACS e ACE, pois o que se sabe ao certo \u00e9 que, uma<br \/>\ngrande parcela desses trabalhadores que j\u00e1 alcan\u00e7aram<br \/>\nesse tempo de servi\u00e7o, hoje se encontram<br \/>\ndesmotivados com a perspetiva de uma aposentadoria<br \/>\nde 1 sal\u00e1rio m\u00ednimo e adoecidos por enfermidades<br \/>\nrelacionadas ao trabalho. Como os ACS e ACE s\u00e3o<br \/>\nprofissionais exclusivos do SUS, e em grande parte da<br \/>\nsua vida receberam o que minimamente a Uni\u00e3o<br \/>\nrepassa aos gestores locais do SUS, n\u00e3o faz nenhum<br \/>\nsentido.  Isso nos obriga a fazer a reflex\u00e3o e apelar ao<br \/>\nbom senso ou ao senso de justi\u00e7a de que a tais<br \/>\nprofissionais, n\u00e3o \u00e9 cab\u00edvel as mesmas regras da<br \/>\naposentadoria comum.  \u00c9 nosso dever reconhecer suas<br \/>\nespecificidades e atribuir o  tratamento de<br \/>\naposentadoria especial, exclusiva, integral e parit\u00e1ria<br \/>\nassim como se abstrai das referidas particularidades<br \/>\ndas aposentadorias dos militares e professores de<br \/>\nensino fundamental e m\u00e9dio.<br \/>\nE) Por fim, resta ainda conciliar a efetividade dessas a\u00e7\u00f5es<br \/>\ncom a capacidade de propiciar condi\u00e7\u00f5es legais e<br \/>\nor\u00e7ament\u00e1rias dos gestores locais do SUS para<br \/>\nimplementar o SISTEMA DE PROTE\u00c7\u00c3O E<br \/>\nVALORIZA\u00c7\u00c3O DOS ACS E ACE que alcan\u00e7ar\u00e1 um novo<br \/>\npatamar conceitual. A presente proposta de emenda<br \/>\nconstitucional trata os investimentos da Uni\u00e3o, dos<br \/>\nEstados, Distrito Federal e Munic\u00edpios como verba de<br \/>\nAssinado eletronicamente pelo(a) Dep. Dr. Leonardo e outros<br \/>\nPara verificar as assinaturas, acesse https:\/\/infoleg-autenticidade-assinatura.camara.leg.br\/CD210810068100<br \/>\nApresenta\u00e7\u00e3o: 25\/05\/2021 16:04 &#8211; Mesa<br \/>\n*CD210810068100* PEC n.14\/2021custeio ao citado sistema, desvinculado qualquer<br \/>\ndesses recursos \u00e0s despesas de pessoal.<\/p>\n<p>Certos que estamos contribuindo para a promo\u00e7\u00e3o da justi\u00e7a<br \/>\ne para a valoriza\u00e7\u00e3o do SUS em todo o Pa\u00eds, esperamos contar com o<br \/>\napoio de nossos Pares na aprova\u00e7\u00e3o desta Proposta de Emenda \u00e0<br \/>\nConstitui\u00e7\u00e3o.<br \/>\nSala das Sess\u00f5es, em             de<br \/>\nde 2021.<br \/>\nDeputado Dr. Leonardo<br \/>\nSolidariedade &#8211; MT<\/p>\n<p>Assinado eletronicamente pelo(a) Dep. Dr. Leonardo e outros<br \/>\nPara verificar as assinaturas, acesse https:\/\/infoleg-autenticidade-assinatura.camara.leg.br\/CD210810068100<br \/>\nApresenta\u00e7\u00e3o: 25\/05\/2021 16:04 &#8211; Mesa<br \/>\n*CD210810068100* PEC n.14\/2021C\u00c2MARA DOS DEPUTADOS<br \/>\nInfoleg &#8211; Autenticador<br \/>\nProposta de Emenda \u00e0 Constitui\u00e7\u00e3o<br \/>\n(Do Sr. Dr. Leonardo )<\/p>\n<p>Altera o art. 198 da Constitui\u00e7\u00e3o<br \/>\nFederal para estabelecer o Sistema de<br \/>\nProte\u00e7\u00e3o Social e Valoriza\u00e7\u00e3o dos Agentes<br \/>\nComunit\u00e1rios de Sa\u00fade e Agentes de<br \/>\nCombate \u00e0s Endemias, a aposentadoria<br \/>\nespecial e exclusiva, e fixar a<br \/>\nresponsabilidade do gestor local do SUS<br \/>\npela regularidade do v\u00ednculo empregat\u00edcio<br \/>\ndesses profissionais.<\/p>\n<p>Assinaram eletronicamente o documento CD210810068100, nesta ordem:<\/p>\n<p> 1  Dep. Dr. Leonardo (SOLIDARI\/MT)<br \/>\n 2  Dep. Aureo Ribeiro (SOLIDARI\/RJ)<br \/>\n 3  Dep. Jorge Solla (PT\/BA)<br \/>\n 4  Dep. Antonio Brito (PSD\/BA)<br \/>\n 5  Dep. Maria do Ros\u00e1rio (PT\/RS)<br \/>\n 6  Dep. Odorico Monteiro (PSB\/CE)<br \/>\n 7  Dep. H\u00e9lio Leite (DEM\/PA)<br \/>\n 8  Dep. \u00c1tila Lins (PP\/AM)<br \/>\n 9  Dep. Jos\u00e9 Airton F\u00e9lix Cirilo (PT\/CE)<br \/>\n 10  Dep. Tia Eron (REPUBLIC\/BA)<br \/>\n 11  Dep. Rubens Bueno (CIDADANIA\/PR)<br \/>\n 12  Dep. Efraim Filho (DEM\/PB) *-(P_113862)<br \/>\n 13  Dep. Luciano Ducci (PSB\/PR)<br \/>\n 14  Dep. Z\u00e9 Neto (PT\/BA)<br \/>\n 15  Dep. Enio Verri (PT\/PR)<br \/>\n 16  Dep. Waldenor Pereira (PT\/BA)<br \/>\n 17  Dep. Heitor Freire (PSL\/CE)<br \/>\n 18  Dep. Tito (AVANTE\/BA)<br \/>\nAssinado eletronicamente pelo(a) Dep. Dr. Leonardo e outros<br \/>\n 19  Dep. Dagoberto Nogueira (PDT\/MS)<br \/>\nPara verificar as assinaturas, acesse https:\/\/infoleg-autenticidade-assinatura.camara.leg.br\/CD210810068100<br \/>\nApresenta\u00e7\u00e3o: 25\/05\/2021 16:04 &#8211; Mesa<br \/>\nPEC n.14\/2021 20  Dep. Rose Modesto (PSDB\/MS)<br \/>\n 21  Dep. Pompeo de Mattos (PDT\/RS)<br \/>\n 22  Dep. Ronaldo Carletto (PP\/BA)<br \/>\n 23  Dep. Mauro Nazif (PSB\/RO)<br \/>\n 24  Dep. Silas C\u00e2mara (REPUBLIC\/AM)<br \/>\n 25  Dep. Bohn Gass (PT\/RS) *-(p_7800)<br \/>\n 26  Dep. Z\u00e9 Silva (SOLIDARI\/MG)<br \/>\n 27  Dep. Fl\u00e1via Morais (PDT\/GO)<br \/>\n 28  Dep. Elias Vaz (PSB\/GO)<br \/>\n 29  Dep. Jo\u00e3o Daniel (PT\/SE)<br \/>\n 30  Dep. Beto Faro (PT\/PA)<br \/>\n 31  Dep. Rog\u00e9rio Correia (PT\/MG)<br \/>\n 32  Dep. Nat\u00e1lia Bonavides (PT\/RN)<br \/>\n 33  Dep. Vander Loubet (PT\/MS)<br \/>\n 34  Dep. Jos\u00e9 Guimar\u00e3es (PT\/CE)<br \/>\n 35  Dep. Afonso Florence (PT\/BA)<br \/>\n 36  Dep. Leo de Brito (PT\/AC)<br \/>\n 37  Dep. Erika Kokay (PT\/DF)<br \/>\n 38  Dep. Paulo Teixeira (PT\/SP)<br \/>\n 39  Dep. Nilto Tatto (PT\/SP)<br \/>\n 40  Dep. Benedita da Silva (PT\/RJ)<br \/>\n 41  Dep. Patrus Ananias (PT\/MG)<br \/>\n 42  Dep. Jos\u00e9 Ricardo (PT\/AM)<br \/>\n 43  Dep. Helder Salom\u00e3o (PT\/ES)<br \/>\n 44  Dep. Airton Faleiro (PT\/PA)<br \/>\n 45  Dep. Vicentinho (PT\/SP)<br \/>\n 46  Dep. C\u00e9lio Moura (PT\/TO)<br \/>\n 47  Dep. Alice Portugal (PCdoB\/BA)<br \/>\n 48  Dep. Leonardo Monteiro (PT\/MG)<br \/>\n 49  Dep. Padre Jo\u00e3o (PT\/MG)<br \/>\n 50  Dep. Professor Joziel (PSL\/RJ)<br \/>\n 51  Dep. Pedro Uczai (PT\/SC)<br \/>\n 52  Dep. Luizianne Lins (PT\/CE)<br \/>\n 53  Dep. Rubens Otoni (PT\/GO)<br \/>\n 54  Dep. Henrique Fontana (PT\/RS)<br \/>\n 55  Dep. Professora Rosa Neide (PT\/MT)<br \/>\n 56  Dep. Gleisi Hoffmann (PT\/PR)<br \/>\nAssinado eletronicamente pelo(a) Dep. Dr. Leonardo e outros<br \/>\n 57  Dep. Marcon (PT\/RS)<br \/>\nPara verificar as assinaturas, acesse https:\/\/infoleg-autenticidade-assinatura.camara.leg.br\/CD210810068100<br \/>\nApresenta\u00e7\u00e3o: 25\/05\/2021 16:04 &#8211; Mesa<br \/>\nPEC n.14\/2021 58  Dep. Alexandre Padilha (PT\/SP)<br \/>\n 59  Dep. Carlos Veras (PT\/PE)<br \/>\n 60  Dep. Valmir Assun\u00e7\u00e3o (PT\/BA)<br \/>\n 61  Dep. Daniel Almeida (PCdoB\/BA)<br \/>\n 62  Dep. Alencar Santana Braga (PT\/SP)<br \/>\n 63  Dep. Merlong Solano (PT\/PI)<br \/>\n 64  Dep. Luiz Nishimori (PL\/PR)<br \/>\n 65  Dep. Rejane Dias (PT\/PI)<br \/>\n 66  Dep. Rodrigo Coelho (PSB\/SC)<br \/>\n 67  Dep. Paulo Guedes (PT\/MG)<br \/>\n 68  Dep. Gerv\u00e1sio Maia (PSB\/PB)<br \/>\n 69  Dep. Vivi Reis (PSOL\/PA)<br \/>\n 70  Dep. L\u00eddice da Mata (PSB\/BA)<br \/>\n 71  Dep. Eduardo da Fonte (PP\/PE)<br \/>\n 72  Dep. Frei Anastacio Ribeiro (PT\/PB)<br \/>\n 73  Dep. Marcelo Nilo (PSB\/BA)<br \/>\n 74  Dep. Andr\u00e9 Figueiredo (PDT\/CE)<br \/>\n 75  Dep. Nicoletti (PSL\/RR)<br \/>\n 76  Dep. Uldurico Junior (PROS\/BA)<br \/>\n 77  Dep. Alcides Rodrigues (PATRIOTA\/GO)<br \/>\n 78  Dep. Joseildo Ramos (PT\/BA)<br \/>\n 79  Dep. Hildo Rocha (MDB\/MA)<br \/>\n 80  Dep. M\u00e1rcio Marinho (REPUBLIC\/BA)<br \/>\n 81  Dep. Norma Ayub (DEM\/ES)<br \/>\n 82  Dep. Tadeu Alencar (PSB\/PE)<br \/>\n 83  Dep. Mar\u00edlia Arraes (PT\/PE)<br \/>\n 84  Dep. Paul\u00e3o (PT\/AL)<br \/>\n 85  Dep. Bacelar (PODE\/BA)<br \/>\n 86  Dep. Bia Cavassa (PSDB\/MS)<br \/>\n 87  Dep. Paulo Pimenta (PT\/RS)<br \/>\n 88  Dep. Capit\u00e3o Alberto Neto (REPUBLIC\/AM)<br \/>\n 89  Dep. Jo\u00e3o Campos (REPUBLIC\/GO)<br \/>\n 90  Dep. Domingos Neto (PSD\/CE)<br \/>\n 91  Dep. Bira do Pindar\u00e9 (PSB\/MA)<br \/>\n 92  Dep. Z\u00e9 Carlos (PT\/MA)<br \/>\n 93  Dep. Geninho Zuliani (DEM\/SP)<br \/>\n 94  Dep. Charles Fernandes (PSD\/BA)<br \/>\nAssinado eletronicamente pelo(a) Dep. Dr. Leonardo e outros<br \/>\n 95  Dep. Paulo Ramos (PDT\/RJ)<br \/>\nPara verificar as assinaturas, acesse https:\/\/infoleg-autenticidade-assinatura.camara.leg.br\/CD210810068100<br \/>\nApresenta\u00e7\u00e3o: 25\/05\/2021 16:04 &#8211; Mesa<br \/>\nPEC n.14\/2021 96  Dep. F\u00e1bio Trad (PSD\/MS)<br \/>\n 97  Dep. Eduardo Costa (PTB\/PA)<br \/>\n 98  Dep. Professora Marcivania (PCdoB\/AP)<br \/>\n 99  Dep. Jandira Feghali (PCdoB\/RJ)<br \/>\n 100  Dep. Capit\u00e3o Wagner (PROS\/CE)<br \/>\n 101  Dep. Perp\u00e9tua Almeida (PCdoB\/AC)<br \/>\n 102  Dep. Loester Trutis (PSL\/MS)<br \/>\n 103  Dep. Camilo Capiberibe (PSB\/AP)<br \/>\n 104  Dep. Fernando Rodolfo (PL\/PE)<br \/>\n 105  Dep. Idilvan Alencar (PDT\/CE)<br \/>\n 106  Dep. Orlando Silva (PCdoB\/SP)<br \/>\n 107  Dep. Vilson da Fetaemg (PSB\/MG)<br \/>\n 108  Dep. Lucas Vergilio (SOLIDARI\/GO)<br \/>\n 109  Dep. Carmen Zanotto (CIDADANIA\/SC)<br \/>\n 110  Dep. J\u00fanior Mano (PL\/CE)<br \/>\n 111  Dep. Covatti Filho (PP\/RS)<br \/>\n 112  Dep. Pastor Sargento Isid\u00f3rio (AVANTE\/BA)<br \/>\n 113  Dep. Beto Pereira (PSDB\/MS)<br \/>\n 114  Dep. Edna Henrique (PSDB\/PB)<br \/>\n 115  Dep. Aliel Machado (PSB\/PR)<br \/>\n 116  Dep. Danilo Cabral (PSB\/PE)<br \/>\n 117  Dep. Jefferson Campos (PSB\/SP)<br \/>\n 118  Dep. Alessandro Molon (PSB\/RJ)<br \/>\n 119  Dep. Augusto Coutinho (SOLIDARI\/PE)<br \/>\n 120  Dep. Ted Conti (PSB\/ES)<br \/>\n 121  Dep. David Soares (DEM\/SP)<br \/>\n 122  Dep. Gonzaga Patriota (PSB\/PE)<br \/>\n 123  Dep. Afonso Motta (PDT\/RS)<br \/>\n 124  Dep. Wolney Queiroz (PDT\/PE)<br \/>\n 125  Dep. C\u00e9lio Studart (PV\/CE)<br \/>\n 126  Dep. Glaustin da Fokus (PSC\/GO)<br \/>\n 127  Dep. Professor Israel Batista (PV\/DF)<br \/>\n 128  Dep. Marcelo Freixo (PSOL\/RJ)<br \/>\n 129  Dep. Ottaci Nascimento (SOLIDARI\/RR)<br \/>\n 130  Dep. Marina Santos (SOLIDARI\/PI)<br \/>\n 131  Dep. Gustinho Ribeiro (SOLIDARI\/SE)<br \/>\n 132  Dep. Dra. Vanda Milani (SOLIDARI\/AC)<br \/>\nAssinado eletronicamente pelo(a) Dep. Dr. Leonardo e outros<br \/>\n 133  Dep. Tal\u00edria Petrone (PSOL\/RJ) *-(p_6337)<br \/>\nPara verificar as assinaturas, acesse https:\/\/infoleg-autenticidade-assinatura.camara.leg.br\/CD210810068100<br \/>\nApresenta\u00e7\u00e3o: 25\/05\/2021 16:04 &#8211; Mesa<br \/>\nPEC n.14\/2021 134  Dep. Professor Alcides (PP\/GO)<br \/>\n 135  Dep. Milton Coelho (PSB\/PE)<br \/>\n 136  Dep. Aline Gurgel (REPUBLIC\/AP)<br \/>\n 137  Dep. Vaidon Oliveira (PROS\/CE)<br \/>\n 138  Dep. Cleber Verde (REPUBLIC\/MA)<br \/>\n 139  Dep. Luiza Erundina (PSOL\/SP)<br \/>\n 140  Dep. Pedro Augusto Bezerra (PTB\/CE)<br \/>\n 141  Dep. Zeca Dirceu (PT\/PR)<br \/>\n 142  Dep. Felipe Francischini (PSL\/PR)<br \/>\n 143  Dep. Totonho Lopes (PDT\/CE)<br \/>\n 144  Dep. Hermes Parcianello (MDB\/PR)<br \/>\n 145  Dep. Reginaldo Lopes (PT\/MG)<br \/>\n 146  Dep. Christiane de Souza Yared (PL\/PR)<br \/>\n 147  Dep. Jaqueline Cassol (PP\/RO)<br \/>\n 148  Dep. Eduardo Bismarck (PDT\/CE)<br \/>\n 149  Dep. Capit\u00e3o F\u00e1bio Abreu (PL\/PI)<br \/>\n 150  Dep. AJ Albuquerque (PP\/CE)<br \/>\n 151  Dep. T\u00falio Gad\u00ealha (PDT\/PE)<br \/>\n 152  Dep. Bosco Saraiva (SOLIDARI\/AM)<br \/>\n 153  Dep. Delegado Waldir (PSL\/GO)<br \/>\n 154  Dep. Chico D&#8217;Angelo (PDT\/RJ)<br \/>\n 155  Dep. F\u00e1bio Henrique (PDT\/SE)<br \/>\n 156  Dep. Subtenente Gonzaga (PDT\/MG)<br \/>\n 157  Dep. Rui Falc\u00e3o (PT\/SP)<br \/>\n 158  Dep. Silvia Cristina (PDT\/RO)<br \/>\n 159  Dep. Fl\u00e1vio Nogueira (PDT\/PI)<br \/>\n 160  Dep. Carlos Zarattini (PT\/SP)<br \/>\n 161  Dep. Dr. Jaziel (PL\/CE)<br \/>\n 162  Dep. Gustavo Fruet (PDT\/PR)<br \/>\n 163  Dep. Jose Mario Schreiner (DEM\/GO)<br \/>\n 164  Dep. Alex Santana (PDT\/BA)<br \/>\n 165  Dep. Jos\u00e9 Nelto (PODE\/GO)<br \/>\n 166  Dep. Emanuel Pinheiro Neto (PTB\/MT)<br \/>\n 167  Dep. Moses Rodrigues (MDB\/CE)<br \/>\n 168  Dep. Eli Borges (SOLIDARI\/TO)<br \/>\n 169  Dep. Jo\u00e3o Carlos Bacelar (PL\/BA)<br \/>\n 170  Dep. Paulo Azi (DEM\/BA)<br \/>\nAssinado eletronicamente pelo(a) Dep. Dr. Leonardo e outros<br \/>\n 171  Dep. Juarez Costa (MDB\/MT)<br \/>\nPara verificar as assinaturas, acesse https:\/\/infoleg-autenticidade-assinatura.camara.leg.br\/CD210810068100<br \/>\nApresenta\u00e7\u00e3o: 25\/05\/2021 16:04 &#8211; Mesa<br \/>\nPEC n.14\/2021 172  Dep. Le\u00f4nidas Cristino (PDT\/CE)<br \/>\n 173  Dep. Dr. Luiz Ovando (PSL\/MS)<br \/>\n 174  Dep. Pedro Lucas Fernandes (PTB\/MA)<br \/>\n 175  Dep. Andr\u00e9 de Paula (PSD\/PE)<br \/>\n 176  Dep. Professora Dayane Pimentel (PSL\/BA)<br \/>\n 177  Dep. Danilo Forte (PSDB\/CE)<br \/>\n 178  Dep. F\u00e1bio Ramalho (MDB\/MG)<br \/>\n* Chancela eletr\u00f4nica do(a) deputado(a), nos termos de delega\u00e7\u00e3o regulamentada no Ato da mesa n. 25 de 2015.<br \/>\nAssinado eletronicamente pelo(a) Dep. Dr. Leonardo e outros<br \/>\nPara verificar as assinaturas, acesse https:\/\/infoleg-autenticidade-assinatura.camara.leg.br\/CD210810068100<br \/>\nApresenta\u00e7\u00e3o: 25\/05\/2021 16:04 &#8211; Mesa<br \/>\nPEC n.14\/2021<\/article>\n<div style=\"text-align: center\">\n<div style=\"margin-bottom: 20px;\" class=\"et_pb_button_module_wrapper et_pb_button_5_tb_body_wrapper et_pb_button_alignment_center et_pb_module \">\n         <a class=\"et_pb_button et_pb_button_5_tb_body et_hover_enabled et_pb_bg_layout_dark\" style=\"width: 50%;background-color: black;\" href=\"https:\/\/app.legislapp.com.br\" target=\"_blank\" rel=\"noopener\">Visualizar completo na nossa plataforma (30 dias gr\u00e1tis)<\/a><\/p><\/div>\n<p>      <a href=\"https:\/\/play.google.com\/store\/apps\/details?id=br.com.legislapp\"><img decoding=\"async\" style=\"width: 15%; min-width: 130px;\" src=\"https:\/\/www.legislapp.com.br\/wp-content\/uploads\/google-play.png\"><\/a><br \/>\n      <a href=\"https:\/\/apps.apple.com\/us\/app\/legislapp\/id1568929859\"><img decoding=\"async\" style=\"width: 15%; min-width: 130px\" src=\"https:\/\/www.legislapp.com.br\/wp-content\/uploads\/apple-store.png\"><\/a>\n   <\/div>\n","protected":false},"excerpt":{"rendered":"<p>C\u00e2mara &#8211; Autoria de Afonso Florence Altera o art. 198 da Constitui\u00e7\u00e3o Federal para estabelecer o Sistema de Prote\u00e7\u00e3o Social e Valoriza\u00e7\u00e3o dos Agentes Comunit\u00e1rios de Sa\u00fade e Agentes de Combate \u00e0s Endemias, a aposentadoria especial e exclusiva, e fixar a responsabilidade do gestor local do SUS pela regularidade do v\u00ednculo empregat\u00edcio desses profissionais. Constitui\u00e7\u00e3o [&hellip;]<\/p>\n","protected":false},"author":1,"featured_media":0,"parent":0,"menu_order":0,"comment_status":"closed","ping_status":"closed","template":"page-template-blank.php","meta":{"_et_pb_use_builder":"","_et_pb_old_content":"","_et_gb_content_width":"1080","ngg_post_thumbnail":0,"footnotes":""},"class_list":["post-5909","page","type-page","status-publish","hentry"],"yoast_head":"<!-- This site is optimized with the Yoast SEO plugin v24.4 - https:\/\/yoast.com\/wordpress\/plugins\/seo\/ -->\n<title>PEC 14\/2021 - Afonso Florence - Legislapp<\/title>\n<meta name=\"robots\" content=\"index, follow, max-snippet:-1, max-image-preview:large, max-video-preview:-1\" \/>\n<link rel=\"canonical\" href=\"https:\/\/www.legislapp.com.br\/index.php\/camara-pec-14-2021\/\" \/>\n<meta property=\"og:locale\" content=\"pt_BR\" \/>\n<meta property=\"og:type\" content=\"article\" \/>\n<meta property=\"og:title\" content=\"PEC 14\/2021 - Afonso Florence - Legislapp\" \/>\n<meta property=\"og:description\" content=\"C\u00e2mara &#8211; Autoria de Afonso Florence Altera o art. 198 da Constitui\u00e7\u00e3o Federal para estabelecer o Sistema de Prote\u00e7\u00e3o Social e Valoriza\u00e7\u00e3o dos Agentes Comunit\u00e1rios de Sa\u00fade e Agentes de Combate \u00e0s Endemias, a aposentadoria especial e exclusiva, e fixar a responsabilidade do gestor local do SUS pela regularidade do v\u00ednculo empregat\u00edcio desses profissionais. Constitui\u00e7\u00e3o [&hellip;]\" \/>\n<meta property=\"og:url\" content=\"https:\/\/www.legislapp.com.br\/index.php\/camara-pec-14-2021\/\" \/>\n<meta property=\"og:site_name\" content=\"Legislapp\" \/>\n<meta property=\"article:publisher\" content=\"https:\/\/www.instagram.com\/legislapp\/\" \/>\n<meta property=\"og:image\" content=\"https:\/\/www.camara.leg.br\/internet\/deputado\/bandep\/160508.jpg\" \/>\n<meta name=\"twitter:card\" content=\"summary_large_image\" \/>\n<meta name=\"twitter:label1\" content=\"Est. tempo de leitura\" \/>\n\t<meta name=\"twitter:data1\" content=\"22 minutos\" \/>\n<script type=\"application\/ld+json\" class=\"yoast-schema-graph\">{\"@context\":\"https:\/\/schema.org\",\"@graph\":[{\"@type\":\"WebPage\",\"@id\":\"https:\/\/www.legislapp.com.br\/index.php\/camara-pec-14-2021\/\",\"url\":\"https:\/\/www.legislapp.com.br\/index.php\/camara-pec-14-2021\/\",\"name\":\"PEC 14\/2021 - Afonso Florence - Legislapp\",\"isPartOf\":{\"@id\":\"https:\/\/www.legislapp.com.br\/#website\"},\"primaryImageOfPage\":{\"@id\":\"https:\/\/www.legislapp.com.br\/index.php\/camara-pec-14-2021\/#primaryimage\"},\"image\":{\"@id\":\"https:\/\/www.legislapp.com.br\/index.php\/camara-pec-14-2021\/#primaryimage\"},\"thumbnailUrl\":\"https:\/\/www.camara.leg.br\/internet\/deputado\/bandep\/160508.jpg\",\"datePublished\":\"2025-06-25T13:08:48+00:00\",\"breadcrumb\":{\"@id\":\"https:\/\/www.legislapp.com.br\/index.php\/camara-pec-14-2021\/#breadcrumb\"},\"inLanguage\":\"pt-BR\",\"potentialAction\":[{\"@type\":\"ReadAction\",\"target\":[\"https:\/\/www.legislapp.com.br\/index.php\/camara-pec-14-2021\/\"]}]},{\"@type\":\"ImageObject\",\"inLanguage\":\"pt-BR\",\"@id\":\"https:\/\/www.legislapp.com.br\/index.php\/camara-pec-14-2021\/#primaryimage\",\"url\":\"https:\/\/www.camara.leg.br\/internet\/deputado\/bandep\/160508.jpg\",\"contentUrl\":\"https:\/\/www.camara.leg.br\/internet\/deputado\/bandep\/160508.jpg\"},{\"@type\":\"BreadcrumbList\",\"@id\":\"https:\/\/www.legislapp.com.br\/index.php\/camara-pec-14-2021\/#breadcrumb\",\"itemListElement\":[{\"@type\":\"ListItem\",\"position\":1,\"name\":\"In\u00edcio\",\"item\":\"https:\/\/www.legislapp.com.br\/\"},{\"@type\":\"ListItem\",\"position\":2,\"name\":\"PEC 14\/2021 &#8211; Afonso Florence\"}]},{\"@type\":\"WebSite\",\"@id\":\"https:\/\/www.legislapp.com.br\/#website\",\"url\":\"https:\/\/www.legislapp.com.br\/\",\"name\":\"Legislapp\",\"description\":\"Intelig\u00eancia governamental em tempo real\",\"publisher\":{\"@id\":\"https:\/\/www.legislapp.com.br\/#organization\"},\"potentialAction\":[{\"@type\":\"SearchAction\",\"target\":{\"@type\":\"EntryPoint\",\"urlTemplate\":\"https:\/\/www.legislapp.com.br\/?s={search_term_string}\"},\"query-input\":{\"@type\":\"PropertyValueSpecification\",\"valueRequired\":true,\"valueName\":\"search_term_string\"}}],\"inLanguage\":\"pt-BR\"},{\"@type\":\"Organization\",\"@id\":\"https:\/\/www.legislapp.com.br\/#organization\",\"name\":\"Legislapp Monitoramento e Intelig\u00eancia Governamental\",\"url\":\"https:\/\/www.legislapp.com.br\/\",\"logo\":{\"@type\":\"ImageObject\",\"inLanguage\":\"pt-BR\",\"@id\":\"https:\/\/www.legislapp.com.br\/#\/schema\/logo\/image\/\",\"url\":\"https:\/\/www.legislapp.com.br\/wp-content\/uploads\/icon.png\",\"contentUrl\":\"https:\/\/www.legislapp.com.br\/wp-content\/uploads\/icon.png\",\"width\":1024,\"height\":1024,\"caption\":\"Legislapp Monitoramento e Intelig\u00eancia Governamental\"},\"image\":{\"@id\":\"https:\/\/www.legislapp.com.br\/#\/schema\/logo\/image\/\"},\"sameAs\":[\"https:\/\/www.instagram.com\/legislapp\/\"]}]}<\/script>\n<!-- \/ Yoast SEO plugin. -->","yoast_head_json":{"title":"PEC 14\/2021 - Afonso Florence - Legislapp","robots":{"index":"index","follow":"follow","max-snippet":"max-snippet:-1","max-image-preview":"max-image-preview:large","max-video-preview":"max-video-preview:-1"},"canonical":"https:\/\/www.legislapp.com.br\/index.php\/camara-pec-14-2021\/","og_locale":"pt_BR","og_type":"article","og_title":"PEC 14\/2021 - Afonso Florence - Legislapp","og_description":"C\u00e2mara &#8211; Autoria de Afonso Florence Altera o art. 198 da Constitui\u00e7\u00e3o Federal para estabelecer o Sistema de Prote\u00e7\u00e3o Social e Valoriza\u00e7\u00e3o dos Agentes Comunit\u00e1rios de Sa\u00fade e Agentes de Combate \u00e0s Endemias, a aposentadoria especial e exclusiva, e fixar a responsabilidade do gestor local do SUS pela regularidade do v\u00ednculo empregat\u00edcio desses profissionais. Constitui\u00e7\u00e3o [&hellip;]","og_url":"https:\/\/www.legislapp.com.br\/index.php\/camara-pec-14-2021\/","og_site_name":"Legislapp","article_publisher":"https:\/\/www.instagram.com\/legislapp\/","og_image":[{"url":"https:\/\/www.camara.leg.br\/internet\/deputado\/bandep\/160508.jpg","type":"","width":"","height":""}],"twitter_card":"summary_large_image","twitter_misc":{"Est. tempo de leitura":"22 minutos"},"schema":{"@context":"https:\/\/schema.org","@graph":[{"@type":"WebPage","@id":"https:\/\/www.legislapp.com.br\/index.php\/camara-pec-14-2021\/","url":"https:\/\/www.legislapp.com.br\/index.php\/camara-pec-14-2021\/","name":"PEC 14\/2021 - Afonso Florence - Legislapp","isPartOf":{"@id":"https:\/\/www.legislapp.com.br\/#website"},"primaryImageOfPage":{"@id":"https:\/\/www.legislapp.com.br\/index.php\/camara-pec-14-2021\/#primaryimage"},"image":{"@id":"https:\/\/www.legislapp.com.br\/index.php\/camara-pec-14-2021\/#primaryimage"},"thumbnailUrl":"https:\/\/www.camara.leg.br\/internet\/deputado\/bandep\/160508.jpg","datePublished":"2025-06-25T13:08:48+00:00","breadcrumb":{"@id":"https:\/\/www.legislapp.com.br\/index.php\/camara-pec-14-2021\/#breadcrumb"},"inLanguage":"pt-BR","potentialAction":[{"@type":"ReadAction","target":["https:\/\/www.legislapp.com.br\/index.php\/camara-pec-14-2021\/"]}]},{"@type":"ImageObject","inLanguage":"pt-BR","@id":"https:\/\/www.legislapp.com.br\/index.php\/camara-pec-14-2021\/#primaryimage","url":"https:\/\/www.camara.leg.br\/internet\/deputado\/bandep\/160508.jpg","contentUrl":"https:\/\/www.camara.leg.br\/internet\/deputado\/bandep\/160508.jpg"},{"@type":"BreadcrumbList","@id":"https:\/\/www.legislapp.com.br\/index.php\/camara-pec-14-2021\/#breadcrumb","itemListElement":[{"@type":"ListItem","position":1,"name":"In\u00edcio","item":"https:\/\/www.legislapp.com.br\/"},{"@type":"ListItem","position":2,"name":"PEC 14\/2021 &#8211; Afonso Florence"}]},{"@type":"WebSite","@id":"https:\/\/www.legislapp.com.br\/#website","url":"https:\/\/www.legislapp.com.br\/","name":"Legislapp","description":"Intelig\u00eancia governamental em tempo real","publisher":{"@id":"https:\/\/www.legislapp.com.br\/#organization"},"potentialAction":[{"@type":"SearchAction","target":{"@type":"EntryPoint","urlTemplate":"https:\/\/www.legislapp.com.br\/?s={search_term_string}"},"query-input":{"@type":"PropertyValueSpecification","valueRequired":true,"valueName":"search_term_string"}}],"inLanguage":"pt-BR"},{"@type":"Organization","@id":"https:\/\/www.legislapp.com.br\/#organization","name":"Legislapp Monitoramento e Intelig\u00eancia Governamental","url":"https:\/\/www.legislapp.com.br\/","logo":{"@type":"ImageObject","inLanguage":"pt-BR","@id":"https:\/\/www.legislapp.com.br\/#\/schema\/logo\/image\/","url":"https:\/\/www.legislapp.com.br\/wp-content\/uploads\/icon.png","contentUrl":"https:\/\/www.legislapp.com.br\/wp-content\/uploads\/icon.png","width":1024,"height":1024,"caption":"Legislapp Monitoramento e Intelig\u00eancia Governamental"},"image":{"@id":"https:\/\/www.legislapp.com.br\/#\/schema\/logo\/image\/"},"sameAs":["https:\/\/www.instagram.com\/legislapp\/"]}]}},"_links":{"self":[{"href":"https:\/\/www.legislapp.com.br\/index.php\/wp-json\/wp\/v2\/pages\/5909","targetHints":{"allow":["GET"]}}],"collection":[{"href":"https:\/\/www.legislapp.com.br\/index.php\/wp-json\/wp\/v2\/pages"}],"about":[{"href":"https:\/\/www.legislapp.com.br\/index.php\/wp-json\/wp\/v2\/types\/page"}],"author":[{"embeddable":true,"href":"https:\/\/www.legislapp.com.br\/index.php\/wp-json\/wp\/v2\/users\/1"}],"replies":[{"embeddable":true,"href":"https:\/\/www.legislapp.com.br\/index.php\/wp-json\/wp\/v2\/comments?post=5909"}],"version-history":[{"count":0,"href":"https:\/\/www.legislapp.com.br\/index.php\/wp-json\/wp\/v2\/pages\/5909\/revisions"}],"wp:attachment":[{"href":"https:\/\/www.legislapp.com.br\/index.php\/wp-json\/wp\/v2\/media?parent=5909"}],"curies":[{"name":"wp","href":"https:\/\/api.w.org\/{rel}","templated":true}]}}