{"id":5915,"date":"2025-06-25T10:10:15","date_gmt":"2025-06-25T13:10:15","guid":{"rendered":"https:\/\/www.legislapp.com.br\/index.php\/camara-pl-2968-2024\/"},"modified":"2025-06-25T10:10:15","modified_gmt":"2025-06-25T13:10:15","slug":"camara-pl-2968-2024","status":"publish","type":"page","link":"https:\/\/www.legislapp.com.br\/index.php\/camara-pl-2968-2024\/","title":{"rendered":"PL 2968\/2024 &#8211; Pedro Aihara"},"content":{"rendered":"<h1 style='text-align: center;'>C\u00e2mara &#8211; Autoria de Pedro Aihara<br \/><img src='https:\/\/www.camara.leg.br\/internet\/deputado\/bandep\/220630.jpg' alt='Pedro Aihara' \/><\/h3>\n<p><\/p>\n<article style='text-align: center'>Altera o art. 41 da Lei n\u00ba 9.605, de 12 de fevereiro de 1998, que disp\u00f5e sobre as san\u00e7\u00f5es penais e administrativas derivadas de condutas e atividades lesivas ao meio ambiente, para agravar as san\u00e7\u00f5es aplic\u00e1veis \u00e0quele que provoca inc\u00eandio em mata ou floresta.<\/article>\n<p><\/p>\n<p style='text-align: center'><a href='https:\/\/app.legislapp.com.br\/#\/busca?termo='><\/a><\/p>\n<p><\/p>\n<article>C\u00c2MARA DOS DEPUTADOS<br \/>\nGabinete Dep. Federal PEDRO AIHARA &#8211; MG<br \/>\nPROJETO DE LEI N\u00ba         , DE 2024<br \/>\n(do Sr. PEDRO AIHARA)<br \/>\nAltera o art. 41 da Lei n\u00ba 9.605,<br \/>\nde 12 de fevereiro de 1998, que<br \/>\ndisp\u00f5e sobre as san\u00e7\u00f5es penais e<br \/>\nadministrativas derivadas de condutas<br \/>\ne atividades lesivas ao meio<br \/>\nambiente, para agravar as san\u00e7\u00f5es<br \/>\naplic\u00e1veis \u00e0quele que provoca<br \/>\ninc\u00eandio em mata ou floresta.<br \/>\nO Congresso Nacional decreta:<br \/>\nArt. 1\u00ba Esta Lei altera o art. 41 da Lei n\u00ba 9.605, de 12 de fevereiro de 1998,<br \/>\nque disp\u00f5e sobre as san\u00e7\u00f5es penais e administrativas derivadas de condutas e<br \/>\natividades lesivas ao meio ambiente, para agravar as san\u00e7\u00f5es aplic\u00e1veis \u00e0quele que<br \/>\nprovoca inc\u00eandio em mata ou floresta.<br \/>\nArt. 2\u00ba Renumere-se o par\u00e1grafo \u00fanico do art. 41 da Lei n\u00ba 9.605, de 12 de<br \/>\nfevereiro de 1998, como \u00a7 1\u00ba e acrescente-se os \u00a7\u00a7 2\u00ba e 3\u00ba, nos seguintes termos:<br \/>\n\u201cArt. 41&#8230;&#8230;&#8230;&#8230;&#8230;&#8230;&#8230;&#8230;&#8230;&#8230;&#8230;&#8230;&#8230;&#8230;&#8230;&#8230;&#8230;&#8230;&#8230;&#8230;&#8230;&#8230;&#8230;&#8230;&#8230;&#8230;&#8230;&#8230;&#8230;&#8230;&#8230;&#8230;&#8230;..<br \/>\n&#8230;&#8230;&#8230;&#8230;&#8230;&#8230;&#8230;&#8230;&#8230;&#8230;&#8230;&#8230;&#8230;&#8230;&#8230;&#8230;&#8230;&#8230;&#8230;&#8230;&#8230;&#8230;&#8230;&#8230;&#8230;&#8230;&#8230;&#8230;&#8230;&#8230;&#8230;&#8230;&#8230;&#8230;&#8230;&#8230;&#8230;..<br \/>\n\u00a7 2\u00ba O respons\u00e1vel pelo inc\u00eandio dever\u00e1 arcar com todas as despesas<br \/>\nnecess\u00e1rias \u00e0 recupera\u00e7\u00e3o das \u00e1reas queimadas, incluindo a<br \/>\nrestaura\u00e7\u00e3o da vegeta\u00e7\u00e3o nativa e a mitiga\u00e7\u00e3o dos danos ambientais<br \/>\ncausados.<br \/>\n\u00a7 3\u00ba Em caso de reincid\u00eancia, al\u00e9m das penas previstas nos \u00a7\u00a7 1\u00ba e<br \/>\n2\u00ba, ser\u00e1 aplicada multa adicional correspondente a 50% do valor da<br \/>\nmulta original e o respons\u00e1vel ficar\u00e1 proibido de obter qualquer tipo de<br \/>\nincentivo ou financiamento p\u00fablico pelo per\u00edodo de dez anos.<br \/>\nPara verificar a assinatura, acesse https:\/\/infoleg-autenticidade-assinatura.camara.leg.br\/CD248533600000<br \/>\nAssinado eletronicamente pelo(a) Dep. Pedro Aihara<br \/>\nApresenta\u00e7\u00e3o: 19\/07\/2024 18:09:46.473 &#8211; MESA<br \/>\n*CD248533600000* PL n.2968\/2024C\u00c2MARA DOS DEPUTADOS<br \/>\nGabinete Dep. Federal PEDRO AIHARA &#8211; MG<br \/>\n\u00a7 4\u00ba As multas aplicadas com base no caput ou nos \u00a7\u00a7 1\u00ba e 3\u00ba dever\u00e3o<br \/>\nser revertidas a \u00f3rg\u00e3os e corpora\u00e7\u00f5es que atuam diretamente no<br \/>\ncombate a inc\u00eandios e queimadas, sendo esses recursos destinados \u00e0<br \/>\naquisi\u00e7\u00e3o de equipamentos e incrementos necess\u00e1rios para a\u00e7\u00f5es de<br \/>\npreven\u00e7\u00e3o, mitiga\u00e7\u00e3o, prepara\u00e7\u00e3o, resposta e recupera\u00e7\u00e3o.\u201d<br \/>\nArt. 3\u00b0 Esta Lei entra em vigor na data de sua publica\u00e7\u00e3o.<br \/>\nJUSTIFICA\u00c7\u00c3O<br \/>\nO presente Projeto de Lei visa alterar o art. 41 da Lei n\u00ba 9.605, de 12 de<br \/>\nfevereiro de 1998, com o intuito de agravar as san\u00e7\u00f5es aplic\u00e1veis \u00e0quele que<br \/>\nprovoca inc\u00eandio em mata ou floresta. Essa medida se faz necess\u00e1ria diante da<br \/>\ncrescente incid\u00eancia de inc\u00eandios florestais no Brasil, que t\u00eam causado danos<br \/>\nirrepar\u00e1veis ao meio ambiente, \u00e0 biodiversidade e \u00e0 sa\u00fade p\u00fablica.<br \/>\nNos \u00faltimos anos, o Brasil tem registrado um aumento significativo no n\u00famero<br \/>\nde inc\u00eandios florestais. De acordo com dados do Instituto Nacional de Pesquisas<br \/>\nEspaciais (Inpe), em 2022, foram registrados mais de 220 mil focos de inc\u00eandio em<br \/>\ntodo o pa\u00eds, um aumento de 14% em rela\u00e7\u00e3o ao ano anterior. J\u00e1 em 2024, somente<br \/>\nno primeiro semestre, o Inpe registrou um aumento de mais de 1.000% nos focos de<br \/>\ninc\u00eandio em rela\u00e7\u00e3o ao mesmo per\u00edodo do ano passado. As regi\u00f5es mais afetadas<br \/>\nforam a Amaz\u00f4nia e o Pantanal, biomas cruciais para a manuten\u00e7\u00e3o do equil\u00edbrio<br \/>\necol\u00f3gico global.<br \/>\nInc\u00eandios em matas e florestas resultam na destrui\u00e7\u00e3o de habitats, na perda<br \/>\nde biodiversidade e na emiss\u00e3o de grandes quantidades de di\u00f3xido de carbono<br \/>\n(CO2), contribuindo para o aquecimento global. Estima-se que, em 2022, os<br \/>\ninc\u00eandios na Amaz\u00f4nia tenham emitido cerca de 300 milh\u00f5es de toneladas de CO2<br \/>\nna atmosfera. A sa\u00fade p\u00fablica tamb\u00e9m \u00e9 afetada, com o aumento de problemas<br \/>\nrespirat\u00f3rios e outras doen\u00e7as decorrentes da inala\u00e7\u00e3o de fuma\u00e7a.<br \/>\nA proposta de atribuir aos autores dos inc\u00eandios a responsabilidade de arcar<br \/>\ncom as despesas necess\u00e1rias \u00e0 recupera\u00e7\u00e3o das \u00e1reas afetadas, incluindo a<br \/>\nrestaura\u00e7\u00e3o da vegeta\u00e7\u00e3o nativa e a mitiga\u00e7\u00e3o dos danos ambientais, busca<br \/>\nPara verificar a assinatura, acesse https:\/\/infoleg-autenticidade-assinatura.camara.leg.br\/CD248533600000<br \/>\nAssinado eletronicamente pelo(a) Dep. Pedro Aihara<br \/>\nApresenta\u00e7\u00e3o: 19\/07\/2024 18:09:46.473 &#8211; MESA<br \/>\n*CD248533600000* PL n.2968\/2024C\u00c2MARA DOS DEPUTADOS<br \/>\nGabinete Dep. Federal PEDRO AIHARA &#8211; MG<br \/>\ndesestimular a pr\u00e1tica de inc\u00eandios, na medida em que a recupera\u00e7\u00e3o de \u00e1reas<br \/>\nqueimadas exige investimentos substanciais.<br \/>\nJ\u00e1 a inclus\u00e3o de uma pena mais severa para casos de reincid\u00eancia, com a<br \/>\naplica\u00e7\u00e3o de uma multa adicional e a proibi\u00e7\u00e3o de obten\u00e7\u00e3o de incentivos ou<br \/>\nfinanciamentos p\u00fablicos por um per\u00edodo de dez anos, visa desestimular a pr\u00e1tica<br \/>\nreincidente de inc\u00eandios.<br \/>\nA aprova\u00e7\u00e3o deste Projeto de Lei \u00e9 de suma import\u00e2ncia para a prote\u00e7\u00e3o das<br \/>\nflorestas e matas brasileiras, que s\u00e3o patrim\u00f4nio natural do pa\u00eds e do mundo. As<br \/>\nsan\u00e7\u00f5es mais rigorosas e as medidas de recupera\u00e7\u00e3o propostas s\u00e3o essenciais para<br \/>\nassegurar a preserva\u00e7\u00e3o dos nossos ecossistemas. Diante disso, contamos com o<br \/>\napoio dos nobres parlamentares para a aprova\u00e7\u00e3o desta medida legislativa.<br \/>\nSala das Sess\u00f5es, em        de                     de 2024.<br \/>\nPEDRO AIHARA<br \/>\nDeputado Federal<\/p>\n<p>Para verificar a assinatura, acesse https:\/\/infoleg-autenticidade-assinatura.camara.leg.br\/CD248533600000<br \/>\nAssinado eletronicamente pelo(a) Dep. Pedro Aihara<br \/>\nApresenta\u00e7\u00e3o: 19\/07\/2024 18:09:46.473 &#8211; MESA<br \/>\n*CD248533600000* PL n.2968\/2024<\/article>\n<div style=\"text-align: center\">\n<div style=\"margin-bottom: 20px;\" class=\"et_pb_button_module_wrapper et_pb_button_5_tb_body_wrapper et_pb_button_alignment_center et_pb_module \">\n         <a class=\"et_pb_button et_pb_button_5_tb_body et_hover_enabled et_pb_bg_layout_dark\" style=\"width: 50%;background-color: black;\" href=\"https:\/\/app.legislapp.com.br\" target=\"_blank\" rel=\"noopener\">Visualizar completo na nossa plataforma (30 dias gr\u00e1tis)<\/a><\/p><\/div>\n<p>      <a href=\"https:\/\/play.google.com\/store\/apps\/details?id=br.com.legislapp\"><img decoding=\"async\" style=\"width: 15%; min-width: 130px;\" src=\"https:\/\/www.legislapp.com.br\/wp-content\/uploads\/google-play.png\"><\/a><br \/>\n      <a href=\"https:\/\/apps.apple.com\/us\/app\/legislapp\/id1568929859\"><img decoding=\"async\" style=\"width: 15%; min-width: 130px\" src=\"https:\/\/www.legislapp.com.br\/wp-content\/uploads\/apple-store.png\"><\/a>\n   <\/div>\n","protected":false},"excerpt":{"rendered":"<p>C\u00e2mara &#8211; Autoria de Pedro Aihara Altera o art. 41 da Lei n\u00ba 9.605, de 12 de fevereiro de 1998, que disp\u00f5e sobre as san\u00e7\u00f5es penais e administrativas derivadas de condutas e atividades lesivas ao meio ambiente, para agravar as san\u00e7\u00f5es aplic\u00e1veis \u00e0quele que provoca inc\u00eandio em mata ou floresta. C\u00c2MARA DOS DEPUTADOS Gabinete Dep. [&hellip;]<\/p>\n","protected":false},"author":1,"featured_media":0,"parent":0,"menu_order":0,"comment_status":"closed","ping_status":"closed","template":"page-template-blank.php","meta":{"_et_pb_use_builder":"","_et_pb_old_content":"","_et_gb_content_width":"1080","ngg_post_thumbnail":0,"footnotes":""},"class_list":["post-5915","page","type-page","status-publish","hentry"],"yoast_head":"<!-- This site is optimized with the Yoast SEO plugin v24.4 - https:\/\/yoast.com\/wordpress\/plugins\/seo\/ -->\n<title>PL 2968\/2024 - Pedro Aihara - Legislapp<\/title>\n<meta name=\"robots\" content=\"index, follow, max-snippet:-1, max-image-preview:large, max-video-preview:-1\" \/>\n<link rel=\"canonical\" href=\"https:\/\/www.legislapp.com.br\/index.php\/camara-pl-2968-2024\/\" \/>\n<meta property=\"og:locale\" content=\"pt_BR\" \/>\n<meta property=\"og:type\" content=\"article\" \/>\n<meta property=\"og:title\" content=\"PL 2968\/2024 - Pedro Aihara - Legislapp\" \/>\n<meta property=\"og:description\" content=\"C\u00e2mara &#8211; Autoria de Pedro Aihara Altera o art. 41 da Lei n\u00ba 9.605, de 12 de fevereiro de 1998, que disp\u00f5e sobre as san\u00e7\u00f5es penais e administrativas derivadas de condutas e atividades lesivas ao meio ambiente, para agravar as san\u00e7\u00f5es aplic\u00e1veis \u00e0quele que provoca inc\u00eandio em mata ou floresta. C\u00c2MARA DOS DEPUTADOS Gabinete Dep. [&hellip;]\" \/>\n<meta property=\"og:url\" content=\"https:\/\/www.legislapp.com.br\/index.php\/camara-pl-2968-2024\/\" \/>\n<meta property=\"og:site_name\" content=\"Legislapp\" \/>\n<meta property=\"article:publisher\" content=\"https:\/\/www.instagram.com\/legislapp\/\" \/>\n<meta property=\"og:image\" content=\"https:\/\/www.camara.leg.br\/internet\/deputado\/bandep\/220630.jpg\" \/>\n<meta name=\"twitter:card\" content=\"summary_large_image\" \/>\n<meta name=\"twitter:label1\" content=\"Est. tempo de leitura\" \/>\n\t<meta name=\"twitter:data1\" content=\"4 minutos\" \/>\n<script type=\"application\/ld+json\" class=\"yoast-schema-graph\">{\"@context\":\"https:\/\/schema.org\",\"@graph\":[{\"@type\":\"WebPage\",\"@id\":\"https:\/\/www.legislapp.com.br\/index.php\/camara-pl-2968-2024\/\",\"url\":\"https:\/\/www.legislapp.com.br\/index.php\/camara-pl-2968-2024\/\",\"name\":\"PL 2968\/2024 - Pedro Aihara - Legislapp\",\"isPartOf\":{\"@id\":\"https:\/\/www.legislapp.com.br\/#website\"},\"primaryImageOfPage\":{\"@id\":\"https:\/\/www.legislapp.com.br\/index.php\/camara-pl-2968-2024\/#primaryimage\"},\"image\":{\"@id\":\"https:\/\/www.legislapp.com.br\/index.php\/camara-pl-2968-2024\/#primaryimage\"},\"thumbnailUrl\":\"https:\/\/www.camara.leg.br\/internet\/deputado\/bandep\/220630.jpg\",\"datePublished\":\"2025-06-25T13:10:15+00:00\",\"breadcrumb\":{\"@id\":\"https:\/\/www.legislapp.com.br\/index.php\/camara-pl-2968-2024\/#breadcrumb\"},\"inLanguage\":\"pt-BR\",\"potentialAction\":[{\"@type\":\"ReadAction\",\"target\":[\"https:\/\/www.legislapp.com.br\/index.php\/camara-pl-2968-2024\/\"]}]},{\"@type\":\"ImageObject\",\"inLanguage\":\"pt-BR\",\"@id\":\"https:\/\/www.legislapp.com.br\/index.php\/camara-pl-2968-2024\/#primaryimage\",\"url\":\"https:\/\/www.camara.leg.br\/internet\/deputado\/bandep\/220630.jpg\",\"contentUrl\":\"https:\/\/www.camara.leg.br\/internet\/deputado\/bandep\/220630.jpg\"},{\"@type\":\"BreadcrumbList\",\"@id\":\"https:\/\/www.legislapp.com.br\/index.php\/camara-pl-2968-2024\/#breadcrumb\",\"itemListElement\":[{\"@type\":\"ListItem\",\"position\":1,\"name\":\"In\u00edcio\",\"item\":\"https:\/\/www.legislapp.com.br\/\"},{\"@type\":\"ListItem\",\"position\":2,\"name\":\"PL 2968\/2024 &#8211; Pedro Aihara\"}]},{\"@type\":\"WebSite\",\"@id\":\"https:\/\/www.legislapp.com.br\/#website\",\"url\":\"https:\/\/www.legislapp.com.br\/\",\"name\":\"Legislapp\",\"description\":\"Intelig\u00eancia governamental em tempo real\",\"publisher\":{\"@id\":\"https:\/\/www.legislapp.com.br\/#organization\"},\"potentialAction\":[{\"@type\":\"SearchAction\",\"target\":{\"@type\":\"EntryPoint\",\"urlTemplate\":\"https:\/\/www.legislapp.com.br\/?s={search_term_string}\"},\"query-input\":{\"@type\":\"PropertyValueSpecification\",\"valueRequired\":true,\"valueName\":\"search_term_string\"}}],\"inLanguage\":\"pt-BR\"},{\"@type\":\"Organization\",\"@id\":\"https:\/\/www.legislapp.com.br\/#organization\",\"name\":\"Legislapp Monitoramento e Intelig\u00eancia Governamental\",\"url\":\"https:\/\/www.legislapp.com.br\/\",\"logo\":{\"@type\":\"ImageObject\",\"inLanguage\":\"pt-BR\",\"@id\":\"https:\/\/www.legislapp.com.br\/#\/schema\/logo\/image\/\",\"url\":\"https:\/\/www.legislapp.com.br\/wp-content\/uploads\/icon.png\",\"contentUrl\":\"https:\/\/www.legislapp.com.br\/wp-content\/uploads\/icon.png\",\"width\":1024,\"height\":1024,\"caption\":\"Legislapp Monitoramento e Intelig\u00eancia Governamental\"},\"image\":{\"@id\":\"https:\/\/www.legislapp.com.br\/#\/schema\/logo\/image\/\"},\"sameAs\":[\"https:\/\/www.instagram.com\/legislapp\/\"]}]}<\/script>\n<!-- \/ Yoast SEO plugin. -->","yoast_head_json":{"title":"PL 2968\/2024 - Pedro Aihara - Legislapp","robots":{"index":"index","follow":"follow","max-snippet":"max-snippet:-1","max-image-preview":"max-image-preview:large","max-video-preview":"max-video-preview:-1"},"canonical":"https:\/\/www.legislapp.com.br\/index.php\/camara-pl-2968-2024\/","og_locale":"pt_BR","og_type":"article","og_title":"PL 2968\/2024 - Pedro Aihara - Legislapp","og_description":"C\u00e2mara &#8211; Autoria de Pedro Aihara Altera o art. 41 da Lei n\u00ba 9.605, de 12 de fevereiro de 1998, que disp\u00f5e sobre as san\u00e7\u00f5es penais e administrativas derivadas de condutas e atividades lesivas ao meio ambiente, para agravar as san\u00e7\u00f5es aplic\u00e1veis \u00e0quele que provoca inc\u00eandio em mata ou floresta. C\u00c2MARA DOS DEPUTADOS Gabinete Dep. [&hellip;]","og_url":"https:\/\/www.legislapp.com.br\/index.php\/camara-pl-2968-2024\/","og_site_name":"Legislapp","article_publisher":"https:\/\/www.instagram.com\/legislapp\/","og_image":[{"url":"https:\/\/www.camara.leg.br\/internet\/deputado\/bandep\/220630.jpg","type":"","width":"","height":""}],"twitter_card":"summary_large_image","twitter_misc":{"Est. tempo de leitura":"4 minutos"},"schema":{"@context":"https:\/\/schema.org","@graph":[{"@type":"WebPage","@id":"https:\/\/www.legislapp.com.br\/index.php\/camara-pl-2968-2024\/","url":"https:\/\/www.legislapp.com.br\/index.php\/camara-pl-2968-2024\/","name":"PL 2968\/2024 - Pedro Aihara - Legislapp","isPartOf":{"@id":"https:\/\/www.legislapp.com.br\/#website"},"primaryImageOfPage":{"@id":"https:\/\/www.legislapp.com.br\/index.php\/camara-pl-2968-2024\/#primaryimage"},"image":{"@id":"https:\/\/www.legislapp.com.br\/index.php\/camara-pl-2968-2024\/#primaryimage"},"thumbnailUrl":"https:\/\/www.camara.leg.br\/internet\/deputado\/bandep\/220630.jpg","datePublished":"2025-06-25T13:10:15+00:00","breadcrumb":{"@id":"https:\/\/www.legislapp.com.br\/index.php\/camara-pl-2968-2024\/#breadcrumb"},"inLanguage":"pt-BR","potentialAction":[{"@type":"ReadAction","target":["https:\/\/www.legislapp.com.br\/index.php\/camara-pl-2968-2024\/"]}]},{"@type":"ImageObject","inLanguage":"pt-BR","@id":"https:\/\/www.legislapp.com.br\/index.php\/camara-pl-2968-2024\/#primaryimage","url":"https:\/\/www.camara.leg.br\/internet\/deputado\/bandep\/220630.jpg","contentUrl":"https:\/\/www.camara.leg.br\/internet\/deputado\/bandep\/220630.jpg"},{"@type":"BreadcrumbList","@id":"https:\/\/www.legislapp.com.br\/index.php\/camara-pl-2968-2024\/#breadcrumb","itemListElement":[{"@type":"ListItem","position":1,"name":"In\u00edcio","item":"https:\/\/www.legislapp.com.br\/"},{"@type":"ListItem","position":2,"name":"PL 2968\/2024 &#8211; Pedro Aihara"}]},{"@type":"WebSite","@id":"https:\/\/www.legislapp.com.br\/#website","url":"https:\/\/www.legislapp.com.br\/","name":"Legislapp","description":"Intelig\u00eancia governamental em tempo real","publisher":{"@id":"https:\/\/www.legislapp.com.br\/#organization"},"potentialAction":[{"@type":"SearchAction","target":{"@type":"EntryPoint","urlTemplate":"https:\/\/www.legislapp.com.br\/?s={search_term_string}"},"query-input":{"@type":"PropertyValueSpecification","valueRequired":true,"valueName":"search_term_string"}}],"inLanguage":"pt-BR"},{"@type":"Organization","@id":"https:\/\/www.legislapp.com.br\/#organization","name":"Legislapp Monitoramento e Intelig\u00eancia Governamental","url":"https:\/\/www.legislapp.com.br\/","logo":{"@type":"ImageObject","inLanguage":"pt-BR","@id":"https:\/\/www.legislapp.com.br\/#\/schema\/logo\/image\/","url":"https:\/\/www.legislapp.com.br\/wp-content\/uploads\/icon.png","contentUrl":"https:\/\/www.legislapp.com.br\/wp-content\/uploads\/icon.png","width":1024,"height":1024,"caption":"Legislapp Monitoramento e Intelig\u00eancia Governamental"},"image":{"@id":"https:\/\/www.legislapp.com.br\/#\/schema\/logo\/image\/"},"sameAs":["https:\/\/www.instagram.com\/legislapp\/"]}]}},"_links":{"self":[{"href":"https:\/\/www.legislapp.com.br\/index.php\/wp-json\/wp\/v2\/pages\/5915","targetHints":{"allow":["GET"]}}],"collection":[{"href":"https:\/\/www.legislapp.com.br\/index.php\/wp-json\/wp\/v2\/pages"}],"about":[{"href":"https:\/\/www.legislapp.com.br\/index.php\/wp-json\/wp\/v2\/types\/page"}],"author":[{"embeddable":true,"href":"https:\/\/www.legislapp.com.br\/index.php\/wp-json\/wp\/v2\/users\/1"}],"replies":[{"embeddable":true,"href":"https:\/\/www.legislapp.com.br\/index.php\/wp-json\/wp\/v2\/comments?post=5915"}],"version-history":[{"count":0,"href":"https:\/\/www.legislapp.com.br\/index.php\/wp-json\/wp\/v2\/pages\/5915\/revisions"}],"wp:attachment":[{"href":"https:\/\/www.legislapp.com.br\/index.php\/wp-json\/wp\/v2\/media?parent=5915"}],"curies":[{"name":"wp","href":"https:\/\/api.w.org\/{rel}","templated":true}]}}