{"id":5919,"date":"2025-06-25T10:10:29","date_gmt":"2025-06-25T13:10:29","guid":{"rendered":"https:\/\/www.legislapp.com.br\/index.php\/camara-pl-770-2024\/"},"modified":"2025-06-25T10:10:29","modified_gmt":"2025-06-25T13:10:29","slug":"camara-pl-770-2024","status":"publish","type":"page","link":"https:\/\/www.legislapp.com.br\/index.php\/camara-pl-770-2024\/","title":{"rendered":"PL 770\/2024 &#8211; Raimundo Santos"},"content":{"rendered":"<h1 style='text-align: center;'>C\u00e2mara &#8211; Autoria de Raimundo Santos<br \/><img src='https:\/\/www.camara.leg.br\/internet\/deputado\/bandep\/74084.jpg' alt='Raimundo Santos' \/><\/h3>\n<p><\/p>\n<article style='text-align: center'>Altera a Lei n\u00ba 13.146, de 6 de julho de 2015, que institui a Lei Brasileira de Inclus\u00e3o da Pessoa com Defici\u00eancia (Estatuto da Pessoa com Defici\u00eancia), para estabelecer que os indiv\u00edduos diagnosticados com a S\u00edndrome da Pessoa R\u00edgida ter\u00e3o os mesmos direitos das pessoas com defici\u00eancia.<\/article>\n<p><\/p>\n<p style='text-align: center'><a href='https:\/\/app.legislapp.com.br\/#\/busca?termo='><\/a><\/p>\n<p><\/p>\n<article>       C\u00c2MARA DOS DEPUTADOS<br \/>\nPROJETO DE LEI N\u00ba , de 2024.<br \/>\n(Do Sr. Raimundo Santos)<br \/>\nAltera a Lei n\u00ba 13.146, de 6 de julho de 2015,<br \/>\nque institui a Lei Brasileira de Inclus\u00e3o da<br \/>\nPessoa com Defici\u00eancia (Estatuto da Pessoa<br \/>\ncom Defici\u00eancia), para estabelecer que os<br \/>\nindiv\u00edduos diagnosticados com a S\u00edndrome<br \/>\nda Pessoa R\u00edgida ter\u00e3o os mesmos direitos<br \/>\ndas pessoas com defici\u00eancia.<br \/>\nO CONGRESSO NACIONAL decreta:<br \/>\nArt. 1\u00ba O art. 2\u00b0 da Lei n\u00b0 13.146, de 6 de julho de 2015, passa a vigorar<br \/>\nacrescido do seguinte \u00a7 4\u00b0:<br \/>\n\u201cArt.2\u00b0&#8230;&#8230;&#8230;&#8230;&#8230;&#8230;&#8230;&#8230;&#8230;&#8230;&#8230;&#8230;&#8230;&#8230;&#8230;&#8230;&#8230;&#8230;&#8230;&#8230;&#8230;&#8230;&#8230;&#8230;&#8230;&#8230;&#8230;&#8230;&#8230;&#8230;&#8230;&#8230;&#8230;.<br \/>\n&#8230;&#8230;&#8230;&#8230;&#8230;&#8230;&#8230;&#8230;&#8230;&#8230;&#8230;&#8230;&#8230;&#8230;&#8230;&#8230;&#8230;&#8230;&#8230;&#8230;&#8230;&#8230;&#8230;&#8230;&#8230;&#8230;&#8230;&#8230;&#8230;&#8230;&#8230;&#8230;&#8230;&#8230;&#8230;..<br \/>\n\u00a7 4\u00b0 Os indiv\u00edduos diagnosticados com a S\u00edndrome da Pessoa<br \/>\nR\u00edgida ter\u00e3o os mesmos direitos das pessoas com defici\u00eancia, sem<br \/>\npreju\u00edzo da avalia\u00e7\u00e3o biopsicossocial, quando necess\u00e1ria. \u201d (NR)<br \/>\nArt. 2\u00ba Esta Lei entra em vigor na data de sua publica\u00e7\u00e3o.<br \/>\nJUSTIFICA\u00c7\u00c3O<br \/>\n    Bastante desconhecida por grande parte da popula\u00e7\u00e3o brasileira e<br \/>\ndecerto do mundo, a S\u00edndrome da Pessoa R\u00edgida (SPR) \u00e9 um dist\u00farbio<br \/>\nneurol\u00f3gico ainda sem cura e que afeta uma pessoa a cada um milh\u00e3o de<br \/>\nindiv\u00edduos em todo o globo. A doen\u00e7a passou a ser comentada quando a famosa<br \/>\n1<br \/>\nPara verificar a assinatura, acesse https:\/\/infoleg-autenticidade-assinatura.camara.leg.br\/CD247325262300<br \/>\nAssinado eletronicamente pelo(a) Dep. Raimundo Santos<br \/>\nApresenta\u00e7\u00e3o: 14\/03\/2024 13:09:15.397 &#8211; MESA<br \/>\n*CD247325262300* PL n.770\/2024       C\u00c2MARA DOS DEPUTADOS<br \/>\ncantora e atriz canadense C\u00e9line Dion, de 55 anos, revelou, em dezembro de<br \/>\n2022, que foi diagnosticada com SPR, cujas complica\u00e7\u00f5es a obrigaram a cancelar<br \/>\nshows no ano de 2023 para buscar tratamento espec\u00edfico.<br \/>\nOs sintomas da S\u00edndrome da Pessoa R\u00edgida s\u00e3o rigidez muscular<br \/>\nextremada, al\u00e9m de espasmos dolorosos no tronco e nas extremidades, afetando<br \/>\nde forma grave a mobilidade. Com o tempo, pacientes com essa condi\u00e7\u00e3o podem<br \/>\ndesenvolver posturas curvadas, e muitos tamb\u00e9m sofrem quedas frequentes.<br \/>\nDados da Organiza\u00e7\u00e3o Mundial da Sa\u00fade (OMS) apontam que a faixa et\u00e1ria com<br \/>\nmaior incid\u00eancia \u00e9 a dos 30 aos 60 anos, sendo duas vezes mais comum em<br \/>\nmulheres. Acredita-se que a SPR seja uma doen\u00e7a autoimune. Al\u00e9m disso, alguns<br \/>\nestudos sugerem que algumas condi\u00e7\u00f5es pr\u00e9-existentes como vitiligo, diabetes, e<br \/>\noutras doen\u00e7as autoimunes poderiam estar relacionadas com o desenvolvimento<br \/>\nda patologia que age no sistema nervoso, especificamente, no c\u00e9rebro e na<br \/>\nmedula espinhal.<br \/>\nEmbora incur\u00e1vel, a SPR pode ser tratada por meio do controle de<br \/>\nsintomas para a melhoria da qualidade de vida, como com o uso de<br \/>\nbenzodiazep\u00ednicos, corticoides, relaxantes musculares, al\u00e9m da utiliza\u00e7\u00e3o de<br \/>\nimunoterapias. No entanto, em geral, as pessoas afetadas apresentam dificuldade<br \/>\nem manter a vida dentro da normalidade a partir do surgimento da doen\u00e7a e, com<br \/>\na evolu\u00e7\u00e3o dos sintomas, precisam de aten\u00e7\u00e3o especial. Geralmente, com o<br \/>\npassar do tempo, os sintomas pioram, conduzindo \u00e0 invalidez e \u00e0 rigidez de todo o<br \/>\ncorpo. Justifica-se assim a apresenta\u00e7\u00e3o desta proposi\u00e7\u00e3o legislativa que tem o<br \/>\nobjetivo de assegurar a esses pacientes os mesmos direitos das pessoas com<br \/>\ndefici\u00eancia.<br \/>\nDiante do exposto e constatada a alta relev\u00e2ncia da proposta que se<br \/>\nalinha ao princ\u00edpio constitucional de prote\u00e7\u00e3o da dignidade da pessoa humana, \u00e9<br \/>\nque conto com o apoio dos nobres pares para a aprova\u00e7\u00e3o deste projeto de lei.<br \/>\nSala das Sess\u00f5es, em de mar\u00e7o de 2024.<br \/>\nDeputado RAIMUNDO SANTOS<br \/>\nPSD\/PA<br \/>\n2<br \/>\nPara verificar a assinatura, acesse https:\/\/infoleg-autenticidade-assinatura.camara.leg.br\/CD247325262300<br \/>\nAssinado eletronicamente pelo(a) Dep. Raimundo Santos<br \/>\nApresenta\u00e7\u00e3o: 14\/03\/2024 13:09:15.397 &#8211; MESA<br \/>\n*CD247325262300* PL n.770\/2024<\/article>\n<div style=\"text-align: center\">\n<div style=\"margin-bottom: 20px;\" class=\"et_pb_button_module_wrapper et_pb_button_5_tb_body_wrapper et_pb_button_alignment_center et_pb_module \">\n         <a class=\"et_pb_button et_pb_button_5_tb_body et_hover_enabled et_pb_bg_layout_dark\" style=\"width: 50%;background-color: black;\" href=\"https:\/\/app.legislapp.com.br\" target=\"_blank\" rel=\"noopener\">Visualizar completo na nossa plataforma (30 dias gr\u00e1tis)<\/a><\/p><\/div>\n<p>      <a href=\"https:\/\/play.google.com\/store\/apps\/details?id=br.com.legislapp\"><img decoding=\"async\" style=\"width: 15%; min-width: 130px;\" src=\"https:\/\/www.legislapp.com.br\/wp-content\/uploads\/google-play.png\"><\/a><br \/>\n      <a href=\"https:\/\/apps.apple.com\/us\/app\/legislapp\/id1568929859\"><img decoding=\"async\" style=\"width: 15%; min-width: 130px\" src=\"https:\/\/www.legislapp.com.br\/wp-content\/uploads\/apple-store.png\"><\/a>\n   <\/div>\n","protected":false},"excerpt":{"rendered":"<p>C\u00e2mara &#8211; Autoria de Raimundo Santos Altera a Lei n\u00ba 13.146, de 6 de julho de 2015, que institui a Lei Brasileira de Inclus\u00e3o da Pessoa com Defici\u00eancia (Estatuto da Pessoa com Defici\u00eancia), para estabelecer que os indiv\u00edduos diagnosticados com a S\u00edndrome da Pessoa R\u00edgida ter\u00e3o os mesmos direitos das pessoas com defici\u00eancia. C\u00c2MARA DOS [&hellip;]<\/p>\n","protected":false},"author":1,"featured_media":0,"parent":0,"menu_order":0,"comment_status":"closed","ping_status":"closed","template":"page-template-blank.php","meta":{"_et_pb_use_builder":"","_et_pb_old_content":"","_et_gb_content_width":"1080","ngg_post_thumbnail":0,"footnotes":""},"class_list":["post-5919","page","type-page","status-publish","hentry"],"yoast_head":"<!-- This site is optimized with the Yoast SEO plugin v24.4 - https:\/\/yoast.com\/wordpress\/plugins\/seo\/ -->\n<title>PL 770\/2024 - Raimundo Santos - Legislapp<\/title>\n<meta name=\"robots\" content=\"index, follow, max-snippet:-1, max-image-preview:large, max-video-preview:-1\" \/>\n<link rel=\"canonical\" href=\"https:\/\/www.legislapp.com.br\/index.php\/camara-pl-770-2024\/\" \/>\n<meta property=\"og:locale\" content=\"pt_BR\" \/>\n<meta property=\"og:type\" content=\"article\" \/>\n<meta property=\"og:title\" content=\"PL 770\/2024 - Raimundo Santos - Legislapp\" \/>\n<meta property=\"og:description\" content=\"C\u00e2mara &#8211; Autoria de Raimundo Santos Altera a Lei n\u00ba 13.146, de 6 de julho de 2015, que institui a Lei Brasileira de Inclus\u00e3o da Pessoa com Defici\u00eancia (Estatuto da Pessoa com Defici\u00eancia), para estabelecer que os indiv\u00edduos diagnosticados com a S\u00edndrome da Pessoa R\u00edgida ter\u00e3o os mesmos direitos das pessoas com defici\u00eancia. C\u00c2MARA DOS [&hellip;]\" \/>\n<meta property=\"og:url\" content=\"https:\/\/www.legislapp.com.br\/index.php\/camara-pl-770-2024\/\" \/>\n<meta property=\"og:site_name\" content=\"Legislapp\" \/>\n<meta property=\"article:publisher\" content=\"https:\/\/www.instagram.com\/legislapp\/\" \/>\n<meta property=\"og:image\" content=\"https:\/\/www.camara.leg.br\/internet\/deputado\/bandep\/74084.jpg\" \/>\n<meta name=\"twitter:card\" content=\"summary_large_image\" \/>\n<meta name=\"twitter:label1\" content=\"Est. tempo de leitura\" \/>\n\t<meta name=\"twitter:data1\" content=\"3 minutos\" \/>\n<script type=\"application\/ld+json\" class=\"yoast-schema-graph\">{\"@context\":\"https:\/\/schema.org\",\"@graph\":[{\"@type\":\"WebPage\",\"@id\":\"https:\/\/www.legislapp.com.br\/index.php\/camara-pl-770-2024\/\",\"url\":\"https:\/\/www.legislapp.com.br\/index.php\/camara-pl-770-2024\/\",\"name\":\"PL 770\/2024 - Raimundo Santos - Legislapp\",\"isPartOf\":{\"@id\":\"https:\/\/www.legislapp.com.br\/#website\"},\"primaryImageOfPage\":{\"@id\":\"https:\/\/www.legislapp.com.br\/index.php\/camara-pl-770-2024\/#primaryimage\"},\"image\":{\"@id\":\"https:\/\/www.legislapp.com.br\/index.php\/camara-pl-770-2024\/#primaryimage\"},\"thumbnailUrl\":\"https:\/\/www.camara.leg.br\/internet\/deputado\/bandep\/74084.jpg\",\"datePublished\":\"2025-06-25T13:10:29+00:00\",\"breadcrumb\":{\"@id\":\"https:\/\/www.legislapp.com.br\/index.php\/camara-pl-770-2024\/#breadcrumb\"},\"inLanguage\":\"pt-BR\",\"potentialAction\":[{\"@type\":\"ReadAction\",\"target\":[\"https:\/\/www.legislapp.com.br\/index.php\/camara-pl-770-2024\/\"]}]},{\"@type\":\"ImageObject\",\"inLanguage\":\"pt-BR\",\"@id\":\"https:\/\/www.legislapp.com.br\/index.php\/camara-pl-770-2024\/#primaryimage\",\"url\":\"https:\/\/www.camara.leg.br\/internet\/deputado\/bandep\/74084.jpg\",\"contentUrl\":\"https:\/\/www.camara.leg.br\/internet\/deputado\/bandep\/74084.jpg\"},{\"@type\":\"BreadcrumbList\",\"@id\":\"https:\/\/www.legislapp.com.br\/index.php\/camara-pl-770-2024\/#breadcrumb\",\"itemListElement\":[{\"@type\":\"ListItem\",\"position\":1,\"name\":\"In\u00edcio\",\"item\":\"https:\/\/www.legislapp.com.br\/\"},{\"@type\":\"ListItem\",\"position\":2,\"name\":\"PL 770\/2024 &#8211; Raimundo Santos\"}]},{\"@type\":\"WebSite\",\"@id\":\"https:\/\/www.legislapp.com.br\/#website\",\"url\":\"https:\/\/www.legislapp.com.br\/\",\"name\":\"Legislapp\",\"description\":\"Intelig\u00eancia governamental em tempo real\",\"publisher\":{\"@id\":\"https:\/\/www.legislapp.com.br\/#organization\"},\"potentialAction\":[{\"@type\":\"SearchAction\",\"target\":{\"@type\":\"EntryPoint\",\"urlTemplate\":\"https:\/\/www.legislapp.com.br\/?s={search_term_string}\"},\"query-input\":{\"@type\":\"PropertyValueSpecification\",\"valueRequired\":true,\"valueName\":\"search_term_string\"}}],\"inLanguage\":\"pt-BR\"},{\"@type\":\"Organization\",\"@id\":\"https:\/\/www.legislapp.com.br\/#organization\",\"name\":\"Legislapp Monitoramento e Intelig\u00eancia Governamental\",\"url\":\"https:\/\/www.legislapp.com.br\/\",\"logo\":{\"@type\":\"ImageObject\",\"inLanguage\":\"pt-BR\",\"@id\":\"https:\/\/www.legislapp.com.br\/#\/schema\/logo\/image\/\",\"url\":\"https:\/\/www.legislapp.com.br\/wp-content\/uploads\/icon.png\",\"contentUrl\":\"https:\/\/www.legislapp.com.br\/wp-content\/uploads\/icon.png\",\"width\":1024,\"height\":1024,\"caption\":\"Legislapp Monitoramento e Intelig\u00eancia Governamental\"},\"image\":{\"@id\":\"https:\/\/www.legislapp.com.br\/#\/schema\/logo\/image\/\"},\"sameAs\":[\"https:\/\/www.instagram.com\/legislapp\/\"]}]}<\/script>\n<!-- \/ Yoast SEO plugin. -->","yoast_head_json":{"title":"PL 770\/2024 - Raimundo Santos - Legislapp","robots":{"index":"index","follow":"follow","max-snippet":"max-snippet:-1","max-image-preview":"max-image-preview:large","max-video-preview":"max-video-preview:-1"},"canonical":"https:\/\/www.legislapp.com.br\/index.php\/camara-pl-770-2024\/","og_locale":"pt_BR","og_type":"article","og_title":"PL 770\/2024 - Raimundo Santos - Legislapp","og_description":"C\u00e2mara &#8211; Autoria de Raimundo Santos Altera a Lei n\u00ba 13.146, de 6 de julho de 2015, que institui a Lei Brasileira de Inclus\u00e3o da Pessoa com Defici\u00eancia (Estatuto da Pessoa com Defici\u00eancia), para estabelecer que os indiv\u00edduos diagnosticados com a S\u00edndrome da Pessoa R\u00edgida ter\u00e3o os mesmos direitos das pessoas com defici\u00eancia. C\u00c2MARA DOS [&hellip;]","og_url":"https:\/\/www.legislapp.com.br\/index.php\/camara-pl-770-2024\/","og_site_name":"Legislapp","article_publisher":"https:\/\/www.instagram.com\/legislapp\/","og_image":[{"url":"https:\/\/www.camara.leg.br\/internet\/deputado\/bandep\/74084.jpg","type":"","width":"","height":""}],"twitter_card":"summary_large_image","twitter_misc":{"Est. tempo de leitura":"3 minutos"},"schema":{"@context":"https:\/\/schema.org","@graph":[{"@type":"WebPage","@id":"https:\/\/www.legislapp.com.br\/index.php\/camara-pl-770-2024\/","url":"https:\/\/www.legislapp.com.br\/index.php\/camara-pl-770-2024\/","name":"PL 770\/2024 - Raimundo Santos - Legislapp","isPartOf":{"@id":"https:\/\/www.legislapp.com.br\/#website"},"primaryImageOfPage":{"@id":"https:\/\/www.legislapp.com.br\/index.php\/camara-pl-770-2024\/#primaryimage"},"image":{"@id":"https:\/\/www.legislapp.com.br\/index.php\/camara-pl-770-2024\/#primaryimage"},"thumbnailUrl":"https:\/\/www.camara.leg.br\/internet\/deputado\/bandep\/74084.jpg","datePublished":"2025-06-25T13:10:29+00:00","breadcrumb":{"@id":"https:\/\/www.legislapp.com.br\/index.php\/camara-pl-770-2024\/#breadcrumb"},"inLanguage":"pt-BR","potentialAction":[{"@type":"ReadAction","target":["https:\/\/www.legislapp.com.br\/index.php\/camara-pl-770-2024\/"]}]},{"@type":"ImageObject","inLanguage":"pt-BR","@id":"https:\/\/www.legislapp.com.br\/index.php\/camara-pl-770-2024\/#primaryimage","url":"https:\/\/www.camara.leg.br\/internet\/deputado\/bandep\/74084.jpg","contentUrl":"https:\/\/www.camara.leg.br\/internet\/deputado\/bandep\/74084.jpg"},{"@type":"BreadcrumbList","@id":"https:\/\/www.legislapp.com.br\/index.php\/camara-pl-770-2024\/#breadcrumb","itemListElement":[{"@type":"ListItem","position":1,"name":"In\u00edcio","item":"https:\/\/www.legislapp.com.br\/"},{"@type":"ListItem","position":2,"name":"PL 770\/2024 &#8211; Raimundo Santos"}]},{"@type":"WebSite","@id":"https:\/\/www.legislapp.com.br\/#website","url":"https:\/\/www.legislapp.com.br\/","name":"Legislapp","description":"Intelig\u00eancia governamental em tempo real","publisher":{"@id":"https:\/\/www.legislapp.com.br\/#organization"},"potentialAction":[{"@type":"SearchAction","target":{"@type":"EntryPoint","urlTemplate":"https:\/\/www.legislapp.com.br\/?s={search_term_string}"},"query-input":{"@type":"PropertyValueSpecification","valueRequired":true,"valueName":"search_term_string"}}],"inLanguage":"pt-BR"},{"@type":"Organization","@id":"https:\/\/www.legislapp.com.br\/#organization","name":"Legislapp Monitoramento e Intelig\u00eancia Governamental","url":"https:\/\/www.legislapp.com.br\/","logo":{"@type":"ImageObject","inLanguage":"pt-BR","@id":"https:\/\/www.legislapp.com.br\/#\/schema\/logo\/image\/","url":"https:\/\/www.legislapp.com.br\/wp-content\/uploads\/icon.png","contentUrl":"https:\/\/www.legislapp.com.br\/wp-content\/uploads\/icon.png","width":1024,"height":1024,"caption":"Legislapp Monitoramento e Intelig\u00eancia Governamental"},"image":{"@id":"https:\/\/www.legislapp.com.br\/#\/schema\/logo\/image\/"},"sameAs":["https:\/\/www.instagram.com\/legislapp\/"]}]}},"_links":{"self":[{"href":"https:\/\/www.legislapp.com.br\/index.php\/wp-json\/wp\/v2\/pages\/5919","targetHints":{"allow":["GET"]}}],"collection":[{"href":"https:\/\/www.legislapp.com.br\/index.php\/wp-json\/wp\/v2\/pages"}],"about":[{"href":"https:\/\/www.legislapp.com.br\/index.php\/wp-json\/wp\/v2\/types\/page"}],"author":[{"embeddable":true,"href":"https:\/\/www.legislapp.com.br\/index.php\/wp-json\/wp\/v2\/users\/1"}],"replies":[{"embeddable":true,"href":"https:\/\/www.legislapp.com.br\/index.php\/wp-json\/wp\/v2\/comments?post=5919"}],"version-history":[{"count":0,"href":"https:\/\/www.legislapp.com.br\/index.php\/wp-json\/wp\/v2\/pages\/5919\/revisions"}],"wp:attachment":[{"href":"https:\/\/www.legislapp.com.br\/index.php\/wp-json\/wp\/v2\/media?parent=5919"}],"curies":[{"name":"wp","href":"https:\/\/api.w.org\/{rel}","templated":true}]}}