{"id":5924,"date":"2025-06-25T10:10:46","date_gmt":"2025-06-25T13:10:46","guid":{"rendered":"https:\/\/www.legislapp.com.br\/index.php\/camara-pl-3549-2020\/"},"modified":"2025-06-25T10:10:46","modified_gmt":"2025-06-25T13:10:46","slug":"camara-pl-3549-2020","status":"publish","type":"page","link":"https:\/\/www.legislapp.com.br\/index.php\/camara-pl-3549-2020\/","title":{"rendered":"PL 3549\/2020 &#8211; Jos\u00e9 Guimar\u00e3es"},"content":{"rendered":"<h1 style='text-align: center;'>C\u00e2mara &#8211; Autoria de Jos\u00e9 Guimar\u00e3es<br \/><img src='https:\/\/www.camara.leg.br\/internet\/deputado\/bandep\/141470.jpg' alt='Jos\u00e9 Guimar\u00e3es' \/><\/h3>\n<p><\/p>\n<article style='text-align: center'>Disp\u00f5e sobre a concess\u00e3o de aux\u00edlio emergencial mulheres artes\u00e3s &#8211; Bolsa Artes\u00e3.<\/article>\n<p><\/p>\n<p style='text-align: center'><a href='https:\/\/app.legislapp.com.br\/#\/busca?termo=Concess\u00e3o'>Concess\u00e3o<\/a>, <a href='https:\/\/app.legislapp.com.br\/#\/busca?termo=aux\u00edlio emergencial'>aux\u00edlio emergencial<\/a>, <a href='https:\/\/app.legislapp.com.br\/#\/busca?termo=denomina\u00e7\u00e3o'>denomina\u00e7\u00e3o<\/a>, <a href='https:\/\/app.legislapp.com.br\/#\/busca?termo=Bolsa Artes\u00e3'>Bolsa Artes\u00e3<\/a>, <a href='https:\/\/app.legislapp.com.br\/#\/busca?termo=valor'>valor<\/a>, <a href='https:\/\/app.legislapp.com.br\/#\/busca?termo=benef\u00edcio'>benef\u00edcio<\/a>, <a href='https:\/\/app.legislapp.com.br\/#\/busca?termo=isen\u00e7\u00e3o'>isen\u00e7\u00e3o<\/a>, <a href='https:\/\/app.legislapp.com.br\/#\/busca?termo=Imposto sobre a Renda da Pessoa F\u00edsica (IRPF)'>Imposto sobre a Renda da Pessoa F\u00edsica (IRPF)<\/a>, <a href='https:\/\/app.legislapp.com.br\/#\/busca?termo=Contribui\u00e7\u00e3o Social sobre o Lucro L\u00edquido (CSLL)'>Contribui\u00e7\u00e3o Social sobre o Lucro L\u00edquido (CSLL)<\/a>, <a href='https:\/\/app.legislapp.com.br\/#\/busca?termo=Uni\u00e3o'>Uni\u00e3o<\/a>, <a href='https:\/\/app.legislapp.com.br\/#\/busca?termo=estado (ente federado)'>estado (ente federado)<\/a>, <a href='https:\/\/app.legislapp.com.br\/#\/busca?termo=munic\u00edpio'>munic\u00edpio<\/a>, <a href='https:\/\/app.legislapp.com.br\/#\/busca?termo=assist\u00eancia t\u00e9cnica'>assist\u00eancia t\u00e9cnica<\/a>, <a href='https:\/\/app.legislapp.com.br\/#\/busca?termo=atividade'>atividade<\/a>, <a href='https:\/\/app.legislapp.com.br\/#\/busca?termo=artes\u00e3o'>artes\u00e3o<\/a>, <a href='https:\/\/app.legislapp.com.br\/#\/busca?termo=mulher'>mulher<\/a>, <a href='https:\/\/app.legislapp.com.br\/#\/busca?termo=est\u00edmulo'>est\u00edmulo<\/a>, <a href='https:\/\/app.legislapp.com.br\/#\/busca?termo=comercializa\u00e7\u00e3o'>comercializa\u00e7\u00e3o<\/a>, <a href='https:\/\/app.legislapp.com.br\/#\/busca?termo=produtos. decorr\u00eancia'>produtos. decorr\u00eancia<\/a>, <a href='https:\/\/app.legislapp.com.br\/#\/busca?termo=estado de emerg\u00eancia'>estado de emerg\u00eancia<\/a>, <a href='https:\/\/app.legislapp.com.br\/#\/busca?termo=calamidade p\u00fablica'>calamidade p\u00fablica<\/a>, <a href='https:\/\/app.legislapp.com.br\/#\/busca?termo=pandemia'>pandemia<\/a>, <a href='https:\/\/app.legislapp.com.br\/#\/busca?termo=coronav\u00edrus.'>coronav\u00edrus.<\/a><\/p>\n<p><\/p>\n<article>\n<p>C\u00c2MARA DOS DEPUTADOS <\/p>\n<p>PROJETO DE LEI N.\u00ba 3.549, DE 2020<br \/>\n(Do Sr. Jos\u00e9 Guimar\u00e3es) <\/p>\n<p>Disp\u00f5e sobre a concess\u00e3o de aux\u00edlio emergencial mulheres artes\u00e3s &#8211;<br \/>\nBolsa Artes\u00e3.  <\/p>\n<p>DESPACHO:<br \/>\n\u00c0S COMISS\u00d5ES DE:<br \/>\nSEGURIDADE SOCIAL E FAM\u00cdLIA;<br \/>\nDEFESA DOS DIREITOS DAS PESSOAS COM DEFICI\u00caNCIA;<br \/>\nFINAN\u00c7AS E TRIBUTA\u00c7\u00c3O (M\u00c9RITO E ART. 54, RICD); E<br \/>\nCONSTITUI\u00c7\u00c3O E JUSTI\u00c7A E DE CIDADANIA (ART. 54 RICD)  <\/p>\n<p>APRECIA\u00c7\u00c3O:<br \/>\nProposi\u00e7\u00e3o Sujeita \u00e0 Aprecia\u00e7\u00e3o Conclusiva pelas Comiss\u00f5es &#8211; Art. 24 II <\/p>\n<p>PUBLICA\u00c7\u00c3O INICIAL<br \/>\nArt. 137, caput &#8211; RICD<br \/>\nCoordena\u00e7\u00e3o de Comiss\u00f5es Permanentes &#8211; DECOM &#8211; P_7904<br \/>\nCONFERE COM O ORIGINAL AUTENTICADO 2<br \/>\nO Congresso Nacional decreta: <\/p>\n<p>Art. 1\u00ba As mulheres cuja renda for oriunda da produ\u00e7\u00e3o de<br \/>\nartesanatos ter\u00e3o direito ao auxilio emergencial; denominado &#8211; Bolsa Artes\u00e3.<br \/>\nArt. 2\u00ba Os pagamentos ser\u00e3o feitos mensalmente; no valor de R$<br \/>\n600,00 (seiscentos reais); a contar da publica\u00e7\u00e3o desta Lei; no m\u00ednimo pelos seis<br \/>\n(06) meses subseq\u00fcentes. Devendo ser estendido, depois deste per\u00edodo, conforme<br \/>\na necessidade das benefici\u00e1rias e dura\u00e7\u00e3o do estado de calamidade e, decorr\u00eancia<br \/>\nda Pandemia do Corona V\u00edrus.<br \/>\nArt. 2\u00ba Ficam isentos do imposto de renda e da contribui\u00e7\u00e3o social<br \/>\nsobre o lucro l\u00edquido os rendimentos percebidos por pessoas f\u00edsicas e jur\u00eddicas<br \/>\ndecorrentes das atividades artesanais.<br \/>\nArt. 3\u00ba A Uni\u00e3o, Estados e Munic\u00edpios, no \u00e2mbito de suas<br \/>\ncompet\u00eancias e no prazo de cento e oitenta dias, regulamentar\u00e3o a presta\u00e7\u00e3o de<br \/>\nassist\u00eancia t\u00e9cnica \u00e0s atividades desenvolvidas pelas mulheres artes\u00e3s e a<br \/>\nconcess\u00e3o de est\u00edmulos \u00e0 comercializa\u00e7\u00e3o de seus produtos com o objetivo de criar<br \/>\nnovos postos de trabalho e promover gera\u00e7\u00e3o de renda.<br \/>\n\u00a7 1\u00ba O Poder P\u00fablico promover\u00e1 campanhas de est\u00edmulo \u00e0<br \/>\nvaloriza\u00e7\u00e3o, preserva\u00e7\u00e3o e perpetua\u00e7\u00e3o dos artesanatos e sua produ\u00e7\u00e3o,<br \/>\npromovendo a\u00e7\u00f5es de assist\u00eancia t\u00e9cnica para organiza\u00e7\u00e3o e fortalecimento de<br \/>\nassocia\u00e7\u00f5es de mulheres artes\u00e3s.<br \/>\n\u00a7 2\u00ba Na divulga\u00e7\u00e3o e comercializa\u00e7\u00e3o de produtos de mulheres<br \/>\nartes\u00e3s em feiras, parques, exposi\u00e7\u00f5es e assemelhados, o Poder P\u00fablico n\u00e3o<br \/>\ncobrar\u00e1 valores na forma de tarifas ou taxas e outros tributos.<br \/>\n\u00a7 3\u00ba Ao menos uma vez ao ano o Poder P\u00fablico municipal apoiar\u00e1<br \/>\nas associa\u00e7\u00f5es de mulheres artes\u00e3s para levar suas produ\u00e7\u00f5es a outras localidades<br \/>\ne Estados e promover\u00e1 interc\u00e2mbio entre associa\u00e7\u00f5es de rendeiras para<br \/>\ncompartilhamento de experi\u00eancias.<br \/>\n\u00a7 4\u00ba O poder P\u00fablico fica autorizado a apoiar, diretamente ou por<br \/>\nmeio de incentivos, a constru\u00e7\u00e3o de sedes pr\u00f3prias de associa\u00e7\u00f5es de mulheres<br \/>\nartes\u00e3s com o objetivo de promover escolas voltadas a ensinar a adolescentes e<br \/>\njovens<br \/>\nCoordena\u00e7\u00e3o de Comiss\u00f5es Permanentes &#8211; DECOM &#8211; P_7904<br \/>\nCONFERE COM O ORIGINAL AUTENTICADO<br \/>\nPL 3549\/2020 3<br \/>\n Art. 4\u00ba Esta Lei entra em vigor na data de sua publica\u00e7\u00e3o.<br \/>\nJUSTIFICA\u00c7\u00c3O<br \/>\nO presente projeto de lei aborda tema de grande relev\u00e2ncia para a<br \/>\nvaloriza\u00e7\u00e3o e preserva\u00e7\u00e3o da renda de milhares de mulheres que lutam diariamente<br \/>\npara manter importante manifesta\u00e7\u00e3o cultural do Brasil. Trata-se dos esfor\u00e7os para<br \/>\nque sejam tornadas vi\u00e1veis as atividades desenvolvidas pelas mulheres artes\u00e3s,<br \/>\ncujo trabalho apresenta uma riqueza imaterial inestim\u00e1vel, cuja manuten\u00e7\u00e3o deve<br \/>\nser assegurada pelo Poder P\u00fablico. Com efeito, h\u00e1 risco real de perda da tradi\u00e7\u00e3o<br \/>\npassada de m\u00e3es a filhas por incont\u00e1veis gera\u00e7\u00f5es.<br \/>\nO problema que atualmente se percebe \u00e9 que por causa da<br \/>\nPandemia do Corona V\u00edrus um enorme contingente de mulheres est\u00e1 em situa\u00e7\u00e3o<br \/>\nvulnerabilidade; sem renda nenhuma. O  intuito de apresentamos a presente<br \/>\nproposi\u00e7\u00e3o, busca abordar a quest\u00e3o econ\u00f4mica do setor, de maneira a, dessa<br \/>\nforma, preservar nosso patrim\u00f4nio imaterial; bem como as mulheres que o levam de<br \/>\nnorte a sul do nosso pa\u00eds.<br \/>\nMais especificamente, \u00e9 oportuno observar que, nos termos do art.<br \/>\n24 da Constitui\u00e7\u00e3o Federal, compete \u00e0 Uni\u00e3o, aos Estados e ao Distrito Federal<br \/>\nlegislar concorrentemente sobre direito econ\u00f4mico, sendo que, no \u00e2mbito da<br \/>\nlegisla\u00e7\u00e3o concorrente, a compet\u00eancia da Uni\u00e3o limitar-se-\u00e1 a estabelecer normas<br \/>\ngerais, sendo que a superveni\u00eancia de lei federal sobre normas gerais suspende a<br \/>\nefic\u00e1cia da lei estadual, no que lhe for contr\u00e1rio. Todavia, \u00e9 complexa a tarefa de<br \/>\ndefinir os limites dos direitos econ\u00f4mico. H\u00e1 que se observar que essa delimita\u00e7\u00e3o \u00e9<br \/>\nnecess\u00e1ria para conhecer as possibilidades de a regula\u00e7\u00e3o federal atuar sobre<br \/>\ntemas que, de outra forma, poderiam ser tratados pelas esferas locais de poder.<br \/>\nEm ess\u00eancia, Direito Econ\u00f4mico \u00e9 o ramo do Direito que busca<br \/>\nregular a produ\u00e7\u00e3o e a circula\u00e7\u00e3o de bens e servi\u00e7os, inclusive no que se refere \u00e0<br \/>\nregula\u00e7\u00e3o da concorr\u00eancia e corre\u00e7\u00e3o de inefici\u00eancias de mercado. Em nossa vis\u00e3o,<br \/>\nh\u00e1 aqui uma inefici\u00eancia, que se reflete na necessidade de interven\u00e7\u00e3o para possa<br \/>\nassegurar \u00e0s mulheres artes\u00e3s ainda em atividade a adequada remunera\u00e7\u00e3o.<br \/>\nDessa forma, estando as disposi\u00e7\u00f5es da proposi\u00e7\u00e3o inseridas no<br \/>\n\u00e2mbito do Direito Econ\u00f4mico, a Uni\u00e3o \u00e9 apta a editar normas gerais cujo<br \/>\nCoordena\u00e7\u00e3o de Comiss\u00f5es Permanentes &#8211; DECOM &#8211; P_7904<br \/>\nCONFERE COM O ORIGINAL AUTENTICADO<br \/>\nPL 3549\/2020 4<br \/>\ncumprimento \u00e9 compuls\u00f3rio por parte dos Estados e Munic\u00edpios. Inexistiria, portanto,<br \/>\nv\u00edcio de iniciativa ou outras inconstitucionalidades no projeto de lei em an\u00e1lise.<br \/>\nDessa forma, certos do car\u00e1ter amplamente merit\u00f3rio da presente proposi\u00e7\u00e3o e de<br \/>\nsua crucial import\u00e2ncia para as atividades desenvolvidas pelas mulheres artes\u00e3s<br \/>\nainda em atividade e, de forma mais ampla, para a preserva\u00e7\u00e3o do patrim\u00f4nio<br \/>\ncultural imaterial do Brasil, conto com o apoio dos nobres pares para sua aprova\u00e7\u00e3o.<br \/>\nSala das Sess\u00f5es, em 30 de junho de2020.<br \/>\nDeputado JOS\u00c9 GUIMAR\u00c3ES <\/p>\n<p>LEGISLA\u00c7\u00c3O CITADA ANEXADA PELA<br \/>\nCoordena\u00e7\u00e3o de Organiza\u00e7\u00e3o da Informa\u00e7\u00e3o Legislativa &#8211; CELEG<br \/>\nServi\u00e7o de Tratamento da Informa\u00e7\u00e3o Legislativa &#8211; SETIL<br \/>\nSe\u00e7\u00e3o de Legisla\u00e7\u00e3o Citada &#8211; SELEC <\/p>\n<p>CONSTITUI\u00c7\u00c3O<br \/>\nDA<br \/>\nREP\u00daBLICA FEDERATIVA DO BRASIL<br \/>\n1988 <\/p>\n<p>PRE\u00c2MBULO <\/p>\n<p>N\u00f3s, representantes do povo brasileiro, reunidos em Assembl\u00e9ia Nacional<br \/>\nConstituinte para instituir um Estado democr\u00e1tico, destinado a assegurar o exerc\u00edcio dos<br \/>\ndireitos sociais e individuais, a liberdade, a seguran\u00e7a, o bem-estar, o desenvolvimento, a<br \/>\nigualdade e a justi\u00e7a como valores supremos de uma sociedade fraterna, pluralista e sem<br \/>\npreconceitos, fundada na harmonia social e comprometida, na ordem interna e internacional,<br \/>\ncom a solu\u00e7\u00e3o pac\u00edfica das controv\u00e9rsias, promulgamos, sob a prote\u00e7\u00e3o de Deus, a seguinte<br \/>\nConstitui\u00e7\u00e3o da Rep\u00fablica Federativa do Brasil.<br \/>\n&#8230;&#8230;&#8230;&#8230;&#8230;&#8230;&#8230;&#8230;&#8230;&#8230;&#8230;&#8230;&#8230;&#8230;&#8230;&#8230;&#8230;&#8230;&#8230;&#8230;&#8230;&#8230;&#8230;&#8230;&#8230;&#8230;&#8230;&#8230;&#8230;&#8230;&#8230;&#8230;&#8230;&#8230;&#8230;&#8230;&#8230;&#8230;&#8230;&#8230;&#8230;&#8230;&#8230;&#8230;&#8230;&#8230;&#8230;&#8230;&#8230;&#8230;. <\/p>\n<p>T\u00cdTULO III<br \/>\nDA ORGANIZA\u00c7\u00c3O DO ESTADO<br \/>\n&#8230;&#8230;&#8230;&#8230;&#8230;&#8230;&#8230;&#8230;&#8230;&#8230;&#8230;&#8230;&#8230;&#8230;&#8230;&#8230;&#8230;&#8230;&#8230;&#8230;&#8230;&#8230;&#8230;&#8230;&#8230;&#8230;&#8230;&#8230;&#8230;&#8230;&#8230;&#8230;&#8230;&#8230;&#8230;&#8230;&#8230;&#8230;&#8230;&#8230;&#8230;&#8230;&#8230;&#8230;&#8230;&#8230;&#8230;&#8230;&#8230;&#8230;.  <\/p>\n<p>CAP\u00cdTULO II<br \/>\nDA UNI\u00c3O<br \/>\n&#8230;&#8230;&#8230;&#8230;&#8230;&#8230;&#8230;&#8230;&#8230;&#8230;&#8230;&#8230;&#8230;&#8230;&#8230;&#8230;&#8230;&#8230;&#8230;&#8230;&#8230;&#8230;&#8230;&#8230;&#8230;&#8230;&#8230;&#8230;&#8230;&#8230;&#8230;&#8230;&#8230;&#8230;&#8230;&#8230;&#8230;&#8230;&#8230;&#8230;&#8230;&#8230;&#8230;&#8230;&#8230;&#8230;&#8230;&#8230;&#8230;&#8230;. <\/p>\n<p>Art. 24. Compete \u00e0 Uni\u00e3o, aos Estados e ao Distrito Federal legislar<br \/>\nconcorrentemente sobre:<br \/>\nI &#8211; direito tribut\u00e1rio, financeiro, penitenci\u00e1rio, econ\u00f4mico e urban\u00edstico;<br \/>\nII &#8211; or\u00e7amento;<br \/>\nIII &#8211; juntas comerciais;<br \/>\nIV &#8211; custas dos servi\u00e7os forenses;<br \/>\nCoordena\u00e7\u00e3o de Comiss\u00f5es Permanentes &#8211; DECOM &#8211; P_7904<br \/>\nCONFERE COM O ORIGINAL AUTENTICADO<br \/>\nPL 3549\/2020 5<br \/>\nV &#8211; produ\u00e7\u00e3o e consumo;<br \/>\nVI &#8211; florestas, ca\u00e7a, pesca, fauna, conserva\u00e7\u00e3o da natureza, defesa do solo e dos<br \/>\nrecursos naturais, prote\u00e7\u00e3o do meio ambiente e controle da polui\u00e7\u00e3o;<br \/>\nVII &#8211; prote\u00e7\u00e3o ao patrim\u00f4nio hist\u00f3rico, cultural, art\u00edstico, tur\u00edstico e paisag\u00edstico;<br \/>\nVIII &#8211; responsabilidade por dano ao meio ambiente, ao consumidor, a bens e<br \/>\ndireitos de valor art\u00edstico, est\u00e9tico, hist\u00f3rico, tur\u00edstico e paisag\u00edstico;<br \/>\nIX &#8211; educa\u00e7\u00e3o, cultura, ensino, desporto, ci\u00eancia, tecnologia, pesquisa,<br \/>\ndesenvolvimento e inova\u00e7\u00e3o; (Inciso com reda\u00e7\u00e3o dada pela Emenda Constitucional n\u00ba 85, de<br \/>\n2015, republicada no DOU de 3\/3\/2015)<br \/>\nX &#8211; cria\u00e7\u00e3o, funcionamento e processo do juizado de pequenas causas;<br \/>\nXI &#8211; procedimentos em mat\u00e9ria processual;<br \/>\nXII &#8211; previd\u00eancia social, prote\u00e7\u00e3o e defesa da sa\u00fade;<br \/>\nXIII &#8211; assist\u00eancia jur\u00eddica e defensoria p\u00fablica;<br \/>\nXIV &#8211; prote\u00e7\u00e3o e integra\u00e7\u00e3o social das pessoas portadoras de defici\u00eancia;<br \/>\nXV &#8211; prote\u00e7\u00e3o \u00e0 inf\u00e2ncia e \u00e0 juventude;<br \/>\nXVI &#8211; organiza\u00e7\u00e3o, garantias, direitos e deveres das pol\u00edcias civis.<br \/>\n\u00a7 1\u00ba No \u00e2mbito da legisla\u00e7\u00e3o concorrente, a compet\u00eancia da Uni\u00e3o limitar-se-\u00e1 a<br \/>\nestabelecer normas gerais.<br \/>\n\u00a7 2\u00ba A compet\u00eancia da Uni\u00e3o para legislar sobre normas gerais n\u00e3o exclui a<br \/>\ncompet\u00eancia suplementar dos Estados.<br \/>\n\u00a7 3\u00ba Inexistindo lei federal sobre normas gerais, os Estados exercer\u00e3o a<br \/>\ncompet\u00eancia legislativa plena, para atender a suas peculiaridades.<br \/>\n\u00a7 4\u00ba A superveni\u00eancia de lei federal sobre normas gerais suspende a efic\u00e1cia da lei<br \/>\nestadual, no que lhe for contr\u00e1rio.  <\/p>\n<p>CAP\u00cdTULO III<br \/>\nDOS ESTADOS FEDERADOS <\/p>\n<p>Art. 25. Os Estados organizam-se e regem-se pelas Constitui\u00e7\u00f5es e leis que<br \/>\nadotarem, observados os princ\u00edpios desta Constitui\u00e7\u00e3o.<br \/>\n\u00a7 1\u00ba S\u00e3o reservadas aos Estados as compet\u00eancias que n\u00e3o lhes sejam vedadas por<br \/>\nesta Constitui\u00e7\u00e3o.<br \/>\n\u00a7 2\u00ba Cabe aos Estados explorar diretamente, ou mediante concess\u00e3o, os servi\u00e7os<br \/>\nlocais de g\u00e1s canalizado, na forma da lei, vedada a edi\u00e7\u00e3o de medida provis\u00f3ria para a sua<br \/>\nregulamenta\u00e7\u00e3o. (Par\u00e1grafo com reda\u00e7\u00e3o dada pela Emenda Constitucional n\u00ba 5, de 1995)<br \/>\n\u00a7 3\u00ba Os Estados poder\u00e3o, mediante lei complementar, instituir regi\u00f5es<br \/>\nmetropolitanas, aglomera\u00e7\u00f5es urbanas e microrregi\u00f5es, constitu\u00eddas por agrupamentos de<br \/>\nMunic\u00edpios lim\u00edtrofes, para integrar a organiza\u00e7\u00e3o, o planejamento e a execu\u00e7\u00e3o de fun\u00e7\u00f5es<br \/>\np\u00fablicas de interesse comum.<br \/>\n&#8230;&#8230;&#8230;&#8230;&#8230;&#8230;&#8230;&#8230;&#8230;&#8230;&#8230;&#8230;&#8230;&#8230;&#8230;&#8230;&#8230;&#8230;&#8230;&#8230;&#8230;&#8230;&#8230;&#8230;&#8230;&#8230;&#8230;&#8230;&#8230;&#8230;&#8230;&#8230;&#8230;&#8230;&#8230;&#8230;&#8230;&#8230;&#8230;&#8230;&#8230;&#8230;&#8230;&#8230;&#8230;&#8230;&#8230;&#8230;&#8230;&#8230;.<br \/>\n&#8230;&#8230;&#8230;&#8230;&#8230;&#8230;&#8230;&#8230;&#8230;&#8230;&#8230;&#8230;&#8230;&#8230;&#8230;&#8230;&#8230;&#8230;&#8230;&#8230;&#8230;&#8230;&#8230;&#8230;&#8230;&#8230;&#8230;&#8230;&#8230;&#8230;&#8230;&#8230;&#8230;&#8230;&#8230;&#8230;&#8230;&#8230;&#8230;&#8230;&#8230;&#8230;&#8230;&#8230;&#8230;&#8230;&#8230;&#8230;&#8230;&#8230;.  <\/p>\n<p>FIM DO DOCUMENTO<br \/>\nCoordena\u00e7\u00e3o de Comiss\u00f5es Permanentes &#8211; DECOM &#8211; P_7904<br \/>\nCONFERE COM O ORIGINAL AUTENTICADO<br \/>\nPL 3549\/2020 <\/article>\n<div style=\"text-align: center\">\n<div style=\"margin-bottom: 20px;\" class=\"et_pb_button_module_wrapper et_pb_button_5_tb_body_wrapper et_pb_button_alignment_center et_pb_module \">\n         <a class=\"et_pb_button et_pb_button_5_tb_body et_hover_enabled et_pb_bg_layout_dark\" style=\"width: 50%;background-color: black;\" href=\"https:\/\/app.legislapp.com.br\" target=\"_blank\" rel=\"noopener\">Visualizar completo na nossa plataforma (30 dias gr\u00e1tis)<\/a><\/p><\/div>\n<p>      <a href=\"https:\/\/play.google.com\/store\/apps\/details?id=br.com.legislapp\"><img decoding=\"async\" style=\"width: 15%; min-width: 130px;\" src=\"https:\/\/www.legislapp.com.br\/wp-content\/uploads\/google-play.png\"><\/a><br \/>\n      <a href=\"https:\/\/apps.apple.com\/us\/app\/legislapp\/id1568929859\"><img decoding=\"async\" style=\"width: 15%; min-width: 130px\" src=\"https:\/\/www.legislapp.com.br\/wp-content\/uploads\/apple-store.png\"><\/a>\n   <\/div>\n","protected":false},"excerpt":{"rendered":"<p>C\u00e2mara &#8211; Autoria de Jos\u00e9 Guimar\u00e3es Disp\u00f5e sobre a concess\u00e3o de aux\u00edlio emergencial mulheres artes\u00e3s &#8211; Bolsa Artes\u00e3. Concess\u00e3o, aux\u00edlio emergencial, denomina\u00e7\u00e3o, Bolsa Artes\u00e3, valor, benef\u00edcio, isen\u00e7\u00e3o, Imposto sobre a Renda da Pessoa F\u00edsica (IRPF), Contribui\u00e7\u00e3o Social sobre o Lucro L\u00edquido (CSLL), Uni\u00e3o, estado (ente federado), munic\u00edpio, assist\u00eancia t\u00e9cnica, atividade, artes\u00e3o, mulher, est\u00edmulo, comercializa\u00e7\u00e3o, produtos. [&hellip;]<\/p>\n","protected":false},"author":1,"featured_media":0,"parent":0,"menu_order":0,"comment_status":"closed","ping_status":"closed","template":"page-template-blank.php","meta":{"_et_pb_use_builder":"","_et_pb_old_content":"","_et_gb_content_width":"1080","ngg_post_thumbnail":0,"footnotes":""},"class_list":["post-5924","page","type-page","status-publish","hentry"],"yoast_head":"<!-- This site is optimized with the Yoast SEO plugin v24.4 - https:\/\/yoast.com\/wordpress\/plugins\/seo\/ -->\n<title>PL 3549\/2020 - Jos\u00e9 Guimar\u00e3es - Legislapp<\/title>\n<meta name=\"robots\" content=\"index, follow, max-snippet:-1, max-image-preview:large, max-video-preview:-1\" \/>\n<link rel=\"canonical\" href=\"https:\/\/www.legislapp.com.br\/index.php\/camara-pl-3549-2020\/\" \/>\n<meta property=\"og:locale\" content=\"pt_BR\" \/>\n<meta property=\"og:type\" content=\"article\" \/>\n<meta property=\"og:title\" content=\"PL 3549\/2020 - Jos\u00e9 Guimar\u00e3es - Legislapp\" \/>\n<meta property=\"og:description\" content=\"C\u00e2mara &#8211; Autoria de Jos\u00e9 Guimar\u00e3es Disp\u00f5e sobre a concess\u00e3o de aux\u00edlio emergencial mulheres artes\u00e3s &#8211; Bolsa Artes\u00e3. Concess\u00e3o, aux\u00edlio emergencial, denomina\u00e7\u00e3o, Bolsa Artes\u00e3, valor, benef\u00edcio, isen\u00e7\u00e3o, Imposto sobre a Renda da Pessoa F\u00edsica (IRPF), Contribui\u00e7\u00e3o Social sobre o Lucro L\u00edquido (CSLL), Uni\u00e3o, estado (ente federado), munic\u00edpio, assist\u00eancia t\u00e9cnica, atividade, artes\u00e3o, mulher, est\u00edmulo, comercializa\u00e7\u00e3o, produtos. [&hellip;]\" \/>\n<meta property=\"og:url\" content=\"https:\/\/www.legislapp.com.br\/index.php\/camara-pl-3549-2020\/\" \/>\n<meta property=\"og:site_name\" content=\"Legislapp\" \/>\n<meta property=\"article:publisher\" content=\"https:\/\/www.instagram.com\/legislapp\/\" \/>\n<meta property=\"og:image\" content=\"https:\/\/www.camara.leg.br\/internet\/deputado\/bandep\/141470.jpg\" \/>\n<meta name=\"twitter:card\" content=\"summary_large_image\" \/>\n<meta name=\"twitter:label1\" content=\"Est. tempo de leitura\" \/>\n\t<meta name=\"twitter:data1\" content=\"8 minutos\" \/>\n<script type=\"application\/ld+json\" class=\"yoast-schema-graph\">{\"@context\":\"https:\/\/schema.org\",\"@graph\":[{\"@type\":\"WebPage\",\"@id\":\"https:\/\/www.legislapp.com.br\/index.php\/camara-pl-3549-2020\/\",\"url\":\"https:\/\/www.legislapp.com.br\/index.php\/camara-pl-3549-2020\/\",\"name\":\"PL 3549\/2020 - Jos\u00e9 Guimar\u00e3es - Legislapp\",\"isPartOf\":{\"@id\":\"https:\/\/www.legislapp.com.br\/#website\"},\"primaryImageOfPage\":{\"@id\":\"https:\/\/www.legislapp.com.br\/index.php\/camara-pl-3549-2020\/#primaryimage\"},\"image\":{\"@id\":\"https:\/\/www.legislapp.com.br\/index.php\/camara-pl-3549-2020\/#primaryimage\"},\"thumbnailUrl\":\"https:\/\/www.camara.leg.br\/internet\/deputado\/bandep\/141470.jpg\",\"datePublished\":\"2025-06-25T13:10:46+00:00\",\"breadcrumb\":{\"@id\":\"https:\/\/www.legislapp.com.br\/index.php\/camara-pl-3549-2020\/#breadcrumb\"},\"inLanguage\":\"pt-BR\",\"potentialAction\":[{\"@type\":\"ReadAction\",\"target\":[\"https:\/\/www.legislapp.com.br\/index.php\/camara-pl-3549-2020\/\"]}]},{\"@type\":\"ImageObject\",\"inLanguage\":\"pt-BR\",\"@id\":\"https:\/\/www.legislapp.com.br\/index.php\/camara-pl-3549-2020\/#primaryimage\",\"url\":\"https:\/\/www.camara.leg.br\/internet\/deputado\/bandep\/141470.jpg\",\"contentUrl\":\"https:\/\/www.camara.leg.br\/internet\/deputado\/bandep\/141470.jpg\"},{\"@type\":\"BreadcrumbList\",\"@id\":\"https:\/\/www.legislapp.com.br\/index.php\/camara-pl-3549-2020\/#breadcrumb\",\"itemListElement\":[{\"@type\":\"ListItem\",\"position\":1,\"name\":\"In\u00edcio\",\"item\":\"https:\/\/www.legislapp.com.br\/\"},{\"@type\":\"ListItem\",\"position\":2,\"name\":\"PL 3549\/2020 &#8211; Jos\u00e9 Guimar\u00e3es\"}]},{\"@type\":\"WebSite\",\"@id\":\"https:\/\/www.legislapp.com.br\/#website\",\"url\":\"https:\/\/www.legislapp.com.br\/\",\"name\":\"Legislapp\",\"description\":\"Intelig\u00eancia governamental em tempo real\",\"publisher\":{\"@id\":\"https:\/\/www.legislapp.com.br\/#organization\"},\"potentialAction\":[{\"@type\":\"SearchAction\",\"target\":{\"@type\":\"EntryPoint\",\"urlTemplate\":\"https:\/\/www.legislapp.com.br\/?s={search_term_string}\"},\"query-input\":{\"@type\":\"PropertyValueSpecification\",\"valueRequired\":true,\"valueName\":\"search_term_string\"}}],\"inLanguage\":\"pt-BR\"},{\"@type\":\"Organization\",\"@id\":\"https:\/\/www.legislapp.com.br\/#organization\",\"name\":\"Legislapp Monitoramento e Intelig\u00eancia Governamental\",\"url\":\"https:\/\/www.legislapp.com.br\/\",\"logo\":{\"@type\":\"ImageObject\",\"inLanguage\":\"pt-BR\",\"@id\":\"https:\/\/www.legislapp.com.br\/#\/schema\/logo\/image\/\",\"url\":\"https:\/\/www.legislapp.com.br\/wp-content\/uploads\/icon.png\",\"contentUrl\":\"https:\/\/www.legislapp.com.br\/wp-content\/uploads\/icon.png\",\"width\":1024,\"height\":1024,\"caption\":\"Legislapp Monitoramento e Intelig\u00eancia Governamental\"},\"image\":{\"@id\":\"https:\/\/www.legislapp.com.br\/#\/schema\/logo\/image\/\"},\"sameAs\":[\"https:\/\/www.instagram.com\/legislapp\/\"]}]}<\/script>\n<!-- \/ Yoast SEO plugin. -->","yoast_head_json":{"title":"PL 3549\/2020 - Jos\u00e9 Guimar\u00e3es - Legislapp","robots":{"index":"index","follow":"follow","max-snippet":"max-snippet:-1","max-image-preview":"max-image-preview:large","max-video-preview":"max-video-preview:-1"},"canonical":"https:\/\/www.legislapp.com.br\/index.php\/camara-pl-3549-2020\/","og_locale":"pt_BR","og_type":"article","og_title":"PL 3549\/2020 - Jos\u00e9 Guimar\u00e3es - Legislapp","og_description":"C\u00e2mara &#8211; Autoria de Jos\u00e9 Guimar\u00e3es Disp\u00f5e sobre a concess\u00e3o de aux\u00edlio emergencial mulheres artes\u00e3s &#8211; Bolsa Artes\u00e3. Concess\u00e3o, aux\u00edlio emergencial, denomina\u00e7\u00e3o, Bolsa Artes\u00e3, valor, benef\u00edcio, isen\u00e7\u00e3o, Imposto sobre a Renda da Pessoa F\u00edsica (IRPF), Contribui\u00e7\u00e3o Social sobre o Lucro L\u00edquido (CSLL), Uni\u00e3o, estado (ente federado), munic\u00edpio, assist\u00eancia t\u00e9cnica, atividade, artes\u00e3o, mulher, est\u00edmulo, comercializa\u00e7\u00e3o, produtos. [&hellip;]","og_url":"https:\/\/www.legislapp.com.br\/index.php\/camara-pl-3549-2020\/","og_site_name":"Legislapp","article_publisher":"https:\/\/www.instagram.com\/legislapp\/","og_image":[{"url":"https:\/\/www.camara.leg.br\/internet\/deputado\/bandep\/141470.jpg","type":"","width":"","height":""}],"twitter_card":"summary_large_image","twitter_misc":{"Est. tempo de leitura":"8 minutos"},"schema":{"@context":"https:\/\/schema.org","@graph":[{"@type":"WebPage","@id":"https:\/\/www.legislapp.com.br\/index.php\/camara-pl-3549-2020\/","url":"https:\/\/www.legislapp.com.br\/index.php\/camara-pl-3549-2020\/","name":"PL 3549\/2020 - Jos\u00e9 Guimar\u00e3es - Legislapp","isPartOf":{"@id":"https:\/\/www.legislapp.com.br\/#website"},"primaryImageOfPage":{"@id":"https:\/\/www.legislapp.com.br\/index.php\/camara-pl-3549-2020\/#primaryimage"},"image":{"@id":"https:\/\/www.legislapp.com.br\/index.php\/camara-pl-3549-2020\/#primaryimage"},"thumbnailUrl":"https:\/\/www.camara.leg.br\/internet\/deputado\/bandep\/141470.jpg","datePublished":"2025-06-25T13:10:46+00:00","breadcrumb":{"@id":"https:\/\/www.legislapp.com.br\/index.php\/camara-pl-3549-2020\/#breadcrumb"},"inLanguage":"pt-BR","potentialAction":[{"@type":"ReadAction","target":["https:\/\/www.legislapp.com.br\/index.php\/camara-pl-3549-2020\/"]}]},{"@type":"ImageObject","inLanguage":"pt-BR","@id":"https:\/\/www.legislapp.com.br\/index.php\/camara-pl-3549-2020\/#primaryimage","url":"https:\/\/www.camara.leg.br\/internet\/deputado\/bandep\/141470.jpg","contentUrl":"https:\/\/www.camara.leg.br\/internet\/deputado\/bandep\/141470.jpg"},{"@type":"BreadcrumbList","@id":"https:\/\/www.legislapp.com.br\/index.php\/camara-pl-3549-2020\/#breadcrumb","itemListElement":[{"@type":"ListItem","position":1,"name":"In\u00edcio","item":"https:\/\/www.legislapp.com.br\/"},{"@type":"ListItem","position":2,"name":"PL 3549\/2020 &#8211; Jos\u00e9 Guimar\u00e3es"}]},{"@type":"WebSite","@id":"https:\/\/www.legislapp.com.br\/#website","url":"https:\/\/www.legislapp.com.br\/","name":"Legislapp","description":"Intelig\u00eancia governamental em tempo real","publisher":{"@id":"https:\/\/www.legislapp.com.br\/#organization"},"potentialAction":[{"@type":"SearchAction","target":{"@type":"EntryPoint","urlTemplate":"https:\/\/www.legislapp.com.br\/?s={search_term_string}"},"query-input":{"@type":"PropertyValueSpecification","valueRequired":true,"valueName":"search_term_string"}}],"inLanguage":"pt-BR"},{"@type":"Organization","@id":"https:\/\/www.legislapp.com.br\/#organization","name":"Legislapp Monitoramento e Intelig\u00eancia Governamental","url":"https:\/\/www.legislapp.com.br\/","logo":{"@type":"ImageObject","inLanguage":"pt-BR","@id":"https:\/\/www.legislapp.com.br\/#\/schema\/logo\/image\/","url":"https:\/\/www.legislapp.com.br\/wp-content\/uploads\/icon.png","contentUrl":"https:\/\/www.legislapp.com.br\/wp-content\/uploads\/icon.png","width":1024,"height":1024,"caption":"Legislapp Monitoramento e Intelig\u00eancia Governamental"},"image":{"@id":"https:\/\/www.legislapp.com.br\/#\/schema\/logo\/image\/"},"sameAs":["https:\/\/www.instagram.com\/legislapp\/"]}]}},"_links":{"self":[{"href":"https:\/\/www.legislapp.com.br\/index.php\/wp-json\/wp\/v2\/pages\/5924","targetHints":{"allow":["GET"]}}],"collection":[{"href":"https:\/\/www.legislapp.com.br\/index.php\/wp-json\/wp\/v2\/pages"}],"about":[{"href":"https:\/\/www.legislapp.com.br\/index.php\/wp-json\/wp\/v2\/types\/page"}],"author":[{"embeddable":true,"href":"https:\/\/www.legislapp.com.br\/index.php\/wp-json\/wp\/v2\/users\/1"}],"replies":[{"embeddable":true,"href":"https:\/\/www.legislapp.com.br\/index.php\/wp-json\/wp\/v2\/comments?post=5924"}],"version-history":[{"count":0,"href":"https:\/\/www.legislapp.com.br\/index.php\/wp-json\/wp\/v2\/pages\/5924\/revisions"}],"wp:attachment":[{"href":"https:\/\/www.legislapp.com.br\/index.php\/wp-json\/wp\/v2\/media?parent=5924"}],"curies":[{"name":"wp","href":"https:\/\/api.w.org\/{rel}","templated":true}]}}