{"id":5964,"date":"2025-06-25T10:13:02","date_gmt":"2025-06-25T13:13:02","guid":{"rendered":"https:\/\/www.legislapp.com.br\/index.php\/cam-legislativa-de-mg-pl-3787-2025\/"},"modified":"2025-06-25T10:13:02","modified_gmt":"2025-06-25T13:13:02","slug":"cam-legislativa-de-mg-pl-3787-2025","status":"publish","type":"page","link":"https:\/\/www.legislapp.com.br\/index.php\/cam-legislativa-de-mg-pl-3787-2025\/","title":{"rendered":"PL 3787\/2025 &#8211; Deputados"},"content":{"rendered":"<h1 style='text-align: center;'>C\u00e2m. Legislativa de MG &#8211; Autoria de Deputados<\/h3>\n<p><\/p>\n<article style='text-align: center'>Disp\u00f5e sobre avalia\u00e7\u00e3o trimestral para identifica\u00e7\u00e3o e acompanhamento dos<br \/>\nalunos das redes p\u00fablica e privada de ensino v\u00edtimas de viol\u00eancia<br \/>\ndom\u00e9stica ou de abuso sexual.<\/article>\n<p><\/p>\n<p style='text-align: center'><a href='https:\/\/app.legislapp.com.br\/#\/busca?termo='><\/a><\/p>\n<p><\/p>\n<article>Disp\u00f5e avalia\u00e7\u00e3o trimestral para detec\u00e7\u00e3o e acompanhamento dos alunos da rede p\u00fablica e privada de ensino v\u00edtimas de viol\u00eancia dom\u00e9stica ou de abuso sexual e d\u00e1 outras provid\u00eancias.<br \/>\nA Assembleia Legislativa do Estado de Minas Gerais decreta:<br \/>\nArt. 1\u00ba \u2013 Os estabelecimentos de ensino da rede p\u00fablica\u00a0 do Estado de Minas Gerais promover\u00e3o\u00a0 avalia\u00e7\u00e3o trimestral das crian\u00e7as e dos adolescentes regularmente matriculados com vistas a analisar as condi\u00e7\u00f5es de conviv\u00eancia familiar\u00a0 para detectar casos de exposi\u00e7\u00e3o \u00e0 viol\u00eancia dom\u00e9stica e ao abuso sexual.<br \/>\nArt. 2\u00ba \u2013 Os casos ser\u00e3o comunicados pela dire\u00e7\u00e3o da escola e ao Conselho Tutelar da cada munic\u00edpio.<br \/>\n\u00a7 1\u00ba \u2013 A avalia\u00e7\u00e3o a que se refere o artigo anterior ser\u00e1 coordenada\u00a0 e acompanhamento profissionais competentes da \u00e1rea de educa\u00e7\u00e3o e da Pol\u00edcia Civil e m\u00e9dica.<br \/>\n\u00a7 2\u00ba \u2013 Os instrumentos identificadores a que se refere este artigo ser\u00e3o apresentados por ato da Secretaria de Educa\u00e7\u00e3o.<br \/>\nArt. 3\u00ba \u2013 Nos casos em que haja suspeita de risco iminente de viol\u00eancia ou abuso sexual, os \u00f3rg\u00e3os de defesa da crian\u00e7a e do adolescente ser\u00e3o prontamente notificados para acompanhamento.<br \/>\nArt. 4\u00ba \u2013 As crian\u00e7as e os adolescentes em situa\u00e7\u00e3o de rico dever\u00e3o ser objeto de aten\u00e7\u00e3o pedag\u00f3gica especial, regulada pelo Colegiado de cada Escola, pais e alunos.<br \/>\nArt. 5\u00ba \u2013 As crian\u00e7as e os adolescentes que sofreram abusos sexuais ter\u00e3o atendimento psicoter\u00e1pico p\u00fablico e gratuito na rede de sa\u00fade do Estado.<br \/>\nArt. 6\u00ba \u2013 O Poder Executivo regulamentar\u00e1 esta lei no prazo de 90 dias contados da data de sua publica\u00e7\u00e3o.<br \/>\nArt. 7\u00ba \u2013 Esta lei entra em vigor na data de sua publica\u00e7\u00e3o.<br \/>\nSala das Reuni\u00f5es, 15 de maio de 2025.<br \/>\nCarlos Henrique (Republicanos), presidente da Comiss\u00e3o de Reda\u00e7\u00e3o.<br \/>\nJustifica\u00e7\u00e3o: O abuso sexual de crian\u00e7a e adolescente \u00e9 um dos tipos de viol\u00eancia mais cru\u00e9is presente na sociedade, que perpetua na hist\u00f3ria e sobrevive, fazendo com que principalmente as crian\u00e7as se tornem os principais alvos, at\u00e9 mesmo pelo fato de estarem numa situa\u00e7\u00e3o de vulnerabilidade maior que os outros indiv\u00edduos na sociedade.<br \/>\nPortanto, tratar desse assunto \u00e9 de suma import\u00e2ncia, pois o abuso sexual \u00e9 uma grande viola\u00e7\u00e3o dos direitos humanos, situa\u00e7\u00e3o esta que pela gravidade dos males decorrentes de tal atitude criminosa, pode ser comparada \u00e0 tortura, ao tratamento cruel, desumano e degradante, pois a v\u00edtima \u00e9 abalada em toda sua estrutura, visto que a crian\u00e7a e adolescente devem ter protegidos os seus direitos fundamentais inerentes \u00e0 pessoa humana, sem preju\u00edzos da sua integridade f\u00edsica, ps\u00edquica, e moral. Esse tipo de viol\u00eancia cometido contra crian\u00e7a e adolescente \u00e9 um problema que lamentavelmente a cada dia aumenta mais o n\u00famero de v\u00edtimas, que deve ser combatido com a\u00e7\u00f5es efetivas do Estado, com a ajuda da fam\u00edlia e com a participa\u00e7\u00e3o da sociedade, dos profissionais da educa\u00e7\u00e3o, da sa\u00fade, do judici\u00e1rio, os quais devem se empenhar para proteg\u00ea-las, visto que a lei disp\u00f5e da prote\u00e7\u00e3o integral dos mesmos.<br \/>\nPor ser um crime que na maioria das vezes ocorre no \u00e2mbito familiar, torna-se mais dif\u00edcil de ser combatido, pois trata-se de um problema que muitas vezes permanece protegido pelo sil\u00eancio,\u00a0 e com isso o autor do crime acaba ficando impune.<br \/>\n\u00a0Percebe-se assim, que n\u00e3o \u00e9 uma tarefa f\u00e1cil combater tal conduta criminosa, principalmente quando acontece nas rela\u00e7\u00f5es familiares, uma vez que a fam\u00edlia &#8220;\u00e9&#8221; ou &#8220;deveria ser&#8221; uma institui\u00e7\u00e3o que tem o papel de repassar valores para os seus integrantes e quando esses valores s\u00e3o perdidos, a institui\u00e7\u00e3o familiar torna-se desestruturada a ponto de prejudicar todos que a integram.<br \/>\nDessa forma, percebe-se que a fam\u00edlia exerce um papel essencial na prote\u00e7\u00e3o de seus integrantes, principalmente as crian\u00e7as e adolescentes, podendo assim ajudar no combate a esse grande problema social, que pelo fato de causar v\u00e1rios danos f\u00edsicos, psicol\u00f3gicos e sexuais \u00e0 v\u00edtima, \u00e9 considerado pelo Minist\u00e9rio da Sa\u00fade uma grande viola\u00e7\u00e3o dos direitos humanos e uma quest\u00e3o de sa\u00fade p\u00fablica. Por ser uma grande viola\u00e7\u00e3o de direitos, h\u00e1 necessidade da interven\u00e7\u00e3o de profissionais capacitados de v\u00e1rias \u00e1reas, os quais devem trabalhar conjuntamente ajudando no processo de enfrentamento e preven\u00e7\u00e3o do problema do abuso sexual de crian\u00e7as e adolescentes.<br \/>\n\u2013 Semelhante proposi\u00e7\u00e3o foi apresentada anteriormente pelo deputado Arlen Santiago. Anexe-se ao Projeto de Lei n\u00ba 486\/2019, nos termos do \u00a7 2\u00ba do art. 173 do Regimento Interno.<\/article>\n<div style=\"text-align: center\">\n<div style=\"margin-bottom: 20px;\" class=\"et_pb_button_module_wrapper et_pb_button_5_tb_body_wrapper et_pb_button_alignment_center et_pb_module \">\n         <a class=\"et_pb_button et_pb_button_5_tb_body et_hover_enabled et_pb_bg_layout_dark\" style=\"width: 50%;background-color: black;\" href=\"https:\/\/app.legislapp.com.br\" target=\"_blank\" rel=\"noopener\">Visualizar completo na nossa plataforma (30 dias gr\u00e1tis)<\/a><\/p><\/div>\n<p>      <a href=\"https:\/\/play.google.com\/store\/apps\/details?id=br.com.legislapp\"><img decoding=\"async\" style=\"width: 15%; min-width: 130px;\" src=\"https:\/\/www.legislapp.com.br\/wp-content\/uploads\/google-play.png\"><\/a><br \/>\n      <a href=\"https:\/\/apps.apple.com\/us\/app\/legislapp\/id1568929859\"><img decoding=\"async\" style=\"width: 15%; min-width: 130px\" src=\"https:\/\/www.legislapp.com.br\/wp-content\/uploads\/apple-store.png\"><\/a>\n   <\/div>\n","protected":false},"excerpt":{"rendered":"<p>C\u00e2m. Legislativa de MG &#8211; Autoria de Deputados Disp\u00f5e sobre avalia\u00e7\u00e3o trimestral para identifica\u00e7\u00e3o e acompanhamento dos alunos das redes p\u00fablica e privada de ensino v\u00edtimas de viol\u00eancia dom\u00e9stica ou de abuso sexual. Disp\u00f5e avalia\u00e7\u00e3o trimestral para detec\u00e7\u00e3o e acompanhamento dos alunos da rede p\u00fablica e privada de ensino v\u00edtimas de viol\u00eancia dom\u00e9stica ou de [&hellip;]<\/p>\n","protected":false},"author":1,"featured_media":0,"parent":0,"menu_order":0,"comment_status":"closed","ping_status":"closed","template":"page-template-blank.php","meta":{"_et_pb_use_builder":"","_et_pb_old_content":"","_et_gb_content_width":"1080","ngg_post_thumbnail":0,"footnotes":""},"class_list":["post-5964","page","type-page","status-publish","hentry"],"yoast_head":"<!-- This site is optimized with the Yoast SEO plugin v24.4 - https:\/\/yoast.com\/wordpress\/plugins\/seo\/ -->\n<title>PL 3787\/2025 - Deputados - Legislapp<\/title>\n<meta name=\"robots\" content=\"index, follow, max-snippet:-1, max-image-preview:large, max-video-preview:-1\" \/>\n<link rel=\"canonical\" href=\"https:\/\/www.legislapp.com.br\/index.php\/cam-legislativa-de-mg-pl-3787-2025\/\" \/>\n<meta property=\"og:locale\" content=\"pt_BR\" \/>\n<meta property=\"og:type\" content=\"article\" \/>\n<meta property=\"og:title\" content=\"PL 3787\/2025 - Deputados - Legislapp\" \/>\n<meta property=\"og:description\" content=\"C\u00e2m. Legislativa de MG &#8211; Autoria de Deputados Disp\u00f5e sobre avalia\u00e7\u00e3o trimestral para identifica\u00e7\u00e3o e acompanhamento dos alunos das redes p\u00fablica e privada de ensino v\u00edtimas de viol\u00eancia dom\u00e9stica ou de abuso sexual. Disp\u00f5e avalia\u00e7\u00e3o trimestral para detec\u00e7\u00e3o e acompanhamento dos alunos da rede p\u00fablica e privada de ensino v\u00edtimas de viol\u00eancia dom\u00e9stica ou de [&hellip;]\" \/>\n<meta property=\"og:url\" content=\"https:\/\/www.legislapp.com.br\/index.php\/cam-legislativa-de-mg-pl-3787-2025\/\" \/>\n<meta property=\"og:site_name\" content=\"Legislapp\" \/>\n<meta property=\"article:publisher\" content=\"https:\/\/www.instagram.com\/legislapp\/\" \/>\n<meta property=\"og:image\" content=\"https:\/\/www.legislapp.com.br\/wp-content\/uploads\/google-play.png\" \/>\n<meta name=\"twitter:card\" content=\"summary_large_image\" \/>\n<meta name=\"twitter:label1\" content=\"Est. tempo de leitura\" \/>\n\t<meta name=\"twitter:data1\" content=\"4 minutos\" \/>\n<script type=\"application\/ld+json\" class=\"yoast-schema-graph\">{\"@context\":\"https:\/\/schema.org\",\"@graph\":[{\"@type\":\"WebPage\",\"@id\":\"https:\/\/www.legislapp.com.br\/index.php\/cam-legislativa-de-mg-pl-3787-2025\/\",\"url\":\"https:\/\/www.legislapp.com.br\/index.php\/cam-legislativa-de-mg-pl-3787-2025\/\",\"name\":\"PL 3787\/2025 - Deputados - Legislapp\",\"isPartOf\":{\"@id\":\"https:\/\/www.legislapp.com.br\/#website\"},\"primaryImageOfPage\":{\"@id\":\"https:\/\/www.legislapp.com.br\/index.php\/cam-legislativa-de-mg-pl-3787-2025\/#primaryimage\"},\"image\":{\"@id\":\"https:\/\/www.legislapp.com.br\/index.php\/cam-legislativa-de-mg-pl-3787-2025\/#primaryimage\"},\"thumbnailUrl\":\"https:\/\/www.legislapp.com.br\/wp-content\/uploads\/google-play.png\",\"datePublished\":\"2025-06-25T13:13:02+00:00\",\"breadcrumb\":{\"@id\":\"https:\/\/www.legislapp.com.br\/index.php\/cam-legislativa-de-mg-pl-3787-2025\/#breadcrumb\"},\"inLanguage\":\"pt-BR\",\"potentialAction\":[{\"@type\":\"ReadAction\",\"target\":[\"https:\/\/www.legislapp.com.br\/index.php\/cam-legislativa-de-mg-pl-3787-2025\/\"]}]},{\"@type\":\"ImageObject\",\"inLanguage\":\"pt-BR\",\"@id\":\"https:\/\/www.legislapp.com.br\/index.php\/cam-legislativa-de-mg-pl-3787-2025\/#primaryimage\",\"url\":\"https:\/\/www.legislapp.com.br\/wp-content\/uploads\/google-play.png\",\"contentUrl\":\"https:\/\/www.legislapp.com.br\/wp-content\/uploads\/google-play.png\",\"width\":564,\"height\":168},{\"@type\":\"BreadcrumbList\",\"@id\":\"https:\/\/www.legislapp.com.br\/index.php\/cam-legislativa-de-mg-pl-3787-2025\/#breadcrumb\",\"itemListElement\":[{\"@type\":\"ListItem\",\"position\":1,\"name\":\"In\u00edcio\",\"item\":\"https:\/\/www.legislapp.com.br\/\"},{\"@type\":\"ListItem\",\"position\":2,\"name\":\"PL 3787\/2025 &#8211; Deputados\"}]},{\"@type\":\"WebSite\",\"@id\":\"https:\/\/www.legislapp.com.br\/#website\",\"url\":\"https:\/\/www.legislapp.com.br\/\",\"name\":\"Legislapp\",\"description\":\"Intelig\u00eancia governamental em tempo real\",\"publisher\":{\"@id\":\"https:\/\/www.legislapp.com.br\/#organization\"},\"potentialAction\":[{\"@type\":\"SearchAction\",\"target\":{\"@type\":\"EntryPoint\",\"urlTemplate\":\"https:\/\/www.legislapp.com.br\/?s={search_term_string}\"},\"query-input\":{\"@type\":\"PropertyValueSpecification\",\"valueRequired\":true,\"valueName\":\"search_term_string\"}}],\"inLanguage\":\"pt-BR\"},{\"@type\":\"Organization\",\"@id\":\"https:\/\/www.legislapp.com.br\/#organization\",\"name\":\"Legislapp Monitoramento e Intelig\u00eancia Governamental\",\"url\":\"https:\/\/www.legislapp.com.br\/\",\"logo\":{\"@type\":\"ImageObject\",\"inLanguage\":\"pt-BR\",\"@id\":\"https:\/\/www.legislapp.com.br\/#\/schema\/logo\/image\/\",\"url\":\"https:\/\/www.legislapp.com.br\/wp-content\/uploads\/icon.png\",\"contentUrl\":\"https:\/\/www.legislapp.com.br\/wp-content\/uploads\/icon.png\",\"width\":1024,\"height\":1024,\"caption\":\"Legislapp Monitoramento e Intelig\u00eancia Governamental\"},\"image\":{\"@id\":\"https:\/\/www.legislapp.com.br\/#\/schema\/logo\/image\/\"},\"sameAs\":[\"https:\/\/www.instagram.com\/legislapp\/\"]}]}<\/script>\n<!-- \/ Yoast SEO plugin. -->","yoast_head_json":{"title":"PL 3787\/2025 - Deputados - Legislapp","robots":{"index":"index","follow":"follow","max-snippet":"max-snippet:-1","max-image-preview":"max-image-preview:large","max-video-preview":"max-video-preview:-1"},"canonical":"https:\/\/www.legislapp.com.br\/index.php\/cam-legislativa-de-mg-pl-3787-2025\/","og_locale":"pt_BR","og_type":"article","og_title":"PL 3787\/2025 - Deputados - Legislapp","og_description":"C\u00e2m. Legislativa de MG &#8211; Autoria de Deputados Disp\u00f5e sobre avalia\u00e7\u00e3o trimestral para identifica\u00e7\u00e3o e acompanhamento dos alunos das redes p\u00fablica e privada de ensino v\u00edtimas de viol\u00eancia dom\u00e9stica ou de abuso sexual. Disp\u00f5e avalia\u00e7\u00e3o trimestral para detec\u00e7\u00e3o e acompanhamento dos alunos da rede p\u00fablica e privada de ensino v\u00edtimas de viol\u00eancia dom\u00e9stica ou de [&hellip;]","og_url":"https:\/\/www.legislapp.com.br\/index.php\/cam-legislativa-de-mg-pl-3787-2025\/","og_site_name":"Legislapp","article_publisher":"https:\/\/www.instagram.com\/legislapp\/","og_image":[{"url":"https:\/\/www.legislapp.com.br\/wp-content\/uploads\/google-play.png","type":"","width":"","height":""}],"twitter_card":"summary_large_image","twitter_misc":{"Est. tempo de leitura":"4 minutos"},"schema":{"@context":"https:\/\/schema.org","@graph":[{"@type":"WebPage","@id":"https:\/\/www.legislapp.com.br\/index.php\/cam-legislativa-de-mg-pl-3787-2025\/","url":"https:\/\/www.legislapp.com.br\/index.php\/cam-legislativa-de-mg-pl-3787-2025\/","name":"PL 3787\/2025 - Deputados - Legislapp","isPartOf":{"@id":"https:\/\/www.legislapp.com.br\/#website"},"primaryImageOfPage":{"@id":"https:\/\/www.legislapp.com.br\/index.php\/cam-legislativa-de-mg-pl-3787-2025\/#primaryimage"},"image":{"@id":"https:\/\/www.legislapp.com.br\/index.php\/cam-legislativa-de-mg-pl-3787-2025\/#primaryimage"},"thumbnailUrl":"https:\/\/www.legislapp.com.br\/wp-content\/uploads\/google-play.png","datePublished":"2025-06-25T13:13:02+00:00","breadcrumb":{"@id":"https:\/\/www.legislapp.com.br\/index.php\/cam-legislativa-de-mg-pl-3787-2025\/#breadcrumb"},"inLanguage":"pt-BR","potentialAction":[{"@type":"ReadAction","target":["https:\/\/www.legislapp.com.br\/index.php\/cam-legislativa-de-mg-pl-3787-2025\/"]}]},{"@type":"ImageObject","inLanguage":"pt-BR","@id":"https:\/\/www.legislapp.com.br\/index.php\/cam-legislativa-de-mg-pl-3787-2025\/#primaryimage","url":"https:\/\/www.legislapp.com.br\/wp-content\/uploads\/google-play.png","contentUrl":"https:\/\/www.legislapp.com.br\/wp-content\/uploads\/google-play.png","width":564,"height":168},{"@type":"BreadcrumbList","@id":"https:\/\/www.legislapp.com.br\/index.php\/cam-legislativa-de-mg-pl-3787-2025\/#breadcrumb","itemListElement":[{"@type":"ListItem","position":1,"name":"In\u00edcio","item":"https:\/\/www.legislapp.com.br\/"},{"@type":"ListItem","position":2,"name":"PL 3787\/2025 &#8211; Deputados"}]},{"@type":"WebSite","@id":"https:\/\/www.legislapp.com.br\/#website","url":"https:\/\/www.legislapp.com.br\/","name":"Legislapp","description":"Intelig\u00eancia governamental em tempo real","publisher":{"@id":"https:\/\/www.legislapp.com.br\/#organization"},"potentialAction":[{"@type":"SearchAction","target":{"@type":"EntryPoint","urlTemplate":"https:\/\/www.legislapp.com.br\/?s={search_term_string}"},"query-input":{"@type":"PropertyValueSpecification","valueRequired":true,"valueName":"search_term_string"}}],"inLanguage":"pt-BR"},{"@type":"Organization","@id":"https:\/\/www.legislapp.com.br\/#organization","name":"Legislapp Monitoramento e Intelig\u00eancia Governamental","url":"https:\/\/www.legislapp.com.br\/","logo":{"@type":"ImageObject","inLanguage":"pt-BR","@id":"https:\/\/www.legislapp.com.br\/#\/schema\/logo\/image\/","url":"https:\/\/www.legislapp.com.br\/wp-content\/uploads\/icon.png","contentUrl":"https:\/\/www.legislapp.com.br\/wp-content\/uploads\/icon.png","width":1024,"height":1024,"caption":"Legislapp Monitoramento e Intelig\u00eancia Governamental"},"image":{"@id":"https:\/\/www.legislapp.com.br\/#\/schema\/logo\/image\/"},"sameAs":["https:\/\/www.instagram.com\/legislapp\/"]}]}},"_links":{"self":[{"href":"https:\/\/www.legislapp.com.br\/index.php\/wp-json\/wp\/v2\/pages\/5964","targetHints":{"allow":["GET"]}}],"collection":[{"href":"https:\/\/www.legislapp.com.br\/index.php\/wp-json\/wp\/v2\/pages"}],"about":[{"href":"https:\/\/www.legislapp.com.br\/index.php\/wp-json\/wp\/v2\/types\/page"}],"author":[{"embeddable":true,"href":"https:\/\/www.legislapp.com.br\/index.php\/wp-json\/wp\/v2\/users\/1"}],"replies":[{"embeddable":true,"href":"https:\/\/www.legislapp.com.br\/index.php\/wp-json\/wp\/v2\/comments?post=5964"}],"version-history":[{"count":0,"href":"https:\/\/www.legislapp.com.br\/index.php\/wp-json\/wp\/v2\/pages\/5964\/revisions"}],"wp:attachment":[{"href":"https:\/\/www.legislapp.com.br\/index.php\/wp-json\/wp\/v2\/media?parent=5964"}],"curies":[{"name":"wp","href":"https:\/\/api.w.org\/{rel}","templated":true}]}}