{"id":5981,"date":"2025-06-25T10:13:56","date_gmt":"2025-06-25T13:13:56","guid":{"rendered":"https:\/\/www.legislapp.com.br\/index.php\/cam-legislativa-de-sc-pl-0331-2025\/"},"modified":"2025-06-25T10:13:56","modified_gmt":"2025-06-25T13:13:56","slug":"cam-legislativa-de-sc-pl-0331-2025","status":"publish","type":"page","link":"https:\/\/www.legislapp.com.br\/index.php\/cam-legislativa-de-sc-pl-0331-2025\/","title":{"rendered":"PL.\/0331\/2025 &#8211; Jair Miotto"},"content":{"rendered":"<h1 style='text-align: center;'>C\u00e2m. Legislativa de SC &#8211; Autoria de Jair Miotto<\/h3>\n<p><\/p>\n<article style='text-align: center'>Institui o Programa de Aprendizagem Profissional Estudantil para estudantes do ensino m\u00e9dio das institui\u00e7\u00f5es da rede p\u00fablica estadual, no \u00e2mbito de Santa Catarina.<\/article>\n<p><\/p>\n<p style='text-align: center'><a href='https:\/\/app.legislapp.com.br\/#\/busca?termo='><\/a><\/p>\n<p><\/p>\n<article>\n<p>                                                   PROJETO DE LEI  <\/p>\n<p>Institui o Programa de Aprendizagem Profissional<br \/>\nEstudantil para estudantes do ensino m\u00e9dio das<br \/>\ninstitui\u00e7\u00f5es da rede p\u00fablica estadual, no \u00e2mbito de<br \/>\nSanta Catarina.  <\/p>\n<p>Art. 1\u00ba Fica institu\u00eddo, no \u00e2mbito de Santa Catarina, o Programa de Aprendizagem<br \/>\nProfissional Estudantil, destinado aos estudantes matriculados no ensino m\u00e9dio das<br \/>\ninstitui\u00e7\u00f5es da rede p\u00fablica.  <\/p>\n<p>Par\u00e1grafo \u00fanico. Os cursos de aprendizagem profissional ser\u00e3o ministrados em, no<br \/>\nm\u00ednimo, 1 (uma) unidade-polo em cada microrregi\u00e3o do Estado.  <\/p>\n<p>Art. 2\u00ba O Programa ser\u00e1 desenvolvido em parceria com pessoas jur\u00eddicas de direito<br \/>\np\u00fablico ou privado, que disponibilizar\u00e3o vagas para jovens aprendizes, nos termos do<br \/>\nDecreto federal n\u00ba 9.579, de 22 de novembro de 2018.  <\/p>\n<p>Art. 3\u00ba O Programa de que trata esta Lei dever\u00e1 assegurar:<br \/>\n I \u2013 forma\u00e7\u00e3o t\u00e9cnico-profissional compat\u00edvel com o desenvolvimento do estudante;<br \/>\n II \u2013 cumprimento da carga hor\u00e1ria m\u00e1xima de 6 (seis) horas di\u00e1rias;<br \/>\nIII \u2013 acompanhamento por instrutores e supervisores capacitados;<br \/>\nIV \u2013 adequadas condi\u00e7\u00f5es de trabalho aos participantes; e<br \/>\nV \u2013 celebra\u00e7\u00e3o de contrato de aprendizagem com dura\u00e7\u00e3o m\u00e1xima de 2 (dois) anos. <\/p>\n<p> Art. 4\u00ba A participa\u00e7\u00e3o dos estudantes no Programa ser\u00e1 facultativa e dever\u00e1 ser<br \/>\ncompat\u00edvel com a carga hor\u00e1ria escolar, as diretrizes pedag\u00f3gicas e as normas de<br \/>\nseguran\u00e7a e sa\u00fade no trabalho. <\/p>\n<p> Art. 5\u00ba A Secretaria de Estado da Educa\u00e7\u00e3o poder\u00e1 firmar conv\u00eanios com empresas,<br \/>\nentidades qualificadas em forma\u00e7\u00e3o t\u00e9cnico-profissional e outras institui\u00e7\u00f5es<br \/>\ninteressadas, visando \u00e0 integra\u00e7\u00e3o entre a forma\u00e7\u00e3o escolar e a pr\u00e1tica profissional. <\/p>\n<p> Art. 6\u00ba O Programa oferecer\u00e1, preferencialmente, cursos de forma\u00e7\u00e3o t\u00e9cnico-<br \/>\nprofissional nas seguintes \u00e1reas: <\/p>\n<p> I \u2013 inform\u00e1tica b\u00e1sica e avan\u00e7ada;<br \/>\nII \u2013 administra\u00e7\u00e3o financeira e cont\u00e1bil;<br \/>\nIII \u2013 gest\u00e3o de pessoas;<br \/>\nIV \u2013 atendimento ao cliente;<br \/>\n V \u2013 marketing e empreendedorismo, e<br \/>\nVI \u2013 intelig\u00eancia emocional; <\/p>\n<p> Art. 7\u00ba O Poder Executivo regulamentar\u00e1 esta Lei, nos termos do inciso III do art. 71 da<br \/>\nConstitui\u00e7\u00e3o do Estado de Santa Catarina. <\/p>\n<p>Art. 8\u00ba &#8211; Esta lei entra em vigor na data de sua publica\u00e7\u00e3o. <\/p>\n<p>Sala das Sess\u00f5es, em 04\/06\/2025. <\/p>\n<p>     Jair Miotto<br \/>\nDeputado Estadual <\/p>\n<p>JUSTIFICATIVA <\/p>\n<p>O presente Projeto de Lei \u00e9 sugest\u00e3o e pedido dos Deputados Jovens da Escola<br \/>\nde Educa\u00e7\u00e3o B\u00e1sica Frei Menandro Kamps, de Tr\u00eas Barras, que busca ampliar as<br \/>\noportunidades de acesso ao mercado de trabalho para os jovens catarinenses, integrando<br \/>\na educa\u00e7\u00e3o escolar \u00e0 forma\u00e7\u00e3o pr\u00e1tica e profissional. A aprendizagem por meio da<br \/>\nexperi\u00eancia laboral fortalece a autonomia, a responsabilidade e a empregabilidade dos<br \/>\nestudantes, al\u00e9m de contribuir para a redu\u00e7\u00e3o da evas\u00e3o escolar. A parceria entre escolas<br \/>\ne empresas estimula a cria\u00e7\u00e3o de uma rede de apoio e capacita\u00e7\u00e3o, alinhando o curr\u00edculo<br \/>\nescolar \u00e0s demandas contempor\u00e2neas do mundo do trabalho, nos termos da Lei n\u00ba<br \/>\n10.097, de 19 de dezembro de 2000 (Lei do Aprendiz). A implementa\u00e7\u00e3o do Programa<br \/>\nde Aprendizagem Profissional Estudantil possibilita aos jovens do Ensino M\u00e9dio o<br \/>\ndesenvolvimento de habilidades pr\u00e1ticas, facilitando sua inser\u00e7\u00e3o qualificada no<br \/>\nmercado de trabalho e promovendo o desenvolvimento socioecon\u00f4mico das<br \/>\ncomunidades. Ademais, a cria\u00e7\u00e3o de institui\u00e7\u00f5es polo em cada munic\u00edpio potencializa a<br \/>\ndistribui\u00e7\u00e3o equitativa de oportunidades, garantindo acesso \u00e0 capacita\u00e7\u00e3o profissional<br \/>\nem todas as regi\u00f5es do Estado. <\/p>\n<p>Por estes motivos, solicito o apoio dos nobres Colegas na sua aprova\u00e7\u00e3o.  <\/p>\n<p>Sala das Sess\u00f5es, em 04\/06\/2025. <\/p>\n<p>     Jair Miotto<br \/>\nDeputado Estadual <\/p>\n<\/article>\n<div style=\"text-align: center\">\n<div style=\"margin-bottom: 20px;\" class=\"et_pb_button_module_wrapper et_pb_button_5_tb_body_wrapper et_pb_button_alignment_center et_pb_module \">\n         <a class=\"et_pb_button et_pb_button_5_tb_body et_hover_enabled et_pb_bg_layout_dark\" style=\"width: 50%;background-color: black;\" href=\"https:\/\/app.legislapp.com.br\" target=\"_blank\" rel=\"noopener\">Visualizar completo na nossa plataforma (30 dias gr\u00e1tis)<\/a><\/p><\/div>\n<p>      <a href=\"https:\/\/play.google.com\/store\/apps\/details?id=br.com.legislapp\"><img decoding=\"async\" style=\"width: 15%; min-width: 130px;\" src=\"https:\/\/www.legislapp.com.br\/wp-content\/uploads\/google-play.png\"><\/a><br \/>\n      <a href=\"https:\/\/apps.apple.com\/us\/app\/legislapp\/id1568929859\"><img decoding=\"async\" style=\"width: 15%; min-width: 130px\" src=\"https:\/\/www.legislapp.com.br\/wp-content\/uploads\/apple-store.png\"><\/a>\n   <\/div>\n","protected":false},"excerpt":{"rendered":"<p>C\u00e2m. Legislativa de SC &#8211; Autoria de Jair Miotto Institui o Programa de Aprendizagem Profissional Estudantil para estudantes do ensino m\u00e9dio das institui\u00e7\u00f5es da rede p\u00fablica estadual, no \u00e2mbito de Santa Catarina. PROJETO DE LEI Institui o Programa de Aprendizagem Profissional Estudantil para estudantes do ensino m\u00e9dio das institui\u00e7\u00f5es da rede p\u00fablica estadual, no \u00e2mbito [&hellip;]<\/p>\n","protected":false},"author":1,"featured_media":0,"parent":0,"menu_order":0,"comment_status":"closed","ping_status":"closed","template":"page-template-blank.php","meta":{"_et_pb_use_builder":"","_et_pb_old_content":"","_et_gb_content_width":"1080","ngg_post_thumbnail":0,"footnotes":""},"class_list":["post-5981","page","type-page","status-publish","hentry"],"yoast_head":"<!-- This site is optimized with the Yoast SEO plugin v24.4 - https:\/\/yoast.com\/wordpress\/plugins\/seo\/ -->\n<title>PL.\/0331\/2025 - Jair Miotto - Legislapp<\/title>\n<meta name=\"robots\" content=\"index, follow, max-snippet:-1, max-image-preview:large, max-video-preview:-1\" \/>\n<link rel=\"canonical\" href=\"https:\/\/www.legislapp.com.br\/index.php\/cam-legislativa-de-sc-pl-0331-2025\/\" \/>\n<meta property=\"og:locale\" content=\"pt_BR\" \/>\n<meta property=\"og:type\" content=\"article\" \/>\n<meta property=\"og:title\" content=\"PL.\/0331\/2025 - Jair Miotto - Legislapp\" \/>\n<meta property=\"og:description\" content=\"C\u00e2m. Legislativa de SC &#8211; Autoria de Jair Miotto Institui o Programa de Aprendizagem Profissional Estudantil para estudantes do ensino m\u00e9dio das institui\u00e7\u00f5es da rede p\u00fablica estadual, no \u00e2mbito de Santa Catarina. PROJETO DE LEI Institui o Programa de Aprendizagem Profissional Estudantil para estudantes do ensino m\u00e9dio das institui\u00e7\u00f5es da rede p\u00fablica estadual, no \u00e2mbito [&hellip;]\" \/>\n<meta property=\"og:url\" content=\"https:\/\/www.legislapp.com.br\/index.php\/cam-legislativa-de-sc-pl-0331-2025\/\" \/>\n<meta property=\"og:site_name\" content=\"Legislapp\" \/>\n<meta property=\"article:publisher\" content=\"https:\/\/www.instagram.com\/legislapp\/\" \/>\n<meta property=\"og:image\" content=\"https:\/\/www.legislapp.com.br\/wp-content\/uploads\/google-play.png\" \/>\n<meta name=\"twitter:card\" content=\"summary_large_image\" \/>\n<meta name=\"twitter:label1\" content=\"Est. tempo de leitura\" \/>\n\t<meta name=\"twitter:data1\" content=\"3 minutos\" \/>\n<script type=\"application\/ld+json\" class=\"yoast-schema-graph\">{\"@context\":\"https:\/\/schema.org\",\"@graph\":[{\"@type\":\"WebPage\",\"@id\":\"https:\/\/www.legislapp.com.br\/index.php\/cam-legislativa-de-sc-pl-0331-2025\/\",\"url\":\"https:\/\/www.legislapp.com.br\/index.php\/cam-legislativa-de-sc-pl-0331-2025\/\",\"name\":\"PL.\/0331\/2025 - Jair Miotto - Legislapp\",\"isPartOf\":{\"@id\":\"https:\/\/www.legislapp.com.br\/#website\"},\"primaryImageOfPage\":{\"@id\":\"https:\/\/www.legislapp.com.br\/index.php\/cam-legislativa-de-sc-pl-0331-2025\/#primaryimage\"},\"image\":{\"@id\":\"https:\/\/www.legislapp.com.br\/index.php\/cam-legislativa-de-sc-pl-0331-2025\/#primaryimage\"},\"thumbnailUrl\":\"https:\/\/www.legislapp.com.br\/wp-content\/uploads\/google-play.png\",\"datePublished\":\"2025-06-25T13:13:56+00:00\",\"breadcrumb\":{\"@id\":\"https:\/\/www.legislapp.com.br\/index.php\/cam-legislativa-de-sc-pl-0331-2025\/#breadcrumb\"},\"inLanguage\":\"pt-BR\",\"potentialAction\":[{\"@type\":\"ReadAction\",\"target\":[\"https:\/\/www.legislapp.com.br\/index.php\/cam-legislativa-de-sc-pl-0331-2025\/\"]}]},{\"@type\":\"ImageObject\",\"inLanguage\":\"pt-BR\",\"@id\":\"https:\/\/www.legislapp.com.br\/index.php\/cam-legislativa-de-sc-pl-0331-2025\/#primaryimage\",\"url\":\"https:\/\/www.legislapp.com.br\/wp-content\/uploads\/google-play.png\",\"contentUrl\":\"https:\/\/www.legislapp.com.br\/wp-content\/uploads\/google-play.png\",\"width\":564,\"height\":168},{\"@type\":\"BreadcrumbList\",\"@id\":\"https:\/\/www.legislapp.com.br\/index.php\/cam-legislativa-de-sc-pl-0331-2025\/#breadcrumb\",\"itemListElement\":[{\"@type\":\"ListItem\",\"position\":1,\"name\":\"In\u00edcio\",\"item\":\"https:\/\/www.legislapp.com.br\/\"},{\"@type\":\"ListItem\",\"position\":2,\"name\":\"PL.\/0331\/2025 &#8211; Jair Miotto\"}]},{\"@type\":\"WebSite\",\"@id\":\"https:\/\/www.legislapp.com.br\/#website\",\"url\":\"https:\/\/www.legislapp.com.br\/\",\"name\":\"Legislapp\",\"description\":\"Intelig\u00eancia governamental em tempo real\",\"publisher\":{\"@id\":\"https:\/\/www.legislapp.com.br\/#organization\"},\"potentialAction\":[{\"@type\":\"SearchAction\",\"target\":{\"@type\":\"EntryPoint\",\"urlTemplate\":\"https:\/\/www.legislapp.com.br\/?s={search_term_string}\"},\"query-input\":{\"@type\":\"PropertyValueSpecification\",\"valueRequired\":true,\"valueName\":\"search_term_string\"}}],\"inLanguage\":\"pt-BR\"},{\"@type\":\"Organization\",\"@id\":\"https:\/\/www.legislapp.com.br\/#organization\",\"name\":\"Legislapp Monitoramento e Intelig\u00eancia Governamental\",\"url\":\"https:\/\/www.legislapp.com.br\/\",\"logo\":{\"@type\":\"ImageObject\",\"inLanguage\":\"pt-BR\",\"@id\":\"https:\/\/www.legislapp.com.br\/#\/schema\/logo\/image\/\",\"url\":\"https:\/\/www.legislapp.com.br\/wp-content\/uploads\/icon.png\",\"contentUrl\":\"https:\/\/www.legislapp.com.br\/wp-content\/uploads\/icon.png\",\"width\":1024,\"height\":1024,\"caption\":\"Legislapp Monitoramento e Intelig\u00eancia Governamental\"},\"image\":{\"@id\":\"https:\/\/www.legislapp.com.br\/#\/schema\/logo\/image\/\"},\"sameAs\":[\"https:\/\/www.instagram.com\/legislapp\/\"]}]}<\/script>\n<!-- \/ Yoast SEO plugin. -->","yoast_head_json":{"title":"PL.\/0331\/2025 - Jair Miotto - Legislapp","robots":{"index":"index","follow":"follow","max-snippet":"max-snippet:-1","max-image-preview":"max-image-preview:large","max-video-preview":"max-video-preview:-1"},"canonical":"https:\/\/www.legislapp.com.br\/index.php\/cam-legislativa-de-sc-pl-0331-2025\/","og_locale":"pt_BR","og_type":"article","og_title":"PL.\/0331\/2025 - Jair Miotto - Legislapp","og_description":"C\u00e2m. Legislativa de SC &#8211; Autoria de Jair Miotto Institui o Programa de Aprendizagem Profissional Estudantil para estudantes do ensino m\u00e9dio das institui\u00e7\u00f5es da rede p\u00fablica estadual, no \u00e2mbito de Santa Catarina. PROJETO DE LEI Institui o Programa de Aprendizagem Profissional Estudantil para estudantes do ensino m\u00e9dio das institui\u00e7\u00f5es da rede p\u00fablica estadual, no \u00e2mbito [&hellip;]","og_url":"https:\/\/www.legislapp.com.br\/index.php\/cam-legislativa-de-sc-pl-0331-2025\/","og_site_name":"Legislapp","article_publisher":"https:\/\/www.instagram.com\/legislapp\/","og_image":[{"url":"https:\/\/www.legislapp.com.br\/wp-content\/uploads\/google-play.png","type":"","width":"","height":""}],"twitter_card":"summary_large_image","twitter_misc":{"Est. tempo de leitura":"3 minutos"},"schema":{"@context":"https:\/\/schema.org","@graph":[{"@type":"WebPage","@id":"https:\/\/www.legislapp.com.br\/index.php\/cam-legislativa-de-sc-pl-0331-2025\/","url":"https:\/\/www.legislapp.com.br\/index.php\/cam-legislativa-de-sc-pl-0331-2025\/","name":"PL.\/0331\/2025 - Jair Miotto - Legislapp","isPartOf":{"@id":"https:\/\/www.legislapp.com.br\/#website"},"primaryImageOfPage":{"@id":"https:\/\/www.legislapp.com.br\/index.php\/cam-legislativa-de-sc-pl-0331-2025\/#primaryimage"},"image":{"@id":"https:\/\/www.legislapp.com.br\/index.php\/cam-legislativa-de-sc-pl-0331-2025\/#primaryimage"},"thumbnailUrl":"https:\/\/www.legislapp.com.br\/wp-content\/uploads\/google-play.png","datePublished":"2025-06-25T13:13:56+00:00","breadcrumb":{"@id":"https:\/\/www.legislapp.com.br\/index.php\/cam-legislativa-de-sc-pl-0331-2025\/#breadcrumb"},"inLanguage":"pt-BR","potentialAction":[{"@type":"ReadAction","target":["https:\/\/www.legislapp.com.br\/index.php\/cam-legislativa-de-sc-pl-0331-2025\/"]}]},{"@type":"ImageObject","inLanguage":"pt-BR","@id":"https:\/\/www.legislapp.com.br\/index.php\/cam-legislativa-de-sc-pl-0331-2025\/#primaryimage","url":"https:\/\/www.legislapp.com.br\/wp-content\/uploads\/google-play.png","contentUrl":"https:\/\/www.legislapp.com.br\/wp-content\/uploads\/google-play.png","width":564,"height":168},{"@type":"BreadcrumbList","@id":"https:\/\/www.legislapp.com.br\/index.php\/cam-legislativa-de-sc-pl-0331-2025\/#breadcrumb","itemListElement":[{"@type":"ListItem","position":1,"name":"In\u00edcio","item":"https:\/\/www.legislapp.com.br\/"},{"@type":"ListItem","position":2,"name":"PL.\/0331\/2025 &#8211; Jair Miotto"}]},{"@type":"WebSite","@id":"https:\/\/www.legislapp.com.br\/#website","url":"https:\/\/www.legislapp.com.br\/","name":"Legislapp","description":"Intelig\u00eancia governamental em tempo real","publisher":{"@id":"https:\/\/www.legislapp.com.br\/#organization"},"potentialAction":[{"@type":"SearchAction","target":{"@type":"EntryPoint","urlTemplate":"https:\/\/www.legislapp.com.br\/?s={search_term_string}"},"query-input":{"@type":"PropertyValueSpecification","valueRequired":true,"valueName":"search_term_string"}}],"inLanguage":"pt-BR"},{"@type":"Organization","@id":"https:\/\/www.legislapp.com.br\/#organization","name":"Legislapp Monitoramento e Intelig\u00eancia Governamental","url":"https:\/\/www.legislapp.com.br\/","logo":{"@type":"ImageObject","inLanguage":"pt-BR","@id":"https:\/\/www.legislapp.com.br\/#\/schema\/logo\/image\/","url":"https:\/\/www.legislapp.com.br\/wp-content\/uploads\/icon.png","contentUrl":"https:\/\/www.legislapp.com.br\/wp-content\/uploads\/icon.png","width":1024,"height":1024,"caption":"Legislapp Monitoramento e Intelig\u00eancia Governamental"},"image":{"@id":"https:\/\/www.legislapp.com.br\/#\/schema\/logo\/image\/"},"sameAs":["https:\/\/www.instagram.com\/legislapp\/"]}]}},"_links":{"self":[{"href":"https:\/\/www.legislapp.com.br\/index.php\/wp-json\/wp\/v2\/pages\/5981","targetHints":{"allow":["GET"]}}],"collection":[{"href":"https:\/\/www.legislapp.com.br\/index.php\/wp-json\/wp\/v2\/pages"}],"about":[{"href":"https:\/\/www.legislapp.com.br\/index.php\/wp-json\/wp\/v2\/types\/page"}],"author":[{"embeddable":true,"href":"https:\/\/www.legislapp.com.br\/index.php\/wp-json\/wp\/v2\/users\/1"}],"replies":[{"embeddable":true,"href":"https:\/\/www.legislapp.com.br\/index.php\/wp-json\/wp\/v2\/comments?post=5981"}],"version-history":[{"count":0,"href":"https:\/\/www.legislapp.com.br\/index.php\/wp-json\/wp\/v2\/pages\/5981\/revisions"}],"wp:attachment":[{"href":"https:\/\/www.legislapp.com.br\/index.php\/wp-json\/wp\/v2\/media?parent=5981"}],"curies":[{"name":"wp","href":"https:\/\/api.w.org\/{rel}","templated":true}]}}