{"id":6043,"date":"2025-06-25T10:17:12","date_gmt":"2025-06-25T13:17:12","guid":{"rendered":"https:\/\/www.legislapp.com.br\/index.php\/cam-legislativa-de-mg-pl-3824-2025\/"},"modified":"2025-06-25T10:17:12","modified_gmt":"2025-06-25T13:17:12","slug":"cam-legislativa-de-mg-pl-3824-2025","status":"publish","type":"page","link":"https:\/\/www.legislapp.com.br\/index.php\/cam-legislativa-de-mg-pl-3824-2025\/","title":{"rendered":"PL 3824\/2025 &#8211; Deputados"},"content":{"rendered":"<h1 style='text-align: center;'>C\u00e2m. Legislativa de MG &#8211; Autoria de Deputados<\/h3>\n<p><\/p>\n<article style='text-align: center'>Reconhece como de relevante interesse cultural do Estado o Santu\u00e1rio de<br \/>\nSanto Ant\u00f4nio de Ro\u00e7a Grande, no Munic\u00edpio de Sabar\u00e1.<\/article>\n<p><\/p>\n<p style='text-align: center'><a href='https:\/\/app.legislapp.com.br\/#\/busca?termo='><\/a><\/p>\n<p><\/p>\n<article>Reconhece com de relevante interesse cultural do Estado de Minas Gerais o Santu\u00e1rio de Santo Ant\u00f4nio de Ro\u00e7a Grande, no Munic\u00edpio de Sabar\u00e1.<br \/>\nA Assembleia Legislativa do Estado de Minas Gerais decreta:<br \/>\nArt. 1\u00ba \u2013 Fica reconhecido como de relevante interesse cultural do Estado, nos termos da Lei n\u00ba 24.219, de 15 de julho de 2022,\u00a0o Santu\u00e1rio de Santo Ant\u00f4nio de Ro\u00e7a Grande, no Munic\u00edpio de Sabar\u00e1.<br \/>\nArt. 2\u00ba \u2013 O reconhecimento de que trata esta lei, conforme disp\u00f5e o art. 2\u00ba da Lei n\u00ba 24.219, de 2022, tem por objetivo valorizar bens, express\u00f5es e manifesta\u00e7\u00f5es culturais dos diferentes grupos formadores da sociedade mineira.<br \/>\nArt. 3\u00ba \u2013 Esta lei entra em vigor na data de sua publica\u00e7\u00e3o.<br \/>\nSala das Reuni\u00f5es, 20 de maio de 2025.<br \/>\nProfessor Cleiton (PV), presidente da Comiss\u00e3o de Cultura.<br \/>\nJustifica\u00e7\u00e3o: A hist\u00f3ria do Santu\u00e1rio Arquidiocesano Santo Ant\u00f4nio de Ro\u00e7a Grande come\u00e7a em 1676, quando o bandeirante Borba Gato chega \u00e0 regi\u00e3o de Sabar\u00e1 levando a devo\u00e7\u00e3o a Santo Ant\u00f4nio de P\u00e1dua.<br \/>\nNa regi\u00e3o, Borba Gato planta, \u00e0s margens do Rio das Velhas, uma ro\u00e7a que fica conhecida como Ro\u00e7a Grande por causa da fecundidade do local. Mais tarde se torna conhecida como Bom Retiro de Ro\u00e7a Grande, Santo Ant\u00f4nio de Ro\u00e7a Grande ou simplesmente Bom Retiro.<br \/>\nBorba Gato constr\u00f3i na regi\u00e3o uma primitiva capela em honra a Santo Ant\u00f4nio, feita de adobe simples por fora.<br \/>\nSurge a ermida de Santo Ant\u00f4nio. Logo no in\u00edcio do s\u00e9culo 18, a capela \u00e9 elevada a Par\u00f3quia. Mais tarde, com o progresso de Santa Luzia, ela \u00e9 destitu\u00edda do status de Par\u00f3quia e torna-se capela novamente, agora pertencente \u00e0 Par\u00f3quia de Santa Luzia, para onde o p\u00e1roco leva a imagem de Santo Ant\u00f4nio.<br \/>\nContudo, extraordinariamente, a imagem de Santo Ant\u00f4nio retorna duas vezes para Ro\u00e7a Grande, aparecendo sobre uma rocha. Conta-se que na terceira e \u00faltima tentativa de levar a imagem para a Par\u00f3quia de Santa Luzia, mesmo com a vigil\u00e2ncia dos guardas, Santo Ant\u00f4nio aparecia novamente sobre a rocha. Ainda, segundo relatos, a roupa de Santo Ant\u00f4nio estava cheia de carrapichos, em raz\u00e3o de sua queda da ponte, sobre o Rio das Velhas.<br \/>\nO milagre da multiplica\u00e7\u00e3o dos romeiros:\u00a0 os moradores de Ro\u00e7a Grande e regi\u00e3o atribu\u00edram o fato a um milagre e \u00e0 vontade de Santo Ant\u00f4nio de permanecer em Ro\u00e7a Grande. Desde ent\u00e3o, a devo\u00e7\u00e3o ao Santo se espalhou entre romeiros de todas as partes de Minas Gerais.<br \/>\nA primitiva igreja passa por uma reforma em 1810 e no in\u00edcio do s\u00e9culo passado \u00e9 demolida. Seus maiores bens s\u00e3o vendidos para angariar recursos para a constru\u00e7\u00e3o do santu\u00e1rio antigo, que teve as obras iniciadas em 1915.<br \/>\nA devo\u00e7\u00e3o m\u00e3e de Santo Ant\u00f4nio:\u00a0 h\u00e1 tr\u00eas s\u00e9culos a devo\u00e7\u00e3o a Santo Ant\u00f4nio de Ro\u00e7a Grande, pelo valor hist\u00f3rico e pela consagra\u00e7\u00e3o popular, \u00e9 considerada a devo\u00e7\u00e3o \u201cm\u00e3e\u201d de Santo Ant\u00f4nio em Minas Gerais.<br \/>\nAtendendo a pedidos de toda Arquidiocese de Belo Horizonte, em 1998 Santo Ant\u00f4nio de Ro\u00e7a Grande \u00e9 elevado \u00e0 condi\u00e7\u00e3o de Santu\u00e1rio Arquidiocesano.<br \/>\nO Santu\u00e1rio continua atraindo um n\u00famero sempre crescente de devotos, vindos de v\u00e1rias cidades de Minas Gerais e do Brasil para celebra\u00e7\u00f5es aos domingos, ter\u00e7as-feiras e nos dias 13 de cada m\u00eas. Destaque para as romarias a p\u00e9, saindo de v\u00e1rios pontos de Belo Horizonte e de Sabar\u00e1.<br \/>\nUm detalhe curioso: um fato interessante na iconografia da imagem de Santo Ant\u00f4nio de Ro\u00e7a Grande \u00e9 a sua representa\u00e7\u00e3o como padre, e n\u00e3o somente com o h\u00e1bito Franciscano, como geralmente s\u00e3o as imagens de Santo Ant\u00f4nio.<br \/>\n\u2013 Publicado, vai o projeto \u00e0s Comiss\u00f5es de Justi\u00e7a e de Cultura para parecer, nos termos do art. 188, c\/c o art. 102, do Regimento Interno.<\/article>\n<div style=\"text-align: center\">\n<div style=\"margin-bottom: 20px;\" class=\"et_pb_button_module_wrapper et_pb_button_5_tb_body_wrapper et_pb_button_alignment_center et_pb_module \">\n         <a class=\"et_pb_button et_pb_button_5_tb_body et_hover_enabled et_pb_bg_layout_dark\" style=\"width: 50%;background-color: black;\" href=\"https:\/\/app.legislapp.com.br\" target=\"_blank\" rel=\"noopener\">Visualizar completo na nossa plataforma (30 dias gr\u00e1tis)<\/a><\/p><\/div>\n<p>      <a href=\"https:\/\/play.google.com\/store\/apps\/details?id=br.com.legislapp\"><img decoding=\"async\" style=\"width: 15%; min-width: 130px;\" src=\"https:\/\/www.legislapp.com.br\/wp-content\/uploads\/google-play.png\"><\/a><br \/>\n      <a href=\"https:\/\/apps.apple.com\/us\/app\/legislapp\/id1568929859\"><img decoding=\"async\" style=\"width: 15%; min-width: 130px\" src=\"https:\/\/www.legislapp.com.br\/wp-content\/uploads\/apple-store.png\"><\/a>\n   <\/div>\n","protected":false},"excerpt":{"rendered":"<p>C\u00e2m. Legislativa de MG &#8211; Autoria de Deputados Reconhece como de relevante interesse cultural do Estado o Santu\u00e1rio de Santo Ant\u00f4nio de Ro\u00e7a Grande, no Munic\u00edpio de Sabar\u00e1. Reconhece com de relevante interesse cultural do Estado de Minas Gerais o Santu\u00e1rio de Santo Ant\u00f4nio de Ro\u00e7a Grande, no Munic\u00edpio de Sabar\u00e1. A Assembleia Legislativa do [&hellip;]<\/p>\n","protected":false},"author":1,"featured_media":0,"parent":0,"menu_order":0,"comment_status":"closed","ping_status":"closed","template":"page-template-blank.php","meta":{"_et_pb_use_builder":"","_et_pb_old_content":"","_et_gb_content_width":"1080","ngg_post_thumbnail":0,"footnotes":""},"class_list":["post-6043","page","type-page","status-publish","hentry"],"yoast_head":"<!-- This site is optimized with the Yoast SEO plugin v24.4 - https:\/\/yoast.com\/wordpress\/plugins\/seo\/ -->\n<title>PL 3824\/2025 - Deputados - Legislapp<\/title>\n<meta name=\"robots\" content=\"index, follow, max-snippet:-1, max-image-preview:large, max-video-preview:-1\" \/>\n<link rel=\"canonical\" href=\"https:\/\/www.legislapp.com.br\/index.php\/cam-legislativa-de-mg-pl-3824-2025\/\" \/>\n<meta property=\"og:locale\" content=\"pt_BR\" \/>\n<meta property=\"og:type\" content=\"article\" \/>\n<meta property=\"og:title\" content=\"PL 3824\/2025 - Deputados - Legislapp\" \/>\n<meta property=\"og:description\" content=\"C\u00e2m. Legislativa de MG &#8211; Autoria de Deputados Reconhece como de relevante interesse cultural do Estado o Santu\u00e1rio de Santo Ant\u00f4nio de Ro\u00e7a Grande, no Munic\u00edpio de Sabar\u00e1. Reconhece com de relevante interesse cultural do Estado de Minas Gerais o Santu\u00e1rio de Santo Ant\u00f4nio de Ro\u00e7a Grande, no Munic\u00edpio de Sabar\u00e1. A Assembleia Legislativa do [&hellip;]\" \/>\n<meta property=\"og:url\" content=\"https:\/\/www.legislapp.com.br\/index.php\/cam-legislativa-de-mg-pl-3824-2025\/\" \/>\n<meta property=\"og:site_name\" content=\"Legislapp\" \/>\n<meta property=\"article:publisher\" content=\"https:\/\/www.instagram.com\/legislapp\/\" \/>\n<meta property=\"og:image\" content=\"https:\/\/www.legislapp.com.br\/wp-content\/uploads\/google-play.png\" \/>\n<meta name=\"twitter:card\" content=\"summary_large_image\" \/>\n<meta name=\"twitter:label1\" content=\"Est. tempo de leitura\" \/>\n\t<meta name=\"twitter:data1\" content=\"4 minutos\" \/>\n<script type=\"application\/ld+json\" class=\"yoast-schema-graph\">{\"@context\":\"https:\/\/schema.org\",\"@graph\":[{\"@type\":\"WebPage\",\"@id\":\"https:\/\/www.legislapp.com.br\/index.php\/cam-legislativa-de-mg-pl-3824-2025\/\",\"url\":\"https:\/\/www.legislapp.com.br\/index.php\/cam-legislativa-de-mg-pl-3824-2025\/\",\"name\":\"PL 3824\/2025 - Deputados - Legislapp\",\"isPartOf\":{\"@id\":\"https:\/\/www.legislapp.com.br\/#website\"},\"primaryImageOfPage\":{\"@id\":\"https:\/\/www.legislapp.com.br\/index.php\/cam-legislativa-de-mg-pl-3824-2025\/#primaryimage\"},\"image\":{\"@id\":\"https:\/\/www.legislapp.com.br\/index.php\/cam-legislativa-de-mg-pl-3824-2025\/#primaryimage\"},\"thumbnailUrl\":\"https:\/\/www.legislapp.com.br\/wp-content\/uploads\/google-play.png\",\"datePublished\":\"2025-06-25T13:17:12+00:00\",\"breadcrumb\":{\"@id\":\"https:\/\/www.legislapp.com.br\/index.php\/cam-legislativa-de-mg-pl-3824-2025\/#breadcrumb\"},\"inLanguage\":\"pt-BR\",\"potentialAction\":[{\"@type\":\"ReadAction\",\"target\":[\"https:\/\/www.legislapp.com.br\/index.php\/cam-legislativa-de-mg-pl-3824-2025\/\"]}]},{\"@type\":\"ImageObject\",\"inLanguage\":\"pt-BR\",\"@id\":\"https:\/\/www.legislapp.com.br\/index.php\/cam-legislativa-de-mg-pl-3824-2025\/#primaryimage\",\"url\":\"https:\/\/www.legislapp.com.br\/wp-content\/uploads\/google-play.png\",\"contentUrl\":\"https:\/\/www.legislapp.com.br\/wp-content\/uploads\/google-play.png\",\"width\":564,\"height\":168},{\"@type\":\"BreadcrumbList\",\"@id\":\"https:\/\/www.legislapp.com.br\/index.php\/cam-legislativa-de-mg-pl-3824-2025\/#breadcrumb\",\"itemListElement\":[{\"@type\":\"ListItem\",\"position\":1,\"name\":\"In\u00edcio\",\"item\":\"https:\/\/www.legislapp.com.br\/\"},{\"@type\":\"ListItem\",\"position\":2,\"name\":\"PL 3824\/2025 &#8211; Deputados\"}]},{\"@type\":\"WebSite\",\"@id\":\"https:\/\/www.legislapp.com.br\/#website\",\"url\":\"https:\/\/www.legislapp.com.br\/\",\"name\":\"Legislapp\",\"description\":\"Intelig\u00eancia governamental em tempo real\",\"publisher\":{\"@id\":\"https:\/\/www.legislapp.com.br\/#organization\"},\"potentialAction\":[{\"@type\":\"SearchAction\",\"target\":{\"@type\":\"EntryPoint\",\"urlTemplate\":\"https:\/\/www.legislapp.com.br\/?s={search_term_string}\"},\"query-input\":{\"@type\":\"PropertyValueSpecification\",\"valueRequired\":true,\"valueName\":\"search_term_string\"}}],\"inLanguage\":\"pt-BR\"},{\"@type\":\"Organization\",\"@id\":\"https:\/\/www.legislapp.com.br\/#organization\",\"name\":\"Legislapp Monitoramento e Intelig\u00eancia Governamental\",\"url\":\"https:\/\/www.legislapp.com.br\/\",\"logo\":{\"@type\":\"ImageObject\",\"inLanguage\":\"pt-BR\",\"@id\":\"https:\/\/www.legislapp.com.br\/#\/schema\/logo\/image\/\",\"url\":\"https:\/\/www.legislapp.com.br\/wp-content\/uploads\/icon.png\",\"contentUrl\":\"https:\/\/www.legislapp.com.br\/wp-content\/uploads\/icon.png\",\"width\":1024,\"height\":1024,\"caption\":\"Legislapp Monitoramento e Intelig\u00eancia Governamental\"},\"image\":{\"@id\":\"https:\/\/www.legislapp.com.br\/#\/schema\/logo\/image\/\"},\"sameAs\":[\"https:\/\/www.instagram.com\/legislapp\/\"]}]}<\/script>\n<!-- \/ Yoast SEO plugin. -->","yoast_head_json":{"title":"PL 3824\/2025 - Deputados - Legislapp","robots":{"index":"index","follow":"follow","max-snippet":"max-snippet:-1","max-image-preview":"max-image-preview:large","max-video-preview":"max-video-preview:-1"},"canonical":"https:\/\/www.legislapp.com.br\/index.php\/cam-legislativa-de-mg-pl-3824-2025\/","og_locale":"pt_BR","og_type":"article","og_title":"PL 3824\/2025 - Deputados - Legislapp","og_description":"C\u00e2m. Legislativa de MG &#8211; Autoria de Deputados Reconhece como de relevante interesse cultural do Estado o Santu\u00e1rio de Santo Ant\u00f4nio de Ro\u00e7a Grande, no Munic\u00edpio de Sabar\u00e1. Reconhece com de relevante interesse cultural do Estado de Minas Gerais o Santu\u00e1rio de Santo Ant\u00f4nio de Ro\u00e7a Grande, no Munic\u00edpio de Sabar\u00e1. A Assembleia Legislativa do [&hellip;]","og_url":"https:\/\/www.legislapp.com.br\/index.php\/cam-legislativa-de-mg-pl-3824-2025\/","og_site_name":"Legislapp","article_publisher":"https:\/\/www.instagram.com\/legislapp\/","og_image":[{"url":"https:\/\/www.legislapp.com.br\/wp-content\/uploads\/google-play.png","type":"","width":"","height":""}],"twitter_card":"summary_large_image","twitter_misc":{"Est. tempo de leitura":"4 minutos"},"schema":{"@context":"https:\/\/schema.org","@graph":[{"@type":"WebPage","@id":"https:\/\/www.legislapp.com.br\/index.php\/cam-legislativa-de-mg-pl-3824-2025\/","url":"https:\/\/www.legislapp.com.br\/index.php\/cam-legislativa-de-mg-pl-3824-2025\/","name":"PL 3824\/2025 - Deputados - Legislapp","isPartOf":{"@id":"https:\/\/www.legislapp.com.br\/#website"},"primaryImageOfPage":{"@id":"https:\/\/www.legislapp.com.br\/index.php\/cam-legislativa-de-mg-pl-3824-2025\/#primaryimage"},"image":{"@id":"https:\/\/www.legislapp.com.br\/index.php\/cam-legislativa-de-mg-pl-3824-2025\/#primaryimage"},"thumbnailUrl":"https:\/\/www.legislapp.com.br\/wp-content\/uploads\/google-play.png","datePublished":"2025-06-25T13:17:12+00:00","breadcrumb":{"@id":"https:\/\/www.legislapp.com.br\/index.php\/cam-legislativa-de-mg-pl-3824-2025\/#breadcrumb"},"inLanguage":"pt-BR","potentialAction":[{"@type":"ReadAction","target":["https:\/\/www.legislapp.com.br\/index.php\/cam-legislativa-de-mg-pl-3824-2025\/"]}]},{"@type":"ImageObject","inLanguage":"pt-BR","@id":"https:\/\/www.legislapp.com.br\/index.php\/cam-legislativa-de-mg-pl-3824-2025\/#primaryimage","url":"https:\/\/www.legislapp.com.br\/wp-content\/uploads\/google-play.png","contentUrl":"https:\/\/www.legislapp.com.br\/wp-content\/uploads\/google-play.png","width":564,"height":168},{"@type":"BreadcrumbList","@id":"https:\/\/www.legislapp.com.br\/index.php\/cam-legislativa-de-mg-pl-3824-2025\/#breadcrumb","itemListElement":[{"@type":"ListItem","position":1,"name":"In\u00edcio","item":"https:\/\/www.legislapp.com.br\/"},{"@type":"ListItem","position":2,"name":"PL 3824\/2025 &#8211; Deputados"}]},{"@type":"WebSite","@id":"https:\/\/www.legislapp.com.br\/#website","url":"https:\/\/www.legislapp.com.br\/","name":"Legislapp","description":"Intelig\u00eancia governamental em tempo real","publisher":{"@id":"https:\/\/www.legislapp.com.br\/#organization"},"potentialAction":[{"@type":"SearchAction","target":{"@type":"EntryPoint","urlTemplate":"https:\/\/www.legislapp.com.br\/?s={search_term_string}"},"query-input":{"@type":"PropertyValueSpecification","valueRequired":true,"valueName":"search_term_string"}}],"inLanguage":"pt-BR"},{"@type":"Organization","@id":"https:\/\/www.legislapp.com.br\/#organization","name":"Legislapp Monitoramento e Intelig\u00eancia Governamental","url":"https:\/\/www.legislapp.com.br\/","logo":{"@type":"ImageObject","inLanguage":"pt-BR","@id":"https:\/\/www.legislapp.com.br\/#\/schema\/logo\/image\/","url":"https:\/\/www.legislapp.com.br\/wp-content\/uploads\/icon.png","contentUrl":"https:\/\/www.legislapp.com.br\/wp-content\/uploads\/icon.png","width":1024,"height":1024,"caption":"Legislapp Monitoramento e Intelig\u00eancia Governamental"},"image":{"@id":"https:\/\/www.legislapp.com.br\/#\/schema\/logo\/image\/"},"sameAs":["https:\/\/www.instagram.com\/legislapp\/"]}]}},"_links":{"self":[{"href":"https:\/\/www.legislapp.com.br\/index.php\/wp-json\/wp\/v2\/pages\/6043","targetHints":{"allow":["GET"]}}],"collection":[{"href":"https:\/\/www.legislapp.com.br\/index.php\/wp-json\/wp\/v2\/pages"}],"about":[{"href":"https:\/\/www.legislapp.com.br\/index.php\/wp-json\/wp\/v2\/types\/page"}],"author":[{"embeddable":true,"href":"https:\/\/www.legislapp.com.br\/index.php\/wp-json\/wp\/v2\/users\/1"}],"replies":[{"embeddable":true,"href":"https:\/\/www.legislapp.com.br\/index.php\/wp-json\/wp\/v2\/comments?post=6043"}],"version-history":[{"count":0,"href":"https:\/\/www.legislapp.com.br\/index.php\/wp-json\/wp\/v2\/pages\/6043\/revisions"}],"wp:attachment":[{"href":"https:\/\/www.legislapp.com.br\/index.php\/wp-json\/wp\/v2\/media?parent=6043"}],"curies":[{"name":"wp","href":"https:\/\/api.w.org\/{rel}","templated":true}]}}