{"id":6112,"date":"2025-06-25T10:20:43","date_gmt":"2025-06-25T13:20:43","guid":{"rendered":"https:\/\/www.legislapp.com.br\/index.php\/cam-legislativa-de-sc-pl-0297-2025\/"},"modified":"2025-06-25T10:20:43","modified_gmt":"2025-06-25T13:20:43","slug":"cam-legislativa-de-sc-pl-0297-2025","status":"publish","type":"page","link":"https:\/\/www.legislapp.com.br\/index.php\/cam-legislativa-de-sc-pl-0297-2025\/","title":{"rendered":"PL.\/0297\/2025 &#8211; Jair Miotto"},"content":{"rendered":"<h1 style='text-align: center;'>C\u00e2m. Legislativa de SC &#8211; Autoria de Jair Miotto<\/h3>\n<p><\/p>\n<article style='text-align: center'>Institui a campanha estadual de conscientiza\u00e7\u00e3o e prote\u00e7\u00e3o \u00e0 sa\u00fade de crian\u00e7as e adolescentes frente aos riscos associados ao uso de cigarros eletr\u00f4nicos nas escolas p\u00fablicas do Estado de Santa Catarina.<\/article>\n<p><\/p>\n<p style='text-align: center'><a href='https:\/\/app.legislapp.com.br\/#\/busca?termo='><\/a><\/p>\n<p><\/p>\n<article>\n<p>                                                   PROJETO DE LEI  <\/p>\n<p>  Institui a campanha estadual de conscientiza\u00e7\u00e3o e<br \/>\nprote\u00e7\u00e3o \u00e0 sa\u00fade de crian\u00e7as e adolescentes frente aos<br \/>\nriscos associados ao uso de cigarros eletr\u00f4nicos nas<br \/>\nescolas p\u00fablicas do Estado de Santa Catarina <\/p>\n<p>Art. 1\u00ba. Fica institu\u00edda a campanha estadual de conscientiza\u00e7\u00e3o e prote\u00e7\u00e3o \u00e0 sa\u00fade de<br \/>\ncrian\u00e7as e adolescentes frente aos riscos associados ao uso de cigarros eletr\u00f4nicos nas<br \/>\nescolas p\u00fablicas do Estado de Santa Catarina. <\/p>\n<p>Par\u00e1grafo \u00fanico. Entende-se por cigarro eletr\u00f4nico um dispositivo mec\u00e2nico-eletr\u00f4nico<br \/>\nalimentado por bateria que exala um aerossol contendo nicotina, entre outras<br \/>\nsubst\u00e2ncias. <\/p>\n<p>Art. 2\u00ba. Esta Lei tem como objetivo principal informar e conscientizar os estudantes<br \/>\nsobre os danos \u00e0 sa\u00fade causados pelo uso do cigarro eletr\u00f4nico, bem como sobre os<br \/>\nriscos que essa pr\u00e1tica representa para crian\u00e7as e adolescentes. <\/p>\n<p>Art. 3\u00ba. A campanha poder\u00e1 incluir a\u00e7\u00f5es educativas, palestras, distribui\u00e7\u00e3o de materiais<br \/>\ninformativos e\/ou outras estrat\u00e9gias pedag\u00f3gicas eficazes para alcan\u00e7ar o p\u00fablico alvo. <\/p>\n<p>Art. 4\u00ba. O Poder Executivo regulamentar\u00e1 a presente Lei indicando os aspectos<br \/>\nnecess\u00e1rios \u00e0 sua aplica\u00e7\u00e3o. <\/p>\n<p>Art. 5\u00ba. Esta Lei entra em vigor na data de sua publica\u00e7\u00e3o. <\/p>\n<p>Sala das Sess\u00f5es, em 26\/05\/2025. <\/p>\n<p>     Jair Miotto<br \/>\nDeputado Estadual <\/p>\n<p>JUSTIFICATIVA <\/p>\n<p>O presente projeto de lei prop\u00f5e uma campanha de conscientiza\u00e7\u00e3o de crian\u00e7as e<br \/>\nadolescentes sobre os graves riscos que os cigarros  eletr\u00f4nicos  causam  para  a  sa\u00fade,<br \/>\nsendo  que  conforme  estudos divulgados nos \u00faltimos anos, o uso destes dispositivos<br \/>\nt\u00eam crescido de forma alarmante entre tais faixas et\u00e1rias, sendo frequentemente<br \/>\nassociado a modismos e \u00e0 falsa id\u00e9ia de que s\u00e3o menos prejudiciais do que os cigarros<br \/>\nconvencionais. <\/p>\n<p>Insta mencionar que muitos cigarros eletr\u00f4nicos cont\u00eam  altas  concentra\u00e7\u00f5es  de<br \/>\nnicotina,  uma subst\u00e2ncia  altamente  viciante,  sendo  que  o  uso  da  mesma  de  forma<br \/>\nprecoce  pode  causar  altera\u00e7\u00f5es  no c\u00e9rebro em desenvolvimento, aumentando a<br \/>\nprobabilidade de depend\u00eancia e dificultando a capacidade de aprendizado, mem\u00f3ria e<br \/>\ncontrole de impulsos. <\/p>\n<p>  Seguindo nesta toada, importante mencionar o fato de que os cigarros<br \/>\neletr\u00f4nicos liberam aeross\u00f3is que cont\u00eam subst\u00e2ncias qu\u00edmicas t\u00f3xicas, como metais<br \/>\npesados, part\u00edculas ultrafinas e compostos org\u00e2nicos vol\u00e1teis, sendo que tais<br \/>\ncomponentes podem causar irrita\u00e7\u00e3o nos pulm\u00f5es, reduzir a capacidade respirat\u00f3ria e<br \/>\naumentar o risco de doen\u00e7as cardiovasculares, houve  casos  relatados  sobre  les\u00f5es<br \/>\npulmonares  graves associadas ao uso desses dispositivos.   <\/p>\n<p>Ainda a populariza\u00e7\u00e3o do cigarro eletr\u00f4nico, com dispositivos discretos e<br \/>\nsabores atraentes, pode levar adolescentes a ignorarem os riscos associados ao seu uso,<br \/>\ncontribuindo para a normaliza\u00e7\u00e3o do h\u00e1bito de fumar e podendo gerar press\u00e3o social,<br \/>\nprejudicando o bem-estar psicol\u00f3gico dos jovens, al\u00e9m de que o uso de subst\u00e2ncias<br \/>\nviciantes em uma fase crucial do desenvolvimento pode aumentar os riscos de<br \/>\nansiedade, depress\u00e3o e outros transtornos psicol\u00f3gicos.    <\/p>\n<p>Desta forma, \u00e9 essencial  que  pais,  educadores  e  profissionais  de  sa\u00fade<br \/>\ntrabalhem  juntos  para conscientizar  crian\u00e7as  e  adolescentes  sobre  os  perigos  dos<br \/>\ncigarros  eletr\u00f4nicos,  atrav\u00e9s  de  campanhas educativas, pol\u00edticas p\u00fablicas para<br \/>\nrestringir a venda a menores de idade e um di\u00e1logo aberto sobre os riscos \u00e0 sa\u00fade s\u00e3o<br \/>\nferramentas fundamentais para combater essa pr\u00e1tica.  <\/p>\n<p>Por estes motivos, solicito o apoio dos nobres Colegas na sua aprova\u00e7\u00e3o.  <\/p>\n<p>Sala das Sess\u00f5es, em 26\/05\/2025. <\/p>\n<p>     Jair Miotto<br \/>\nDeputado Estadual <\/p>\n<\/article>\n<div style=\"text-align: center\">\n<div style=\"margin-bottom: 20px;\" class=\"et_pb_button_module_wrapper et_pb_button_5_tb_body_wrapper et_pb_button_alignment_center et_pb_module \">\n         <a class=\"et_pb_button et_pb_button_5_tb_body et_hover_enabled et_pb_bg_layout_dark\" style=\"width: 50%;background-color: black;\" href=\"https:\/\/app.legislapp.com.br\" target=\"_blank\" rel=\"noopener\">Visualizar completo na nossa plataforma (30 dias gr\u00e1tis)<\/a><\/p><\/div>\n<p>      <a href=\"https:\/\/play.google.com\/store\/apps\/details?id=br.com.legislapp\"><img decoding=\"async\" style=\"width: 15%; min-width: 130px;\" src=\"https:\/\/www.legislapp.com.br\/wp-content\/uploads\/google-play.png\"><\/a><br \/>\n      <a href=\"https:\/\/apps.apple.com\/us\/app\/legislapp\/id1568929859\"><img decoding=\"async\" style=\"width: 15%; min-width: 130px\" src=\"https:\/\/www.legislapp.com.br\/wp-content\/uploads\/apple-store.png\"><\/a>\n   <\/div>\n","protected":false},"excerpt":{"rendered":"<p>C\u00e2m. Legislativa de SC &#8211; Autoria de Jair Miotto Institui a campanha estadual de conscientiza\u00e7\u00e3o e prote\u00e7\u00e3o \u00e0 sa\u00fade de crian\u00e7as e adolescentes frente aos riscos associados ao uso de cigarros eletr\u00f4nicos nas escolas p\u00fablicas do Estado de Santa Catarina. PROJETO DE LEI Institui a campanha estadual de conscientiza\u00e7\u00e3o e prote\u00e7\u00e3o \u00e0 sa\u00fade de crian\u00e7as [&hellip;]<\/p>\n","protected":false},"author":1,"featured_media":0,"parent":0,"menu_order":0,"comment_status":"closed","ping_status":"closed","template":"page-template-blank.php","meta":{"_et_pb_use_builder":"","_et_pb_old_content":"","_et_gb_content_width":"1080","ngg_post_thumbnail":0,"footnotes":""},"class_list":["post-6112","page","type-page","status-publish","hentry"],"yoast_head":"<!-- This site is optimized with the Yoast SEO plugin v24.4 - https:\/\/yoast.com\/wordpress\/plugins\/seo\/ -->\n<title>PL.\/0297\/2025 - Jair Miotto - Legislapp<\/title>\n<meta name=\"robots\" content=\"index, follow, max-snippet:-1, max-image-preview:large, max-video-preview:-1\" \/>\n<link rel=\"canonical\" href=\"https:\/\/www.legislapp.com.br\/index.php\/cam-legislativa-de-sc-pl-0297-2025\/\" \/>\n<meta property=\"og:locale\" content=\"pt_BR\" \/>\n<meta property=\"og:type\" content=\"article\" \/>\n<meta property=\"og:title\" content=\"PL.\/0297\/2025 - Jair Miotto - Legislapp\" \/>\n<meta property=\"og:description\" content=\"C\u00e2m. Legislativa de SC &#8211; Autoria de Jair Miotto Institui a campanha estadual de conscientiza\u00e7\u00e3o e prote\u00e7\u00e3o \u00e0 sa\u00fade de crian\u00e7as e adolescentes frente aos riscos associados ao uso de cigarros eletr\u00f4nicos nas escolas p\u00fablicas do Estado de Santa Catarina. PROJETO DE LEI Institui a campanha estadual de conscientiza\u00e7\u00e3o e prote\u00e7\u00e3o \u00e0 sa\u00fade de crian\u00e7as [&hellip;]\" \/>\n<meta property=\"og:url\" content=\"https:\/\/www.legislapp.com.br\/index.php\/cam-legislativa-de-sc-pl-0297-2025\/\" \/>\n<meta property=\"og:site_name\" content=\"Legislapp\" \/>\n<meta property=\"article:publisher\" content=\"https:\/\/www.instagram.com\/legislapp\/\" \/>\n<meta property=\"og:image\" content=\"https:\/\/www.legislapp.com.br\/wp-content\/uploads\/google-play.png\" \/>\n<meta name=\"twitter:card\" content=\"summary_large_image\" \/>\n<meta name=\"twitter:label1\" content=\"Est. tempo de leitura\" \/>\n\t<meta name=\"twitter:data1\" content=\"3 minutos\" \/>\n<script type=\"application\/ld+json\" class=\"yoast-schema-graph\">{\"@context\":\"https:\/\/schema.org\",\"@graph\":[{\"@type\":\"WebPage\",\"@id\":\"https:\/\/www.legislapp.com.br\/index.php\/cam-legislativa-de-sc-pl-0297-2025\/\",\"url\":\"https:\/\/www.legislapp.com.br\/index.php\/cam-legislativa-de-sc-pl-0297-2025\/\",\"name\":\"PL.\/0297\/2025 - Jair Miotto - Legislapp\",\"isPartOf\":{\"@id\":\"https:\/\/www.legislapp.com.br\/#website\"},\"primaryImageOfPage\":{\"@id\":\"https:\/\/www.legislapp.com.br\/index.php\/cam-legislativa-de-sc-pl-0297-2025\/#primaryimage\"},\"image\":{\"@id\":\"https:\/\/www.legislapp.com.br\/index.php\/cam-legislativa-de-sc-pl-0297-2025\/#primaryimage\"},\"thumbnailUrl\":\"https:\/\/www.legislapp.com.br\/wp-content\/uploads\/google-play.png\",\"datePublished\":\"2025-06-25T13:20:43+00:00\",\"breadcrumb\":{\"@id\":\"https:\/\/www.legislapp.com.br\/index.php\/cam-legislativa-de-sc-pl-0297-2025\/#breadcrumb\"},\"inLanguage\":\"pt-BR\",\"potentialAction\":[{\"@type\":\"ReadAction\",\"target\":[\"https:\/\/www.legislapp.com.br\/index.php\/cam-legislativa-de-sc-pl-0297-2025\/\"]}]},{\"@type\":\"ImageObject\",\"inLanguage\":\"pt-BR\",\"@id\":\"https:\/\/www.legislapp.com.br\/index.php\/cam-legislativa-de-sc-pl-0297-2025\/#primaryimage\",\"url\":\"https:\/\/www.legislapp.com.br\/wp-content\/uploads\/google-play.png\",\"contentUrl\":\"https:\/\/www.legislapp.com.br\/wp-content\/uploads\/google-play.png\",\"width\":564,\"height\":168},{\"@type\":\"BreadcrumbList\",\"@id\":\"https:\/\/www.legislapp.com.br\/index.php\/cam-legislativa-de-sc-pl-0297-2025\/#breadcrumb\",\"itemListElement\":[{\"@type\":\"ListItem\",\"position\":1,\"name\":\"In\u00edcio\",\"item\":\"https:\/\/www.legislapp.com.br\/\"},{\"@type\":\"ListItem\",\"position\":2,\"name\":\"PL.\/0297\/2025 &#8211; Jair Miotto\"}]},{\"@type\":\"WebSite\",\"@id\":\"https:\/\/www.legislapp.com.br\/#website\",\"url\":\"https:\/\/www.legislapp.com.br\/\",\"name\":\"Legislapp\",\"description\":\"Intelig\u00eancia governamental em tempo real\",\"publisher\":{\"@id\":\"https:\/\/www.legislapp.com.br\/#organization\"},\"potentialAction\":[{\"@type\":\"SearchAction\",\"target\":{\"@type\":\"EntryPoint\",\"urlTemplate\":\"https:\/\/www.legislapp.com.br\/?s={search_term_string}\"},\"query-input\":{\"@type\":\"PropertyValueSpecification\",\"valueRequired\":true,\"valueName\":\"search_term_string\"}}],\"inLanguage\":\"pt-BR\"},{\"@type\":\"Organization\",\"@id\":\"https:\/\/www.legislapp.com.br\/#organization\",\"name\":\"Legislapp Monitoramento e Intelig\u00eancia Governamental\",\"url\":\"https:\/\/www.legislapp.com.br\/\",\"logo\":{\"@type\":\"ImageObject\",\"inLanguage\":\"pt-BR\",\"@id\":\"https:\/\/www.legislapp.com.br\/#\/schema\/logo\/image\/\",\"url\":\"https:\/\/www.legislapp.com.br\/wp-content\/uploads\/icon.png\",\"contentUrl\":\"https:\/\/www.legislapp.com.br\/wp-content\/uploads\/icon.png\",\"width\":1024,\"height\":1024,\"caption\":\"Legislapp Monitoramento e Intelig\u00eancia Governamental\"},\"image\":{\"@id\":\"https:\/\/www.legislapp.com.br\/#\/schema\/logo\/image\/\"},\"sameAs\":[\"https:\/\/www.instagram.com\/legislapp\/\"]}]}<\/script>\n<!-- \/ Yoast SEO plugin. -->","yoast_head_json":{"title":"PL.\/0297\/2025 - Jair Miotto - Legislapp","robots":{"index":"index","follow":"follow","max-snippet":"max-snippet:-1","max-image-preview":"max-image-preview:large","max-video-preview":"max-video-preview:-1"},"canonical":"https:\/\/www.legislapp.com.br\/index.php\/cam-legislativa-de-sc-pl-0297-2025\/","og_locale":"pt_BR","og_type":"article","og_title":"PL.\/0297\/2025 - Jair Miotto - Legislapp","og_description":"C\u00e2m. Legislativa de SC &#8211; Autoria de Jair Miotto Institui a campanha estadual de conscientiza\u00e7\u00e3o e prote\u00e7\u00e3o \u00e0 sa\u00fade de crian\u00e7as e adolescentes frente aos riscos associados ao uso de cigarros eletr\u00f4nicos nas escolas p\u00fablicas do Estado de Santa Catarina. PROJETO DE LEI Institui a campanha estadual de conscientiza\u00e7\u00e3o e prote\u00e7\u00e3o \u00e0 sa\u00fade de crian\u00e7as [&hellip;]","og_url":"https:\/\/www.legislapp.com.br\/index.php\/cam-legislativa-de-sc-pl-0297-2025\/","og_site_name":"Legislapp","article_publisher":"https:\/\/www.instagram.com\/legislapp\/","og_image":[{"url":"https:\/\/www.legislapp.com.br\/wp-content\/uploads\/google-play.png","type":"","width":"","height":""}],"twitter_card":"summary_large_image","twitter_misc":{"Est. tempo de leitura":"3 minutos"},"schema":{"@context":"https:\/\/schema.org","@graph":[{"@type":"WebPage","@id":"https:\/\/www.legislapp.com.br\/index.php\/cam-legislativa-de-sc-pl-0297-2025\/","url":"https:\/\/www.legislapp.com.br\/index.php\/cam-legislativa-de-sc-pl-0297-2025\/","name":"PL.\/0297\/2025 - Jair Miotto - Legislapp","isPartOf":{"@id":"https:\/\/www.legislapp.com.br\/#website"},"primaryImageOfPage":{"@id":"https:\/\/www.legislapp.com.br\/index.php\/cam-legislativa-de-sc-pl-0297-2025\/#primaryimage"},"image":{"@id":"https:\/\/www.legislapp.com.br\/index.php\/cam-legislativa-de-sc-pl-0297-2025\/#primaryimage"},"thumbnailUrl":"https:\/\/www.legislapp.com.br\/wp-content\/uploads\/google-play.png","datePublished":"2025-06-25T13:20:43+00:00","breadcrumb":{"@id":"https:\/\/www.legislapp.com.br\/index.php\/cam-legislativa-de-sc-pl-0297-2025\/#breadcrumb"},"inLanguage":"pt-BR","potentialAction":[{"@type":"ReadAction","target":["https:\/\/www.legislapp.com.br\/index.php\/cam-legislativa-de-sc-pl-0297-2025\/"]}]},{"@type":"ImageObject","inLanguage":"pt-BR","@id":"https:\/\/www.legislapp.com.br\/index.php\/cam-legislativa-de-sc-pl-0297-2025\/#primaryimage","url":"https:\/\/www.legislapp.com.br\/wp-content\/uploads\/google-play.png","contentUrl":"https:\/\/www.legislapp.com.br\/wp-content\/uploads\/google-play.png","width":564,"height":168},{"@type":"BreadcrumbList","@id":"https:\/\/www.legislapp.com.br\/index.php\/cam-legislativa-de-sc-pl-0297-2025\/#breadcrumb","itemListElement":[{"@type":"ListItem","position":1,"name":"In\u00edcio","item":"https:\/\/www.legislapp.com.br\/"},{"@type":"ListItem","position":2,"name":"PL.\/0297\/2025 &#8211; Jair Miotto"}]},{"@type":"WebSite","@id":"https:\/\/www.legislapp.com.br\/#website","url":"https:\/\/www.legislapp.com.br\/","name":"Legislapp","description":"Intelig\u00eancia governamental em tempo real","publisher":{"@id":"https:\/\/www.legislapp.com.br\/#organization"},"potentialAction":[{"@type":"SearchAction","target":{"@type":"EntryPoint","urlTemplate":"https:\/\/www.legislapp.com.br\/?s={search_term_string}"},"query-input":{"@type":"PropertyValueSpecification","valueRequired":true,"valueName":"search_term_string"}}],"inLanguage":"pt-BR"},{"@type":"Organization","@id":"https:\/\/www.legislapp.com.br\/#organization","name":"Legislapp Monitoramento e Intelig\u00eancia Governamental","url":"https:\/\/www.legislapp.com.br\/","logo":{"@type":"ImageObject","inLanguage":"pt-BR","@id":"https:\/\/www.legislapp.com.br\/#\/schema\/logo\/image\/","url":"https:\/\/www.legislapp.com.br\/wp-content\/uploads\/icon.png","contentUrl":"https:\/\/www.legislapp.com.br\/wp-content\/uploads\/icon.png","width":1024,"height":1024,"caption":"Legislapp Monitoramento e Intelig\u00eancia Governamental"},"image":{"@id":"https:\/\/www.legislapp.com.br\/#\/schema\/logo\/image\/"},"sameAs":["https:\/\/www.instagram.com\/legislapp\/"]}]}},"_links":{"self":[{"href":"https:\/\/www.legislapp.com.br\/index.php\/wp-json\/wp\/v2\/pages\/6112","targetHints":{"allow":["GET"]}}],"collection":[{"href":"https:\/\/www.legislapp.com.br\/index.php\/wp-json\/wp\/v2\/pages"}],"about":[{"href":"https:\/\/www.legislapp.com.br\/index.php\/wp-json\/wp\/v2\/types\/page"}],"author":[{"embeddable":true,"href":"https:\/\/www.legislapp.com.br\/index.php\/wp-json\/wp\/v2\/users\/1"}],"replies":[{"embeddable":true,"href":"https:\/\/www.legislapp.com.br\/index.php\/wp-json\/wp\/v2\/comments?post=6112"}],"version-history":[{"count":0,"href":"https:\/\/www.legislapp.com.br\/index.php\/wp-json\/wp\/v2\/pages\/6112\/revisions"}],"wp:attachment":[{"href":"https:\/\/www.legislapp.com.br\/index.php\/wp-json\/wp\/v2\/media?parent=6112"}],"curies":[{"name":"wp","href":"https:\/\/api.w.org\/{rel}","templated":true}]}}