{"id":6172,"date":"2025-06-25T10:23:47","date_gmt":"2025-06-25T13:23:47","guid":{"rendered":"https:\/\/www.legislapp.com.br\/index.php\/cam-legislativa-de-pe-prc-2995-2025\/"},"modified":"2025-06-25T10:23:47","modified_gmt":"2025-06-25T13:23:47","slug":"cam-legislativa-de-pe-prc-2995-2025","status":"publish","type":"page","link":"https:\/\/www.legislapp.com.br\/index.php\/cam-legislativa-de-pe-prc-2995-2025\/","title":{"rendered":"PRC 2995\/2025 &#8211; Nino de Enoque"},"content":{"rendered":"<h1 style='text-align: center;'>C\u00e2m. Legislativa de PE &#8211; Autoria de Nino de Enoque<br \/><img src='https:\/\/www.alepe.pe.gov.br\/\/wp-content\/uploads\/2023\/02\/NINO-DE-ENOQUE-scaled-e1675861405733.jpg' alt='Nino de Enoque' \/><\/h3>\n<p><\/p>\n<article style='text-align: center'>O presente Projeto de Resolu\u00e7\u00e3o tem por objetivo reconhecer publicamente a significativa contribui\u00e7\u00e3o do Senhor Felipe Henrique Guimar\u00e3es, natural de S\u00e3o Jos\u00e9 dos Campos, S\u00e3o Paulo, mas pernambucano de cora\u00e7\u00e3o, que reside no Estado h\u00e1 mais de 20 anos e atua como importante agente econ\u00f4mico e social no munic\u00edpio de Igarassu.<\/p>\n<p>Empres\u00e1rio do setor de terceiriza\u00e7\u00e3o de servi\u00e7os, \u00e9 s\u00f3cio-fundador da FG Services, empresa pernambucana que h\u00e1 14 anos gera emprego, renda e oportunidades na regi\u00e3o, empregando atualmente mais de 3.000 colaboradores. Seu empreendimento movimenta a economia local, contribui para o desenvolvimento urbano e projeta o potencial do Estado no setor de servi\u00e7os.<\/p>\n<p>Al\u00e9m do aspecto empresarial, Felipe Guimar\u00e3es se destaca por sua atua\u00e7\u00e3o no campo social e ambiental. \u00c9 incentivador de projetos esportivos voltados a jovens em situa\u00e7\u00e3o de vulnerabilidade, promovendo inclus\u00e3o, cidadania e transforma\u00e7\u00e3o social por meio do esporte. Tamb\u00e9m apoia a\u00e7\u00f5es de sustentabilidade, como a reciclagem de materiais de uso recorrente, demonstrando compromisso com o meio ambiente e a responsabilidade socioambiental.<\/p>\n<p>Homem de fam\u00edlia, casado com a empres\u00e1ria Sylvia Joquebede Guimar\u00e3es, com quem tem dois filhos, Felipe \u00e9 exemplo de empreendedorismo com consci\u00eancia social, e representa o tipo de cidad\u00e3o que engrandece o nome de Pernambuco.<\/p>\n<p>Por todos esses motivos, \u00e9 justa e merit\u00f3ria a concess\u00e3o do T\u00edtulo Honor\u00edfico de Cidad\u00e3o Pernambucano ao Senhor Felipe Henrique Guimar\u00e3es, como forma de reconhecimento oficial a sua dedica\u00e7\u00e3o, compromisso e contribui\u00e7\u00e3o ao nosso Estado.<\/article>\n<p><\/p>\n<p style='text-align: center'><a href='https:\/\/app.legislapp.com.br\/#\/busca?termo='><\/a><\/p>\n<p><\/p>\n<article>\u00a0\u00a0\u00a0\u00a0\u00a0Art. 1\u00ba Fica concedido o T\u00edtulo Honor\u00edfico de Cidad\u00e3o Pernambucano ao Senhor Felipe Henrique Guimar\u00e3es<\/p>\n<p>\u00a0\u00a0\u00a0\u00a0\u00a0Art. 2\u00ba Esta Resolu\u00e7\u00e3o entra em vigor na data de sua publica\u00e7\u00e3o.<\/article>\n<div style=\"text-align: center\">\n<div style=\"margin-bottom: 20px;\" class=\"et_pb_button_module_wrapper et_pb_button_5_tb_body_wrapper et_pb_button_alignment_center et_pb_module \">\n         <a class=\"et_pb_button et_pb_button_5_tb_body et_hover_enabled et_pb_bg_layout_dark\" style=\"width: 50%;background-color: black;\" href=\"https:\/\/app.legislapp.com.br\" target=\"_blank\" rel=\"noopener\">Visualizar completo na nossa plataforma (30 dias gr\u00e1tis)<\/a><\/p><\/div>\n<p>      <a href=\"https:\/\/play.google.com\/store\/apps\/details?id=br.com.legislapp\"><img decoding=\"async\" style=\"width: 15%; min-width: 130px;\" src=\"https:\/\/www.legislapp.com.br\/wp-content\/uploads\/google-play.png\"><\/a><br \/>\n      <a href=\"https:\/\/apps.apple.com\/us\/app\/legislapp\/id1568929859\"><img decoding=\"async\" style=\"width: 15%; min-width: 130px\" src=\"https:\/\/www.legislapp.com.br\/wp-content\/uploads\/apple-store.png\"><\/a>\n   <\/div>\n","protected":false},"excerpt":{"rendered":"<p>C\u00e2m. Legislativa de PE &#8211; Autoria de Nino de Enoque O presente Projeto de Resolu\u00e7\u00e3o tem por objetivo reconhecer publicamente a significativa contribui\u00e7\u00e3o do Senhor Felipe Henrique Guimar\u00e3es, natural de S\u00e3o Jos\u00e9 dos Campos, S\u00e3o Paulo, mas pernambucano de cora\u00e7\u00e3o, que reside no Estado h\u00e1 mais de 20 anos e atua como importante agente econ\u00f4mico [&hellip;]<\/p>\n","protected":false},"author":1,"featured_media":0,"parent":0,"menu_order":0,"comment_status":"closed","ping_status":"closed","template":"page-template-blank.php","meta":{"_et_pb_use_builder":"","_et_pb_old_content":"","_et_gb_content_width":"1080","ngg_post_thumbnail":0,"footnotes":""},"class_list":["post-6172","page","type-page","status-publish","hentry"],"yoast_head":"<!-- This site is optimized with the Yoast SEO plugin v24.4 - https:\/\/yoast.com\/wordpress\/plugins\/seo\/ -->\n<title>PRC 2995\/2025 - Nino de Enoque - Legislapp<\/title>\n<meta name=\"robots\" content=\"index, follow, max-snippet:-1, max-image-preview:large, max-video-preview:-1\" \/>\n<link rel=\"canonical\" href=\"https:\/\/www.legislapp.com.br\/index.php\/cam-legislativa-de-pe-prc-2995-2025\/\" \/>\n<meta property=\"og:locale\" content=\"pt_BR\" \/>\n<meta property=\"og:type\" content=\"article\" \/>\n<meta property=\"og:title\" content=\"PRC 2995\/2025 - Nino de Enoque - Legislapp\" \/>\n<meta property=\"og:description\" content=\"C\u00e2m. Legislativa de PE &#8211; Autoria de Nino de Enoque O presente Projeto de Resolu\u00e7\u00e3o tem por objetivo reconhecer publicamente a significativa contribui\u00e7\u00e3o do Senhor Felipe Henrique Guimar\u00e3es, natural de S\u00e3o Jos\u00e9 dos Campos, S\u00e3o Paulo, mas pernambucano de cora\u00e7\u00e3o, que reside no Estado h\u00e1 mais de 20 anos e atua como importante agente econ\u00f4mico [&hellip;]\" \/>\n<meta property=\"og:url\" content=\"https:\/\/www.legislapp.com.br\/index.php\/cam-legislativa-de-pe-prc-2995-2025\/\" \/>\n<meta property=\"og:site_name\" content=\"Legislapp\" \/>\n<meta property=\"article:publisher\" content=\"https:\/\/www.instagram.com\/legislapp\/\" \/>\n<meta property=\"og:image\" content=\"https:\/\/www.alepe.pe.gov.br\/\/wp-content\/uploads\/2023\/02\/NINO-DE-ENOQUE-scaled-e1675861405733.jpg\" \/>\n<meta name=\"twitter:card\" content=\"summary_large_image\" \/>\n<meta name=\"twitter:label1\" content=\"Est. tempo de leitura\" \/>\n\t<meta name=\"twitter:data1\" content=\"2 minutos\" \/>\n<script type=\"application\/ld+json\" class=\"yoast-schema-graph\">{\"@context\":\"https:\/\/schema.org\",\"@graph\":[{\"@type\":\"WebPage\",\"@id\":\"https:\/\/www.legislapp.com.br\/index.php\/cam-legislativa-de-pe-prc-2995-2025\/\",\"url\":\"https:\/\/www.legislapp.com.br\/index.php\/cam-legislativa-de-pe-prc-2995-2025\/\",\"name\":\"PRC 2995\/2025 - Nino de Enoque - Legislapp\",\"isPartOf\":{\"@id\":\"https:\/\/www.legislapp.com.br\/#website\"},\"primaryImageOfPage\":{\"@id\":\"https:\/\/www.legislapp.com.br\/index.php\/cam-legislativa-de-pe-prc-2995-2025\/#primaryimage\"},\"image\":{\"@id\":\"https:\/\/www.legislapp.com.br\/index.php\/cam-legislativa-de-pe-prc-2995-2025\/#primaryimage\"},\"thumbnailUrl\":\"https:\/\/www.alepe.pe.gov.br\/\/wp-content\/uploads\/2023\/02\/NINO-DE-ENOQUE-scaled-e1675861405733.jpg\",\"datePublished\":\"2025-06-25T13:23:47+00:00\",\"breadcrumb\":{\"@id\":\"https:\/\/www.legislapp.com.br\/index.php\/cam-legislativa-de-pe-prc-2995-2025\/#breadcrumb\"},\"inLanguage\":\"pt-BR\",\"potentialAction\":[{\"@type\":\"ReadAction\",\"target\":[\"https:\/\/www.legislapp.com.br\/index.php\/cam-legislativa-de-pe-prc-2995-2025\/\"]}]},{\"@type\":\"ImageObject\",\"inLanguage\":\"pt-BR\",\"@id\":\"https:\/\/www.legislapp.com.br\/index.php\/cam-legislativa-de-pe-prc-2995-2025\/#primaryimage\",\"url\":\"https:\/\/www.alepe.pe.gov.br\/\/wp-content\/uploads\/2023\/02\/NINO-DE-ENOQUE-scaled-e1675861405733.jpg\",\"contentUrl\":\"https:\/\/www.alepe.pe.gov.br\/\/wp-content\/uploads\/2023\/02\/NINO-DE-ENOQUE-scaled-e1675861405733.jpg\"},{\"@type\":\"BreadcrumbList\",\"@id\":\"https:\/\/www.legislapp.com.br\/index.php\/cam-legislativa-de-pe-prc-2995-2025\/#breadcrumb\",\"itemListElement\":[{\"@type\":\"ListItem\",\"position\":1,\"name\":\"In\u00edcio\",\"item\":\"https:\/\/www.legislapp.com.br\/\"},{\"@type\":\"ListItem\",\"position\":2,\"name\":\"PRC 2995\/2025 &#8211; Nino de Enoque\"}]},{\"@type\":\"WebSite\",\"@id\":\"https:\/\/www.legislapp.com.br\/#website\",\"url\":\"https:\/\/www.legislapp.com.br\/\",\"name\":\"Legislapp\",\"description\":\"Intelig\u00eancia governamental em tempo real\",\"publisher\":{\"@id\":\"https:\/\/www.legislapp.com.br\/#organization\"},\"potentialAction\":[{\"@type\":\"SearchAction\",\"target\":{\"@type\":\"EntryPoint\",\"urlTemplate\":\"https:\/\/www.legislapp.com.br\/?s={search_term_string}\"},\"query-input\":{\"@type\":\"PropertyValueSpecification\",\"valueRequired\":true,\"valueName\":\"search_term_string\"}}],\"inLanguage\":\"pt-BR\"},{\"@type\":\"Organization\",\"@id\":\"https:\/\/www.legislapp.com.br\/#organization\",\"name\":\"Legislapp Monitoramento e Intelig\u00eancia Governamental\",\"url\":\"https:\/\/www.legislapp.com.br\/\",\"logo\":{\"@type\":\"ImageObject\",\"inLanguage\":\"pt-BR\",\"@id\":\"https:\/\/www.legislapp.com.br\/#\/schema\/logo\/image\/\",\"url\":\"https:\/\/www.legislapp.com.br\/wp-content\/uploads\/icon.png\",\"contentUrl\":\"https:\/\/www.legislapp.com.br\/wp-content\/uploads\/icon.png\",\"width\":1024,\"height\":1024,\"caption\":\"Legislapp Monitoramento e Intelig\u00eancia Governamental\"},\"image\":{\"@id\":\"https:\/\/www.legislapp.com.br\/#\/schema\/logo\/image\/\"},\"sameAs\":[\"https:\/\/www.instagram.com\/legislapp\/\"]}]}<\/script>\n<!-- \/ Yoast SEO plugin. -->","yoast_head_json":{"title":"PRC 2995\/2025 - Nino de Enoque - Legislapp","robots":{"index":"index","follow":"follow","max-snippet":"max-snippet:-1","max-image-preview":"max-image-preview:large","max-video-preview":"max-video-preview:-1"},"canonical":"https:\/\/www.legislapp.com.br\/index.php\/cam-legislativa-de-pe-prc-2995-2025\/","og_locale":"pt_BR","og_type":"article","og_title":"PRC 2995\/2025 - Nino de Enoque - Legislapp","og_description":"C\u00e2m. Legislativa de PE &#8211; Autoria de Nino de Enoque O presente Projeto de Resolu\u00e7\u00e3o tem por objetivo reconhecer publicamente a significativa contribui\u00e7\u00e3o do Senhor Felipe Henrique Guimar\u00e3es, natural de S\u00e3o Jos\u00e9 dos Campos, S\u00e3o Paulo, mas pernambucano de cora\u00e7\u00e3o, que reside no Estado h\u00e1 mais de 20 anos e atua como importante agente econ\u00f4mico [&hellip;]","og_url":"https:\/\/www.legislapp.com.br\/index.php\/cam-legislativa-de-pe-prc-2995-2025\/","og_site_name":"Legislapp","article_publisher":"https:\/\/www.instagram.com\/legislapp\/","og_image":[{"url":"https:\/\/www.alepe.pe.gov.br\/\/wp-content\/uploads\/2023\/02\/NINO-DE-ENOQUE-scaled-e1675861405733.jpg","type":"","width":"","height":""}],"twitter_card":"summary_large_image","twitter_misc":{"Est. tempo de leitura":"2 minutos"},"schema":{"@context":"https:\/\/schema.org","@graph":[{"@type":"WebPage","@id":"https:\/\/www.legislapp.com.br\/index.php\/cam-legislativa-de-pe-prc-2995-2025\/","url":"https:\/\/www.legislapp.com.br\/index.php\/cam-legislativa-de-pe-prc-2995-2025\/","name":"PRC 2995\/2025 - Nino de Enoque - Legislapp","isPartOf":{"@id":"https:\/\/www.legislapp.com.br\/#website"},"primaryImageOfPage":{"@id":"https:\/\/www.legislapp.com.br\/index.php\/cam-legislativa-de-pe-prc-2995-2025\/#primaryimage"},"image":{"@id":"https:\/\/www.legislapp.com.br\/index.php\/cam-legislativa-de-pe-prc-2995-2025\/#primaryimage"},"thumbnailUrl":"https:\/\/www.alepe.pe.gov.br\/\/wp-content\/uploads\/2023\/02\/NINO-DE-ENOQUE-scaled-e1675861405733.jpg","datePublished":"2025-06-25T13:23:47+00:00","breadcrumb":{"@id":"https:\/\/www.legislapp.com.br\/index.php\/cam-legislativa-de-pe-prc-2995-2025\/#breadcrumb"},"inLanguage":"pt-BR","potentialAction":[{"@type":"ReadAction","target":["https:\/\/www.legislapp.com.br\/index.php\/cam-legislativa-de-pe-prc-2995-2025\/"]}]},{"@type":"ImageObject","inLanguage":"pt-BR","@id":"https:\/\/www.legislapp.com.br\/index.php\/cam-legislativa-de-pe-prc-2995-2025\/#primaryimage","url":"https:\/\/www.alepe.pe.gov.br\/\/wp-content\/uploads\/2023\/02\/NINO-DE-ENOQUE-scaled-e1675861405733.jpg","contentUrl":"https:\/\/www.alepe.pe.gov.br\/\/wp-content\/uploads\/2023\/02\/NINO-DE-ENOQUE-scaled-e1675861405733.jpg"},{"@type":"BreadcrumbList","@id":"https:\/\/www.legislapp.com.br\/index.php\/cam-legislativa-de-pe-prc-2995-2025\/#breadcrumb","itemListElement":[{"@type":"ListItem","position":1,"name":"In\u00edcio","item":"https:\/\/www.legislapp.com.br\/"},{"@type":"ListItem","position":2,"name":"PRC 2995\/2025 &#8211; Nino de Enoque"}]},{"@type":"WebSite","@id":"https:\/\/www.legislapp.com.br\/#website","url":"https:\/\/www.legislapp.com.br\/","name":"Legislapp","description":"Intelig\u00eancia governamental em tempo real","publisher":{"@id":"https:\/\/www.legislapp.com.br\/#organization"},"potentialAction":[{"@type":"SearchAction","target":{"@type":"EntryPoint","urlTemplate":"https:\/\/www.legislapp.com.br\/?s={search_term_string}"},"query-input":{"@type":"PropertyValueSpecification","valueRequired":true,"valueName":"search_term_string"}}],"inLanguage":"pt-BR"},{"@type":"Organization","@id":"https:\/\/www.legislapp.com.br\/#organization","name":"Legislapp Monitoramento e Intelig\u00eancia Governamental","url":"https:\/\/www.legislapp.com.br\/","logo":{"@type":"ImageObject","inLanguage":"pt-BR","@id":"https:\/\/www.legislapp.com.br\/#\/schema\/logo\/image\/","url":"https:\/\/www.legislapp.com.br\/wp-content\/uploads\/icon.png","contentUrl":"https:\/\/www.legislapp.com.br\/wp-content\/uploads\/icon.png","width":1024,"height":1024,"caption":"Legislapp Monitoramento e Intelig\u00eancia Governamental"},"image":{"@id":"https:\/\/www.legislapp.com.br\/#\/schema\/logo\/image\/"},"sameAs":["https:\/\/www.instagram.com\/legislapp\/"]}]}},"_links":{"self":[{"href":"https:\/\/www.legislapp.com.br\/index.php\/wp-json\/wp\/v2\/pages\/6172","targetHints":{"allow":["GET"]}}],"collection":[{"href":"https:\/\/www.legislapp.com.br\/index.php\/wp-json\/wp\/v2\/pages"}],"about":[{"href":"https:\/\/www.legislapp.com.br\/index.php\/wp-json\/wp\/v2\/types\/page"}],"author":[{"embeddable":true,"href":"https:\/\/www.legislapp.com.br\/index.php\/wp-json\/wp\/v2\/users\/1"}],"replies":[{"embeddable":true,"href":"https:\/\/www.legislapp.com.br\/index.php\/wp-json\/wp\/v2\/comments?post=6172"}],"version-history":[{"count":0,"href":"https:\/\/www.legislapp.com.br\/index.php\/wp-json\/wp\/v2\/pages\/6172\/revisions"}],"wp:attachment":[{"href":"https:\/\/www.legislapp.com.br\/index.php\/wp-json\/wp\/v2\/media?parent=6172"}],"curies":[{"name":"wp","href":"https:\/\/api.w.org\/{rel}","templated":true}]}}