{"id":6176,"date":"2025-06-25T10:23:58","date_gmt":"2025-06-25T13:23:58","guid":{"rendered":"https:\/\/www.legislapp.com.br\/index.php\/cam-legislativa-de-sc-pl-0332-2025\/"},"modified":"2025-06-25T10:23:58","modified_gmt":"2025-06-25T13:23:58","slug":"cam-legislativa-de-sc-pl-0332-2025","status":"publish","type":"page","link":"https:\/\/www.legislapp.com.br\/index.php\/cam-legislativa-de-sc-pl-0332-2025\/","title":{"rendered":"PL.\/0332\/2025 &#8211; Mauro De Nadal"},"content":{"rendered":"<h1 style='text-align: center;'>C\u00e2m. Legislativa de SC &#8211; Autoria de Mauro De Nadal<\/h3>\n<p><\/p>\n<article style='text-align: center'>Institui a meia-entrada para doadores de um dos rins, parte do f\u00edgado ou de medula \u00f3ssea e para aqueles que declararem a condi\u00e7\u00e3o de doadores de \u00f3rg\u00e3os, em eventos culturais, esportivos e de lazer, no \u00e2mbito do Estado de Santa Catarina<\/article>\n<p><\/p>\n<p style='text-align: center'><a href='https:\/\/app.legislapp.com.br\/#\/busca?termo='><\/a><\/p>\n<p><\/p>\n<article>\n<p>PROJETO DE LEI <\/p>\n<p>Institui a meia-entrada para doadores de um<br \/>\ndos rins, parte do f\u00edgado ou de medula \u00f3ssea e<br \/>\npara aqueles que declararem a condi\u00e7\u00e3o de<br \/>\ndoadores de \u00f3rg\u00e3os, em eventos culturais,<br \/>\nesportivos e de lazer, no \u00e2mbito do Estado de<br \/>\nSanta Catarina. <\/p>\n<p>Art. 1\u00ba Fica institu\u00edda meia-entrada para doadores de um dos rins,<br \/>\nparte do f\u00edgado ou de medula \u00f3ssea e para aqueles que declararem a condi\u00e7\u00e3o de doadores<br \/>\nde \u00f3rg\u00e3os, em eventos culturais, esportivos e de lazer, no \u00e2mbito do Estado de Santa<br \/>\nCatarina. <\/p>\n<p>Par\u00e1grafo \u00fanico. Entende-se por meia-entrada o pagamento da<br \/>\nmetade do pre\u00e7o do ingresso cobrado ao p\u00fablico em geral no acesso a eventos culturais,<br \/>\nesportivos e de lazer. <\/p>\n<p>Art 2\u00ba Para efeito desta Lei, s\u00e3o considerados: <\/p>\n<p>I \u2013 doadores de um dos rins e doadores de parte do pulm\u00e3o, parte do<br \/>\nf\u00edgado ou medula \u00f3ssea, aqueles identificados por documento oficial expedido pela Secretaria<br \/>\nde Estado da Sa\u00fade;<br \/>\nII &#8211;  doadores de \u00f3rg\u00e3os, aqueles que tenham declarado a sua vontade<br \/>\nde doar, por meio da autoriza\u00e7\u00e3o eletr\u00f4nica de Doa\u00e7\u00e3o de \u00d3rg\u00e3os, Tecidos e Partes do Corpo<br \/>\nHumano \u2013 AEDO. <\/p>\n<p>Art. 3\u00ba Esta Lei entra em vigor na data de sua publica\u00e7\u00e3o. <\/p>\n<p>Sala das Sess\u00f5es, em <\/p>\n<p>Deputado Mauro de Nadal  <\/p>\n<p>Pal\u00e1cio Barriga Verde<br \/>\nRua Jorge Luz Fontes, 310 | Gabinete 103 | Centro<br \/>\nCEP 88020-900 | Florian\u00f3polis | SC<br \/>\nFone (48) 3221 2702<br \/>\nE-mail: maurodenadal@alesc.sc.gov.br <\/p>\n<p>JUSTIFICATIVA <\/p>\n<p>O presente projeto de lei visa conceder o benef\u00edcio da meia entrada em<br \/>\neventos culturais, esportivos e de lazer, aos doadores de \u00f3rg\u00e3os em vida e aqueles que<br \/>\nexpressarem o desejo de serem doadores. <\/p>\n<p>A lei visa incentivar a doa\u00e7\u00e3o de \u00f3rg\u00e3os e tecidos, aumentando o n\u00famero de<br \/>\ntransplantes e, consequentemente, a esperan\u00e7a de vida para pessoas que necessitam desse<br \/>\ntratamento. O objetivo \u00e9 conscientizar e estimular a doa\u00e7\u00e3o de \u00f3rg\u00e3os, reconhecidamente<br \/>\ncomo um ato capaz de salvar vidas. <\/p>\n<p>Pelos motivos acima apontados, espero contar com apoio dos meus Pares<br \/>\npara aprova\u00e7\u00e3o deste Projeto. <\/p>\n<p>Deputado Mauro de Nadal <\/p>\n<p>Pal\u00e1cio Barriga Verde<br \/>\nRua Jorge Luz Fontes, 310 | Gabinete 103 | Centro<br \/>\nCEP 88020-900 | Florian\u00f3polis | SC<br \/>\nFone (48) 3221 2702<br \/>\nE-mail: maurodenadal@alesc.sc.gov.br<br \/>\n <\/article>\n<div style=\"text-align: center\">\n<div style=\"margin-bottom: 20px;\" class=\"et_pb_button_module_wrapper et_pb_button_5_tb_body_wrapper et_pb_button_alignment_center et_pb_module \">\n         <a class=\"et_pb_button et_pb_button_5_tb_body et_hover_enabled et_pb_bg_layout_dark\" style=\"width: 50%;background-color: black;\" href=\"https:\/\/app.legislapp.com.br\" target=\"_blank\" rel=\"noopener\">Visualizar completo na nossa plataforma (30 dias gr\u00e1tis)<\/a><\/p><\/div>\n<p>      <a href=\"https:\/\/play.google.com\/store\/apps\/details?id=br.com.legislapp\"><img decoding=\"async\" style=\"width: 15%; min-width: 130px;\" src=\"https:\/\/www.legislapp.com.br\/wp-content\/uploads\/google-play.png\"><\/a><br \/>\n      <a href=\"https:\/\/apps.apple.com\/us\/app\/legislapp\/id1568929859\"><img decoding=\"async\" style=\"width: 15%; min-width: 130px\" src=\"https:\/\/www.legislapp.com.br\/wp-content\/uploads\/apple-store.png\"><\/a>\n   <\/div>\n","protected":false},"excerpt":{"rendered":"<p>C\u00e2m. Legislativa de SC &#8211; Autoria de Mauro De Nadal Institui a meia-entrada para doadores de um dos rins, parte do f\u00edgado ou de medula \u00f3ssea e para aqueles que declararem a condi\u00e7\u00e3o de doadores de \u00f3rg\u00e3os, em eventos culturais, esportivos e de lazer, no \u00e2mbito do Estado de Santa Catarina PROJETO DE LEI Institui [&hellip;]<\/p>\n","protected":false},"author":1,"featured_media":0,"parent":0,"menu_order":0,"comment_status":"closed","ping_status":"closed","template":"page-template-blank.php","meta":{"_et_pb_use_builder":"","_et_pb_old_content":"","_et_gb_content_width":"1080","ngg_post_thumbnail":0,"footnotes":""},"class_list":["post-6176","page","type-page","status-publish","hentry"],"yoast_head":"<!-- This site is optimized with the Yoast SEO plugin v24.4 - https:\/\/yoast.com\/wordpress\/plugins\/seo\/ -->\n<title>PL.\/0332\/2025 - Mauro De Nadal - Legislapp<\/title>\n<meta name=\"robots\" content=\"index, follow, max-snippet:-1, max-image-preview:large, max-video-preview:-1\" \/>\n<link rel=\"canonical\" href=\"https:\/\/www.legislapp.com.br\/index.php\/cam-legislativa-de-sc-pl-0332-2025\/\" \/>\n<meta property=\"og:locale\" content=\"pt_BR\" \/>\n<meta property=\"og:type\" content=\"article\" \/>\n<meta property=\"og:title\" content=\"PL.\/0332\/2025 - Mauro De Nadal - Legislapp\" \/>\n<meta property=\"og:description\" content=\"C\u00e2m. Legislativa de SC &#8211; Autoria de Mauro De Nadal Institui a meia-entrada para doadores de um dos rins, parte do f\u00edgado ou de medula \u00f3ssea e para aqueles que declararem a condi\u00e7\u00e3o de doadores de \u00f3rg\u00e3os, em eventos culturais, esportivos e de lazer, no \u00e2mbito do Estado de Santa Catarina PROJETO DE LEI Institui [&hellip;]\" \/>\n<meta property=\"og:url\" content=\"https:\/\/www.legislapp.com.br\/index.php\/cam-legislativa-de-sc-pl-0332-2025\/\" \/>\n<meta property=\"og:site_name\" content=\"Legislapp\" \/>\n<meta property=\"article:publisher\" content=\"https:\/\/www.instagram.com\/legislapp\/\" \/>\n<meta property=\"og:image\" content=\"https:\/\/www.legislapp.com.br\/wp-content\/uploads\/google-play.png\" \/>\n<meta name=\"twitter:card\" content=\"summary_large_image\" \/>\n<meta name=\"twitter:label1\" content=\"Est. tempo de leitura\" \/>\n\t<meta name=\"twitter:data1\" content=\"2 minutos\" \/>\n<script type=\"application\/ld+json\" class=\"yoast-schema-graph\">{\"@context\":\"https:\/\/schema.org\",\"@graph\":[{\"@type\":\"WebPage\",\"@id\":\"https:\/\/www.legislapp.com.br\/index.php\/cam-legislativa-de-sc-pl-0332-2025\/\",\"url\":\"https:\/\/www.legislapp.com.br\/index.php\/cam-legislativa-de-sc-pl-0332-2025\/\",\"name\":\"PL.\/0332\/2025 - Mauro De Nadal - Legislapp\",\"isPartOf\":{\"@id\":\"https:\/\/www.legislapp.com.br\/#website\"},\"primaryImageOfPage\":{\"@id\":\"https:\/\/www.legislapp.com.br\/index.php\/cam-legislativa-de-sc-pl-0332-2025\/#primaryimage\"},\"image\":{\"@id\":\"https:\/\/www.legislapp.com.br\/index.php\/cam-legislativa-de-sc-pl-0332-2025\/#primaryimage\"},\"thumbnailUrl\":\"https:\/\/www.legislapp.com.br\/wp-content\/uploads\/google-play.png\",\"datePublished\":\"2025-06-25T13:23:58+00:00\",\"breadcrumb\":{\"@id\":\"https:\/\/www.legislapp.com.br\/index.php\/cam-legislativa-de-sc-pl-0332-2025\/#breadcrumb\"},\"inLanguage\":\"pt-BR\",\"potentialAction\":[{\"@type\":\"ReadAction\",\"target\":[\"https:\/\/www.legislapp.com.br\/index.php\/cam-legislativa-de-sc-pl-0332-2025\/\"]}]},{\"@type\":\"ImageObject\",\"inLanguage\":\"pt-BR\",\"@id\":\"https:\/\/www.legislapp.com.br\/index.php\/cam-legislativa-de-sc-pl-0332-2025\/#primaryimage\",\"url\":\"https:\/\/www.legislapp.com.br\/wp-content\/uploads\/google-play.png\",\"contentUrl\":\"https:\/\/www.legislapp.com.br\/wp-content\/uploads\/google-play.png\",\"width\":564,\"height\":168},{\"@type\":\"BreadcrumbList\",\"@id\":\"https:\/\/www.legislapp.com.br\/index.php\/cam-legislativa-de-sc-pl-0332-2025\/#breadcrumb\",\"itemListElement\":[{\"@type\":\"ListItem\",\"position\":1,\"name\":\"In\u00edcio\",\"item\":\"https:\/\/www.legislapp.com.br\/\"},{\"@type\":\"ListItem\",\"position\":2,\"name\":\"PL.\/0332\/2025 &#8211; Mauro De Nadal\"}]},{\"@type\":\"WebSite\",\"@id\":\"https:\/\/www.legislapp.com.br\/#website\",\"url\":\"https:\/\/www.legislapp.com.br\/\",\"name\":\"Legislapp\",\"description\":\"Intelig\u00eancia governamental em tempo real\",\"publisher\":{\"@id\":\"https:\/\/www.legislapp.com.br\/#organization\"},\"potentialAction\":[{\"@type\":\"SearchAction\",\"target\":{\"@type\":\"EntryPoint\",\"urlTemplate\":\"https:\/\/www.legislapp.com.br\/?s={search_term_string}\"},\"query-input\":{\"@type\":\"PropertyValueSpecification\",\"valueRequired\":true,\"valueName\":\"search_term_string\"}}],\"inLanguage\":\"pt-BR\"},{\"@type\":\"Organization\",\"@id\":\"https:\/\/www.legislapp.com.br\/#organization\",\"name\":\"Legislapp Monitoramento e Intelig\u00eancia Governamental\",\"url\":\"https:\/\/www.legislapp.com.br\/\",\"logo\":{\"@type\":\"ImageObject\",\"inLanguage\":\"pt-BR\",\"@id\":\"https:\/\/www.legislapp.com.br\/#\/schema\/logo\/image\/\",\"url\":\"https:\/\/www.legislapp.com.br\/wp-content\/uploads\/icon.png\",\"contentUrl\":\"https:\/\/www.legislapp.com.br\/wp-content\/uploads\/icon.png\",\"width\":1024,\"height\":1024,\"caption\":\"Legislapp Monitoramento e Intelig\u00eancia Governamental\"},\"image\":{\"@id\":\"https:\/\/www.legislapp.com.br\/#\/schema\/logo\/image\/\"},\"sameAs\":[\"https:\/\/www.instagram.com\/legislapp\/\"]}]}<\/script>\n<!-- \/ Yoast SEO plugin. -->","yoast_head_json":{"title":"PL.\/0332\/2025 - Mauro De Nadal - Legislapp","robots":{"index":"index","follow":"follow","max-snippet":"max-snippet:-1","max-image-preview":"max-image-preview:large","max-video-preview":"max-video-preview:-1"},"canonical":"https:\/\/www.legislapp.com.br\/index.php\/cam-legislativa-de-sc-pl-0332-2025\/","og_locale":"pt_BR","og_type":"article","og_title":"PL.\/0332\/2025 - Mauro De Nadal - Legislapp","og_description":"C\u00e2m. Legislativa de SC &#8211; Autoria de Mauro De Nadal Institui a meia-entrada para doadores de um dos rins, parte do f\u00edgado ou de medula \u00f3ssea e para aqueles que declararem a condi\u00e7\u00e3o de doadores de \u00f3rg\u00e3os, em eventos culturais, esportivos e de lazer, no \u00e2mbito do Estado de Santa Catarina PROJETO DE LEI Institui [&hellip;]","og_url":"https:\/\/www.legislapp.com.br\/index.php\/cam-legislativa-de-sc-pl-0332-2025\/","og_site_name":"Legislapp","article_publisher":"https:\/\/www.instagram.com\/legislapp\/","og_image":[{"url":"https:\/\/www.legislapp.com.br\/wp-content\/uploads\/google-play.png","type":"","width":"","height":""}],"twitter_card":"summary_large_image","twitter_misc":{"Est. tempo de leitura":"2 minutos"},"schema":{"@context":"https:\/\/schema.org","@graph":[{"@type":"WebPage","@id":"https:\/\/www.legislapp.com.br\/index.php\/cam-legislativa-de-sc-pl-0332-2025\/","url":"https:\/\/www.legislapp.com.br\/index.php\/cam-legislativa-de-sc-pl-0332-2025\/","name":"PL.\/0332\/2025 - Mauro De Nadal - Legislapp","isPartOf":{"@id":"https:\/\/www.legislapp.com.br\/#website"},"primaryImageOfPage":{"@id":"https:\/\/www.legislapp.com.br\/index.php\/cam-legislativa-de-sc-pl-0332-2025\/#primaryimage"},"image":{"@id":"https:\/\/www.legislapp.com.br\/index.php\/cam-legislativa-de-sc-pl-0332-2025\/#primaryimage"},"thumbnailUrl":"https:\/\/www.legislapp.com.br\/wp-content\/uploads\/google-play.png","datePublished":"2025-06-25T13:23:58+00:00","breadcrumb":{"@id":"https:\/\/www.legislapp.com.br\/index.php\/cam-legislativa-de-sc-pl-0332-2025\/#breadcrumb"},"inLanguage":"pt-BR","potentialAction":[{"@type":"ReadAction","target":["https:\/\/www.legislapp.com.br\/index.php\/cam-legislativa-de-sc-pl-0332-2025\/"]}]},{"@type":"ImageObject","inLanguage":"pt-BR","@id":"https:\/\/www.legislapp.com.br\/index.php\/cam-legislativa-de-sc-pl-0332-2025\/#primaryimage","url":"https:\/\/www.legislapp.com.br\/wp-content\/uploads\/google-play.png","contentUrl":"https:\/\/www.legislapp.com.br\/wp-content\/uploads\/google-play.png","width":564,"height":168},{"@type":"BreadcrumbList","@id":"https:\/\/www.legislapp.com.br\/index.php\/cam-legislativa-de-sc-pl-0332-2025\/#breadcrumb","itemListElement":[{"@type":"ListItem","position":1,"name":"In\u00edcio","item":"https:\/\/www.legislapp.com.br\/"},{"@type":"ListItem","position":2,"name":"PL.\/0332\/2025 &#8211; Mauro De Nadal"}]},{"@type":"WebSite","@id":"https:\/\/www.legislapp.com.br\/#website","url":"https:\/\/www.legislapp.com.br\/","name":"Legislapp","description":"Intelig\u00eancia governamental em tempo real","publisher":{"@id":"https:\/\/www.legislapp.com.br\/#organization"},"potentialAction":[{"@type":"SearchAction","target":{"@type":"EntryPoint","urlTemplate":"https:\/\/www.legislapp.com.br\/?s={search_term_string}"},"query-input":{"@type":"PropertyValueSpecification","valueRequired":true,"valueName":"search_term_string"}}],"inLanguage":"pt-BR"},{"@type":"Organization","@id":"https:\/\/www.legislapp.com.br\/#organization","name":"Legislapp Monitoramento e Intelig\u00eancia Governamental","url":"https:\/\/www.legislapp.com.br\/","logo":{"@type":"ImageObject","inLanguage":"pt-BR","@id":"https:\/\/www.legislapp.com.br\/#\/schema\/logo\/image\/","url":"https:\/\/www.legislapp.com.br\/wp-content\/uploads\/icon.png","contentUrl":"https:\/\/www.legislapp.com.br\/wp-content\/uploads\/icon.png","width":1024,"height":1024,"caption":"Legislapp Monitoramento e Intelig\u00eancia Governamental"},"image":{"@id":"https:\/\/www.legislapp.com.br\/#\/schema\/logo\/image\/"},"sameAs":["https:\/\/www.instagram.com\/legislapp\/"]}]}},"_links":{"self":[{"href":"https:\/\/www.legislapp.com.br\/index.php\/wp-json\/wp\/v2\/pages\/6176","targetHints":{"allow":["GET"]}}],"collection":[{"href":"https:\/\/www.legislapp.com.br\/index.php\/wp-json\/wp\/v2\/pages"}],"about":[{"href":"https:\/\/www.legislapp.com.br\/index.php\/wp-json\/wp\/v2\/types\/page"}],"author":[{"embeddable":true,"href":"https:\/\/www.legislapp.com.br\/index.php\/wp-json\/wp\/v2\/users\/1"}],"replies":[{"embeddable":true,"href":"https:\/\/www.legislapp.com.br\/index.php\/wp-json\/wp\/v2\/comments?post=6176"}],"version-history":[{"count":0,"href":"https:\/\/www.legislapp.com.br\/index.php\/wp-json\/wp\/v2\/pages\/6176\/revisions"}],"wp:attachment":[{"href":"https:\/\/www.legislapp.com.br\/index.php\/wp-json\/wp\/v2\/media?parent=6176"}],"curies":[{"name":"wp","href":"https:\/\/api.w.org\/{rel}","templated":true}]}}