{"id":6258,"date":"2025-06-25T10:28:05","date_gmt":"2025-06-25T13:28:05","guid":{"rendered":"https:\/\/www.legislapp.com.br\/index.php\/cam-legislativa-de-sc-pl-0307-2025\/"},"modified":"2025-06-25T10:28:05","modified_gmt":"2025-06-25T13:28:05","slug":"cam-legislativa-de-sc-pl-0307-2025","status":"publish","type":"page","link":"https:\/\/www.legislapp.com.br\/index.php\/cam-legislativa-de-sc-pl-0307-2025\/","title":{"rendered":"PL.\/0307\/2025 &#8211; Thiago Morastoni"},"content":{"rendered":"<h1 style='text-align: center;'>C\u00e2m. Legislativa de SC &#8211; Autoria de Thiago Morastoni<\/h3>\n<p><\/p>\n<article style='text-align: center'>Institui, no \u00e2mbito do Estado de Santa Catarina, a campanha &#8220;Maio Laranja&#8221;, voltada \u00e0 promo\u00e7\u00e3o da cidadania, da preven\u00e7\u00e3o e do enfrentamento de situa\u00e7\u00f5es de risco social e ambiental, e altera o Anexo \u00danico da Lei n\u00ba 18.531, de 5 de dezembro de 2022.<\/article>\n<p><\/p>\n<p style='text-align: center'><a href='https:\/\/app.legislapp.com.br\/#\/busca?termo='><\/a><\/p>\n<p><\/p>\n<article>ASSEMBLEIA LEGISLATIVA GABINETE DEPUTADO<br \/>\nESTADO DE SANTA CATARINA THIAGO MORASTONI<\/p>\n<p>PROJETO DE LEI<\/p>\n<p>Institui, no \u00e2mbito do Estado de Santa Catarina, a campanha<br \/>\n\u201cMaio Laranja\u201d, voltada \u00e0 promo\u00e7\u00e3o da cidadania, da<br \/>\npreven\u00e7\u00e3o e do enfrentamento de situa\u00e7\u00f5es de risco social e<br \/>\nambiental, e altera o Anexo \u00danico da Lei n\u00ba 18.531, de 5 de<br \/>\ndezembro de 2022.<\/p>\n<p>Art. 1\u00ba Fica institu\u00edda, no \u00e2mbito do Estado de Santa Catarina,<br \/>\na Campanha \u201cMaio Laranja\u201d, a ser celebrada anualmente durante o m\u00eas de maio, com o<br \/>\nobjetivo de promover a cidadania, a preven\u00e7\u00e3o e o enfrentamento de situa\u00e7\u00f5es de risco<br \/>\nsocial e ambiental, com \u00eanfase na atua\u00e7\u00e3o integrada da Prote\u00e7\u00e3o e Defesa Civil<\/p>\n<p>Art. 2\u00ba O Anexo \u00danico da Lei n\u00ba 18.531, de 5 de dezembro de<br \/>\n2022, passa a vigorar com a altera\u00e7\u00e3o constante do Anexo \u00danico desta Lei.  <\/p>\n<p>Art. 3\u00ba Esta Lei entra em vigor na data de sua publica\u00e7\u00e3o.<\/p>\n<p>Sala da Sess\u00f5es,     <\/p>\n<p>Deputado THIAGO MORASTONI<\/p>\n<p>                                      &#8220;ANEXO \u00daNICO<br \/>\n(Altera o Anexo \u00danico da Lei n\u00ba 18.531, de 5 de dezembro de 2022)<br \/>\n                                      ANEXO \u00daNICO<br \/>\nCALEND\u00c1RIO OFICIAL DO ESTADO DE SANTA CATARINA<br \/>\n&#8230;&#8230;&#8230;&#8230;&#8230;&#8230;&#8230;&#8230;&#8230;&#8230;&#8230;&#8230;&#8230;&#8230;&#8230;&#8230;&#8230;&#8230;&#8230;&#8230;&#8230;&#8230;&#8230;&#8230;&#8230;&#8230;&#8230;&#8230;&#8230;&#8230;&#8230;&#8230;&#8230;&#8230;&#8230;&#8230;&#8230;&#8230;&#8230;&#8230;&#8230;&#8230;&#8230;&#8230;&#8230;&#8230;&#8230;&#8230;<br \/>\n                                               Maio<br \/>\nCampanha \u201cMaio Laranja\u201d \u2013 Campanha voltada \u00e0 promo\u00e7\u00e3o da cidadania, da preven\u00e7\u00e3o<br \/>\ne do enfrentamento de situa\u00e7\u00f5es de risco social e ambiental, com \u00eanfase na Prote\u00e7\u00e3o e<br \/>\nDefesa Civil.<br \/>\n&#8230;&#8230;&#8230;&#8230;&#8230;&#8230;&#8230;&#8230;&#8230;&#8230;&#8230;&#8230;&#8230;&#8230;&#8230;&#8230;&#8230;&#8230;&#8230;&#8230;&#8230;&#8230;&#8230;&#8230;&#8230;&#8230;&#8230;&#8230;&#8230;&#8230;&#8230;&#8230;&#8230;&#8230;&#8230;&#8230;&#8230;&#8230;&#8230;&#8230;&#8230;&#8230;&#8230;&#8230;&#8230;&#8230;&#8230;&#8230;<br \/>\n&#8221; (NR)JUSTIFICA\u00c7\u00c3O<\/p>\n<p>O presente Projeto de Lei tem por finalidade instituir, no \u00e2mbito do Estado de Santa<br \/>\nCatarina, a campanha \u201cMaio Laranja\u201d, a ser realizada anualmente durante o m\u00eas de<br \/>\nmaio, com foco na promo\u00e7\u00e3o da cidadania, da preven\u00e7\u00e3o e do enfrentamento de<br \/>\nsitua\u00e7\u00f5es de risco social e ambiental, tendo como eixo central a atua\u00e7\u00e3o do Sistema<br \/>\nEstadual de Prote\u00e7\u00e3o e Defesa Civil.<\/p>\n<p>A proposta est\u00e1 em conson\u00e2ncia com os princ\u00edpios e diretrizes da Pol\u00edtica Nacional de<br \/>\nProte\u00e7\u00e3o e Defesa Civil (Lei Federal n\u00ba 12.608\/2012), que reconhece a import\u00e2ncia da<br \/>\nmobiliza\u00e7\u00e3o social e da educa\u00e7\u00e3o para o enfrentamento de desastres, riscos e<br \/>\nvulnerabilidades. A cria\u00e7\u00e3o de uma campanha espec\u00edfica em n\u00edvel estadual contribui<br \/>\npara consolidar uma cultura de preven\u00e7\u00e3o e resili\u00eancia junto \u00e0 popula\u00e7\u00e3o catarinense.<\/p>\n<p>A escolha do m\u00eas de maio para a campanha \u201cMaio Laranja\u201d visa intensificar a<br \/>\nvisibilidade das a\u00e7\u00f5es educativas e preventivas, servindo como espa\u00e7o permanente de<br \/>\narticula\u00e7\u00e3o entre o Poder P\u00fablico, as comunidades, institui\u00e7\u00f5es de ensino e<br \/>\norganiza\u00e7\u00f5es da sociedade civil. O termo \u201claranja\u201d, j\u00e1 associado nacionalmente \u00e0<br \/>\npreven\u00e7\u00e3o de viol\u00eancias e desastres, refor\u00e7a o compromisso com a vida, a seguran\u00e7a<br \/>\ncomunit\u00e1ria e o desenvolvimento sustent\u00e1vel.<\/p>\n<p>Do ponto de vista constitucional e legal, a mat\u00e9ria respeita a compet\u00eancia da<br \/>\nAssembleia Legislativa prevista no art. 71, inciso III, da Constitui\u00e7\u00e3o do Estado de<br \/>\nSanta Catarina, e se alinha aos objetivos fundamentais da Rep\u00fablica, como a<br \/>\nconstru\u00e7\u00e3o de uma sociedade livre, justa e solid\u00e1ria (art. 3\u00ba, I, da Constitui\u00e7\u00e3o Federal).<br \/>\nA proposi\u00e7\u00e3o n\u00e3o gera novas despesas obrigat\u00f3rias ao Estado, uma vez que a<br \/>\nimplementa\u00e7\u00e3o da campanha se dar\u00e1 dentro dos limites or\u00e7ament\u00e1rios existentes e com<br \/>\na colabora\u00e7\u00e3o dos entes p\u00fablicos e privados envolvidos.<\/p>\n<p>Adicionalmente, o projeto prop\u00f5e a altera\u00e7\u00e3o do Anexo \u00danico da Lei n\u00ba 18.531, de 5<br \/>\nde dezembro de 2022, para incluir formalmente a campanha \u201cMaio Laranja\u201d no<br \/>\nCalend\u00e1rio Oficial de Eventos do Estado de Santa Catarina, garantindo maior<br \/>\ninstitucionalidade e previsibilidade \u00e0s a\u00e7\u00f5es futuras de conscientiza\u00e7\u00e3o e mobiliza\u00e7\u00e3o<br \/>\nsocial.<\/p>\n<p>Diante da relev\u00e2ncia social, educativa e preventiva da mat\u00e9ria, conclamamos os nobres<br \/>\nParlamentares desta Casa Legislativa a aprovarem esta iniciativa, que fortalecer\u00e1<br \/>\nsignificativamente as pol\u00edticas p\u00fablicas de Prote\u00e7\u00e3o e Defesa Civil em Santa Catarina.<br \/>\nELEGIS<br \/>\nDocumento assinado eletronicamente por Thiago da Silva<br \/>\nSistema de Processo<br \/>\nMorastoni, em 02\/06\/2025, \u00e0s 08:38.<br \/>\nLegislativo Eletr\u00f4nico<\/article>\n<div style=\"text-align: center\">\n<div style=\"margin-bottom: 20px;\" class=\"et_pb_button_module_wrapper et_pb_button_5_tb_body_wrapper et_pb_button_alignment_center et_pb_module \">\n         <a class=\"et_pb_button et_pb_button_5_tb_body et_hover_enabled et_pb_bg_layout_dark\" style=\"width: 50%;background-color: black;\" href=\"https:\/\/app.legislapp.com.br\" target=\"_blank\" rel=\"noopener\">Visualizar completo na nossa plataforma (30 dias gr\u00e1tis)<\/a><\/p><\/div>\n<p>      <a href=\"https:\/\/play.google.com\/store\/apps\/details?id=br.com.legislapp\"><img decoding=\"async\" style=\"width: 15%; min-width: 130px;\" src=\"https:\/\/www.legislapp.com.br\/wp-content\/uploads\/google-play.png\"><\/a><br \/>\n      <a href=\"https:\/\/apps.apple.com\/us\/app\/legislapp\/id1568929859\"><img decoding=\"async\" style=\"width: 15%; min-width: 130px\" src=\"https:\/\/www.legislapp.com.br\/wp-content\/uploads\/apple-store.png\"><\/a>\n   <\/div>\n","protected":false},"excerpt":{"rendered":"<p>C\u00e2m. Legislativa de SC &#8211; Autoria de Thiago Morastoni Institui, no \u00e2mbito do Estado de Santa Catarina, a campanha &#8220;Maio Laranja&#8221;, voltada \u00e0 promo\u00e7\u00e3o da cidadania, da preven\u00e7\u00e3o e do enfrentamento de situa\u00e7\u00f5es de risco social e ambiental, e altera o Anexo \u00danico da Lei n\u00ba 18.531, de 5 de dezembro de 2022. ASSEMBLEIA LEGISLATIVA [&hellip;]<\/p>\n","protected":false},"author":1,"featured_media":0,"parent":0,"menu_order":0,"comment_status":"closed","ping_status":"closed","template":"page-template-blank.php","meta":{"_et_pb_use_builder":"","_et_pb_old_content":"","_et_gb_content_width":"1080","ngg_post_thumbnail":0,"footnotes":""},"class_list":["post-6258","page","type-page","status-publish","hentry"],"yoast_head":"<!-- This site is optimized with the Yoast SEO plugin v24.4 - https:\/\/yoast.com\/wordpress\/plugins\/seo\/ -->\n<title>PL.\/0307\/2025 - Thiago Morastoni - Legislapp<\/title>\n<meta name=\"robots\" content=\"index, follow, max-snippet:-1, max-image-preview:large, max-video-preview:-1\" \/>\n<link rel=\"canonical\" href=\"https:\/\/www.legislapp.com.br\/index.php\/cam-legislativa-de-sc-pl-0307-2025\/\" \/>\n<meta property=\"og:locale\" content=\"pt_BR\" \/>\n<meta property=\"og:type\" content=\"article\" \/>\n<meta property=\"og:title\" content=\"PL.\/0307\/2025 - Thiago Morastoni - Legislapp\" \/>\n<meta property=\"og:description\" content=\"C\u00e2m. Legislativa de SC &#8211; Autoria de Thiago Morastoni Institui, no \u00e2mbito do Estado de Santa Catarina, a campanha &#8220;Maio Laranja&#8221;, voltada \u00e0 promo\u00e7\u00e3o da cidadania, da preven\u00e7\u00e3o e do enfrentamento de situa\u00e7\u00f5es de risco social e ambiental, e altera o Anexo \u00danico da Lei n\u00ba 18.531, de 5 de dezembro de 2022. ASSEMBLEIA LEGISLATIVA [&hellip;]\" \/>\n<meta property=\"og:url\" content=\"https:\/\/www.legislapp.com.br\/index.php\/cam-legislativa-de-sc-pl-0307-2025\/\" \/>\n<meta property=\"og:site_name\" content=\"Legislapp\" \/>\n<meta property=\"article:publisher\" content=\"https:\/\/www.instagram.com\/legislapp\/\" \/>\n<meta property=\"og:image\" content=\"https:\/\/www.legislapp.com.br\/wp-content\/uploads\/google-play.png\" \/>\n<meta name=\"twitter:card\" content=\"summary_large_image\" \/>\n<meta name=\"twitter:label1\" content=\"Est. tempo de leitura\" \/>\n\t<meta name=\"twitter:data1\" content=\"3 minutos\" \/>\n<script type=\"application\/ld+json\" class=\"yoast-schema-graph\">{\"@context\":\"https:\/\/schema.org\",\"@graph\":[{\"@type\":\"WebPage\",\"@id\":\"https:\/\/www.legislapp.com.br\/index.php\/cam-legislativa-de-sc-pl-0307-2025\/\",\"url\":\"https:\/\/www.legislapp.com.br\/index.php\/cam-legislativa-de-sc-pl-0307-2025\/\",\"name\":\"PL.\/0307\/2025 - Thiago Morastoni - Legislapp\",\"isPartOf\":{\"@id\":\"https:\/\/www.legislapp.com.br\/#website\"},\"primaryImageOfPage\":{\"@id\":\"https:\/\/www.legislapp.com.br\/index.php\/cam-legislativa-de-sc-pl-0307-2025\/#primaryimage\"},\"image\":{\"@id\":\"https:\/\/www.legislapp.com.br\/index.php\/cam-legislativa-de-sc-pl-0307-2025\/#primaryimage\"},\"thumbnailUrl\":\"https:\/\/www.legislapp.com.br\/wp-content\/uploads\/google-play.png\",\"datePublished\":\"2025-06-25T13:28:05+00:00\",\"breadcrumb\":{\"@id\":\"https:\/\/www.legislapp.com.br\/index.php\/cam-legislativa-de-sc-pl-0307-2025\/#breadcrumb\"},\"inLanguage\":\"pt-BR\",\"potentialAction\":[{\"@type\":\"ReadAction\",\"target\":[\"https:\/\/www.legislapp.com.br\/index.php\/cam-legislativa-de-sc-pl-0307-2025\/\"]}]},{\"@type\":\"ImageObject\",\"inLanguage\":\"pt-BR\",\"@id\":\"https:\/\/www.legislapp.com.br\/index.php\/cam-legislativa-de-sc-pl-0307-2025\/#primaryimage\",\"url\":\"https:\/\/www.legislapp.com.br\/wp-content\/uploads\/google-play.png\",\"contentUrl\":\"https:\/\/www.legislapp.com.br\/wp-content\/uploads\/google-play.png\",\"width\":564,\"height\":168},{\"@type\":\"BreadcrumbList\",\"@id\":\"https:\/\/www.legislapp.com.br\/index.php\/cam-legislativa-de-sc-pl-0307-2025\/#breadcrumb\",\"itemListElement\":[{\"@type\":\"ListItem\",\"position\":1,\"name\":\"In\u00edcio\",\"item\":\"https:\/\/www.legislapp.com.br\/\"},{\"@type\":\"ListItem\",\"position\":2,\"name\":\"PL.\/0307\/2025 &#8211; Thiago Morastoni\"}]},{\"@type\":\"WebSite\",\"@id\":\"https:\/\/www.legislapp.com.br\/#website\",\"url\":\"https:\/\/www.legislapp.com.br\/\",\"name\":\"Legislapp\",\"description\":\"Intelig\u00eancia governamental em tempo real\",\"publisher\":{\"@id\":\"https:\/\/www.legislapp.com.br\/#organization\"},\"potentialAction\":[{\"@type\":\"SearchAction\",\"target\":{\"@type\":\"EntryPoint\",\"urlTemplate\":\"https:\/\/www.legislapp.com.br\/?s={search_term_string}\"},\"query-input\":{\"@type\":\"PropertyValueSpecification\",\"valueRequired\":true,\"valueName\":\"search_term_string\"}}],\"inLanguage\":\"pt-BR\"},{\"@type\":\"Organization\",\"@id\":\"https:\/\/www.legislapp.com.br\/#organization\",\"name\":\"Legislapp Monitoramento e Intelig\u00eancia Governamental\",\"url\":\"https:\/\/www.legislapp.com.br\/\",\"logo\":{\"@type\":\"ImageObject\",\"inLanguage\":\"pt-BR\",\"@id\":\"https:\/\/www.legislapp.com.br\/#\/schema\/logo\/image\/\",\"url\":\"https:\/\/www.legislapp.com.br\/wp-content\/uploads\/icon.png\",\"contentUrl\":\"https:\/\/www.legislapp.com.br\/wp-content\/uploads\/icon.png\",\"width\":1024,\"height\":1024,\"caption\":\"Legislapp Monitoramento e Intelig\u00eancia Governamental\"},\"image\":{\"@id\":\"https:\/\/www.legislapp.com.br\/#\/schema\/logo\/image\/\"},\"sameAs\":[\"https:\/\/www.instagram.com\/legislapp\/\"]}]}<\/script>\n<!-- \/ Yoast SEO plugin. -->","yoast_head_json":{"title":"PL.\/0307\/2025 - Thiago Morastoni - Legislapp","robots":{"index":"index","follow":"follow","max-snippet":"max-snippet:-1","max-image-preview":"max-image-preview:large","max-video-preview":"max-video-preview:-1"},"canonical":"https:\/\/www.legislapp.com.br\/index.php\/cam-legislativa-de-sc-pl-0307-2025\/","og_locale":"pt_BR","og_type":"article","og_title":"PL.\/0307\/2025 - Thiago Morastoni - Legislapp","og_description":"C\u00e2m. Legislativa de SC &#8211; Autoria de Thiago Morastoni Institui, no \u00e2mbito do Estado de Santa Catarina, a campanha &#8220;Maio Laranja&#8221;, voltada \u00e0 promo\u00e7\u00e3o da cidadania, da preven\u00e7\u00e3o e do enfrentamento de situa\u00e7\u00f5es de risco social e ambiental, e altera o Anexo \u00danico da Lei n\u00ba 18.531, de 5 de dezembro de 2022. ASSEMBLEIA LEGISLATIVA [&hellip;]","og_url":"https:\/\/www.legislapp.com.br\/index.php\/cam-legislativa-de-sc-pl-0307-2025\/","og_site_name":"Legislapp","article_publisher":"https:\/\/www.instagram.com\/legislapp\/","og_image":[{"url":"https:\/\/www.legislapp.com.br\/wp-content\/uploads\/google-play.png","type":"","width":"","height":""}],"twitter_card":"summary_large_image","twitter_misc":{"Est. tempo de leitura":"3 minutos"},"schema":{"@context":"https:\/\/schema.org","@graph":[{"@type":"WebPage","@id":"https:\/\/www.legislapp.com.br\/index.php\/cam-legislativa-de-sc-pl-0307-2025\/","url":"https:\/\/www.legislapp.com.br\/index.php\/cam-legislativa-de-sc-pl-0307-2025\/","name":"PL.\/0307\/2025 - Thiago Morastoni - Legislapp","isPartOf":{"@id":"https:\/\/www.legislapp.com.br\/#website"},"primaryImageOfPage":{"@id":"https:\/\/www.legislapp.com.br\/index.php\/cam-legislativa-de-sc-pl-0307-2025\/#primaryimage"},"image":{"@id":"https:\/\/www.legislapp.com.br\/index.php\/cam-legislativa-de-sc-pl-0307-2025\/#primaryimage"},"thumbnailUrl":"https:\/\/www.legislapp.com.br\/wp-content\/uploads\/google-play.png","datePublished":"2025-06-25T13:28:05+00:00","breadcrumb":{"@id":"https:\/\/www.legislapp.com.br\/index.php\/cam-legislativa-de-sc-pl-0307-2025\/#breadcrumb"},"inLanguage":"pt-BR","potentialAction":[{"@type":"ReadAction","target":["https:\/\/www.legislapp.com.br\/index.php\/cam-legislativa-de-sc-pl-0307-2025\/"]}]},{"@type":"ImageObject","inLanguage":"pt-BR","@id":"https:\/\/www.legislapp.com.br\/index.php\/cam-legislativa-de-sc-pl-0307-2025\/#primaryimage","url":"https:\/\/www.legislapp.com.br\/wp-content\/uploads\/google-play.png","contentUrl":"https:\/\/www.legislapp.com.br\/wp-content\/uploads\/google-play.png","width":564,"height":168},{"@type":"BreadcrumbList","@id":"https:\/\/www.legislapp.com.br\/index.php\/cam-legislativa-de-sc-pl-0307-2025\/#breadcrumb","itemListElement":[{"@type":"ListItem","position":1,"name":"In\u00edcio","item":"https:\/\/www.legislapp.com.br\/"},{"@type":"ListItem","position":2,"name":"PL.\/0307\/2025 &#8211; Thiago Morastoni"}]},{"@type":"WebSite","@id":"https:\/\/www.legislapp.com.br\/#website","url":"https:\/\/www.legislapp.com.br\/","name":"Legislapp","description":"Intelig\u00eancia governamental em tempo real","publisher":{"@id":"https:\/\/www.legislapp.com.br\/#organization"},"potentialAction":[{"@type":"SearchAction","target":{"@type":"EntryPoint","urlTemplate":"https:\/\/www.legislapp.com.br\/?s={search_term_string}"},"query-input":{"@type":"PropertyValueSpecification","valueRequired":true,"valueName":"search_term_string"}}],"inLanguage":"pt-BR"},{"@type":"Organization","@id":"https:\/\/www.legislapp.com.br\/#organization","name":"Legislapp Monitoramento e Intelig\u00eancia Governamental","url":"https:\/\/www.legislapp.com.br\/","logo":{"@type":"ImageObject","inLanguage":"pt-BR","@id":"https:\/\/www.legislapp.com.br\/#\/schema\/logo\/image\/","url":"https:\/\/www.legislapp.com.br\/wp-content\/uploads\/icon.png","contentUrl":"https:\/\/www.legislapp.com.br\/wp-content\/uploads\/icon.png","width":1024,"height":1024,"caption":"Legislapp Monitoramento e Intelig\u00eancia Governamental"},"image":{"@id":"https:\/\/www.legislapp.com.br\/#\/schema\/logo\/image\/"},"sameAs":["https:\/\/www.instagram.com\/legislapp\/"]}]}},"_links":{"self":[{"href":"https:\/\/www.legislapp.com.br\/index.php\/wp-json\/wp\/v2\/pages\/6258","targetHints":{"allow":["GET"]}}],"collection":[{"href":"https:\/\/www.legislapp.com.br\/index.php\/wp-json\/wp\/v2\/pages"}],"about":[{"href":"https:\/\/www.legislapp.com.br\/index.php\/wp-json\/wp\/v2\/types\/page"}],"author":[{"embeddable":true,"href":"https:\/\/www.legislapp.com.br\/index.php\/wp-json\/wp\/v2\/users\/1"}],"replies":[{"embeddable":true,"href":"https:\/\/www.legislapp.com.br\/index.php\/wp-json\/wp\/v2\/comments?post=6258"}],"version-history":[{"count":0,"href":"https:\/\/www.legislapp.com.br\/index.php\/wp-json\/wp\/v2\/pages\/6258\/revisions"}],"wp:attachment":[{"href":"https:\/\/www.legislapp.com.br\/index.php\/wp-json\/wp\/v2\/media?parent=6258"}],"curies":[{"name":"wp","href":"https:\/\/api.w.org\/{rel}","templated":true}]}}