{"id":6283,"date":"2025-06-25T10:29:22","date_gmt":"2025-06-25T13:29:22","guid":{"rendered":"https:\/\/www.legislapp.com.br\/index.php\/cam-legislativa-de-sc-pl-0324-2025\/"},"modified":"2025-06-25T10:29:22","modified_gmt":"2025-06-25T13:29:22","slug":"cam-legislativa-de-sc-pl-0324-2025","status":"publish","type":"page","link":"https:\/\/www.legislapp.com.br\/index.php\/cam-legislativa-de-sc-pl-0324-2025\/","title":{"rendered":"PL.\/0324\/2025 &#8211; Marcius Machado"},"content":{"rendered":"<h1 style='text-align: center;'>C\u00e2m. Legislativa de SC &#8211; Autoria de Marcius Machado<\/h3>\n<p><\/p>\n<article style='text-align: center'>Altera a Lei n\u00ba 18.335, de 2022, que &#8220;Institui a Bolsa-Atleta de Santa Catarina e estabelece outras provid\u00eancias&#8221;, para incluir o atleta social.<\/article>\n<p><\/p>\n<p style='text-align: center'><a href='https:\/\/app.legislapp.com.br\/#\/busca?termo='><\/a><\/p>\n<p><\/p>\n<article>ASSEMBLEIA LEGISLATIVA GABINETE DEPUTADO<br \/>\nESTADO DE SANTA CATARINA MARCIUS MACHADO<\/p>\n<p>PROJETO DE LEI<\/p>\n<p>Altera a Lei n\u00ba 18.335, de 2022, que \u201cInstitui a Bolsa-Atleta de<br \/>\nSanta Catarina e estabelece outras provid\u00eancias\u201d, para incluir o<br \/>\natleta social.<\/p>\n<p>Art. 1\u00ba O art. 2\u00ba da Lei n\u00ba 18.335, de 6 de janeiro de 2022, passa<br \/>\na vigorar com a seguinte reda\u00e7\u00e3o:<\/p>\n<p>\u201cArt. 2\u00ba&#8230;&#8230;&#8230;&#8230;&#8230;&#8230;&#8230;&#8230;&#8230;&#8230;&#8230;&#8230;&#8230;&#8230;&#8230;&#8230;&#8230;&#8230;&#8230;&#8230;&#8230;&#8230;&#8230;&#8230;&#8230;&#8230;&#8230;&#8230;&#8230;&#8230;<\/p>\n<p>&#8230;&#8230;&#8230;&#8230;&#8230;&#8230;&#8230;&#8230;&#8230;&#8230;&#8230;&#8230;&#8230;&#8230;&#8230;&#8230;&#8230;&#8230;&#8230;&#8230;&#8230;&#8230;&#8230;&#8230;&#8230;&#8230;&#8230;&#8230;&#8230;&#8230;&#8230;&#8230;&#8230;&#8230;<\/p>\n<p>VIII \u2013 Atleta Social: atleta catarinense, em situa\u00e7\u00e3o de<br \/>\ninsufici\u00eancia econ\u00f4mica, que tenha participado de eventos esportivos organizados pela<br \/>\nfedera\u00e7\u00e3o a que esteja filiado, tendo se classificado, no m\u00ednimo, entre os 3 (tr\u00eas) primeiros<br \/>\ncolocados em competi\u00e7\u00e3o individual ou coletiva, e ter sido indicado por projetos sociais,<br \/>\nescolas esportivas ou t\u00e9cnicos locais, como aquele com potencial esportivo;<br \/>\n&#8230;&#8230;&#8230;&#8230;&#8230;&#8230;&#8230;&#8230;&#8230;&#8230;&#8230;&#8230;&#8230;&#8230;&#8230;&#8230;&#8230;&#8230;&#8230;&#8230;&#8230;&#8230;&#8230;&#8230;&#8230;&#8230;&#8230;&#8230;&#8230;&#8230;&#8230;&#8230;&#8230;&#8230;<\/p>\n<p>\u00a7 5\u00ba O atleta enquadrado nas categorias de que tratam os incisos<br \/>\nIII e VIII do ca p u t deste artigo que comprovar estar matriculado e cursando o ensino<br \/>\nsuperior em institui\u00e7\u00e3o p\u00fablica ou privada far\u00e1 jus ao acr\u00e9scimo previsto no \u00a7 4\u00ba deste<br \/>\nartigo.<\/p>\n<p>\u00a7 6\u00ba O atleta enquadrado na categoria de que trata o inciso VIII<br \/>\ndo ca p u t deste artigo passar\u00e1 por testes realizados pela FESPORTE, que atestar\u00e1 o seu<br \/>\npotencial esportivo e capacidade para alcan\u00e7ar o rendimento de alta performance em<br \/>\natividades esportivas.<\/p>\n<p>\u00a7 7\u00ba Para fins desta Lei, considera-se atleta em situa\u00e7\u00e3o de<br \/>\ninsufici\u00eancia econ\u00f4mica, aquele que:<\/p>\n<p>I \u2013 aufira renda familiar mensal de at\u00e9 3 (tr\u00eas) sal\u00e1rios m\u00ednimos<br \/>\nnacionais, caso a entidade familiar seja composta por at\u00e9 5 membros;<\/p>\n<p>II \u2013 aufira renda familiar mensal de at\u00e9 4 (quatro) sal\u00e1rios<br \/>\nm\u00ednimos nacionais caso a entidade familiar seja composta por:<\/p>\n<p>a)  6 (seis) membros ou mais;<\/p>\n<p>b) membro da entidade familiar com gastos mensais<br \/>\ncomprovados com tratamento m\u00e9dico por doen\u00e7a grave ou aquisi\u00e7\u00e3o de medicamento de<br \/>\nuso cont\u00ednuo, ou <\/p>\n<p>c) a entidade familiar seja composta por pessoa com defici\u00eancia;<\/p>\n<p>III \u2013 n\u00e3o seja propriet\u00e1rio, titular de aquisi\u00e7\u00e3o, herdeiro, legat\u00e1rio<br \/>\nou usufrutu\u00e1rio de bens m\u00f3veis, im\u00f3veis ou direitos, cujos valores ultrapassem a quantia<br \/>\nequivalente 150 (cento e cinquenta) sal\u00e1rios m\u00ednimos nacionais; e<br \/>\n IV \u2013 n\u00e3o possua recursos financeiros em aplica\u00e7\u00f5es ou<br \/>\ninvestimentos em valor superior a 12 (doze) sal\u00e1rios m\u00ednimos nacionais.\u201d (NR)<\/p>\n<p>Art. 2\u00b0 O art. 3\u00ba da Lei n\u00ba 18.335, de 2022, passa a vigorar com a<br \/>\nseguinte reda\u00e7\u00e3o:<\/p>\n<p>\u201cArt. 3\u00ba&#8230;&#8230;&#8230;&#8230;&#8230;&#8230;&#8230;&#8230;&#8230;&#8230;&#8230;&#8230;&#8230;&#8230;&#8230;&#8230;&#8230;&#8230;&#8230;&#8230;&#8230;&#8230;&#8230;&#8230;&#8230;&#8230;&#8230;&#8230;&#8230;&#8230;.<\/p>\n<p>&#8230;&#8230;&#8230;&#8230;&#8230;&#8230;&#8230;&#8230;&#8230;&#8230;&#8230;&#8230;&#8230;&#8230;&#8230;&#8230;&#8230;&#8230;&#8230;&#8230;&#8230;&#8230;&#8230;&#8230;&#8230;&#8230;&#8230;&#8230;&#8230;&#8230;&#8230;&#8230;&#8230;&#8230;<\/p>\n<p>\u00a71\u00ba &#8230;&#8230;&#8230;&#8230;&#8230;&#8230;&#8230;&#8230;&#8230;&#8230;&#8230;&#8230;&#8230;&#8230;&#8230;&#8230;&#8230;&#8230;&#8230;&#8230;&#8230;&#8230;&#8230;&#8230;&#8230;&#8230;&#8230;&#8230;&#8230;&#8230;&#8230;..<\/p>\n<p>&#8230;&#8230;&#8230;&#8230;&#8230;&#8230;&#8230;&#8230;&#8230;&#8230;&#8230;&#8230;&#8230;&#8230;&#8230;&#8230;&#8230;&#8230;&#8230;&#8230;&#8230;&#8230;&#8230;&#8230;&#8230;&#8230;&#8230;&#8230;&#8230;&#8230;&#8230;&#8230;&#8230;&#8230;<\/p>\n<p>I \u2013 &#8230;&#8230;&#8230;&#8230;&#8230;&#8230;&#8230;&#8230;&#8230;&#8230;&#8230;&#8230;&#8230;&#8230;&#8230;&#8230;&#8230;&#8230;&#8230;&#8230;&#8230;&#8230;&#8230;&#8230;&#8230;&#8230;&#8230;&#8230;&#8230;&#8230;&#8230;&#8230;.<\/p>\n<p>&#8230;&#8230;&#8230;&#8230;&#8230;&#8230;&#8230;&#8230;&#8230;&#8230;&#8230;&#8230;&#8230;&#8230;&#8230;&#8230;&#8230;&#8230;&#8230;&#8230;&#8230;&#8230;&#8230;&#8230;&#8230;&#8230;&#8230;&#8230;&#8230;&#8230;&#8230;&#8230;&#8230;&#8230;<\/p>\n<p>c) m\u00ednima de 12 (doze) anos, para as categorias de que tratam<br \/>\nos incisos V, VI, VII e VIII do ca p u t do art. 2\u00ba desta Lei;<\/p>\n<p>&#8230;&#8230;&#8230;&#8230;&#8230;&#8230;&#8230;&#8230;&#8230;&#8230;&#8230;&#8230;&#8230;&#8230;&#8230;&#8230;&#8230;&#8230;&#8230;&#8230;&#8230;&#8230;&#8230;&#8230;&#8230;&#8230;&#8230;&#8230;&#8230;&#8230;&#8230;&#8230;&#8230;&#8230;<\/p>\n<p>IV \u2013 tiver participado de competi\u00e7\u00e3o esportiva nacional ou<br \/>\ninternacional no ano imediatamente anterior ao que tiver sido pleiteada a concess\u00e3o da<br \/>\nBolsa-Atleta de Santa Catarina, quando houver, exceto para o atleta enquadrado na<br \/>\ncategoria prevista no art. 2\u00ba, VIII, desta Lei.<\/p>\n<p>V \u2013 estiver regularmente matriculado e cursando o ensino<br \/>\nfundamental ou m\u00e9dio em institui\u00e7\u00e3o p\u00fablica ou privada, exclusivamente para os atletas em<br \/>\nidade escolar que pleitearem a Bolsa-Atleta de Santa Catarina nas categorias de que<br \/>\ntratam os incisos I, II, III e VIII do ca p u t do art. 2\u00ba desta Lei;\u201d (NR)<\/p>\n<p>Art. 3\u00ba O Anexo \u00danico da Lei n\u00ba 18.335, de 2022, passa a vigorar<br \/>\ncom a altera\u00e7\u00e3o constante no Anexo \u00danico desta Lei.<\/p>\n<p>Art. 4\u00ba Esta Lei entra em vigor na data de sua publica\u00e7\u00e3o.<\/p>\n<p>Sala das Sess\u00f5es,<\/p>\n<p>Deputado Marcius Machado<\/p>\n<p>ANEXO \u00daNICO<br \/>\n(Altera o Anexo \u00danico da Lei n\u00ba 18.531, de 5 de dezembro de 2022)<\/p>\n<p>\u201cANEXO \u00daNICO<\/p>\n<p>VALORES DO BENEF\u00cdCIO FINANCEIRO DA BOLSA-ATLETA DE SANTA CATARINA,<br \/>\nPOR CATEGORIA<\/p>\n<p>VALOR MENSAL VALOR ANUAL<br \/>\nCATEGORIA<br \/>\n12 (DOZE) PARCELAS (em R$)<br \/>\n(em R$)<br \/>\nAtleta Social 200,00 2.400,00<br \/>\n&#8230;&#8230;&#8230;&#8230;&#8230;&#8230;&#8230;&#8230;&#8230;&#8230;&#8230;&#8230;&#8230;&#8230; &#8230;&#8230;&#8230;&#8230;&#8230;&#8230;&#8230;&#8230;&#8230;&#8230;&#8230;&#8230;&#8230;&#8230; &#8230;&#8230;&#8230;&#8230;&#8230;&#8230;&#8230;&#8230;&#8230;&#8230;&#8230;&#8230;&#8230;&#8230;.<br \/>\n                                                                                                                                       \u201d(NR)<\/p>\n<p>JUSTIFICA\u00c7\u00c3O<\/p>\n<p>O presente Projeto de Lei tem como objetivo a cria\u00e7\u00e3o de uma<br \/>\nnova categoria no programa estadual Bolsa Atleta, a ser denominada \u201cBolsa Atleta Social\u201d,<br \/>\nvoltada exclusivamente para atletas em situa\u00e7\u00e3o de vulnerabilidade socioecon\u00f4mica que<br \/>\napresentem potencial esportivo. A proposta busca corrigir uma lacuna estrutural da pol\u00edtica<br \/>\natual, que prioriza apenas os atletas que j\u00e1 apresentam resultados em competi\u00e7\u00f5es<br \/>\nnacionais e internacionais. O modelo atual favorece aqueles que j\u00e1 possuem estrutura,<br \/>\npatroc\u00ednio ou apoio familiar, dificultando ou inviabilizando o acesso de jovens talentos<br \/>\noriundos de comunidades perif\u00e9ricas ou em situa\u00e7\u00e3o de pobreza.<\/p>\n<p>O esporte, reconhecido como ferramenta eficaz de inclus\u00e3o,<br \/>\ndesenvolvimento pessoal e social, n\u00e3o deve ser privil\u00e9gio de poucos. A Lei n\u00ba 14.597, de 14<br \/>\nde junho de 2023 (Lei geral do Esporte), inclusive prev\u00ea o fomento e a promo\u00e7\u00e3o do<br \/>\nesporte como direito social, notadamente \u00e0s pessoas socialmente vulner\u00e1veis (art. 3\u00ba, \u00a7 1\u00ba).<\/p>\n<p>Nesse vi\u00e9s, a cria\u00e7\u00e3o da nova categoria \u201cBolsa Atleta Social\u201d visa<br \/>\natender justamente a esse p\u00fablico vulner\u00e1vel, oferecendo um apoio financeiro essencial no<br \/>\nvalor de R$ 200,00 (duzentos reais) mensais, que poder\u00e1 auxiliar atletas com suas<br \/>\ndespesas b\u00e1sicas como alimenta\u00e7\u00e3o, transporte, vestu\u00e1rio esportivo e inscri\u00e7\u00f5es em<br \/>\ncompeti\u00e7\u00f5es.<\/p>\n<p>A sele\u00e7\u00e3o dos atletas sociais se dar\u00e1 com base em crit\u00e9rios<br \/>\nsocioecon\u00f4micos e indica\u00e7\u00e3o por projetos sociais, escolas esportivas e t\u00e9cnicos locais, que<br \/>\navaliar\u00e3o o indiv\u00edduo de acordo com o potencial esportivo apresentado em sua modalidade.<\/p>\n<p>Por fim, destaca-se que desigualdade n\u00e3o pode ser um obst\u00e1culo<br \/>\npara o talento. O Bolsa Atleta Social n\u00e3o \u00e9 um gasto, \u00e9 um investimento em vidas, no futuro<br \/>\ne na paz social. Quem j\u00e1 est\u00e1 no topo n\u00e3o deixar\u00e1 de competir sem esse aux\u00edlio. Mas quem<br \/>\nest\u00e1 na base, sem apoio, desiste antes mesmo de come\u00e7ar. Est\u00e1 na hora de equilibrar a<br \/>\nbalan\u00e7a: o esporte precisa ser para todos.<\/p>\n<p>Pelo exposto, solicito o apoio dos demais Parlamentares para a<br \/>\naprova\u00e7\u00e3o do presente Projeto de Lei.<br \/>\nELEGIS<br \/>\nDocumento assinado eletronicamente por Marcius da Silva<br \/>\nSistema de Processo<br \/>\nMachado, em 02\/06\/2025, \u00e0s 15:12.<br \/>\nLegislativo Eletr\u00f4nico<\/article>\n<div style=\"text-align: center\">\n<div style=\"margin-bottom: 20px;\" class=\"et_pb_button_module_wrapper et_pb_button_5_tb_body_wrapper et_pb_button_alignment_center et_pb_module \">\n         <a class=\"et_pb_button et_pb_button_5_tb_body et_hover_enabled et_pb_bg_layout_dark\" style=\"width: 50%;background-color: black;\" href=\"https:\/\/app.legislapp.com.br\" target=\"_blank\" rel=\"noopener\">Visualizar completo na nossa plataforma (30 dias gr\u00e1tis)<\/a><\/p><\/div>\n<p>      <a href=\"https:\/\/play.google.com\/store\/apps\/details?id=br.com.legislapp\"><img decoding=\"async\" style=\"width: 15%; min-width: 130px;\" src=\"https:\/\/www.legislapp.com.br\/wp-content\/uploads\/google-play.png\"><\/a><br \/>\n      <a href=\"https:\/\/apps.apple.com\/us\/app\/legislapp\/id1568929859\"><img decoding=\"async\" style=\"width: 15%; min-width: 130px\" src=\"https:\/\/www.legislapp.com.br\/wp-content\/uploads\/apple-store.png\"><\/a>\n   <\/div>\n","protected":false},"excerpt":{"rendered":"<p>C\u00e2m. Legislativa de SC &#8211; Autoria de Marcius Machado Altera a Lei n\u00ba 18.335, de 2022, que &#8220;Institui a Bolsa-Atleta de Santa Catarina e estabelece outras provid\u00eancias&#8221;, para incluir o atleta social. ASSEMBLEIA LEGISLATIVA GABINETE DEPUTADO ESTADO DE SANTA CATARINA MARCIUS MACHADO PROJETO DE LEI Altera a Lei n\u00ba 18.335, de 2022, que \u201cInstitui a [&hellip;]<\/p>\n","protected":false},"author":1,"featured_media":0,"parent":0,"menu_order":0,"comment_status":"closed","ping_status":"closed","template":"page-template-blank.php","meta":{"_et_pb_use_builder":"","_et_pb_old_content":"","_et_gb_content_width":"1080","ngg_post_thumbnail":0,"footnotes":""},"class_list":["post-6283","page","type-page","status-publish","hentry"],"yoast_head":"<!-- This site is optimized with the Yoast SEO plugin v24.4 - https:\/\/yoast.com\/wordpress\/plugins\/seo\/ -->\n<title>PL.\/0324\/2025 - Marcius Machado - Legislapp<\/title>\n<meta name=\"robots\" content=\"index, follow, max-snippet:-1, max-image-preview:large, max-video-preview:-1\" \/>\n<link rel=\"canonical\" href=\"https:\/\/www.legislapp.com.br\/index.php\/cam-legislativa-de-sc-pl-0324-2025\/\" \/>\n<meta property=\"og:locale\" content=\"pt_BR\" \/>\n<meta property=\"og:type\" content=\"article\" \/>\n<meta property=\"og:title\" content=\"PL.\/0324\/2025 - Marcius Machado - Legislapp\" \/>\n<meta property=\"og:description\" content=\"C\u00e2m. Legislativa de SC &#8211; Autoria de Marcius Machado Altera a Lei n\u00ba 18.335, de 2022, que &#8220;Institui a Bolsa-Atleta de Santa Catarina e estabelece outras provid\u00eancias&#8221;, para incluir o atleta social. ASSEMBLEIA LEGISLATIVA GABINETE DEPUTADO ESTADO DE SANTA CATARINA MARCIUS MACHADO PROJETO DE LEI Altera a Lei n\u00ba 18.335, de 2022, que \u201cInstitui a [&hellip;]\" \/>\n<meta property=\"og:url\" content=\"https:\/\/www.legislapp.com.br\/index.php\/cam-legislativa-de-sc-pl-0324-2025\/\" \/>\n<meta property=\"og:site_name\" content=\"Legislapp\" \/>\n<meta property=\"article:publisher\" content=\"https:\/\/www.instagram.com\/legislapp\/\" \/>\n<meta property=\"og:image\" content=\"https:\/\/www.legislapp.com.br\/wp-content\/uploads\/google-play.png\" \/>\n<meta name=\"twitter:card\" content=\"summary_large_image\" \/>\n<meta name=\"twitter:label1\" content=\"Est. tempo de leitura\" \/>\n\t<meta name=\"twitter:data1\" content=\"5 minutos\" \/>\n<script type=\"application\/ld+json\" class=\"yoast-schema-graph\">{\"@context\":\"https:\/\/schema.org\",\"@graph\":[{\"@type\":\"WebPage\",\"@id\":\"https:\/\/www.legislapp.com.br\/index.php\/cam-legislativa-de-sc-pl-0324-2025\/\",\"url\":\"https:\/\/www.legislapp.com.br\/index.php\/cam-legislativa-de-sc-pl-0324-2025\/\",\"name\":\"PL.\/0324\/2025 - Marcius Machado - Legislapp\",\"isPartOf\":{\"@id\":\"https:\/\/www.legislapp.com.br\/#website\"},\"primaryImageOfPage\":{\"@id\":\"https:\/\/www.legislapp.com.br\/index.php\/cam-legislativa-de-sc-pl-0324-2025\/#primaryimage\"},\"image\":{\"@id\":\"https:\/\/www.legislapp.com.br\/index.php\/cam-legislativa-de-sc-pl-0324-2025\/#primaryimage\"},\"thumbnailUrl\":\"https:\/\/www.legislapp.com.br\/wp-content\/uploads\/google-play.png\",\"datePublished\":\"2025-06-25T13:29:22+00:00\",\"breadcrumb\":{\"@id\":\"https:\/\/www.legislapp.com.br\/index.php\/cam-legislativa-de-sc-pl-0324-2025\/#breadcrumb\"},\"inLanguage\":\"pt-BR\",\"potentialAction\":[{\"@type\":\"ReadAction\",\"target\":[\"https:\/\/www.legislapp.com.br\/index.php\/cam-legislativa-de-sc-pl-0324-2025\/\"]}]},{\"@type\":\"ImageObject\",\"inLanguage\":\"pt-BR\",\"@id\":\"https:\/\/www.legislapp.com.br\/index.php\/cam-legislativa-de-sc-pl-0324-2025\/#primaryimage\",\"url\":\"https:\/\/www.legislapp.com.br\/wp-content\/uploads\/google-play.png\",\"contentUrl\":\"https:\/\/www.legislapp.com.br\/wp-content\/uploads\/google-play.png\",\"width\":564,\"height\":168},{\"@type\":\"BreadcrumbList\",\"@id\":\"https:\/\/www.legislapp.com.br\/index.php\/cam-legislativa-de-sc-pl-0324-2025\/#breadcrumb\",\"itemListElement\":[{\"@type\":\"ListItem\",\"position\":1,\"name\":\"In\u00edcio\",\"item\":\"https:\/\/www.legislapp.com.br\/\"},{\"@type\":\"ListItem\",\"position\":2,\"name\":\"PL.\/0324\/2025 &#8211; Marcius Machado\"}]},{\"@type\":\"WebSite\",\"@id\":\"https:\/\/www.legislapp.com.br\/#website\",\"url\":\"https:\/\/www.legislapp.com.br\/\",\"name\":\"Legislapp\",\"description\":\"Intelig\u00eancia governamental em tempo real\",\"publisher\":{\"@id\":\"https:\/\/www.legislapp.com.br\/#organization\"},\"potentialAction\":[{\"@type\":\"SearchAction\",\"target\":{\"@type\":\"EntryPoint\",\"urlTemplate\":\"https:\/\/www.legislapp.com.br\/?s={search_term_string}\"},\"query-input\":{\"@type\":\"PropertyValueSpecification\",\"valueRequired\":true,\"valueName\":\"search_term_string\"}}],\"inLanguage\":\"pt-BR\"},{\"@type\":\"Organization\",\"@id\":\"https:\/\/www.legislapp.com.br\/#organization\",\"name\":\"Legislapp Monitoramento e Intelig\u00eancia Governamental\",\"url\":\"https:\/\/www.legislapp.com.br\/\",\"logo\":{\"@type\":\"ImageObject\",\"inLanguage\":\"pt-BR\",\"@id\":\"https:\/\/www.legislapp.com.br\/#\/schema\/logo\/image\/\",\"url\":\"https:\/\/www.legislapp.com.br\/wp-content\/uploads\/icon.png\",\"contentUrl\":\"https:\/\/www.legislapp.com.br\/wp-content\/uploads\/icon.png\",\"width\":1024,\"height\":1024,\"caption\":\"Legislapp Monitoramento e Intelig\u00eancia Governamental\"},\"image\":{\"@id\":\"https:\/\/www.legislapp.com.br\/#\/schema\/logo\/image\/\"},\"sameAs\":[\"https:\/\/www.instagram.com\/legislapp\/\"]}]}<\/script>\n<!-- \/ Yoast SEO plugin. -->","yoast_head_json":{"title":"PL.\/0324\/2025 - Marcius Machado - Legislapp","robots":{"index":"index","follow":"follow","max-snippet":"max-snippet:-1","max-image-preview":"max-image-preview:large","max-video-preview":"max-video-preview:-1"},"canonical":"https:\/\/www.legislapp.com.br\/index.php\/cam-legislativa-de-sc-pl-0324-2025\/","og_locale":"pt_BR","og_type":"article","og_title":"PL.\/0324\/2025 - Marcius Machado - Legislapp","og_description":"C\u00e2m. Legislativa de SC &#8211; Autoria de Marcius Machado Altera a Lei n\u00ba 18.335, de 2022, que &#8220;Institui a Bolsa-Atleta de Santa Catarina e estabelece outras provid\u00eancias&#8221;, para incluir o atleta social. ASSEMBLEIA LEGISLATIVA GABINETE DEPUTADO ESTADO DE SANTA CATARINA MARCIUS MACHADO PROJETO DE LEI Altera a Lei n\u00ba 18.335, de 2022, que \u201cInstitui a [&hellip;]","og_url":"https:\/\/www.legislapp.com.br\/index.php\/cam-legislativa-de-sc-pl-0324-2025\/","og_site_name":"Legislapp","article_publisher":"https:\/\/www.instagram.com\/legislapp\/","og_image":[{"url":"https:\/\/www.legislapp.com.br\/wp-content\/uploads\/google-play.png","type":"","width":"","height":""}],"twitter_card":"summary_large_image","twitter_misc":{"Est. tempo de leitura":"5 minutos"},"schema":{"@context":"https:\/\/schema.org","@graph":[{"@type":"WebPage","@id":"https:\/\/www.legislapp.com.br\/index.php\/cam-legislativa-de-sc-pl-0324-2025\/","url":"https:\/\/www.legislapp.com.br\/index.php\/cam-legislativa-de-sc-pl-0324-2025\/","name":"PL.\/0324\/2025 - Marcius Machado - Legislapp","isPartOf":{"@id":"https:\/\/www.legislapp.com.br\/#website"},"primaryImageOfPage":{"@id":"https:\/\/www.legislapp.com.br\/index.php\/cam-legislativa-de-sc-pl-0324-2025\/#primaryimage"},"image":{"@id":"https:\/\/www.legislapp.com.br\/index.php\/cam-legislativa-de-sc-pl-0324-2025\/#primaryimage"},"thumbnailUrl":"https:\/\/www.legislapp.com.br\/wp-content\/uploads\/google-play.png","datePublished":"2025-06-25T13:29:22+00:00","breadcrumb":{"@id":"https:\/\/www.legislapp.com.br\/index.php\/cam-legislativa-de-sc-pl-0324-2025\/#breadcrumb"},"inLanguage":"pt-BR","potentialAction":[{"@type":"ReadAction","target":["https:\/\/www.legislapp.com.br\/index.php\/cam-legislativa-de-sc-pl-0324-2025\/"]}]},{"@type":"ImageObject","inLanguage":"pt-BR","@id":"https:\/\/www.legislapp.com.br\/index.php\/cam-legislativa-de-sc-pl-0324-2025\/#primaryimage","url":"https:\/\/www.legislapp.com.br\/wp-content\/uploads\/google-play.png","contentUrl":"https:\/\/www.legislapp.com.br\/wp-content\/uploads\/google-play.png","width":564,"height":168},{"@type":"BreadcrumbList","@id":"https:\/\/www.legislapp.com.br\/index.php\/cam-legislativa-de-sc-pl-0324-2025\/#breadcrumb","itemListElement":[{"@type":"ListItem","position":1,"name":"In\u00edcio","item":"https:\/\/www.legislapp.com.br\/"},{"@type":"ListItem","position":2,"name":"PL.\/0324\/2025 &#8211; Marcius Machado"}]},{"@type":"WebSite","@id":"https:\/\/www.legislapp.com.br\/#website","url":"https:\/\/www.legislapp.com.br\/","name":"Legislapp","description":"Intelig\u00eancia governamental em tempo real","publisher":{"@id":"https:\/\/www.legislapp.com.br\/#organization"},"potentialAction":[{"@type":"SearchAction","target":{"@type":"EntryPoint","urlTemplate":"https:\/\/www.legislapp.com.br\/?s={search_term_string}"},"query-input":{"@type":"PropertyValueSpecification","valueRequired":true,"valueName":"search_term_string"}}],"inLanguage":"pt-BR"},{"@type":"Organization","@id":"https:\/\/www.legislapp.com.br\/#organization","name":"Legislapp Monitoramento e Intelig\u00eancia Governamental","url":"https:\/\/www.legislapp.com.br\/","logo":{"@type":"ImageObject","inLanguage":"pt-BR","@id":"https:\/\/www.legislapp.com.br\/#\/schema\/logo\/image\/","url":"https:\/\/www.legislapp.com.br\/wp-content\/uploads\/icon.png","contentUrl":"https:\/\/www.legislapp.com.br\/wp-content\/uploads\/icon.png","width":1024,"height":1024,"caption":"Legislapp Monitoramento e Intelig\u00eancia Governamental"},"image":{"@id":"https:\/\/www.legislapp.com.br\/#\/schema\/logo\/image\/"},"sameAs":["https:\/\/www.instagram.com\/legislapp\/"]}]}},"_links":{"self":[{"href":"https:\/\/www.legislapp.com.br\/index.php\/wp-json\/wp\/v2\/pages\/6283","targetHints":{"allow":["GET"]}}],"collection":[{"href":"https:\/\/www.legislapp.com.br\/index.php\/wp-json\/wp\/v2\/pages"}],"about":[{"href":"https:\/\/www.legislapp.com.br\/index.php\/wp-json\/wp\/v2\/types\/page"}],"author":[{"embeddable":true,"href":"https:\/\/www.legislapp.com.br\/index.php\/wp-json\/wp\/v2\/users\/1"}],"replies":[{"embeddable":true,"href":"https:\/\/www.legislapp.com.br\/index.php\/wp-json\/wp\/v2\/comments?post=6283"}],"version-history":[{"count":0,"href":"https:\/\/www.legislapp.com.br\/index.php\/wp-json\/wp\/v2\/pages\/6283\/revisions"}],"wp:attachment":[{"href":"https:\/\/www.legislapp.com.br\/index.php\/wp-json\/wp\/v2\/media?parent=6283"}],"curies":[{"name":"wp","href":"https:\/\/api.w.org\/{rel}","templated":true}]}}