{"id":6510,"date":"2025-06-25T10:39:46","date_gmt":"2025-06-25T13:39:46","guid":{"rendered":"https:\/\/www.legislapp.com.br\/index.php\/ordem-dia-camara-monday-april-21-2025\/"},"modified":"2025-06-25T10:39:46","modified_gmt":"2025-06-25T13:39:46","slug":"ordem-dia-camara-monday-april-21-2025","status":"publish","type":"page","link":"https:\/\/www.legislapp.com.br\/index.php\/ordem-dia-camara-monday-april-21-2025\/","title":{"rendered":"ORDEM DO DIA COMISS\u00d5ES C\u00c2MARA DOS DEPUTADOS 21\/04\/2025"},"content":{"rendered":"<h1 style='text-align: center;'>Monday, April 21, 2025 &#8211; ORDEM DO DIA COMISS\u00d5ES C\u00c2MARA DOS DEPUTADOS 21\/04\/2025<\/h3>\n<p><\/p>\n<article>C\u00c2MARA DOS DEPUTADOS <br \/>57\u00aa LEGISLATURA &#8211; 3\u00aa SESS\u00c3O LEGISLATIVA <br \/>Em 17 de abril de 2025 <br \/>quinta-feira <br \/>I &#8211; COMISS\u00d5ES PERMANENTES <br \/>COMISS\u00c3O DE ADMINISTRA\u00c7\u00c3O E SERVI\u00c7O P\u00daBLICO <br \/>AVISOS <br \/>PROPOSI\u00c7\u00d5ES EM FASE DE RECEBIMENTO DE EMENDAS (5 SESS\u00d5ES) <br \/>DECURSO: 1\u00aa SESS\u00c3O <br \/>\u00daLTIMA SESS\u00c3O: 25-04-25 <br \/>Projetos de Lei (Art. 119, I e \u00a71\u00ba) <br \/>PROJETO DE LEI N\u00ba 1.748\/22 &#8211; do Sr. Moses Rodrigues &#8211; que &#8220;disp\u00f5e sobre o sal\u00e1rio profissional do <br \/>m\u00e9dico-veterin\u00e1rio&#8221; (Apensados: PL 6066\/2023 e PL 1236\/2024) <br \/>PROJETO DE LEI N\u00ba 1.107\/23 &#8211; do Senado Federal &#8211; Weverton &#8211; que &#8220;disp\u00f5e sobre a indeniza\u00e7\u00e3o <br \/>pecuni\u00e1ria por tempo de servi\u00e7o aos servidores comissionados do Senado Federal&#8221;. <br \/>RELATOR: Deputado M\u00c1RIO HERINGER. <br \/>PROJETO DE LEI N\u00ba 1.243\/23 &#8211; do Sr. Capit\u00e3o Augusto &#8211; que &#8220;altera a Lei n\u00ba 9.503\/97 para acrescentar <br \/>dentre os ve\u00edculos de representa\u00e7\u00e3o identificados com placa especial aqueles utilizados pelos membros <br \/>do Senado Federal, da C\u00e2mara dos Deputados e das Assembleias Legislativas, no exerc\u00edcio das suas <br \/>respectivas atividades parlamentares&#8221;. <br \/>RELATORA: Deputada DELEGADA IONE. <br \/>PROJETO DE LEI N\u00ba 3.915\/24 &#8211; da Sra. Julia Zanatta &#8211; que &#8220;permite aos servidores p\u00fablicos, <br \/>empregados de empresas p\u00fablicas e comissionados a escolha de qualquer institui\u00e7\u00e3o financeira para a <br \/>abertura de conta banc\u00e1ria destinada ao recebimento de vencimentos, proventos e sal\u00e1rios&#8221;. RELATOR: Deputado CABO GILBERTO SILVA. <br \/>PROJETO DE LEI N\u00ba 4.565\/24 &#8211; do Sr. Dimas Gadelha &#8211; que &#8220;disp\u00f5e sobre direitos das pessoas com <br \/>diabetes no tocante ao controle de glicemia em qualquer situa\u00e7\u00e3o, especialmente em locais de provas de <br \/>qualquer natureza&#8221;. (Apensado: PL 4733\/2024) <br \/>RELATOR: Deputado REIMONT. <br \/>DECURSO: 2\u00aa SESS\u00c3O <br \/>\u00daLTIMA SESS\u00c3O: 24-04-25 <br \/>Substitutivo (Art. 119, II e \u00a71\u00ba) <br \/>AS PROPOSI\u00c7\u00d5ES ABAIXO SOMENTE RECEBER\u00c3O EMENDAS APRESENTADAS POR MEMBROS <br \/>DESTA COMISS\u00c3O <br \/>PROJETO DE LEI N\u00ba 5.638\/23 &#8211; do Sr. Heitor Schuch &#8211; que &#8220;altera a Lei n\u00ba 13.303, de 30 de junho de <br \/>2016, para possibilitar a utiliza\u00e7\u00e3o do poder de contrata\u00e7\u00e3o estatal por empresas p\u00fablicas e sociedades <br \/>de economia mista nas compras de bens e contrata\u00e7\u00e3o de servi\u00e7os de setores estrat\u00e9gicos para a <br \/>inova\u00e7\u00e3o e o desenvolvimento nacional&#8221;. <br \/>RELATOR: Deputado PROF. REGINALDO VERAS. <br \/>COMISS\u00c3O DE AGRICULTURA, PECU\u00c1RIA, ABASTECIMENTO E <br \/>DESENVOLVIMENTO RURAL <br \/>AVISOS <br \/>PROPOSI\u00c7\u00d5ES EM FASE DE RECEBIMENTO DE EMENDAS (5 SESS\u00d5ES) <br \/>DECURSO: 1\u00aa SESS\u00c3O <br \/>\u00daLTIMA SESS\u00c3O: 25-04-25 <br \/>Projetos de Lei (Art. 119, I e \u00a71\u00ba) <br \/>PROJETO DE LEI N\u00ba 12\/25 &#8211; do Sr. Leo Prates &#8211; que &#8220;institui Programa de Bolsa Alimenta\u00e7\u00e3o para <br \/>Pacientes Diab\u00e9ticos&#8221; <br \/>RELATOR: Deputado MESSIAS DONATO. <br \/>PROJETO DE LEI N\u00ba 220\/25 &#8211; do Sr. Heitor Schuch e outros &#8211; que &#8220;altera a Lei N\u00ba 12.058, de 13 de <br \/>outubro de 2009, para dispor sobre o regramento atualizado para a elabora\u00e7\u00e3o das normas de acesso ao <br \/>Proagro&#8221;. <br \/>RELATOR: Deputado TI\u00c3O MEDEIROS. <br \/>PROJETO DE LEI N\u00ba 228\/25 &#8211; do Sr. Lebr\u00e3o &#8211; que &#8220;altera o art. 9\u00ba-A da Lei n\u00ba 10.925, de 23 de julho de <br \/>2004, para estabelecer equipara\u00e7\u00e3o e compensa\u00e7\u00e3o para o leite industrializado nacional em detrimento <br \/>de redu\u00e7\u00f5es da al\u00edquota de Imposto de Importa\u00e7\u00e3o do produto importado&#8221;. <br \/>RELATORA: Deputada ANA PAULA LE\u00c3O. <br \/>DECURSO: 2\u00aa SESS\u00c3O <br \/>\u00daLTIMA SESS\u00c3O: 24-04-25 <br \/>Projetos de Lei (Art. 119, I e \u00a71\u00ba) PROJETO DE LEI N\u00ba 4.636\/24 &#8211; da Sra. C\u00e9lia Xakriab\u00e1 e outros &#8211; que &#8220;altera a Lei n\u00ba 8.080, de 19 de <br \/>setembro de 1990 (Lei Org\u00e2nica da Sa\u00fade), para prever a\u00e7\u00f5es de vigil\u00e2ncia, fiscaliza\u00e7\u00e3o, estudo e <br \/>prote\u00e7\u00e3o contra a contamina\u00e7\u00e3o por agrot\u00f3xicos nocivos \u00e0 sa\u00fade, em especial aten\u00e7\u00e3o aos impactos na <br \/>sa\u00fade ind\u00edgena&#8221;. <br \/>RELATOR: Deputado RODOLFO NOGUEIRA. <br \/>DECURSO: 4\u00aa SESS\u00c3O <br \/>\u00daLTIMA SESS\u00c3O: 22-04-25 <br \/>Substitutivo (Art. 119, II e \u00a71\u00ba) <br \/>AS PROPOSI\u00c7\u00d5ES ABAIXO SOMENTE RECEBER\u00c3O EMENDAS APRESENTADAS POR MEMBROS <br \/>DESTA COMISS\u00c3O <br \/>PROJETO DE LEI N\u00ba 156\/24 &#8211; do Sr. Rodrigo Valadares &#8211; que &#8220;altera a reda\u00e7\u00e3o do Decreto-Lei n\u00b0 16, de <br \/>6 de agosto de 1966 e d\u00e1 outras provid\u00eancias&#8221;. <br \/>RELATOR: Deputado RODOLFO NOGUEIRA. <br \/>COMISS\u00c3O DA AMAZ\u00d4NIA E DOS POVOS ORIGIN\u00c1RIOS E TRADICIONAIS <br \/>AVISOS <br \/>PROPOSI\u00c7\u00d5ES EM FASE DE RECEBIMENTO DE EMENDAS (5 SESS\u00d5ES) <br \/>DECURSO: 5\u00aa SESS\u00c3O <br \/>\u00daLTIMA SESS\u00c3O: 17-04-25 <br \/>Projetos de Lei (Art. 119, I e \u00a71\u00ba) <br \/>PROJETO DE LEI N\u00ba 10.678\/18 &#8211; da Sra. Erika Kokay &#8211; que &#8220;disp\u00f5e sobre a consulta pr\u00e9via, livre e <br \/>informada \u00e0s comunidades ind\u00edgenas e quilombolas necess\u00e1ria para emiss\u00e3o de licen\u00e7a ambiental para <br \/>atividades ou empreendimentos utilizadores de recursos ambientais, efetiva ou potencialmente <br \/>poluidores ou capazes, sob qualquer forma, de causar degrada\u00e7\u00e3o ambiental&#8221;. <br \/>RELATORA: Deputada C\u00c9LIA XAKRIAB\u00c1. <br \/>PROJETO DE LEI N\u00ba 4.459\/24 &#8211; Amom Mandel e Duda Ramos &#8211; que &#8220;altera a Lei n\u00ba 9.795, de 27 de abril <br \/>de 1999, que disp\u00f5e sobre a educa\u00e7\u00e3o ambiental e institui a Pol\u00edtica Nacional de Educa\u00e7\u00e3o Ambiental, <br \/>para estabelecer a obrigatoriedade da inclus\u00e3o da educa\u00e7\u00e3o ambiental no curr\u00edculo escolar da educa\u00e7\u00e3o <br \/>b\u00e1sica na Regi\u00e3o Norte. &#8221; <br \/>RELATORA: Deputada MEIRE SERAFIM. <br \/>PROJETO DE LEI N\u00ba 4.902\/24 &#8211; do Sr. Amom Mandel &#8211; que &#8220;institui o Programa de Subs\u00eddio Digital para <br \/>Fam\u00edlias de Baixa Renda na Amaz\u00f4nia, com o objetivo de garantir o acesso \u00e0 internet para fam\u00edlias em <br \/>situa\u00e7\u00e3o de vulnerabilidade social na regi\u00e3o amaz\u00f4nica, e d\u00e1 outras provid\u00eancias&#8221;. <br \/>RELATORA: Deputada MEIRE SERAFIM. <br \/>COMISS\u00c3O DE CI\u00caNCIA, TECNOLOGIA E INOVA\u00c7\u00c3O <br \/>AVISOS PROPOSI\u00c7\u00d5ES EM FASE DE RECEBIMENTO DE EMENDAS (5 SESS\u00d5ES) <br \/>DECURSO: 4\u00aa SESS\u00c3O <br \/>\u00daLTIMA SESS\u00c3O: 22-04-25 <br \/>Projetos de Lei (Art. 119, I e \u00a71\u00ba) <br \/>PROJETO DE LEI N\u00ba 2.901\/24 &#8211; do Sr. Capit\u00e3o Alberto Neto &#8211; que &#8220;altera a Lei n\u00ba 8.387, de 1991, para <br \/>definir a destina\u00e7\u00e3o dos recursos aportados no Fundo Nacional de Ci\u00eancia e Tecnologia (FNDCT) <br \/>oriundos do cumprimento da contrapartida de investimento em pesquisa, desenvolvimento e inova\u00e7\u00e3o. &#8221; <br \/>RELATOR: Deputado PEDRO UCZAI. <br \/>PROJETO DE LEI N\u00ba 3.236\/24 &#8211; do Sr. J\u00fanior Mano &#8211; que &#8220;disp\u00f5e sobre a prote\u00e7\u00e3o dos direitos de <br \/>propriedade intelectual dos atletas, regulamentando o registro e a explora\u00e7\u00e3o de movimentos esportivos, <br \/>marcas pessoais, o uso da imagem dos atletas para fins comerciais e o uso de Intelig\u00eancia Artificial no <br \/>contexto esportivo, e d\u00e1 outras provid\u00eancias&#8221;. <br \/>RELATOR: Deputado JULIO CESAR RIBEIRO. <br \/>PROJETO DE LEI N\u00ba 3.357\/24 &#8211; do Sr. Jorge Goetten &#8211; que &#8220;estabelece normas gerais aplic\u00e1veis \u00e0 <br \/>pesquisa, produ\u00e7\u00e3o, reprodu\u00e7\u00e3o, importa\u00e7\u00e3o, exporta\u00e7\u00e3o, transporte, armazenamento, conserva\u00e7\u00e3o e <br \/>comercializa\u00e7\u00e3o de alimentos obtidos por cultivo celular, seus derivados e subprodutos, bem como para <br \/>o incentivo \u00e0 pesquisa e ao desenvolvimento produtivo desse setor&#8221;. <br \/>RELATOR: Deputado DR. ZACHARIAS CALIL. <br \/>PROJETO DE LEI N\u00ba 4.400\/24 &#8211; do Sr. Julio Lopes &#8211; que &#8220;altera a Lei n\u00b0 9.610, de 1998, Lei de Direito <br \/>Autoral, de modo a regular os direitos conexos relativos a conte\u00fado multim\u00eddia, gerado por algoritmo, <br \/>altamente realista, da voz ou imagem de int\u00e9rprete ou executante identific\u00e1vel e que simule sua <br \/>participa\u00e7\u00e3o em obra audiovisual ou fonograma&#8221;. <br \/>RELATORA: Deputada JANDIRA FEGHALI. <br \/>PROJETO DE LEI N\u00ba 4.950\/24 &#8211; do Sr. Amom Mandel &#8211; que &#8220;altera a Lei n\u00ba 14.026, de 15 de julho de <br \/>2020, para criar um programa de incentivos \u00e0 inova\u00e7\u00e3o tecnol\u00f3gica no setor de saneamento b\u00e1sico&#8221;. <br \/>RELATOR: Deputado VITOR LIPPI. <br \/>PROJETO DE LEI N\u00ba 409\/25 &#8211; do Sr. Charles Fernandes &#8211; que &#8220;altera as Leis n\u00ba 10.332, de 19 de <br \/>dezembro de 2001, n\u00ba 11.540, de 12 de novembro de 2007, e n\u00ba 13.756, de 12 de dezembro de 2018, <br \/>para destinar recursos de pr\u00eamios lot\u00e9ricos n\u00e3o reclamados ao Programa de Fomento \u00e0 Pesquisa em <br \/>Sa\u00fade por meio do Fundo Nacional de Desenvolvimento Cient\u00edfico e Tecnol\u00f3gico \u2013 FNDCT&#8221;. <br \/>RELATOR: Deputado GILVAN MAXIMO. <br \/>COMISS\u00c3O DE COMUNICA\u00c7\u00c3O <br \/>AVISOS <br \/>PROPOSI\u00c7\u00d5ES EM FASE DE RECEBIMENTO DE EMENDAS (5 SESS\u00d5ES) <br \/>DECURSO: 1\u00aa SESS\u00c3O <br \/>\u00daLTIMA SESS\u00c3O: 25-04-25 <br \/>Projetos de Lei (Art. 119, I e \u00a71\u00ba) <br \/>PROJETO DE LEI N\u00ba 4.474\/24 &#8211; do Sr. Antonio Carlos Rodrigues &#8211; que &#8220;altera as Leis n\u00ba 8.069\/1990, n\u00ba12.965\/2014 e n\u00ba 13.709\/2018 para instituir medidas de prote\u00e7\u00e3o a crian\u00e7as e adolescentes na internet&#8221;. <br \/>RELATOR: Deputado JULIO CESAR RIBEIRO. <br \/>PROJETO DE LEI N\u00ba 4.557\/24 &#8211; do Sr. Silas C\u00e2mara &#8211; que &#8220;altera as Leis n\u00ba 9.472, de 16 de julho de <br \/>1997, n\u00ba 12.527, de 18 de novembro de 2011, e n\u00ba 14.133, de 1\u00ba de abril de 2021, para reorganizar a <br \/>governan\u00e7a da Internet no Brasil, fortalecer a supervis\u00e3o e regulamenta\u00e7\u00e3o das atividades de registro e <br \/>manuten\u00e7\u00e3o de dom\u00ednios, e assegurar a transpar\u00eancia e efici\u00eancia na gest\u00e3o da Internet&#8221;. <br \/>RELATOR: Deputado DAVID SOARES. <br \/>PROJETO DE LEI N\u00ba 4.827\/24 &#8211; do Sr. Beto Richa &#8211; que &#8220;altera a Lei n\u00ba 9.472, de 16 de julho de 1997, <br \/>para garantir aos usu\u00e1rios de servi\u00e7os de telefonia na modalidade pr\u00e9-paga o direito de manuten\u00e7\u00e3o do <br \/>c\u00f3digo de acesso por 1 (um) ano ap\u00f3s o t\u00e9rmino dos cr\u00e9ditos ou de seu prazo de validade&#8221;. <br \/>RELATOR: Deputado AMARO NETO. <br \/>PROJETO DE LEI N\u00ba 4.837\/24 &#8211; do Sr. Jos\u00e9 Medeiros &#8211; que &#8220;altera a Lei n\u00ba 12.965, de 23 de abril de <br \/>2014 (Marco Civil da Internet), para estabelecer limites \u00e0 suspens\u00e3o, por ordem judicial, de contas de <br \/>usu\u00e1rios de provedores de aplica\u00e7\u00e3o de internet&#8221;. <br \/>RELATOR: Deputado DELEGADO PAULO BILYNSKYJ. <br \/>PROJETO DE LEI N\u00ba 4.879\/24 &#8211; do Sr. Amom Mandel &#8211; que &#8220;institui o Programa Nacional de <br \/>Manuten\u00e7\u00e3o de Infraestrutura de Conectividade para \u00c1reas Remotas, com o objetivo de garantir a <br \/>sustentabilidade e a manuten\u00e7\u00e3o das redes digitais instaladas em regi\u00f5es de dif\u00edcil acesso, e d\u00e1 outras <br \/>provid\u00eancias&#8221;. <br \/>RELATOR: Deputado OSSESIO SILVA. <br \/>PROJETO DE LEI N\u00ba 4.892\/24 &#8211; do Sr. Amom Mandel &#8211; que &#8220;disp\u00f5e sobre a prioriza\u00e7\u00e3o da infraestrutura <br \/>de pequeno porte para a instala\u00e7\u00e3o de redes de telecomunica\u00e7\u00f5es de quinta gera\u00e7\u00e3o (5G) e d\u00e1 outras <br \/>provid\u00eancias&#8221;. <br \/>RELATOR: Deputado DAVID SOARES. <br \/>PROJETO DE LEI N\u00ba 48\/25 &#8211; do Sr. Alberto Fraga &#8211; que &#8220;altera a Lei n\u00ba 10.222, de 9 maio de 2001, para <br \/>atualizar as normas de padroniza\u00e7\u00e3o de volume de \u00e1udio das transmiss\u00f5es de r\u00e1dio e televis\u00e3o nos <br \/>espa\u00e7os dedicados \u00e0 propaganda, e d\u00e1 outras provid\u00eancias&#8221;. <br \/>RELATOR: Deputado DAVID SOARES. <br \/>PROJETO DE LEI N\u00ba 481\/25 &#8211; da Sra. Jack Rocha &#8211; que &#8220;disp\u00f5e sobre a obrigatoriedade de campanhas <br \/>informativas e educativas permanentes sobre Viol\u00eancia Dom\u00e9stica e Familiar contra a Mulher, nos <br \/>termos da Lei n\u00ba 11.340, de 2006 (Lei Maria da Penha), e d\u00e1 outras provid\u00eancias&#8221;. <br \/>RELATOR: Deputado JULIO CESAR RIBEIRO. <br \/>PROJETO DE LEI N\u00ba 740\/25 &#8211; do Sr. Z\u00e9 Neto &#8211; que &#8220;altera a Lei n\u00ba 9.998, de 17 de agosto de 2000, que <br \/>institui o Fundo de Universaliza\u00e7\u00e3o dos Servi\u00e7os de Telecomunica\u00e7\u00f5es (Fust), para destinar percentual <br \/>m\u00ednimo do Fust para a\u00e7\u00f5es que visam universalizar o acesso \u00e0 internet nos domic\u00edlios brasileiros <br \/>localizados em \u00e1reas rurais&#8221;. <br \/>RELATOR: Deputado PAULO PIMENTA. <br \/>DECURSO: 4\u00aa SESS\u00c3O <br \/>\u00daLTIMA SESS\u00c3O: 22-04-25 <br \/>Substitutivo (Art. 119, II e \u00a71\u00ba) <br \/>AS PROPOSI\u00c7\u00d5ES ABAIXO SOMENTE RECEBER\u00c3O EMENDAS APRESENTADAS POR MEMBROS <br \/>DESTA COMISS\u00c3O <br \/>PROJETO DE LEI N\u00ba 3.050\/24 &#8211; do Sr. J\u00fanior Mano &#8211; que &#8220;altera a Lei no 12.965, de 23 de abril de 2014 <br \/>(Marco Civil da Internet), para dispor sobre a obrigatoriedade de bloquear o acesso a conte\u00fados <br \/>pornogr\u00e1ficos em redes e terminais p\u00fablicos utilizados para a conex\u00e3o e usufruto da internet. &#8221; <br \/>RELATOR: Deputado GILVAN MAXIMO. <br \/>PROJETO DE LEI N\u00ba 3.435\/24 &#8211; do Sr. Ricardo Ayres &#8211; que &#8220;altera a Lei n\u00ba 12.965, de 23 de abril de 2014, para incluir o uso preferencial de reconhecimento facial e verifica\u00e7\u00e3o de identidade no <br \/>cadastramento de usu\u00e1rios em redes sociais e servi\u00e7os de mensageria. &#8221; <br \/>RELATOR: Deputado GILVAN MAXIMO. <br \/>DECURSO: 5\u00aa SESS\u00c3O <br \/>\u00daLTIMA SESS\u00c3O: 17-04-25 <br \/>Substitutivo (Art. 119, II e \u00a71\u00ba) <br \/>AS PROPOSI\u00c7\u00d5ES ABAIXO SOMENTE RECEBER\u00c3O EMENDAS APRESENTADAS POR MEMBROS <br \/>DESTA COMISS\u00c3O <br \/>PROJETO DE LEI N\u00ba 2.973\/24 &#8211; do Sr. J\u00fanior Mano &#8211; que &#8220;estabelece a veda\u00e7\u00e3o \u00e0 utiliza\u00e7\u00e3o de recursos <br \/>p\u00fablicos com o objetivo de perseguir ou investigar manifesta\u00e7\u00f5es individuais. &#8221; <br \/>RELATOR: Deputado GILVAN MAXIMO. <br \/>COMISS\u00c3O DE CONSTITUI\u00c7\u00c3O E JUSTI\u00c7A E DE CIDADANIA <br \/>AVISOS <br \/>PROPOSI\u00c7\u00d5ES EM FASE DE RECEBIMENTO DE EMENDAS (5 SESS\u00d5ES) <br \/>DECURSO: 1\u00aa SESS\u00c3O <br \/>\u00daLTIMA SESS\u00c3O: 25-04-25 <br \/>Projetos de Lei (Art. 119, I e \u00a71\u00ba) <br \/>A &#8211; Da An\u00e1lise da Constitucionalidade, Juridicidade e M\u00e9rito: <br \/>PROJETO DE LEI N\u00ba 1.034\/25 &#8211; do Sr. Lafayette de Andrada &#8211; que &#8220;altera o Decreto-Lei n\u00ba 3.689, de 3 <br \/>de outubro de 1941 \u2013 C\u00f3digo de Processo Penal, para estabelecer a contagem dos prazos processuais <br \/>em dias \u00fateis e ampliar o prazo de oposi\u00e7\u00e3o dos embargos de declara\u00e7\u00e3o para cinco dias&#8221;. <br \/>RELATOR: Deputado PAULO ABI-ACKEL. <br \/>B &#8211; Da An\u00e1lise da Constitucionalidade e Juridicidade (art. 54, I): <br \/>PROJETO DE LEI N\u00ba 1.020\/23 &#8211; da Sra. C\u00e9lia Xakriab\u00e1 &#8211; que &#8220;institui o Dia Nacional de Prote\u00e7\u00e3o e <br \/>Combate \u00e0 Viol\u00eancia \u00e0s Mulheres Ind\u00edgenas. &#8221; <br \/>RELATOR: Deputado DEFENSOR ST\u00c9LIO DENER. <br \/>PROJETO DE LEI N\u00ba 2.796\/23 &#8211; do Sr. Tarc\u00edsio Motta e outros &#8211; que &#8220;inscreve no Livro dos Her\u00f3is e <br \/>Hero\u00ednas da P\u00e1tria o nome de Francisco Solano Trindade&#8221;. <br \/>RELATOR: Deputado ORLANDO SILVA. <br \/>PROJETO DE LEI N\u00ba 2.875\/23 &#8211; do Senado Federal &#8211; Rom\u00e1rio &#8211; que &#8220;institui o Dia Nacional do <br \/>Acolhimento do Paciente Oncol\u00f3gico&#8221;. (Apensado: PL 6058\/2023) <br \/>RELATORA: Deputada LAURA CARNEIRO. <br \/>PROJETO DE LEI N\u00ba 2.981\/23 &#8211; do Sr. Tarc\u00edsio Motta e outros &#8211; que &#8220;inscreve no Livro dos Her\u00f3is e <br \/>Hero\u00ednas da P\u00e1tria os Camisas Negras&#8221;. <br \/>RELATOR: Deputado ORLANDO SILVA. PROJETO DE LEI N\u00ba 5.782\/23 &#8211; da Sra. Renilce Nicodemos &#8211; que &#8220;institui o \u201cSetembro em Flor\u201d, <br \/>campanha para conscientiza\u00e7\u00e3o sobre os tumores ginecol\u00f3gicos durante o m\u00eas de setembro&#8221;. <br \/>RELATORA: Deputada LAURA CARNEIRO. <br \/>PROJETO DE LEI N\u00ba 1.280\/24 &#8211; do Sr. Pompeo de Mattos e outros &#8211; que &#8220;cria a Rota dos Tropeiros, nos <br \/>Estados de S\u00e3o Paulo, Paran\u00e1, Santa Catarina e Rio Grande do Sul&#8221;. <br \/>RELATORA: Deputada DUDA SALABERT. <br \/>PROJETO DE LEI N\u00ba 2.990\/24 &#8211; da Sra. Dayany Bittencourt &#8211; que &#8220;altera a Lei n\u00ba 9.503, de 23 de <br \/>setembro de 1997, que institui o C\u00f3digo de Tr\u00e2nsito Brasileiro, para dispor sobre a consist\u00eancia e <br \/>regularidade do auto de infra\u00e7\u00e3o de tr\u00e2nsito (AIT) registrado por sistema de videomonitoramento, <br \/>aparelho eletr\u00f4nico ou por equipamento audiovisual, e d\u00e1 outras provid\u00eancias&#8221;. <br \/>RELATORA: Deputada ROSANGELA MORO. <br \/>DECURSO: 2\u00aa SESS\u00c3O <br \/>\u00daLTIMA SESS\u00c3O: 24-04-25 <br \/>Projetos de Lei (Art. 119, I e \u00a71\u00ba) <br \/>A &#8211; Da An\u00e1lise da Constitucionalidade, Juridicidade e M\u00e9rito: <br \/>PROJETO DE LEI N\u00ba 2.304\/21 &#8211; da Sra. Laura Carneiro &#8211; que &#8220;disp\u00f5e sobre a compet\u00eancia para <br \/>processar e julgar o crime de estupro de vulner\u00e1vel, alterando o Decreto-Lei n\u00ba 3.689, de 3 de outubro de <br \/>1941, C\u00f3digo de Processo Penal&#8221;. <br \/>RELATORA: Deputada MARIA DO ROS\u00c1RIO. <br \/>Substitutivo (Art. 119, II e \u00a71\u00ba) <br \/>AS PROPOSI\u00c7\u00d5ES ABAIXO SOMENTE RECEBER\u00c3O EMENDAS APRESENTADAS POR MEMBROS <br \/>DESTA COMISS\u00c3O <br \/>A &#8211; Da An\u00e1lise da Constitucionalidade, Juridicidade e M\u00e9rito: <br \/>PROJETO DE LEI N\u00ba 3.427\/19 &#8211; do Sr. Julio Cesar Ribeiro &#8211; que &#8220;altera a Lei n\u00ba 10.671, de 15 de maio <br \/>de 2003 &#8211; Estatuto de Defesa do Torcedor, para dispor sobre o disque-den\u00fancia e a responsabilidade <br \/>dos clubes&#8221;. <br \/>RELATOR: Deputado DIEGO GARCIA. <br \/>DECURSO: 3\u00aa SESS\u00c3O <br \/>\u00daLTIMA SESS\u00c3O: 23-04-25 <br \/>Projetos de Lei (Art. 119, I e \u00a71\u00ba) <br \/>A &#8211; Da An\u00e1lise da Constitucionalidade, Juridicidade e M\u00e9rito: <br \/>PROJETO DE LEI N\u00ba 3.114\/23 &#8211; do Senado Federal &#8211; Damares Alves &#8211; que &#8220;altera o Decreto-Lei n\u00ba<br \/>2.848, de 7 de dezembro de 1940 (C\u00f3digo Penal), para prever que o estelionato cometido contra pessoa <br \/>com defici\u00eancia procede-se mediante a\u00e7\u00e3o penal p\u00fablica incondicionada&#8221;. <br \/>RELATORA: Deputada LAURA CARNEIRO. <br \/>PROJETO DE LEI N\u00ba 1.329\/24 &#8211; do Sr. Alberto Fraga &#8211; que &#8220;altera a Lei n\u00ba 12.965, de 23 de abril de <br \/>2014, para dispor sobre a obrigatoriedade de publicidade e fundamenta\u00e7\u00e3o, sob pena de nulidade, de <br \/>ordem judicial que determine tornar indispon\u00edvel conte\u00fado publicado ou suspens\u00e3o de perfil ou usu\u00e1rio <br \/>sob alega\u00e7\u00e3o de viola\u00e7\u00e3o relacionada \u00e0 liberdade de express\u00e3o em redes sociais, e d\u00e1 outras <br \/>provid\u00eancias&#8221;. <br \/>RELATOR: Deputado CARLOS JORDY. PROJETO DE LEI N\u00ba 4.261\/24 &#8211; do Sr. Duarte Jr. &#8211; que &#8220;acrescenta o art. 48-A e art. 48-B do Decreto-Lei <br \/>n\u00ba 2.848, de 7 de dezembro de 1940 (C\u00f3digo Penal) para estabelecer sobre a imposi\u00e7\u00e3o de medidas <br \/>restritivas de direitos \u00e0s pessoas condenadas por crimes financeiros e estelionato, impedindo-as de abrir <br \/>ou movimentar contas banc\u00e1rias, inclusive digitais, por um per\u00edodo de at\u00e9 cinco anos&#8221;. <br \/>RELATOR: Deputado CARLOS JORDY. <br \/>B &#8211; Da An\u00e1lise da Constitucionalidade e Juridicidade (art. 54, I): <br \/>PROJETO DE LEI N\u00ba 4.314\/16 &#8211; do Sr. Jer\u00f4nimo Goergen &#8211; que &#8220;altera os artigos 14, 51 e 851 do <br \/>Regulamento da Inspe\u00e7\u00e3o Industrial e Sanit\u00e1ria de Produtos de Origem Animal &#8211; RIISPOA&#8221; <br \/>RELATOR: Deputado CABO GILBERTO SILVA. <br \/>PROJETO DE LEI N\u00ba 152\/22 &#8211; do Sr. Alexandre Padilha &#8211; que &#8220;altera a lei n\u00ba 6.533\/78 que \u201cdisp\u00f5e sobre <br \/>a regulamenta\u00e7\u00e3o das profiss\u00f5es de Artistas e T\u00e9cnicos em Espet\u00e1culos de Divers\u00f5es, e d\u00e1 outras <br \/>provid\u00eancias\u201d para garantir o reconhecimento e representa\u00e7\u00e3o sindical dos trabalhadores e <br \/>trabalhadoras, artistas e t\u00e9cnicos&#8221;. <br \/>RELATOR: Deputado ORLANDO SILVA. <br \/>PROJETO DE LEI N\u00ba 927\/24 &#8211; do Sr. Paulo Litro &#8211; que &#8220;disp\u00f5e sobre a regulamenta\u00e7\u00e3o da profiss\u00e3o de <br \/>crimin\u00f3logo&#8221; <br \/>RELATOR: Deputado SARGENTO PORTUGAL. <br \/>DECURSO: 4\u00aa SESS\u00c3O <br \/>\u00daLTIMA SESS\u00c3O: 22-04-25 <br \/>Substitutivo (Art. 119, II e \u00a71\u00ba) <br \/>AS PROPOSI\u00c7\u00d5ES ABAIXO SOMENTE RECEBER\u00c3O EMENDAS APRESENTADAS POR MEMBROS <br \/>DESTA COMISS\u00c3O <br \/>A &#8211; Da An\u00e1lise da Constitucionalidade, Juridicidade e M\u00e9rito: <br \/>PROJETO DE LEI N\u00ba 1.249\/19 &#8211; do Sr. Geninho Zuliani &#8211; que &#8220;acresce dispositivo ao art. 43, do Decreto-<br \/>Lei n\u00ba 2.848, de 7 de dezembro de 1940 &#8211; C\u00f3digo Penal; para estabelecer que o pagamento de pena <br \/>pecuni\u00e1ria possa ser destinado ao fundo gerido pelo CONANDA &#8211; Conselho Nacional dos Direitos da <br \/>Crian\u00e7a e do Adolescente, ao fundo gerido pelo CEDCA &#8211; Conselho Estadual dos Direitos da Crian\u00e7a e <br \/>do Adolescente, ou pelo CMDCA -Conselho Municipal de Direitos da Crian\u00e7a e do Adolescente &#8211;<br \/>CMDCA, a depender da compet\u00eancia da justi\u00e7a&#8221;. <br \/>RELATORA: Deputada LAURA CARNEIRO. <br \/>PROJETO DE LEI N\u00ba 4.076\/19 &#8211; da Sra. Bia Kicis &#8211; que &#8220;altera o art. 20 da Lei no 10.406, de 10 de <br \/>janeiro de 2002&#8243;. <br \/>RELATOR: Deputado LAFAYETTE DE ANDRADA. <br \/>PROJETO DE LEI N\u00ba 712\/22 &#8211; do Sr. Jer\u00f4nimo Goergen &#8211; que &#8220;altera a Lei n\u00ba 11.442, de 05 de janeiro de <br \/>2007&#8243;. <br \/>RELATOR: Deputado TONINHO WANDSCHEER. <br \/>PROJETO DE LEI N\u00ba 5.758\/23 &#8211; do Sr. Duarte Jr. &#8211; que &#8220;altera a Lei n\u00ba 13.105 de 16 de mar\u00e7o de 2015 <br \/>para introduzir modifica\u00e7\u00f5es no C\u00f3digo de Processo Civil&#8221;. <br \/>RELATOR: Deputado DR. VICTOR LINHALIS. <br \/>B &#8211; Da An\u00e1lise da Constitucionalidade e Juridicidade (art. 54, I): <br \/>PROJETO DE LEI N\u00ba 2.979\/24 &#8211; do Sr. Jo\u00e3o Daniel &#8211; que &#8220;altera a Lei n\u00ba 12.302, de 02 de agosto de <br \/>2010, que regulamenta o exerc\u00edcio da atividade de instrutor de tr\u00e2nsito&#8221;. <br \/>RELATORA: Deputada CHRIS TONIETTO. COMISS\u00c3O DE CULTURA <br \/>AVISOS <br \/>PROPOSI\u00c7\u00d5ES EM FASE DE RECEBIMENTO DE EMENDAS (5 SESS\u00d5ES) <br \/>DECURSO: 4\u00aa SESS\u00c3O <br \/>\u00daLTIMA SESS\u00c3O: 22-04-25 <br \/>Projetos de Lei (Art. 119, I e \u00a71\u00ba) <br \/>PROJETO DE LEI N\u00ba 3.472\/24 &#8211; do Senado Federal &#8211; Fabiano Contarato &#8211; que &#8220;reconhece como <br \/>manifesta\u00e7\u00e3o da cultura nacional a Festa da Penha, realizada no Munic\u00edpio de Vila Velha, no Estado do <br \/>Esp\u00edrito Santo&#8221; <br \/>RELATOR: Deputado PASTOR HENRIQUE VIEIRA. <br \/>DECURSO: 5\u00aa SESS\u00c3O <br \/>\u00daLTIMA SESS\u00c3O: 17-04-25 <br \/>Substitutivo (Art. 119, II e \u00a71\u00ba) <br \/>AS PROPOSI\u00c7\u00d5ES ABAIXO SOMENTE RECEBER\u00c3O EMENDAS APRESENTADAS POR MEMBROS <br \/>DESTA COMISS\u00c3O <br \/>PROJETO DE LEI N\u00ba 2.331\/22 &#8211; do Senado Federal &#8211; Nelsinho Trad &#8211; que &#8220;disp\u00f5e sobre a oferta de <br \/>servi\u00e7os de v\u00eddeo sob demanda ao mercado brasileiro e cria nova modalidade de Contribui\u00e7\u00e3o para o <br \/>Desenvolvimento da Ind\u00fastria Cinematogr\u00e1fica Nacional (Condecine). &#8221; <br \/>RELATORA: Deputada JANDIRA FEGHALI. <br \/>COMISS\u00c3O DE DEFESA DO CONSUMIDOR <br \/>AVISOS <br \/>PROPOSI\u00c7\u00d5ES EM FASE DE RECEBIMENTO DE EMENDAS (5 SESS\u00d5ES) <br \/>DECURSO: 1\u00aa SESS\u00c3O <br \/>\u00daLTIMA SESS\u00c3O: 25-04-25 <br \/>Projetos de Lei (Art. 119, I e \u00a71\u00ba) <br \/>PROJETO DE LEI N\u00ba 4.152\/24 &#8211; do Sr. Marangoni &#8211; que &#8220;regulamenta o transporte a\u00e9reo de animais <br \/>dom\u00e9sticos em territ\u00f3rio nacional e altera a Lei n\u00ba 9.605, de 12 de fevereiro de 1998 (Lei dos Crimes <br \/>Ambientais)&#8221;. <br \/>RELATOR: Deputado AUREO RIBEIRO. <br \/>PROJETO DE LEI N\u00ba 4.167\/24 &#8211; da Sra. Dra. Alessandra Haber &#8211; que &#8220;acrescenta par\u00e1grafo ao art. 39, <br \/>da Lei n\u00ba 8.078, de 11 de setembro de 1990, para caracterizar como recusa de pronto pagamento a n\u00e3o <br \/>aceita\u00e7\u00e3o de dinheiro, cart\u00e3o de cr\u00e9dito, cart\u00e3o de d\u00e9bito e PIX por estabelecimento de estacionamento privado&#8221;. <br \/>RELATOR: Deputado VINICIUS CARVALHO. <br \/>PROJETO DE LEI N\u00ba 4.197\/24 &#8211; da Sra. Meire Serafim &#8211; que &#8220;altera a Lei n\u00ba 9.961, de 28 de janeiro de <br \/>2000, para dispor acerca da compet\u00eancia da ANS de criar e operar um Sistema Nacional de Coleta de <br \/>Dados em Sa\u00fade Suplementar e um Programa de Avalia\u00e7\u00e3o P\u00fablica da Qualidade dos Planos de <br \/>Sa\u00fade&#8221;. <br \/>RELATOR: Deputado AUREO RIBEIRO. <br \/>PROJETO DE LEI N\u00ba 4.547\/24 &#8211; da Sra. Rosana Valle &#8211; que &#8220;determina \u00e0s delegat\u00e1rias de servi\u00e7os de <br \/>telecomunica\u00e7\u00f5es o fornecimento de fatura detalhada, desconto autom\u00e1tico sobre o valor mensal em <br \/>caso de interrup\u00e7\u00e3o na presta\u00e7\u00e3o do servi\u00e7o e notifica\u00e7\u00f5es sobre interrup\u00e7\u00e3o tempor\u00e1ria do servi\u00e7o&#8221;. <br \/>RELATOR: Deputado AUREO RIBEIRO. <br \/>PROJETO DE LEI N\u00ba 4.734\/24 &#8211; da Sra. Adriana Ventura &#8211; que &#8220;altera a Lei n\u00ba 8.078, de 11 de setembro <br \/>de 1990 (C\u00f3digo de Defesa do Consumidor), para dispor sobre op\u00e7\u00e3o de cancelamento imediato em <br \/>contratos de ades\u00e3o com renova\u00e7\u00e3o autom\u00e1tica&#8221;. (Apensado: PL 593\/2025) <br \/>RELATOR: Deputado M\u00c1RCIO MARINHO. <br \/>PROJETO DE LEI N\u00ba 4.925\/24 &#8211; do Sr. Jonas Donizette &#8211; que &#8220;altera a Lei n\u00ba 9.656, de 3 de junho de <br \/>1998, para dispor sobre a inclus\u00e3o de membros do grupo familiar com incapacidade civil reconhecida <br \/>como dependentes em planos de sa\u00fade&#8221;. <br \/>RELATOR: Deputado AUREO RIBEIRO. <br \/>PROJETO DE LEI N\u00ba 128\/25 &#8211; do Sr. Duda Ramos &#8211; que &#8220;altera a Lei n\u00ba 9.472, de 16 de julho de 1997, <br \/>para garantir o direito de o consumidor de telecomunica\u00e7\u00f5es cancelar o contrato de presta\u00e7\u00e3o de servi\u00e7o, <br \/>vedando-se \u00e0s operadoras o condicionamento ao adimplemento de d\u00e9bitos preexistentes&#8221;. <br \/>RELATOR: Deputado CELSO RUSSOMANNO. <br \/>PROJETO DE LEI N\u00ba 150\/25 &#8211; do Sr. Max Lemos &#8211; que &#8220;altera a Lei n\u00ba 9.656, de 3 de junho de 1998, que <br \/>disp\u00f5e sobre os planos e seguros privados de assist\u00eancia \u00e0 sa\u00fade, para estabelecer medidas que <br \/>aumentem a prote\u00e7\u00e3o do consumidor em casos de reembolso e negativa de cobertura, e d\u00e1 outras <br \/>provid\u00eancias&#8221;. <br \/>RELATOR: Deputado AUREO RIBEIRO. <br \/>PROJETO DE LEI N\u00ba 169\/25 &#8211; do Sr. Jonas Donizette &#8211; que &#8220;insere o artigo 17-A ao C\u00f3digo de Defesa <br \/>do Consumidor, para estabelecer que o per\u00edodo m\u00ednimo de registro hist\u00f3rico dos procedimentos de <br \/>Servi\u00e7o de Atendimento ao Consumidor (SAC)&#8221;. <br \/>RELATOR: Deputado DANIEL ALMEIDA. <br \/>PROJETO DE LEI N\u00ba 175\/25 &#8211; do Sr. Gilson Daniel &#8211; que &#8220;altera as leis tais para dispor sobre a <br \/>assist\u00eancia farmac\u00eautica no \u00e2mbito da telessa\u00fade&#8221;. <br \/>RELATOR: Deputado PAUL\u00c3O. <br \/>PROJETO DE LEI N\u00ba 447\/25 &#8211; do Sr. Nitinho &#8211; que &#8220;disp\u00f5e sobre a obrigatoriedade de inclus\u00e3o do teor <br \/>de \u00e1lcool na rotulagem de alimentos que contenham \u00e1lcool em sua composi\u00e7\u00e3o. &#8221; <br \/>RELATOR: Deputado RIBAMAR SILVA. <br \/>PROJETO DE LEI N\u00ba 628\/25 &#8211; do Sr. Vicentinho &#8211; que &#8220;disp\u00f5e sobre o chamamento de consumidores <br \/>pelo fornecedor para saneamento de v\u00edcios de produtos originados de sua fabrica\u00e7\u00e3o. &#8221; <br \/>RELATOR: Deputado DANIEL ALMEIDA. <br \/>PROJETO DE LEI N\u00ba 649\/25 &#8211; da Sra. Rosangela Moro &#8211; que &#8220;altera a Lei n\u00ba 9.656, de 3 de junho de <br \/>1998, que disp\u00f5e sobre os planos privados de assist\u00eancia \u00e0 sa\u00fade, para estabelecer a obrigatoriedade <br \/>de atendimento dos casos de urg\u00eancia, decorrentes de processo gestacional, nos planos de <br \/>segmenta\u00e7\u00e3o hospitalar sem obstetr\u00edcia&#8221;. <br \/>RELATORA: Deputada GISELA SIMONA. <br \/>DECURSO: 3\u00aa SESS\u00c3O <br \/>\u00daLTIMA SESS\u00c3O: 23-04-25 Substitutivo (Art. 119, II e \u00a71\u00ba) <br \/>AS PROPOSI\u00c7\u00d5ES ABAIXO SOMENTE RECEBER\u00c3O EMENDAS APRESENTADAS POR MEMBROS <br \/>DESTA COMISS\u00c3O <br \/>PROJETO DE LEI N\u00ba 3.220\/24 &#8211; da Sra. Mission\u00e1ria Michele Collins &#8211; que &#8220;altera a Lei n\u00ba 7.565, de 19 de <br \/>dezembro de 1986, que disp\u00f5e sobre o C\u00f3digo Brasileiro de Aeron\u00e1utica, a fim de incluir a <br \/>obrigatoriedade de apresenta\u00e7\u00e3o, por parte das companhias a\u00e9reas, de um certificado de verifica\u00e7\u00e3o <br \/>estrutural e operacional de aeronaves comerciais&#8221;. <br \/>RELATOR: Deputado DUARTE JR.. <br \/>DECURSO: 4\u00aa SESS\u00c3O <br \/>\u00daLTIMA SESS\u00c3O: 22-04-25 <br \/>Substitutivo (Art. 119, II e \u00a71\u00ba) <br \/>AS PROPOSI\u00c7\u00d5ES ABAIXO SOMENTE RECEBER\u00c3O EMENDAS APRESENTADAS POR MEMBROS <br \/>DESTA COMISS\u00c3O <br \/>PROJETO DE LEI N\u00ba 3.697\/24 &#8211; da Sra. Adriana Ventura e outros &#8211; que &#8220;institui a restitui\u00e7\u00e3o autom\u00e1tica <br \/>do Imposto de Importa\u00e7\u00e3o pago, no \u00e2mbito do Regime de Tributa\u00e7\u00e3o Simplificada (RTS), quando o <br \/>importador desistir da compra&#8221;. <br \/>RELATOR: Deputado DUARTE JR.. <br \/>COMISS\u00c3O DE DEFESA DOS DIREITOS DA MULHER <br \/>AVISOS <br \/>PROPOSI\u00c7\u00d5ES EM FASE DE RECEBIMENTO DE EMENDAS (5 SESS\u00d5ES) <br \/>DECURSO: 1\u00aa SESS\u00c3O <br \/>\u00daLTIMA SESS\u00c3O: 25-04-25 <br \/>Substitutivo (Art. 119, II e \u00a71\u00ba) <br \/>AS PROPOSI\u00c7\u00d5ES ABAIXO SOMENTE RECEBER\u00c3O EMENDAS APRESENTADAS POR MEMBROS <br \/>DESTA COMISS\u00c3O <br \/>PROJETO DE LEI N\u00ba 3.893\/24 &#8211; da Sra. Renata Abreu &#8211; que &#8220;disp\u00f5e sobre as Rondas Maria da Penha <br \/>no \u00e2mbito das Pol\u00edcias Militares&#8221;. <br \/>RELATORA: Deputada DELEGADA IONE. <br \/>COMISS\u00c3O DE DEFESA DOS DIREITOS DAS PESSOAS COM DEFICI\u00caNCIA <br \/>AVISOS <br \/>PROPOSI\u00c7\u00d5ES EM FASE DE RECEBIMENTO DE EMENDAS A PARTIR DE TER\u00c7A-FEIRA (DIA 22\/04\/2025) <br \/>Substitutivo (Art. 119, II e \u00a71\u00ba) <br \/>AS PROPOSI\u00c7\u00d5ES ABAIXO SOMENTE RECEBER\u00c3O EMENDAS APRESENTADAS POR MEMBROS <br \/>DESTA COMISS\u00c3O <br \/>PROJETO DE LEI N\u00ba 2.982\/22 &#8211; da Sra. Renata Abreu &#8211; que &#8220;acrescenta dispositivo \u00e0 Lei n\u00ba 12.764, de <br \/>27 de dezembro de 2012, que institui a Pol\u00edtica Nacional de Prote\u00e7\u00e3o dos Direitos da Pessoa com <br \/>Transtorno do Espectro Autista, para tornar obrigat\u00f3ria a oferta de carrinhos de compra adaptados para <br \/>indiv\u00edduos que precisam frequentar estabelecimentos comerciais e cong\u00eaneres acompanhados de <br \/>pessoa com transtorno do espectro autista&#8221;. (Apensado: PL 673\/2023 (Apensados: PL 4117\/2023, PL <br \/>5653\/2023 e PL 6114\/2023)) <br \/>RELATOR: Deputado GLAUSTIN DA FOKUS. <br \/>PROJETO DE LEI N\u00ba 5.576\/23 &#8211; do Sr. Romero Rodrigues &#8211; que &#8220;acrescenta dispositivo \u00e0 Lei n\u00ba 12.764, <br \/>de 27 de dezembro de 2012 &#8211; que institui a Pol\u00edtica Nacional de Prote\u00e7\u00e3o dos Direitos da Pessoa com <br \/>Transtorno do Espectro Autista; e altera o \u00a7 3\u00ba do art. 98 da Lei n\u00ba 8.112, de 11 de dezembro de 1990, <br \/>proibindo a aplica\u00e7\u00e3o de qualquer san\u00e7\u00e3o em condom\u00ednios decorrentes de perturba\u00e7\u00e3o do sossego <br \/>envolvendo pessoas diagnosticadas com o transtorno de espectro autista&#8221;. <br \/>RELATOR: Deputado DUARTE JR.. <br \/>PROPOSI\u00c7\u00d5ES EM FASE DE RECEBIMENTO DE EMENDAS (5 SESS\u00d5ES) <br \/>DECURSO: 1\u00aa SESS\u00c3O <br \/>\u00daLTIMA SESS\u00c3O: 25-04-25 <br \/>Substitutivo (Art. 119, II e \u00a71\u00ba) <br \/>AS PROPOSI\u00c7\u00d5ES ABAIXO SOMENTE RECEBER\u00c3O EMENDAS APRESENTADAS POR MEMBROS <br \/>DESTA COMISS\u00c3O <br \/>PROJETO DE LEI N\u00ba 1.002\/22 &#8211; do Sr. Geninho Zuliani &#8211; que &#8220;acrescenta-se o \u00a74\u00ba, ao art. 48, da Lei n\u00ba<br \/>13.146, de 6 de julho de 2015, que Institui a Lei Brasileira de Inclus\u00e3o da Pessoa com Defici\u00eancia <br \/>(Estatuto da Pessoa com Defici\u00eancia), obrigando o transporte gratuitamente da ajuda t\u00e9cnica utilizada <br \/>pela Pessoa com Defici\u00eancia, na cabine da aeronave, da forma que especifica&#8221; <br \/>RELATORA: Deputada ANDREIA SIQUEIRA. <br \/>DECURSO: 2\u00aa SESS\u00c3O <br \/>\u00daLTIMA SESS\u00c3O: 24-04-25 <br \/>Substitutivo (Art. 119, II e \u00a71\u00ba) <br \/>AS PROPOSI\u00c7\u00d5ES ABAIXO SOMENTE RECEBER\u00c3O EMENDAS APRESENTADAS POR MEMBROS <br \/>DESTA COMISS\u00c3O <br \/>PROJETO DE LEI N\u00ba 1.385\/22 &#8211; do Sr. Luciano Ducci &#8211; que &#8220;altera a Lei n.\u00ba 13.146, de 6 de julho de <br \/>2015, que institui a Lei Brasileira de Inclus\u00e3o da Pessoa com Defici\u00eancia (Estatuto da Pessoa com <br \/>Defici\u00eancia), para dispor sobre responsabilidade civil.\u201d&#8221; (Apensado: PL 1386\/2022) <br \/>RELATORA: Deputada SILVIA CRISTINA. <br \/>PROJETO DE LEI N\u00ba 3.832\/24 &#8211; do Sr. Dr. Fernando M\u00e1ximo &#8211; que &#8220;&#8221;Altera a da Lei n\u00ba 13.146, de 6 de <br \/>julho de 2015 (Estatuto da Pessoa com Defici\u00eancia) para garantir prioridade no acesso \u00e0s vagas em <br \/>estabelecimentos da rede p\u00fablica de educa\u00e7\u00e3o b\u00e1sica, inclusive creches.&#8221;&#8221; <br \/>RELATORA: Deputada DAYANY BITTENCOURT. DECURSO: 4\u00aa SESS\u00c3O <br \/>\u00daLTIMA SESS\u00c3O: 22-04-25 <br \/>Substitutivo (Art. 119, II e \u00a71\u00ba) <br \/>AS PROPOSI\u00c7\u00d5ES ABAIXO SOMENTE RECEBER\u00c3O EMENDAS APRESENTADAS POR MEMBROS <br \/>DESTA COMISS\u00c3O <br \/>PROJETO DE LEI N\u00ba 456\/22 &#8211; do Sr. F\u00e1bio Henrique &#8211; que &#8220;altera a Lei n\u00ba 13.146, de 6 de julho de 2015, <br \/>para garantir gratuidade no transporte p\u00fablico para as pessoas com defici\u00eancia nos Estados e Munic\u00edpios <br \/>onde h\u00e1 essa previs\u00e3o&#8221;. <br \/>RELATOR: Deputado DUARTE JR.. <br \/>PROJETO DE LEI N\u00ba 3.351\/24 &#8211; da Sra. Carla Ayres &#8211; que &#8220;estabelece diretrizes e a\u00e7\u00f5es para o <br \/>atendimento integral e a ressocializa\u00e7\u00e3o de trabalhadoras dom\u00e9sticas resgatadas em situa\u00e7\u00e3o an\u00e1loga \u00e0 <br \/>escravid\u00e3o e de tr\u00e1fico de pessoas, assegurando a cessa\u00e7\u00e3o de viol\u00eancias dom\u00e9sticas, a reconex\u00e3o <br \/>familiar, a garantia de repara\u00e7\u00e3o integral, e o apoio necess\u00e1rio para a manifesta\u00e7\u00e3o de vontade de <br \/>trabalhadoras com defici\u00eancia, e d\u00e1 outras provid\u00eancias (Lei S\u00f4nia Maria de Jesus). &#8221; <br \/>RELATOR: Deputado GERALDO RESENDE. <br \/>DECURSO: 5\u00aa SESS\u00c3O <br \/>\u00daLTIMA SESS\u00c3O: 17-04-25 <br \/>Substitutivo (Art. 119, II e \u00a71\u00ba) <br \/>AS PROPOSI\u00c7\u00d5ES ABAIXO SOMENTE RECEBER\u00c3O EMENDAS APRESENTADAS POR MEMBROS <br \/>DESTA COMISS\u00c3O <br \/>PROJETO DE LEI N\u00ba 1.307\/24 &#8211; do Sr. Gilberto Nascimento &#8211; que &#8220;disp\u00f5e sobre a entrega domiciliar <br \/>gratuita de medicamentos de uso cont\u00ednuo \u00e0s pessoas idosas e portadoras de necessidades especiais e <br \/>d\u00e1 outras provid\u00eancias. &#8221; <br \/>RELATORA: Deputada ANDREIA SIQUEIRA. <br \/>COMISS\u00c3O DE DESENVOLVIMENTO URBANO <br \/>AVISOS <br \/>PROPOSI\u00c7\u00d5ES EM FASE DE RECEBIMENTO DE EMENDAS A PARTIR DE <br \/>TER\u00c7A-FEIRA (DIA 22\/04\/2025) <br \/>Substitutivo (Art. 119, II e \u00a71\u00ba) <br \/>AS PROPOSI\u00c7\u00d5ES ABAIXO SOMENTE RECEBER\u00c3O EMENDAS APRESENTADAS POR MEMBROS <br \/>DESTA COMISS\u00c3O <br \/>PROJETO DE LEI N\u00ba 891\/23 &#8211; do Sr. Julio Cesar Ribeiro &#8211; que &#8220;disp\u00f5e sobre a ado\u00e7\u00e3o de espa\u00e7os <br \/>p\u00fablicos por entidades e empresas e d\u00e1 outras provid\u00eancias&#8221;. (Apensado: PL 2494\/2019) <br \/>RELATOR: Deputado TONINHO WANDSCHEER. <br \/>PROPOSI\u00c7\u00d5ES EM FASE DE RECEBIMENTO DE EMENDAS (5 SESS\u00d5ES) DECURSO: 4\u00aa SESS\u00c3O <br \/>\u00daLTIMA SESS\u00c3O: 22-04-25 <br \/>Projetos de Lei (Art. 119, I e \u00a71\u00ba) <br \/>PROJETO DE LEI N\u00ba 3.878\/23 &#8211; do Sr. Alex Manente e outros &#8211; que &#8220;altera a Lei n\u00ba 12.587, de 3 de <br \/>janeiro de 2012, e a Lei n\u00ba 12.468, de 26 de agosto de 2011, para dispor sobre a seguran\u00e7a dos usu\u00e1rios <br \/>de transporte urbano em estado de vulnerabilidade&#8221;. (Apensados: PL 3962\/2023 (Apensado: PL <br \/>4008\/2023), PL 3996\/2023 (Apensado: PL 4568\/2023), PL 4138\/2023 e PL 4917\/2023) <br \/>RELATOR: Deputado SAULO PEDROSO. <br \/>PROJETO DE LEI N\u00ba 6.168\/23 &#8211; da Sra. Laura Carneiro &#8211; que &#8220;institui o Regime Especial de Incentivos <br \/>para o Transporte P\u00fablico Coletivo Alternativo Urbano e Metropolitano de Passageiros &#8211; REITAUP&#8221;. <br \/>RELATOR: Deputado JOS\u00c9 PRIANTE. <br \/>PROJETO DE LEI N\u00ba 1.082\/11 &#8211; do Sr. Cleber Verde &#8211; que &#8220;altera os arts. 12, 23 e 24 da Lei n\u00ba 9.636, de <br \/>15 de maio de 1998, que Disp\u00f5e sobre a regulariza\u00e7\u00e3o, administra\u00e7\u00e3o, aforamento e aliena\u00e7\u00e3o de bens <br \/>im\u00f3veis de dom\u00ednio da Uni\u00e3o e d\u00e1 outras provid\u00eancias&#8221;. <br \/>RELATOR: Deputado JOS\u00c9 PRIANTE. <br \/>PROJETO DE LEI N\u00ba 626\/19 &#8211; do Sr. Capit\u00e3o Wagner &#8211; que &#8220;altera a Lei n\u00ba 13.439, de 27 de abril de <br \/>2017, para incluir a aquisi\u00e7\u00e3o e a instala\u00e7\u00e3o de tubula\u00e7\u00f5es de esgoto entre os usos permitidos do Cart\u00e3o <br \/>Reforma&#8221;. (Apensado: PL 5732\/2019) <br \/>RELATOR: Deputado COBALCHINI. <br \/>PROJETO DE LEI N\u00ba 1.641\/19 &#8211; do Senado Federal &#8211; Veneziano Vital do R\u00eago &#8211; que &#8220;altera a Lei n\u00ba<br \/>9.433, de 8 de janeiro de 1997, para incluir entre os fundamentos da Pol\u00edtica Nacional de Recursos <br \/>H\u00eddricos o re\u00faso da \u00e1gua e a compatibilidade entre a qualidade do recurso h\u00eddrico e as exig\u00eancias de seu <br \/>uso&#8221;. <br \/>RELATOR: Deputado FERNANDO MONTEIRO. <br \/>PROJETO DE LEI N\u00ba 2.018\/19 &#8211; do Sr. L\u00e9o Moraes &#8211; que &#8220;obriga as concession\u00e1rias e permission\u00e1rias <br \/>de servi\u00e7o p\u00fablico de distribui\u00e7\u00e3o de energia el\u00e9trica a disponibilizarem os valores arrecadados e <br \/>repassados \u00e0s prefeituras municipais referentes \u00e0 contribui\u00e7\u00e3o para o custeio do servi\u00e7o de ilumina\u00e7\u00e3o <br \/>p\u00fablica previsto no art. 149-A da Constitui\u00e7\u00e3o Federal&#8221;. (Apensados: PL 185\/2023 e PL 2656\/2023 <br \/>(Apensado: PL 750\/2024)) <br \/>RELATOR: Deputado JOS\u00c9 PRIANTE. <br \/>PROJETO DE LEI N\u00ba 2.782\/19 &#8211; do Sr. Giovani Cherini &#8211; que &#8220;acrescenta o art. 11-A \u00e0 Lei n\u00ba 11.977, de <br \/>7 de julho de 2009, que &#8220;Disp\u00f5e sobre o Programa Minha Casa, Minha Vida (PMCMV) e d\u00e1 outras <br \/>provid\u00eancias, para os fins de incluir os t\u00e9cnicos agr\u00edcolas no \u00e2mbito do subprograma denominado <br \/>Programa Nacional de Habita\u00e7\u00e3o Rural &#8211; PNHR&#8221;. <br \/>RELATOR: Deputado HILDO ROCHA. <br \/>PROJETO DE LEI N\u00ba 775\/20 &#8211; do Senado Federal &#8211; Fabiano Contarato &#8211; que &#8220;institui a Semana do Lixo <br \/>Zero. &#8221; <br \/>RELATOR: Deputado THIAGO FLORES. <br \/>PROJETO DE LEI N\u00ba 4.769\/20 &#8211; do Sr. Coronel Tadeu &#8211; que &#8220;d\u00e1 nova reda\u00e7\u00e3o aos dispositivos da Lei n\u00ba<br \/>11.977, de 7 de julho de 2009, que disp\u00f5e sobre o Programa Minha Casa, Minha Vida. &#8221; <br \/>RELATOR: Deputado HILDO ROCHA. <br \/>PROJETO DE LEI N\u00ba 1.437\/22 &#8211; do Sr. Gustavo Fruet &#8211; que &#8220;disp\u00f5e sobre a disponibiliza\u00e7\u00e3o pelos <br \/>\u00f3rg\u00e3os p\u00fablicos competentes de espa\u00e7os p\u00fablicos para a log\u00edstica reversa&#8221;. <br \/>RELATOR: Deputado COBALCHINI. <br \/>PROJETO DE LEI N\u00ba 4.968\/23 &#8211; do Sr. Eriberto Medeiros &#8211; que &#8220;altera a Lei n\u00ba 12.587, de 2012, que <br \/>Institui as diretrizes da Pol\u00edtica Nacional de Mobilidade Urbana, para dispor sobre a presta\u00e7\u00e3o, pelo <br \/>Poder P\u00fablico, de servi\u00e7o de transporte para atendimento de pessoas com defici\u00eancia f\u00edsica com severa <br \/>dificuldade de locomo\u00e7\u00e3o. &#8221; RELATORA: Deputada LUIZA ERUNDINA. <br \/>PROJETO DE LEI N\u00ba 5.211\/23 &#8211; da Sra. Rosana Valle &#8211; que &#8220;confere o t\u00edtulo de Capital Nacional dos <br \/>Jardins de Orla Mar\u00edtima ao munic\u00edpio de Santos, no estado de S\u00e3o Paulo&#8221;. <br \/>RELATOR: Deputado ELI BORGES. <br \/>PROJETO DE LEI N\u00ba 5.214\/23 &#8211; do Sr. Murilo Galdino &#8211; que &#8220;altera a Lei n\u00ba 9.795, de 27 de abril de <br \/>1999, que disp\u00f5e sobre a educa\u00e7\u00e3o ambiental, para obrigar que impressos de publicidade distribu\u00eddos <br \/>em vias p\u00fablicas sejam fabricados com material biodegrad\u00e1vel e contenham selo de recomenda\u00e7\u00e3o de <br \/>seu descarte ambientalmente adequado, e d\u00e1 outras provid\u00eancias. &#8221; <br \/>RELATOR: Deputado ELI BORGES. <br \/>PROJETO DE LEI N\u00ba 5.386\/23 &#8211; do Senado Federal &#8211; Damares Alves &#8211; que &#8220;altera a Lei n\u00ba 10.257, de 10 <br \/>de julho de 2001 (Estatuto da Cidade), para incluir diretriz de pol\u00edtica urbana relativa \u00e0 constru\u00e7\u00e3o, <br \/>instala\u00e7\u00e3o, sinaliza\u00e7\u00e3o, higieniza\u00e7\u00e3o e conserva\u00e7\u00e3o de equipamentos de uso coletivo&#8221;. <br \/>RELATOR: Deputado COBALCHINI. <br \/>PROJETO DE LEI N\u00ba 5.618\/23 &#8211; do Sr. Reimont &#8211; que &#8220;institui o Termo Territorial Coletivo como <br \/>instrumento urban\u00edstico de gest\u00e3o territorial caracterizado pela gest\u00e3o coletiva da propriedade da terra, <br \/>pela titularidade individual das constru\u00e7\u00f5es e pela autonomia de ingresso, visando \u00e0 sustentabilidade da <br \/>habita\u00e7\u00e3o de interesse social e da outras provid\u00eancias. &#8221; <br \/>RELATOR: Deputado JOSEILDO RAMOS. <br \/>PROJETO DE LEI N\u00ba 5.640\/23 &#8211; do Sr. Andr\u00e9 Figueiredo &#8211; que &#8220;institui o Marco Legal para Seguran\u00e7a de <br \/>Linhas de Transmiss\u00e3o de Energia El\u00e9trica e Telecomunica\u00e7\u00f5es, estabelecendo regras para facilitar o <br \/>financiamento de convers\u00e3o de linhas de transmiss\u00e3o a\u00e9reas em linhas de transmiss\u00e3o subterr\u00e2neas, <br \/>alterando a Lei 8.987, de 13 de fevereiro de 1995, a Lei n\u00ba 9.427, de 26 de dezembro de 1996, a Lei n\u00ba<br \/>9.998, de 17 de agosto de 2000, e a Lei n\u00ba 10.438, de 26 de abril de 2002. &#8221; <br \/>RELATOR: Deputado HILDO ROCHA. <br \/>PROJETO DE LEI N\u00ba 5.642\/23 &#8211; do Sr. Eduardo Velloso &#8211; que &#8220;altera a Lei n\u00ba 12.587, de 3 de janeiro de <br \/>2012, para dispor sobre o transporte remunerado privado individual de passageiros com motocicleta&#8221;. <br \/>(Apensado: PL 4905\/2024) <br \/>RELATOR: Deputado FERNANDO MONTEIRO. <br \/>PROJETO DE LEI N\u00ba 5.735\/23 &#8211; do Sr. Jos\u00e9 Priante &#8211; que &#8220;altera a Lei n\u00ba 10.257, de 10 de julho de 2001 <br \/>(Estatuto da Cidade), para estabelecer medidas compensat\u00f3rias aos Munic\u00edpios pela instala\u00e7\u00e3o de <br \/>unidades prisionais&#8221;. <br \/>RELATOR: Deputado ANT\u00d4NIO DOIDO. <br \/>PROJETO DE LEI N\u00ba 5.916\/23 &#8211; Jos\u00e9 Medeiros e Evair Vieira de Melo &#8211; que &#8220;altera as Leis n\u00ba 9.074, de 7 <br \/>de julho de 1995, n\u00ba 10.257, de 10 de julho de 2001 e n\u00ba 8.631, de 4 de mar\u00e7o de 1993, com o objetivo <br \/>garantir e ampliar os direitos dos consumidores de energia el\u00e9trica no Brasil&#8221;. <br \/>RELATOR: Deputado PAULO LITRO. <br \/>PROJETO DE LEI N\u00ba 161\/24 &#8211; da Sra. Yandra Moura &#8211; que &#8220;disp\u00f5e sobre o Programa de Fomento \u00e0s <br \/>Cidades Resilientes e d\u00e1 outras provid\u00eancias&#8221; <br \/>RELATOR: Deputado MAX LEMOS. <br \/>PROJETO DE LEI N\u00ba 302\/24 &#8211; do Sr. Carlos Henrique Gaguim &#8211; que &#8220;altera a Lei n\u00ba 14.620, de 13 de <br \/>julho de 2023, que disp\u00f5e sobre o Programa Minha Casa, Minha Vida, para tratar da prioriza\u00e7\u00e3o de <br \/>a\u00e7\u00f5es que objetivem garantir o acesso a banheiros privativos nas unidades habitacionais&#8221;. <br \/>RELATOR: Deputado COBALCHINI. <br \/>PROJETO DE LEI N\u00ba 314\/24 &#8211; do Sr. Henrique J\u00fanior &#8211; que &#8220;altera as Leis n\u00ba 12.587, de 3 de janeiro de <br \/>2012, e n\u00ba 12.468, de 26 de agosto de 2011, para incluir as viagens compartilhadas nos servi\u00e7os de t\u00e1xi. <br \/>(T\u00e1xi Lota\u00e7\u00e3o) &#8221; <br \/>RELATOR: Deputado MAX LEMOS. <br \/>PROJETO DE LEI N\u00ba 366\/24 &#8211; da Sra. Yandra Moura &#8211; que &#8220;disp\u00f5e sobre o Programa de Fomento \u00e0s <br \/>Cidades Inclusivas e d\u00e1 outras provid\u00eancias&#8221; <br \/>RELATOR: Deputado THIAGO FLORES. PROJETO DE LEI N\u00ba 722\/24 &#8211; da Sra. Duda Salabert &#8211; que &#8220;institui a Vis\u00e3o Zero, como parte da <br \/>estrat\u00e9gia da elabora\u00e7\u00e3o de pol\u00edticas, planos, programas e a\u00e7\u00f5es relacionadas \u00e0 mobilidade urbana, <br \/>tr\u00e2nsito e transporte no pa\u00eds&#8221;. <br \/>RELATOR: Deputado THIAGO FLORES. <br \/>PROJETO DE LEI N\u00ba 741\/24 &#8211; do Sr. Darci de Matos &#8211; que &#8220;altera a Lei n\u00ba 12.587, de 3 de janeiro de <br \/>2012, que \u201cinstitui as diretrizes da Pol\u00edtica Nacional de Mobilidade Urbana\u201d, a fim de estabelecer ao <br \/>Microeemprendedor Individual &#8211; MEI a exclusividade na explora\u00e7\u00e3o do transporte remunerado privado <br \/>individual de passageiros&#8221; <br \/>RELATOR: Deputado ICARO DE VALMIR. <br \/>PROJETO DE LEI N\u00ba 944\/24 &#8211; do Sr. Delegado Bruno Lima &#8211; que &#8220;altera a Lei n\u00ba 11.977, de 7 de julho de <br \/>2009, que \u201cDisp\u00f5e sobre o Programa Minha Casa, Minha Vida \u2013 PMCMV (&#8230;)\u201d para incluir exist\u00eancia ou <br \/>compromisso da utiliza\u00e7\u00e3o de matrizes de energia limpa e renov\u00e1veis para a execu\u00e7\u00e3o e manuten\u00e7\u00e3o <br \/>dos empreendimentos do PMCMV, e d\u00e1 outras provid\u00eancias&#8221;. <br \/>RELATOR: Deputado ANT\u00d4NIO DOIDO. <br \/>PROJETO DE LEI N\u00ba 946\/24 &#8211; do Sr. Delegado Bruno Lima &#8211; que &#8220;altera a Lei n\u00ba 11.977, de 7 de julho de <br \/>2009, que\u201cDisp\u00f5e sobre o Programa Minha Casa, Minha Vida &#8211; PMCMV (&#8230;)\u201d para incluir a difus\u00e3o da <br \/>prote\u00e7\u00e3o e dos direitos dos animais, nos trabalhos sociais, e d\u00e1 outras provid\u00eancias. &#8221; (Apensado: PL <br \/>947\/2024) <br \/>RELATOR: Deputado TONINHO WANDSCHEER. <br \/>PROJETO DE LEI N\u00ba 998\/24 &#8211; do Sr. Benes Leoc\u00e1dio &#8211; que &#8220;institui a Pol\u00edtica de Incentivo ao <br \/>Desenvolvimento da Log\u00edstica Reversa de Pain\u00e9is Fotovoltaicos &#8220;. <br \/>RELATOR: Deputado HILDO ROCHA. <br \/>PROJETO DE LEI N\u00ba 1.014\/24 &#8211; do Sr. Raniery Paulino &#8211; que &#8220;disp\u00f5e sobre a institui\u00e7\u00e3o do \u201cPrograma <br \/>Nacional Engenheiros para o Brasil&#8221;, destinado a promover a atua\u00e7\u00e3o t\u00e9cnica de profissionais da <br \/>engenharia para o desenvolvimento de pol\u00edticas p\u00fablicas e projetos de infraestrutura na execu\u00e7\u00e3o dos <br \/>conv\u00eanios firmados entre os Munic\u00edpios e a Uni\u00e3o. &#8221; <br \/>RELATOR: Deputado FERNANDO MONTEIRO. <br \/>PROJETO DE LEI N\u00ba 1.037\/24 &#8211; do Sr. Clodoaldo Magalh\u00e3es &#8211; que &#8220;institui a Pol\u00edtica Nacional de <br \/>Incentivo \u00e0 Reforma e Moderniza\u00e7\u00e3o de Resid\u00eancias, dispondo sobre a concess\u00e3o de linhas de cr\u00e9dito <br \/>subsidiadas pelo Banco Nacional de Desenvolvimento Econ\u00f4mico e Social (BNDES) e demais bancos <br \/>p\u00fablicos para a revitaliza\u00e7\u00e3o de fachadas de casas urbanas em \u00e1reas metropolitanas, e d\u00e1 outras <br \/>provid\u00eancias. &#8221; <br \/>RELATOR: Deputado HILDO ROCHA. <br \/>PROJETO DE LEI N\u00ba 1.193\/24 &#8211; do Sr. Marcos Pollon &#8211; que &#8220;qualifica como Organiza\u00e7\u00f5es da Sociedade <br \/>Civil de Interesse P\u00fablico as pessoas jur\u00eddicas de direito privado registradas na modalidade de entidade <br \/>de tiro desportivo regularmente inscritas nos \u00f3rg\u00e3os competentes e d\u00e1 outras provid\u00eancias&#8221;. <br \/>RELATOR: Deputado ANT\u00d4NIO DOIDO. <br \/>PROJETO DE LEI N\u00ba 1.251\/24 &#8211; do Sr. Kim Kataguiri &#8211; que &#8220;disp\u00f5e sobre a popula\u00e7\u00e3o em situa\u00e7\u00e3o de <br \/>rua&#8221; (Apensado: PL 2950\/2024) <br \/>RELATOR: Deputado ANT\u00d4NIO DOIDO. <br \/>PROJETO DE LEI N\u00ba 1.385\/24 &#8211; do Sr. Duarte Jr. &#8211; que &#8220;disp\u00f5e sobre diretrizes para a opera\u00e7\u00e3o integral <br \/>dos ve\u00edculos do sistema de transporte coletivo durante os dias de realiza\u00e7\u00e3o de concursos p\u00fablicos&#8221;. <br \/>RELATOR: Deputado JOS\u00c9 PRIANTE. <br \/>PROJETO DE LEI N\u00ba 1.505\/24 &#8211; do Sr. Clodoaldo Magalh\u00e3es &#8211; que &#8220;disp\u00f5e sobre a concess\u00e3o de <br \/>constru\u00e7\u00e3o e opera\u00e7\u00e3o de faixas de pista exclusiva em \u00e1reas urbanas para motocicletas, caminh\u00f5es e <br \/>\u00f4nibus, e d\u00e1 outras provid\u00eancias. &#8221; <br \/>RELATOR: Deputado ELI BORGES. <br \/>PROJETO DE LEI N\u00ba 1.901\/24 &#8211; do Sr. Zeca Dirceu &#8211; que &#8220;altera a Lei n\u00ba 6.766, de 19 de dezembro de <br \/>1979, a fim de regulamentar com maior rigor a ocupa\u00e7\u00e3o de terrenos alagadi\u00e7os e sujeitos a inunda\u00e7\u00f5es <br \/>na implanta\u00e7\u00e3o de parcelamentos do solo urbano, em zonas urbanas, de expans\u00e3o urbana ou de <br \/>urbaniza\u00e7\u00e3o espec\u00edfica. &#8221; RELATOR: Deputado ICARO DE VALMIR. <br \/>PROJETO DE LEI N\u00ba 2.003\/24 &#8211; do Sr. Pompeo de Mattos &#8211; que &#8220;altera a Lei n\u00ba 11.124, de 16 de junho <br \/>de 2005, para autorizar o remanejamento de eventuais saldos do Fundo de Habita\u00e7\u00e3o de Interesse <br \/>Social por meio de processo simplificado de aditamento contratual entre o ente federativo e o agente <br \/>operador do FNHIS. &#8221; <br \/>RELATOR: Deputado HILDO ROCHA. <br \/>PROJETO DE LEI N\u00ba 2.030\/24 &#8211; Dr. Daniel Soranz e Douglas Viegas &#8211; que &#8220;institui o Programa Moradia <br \/>Primeiro&#8221;. <br \/>RELATOR: Deputado ANT\u00d4NIO DOIDO. <br \/>PROJETO DE LEI N\u00ba 2.134\/24 &#8211; da Sra. Duda Salabert &#8211; que &#8220;institui o Programa Nacional de <br \/>Destina\u00e7\u00e3o Correta aos Ve\u00edculos Abandonados em vias p\u00fablicas e d\u00e1 outras provid\u00eancias&#8221;. <br \/>RELATOR: Deputado ALIEL MACHADO. <br \/>PROJETO DE LEI N\u00ba 2.136\/24 &#8211; do Sr. Hildo Rocha &#8211; que &#8220;altera a Lei 14.620, de 13 de Julho de 2023, a <br \/>Lei n\u00ba 11.124, de 16 de junho de 2005, a Lei 11.977, de 7 de julho de 2009, a Lei 10.188, de 12 de <br \/>fevereiro de 2001, a Lei n\u00ba 10.257, de 10 de julho de 2001, a Lei 8.677, de 13 de julho de 1993 e a Lei n\u00ba<br \/>4.380, de 21 de agosto de 1964, que institui mecanismos de est\u00edmulo \u00e0 instala\u00e7\u00e3o de sistemas de coleta, <br \/>armazenamento e utiliza\u00e7\u00e3o de \u00e1guas pluviais em edifica\u00e7\u00f5es p\u00fablicas e privadas&#8221;. <br \/>RELATOR: Deputado FERNANDO MONTEIRO. <br \/>PROJETO DE LEI N\u00ba 2.256\/24 &#8211; do Sr. Amom Mandel &#8211; que &#8220;institui a Lei de Aprimoramento do Sistema <br \/>de Alertas Meteorol\u00f3gicos, visando \u00e0 melhoria na precis\u00e3o e anteced\u00eancia dos alertas sobre chuvas <br \/>intensas e riscos associados&#8221;. <br \/>RELATORA: Deputada JULIANA CARDOSO. <br \/>PROJETO DE LEI N\u00ba 2.675\/24 &#8211; da Sra. Yandra Moura &#8211; que &#8220;institui o Programa Bairro +Perto (BAIRRO <br \/>+ PERTO) e d\u00e1 outras provid\u00eancias&#8221;. <br \/>RELATOR: Deputado RAFAEL SIMOES. <br \/>PROJETO DE LEI N\u00ba 3.237\/24 &#8211; do Sr. Aureo Ribeiro &#8211; que &#8220;altera o Decreto-Lei n\u00ba 25, de 30 de <br \/>novembro de 1937, que organiza a prote\u00e7\u00e3o do patrim\u00f4nio hist\u00f3rico e art\u00edstico nacional, para <br \/>implementar o conceito de zonas de prote\u00e7\u00e3o e prever a elabora\u00e7\u00e3o de Planos de Preserva\u00e7\u00e3o do Bem <br \/>Tombado (PPBT). &#8221; <br \/>RELATOR: Deputado FERNANDO MONTEIRO. <br \/>PROJETO DE LEI N\u00ba 3.406\/24 &#8211; do Sr. Alberto Fraga &#8211; que &#8220;acrescenta os par\u00e1grafos 5\u00ba e 6\u00ba ao art. 4\u00ba<br \/>da Lei n\u00ba 13.425, de 30 de mar\u00e7o de 2017, para dispor sobre a regula\u00e7\u00e3o de uso de produtos qu\u00edmicos <br \/>inflam\u00e1veis, combust\u00edveis e controlados para a impermeabiliza\u00e7\u00e3o ou blindagem de bens e a instala\u00e7\u00e3o <br \/>de eletropostos e pontos de recarga para ve\u00edculos el\u00e9tricos, e d\u00e1 outras provid\u00eancias&#8221;. <br \/>RELATOR: Deputado RICARDO GUIDI. <br \/>PROJETO DE LEI N\u00ba 3.503\/24 &#8211; do Sr. Marcos Tavares &#8211; que &#8220;institui o Programa de Incentivo \u00e0 <br \/>Agricultura Urbana e Comunit\u00e1ria, promovendo o uso de terrenos baldios e espa\u00e7os urbanos para a <br \/>produ\u00e7\u00e3o de alimentos, com subs\u00eddios, capacita\u00e7\u00e3o e apoio t\u00e9cnico a iniciativas comunit\u00e1rias de cultivo <br \/>sustent\u00e1vel. &#8221; <br \/>RELATOR: Deputado ICARO DE VALMIR. <br \/>PROJETO DE LEI N\u00ba 3.523\/24 &#8211; do Sr. Tarc\u00edsio Motta &#8211; que &#8220;altera dispositivos do Estatuto das Cidades <br \/>para facilitar o planejamento urbano municipal e fortalecer os planos diretores&#8221;. <br \/>RELATOR: Deputado JOS\u00c9 PRIANTE. <br \/>PROJETO DE LEI N\u00ba 3.535\/24 &#8211; do Sr. Jos\u00e9 Medeiros &#8211; que &#8220;altera a Lei n\u00ba 8.078, de 1990, para tratar <br \/>de contratos de compra e venda de im\u00f3veis situados em empreendimentos imobili\u00e1rios com vagas de <br \/>garagem&#8221;. <br \/>RELATOR: Deputado ICARO DE VALMIR. <br \/>PROJETO DE LEI N\u00ba 3.651\/24 &#8211; do Sr. Marcos Soares &#8211; que &#8220;institui o Programa de Digitaliza\u00e7\u00e3o e <br \/>Desburocratiza\u00e7\u00e3o para Benefici\u00e1rios de Bilhetagem Gratuita nos Modais de Transporte P\u00fablico e <br \/>Institui-se, em \u00e2mbito nacional, o bilhete \u00fanico de transporte p\u00fablico para os indiv\u00edduos que t\u00eam direito \u00e0 gratuidade no uso dos servi\u00e7os de transporte e d\u00e1 outras provid\u00eancias. &#8221; <br \/>RELATOR: Deputado JOS\u00c9 PRIANTE. <br \/>PROJETO DE LEI N\u00ba 3.737\/24 &#8211; da Sra. Fernanda Pessoa &#8211; que &#8220;altera a lei 14.620 de 13 de julho de <br \/>2023, que disp\u00f5e sobre o programa Minha Casa, Minha Vida;&#8221; <br \/>RELATOR: Deputado HILDO ROCHA. <br \/>PROJETO DE LEI N\u00ba 3.948\/24 &#8211; Duda Ramos e Amom Mandel &#8211; que &#8220;altera a Lei n\u00ba 6.766, de 19 de <br \/>dezembro de 1979, e a Lei n\u00ba 10.257, de 10 de julho de 2001, para estimular a ado\u00e7\u00e3o de infraestruturas <br \/>perme\u00e1veis em zonas urbanas&#8221;. <br \/>RELATOR: Deputado HILDO ROCHA. <br \/>PROJETO DE LEI N\u00ba 4.105\/24 &#8211; do Sr. Pedro Aihara &#8211; que &#8220;institui a Pol\u00edtica Nacional de Preven\u00e7\u00e3o, <br \/>Mitiga\u00e7\u00e3o, Prepara\u00e7\u00e3o e Resposta a Inunda\u00e7\u00f5es e Alagamentos Severos&#8221;. <br \/>RELATOR: Deputado ARNALDO JARDIM. <br \/>PROJETO DE LEI N\u00ba 4.239\/24 &#8211; Yury do Pared\u00e3o e Delegado Bruno Lima &#8211; que &#8220;institui os abrigos de <br \/>c\u00e3es e gatos, em munic\u00edpios com popula\u00e7\u00e3o igual ou superior a 50.000 (cinquenta mil) habitantes, e d\u00e1 <br \/>outras provid\u00eancias&#8221;. <br \/>RELATOR: Deputado ICARO DE VALMIR. <br \/>PROJETO DE LEI N\u00ba 4.240\/24 &#8211; do Sr. Roberto Duarte &#8211; que &#8220;disp\u00f5e sobre a cria\u00e7\u00e3o do Selo Cidade <br \/>Mais Verde, para os Munic\u00edpios que tenham, no m\u00ednimo, uma \u00e1rvore por habitante na \u00e1rea urbana.&#8221;. <br \/>RELATOR: Deputado ARNALDO JARDIM. <br \/>PROJETO DE LEI N\u00ba 4.457\/24 &#8211; Amom Mandel e Duda Ramos &#8211; que &#8220;estabelece diretrizes para a <br \/>unifica\u00e7\u00e3o da arquitetura de pr\u00e9dios relacionados ao poder p\u00fablico, excetuando os pr\u00e9dios dos Tr\u00eas <br \/>Poderes em Bras\u00edlia, com o objetivo de reduzir custos e evitar gastos desnecess\u00e1rios com obras <br \/>p\u00fablicas&#8221;. <br \/>RELATOR: Deputado COBALCHINI. <br \/>PROJETO DE LEI N\u00ba 4.722\/24 &#8211; do Sr. Gilson Daniel &#8211; que &#8220;altera a Lei n\u00ba 12.587, de 3 de janeiro de <br \/>2012, para dispor sobre o prazo para a elabora\u00e7\u00e3o do Plano de Mobilidade Urbana pelos Munic\u00edpios&#8221;. <br \/>RELATOR: Deputado JOS\u00c9 PRIANTE. <br \/>PROJETO DE LEI N\u00ba 4.745\/24 &#8211; do Sr. Duarte Jr. &#8211; que &#8220;altera a lei no 9.984, de 17 de julho de 2000, <br \/>para vedar a nomea\u00e7\u00e3o ou designa\u00e7\u00e3o para os cargos de presid\u00eancia, dire\u00e7\u00e3o ou ger\u00eancia da Ag\u00eancia <br \/>Nacional de \u00c1guas e Saneamento B\u00e1sico (ANA) de pessoa que, nos \u00faltimos 10 (dez) anos, tenha <br \/>exercido, direta ou indiretamente atividades vinculadas ao setor regulado pela ANA e estabelece <br \/>impedimentos, pelo mesmo per\u00edodo, ap\u00f3s o t\u00e9rmino do v\u00ednculo com a ag\u00eancia reguladora&#8221;. <br \/>RELATOR: Deputado HILDO ROCHA. <br \/>PROJETO DE LEI N\u00ba 4.792\/24 &#8211; do Sr. Capit\u00e3o Augusto &#8211; que &#8220;disp\u00f5e sobre a cria\u00e7\u00e3o do Programa <br \/>Nacional de Atividades F\u00edsicas e Esportivas para Idosos. &#8221; <br \/>RELATOR: Deputado ALIEL MACHADO. <br \/>PROJETO DE LEI N\u00ba 4.818\/24 &#8211; do Sr. Pedro Uczai &#8211; que &#8220;altera a Lei n\u00ba 14.620, de 13 de julho de 2023, <br \/>para instituir o Fundo Federal Garantidor Contra Inadimpl\u00eancia Condominial (FFGIC) no \u00e2mbito do <br \/>Programa Minha Casa Minha Vida, estabelece medidas de prote\u00e7\u00e3o contra a inadimpl\u00eancia condominial, <br \/>declara a impenhorabilidade dos im\u00f3veis financiados pelo Programa, disp\u00f5e sobre a regulamenta\u00e7\u00e3o e <br \/>d\u00e1 outras provid\u00eancias&#8221;. <br \/>RELATOR: Deputado HILDO ROCHA. <br \/>PROJETO DE LEI N\u00ba 4.883\/24 &#8211; do Sr. Amom Mandel &#8211; que &#8220;altera a Lei n\u00ba 13.116, de 20 de abril de <br \/>2015, que estabelece normas gerais para implanta\u00e7\u00e3o e compartilhamento da infraestrutura de <br \/>telecomunica\u00e7\u00f5es, para estabelecer prazo m\u00e1ximo para a an\u00e1lise e emiss\u00e3o de licen\u00e7as municipais, e d\u00e1 <br \/>outras provid\u00eancias&#8221;. <br \/>RELATOR: Deputado ICARO DE VALMIR. <br \/>PROJETO DE LEI N\u00ba 4.884\/24 &#8211; do Sr. Amom Mandel &#8211; que &#8220;altera a Lei n\u00ba 13.116, de 20 de abril de <br \/>2015, que estabelece normas gerais para implanta\u00e7\u00e3o e compartilhamento da infraestrutura de <br \/>telecomunica\u00e7\u00f5es, para promover a harmoniza\u00e7\u00e3o da legisla\u00e7\u00e3o municipal com as diretrizes federais e agilizar a instala\u00e7\u00e3o de infraestrutura para a tecnologia 5G, e d\u00e1 outras provid\u00eancias&#8221;. <br \/>RELATOR: Deputado RAFAEL SIMOES. <br \/>PROJETO DE LEI N\u00ba 4.886\/24 &#8211; do Sr. Amom Mandel &#8211; que &#8220;altera a Lei n\u00ba 13.116, de 20 de abril de <br \/>2015, que estabelece normas gerais para implanta\u00e7\u00e3o e compartilhamento da infraestrutura de <br \/>telecomunica\u00e7\u00f5es, para promover a cobertura eficiente do 5G em \u00e1reas urbanas e rurais, e d\u00e1 outras <br \/>provid\u00eancias&#8221;. <br \/>RELATOR: Deputado ICARO DE VALMIR. <br \/>PROJETO DE LEI N\u00ba 4.887\/24 &#8211; do Sr. Amom Mandel &#8211; que &#8220;disp\u00f5e sobre a capacita\u00e7\u00e3o de gestores <br \/>p\u00fablicos municipais para regulamenta\u00e7\u00e3o de instala\u00e7\u00e3o de antenas e d\u00e1 outras provid\u00eancias&#8221;. <br \/>RELATORA: Deputada NAT\u00c1LIA BONAVIDES. <br \/>PROJETO DE LEI N\u00ba 4.888\/24 &#8211; do Sr. Amom Mandel &#8211; que &#8220;altera o Art. 12 da Lei n\u00ba 14.026, de 15 de <br \/>julho de 2020, para modificar o prazo de universaliza\u00e7\u00e3o do saneamento b\u00e1sico no Brasil&#8221;. <br \/>RELATOR: Deputado JOS\u00c9 PRIANTE. <br \/>PROJETO DE LEI N\u00ba 4.890\/24 &#8211; do Sr. Amom Mandel &#8211; que &#8220;altera a Lei n\u00ba 14.026, de 15 de julho de <br \/>2020, para fortalecer os mecanismos de controle social e a participa\u00e7\u00e3o popular na defini\u00e7\u00e3o de metas e <br \/>pol\u00edticas de saneamento b\u00e1sico&#8221;. <br \/>RELATOR: Deputado ICARO DE VALMIR. <br \/>PROJETO DE LEI N\u00ba 4.951\/24 &#8211; do Sr. Amom Mandel &#8211; que &#8220;estabelece metas claras para a <br \/>universaliza\u00e7\u00e3o do acesso \u00e0 \u00e1gua pot\u00e1vel e ao tratamento de esgoto no Brasil, at\u00e9 2033, e define <br \/>estrat\u00e9gias para a implementa\u00e7\u00e3o das metas&#8221;. <br \/>RELATOR: Deputado ICARO DE VALMIR. <br \/>PROJETO DE LEI N\u00ba 4.952\/24 &#8211; do Sr. Amom Mandel &#8211; que &#8220;cria incentivos fiscais para aumentar os <br \/>investimentos em saneamento b\u00e1sico, destina parte do or\u00e7amento estadual para a cria\u00e7\u00e3o de fundos <br \/>estaduais para projetos de saneamento em munic\u00edpios com baixo \u00edndice de cobertura, e estabelece <br \/>diretrizes para a aplica\u00e7\u00e3o desses recursos&#8221;. <br \/>RELATOR: Deputado HILDO ROCHA. <br \/>PROJETO DE LEI N\u00ba 4.954\/24 &#8211; do Sr. Amom Mandel &#8211; que &#8220;institui a Lei de Monitoramento e Avalia\u00e7\u00e3o <br \/>de Saneamento, com o objetivo de criar um sistema de monitoramento para avaliar a efic\u00e1cia das <br \/>pol\u00edticas de saneamento, por meio da cria\u00e7\u00e3o de um comit\u00ea de acompanhamento, composto por <br \/>representantes do governo, da sociedade civil e especialistas, e da publica\u00e7\u00e3o de relat\u00f3rios anuais sobre <br \/>o progresso dos indicadores de saneamento nos munic\u00edpios da regi\u00e3o&#8221;. <br \/>RELATOR: Deputado FERNANDO MONTEIRO. <br \/>PROJETO DE LEI N\u00ba 4.973\/24 &#8211; do Sr. Max Lemos &#8211; que &#8220;cria o Fundo Nacional de Infraestrutura <br \/>Municipal (FNIM), financiado por royalties de recursos naturais, destinado exclusivamente a projetos de <br \/>infraestrutura nos munic\u00edpios brasileiros, e d\u00e1 outras provid\u00eancias&#8221;. <br \/>RELATOR: Deputado HILDO ROCHA. <br \/>PROJETO DE LEI N\u00ba 31\/25 &#8211; do Sr. Ricardo Ayres &#8211; que &#8220;disp\u00f5e sobre a obrigatoriedade de elabora\u00e7\u00e3o <br \/>de planos de emerg\u00eancia para obras de arte especiais no territ\u00f3rio nacional e d\u00e1 outras provid\u00eancias&#8221;. <br \/>(Apensado: PL 32\/2025) <br \/>RELATOR: Deputado ICARO DE VALMIR. <br \/>PROJETO DE LEI N\u00ba 179\/25 &#8211; da Sra. Carla Dickson &#8211; que &#8220;projeto de Lei que altera o artigo 2\u00ba-A, da Lei <br \/>n.\u00ba 8.629, de 25 de fevereiro de 1993, insere o artigo 46-A, da Lei n.\u00ba 10.257, de 10 de julho de 2001, e <br \/>artigo 98-A, Lei n.\u00ba 13.465, de 11 de julho de 2017, para dispor sobre san\u00e7\u00f5es a quem invadir, ocupar, <br \/>praticar ato de esbulho, turba\u00e7\u00e3o ou qualquer viola\u00e7\u00e3o do direito de propriedade ou de posse em terra <br \/>p\u00fablica ou privada, em todo o territ\u00f3rio nacional, nos seguintes termos&#8221; <br \/>RELATOR: Deputado ANT\u00d4NIO DOIDO. <br \/>PROJETO DE LEI N\u00ba 213\/25 &#8211; do Sr. Bruno Farias &#8211; que &#8220;institui o Programa Nacional de Apoio \u00e0 <br \/>Aquisi\u00e7\u00e3o de Habita\u00e7\u00e3o para Profissionais da Enfermagem e d\u00e1 outras providencias&#8221;. <br \/>RELATOR: Deputado COBALCHINI. <br \/>PROJETO DE LEI N\u00ba 223\/25 &#8211; da Sra. Fernanda Pessoa &#8211; que &#8220;disp\u00f5e sobre a cria\u00e7\u00e3o do Programa Recicla e Cash, que institui cashback para consumidores que realizarem a destina\u00e7\u00e3o correta de <br \/>res\u00edduos recicl\u00e1veis, aplicando descontos nas contas de energia el\u00e9trica e \u00e1gua, e d\u00e1 outras <br \/>provid\u00eancias&#8221;. <br \/>RELATOR: Deputado COBALCHINI. <br \/>PROJETO DE LEI N\u00ba 530\/25 &#8211; do Sr. Julio Arcoverde &#8211; que &#8220;altera a Lei n\u00ba 14.260, de 8 de dezembro de <br \/>2021, para instituir o Selo Cidade Limpa&#8221;. <br \/>RELATOR: Deputado COBALCHINI. <br \/>DECURSO: 5\u00aa SESS\u00c3O <br \/>\u00daLTIMA SESS\u00c3O: 17-04-25 <br \/>Projetos de Lei (Art. 119, I e \u00a71\u00ba) <br \/>PROJETO DE LEI N\u00ba 2.296\/22 &#8211; do Sr. Abou Anni &#8211; que &#8220;altera a Lei n\u00ba 8.069, de 1990, Estatuto da <br \/>Crian\u00e7a e do Adolescente, para dispor sobre \u00e1reas para embarque e desembarque e vagas para <br \/>ve\u00edculos especialmente destinados \u00e0 condu\u00e7\u00e3o coletiva de escolares&#8221;. <br \/>RELATORA: Deputada NAT\u00c1LIA BONAVIDES. <br \/>PROJETO DE LEI N\u00ba 5.164\/16 &#8211; do Sr. Paulo Azi &#8211; que &#8220;disp\u00f5e sobre a padroniza\u00e7\u00e3o de placas de <br \/>sinaliza\u00e7\u00e3o de endere\u00e7os em vias urbanas&#8221; <br \/>RELATOR: Deputado SAULO PEDROSO. <br \/>PROJETO DE LEI N\u00ba 619\/19 &#8211; do Sr. Luiz Nishimori &#8211; que &#8220;disp\u00f5e sobre a instala\u00e7\u00e3o de equipamento <br \/>eliminador de ar na tubula\u00e7\u00e3o do sistema de \u00e1gua residencial ou comercial&#8221;. (Apensados: PL 1364\/2019, <br \/>PL 2029\/2019, PL 3334\/2019, PL 4180\/2019, PL 4224\/2019 (Apensado: PL 5038\/2020), PL 4862\/2020, <br \/>PL 3720\/2021 e PL 49\/2024) <br \/>RELATOR: Deputado TONINHO WANDSCHEER. <br \/>PROJETO DE LEI N\u00ba 4.512\/19 &#8211; do Sr. Jos\u00e9 Medeiros &#8211; que &#8220;altera o \u00a7 1o do caput do art. 12 da Lei no <br \/>4.591, de 16 de dezembro de 1964, que \u201cDisp\u00f5e sobre o condom\u00ednio em edifica\u00e7\u00f5es e as incorpora\u00e7\u00f5es <br \/>imobili\u00e1rias\u201d, e o inciso I do caput do art. 1.336 da Lei no 10.406, de 10 de janeiro de 2002, que \u201cInstitui o <br \/>C\u00f3digo Civil\u201d&#8221;. (Apensados: PL 47\/2020, PL 5278\/2023 e PL 5907\/2023) <br \/>RELATOR: Deputado HILDO ROCHA. <br \/>PROJETO DE LEI N\u00ba 92\/20 &#8211; do Sr. Elias Vaz &#8211; que &#8220;altera os artigos 4\u00b0 e 5\u00b0, da Medida Provis\u00f3ria n\u00b0 <br \/>2.220, de 4 de setembro de 2001, que &#8220;disp\u00f5e sobre a concess\u00e3o de uso especial&#8221;, para garantir que a <br \/>realoca\u00e7\u00e3o de pessoas removidas de \u00e1reas de risco ou por motivo de interesse p\u00fablico obede\u00e7a a limites <br \/>de dist\u00e2ncia&#8221;. <br \/>RELATOR: Deputado JOS\u00c9 PRIANTE. <br \/>PROJETO DE LEI N\u00ba 511\/20 &#8211; do Sr. Amaro Neto &#8211; que &#8220;pro\u00edbe a Administra\u00e7\u00e3o P\u00fablica de funcionar em <br \/>pr\u00e9dio sem sistema regular de esgotamento sanit\u00e1rio&#8221;. <br \/>RELATORA: Deputada NAT\u00c1LIA BONAVIDES. <br \/>PROJETO DE LEI N\u00ba 2.642\/20 &#8211; da Sra. Aline Sleutjes &#8211; que &#8220;altera o art. 2\u00ba da Lei n\u00ba 13.425, de 30 de <br \/>mar\u00e7o de 2017, para dispensar empreendimentos rurais de regras de preven\u00e7\u00e3o e combate a inc\u00eandio <br \/>nas condi\u00e7\u00f5es que especifica&#8221;. <br \/>RELATOR: Deputado ICARO DE VALMIR. <br \/>PROJETO DE LEI N\u00ba 3.581\/20 &#8211; do Sr. Benes Leoc\u00e1dio &#8211; que &#8220;altera a Lei n\u00ba 11.445, de 5 de janeiro de <br \/>2007, que estabelece diretrizes para o saneamento b\u00e1sico. &#8221; <br \/>RELATOR: Deputado JOS\u00c9 PRIANTE. <br \/>PROJETO DE LEI N\u00ba 3.935\/20 &#8211; do Sr. Fabio Schiochet &#8211; que &#8220;disp\u00f5e sobre a implanta\u00e7\u00e3o de instala\u00e7\u00f5es <br \/>de distribui\u00e7\u00e3o de energia el\u00e9trica subterr\u00e2neas ou protegidas, quando realizadas em localidades sujeitas <br \/>a restri\u00e7\u00f5es urban\u00edsticas ou ambientais, ou ainda naquelas que sejam significativamente afetadas em <br \/>decorr\u00eancia de anomalias clim\u00e1ticas&#8221;. <br \/>RELATOR: Deputado HILDO ROCHA. PROJETO DE LEI N\u00ba 4.102\/20 &#8211; do Sr. Fred Costa &#8211; que &#8220;regulamenta a utiliza\u00e7\u00e3o de materiais <br \/>transparentes em edifica\u00e7\u00f5es com mais de vinte metros de altura para evitar colis\u00f5es de aves&#8221;. <br \/>(Apensado: PL 877\/2021) <br \/>RELATOR: Deputado SAULO PEDROSO. <br \/>PROJETO DE LEI N\u00ba 5.146\/20 &#8211; do Sr. Professor Joziel &#8211; que &#8220;altera a Lei n\u00ba 11.445, de 05 de janeiro de <br \/>2007, para prever a modalidade de pagamento dos servi\u00e7os de limpeza urbana e manejo de res\u00edduos <br \/>s\u00f3lidos por volume ou peso de res\u00edduos n\u00e3o separados segundo a sua composi\u00e7\u00e3o e para prever <br \/>incentivos positivos para o descarte seletivo de res\u00edduos&#8221;. <br \/>RELATOR: Deputado FERNANDO MONTEIRO. <br \/>PROJETO DE LEI N\u00ba 5.337\/20 &#8211; da Sra. Edna Henrique &#8211; que &#8220;altera a Lei n\u00ba 10.098, de 19 de dezembro <br \/>de 2000, para tornar obrigat\u00f3ria a instala\u00e7\u00e3o de acesso firme e est\u00e1vel em, ao menos, uma raia em cada <br \/>Munic\u00edpio tur\u00edstico&#8221;. (Apensados: PL 3248\/2021 (Apensado: PL 25\/2022) e PL 1259\/2024) <br \/>RELATORA: Deputada L\u00caDA BORGES. <br \/>PROJETO DE LEI N\u00ba 622\/21 &#8211; da Sra. Rosana Valle &#8211; que &#8220;cria o Fundo Nacional de Desenvolvimento <br \/>Urbano Integrado \u2013 FNDUI para apoio de a\u00e7\u00f5es de governan\u00e7a interfederativa no \u00e2mbito do Estatuto da <br \/>Metr\u00f3pole, Lei n\u00ba 13.089, de 12 de janeiro de 2015&#8243;. <br \/>RELATOR: Deputado JOS\u00c9 PRIANTE. <br \/>PROJETO DE LEI N\u00ba 2.298\/21 &#8211; do Senado Federal &#8211; Wellington Fagundes &#8211; que &#8220;altera a Lei n\u00ba 11.445, <br \/>de 5 de janeiro de 2007 (Lei de Saneamento B\u00e1sico), para assegurar o acesso de escolas, creches, <br \/>hospitais e postos de sa\u00fade p\u00fablicos aos servi\u00e7os de saneamento b\u00e1sico&#8221;. <br \/>RELATOR: Deputado JOS\u00c9 PRIANTE. <br \/>PROJETO DE LEI N\u00ba 2.586\/21 &#8211; do Sr. Fausto Pinato &#8211; que &#8220;altera a Lei n\u00ba 13.465, de 11 de julho de <br \/>2017, para permitir a regulariza\u00e7\u00e3o fundi\u00e1ria de n\u00facleos urbanos informais comprovadamente existentes, <br \/>na forma da Lei, at\u00e9 31 de dezembro de 2020, e d\u00e1 outras provid\u00eancias&#8221;. (Apensado: PL 415\/2023) <br \/>RELATOR: Deputado FERNANDO MONTEIRO. <br \/>PROJETO DE LEI N\u00ba 3.219\/21 &#8211; do Sr. Julio Lopes &#8211; que &#8221; Disp\u00f5e sobre norma geral relativa \u00e0 medi\u00e7\u00e3o <br \/>de consumo de \u00e1gua nas novas unidades de edifica\u00e7\u00f5es residenciais e comerciais de car\u00e1ter <br \/>condominial&#8221;. <br \/>RELATOR: Deputado ICARO DE VALMIR. <br \/>PROJETO DE LEI N\u00ba 3.694\/21 &#8211; do Sr. Felipe Carreras &#8211; que &#8220;altera a legisla\u00e7\u00e3o a respeito do <br \/>instrumento urban\u00edstico de arrecada\u00e7\u00e3o de im\u00f3veis abandonados&#8221; (Apensados: PL 2808\/2022 e PL <br \/>423\/2024) <br \/>RELATOR: Deputado FERNANDO MONTEIRO. <br \/>PROJETO DE LEI N\u00ba 3.939\/21 &#8211; da Sra. Rosana Valle &#8211; que &#8220;disp\u00f5e sobre reserva de percentual de <br \/>vagas aos j\u00e1 inscritos nos programas habitacionais para que estes tenham direito ao sorteio das <br \/>moradias sejam estas financiadas no todo ou em parte pelo Governo Federal&#8221;. <br \/>RELATORA: Deputada NAT\u00c1LIA BONAVIDES. <br \/>PROJETO DE LEI N\u00ba 339\/22 &#8211; do Sr. Geninho Zuliani &#8211; que &#8220;altera a Lei n\u00ba 12.608, de 10 de abril de <br \/>2012, que institui a Pol\u00edtica Nacional de Prote\u00e7\u00e3o e Defesa Civil e d\u00e1 outras provid\u00eancias&#8221; (Apensado: PL <br \/>485\/2022) <br \/>RELATOR: Deputado SAULO PEDROSO. <br \/>PROJETO DE LEI N\u00ba 791\/22 &#8211; do Sr. Christino Aureo &#8211; que &#8220;altera a Lei n\u00ba 9.985, de 18 de julho de 2000, <br \/>que regulamenta o art. 225, \u00a7 1\u00ba, incisos I, II, III e VII da Constitui\u00e7\u00e3o Federal, que institui o Sistema <br \/>Nacional de Unidades de Conserva\u00e7\u00e3o da Natureza e d\u00e1 outras provid\u00eancias&#8221;. <br \/>RELATOR: Deputado PAULO LITRO. <br \/>PROJETO DE LEI N\u00ba 1.189\/22 &#8211; do Sr. Jos\u00e9 Nelto &#8211; que &#8220;institui a Semana Nacional da Compostagem, a <br \/>ser inserida no calend\u00e1rio nacional&#8221;. <br \/>RELATORA: Deputada TAL\u00cdRIA PETRONE. <br \/>PROJETO DE LEI N\u00ba 1.501\/22 &#8211; da Sra. Nat\u00e1lia Bonavides e outros &#8211; que &#8220;disp\u00f5e sobre os <br \/>procedimentos de an\u00e1lise, decreta\u00e7\u00e3o e efetiva\u00e7\u00e3o de medidas judiciais, extrajudiciais ou administrativas que acarretem desocupa\u00e7\u00e3o ou remo\u00e7\u00e3o for\u00e7ada coletiva em im\u00f3vel privado ou p\u00fablico, urbano ou rural, <br \/>a serem observados ap\u00f3s 30 de junho de 2022, e altera a Lei n\u00ba 13.465, de 11 de julho de 2017&#8243;. <br \/>RELATOR: Deputado ANT\u00d4NIO DOIDO. <br \/>PROJETO DE LEI N\u00ba 976\/23 &#8211; do Sr. Adilson Barroso &#8211; que &#8220;altera o caput do art. 14\u00ba e acresce o <br \/>par\u00e1grafo 1\u00ba da Lei n\u00ba 10.098, de 19 de dezembro de 2000, para tornar obrigat\u00f3rio elevadores de <br \/>passageiros em edif\u00edcios com dois ou mais pavimentos&#8221;. <br \/>RELATOR: Deputado ICARO DE VALMIR. <br \/>PROJETO DE LEI N\u00ba 1.195\/23 &#8211; do Sr. Max Lemos &#8211; que &#8220;institui o Censo de d\u00e9ficit e inadequa\u00e7\u00e3o <br \/>habitacional no Brasil e d\u00e1 outras providencias&#8221;. <br \/>RELATOR: Deputado HILDO ROCHA. <br \/>PROJETO DE LEI N\u00ba 2.668\/23 &#8211; da Sra. Rog\u00e9ria Santos &#8211; que &#8220;cria o Programa Cart\u00e3o Habitar Melhor e <br \/>d\u00e1 outras provid\u00eancias&#8221;. <br \/>RELATOR: Deputado ICARO DE VALMIR. <br \/>PROJETO DE LEI N\u00ba 2.962\/23 &#8211; da Sra. Duda Salabert e outros &#8211; que &#8220;autoriza e disciplina a instala\u00e7\u00e3o <br \/>de suporte para coloca\u00e7\u00e3o de bicicletas nos \u00f4nibus de transporte urbano e rural de passageiros, coletivo <br \/>ou individual, p\u00fablico ou privado, e altera a Lei n\u00ba 9.503, de 1997, que institui o C\u00f3digo de Tr\u00e2nsito <br \/>Brasileiro&#8221;. <br \/>RELATORA: Deputada L\u00caDA BORGES. <br \/>PROJETO DE LEI N\u00ba 3.230\/23 &#8211; da Sra. Carol Dartora &#8211; que &#8220;altera a Lei n\u00ba 12.587, de 03 de janeiro de <br \/>2012, para obrigar os modais de transporte que comp\u00f5em o Sistema Nacional de Mobilidade Urbana a <br \/>adotar mecanismos de informa\u00e7\u00e3o aos usu\u00e1rios sobre condutas de discrimina\u00e7\u00e3o racial, et\u00e1ria, <br \/>capacitista e crimes contra a dignidade sexual&#8221;. <br \/>RELATORA: Deputada TAL\u00cdRIA PETRONE. <br \/>PROJETO DE LEI N\u00ba 3.727\/23 &#8211; do Sr. Alberto Mour\u00e3o &#8211; que &#8220;altera a Lei 14.620, de 13 de julho de <br \/>2023, que disp\u00f5e sobre o Programa Minha Casa, Minha Vida, para incluir normativos de seguran\u00e7a, <br \/>qualidade e efetividade no atendimento \u00e0s fam\u00edlias benefici\u00e1rias&#8221;. <br \/>RELATOR: Deputado GUILHERME BOULOS. <br \/>PROJETO DE LEI N\u00ba 3.778\/23 &#8211; do Sr. Jo\u00e3o Daniel &#8211; que &#8220;disp\u00f5e sobre a \u00e1rea \u00fatil m\u00ednima das unidades <br \/>habitacionais providas por programas de habita\u00e7\u00e3o de interesse social e outras iniciativas p\u00fablicas&#8221;. <br \/>RELATOR: Deputado HILDO ROCHA. <br \/>PROJETO DE LEI N\u00ba 4.726\/23 &#8211; do Sr. Jonas Donizette &#8211; que &#8220;acrescenta o art. 12-B \u00e0 Lei n\u00ba 10.098, de <br \/>19 de dezembro de 2000, que \u201cestabelece normas gerais e crit\u00e9rios b\u00e1sicos para a promo\u00e7\u00e3o da <br \/>acessibilidade das pessoas portadoras de defici\u00eancia ou com mobilidade reduzida, e d\u00e1 outras <br \/>provid\u00eancias\u201d, para obrigar a ado\u00e7\u00e3o de rotas de fuga e sa\u00eddas de emerg\u00eancia acess\u00edveis, conforme <br \/>padr\u00f5es das normas t\u00e9cnicas de acessibilidade da ABNT em edif\u00edcios p\u00fablicos ou de uso coletivo. &#8221; <br \/>RELATORA: Deputada JULIANA CARDOSO. <br \/>PROJETO DE LEI N\u00ba 4.827\/23 &#8211; do Sr. Jos\u00e9 Medeiros &#8211; que &#8220;altera a Lei n\u00ba 10.257, de 10 de julho de <br \/>2001, que regulamenta os arts. 182 e 183 da Constitui\u00e7\u00e3o Federal, estabelece diretrizes gerais da <br \/>pol\u00edtica urbana e d\u00e1 outras provid\u00eancias; e a Lei n\u00ba 14.133, de 1\u00ba de abril de 2021, Lei de Licita\u00e7\u00f5es e <br \/>Contratos Administrativos. &#8221; <br \/>RELATOR: Deputado JOS\u00c9 PRIANTE. <br \/>PROJETO DE LEI N\u00ba 1.728\/24 &#8211; do Sr. Gerv\u00e1sio Maia &#8211; que &#8220;altera a reda\u00e7\u00e3o do art. 4\u00ba da Lei n\u00ba 14.620, <br \/>de 13 de julho de 2023, que disp\u00f5e sobre o Programa Minha Casa, Minha Vida, para vedar a constru\u00e7\u00e3o <br \/>de habita\u00e7\u00f5es em \u00e1reas de riscos clim\u00e1ticos&#8221;. <br \/>RELATOR: Deputado TONINHO WANDSCHEER. <br \/>PROJETO DE LEI N\u00ba 2.164\/24 &#8211; do Sr. Pastor Sargento Isid\u00f3rio &#8211; que &#8220;pro\u00edbe a transa\u00e7\u00e3o, venda de <br \/>terrenos e propriedades, libera\u00e7\u00e3o de concess\u00f5es para ped\u00e1gios em orlas mar\u00edtimas, fluviais, praias e <br \/>espa\u00e7os democr\u00e1ticos de lazer entre a Uni\u00e3o e entidades privadas como imobili\u00e1rias, clubes, parques <br \/>aqu\u00e1ticos, condom\u00ednios ou demais empresas e d\u00e1 outras provid\u00eancias&#8221;. <br \/>RELATOR: Deputado JOS\u00c9 PRIANTE. PROJETO DE LEI N\u00ba 2.515\/24 &#8211; do Sr. Luiz Carlos Hauly &#8211; que &#8220;cria o Fundo Nacional Pro-\u00c1gua, e d\u00e1 <br \/>outras provid\u00eancias&#8221;. <br \/>RELATOR: Deputado HILDO ROCHA. <br \/>PROJETO DE LEI N\u00ba 3.613\/24 &#8211; do Sr. Gerv\u00e1sio Maia &#8211; que &#8220;altera a reda\u00e7\u00e3o da Lei n\u00ba 14.620, de 15 de <br \/>julho de 2023, para incluir medidas de preven\u00e7\u00e3o \u00e0 contrata\u00e7\u00e3o de m\u00e3o de obra em condi\u00e7\u00f5es an\u00e1logas <br \/>\u00e0 escravid\u00e3o&#8221;. <br \/>RELATOR: Deputado HILDO ROCHA. <br \/>PROJETO DE LEI N\u00ba 3.692\/24 &#8211; da Sra. Mission\u00e1ria Michele Collins &#8211; que &#8220;disp\u00f5e sobre realiza\u00e7\u00e3o <br \/>obrigat\u00f3ria de laudo t\u00e9cnico estrutural para implanta\u00e7\u00e3o de placas solares nas edifica\u00e7\u00f5es constitu\u00eddas <br \/>por unidades aut\u00f4nomas, sejam p\u00fablicas ou privadas, em todo o territ\u00f3rio nacional&#8221;. <br \/>RELATOR: Deputado HILDO ROCHA. <br \/>PROJETO DE LEI N\u00ba 4.246\/24 &#8211; do Sr. Marcos Tavares &#8211; que &#8220;estabelece a obrigatoriedade da <br \/>disponibiliza\u00e7\u00e3o de acesso gratuito \u00e0 internet Wi-Fi em todos os meios de transporte de passageiros, <br \/>p\u00fablicos e privados, nos \u00e2mbitos municipal, estadual e interestadual, abrangendo os modais rodovi\u00e1rio, <br \/>a\u00e9reo, ferrovi\u00e1rio e aquavi\u00e1rio em todo o territ\u00f3rio nacional. &#8221; <br \/>RELATOR: Deputado FERNANDO MONTEIRO. <br \/>PROJETO DE LEI N\u00ba 4.609\/24 &#8211; do Sr. Dr. Fernando M\u00e1ximo &#8211; que &#8220;&#8221;Altera a Lei n\u00ba 13.465, de 11 de <br \/>julho de 2017, que disp\u00f5e sobre a regulariza\u00e7\u00e3o fundi\u00e1ria rural e urbana, para simplificar o procedimento <br \/>de transfer\u00eancia de im\u00f3veis da Uni\u00e3o para fins de Reurb-S.&#8221;&#8221; <br \/>RELATOR: Deputado JOS\u00c9 PRIANTE. <br \/>PROJETO DE LEI N\u00ba 76\/25 &#8211; do Sr. Luiz Carlos Hauly &#8211; que &#8220;altera o \u00a7 2\u00ba do art. 39 e o \u00a7 1\u00ba do art. 41 da <br \/>Lei n\u00ba 10.741, de 1\u00ba de outubro de 2003- Estatuto do Idoso-, para aumentar o percentual m\u00ednimo de <br \/>assentos nos ve\u00edculos de transportes coletivos p\u00fablicos urbanos e semi-urbano e de vagas de <br \/>estacionamento destinadas a idosos para 15% do total dispon\u00edvel. &#8221; <br \/>RELATOR: Deputado HILDO ROCHA. <br \/>PROJETO DE LEI N\u00ba 391\/25 &#8211; do Sr. Jonas Donizette &#8211; que &#8220;altera a Lei n\u00ba 12.305, de 2 de agosto de <br \/>2010, para explicitar a obrigatoriedade de log\u00edstica reversa para pain\u00e9is fotovoltaicos e prever regras e <br \/>metas espec\u00edficas para sua estrutura\u00e7\u00e3o e implementa\u00e7\u00e3o&#8221;. <br \/>RELATOR: Deputado HILDO ROCHA. <br \/>COMISS\u00c3O DE EDUCA\u00c7\u00c3O <br \/>AVISOS <br \/>PROPOSI\u00c7\u00d5ES EM FASE DE RECEBIMENTO DE EMENDAS (5 SESS\u00d5ES) <br \/>DECURSO: 1\u00aa SESS\u00c3O <br \/>\u00daLTIMA SESS\u00c3O: 25-04-25 <br \/>Projetos de Lei (Art. 119, I e \u00a71\u00ba) <br \/>PROJETO DE LEI N\u00ba 3.096\/24 &#8211; do Senado Federal &#8211; Professora Dorinha Seabra &#8211; que &#8220;altera a Lei n\u00ba<br \/>10.880, de 9 de junho de 2004, e a Lei n\u00ba 11.947, de 16 de junho de 2009, para dispor sobre o Programa <br \/>Nacional de Apoio ao Transporte do Escolar (PNATE) e o Programa Nacional de Alimenta\u00e7\u00e3o Escolar <br \/>(PNAE) nas escolas da Rede Federal de Educa\u00e7\u00e3o Profissional, Cient\u00edfica e Tecnol\u00f3gica e nas demais <br \/>escolas federais&#8221;. <br \/>RELATOR: Deputado DIEGO GARCIA. DECURSO: 2\u00aa SESS\u00c3O <br \/>\u00daLTIMA SESS\u00c3O: 24-04-25 <br \/>Projetos de Lei (Art. 119, I e \u00a71\u00ba) <br \/>PROJETO DE LEI N\u00ba 4.378\/24 &#8211; do Sr. Romero Rodrigues &#8211; que &#8220;disp\u00f5e sobre os direitos do profissional <br \/>de apoio escolar, da forma\u00e7\u00e3o e dos requisitos necess\u00e1rios para o exerc\u00edcio da profiss\u00e3o&#8221;. <br \/>RELATORA: Deputada NELY AQUINO. <br \/>PROJETO DE LEI N\u00ba 4.514\/24 &#8211; da Sra. Maria Rosas &#8211; que &#8220;institui o Programa Nacional de Ronda <br \/>Escolar para Pessoas com Defici\u00eancia (PCD) e d\u00e1 outras provid\u00eancias&#8221;. <br \/>RELATORA: Deputada FRANCIANE BAYER. <br \/>PROJETO DE LEI N\u00ba 4.529\/24 &#8211; do Sr. Cabo Gilberto Silva &#8211; que &#8220;altera a Lei n\u00ba 14.601, de 19 de junho <br \/>de 2023, para criar mecanismos de monitoramento da frequ\u00eancia escolar e implementar incentivos <br \/>pedag\u00f3gicos e medidas de suporte educacional para benefici\u00e1rios do Programa Bolsa Fam\u00edlia&#8221;. <br \/>RELATOR: Deputado MERLONG SOLANO. <br \/>PROJETO DE LEI N\u00ba 4.683\/24 &#8211; do Sr. S\u00f3stenes Cavalcante &#8211; que &#8220;disp\u00f5e sobre a instala\u00e7\u00e3o de <br \/>c\u00e2meras de vigil\u00e2ncia em suas salas de aula das escolas p\u00fablicas e privadas da educa\u00e7\u00e3o b\u00e1sica&#8221;. <br \/>RELATOR: Deputado CAPIT\u00c3O ALBERTO NETO. <br \/>PROJETO DE LEI N\u00ba 4.704\/24 &#8211; da Sra. Dandara &#8211; que &#8220;institui a Semana Nacional em Defesa da <br \/>Pedagogia&#8221; <br \/>RELATORA: Deputada S\u00c2MIA BOMFIM. <br \/>PROJETO DE LEI N\u00ba 4.953\/24 &#8211; do Sr. Amom Mandel &#8211; que &#8220;institui a Lei de Educa\u00e7\u00e3o e <br \/>Conscientiza\u00e7\u00e3o sobre Saneamento B\u00e1sico, com o objetivo de promover a educa\u00e7\u00e3o da popula\u00e7\u00e3o sobre <br \/>a import\u00e2ncia do saneamento b\u00e1sico e da preserva\u00e7\u00e3o ambiental, por meio de campanhas educativas e <br \/>capacita\u00e7\u00e3o de agentes comunit\u00e1rios&#8221;. <br \/>RELATOR: Deputado DUDA RAMOS. <br \/>PROJETO DE LEI N\u00ba 4.964\/24 &#8211; do Sr. Lindbergh Farias &#8211; que &#8220;disp\u00f5e sobre a isen\u00e7\u00e3o de pagamento de <br \/>taxas para inscri\u00e7\u00e3o em processos de sorteios p\u00fablicos de vagas para o ingresso nas institui\u00e7\u00f5es <br \/>federais de educa\u00e7\u00e3o b\u00e1sica, profissional e tecnol\u00f3gica&#8221;. <br \/>RELATORA: Deputada S\u00c2MIA BOMFIM. <br \/>PROJETO DE LEI N\u00ba 26\/25 &#8211; da Sra. Renata Abreu &#8211; que &#8220;obriga a inclus\u00e3o da disciplina &#8220;Processo <br \/>Legislativo&#8221; nos cursos de Direito e d\u00e1 outras provid\u00eancias)&#8221; <br \/>RELATOR: Deputado PROFESSOR ALCIDES. <br \/>PROJETO DE LEI N\u00ba 163\/25 &#8211; dos Srs. Adriana Ventura e Ricardo Salles &#8211; que &#8220;altera a Lei n\u00ba 14.818, <br \/>de 16 de janeiro de 2024, que institui incentivo financeiro-educacional, na modalidade de poupan\u00e7a, aos <br \/>estudantes matriculados no ensino m\u00e9dio p\u00fablico, para estabelecer incentivos ao bom desempenho <br \/>acad\u00eamico dos estudantes&#8221;. <br \/>RELATOR: Deputado NIKOLAS FERREIRA. <br \/>PROJETO DE LEI N\u00ba 329\/25 &#8211; da Sra. Rosangela Moro &#8211; que &#8220;institui a Pol\u00edtica Nacional de Promo\u00e7\u00e3o de <br \/>Fatores de Prote\u00e7\u00e3o da Sa\u00fade Mental de Meninas&#8221;. <br \/>RELATORA: Deputada TABATA AMARAL. <br \/>PROJETO DE LEI N\u00ba 386\/25 &#8211; do Sr. Duda Ramos &#8211; que &#8220;altera a Lei n\u00ba 12.858, de 9 de setembro de <br \/>2013, para estabelecer destina\u00e7\u00e3o de percentual da parcela da participa\u00e7\u00e3o no resultado ou da <br \/>compensa\u00e7\u00e3o financeira pela explora\u00e7\u00e3o de petr\u00f3leo e g\u00e1s natural recebida pela Uni\u00e3o, a ser aplicado <br \/>para programas de promo\u00e7\u00e3o da infraestrutura escolar&#8221;. <br \/>RELATOR: Deputado RAFAEL BRITO. <br \/>Substitutivo (Art. 119, II e \u00a71\u00ba) <br \/>AS PROPOSI\u00c7\u00d5ES ABAIXO SOMENTE RECEBER\u00c3O EMENDAS APRESENTADAS POR MEMBROS <br \/>DESTA COMISS\u00c3O PROJETO DE LEI N\u00ba 9.674\/18 &#8211; do Sr. Andr\u00e9 Fufuca &#8211; que &#8220;institui a Semana Nacional de <br \/>Conscientiza\u00e7\u00e3o, Preven\u00e7\u00e3o e Combate a Intimida\u00e7\u00e3o Sistem\u00e1tica (Bullying) nas escolas p\u00fablicas e <br \/>privadas de ensino fundamental e m\u00e9dio em todo o territ\u00f3rio nacional e d\u00e1 outras provid\u00eancias&#8221;. <br \/>(Apensados: PL 311\/2019 (Apensado: PL 2223\/2023 (Apensado: PL 4594\/2023)), PL 1574\/2019, PL <br \/>3184\/2019, PL 3812\/2019, PL 4560\/2020, PL 2386\/2021 e PL 4108\/2023) <br \/>RELATOR: Deputado DIEGO GARCIA. <br \/>PROJETO DE LEI N\u00ba 9.997\/18 &#8211; do Sr. M\u00e1rio Heringer &#8211; que &#8220;altera da Lei n\u00ba 12.764, de 27 de dezembro <br \/>de 2012, que &#8220;Institui a Pol\u00edtica Nacional de Prote\u00e7\u00e3o da Pessoa com Transtorno do Espectro Autista; e <br \/>altera o \u00a73\u00ba do art. 98 da Lei n\u00ba 8.112, de 11 de dezembro de 1990&#8243;, e d\u00e1 outras provid\u00eancias&#8221;. <br \/>(Apensados: PL 2307\/2021, PL 233\/2019 (Apensado: PL 244\/2022 (Apensado: PL 245\/2022)) e PL <br \/>1502\/2021) <br \/>RELATOR: Deputado DIEGO GARCIA. <br \/>PROJETO DE LEI N\u00ba 3.824\/23 &#8211; do Senado Federal &#8211; Fl\u00e1vio Arns &#8211; que &#8220;estabelece a Pol\u00edtica Nacional <br \/>de Indu\u00e7\u00e3o \u00e0 Doc\u00eancia na Educa\u00e7\u00e3o B\u00e1sica. &#8221; <br \/>RELATORA: Deputada SOCORRO NERI. <br \/>PROJETO DE LEI N\u00ba 4.249\/24 &#8211; do Sr. Allan Garc\u00eas &#8211; que &#8220;obriga o poder p\u00fablico a implantar, em todas <br \/>as escolas p\u00fablicas, sistema de ar condicionado de refrigera\u00e7\u00e3o e\/ou aquecimento, observadas as <br \/>particularidades de clima de cada regi\u00e3o, com o objetivo de assegurar a temperatura adequada na <br \/>climatiza\u00e7\u00e3o das salas de aula. &#8221; (Apensado: PL 710\/2025) <br \/>RELATOR: Deputado PROFESSOR ALCIDES. <br \/>DECURSO: 3\u00aa SESS\u00c3O <br \/>\u00daLTIMA SESS\u00c3O: 23-04-25 <br \/>Projetos de Lei (Art. 119, I e \u00a71\u00ba) <br \/>PROJETO DE LEI N\u00ba 6.049\/19 &#8211; do Senado Federal &#8211; Veneziano Vital do R\u00eago &#8211; que &#8220;altera a Lei n\u00ba<br \/>7.395, de 31 de outubro de 1985, para dispor sobre normas de verifica\u00e7\u00e3o do rendimento e controle de <br \/>frequ\u00eancia dos estudantes de n\u00edvel superior que exer\u00e7am ou se candidatem a fun\u00e7\u00f5es em \u00f3rg\u00e3os de <br \/>representa\u00e7\u00e3o estudantil&#8221;. <br \/>RELATOR: Deputado PEDRO UCZAI. <br \/>PROJETO DE LEI N\u00ba 4.057\/23 &#8211; do Sr. Amom Mandel &#8211; que &#8220;institui a Pol\u00edtica Nacional de Sa\u00fade Mental <br \/>nas Institui\u00e7\u00f5es de Ensino e d\u00e1 outras provid\u00eancias&#8221;. (Apensados: PL 5141\/2023, PL 6071\/2023 <br \/>(Apensado: PL 2175\/2024) e PL 80\/2024) <br \/>RELATORA: Deputada FRANCIANE BAYER. <br \/>PROJETO DE LEI N\u00ba 2.357\/24 &#8211; do Sr. Marcos Tavares &#8211; que &#8220;institui o Programa Juventude Digital <br \/>como Pol\u00edtica P\u00fablica Nacional , visando \u00e0 capacita\u00e7\u00e3o de jovens, prioritariamente aqueles provenientes <br \/>da rede p\u00fablica de ensino, em compet\u00eancias tecnol\u00f3gicas demandadas pelo mercado de Tecnologia da <br \/>Informa\u00e7\u00e3o e Comunica\u00e7\u00e3o (TIC), com o objetivo de potencializar oportunidades de emprego e renda <br \/>para esse p\u00fablico. &#8221; <br \/>RELATOR: Deputado DUDA RAMOS. <br \/>PROJETO DE LEI N\u00ba 2.471\/24 &#8211; da Sra. Clarissa T\u00e9rcio &#8211; que &#8220;altera a Lei n\u00ba 14.254, de 30 de novembro <br \/>de 2021, a fim de ampliar os cuidados aos educandos com dislexia ou Transtorno do D\u00e9ficit de Aten\u00e7\u00e3o <br \/>com Hiperatividade (TDAH) ou outro transtorno de aprendizagem&#8221;. <br \/>RELATOR: Deputado DIEGO GARCIA. <br \/>PROJETO DE LEI N\u00ba 125\/25 &#8211; do Sr. Duda Ramos &#8211; que &#8220;altera a Lei n\u00ba 13.415, de 16 de fevereiro de <br \/>2017, a fim de fixar par\u00e2metros para a expans\u00e3o da Pol\u00edtica de Fomento \u00e0 Implementa\u00e7\u00e3o de Escolas de <br \/>Ensino M\u00e9dio em Tempo Integral&#8221;. <br \/>RELATOR: Deputado MAUR\u00cdCIO CARVALHO. <br \/>PROJETO DE LEI N\u00ba 594\/25 &#8211; do Sr. Duda Ramos &#8211; que &#8220;altera a Lei n\u00ba 10.880, de 9 de junho de 2004, <br \/>para incluir crit\u00e9rio de taxa de analfabetismo no c\u00e1lculo dos repasses financeiros do Programa Brasil <br \/>Alfabetizado&#8221;. RELATOR: Deputado RAFAEL BRITO. <br \/>PROJETO DE LEI N\u00ba 599\/25 &#8211; do Sr. Rafael Brito &#8211; que &#8220;acrescenta par\u00e1grafo ao art. 2\u00ba da Lei n\u00ba 15.100, <br \/>de 13 de janeiro de 2025, que disp\u00f5e sobre a utiliza\u00e7\u00e3o, por estudantes, de aparelhos eletr\u00f4nicos <br \/>port\u00e1teis pessoais nos estabelecimentos p\u00fablicos e privados de ensino da educa\u00e7\u00e3o b\u00e1sica, para inserir <br \/>novas alternativas para permiss\u00e3o de uso desses aparelhos&#8221;. <br \/>RELATOR: Deputado DIEGO GARCIA. <br \/>PROJETO DE LEI N\u00ba 625\/25 &#8211; da Sra. Professora Luciene Cavalcante &#8211; que &#8220;institui o \u201cSelo <br \/>Compromisso com a Primeir\u00edssima Inf\u00e2ncia\u201d&#8221;. <br \/>RELATOR: Deputado DIEGO GARCIA. <br \/>PROJETO DE LEI N\u00ba 672\/25 &#8211; do Sr. Rafael Brito &#8211; que &#8220;altera a Lei n\u00ba 11.738, de 16 de julho de 2008, <br \/>para assegurar o direito ao piso salarial profissional nacional para os profissionais do magist\u00e9rio p\u00fablico <br \/>da educa\u00e7\u00e3o b\u00e1sica aos professores tempor\u00e1rios, contratados com base no art. 37, inciso IX, da <br \/>Constitui\u00e7\u00e3o Federal&#8221;. <br \/>RELATORA: Deputada SOCORRO NERI. <br \/>DECURSO: 4\u00aa SESS\u00c3O <br \/>\u00daLTIMA SESS\u00c3O: 22-04-25 <br \/>Substitutivo (Art. 119, II e \u00a71\u00ba) <br \/>AS PROPOSI\u00c7\u00d5ES ABAIXO SOMENTE RECEBER\u00c3O EMENDAS APRESENTADAS POR MEMBROS <br \/>DESTA COMISS\u00c3O <br \/>PROJETO DE LEI N\u00ba 4.075\/24 &#8211; da Sra. Fernanda Pessoa &#8211; que &#8220;disp\u00f5e sobre a cria\u00e7\u00e3o do Programa <br \/>&#8220;Horta nas M\u00e3os&#8221;, que incentiva a planta\u00e7\u00e3o de hortas escolares e comunit\u00e1rias por crian\u00e7as e <br \/>adolescentes, e d\u00e1 outras provid\u00eancias&#8221;. (Apensado: PL 275\/2025) <br \/>RELATOR: Deputado PASTOR GIL. <br \/>COMISS\u00c3O DO ESPORTE <br \/>AVISOS <br \/>PROPOSI\u00c7\u00d5ES EM FASE DE RECEBIMENTO DE EMENDAS (5 SESS\u00d5ES) <br \/>DECURSO: 1\u00aa SESS\u00c3O <br \/>\u00daLTIMA SESS\u00c3O: 25-04-25 <br \/>Substitutivo (Art. 119, II e \u00a71\u00ba) <br \/>AS PROPOSI\u00c7\u00d5ES ABAIXO SOMENTE RECEBER\u00c3O EMENDAS APRESENTADAS POR MEMBROS <br \/>DESTA COMISS\u00c3O <br \/>PROJETO DE LEI N\u00ba 168\/23 &#8211; da Sra. S\u00e2mia Bomfim &#8211; que &#8220;assegura \u00e0s mulheres o direito ao <br \/>pagamento de meia-entrada em jogos de futebol em que s\u00e3o cobradas taxas de ingresso em todo <br \/>territ\u00f3rio nacional. &#8221; <br \/>RELATORA: Deputada HELENA LIMA. <br \/>COMISS\u00c3O DE FINAN\u00c7AS E TRIBUTA\u00c7\u00c3O AVISOS <br \/>PROPOSI\u00c7\u00d5ES EM FASE DE RECEBIMENTO DE EMENDAS A PARTIR DE <br \/>TER\u00c7A-FEIRA (DIA 22\/04\/2025) <br \/>Projetos de Lei (Art. 119, I e \u00a71\u00ba) <br \/>A &#8211; Da An\u00e1lise da Adequa\u00e7\u00e3o Financeira e Or\u00e7ament\u00e1ria e do M\u00e9rito: <br \/>PROJETO DE LEI N\u00ba 1.212\/24 &#8211; do Sr. Alberto Fraga &#8211; que &#8220;altera o \u00a7 2\u00ba do art. 3\u00ba da Lei n\u00ba 12.850, de 2 <br \/>de agosto de 2013, para dispor sobre o sigilo de contrata\u00e7\u00f5es no curso de rastreamento e obten\u00e7\u00e3o de <br \/>provas em atividades investigativas contra organiza\u00e7\u00f5es criminosas, e d\u00e1 outras provid\u00eancias&#8221;. <br \/>RELATOR: Deputado JOS\u00c9 MEDEIROS. <br \/>B &#8211; Da An\u00e1lise da Adequa\u00e7\u00e3o Financeira e Or\u00e7ament\u00e1ria (art. 54): <br \/>PROJETO DE LEI N\u00ba 2.289\/22 &#8211; do Sr. Capit\u00e3o Alberto Neto &#8211; que &#8220;altera a Lei n\u00ba 9.537, de 11 de <br \/>dezembro de 1997, para dispensar a regulariza\u00e7\u00e3o do registro da embarca\u00e7\u00e3o nos casos de instala\u00e7\u00e3o <br \/>de prote\u00e7\u00e3o do motor, eixo e partes m\u00f3veis, quando executadas ou patrocinadas pelo poder p\u00fablico&#8221;. <br \/>RELATOR: Deputado FERNANDO MONTEIRO. <br \/>PROPOSI\u00c7\u00d5ES EM FASE DE RECEBIMENTO DE EMENDAS (5 SESS\u00d5ES) <br \/>DECURSO: 3\u00aa SESS\u00c3O <br \/>\u00daLTIMA SESS\u00c3O: 23-04-25 <br \/>Projetos de Lei (Art. 119, I e \u00a71\u00ba) <br \/>A &#8211; Da An\u00e1lise da Adequa\u00e7\u00e3o Financeira e Or\u00e7ament\u00e1ria e do M\u00e9rito: <br \/>PROJETO DE LEI N\u00ba 6.762\/10 &#8211; do Senado Federal &#8211; Marcelo Crivella &#8211; (PLS 223\/2009) &#8211; que &#8220;altera a <br \/>Lei n\u00ba 8.666, de 21 de junho de 1993, para proibir a contrata\u00e7\u00e3o de empresas prestadoras de servi\u00e7os <br \/>para atividades inseridas entre as fun\u00e7\u00f5es de cargos da estrutura permanente ou que representem <br \/>necessidade final\u00edstica, essencial ou permanente, dos \u00f3rg\u00e3os da Administra\u00e7\u00e3o P\u00fablica&#8221;. <br \/>RELATOR: Deputado ADAIL FILHO. <br \/>PROJETO DE LEI N\u00ba 1.155\/24 &#8211; do Sr. Felipe Saliba &#8211; que &#8220;institui o Selo Amigo do Motorista em \u00e2mbito <br \/>Federal, conferido aos estabelecimentos que ofere\u00e7am pontos de apoio e descanso adequados aos <br \/>caminhoneiros&#8221;. <br \/>RELATOR: Deputado PAULO GUEDES. <br \/>PROJETO DE LEI N\u00ba 1.282\/24 &#8211; do Sr. Carlos Veras &#8211; que &#8220;altera a Lei n\u00ba 10.420, de 10 de abril de 2002, <br \/>que cria o Fundo Garantia-Safra e institui o Benef\u00edcio Garantia-Safra, destinado a agricultores familiares <br \/>vitimados pelo fen\u00f4meno da estiagem, nas regi\u00f5es que especifica&#8221; <br \/>RELATOR: Deputado Z\u00c9 NETO. <br \/>PROJETO DE LEI N\u00ba 1.695\/24 &#8211; do Sr. Marangoni &#8211; que &#8220;altera a Lei n\u00ba 12.340, de 1\u00ba de dezembro de <br \/>2010, para disciplinar as doa\u00e7\u00f5es de pessoas jur\u00eddicas de direito p\u00fablico externo, as organiza\u00e7\u00f5es <br \/>internacionais e as empresas estrangeiras para o Fundo Nacional para Calamidades P\u00fablicas, Prote\u00e7\u00e3o <br \/>e Defesa Civil (FUNCAP) e aos fundos constitu\u00eddos pelos Estados, Distrito Federal e Munic\u00edpios&#8221;. <br \/>RELATOR: Deputado PAULO GUEDES. <br \/>B &#8211; Da An\u00e1lise da Adequa\u00e7\u00e3o Financeira e Or\u00e7ament\u00e1ria (art. 54): PROJETO DE LEI N\u00ba 11.135\/18 &#8211; do Sr. F\u00e1bio Trad &#8211; que &#8220;altera o art. 91 do Decreto-lei n\u00ba 2.848, de 7 <br \/>de dezembro de 1940- C\u00f3digo Penal, que disp\u00f5e sobre os efeitos da condena\u00e7\u00e3o penal, para incluir a <br \/>responsabilidade do autor do crime em ressarcir os custos relacionados aos servi\u00e7os de sa\u00fade prestados <br \/>pelo Sistema \u00danico de Sa\u00fade &#8211; SUS&#8221;. <br \/>RELATORA: Deputada LAURA CARNEIRO. <br \/>PROJETO DE LEI N\u00ba 252\/21 &#8211; do Sr. Roberto de Lucena &#8211; que &#8220;\u201cInstitui o direito de defesa oral na <br \/>contesta\u00e7\u00e3o de multa por infra\u00e7\u00e3o de tr\u00e2nsito aplicada e d\u00e1 outras provid\u00eancias.\u201d&#8221; <br \/>RELATOR: Deputado KIM KATAGUIRI. <br \/>DECURSO: 4\u00aa SESS\u00c3O <br \/>\u00daLTIMA SESS\u00c3O: 22-04-25 <br \/>Substitutivo (Art. 119, II e \u00a71\u00ba) <br \/>AS PROPOSI\u00c7\u00d5ES ABAIXO SOMENTE RECEBER\u00c3O EMENDAS APRESENTADAS POR MEMBROS <br \/>DESTA COMISS\u00c3O <br \/>A &#8211; Da An\u00e1lise da Adequa\u00e7\u00e3o Financeira e Or\u00e7ament\u00e1ria e do M\u00e9rito: <br \/>PROJETO DE LEI N\u00ba 680\/22 &#8211; do Sr. Loester Trutis &#8211; que &#8220;esta lei determina que quando for <br \/>caracterizada fraude em licita\u00e7\u00e3o e fraude em obra p\u00fablica, o CNPJ e o CPF dos s\u00f3cios da empresa <br \/>ficar\u00e3o bloqueados e impossibilitados de participar de novas licita\u00e7\u00f5es&#8221;. <br \/>RELATOR: Deputado MARCOS TAVARES. <br \/>DECURSO: 5\u00aa SESS\u00c3O <br \/>\u00daLTIMA SESS\u00c3O: 17-04-25 <br \/>Substitutivo (Art. 119, II e \u00a71\u00ba) <br \/>AS PROPOSI\u00c7\u00d5ES ABAIXO SOMENTE RECEBER\u00c3O EMENDAS APRESENTADAS POR MEMBROS <br \/>DESTA COMISS\u00c3O <br \/>A &#8211; Da An\u00e1lise da Adequa\u00e7\u00e3o Financeira e Or\u00e7ament\u00e1ria e do M\u00e9rito: <br \/>PROJETO DE LEI N\u00ba 10.018\/18 &#8211; do Senado Federal &#8211; Ata\u00eddes Oliveira &#8211; (PLS 233\/2013) &#8211; que &#8220;altera a <br \/>Lei n\u00ba 11.340, de 7 de agosto de 2006 (Lei Maria da Penha), para determinar reserva de vagas em <br \/>cursos oferecidos pelos Servi\u00e7os Nacionais de Aprendizagem e pelo Sebrae \u00e0s mulheres em situa\u00e7\u00e3o de <br \/>viol\u00eancia dom\u00e9stica e familiar&#8221;. (Apensados: PL 9384\/2017 (Apensados: PL 1454\/2021 e PL 5573\/2023), <br \/>PL 3414\/2019 (Apensados: PL 4531\/2019 (Apensado: PL 4363\/2020), PL 324\/2021 (Apensado: PL <br \/>633\/2021) e PL 1740\/2021 (Apensados: PL 1176\/2023 e PL 4230\/2023)), PL 4264\/2019 (Apensados: PL <br \/>323\/2021, PL 541\/2021, PL 3515\/2021, PL 3642\/2021 e PL 658\/2024), PL 5548\/2019 (Apensados: PL <br \/>1741\/2021 e PL 2221\/2021) e PL 6115\/2019) <br \/>RELATORA: Deputada LAURA CARNEIRO. <br \/>COMISS\u00c3O DE IND\u00daSTRIA, COM\u00c9RCIO E SERVI\u00c7OS <br \/>AVISOS <br \/>PROPOSI\u00c7\u00d5ES EM FASE DE RECEBIMENTO DE EMENDAS A PARTIR DE <br \/>TER\u00c7A-FEIRA (DIA 22\/04\/2025) Substitutivo (Art. 119, II e \u00a71\u00ba) <br \/>AS PROPOSI\u00c7\u00d5ES ABAIXO SOMENTE RECEBER\u00c3O EMENDAS APRESENTADAS POR MEMBROS <br \/>DESTA COMISS\u00c3O <br \/>PROJETO DE LEI N\u00ba 2.146\/24 &#8211; do Sr. Ronaldo Nogueira &#8211; que &#8220;autoriza o poder executivo federal <br \/>destinar os im\u00f3veis de sua propriedade desocupados para fins de moradia e pequenos neg\u00f3cios. &#8221; <br \/>RELATOR: Deputado DELEGADO RAMAGEM. <br \/>COMISS\u00c3O DE MEIO AMBIENTE E DESENVOLVIMENTO SUSTENT\u00c1VEL <br \/>AVISOS <br \/>PROPOSI\u00c7\u00d5ES EM FASE DE RECEBIMENTO DE EMENDAS A PARTIR DE <br \/>TER\u00c7A-FEIRA (DIA 22\/04\/2025) <br \/>Projetos de Lei (Art. 119, I e \u00a71\u00ba) <br \/>PROJETO DE LEI N\u00ba 572\/20 &#8211; do Sr. Capit\u00e3o Alberto Neto &#8211; que &#8220;disp\u00f5e sobre o sistema nacional de <br \/>redu\u00e7\u00e3o de emiss\u00f5es por desmatamento e degrada\u00e7\u00e3o, conserva\u00e7\u00e3o, manejo florestal sustent\u00e1vel, <br \/>manuten\u00e7\u00e3o e aumento dos estoques de carbono florestal (REDD+), e d\u00e1 outras provid\u00eancias&#8221;. <br \/>RELATOR: Deputado EVAIR VIEIRA DE MELO. <br \/>PROJETO DE LEI N\u00ba 988\/22 &#8211; do Senado Federal &#8211; K\u00e1tia Abreu &#8211; (PLS 248\/2014) &#8211; que &#8220;estabelece <br \/>regras para preservar a calha principal e o curso natural do rio Araguaia&#8221;. <br \/>RELATOR: Deputado CARLOS HENRIQUE GAGUIM. <br \/>PROJETO DE LEI N\u00ba 3.341\/21 &#8211; do Sr. Geninho Zuliani &#8211; que &#8220;altera dispositivos da Lei n\u00ba 9.433, de 8 de <br \/>janeiro de 1997, que institui a Pol\u00edtica Nacional de Recursos H\u00eddricos, cria o Sistema Nacional de <br \/>Gerenciamento de Recursos H\u00eddricos e d\u00e1 outras provid\u00eancias&#8221; <br \/>RELATOR: Deputado EVAIR VIEIRA DE MELO. <br \/>PROJETO DE LEI N\u00ba 4.364\/23 &#8211; do Senado Federal &#8211; Astronauta Marcos Pontes &#8211; que &#8220;altera a Lei n\u00ba<br \/>12.187, de 29 de dezembro de 2009 (Pol\u00edtica Nacional sobre Mudan\u00e7a do Clima), para incluir regras de <br \/>consolida\u00e7\u00e3o e fomento \u00e0 ado\u00e7\u00e3o de medidas para mitiga\u00e7\u00e3o e para remo\u00e7\u00e3o de gases de efeito estufa&#8221;. <br \/>RELATORA: Deputada TABATA AMARAL. <br \/>PROJETO DE LEI N\u00ba 2.470\/24 &#8211; do Sr. Lucio Mosquini &#8211; que &#8220;altera a Lei n\u00ba 12.651, de 25 de maio de <br \/>2012, C\u00f3digo Florestal, para dispor sobre recomposi\u00e7\u00e3o de \u00e1reas suprimidas dentro da reserva legal e <br \/>d\u00e1 outras provid\u00eancias&#8221;. <br \/>RELATORA: Deputada CAMILA JARA. <br \/>PROJETO DE LEI N\u00ba 2.881\/24 &#8211; do Sr. C\u00e9lio Studart &#8211; que &#8220;altera a Lei n\u00ba 8.171, de 17 de janeiro de <br \/>1991, e d\u00e1 outras provid\u00eancias. &#8221; <br \/>RELATOR: Deputado FERNANDO MINEIRO. <br \/>PROJETO DE LEI N\u00ba 2.916\/24 &#8211; do Sr. Amom Mandel &#8211; que &#8220;altera a Lei n\u00ba 9.433, de 8 de janeiro de <br \/>1997, que institui a Pol\u00edtica Nacional de Recursos H\u00eddricos, para instituir o Programa de Prote\u00e7\u00e3o de <br \/>Nascentes e \u00c1reas de Recarga H\u00eddrica na Regi\u00e3o Norte. &#8221; <br \/>RELATORA: Deputada DILVANDA FARO. <br \/>PROJETO DE LEI N\u00ba 3.144\/24 &#8211; do Sr. Nilto Tatto &#8211; que &#8220;institui contribui\u00e7\u00e3o de interven\u00e7\u00e3o no dom\u00ednio <br \/>econ\u00f4mico (CIDE-Pecu\u00e1ria) destinada a custear o Fundo da Pecu\u00e1ria Limpa (FUNPECLIMP), para o <br \/>financiamento de programas e a\u00e7\u00f5es voltados para a ado\u00e7\u00e3o de t\u00e9cnicas de agricultura de baixo <br \/>carbono&#8221;. <br \/>RELATORA: Deputada CAMILA JARA. PROJETO DE LEI N\u00ba 3.382\/24 &#8211; da Sra. Duda Salabert &#8211; que &#8220;altera a Lei n\u00ba 10.257, de 10 de julho de <br \/>2001, Estatuto da Cidade, para incluir medidas com o objetivo de preparar as cidades para o contexto de <br \/>emerg\u00eancia clim\u00e1tica, valendo-se de pr\u00e1ticas de produ\u00e7\u00e3o e o consumo de alimentos respons\u00e1veis no <br \/>contexto urbano&#8221;. <br \/>RELATOR: Deputado NILTO TATTO. <br \/>PROJETO DE LEI N\u00ba 3.499\/24 &#8211; do Sr. Daniel Agrobom &#8211; que &#8220;altera a Lei n\u00ba 8.171, de 17 de janeiro de <br \/>1991, que disp\u00f5e sobre a Pol\u00edtica Agr\u00edcola, para aprimorar as diretrizes de pesquisa agr\u00edcola. &#8221; <br \/>RELATOR: Deputado JUNIO AMARAL. <br \/>PROJETO DE LEI N\u00ba 3.604\/24 &#8211; do Sr. Fred Linhares &#8211; que &#8220;altera a Lei n\u00ba 12.114, de 9 de dezembro de <br \/>2009, que Cria o Fundo Nacional sobre Mudan\u00e7a do Clima, para permitir o investimento de recursos no <br \/>desenvolvimento de tecnologia da informa\u00e7\u00e3o (TI) e da intelig\u00eancia artificial (IA) na preven\u00e7\u00e3o e <br \/>conten\u00e7\u00e3o de inc\u00eandio em ambientes naturais, e d\u00e1 outras provid\u00eancias. &#8221; <br \/>RELATOR: Deputado LE\u00d4NIDAS CRISTINO. <br \/>PROJETO DE LEI N\u00ba 3.652\/24 &#8211; da Sra. C\u00e9lia Xakriab\u00e1 &#8211; que &#8220;disp\u00f5e sobre a Lei n\u00ba 9.394 de 20 de <br \/>dezembro de 1996 (Diretrizes e bases da educa\u00e7\u00e3o nacional), a Lei n\u00ba 6.938, de 31 de agosto de 1981 <br \/>(Pol\u00edtica Nacional do Meio Ambiente), a Lei n\u00ba 12.187 de 29 de dezembro de 2009 (Pol\u00edtica Nacional <br \/>sobre Mudan\u00e7as Clim\u00e1ticas), a Lei n\u00ba 9795 de 27 de abril de 1999 (Pol\u00edtica Nacional de Educa\u00e7\u00e3o <br \/>Ambiental), da Lei n\u00ba 10.753 de 30 de outubro de 2003 (Pol\u00edtica Nacional do Livro) e o Decreto n\u00ba 9099 <br \/>de 18 de julho de 2017 (Programa Nacional do Livro e do Material Did\u00e1tico), para disciplinar a <br \/>distribui\u00e7\u00e3o de material did\u00e1tico sobre as mudan\u00e7as clim\u00e1ticas e os seus impactos nos biomas <br \/>brasileiros. &#8221; (Apensado: PL 457\/2025) <br \/>RELATOR: Deputado CORONEL CHRIS\u00d3STOMO. <br \/>PROJETO DE LEI N\u00ba 3.658\/24 &#8211; do Sr. Saullo Vianna &#8211; que &#8220;altera a Lei n\u00ba 12.114, de 9 de dezembro de <br \/>2009, para possibilitar a destina\u00e7\u00e3o de recursos do Fundo Nacional sobre Mudan\u00e7a do Clima para o <br \/>combate ao desmatamento, \u00e0s queimadas, aos inc\u00eandios florestais, \u00e0 desertifica\u00e7\u00e3o e aos desastres <br \/>naturais&#8221;. <br \/>RELATOR: Deputado AMOM MANDEL. <br \/>PROJETO DE LEI N\u00ba 3.806\/24 &#8211; da Sra. Marussa Boldrin &#8211; que &#8220;altera as Leis n\u00ba 9.393, de 19 de <br \/>dezembro de 1996; n\u00ba 6.938, de 31 de agosto de 1981, n\u00ba 11.250, de 27 de dezembro de 2005, e d\u00e1 <br \/>outras provid\u00eancias&#8221;. <br \/>RELATORA: Deputada IZA ARRUDA. <br \/>PROJETO DE LEI N\u00ba 3.943\/24 &#8211; da Sra. Adriana Ventura e outros &#8211; que &#8220;altera o Imposto sobre a <br \/>Propriedade Territorial Rural &#8211; ITR, para dispor sobre a inclus\u00e3o de incentivos para preven\u00e7\u00e3o e combate <br \/>a inc\u00eandios florestais e queimadas irregulares&#8221;. <br \/>RELATOR: Deputado LUIZ CARLOS BUSATO. <br \/>PROJETO DE LEI N\u00ba 3.960\/24 &#8211; do Sr. Fernando Monteiro &#8211; que &#8220;estabelece a permiss\u00e3o da ado\u00e7\u00e3o de <br \/>procedimento espec\u00edfico ou simplificado para o licenciamento ambiental, condicionada \u00e0 contrata\u00e7\u00e3o de <br \/>seguro ambiental&#8221;. <br \/>RELATOR: Deputado CLODOALDO MAGALH\u00c3ES. <br \/>PROJETO DE LEI N\u00ba 4.372\/24 &#8211; do Sr. Duarte Jr. &#8211; que &#8220;disp\u00f5e sobre o direito da pessoa com defici\u00eancia <br \/>de ingressar e permanecer acompanhada do c\u00e3o de assist\u00eancia em ambientes p\u00fablicos e privados de <br \/>uso coletivo e em meios de transporte&#8221;. <br \/>RELATOR: Deputado C\u00c9LIO STUDART. <br \/>PROJETO DE LEI N\u00ba 66\/25 &#8211; da Sra. Dayany Bittencourt &#8211; que &#8220;autoriza o Poder Executivo a instituir o <br \/>produto lot\u00e9rico denominado \u201cLotoPet\u201d; e altera a Lei n\u00ba 13.756, de 12 de dezembro de 2018, para dispor <br \/>sobre a destina\u00e7\u00e3o do produto da arrecada\u00e7\u00e3o da referida loteria e dos valores dos pr\u00eamios n\u00e3o <br \/>reclamados pelos apostadores contemplados no prazo de prescri\u00e7\u00e3o&#8221;. <br \/>RELATOR: Deputado FELIPE BECARI. <br \/>COMISS\u00c3O DE MINAS E ENERGIA AVISOS <br \/>PROPOSI\u00c7\u00d5ES EM FASE DE RECEBIMENTO DE EMENDAS (5 SESS\u00d5ES) <br \/>DECURSO: 4\u00aa SESS\u00c3O <br \/>\u00daLTIMA SESS\u00c3O: 22-04-25 <br \/>Projetos de Lei (Art. 119, I e \u00a71\u00ba) <br \/>PROJETO DE LEI N\u00ba 4.738\/24 &#8211; do Sr. Duarte Jr. &#8211; que &#8220;altera a Lei n\u00ba 9.427, de 26 de dezembro de <br \/>1996, para vedar a nomea\u00e7\u00e3o ou designa\u00e7\u00e3o para os cargos de presid\u00eancia, dire\u00e7\u00e3o ou ger\u00eancia da <br \/>ANEEL de pessoa que, nos \u00faltimos 10 (dez) anos, tenha exercido, direta ou indiretamente, fun\u00e7\u00f5es ou <br \/>atividades ligadas a empresas ou entidades sob regula\u00e7\u00e3o da ANEEL e estabelece impedimentos, pelo <br \/>mesmo per\u00edodo, ap\u00f3s o t\u00e9rmino do v\u00ednculo com a ag\u00eancia reguladora. &#8221; <br \/>RELATOR: Deputado MARX BELTR\u00c3O. <br \/>PROJETO DE LEI N\u00ba 585\/25 &#8211; do Sr. Duda Ramos &#8211; que &#8220;altera a Lei n\u00ba 9.427, de 26 de dezembro de <br \/>1996, para determinar que a Ag\u00eancia Nacional de Energia El\u00e9trica (ANEEL) publique relat\u00f3rios, em <br \/>linguagem acess\u00edvel \u00e0 popula\u00e7\u00e3o, com vistas a garantir transpar\u00eancia das tarifas de energia el\u00e9trica&#8221;. <br \/>RELATOR: Deputado MARX BELTR\u00c3O. <br \/>COMISS\u00c3O DE PREVID\u00caNCIA, ASSIST\u00caNCIA SOCIAL, INF\u00c2NCIA, <br \/>ADOLESC\u00caNCIA E FAM\u00cdLIA <br \/>AVISOS <br \/>PROPOSI\u00c7\u00d5ES EM FASE DE RECEBIMENTO DE EMENDAS A PARTIR DE <br \/>TER\u00c7A-FEIRA (DIA 22\/04\/2025) <br \/>Substitutivo (Art. 119, II e \u00a71\u00ba) <br \/>AS PROPOSI\u00c7\u00d5ES ABAIXO SOMENTE RECEBER\u00c3O EMENDAS APRESENTADAS POR MEMBROS <br \/>DESTA COMISS\u00c3O <br \/>PROJETO DE LEI N\u00ba 4.490\/21 &#8211; do Sr. M\u00e1rio Heringer &#8211; que &#8220;altera o inciso II do art. 92 do Decreto-Lei <br \/>n\u00ba 2.848, de 7 de dezembro de 1940 \u2013 C\u00f3digo Penal, para incluir o impedimento para o exerc\u00edcio da <br \/>guarda de menor de dezoito anos ou interdito entre os efeitos da condena\u00e7\u00e3o penal, e d\u00e1 outras <br \/>provid\u00eancias&#8221;. <br \/>RELATORA: Deputada LAURA CARNEIRO. <br \/>PROPOSI\u00c7\u00d5ES EM FASE DE RECEBIMENTO DE EMENDAS (5 SESS\u00d5ES) <br \/>DECURSO: 1\u00aa SESS\u00c3O <br \/>\u00daLTIMA SESS\u00c3O: 25-04-25 <br \/>Substitutivo (Art. 119, II e \u00a71\u00ba) <br \/>AS PROPOSI\u00c7\u00d5ES ABAIXO SOMENTE RECEBER\u00c3O EMENDAS APRESENTADAS POR MEMBROS DESTA COMISS\u00c3O <br \/>PROJETO DE LEI N\u00ba 3.820\/23 &#8211; do Sr. Carlos Henrique Gaguim &#8211; que &#8220;altera a Lei n\u00ba 8.742, de 7 de <br \/>dezembro de 1993, para incluir, entre os princ\u00edpios, objetivos e estrat\u00e9gias do Sistema \u00danico de <br \/>Assist\u00eancia Social (Suas), a busca ativa de fam\u00edlias em situa\u00e7\u00e3o de vulnerabilidade e risco social, a fim <br \/>de integrar as lacunas na prote\u00e7\u00e3o social&#8221;. <br \/>RELATORA: Deputada LAURA CARNEIRO. <br \/>DECURSO: 4\u00aa SESS\u00c3O <br \/>\u00daLTIMA SESS\u00c3O: 22-04-25 <br \/>Substitutivo (Art. 119, II e \u00a71\u00ba) <br \/>AS PROPOSI\u00c7\u00d5ES ABAIXO SOMENTE RECEBER\u00c3O EMENDAS APRESENTADAS POR MEMBROS <br \/>DESTA COMISS\u00c3O <br \/>PROJETO DE LEI N\u00ba 3.679\/20 &#8211; do Sr. Emanuel Pinheiro Neto e outros &#8211; que &#8220;disp\u00f5e sobre a restitui\u00e7\u00e3o <br \/>de valores creditados em institui\u00e7\u00e3o financeira por ente p\u00fablico em desfavor dos interesses coletivos <br \/>fundamentais e prev\u00ea aplica\u00e7\u00f5es de multa pela inobserv\u00e2ncia do sistema previsto&#8221;. <br \/>RELATOR: Deputado FILIPE MARTINS. <br \/>PROJETO DE LEI N\u00ba 19\/22 &#8211; do Sr. Pedro Uczai e outros &#8211; que &#8220;disp\u00f5e sobre medidas emergenciais de <br \/>amparo aos agricultores familiares para mitigar os impactos socioecon\u00f4micos da seca e das enchentes <br \/>que incidem sobre o pa\u00eds desde o ano de 2021, e d\u00e1 outras provid\u00eancias. &#8221; (Apensados: PL 60\/2022, PL <br \/>518\/2022 e PL 83\/2022 (Apensados: PL 86\/2022 (Apensados: PL 629\/2023, PL 2290\/2024 e PL <br \/>3113\/2024), PL 1412\/2022, PL 1703\/2024 e PL 1899\/2024)) <br \/>RELATOR: Deputado FILIPE MARTINS. <br \/>COMISS\u00c3O DE SA\u00daDE <br \/>AVISOS <br \/>PROPOSI\u00c7\u00d5ES EM FASE DE RECEBIMENTO DE EMENDAS A PARTIR DE <br \/>TER\u00c7A-FEIRA (DIA 22\/04\/2025) <br \/>Substitutivo (Art. 119, II e \u00a71\u00ba) <br \/>AS PROPOSI\u00c7\u00d5ES ABAIXO SOMENTE RECEBER\u00c3O EMENDAS APRESENTADAS POR MEMBROS <br \/>DESTA COMISS\u00c3O <br \/>PROJETO DE LEI N\u00ba 2.209\/24 &#8211; do Sr. Marcos Tavares &#8211; que &#8220;institui a oferta do procedimento de <br \/>fertiliza\u00e7\u00e3o in vitro (FIV) aos servi\u00e7os de aten\u00e7\u00e3o \u00e0 reprodu\u00e7\u00e3o humana assistida ofertada no \u00e2mbito do <br \/>Sistema \u00danico de Sa\u00fade (SUS) para casais com dificuldades de fertilidade e d\u00e1 outras provid\u00eancias. &#8221; <br \/>RELATORA: Deputada SILVIA CRISTINA. <br \/>PROPOSI\u00c7\u00d5ES EM FASE DE RECEBIMENTO DE EMENDAS (5 SESS\u00d5ES) <br \/>DECURSO: 4\u00aa SESS\u00c3O <br \/>\u00daLTIMA SESS\u00c3O: 22-04-25 <br \/>Projetos de Lei (Art. 119, I e \u00a71\u00ba) PROJETO DE LEI N\u00ba 6.340\/13 &#8211; do Sr. Jorginho Mello &#8211; que &#8220;concede redu\u00e7\u00e3o a zero de al\u00edquotas da <br \/>Contribui\u00e7\u00e3o para o Financiamento da Seguridade Social &#8211; COFINS e da Contribui\u00e7\u00e3o para os <br \/>Programas de Integra\u00e7\u00e3o Social e de Forma\u00e7\u00e3o do Patrim\u00f4nio do Servidor P\u00fablico &#8211; PIS\/PASEP sobre <br \/>as receitas de vendas de preparados anti-solares&#8221;. (Apensados: PL 5464\/2016 (Apensado: PL <br \/>4918\/2023) e PL 4704\/2020 (Apensado: PL 4141\/2023)) <br \/>RELATOR: Deputado ALLAN GARC\u00caS. <br \/>PROJETO DE LEI N\u00ba 4.339\/16 &#8211; da Sra. Clarissa Garotinho &#8211; que &#8220;altera a Lei n\u00ba 10.925, de 23 de julho <br \/>de 2004, para conceder isen\u00e7\u00e3o do PIS-COFINS na importa\u00e7\u00e3o de repelentes de insetos que especifica <br \/>e inclui-los no rol de produtos da cesta b\u00e1sica&#8221;. (Apensados: PL 4419\/2016 (Apensados: PL 4502\/2016 e <br \/>PL 876\/2024) e PL 4600\/2016) <br \/>RELATOR: Deputado ALLAN GARC\u00caS. <br \/>PROJETO DE LEI N\u00ba 10.951\/18 &#8211; da Sra. Clarissa Garotinho &#8211; que &#8220;pro\u00edbe o recebimento de <br \/>medicamentos que tenham ultrapassado vinte por cento de seu per\u00edodo de validade nas aquisi\u00e7\u00f5es <br \/>onerosas de medicamentos realizadas pela administra\u00e7\u00e3o p\u00fablica federal e d\u00e1 outras provid\u00eancias&#8221;. <br \/>RELATOR: Deputado PAULO LITRO. <br \/>PROJETO DE LEI N\u00ba 2.571\/24 &#8211; do Sr. Adail Filho &#8211; que &#8220;estabelece prioridade no recebimento da <br \/>restitui\u00e7\u00e3o do Imposto de Renda para doadores regulares de sangue e para doadores de medula. &#8221; <br \/>RELATOR: Deputado PAULO LITRO. <br \/>Substitutivo (Art. 119, II e \u00a71\u00ba) <br \/>AS PROPOSI\u00c7\u00d5ES ABAIXO SOMENTE RECEBER\u00c3O EMENDAS APRESENTADAS POR MEMBROS <br \/>DESTA COMISS\u00c3O <br \/>PROJETO DE LEI N\u00ba 4.767\/20 &#8211; do Senado Federal &#8211; Nelsinho Trad &#8211; que &#8220;altera a Lei n\u00ba 13.146, de 6 de <br \/>julho de 2015 (Estatuto da Pessoa com Defici\u00eancia), para determinar que as pessoas com s\u00edndrome de <br \/>Tourette sejam consideradas pessoas com defici\u00eancia para todos os fins legais. &#8221; <br \/>RELATORA: Deputada FL\u00c1VIA MORAIS. <br \/>DECURSO: 5\u00aa SESS\u00c3O <br \/>\u00daLTIMA SESS\u00c3O: 17-04-25 <br \/>Substitutivo (Art. 119, II e \u00a71\u00ba) <br \/>AS PROPOSI\u00c7\u00d5ES ABAIXO SOMENTE RECEBER\u00c3O EMENDAS APRESENTADAS POR MEMBROS <br \/>DESTA COMISS\u00c3O <br \/>PROJETO DE LEI N\u00ba 5.265\/19 &#8211; do Sr. Nivaldo Albuquerque &#8211; que &#8220;disp\u00f5e sobre o diagn\u00f3stico e <br \/>atendimento cl\u00ednico e cir\u00fargico, exames e implantodontia aos pacientes semi dentados ou desdentados <br \/>atrav\u00e9s de conv\u00eanios entre as Faculdades de Odontologia e o Sistema \u00danico de Sa\u00fade &#8211; SUS&#8221;. <br \/>RELATOR: Deputado ANTONIO ANDRADE. <br \/>PROJETO DE LEI N\u00ba 2.680\/24 &#8211; do Sr. Ossesio Silva &#8211; que &#8220;altera a Lei 10.216, de 6 de abril de 2001, <br \/>que disp\u00f5e sobre a prote\u00e7\u00e3o e os direitos das pessoas portadoras de transtornos mentais e redireciona o <br \/>modelo assistencial em sa\u00fade mental, para incluir o disque sa\u00fade mental. &#8221; <br \/>RELATOR: Deputado ALLAN GARC\u00caS. <br \/>COMISS\u00c3O DE SEGURAN\u00c7A P\u00daBLICA E COMBATE AO CRIME <br \/>ORGANIZADO <br \/>AVISOS PROPOSI\u00c7\u00d5ES EM FASE DE RECEBIMENTO DE EMENDAS (5 SESS\u00d5ES) <br \/>DECURSO: 5\u00aa SESS\u00c3O <br \/>\u00daLTIMA SESS\u00c3O: 17-04-25 <br \/>Projetos de Lei (Art. 119, I e \u00a71\u00ba) <br \/>PROJETO DE LEI N\u00ba 385\/25 &#8211; do Sr. Coronel Assis e outros &#8211; que &#8220;altera a Lei altera a Lei n\u00ba 7.210, de <br \/>11 de julho de 1984 (Lei de Execu\u00e7\u00e3o Penal), para dispor sobre a proibi\u00e7\u00e3o de atividades comerciais <br \/>dentro dos estabelecimentos penais&#8221;. <br \/>RELATOR: Deputado GILVAN DA FEDERAL. <br \/>COMISS\u00c3O DE TRABALHO <br \/>AVISOS <br \/>PROPOSI\u00c7\u00d5ES EM FASE DE RECEBIMENTO DE EMENDAS A PARTIR DE <br \/>TER\u00c7A-FEIRA (DIA 22\/04\/2025) <br \/>Substitutivo (Art. 119, II e \u00a71\u00ba) <br \/>AS PROPOSI\u00c7\u00d5ES ABAIXO SOMENTE RECEBER\u00c3O EMENDAS APRESENTADAS POR MEMBROS <br \/>DESTA COMISS\u00c3O <br \/>PROJETO DE LEI N\u00ba 3.762\/19 &#8211; do Sr. Andr\u00e9 Figueiredo &#8211; que &#8220;regulamenta a profiss\u00e3o de <br \/>Biotecnologista&#8221;. <br \/>RELATORA: Deputada FL\u00c1VIA MORAIS. <br \/>PROPOSI\u00c7\u00d5ES EM FASE DE RECEBIMENTO DE EMENDAS (5 SESS\u00d5ES) <br \/>DECURSO: 4\u00aa SESS\u00c3O <br \/>\u00daLTIMA SESS\u00c3O: 22-04-25 <br \/>Projetos de Lei (Art. 119, I e \u00a71\u00ba) <br \/>PROJETO DE LEI N\u00ba 237\/19 &#8211; do Sr. Ney Leprevost &#8211; que &#8220;disp\u00f5e sobre a exig\u00eancia de atestado de <br \/>antecedentes criminais para a admiss\u00e3o em estabelecimentos de ensino escolar regular e pr\u00e9-escolas, <br \/>p\u00fablicos e privados, destinados ao atendimento de crian\u00e7as, conforme especifica&#8221; (Apensados: PL <br \/>974\/2019 (Apensados: PL 2353\/2019 e PL 52\/2020), PL 1699\/2019 (Apensado: PL 1822\/2022), PL <br \/>4388\/2020, PL 1358\/2023 e PL 4004\/2023) <br \/>RELATOR: Deputado SANDERSON. <br \/>PROJETO DE LEI N\u00ba 2.298\/19 &#8211; do Sr. M\u00e1rio Heringer &#8211; que &#8220;estabelece a possibilidade de transfer\u00eancia <br \/>de empregado entre empresas de um mesmo grupo econ\u00f4mico, dispensada a demiss\u00e3o, e d\u00e1 outras <br \/>provid\u00eancias&#8221;. <br \/>RELATOR: Deputado LEO PRATES. <br \/>PROJETO DE LEI N\u00ba 3.055\/19 &#8211; do Sr. Daniel Silveira &#8211; que &#8220;disp\u00f5e sobre a regulamenta\u00e7\u00e3o do exerc\u00edcio <br \/>profissional de Designer e d\u00e1 outras provid\u00eancias&#8221;. (Apensado: PL 2530\/2022) <br \/>RELATOR: Deputado ANDR\u00c9 FIGUEIREDO. PROJETO DE LEI N\u00ba 1.132\/21 &#8211; do Sr. Ruy Carneiro &#8211; que &#8220;disp\u00f5e sobre as rela\u00e7\u00f5es de trabalho do <br \/>Treinador Profissional de Futsal&#8221;. <br \/>RELATORA: Deputada ROG\u00c9RIA SANTOS. <br \/>PROJETO DE LEI N\u00ba 1.282\/21 &#8211; do Sr. Carlos Bezerra &#8211; que &#8220;altera o \u00a7 2\u00ba do art. 472 da Consolida\u00e7\u00e3o <br \/>das Leis do Trabalho para garantir a reintegra\u00e7\u00e3o ao emprego do empregado afastado para cumprimento <br \/>de encargo p\u00fablico que esteja em exerc\u00edcio de contrato de experi\u00eancia&#8221;. <br \/>RELATORA: Deputada ROG\u00c9RIA SANTOS. <br \/>PROJETO DE LEI N\u00ba 2.549\/22 &#8211; do Sr. C\u00e9lio Silveira &#8211; que &#8220;altera o Decreto-Lei n\u00ba 5.452 de 1\u00ba de maio <br \/>de 1943, que aprova a Consolida\u00e7\u00e3o das Leis do Trabalho, para dispor sobre os direitos do empregado <br \/>com filho menor, enteado menor ou menor sob sua responsabilidade legal diagnosticado com c\u00e2ncer, e; <br \/>altera a Lei n\u00ba 8.213, de 24 de julho de 1991, que disp\u00f5e sobre os Planos de Benef\u00edcios da Previd\u00eancia <br \/>Social e d\u00e1 outras provid\u00eancias, para disciplinar o aux\u00edlio-doen\u00e7a ao segurado com filho menor, enteado <br \/>menor ou menor sob sua responsabilidade legal diagnosticado com c\u00e2ncer&#8221;. <br \/>RELATORA: Deputada ROG\u00c9RIA SANTOS. <br \/>PROJETO DE LEI N\u00ba 733\/25 &#8211; do Sr. Leur Lomanto J\u00fanior &#8211; que &#8220;disp\u00f5e sobre o Sistema Portu\u00e1rio <br \/>Brasileiro, regula a explora\u00e7\u00e3o dos portos, as atividades de opera\u00e7\u00e3o portu\u00e1ria, o trabalho portu\u00e1rio e d\u00e1 <br \/>outras provid\u00eancias&#8221;. <br \/>RELATOR: Deputado LEO PRATES. <br \/>PROJETO DE LEI N\u00ba 3.170\/23 &#8211; do Senado Federal &#8211; Astronauta Marcos Pontes &#8211; que &#8220;altera a <br \/>Consolida\u00e7\u00e3o das Leis do Trabalho (CLT), aprovada pelo Decreto-Lei n\u00ba 5.452, de 1\u00ba de maio de 1943, <br \/>para aumentar o prazo da licen\u00e7a por motivo de falecimento do c\u00f4njuge, ascendente, descendente, <br \/>irm\u00e3o ou pessoa que viva sob depend\u00eancia econ\u00f4mica do empregado, quando for autorizada a doa\u00e7\u00e3o <br \/>de \u00f3rg\u00e3os, tecidos e partes do corpo humano para fins de transplante e tratamento&#8221;. <br \/>RELATORA: Deputada ROG\u00c9RIA SANTOS. <br \/>PROJETO DE LEI N\u00ba 5.408\/23 &#8211; do Sr. Airton Faleiro &#8211; que &#8220;institui a \u201cSemana Nacional do Trabalho <br \/>Decente\u201d a ser realizada, anualmente, no dia na semana de 7 de outubro. &#8221; <br \/>RELATOR: Deputado ALFREDINHO. <br \/>PROJETO DE LEI N\u00ba 3.253\/24 &#8211; Amom Mandel e Duda Ramos &#8211; que &#8220;disp\u00f5e sobre a manuten\u00e7\u00e3o do <br \/>benef\u00edcio de alimenta\u00e7\u00e3o durante o per\u00edodo de licen\u00e7a m\u00e9dica para empregado acometido por doen\u00e7as <br \/>graves. &#8221; <br \/>RELATORA: Deputada ROG\u00c9RIA SANTOS. <br \/>PROJETO DE LEI N\u00ba 3.588\/24 &#8211; da Sra. Fernanda Melchionna e outros &#8211; que &#8220;disp\u00f5e sobre a dispensa <br \/>do trabalho presencial em dias em que os n\u00edveis de polui\u00e7\u00e3o atmosf\u00e9rica excedam os padr\u00f5es <br \/>recomendados pela Organiza\u00e7\u00e3o Mundial da Sa\u00fade (OMS) para a qualidade do ar&#8221;. <br \/>RELATOR: Deputado T\u00daLIO GAD\u00caLHA. <br \/>PROJETO DE LEI N\u00ba 3.607\/24 &#8211; do Sr. J\u00fanior Mano &#8211; que &#8220;estabelece medidas para a promo\u00e7\u00e3o de <br \/>oportunidades de emprego e empreendedorismo para pessoas com defici\u00eancia, mediante a celebra\u00e7\u00e3o <br \/>de acordos de coopera\u00e7\u00e3o t\u00e9cnica entre o Minist\u00e9rio do Trabalho e Emprego e o Conselho Nacional dos <br \/>Direitos da Pessoa com Defici\u00eancia. &#8221; <br \/>RELATOR: Deputado LUCAS RAMOS. <br \/>PROJETO DE LEI N\u00ba 4.443\/24 &#8211; do Sr. Augusto Puppio &#8211; que &#8220;disp\u00f5e sobre a aten\u00e7\u00e3o integral \u00e1s v\u00edtimas <br \/>de escalpelamento&#8221;. <br \/>RELATORA: Deputada ROG\u00c9RIA SANTOS. <br \/>PROJETO DE LEI N\u00ba 4.794\/24 &#8211; do Sr. Diego Garcia &#8211; que &#8220;concede isen\u00e7\u00e3o do Imposto sobre Produtos <br \/>Industrializados (IPI) na doa\u00e7\u00e3o de autom\u00f3veis ou de suas partes e acess\u00f3rios por estabelecimento <br \/>fabricante de ve\u00edculos destinados ao Servi\u00e7o Nacional de Aprendizagem Industrial &#8211; SENAI, para <br \/>utiliza\u00e7\u00e3o em suas oficinas de aprendizagem. &#8221; <br \/>RELATOR: Deputado OSSESIO SILVA. <br \/>PROJETO DE LEI N\u00ba 229\/25 &#8211; do Sr. Capit\u00e3o Alberto Neto &#8211; que &#8220;altera a Lei n\u00ba 14.601, de 19 de junho <br \/>de 2023, que institui o Programa Bolsa Fam\u00edlia, e a Consolida\u00e7\u00e3o das Leis do Trabalho \u2013 CLT, aprovada <br \/>pelo Decreto-Lei n\u00ba 5.452, de 1o de maio de 1943, para criar mecanismos de incentivo \u00e0 integra\u00e7\u00e3o dos benefici\u00e1rios do Programa Bolsa Fam\u00edlia ao mercado de trabalho formal&#8221;. <br \/>RELATORA: Deputada ROG\u00c9RIA SANTOS. <br \/>PROJETO DE LEI N\u00ba 340\/25 &#8211; da Sra. Renata Abreu &#8211; que &#8220;altera a Lei n\u00ba 13.146, de 6 de julho de 2015 <br \/>(Estatuto da Pessoa com Defici\u00eancia) e a Lei n\u00ba 8.212, de 24 de julho de 1991 (Plano de Custeio da <br \/>Seguridade Social), para garantir a acessibilidade no ambiente de trabalho, incluir o teletrabalho como <br \/>op\u00e7\u00e3o obrigat\u00f3ria e dispor sobre a possibilidade de concess\u00e3o de incentivos fiscais para empresas que <br \/>contratem pessoas com defici\u00eancia, incluindo aquelas diagnosticadas com Transtorno do Espectro <br \/>Autista (TEA), e d\u00e1 outras provid\u00eancias&#8221;. <br \/>RELATOR: Deputado LUCAS RAMOS. <br \/>PROJETO DE LEI N\u00ba 362\/25 &#8211; da Sra. Chris Tonietto &#8211; que &#8220;altera o Decreto-lei n\u00ba 5.452, de 1\u00ba de maio <br \/>de 1943 (Consolida\u00e7\u00e3o das Leis do Trabalho), a fim de garantir prioridade aos pais com filho em idade <br \/>escolar na concess\u00e3o de f\u00e9rias em per\u00edodo que coincida com o de f\u00e9rias escolares&#8221;. <br \/>RELATORA: Deputada ROG\u00c9RIA SANTOS. <br \/>PROJETO DE LEI N\u00ba 390\/25 &#8211; do Sr. Jonas Donizette &#8211; que &#8220;altera o Decreto \u2013 Lei 5452 , de 1943 para <br \/>atribuir a Justi\u00e7a do Trabalho a compet\u00eancia de aplicar senten\u00e7a trabalhista quando o fato gerador \u00e9 <br \/>posterior ao pedido de recupera\u00e7\u00e3o judicial&#8221;. <br \/>RELATOR: Deputado LUCAS RAMOS. <br \/>PROJETO DE LEI N\u00ba 635\/25 &#8211; da Sra. Laura Carneiro &#8211; que &#8220;altera a Lei n\u00ba 9.696, de 1\u00ba de setembro de <br \/>1998, que disp\u00f5e sobre a regulamenta\u00e7\u00e3o da profiss\u00e3o de Educa\u00e7\u00e3o F\u00edsica e cria os respectivos <br \/>Conselho Federal e Conselhos Regionais de Educa\u00e7\u00e3o F\u00edsica&#8221;. <br \/>RELATOR: Deputado LUIZ GAST\u00c3O. <br \/>Substitutivo (Art. 119, II e \u00a71\u00ba) <br \/>AS PROPOSI\u00c7\u00d5ES ABAIXO SOMENTE RECEBER\u00c3O EMENDAS APRESENTADAS POR MEMBROS <br \/>DESTA COMISS\u00c3O <br \/>PROJETO DE LEI N\u00ba 3.550\/15 &#8211; do Sr. Bacelar &#8211; que &#8220;acrescenta par\u00e1grafo ao art. 168 da Consolida\u00e7\u00e3o <br \/>das Leis do Trabalho &#8211; CLT, a fim de tornar obrigat\u00f3rio o exame oftalmol\u00f3gico dos empregados&#8221; <br \/>RELATOR: Deputado DANIEL ALMEIDA. <br \/>DECURSO: 5\u00aa SESS\u00c3O <br \/>\u00daLTIMA SESS\u00c3O: 17-04-25 <br \/>Projetos de Lei (Art. 119, I e \u00a71\u00ba) <br \/>PROJETO DE LEI N\u00ba 2.799\/15 &#8211; do Sr. Davidson Magalh\u00e3es &#8211; que &#8220;disp\u00f5e sobre a proibi\u00e7\u00e3o de <br \/>entidades, empresas brasileiras ou sediadas em territ\u00f3rio nacional com objetivo importa\u00e7\u00e3o de cacau e <br \/>seus derivados, estabelecerem contratos com empresas que explorem trabalho degradante ou escravo <br \/>em outros pa\u00edses&#8221;. (Apensados: PL 3717\/2015 e PL 5072\/2016) <br \/>RELATOR: Deputado DANIEL ALMEIDA. <br \/>PROJETO DE LEI N\u00ba 1.044\/15 &#8211; do Sr. Hugo Leal &#8211; que &#8220;altera a Lei n\u00ba 12.619, de 30 de abril de 2012, <br \/>que disp\u00f5e sobre o exerc\u00edcio da profiss\u00e3o de motorista, para conceder adicional para o motorista que, <br \/>em virtude do trabalho, tenha que pernoitar no ve\u00edculo&#8221;. (Apensado: PL 4058\/2019) <br \/>RELATOR: Deputado DANIEL ALMEIDA. <br \/>PROJETO DE LEI N\u00ba 223\/19 &#8211; do Sr. Roberto de Lucena &#8211; que &#8220;altera dispositivos da Consolida\u00e7\u00e3o das <br \/>Leis do Trabalho (CLT), aprovada pelo Decreto-Lei n\u00b0 5.452, de 1\u00b0de maio de 1943, para inserir no rol de <br \/>entidades qualificadas para forma\u00e7\u00e3o t\u00e9cnico-profissional met\u00f3dica dos jovens brasileiros, nos moldes da <br \/>Lei 10. 097\/2000, as Institui\u00e7\u00f5es Militares de aprendizagem profissional&#8221;. <br \/>RELATOR: Deputado DANIEL ALMEIDA. <br \/>PROJETO DE LEI N\u00ba 638\/19 &#8211; da Sra. Luizianne Lins &#8211; que &#8220;disp\u00f5e sobre a inclus\u00e3o da economia do <br \/>cuidado no sistema de contas nacionais, usado para aferi\u00e7\u00e3o do desenvolvimento econ\u00f4mico e social do <br \/>pa\u00eds para a defini\u00e7\u00e3o e implementa\u00e7\u00e3o de pol\u00edticas p\u00fablicas&#8221;. RELATORA: Deputada ERIKA KOKAY. <br \/>PROJETO DE LEI N\u00ba 877\/22 &#8211; do Senado Federal &#8211; Nelsinho Trad &#8211; que &#8220;altera a Lei n\u00ba 9.537, de 11 de <br \/>dezembro de 1997, que \u201cdisp\u00f5e sobre a seguran\u00e7a do tr\u00e1fego aquavi\u00e1rio em \u00e1guas sob jurisdi\u00e7\u00e3o <br \/>nacional e d\u00e1 outras provid\u00eancias\u201d, para regulamentar o servi\u00e7o de praticagem e conferir seguran\u00e7a <br \/>jur\u00eddica e estabilidade regulat\u00f3ria aos pre\u00e7os dos servi\u00e7os de praticagem&#8221;. <br \/>RELATOR: Deputado ANDR\u00c9 FIGUEIREDO. <br \/>PROJETO DE LEI N\u00ba 343\/24 &#8211; da Sra. Coronel Fernanda &#8211; que &#8220;regulamenta a solicita\u00e7\u00e3o de certid\u00e3o de <br \/>antecedentes criminais pelo empregador p\u00fablico ou privado e cria a Central Unificada de Consulta <br \/>P\u00fablica de Antecedentes Criminais (CUCC)&#8221;. (Apensado: PL 1293\/2024) <br \/>RELATORA: Deputada FERNANDA PESSOA. <br \/>PROJETO DE LEI N\u00ba 2.605\/24 &#8211; do Sr. Padovani &#8211; que &#8220;concede benef\u00edcios tribut\u00e1rios \u00e0s empresas que <br \/>oferecem vagas de creche aos filhos de trabalhadores. &#8221; <br \/>RELATORA: Deputada FERNANDA PESSOA. <br \/>PROJETO DE LEI N\u00ba 2.884\/24 &#8211; da Sra. Laura Carneiro &#8211; que &#8220;esta Lei altera o artigo 10-A da Lei n\u00ba<br \/>5.452 de 01 de maio de 1943 (Consolida\u00e7\u00e3o das Leis do Trabalho \u2013 CLT), inclu\u00eddo pela Lei n\u00ba 13.467, de <br \/>2017. &#8221; <br \/>RELATOR: Deputado ANDR\u00c9 FIGUEIREDO. <br \/>PROJETO DE LEI N\u00ba 4.530\/24 &#8211; do Sr. Max Lemos &#8211; que &#8220;altera a Lei n\u00ba 12.858, de 9 de setembro de <br \/>2013, para destinar parcela da participa\u00e7\u00e3o no resultado ou da compensa\u00e7\u00e3o financeira pela explora\u00e7\u00e3o <br \/>de petr\u00f3leo e g\u00e1s natural \u00e0s a\u00e7\u00f5es de qualifica\u00e7\u00e3o profissional.&#8221;. <br \/>RELATOR: Deputado ANDR\u00c9 FIGUEIREDO. <br \/>COMISS\u00c3O DE TURISMO <br \/>AVISOS <br \/>PROPOSI\u00c7\u00d5ES EM FASE DE RECEBIMENTO DE EMENDAS (5 SESS\u00d5ES) <br \/>DECURSO: 4\u00aa SESS\u00c3O <br \/>\u00daLTIMA SESS\u00c3O: 22-04-25 <br \/>Projetos de Lei (Art. 119, I e \u00a71\u00ba) <br \/>PROJETO DE LEI N\u00ba 4.181\/24 &#8211; do Sr. Rafael Brito &#8211; que &#8220;altera a Lei n\u00b0 11.771, de 17 de setembro de <br \/>2008, para reconhecer a import\u00e2ncia das profiss\u00f5es de agente de turismo e de guia de turismo no \u00e2mbito <br \/>da Pol\u00edtica Nacional de Turismo&#8221;. <br \/>RELATOR: Deputado ICARO DE VALMIR. <br \/>DECURSO: 5\u00aa SESS\u00c3O <br \/>\u00daLTIMA SESS\u00c3O: 17-04-25 <br \/>Projetos de Lei (Art. 119, I e \u00a71\u00ba) <br \/>PROJETO DE LEI N\u00ba 3.487\/24 &#8211; do Sr. Yury do Pared\u00e3o &#8211; que &#8220;inclui no Calend\u00e1rio Tur\u00edstico Oficial do <br \/>Brasil o Cariri Moto Fest, que se realiza no Munic\u00edpio do Crato, Estado do Cear\u00e1. &#8221; <br \/>RELATORA: Deputada SIMONE MARQUETTO. <br \/>PROJETO DE LEI N\u00ba 4.087\/24 &#8211; do Sr. Daniel Barbosa &#8211; que &#8220;cria a Rota Tur\u00edstica de Esportes de Aventura, no Estado de Alagoas&#8221;. <br \/>RELATOR: Deputado ICARO DE VALMIR. <br \/>COMISS\u00c3O DE VIA\u00c7\u00c3O E TRANSPORTES <br \/>AVISOS <br \/>PROPOSI\u00c7\u00d5ES EM FASE DE RECEBIMENTO DE EMENDAS A PARTIR DE <br \/>TER\u00c7A-FEIRA (DIA 22\/04\/2025) <br \/>Substitutivo (Art. 119, II e \u00a71\u00ba) <br \/>AS PROPOSI\u00c7\u00d5ES ABAIXO SOMENTE RECEBER\u00c3O EMENDAS APRESENTADAS POR MEMBROS <br \/>DESTA COMISS\u00c3O <br \/>PROJETO DE LEI N\u00ba 3.623\/21 &#8211; do Sr. Carlos Bezerra &#8211; que &#8220;acrescenta dispositivos \u00e0 Lei n\u00ba 9.537, de <br \/>11 de dezembro de 1997, que \u201cdisp\u00f5e sobre a seguran\u00e7a do tr\u00e1fego aquavi\u00e1rio em \u00e1guas sob jurisdi\u00e7\u00e3o <br \/>nacional\u201d, para tornar obrigat\u00f3rio o uso de colete salva-vidas pelos tripulantes e pelos passageiros de <br \/>embarca\u00e7\u00e3o de transporte de passageiro sem cabine habit\u00e1vel ou de moto aqu\u00e1tica, empregada em <br \/>navega\u00e7\u00e3o interior, com exce\u00e7\u00e3o dos casos previstos e fundamentados pela autoridade mar\u00edtima&#8221;. <br \/>RELATOR: Deputado NICOLETTI. <br \/>PROPOSI\u00c7\u00d5ES EM FASE DE RECEBIMENTO DE EMENDAS (5 SESS\u00d5ES) <br \/>DECURSO: 1\u00aa SESS\u00c3O <br \/>\u00daLTIMA SESS\u00c3O: 25-04-25 <br \/>Substitutivo (Art. 119, II e \u00a71\u00ba) <br \/>AS PROPOSI\u00c7\u00d5ES ABAIXO SOMENTE RECEBER\u00c3O EMENDAS APRESENTADAS POR MEMBROS <br \/>DESTA COMISS\u00c3O <br \/>PROJETO DE LEI N\u00ba 2.297\/22 &#8211; do Sr. Abou Anni &#8211; que &#8220;altera a Lei n\u00ba 9.503, de 1997, C\u00f3digo de <br \/>Tr\u00e2nsito Brasileiro, para estabelecer o conceito de transporte escolar&#8221;. <br \/>RELATOR: Deputado RICARDO AYRES. <br \/>DECURSO: 5\u00aa SESS\u00c3O <br \/>\u00daLTIMA SESS\u00c3O: 17-04-25 <br \/>Substitutivo (Art. 119, II e \u00a71\u00ba) <br \/>AS PROPOSI\u00c7\u00d5ES ABAIXO SOMENTE RECEBER\u00c3O EMENDAS APRESENTADAS POR MEMBROS <br \/>DESTA COMISS\u00c3O <br \/>PROJETO DE LEI N\u00ba 1.275\/21 &#8211; do Sr. Carlos Bezerra &#8211; que &#8220;acrescenta par\u00e1grafo \u00fanico ao Art. 34 da <br \/>Lei n\u00ba 9.537, de 11 de dezembro de 1997, para dispor sobre responsabilidade administrativa, dos <br \/>pr\u00e1ticos, e civil, dos armadores&#8221;. <br \/>RELATOR: Deputado MARCOS TAVARES. II &#8211; COORDENA\u00c7\u00c3O DE COMISS\u00d5ES PERMANENTES <br \/>ENCAMINHAMENTO DE MAT\u00c9RIA \u00c0S COMISS\u00d5ES <br \/>EM 16\/04\/2025: <br \/>Comiss\u00e3o de Comunica\u00e7\u00e3o: <br \/>PROJETO DE DECRETO LEGISLATIVO N\u00ba 395\/2024 <br \/>Comiss\u00e3o de Desenvolvimento Econ\u00f4mico: <br \/>PROJETO DE DECRETO LEGISLATIVO N\u00ba 395\/2024 <\/article>\n<p><\/p>\n<div style=\"text-align: center\">\n      <img decoding=\"async\" style=\"width: 14%;\" src=\"https:\/\/www.legislapp.com.br\/wp-content\/uploads\/2021\/07\/Logo-Legislapp-1-03-1.png\"><br \/>\n      <\/p>\n<div style=\"margin-bottom: 20px;\" class=\"et_pb_button_module_wrapper et_pb_button_5_tb_body_wrapper et_pb_button_alignment_center et_pb_module \">\n         <a class=\"et_pb_button et_pb_button_5_tb_body et_hover_enabled et_pb_bg_layout_dark\" style=\"width: 50%;background-color: black;\" href=\"https:\/\/app.legislapp.com.br\" target=\"_blank\" rel=\"noopener\">Visualizar completo na nossa plataforma (30 dias gr\u00e1tis)<\/a><\/p><\/div>\n<p>      <a href=\"https:\/\/play.google.com\/store\/apps\/details?id=br.com.legislapp\"><img decoding=\"async\" style=\"width: 15%; min-width: 130px;\" src=\"https:\/\/www.legislapp.com.br\/wp-content\/uploads\/google-play.png\"><\/a><br \/>\n      <a href=\"https:\/\/apps.apple.com\/us\/app\/legislapp\/id1568929859\"><img decoding=\"async\" style=\"width: 15%; min-width: 130px\" src=\"https:\/\/www.legislapp.com.br\/wp-content\/uploads\/apple-store.png\"><\/a>\n   <\/div>\n","protected":false},"excerpt":{"rendered":"<p>Monday, April 21, 2025 &#8211; ORDEM DO DIA COMISS\u00d5ES C\u00c2MARA DOS DEPUTADOS 21\/04\/2025 C\u00c2MARA DOS DEPUTADOS 57\u00aa LEGISLATURA &#8211; 3\u00aa SESS\u00c3O LEGISLATIVA Em 17 de abril de 2025 quinta-feira I &#8211; COMISS\u00d5ES PERMANENTES COMISS\u00c3O DE ADMINISTRA\u00c7\u00c3O E SERVI\u00c7O P\u00daBLICO AVISOS PROPOSI\u00c7\u00d5ES EM FASE DE RECEBIMENTO DE EMENDAS (5 SESS\u00d5ES) DECURSO: 1\u00aa SESS\u00c3O \u00daLTIMA SESS\u00c3O: 25-04-25 [&hellip;]<\/p>\n","protected":false},"author":1,"featured_media":0,"parent":0,"menu_order":0,"comment_status":"closed","ping_status":"closed","template":"page-template-blank.php","meta":{"_et_pb_use_builder":"","_et_pb_old_content":"","_et_gb_content_width":"1080","ngg_post_thumbnail":0,"footnotes":""},"class_list":["post-6510","page","type-page","status-publish","hentry"],"yoast_head":"<!-- This site is optimized with the Yoast SEO plugin v24.4 - https:\/\/yoast.com\/wordpress\/plugins\/seo\/ -->\n<title>ORDEM DO DIA COMISS\u00d5ES C\u00c2MARA DOS DEPUTADOS 21\/04\/2025 - Legislapp<\/title>\n<meta name=\"robots\" content=\"index, follow, max-snippet:-1, max-image-preview:large, max-video-preview:-1\" \/>\n<link rel=\"canonical\" href=\"https:\/\/www.legislapp.com.br\/index.php\/ordem-dia-camara-monday-april-21-2025\/\" \/>\n<meta property=\"og:locale\" content=\"pt_BR\" \/>\n<meta property=\"og:type\" content=\"article\" \/>\n<meta property=\"og:title\" content=\"ORDEM DO DIA COMISS\u00d5ES C\u00c2MARA DOS DEPUTADOS 21\/04\/2025 - Legislapp\" \/>\n<meta property=\"og:description\" content=\"Monday, April 21, 2025 &#8211; ORDEM DO DIA COMISS\u00d5ES C\u00c2MARA DOS DEPUTADOS 21\/04\/2025 C\u00c2MARA DOS DEPUTADOS 57\u00aa LEGISLATURA &#8211; 3\u00aa SESS\u00c3O LEGISLATIVA Em 17 de abril de 2025 quinta-feira I &#8211; COMISS\u00d5ES PERMANENTES COMISS\u00c3O DE ADMINISTRA\u00c7\u00c3O E SERVI\u00c7O P\u00daBLICO AVISOS PROPOSI\u00c7\u00d5ES EM FASE DE RECEBIMENTO DE EMENDAS (5 SESS\u00d5ES) DECURSO: 1\u00aa SESS\u00c3O \u00daLTIMA SESS\u00c3O: 25-04-25 [&hellip;]\" \/>\n<meta property=\"og:url\" content=\"https:\/\/www.legislapp.com.br\/index.php\/ordem-dia-camara-monday-april-21-2025\/\" \/>\n<meta property=\"og:site_name\" content=\"Legislapp\" \/>\n<meta property=\"article:publisher\" content=\"https:\/\/www.instagram.com\/legislapp\/\" \/>\n<meta property=\"og:image\" content=\"https:\/\/www.legislapp.com.br\/wp-content\/uploads\/2021\/07\/Logo-Legislapp-1-03-1.png\" \/>\n<meta name=\"twitter:card\" content=\"summary_large_image\" \/>\n<meta name=\"twitter:label1\" content=\"Est. tempo de leitura\" \/>\n\t<meta name=\"twitter:data1\" content=\"87 minutos\" \/>\n<script type=\"application\/ld+json\" class=\"yoast-schema-graph\">{\"@context\":\"https:\/\/schema.org\",\"@graph\":[{\"@type\":\"WebPage\",\"@id\":\"https:\/\/www.legislapp.com.br\/index.php\/ordem-dia-camara-monday-april-21-2025\/\",\"url\":\"https:\/\/www.legislapp.com.br\/index.php\/ordem-dia-camara-monday-april-21-2025\/\",\"name\":\"ORDEM DO DIA COMISS\u00d5ES C\u00c2MARA DOS DEPUTADOS 21\/04\/2025 - Legislapp\",\"isPartOf\":{\"@id\":\"https:\/\/www.legislapp.com.br\/#website\"},\"primaryImageOfPage\":{\"@id\":\"https:\/\/www.legislapp.com.br\/index.php\/ordem-dia-camara-monday-april-21-2025\/#primaryimage\"},\"image\":{\"@id\":\"https:\/\/www.legislapp.com.br\/index.php\/ordem-dia-camara-monday-april-21-2025\/#primaryimage\"},\"thumbnailUrl\":\"https:\/\/www.legislapp.com.br\/wp-content\/uploads\/2021\/07\/Logo-Legislapp-1-03-1.png\",\"datePublished\":\"2025-06-25T13:39:46+00:00\",\"breadcrumb\":{\"@id\":\"https:\/\/www.legislapp.com.br\/index.php\/ordem-dia-camara-monday-april-21-2025\/#breadcrumb\"},\"inLanguage\":\"pt-BR\",\"potentialAction\":[{\"@type\":\"ReadAction\",\"target\":[\"https:\/\/www.legislapp.com.br\/index.php\/ordem-dia-camara-monday-april-21-2025\/\"]}]},{\"@type\":\"ImageObject\",\"inLanguage\":\"pt-BR\",\"@id\":\"https:\/\/www.legislapp.com.br\/index.php\/ordem-dia-camara-monday-april-21-2025\/#primaryimage\",\"url\":\"https:\/\/www.legislapp.com.br\/wp-content\/uploads\/2021\/07\/Logo-Legislapp-1-03-1.png\",\"contentUrl\":\"https:\/\/www.legislapp.com.br\/wp-content\/uploads\/2021\/07\/Logo-Legislapp-1-03-1.png\",\"width\":2679,\"height\":2697},{\"@type\":\"BreadcrumbList\",\"@id\":\"https:\/\/www.legislapp.com.br\/index.php\/ordem-dia-camara-monday-april-21-2025\/#breadcrumb\",\"itemListElement\":[{\"@type\":\"ListItem\",\"position\":1,\"name\":\"In\u00edcio\",\"item\":\"https:\/\/www.legislapp.com.br\/\"},{\"@type\":\"ListItem\",\"position\":2,\"name\":\"ORDEM DO DIA COMISS\u00d5ES C\u00c2MARA DOS DEPUTADOS 21\/04\/2025\"}]},{\"@type\":\"WebSite\",\"@id\":\"https:\/\/www.legislapp.com.br\/#website\",\"url\":\"https:\/\/www.legislapp.com.br\/\",\"name\":\"Legislapp\",\"description\":\"Intelig\u00eancia governamental em tempo real\",\"publisher\":{\"@id\":\"https:\/\/www.legislapp.com.br\/#organization\"},\"potentialAction\":[{\"@type\":\"SearchAction\",\"target\":{\"@type\":\"EntryPoint\",\"urlTemplate\":\"https:\/\/www.legislapp.com.br\/?s={search_term_string}\"},\"query-input\":{\"@type\":\"PropertyValueSpecification\",\"valueRequired\":true,\"valueName\":\"search_term_string\"}}],\"inLanguage\":\"pt-BR\"},{\"@type\":\"Organization\",\"@id\":\"https:\/\/www.legislapp.com.br\/#organization\",\"name\":\"Legislapp Monitoramento e Intelig\u00eancia Governamental\",\"url\":\"https:\/\/www.legislapp.com.br\/\",\"logo\":{\"@type\":\"ImageObject\",\"inLanguage\":\"pt-BR\",\"@id\":\"https:\/\/www.legislapp.com.br\/#\/schema\/logo\/image\/\",\"url\":\"https:\/\/www.legislapp.com.br\/wp-content\/uploads\/icon.png\",\"contentUrl\":\"https:\/\/www.legislapp.com.br\/wp-content\/uploads\/icon.png\",\"width\":1024,\"height\":1024,\"caption\":\"Legislapp Monitoramento e Intelig\u00eancia Governamental\"},\"image\":{\"@id\":\"https:\/\/www.legislapp.com.br\/#\/schema\/logo\/image\/\"},\"sameAs\":[\"https:\/\/www.instagram.com\/legislapp\/\"]}]}<\/script>\n<!-- \/ Yoast SEO plugin. -->","yoast_head_json":{"title":"ORDEM DO DIA COMISS\u00d5ES C\u00c2MARA DOS DEPUTADOS 21\/04\/2025 - Legislapp","robots":{"index":"index","follow":"follow","max-snippet":"max-snippet:-1","max-image-preview":"max-image-preview:large","max-video-preview":"max-video-preview:-1"},"canonical":"https:\/\/www.legislapp.com.br\/index.php\/ordem-dia-camara-monday-april-21-2025\/","og_locale":"pt_BR","og_type":"article","og_title":"ORDEM DO DIA COMISS\u00d5ES C\u00c2MARA DOS DEPUTADOS 21\/04\/2025 - Legislapp","og_description":"Monday, April 21, 2025 &#8211; ORDEM DO DIA COMISS\u00d5ES C\u00c2MARA DOS DEPUTADOS 21\/04\/2025 C\u00c2MARA DOS DEPUTADOS 57\u00aa LEGISLATURA &#8211; 3\u00aa SESS\u00c3O LEGISLATIVA Em 17 de abril de 2025 quinta-feira I &#8211; COMISS\u00d5ES PERMANENTES COMISS\u00c3O DE ADMINISTRA\u00c7\u00c3O E SERVI\u00c7O P\u00daBLICO AVISOS PROPOSI\u00c7\u00d5ES EM FASE DE RECEBIMENTO DE EMENDAS (5 SESS\u00d5ES) DECURSO: 1\u00aa SESS\u00c3O \u00daLTIMA SESS\u00c3O: 25-04-25 [&hellip;]","og_url":"https:\/\/www.legislapp.com.br\/index.php\/ordem-dia-camara-monday-april-21-2025\/","og_site_name":"Legislapp","article_publisher":"https:\/\/www.instagram.com\/legislapp\/","og_image":[{"url":"https:\/\/www.legislapp.com.br\/wp-content\/uploads\/2021\/07\/Logo-Legislapp-1-03-1.png","type":"","width":"","height":""}],"twitter_card":"summary_large_image","twitter_misc":{"Est. tempo de leitura":"87 minutos"},"schema":{"@context":"https:\/\/schema.org","@graph":[{"@type":"WebPage","@id":"https:\/\/www.legislapp.com.br\/index.php\/ordem-dia-camara-monday-april-21-2025\/","url":"https:\/\/www.legislapp.com.br\/index.php\/ordem-dia-camara-monday-april-21-2025\/","name":"ORDEM DO DIA COMISS\u00d5ES C\u00c2MARA DOS DEPUTADOS 21\/04\/2025 - Legislapp","isPartOf":{"@id":"https:\/\/www.legislapp.com.br\/#website"},"primaryImageOfPage":{"@id":"https:\/\/www.legislapp.com.br\/index.php\/ordem-dia-camara-monday-april-21-2025\/#primaryimage"},"image":{"@id":"https:\/\/www.legislapp.com.br\/index.php\/ordem-dia-camara-monday-april-21-2025\/#primaryimage"},"thumbnailUrl":"https:\/\/www.legislapp.com.br\/wp-content\/uploads\/2021\/07\/Logo-Legislapp-1-03-1.png","datePublished":"2025-06-25T13:39:46+00:00","breadcrumb":{"@id":"https:\/\/www.legislapp.com.br\/index.php\/ordem-dia-camara-monday-april-21-2025\/#breadcrumb"},"inLanguage":"pt-BR","potentialAction":[{"@type":"ReadAction","target":["https:\/\/www.legislapp.com.br\/index.php\/ordem-dia-camara-monday-april-21-2025\/"]}]},{"@type":"ImageObject","inLanguage":"pt-BR","@id":"https:\/\/www.legislapp.com.br\/index.php\/ordem-dia-camara-monday-april-21-2025\/#primaryimage","url":"https:\/\/www.legislapp.com.br\/wp-content\/uploads\/2021\/07\/Logo-Legislapp-1-03-1.png","contentUrl":"https:\/\/www.legislapp.com.br\/wp-content\/uploads\/2021\/07\/Logo-Legislapp-1-03-1.png","width":2679,"height":2697},{"@type":"BreadcrumbList","@id":"https:\/\/www.legislapp.com.br\/index.php\/ordem-dia-camara-monday-april-21-2025\/#breadcrumb","itemListElement":[{"@type":"ListItem","position":1,"name":"In\u00edcio","item":"https:\/\/www.legislapp.com.br\/"},{"@type":"ListItem","position":2,"name":"ORDEM DO DIA COMISS\u00d5ES C\u00c2MARA DOS DEPUTADOS 21\/04\/2025"}]},{"@type":"WebSite","@id":"https:\/\/www.legislapp.com.br\/#website","url":"https:\/\/www.legislapp.com.br\/","name":"Legislapp","description":"Intelig\u00eancia governamental em tempo real","publisher":{"@id":"https:\/\/www.legislapp.com.br\/#organization"},"potentialAction":[{"@type":"SearchAction","target":{"@type":"EntryPoint","urlTemplate":"https:\/\/www.legislapp.com.br\/?s={search_term_string}"},"query-input":{"@type":"PropertyValueSpecification","valueRequired":true,"valueName":"search_term_string"}}],"inLanguage":"pt-BR"},{"@type":"Organization","@id":"https:\/\/www.legislapp.com.br\/#organization","name":"Legislapp Monitoramento e Intelig\u00eancia Governamental","url":"https:\/\/www.legislapp.com.br\/","logo":{"@type":"ImageObject","inLanguage":"pt-BR","@id":"https:\/\/www.legislapp.com.br\/#\/schema\/logo\/image\/","url":"https:\/\/www.legislapp.com.br\/wp-content\/uploads\/icon.png","contentUrl":"https:\/\/www.legislapp.com.br\/wp-content\/uploads\/icon.png","width":1024,"height":1024,"caption":"Legislapp Monitoramento e Intelig\u00eancia Governamental"},"image":{"@id":"https:\/\/www.legislapp.com.br\/#\/schema\/logo\/image\/"},"sameAs":["https:\/\/www.instagram.com\/legislapp\/"]}]}},"_links":{"self":[{"href":"https:\/\/www.legislapp.com.br\/index.php\/wp-json\/wp\/v2\/pages\/6510","targetHints":{"allow":["GET"]}}],"collection":[{"href":"https:\/\/www.legislapp.com.br\/index.php\/wp-json\/wp\/v2\/pages"}],"about":[{"href":"https:\/\/www.legislapp.com.br\/index.php\/wp-json\/wp\/v2\/types\/page"}],"author":[{"embeddable":true,"href":"https:\/\/www.legislapp.com.br\/index.php\/wp-json\/wp\/v2\/users\/1"}],"replies":[{"embeddable":true,"href":"https:\/\/www.legislapp.com.br\/index.php\/wp-json\/wp\/v2\/comments?post=6510"}],"version-history":[{"count":0,"href":"https:\/\/www.legislapp.com.br\/index.php\/wp-json\/wp\/v2\/pages\/6510\/revisions"}],"wp:attachment":[{"href":"https:\/\/www.legislapp.com.br\/index.php\/wp-json\/wp\/v2\/media?parent=6510"}],"curies":[{"name":"wp","href":"https:\/\/api.w.org\/{rel}","templated":true}]}}