{"id":6746,"date":"2025-09-17T10:40:45","date_gmt":"2025-09-17T13:40:45","guid":{"rendered":"https:\/\/www.legislapp.com.br\/index.php\/discurso-camara-8-20-2025-daniela-do-waguinho-uniao-rj-2\/"},"modified":"2025-09-17T10:40:45","modified_gmt":"2025-09-17T13:40:45","slug":"discurso-camara-8-20-2025-daniela-do-waguinho-uniao-rj-2","status":"publish","type":"page","link":"https:\/\/www.legislapp.com.br\/index.php\/discurso-camara-8-20-2025-daniela-do-waguinho-uniao-rj-2\/","title":{"rendered":"Discurso de Daniela do Waguinho, UNI\u00c3O-RJ"},"content":{"rendered":"<h1 style='text-align: center;'>Wednesday, August 20, 2025 &#8211; BREVES COMUNICA\u00c7\u00d5ES<\/h3>\n<p><\/p>\n<article>Sum\u00e1rio:&nbsp;A Deputada parabenizou a condu\u00e7\u00e3o da Comiss\u00e3o Geral sobre a adultiza\u00e7\u00e3o infantil nas redes sociais, ressaltando que a prote\u00e7\u00e3o das crian\u00e7as \u00e9 uma urg\u00eancia nacional. Citou dados do Comit\u00ea Gestor da Internet e do Fundo das Na\u00e7\u00f5es Unidas para a Inf\u00e2ncia (Unicef), que mostram a alta exposi\u00e7\u00e3o de crian\u00e7as ao ambiente digital e seus riscos. Destacou seu Projeto de Lei n\u00ba 3.894, de 2025, que institui o Bot\u00e3o de Alerta Infantil nas plataformas digitais, para den\u00fancia e retirada preventiva de conte\u00fados com ind\u00edcios de exposi\u00e7\u00e3o abusiva ou sexualiza\u00e7\u00e3o de crian\u00e7as e adolescentes, permitindo que qualquer cidad\u00e3o denuncie conte\u00fados suspeitos, que dever\u00e3o ser ocultados em at\u00e9 2 horas, analisados por especialistas e encaminhados \u00e0s autoridades. Enfatizou que a medida n\u00e3o representa censura, mas prote\u00e7\u00e3o da dignidade e da inf\u00e2ncia, cobrando responsabilidade das plataformas digitais que lucram bilh\u00f5es enquanto crian\u00e7as ficam expostas \u00e0 explora\u00e7\u00e3o. Por fim, lembrou que defender a inf\u00e2ncia \u00e9 tarefa de toda a sociedade e prioridade do Parlamento.<\/article>\n<p><\/p>\n<div style=\"text-align: center\">\n      <img decoding=\"async\" style=\"width: 14%;\" src=\"https:\/\/www.legislapp.com.br\/wp-content\/uploads\/2021\/07\/Logo-Legislapp-1-03-1.png\"><br \/>\n      <\/p>\n<div style=\"margin-bottom: 20px;\" class=\"et_pb_button_module_wrapper et_pb_button_5_tb_body_wrapper et_pb_button_alignment_center et_pb_module \">\n         <a class=\"et_pb_button et_pb_button_5_tb_body et_hover_enabled et_pb_bg_layout_dark\" style=\"width: 50%;background-color: black;\" href=\"https:\/\/app.legislapp.com.br\" target=\"_blank\" rel=\"noopener\">Visualizar completo na nossa plataforma (30 dias gr\u00e1tis)<\/a><\/p><\/div>\n<p>      <a href=\"https:\/\/play.google.com\/store\/apps\/details?id=br.com.legislapp\"><img decoding=\"async\" style=\"width: 15%; min-width: 130px;\" src=\"https:\/\/www.legislapp.com.br\/wp-content\/uploads\/google-play.png\"><\/a><br \/>\n      <a href=\"https:\/\/apps.apple.com\/us\/app\/legislapp\/id1568929859\"><img decoding=\"async\" style=\"width: 15%; min-width: 130px\" src=\"https:\/\/www.legislapp.com.br\/wp-content\/uploads\/apple-store.png\"><\/a>\n   <\/div>\n","protected":false},"excerpt":{"rendered":"<p>Wednesday, August 20, 2025 &#8211; BREVES COMUNICA\u00c7\u00d5ES Sum\u00e1rio:&nbsp;A Deputada parabenizou a condu\u00e7\u00e3o da Comiss\u00e3o Geral sobre a adultiza\u00e7\u00e3o infantil nas redes sociais, ressaltando que a prote\u00e7\u00e3o das crian\u00e7as \u00e9 uma urg\u00eancia nacional. Citou dados do Comit\u00ea Gestor da Internet e do Fundo das Na\u00e7\u00f5es Unidas para a Inf\u00e2ncia (Unicef), que mostram a alta exposi\u00e7\u00e3o de [&hellip;]<\/p>\n","protected":false},"author":1,"featured_media":0,"parent":0,"menu_order":0,"comment_status":"closed","ping_status":"closed","template":"page-template-blank.php","meta":{"_et_pb_use_builder":"","_et_pb_old_content":"","_et_gb_content_width":"1080","ngg_post_thumbnail":0,"footnotes":""},"class_list":["post-6746","page","type-page","status-publish","hentry"],"yoast_head":"<!-- This site is optimized with the Yoast SEO plugin v24.4 - https:\/\/yoast.com\/wordpress\/plugins\/seo\/ -->\n<title>Discurso de Daniela do Waguinho, UNI\u00c3O-RJ - Legislapp<\/title>\n<meta name=\"robots\" content=\"index, follow, max-snippet:-1, max-image-preview:large, max-video-preview:-1\" \/>\n<link rel=\"canonical\" href=\"https:\/\/www.legislapp.com.br\/index.php\/discurso-camara-8-20-2025-daniela-do-waguinho-uniao-rj-2\/\" \/>\n<meta property=\"og:locale\" content=\"pt_BR\" \/>\n<meta property=\"og:type\" content=\"article\" \/>\n<meta property=\"og:title\" content=\"Discurso de Daniela do Waguinho, UNI\u00c3O-RJ - Legislapp\" \/>\n<meta property=\"og:description\" content=\"Wednesday, August 20, 2025 &#8211; BREVES COMUNICA\u00c7\u00d5ES Sum\u00e1rio:&nbsp;A Deputada parabenizou a condu\u00e7\u00e3o da Comiss\u00e3o Geral sobre a adultiza\u00e7\u00e3o infantil nas redes sociais, ressaltando que a prote\u00e7\u00e3o das crian\u00e7as \u00e9 uma urg\u00eancia nacional. Citou dados do Comit\u00ea Gestor da Internet e do Fundo das Na\u00e7\u00f5es Unidas para a Inf\u00e2ncia (Unicef), que mostram a alta exposi\u00e7\u00e3o de [&hellip;]\" \/>\n<meta property=\"og:url\" content=\"https:\/\/www.legislapp.com.br\/index.php\/discurso-camara-8-20-2025-daniela-do-waguinho-uniao-rj-2\/\" \/>\n<meta property=\"og:site_name\" content=\"Legislapp\" \/>\n<meta property=\"article:publisher\" content=\"https:\/\/www.instagram.com\/legislapp\/\" \/>\n<meta property=\"og:image\" content=\"https:\/\/www.legislapp.com.br\/wp-content\/uploads\/2021\/07\/Logo-Legislapp-1-03-1.png\" \/>\n<meta name=\"twitter:card\" content=\"summary_large_image\" \/>\n<meta name=\"twitter:label1\" content=\"Est. tempo de leitura\" \/>\n\t<meta name=\"twitter:data1\" content=\"1 minuto\" \/>\n<script type=\"application\/ld+json\" class=\"yoast-schema-graph\">{\"@context\":\"https:\/\/schema.org\",\"@graph\":[{\"@type\":\"WebPage\",\"@id\":\"https:\/\/www.legislapp.com.br\/index.php\/discurso-camara-8-20-2025-daniela-do-waguinho-uniao-rj-2\/\",\"url\":\"https:\/\/www.legislapp.com.br\/index.php\/discurso-camara-8-20-2025-daniela-do-waguinho-uniao-rj-2\/\",\"name\":\"Discurso de Daniela do Waguinho, UNI\u00c3O-RJ - Legislapp\",\"isPartOf\":{\"@id\":\"https:\/\/www.legislapp.com.br\/#website\"},\"primaryImageOfPage\":{\"@id\":\"https:\/\/www.legislapp.com.br\/index.php\/discurso-camara-8-20-2025-daniela-do-waguinho-uniao-rj-2\/#primaryimage\"},\"image\":{\"@id\":\"https:\/\/www.legislapp.com.br\/index.php\/discurso-camara-8-20-2025-daniela-do-waguinho-uniao-rj-2\/#primaryimage\"},\"thumbnailUrl\":\"https:\/\/www.legislapp.com.br\/wp-content\/uploads\/2021\/07\/Logo-Legislapp-1-03-1.png\",\"datePublished\":\"2025-09-17T13:40:45+00:00\",\"breadcrumb\":{\"@id\":\"https:\/\/www.legislapp.com.br\/index.php\/discurso-camara-8-20-2025-daniela-do-waguinho-uniao-rj-2\/#breadcrumb\"},\"inLanguage\":\"pt-BR\",\"potentialAction\":[{\"@type\":\"ReadAction\",\"target\":[\"https:\/\/www.legislapp.com.br\/index.php\/discurso-camara-8-20-2025-daniela-do-waguinho-uniao-rj-2\/\"]}]},{\"@type\":\"ImageObject\",\"inLanguage\":\"pt-BR\",\"@id\":\"https:\/\/www.legislapp.com.br\/index.php\/discurso-camara-8-20-2025-daniela-do-waguinho-uniao-rj-2\/#primaryimage\",\"url\":\"https:\/\/www.legislapp.com.br\/wp-content\/uploads\/2021\/07\/Logo-Legislapp-1-03-1.png\",\"contentUrl\":\"https:\/\/www.legislapp.com.br\/wp-content\/uploads\/2021\/07\/Logo-Legislapp-1-03-1.png\",\"width\":2679,\"height\":2697},{\"@type\":\"BreadcrumbList\",\"@id\":\"https:\/\/www.legislapp.com.br\/index.php\/discurso-camara-8-20-2025-daniela-do-waguinho-uniao-rj-2\/#breadcrumb\",\"itemListElement\":[{\"@type\":\"ListItem\",\"position\":1,\"name\":\"In\u00edcio\",\"item\":\"https:\/\/www.legislapp.com.br\/\"},{\"@type\":\"ListItem\",\"position\":2,\"name\":\"Discurso de Daniela do Waguinho, UNI\u00c3O-RJ\"}]},{\"@type\":\"WebSite\",\"@id\":\"https:\/\/www.legislapp.com.br\/#website\",\"url\":\"https:\/\/www.legislapp.com.br\/\",\"name\":\"Legislapp\",\"description\":\"Intelig\u00eancia governamental em tempo real\",\"publisher\":{\"@id\":\"https:\/\/www.legislapp.com.br\/#organization\"},\"potentialAction\":[{\"@type\":\"SearchAction\",\"target\":{\"@type\":\"EntryPoint\",\"urlTemplate\":\"https:\/\/www.legislapp.com.br\/?s={search_term_string}\"},\"query-input\":{\"@type\":\"PropertyValueSpecification\",\"valueRequired\":true,\"valueName\":\"search_term_string\"}}],\"inLanguage\":\"pt-BR\"},{\"@type\":\"Organization\",\"@id\":\"https:\/\/www.legislapp.com.br\/#organization\",\"name\":\"Legislapp Monitoramento e Intelig\u00eancia Governamental\",\"url\":\"https:\/\/www.legislapp.com.br\/\",\"logo\":{\"@type\":\"ImageObject\",\"inLanguage\":\"pt-BR\",\"@id\":\"https:\/\/www.legislapp.com.br\/#\/schema\/logo\/image\/\",\"url\":\"https:\/\/www.legislapp.com.br\/wp-content\/uploads\/icon.png\",\"contentUrl\":\"https:\/\/www.legislapp.com.br\/wp-content\/uploads\/icon.png\",\"width\":1024,\"height\":1024,\"caption\":\"Legislapp Monitoramento e Intelig\u00eancia Governamental\"},\"image\":{\"@id\":\"https:\/\/www.legislapp.com.br\/#\/schema\/logo\/image\/\"},\"sameAs\":[\"https:\/\/www.instagram.com\/legislapp\/\"]}]}<\/script>\n<!-- \/ Yoast SEO plugin. -->","yoast_head_json":{"title":"Discurso de Daniela do Waguinho, UNI\u00c3O-RJ - Legislapp","robots":{"index":"index","follow":"follow","max-snippet":"max-snippet:-1","max-image-preview":"max-image-preview:large","max-video-preview":"max-video-preview:-1"},"canonical":"https:\/\/www.legislapp.com.br\/index.php\/discurso-camara-8-20-2025-daniela-do-waguinho-uniao-rj-2\/","og_locale":"pt_BR","og_type":"article","og_title":"Discurso de Daniela do Waguinho, UNI\u00c3O-RJ - Legislapp","og_description":"Wednesday, August 20, 2025 &#8211; BREVES COMUNICA\u00c7\u00d5ES Sum\u00e1rio:&nbsp;A Deputada parabenizou a condu\u00e7\u00e3o da Comiss\u00e3o Geral sobre a adultiza\u00e7\u00e3o infantil nas redes sociais, ressaltando que a prote\u00e7\u00e3o das crian\u00e7as \u00e9 uma urg\u00eancia nacional. Citou dados do Comit\u00ea Gestor da Internet e do Fundo das Na\u00e7\u00f5es Unidas para a Inf\u00e2ncia (Unicef), que mostram a alta exposi\u00e7\u00e3o de [&hellip;]","og_url":"https:\/\/www.legislapp.com.br\/index.php\/discurso-camara-8-20-2025-daniela-do-waguinho-uniao-rj-2\/","og_site_name":"Legislapp","article_publisher":"https:\/\/www.instagram.com\/legislapp\/","og_image":[{"url":"https:\/\/www.legislapp.com.br\/wp-content\/uploads\/2021\/07\/Logo-Legislapp-1-03-1.png","type":"","width":"","height":""}],"twitter_card":"summary_large_image","twitter_misc":{"Est. tempo de leitura":"1 minuto"},"schema":{"@context":"https:\/\/schema.org","@graph":[{"@type":"WebPage","@id":"https:\/\/www.legislapp.com.br\/index.php\/discurso-camara-8-20-2025-daniela-do-waguinho-uniao-rj-2\/","url":"https:\/\/www.legislapp.com.br\/index.php\/discurso-camara-8-20-2025-daniela-do-waguinho-uniao-rj-2\/","name":"Discurso de Daniela do Waguinho, UNI\u00c3O-RJ - Legislapp","isPartOf":{"@id":"https:\/\/www.legislapp.com.br\/#website"},"primaryImageOfPage":{"@id":"https:\/\/www.legislapp.com.br\/index.php\/discurso-camara-8-20-2025-daniela-do-waguinho-uniao-rj-2\/#primaryimage"},"image":{"@id":"https:\/\/www.legislapp.com.br\/index.php\/discurso-camara-8-20-2025-daniela-do-waguinho-uniao-rj-2\/#primaryimage"},"thumbnailUrl":"https:\/\/www.legislapp.com.br\/wp-content\/uploads\/2021\/07\/Logo-Legislapp-1-03-1.png","datePublished":"2025-09-17T13:40:45+00:00","breadcrumb":{"@id":"https:\/\/www.legislapp.com.br\/index.php\/discurso-camara-8-20-2025-daniela-do-waguinho-uniao-rj-2\/#breadcrumb"},"inLanguage":"pt-BR","potentialAction":[{"@type":"ReadAction","target":["https:\/\/www.legislapp.com.br\/index.php\/discurso-camara-8-20-2025-daniela-do-waguinho-uniao-rj-2\/"]}]},{"@type":"ImageObject","inLanguage":"pt-BR","@id":"https:\/\/www.legislapp.com.br\/index.php\/discurso-camara-8-20-2025-daniela-do-waguinho-uniao-rj-2\/#primaryimage","url":"https:\/\/www.legislapp.com.br\/wp-content\/uploads\/2021\/07\/Logo-Legislapp-1-03-1.png","contentUrl":"https:\/\/www.legislapp.com.br\/wp-content\/uploads\/2021\/07\/Logo-Legislapp-1-03-1.png","width":2679,"height":2697},{"@type":"BreadcrumbList","@id":"https:\/\/www.legislapp.com.br\/index.php\/discurso-camara-8-20-2025-daniela-do-waguinho-uniao-rj-2\/#breadcrumb","itemListElement":[{"@type":"ListItem","position":1,"name":"In\u00edcio","item":"https:\/\/www.legislapp.com.br\/"},{"@type":"ListItem","position":2,"name":"Discurso de Daniela do Waguinho, UNI\u00c3O-RJ"}]},{"@type":"WebSite","@id":"https:\/\/www.legislapp.com.br\/#website","url":"https:\/\/www.legislapp.com.br\/","name":"Legislapp","description":"Intelig\u00eancia governamental em tempo real","publisher":{"@id":"https:\/\/www.legislapp.com.br\/#organization"},"potentialAction":[{"@type":"SearchAction","target":{"@type":"EntryPoint","urlTemplate":"https:\/\/www.legislapp.com.br\/?s={search_term_string}"},"query-input":{"@type":"PropertyValueSpecification","valueRequired":true,"valueName":"search_term_string"}}],"inLanguage":"pt-BR"},{"@type":"Organization","@id":"https:\/\/www.legislapp.com.br\/#organization","name":"Legislapp Monitoramento e Intelig\u00eancia Governamental","url":"https:\/\/www.legislapp.com.br\/","logo":{"@type":"ImageObject","inLanguage":"pt-BR","@id":"https:\/\/www.legislapp.com.br\/#\/schema\/logo\/image\/","url":"https:\/\/www.legislapp.com.br\/wp-content\/uploads\/icon.png","contentUrl":"https:\/\/www.legislapp.com.br\/wp-content\/uploads\/icon.png","width":1024,"height":1024,"caption":"Legislapp Monitoramento e Intelig\u00eancia Governamental"},"image":{"@id":"https:\/\/www.legislapp.com.br\/#\/schema\/logo\/image\/"},"sameAs":["https:\/\/www.instagram.com\/legislapp\/"]}]}},"_links":{"self":[{"href":"https:\/\/www.legislapp.com.br\/index.php\/wp-json\/wp\/v2\/pages\/6746","targetHints":{"allow":["GET"]}}],"collection":[{"href":"https:\/\/www.legislapp.com.br\/index.php\/wp-json\/wp\/v2\/pages"}],"about":[{"href":"https:\/\/www.legislapp.com.br\/index.php\/wp-json\/wp\/v2\/types\/page"}],"author":[{"embeddable":true,"href":"https:\/\/www.legislapp.com.br\/index.php\/wp-json\/wp\/v2\/users\/1"}],"replies":[{"embeddable":true,"href":"https:\/\/www.legislapp.com.br\/index.php\/wp-json\/wp\/v2\/comments?post=6746"}],"version-history":[{"count":0,"href":"https:\/\/www.legislapp.com.br\/index.php\/wp-json\/wp\/v2\/pages\/6746\/revisions"}],"wp:attachment":[{"href":"https:\/\/www.legislapp.com.br\/index.php\/wp-json\/wp\/v2\/media?parent=6746"}],"curies":[{"name":"wp","href":"https:\/\/api.w.org\/{rel}","templated":true}]}}