{"id":7135,"date":"2025-09-17T13:14:18","date_gmt":"2025-09-17T16:14:18","guid":{"rendered":"https:\/\/www.legislapp.com.br\/index.php\/cam-legislativa-de-sc-pl-0524-2025\/"},"modified":"2025-09-17T13:14:18","modified_gmt":"2025-09-17T16:14:18","slug":"cam-legislativa-de-sc-pl-0524-2025","status":"publish","type":"page","link":"https:\/\/www.legislapp.com.br\/index.php\/cam-legislativa-de-sc-pl-0524-2025\/","title":{"rendered":"PL.\/0524\/2025 &#8211; Rodrigo Minotto"},"content":{"rendered":"<h1 style='text-align: center;'>C\u00e2m. Legislativa de SC &#8211; Autoria de Rodrigo Minotto<\/h3>\n<p><\/p>\n<article style='text-align: center'>Disp\u00f5e sobre diretrizes para o atendimento de indiv\u00edduos com ind\u00edcios de emerg\u00eancias cl\u00ednicas durante abordagens realizadas por agentes de seguran\u00e7a p\u00fablica no Estado de Santa Catarina e institui o Protocolo Estadual de Identifica\u00e7\u00e3o de Emerg\u00eancia Cl\u00ednica em abordagens policiais.<\/article>\n<p><\/p>\n<p style='text-align: center'><a href='https:\/\/app.legislapp.com.br\/#\/busca?termo='><\/a><\/p>\n<p><\/p>\n<article>ASSEMBLEIA LEGISLATIVA GABINETE DEPUTADO<br \/>\nESTADO DE SANTA CATARINA RODRIGO MINOTTO<br \/>\nPROJETO DE LEI <\/p>\n<p>Disp\u00f5e sobre diretrizes para o atendimento de indiv\u00edduos<br \/>\ncom ind\u00edcios de emerg\u00eancias cl\u00ednicas durante abordagens<br \/>\nrealizadas por agentes de seguran\u00e7a p\u00fablica no Estado de<br \/>\nSanta Catarina e institui o Protocolo Estadual de Identifica\u00e7\u00e3o<br \/>\nde Emerg\u00eancia Cl\u00ednica em abordagens policiais.<\/p>\n<p>Art. 1\u00ba Esta Lei estabelece diretrizes para a atua\u00e7\u00e3o dos agentes das for\u00e7as de<br \/>\nseguran\u00e7a p\u00fablica estaduais nas situa\u00e7\u00f5es em que, durante abordagem, houver<br \/>\nind\u00edcios de altera\u00e7\u00e3o de estado f\u00edsico ou mental do indiv\u00edduo abordado, com vistas \u00e0<br \/>\npreserva\u00e7\u00e3o da vida e da integridade f\u00edsica, e \u00e0 adequada articula\u00e7\u00e3o entre a<br \/>\nseguran\u00e7a p\u00fablica e os servi\u00e7os de sa\u00fade<\/p>\n<p>Par\u00e1grafo \u00fanico. Para fins de identifica\u00e7\u00e3o e mem\u00f3ria, esta norma ser\u00e1 denominada Lei<br \/>\nDoutor Cezar Maur\u00edcio Ferreira<\/p>\n<p>Art. 2\u00b0 Fica institu\u00eddo o Protocolo Estadual de Identifica\u00e7\u00e3o de Emerg\u00eancia Cl\u00ednica em<br \/>\nabordagens policiais, que dever\u00e1 ser observado pelas for\u00e7as policiais em todo o Estado<br \/>\nde Santa Catarina.<\/p>\n<p>Art. 3\u00b0 Durante abordagens em que o indiv\u00edduo apresentar sinais de desorienta\u00e7\u00e3o, fala<br \/>\ndesconexa, movimentos descoordenados, confus\u00e3o mental, agressividade imotivada ou<br \/>\ninconsci\u00eancia parcial, dever\u00e1 ser priorizada a avalia\u00e7\u00e3o quanto \u00e0 possibilidade de<br \/>\nemerg\u00eancia m\u00e9dica, com acionamento do Servi\u00e7o de Atendimento M\u00f3vel de Urg\u00eancia \u2013<br \/>\nSAMU, nos termos do protocolo a que se refere o art. 2\u00ba desta Lei.<\/p>\n<p>Par\u00e1grafo \u00fanico. O acionamento do SAMU ser\u00e1 obrigat\u00f3rio nas situa\u00e7\u00f5es que, nos<br \/>\ntermos de regulamenta\u00e7\u00e3o espec\u00edfica, forem classificadas como potenciais<br \/>\nemerg\u00eancias m\u00e9dicas.<\/p>\n<p>Art. 4\u00ba O Poder Executivo dever\u00e1 instituir programas de capacita\u00e7\u00e3o peri\u00f3dica aos<br \/>\nagentes das pol\u00edcias civil e militar do Estado, com \u00eanfase em:<\/p>\n<p>I \u2013 primeiros socorros e atendimento pr\u00e9-hospitalar;<\/p>\n<p>II \u2013 reconhecimento de sinais cl\u00ednicos de emerg\u00eancia;<\/p>\n<p>III \u2013 no\u00e7\u00f5es b\u00e1sicas de sa\u00fade mental e transtornos comportamentais; e<\/p>\n<p>IV \u2013 direitos humanos e atendimento humanizado em situa\u00e7\u00f5es de crise.<\/p>\n<p>Par\u00e1grafo \u00fanico. A regulamenta\u00e7\u00e3o dispor\u00e1 sobre a carga hor\u00e1ria, periodicidade e<br \/>\ncrit\u00e9rios para certifica\u00e7\u00e3o e atualiza\u00e7\u00e3o da capacita\u00e7\u00e3o mencionada no ca p u t.<\/p>\n<p>Art. 5\u00ba A regulamenta\u00e7\u00e3o definir\u00e1 os procedimentos administrativos e operacionais para<br \/>\nregistro das abordagens nas quais for acionado o SAMU, com previs\u00e3o, quando<br \/>\ncab\u00edvel, de uso de equipamentos de grava\u00e7\u00e3o de imagem e som.<\/p>\n<p>Art. 6\u00ba O descumprimento injustificado das diretrizes desta Lei sujeita o agente \u00e0s<br \/>\nsan\u00e7\u00f5es cab\u00edveis, nos termos da legisla\u00e7\u00e3o vigente, especialmente nos casos de<br \/>\nagravamento do quadro cl\u00ednico ou \u00f3bito do abordado.<br \/>\nArt. 7\u00ba O Poder Executivo regulamentar\u00e1 esta Lei, no que couber, nos termos do art.<br \/>\n71, III, da Constitui\u00e7\u00e3o do Estado. <\/p>\n<p>Art. 8\u00ba Esta Lei entra em vigor na data de sua publica\u00e7\u00e3o.<\/p>\n<p>Sala das Sess\u00f5es, <\/p>\n<p>Deputado Rodrigo Minotto<\/p>\n<p>JUSTIFICA\u00c7\u00c3O<\/p>\n<p>O presente Projeto de Lei, denominado Lei Doutor Cezar Maur\u00edcio Ferreira, tem por<br \/>\nfinalidade estabelecer diretrizes para a atua\u00e7\u00e3o dos agentes de seguran\u00e7a p\u00fablica do<br \/>\nEstado de Santa Catarina em abordagens a indiv\u00edduos que apresentem sinais de<br \/>\naltera\u00e7\u00e3o do estado de consci\u00eancia ou de comportamento, com vistas \u00e0 adequada<br \/>\narticula\u00e7\u00e3o entre as a\u00e7\u00f5es de seguran\u00e7a p\u00fablica e os servi\u00e7os de aten\u00e7\u00e3o \u00e0 sa\u00fade.<\/p>\n<p>S\u00e3o de conhecimento p\u00fablico os casos em que emerg\u00eancias cl\u00ednicas \u2014 como acidente<br \/>\nvascular cerebral (AVC), infarto agudo do mioc\u00e1rdio, crises convulsivas ou surtos<br \/>\npsic\u00f3ticos \u2014 foram confundidas com estados de embriaguez, uso de subst\u00e2ncias<br \/>\nentorpecentes ou resist\u00eancia \u00e0 atua\u00e7\u00e3o policial. Referidas situa\u00e7\u00f5es resultam em<br \/>\nabordagens inadequadas e, por vezes, em desfechos tr\u00e1gicos.<\/p>\n<p>Nesse sentido, a proposi\u00e7\u00e3o \u00e9 tamb\u00e9m uma resposta ao lament\u00e1vel epis\u00f3dio<br \/>\nenvolvendo o cirurgi\u00e3o-dentista Cezar Maur\u00edcio Ferreira, encontrado morto em cela<br \/>\nap\u00f3s ser detido sob suspeita de embriaguez. O caso gerou ampla como\u00e7\u00e3o social e<br \/>\nlevanta questionamentos sobre a aus\u00eancia de protocolos que possibilitem a correta<br \/>\nidentifica\u00e7\u00e3o de quadros cl\u00ednicos em contextos de abordagem policial.<\/p>\n<p>A medida proposta busca, portanto, conferir maior seguran\u00e7a jur\u00eddica e funcional \u00e0<br \/>\natua\u00e7\u00e3o dos agentes p\u00fablicos, por meio da defini\u00e7\u00e3o de diretrizes que orientem a<br \/>\nidentifica\u00e7\u00e3o e o encaminhamento adequado de casos que possam configurar<br \/>\nemerg\u00eancias m\u00e9dicas, com vistas a evitar erros de interpreta\u00e7\u00e3o e a promover a<br \/>\npreserva\u00e7\u00e3o da vida e da dignidade humana.<\/p>\n<p>Para tanto, tamb\u00e9m se prop\u00f5e a capacita\u00e7\u00e3o espec\u00edfica e peri\u00f3dica dos agentes das<br \/>\nfor\u00e7as de seguran\u00e7a p\u00fablica, com foco em primeiros socorros, sa\u00fade mental e<br \/>\natendimento humanizado.<\/p>\n<p>A iniciativa ainda contribui para o fortalecimento da pol\u00edtica estadual de direitos<br \/>\nhumanos, o que confere maior racionalidade e sensibilidade \u00e0s abordagens policiais,<br \/>\nespecialmente quando envolvem pessoas em situa\u00e7\u00e3o de vulnerabilidade psicossocial.<\/p>\n<p>Trata-se, portanto, de medida de car\u00e1ter humanit\u00e1rio, preventivo e organizacional, que<br \/>\nrefor\u00e7a a integra\u00e7\u00e3o entre seguran\u00e7a e sa\u00fade p\u00fablicas e contribui para a redu\u00e7\u00e3o de<br \/>\nconflitos, a melhoria da qualidade dos servi\u00e7os prestados pelo Estado e a prote\u00e7\u00e3o dos<br \/>\ndireitos fundamentais.<\/p>\n<p>Pelo exposto, conto com o apoio de meus pares para a aprova\u00e7\u00e3o da presente<br \/>\niniciativa.<\/p>\n<p>ELEGIS<br \/>\nDocumento assinado eletronicamente por Rodrigo Minotto, em<br \/>\nSistema de Processo<br \/>\n25\/07\/2025, \u00e0s 15:41.<br \/>\nLegislativo Eletr\u00f4nico<\/article>\n<div style=\"text-align: center\">\n<div style=\"margin-bottom: 20px;\" class=\"et_pb_button_module_wrapper et_pb_button_5_tb_body_wrapper et_pb_button_alignment_center et_pb_module \">\n         <a class=\"et_pb_button et_pb_button_5_tb_body et_hover_enabled et_pb_bg_layout_dark\" style=\"width: 50%;background-color: black;\" href=\"https:\/\/app.legislapp.com.br\" target=\"_blank\" rel=\"noopener\">Visualizar completo na nossa plataforma (30 dias gr\u00e1tis)<\/a><\/p><\/div>\n<p>      <a href=\"https:\/\/play.google.com\/store\/apps\/details?id=br.com.legislapp\"><img decoding=\"async\" style=\"width: 15%; min-width: 130px;\" src=\"https:\/\/www.legislapp.com.br\/wp-content\/uploads\/google-play.png\"><\/a><br \/>\n      <a href=\"https:\/\/apps.apple.com\/us\/app\/legislapp\/id1568929859\"><img decoding=\"async\" style=\"width: 15%; min-width: 130px\" src=\"https:\/\/www.legislapp.com.br\/wp-content\/uploads\/apple-store.png\"><\/a>\n   <\/div>\n","protected":false},"excerpt":{"rendered":"<p>C\u00e2m. Legislativa de SC &#8211; Autoria de Rodrigo Minotto Disp\u00f5e sobre diretrizes para o atendimento de indiv\u00edduos com ind\u00edcios de emerg\u00eancias cl\u00ednicas durante abordagens realizadas por agentes de seguran\u00e7a p\u00fablica no Estado de Santa Catarina e institui o Protocolo Estadual de Identifica\u00e7\u00e3o de Emerg\u00eancia Cl\u00ednica em abordagens policiais. ASSEMBLEIA LEGISLATIVA GABINETE DEPUTADO ESTADO DE SANTA [&hellip;]<\/p>\n","protected":false},"author":1,"featured_media":0,"parent":0,"menu_order":0,"comment_status":"closed","ping_status":"closed","template":"page-template-blank.php","meta":{"_et_pb_use_builder":"","_et_pb_old_content":"","_et_gb_content_width":"1080","ngg_post_thumbnail":0,"footnotes":""},"class_list":["post-7135","page","type-page","status-publish","hentry"],"yoast_head":"<!-- This site is optimized with the Yoast SEO plugin v24.4 - https:\/\/yoast.com\/wordpress\/plugins\/seo\/ -->\n<title>PL.\/0524\/2025 - Rodrigo Minotto - Legislapp<\/title>\n<meta name=\"robots\" content=\"index, follow, max-snippet:-1, max-image-preview:large, max-video-preview:-1\" \/>\n<link rel=\"canonical\" href=\"https:\/\/www.legislapp.com.br\/index.php\/cam-legislativa-de-sc-pl-0524-2025\/\" \/>\n<meta property=\"og:locale\" content=\"pt_BR\" \/>\n<meta property=\"og:type\" content=\"article\" \/>\n<meta property=\"og:title\" content=\"PL.\/0524\/2025 - Rodrigo Minotto - Legislapp\" \/>\n<meta property=\"og:description\" content=\"C\u00e2m. Legislativa de SC &#8211; Autoria de Rodrigo Minotto Disp\u00f5e sobre diretrizes para o atendimento de indiv\u00edduos com ind\u00edcios de emerg\u00eancias cl\u00ednicas durante abordagens realizadas por agentes de seguran\u00e7a p\u00fablica no Estado de Santa Catarina e institui o Protocolo Estadual de Identifica\u00e7\u00e3o de Emerg\u00eancia Cl\u00ednica em abordagens policiais. ASSEMBLEIA LEGISLATIVA GABINETE DEPUTADO ESTADO DE SANTA [&hellip;]\" \/>\n<meta property=\"og:url\" content=\"https:\/\/www.legislapp.com.br\/index.php\/cam-legislativa-de-sc-pl-0524-2025\/\" \/>\n<meta property=\"og:site_name\" content=\"Legislapp\" \/>\n<meta property=\"article:publisher\" content=\"https:\/\/www.instagram.com\/legislapp\/\" \/>\n<meta property=\"og:image\" content=\"https:\/\/www.legislapp.com.br\/wp-content\/uploads\/google-play.png\" \/>\n<meta name=\"twitter:card\" content=\"summary_large_image\" \/>\n<meta name=\"twitter:label1\" content=\"Est. tempo de leitura\" \/>\n\t<meta name=\"twitter:data1\" content=\"5 minutos\" \/>\n<script type=\"application\/ld+json\" class=\"yoast-schema-graph\">{\"@context\":\"https:\/\/schema.org\",\"@graph\":[{\"@type\":\"WebPage\",\"@id\":\"https:\/\/www.legislapp.com.br\/index.php\/cam-legislativa-de-sc-pl-0524-2025\/\",\"url\":\"https:\/\/www.legislapp.com.br\/index.php\/cam-legislativa-de-sc-pl-0524-2025\/\",\"name\":\"PL.\/0524\/2025 - Rodrigo Minotto - Legislapp\",\"isPartOf\":{\"@id\":\"https:\/\/www.legislapp.com.br\/#website\"},\"primaryImageOfPage\":{\"@id\":\"https:\/\/www.legislapp.com.br\/index.php\/cam-legislativa-de-sc-pl-0524-2025\/#primaryimage\"},\"image\":{\"@id\":\"https:\/\/www.legislapp.com.br\/index.php\/cam-legislativa-de-sc-pl-0524-2025\/#primaryimage\"},\"thumbnailUrl\":\"https:\/\/www.legislapp.com.br\/wp-content\/uploads\/google-play.png\",\"datePublished\":\"2025-09-17T16:14:18+00:00\",\"breadcrumb\":{\"@id\":\"https:\/\/www.legislapp.com.br\/index.php\/cam-legislativa-de-sc-pl-0524-2025\/#breadcrumb\"},\"inLanguage\":\"pt-BR\",\"potentialAction\":[{\"@type\":\"ReadAction\",\"target\":[\"https:\/\/www.legislapp.com.br\/index.php\/cam-legislativa-de-sc-pl-0524-2025\/\"]}]},{\"@type\":\"ImageObject\",\"inLanguage\":\"pt-BR\",\"@id\":\"https:\/\/www.legislapp.com.br\/index.php\/cam-legislativa-de-sc-pl-0524-2025\/#primaryimage\",\"url\":\"https:\/\/www.legislapp.com.br\/wp-content\/uploads\/google-play.png\",\"contentUrl\":\"https:\/\/www.legislapp.com.br\/wp-content\/uploads\/google-play.png\",\"width\":564,\"height\":168},{\"@type\":\"BreadcrumbList\",\"@id\":\"https:\/\/www.legislapp.com.br\/index.php\/cam-legislativa-de-sc-pl-0524-2025\/#breadcrumb\",\"itemListElement\":[{\"@type\":\"ListItem\",\"position\":1,\"name\":\"In\u00edcio\",\"item\":\"https:\/\/www.legislapp.com.br\/\"},{\"@type\":\"ListItem\",\"position\":2,\"name\":\"PL.\/0524\/2025 &#8211; Rodrigo Minotto\"}]},{\"@type\":\"WebSite\",\"@id\":\"https:\/\/www.legislapp.com.br\/#website\",\"url\":\"https:\/\/www.legislapp.com.br\/\",\"name\":\"Legislapp\",\"description\":\"Intelig\u00eancia governamental em tempo real\",\"publisher\":{\"@id\":\"https:\/\/www.legislapp.com.br\/#organization\"},\"potentialAction\":[{\"@type\":\"SearchAction\",\"target\":{\"@type\":\"EntryPoint\",\"urlTemplate\":\"https:\/\/www.legislapp.com.br\/?s={search_term_string}\"},\"query-input\":{\"@type\":\"PropertyValueSpecification\",\"valueRequired\":true,\"valueName\":\"search_term_string\"}}],\"inLanguage\":\"pt-BR\"},{\"@type\":\"Organization\",\"@id\":\"https:\/\/www.legislapp.com.br\/#organization\",\"name\":\"Legislapp Monitoramento e Intelig\u00eancia Governamental\",\"url\":\"https:\/\/www.legislapp.com.br\/\",\"logo\":{\"@type\":\"ImageObject\",\"inLanguage\":\"pt-BR\",\"@id\":\"https:\/\/www.legislapp.com.br\/#\/schema\/logo\/image\/\",\"url\":\"https:\/\/www.legislapp.com.br\/wp-content\/uploads\/icon.png\",\"contentUrl\":\"https:\/\/www.legislapp.com.br\/wp-content\/uploads\/icon.png\",\"width\":1024,\"height\":1024,\"caption\":\"Legislapp Monitoramento e Intelig\u00eancia Governamental\"},\"image\":{\"@id\":\"https:\/\/www.legislapp.com.br\/#\/schema\/logo\/image\/\"},\"sameAs\":[\"https:\/\/www.instagram.com\/legislapp\/\"]}]}<\/script>\n<!-- \/ Yoast SEO plugin. -->","yoast_head_json":{"title":"PL.\/0524\/2025 - Rodrigo Minotto - Legislapp","robots":{"index":"index","follow":"follow","max-snippet":"max-snippet:-1","max-image-preview":"max-image-preview:large","max-video-preview":"max-video-preview:-1"},"canonical":"https:\/\/www.legislapp.com.br\/index.php\/cam-legislativa-de-sc-pl-0524-2025\/","og_locale":"pt_BR","og_type":"article","og_title":"PL.\/0524\/2025 - Rodrigo Minotto - Legislapp","og_description":"C\u00e2m. Legislativa de SC &#8211; Autoria de Rodrigo Minotto Disp\u00f5e sobre diretrizes para o atendimento de indiv\u00edduos com ind\u00edcios de emerg\u00eancias cl\u00ednicas durante abordagens realizadas por agentes de seguran\u00e7a p\u00fablica no Estado de Santa Catarina e institui o Protocolo Estadual de Identifica\u00e7\u00e3o de Emerg\u00eancia Cl\u00ednica em abordagens policiais. ASSEMBLEIA LEGISLATIVA GABINETE DEPUTADO ESTADO DE SANTA [&hellip;]","og_url":"https:\/\/www.legislapp.com.br\/index.php\/cam-legislativa-de-sc-pl-0524-2025\/","og_site_name":"Legislapp","article_publisher":"https:\/\/www.instagram.com\/legislapp\/","og_image":[{"url":"https:\/\/www.legislapp.com.br\/wp-content\/uploads\/google-play.png","type":"","width":"","height":""}],"twitter_card":"summary_large_image","twitter_misc":{"Est. tempo de leitura":"5 minutos"},"schema":{"@context":"https:\/\/schema.org","@graph":[{"@type":"WebPage","@id":"https:\/\/www.legislapp.com.br\/index.php\/cam-legislativa-de-sc-pl-0524-2025\/","url":"https:\/\/www.legislapp.com.br\/index.php\/cam-legislativa-de-sc-pl-0524-2025\/","name":"PL.\/0524\/2025 - Rodrigo Minotto - Legislapp","isPartOf":{"@id":"https:\/\/www.legislapp.com.br\/#website"},"primaryImageOfPage":{"@id":"https:\/\/www.legislapp.com.br\/index.php\/cam-legislativa-de-sc-pl-0524-2025\/#primaryimage"},"image":{"@id":"https:\/\/www.legislapp.com.br\/index.php\/cam-legislativa-de-sc-pl-0524-2025\/#primaryimage"},"thumbnailUrl":"https:\/\/www.legislapp.com.br\/wp-content\/uploads\/google-play.png","datePublished":"2025-09-17T16:14:18+00:00","breadcrumb":{"@id":"https:\/\/www.legislapp.com.br\/index.php\/cam-legislativa-de-sc-pl-0524-2025\/#breadcrumb"},"inLanguage":"pt-BR","potentialAction":[{"@type":"ReadAction","target":["https:\/\/www.legislapp.com.br\/index.php\/cam-legislativa-de-sc-pl-0524-2025\/"]}]},{"@type":"ImageObject","inLanguage":"pt-BR","@id":"https:\/\/www.legislapp.com.br\/index.php\/cam-legislativa-de-sc-pl-0524-2025\/#primaryimage","url":"https:\/\/www.legislapp.com.br\/wp-content\/uploads\/google-play.png","contentUrl":"https:\/\/www.legislapp.com.br\/wp-content\/uploads\/google-play.png","width":564,"height":168},{"@type":"BreadcrumbList","@id":"https:\/\/www.legislapp.com.br\/index.php\/cam-legislativa-de-sc-pl-0524-2025\/#breadcrumb","itemListElement":[{"@type":"ListItem","position":1,"name":"In\u00edcio","item":"https:\/\/www.legislapp.com.br\/"},{"@type":"ListItem","position":2,"name":"PL.\/0524\/2025 &#8211; Rodrigo Minotto"}]},{"@type":"WebSite","@id":"https:\/\/www.legislapp.com.br\/#website","url":"https:\/\/www.legislapp.com.br\/","name":"Legislapp","description":"Intelig\u00eancia governamental em tempo real","publisher":{"@id":"https:\/\/www.legislapp.com.br\/#organization"},"potentialAction":[{"@type":"SearchAction","target":{"@type":"EntryPoint","urlTemplate":"https:\/\/www.legislapp.com.br\/?s={search_term_string}"},"query-input":{"@type":"PropertyValueSpecification","valueRequired":true,"valueName":"search_term_string"}}],"inLanguage":"pt-BR"},{"@type":"Organization","@id":"https:\/\/www.legislapp.com.br\/#organization","name":"Legislapp Monitoramento e Intelig\u00eancia Governamental","url":"https:\/\/www.legislapp.com.br\/","logo":{"@type":"ImageObject","inLanguage":"pt-BR","@id":"https:\/\/www.legislapp.com.br\/#\/schema\/logo\/image\/","url":"https:\/\/www.legislapp.com.br\/wp-content\/uploads\/icon.png","contentUrl":"https:\/\/www.legislapp.com.br\/wp-content\/uploads\/icon.png","width":1024,"height":1024,"caption":"Legislapp Monitoramento e Intelig\u00eancia Governamental"},"image":{"@id":"https:\/\/www.legislapp.com.br\/#\/schema\/logo\/image\/"},"sameAs":["https:\/\/www.instagram.com\/legislapp\/"]}]}},"_links":{"self":[{"href":"https:\/\/www.legislapp.com.br\/index.php\/wp-json\/wp\/v2\/pages\/7135","targetHints":{"allow":["GET"]}}],"collection":[{"href":"https:\/\/www.legislapp.com.br\/index.php\/wp-json\/wp\/v2\/pages"}],"about":[{"href":"https:\/\/www.legislapp.com.br\/index.php\/wp-json\/wp\/v2\/types\/page"}],"author":[{"embeddable":true,"href":"https:\/\/www.legislapp.com.br\/index.php\/wp-json\/wp\/v2\/users\/1"}],"replies":[{"embeddable":true,"href":"https:\/\/www.legislapp.com.br\/index.php\/wp-json\/wp\/v2\/comments?post=7135"}],"version-history":[{"count":0,"href":"https:\/\/www.legislapp.com.br\/index.php\/wp-json\/wp\/v2\/pages\/7135\/revisions"}],"wp:attachment":[{"href":"https:\/\/www.legislapp.com.br\/index.php\/wp-json\/wp\/v2\/media?parent=7135"}],"curies":[{"name":"wp","href":"https:\/\/api.w.org\/{rel}","templated":true}]}}