{"id":7147,"date":"2025-09-17T13:15:00","date_gmt":"2025-09-17T16:15:00","guid":{"rendered":"https:\/\/www.legislapp.com.br\/index.php\/cam-legislativa-de-sc-pl-0513-2025\/"},"modified":"2025-09-17T13:15:00","modified_gmt":"2025-09-17T16:15:00","slug":"cam-legislativa-de-sc-pl-0513-2025","status":"publish","type":"page","link":"https:\/\/www.legislapp.com.br\/index.php\/cam-legislativa-de-sc-pl-0513-2025\/","title":{"rendered":"PL.\/0513\/2025 &#8211; Paulinha"},"content":{"rendered":"<h1 style='text-align: center;'>C\u00e2m. Legislativa de SC &#8211; Autoria de Paulinha<\/h3>\n<p><\/p>\n<article style='text-align: center'>Institui programa de uso das escolas nos finais de semana com atividades educativas, culturais, esportivas e de lazer abertas \u00e0 comunidade, no \u00e2mbito do Estado de Santa Catarina.<\/article>\n<p><\/p>\n<p style='text-align: center'><a href='https:\/\/app.legislapp.com.br\/#\/busca?termo='><\/a><\/p>\n<p><\/p>\n<article>ASSEMBLEIA LEGISLATIVA GABINETE DEPUTADA<br \/>\nESTADO DE SANTA CATARINA PAULINHA<\/p>\n<p>PROJETO DE LEI<\/p>\n<p>Institui programa de uso das escolas nos finais de semana<br \/>\ncom atividades educativas, culturais, esportivas e de lazer<br \/>\nabertas \u00e0 comunidade, no \u00e2mbito do Estado de Santa<br \/>\nCatarina.<\/p>\n<p>Art. 1\u00ba  Fica institu\u00eddo, no \u00e2mbito do Estado de Santa<br \/>\nCatarina, o Programa Escola Aberta, destinado \u00e0 utiliza\u00e7\u00e3o dos espa\u00e7os f\u00edsicos das<br \/>\nunidades escolares da rede p\u00fablica estadual de ensino nos finais de semana para a<br \/>\nrealiza\u00e7\u00e3o de atividades educativas, culturais, esportivas e de lazer abertas \u00e0<br \/>\ncomunidade.<\/p>\n<p>PAR\u00c1GRAFO \u00daNICO. As atividades previstas neste artigo<br \/>\ndever\u00e3o ser compat\u00edveis com a infraestrutura da unidade escolar, respeitando a<br \/>\nintegridade do patrim\u00f4nio p\u00fablico e a seguran\u00e7a de seus usu\u00e1rios.<\/p>\n<p>Art. 2\u00ba O Programa Escola Aberta tem por objetivos:  <\/p>\n<p>I \u2013 promover a integra\u00e7\u00e3o entre escola e comunidade por<br \/>\nmeio de a\u00e7\u00f5es inclusivas e participativas;   <\/p>\n<p>II \u2013 incentivar a ocupa\u00e7\u00e3o positiva dos espa\u00e7os escolares,<br \/>\ncontribuindo para a preven\u00e7\u00e3o da viol\u00eancia e do vandalismo;   <\/p>\n<p>III \u2013 ampliar o acesso da popula\u00e7\u00e3o a atividades educativas,<br \/>\nculturais, esportivas e de lazer;  <\/p>\n<p>IV \u2013 estimular o protagonismo juvenil, a cidadania e a<br \/>\nconviv\u00eancia comunit\u00e1ria.<\/p>\n<p>Art. 3\u00ba A implementa\u00e7\u00e3o do Programa ser\u00e1 realizada pela<br \/>\nSecretaria de Estado da Educa\u00e7\u00e3o, podendo contar com a colabora\u00e7\u00e3o de outras<br \/>\nsecretarias estaduais, prefeituras, conselhos escolares, associa\u00e7\u00f5es comunit\u00e1rias,<br \/>\norganiza\u00e7\u00f5es da sociedade civil e entidades privadas sem fins lucrativos.   <\/p>\n<p>\u00a7 1\u00ba A ades\u00e3o das unidades escolares ao Programa ser\u00e1<br \/>\nvolunt\u00e1ria e depender\u00e1 de consulta \u00e0 comunidade escolar e \u00e0 dire\u00e7\u00e3o da escola.   <\/p>\n<p>\u00a7 2\u00ba Os respons\u00e1veis pela execu\u00e7\u00e3o das atividades dever\u00e3o<br \/>\nseguir cronograma previamente aprovado, respeitando as normas de uso dos espa\u00e7os<br \/>\nescolares.<\/p>\n<p>Art. 4\u00ba O Poder Executivo poder\u00e1 regulamentar a presente<br \/>\nLei no que couber, estabelecendo crit\u00e9rios para ades\u00e3o, participa\u00e7\u00e3o, parcerias,<br \/>\nfinanciamento e fiscaliza\u00e7\u00e3o do Programa.<\/p>\n<p>Art. 5\u00ba  Esta Lei entra em vigor na data de sua publica\u00e7\u00e3o.<\/p>\n<p>Sala da Sess\u00f5es,     <\/p>\n<p>Deputada PAULINHA<br \/>\n JUSTIFICA\u00c7\u00c3O<\/p>\n<p>O presente Projeto de Lei tem por objetivo instituir, no \u00e2mbito do Estado de Santa<br \/>\nCatarina, o Programa Escola Aberta, que possibilita a utiliza\u00e7\u00e3o dos espa\u00e7os f\u00edsicos<br \/>\ndas escolas p\u00fablicas estaduais nos finais de semana para a realiza\u00e7\u00e3o de atividades<br \/>\neducativas, culturais, esportivas e de lazer abertas \u00e0 comunidade.<\/p>\n<p>Essa iniciativa encontra respaldo na Constitui\u00e7\u00e3o Federal, especialmente no artigo<br \/>\n216, que reconhece e protege o patrim\u00f4nio cultural brasileiro, e na Constitui\u00e7\u00e3o do<br \/>\nEstado de Santa Catarina, que assegura a promo\u00e7\u00e3o da cultura, do esporte e da<br \/>\neduca\u00e7\u00e3o como direitos fundamentais. O programa visa ampliar o acesso da popula\u00e7\u00e3o<br \/>\na esses direitos, fortalecendo a integra\u00e7\u00e3o entre escola e comunidade.<\/p>\n<p>Al\u00e9m disso, o projeto alinha-se \u00e0s diretrizes das pol\u00edticas p\u00fablicas de promo\u00e7\u00e3o da<br \/>\nparticipa\u00e7\u00e3o social e do protagonismo juvenil, elementos essenciais para o<br \/>\ndesenvolvimento da cidadania e para a preven\u00e7\u00e3o da viol\u00eancia e do vandalismo nos<br \/>\nespa\u00e7os p\u00fablicos.<br \/>\nO uso comunit\u00e1rio das escolas nos finais de semana tamb\u00e9m representa uma<br \/>\nestrat\u00e9gia eficaz para a valoriza\u00e7\u00e3o do patrim\u00f4nio p\u00fablico, incentivando a ocupa\u00e7\u00e3o<br \/>\npositiva dos espa\u00e7os e a conviv\u00eancia harmoniosa, com respeito \u00e0 seguran\u00e7a e<br \/>\nintegridade das unidades escolares.<\/p>\n<p>A proposi\u00e7\u00e3o respeita os limites constitucionais da iniciativa legislativa, ao estabelecer<br \/>\ndiretrizes gerais e permitir que a regulamenta\u00e7\u00e3o e execu\u00e7\u00e3o fiquem a cargo do Poder<br \/>\nExecutivo, conforme previsto no artigo 71, inciso III, da Constitui\u00e7\u00e3o Estadual de Santa<br \/>\nCatarina, garantindo assim a correta aplica\u00e7\u00e3o t\u00e9cnica e or\u00e7ament\u00e1ria da medida.<\/p>\n<p>Diante da relev\u00e2ncia social, cultural e educativa da mat\u00e9ria, conto com o apoio dos<br \/>\nnobres parlamentares para a aprova\u00e7\u00e3o deste projeto, que representa um avan\u00e7o<br \/>\nsignificativo na promo\u00e7\u00e3o da inclus\u00e3o, da cidadania e do fortalecimento da comunidade<br \/>\nescolar em nosso Estado.<br \/>\nELEGIS<br \/>\nDocumento assinado eletronicamente por Ana Paula da Silva,<br \/>\nSistema de Processo<br \/>\nem 21\/07\/2025, \u00e0s 01:02.<br \/>\nLegislativo Eletr\u00f4nico<\/article>\n<div style=\"text-align: center\">\n<div style=\"margin-bottom: 20px;\" class=\"et_pb_button_module_wrapper et_pb_button_5_tb_body_wrapper et_pb_button_alignment_center et_pb_module \">\n         <a class=\"et_pb_button et_pb_button_5_tb_body et_hover_enabled et_pb_bg_layout_dark\" style=\"width: 50%;background-color: black;\" href=\"https:\/\/app.legislapp.com.br\" target=\"_blank\" rel=\"noopener\">Visualizar completo na nossa plataforma (30 dias gr\u00e1tis)<\/a><\/p><\/div>\n<p>      <a href=\"https:\/\/play.google.com\/store\/apps\/details?id=br.com.legislapp\"><img decoding=\"async\" style=\"width: 15%; min-width: 130px;\" src=\"https:\/\/www.legislapp.com.br\/wp-content\/uploads\/google-play.png\"><\/a><br \/>\n      <a href=\"https:\/\/apps.apple.com\/us\/app\/legislapp\/id1568929859\"><img decoding=\"async\" style=\"width: 15%; min-width: 130px\" src=\"https:\/\/www.legislapp.com.br\/wp-content\/uploads\/apple-store.png\"><\/a>\n   <\/div>\n","protected":false},"excerpt":{"rendered":"<p>C\u00e2m. Legislativa de SC &#8211; Autoria de Paulinha Institui programa de uso das escolas nos finais de semana com atividades educativas, culturais, esportivas e de lazer abertas \u00e0 comunidade, no \u00e2mbito do Estado de Santa Catarina. ASSEMBLEIA LEGISLATIVA GABINETE DEPUTADA ESTADO DE SANTA CATARINA PAULINHA PROJETO DE LEI Institui programa de uso das escolas nos [&hellip;]<\/p>\n","protected":false},"author":1,"featured_media":0,"parent":0,"menu_order":0,"comment_status":"closed","ping_status":"closed","template":"page-template-blank.php","meta":{"_et_pb_use_builder":"","_et_pb_old_content":"","_et_gb_content_width":"1080","ngg_post_thumbnail":0,"footnotes":""},"class_list":["post-7147","page","type-page","status-publish","hentry"],"yoast_head":"<!-- This site is optimized with the Yoast SEO plugin v24.4 - https:\/\/yoast.com\/wordpress\/plugins\/seo\/ -->\n<title>PL.\/0513\/2025 - Paulinha - Legislapp<\/title>\n<meta name=\"robots\" content=\"index, follow, max-snippet:-1, max-image-preview:large, max-video-preview:-1\" \/>\n<link rel=\"canonical\" href=\"https:\/\/www.legislapp.com.br\/index.php\/cam-legislativa-de-sc-pl-0513-2025\/\" \/>\n<meta property=\"og:locale\" content=\"pt_BR\" \/>\n<meta property=\"og:type\" content=\"article\" \/>\n<meta property=\"og:title\" content=\"PL.\/0513\/2025 - Paulinha - Legislapp\" \/>\n<meta property=\"og:description\" content=\"C\u00e2m. Legislativa de SC &#8211; Autoria de Paulinha Institui programa de uso das escolas nos finais de semana com atividades educativas, culturais, esportivas e de lazer abertas \u00e0 comunidade, no \u00e2mbito do Estado de Santa Catarina. ASSEMBLEIA LEGISLATIVA GABINETE DEPUTADA ESTADO DE SANTA CATARINA PAULINHA PROJETO DE LEI Institui programa de uso das escolas nos [&hellip;]\" \/>\n<meta property=\"og:url\" content=\"https:\/\/www.legislapp.com.br\/index.php\/cam-legislativa-de-sc-pl-0513-2025\/\" \/>\n<meta property=\"og:site_name\" content=\"Legislapp\" \/>\n<meta property=\"article:publisher\" content=\"https:\/\/www.instagram.com\/legislapp\/\" \/>\n<meta property=\"og:image\" content=\"https:\/\/www.legislapp.com.br\/wp-content\/uploads\/google-play.png\" \/>\n<meta name=\"twitter:card\" content=\"summary_large_image\" \/>\n<meta name=\"twitter:label1\" content=\"Est. tempo de leitura\" \/>\n\t<meta name=\"twitter:data1\" content=\"4 minutos\" \/>\n<script type=\"application\/ld+json\" class=\"yoast-schema-graph\">{\"@context\":\"https:\/\/schema.org\",\"@graph\":[{\"@type\":\"WebPage\",\"@id\":\"https:\/\/www.legislapp.com.br\/index.php\/cam-legislativa-de-sc-pl-0513-2025\/\",\"url\":\"https:\/\/www.legislapp.com.br\/index.php\/cam-legislativa-de-sc-pl-0513-2025\/\",\"name\":\"PL.\/0513\/2025 - Paulinha - Legislapp\",\"isPartOf\":{\"@id\":\"https:\/\/www.legislapp.com.br\/#website\"},\"primaryImageOfPage\":{\"@id\":\"https:\/\/www.legislapp.com.br\/index.php\/cam-legislativa-de-sc-pl-0513-2025\/#primaryimage\"},\"image\":{\"@id\":\"https:\/\/www.legislapp.com.br\/index.php\/cam-legislativa-de-sc-pl-0513-2025\/#primaryimage\"},\"thumbnailUrl\":\"https:\/\/www.legislapp.com.br\/wp-content\/uploads\/google-play.png\",\"datePublished\":\"2025-09-17T16:15:00+00:00\",\"breadcrumb\":{\"@id\":\"https:\/\/www.legislapp.com.br\/index.php\/cam-legislativa-de-sc-pl-0513-2025\/#breadcrumb\"},\"inLanguage\":\"pt-BR\",\"potentialAction\":[{\"@type\":\"ReadAction\",\"target\":[\"https:\/\/www.legislapp.com.br\/index.php\/cam-legislativa-de-sc-pl-0513-2025\/\"]}]},{\"@type\":\"ImageObject\",\"inLanguage\":\"pt-BR\",\"@id\":\"https:\/\/www.legislapp.com.br\/index.php\/cam-legislativa-de-sc-pl-0513-2025\/#primaryimage\",\"url\":\"https:\/\/www.legislapp.com.br\/wp-content\/uploads\/google-play.png\",\"contentUrl\":\"https:\/\/www.legislapp.com.br\/wp-content\/uploads\/google-play.png\",\"width\":564,\"height\":168},{\"@type\":\"BreadcrumbList\",\"@id\":\"https:\/\/www.legislapp.com.br\/index.php\/cam-legislativa-de-sc-pl-0513-2025\/#breadcrumb\",\"itemListElement\":[{\"@type\":\"ListItem\",\"position\":1,\"name\":\"In\u00edcio\",\"item\":\"https:\/\/www.legislapp.com.br\/\"},{\"@type\":\"ListItem\",\"position\":2,\"name\":\"PL.\/0513\/2025 &#8211; Paulinha\"}]},{\"@type\":\"WebSite\",\"@id\":\"https:\/\/www.legislapp.com.br\/#website\",\"url\":\"https:\/\/www.legislapp.com.br\/\",\"name\":\"Legislapp\",\"description\":\"Intelig\u00eancia governamental em tempo real\",\"publisher\":{\"@id\":\"https:\/\/www.legislapp.com.br\/#organization\"},\"potentialAction\":[{\"@type\":\"SearchAction\",\"target\":{\"@type\":\"EntryPoint\",\"urlTemplate\":\"https:\/\/www.legislapp.com.br\/?s={search_term_string}\"},\"query-input\":{\"@type\":\"PropertyValueSpecification\",\"valueRequired\":true,\"valueName\":\"search_term_string\"}}],\"inLanguage\":\"pt-BR\"},{\"@type\":\"Organization\",\"@id\":\"https:\/\/www.legislapp.com.br\/#organization\",\"name\":\"Legislapp Monitoramento e Intelig\u00eancia Governamental\",\"url\":\"https:\/\/www.legislapp.com.br\/\",\"logo\":{\"@type\":\"ImageObject\",\"inLanguage\":\"pt-BR\",\"@id\":\"https:\/\/www.legislapp.com.br\/#\/schema\/logo\/image\/\",\"url\":\"https:\/\/www.legislapp.com.br\/wp-content\/uploads\/icon.png\",\"contentUrl\":\"https:\/\/www.legislapp.com.br\/wp-content\/uploads\/icon.png\",\"width\":1024,\"height\":1024,\"caption\":\"Legislapp Monitoramento e Intelig\u00eancia Governamental\"},\"image\":{\"@id\":\"https:\/\/www.legislapp.com.br\/#\/schema\/logo\/image\/\"},\"sameAs\":[\"https:\/\/www.instagram.com\/legislapp\/\"]}]}<\/script>\n<!-- \/ Yoast SEO plugin. -->","yoast_head_json":{"title":"PL.\/0513\/2025 - Paulinha - Legislapp","robots":{"index":"index","follow":"follow","max-snippet":"max-snippet:-1","max-image-preview":"max-image-preview:large","max-video-preview":"max-video-preview:-1"},"canonical":"https:\/\/www.legislapp.com.br\/index.php\/cam-legislativa-de-sc-pl-0513-2025\/","og_locale":"pt_BR","og_type":"article","og_title":"PL.\/0513\/2025 - Paulinha - Legislapp","og_description":"C\u00e2m. Legislativa de SC &#8211; Autoria de Paulinha Institui programa de uso das escolas nos finais de semana com atividades educativas, culturais, esportivas e de lazer abertas \u00e0 comunidade, no \u00e2mbito do Estado de Santa Catarina. ASSEMBLEIA LEGISLATIVA GABINETE DEPUTADA ESTADO DE SANTA CATARINA PAULINHA PROJETO DE LEI Institui programa de uso das escolas nos [&hellip;]","og_url":"https:\/\/www.legislapp.com.br\/index.php\/cam-legislativa-de-sc-pl-0513-2025\/","og_site_name":"Legislapp","article_publisher":"https:\/\/www.instagram.com\/legislapp\/","og_image":[{"url":"https:\/\/www.legislapp.com.br\/wp-content\/uploads\/google-play.png","type":"","width":"","height":""}],"twitter_card":"summary_large_image","twitter_misc":{"Est. tempo de leitura":"4 minutos"},"schema":{"@context":"https:\/\/schema.org","@graph":[{"@type":"WebPage","@id":"https:\/\/www.legislapp.com.br\/index.php\/cam-legislativa-de-sc-pl-0513-2025\/","url":"https:\/\/www.legislapp.com.br\/index.php\/cam-legislativa-de-sc-pl-0513-2025\/","name":"PL.\/0513\/2025 - Paulinha - Legislapp","isPartOf":{"@id":"https:\/\/www.legislapp.com.br\/#website"},"primaryImageOfPage":{"@id":"https:\/\/www.legislapp.com.br\/index.php\/cam-legislativa-de-sc-pl-0513-2025\/#primaryimage"},"image":{"@id":"https:\/\/www.legislapp.com.br\/index.php\/cam-legislativa-de-sc-pl-0513-2025\/#primaryimage"},"thumbnailUrl":"https:\/\/www.legislapp.com.br\/wp-content\/uploads\/google-play.png","datePublished":"2025-09-17T16:15:00+00:00","breadcrumb":{"@id":"https:\/\/www.legislapp.com.br\/index.php\/cam-legislativa-de-sc-pl-0513-2025\/#breadcrumb"},"inLanguage":"pt-BR","potentialAction":[{"@type":"ReadAction","target":["https:\/\/www.legislapp.com.br\/index.php\/cam-legislativa-de-sc-pl-0513-2025\/"]}]},{"@type":"ImageObject","inLanguage":"pt-BR","@id":"https:\/\/www.legislapp.com.br\/index.php\/cam-legislativa-de-sc-pl-0513-2025\/#primaryimage","url":"https:\/\/www.legislapp.com.br\/wp-content\/uploads\/google-play.png","contentUrl":"https:\/\/www.legislapp.com.br\/wp-content\/uploads\/google-play.png","width":564,"height":168},{"@type":"BreadcrumbList","@id":"https:\/\/www.legislapp.com.br\/index.php\/cam-legislativa-de-sc-pl-0513-2025\/#breadcrumb","itemListElement":[{"@type":"ListItem","position":1,"name":"In\u00edcio","item":"https:\/\/www.legislapp.com.br\/"},{"@type":"ListItem","position":2,"name":"PL.\/0513\/2025 &#8211; Paulinha"}]},{"@type":"WebSite","@id":"https:\/\/www.legislapp.com.br\/#website","url":"https:\/\/www.legislapp.com.br\/","name":"Legislapp","description":"Intelig\u00eancia governamental em tempo real","publisher":{"@id":"https:\/\/www.legislapp.com.br\/#organization"},"potentialAction":[{"@type":"SearchAction","target":{"@type":"EntryPoint","urlTemplate":"https:\/\/www.legislapp.com.br\/?s={search_term_string}"},"query-input":{"@type":"PropertyValueSpecification","valueRequired":true,"valueName":"search_term_string"}}],"inLanguage":"pt-BR"},{"@type":"Organization","@id":"https:\/\/www.legislapp.com.br\/#organization","name":"Legislapp Monitoramento e Intelig\u00eancia Governamental","url":"https:\/\/www.legislapp.com.br\/","logo":{"@type":"ImageObject","inLanguage":"pt-BR","@id":"https:\/\/www.legislapp.com.br\/#\/schema\/logo\/image\/","url":"https:\/\/www.legislapp.com.br\/wp-content\/uploads\/icon.png","contentUrl":"https:\/\/www.legislapp.com.br\/wp-content\/uploads\/icon.png","width":1024,"height":1024,"caption":"Legislapp Monitoramento e Intelig\u00eancia Governamental"},"image":{"@id":"https:\/\/www.legislapp.com.br\/#\/schema\/logo\/image\/"},"sameAs":["https:\/\/www.instagram.com\/legislapp\/"]}]}},"_links":{"self":[{"href":"https:\/\/www.legislapp.com.br\/index.php\/wp-json\/wp\/v2\/pages\/7147","targetHints":{"allow":["GET"]}}],"collection":[{"href":"https:\/\/www.legislapp.com.br\/index.php\/wp-json\/wp\/v2\/pages"}],"about":[{"href":"https:\/\/www.legislapp.com.br\/index.php\/wp-json\/wp\/v2\/types\/page"}],"author":[{"embeddable":true,"href":"https:\/\/www.legislapp.com.br\/index.php\/wp-json\/wp\/v2\/users\/1"}],"replies":[{"embeddable":true,"href":"https:\/\/www.legislapp.com.br\/index.php\/wp-json\/wp\/v2\/comments?post=7147"}],"version-history":[{"count":0,"href":"https:\/\/www.legislapp.com.br\/index.php\/wp-json\/wp\/v2\/pages\/7147\/revisions"}],"wp:attachment":[{"href":"https:\/\/www.legislapp.com.br\/index.php\/wp-json\/wp\/v2\/media?parent=7147"}],"curies":[{"name":"wp","href":"https:\/\/api.w.org\/{rel}","templated":true}]}}