{"id":7194,"date":"2025-09-17T13:17:33","date_gmt":"2025-09-17T16:17:33","guid":{"rendered":"https:\/\/www.legislapp.com.br\/index.php\/cam-legislativa-de-mg-pl-4005-2025\/"},"modified":"2025-09-17T13:17:33","modified_gmt":"2025-09-17T16:17:33","slug":"cam-legislativa-de-mg-pl-4005-2025","status":"publish","type":"page","link":"https:\/\/www.legislapp.com.br\/index.php\/cam-legislativa-de-mg-pl-4005-2025\/","title":{"rendered":"PL 4005\/2025 &#8211; Deputados"},"content":{"rendered":"<h1 style='text-align: center;'>C\u00e2m. Legislativa de MG &#8211; Autoria de Deputados<\/h3>\n<p><\/p>\n<article style='text-align: center'>Disp\u00f5e sobre a oferta de capacita\u00e7\u00e3o sobre no\u00e7\u00f5es b\u00e1sicas de enfermagem<br \/>\npara fam\u00edlias at\u00edpicas.<\/article>\n<p><\/p>\n<p style='text-align: center'><a href='https:\/\/app.legislapp.com.br\/#\/busca?termo='><\/a><\/p>\n<p><\/p>\n<article>Disp\u00f5e sobre a oferta de capacita\u00e7\u00e3o sobre no\u00e7\u00f5es b\u00e1sicas de enfermagem para fam\u00edlias at\u00edpicas.<br \/>\nA Assembleia Legislativa do Estado de Minas Gerais decreta:<br \/>\nArt. 1\u00ba \u2013 As unidades de atendimento do Sistema \u00danico de Sa\u00fade \u2013 SUS \u2013 no \u00e2mbito do Estado de Minas Gerais poder\u00e3o disponibilizar capacita\u00e7\u00e3o sobre no\u00e7\u00f5es b\u00e1sicas de enfermagem \u00e0s fam\u00edlias at\u00edpicas, compreendidas como mulheres que assumem o cuidado di\u00e1rio e cont\u00ednuo de filhos com defici\u00eancia, doen\u00e7as raras e transtornos do neurodesenvolvimento.<br \/>\n\u00a7 1\u00ba \u2013 A capacita\u00e7\u00e3o n\u00e3o ter\u00e1 validade para fins de exerc\u00edcio profissional da enfermagem, limitando-se a instruir as fam\u00edlias at\u00edpicas com no\u00e7\u00f5es b\u00e1sicas de cuidados domiciliares.<br \/>\n\u00a7 2\u00ba \u2013 Para receber o servi\u00e7o, o membro da fam\u00edlia at\u00edpica interessada poder\u00e1 solicitar o servi\u00e7o em qualquer unidade do Sistema \u00danico de Sa\u00fade \u2013 SUS \u2013 no Estado de Minas Gerais.<br \/>\n\u00a7 3\u00ba \u2013 O treinamento dever\u00e1 ser ministrado pelos profissionais devidamente qualificados que j\u00e1 atuam na unidade de sa\u00fade.<br \/>\nArt. 2\u00ba \u2013 O Poder Executivo expedir\u00e1 os regulamentos necess\u00e1rios para o planejamento e execu\u00e7\u00e3o desta lei.<br \/>\nArt. 3\u00ba \u2013 Esta lei entra em vigor na data de sua publica\u00e7\u00e3o.<br \/>\nSala das Reuni\u00f5es, 27 de junho de 2025.<br \/>\nDr. Maur\u00edcio (Novo), vice-presidente da Comiss\u00e3o de Agropecu\u00e1ria e Agroind\u00fastria e vice-l\u00edder do Bloco Minas em Frente.<br \/>\nJustifica\u00e7\u00e3o: Conforme disposto no art. 24 da Constitui\u00e7\u00e3o Federal, compete \u00e0 Uni\u00e3o, aos Estados e ao Distrito Federal legislar concorrentemente sobre prote\u00e7\u00e3o e defesa da sa\u00fade. Em \u00e2mbito estadual, o artigo 186 da Constitui\u00e7\u00e3o do Estado de Minas Gerais determina que a sa\u00fade \u00e9 direito de todos e dever do Estado.<br \/>\nDeste modo, depreende-se, a partir das citadas reda\u00e7\u00f5es, que cabe ao Poder Legislativo Estadual atuar na amplia\u00e7\u00e3o do acesso \u00e0 informa\u00e7\u00e3o sobre os cuidados domiciliares que muitas m\u00e3es at\u00edpicas precisam administrar aos seus filhos diariamente.<br \/>\n\u00c9 de conhecimento comum que crian\u00e7as com defici\u00eancia, doen\u00e7as raras ou transtornos do neurodesenvolvimento podem precisar de cuidados espec\u00edficos, como troca de sonda, preven\u00e7\u00e3o ou cura de escaras, entre outras situa\u00e7\u00f5es que eventualmente possam exigir aten\u00e7\u00e3o redobrada.<br \/>\nNo entanto, sabemos que boa parte das fam\u00edlias que enfrentam esses desafios simplesmente n\u00e3o t\u00eam onde pedir instru\u00e7\u00f5es confi\u00e1veis para aprender t\u00e9cnicas que podem auxili\u00e1-las nos cuidados que dispensam aos filhos em suas casas.<br \/>\nObviamente, o intuito n\u00e3o \u00e9 habilitar essas pessoas ao exerc\u00edcio profissional da enfermagem, que requer uma forma\u00e7\u00e3o espec\u00edfica e complexa. A inten\u00e7\u00e3o, em verdade, \u00e9 garantir que as fam\u00edlias at\u00edpicas tenham um local seguro para solicitar instru\u00e7\u00f5es sobre os cuidados domiciliares.<br \/>\nPara tanto, as unidades de sa\u00fade, que j\u00e1 contam com tantos profissionais\u00a0qualificados e dedicados, devem incluir entre os seus servi\u00e7os o atendimento \u00e0s m\u00e3es que solicitarem o treinamento sobre cuidados b\u00e1sicos. Tal medida n\u00e3o causa um \u00f4nus desproporcional ao servi\u00e7o p\u00fablico de sa\u00fade, pelo contr\u00e1rio: fortalece as cuidadoras diretas para que possam ser melhor informadas sobre os procedimentos que precisam realizar diariamente em suas casas, evitando acidentes dom\u00e9sticos e a exposi\u00e7\u00e3o a riscos que podem se concretizar em raz\u00e3o da falta de instru\u00e7\u00e3o.<br \/>\n\u2013 Publicado, vai o projeto \u00e0s Comiss\u00f5es de Justi\u00e7a, de Sa\u00fade, da Pessoa com Defici\u00eancia e de Fiscaliza\u00e7\u00e3o Financeira para parecer, nos termos do art. 188, c\/c o art. 102, do Regimento Interno.<\/article>\n<div style=\"text-align: center\">\n<div style=\"margin-bottom: 20px;\" class=\"et_pb_button_module_wrapper et_pb_button_5_tb_body_wrapper et_pb_button_alignment_center et_pb_module \">\n         <a class=\"et_pb_button et_pb_button_5_tb_body et_hover_enabled et_pb_bg_layout_dark\" style=\"width: 50%;background-color: black;\" href=\"https:\/\/app.legislapp.com.br\" target=\"_blank\" rel=\"noopener\">Visualizar completo na nossa plataforma (30 dias gr\u00e1tis)<\/a><\/p><\/div>\n<p>      <a href=\"https:\/\/play.google.com\/store\/apps\/details?id=br.com.legislapp\"><img decoding=\"async\" style=\"width: 15%; min-width: 130px;\" src=\"https:\/\/www.legislapp.com.br\/wp-content\/uploads\/google-play.png\"><\/a><br \/>\n      <a href=\"https:\/\/apps.apple.com\/us\/app\/legislapp\/id1568929859\"><img decoding=\"async\" style=\"width: 15%; min-width: 130px\" src=\"https:\/\/www.legislapp.com.br\/wp-content\/uploads\/apple-store.png\"><\/a>\n   <\/div>\n","protected":false},"excerpt":{"rendered":"<p>C\u00e2m. Legislativa de MG &#8211; Autoria de Deputados Disp\u00f5e sobre a oferta de capacita\u00e7\u00e3o sobre no\u00e7\u00f5es b\u00e1sicas de enfermagem para fam\u00edlias at\u00edpicas. Disp\u00f5e sobre a oferta de capacita\u00e7\u00e3o sobre no\u00e7\u00f5es b\u00e1sicas de enfermagem para fam\u00edlias at\u00edpicas. A Assembleia Legislativa do Estado de Minas Gerais decreta: Art. 1\u00ba \u2013 As unidades de atendimento do Sistema \u00danico [&hellip;]<\/p>\n","protected":false},"author":1,"featured_media":0,"parent":0,"menu_order":0,"comment_status":"closed","ping_status":"closed","template":"page-template-blank.php","meta":{"_et_pb_use_builder":"","_et_pb_old_content":"","_et_gb_content_width":"1080","ngg_post_thumbnail":0,"footnotes":""},"class_list":["post-7194","page","type-page","status-publish","hentry"],"yoast_head":"<!-- This site is optimized with the Yoast SEO plugin v24.4 - https:\/\/yoast.com\/wordpress\/plugins\/seo\/ -->\n<title>PL 4005\/2025 - Deputados - Legislapp<\/title>\n<meta name=\"robots\" content=\"index, follow, max-snippet:-1, max-image-preview:large, max-video-preview:-1\" \/>\n<link rel=\"canonical\" href=\"https:\/\/www.legislapp.com.br\/index.php\/cam-legislativa-de-mg-pl-4005-2025\/\" \/>\n<meta property=\"og:locale\" content=\"pt_BR\" \/>\n<meta property=\"og:type\" content=\"article\" \/>\n<meta property=\"og:title\" content=\"PL 4005\/2025 - Deputados - Legislapp\" \/>\n<meta property=\"og:description\" content=\"C\u00e2m. Legislativa de MG &#8211; Autoria de Deputados Disp\u00f5e sobre a oferta de capacita\u00e7\u00e3o sobre no\u00e7\u00f5es b\u00e1sicas de enfermagem para fam\u00edlias at\u00edpicas. Disp\u00f5e sobre a oferta de capacita\u00e7\u00e3o sobre no\u00e7\u00f5es b\u00e1sicas de enfermagem para fam\u00edlias at\u00edpicas. A Assembleia Legislativa do Estado de Minas Gerais decreta: Art. 1\u00ba \u2013 As unidades de atendimento do Sistema \u00danico [&hellip;]\" \/>\n<meta property=\"og:url\" content=\"https:\/\/www.legislapp.com.br\/index.php\/cam-legislativa-de-mg-pl-4005-2025\/\" \/>\n<meta property=\"og:site_name\" content=\"Legislapp\" \/>\n<meta property=\"article:publisher\" content=\"https:\/\/www.instagram.com\/legislapp\/\" \/>\n<meta property=\"og:image\" content=\"https:\/\/www.legislapp.com.br\/wp-content\/uploads\/google-play.png\" \/>\n<meta name=\"twitter:card\" content=\"summary_large_image\" \/>\n<meta name=\"twitter:label1\" content=\"Est. tempo de leitura\" \/>\n\t<meta name=\"twitter:data1\" content=\"3 minutos\" \/>\n<script type=\"application\/ld+json\" class=\"yoast-schema-graph\">{\"@context\":\"https:\/\/schema.org\",\"@graph\":[{\"@type\":\"WebPage\",\"@id\":\"https:\/\/www.legislapp.com.br\/index.php\/cam-legislativa-de-mg-pl-4005-2025\/\",\"url\":\"https:\/\/www.legislapp.com.br\/index.php\/cam-legislativa-de-mg-pl-4005-2025\/\",\"name\":\"PL 4005\/2025 - Deputados - Legislapp\",\"isPartOf\":{\"@id\":\"https:\/\/www.legislapp.com.br\/#website\"},\"primaryImageOfPage\":{\"@id\":\"https:\/\/www.legislapp.com.br\/index.php\/cam-legislativa-de-mg-pl-4005-2025\/#primaryimage\"},\"image\":{\"@id\":\"https:\/\/www.legislapp.com.br\/index.php\/cam-legislativa-de-mg-pl-4005-2025\/#primaryimage\"},\"thumbnailUrl\":\"https:\/\/www.legislapp.com.br\/wp-content\/uploads\/google-play.png\",\"datePublished\":\"2025-09-17T16:17:33+00:00\",\"breadcrumb\":{\"@id\":\"https:\/\/www.legislapp.com.br\/index.php\/cam-legislativa-de-mg-pl-4005-2025\/#breadcrumb\"},\"inLanguage\":\"pt-BR\",\"potentialAction\":[{\"@type\":\"ReadAction\",\"target\":[\"https:\/\/www.legislapp.com.br\/index.php\/cam-legislativa-de-mg-pl-4005-2025\/\"]}]},{\"@type\":\"ImageObject\",\"inLanguage\":\"pt-BR\",\"@id\":\"https:\/\/www.legislapp.com.br\/index.php\/cam-legislativa-de-mg-pl-4005-2025\/#primaryimage\",\"url\":\"https:\/\/www.legislapp.com.br\/wp-content\/uploads\/google-play.png\",\"contentUrl\":\"https:\/\/www.legislapp.com.br\/wp-content\/uploads\/google-play.png\",\"width\":564,\"height\":168},{\"@type\":\"BreadcrumbList\",\"@id\":\"https:\/\/www.legislapp.com.br\/index.php\/cam-legislativa-de-mg-pl-4005-2025\/#breadcrumb\",\"itemListElement\":[{\"@type\":\"ListItem\",\"position\":1,\"name\":\"In\u00edcio\",\"item\":\"https:\/\/www.legislapp.com.br\/\"},{\"@type\":\"ListItem\",\"position\":2,\"name\":\"PL 4005\/2025 &#8211; Deputados\"}]},{\"@type\":\"WebSite\",\"@id\":\"https:\/\/www.legislapp.com.br\/#website\",\"url\":\"https:\/\/www.legislapp.com.br\/\",\"name\":\"Legislapp\",\"description\":\"Intelig\u00eancia governamental em tempo real\",\"publisher\":{\"@id\":\"https:\/\/www.legislapp.com.br\/#organization\"},\"potentialAction\":[{\"@type\":\"SearchAction\",\"target\":{\"@type\":\"EntryPoint\",\"urlTemplate\":\"https:\/\/www.legislapp.com.br\/?s={search_term_string}\"},\"query-input\":{\"@type\":\"PropertyValueSpecification\",\"valueRequired\":true,\"valueName\":\"search_term_string\"}}],\"inLanguage\":\"pt-BR\"},{\"@type\":\"Organization\",\"@id\":\"https:\/\/www.legislapp.com.br\/#organization\",\"name\":\"Legislapp Monitoramento e Intelig\u00eancia Governamental\",\"url\":\"https:\/\/www.legislapp.com.br\/\",\"logo\":{\"@type\":\"ImageObject\",\"inLanguage\":\"pt-BR\",\"@id\":\"https:\/\/www.legislapp.com.br\/#\/schema\/logo\/image\/\",\"url\":\"https:\/\/www.legislapp.com.br\/wp-content\/uploads\/icon.png\",\"contentUrl\":\"https:\/\/www.legislapp.com.br\/wp-content\/uploads\/icon.png\",\"width\":1024,\"height\":1024,\"caption\":\"Legislapp Monitoramento e Intelig\u00eancia Governamental\"},\"image\":{\"@id\":\"https:\/\/www.legislapp.com.br\/#\/schema\/logo\/image\/\"},\"sameAs\":[\"https:\/\/www.instagram.com\/legislapp\/\"]}]}<\/script>\n<!-- \/ Yoast SEO plugin. -->","yoast_head_json":{"title":"PL 4005\/2025 - Deputados - Legislapp","robots":{"index":"index","follow":"follow","max-snippet":"max-snippet:-1","max-image-preview":"max-image-preview:large","max-video-preview":"max-video-preview:-1"},"canonical":"https:\/\/www.legislapp.com.br\/index.php\/cam-legislativa-de-mg-pl-4005-2025\/","og_locale":"pt_BR","og_type":"article","og_title":"PL 4005\/2025 - Deputados - Legislapp","og_description":"C\u00e2m. Legislativa de MG &#8211; Autoria de Deputados Disp\u00f5e sobre a oferta de capacita\u00e7\u00e3o sobre no\u00e7\u00f5es b\u00e1sicas de enfermagem para fam\u00edlias at\u00edpicas. Disp\u00f5e sobre a oferta de capacita\u00e7\u00e3o sobre no\u00e7\u00f5es b\u00e1sicas de enfermagem para fam\u00edlias at\u00edpicas. A Assembleia Legislativa do Estado de Minas Gerais decreta: Art. 1\u00ba \u2013 As unidades de atendimento do Sistema \u00danico [&hellip;]","og_url":"https:\/\/www.legislapp.com.br\/index.php\/cam-legislativa-de-mg-pl-4005-2025\/","og_site_name":"Legislapp","article_publisher":"https:\/\/www.instagram.com\/legislapp\/","og_image":[{"url":"https:\/\/www.legislapp.com.br\/wp-content\/uploads\/google-play.png","type":"","width":"","height":""}],"twitter_card":"summary_large_image","twitter_misc":{"Est. tempo de leitura":"3 minutos"},"schema":{"@context":"https:\/\/schema.org","@graph":[{"@type":"WebPage","@id":"https:\/\/www.legislapp.com.br\/index.php\/cam-legislativa-de-mg-pl-4005-2025\/","url":"https:\/\/www.legislapp.com.br\/index.php\/cam-legislativa-de-mg-pl-4005-2025\/","name":"PL 4005\/2025 - Deputados - Legislapp","isPartOf":{"@id":"https:\/\/www.legislapp.com.br\/#website"},"primaryImageOfPage":{"@id":"https:\/\/www.legislapp.com.br\/index.php\/cam-legislativa-de-mg-pl-4005-2025\/#primaryimage"},"image":{"@id":"https:\/\/www.legislapp.com.br\/index.php\/cam-legislativa-de-mg-pl-4005-2025\/#primaryimage"},"thumbnailUrl":"https:\/\/www.legislapp.com.br\/wp-content\/uploads\/google-play.png","datePublished":"2025-09-17T16:17:33+00:00","breadcrumb":{"@id":"https:\/\/www.legislapp.com.br\/index.php\/cam-legislativa-de-mg-pl-4005-2025\/#breadcrumb"},"inLanguage":"pt-BR","potentialAction":[{"@type":"ReadAction","target":["https:\/\/www.legislapp.com.br\/index.php\/cam-legislativa-de-mg-pl-4005-2025\/"]}]},{"@type":"ImageObject","inLanguage":"pt-BR","@id":"https:\/\/www.legislapp.com.br\/index.php\/cam-legislativa-de-mg-pl-4005-2025\/#primaryimage","url":"https:\/\/www.legislapp.com.br\/wp-content\/uploads\/google-play.png","contentUrl":"https:\/\/www.legislapp.com.br\/wp-content\/uploads\/google-play.png","width":564,"height":168},{"@type":"BreadcrumbList","@id":"https:\/\/www.legislapp.com.br\/index.php\/cam-legislativa-de-mg-pl-4005-2025\/#breadcrumb","itemListElement":[{"@type":"ListItem","position":1,"name":"In\u00edcio","item":"https:\/\/www.legislapp.com.br\/"},{"@type":"ListItem","position":2,"name":"PL 4005\/2025 &#8211; Deputados"}]},{"@type":"WebSite","@id":"https:\/\/www.legislapp.com.br\/#website","url":"https:\/\/www.legislapp.com.br\/","name":"Legislapp","description":"Intelig\u00eancia governamental em tempo real","publisher":{"@id":"https:\/\/www.legislapp.com.br\/#organization"},"potentialAction":[{"@type":"SearchAction","target":{"@type":"EntryPoint","urlTemplate":"https:\/\/www.legislapp.com.br\/?s={search_term_string}"},"query-input":{"@type":"PropertyValueSpecification","valueRequired":true,"valueName":"search_term_string"}}],"inLanguage":"pt-BR"},{"@type":"Organization","@id":"https:\/\/www.legislapp.com.br\/#organization","name":"Legislapp Monitoramento e Intelig\u00eancia Governamental","url":"https:\/\/www.legislapp.com.br\/","logo":{"@type":"ImageObject","inLanguage":"pt-BR","@id":"https:\/\/www.legislapp.com.br\/#\/schema\/logo\/image\/","url":"https:\/\/www.legislapp.com.br\/wp-content\/uploads\/icon.png","contentUrl":"https:\/\/www.legislapp.com.br\/wp-content\/uploads\/icon.png","width":1024,"height":1024,"caption":"Legislapp Monitoramento e Intelig\u00eancia Governamental"},"image":{"@id":"https:\/\/www.legislapp.com.br\/#\/schema\/logo\/image\/"},"sameAs":["https:\/\/www.instagram.com\/legislapp\/"]}]}},"_links":{"self":[{"href":"https:\/\/www.legislapp.com.br\/index.php\/wp-json\/wp\/v2\/pages\/7194","targetHints":{"allow":["GET"]}}],"collection":[{"href":"https:\/\/www.legislapp.com.br\/index.php\/wp-json\/wp\/v2\/pages"}],"about":[{"href":"https:\/\/www.legislapp.com.br\/index.php\/wp-json\/wp\/v2\/types\/page"}],"author":[{"embeddable":true,"href":"https:\/\/www.legislapp.com.br\/index.php\/wp-json\/wp\/v2\/users\/1"}],"replies":[{"embeddable":true,"href":"https:\/\/www.legislapp.com.br\/index.php\/wp-json\/wp\/v2\/comments?post=7194"}],"version-history":[{"count":0,"href":"https:\/\/www.legislapp.com.br\/index.php\/wp-json\/wp\/v2\/pages\/7194\/revisions"}],"wp:attachment":[{"href":"https:\/\/www.legislapp.com.br\/index.php\/wp-json\/wp\/v2\/media?parent=7194"}],"curies":[{"name":"wp","href":"https:\/\/api.w.org\/{rel}","templated":true}]}}