{"id":7204,"date":"2025-09-17T13:18:07","date_gmt":"2025-09-17T16:18:07","guid":{"rendered":"https:\/\/www.legislapp.com.br\/index.php\/cam-legislativa-de-sc-pl-0469-2025\/"},"modified":"2025-09-17T13:18:07","modified_gmt":"2025-09-17T16:18:07","slug":"cam-legislativa-de-sc-pl-0469-2025","status":"publish","type":"page","link":"https:\/\/www.legislapp.com.br\/index.php\/cam-legislativa-de-sc-pl-0469-2025\/","title":{"rendered":"PL.\/0469\/2025 &#8211; Julio Garcia"},"content":{"rendered":"<h1 style='text-align: center;'>C\u00e2m. Legislativa de SC &#8211; Autoria de Julio Garcia<\/h3>\n<p><\/p>\n<article style='text-align: center'>Institui a Pol\u00edtica Estadual de Supera\u00e7\u00e3o da Situa\u00e7\u00e3o de Rua no Estado de Santa Catarina, e estabelece as diretrizes para acolhimento, reinser\u00e7\u00e3o social, cuidados em sa\u00fade e acesso \u00e0 renda, e d\u00e1 outras provid\u00eancias.<\/article>\n<p><\/p>\n<p style='text-align: center'><a href='https:\/\/app.legislapp.com.br\/#\/busca?termo='><\/a><\/p>\n<p><\/p>\n<article>ASSEMBLEIA LEGISLATIVA GABINETE DEPUTADO<br \/>\nESTADO DE SANTA CATARINA JULIO GARCIA<br \/>\nProjeto de Lei n\u00ba&#8230;&#8230;.\/2025<\/p>\n<p>Institui a Pol\u00edtica Estadual de Supera\u00e7\u00e3o da<br \/>\nSitua\u00e7\u00e3o de Rua no Estado de Santa Catarina, e<br \/>\nestabelece as diretrizes para acolhimento,<br \/>\nreinser\u00e7\u00e3o social, cuidados em sa\u00fade e acesso \u00e0<br \/>\nrenda, e d\u00e1 outras provid\u00eancias.<\/p>\n<p>Art. 1\u00ba Fica institu\u00edda a Pol\u00edtica Estadual de Supera\u00e7\u00e3o da Situa\u00e7\u00e3o de Rua no Estado<br \/>\nde Santa Catarina, com o objetivo de assegurar \u00e0s pessoas em situa\u00e7\u00e3o de rua o<br \/>\nacesso a direitos fundamentais, por meio de estrat\u00e9gias intersetoriais e<br \/>\ndescentralizadas de acolhimento, cuidado e reinser\u00e7\u00e3o.<\/p>\n<p>Art. 2\u00ba Para os efeitos desta lei, considera-se popula\u00e7\u00e3o em situa\u00e7\u00e3o de rua, conforme<br \/>\no Decreto Federal n\u00ba 7.053, de 23 de dezembro de 2009, o grupo populacional<br \/>\nheterog\u00eaneo que possui em comum a extrema pobreza, os v\u00ednculos familiares<br \/>\nfragilizados ou interrompidos e a inexist\u00eancia de moradia convencional regular e que<br \/>\nutiliza os logradouros p\u00fablicos, fazendo dele espa\u00e7o de conv\u00edvio e, principalmente, de<br \/>\nsobreviv\u00eancia, de forma tempor\u00e1ria ou permanente.<\/p>\n<p>Art. 3\u00ba S\u00e3o princ\u00edpios da Pol\u00edtica Estadual de Supera\u00e7\u00e3o da Situa\u00e7\u00e3o de Rua:<\/p>\n<p>I \u2013 o respeito \u00e0 dignidade da pessoa humana e \u00e0 diversidade;<br \/>\nII \u2013 o direito \u00e0 conviv\u00eancia familiar e comunit\u00e1ria;<br \/>\nIII \u2013 a valoriza\u00e7\u00e3o e o respeito \u00e0 vida e \u00e0 cidadania;<br \/>\nIV \u2013 o atendimento humanizado e universalizado;<br \/>\nV &#8211; a prote\u00e7\u00e3o integral e continuada da popula\u00e7\u00e3o em situa\u00e7\u00e3o de rua;<br \/>\nVI &#8211;  a articula\u00e7\u00e3o entre as pol\u00edticas p\u00fablicas de sa\u00fade, assist\u00eancia social,<br \/>\neduca\u00e7\u00e3o,   seguran\u00e7a p\u00fablica, habita\u00e7\u00e3o e trabalho;<br \/>\nVII\u2013 o respeito \u00e0s condi\u00e7\u00f5es sociais e diferen\u00e7as de origem, ra\u00e7a, idade,<br \/>\nnacionalidade, g\u00eanero, orienta\u00e7\u00e3o sexual e religiosa, com aten\u00e7\u00e3o especial \u00e0s<br \/>\npessoas com defici\u00eancia;<br \/>\nVIII\u2013 a erradica\u00e7\u00e3o de atos violentos e a\u00e7\u00f5es vexat\u00f3rias e de estigmas<br \/>\nnegativos e preconceitos sociais que produzam ou estimulem a discrimina\u00e7\u00e3o e<br \/>\na marginaliza\u00e7\u00e3o, seja pela a\u00e7\u00e3o ou omiss\u00e3o;<br \/>\nIX \u2013 a n\u00e3o discrimina\u00e7\u00e3o de qualquer natureza no acesso a bens e servi\u00e7os<br \/>\np\u00fablicos.<br \/>\nX \u2013 a corresponsabilidade dos entes federativos e da sociedade civil;<br \/>\nXI \u2013 a atua\u00e7\u00e3o em rede com base em evid\u00eancias e boas pr\u00e1ticas.<\/p>\n<p>Art. 4\u00ba A Pol\u00edtica Estadual de Supera\u00e7\u00e3o da Situa\u00e7\u00e3o de Rua ser\u00e1 estruturada a<br \/>\npartir das seguintes diretrizes:<br \/>\nI \u2013 est\u00edmulo \u00e0 implanta\u00e7\u00e3o de frentes de trabalho, atividades ocupacionais e de<br \/>\nqualifica\u00e7\u00e3o profissional com apoio psicossocial cont\u00ednuo;<br \/>\nII \u2013 incentivo \u00e0 reinser\u00e7\u00e3o familiar e comunit\u00e1ria das pessoas em situa\u00e7\u00e3o de<br \/>\nrua;<br \/>\nIII \u2013 parcerias com comunidades terap\u00eauticas, organiza\u00e7\u00f5es da sociedade civil e<br \/>\ninstitui\u00e7\u00f5es de acolhimento para apoio psicossocial e supera\u00e7\u00e3o da<br \/>\ndepend\u00eancia qu\u00edmica;<br \/>\nIV \u2013 possibilidade de acolhimento institucional e\/ou tratamento, inclusive por<br \/>\nmeio de interna\u00e7\u00e3o volunt\u00e1ria ou involunt\u00e1ria, observadas as normas legais e o<br \/>\nacompanhamento t\u00e9cnico;<br \/>\nV \u2013 atua\u00e7\u00e3o priorit\u00e1ria por meio de cons\u00f3rcios intermunicipais, quando for o<br \/>\ncaso, para a execu\u00e7\u00e3o compartilhada de a\u00e7\u00f5es de sa\u00fade, assist\u00eancia,<br \/>\nacolhimento e reinser\u00e7\u00e3o;VI \u2013 cria\u00e7\u00e3o de indicadores de monitoramento da pol\u00edtica p\u00fablica e publica\u00e7\u00e3o<br \/>\nperi\u00f3dica de relat\u00f3rios de resultados.<\/p>\n<p>Art. 5\u00ba O Poder Executivo regulamentar\u00e1 a presente Lei, observando as diretrizes aqui<br \/>\nestabelecidas e a capacidade or\u00e7ament\u00e1ria e administrativa do Estado.<br \/>\nPar\u00e1grafo \u00fanico. A regulamenta\u00e7\u00e3o dever\u00e1 prever mecanismos de coopera\u00e7\u00e3o t\u00e9cnica,<br \/>\nfinanceira e institucional com munic\u00edpios, cons\u00f3rcios p\u00fablicos, organiza\u00e7\u00f5es sociais e<br \/>\ndemais entidades.<\/p>\n<p>Art. 6\u00ba A Assembleia Legislativa do Estado de Santa Catarina, por meio da Comiss\u00e3o<br \/>\nde Direitos Humanos e da Fam\u00edlia, acompanhar\u00e1 e avaliar\u00e1 os resultados desta<br \/>\npol\u00edtica, mediante relat\u00f3rios, audi\u00eancias p\u00fablicas e indicadores sociais.<\/p>\n<p>Art. 7\u00ba Esta Lei entra em vigor na data de sua publica\u00e7\u00e3o.<\/p>\n<p>         JUSTIFICA\u00c7\u00c3O<\/p>\n<p>Entre 2012 e 2022, o n\u00famero de pessoas em situa\u00e7\u00e3o de rua no pa\u00eds cresceu 211%,<br \/>\nenquanto a popula\u00e7\u00e3o total do pa\u00eds cresceu apenas 11%. Observa-se ainda que<br \/>\nmetade dessa popula\u00e7\u00e3o est\u00e1 concentrada em apenas 10 munic\u00edpios, sendo que<br \/>\nFlorian\u00f3polis figura entre as tr\u00eas cidades desse grupo que n\u00e3o fazem parte do grupo<br \/>\ndas 10 maiores cidades do pa\u00eds. (IPEA 2022)<\/p>\n<p>Em Santa Catarina, conforme dados do Cadastro \u00danico, entre 2016 e 2023, o n\u00famero<br \/>\nde pessoas em situa\u00e7\u00e3o de rua aumentou de 1.174 para 8.824. Aqui no Estado 75% da<br \/>\npopula\u00e7\u00e3o em situa\u00e7\u00e3o de rua est\u00e1 concentrada em 12 munic\u00edpios e quase 40%<br \/>\nresidem apenas em duas cidades, na Capital e em Joinville.<\/p>\n<p>Quase 50% desses indiv\u00edduos est\u00e3o nessa condi\u00e7\u00e3o h\u00e1 menos de seis meses, o que<br \/>\naponta para um alto fluxo de entrada. Esse dado, por si s\u00f3, demonstra a necessidade<br \/>\nurgente de interven\u00e7\u00f5es preventivas junto a fam\u00edlias em risco.<\/p>\n<p>Diante desse quadro, se imp\u00f5e a a\u00e7\u00e3o do Poder Legislativo no que lhe cabe.<\/p>\n<p>A presente proposta tem como finalidade estabelecer, em n\u00edvel estadual, um marco<br \/>\nnormativo para a formula\u00e7\u00e3o e execu\u00e7\u00e3o de a\u00e7\u00f5es voltadas \u00e0 supera\u00e7\u00e3o da situa\u00e7\u00e3o de<br \/>\nrua, inspirando-se em experi\u00eancias bem-sucedidas em alguns munic\u00edpios.<br \/>\nTrata-se de uma pol\u00edtica orientadora, que respeita a autonomia do Poder Executivo e a<br \/>\nrealidade or\u00e7ament\u00e1ria do Estado, mas que fornece diretrizes claras para o<br \/>\nenfrentamento desse grave problema social.<br \/>\nA lei prop\u00f5e a\u00e7\u00f5es integradas de acolhimento, cuidado em sa\u00fade mental e<br \/>\ndepend\u00eancia qu\u00edmica, reinser\u00e7\u00e3o produtiva e reconstru\u00e7\u00e3o de v\u00ednculos familiares e<br \/>\ncomunit\u00e1rios, com participa\u00e7\u00e3o ativa da sociedade civil e dos entes municipais,<br \/>\ninclusive por meio de cons\u00f3rcios intermunicipais.<br \/>\nAo adotar um modelo baseado em evid\u00eancias e na intersetorialidade, Santa Catarina<br \/>\npoder\u00e1 dar um passo relevante no combate \u00e0 exclus\u00e3o extrema, promovendo dignidade<br \/>\ne cidadania.<br \/>\nDiante disso, conto o apoio dos nobres parlamentares para a aprova\u00e7\u00e3o desta mat\u00e9ria.<\/p>\n<p>Sala de Sess\u00f5es,<\/p>\n<p>Deputado Julio GarciaELEGIS<br \/>\nDocumento assinado eletronicamente por Julio C\u00e9sar Garcia,<br \/>\nSistema de Processo<br \/>\nem 02\/07\/2025, \u00e0s 15:33.<br \/>\nLegislativo Eletr\u00f4nico<\/article>\n<div style=\"text-align: center\">\n<div style=\"margin-bottom: 20px;\" class=\"et_pb_button_module_wrapper et_pb_button_5_tb_body_wrapper et_pb_button_alignment_center et_pb_module \">\n         <a class=\"et_pb_button et_pb_button_5_tb_body et_hover_enabled et_pb_bg_layout_dark\" style=\"width: 50%;background-color: black;\" href=\"https:\/\/app.legislapp.com.br\" target=\"_blank\" rel=\"noopener\">Visualizar completo na nossa plataforma (30 dias gr\u00e1tis)<\/a><\/p><\/div>\n<p>      <a href=\"https:\/\/play.google.com\/store\/apps\/details?id=br.com.legislapp\"><img decoding=\"async\" style=\"width: 15%; min-width: 130px;\" src=\"https:\/\/www.legislapp.com.br\/wp-content\/uploads\/google-play.png\"><\/a><br \/>\n      <a href=\"https:\/\/apps.apple.com\/us\/app\/legislapp\/id1568929859\"><img decoding=\"async\" style=\"width: 15%; min-width: 130px\" src=\"https:\/\/www.legislapp.com.br\/wp-content\/uploads\/apple-store.png\"><\/a>\n   <\/div>\n","protected":false},"excerpt":{"rendered":"<p>C\u00e2m. Legislativa de SC &#8211; Autoria de Julio Garcia Institui a Pol\u00edtica Estadual de Supera\u00e7\u00e3o da Situa\u00e7\u00e3o de Rua no Estado de Santa Catarina, e estabelece as diretrizes para acolhimento, reinser\u00e7\u00e3o social, cuidados em sa\u00fade e acesso \u00e0 renda, e d\u00e1 outras provid\u00eancias. ASSEMBLEIA LEGISLATIVA GABINETE DEPUTADO ESTADO DE SANTA CATARINA JULIO GARCIA Projeto de [&hellip;]<\/p>\n","protected":false},"author":1,"featured_media":0,"parent":0,"menu_order":0,"comment_status":"closed","ping_status":"closed","template":"page-template-blank.php","meta":{"_et_pb_use_builder":"","_et_pb_old_content":"","_et_gb_content_width":"1080","ngg_post_thumbnail":0,"footnotes":""},"class_list":["post-7204","page","type-page","status-publish","hentry"],"yoast_head":"<!-- This site is optimized with the Yoast SEO plugin v24.4 - https:\/\/yoast.com\/wordpress\/plugins\/seo\/ -->\n<title>PL.\/0469\/2025 - Julio Garcia - Legislapp<\/title>\n<meta name=\"robots\" content=\"index, follow, max-snippet:-1, max-image-preview:large, max-video-preview:-1\" \/>\n<link rel=\"canonical\" href=\"https:\/\/www.legislapp.com.br\/index.php\/cam-legislativa-de-sc-pl-0469-2025\/\" \/>\n<meta property=\"og:locale\" content=\"pt_BR\" \/>\n<meta property=\"og:type\" content=\"article\" \/>\n<meta property=\"og:title\" content=\"PL.\/0469\/2025 - Julio Garcia - Legislapp\" \/>\n<meta property=\"og:description\" content=\"C\u00e2m. Legislativa de SC &#8211; Autoria de Julio Garcia Institui a Pol\u00edtica Estadual de Supera\u00e7\u00e3o da Situa\u00e7\u00e3o de Rua no Estado de Santa Catarina, e estabelece as diretrizes para acolhimento, reinser\u00e7\u00e3o social, cuidados em sa\u00fade e acesso \u00e0 renda, e d\u00e1 outras provid\u00eancias. ASSEMBLEIA LEGISLATIVA GABINETE DEPUTADO ESTADO DE SANTA CATARINA JULIO GARCIA Projeto de [&hellip;]\" \/>\n<meta property=\"og:url\" content=\"https:\/\/www.legislapp.com.br\/index.php\/cam-legislativa-de-sc-pl-0469-2025\/\" \/>\n<meta property=\"og:site_name\" content=\"Legislapp\" \/>\n<meta property=\"article:publisher\" content=\"https:\/\/www.instagram.com\/legislapp\/\" \/>\n<meta property=\"og:image\" content=\"https:\/\/www.legislapp.com.br\/wp-content\/uploads\/google-play.png\" \/>\n<meta name=\"twitter:card\" content=\"summary_large_image\" \/>\n<meta name=\"twitter:label1\" content=\"Est. tempo de leitura\" \/>\n\t<meta name=\"twitter:data1\" content=\"5 minutos\" \/>\n<script type=\"application\/ld+json\" class=\"yoast-schema-graph\">{\"@context\":\"https:\/\/schema.org\",\"@graph\":[{\"@type\":\"WebPage\",\"@id\":\"https:\/\/www.legislapp.com.br\/index.php\/cam-legislativa-de-sc-pl-0469-2025\/\",\"url\":\"https:\/\/www.legislapp.com.br\/index.php\/cam-legislativa-de-sc-pl-0469-2025\/\",\"name\":\"PL.\/0469\/2025 - Julio Garcia - Legislapp\",\"isPartOf\":{\"@id\":\"https:\/\/www.legislapp.com.br\/#website\"},\"primaryImageOfPage\":{\"@id\":\"https:\/\/www.legislapp.com.br\/index.php\/cam-legislativa-de-sc-pl-0469-2025\/#primaryimage\"},\"image\":{\"@id\":\"https:\/\/www.legislapp.com.br\/index.php\/cam-legislativa-de-sc-pl-0469-2025\/#primaryimage\"},\"thumbnailUrl\":\"https:\/\/www.legislapp.com.br\/wp-content\/uploads\/google-play.png\",\"datePublished\":\"2025-09-17T16:18:07+00:00\",\"breadcrumb\":{\"@id\":\"https:\/\/www.legislapp.com.br\/index.php\/cam-legislativa-de-sc-pl-0469-2025\/#breadcrumb\"},\"inLanguage\":\"pt-BR\",\"potentialAction\":[{\"@type\":\"ReadAction\",\"target\":[\"https:\/\/www.legislapp.com.br\/index.php\/cam-legislativa-de-sc-pl-0469-2025\/\"]}]},{\"@type\":\"ImageObject\",\"inLanguage\":\"pt-BR\",\"@id\":\"https:\/\/www.legislapp.com.br\/index.php\/cam-legislativa-de-sc-pl-0469-2025\/#primaryimage\",\"url\":\"https:\/\/www.legislapp.com.br\/wp-content\/uploads\/google-play.png\",\"contentUrl\":\"https:\/\/www.legislapp.com.br\/wp-content\/uploads\/google-play.png\",\"width\":564,\"height\":168},{\"@type\":\"BreadcrumbList\",\"@id\":\"https:\/\/www.legislapp.com.br\/index.php\/cam-legislativa-de-sc-pl-0469-2025\/#breadcrumb\",\"itemListElement\":[{\"@type\":\"ListItem\",\"position\":1,\"name\":\"In\u00edcio\",\"item\":\"https:\/\/www.legislapp.com.br\/\"},{\"@type\":\"ListItem\",\"position\":2,\"name\":\"PL.\/0469\/2025 &#8211; Julio Garcia\"}]},{\"@type\":\"WebSite\",\"@id\":\"https:\/\/www.legislapp.com.br\/#website\",\"url\":\"https:\/\/www.legislapp.com.br\/\",\"name\":\"Legislapp\",\"description\":\"Intelig\u00eancia governamental em tempo real\",\"publisher\":{\"@id\":\"https:\/\/www.legislapp.com.br\/#organization\"},\"potentialAction\":[{\"@type\":\"SearchAction\",\"target\":{\"@type\":\"EntryPoint\",\"urlTemplate\":\"https:\/\/www.legislapp.com.br\/?s={search_term_string}\"},\"query-input\":{\"@type\":\"PropertyValueSpecification\",\"valueRequired\":true,\"valueName\":\"search_term_string\"}}],\"inLanguage\":\"pt-BR\"},{\"@type\":\"Organization\",\"@id\":\"https:\/\/www.legislapp.com.br\/#organization\",\"name\":\"Legislapp Monitoramento e Intelig\u00eancia Governamental\",\"url\":\"https:\/\/www.legislapp.com.br\/\",\"logo\":{\"@type\":\"ImageObject\",\"inLanguage\":\"pt-BR\",\"@id\":\"https:\/\/www.legislapp.com.br\/#\/schema\/logo\/image\/\",\"url\":\"https:\/\/www.legislapp.com.br\/wp-content\/uploads\/icon.png\",\"contentUrl\":\"https:\/\/www.legislapp.com.br\/wp-content\/uploads\/icon.png\",\"width\":1024,\"height\":1024,\"caption\":\"Legislapp Monitoramento e Intelig\u00eancia Governamental\"},\"image\":{\"@id\":\"https:\/\/www.legislapp.com.br\/#\/schema\/logo\/image\/\"},\"sameAs\":[\"https:\/\/www.instagram.com\/legislapp\/\"]}]}<\/script>\n<!-- \/ Yoast SEO plugin. -->","yoast_head_json":{"title":"PL.\/0469\/2025 - Julio Garcia - Legislapp","robots":{"index":"index","follow":"follow","max-snippet":"max-snippet:-1","max-image-preview":"max-image-preview:large","max-video-preview":"max-video-preview:-1"},"canonical":"https:\/\/www.legislapp.com.br\/index.php\/cam-legislativa-de-sc-pl-0469-2025\/","og_locale":"pt_BR","og_type":"article","og_title":"PL.\/0469\/2025 - Julio Garcia - Legislapp","og_description":"C\u00e2m. Legislativa de SC &#8211; Autoria de Julio Garcia Institui a Pol\u00edtica Estadual de Supera\u00e7\u00e3o da Situa\u00e7\u00e3o de Rua no Estado de Santa Catarina, e estabelece as diretrizes para acolhimento, reinser\u00e7\u00e3o social, cuidados em sa\u00fade e acesso \u00e0 renda, e d\u00e1 outras provid\u00eancias. ASSEMBLEIA LEGISLATIVA GABINETE DEPUTADO ESTADO DE SANTA CATARINA JULIO GARCIA Projeto de [&hellip;]","og_url":"https:\/\/www.legislapp.com.br\/index.php\/cam-legislativa-de-sc-pl-0469-2025\/","og_site_name":"Legislapp","article_publisher":"https:\/\/www.instagram.com\/legislapp\/","og_image":[{"url":"https:\/\/www.legislapp.com.br\/wp-content\/uploads\/google-play.png","type":"","width":"","height":""}],"twitter_card":"summary_large_image","twitter_misc":{"Est. tempo de leitura":"5 minutos"},"schema":{"@context":"https:\/\/schema.org","@graph":[{"@type":"WebPage","@id":"https:\/\/www.legislapp.com.br\/index.php\/cam-legislativa-de-sc-pl-0469-2025\/","url":"https:\/\/www.legislapp.com.br\/index.php\/cam-legislativa-de-sc-pl-0469-2025\/","name":"PL.\/0469\/2025 - Julio Garcia - Legislapp","isPartOf":{"@id":"https:\/\/www.legislapp.com.br\/#website"},"primaryImageOfPage":{"@id":"https:\/\/www.legislapp.com.br\/index.php\/cam-legislativa-de-sc-pl-0469-2025\/#primaryimage"},"image":{"@id":"https:\/\/www.legislapp.com.br\/index.php\/cam-legislativa-de-sc-pl-0469-2025\/#primaryimage"},"thumbnailUrl":"https:\/\/www.legislapp.com.br\/wp-content\/uploads\/google-play.png","datePublished":"2025-09-17T16:18:07+00:00","breadcrumb":{"@id":"https:\/\/www.legislapp.com.br\/index.php\/cam-legislativa-de-sc-pl-0469-2025\/#breadcrumb"},"inLanguage":"pt-BR","potentialAction":[{"@type":"ReadAction","target":["https:\/\/www.legislapp.com.br\/index.php\/cam-legislativa-de-sc-pl-0469-2025\/"]}]},{"@type":"ImageObject","inLanguage":"pt-BR","@id":"https:\/\/www.legislapp.com.br\/index.php\/cam-legislativa-de-sc-pl-0469-2025\/#primaryimage","url":"https:\/\/www.legislapp.com.br\/wp-content\/uploads\/google-play.png","contentUrl":"https:\/\/www.legislapp.com.br\/wp-content\/uploads\/google-play.png","width":564,"height":168},{"@type":"BreadcrumbList","@id":"https:\/\/www.legislapp.com.br\/index.php\/cam-legislativa-de-sc-pl-0469-2025\/#breadcrumb","itemListElement":[{"@type":"ListItem","position":1,"name":"In\u00edcio","item":"https:\/\/www.legislapp.com.br\/"},{"@type":"ListItem","position":2,"name":"PL.\/0469\/2025 &#8211; Julio Garcia"}]},{"@type":"WebSite","@id":"https:\/\/www.legislapp.com.br\/#website","url":"https:\/\/www.legislapp.com.br\/","name":"Legislapp","description":"Intelig\u00eancia governamental em tempo real","publisher":{"@id":"https:\/\/www.legislapp.com.br\/#organization"},"potentialAction":[{"@type":"SearchAction","target":{"@type":"EntryPoint","urlTemplate":"https:\/\/www.legislapp.com.br\/?s={search_term_string}"},"query-input":{"@type":"PropertyValueSpecification","valueRequired":true,"valueName":"search_term_string"}}],"inLanguage":"pt-BR"},{"@type":"Organization","@id":"https:\/\/www.legislapp.com.br\/#organization","name":"Legislapp Monitoramento e Intelig\u00eancia Governamental","url":"https:\/\/www.legislapp.com.br\/","logo":{"@type":"ImageObject","inLanguage":"pt-BR","@id":"https:\/\/www.legislapp.com.br\/#\/schema\/logo\/image\/","url":"https:\/\/www.legislapp.com.br\/wp-content\/uploads\/icon.png","contentUrl":"https:\/\/www.legislapp.com.br\/wp-content\/uploads\/icon.png","width":1024,"height":1024,"caption":"Legislapp Monitoramento e Intelig\u00eancia Governamental"},"image":{"@id":"https:\/\/www.legislapp.com.br\/#\/schema\/logo\/image\/"},"sameAs":["https:\/\/www.instagram.com\/legislapp\/"]}]}},"_links":{"self":[{"href":"https:\/\/www.legislapp.com.br\/index.php\/wp-json\/wp\/v2\/pages\/7204","targetHints":{"allow":["GET"]}}],"collection":[{"href":"https:\/\/www.legislapp.com.br\/index.php\/wp-json\/wp\/v2\/pages"}],"about":[{"href":"https:\/\/www.legislapp.com.br\/index.php\/wp-json\/wp\/v2\/types\/page"}],"author":[{"embeddable":true,"href":"https:\/\/www.legislapp.com.br\/index.php\/wp-json\/wp\/v2\/users\/1"}],"replies":[{"embeddable":true,"href":"https:\/\/www.legislapp.com.br\/index.php\/wp-json\/wp\/v2\/comments?post=7204"}],"version-history":[{"count":0,"href":"https:\/\/www.legislapp.com.br\/index.php\/wp-json\/wp\/v2\/pages\/7204\/revisions"}],"wp:attachment":[{"href":"https:\/\/www.legislapp.com.br\/index.php\/wp-json\/wp\/v2\/media?parent=7204"}],"curies":[{"name":"wp","href":"https:\/\/api.w.org\/{rel}","templated":true}]}}