{"id":7208,"date":"2025-09-17T13:18:21","date_gmt":"2025-09-17T16:18:21","guid":{"rendered":"https:\/\/www.legislapp.com.br\/index.php\/cam-legislativa-de-sc-plc-0019-2025\/"},"modified":"2025-09-17T13:18:21","modified_gmt":"2025-09-17T16:18:21","slug":"cam-legislativa-de-sc-plc-0019-2025","status":"publish","type":"page","link":"https:\/\/www.legislapp.com.br\/index.php\/cam-legislativa-de-sc-plc-0019-2025\/","title":{"rendered":"PLC\/0019\/2025 &#8211; Governador do Estado"},"content":{"rendered":"<h1 style='text-align: center;'>C\u00e2m. Legislativa de SC &#8211; Autoria de Governador do Estado<\/h3>\n<p><\/p>\n<article style='text-align: center'>Acrescenta o art. 115-A \u00e0 Lei n\u00ba 6.218, de 1983, que disp\u00f5e sobre o Estatuto dos Policiais Militares do Estado de Santa Catarina, e d\u00e1 outras provid\u00eancias.<\/article>\n<p><\/p>\n<p style='text-align: center'><a href='https:\/\/app.legislapp.com.br\/#\/busca?termo='><\/a><\/p>\n<p><\/p>\n<article>ESTADO DE SANTA CATARINA<br \/>\nGABINETE DO GOVERNADOR  <\/p>\n<p>MENSAGEM N\u00ba 1001 <\/p>\n<p>EXCELENT\u00cdSSIMO SENHOR PRESIDENTE, SENHORAS<br \/>\nDEPUTADAS E SENHORES DEPUTADOS DA ASSEMBLEIA<br \/>\nLEGISLATIVA DO ESTADO <\/p>\n<p>Nos termos do art. 50 da Constitui\u00e7\u00e3o do Estado, submeto \u00e0<br \/>\nelevada delibera\u00e7\u00e3o dessa augusta Casa Legislativa, acompanhado de exposi\u00e7\u00e3o de<br \/>\nmotivos conjunta da Pol\u00edcia Militar do Estado de Santa Catarina e do Corpo de Bombeiros<br \/>\nMilitar do Estado de Santa Catarina, o projeto de lei complementar que \u201cAcrescenta o<br \/>\nart. 115-A \u00e0 Lei n\u00ba 6.218, de 1983, que disp\u00f5e sobre o Estatuto dos Policiais Militares do<br \/>\nEstado de Santa Catarina, e d\u00e1 outras provid\u00eancias\u201d. <\/p>\n<p>Florian\u00f3polis, 8 de maio de 2025. <\/p>\n<p>JORGINHO MELLO<br \/>\nGovernador do Estado<br \/>\nmsl_PJC_137<br \/>\n93<br \/>\nP\u00e1g. 01 de 01 &#8211; Documento assinado digitalmente. Para confer\u00eancia, acesse o site https:\/\/portal.sgpe.sea.sc.gov.br\/portal-externo e informe o processo PMSC 00072535\/2022 e o c\u00f3digo 794YJBY2.Assinaturas do documento<\/p>\n<p>C\u00f3digo para verifica\u00e7\u00e3o: 794YJBY2<\/p>\n<p>Este documento foi assinado digitalmente pelos seguintes signat\u00e1rios nas datas indicadas:<\/p>\n<p>JORGINHO DOS SANTOS MELLO (CPF: 250.XXX.199-XX) em 08\/05\/2025 \u00e0s 19:30:41<br \/>\nEmitido por: &#8220;SGP-e&#8221;, emitido em 14\/04\/2023 &#8211; 11:54:30 e v\u00e1lido at\u00e9 14\/04\/2123 &#8211; 11:54:30.<br \/>\n(Assinatura do sistema)<\/p>\n<p>Para verificar a autenticidade desta c\u00f3pia, acesse o link https:\/\/portal.sgpe.sea.sc.gov.br\/portal-externo\/conferencia-<br \/>\ndocumento\/UE1TQ182MTQxXzAwMDcyNTM1XzczMTUzXzIwMjJfNzk0WUpCWTI= ou o site<br \/>\nhttps:\/\/portal.sgpe.sea.sc.gov.br\/portal-externo e informe o processo PMSC 00072535\/2022 e o c\u00f3digo 794YJBY2<br \/>\nou aponte a c\u00e2mera para o QR Code presente nesta p\u00e1gina para realizar a confer\u00eancia.<br \/>\nESTADO DE SANTA CATARINA<br \/>\nPOL\u00cdCIA MILITAR \u2013 CORPO DE BOMBEIROS MILITAR <\/p>\n<p>EM N\u00b0 12\/2025                                            Florian\u00f3polis \u2013 SC, 1\u00ba de abril de 2025.<br \/>\nRefer\u00eancia: PMSC 72535 2022 <\/p>\n<p> Sr. Governador, <\/p>\n<p>Cumprimentando-o respeitosamente, com amparo no inciso V do \u00a71\u00ba do art.<br \/>\n106 da Lei complementar n\u00ba 741, de 2019, que disp\u00f5e sobre a estrutura organizacional<br \/>\nb\u00e1sica e o modelo de gest\u00e3o da Administra\u00e7\u00e3o P\u00fablica Estadual, no \u00e2mbito do Poder<br \/>\nExecutivo, apresentamos minuta de projeto de Lei complementar que visa incluir o art.<br \/>\n115-A a Lei estadual n\u00ba 6.218, de 1983, Estatuto dos Policiais Militares do Estado de<br \/>\nSanta Catarina, com o objetivo de prever a possibilidade de convoca\u00e7\u00e3o do militar<br \/>\nestadual reformado por incapacidade definitiva ou por invalidez, para a revis\u00e3o das<br \/>\ncondi\u00e7\u00f5es f\u00edsicas que ensejaram a sua reforma.<br \/>\nA presente proposta decorre de manifesta\u00e7\u00e3o da PGE, e que se encontra con-<br \/>\ntida no Parecer n\u00ba 014\/2022-NUAJ\/PMSC, fls. 02 a 12 dos autos, onde se sugere a<br \/>\naltera\u00e7\u00e3o da Lei n\u00ba 6.218, de 1983, com a finalidade de inclus\u00e3o de dispositivo seme-<br \/>\nlhante ao contido na Lei federal n\u00ba 6.880, de 1980, Estatuto dos Militares, que estabe-<br \/>\nlece comando normativo para que o militar reformado por incapacidade definitiva para<br \/>\no servi\u00e7o ativo ou reformado por invalidez possa ser convocado, por iniciativa da Ad-<br \/>\nministra\u00e7\u00e3o Militar, para revis\u00e3o das condi\u00e7\u00f5es f\u00edsicas\/psicol\u00f3gicas que ensejaram a<br \/>\nsua reforma.<br \/>\nImportante destacar que a previs\u00e3o na Lei federal supracitada \u00e9 recente, e de-<br \/>\nriva da Lei n\u00ba 13.954, de 2019, que disp\u00f5e sobre o Sistema de Prote\u00e7\u00e3o Social dos<br \/>\nMilitares entre outras provid\u00eancias. Em outras palavras, se trata de lacuna legal que<br \/>\ntem causado problemas \u00e0 Administra\u00e7\u00e3o Militar.<br \/>\nO dispositivo contido na norma federal em comento \u00e9 o seguinte: <\/p>\n<p>Art. 112-A. O militar reformado por incapacidade definitiva para o servi\u00e7o ativo<br \/>\ndas For\u00e7as Armadas ou reformado por invalidez poder\u00e1 ser convocado, por<br \/>\niniciativa da Administra\u00e7\u00e3o Militar, a qualquer momento, para revis\u00e3o das con-<br \/>\ndi\u00e7\u00f5es que ensejaram a reforma.  <\/p>\n<p>\u00a7 1\u00ba O militar reformado por incapacidade definitiva para o servi\u00e7o ativo das<br \/>\nFor\u00e7as Armadas ou reformado por invalidez \u00e9 obrigado, sob pena de suspen-<br \/>\ns\u00e3o da remunera\u00e7\u00e3o, a submeter-se \u00e0 inspe\u00e7\u00e3o de sa\u00fade a cargo da Admi-<br \/>\nnistra\u00e7\u00e3o Militar.  <\/p>\n<p>\u00a7 2\u00ba Na hip\u00f3tese da convoca\u00e7\u00e3o referida no caput deste artigo, os prazos pre-<br \/>\nvistos no art. 112 desta Lei ser\u00e3o interrompidos.  <\/p>\n<p>1 de 3.<br \/>\n86<br \/>\nP\u00e1g. 01 de 03 &#8211; Documento assinado digitalmente. Para confer\u00eancia, acesse o site https:\/\/portal.sgpe.sea.sc.gov.br\/portal-externo e informe o processo PMSC 00072535\/2022 e o c\u00f3digo 4X9JC91I.ESTADO DE SANTA CATARINA<br \/>\nPOL\u00cdCIA MILITAR \u2013 CORPO DE BOMBEIROS MILITAR <\/p>\n<p> A inclus\u00e3o do dispositivo acima destacado no texto do Estatuto dos Policiais<br \/>\nMilitares do Estado de Santa Catarina, \u00e9 medida que julgamos pertinente, pois cria<br \/>\num mecanismo que evita que o militar estadual se esquive do comparecimento a Junta<br \/>\nM\u00e9dica para sua reavalia\u00e7\u00e3o, isto \u00e9, a suspens\u00e3o do pagamento de seus vencimentos.<br \/>\n Com este cen\u00e1rio em mente, necess\u00e1rio que fa\u00e7amos a adequa\u00e7\u00e3o do texto ao<br \/>\ncontexto normativo da Lei n\u00ba 6.218, de 1983, conforme abaixo: <\/p>\n<p>Art. 115-A. O militar estadual reformado por incapacidade definitiva para o<br \/>\nservi\u00e7o ativo das Institui\u00e7\u00f5es Militares do Estado de Santa Catarina (IME) ou<br \/>\nreformado por invalidez poder\u00e1 ser convocado, por iniciativa da Administra-<br \/>\n\u00e7\u00e3o Militar, a qualquer momento, para revis\u00e3o das condi\u00e7\u00f5es que ensejaram<br \/>\nsua reforma.  <\/p>\n<p>\u00a7 1\u00ba O militar estadual reformado por incapacidade definitiva para o servi\u00e7o<br \/>\nativo das IME ou reformado por invalidez \u00e9 obrigado, sob pena de suspens\u00e3o<br \/>\nda remunera\u00e7\u00e3o, a submeter-se \u00e0 inspe\u00e7\u00e3o de sa\u00fade a cargo da Administra-<br \/>\n\u00e7\u00e3o Militar.  <\/p>\n<p>\u00a7 2\u00ba Na hip\u00f3tese da convoca\u00e7\u00e3o referida no caput deste artigo, os prazos pre-<br \/>\nvistos no art. 115 desta Lei ser\u00e3o interrompidos.  <\/p>\n<p>Essencial destacar que a mudan\u00e7a pretendida somente atinge ao pessoal re-<br \/>\nformado das Institui\u00e7\u00f5es Militares Estaduais, uma vez que os integrantes da reserva<br \/>\nremunerada podem ser convocados, conforme \u00a71\u00ba do art. 30 do Estatuto dos policiais<br \/>\nmilitares.<br \/>\nDito isto, conv\u00e9m lembrar que o instrumento normativo adequado para realizar<br \/>\na mudan\u00e7a acima pretendida \u00e9 Lei complementar, de acordo com a intelig\u00eancia do<br \/>\ninciso I do \u00a711\u00ba do art. 31 da Constitui\u00e7\u00e3o do Estado de Santa Catarina.<br \/>\nA proposta ora apresentada n\u00e3o causa aumento de despesa com pessoal, logo<br \/>\nn\u00e3o ser\u00e1 instru\u00edda com estimativa de impacto or\u00e7ament\u00e1rio-financeiro, e n\u00e3o h\u00e1 a<br \/>\nnecessidade de an\u00e1lise do Grupo Gestor do Governo, nos termos do inciso I do art.<br \/>\n37 da Lei complementar n\u00ba 741, de 2019.<br \/>\nEm raz\u00e3o do teor do inciso VII do art. 7\u00ba do Decreto n\u00ba 2.382, de 2014, os autos<br \/>\nforam devidamente apreciados pelo N\u00facleo de Atendimento Jur\u00eddico aos \u00d3rg\u00e3os<br \/>\nSetoriais e Seccionais do Sistema Administrativo de Servi\u00e7os Jur\u00eddicos (NUAJ),<br \/>\nconforme se v\u00ea em fls. 44 a 54 dos autos, onde consta o Parecer n\u00ba 035\/2023-<br \/>\nNUAJ\/PMSC, e em fls. 66 a 71, onde est\u00e1 hospedado o Parecer n\u00ba 017\/2024-<br \/>\nNUAJ\/PMSC, documentos estes que referendamos.<br \/>\nAssim sendo, o presente processo est\u00e1 devidamente instru\u00eddo e poder\u00e1 seguir<br \/>\npara a Secretaria de Estado da Casa Civil, para posterior remessa \u00e0 ALESC.<br \/>\n2 de 3.<br \/>\n87<br \/>\nP\u00e1g. 02 de 03 &#8211; Documento assinado digitalmente. Para confer\u00eancia, acesse o site https:\/\/portal.sgpe.sea.sc.gov.br\/portal-externo e informe o processo PMSC 00072535\/2022 e o c\u00f3digo 4X9JC91I.ESTADO DE SANTA CATARINA<br \/>\nPOL\u00cdCIA MILITAR \u2013 CORPO DE BOMBEIROS MILITAR <\/p>\n<p>Por fim, considerando que a proposta em pauta atende a todos os requisitos<br \/>\nconstitucionais e legais, e destacando a import\u00e2ncia do projeto, \u00e9 que encaminhamos<br \/>\no presente projeto \u00e0 considera\u00e7\u00e3o e delibera\u00e7\u00e3o de Vossa Excel\u00eancia, rogando pelo<br \/>\ndeferimento. <\/p>\n<p>EMERSON FERNANDES<br \/>\nCoronel PM \u2013 Comandante-Geral da<br \/>\nPol\u00edcia Militar de Santa Catarina<br \/>\n(documento assinado eletronicamente) <\/p>\n<p>FABIANO DE SOUZA<br \/>\nCoronel BM \u2013 Comandante-Geral do<br \/>\nCorpo de Bombeiros Militar de Santa Ca-<br \/>\ntarina<br \/>\n(documento assinado eletronicamente) <\/p>\n<p>3 de 3.<br \/>\n88<br \/>\nP\u00e1g. 03 de 03 &#8211; Documento assinado digitalmente. Para confer\u00eancia, acesse o site https:\/\/portal.sgpe.sea.sc.gov.br\/portal-externo e informe o processo PMSC 00072535\/2022 e o c\u00f3digo 4X9JC91I.Assinaturas do documento<\/p>\n<p>C\u00f3digo para verifica\u00e7\u00e3o: 4X9JC91I<\/p>\n<p>Este documento foi assinado digitalmente pelos seguintes signat\u00e1rios nas datas indicadas:<\/p>\n<p>EMERSON FERNANDES (CPF: 004.XXX.359-XX) em 03\/04\/2025 \u00e0s 17:33:41<br \/>\nEmitido por: &#8220;SGP-e&#8221;, emitido em 15\/06\/2018 &#8211; 09:39:19 e v\u00e1lido at\u00e9 15\/06\/2118 &#8211; 09:39:19.<br \/>\n(Assinatura do sistema)<\/p>\n<p>FABIANO DE SOUZA (CPF: 021.XXX.519-XX) em 03\/04\/2025 \u00e0s 17:47:20<br \/>\nEmitido por: &#8220;SGP-e&#8221;, emitido em 20\/02\/2019 &#8211; 10:52:47 e v\u00e1lido at\u00e9 20\/02\/2119 &#8211; 10:52:47.<br \/>\n(Assinatura do sistema)<\/p>\n<p>Para verificar a autenticidade desta c\u00f3pia, acesse o link https:\/\/portal.sgpe.sea.sc.gov.br\/portal-externo\/conferencia-<br \/>\ndocumento\/UE1TQ182MTQxXzAwMDcyNTM1XzczMTUzXzIwMjJfNFg5SkM5MUk= ou o site<br \/>\nhttps:\/\/portal.sgpe.sea.sc.gov.br\/portal-externo e informe o processo PMSC 00072535\/2022 e o c\u00f3digo 4X9JC91I<br \/>\nou aponte a c\u00e2mera para o QR Code presente nesta p\u00e1gina para realizar a confer\u00eancia.<br \/>\nESTADO DE SANTA CATARINA <\/p>\n<p>PROJETO DE LEI COMPLEMENTAR N\u00ba <\/p>\n<p>Acrescenta o art. 115-A \u00e0 Lei n\u00ba 6.218, de 1983, que disp\u00f5e<br \/>\nsobre o Estatuto dos Policiais Militares do Estado de Santa<br \/>\nCatarina, e d\u00e1 outras provid\u00eancias. <\/p>\n<p>O GOVERNADOR DO ESTADO DE SANTA CATARINA<br \/>\nFa\u00e7o saber a todos os habitantes deste Estado que a<br \/>\nAssembleia Legislativa decreta e eu sanciono a seguinte Lei Complementar: <\/p>\n<p>Art. 1\u00ba A Lei n\u00ba 6.218, de 10 de fevereiro de 1983, passa a vigorar<br \/>\nacrescida do art. 115-A, com a seguinte reda\u00e7\u00e3o: <\/p>\n<p>\u201cArt. 115-A. O militar estadual reformado por incapacidade<br \/>\ndefinitiva para o servi\u00e7o ativo das Institui\u00e7\u00f5es Militares do Estado ou reformado por<br \/>\ninvalidez poder\u00e1 ser convocado, por iniciativa da Administra\u00e7\u00e3o Militar, a qualquer<br \/>\nmomento, para revis\u00e3o das condi\u00e7\u00f5es que ensejaram sua reforma, por meio de inspe\u00e7\u00e3o<br \/>\nde sa\u00fade. <\/p>\n<p>\u00a7 1\u00ba Fica o militar estadual reformado nas hip\u00f3teses de que trata<br \/>\no caput deste artigo obrigado, sob pena de suspens\u00e3o da remunera\u00e7\u00e3o, a submeter-se \u00e0<br \/>\ninspe\u00e7\u00e3o de sa\u00fade a cargo da Administra\u00e7\u00e3o Militar. <\/p>\n<p>\u00a7 2\u00ba Na hip\u00f3tese da convoca\u00e7\u00e3o de que trata o caput deste<br \/>\nartigo, os prazos previstos no art. 115 desta Lei ser\u00e3o interrompidos. \u201d (NR) <\/p>\n<p>Art. 2\u00ba Esta Lei Complementar entra em vigor na data de sua<br \/>\npublica\u00e7\u00e3o. <\/p>\n<p>Florian\u00f3polis, <\/p>\n<p>JORGINHO MELLO<br \/>\nGovernador do Estado<br \/>\nPJC_137  PMSC 72535\/2022<br \/>\n92<br \/>\nP\u00e1g. 01 de 01 &#8211; Documento assinado digitalmente. Para confer\u00eancia, acesse o site https:\/\/portal.sgpe.sea.sc.gov.br\/portal-externo e informe o processo PMSC 00072535\/2022 e o c\u00f3digo 8VN20LK9.Assinaturas do documento<\/p>\n<p>C\u00f3digo para verifica\u00e7\u00e3o: 8VN20LK9<\/p>\n<p>Este documento foi assinado digitalmente pelos seguintes signat\u00e1rios nas datas indicadas:<\/p>\n<p>JORGINHO DOS SANTOS MELLO (CPF: 250.XXX.199-XX) em 08\/05\/2025 \u00e0s 19:30:41<br \/>\nEmitido por: &#8220;SGP-e&#8221;, emitido em 14\/04\/2023 &#8211; 11:54:30 e v\u00e1lido at\u00e9 14\/04\/2123 &#8211; 11:54:30.<br \/>\n(Assinatura do sistema)<\/p>\n<p>Para verificar a autenticidade desta c\u00f3pia, acesse o link https:\/\/portal.sgpe.sea.sc.gov.br\/portal-externo\/conferencia-<br \/>\ndocumento\/UE1TQ182MTQxXzAwMDcyNTM1XzczMTUzXzIwMjJfOFZOMjBMSzk= ou o site<br \/>\nhttps:\/\/portal.sgpe.sea.sc.gov.br\/portal-externo e informe o processo PMSC 00072535\/2022 e o c\u00f3digo 8VN20LK9<br \/>\nou aponte a c\u00e2mera para o QR Code presente nesta p\u00e1gina para realizar a confer\u00eancia.<br \/>\n<\/article>\n<div style=\"text-align: center\">\n<div style=\"margin-bottom: 20px;\" class=\"et_pb_button_module_wrapper et_pb_button_5_tb_body_wrapper et_pb_button_alignment_center et_pb_module \">\n         <a class=\"et_pb_button et_pb_button_5_tb_body et_hover_enabled et_pb_bg_layout_dark\" style=\"width: 50%;background-color: black;\" href=\"https:\/\/app.legislapp.com.br\" target=\"_blank\" rel=\"noopener\">Visualizar completo na nossa plataforma (30 dias gr\u00e1tis)<\/a><\/p><\/div>\n<p>      <a href=\"https:\/\/play.google.com\/store\/apps\/details?id=br.com.legislapp\"><img decoding=\"async\" style=\"width: 15%; min-width: 130px;\" src=\"https:\/\/www.legislapp.com.br\/wp-content\/uploads\/google-play.png\"><\/a><br \/>\n      <a href=\"https:\/\/apps.apple.com\/us\/app\/legislapp\/id1568929859\"><img decoding=\"async\" style=\"width: 15%; min-width: 130px\" src=\"https:\/\/www.legislapp.com.br\/wp-content\/uploads\/apple-store.png\"><\/a>\n   <\/div>\n","protected":false},"excerpt":{"rendered":"<p>C\u00e2m. Legislativa de SC &#8211; Autoria de Governador do Estado Acrescenta o art. 115-A \u00e0 Lei n\u00ba 6.218, de 1983, que disp\u00f5e sobre o Estatuto dos Policiais Militares do Estado de Santa Catarina, e d\u00e1 outras provid\u00eancias. ESTADO DE SANTA CATARINA GABINETE DO GOVERNADOR MENSAGEM N\u00ba 1001 EXCELENT\u00cdSSIMO SENHOR PRESIDENTE, SENHORAS DEPUTADAS E SENHORES DEPUTADOS [&hellip;]<\/p>\n","protected":false},"author":1,"featured_media":0,"parent":0,"menu_order":0,"comment_status":"closed","ping_status":"closed","template":"page-template-blank.php","meta":{"_et_pb_use_builder":"","_et_pb_old_content":"","_et_gb_content_width":"1080","ngg_post_thumbnail":0,"footnotes":""},"class_list":["post-7208","page","type-page","status-publish","hentry"],"yoast_head":"<!-- This site is optimized with the Yoast SEO plugin v24.4 - https:\/\/yoast.com\/wordpress\/plugins\/seo\/ -->\n<title>PLC\/0019\/2025 - Governador do Estado - Legislapp<\/title>\n<meta name=\"robots\" content=\"index, follow, max-snippet:-1, max-image-preview:large, max-video-preview:-1\" \/>\n<link rel=\"canonical\" href=\"https:\/\/www.legislapp.com.br\/index.php\/cam-legislativa-de-sc-plc-0019-2025\/\" \/>\n<meta property=\"og:locale\" content=\"pt_BR\" \/>\n<meta property=\"og:type\" content=\"article\" \/>\n<meta property=\"og:title\" content=\"PLC\/0019\/2025 - Governador do Estado - Legislapp\" \/>\n<meta property=\"og:description\" content=\"C\u00e2m. Legislativa de SC &#8211; Autoria de Governador do Estado Acrescenta o art. 115-A \u00e0 Lei n\u00ba 6.218, de 1983, que disp\u00f5e sobre o Estatuto dos Policiais Militares do Estado de Santa Catarina, e d\u00e1 outras provid\u00eancias. ESTADO DE SANTA CATARINA GABINETE DO GOVERNADOR MENSAGEM N\u00ba 1001 EXCELENT\u00cdSSIMO SENHOR PRESIDENTE, SENHORAS DEPUTADAS E SENHORES DEPUTADOS [&hellip;]\" \/>\n<meta property=\"og:url\" content=\"https:\/\/www.legislapp.com.br\/index.php\/cam-legislativa-de-sc-plc-0019-2025\/\" \/>\n<meta property=\"og:site_name\" content=\"Legislapp\" \/>\n<meta property=\"article:publisher\" content=\"https:\/\/www.instagram.com\/legislapp\/\" \/>\n<meta property=\"og:image\" content=\"https:\/\/www.legislapp.com.br\/wp-content\/uploads\/google-play.png\" \/>\n<meta name=\"twitter:card\" content=\"summary_large_image\" \/>\n<meta name=\"twitter:label1\" content=\"Est. tempo de leitura\" \/>\n\t<meta name=\"twitter:data1\" content=\"9 minutos\" \/>\n<script type=\"application\/ld+json\" class=\"yoast-schema-graph\">{\"@context\":\"https:\/\/schema.org\",\"@graph\":[{\"@type\":\"WebPage\",\"@id\":\"https:\/\/www.legislapp.com.br\/index.php\/cam-legislativa-de-sc-plc-0019-2025\/\",\"url\":\"https:\/\/www.legislapp.com.br\/index.php\/cam-legislativa-de-sc-plc-0019-2025\/\",\"name\":\"PLC\/0019\/2025 - Governador do Estado - Legislapp\",\"isPartOf\":{\"@id\":\"https:\/\/www.legislapp.com.br\/#website\"},\"primaryImageOfPage\":{\"@id\":\"https:\/\/www.legislapp.com.br\/index.php\/cam-legislativa-de-sc-plc-0019-2025\/#primaryimage\"},\"image\":{\"@id\":\"https:\/\/www.legislapp.com.br\/index.php\/cam-legislativa-de-sc-plc-0019-2025\/#primaryimage\"},\"thumbnailUrl\":\"https:\/\/www.legislapp.com.br\/wp-content\/uploads\/google-play.png\",\"datePublished\":\"2025-09-17T16:18:21+00:00\",\"breadcrumb\":{\"@id\":\"https:\/\/www.legislapp.com.br\/index.php\/cam-legislativa-de-sc-plc-0019-2025\/#breadcrumb\"},\"inLanguage\":\"pt-BR\",\"potentialAction\":[{\"@type\":\"ReadAction\",\"target\":[\"https:\/\/www.legislapp.com.br\/index.php\/cam-legislativa-de-sc-plc-0019-2025\/\"]}]},{\"@type\":\"ImageObject\",\"inLanguage\":\"pt-BR\",\"@id\":\"https:\/\/www.legislapp.com.br\/index.php\/cam-legislativa-de-sc-plc-0019-2025\/#primaryimage\",\"url\":\"https:\/\/www.legislapp.com.br\/wp-content\/uploads\/google-play.png\",\"contentUrl\":\"https:\/\/www.legislapp.com.br\/wp-content\/uploads\/google-play.png\",\"width\":564,\"height\":168},{\"@type\":\"BreadcrumbList\",\"@id\":\"https:\/\/www.legislapp.com.br\/index.php\/cam-legislativa-de-sc-plc-0019-2025\/#breadcrumb\",\"itemListElement\":[{\"@type\":\"ListItem\",\"position\":1,\"name\":\"In\u00edcio\",\"item\":\"https:\/\/www.legislapp.com.br\/\"},{\"@type\":\"ListItem\",\"position\":2,\"name\":\"PLC\/0019\/2025 &#8211; Governador do Estado\"}]},{\"@type\":\"WebSite\",\"@id\":\"https:\/\/www.legislapp.com.br\/#website\",\"url\":\"https:\/\/www.legislapp.com.br\/\",\"name\":\"Legislapp\",\"description\":\"Intelig\u00eancia governamental em tempo real\",\"publisher\":{\"@id\":\"https:\/\/www.legislapp.com.br\/#organization\"},\"potentialAction\":[{\"@type\":\"SearchAction\",\"target\":{\"@type\":\"EntryPoint\",\"urlTemplate\":\"https:\/\/www.legislapp.com.br\/?s={search_term_string}\"},\"query-input\":{\"@type\":\"PropertyValueSpecification\",\"valueRequired\":true,\"valueName\":\"search_term_string\"}}],\"inLanguage\":\"pt-BR\"},{\"@type\":\"Organization\",\"@id\":\"https:\/\/www.legislapp.com.br\/#organization\",\"name\":\"Legislapp Monitoramento e Intelig\u00eancia Governamental\",\"url\":\"https:\/\/www.legislapp.com.br\/\",\"logo\":{\"@type\":\"ImageObject\",\"inLanguage\":\"pt-BR\",\"@id\":\"https:\/\/www.legislapp.com.br\/#\/schema\/logo\/image\/\",\"url\":\"https:\/\/www.legislapp.com.br\/wp-content\/uploads\/icon.png\",\"contentUrl\":\"https:\/\/www.legislapp.com.br\/wp-content\/uploads\/icon.png\",\"width\":1024,\"height\":1024,\"caption\":\"Legislapp Monitoramento e Intelig\u00eancia Governamental\"},\"image\":{\"@id\":\"https:\/\/www.legislapp.com.br\/#\/schema\/logo\/image\/\"},\"sameAs\":[\"https:\/\/www.instagram.com\/legislapp\/\"]}]}<\/script>\n<!-- \/ Yoast SEO plugin. -->","yoast_head_json":{"title":"PLC\/0019\/2025 - Governador do Estado - Legislapp","robots":{"index":"index","follow":"follow","max-snippet":"max-snippet:-1","max-image-preview":"max-image-preview:large","max-video-preview":"max-video-preview:-1"},"canonical":"https:\/\/www.legislapp.com.br\/index.php\/cam-legislativa-de-sc-plc-0019-2025\/","og_locale":"pt_BR","og_type":"article","og_title":"PLC\/0019\/2025 - Governador do Estado - Legislapp","og_description":"C\u00e2m. Legislativa de SC &#8211; Autoria de Governador do Estado Acrescenta o art. 115-A \u00e0 Lei n\u00ba 6.218, de 1983, que disp\u00f5e sobre o Estatuto dos Policiais Militares do Estado de Santa Catarina, e d\u00e1 outras provid\u00eancias. ESTADO DE SANTA CATARINA GABINETE DO GOVERNADOR MENSAGEM N\u00ba 1001 EXCELENT\u00cdSSIMO SENHOR PRESIDENTE, SENHORAS DEPUTADAS E SENHORES DEPUTADOS [&hellip;]","og_url":"https:\/\/www.legislapp.com.br\/index.php\/cam-legislativa-de-sc-plc-0019-2025\/","og_site_name":"Legislapp","article_publisher":"https:\/\/www.instagram.com\/legislapp\/","og_image":[{"url":"https:\/\/www.legislapp.com.br\/wp-content\/uploads\/google-play.png","type":"","width":"","height":""}],"twitter_card":"summary_large_image","twitter_misc":{"Est. tempo de leitura":"9 minutos"},"schema":{"@context":"https:\/\/schema.org","@graph":[{"@type":"WebPage","@id":"https:\/\/www.legislapp.com.br\/index.php\/cam-legislativa-de-sc-plc-0019-2025\/","url":"https:\/\/www.legislapp.com.br\/index.php\/cam-legislativa-de-sc-plc-0019-2025\/","name":"PLC\/0019\/2025 - Governador do Estado - Legislapp","isPartOf":{"@id":"https:\/\/www.legislapp.com.br\/#website"},"primaryImageOfPage":{"@id":"https:\/\/www.legislapp.com.br\/index.php\/cam-legislativa-de-sc-plc-0019-2025\/#primaryimage"},"image":{"@id":"https:\/\/www.legislapp.com.br\/index.php\/cam-legislativa-de-sc-plc-0019-2025\/#primaryimage"},"thumbnailUrl":"https:\/\/www.legislapp.com.br\/wp-content\/uploads\/google-play.png","datePublished":"2025-09-17T16:18:21+00:00","breadcrumb":{"@id":"https:\/\/www.legislapp.com.br\/index.php\/cam-legislativa-de-sc-plc-0019-2025\/#breadcrumb"},"inLanguage":"pt-BR","potentialAction":[{"@type":"ReadAction","target":["https:\/\/www.legislapp.com.br\/index.php\/cam-legislativa-de-sc-plc-0019-2025\/"]}]},{"@type":"ImageObject","inLanguage":"pt-BR","@id":"https:\/\/www.legislapp.com.br\/index.php\/cam-legislativa-de-sc-plc-0019-2025\/#primaryimage","url":"https:\/\/www.legislapp.com.br\/wp-content\/uploads\/google-play.png","contentUrl":"https:\/\/www.legislapp.com.br\/wp-content\/uploads\/google-play.png","width":564,"height":168},{"@type":"BreadcrumbList","@id":"https:\/\/www.legislapp.com.br\/index.php\/cam-legislativa-de-sc-plc-0019-2025\/#breadcrumb","itemListElement":[{"@type":"ListItem","position":1,"name":"In\u00edcio","item":"https:\/\/www.legislapp.com.br\/"},{"@type":"ListItem","position":2,"name":"PLC\/0019\/2025 &#8211; Governador do Estado"}]},{"@type":"WebSite","@id":"https:\/\/www.legislapp.com.br\/#website","url":"https:\/\/www.legislapp.com.br\/","name":"Legislapp","description":"Intelig\u00eancia governamental em tempo real","publisher":{"@id":"https:\/\/www.legislapp.com.br\/#organization"},"potentialAction":[{"@type":"SearchAction","target":{"@type":"EntryPoint","urlTemplate":"https:\/\/www.legislapp.com.br\/?s={search_term_string}"},"query-input":{"@type":"PropertyValueSpecification","valueRequired":true,"valueName":"search_term_string"}}],"inLanguage":"pt-BR"},{"@type":"Organization","@id":"https:\/\/www.legislapp.com.br\/#organization","name":"Legislapp Monitoramento e Intelig\u00eancia Governamental","url":"https:\/\/www.legislapp.com.br\/","logo":{"@type":"ImageObject","inLanguage":"pt-BR","@id":"https:\/\/www.legislapp.com.br\/#\/schema\/logo\/image\/","url":"https:\/\/www.legislapp.com.br\/wp-content\/uploads\/icon.png","contentUrl":"https:\/\/www.legislapp.com.br\/wp-content\/uploads\/icon.png","width":1024,"height":1024,"caption":"Legislapp Monitoramento e Intelig\u00eancia Governamental"},"image":{"@id":"https:\/\/www.legislapp.com.br\/#\/schema\/logo\/image\/"},"sameAs":["https:\/\/www.instagram.com\/legislapp\/"]}]}},"_links":{"self":[{"href":"https:\/\/www.legislapp.com.br\/index.php\/wp-json\/wp\/v2\/pages\/7208","targetHints":{"allow":["GET"]}}],"collection":[{"href":"https:\/\/www.legislapp.com.br\/index.php\/wp-json\/wp\/v2\/pages"}],"about":[{"href":"https:\/\/www.legislapp.com.br\/index.php\/wp-json\/wp\/v2\/types\/page"}],"author":[{"embeddable":true,"href":"https:\/\/www.legislapp.com.br\/index.php\/wp-json\/wp\/v2\/users\/1"}],"replies":[{"embeddable":true,"href":"https:\/\/www.legislapp.com.br\/index.php\/wp-json\/wp\/v2\/comments?post=7208"}],"version-history":[{"count":0,"href":"https:\/\/www.legislapp.com.br\/index.php\/wp-json\/wp\/v2\/pages\/7208\/revisions"}],"wp:attachment":[{"href":"https:\/\/www.legislapp.com.br\/index.php\/wp-json\/wp\/v2\/media?parent=7208"}],"curies":[{"name":"wp","href":"https:\/\/api.w.org\/{rel}","templated":true}]}}