{"id":7280,"date":"2025-09-17T13:22:22","date_gmt":"2025-09-17T16:22:22","guid":{"rendered":"https:\/\/www.legislapp.com.br\/index.php\/cam-legislativa-de-mg-pl-3949-2025\/"},"modified":"2025-09-17T13:22:22","modified_gmt":"2025-09-17T16:22:22","slug":"cam-legislativa-de-mg-pl-3949-2025","status":"publish","type":"page","link":"https:\/\/www.legislapp.com.br\/index.php\/cam-legislativa-de-mg-pl-3949-2025\/","title":{"rendered":"PL 3949\/2025 &#8211;"},"content":{"rendered":"<h1 style='text-align: center;'>C\u00e2m. Legislativa de MG &#8211; Autoria de <\/h3>\n<p><\/p>\n<article style='text-align: center'>Altera a Lei 19572, de 10 de agosto de 2011, que altera a estrutura<br \/>\nde cargos de dire\u00e7\u00e3o, chefia e assessoramento do Tribunal de Contas do<br \/>\nEstado e d\u00e1 outras provid\u00eancias. (Altera estrutura de cargos, jornada de<br \/>\ntrabalho e remunera\u00e7\u00e3o e amplia n\u00famero de cargos de Assessor no Tribunal<br \/>\nde Contas de Minas Gerais.)<\/article>\n<p><\/p>\n<p style='text-align: center'><a href='https:\/\/app.legislapp.com.br\/#\/busca?termo='><\/a><\/p>\n<p><\/p>\n<article>Altera a\u00a0Lei n\u00ba 19.572, de 10 de agosto de 2011, que altera a estrutura de cargos de dire\u00e7\u00e3o, chefia e assessoramento do Tribunal de Contas do Estado e d\u00e1 outras provid\u00eancias.<br \/>\nArt. 1\u00ba \u2013 O \u00a7 4\u00ba do art. 2\u00ba e os \u00a7\u00a7 1\u00ba e 8\u00ba do art. 3\u00ba da Lei n\u00ba 19.572, de 10 de agosto de 2011, passam a vigorar com a seguinte reda\u00e7\u00e3o:<br \/>\n\u201cArt. 2\u00ba \u2013 (\u2026)<br \/>\n\u00a7 4\u00ba \u2013 O total de pontos dos cargos de AADM ser\u00e1 de 1.646, distribu\u00eddos por ato normativo pr\u00f3prio.<br \/>\n(\u2026)<br \/>\nArt. 3\u00ba \u2013 (\u2026)<br \/>\n\u00a7 1\u00ba \u2013 As fun\u00e7\u00f5es gratificadas constantes no item II.1 do Anexo II ser\u00e3o graduadas em sete n\u00edveis na forma ali prevista, correspondendo, a cada n\u00edvel, um quantitativo, um valor e a atribui\u00e7\u00e3o b\u00e1sica.<br \/>\n(\u2026)<br \/>\n\u00a7 8\u00ba \u2013 A jornada de trabalho para as fun\u00e7\u00f5es gratificadas FG-1, FG-2, FG-3, FG-4, FG-5, FG-6, FGP-1, FGP-2 e FGP-3 \u00e9 de quarenta horas semanais, e, para as fun\u00e7\u00f5es gratificadas FG-7, FGP-4 e FGP-5, a jornada de trabalho \u00e9 de trinta e cinco horas semanais.\u201d.<br \/>\nArt. 2\u00ba \u2013 A partir de 1\u00ba de julho de 2025, os cargos de Supervisor de Seguran\u00e7a Institucional, Supervisor de Tecnologia da Informa\u00e7\u00e3o e Supervisor de Governan\u00e7a e Prote\u00e7\u00e3o de Dados constantes no item I.1, do Anexo I Lei n\u00ba 19.572, de 10 de agosto de 2011, passam a ser remunerados na forma do Anexo desta Lei Complementar.<br \/>\nArt. 3\u00ba \u2013 Ficam acrescidos 5 (cinco) cargos com denomina\u00e7\u00e3o de Assessor, constante no item I.1, do Anexo I Lei n\u00ba 19.572, de 10 de agosto de 2011.<br \/>\nPar\u00e1grafo \u00fanico \u2013 Em decorr\u00eancia do acr\u00e9scimo constante no caput do artigo 3\u00ba, fica acrescentada ao item I.1 do Anexo I da Lei n\u00ba 19.572, de 2011, a linha correspondente ao acr\u00e9scimo de cinco cargos totalizando vinte e sete cargos de Assessor, na forma do Anexo desta lei complementar.<br \/>\nArt. 4\u00ba \u2013 Esta lei complementar entra em vigor na data de sua publica\u00e7\u00e3o.<br \/>\nI \u2013 Quadro de Cargos de Provimento em Comiss\u00e3o de Dire\u00e7\u00e3o, Chefia e Assessoramento da Secretaria do Tribunal de Contas<br \/>\nI.1 \u2013 Cargos de Provimento em Comiss\u00e3o com denomina\u00e7\u00e3o espec\u00edfica<br \/>\nCargo<br \/>\nC\u00f3digo<br \/>\nQuantitativo<br \/>\nVencimento                            (em R$)<br \/>\n(\u2026)<\/p>\n<p>Assessor<br \/>\nAS<br \/>\n27<br \/>\n27.179,53<br \/>\n(\u2026)<\/p>\n<p>Supervisor                            de Seguran\u00e7a Institucional<br \/>\nSUSEI<br \/>\n1<br \/>\n20.303,50<br \/>\nSupervisor                            de Tecnologia da Informa\u00e7\u00e3o<br \/>\nSUTI<br \/>\n2<br \/>\n20.303,50<br \/>\nSupervisor                            de Governan\u00e7a e Prote\u00e7\u00e3o de Dados<br \/>\nSUGPD<br \/>\n1<br \/>\n20.303,50<br \/>\nII \u2013 Quadro de Fun\u00e7\u00f5es Gratificadas de Dire\u00e7\u00e3o, Chefia e Assessoramento da Secretaria do Tribunal de Contas<br \/>\nII.1 \u2013 Fun\u00e7\u00f5es Gratificadas com Atribui\u00e7\u00f5es Definidas<br \/>\nFun\u00e7\u00e3o                            Gratificada \u2013 N\u00edvel<br \/>\nQuantitativo<br \/>\nValor                            (em R$)<br \/>\nAtribui\u00e7\u00e3o                            B\u00e1sica\/Fun\u00e7\u00e3o<br \/>\nFG-1<br \/>\n1<br \/>\n13.351,81<br \/>\nDire\u00e7\u00e3o-Geral<br \/>\nFG-2<br \/>\n2<br \/>\n12.138,01<br \/>\nSuperintend\u00eancia<br \/>\nFG-3<br \/>\n15<br \/>\n10.924,21<br \/>\nDire\u00e7\u00e3o                            e Consultor-Geral Adjunto<br \/>\nFG-4<br \/>\n64<br \/>\n7.100,74<br \/>\nCoordena\u00e7\u00e3o<br \/>\nFG-5<br \/>\n6<br \/>\n5.01,00<br \/>\nAssessoramento                            da Diretoria Geral e da Superintend\u00eancia<br \/>\nFG-6<br \/>\n4<br \/>\n5.801,00<br \/>\nPregoeiro                            e Leiloeiro<br \/>\nFG-7<br \/>\n62<br \/>\n3.034,50<br \/>\nAssessoramento                            de Gest\u00e3o de Folha de Pagamento e Assessoramento T\u00e9cnico<br \/>\n\u2013 Publicado, vai o projeto \u00e0s Comiss\u00f5es de Justi\u00e7a, de Administra\u00e7\u00e3o P\u00fablica e de Fiscaliza\u00e7\u00e3o Financeira para parecer, nos termos do art. 188, c\/c o art. 102, do Regimento Interno.<\/article>\n<div style=\"text-align: center\">\n<div style=\"margin-bottom: 20px;\" class=\"et_pb_button_module_wrapper et_pb_button_5_tb_body_wrapper et_pb_button_alignment_center et_pb_module \">\n         <a class=\"et_pb_button et_pb_button_5_tb_body et_hover_enabled et_pb_bg_layout_dark\" style=\"width: 50%;background-color: black;\" href=\"https:\/\/app.legislapp.com.br\" target=\"_blank\" rel=\"noopener\">Visualizar completo na nossa plataforma (30 dias gr\u00e1tis)<\/a><\/p><\/div>\n<p>      <a href=\"https:\/\/play.google.com\/store\/apps\/details?id=br.com.legislapp\"><img decoding=\"async\" style=\"width: 15%; min-width: 130px;\" src=\"https:\/\/www.legislapp.com.br\/wp-content\/uploads\/google-play.png\"><\/a><br \/>\n      <a href=\"https:\/\/apps.apple.com\/us\/app\/legislapp\/id1568929859\"><img decoding=\"async\" style=\"width: 15%; min-width: 130px\" src=\"https:\/\/www.legislapp.com.br\/wp-content\/uploads\/apple-store.png\"><\/a>\n   <\/div>\n","protected":false},"excerpt":{"rendered":"<p>C\u00e2m. Legislativa de MG &#8211; Autoria de Altera a Lei 19572, de 10 de agosto de 2011, que altera a estrutura de cargos de dire\u00e7\u00e3o, chefia e assessoramento do Tribunal de Contas do Estado e d\u00e1 outras provid\u00eancias. (Altera estrutura de cargos, jornada de trabalho e remunera\u00e7\u00e3o e amplia n\u00famero de cargos de Assessor no [&hellip;]<\/p>\n","protected":false},"author":1,"featured_media":0,"parent":0,"menu_order":0,"comment_status":"closed","ping_status":"closed","template":"page-template-blank.php","meta":{"_et_pb_use_builder":"","_et_pb_old_content":"","_et_gb_content_width":"1080","ngg_post_thumbnail":0,"footnotes":""},"class_list":["post-7280","page","type-page","status-publish","hentry"],"yoast_head":"<!-- This site is optimized with the Yoast SEO plugin v24.4 - https:\/\/yoast.com\/wordpress\/plugins\/seo\/ -->\n<title>PL 3949\/2025 - Legislapp<\/title>\n<meta name=\"robots\" content=\"index, follow, max-snippet:-1, max-image-preview:large, max-video-preview:-1\" \/>\n<link rel=\"canonical\" href=\"https:\/\/www.legislapp.com.br\/index.php\/cam-legislativa-de-mg-pl-3949-2025\/\" \/>\n<meta property=\"og:locale\" content=\"pt_BR\" \/>\n<meta property=\"og:type\" content=\"article\" \/>\n<meta property=\"og:title\" content=\"PL 3949\/2025 - Legislapp\" \/>\n<meta property=\"og:description\" content=\"C\u00e2m. Legislativa de MG &#8211; Autoria de Altera a Lei 19572, de 10 de agosto de 2011, que altera a estrutura de cargos de dire\u00e7\u00e3o, chefia e assessoramento do Tribunal de Contas do Estado e d\u00e1 outras provid\u00eancias. (Altera estrutura de cargos, jornada de trabalho e remunera\u00e7\u00e3o e amplia n\u00famero de cargos de Assessor no [&hellip;]\" \/>\n<meta property=\"og:url\" content=\"https:\/\/www.legislapp.com.br\/index.php\/cam-legislativa-de-mg-pl-3949-2025\/\" \/>\n<meta property=\"og:site_name\" content=\"Legislapp\" \/>\n<meta property=\"article:publisher\" content=\"https:\/\/www.instagram.com\/legislapp\/\" \/>\n<meta property=\"og:image\" content=\"https:\/\/www.legislapp.com.br\/wp-content\/uploads\/google-play.png\" \/>\n<meta name=\"twitter:card\" content=\"summary_large_image\" \/>\n<meta name=\"twitter:label1\" content=\"Est. tempo de leitura\" \/>\n\t<meta name=\"twitter:data1\" content=\"3 minutos\" \/>\n<script type=\"application\/ld+json\" class=\"yoast-schema-graph\">{\"@context\":\"https:\/\/schema.org\",\"@graph\":[{\"@type\":\"WebPage\",\"@id\":\"https:\/\/www.legislapp.com.br\/index.php\/cam-legislativa-de-mg-pl-3949-2025\/\",\"url\":\"https:\/\/www.legislapp.com.br\/index.php\/cam-legislativa-de-mg-pl-3949-2025\/\",\"name\":\"PL 3949\/2025 - Legislapp\",\"isPartOf\":{\"@id\":\"https:\/\/www.legislapp.com.br\/#website\"},\"primaryImageOfPage\":{\"@id\":\"https:\/\/www.legislapp.com.br\/index.php\/cam-legislativa-de-mg-pl-3949-2025\/#primaryimage\"},\"image\":{\"@id\":\"https:\/\/www.legislapp.com.br\/index.php\/cam-legislativa-de-mg-pl-3949-2025\/#primaryimage\"},\"thumbnailUrl\":\"https:\/\/www.legislapp.com.br\/wp-content\/uploads\/google-play.png\",\"datePublished\":\"2025-09-17T16:22:22+00:00\",\"breadcrumb\":{\"@id\":\"https:\/\/www.legislapp.com.br\/index.php\/cam-legislativa-de-mg-pl-3949-2025\/#breadcrumb\"},\"inLanguage\":\"pt-BR\",\"potentialAction\":[{\"@type\":\"ReadAction\",\"target\":[\"https:\/\/www.legislapp.com.br\/index.php\/cam-legislativa-de-mg-pl-3949-2025\/\"]}]},{\"@type\":\"ImageObject\",\"inLanguage\":\"pt-BR\",\"@id\":\"https:\/\/www.legislapp.com.br\/index.php\/cam-legislativa-de-mg-pl-3949-2025\/#primaryimage\",\"url\":\"https:\/\/www.legislapp.com.br\/wp-content\/uploads\/google-play.png\",\"contentUrl\":\"https:\/\/www.legislapp.com.br\/wp-content\/uploads\/google-play.png\",\"width\":564,\"height\":168},{\"@type\":\"BreadcrumbList\",\"@id\":\"https:\/\/www.legislapp.com.br\/index.php\/cam-legislativa-de-mg-pl-3949-2025\/#breadcrumb\",\"itemListElement\":[{\"@type\":\"ListItem\",\"position\":1,\"name\":\"In\u00edcio\",\"item\":\"https:\/\/www.legislapp.com.br\/\"},{\"@type\":\"ListItem\",\"position\":2,\"name\":\"PL 3949\/2025 &#8211;\"}]},{\"@type\":\"WebSite\",\"@id\":\"https:\/\/www.legislapp.com.br\/#website\",\"url\":\"https:\/\/www.legislapp.com.br\/\",\"name\":\"Legislapp\",\"description\":\"Intelig\u00eancia governamental em tempo real\",\"publisher\":{\"@id\":\"https:\/\/www.legislapp.com.br\/#organization\"},\"potentialAction\":[{\"@type\":\"SearchAction\",\"target\":{\"@type\":\"EntryPoint\",\"urlTemplate\":\"https:\/\/www.legislapp.com.br\/?s={search_term_string}\"},\"query-input\":{\"@type\":\"PropertyValueSpecification\",\"valueRequired\":true,\"valueName\":\"search_term_string\"}}],\"inLanguage\":\"pt-BR\"},{\"@type\":\"Organization\",\"@id\":\"https:\/\/www.legislapp.com.br\/#organization\",\"name\":\"Legislapp Monitoramento e Intelig\u00eancia Governamental\",\"url\":\"https:\/\/www.legislapp.com.br\/\",\"logo\":{\"@type\":\"ImageObject\",\"inLanguage\":\"pt-BR\",\"@id\":\"https:\/\/www.legislapp.com.br\/#\/schema\/logo\/image\/\",\"url\":\"https:\/\/www.legislapp.com.br\/wp-content\/uploads\/icon.png\",\"contentUrl\":\"https:\/\/www.legislapp.com.br\/wp-content\/uploads\/icon.png\",\"width\":1024,\"height\":1024,\"caption\":\"Legislapp Monitoramento e Intelig\u00eancia Governamental\"},\"image\":{\"@id\":\"https:\/\/www.legislapp.com.br\/#\/schema\/logo\/image\/\"},\"sameAs\":[\"https:\/\/www.instagram.com\/legislapp\/\"]}]}<\/script>\n<!-- \/ Yoast SEO plugin. -->","yoast_head_json":{"title":"PL 3949\/2025 - Legislapp","robots":{"index":"index","follow":"follow","max-snippet":"max-snippet:-1","max-image-preview":"max-image-preview:large","max-video-preview":"max-video-preview:-1"},"canonical":"https:\/\/www.legislapp.com.br\/index.php\/cam-legislativa-de-mg-pl-3949-2025\/","og_locale":"pt_BR","og_type":"article","og_title":"PL 3949\/2025 - Legislapp","og_description":"C\u00e2m. Legislativa de MG &#8211; Autoria de Altera a Lei 19572, de 10 de agosto de 2011, que altera a estrutura de cargos de dire\u00e7\u00e3o, chefia e assessoramento do Tribunal de Contas do Estado e d\u00e1 outras provid\u00eancias. (Altera estrutura de cargos, jornada de trabalho e remunera\u00e7\u00e3o e amplia n\u00famero de cargos de Assessor no [&hellip;]","og_url":"https:\/\/www.legislapp.com.br\/index.php\/cam-legislativa-de-mg-pl-3949-2025\/","og_site_name":"Legislapp","article_publisher":"https:\/\/www.instagram.com\/legislapp\/","og_image":[{"url":"https:\/\/www.legislapp.com.br\/wp-content\/uploads\/google-play.png","type":"","width":"","height":""}],"twitter_card":"summary_large_image","twitter_misc":{"Est. tempo de leitura":"3 minutos"},"schema":{"@context":"https:\/\/schema.org","@graph":[{"@type":"WebPage","@id":"https:\/\/www.legislapp.com.br\/index.php\/cam-legislativa-de-mg-pl-3949-2025\/","url":"https:\/\/www.legislapp.com.br\/index.php\/cam-legislativa-de-mg-pl-3949-2025\/","name":"PL 3949\/2025 - Legislapp","isPartOf":{"@id":"https:\/\/www.legislapp.com.br\/#website"},"primaryImageOfPage":{"@id":"https:\/\/www.legislapp.com.br\/index.php\/cam-legislativa-de-mg-pl-3949-2025\/#primaryimage"},"image":{"@id":"https:\/\/www.legislapp.com.br\/index.php\/cam-legislativa-de-mg-pl-3949-2025\/#primaryimage"},"thumbnailUrl":"https:\/\/www.legislapp.com.br\/wp-content\/uploads\/google-play.png","datePublished":"2025-09-17T16:22:22+00:00","breadcrumb":{"@id":"https:\/\/www.legislapp.com.br\/index.php\/cam-legislativa-de-mg-pl-3949-2025\/#breadcrumb"},"inLanguage":"pt-BR","potentialAction":[{"@type":"ReadAction","target":["https:\/\/www.legislapp.com.br\/index.php\/cam-legislativa-de-mg-pl-3949-2025\/"]}]},{"@type":"ImageObject","inLanguage":"pt-BR","@id":"https:\/\/www.legislapp.com.br\/index.php\/cam-legislativa-de-mg-pl-3949-2025\/#primaryimage","url":"https:\/\/www.legislapp.com.br\/wp-content\/uploads\/google-play.png","contentUrl":"https:\/\/www.legislapp.com.br\/wp-content\/uploads\/google-play.png","width":564,"height":168},{"@type":"BreadcrumbList","@id":"https:\/\/www.legislapp.com.br\/index.php\/cam-legislativa-de-mg-pl-3949-2025\/#breadcrumb","itemListElement":[{"@type":"ListItem","position":1,"name":"In\u00edcio","item":"https:\/\/www.legislapp.com.br\/"},{"@type":"ListItem","position":2,"name":"PL 3949\/2025 &#8211;"}]},{"@type":"WebSite","@id":"https:\/\/www.legislapp.com.br\/#website","url":"https:\/\/www.legislapp.com.br\/","name":"Legislapp","description":"Intelig\u00eancia governamental em tempo real","publisher":{"@id":"https:\/\/www.legislapp.com.br\/#organization"},"potentialAction":[{"@type":"SearchAction","target":{"@type":"EntryPoint","urlTemplate":"https:\/\/www.legislapp.com.br\/?s={search_term_string}"},"query-input":{"@type":"PropertyValueSpecification","valueRequired":true,"valueName":"search_term_string"}}],"inLanguage":"pt-BR"},{"@type":"Organization","@id":"https:\/\/www.legislapp.com.br\/#organization","name":"Legislapp Monitoramento e Intelig\u00eancia Governamental","url":"https:\/\/www.legislapp.com.br\/","logo":{"@type":"ImageObject","inLanguage":"pt-BR","@id":"https:\/\/www.legislapp.com.br\/#\/schema\/logo\/image\/","url":"https:\/\/www.legislapp.com.br\/wp-content\/uploads\/icon.png","contentUrl":"https:\/\/www.legislapp.com.br\/wp-content\/uploads\/icon.png","width":1024,"height":1024,"caption":"Legislapp Monitoramento e Intelig\u00eancia Governamental"},"image":{"@id":"https:\/\/www.legislapp.com.br\/#\/schema\/logo\/image\/"},"sameAs":["https:\/\/www.instagram.com\/legislapp\/"]}]}},"_links":{"self":[{"href":"https:\/\/www.legislapp.com.br\/index.php\/wp-json\/wp\/v2\/pages\/7280","targetHints":{"allow":["GET"]}}],"collection":[{"href":"https:\/\/www.legislapp.com.br\/index.php\/wp-json\/wp\/v2\/pages"}],"about":[{"href":"https:\/\/www.legislapp.com.br\/index.php\/wp-json\/wp\/v2\/types\/page"}],"author":[{"embeddable":true,"href":"https:\/\/www.legislapp.com.br\/index.php\/wp-json\/wp\/v2\/users\/1"}],"replies":[{"embeddable":true,"href":"https:\/\/www.legislapp.com.br\/index.php\/wp-json\/wp\/v2\/comments?post=7280"}],"version-history":[{"count":0,"href":"https:\/\/www.legislapp.com.br\/index.php\/wp-json\/wp\/v2\/pages\/7280\/revisions"}],"wp:attachment":[{"href":"https:\/\/www.legislapp.com.br\/index.php\/wp-json\/wp\/v2\/media?parent=7280"}],"curies":[{"name":"wp","href":"https:\/\/api.w.org\/{rel}","templated":true}]}}