{"id":7286,"date":"2025-09-17T13:22:42","date_gmt":"2025-09-17T16:22:42","guid":{"rendered":"https:\/\/www.legislapp.com.br\/index.php\/cam-legislativa-de-pe-pl-3072-2025\/"},"modified":"2025-09-17T13:22:42","modified_gmt":"2025-09-17T16:22:42","slug":"cam-legislativa-de-pe-pl-3072-2025","status":"publish","type":"page","link":"https:\/\/www.legislapp.com.br\/index.php\/cam-legislativa-de-pe-pl-3072-2025\/","title":{"rendered":"PL 3072\/2025 &#8211; Waldemar Borges"},"content":{"rendered":"<h1 style='text-align: center;'>C\u00e2m. Legislativa de PE &#8211; Autoria de Waldemar Borges<br \/><img src='https:\/\/www.alepe.pe.gov.br\/\/wp-content\/uploads\/2015\/05\/WaldemarBorges_001-scaled-e1675862571749.jpg' alt='Waldemar Borges' \/><\/h3>\n<p><\/p>\n<article style='text-align: center'>Quis sabiamente o Constituinte original de 1988 conferir a Estados e Munic\u00edpios regras de reparti\u00e7\u00e3o tribut\u00e1ria do ICMS que pudessem garantir ao mesmo tempo justi\u00e7a distributiva e maleabilidade nesta distribui\u00e7\u00e3o, a partir de prioridades estruturais e demandas conjunturais. O texto Constitucional, em seu Artigo 158, instituiu ent\u00e3o o que se convencionou denominar de ICMS Socioambiental, em que \u00bc (um quarto) do ICMS devido por Lei aos munic\u00edpios pode ser repassado aos mesmos, condicionados ao alcance de determinadas metas socioambientais definidas em Lei. A legisla\u00e7\u00e3o estadual que regulamenta esta quest\u00e3o \u00e9 a Lei 10.489 de 02 de outubro de 1990.<\/p>\n<p>\u00a0\u00a0\u00a0\u00a0\u00a0Com esta Lei, o Estado tem buscado melhorar o desempenho dos munic\u00edpios em \u00e1reas como Educa\u00e7\u00e3o, Sa\u00fade, Seguran\u00e7a P\u00fablica, Meio Ambiente, Arrecada\u00e7\u00e3o tribut\u00e1ria no territ\u00f3rio, etc. Ao longo dos 35 anos que nos separam desta regulamenta\u00e7\u00e3o, o ICMS Socioambiental passou por incont\u00e1veis altera\u00e7\u00f5es, sempre dando \u00eanfase a pautas mais urgentes. E neste momento hist\u00f3rico, em que Pernambuco encerou seus lix\u00f5es, o que traz consequ\u00eancias e desafios socioambientais e econ\u00f4micos, e em que uma emerg\u00eancia clim\u00e1tica alerta a humanidade, com o Estado Brasileiro assumindo compromissos internacionais no sentido da neutraliza\u00e7\u00e3o de Carbono, compromissos estes que repercutem em obriga\u00e7\u00f5es dos entes subnacionais, o ICMS socioambiental precisa sofrer altera\u00e7\u00f5es para mobilizar gestores e sociedade na dire\u00e7\u00e3o do enfrentamento a estes desafios, com \u00eanfase no maior destes, as mudan\u00e7as clim\u00e1ticas, que na pr\u00e1tica significa melhorar o balan\u00e7o de Carbono no Estado, reduzindo emiss\u00f5es e capturando Gases de Efeito Estufa no territ\u00f3rio pernambucano.<\/p>\n<p>\u00a0\u00a0\u00a0\u00a0\u00a0\u00c9 incontorn\u00e1vel admitir j\u00e1 inicialmente que o encerramento dos lix\u00f5es em Pernambuco atendeu a demandas legais de sa\u00fade p\u00fablica, de correta gest\u00e3o ambiental de res\u00edduos s\u00f3lidos urbanos, mas tamb\u00e9m de dignidade humana, visto que seres humanos misturavam-se insalubremente nestes espa\u00e7os. Contudo, a inexist\u00eancia dos lix\u00f5es afastou catadores e catadoras de sua atividade laboral, do seu \u201cganha p\u00e3o\u201d, raz\u00e3o pela qual o Minist\u00e9rio P\u00fablico de Pernambuco, em suas dezenas de Termos de Ajuste de Conduta (TACs) e Acordos de N\u00e3o Persecu\u00e7\u00e3o Penal (ANPPs) para fechamento de lix\u00f5es firmados com prefeituras, estabeleceu pol\u00edticas de transi\u00e7\u00e3o para estes trabalhadores e trabalhadoras, como bolsas de aux\u00edlio por determinado per\u00edodo. Estes catadores e catadoras, ent\u00e3o, migraram para as ruas das cidades, revirando sacos de lixo dom\u00e9stico, reproduzindo em menor escala as condi\u00e7\u00f5es insalubres dos lix\u00f5es, o que obriga pelo bom senso e coer\u00eancia \u00e9tica, o Poder P\u00fablico a dar consequ\u00eancia \u00e0s suas a\u00e7\u00f5es, incorporando estes trabalhadores e trabalhadoras em atividades laborais que atendam ao m\u00ednimo exigido em mat\u00e9ria de sa\u00fade p\u00fablica, de formaliza\u00e7\u00e3o da atividade, e de moderniza\u00e7\u00e3o da gest\u00e3o de res\u00edduos no Estado.<\/p>\n<p>\u00a0\u00a0\u00a0\u00a0\u00a0Importante destacar nesta justificativa que o Estado de Pernambuco possui um Plano Estadual de Descarboniza\u00e7\u00e3o (PDPE, 2022), constru\u00eddo numa parceria entre a Universidade Federal de Pernambuco (UFPE) e a Secretaria de Meio Ambiente de Pernambuco (SEMAS-PE), institu\u00eddo a partir do Decreto Estadual N\u00b0 52.458 de 16 de Mar\u00e7o de 2022, estabelecendo estrat\u00e9gias e caminhos para a descarboniza\u00e7\u00e3o no Estado. Muito importante tamb\u00e9m destacar que Pernambuco \u00e9 um Estado que possui Invent\u00e1rio de Emiss\u00f5es de Carbono, com dados relativamente recentes e desagregados por fonte de emiss\u00e3o e por munic\u00edpios. Neste invent\u00e1rio, o Estado emite algo em torno de 20 milh\u00f5es de Toneladas de Carbono Equivalente por ano, e destes, cerca de 30% s\u00e3o oriundos de Res\u00edduos, que \u00e9 o foco desta proposi\u00e7\u00e3o legislativa: incentivar a reciclagem, o aproveitamento energ\u00e9tico e a economia circular no Estado.<\/p>\n<p>\u00a0\u00a0\u00a0\u00a0\u00a0Ap\u00f3s v\u00e1rios anos de empenho de gestores, t\u00e9cnicos e institui\u00e7\u00f5es, assim como da sociedade civil, com destaque para o incentivo ao fechamento dos lix\u00f5es previsto no ICMS Socioambiental, Pernambuco conseguiu eliminar seus lix\u00f5es a c\u00e9u aberto, e em mar\u00e7o de 2023 atingiu 100% dos munic\u00edpios destinando seus res\u00edduos domiciliares e de limpeza urbana totalmente para aterros sanit\u00e1rios, o que conferiu ao Estado premia\u00e7\u00f5es por boas pr\u00e1ticas governamentais, um lugar de destaque em n\u00edvel nacional. Contudo, especialistas no tema s\u00e3o un\u00e2nimes em afirmar que aterrar res\u00edduos s\u00f3lidos urbanos, mesmo em condi\u00e7\u00f5es ambientalmente toler\u00e1veis, como s\u00e3o os aterros sanit\u00e1rios, \u00e9 uma solu\u00e7\u00e3o paliativa, pois estar\u00edamos construindo edif\u00edcios de \u201clixo\u201d, com res\u00edduos que podem levar d\u00e9cadas para se decompor, emitindo gases de efeito estufa para a atmosfera, e, pior, a um custo elevad\u00edssimo para os munic\u00edpios. Ou seja, \u00e9 uma quest\u00e3o de tempo para aterros se inviabilizarem, perdendo licen\u00e7as ambientais, atingindo os prazos de vida \u00fatil das suas c\u00e9lulas de aterramento, como j\u00e1 vimos acontecer em alguns casos no Estado. Estados como Alagoas chegaram a eliminar seus lix\u00f5es, mas a falta de a\u00e7\u00f5es cont\u00ednuas e de moderniza\u00e7\u00e3o da gest\u00e3o dos res\u00edduos fizeram a situa\u00e7\u00e3o retroceder e os lix\u00f5es em v\u00e1rios munic\u00edpios voltaram a ser uma realidade. N\u00e3o podemos deixar que isto ocorra tamb\u00e9m no Estado de Pernambuco. Em mat\u00e9ria de gest\u00e3o de res\u00edduos s\u00f3lidos urbanos, ou se avan\u00e7a modernizando a gest\u00e3o, ou se retrocede. \u00a0<\/p>\n<p>\u00a0\u00a0\u00a0\u00a0\u00a0Por todo exposto, conto com o apoio dos nobres parlamentares para aprova\u00e7\u00e3o deste projeto.<\/article>\n<p><\/p>\n<p style='text-align: center'><a href='https:\/\/app.legislapp.com.br\/#\/busca?termo='><\/a><\/p>\n<p><\/p>\n<article>\u00a0\u00a0\u00a0\u00a0\u00a0Art. 1\u00b0\u00a0A\u00a0Lei n\u00b0 10.489, de 2 de outubro de 1990, passa a vigorar com as seguintes modifica\u00e7\u00f5es:<\/p>\n<p>\u201cArt. 2\u00ba\u00a0&#8230;&#8230;&#8230;&#8230;&#8230;&#8230;&#8230;&#8230;&#8230;&#8230;&#8230;&#8230;&#8230;&#8230;&#8230;&#8230;&#8230;&#8230;&#8230;&#8230;&#8230;&#8230;&#8230;<\/p>\n<p>\u00a0&#8230;&#8230;&#8230;&#8230;&#8230;&#8230;&#8230;&#8230;&#8230;&#8230;&#8230;&#8230;&#8230;&#8230;&#8230;&#8230;&#8230;&#8230;&#8230;&#8230;&#8230;&#8230;&#8230;&#8230;&#8230;&#8230;..<\/p>\n<p>II &#8211; &#8230;&#8230;&#8230;&#8230;&#8230;&#8230;&#8230;&#8230;&#8230;&#8230;&#8230;&#8230;&#8230;&#8230;&#8230;&#8230;&#8230;&#8230;&#8230;&#8230;&#8230;&#8230;&#8230;&#8230;&#8230;.<\/p>\n<p>&#8230;&#8230;&#8230;&#8230;&#8230;&#8230;&#8230;&#8230;&#8230;&#8230;&#8230;&#8230;&#8230;&#8230;&#8230;&#8230;&#8230;&#8230;&#8230;&#8230;&#8230;&#8230;&#8230;&#8230;&#8230;&#8230;&#8230;<\/p>\n<p>g) &#8230;&#8230;&#8230;&#8230;&#8230;&#8230;&#8230;&#8230;&#8230;&#8230;&#8230;&#8230;&#8230;&#8230;&#8230;&#8230;&#8230;&#8230;&#8230;&#8230;&#8230;&#8230;&#8230;&#8230;&#8230;..<\/p>\n<p>&#8230;&#8230;&#8230;&#8230;&#8230;&#8230;&#8230;&#8230;&#8230;&#8230;&#8230;&#8230;&#8230;&#8230;&#8230;&#8230;&#8230;&#8230;&#8230;&#8230;&#8230;&#8230;&#8230;&#8230;&#8230;&#8230;&#8230;<\/p>\n<p>3. 2% (dois por cento), a ser distribu\u00eddo entre os munic\u00edpios, observados os crit\u00e9rios de proporcionalidade a cada munic\u00edpio, da seguinte forma: (NR)<\/p>\n<p>3.1. 0,25% (zero virgula vinte e cinco por cento) a ser distribu\u00eddo entre os munic\u00edpios que contratarem cooperativas ou associa\u00e7\u00f5es de catadores e catadoras de res\u00edduos recicl\u00e1veis nos servi\u00e7os de coleta seletiva e\/ou qualquer outra etapa da triagem desses materiais; (AC)<\/p>\n<p>3.1.2.\u00a0 em casos de n\u00e3o exist\u00eancia de cooperativas ou associa\u00e7\u00f5es de catadores no munic\u00edpio, este percentual ser\u00e1 automaticamente transferido para o crit\u00e9rio descrito no subitem\u00a03.2; (AC)<\/p>\n<p>3.2. 0,75% (zero virgula setenta e cinco por cento), a ser distribu\u00eddo entre os munic\u00edpios que realizem coleta seletiva de res\u00edduos s\u00f3lidos urbanos secos para destina\u00e7\u00e3o comprovada \u00e0 ind\u00fastria de reciclagem, em percentual n\u00e3o inferior a 20% (vinte por cento) do total da massa deste tipo de res\u00edduo gerado no munic\u00edpio, conforme dados oficiais dispon\u00edveis sobre volume e gravimetria; (AC)<\/p>\n<p>3.2.1. para efeito do crit\u00e9rio de reciclagem de res\u00edduos s\u00f3lidos urbanos secos e\/ou recicl\u00e1veis, a disposi\u00e7\u00e3o final destes, por parte dos respectivos munic\u00edpios, para aterros sanit\u00e1rios que desenvolvem atividade de triagem de res\u00edduos e encaminhamento \u00e0 reciclagem, dever\u00e1 ser considerada na aferi\u00e7\u00e3o das referidas metas definidas no subitem 3.2, na propor\u00e7\u00e3o que couber ao munic\u00edpio, observados os estudos gravim\u00e9tricos e de volume de massa de res\u00edduos disposta no aterro por outros munic\u00edpios, conforme aferi\u00e7\u00e3o feita pelos \u00f3rg\u00e3o oficiais; (AC)<\/p>\n<p>3.3. 0,50% (zero virgula cinquenta por cento), a ser distribu\u00eddo entre os munic\u00edpios que realizem reaproveitamento de res\u00edduos s\u00f3lidos urbanos org\u00e2nicos ou indiferenciados por via de compostagem ou aproveitamento energ\u00e9tico, em percentual n\u00e3o inferior a 20% (vinte por cento) do total da massa deste tipo de res\u00edduo gerada no munic\u00edpio; (AC)<\/p>\n<p>3.3.1. para efeito do crit\u00e9rio de reciclagem de res\u00edduos s\u00f3lidos urbanos org\u00e2nicos, a disposi\u00e7\u00e3o final destes, por parte dos respectivos munic\u00edpios, para aterros sanit\u00e1rios que desenvolvem atividade de produ\u00e7\u00e3o de combust\u00edveis a partir do biog\u00e1s extra\u00eddo das c\u00e9lulas do aterro, dever\u00e1 ser considerada na aferi\u00e7\u00e3o das referidas metas de reciclagem, bem como a produ\u00e7\u00e3o de Combust\u00edvel Derivado de Res\u00edduo (CDR), na propor\u00e7\u00e3o que couber ao munic\u00edpio, observados os estudos gravim\u00e9tricos e de volume de massa de res\u00edduos disposta no aterro por outros munic\u00edpios, conforme aferi\u00e7\u00e3o feita pelos \u00f3rg\u00e3o oficiais; (AC)<\/p>\n<p>3.4. 0,50% (zero v\u00edrgula cinquenta por cento), a ser distribu\u00eddo entre os munic\u00edpios que n\u00e3o possuam lix\u00f5es ativos e destinem seus res\u00edduos s\u00f3lidos urbanos para aterros sanit\u00e1rios devidamente licenciados; (AC)<\/p>\n<p>&#8230;&#8230;&#8230;&#8230;&#8230;&#8230;&#8230;&#8230;&#8230;&#8230;&#8230;&#8230;&#8230;&#8230;&#8230;&#8230;&#8230;&#8230;&#8230;&#8230;&#8230;&#8230;&#8230;&#8230;&#8230;&#8230;..<\/p>\n<p>8. &#8230;&#8230;&#8230;&#8230;&#8230;&#8230;&#8230;&#8230;&#8230;&#8230;&#8230;&#8230;&#8230;&#8230;&#8230;&#8230;&#8230;&#8230;&#8230;&#8230;&#8230;&#8230;&#8230;&#8230;&#8230;.<\/p>\n<p>8.7.\u00a0 17% (dezessete por cento), a partir de 2026; (AC)<\/p>\n<p>&#8230;&#8230;&#8230;&#8230;&#8230;&#8230;&#8230;&#8230;&#8230;&#8230;&#8230;&#8230;&#8230;&#8230;&#8230;&#8230;&#8230;&#8230;&#8230;&#8230;&#8230;&#8230;&#8230;&#8230;&#8230;&#8230;..<\/p>\n<p>\u00a7 14. Para aferi\u00e7\u00e3o de cumprimento do disposto nos subitens 3.1 ao 3.4, do item 3 da al\u00ednea \u201cg\u201d do inciso II do\u00a0caput, ser\u00e3o observados os dados oficiais acatados e aferidos pela CPRH e TCE-PE, de acordo com crit\u00e9rios estabelecidos em decreto do Poder Executivo. (NR)<\/p>\n<p>\u00a7 15.\u00a0Para efeito do disposto no item 3. da al\u00ednea \u201cg\u201d do inciso II do\u00a0caput, considera-se: (NR)<\/p>\n<p>I &#8211; coleta seletiva: a\u00e7\u00e3o de recolhimento de res\u00edduos s\u00f3lidos urbanos secos de forma apartada dos res\u00edduos s\u00f3lidos indiferenciados ou \u00famidos e org\u00e2nicos; (AC)<\/p>\n<p>II &#8211; res\u00edduos s\u00f3lidos: material, subst\u00e2ncia, objeto ou bem descartado resultante de atividades humanas em sociedade, a cuja destina\u00e7\u00e3o final se procede, se prop\u00f5e proceder ou se est\u00e1 obrigado a proceder, nos estados s\u00f3lido ou semiss\u00f3lido, bem como gases contidos em recipientes e l\u00edquidos cujas particularidades tornem invi\u00e1vel o seu lan\u00e7amento na rede p\u00fablica de esgotos ou em corpos d`\u00e1gua, ou exijam para isso solu\u00e7\u00f5es t\u00e9cnica ou economicamente invi\u00e1veis em face da melhor tecnologia dispon\u00edvel; (AC)<\/p>\n<p>III &#8211; res\u00edduos s\u00f3lidos domiciliares indiferenciados ou res\u00edduos s\u00f3lidos \u00famidos: s\u00e3o os res\u00edduos n\u00e3o recicl\u00e1veis, para fins de coleta regular, produzidos em im\u00f3veis, residenciais ou n\u00e3o, compostos por rejeitos e res\u00edduos org\u00e2nicos, de origem animal ou vegetal e rejeitos, e que podem ser destinados de forma ambientalmente adequada pelo Munic\u00edpio; (AC)<\/p>\n<p>IV &#8211; res\u00edduos s\u00f3lidos urbanos (RSU): s\u00e3o compostos pelos res\u00edduos s\u00f3lidos domiciliares (RSD) e os res\u00edduos de limpeza urbana (RPU); (AC)<\/p>\n<p>V &#8211; res\u00edduos s\u00f3lidos domiciliares (RSD): os res\u00edduos s\u00f3lidos domiciliares, indiferenciados ou s\u00f3lidos recicl\u00e1veis, s\u00e3o aqueles gerados em im\u00f3veis, residenciais ou n\u00e3o residenciais, estabelecimentos comerciais e prestadores de servi\u00e7os compostos por diversos materiais resultantes das atividades humanas em sociedade, desde que n\u00e3o sejam de responsabilidade de seu gerador conforme normas legais e\/ou administrativas vigentes; (AC)<\/p>\n<p>VI &#8211; res\u00edduos de limpeza urbana (RPU): s\u00e3o os res\u00edduos origin\u00e1rios dos servi\u00e7os p\u00fablicos de limpeza urbana, tais como: servi\u00e7os de varri\u00e7\u00e3o, capina, ro\u00e7ada, poda, e atividades correlatas em vias, logradouros p\u00fablicos e praias; asseio de t\u00faneis, escadarias, monumentos, abrigos, sanit\u00e1rios p\u00fablicos; raspagem e remo\u00e7\u00e3o de terra, areias e quaisquer outros materiais depositados pelas \u00e1guas pluviais em logradouros p\u00fablicos; desobstru\u00e7\u00e3o e limpeza de bueiros, bocas de lobo e correlatos; limpeza de logradouros p\u00fablicos onde se realizem feiras p\u00fablicas e outros eventos de acesso aberto ao p\u00fablico; e outros eventuais servi\u00e7os de limpeza urbana; (AC)<\/p>\n<p>VII &#8211; res\u00edduos s\u00f3lidos recicl\u00e1veis ou res\u00edduos s\u00f3lidos secos: res\u00edduos potencialmente recicl\u00e1veis para fins de coleta seletiva, tais como pap\u00e9is, pl\u00e1sticos, vidros e metais, origin\u00e1rios de atividades dom\u00e9sticas em im\u00f3veis, residenciais ou n\u00e3o, que podem ser devidamente acondicionados, independentemente de seu volume, e que ser\u00e3o destinados \u00e0 reciclagem; (AC)<\/p>\n<p>VIII &#8211; res\u00edduos org\u00e2nicos: os res\u00edduos compostos por materiais biodegrad\u00e1veis de origem vegetal ou animal, que possam ser utilizados para fins de valoriza\u00e7\u00e3o org\u00e2nica, tais como res\u00edduos alimentares, res\u00edduos da comercializa\u00e7\u00e3o de frutas, verduras, res\u00edduos de podas e jardinagem; (AC)<\/p>\n<p>IX &#8211; disposi\u00e7\u00e3o final ambientalmente adequada: distribui\u00e7\u00e3o ordenada de rejeitos em aterros sanit\u00e1rios licenciados, observando normas operacionais espec\u00edficas de modo a evitar danos ou riscos \u00e0 sa\u00fade p\u00fablica e \u00e0 seguran\u00e7a e a minimizar os impactos ambientais adversos; (AC)<\/p>\n<p>X &#8211; \u00a0destina\u00e7\u00e3o final ambientalmente adequada: destina\u00e7\u00e3o de res\u00edduos que inclui a reutiliza\u00e7\u00e3o, a reciclagem, a compostagem, a recupera\u00e7\u00e3o e o aproveitamento energ\u00e9tico, disposi\u00e7\u00e3o final ou outras destina\u00e7\u00f5es admitidas pela legisla\u00e7\u00e3o pertinente, de modo a evitar danos ou riscos \u00e0 sa\u00fade p\u00fablica e \u00e0 seguran\u00e7a e a minimizar os impactos ambientais adversos; (AC)<\/p>\n<p>XI &#8211; rejeitos: res\u00edduos s\u00f3lidos que, depois de esgotadas todas as possibilidades de tratamento e recupera\u00e7\u00e3o por processos tecnol\u00f3gicos dispon\u00edveis e economicamente vi\u00e1veis, n\u00e3o apresentem outra possibilidade que n\u00e3o a disposi\u00e7\u00e3o final ambientalmente adequada em aterros sanit\u00e1rios; e(AC)<\/p>\n<p>XII &#8211; aproveitamento energ\u00e9tico: recupera\u00e7\u00e3o e aproveitamento energ\u00e9tico de res\u00edduos, convertendo em calor, eletricidade ou combust\u00edveis alternativos, como coprocessamento de combust\u00edvel derivado de res\u00edduos \u2013 CDR &#8211; em usinas de cimento, produ\u00e7\u00e3o de biog\u00e1s a partir de res\u00edduos org\u00e2nicos em biodigestores e a capta\u00e7\u00e3o de g\u00e1s metano de aterros sanit\u00e1rios.\u00a0(AC)<\/p>\n<p>&#8230;&#8230;&#8230;&#8230;&#8230;&#8230;&#8230;&#8230;&#8230;&#8230;&#8230;&#8230;&#8230;&#8230;&#8230;&#8230;&#8230;&#8230;&#8230;&#8230;&#8230;&#8230;&#8230;&#8230;&#8230;&#8230;&#8230;..&#8221;<\/p>\n<p>\u00a0\u00a0\u00a0\u00a0\u00a0Art. 2\u00ba Esta Lei entra em vigor na data de sua publica\u00e7\u00e3o.<\/article>\n<div style=\"text-align: center\">\n<div style=\"margin-bottom: 20px;\" class=\"et_pb_button_module_wrapper et_pb_button_5_tb_body_wrapper et_pb_button_alignment_center et_pb_module \">\n         <a class=\"et_pb_button et_pb_button_5_tb_body et_hover_enabled et_pb_bg_layout_dark\" style=\"width: 50%;background-color: black;\" href=\"https:\/\/app.legislapp.com.br\" target=\"_blank\" rel=\"noopener\">Visualizar completo na nossa plataforma (30 dias gr\u00e1tis)<\/a><\/p><\/div>\n<p>      <a href=\"https:\/\/play.google.com\/store\/apps\/details?id=br.com.legislapp\"><img decoding=\"async\" style=\"width: 15%; min-width: 130px;\" src=\"https:\/\/www.legislapp.com.br\/wp-content\/uploads\/google-play.png\"><\/a><br \/>\n      <a href=\"https:\/\/apps.apple.com\/us\/app\/legislapp\/id1568929859\"><img decoding=\"async\" style=\"width: 15%; min-width: 130px\" src=\"https:\/\/www.legislapp.com.br\/wp-content\/uploads\/apple-store.png\"><\/a>\n   <\/div>\n","protected":false},"excerpt":{"rendered":"<p>C\u00e2m. Legislativa de PE &#8211; Autoria de Waldemar Borges Quis sabiamente o Constituinte original de 1988 conferir a Estados e Munic\u00edpios regras de reparti\u00e7\u00e3o tribut\u00e1ria do ICMS que pudessem garantir ao mesmo tempo justi\u00e7a distributiva e maleabilidade nesta distribui\u00e7\u00e3o, a partir de prioridades estruturais e demandas conjunturais. O texto Constitucional, em seu Artigo 158, instituiu [&hellip;]<\/p>\n","protected":false},"author":1,"featured_media":0,"parent":0,"menu_order":0,"comment_status":"closed","ping_status":"closed","template":"page-template-blank.php","meta":{"_et_pb_use_builder":"","_et_pb_old_content":"","_et_gb_content_width":"1080","ngg_post_thumbnail":0,"footnotes":""},"class_list":["post-7286","page","type-page","status-publish","hentry"],"yoast_head":"<!-- This site is optimized with the Yoast SEO plugin v24.4 - https:\/\/yoast.com\/wordpress\/plugins\/seo\/ -->\n<title>PL 3072\/2025 - Waldemar Borges - Legislapp<\/title>\n<meta name=\"robots\" content=\"index, follow, max-snippet:-1, max-image-preview:large, max-video-preview:-1\" \/>\n<link rel=\"canonical\" href=\"https:\/\/www.legislapp.com.br\/index.php\/cam-legislativa-de-pe-pl-3072-2025\/\" \/>\n<meta property=\"og:locale\" content=\"pt_BR\" \/>\n<meta property=\"og:type\" content=\"article\" \/>\n<meta property=\"og:title\" content=\"PL 3072\/2025 - Waldemar Borges - Legislapp\" \/>\n<meta property=\"og:description\" content=\"C\u00e2m. Legislativa de PE &#8211; Autoria de Waldemar Borges Quis sabiamente o Constituinte original de 1988 conferir a Estados e Munic\u00edpios regras de reparti\u00e7\u00e3o tribut\u00e1ria do ICMS que pudessem garantir ao mesmo tempo justi\u00e7a distributiva e maleabilidade nesta distribui\u00e7\u00e3o, a partir de prioridades estruturais e demandas conjunturais. O texto Constitucional, em seu Artigo 158, instituiu [&hellip;]\" \/>\n<meta property=\"og:url\" content=\"https:\/\/www.legislapp.com.br\/index.php\/cam-legislativa-de-pe-pl-3072-2025\/\" \/>\n<meta property=\"og:site_name\" content=\"Legislapp\" \/>\n<meta property=\"article:publisher\" content=\"https:\/\/www.instagram.com\/legislapp\/\" \/>\n<meta property=\"og:image\" content=\"https:\/\/www.alepe.pe.gov.br\/\/wp-content\/uploads\/2015\/05\/WaldemarBorges_001-scaled-e1675862571749.jpg\" \/>\n<meta name=\"twitter:card\" content=\"summary_large_image\" \/>\n<meta name=\"twitter:label1\" content=\"Est. tempo de leitura\" \/>\n\t<meta name=\"twitter:data1\" content=\"11 minutos\" \/>\n<script type=\"application\/ld+json\" class=\"yoast-schema-graph\">{\"@context\":\"https:\/\/schema.org\",\"@graph\":[{\"@type\":\"WebPage\",\"@id\":\"https:\/\/www.legislapp.com.br\/index.php\/cam-legislativa-de-pe-pl-3072-2025\/\",\"url\":\"https:\/\/www.legislapp.com.br\/index.php\/cam-legislativa-de-pe-pl-3072-2025\/\",\"name\":\"PL 3072\/2025 - Waldemar Borges - Legislapp\",\"isPartOf\":{\"@id\":\"https:\/\/www.legislapp.com.br\/#website\"},\"primaryImageOfPage\":{\"@id\":\"https:\/\/www.legislapp.com.br\/index.php\/cam-legislativa-de-pe-pl-3072-2025\/#primaryimage\"},\"image\":{\"@id\":\"https:\/\/www.legislapp.com.br\/index.php\/cam-legislativa-de-pe-pl-3072-2025\/#primaryimage\"},\"thumbnailUrl\":\"https:\/\/www.alepe.pe.gov.br\/\/wp-content\/uploads\/2015\/05\/WaldemarBorges_001-scaled-e1675862571749.jpg\",\"datePublished\":\"2025-09-17T16:22:42+00:00\",\"breadcrumb\":{\"@id\":\"https:\/\/www.legislapp.com.br\/index.php\/cam-legislativa-de-pe-pl-3072-2025\/#breadcrumb\"},\"inLanguage\":\"pt-BR\",\"potentialAction\":[{\"@type\":\"ReadAction\",\"target\":[\"https:\/\/www.legislapp.com.br\/index.php\/cam-legislativa-de-pe-pl-3072-2025\/\"]}]},{\"@type\":\"ImageObject\",\"inLanguage\":\"pt-BR\",\"@id\":\"https:\/\/www.legislapp.com.br\/index.php\/cam-legislativa-de-pe-pl-3072-2025\/#primaryimage\",\"url\":\"https:\/\/www.alepe.pe.gov.br\/\/wp-content\/uploads\/2015\/05\/WaldemarBorges_001-scaled-e1675862571749.jpg\",\"contentUrl\":\"https:\/\/www.alepe.pe.gov.br\/\/wp-content\/uploads\/2015\/05\/WaldemarBorges_001-scaled-e1675862571749.jpg\"},{\"@type\":\"BreadcrumbList\",\"@id\":\"https:\/\/www.legislapp.com.br\/index.php\/cam-legislativa-de-pe-pl-3072-2025\/#breadcrumb\",\"itemListElement\":[{\"@type\":\"ListItem\",\"position\":1,\"name\":\"In\u00edcio\",\"item\":\"https:\/\/www.legislapp.com.br\/\"},{\"@type\":\"ListItem\",\"position\":2,\"name\":\"PL 3072\/2025 &#8211; Waldemar Borges\"}]},{\"@type\":\"WebSite\",\"@id\":\"https:\/\/www.legislapp.com.br\/#website\",\"url\":\"https:\/\/www.legislapp.com.br\/\",\"name\":\"Legislapp\",\"description\":\"Intelig\u00eancia governamental em tempo real\",\"publisher\":{\"@id\":\"https:\/\/www.legislapp.com.br\/#organization\"},\"potentialAction\":[{\"@type\":\"SearchAction\",\"target\":{\"@type\":\"EntryPoint\",\"urlTemplate\":\"https:\/\/www.legislapp.com.br\/?s={search_term_string}\"},\"query-input\":{\"@type\":\"PropertyValueSpecification\",\"valueRequired\":true,\"valueName\":\"search_term_string\"}}],\"inLanguage\":\"pt-BR\"},{\"@type\":\"Organization\",\"@id\":\"https:\/\/www.legislapp.com.br\/#organization\",\"name\":\"Legislapp Monitoramento e Intelig\u00eancia Governamental\",\"url\":\"https:\/\/www.legislapp.com.br\/\",\"logo\":{\"@type\":\"ImageObject\",\"inLanguage\":\"pt-BR\",\"@id\":\"https:\/\/www.legislapp.com.br\/#\/schema\/logo\/image\/\",\"url\":\"https:\/\/www.legislapp.com.br\/wp-content\/uploads\/icon.png\",\"contentUrl\":\"https:\/\/www.legislapp.com.br\/wp-content\/uploads\/icon.png\",\"width\":1024,\"height\":1024,\"caption\":\"Legislapp Monitoramento e Intelig\u00eancia Governamental\"},\"image\":{\"@id\":\"https:\/\/www.legislapp.com.br\/#\/schema\/logo\/image\/\"},\"sameAs\":[\"https:\/\/www.instagram.com\/legislapp\/\"]}]}<\/script>\n<!-- \/ Yoast SEO plugin. -->","yoast_head_json":{"title":"PL 3072\/2025 - Waldemar Borges - Legislapp","robots":{"index":"index","follow":"follow","max-snippet":"max-snippet:-1","max-image-preview":"max-image-preview:large","max-video-preview":"max-video-preview:-1"},"canonical":"https:\/\/www.legislapp.com.br\/index.php\/cam-legislativa-de-pe-pl-3072-2025\/","og_locale":"pt_BR","og_type":"article","og_title":"PL 3072\/2025 - Waldemar Borges - Legislapp","og_description":"C\u00e2m. Legislativa de PE &#8211; Autoria de Waldemar Borges Quis sabiamente o Constituinte original de 1988 conferir a Estados e Munic\u00edpios regras de reparti\u00e7\u00e3o tribut\u00e1ria do ICMS que pudessem garantir ao mesmo tempo justi\u00e7a distributiva e maleabilidade nesta distribui\u00e7\u00e3o, a partir de prioridades estruturais e demandas conjunturais. O texto Constitucional, em seu Artigo 158, instituiu [&hellip;]","og_url":"https:\/\/www.legislapp.com.br\/index.php\/cam-legislativa-de-pe-pl-3072-2025\/","og_site_name":"Legislapp","article_publisher":"https:\/\/www.instagram.com\/legislapp\/","og_image":[{"url":"https:\/\/www.alepe.pe.gov.br\/\/wp-content\/uploads\/2015\/05\/WaldemarBorges_001-scaled-e1675862571749.jpg","type":"","width":"","height":""}],"twitter_card":"summary_large_image","twitter_misc":{"Est. tempo de leitura":"11 minutos"},"schema":{"@context":"https:\/\/schema.org","@graph":[{"@type":"WebPage","@id":"https:\/\/www.legislapp.com.br\/index.php\/cam-legislativa-de-pe-pl-3072-2025\/","url":"https:\/\/www.legislapp.com.br\/index.php\/cam-legislativa-de-pe-pl-3072-2025\/","name":"PL 3072\/2025 - Waldemar Borges - Legislapp","isPartOf":{"@id":"https:\/\/www.legislapp.com.br\/#website"},"primaryImageOfPage":{"@id":"https:\/\/www.legislapp.com.br\/index.php\/cam-legislativa-de-pe-pl-3072-2025\/#primaryimage"},"image":{"@id":"https:\/\/www.legislapp.com.br\/index.php\/cam-legislativa-de-pe-pl-3072-2025\/#primaryimage"},"thumbnailUrl":"https:\/\/www.alepe.pe.gov.br\/\/wp-content\/uploads\/2015\/05\/WaldemarBorges_001-scaled-e1675862571749.jpg","datePublished":"2025-09-17T16:22:42+00:00","breadcrumb":{"@id":"https:\/\/www.legislapp.com.br\/index.php\/cam-legislativa-de-pe-pl-3072-2025\/#breadcrumb"},"inLanguage":"pt-BR","potentialAction":[{"@type":"ReadAction","target":["https:\/\/www.legislapp.com.br\/index.php\/cam-legislativa-de-pe-pl-3072-2025\/"]}]},{"@type":"ImageObject","inLanguage":"pt-BR","@id":"https:\/\/www.legislapp.com.br\/index.php\/cam-legislativa-de-pe-pl-3072-2025\/#primaryimage","url":"https:\/\/www.alepe.pe.gov.br\/\/wp-content\/uploads\/2015\/05\/WaldemarBorges_001-scaled-e1675862571749.jpg","contentUrl":"https:\/\/www.alepe.pe.gov.br\/\/wp-content\/uploads\/2015\/05\/WaldemarBorges_001-scaled-e1675862571749.jpg"},{"@type":"BreadcrumbList","@id":"https:\/\/www.legislapp.com.br\/index.php\/cam-legislativa-de-pe-pl-3072-2025\/#breadcrumb","itemListElement":[{"@type":"ListItem","position":1,"name":"In\u00edcio","item":"https:\/\/www.legislapp.com.br\/"},{"@type":"ListItem","position":2,"name":"PL 3072\/2025 &#8211; Waldemar Borges"}]},{"@type":"WebSite","@id":"https:\/\/www.legislapp.com.br\/#website","url":"https:\/\/www.legislapp.com.br\/","name":"Legislapp","description":"Intelig\u00eancia governamental em tempo real","publisher":{"@id":"https:\/\/www.legislapp.com.br\/#organization"},"potentialAction":[{"@type":"SearchAction","target":{"@type":"EntryPoint","urlTemplate":"https:\/\/www.legislapp.com.br\/?s={search_term_string}"},"query-input":{"@type":"PropertyValueSpecification","valueRequired":true,"valueName":"search_term_string"}}],"inLanguage":"pt-BR"},{"@type":"Organization","@id":"https:\/\/www.legislapp.com.br\/#organization","name":"Legislapp Monitoramento e Intelig\u00eancia Governamental","url":"https:\/\/www.legislapp.com.br\/","logo":{"@type":"ImageObject","inLanguage":"pt-BR","@id":"https:\/\/www.legislapp.com.br\/#\/schema\/logo\/image\/","url":"https:\/\/www.legislapp.com.br\/wp-content\/uploads\/icon.png","contentUrl":"https:\/\/www.legislapp.com.br\/wp-content\/uploads\/icon.png","width":1024,"height":1024,"caption":"Legislapp Monitoramento e Intelig\u00eancia Governamental"},"image":{"@id":"https:\/\/www.legislapp.com.br\/#\/schema\/logo\/image\/"},"sameAs":["https:\/\/www.instagram.com\/legislapp\/"]}]}},"_links":{"self":[{"href":"https:\/\/www.legislapp.com.br\/index.php\/wp-json\/wp\/v2\/pages\/7286","targetHints":{"allow":["GET"]}}],"collection":[{"href":"https:\/\/www.legislapp.com.br\/index.php\/wp-json\/wp\/v2\/pages"}],"about":[{"href":"https:\/\/www.legislapp.com.br\/index.php\/wp-json\/wp\/v2\/types\/page"}],"author":[{"embeddable":true,"href":"https:\/\/www.legislapp.com.br\/index.php\/wp-json\/wp\/v2\/users\/1"}],"replies":[{"embeddable":true,"href":"https:\/\/www.legislapp.com.br\/index.php\/wp-json\/wp\/v2\/comments?post=7286"}],"version-history":[{"count":0,"href":"https:\/\/www.legislapp.com.br\/index.php\/wp-json\/wp\/v2\/pages\/7286\/revisions"}],"wp:attachment":[{"href":"https:\/\/www.legislapp.com.br\/index.php\/wp-json\/wp\/v2\/media?parent=7286"}],"curies":[{"name":"wp","href":"https:\/\/api.w.org\/{rel}","templated":true}]}}