{"id":7297,"date":"2025-09-17T13:23:19","date_gmt":"2025-09-17T16:23:19","guid":{"rendered":"https:\/\/www.legislapp.com.br\/index.php\/cam-legislativa-de-sc-pl-0402-2025\/"},"modified":"2025-09-17T13:23:19","modified_gmt":"2025-09-17T16:23:19","slug":"cam-legislativa-de-sc-pl-0402-2025","status":"publish","type":"page","link":"https:\/\/www.legislapp.com.br\/index.php\/cam-legislativa-de-sc-pl-0402-2025\/","title":{"rendered":"PL.\/0402\/2025 &#8211; Paulinha"},"content":{"rendered":"<h1 style='text-align: center;'>C\u00e2m. Legislativa de SC &#8211; Autoria de Paulinha<\/h3>\n<p><\/p>\n<article style='text-align: center'>Altera dispositivos da Lei n\u00ba 18.147, de 29 de junho de 2021, que disp\u00f5e sobre a doa\u00e7\u00e3o de bicicletas apreendidas por ato administrativo ou de pol\u00edcia para institui\u00e7\u00f5es beneficentes, a fim de permitir sua comercializa\u00e7\u00e3o ou promo\u00e7\u00e3o de a\u00e7\u00e3o beneficente em favor da entidade beneficiada com finalidade social.<\/article>\n<p><\/p>\n<p style='text-align: center'><a href='https:\/\/app.legislapp.com.br\/#\/busca?termo='><\/a><\/p>\n<p><\/p>\n<article>ASSEMBLEIA LEGISLATIVA GABINETE DEPUTADA<br \/>\nESTADO DE SANTA CATARINA PAULINHA<\/p>\n<p>PROJETO DE LEI<\/p>\n<p>Altera dispositivos da Lei n\u00ba 18.147, de 29 de junho de 2021,<br \/>\nque disp\u00f5e sobre a doa\u00e7\u00e3o de bicicletas apreendidas por ato<br \/>\nadministrativo ou de pol\u00edcia para institui\u00e7\u00f5es beneficentes, a<br \/>\nfim de permitir sua comercializa\u00e7\u00e3o ou promo\u00e7\u00e3o de a\u00e7\u00e3o<br \/>\nbeneficente em favor da entidade beneficiada com finalidade<br \/>\nsocial.<\/p>\n<p>Art. 1\u00ba A Lei n\u00ba 18.147, de 29 de junho de 2021, passa a<br \/>\nvigorar com as seguintes altera\u00e7\u00f5es:   <\/p>\n<p>Art. 1\u00ba As bicicletas apreendidas por ato administrativo ou de<br \/>\npol\u00edcia, que n\u00e3o forem objeto de investiga\u00e7\u00e3o criminal e n\u00e3o forem reivindicadas por<br \/>\nseus propriet\u00e1rios no prazo legal, poder\u00e3o ser doadas, mediante termo formal, a<br \/>\nentidades beneficentes previamente cadastradas, para fins de:   <\/p>\n<p>I \u2013 transforma\u00e7\u00e3o em cadeiras de rodas, triciclos adaptados<br \/>\nou outros dispositivos assistivos; ou<\/p>\n<p>II \u2013 comercializa\u00e7\u00e3o ou realiza\u00e7\u00e3o de a\u00e7\u00e3o beneficente, com<br \/>\na destina\u00e7\u00e3o integral dos recursos arrecadados \u00e0 aquisi\u00e7\u00e3o de cadeiras de rodas, bem<br \/>\ncomo \u00e0 manuten\u00e7\u00e3o das atividades desenvolvidas pela entidade beneficiada. <\/p>\n<p>\u00a7 1\u00ba Considera-se bicicleta, para os fins desta Lei, o ve\u00edculo com duas rodas presas a<br \/>\num quadro, movido pelo esfor\u00e7o do pr\u00f3prio usu\u00e1rio, por meio de pedais.<\/p>\n<p>\u00a7 2\u00ba Consideram-se n\u00e3o reivindicadas as bicicletas que permanecerem sob cust\u00f3dia da<br \/>\nautoridade competente por prazo superior a 90 (noventa) dias, sem que tenha havido<br \/>\ncomprova\u00e7\u00e3o de propriedade por meio de boletim de ocorr\u00eancia ou nota fiscal.<\/p>\n<p>\u00a7 3\u00ba \u00c9 vedada a doa\u00e7\u00e3o de bicicletas que sejam objeto de investiga\u00e7\u00e3o criminal.<\/p>\n<p>\u00a7 4\u00ba As entidades beneficentes que optarem pela comercializa\u00e7\u00e3o das bicicletas<br \/>\ndever\u00e3o:<\/p>\n<p>I \u2013 realizar a venda mediante crit\u00e9rios de transpar\u00eancia e registro formal das opera\u00e7\u00f5es;<br \/>\nII \u2013 aplicar integralmente os recursos arrecadados na aquisi\u00e7\u00e3o de cadeiras de rodas; e<br \/>\nIII \u2013 apresentar relat\u00f3rio financeiro e documenta\u00e7\u00e3o comprobat\u00f3ria ao \u00f3rg\u00e3o<br \/>\ncompetente no prazo de at\u00e9 120 (cento e vinte) dias ap\u00f3s a aliena\u00e7\u00e3o.<\/p>\n<p>\u00a7 5\u00ba \u00c9 vedada a distribui\u00e7\u00e3o de lucros, dividendos ou qualquer remunera\u00e7\u00e3o individual<br \/>\ndecorrente da comercializa\u00e7\u00e3o prevista nesta Lei.<\/p>\n<p>\u00a7 6\u00ba As entidades dever\u00e3o manter arquivados, pelo prazo m\u00ednimo de 5 (cinco) anos, os<br \/>\ndocumentos relativos \u00e0s doa\u00e7\u00f5es recebidas, aos produtos adquiridos com os recursos<br \/>\ne \u00e0 doa\u00e7\u00e3o das cadeiras de rodas \u00e0s pessoas em situa\u00e7\u00e3o de vulnerabilidade social.<\/p>\n<p>\u00a7 7\u00ba O descumprimento do disposto nesta Lei implicar\u00e1 a exclus\u00e3o da entidade do rol<br \/>\nde benefici\u00e1rias, sem preju\u00edzo de responsabiliza\u00e7\u00e3o civil e administrativa.<br \/>\n Art. 2\u00ba O art. 2\u00ba da Lei n\u00ba 18.147, de 2021, passa a vigorar<br \/>\ncom a seguinte reda\u00e7\u00e3o:<\/p>\n<p>Art. 2\u00ba As doa\u00e7\u00f5es previstas nesta Lei ser\u00e3o formalizadas<br \/>\nmediante chamamento p\u00fablico, com crit\u00e9rios objetivos definidos em regulamento<br \/>\npr\u00f3prio elaborado pelo \u00f3rg\u00e3o competente do Governo do Estado de Santa Catarina.<\/p>\n<p>Art. 3\u00ba Esta Lei entra em vigor na data de sua publica\u00e7\u00e3o.<\/p>\n<p>Sala da Sess\u00f5es,     <\/p>\n<p>Deputada PAULINHA<br \/>\n JUSTIFICA\u00c7\u00c3O<\/p>\n<p>O presente Projeto de Lei tem como finalidade atualizar a Lei n\u00ba 18.147, de 2021, a fim<br \/>\nde permitir a comercializa\u00e7\u00e3o ou realiza\u00e7\u00e3o de a\u00e7\u00e3o beneficente de bicicletas<br \/>\napreendidas e n\u00e3o reclamadas, por parte de entidades beneficentes, com a condi\u00e7\u00e3o<br \/>\nobrigat\u00f3ria de que os recursos obtidos sejam integralmente destinados \u00e0<br \/>\naquisi\u00e7\u00e3o de cadeiras de rodas ou manuten\u00e7\u00e3o das atividades desenvolvidas<br \/>\npela entidade beneficiada.<\/p>\n<p>A experi\u00eancia pr\u00e1tica demonstrou que muitas bicicletas apreendidas n\u00e3o apresentam<br \/>\ncondi\u00e7\u00f5es t\u00e9cnicas de reaproveitamento direto para a confec\u00e7\u00e3o de equipamentos<br \/>\nassistivos. Dessa forma, autorizar a venda controlada e com finaliza\u00e7\u00e3o social definida<br \/>\ngarante a efetividade da pol\u00edtica p\u00fablica, promovendo sustentabilidade, inclus\u00e3o e<br \/>\ntranspar\u00eancia.<\/p>\n<p>Assegura-se, ainda, o controle p\u00fablico sobre os valores movimentados e a proibi\u00e7\u00e3o de<br \/>\nqualquer destina\u00e7\u00e3o lucrativa, preservando o interesse coletivo como ess\u00eancia do<br \/>\nprojeto.<\/p>\n<p>Diante do exposto, conto com o apoio dos Nobres Pares para a aprova\u00e7\u00e3o da presente<br \/>\nmat\u00e9ria.<br \/>\nELEGIS<br \/>\nDocumento assinado eletronicamente por Ana Paula da Silva,<br \/>\nSistema de Processo<br \/>\nem 01\/07\/2025, \u00e0s 13:23.<br \/>\nLegislativo Eletr\u00f4nico<\/article>\n<div style=\"text-align: center\">\n<div style=\"margin-bottom: 20px;\" class=\"et_pb_button_module_wrapper et_pb_button_5_tb_body_wrapper et_pb_button_alignment_center et_pb_module \">\n         <a class=\"et_pb_button et_pb_button_5_tb_body et_hover_enabled et_pb_bg_layout_dark\" style=\"width: 50%;background-color: black;\" href=\"https:\/\/app.legislapp.com.br\" target=\"_blank\" rel=\"noopener\">Visualizar completo na nossa plataforma (30 dias gr\u00e1tis)<\/a><\/p><\/div>\n<p>      <a href=\"https:\/\/play.google.com\/store\/apps\/details?id=br.com.legislapp\"><img decoding=\"async\" style=\"width: 15%; min-width: 130px;\" src=\"https:\/\/www.legislapp.com.br\/wp-content\/uploads\/google-play.png\"><\/a><br \/>\n      <a href=\"https:\/\/apps.apple.com\/us\/app\/legislapp\/id1568929859\"><img decoding=\"async\" style=\"width: 15%; min-width: 130px\" src=\"https:\/\/www.legislapp.com.br\/wp-content\/uploads\/apple-store.png\"><\/a>\n   <\/div>\n","protected":false},"excerpt":{"rendered":"<p>C\u00e2m. Legislativa de SC &#8211; Autoria de Paulinha Altera dispositivos da Lei n\u00ba 18.147, de 29 de junho de 2021, que disp\u00f5e sobre a doa\u00e7\u00e3o de bicicletas apreendidas por ato administrativo ou de pol\u00edcia para institui\u00e7\u00f5es beneficentes, a fim de permitir sua comercializa\u00e7\u00e3o ou promo\u00e7\u00e3o de a\u00e7\u00e3o beneficente em favor da entidade beneficiada com finalidade [&hellip;]<\/p>\n","protected":false},"author":1,"featured_media":0,"parent":0,"menu_order":0,"comment_status":"closed","ping_status":"closed","template":"page-template-blank.php","meta":{"_et_pb_use_builder":"","_et_pb_old_content":"","_et_gb_content_width":"1080","ngg_post_thumbnail":0,"footnotes":""},"class_list":["post-7297","page","type-page","status-publish","hentry"],"yoast_head":"<!-- This site is optimized with the Yoast SEO plugin v24.4 - https:\/\/yoast.com\/wordpress\/plugins\/seo\/ -->\n<title>PL.\/0402\/2025 - Paulinha - Legislapp<\/title>\n<meta name=\"robots\" content=\"index, follow, max-snippet:-1, max-image-preview:large, max-video-preview:-1\" \/>\n<link rel=\"canonical\" href=\"https:\/\/www.legislapp.com.br\/index.php\/cam-legislativa-de-sc-pl-0402-2025\/\" \/>\n<meta property=\"og:locale\" content=\"pt_BR\" \/>\n<meta property=\"og:type\" content=\"article\" \/>\n<meta property=\"og:title\" content=\"PL.\/0402\/2025 - Paulinha - Legislapp\" \/>\n<meta property=\"og:description\" content=\"C\u00e2m. Legislativa de SC &#8211; Autoria de Paulinha Altera dispositivos da Lei n\u00ba 18.147, de 29 de junho de 2021, que disp\u00f5e sobre a doa\u00e7\u00e3o de bicicletas apreendidas por ato administrativo ou de pol\u00edcia para institui\u00e7\u00f5es beneficentes, a fim de permitir sua comercializa\u00e7\u00e3o ou promo\u00e7\u00e3o de a\u00e7\u00e3o beneficente em favor da entidade beneficiada com finalidade [&hellip;]\" \/>\n<meta property=\"og:url\" content=\"https:\/\/www.legislapp.com.br\/index.php\/cam-legislativa-de-sc-pl-0402-2025\/\" \/>\n<meta property=\"og:site_name\" content=\"Legislapp\" \/>\n<meta property=\"article:publisher\" content=\"https:\/\/www.instagram.com\/legislapp\/\" \/>\n<meta property=\"og:image\" content=\"https:\/\/www.legislapp.com.br\/wp-content\/uploads\/google-play.png\" \/>\n<meta name=\"twitter:card\" content=\"summary_large_image\" \/>\n<meta name=\"twitter:label1\" content=\"Est. tempo de leitura\" \/>\n\t<meta name=\"twitter:data1\" content=\"4 minutos\" \/>\n<script type=\"application\/ld+json\" class=\"yoast-schema-graph\">{\"@context\":\"https:\/\/schema.org\",\"@graph\":[{\"@type\":\"WebPage\",\"@id\":\"https:\/\/www.legislapp.com.br\/index.php\/cam-legislativa-de-sc-pl-0402-2025\/\",\"url\":\"https:\/\/www.legislapp.com.br\/index.php\/cam-legislativa-de-sc-pl-0402-2025\/\",\"name\":\"PL.\/0402\/2025 - Paulinha - Legislapp\",\"isPartOf\":{\"@id\":\"https:\/\/www.legislapp.com.br\/#website\"},\"primaryImageOfPage\":{\"@id\":\"https:\/\/www.legislapp.com.br\/index.php\/cam-legislativa-de-sc-pl-0402-2025\/#primaryimage\"},\"image\":{\"@id\":\"https:\/\/www.legislapp.com.br\/index.php\/cam-legislativa-de-sc-pl-0402-2025\/#primaryimage\"},\"thumbnailUrl\":\"https:\/\/www.legislapp.com.br\/wp-content\/uploads\/google-play.png\",\"datePublished\":\"2025-09-17T16:23:19+00:00\",\"breadcrumb\":{\"@id\":\"https:\/\/www.legislapp.com.br\/index.php\/cam-legislativa-de-sc-pl-0402-2025\/#breadcrumb\"},\"inLanguage\":\"pt-BR\",\"potentialAction\":[{\"@type\":\"ReadAction\",\"target\":[\"https:\/\/www.legislapp.com.br\/index.php\/cam-legislativa-de-sc-pl-0402-2025\/\"]}]},{\"@type\":\"ImageObject\",\"inLanguage\":\"pt-BR\",\"@id\":\"https:\/\/www.legislapp.com.br\/index.php\/cam-legislativa-de-sc-pl-0402-2025\/#primaryimage\",\"url\":\"https:\/\/www.legislapp.com.br\/wp-content\/uploads\/google-play.png\",\"contentUrl\":\"https:\/\/www.legislapp.com.br\/wp-content\/uploads\/google-play.png\",\"width\":564,\"height\":168},{\"@type\":\"BreadcrumbList\",\"@id\":\"https:\/\/www.legislapp.com.br\/index.php\/cam-legislativa-de-sc-pl-0402-2025\/#breadcrumb\",\"itemListElement\":[{\"@type\":\"ListItem\",\"position\":1,\"name\":\"In\u00edcio\",\"item\":\"https:\/\/www.legislapp.com.br\/\"},{\"@type\":\"ListItem\",\"position\":2,\"name\":\"PL.\/0402\/2025 &#8211; Paulinha\"}]},{\"@type\":\"WebSite\",\"@id\":\"https:\/\/www.legislapp.com.br\/#website\",\"url\":\"https:\/\/www.legislapp.com.br\/\",\"name\":\"Legislapp\",\"description\":\"Intelig\u00eancia governamental em tempo real\",\"publisher\":{\"@id\":\"https:\/\/www.legislapp.com.br\/#organization\"},\"potentialAction\":[{\"@type\":\"SearchAction\",\"target\":{\"@type\":\"EntryPoint\",\"urlTemplate\":\"https:\/\/www.legislapp.com.br\/?s={search_term_string}\"},\"query-input\":{\"@type\":\"PropertyValueSpecification\",\"valueRequired\":true,\"valueName\":\"search_term_string\"}}],\"inLanguage\":\"pt-BR\"},{\"@type\":\"Organization\",\"@id\":\"https:\/\/www.legislapp.com.br\/#organization\",\"name\":\"Legislapp Monitoramento e Intelig\u00eancia Governamental\",\"url\":\"https:\/\/www.legislapp.com.br\/\",\"logo\":{\"@type\":\"ImageObject\",\"inLanguage\":\"pt-BR\",\"@id\":\"https:\/\/www.legislapp.com.br\/#\/schema\/logo\/image\/\",\"url\":\"https:\/\/www.legislapp.com.br\/wp-content\/uploads\/icon.png\",\"contentUrl\":\"https:\/\/www.legislapp.com.br\/wp-content\/uploads\/icon.png\",\"width\":1024,\"height\":1024,\"caption\":\"Legislapp Monitoramento e Intelig\u00eancia Governamental\"},\"image\":{\"@id\":\"https:\/\/www.legislapp.com.br\/#\/schema\/logo\/image\/\"},\"sameAs\":[\"https:\/\/www.instagram.com\/legislapp\/\"]}]}<\/script>\n<!-- \/ Yoast SEO plugin. -->","yoast_head_json":{"title":"PL.\/0402\/2025 - Paulinha - Legislapp","robots":{"index":"index","follow":"follow","max-snippet":"max-snippet:-1","max-image-preview":"max-image-preview:large","max-video-preview":"max-video-preview:-1"},"canonical":"https:\/\/www.legislapp.com.br\/index.php\/cam-legislativa-de-sc-pl-0402-2025\/","og_locale":"pt_BR","og_type":"article","og_title":"PL.\/0402\/2025 - Paulinha - Legislapp","og_description":"C\u00e2m. Legislativa de SC &#8211; Autoria de Paulinha Altera dispositivos da Lei n\u00ba 18.147, de 29 de junho de 2021, que disp\u00f5e sobre a doa\u00e7\u00e3o de bicicletas apreendidas por ato administrativo ou de pol\u00edcia para institui\u00e7\u00f5es beneficentes, a fim de permitir sua comercializa\u00e7\u00e3o ou promo\u00e7\u00e3o de a\u00e7\u00e3o beneficente em favor da entidade beneficiada com finalidade [&hellip;]","og_url":"https:\/\/www.legislapp.com.br\/index.php\/cam-legislativa-de-sc-pl-0402-2025\/","og_site_name":"Legislapp","article_publisher":"https:\/\/www.instagram.com\/legislapp\/","og_image":[{"url":"https:\/\/www.legislapp.com.br\/wp-content\/uploads\/google-play.png","type":"","width":"","height":""}],"twitter_card":"summary_large_image","twitter_misc":{"Est. tempo de leitura":"4 minutos"},"schema":{"@context":"https:\/\/schema.org","@graph":[{"@type":"WebPage","@id":"https:\/\/www.legislapp.com.br\/index.php\/cam-legislativa-de-sc-pl-0402-2025\/","url":"https:\/\/www.legislapp.com.br\/index.php\/cam-legislativa-de-sc-pl-0402-2025\/","name":"PL.\/0402\/2025 - Paulinha - Legislapp","isPartOf":{"@id":"https:\/\/www.legislapp.com.br\/#website"},"primaryImageOfPage":{"@id":"https:\/\/www.legislapp.com.br\/index.php\/cam-legislativa-de-sc-pl-0402-2025\/#primaryimage"},"image":{"@id":"https:\/\/www.legislapp.com.br\/index.php\/cam-legislativa-de-sc-pl-0402-2025\/#primaryimage"},"thumbnailUrl":"https:\/\/www.legislapp.com.br\/wp-content\/uploads\/google-play.png","datePublished":"2025-09-17T16:23:19+00:00","breadcrumb":{"@id":"https:\/\/www.legislapp.com.br\/index.php\/cam-legislativa-de-sc-pl-0402-2025\/#breadcrumb"},"inLanguage":"pt-BR","potentialAction":[{"@type":"ReadAction","target":["https:\/\/www.legislapp.com.br\/index.php\/cam-legislativa-de-sc-pl-0402-2025\/"]}]},{"@type":"ImageObject","inLanguage":"pt-BR","@id":"https:\/\/www.legislapp.com.br\/index.php\/cam-legislativa-de-sc-pl-0402-2025\/#primaryimage","url":"https:\/\/www.legislapp.com.br\/wp-content\/uploads\/google-play.png","contentUrl":"https:\/\/www.legislapp.com.br\/wp-content\/uploads\/google-play.png","width":564,"height":168},{"@type":"BreadcrumbList","@id":"https:\/\/www.legislapp.com.br\/index.php\/cam-legislativa-de-sc-pl-0402-2025\/#breadcrumb","itemListElement":[{"@type":"ListItem","position":1,"name":"In\u00edcio","item":"https:\/\/www.legislapp.com.br\/"},{"@type":"ListItem","position":2,"name":"PL.\/0402\/2025 &#8211; Paulinha"}]},{"@type":"WebSite","@id":"https:\/\/www.legislapp.com.br\/#website","url":"https:\/\/www.legislapp.com.br\/","name":"Legislapp","description":"Intelig\u00eancia governamental em tempo real","publisher":{"@id":"https:\/\/www.legislapp.com.br\/#organization"},"potentialAction":[{"@type":"SearchAction","target":{"@type":"EntryPoint","urlTemplate":"https:\/\/www.legislapp.com.br\/?s={search_term_string}"},"query-input":{"@type":"PropertyValueSpecification","valueRequired":true,"valueName":"search_term_string"}}],"inLanguage":"pt-BR"},{"@type":"Organization","@id":"https:\/\/www.legislapp.com.br\/#organization","name":"Legislapp Monitoramento e Intelig\u00eancia Governamental","url":"https:\/\/www.legislapp.com.br\/","logo":{"@type":"ImageObject","inLanguage":"pt-BR","@id":"https:\/\/www.legislapp.com.br\/#\/schema\/logo\/image\/","url":"https:\/\/www.legislapp.com.br\/wp-content\/uploads\/icon.png","contentUrl":"https:\/\/www.legislapp.com.br\/wp-content\/uploads\/icon.png","width":1024,"height":1024,"caption":"Legislapp Monitoramento e Intelig\u00eancia Governamental"},"image":{"@id":"https:\/\/www.legislapp.com.br\/#\/schema\/logo\/image\/"},"sameAs":["https:\/\/www.instagram.com\/legislapp\/"]}]}},"_links":{"self":[{"href":"https:\/\/www.legislapp.com.br\/index.php\/wp-json\/wp\/v2\/pages\/7297","targetHints":{"allow":["GET"]}}],"collection":[{"href":"https:\/\/www.legislapp.com.br\/index.php\/wp-json\/wp\/v2\/pages"}],"about":[{"href":"https:\/\/www.legislapp.com.br\/index.php\/wp-json\/wp\/v2\/types\/page"}],"author":[{"embeddable":true,"href":"https:\/\/www.legislapp.com.br\/index.php\/wp-json\/wp\/v2\/users\/1"}],"replies":[{"embeddable":true,"href":"https:\/\/www.legislapp.com.br\/index.php\/wp-json\/wp\/v2\/comments?post=7297"}],"version-history":[{"count":0,"href":"https:\/\/www.legislapp.com.br\/index.php\/wp-json\/wp\/v2\/pages\/7297\/revisions"}],"wp:attachment":[{"href":"https:\/\/www.legislapp.com.br\/index.php\/wp-json\/wp\/v2\/media?parent=7297"}],"curies":[{"name":"wp","href":"https:\/\/api.w.org\/{rel}","templated":true}]}}