{"id":7304,"date":"2025-09-17T13:23:42","date_gmt":"2025-09-17T16:23:42","guid":{"rendered":"https:\/\/www.legislapp.com.br\/index.php\/cam-legislativa-de-pe-plc-3084-2025\/"},"modified":"2025-09-17T13:23:42","modified_gmt":"2025-09-17T16:23:42","slug":"cam-legislativa-de-pe-plc-3084-2025","status":"publish","type":"page","link":"https:\/\/www.legislapp.com.br\/index.php\/cam-legislativa-de-pe-plc-3084-2025\/","title":{"rendered":"PLC 3084\/2025 &#8211; RICARDO PAES BARRETO"},"content":{"rendered":"<h1 style='text-align: center;'>C\u00e2m. Legislativa de PE &#8211; Autoria de RICARDO PAES BARRETO<\/h3>\n<p><\/p>\n<article style='text-align: center'>Of\u00edcio n\u00ba 348\/2025 &#8211; GP<\/p>\n<p>Recife, 18 de junho de 2025.<\/p>\n<p>Excelent\u00edssimo Senhor Presidente,<\/p>\n<p>Submeto \u00e0 elevada delibera\u00e7\u00e3o deste augusto Poder Legislativo o presente projeto de lei complementar, aprovado pelo Pleno deste Tribunal de Justi\u00e7a do Estado, altera a Lei Complementar n\u00ba\u00a0100, de 21 de novembro de 2007, que disp\u00f5e sobre o C\u00f3digo de Organiza\u00e7\u00e3o Judici\u00e1ria do Estado de Pernambuco, a fim modificar a reda\u00e7\u00e3o do art. 33, para incluir a desembargadora decana na composi\u00e7\u00e3o do Conselho da Magistratura.<\/p>\n<p>Em anexo, remeto tamb\u00e9m a justificativa que ensejou a aprova\u00e7\u00e3o do projeto.\u00a0<\/p>\n<p>Aproveito a oportunidade para renovar a V. Exa. meus protestos de estima e elevada considera\u00e7\u00e3o.<\/p>\n<p>Atenciosamente,<\/p>\n<p>Desembargador Ricardo Paes Barreto\u00a0<br \/>\nPresidente do Tribunal de Justi\u00e7a de Pernambuco<\/p>\n<p>\u00a0<\/p>\n<p>JUSTIFICATIVA<\/p>\n<p>A proposta legislativa ora submetida a esta e. Casa Legislativa objetiva alterar o C\u00f3digo de Organiza\u00e7\u00e3o Judici\u00e1ria do Estado de Pernambuco (COJE) &#8211;\u00a0Lei Complementar n\u00ba 100, de 21 de novembro de 2007 &#8211;\u00a0para fins de incluir a desembargadora decana na composi\u00e7\u00e3o do Conselho da Magistratura.<\/p>\n<p>Como cedi\u00e7o, para al\u00e9m de elencar, dentre os objetivos fundamentais da Rep\u00fablica Federativa do Brasil, a promo\u00e7\u00e3o do bem de todos(as), sem preconceitos de origem, ra\u00e7a, sexo, g\u00eanero, etnia, cor, idade e quaisquer outras formas de discrimina\u00e7\u00e3o (art. 3\u00ba, inciso IV, da Constitui\u00e7\u00e3o Federal), o Diploma Legal de 1998 prev\u00ea, como garantia fundamental, a igualdade em direitos e obriga\u00e7\u00f5es entre homens e mulheres (art. 5\u00ba, inciso I, da Constitui\u00e7\u00e3o Federal).<\/p>\n<p>Nesse contexto, bem de ver que a igualdade de g\u00eanero constitui express\u00e3o da cidadania e da dignidade humana, princ\u00edpios fundamentais da Rep\u00fablica Federativa do Brasil e valores do Estado Democr\u00e1tico de Direito.<\/p>\n<p>No desiderato de cumprir tais comandos constitucionais, o Conselho Nacional de Justi\u00e7a (CNJ), aprovou a Meta 9, que consiste em \u201cintegrar a Agenda 2030 ao Poder Judici\u00e1rio\u201d, sendo certo que um dos Objetivos de Desenvolvimento Sustent\u00e1vel (ODSs) da Agenda 2030, \u00e9 exatamente \u201cgarantir a participa\u00e7\u00e3o plena e efetiva das mulheres e a igualdade de oportunidades para a lideran\u00e7a em todos os n\u00edveis de tomada de decis\u00e3o na vida pol\u00edtica, econ\u00f4mica e p\u00fablica\u201d.<\/p>\n<p>Nesse compasso, a presente proposi\u00e7\u00e3o, que cria o Decanato das Desembargadoras, \u00e9 mais uma das recentes iniciativas do Tribunal de Justi\u00e7a que vem ao encontro de tal objetivo.<\/p>\n<p>Assim como o Desembargador Decano, a Desembargadora Decana integrar\u00e1 o Conselho da Magistratura e ser\u00e1 inclu\u00edda na linha sucessiva de substitui\u00e7\u00e3o dos(as) ocupantes dos cargos de dire\u00e7\u00e3o.<\/p>\n<p>Tal medida contribuir\u00e1 para a promo\u00e7\u00e3o da igualdade de g\u00eanero no \u00e2mbito do TJPE, bem como permitir\u00e1 maior representatividade das mulheres no \u00d3rg\u00e3o, promovendo a diversidade na tomada de decis\u00f5es.\u00a0<\/p>\n<p>Anote-se, por derradeiro, que a proposi\u00e7\u00e3o em tela n\u00e3o implica repercuss\u00e3o financeira.<\/p>\n<p>A vista do exposto, esta Presid\u00eancia confia no acolhimento e apoio da presente proposi\u00e7\u00e3o.<\/article>\n<p><\/p>\n<p style='text-align: center'><a href='https:\/\/app.legislapp.com.br\/#\/busca?termo='><\/a><\/p>\n<p><\/p>\n<article>\u00a0\u00a0\u00a0\u00a0\u00a0Art. 1\u00ba O art. 33, da Lei Complementar n\u00ba\u00a0100, de 21 de novembro de 2007 &#8211; C\u00f3digo de Organiza\u00e7\u00e3o Judici\u00e1ria do Estado de Pernambuco -, passa a vigorar com a seguinte reda\u00e7\u00e3o:<\/p>\n<p>\u201cArt. 33. O Conselho da Magistratura, \u00f3rg\u00e3o de orienta\u00e7\u00e3o, disciplina e fiscaliza\u00e7\u00e3o da primeira inst\u00e2ncia do Poder Judici\u00e1rio estadual, com sede na Capital do Estado e jurisdi\u00e7\u00e3o em todo o seu territ\u00f3rio, ser\u00e1 composto pelo(a) Presidente, pelo(a) 1\u00ba(\u00aa) Vice-Presidente, pelo(a) 2\u00ba(\u00aa) Vice-Presidente, pelo(a) Corregedor(a)-Geral da Justi\u00e7a, pelo(a) Ouvidor(a)-Geral da Justi\u00e7a, pelo(a) Diretor(a)-Geral da Escola Judicial, pelo Decano e pela Decana, como membros(as) natos(as), e por quatro desembargadores(as), n\u00e3o integrantes do \u00d3rg\u00e3o Especial, como vogais, sendo dois(duas) escolhidos(as) entre os(as) membros(as) das C\u00e2maras C\u00edveis, um(a), entre os(as) membros(as) das C\u00e2maras de Direito P\u00fablico e um(a), entre os(as) membros(as) das C\u00e2maras Criminais. (NR)<br \/>\n&#8230;&#8230;&#8230;&#8230;&#8230;&#8230;&#8230;&#8230;&#8230;&#8230;&#8230;&#8230;&#8230;&#8230;&#8230;&#8230;&#8230;&#8230;&#8230;&#8230;&#8230;&#8230;&#8230;&#8230;&#8230;&#8230;&#8230;&#8230;&#8230;&#8230;&#8230;&#8230;&#8230;..\u201d<\/p>\n<p>\u00a0\u00a0\u00a0\u00a0\u00a0Art. 2\u00ba Esta Lei Complementar entra em vigor na data de sua publica\u00e7\u00e3o.<\/article>\n<div style=\"text-align: center\">\n<div style=\"margin-bottom: 20px;\" class=\"et_pb_button_module_wrapper et_pb_button_5_tb_body_wrapper et_pb_button_alignment_center et_pb_module \">\n         <a class=\"et_pb_button et_pb_button_5_tb_body et_hover_enabled et_pb_bg_layout_dark\" style=\"width: 50%;background-color: black;\" href=\"https:\/\/app.legislapp.com.br\" target=\"_blank\" rel=\"noopener\">Visualizar completo na nossa plataforma (30 dias gr\u00e1tis)<\/a><\/p><\/div>\n<p>      <a href=\"https:\/\/play.google.com\/store\/apps\/details?id=br.com.legislapp\"><img decoding=\"async\" style=\"width: 15%; min-width: 130px;\" src=\"https:\/\/www.legislapp.com.br\/wp-content\/uploads\/google-play.png\"><\/a><br \/>\n      <a href=\"https:\/\/apps.apple.com\/us\/app\/legislapp\/id1568929859\"><img decoding=\"async\" style=\"width: 15%; min-width: 130px\" src=\"https:\/\/www.legislapp.com.br\/wp-content\/uploads\/apple-store.png\"><\/a>\n   <\/div>\n","protected":false},"excerpt":{"rendered":"<p>C\u00e2m. Legislativa de PE &#8211; Autoria de RICARDO PAES BARRETO Of\u00edcio n\u00ba 348\/2025 &#8211; GP Recife, 18 de junho de 2025. Excelent\u00edssimo Senhor Presidente, Submeto \u00e0 elevada delibera\u00e7\u00e3o deste augusto Poder Legislativo o presente projeto de lei complementar, aprovado pelo Pleno deste Tribunal de Justi\u00e7a do Estado, altera a Lei Complementar n\u00ba\u00a0100, de 21 de [&hellip;]<\/p>\n","protected":false},"author":1,"featured_media":0,"parent":0,"menu_order":0,"comment_status":"closed","ping_status":"closed","template":"page-template-blank.php","meta":{"_et_pb_use_builder":"","_et_pb_old_content":"","_et_gb_content_width":"1080","ngg_post_thumbnail":0,"footnotes":""},"class_list":["post-7304","page","type-page","status-publish","hentry"],"yoast_head":"<!-- This site is optimized with the Yoast SEO plugin v24.4 - https:\/\/yoast.com\/wordpress\/plugins\/seo\/ -->\n<title>PLC 3084\/2025 - RICARDO PAES BARRETO - Legislapp<\/title>\n<meta name=\"robots\" content=\"index, follow, max-snippet:-1, max-image-preview:large, max-video-preview:-1\" \/>\n<link rel=\"canonical\" href=\"https:\/\/www.legislapp.com.br\/index.php\/cam-legislativa-de-pe-plc-3084-2025\/\" \/>\n<meta property=\"og:locale\" content=\"pt_BR\" \/>\n<meta property=\"og:type\" content=\"article\" \/>\n<meta property=\"og:title\" content=\"PLC 3084\/2025 - RICARDO PAES BARRETO - Legislapp\" \/>\n<meta property=\"og:description\" content=\"C\u00e2m. Legislativa de PE &#8211; Autoria de RICARDO PAES BARRETO Of\u00edcio n\u00ba 348\/2025 &#8211; GP Recife, 18 de junho de 2025. Excelent\u00edssimo Senhor Presidente, Submeto \u00e0 elevada delibera\u00e7\u00e3o deste augusto Poder Legislativo o presente projeto de lei complementar, aprovado pelo Pleno deste Tribunal de Justi\u00e7a do Estado, altera a Lei Complementar n\u00ba\u00a0100, de 21 de [&hellip;]\" \/>\n<meta property=\"og:url\" content=\"https:\/\/www.legislapp.com.br\/index.php\/cam-legislativa-de-pe-plc-3084-2025\/\" \/>\n<meta property=\"og:site_name\" content=\"Legislapp\" \/>\n<meta property=\"article:publisher\" content=\"https:\/\/www.instagram.com\/legislapp\/\" \/>\n<meta property=\"og:image\" content=\"https:\/\/www.legislapp.com.br\/wp-content\/uploads\/google-play.png\" \/>\n<meta name=\"twitter:card\" content=\"summary_large_image\" \/>\n<meta name=\"twitter:label1\" content=\"Est. tempo de leitura\" \/>\n\t<meta name=\"twitter:data1\" content=\"3 minutos\" \/>\n<script type=\"application\/ld+json\" class=\"yoast-schema-graph\">{\"@context\":\"https:\/\/schema.org\",\"@graph\":[{\"@type\":\"WebPage\",\"@id\":\"https:\/\/www.legislapp.com.br\/index.php\/cam-legislativa-de-pe-plc-3084-2025\/\",\"url\":\"https:\/\/www.legislapp.com.br\/index.php\/cam-legislativa-de-pe-plc-3084-2025\/\",\"name\":\"PLC 3084\/2025 - RICARDO PAES BARRETO - Legislapp\",\"isPartOf\":{\"@id\":\"https:\/\/www.legislapp.com.br\/#website\"},\"primaryImageOfPage\":{\"@id\":\"https:\/\/www.legislapp.com.br\/index.php\/cam-legislativa-de-pe-plc-3084-2025\/#primaryimage\"},\"image\":{\"@id\":\"https:\/\/www.legislapp.com.br\/index.php\/cam-legislativa-de-pe-plc-3084-2025\/#primaryimage\"},\"thumbnailUrl\":\"https:\/\/www.legislapp.com.br\/wp-content\/uploads\/google-play.png\",\"datePublished\":\"2025-09-17T16:23:42+00:00\",\"breadcrumb\":{\"@id\":\"https:\/\/www.legislapp.com.br\/index.php\/cam-legislativa-de-pe-plc-3084-2025\/#breadcrumb\"},\"inLanguage\":\"pt-BR\",\"potentialAction\":[{\"@type\":\"ReadAction\",\"target\":[\"https:\/\/www.legislapp.com.br\/index.php\/cam-legislativa-de-pe-plc-3084-2025\/\"]}]},{\"@type\":\"ImageObject\",\"inLanguage\":\"pt-BR\",\"@id\":\"https:\/\/www.legislapp.com.br\/index.php\/cam-legislativa-de-pe-plc-3084-2025\/#primaryimage\",\"url\":\"https:\/\/www.legislapp.com.br\/wp-content\/uploads\/google-play.png\",\"contentUrl\":\"https:\/\/www.legislapp.com.br\/wp-content\/uploads\/google-play.png\",\"width\":564,\"height\":168},{\"@type\":\"BreadcrumbList\",\"@id\":\"https:\/\/www.legislapp.com.br\/index.php\/cam-legislativa-de-pe-plc-3084-2025\/#breadcrumb\",\"itemListElement\":[{\"@type\":\"ListItem\",\"position\":1,\"name\":\"In\u00edcio\",\"item\":\"https:\/\/www.legislapp.com.br\/\"},{\"@type\":\"ListItem\",\"position\":2,\"name\":\"PLC 3084\/2025 &#8211; RICARDO PAES BARRETO\"}]},{\"@type\":\"WebSite\",\"@id\":\"https:\/\/www.legislapp.com.br\/#website\",\"url\":\"https:\/\/www.legislapp.com.br\/\",\"name\":\"Legislapp\",\"description\":\"Intelig\u00eancia governamental em tempo real\",\"publisher\":{\"@id\":\"https:\/\/www.legislapp.com.br\/#organization\"},\"potentialAction\":[{\"@type\":\"SearchAction\",\"target\":{\"@type\":\"EntryPoint\",\"urlTemplate\":\"https:\/\/www.legislapp.com.br\/?s={search_term_string}\"},\"query-input\":{\"@type\":\"PropertyValueSpecification\",\"valueRequired\":true,\"valueName\":\"search_term_string\"}}],\"inLanguage\":\"pt-BR\"},{\"@type\":\"Organization\",\"@id\":\"https:\/\/www.legislapp.com.br\/#organization\",\"name\":\"Legislapp Monitoramento e Intelig\u00eancia Governamental\",\"url\":\"https:\/\/www.legislapp.com.br\/\",\"logo\":{\"@type\":\"ImageObject\",\"inLanguage\":\"pt-BR\",\"@id\":\"https:\/\/www.legislapp.com.br\/#\/schema\/logo\/image\/\",\"url\":\"https:\/\/www.legislapp.com.br\/wp-content\/uploads\/icon.png\",\"contentUrl\":\"https:\/\/www.legislapp.com.br\/wp-content\/uploads\/icon.png\",\"width\":1024,\"height\":1024,\"caption\":\"Legislapp Monitoramento e Intelig\u00eancia Governamental\"},\"image\":{\"@id\":\"https:\/\/www.legislapp.com.br\/#\/schema\/logo\/image\/\"},\"sameAs\":[\"https:\/\/www.instagram.com\/legislapp\/\"]}]}<\/script>\n<!-- \/ Yoast SEO plugin. -->","yoast_head_json":{"title":"PLC 3084\/2025 - RICARDO PAES BARRETO - Legislapp","robots":{"index":"index","follow":"follow","max-snippet":"max-snippet:-1","max-image-preview":"max-image-preview:large","max-video-preview":"max-video-preview:-1"},"canonical":"https:\/\/www.legislapp.com.br\/index.php\/cam-legislativa-de-pe-plc-3084-2025\/","og_locale":"pt_BR","og_type":"article","og_title":"PLC 3084\/2025 - RICARDO PAES BARRETO - Legislapp","og_description":"C\u00e2m. Legislativa de PE &#8211; Autoria de RICARDO PAES BARRETO Of\u00edcio n\u00ba 348\/2025 &#8211; GP Recife, 18 de junho de 2025. Excelent\u00edssimo Senhor Presidente, Submeto \u00e0 elevada delibera\u00e7\u00e3o deste augusto Poder Legislativo o presente projeto de lei complementar, aprovado pelo Pleno deste Tribunal de Justi\u00e7a do Estado, altera a Lei Complementar n\u00ba\u00a0100, de 21 de [&hellip;]","og_url":"https:\/\/www.legislapp.com.br\/index.php\/cam-legislativa-de-pe-plc-3084-2025\/","og_site_name":"Legislapp","article_publisher":"https:\/\/www.instagram.com\/legislapp\/","og_image":[{"url":"https:\/\/www.legislapp.com.br\/wp-content\/uploads\/google-play.png","type":"","width":"","height":""}],"twitter_card":"summary_large_image","twitter_misc":{"Est. tempo de leitura":"3 minutos"},"schema":{"@context":"https:\/\/schema.org","@graph":[{"@type":"WebPage","@id":"https:\/\/www.legislapp.com.br\/index.php\/cam-legislativa-de-pe-plc-3084-2025\/","url":"https:\/\/www.legislapp.com.br\/index.php\/cam-legislativa-de-pe-plc-3084-2025\/","name":"PLC 3084\/2025 - RICARDO PAES BARRETO - Legislapp","isPartOf":{"@id":"https:\/\/www.legislapp.com.br\/#website"},"primaryImageOfPage":{"@id":"https:\/\/www.legislapp.com.br\/index.php\/cam-legislativa-de-pe-plc-3084-2025\/#primaryimage"},"image":{"@id":"https:\/\/www.legislapp.com.br\/index.php\/cam-legislativa-de-pe-plc-3084-2025\/#primaryimage"},"thumbnailUrl":"https:\/\/www.legislapp.com.br\/wp-content\/uploads\/google-play.png","datePublished":"2025-09-17T16:23:42+00:00","breadcrumb":{"@id":"https:\/\/www.legislapp.com.br\/index.php\/cam-legislativa-de-pe-plc-3084-2025\/#breadcrumb"},"inLanguage":"pt-BR","potentialAction":[{"@type":"ReadAction","target":["https:\/\/www.legislapp.com.br\/index.php\/cam-legislativa-de-pe-plc-3084-2025\/"]}]},{"@type":"ImageObject","inLanguage":"pt-BR","@id":"https:\/\/www.legislapp.com.br\/index.php\/cam-legislativa-de-pe-plc-3084-2025\/#primaryimage","url":"https:\/\/www.legislapp.com.br\/wp-content\/uploads\/google-play.png","contentUrl":"https:\/\/www.legislapp.com.br\/wp-content\/uploads\/google-play.png","width":564,"height":168},{"@type":"BreadcrumbList","@id":"https:\/\/www.legislapp.com.br\/index.php\/cam-legislativa-de-pe-plc-3084-2025\/#breadcrumb","itemListElement":[{"@type":"ListItem","position":1,"name":"In\u00edcio","item":"https:\/\/www.legislapp.com.br\/"},{"@type":"ListItem","position":2,"name":"PLC 3084\/2025 &#8211; RICARDO PAES BARRETO"}]},{"@type":"WebSite","@id":"https:\/\/www.legislapp.com.br\/#website","url":"https:\/\/www.legislapp.com.br\/","name":"Legislapp","description":"Intelig\u00eancia governamental em tempo real","publisher":{"@id":"https:\/\/www.legislapp.com.br\/#organization"},"potentialAction":[{"@type":"SearchAction","target":{"@type":"EntryPoint","urlTemplate":"https:\/\/www.legislapp.com.br\/?s={search_term_string}"},"query-input":{"@type":"PropertyValueSpecification","valueRequired":true,"valueName":"search_term_string"}}],"inLanguage":"pt-BR"},{"@type":"Organization","@id":"https:\/\/www.legislapp.com.br\/#organization","name":"Legislapp Monitoramento e Intelig\u00eancia Governamental","url":"https:\/\/www.legislapp.com.br\/","logo":{"@type":"ImageObject","inLanguage":"pt-BR","@id":"https:\/\/www.legislapp.com.br\/#\/schema\/logo\/image\/","url":"https:\/\/www.legislapp.com.br\/wp-content\/uploads\/icon.png","contentUrl":"https:\/\/www.legislapp.com.br\/wp-content\/uploads\/icon.png","width":1024,"height":1024,"caption":"Legislapp Monitoramento e Intelig\u00eancia Governamental"},"image":{"@id":"https:\/\/www.legislapp.com.br\/#\/schema\/logo\/image\/"},"sameAs":["https:\/\/www.instagram.com\/legislapp\/"]}]}},"_links":{"self":[{"href":"https:\/\/www.legislapp.com.br\/index.php\/wp-json\/wp\/v2\/pages\/7304","targetHints":{"allow":["GET"]}}],"collection":[{"href":"https:\/\/www.legislapp.com.br\/index.php\/wp-json\/wp\/v2\/pages"}],"about":[{"href":"https:\/\/www.legislapp.com.br\/index.php\/wp-json\/wp\/v2\/types\/page"}],"author":[{"embeddable":true,"href":"https:\/\/www.legislapp.com.br\/index.php\/wp-json\/wp\/v2\/users\/1"}],"replies":[{"embeddable":true,"href":"https:\/\/www.legislapp.com.br\/index.php\/wp-json\/wp\/v2\/comments?post=7304"}],"version-history":[{"count":0,"href":"https:\/\/www.legislapp.com.br\/index.php\/wp-json\/wp\/v2\/pages\/7304\/revisions"}],"wp:attachment":[{"href":"https:\/\/www.legislapp.com.br\/index.php\/wp-json\/wp\/v2\/media?parent=7304"}],"curies":[{"name":"wp","href":"https:\/\/api.w.org\/{rel}","templated":true}]}}