{"id":7329,"date":"2025-09-17T13:25:04","date_gmt":"2025-09-17T16:25:04","guid":{"rendered":"https:\/\/www.legislapp.com.br\/index.php\/cam-legislativa-de-sc-pl-0380-2025\/"},"modified":"2025-09-17T13:25:04","modified_gmt":"2025-09-17T16:25:04","slug":"cam-legislativa-de-sc-pl-0380-2025","status":"publish","type":"page","link":"https:\/\/www.legislapp.com.br\/index.php\/cam-legislativa-de-sc-pl-0380-2025\/","title":{"rendered":"PL.\/0380\/2025 &#8211; S\u00e9rgio Guimar\u00e3es"},"content":{"rendered":"<h1 style='text-align: center;'>C\u00e2m. Legislativa de SC &#8211; Autoria de S\u00e9rgio Guimar\u00e3es<\/h3>\n<p><\/p>\n<article style='text-align: center'>Institui o pagamento de meia-entrada para os portadores de c\u00e2ncer em espet\u00e1culos teatrais e musicais, exposi\u00e7\u00f5es de arte, exibi\u00e7\u00f5es cinematogr\u00e1ficas e demais manifesta\u00e7\u00f5es culturais e esportivas p\u00fablicas e privadas.<\/article>\n<p><\/p>\n<p style='text-align: center'><a href='https:\/\/app.legislapp.com.br\/#\/busca?termo='><\/a><\/p>\n<p><\/p>\n<article>ASSEMBLEIA LEGISLATIVA GABINETE DEPUTADO<br \/>\nESTADO DE SANTA CATARINA S\u00c9RGIO GUIMAR\u00c3ES<\/p>\n<p>PROJETO DE LEI<\/p>\n<p>Institui o pagamento de meia-entrada para os portadores<br \/>\nde c\u00e2ncer em espet\u00e1culos teatrais e musicais,<br \/>\nexposi\u00e7\u00f5es de arte, exibi\u00e7\u00f5es cinematogr\u00e1ficas e demais<br \/>\nmanifesta\u00e7\u00f5es culturais e esportivas p\u00fablicas e privadas.<\/p>\n<p>Art. 1\u00ba Fica institu\u00eddo o pagamento da meia-entrada para os<br \/>\nportadores de c\u00e2ncer em todos os locais de espet\u00e1culos teatrais e musicais,<br \/>\nexposi\u00e7\u00f5es de arte, exibi\u00e7\u00f5es cinematogr\u00e1ficas e circenses, eventos esportivos, de<br \/>\nlazer, entretenimento e demais manifesta\u00e7\u00f5es culturais no Estado de Santa Catarina. <\/p>\n<p>Art. 2\u00ba A meia-entrada dever\u00e1 corresponder a 50%<br \/>\n(cinquenta por cento) do valor do ingresso cobrado.<\/p>\n<p>Par\u00e1grafo \u00fanico: O benef\u00edcio da meia-entrada n\u00e3o poder\u00e1 ser<br \/>\nlimitado em quantidade, local ou valor, cabendo o benef\u00edcio aplicado a todo e qualquer<br \/>\ningresso dispon\u00edvel para comercializa\u00e7\u00e3o.<\/p>\n<p>Art. 3\u00ba O Poder Executivo regulamentar\u00e1 esta lei<br \/>\nestabelecendo as formalidades do documento que identifique o portador da doen\u00e7a e<br \/>\nas san\u00e7\u00f5es pelo descumprimento da norma. <\/p>\n<p>Art. 4\u00ba Esta lei entra em vigor na data de sua publica\u00e7\u00e3o.<\/p>\n<p>Sala da Sess\u00f5es,     <\/p>\n<p>Deputado S\u00e9rgio Guimar\u00e3es<br \/>\n JUSTIFICA\u00c7\u00c3O<\/p>\n<p>Este projeto de lei tem por objetivo instituir o pagamento de meia-entrada para<br \/>\nportadores de c\u00e2ncer em espet\u00e1culos teatrais e musicais, exposi\u00e7\u00f5es de arte, exibi\u00e7\u00f5es<br \/>\ncinematogr\u00e1ficas, circenses, eventos esportivos, de lazer, entretenimento e demais<br \/>\nmanifesta\u00e7\u00f5es culturais no Estado.<\/p>\n<p>Sabemos que receber o diagn\u00f3stico de c\u00e2ncer acarreta mudan\u00e7as extremas na vida da<br \/>\npessoa enferma e de seus familiares, que precisam adaptar-se a um caminho \u00e1rduo de<br \/>\ntratamento, que muitas vezes implica grave sofrimento f\u00edsico e emocional.<\/p>\n<p>Sabe-se ainda que encarar a doen\u00e7a com positividade, com a participa\u00e7\u00e3o em eventos<br \/>\nsociais e de lazer, melhora a autoestima e o estado psicol\u00f3gico dos pacientes. Dessa<br \/>\nforma, assimilam melhor o tratamento, o que aumenta as chances de \u00eaxito na batalha<br \/>\ncontra essa severa doen\u00e7a.<\/p>\n<p>\u00c9 de conhecimento geral que usualmente os portadores de c\u00e2ncer t\u00eam um elevado<br \/>\ndisp\u00eandio financeiro, com cirurgias, interna\u00e7\u00f5es, medicamentos, acompanhamento<br \/>\nm\u00e9dico, o qual, com frequ\u00eancia, prejudica o or\u00e7amento familiar e, consequentemente, a<br \/>\nrealiza\u00e7\u00e3o de atividades de lazer, que s\u00e3o t\u00e3o importantes para a melhora do quadro<br \/>\ngeral do paciente.<\/p>\n<p>Nesse sentido, este projeto busca facilitar o acesso dos portadores de c\u00e2ncer a eventos<br \/>\nculturais, de lazer, esporte e m\u00fasica, contribuindo assim para a melhoria da qualidade<br \/>\nde vida e o combate \u00e0 doen\u00e7a.<\/p>\n<p>Sendo de extrema relev\u00e2ncia, clamo aos nobres pares desta Casa para que, no<br \/>\nexerc\u00edcio de seu mister, aprovem esta proposi\u00e7\u00e3o.<br \/>\nELEGIS<br \/>\nDocumento assinado eletronicamente por S\u00e9rgio da Rosa<br \/>\nSistema de Processo<br \/>\nGuimar\u00e3es, em 25\/06\/2025, \u00e0s 14:15.<br \/>\nLegislativo Eletr\u00f4nico<\/article>\n<div style=\"text-align: center\">\n<div style=\"margin-bottom: 20px;\" class=\"et_pb_button_module_wrapper et_pb_button_5_tb_body_wrapper et_pb_button_alignment_center et_pb_module \">\n         <a class=\"et_pb_button et_pb_button_5_tb_body et_hover_enabled et_pb_bg_layout_dark\" style=\"width: 50%;background-color: black;\" href=\"https:\/\/app.legislapp.com.br\" target=\"_blank\" rel=\"noopener\">Visualizar completo na nossa plataforma (30 dias gr\u00e1tis)<\/a><\/p><\/div>\n<p>      <a href=\"https:\/\/play.google.com\/store\/apps\/details?id=br.com.legislapp\"><img decoding=\"async\" style=\"width: 15%; min-width: 130px;\" src=\"https:\/\/www.legislapp.com.br\/wp-content\/uploads\/google-play.png\"><\/a><br \/>\n      <a href=\"https:\/\/apps.apple.com\/us\/app\/legislapp\/id1568929859\"><img decoding=\"async\" style=\"width: 15%; min-width: 130px\" src=\"https:\/\/www.legislapp.com.br\/wp-content\/uploads\/apple-store.png\"><\/a>\n   <\/div>\n","protected":false},"excerpt":{"rendered":"<p>C\u00e2m. Legislativa de SC &#8211; Autoria de S\u00e9rgio Guimar\u00e3es Institui o pagamento de meia-entrada para os portadores de c\u00e2ncer em espet\u00e1culos teatrais e musicais, exposi\u00e7\u00f5es de arte, exibi\u00e7\u00f5es cinematogr\u00e1ficas e demais manifesta\u00e7\u00f5es culturais e esportivas p\u00fablicas e privadas. ASSEMBLEIA LEGISLATIVA GABINETE DEPUTADO ESTADO DE SANTA CATARINA S\u00c9RGIO GUIMAR\u00c3ES PROJETO DE LEI Institui o pagamento de [&hellip;]<\/p>\n","protected":false},"author":1,"featured_media":0,"parent":0,"menu_order":0,"comment_status":"closed","ping_status":"closed","template":"page-template-blank.php","meta":{"_et_pb_use_builder":"","_et_pb_old_content":"","_et_gb_content_width":"1080","ngg_post_thumbnail":0,"footnotes":""},"class_list":["post-7329","page","type-page","status-publish","hentry"],"yoast_head":"<!-- This site is optimized with the Yoast SEO plugin v24.4 - https:\/\/yoast.com\/wordpress\/plugins\/seo\/ -->\n<title>PL.\/0380\/2025 - S\u00e9rgio Guimar\u00e3es - Legislapp<\/title>\n<meta name=\"robots\" content=\"index, follow, max-snippet:-1, max-image-preview:large, max-video-preview:-1\" \/>\n<link rel=\"canonical\" href=\"https:\/\/www.legislapp.com.br\/index.php\/cam-legislativa-de-sc-pl-0380-2025\/\" \/>\n<meta property=\"og:locale\" content=\"pt_BR\" \/>\n<meta property=\"og:type\" content=\"article\" \/>\n<meta property=\"og:title\" content=\"PL.\/0380\/2025 - S\u00e9rgio Guimar\u00e3es - Legislapp\" \/>\n<meta property=\"og:description\" content=\"C\u00e2m. Legislativa de SC &#8211; Autoria de S\u00e9rgio Guimar\u00e3es Institui o pagamento de meia-entrada para os portadores de c\u00e2ncer em espet\u00e1culos teatrais e musicais, exposi\u00e7\u00f5es de arte, exibi\u00e7\u00f5es cinematogr\u00e1ficas e demais manifesta\u00e7\u00f5es culturais e esportivas p\u00fablicas e privadas. ASSEMBLEIA LEGISLATIVA GABINETE DEPUTADO ESTADO DE SANTA CATARINA S\u00c9RGIO GUIMAR\u00c3ES PROJETO DE LEI Institui o pagamento de [&hellip;]\" \/>\n<meta property=\"og:url\" content=\"https:\/\/www.legislapp.com.br\/index.php\/cam-legislativa-de-sc-pl-0380-2025\/\" \/>\n<meta property=\"og:site_name\" content=\"Legislapp\" \/>\n<meta property=\"article:publisher\" content=\"https:\/\/www.instagram.com\/legislapp\/\" \/>\n<meta property=\"og:image\" content=\"https:\/\/www.legislapp.com.br\/wp-content\/uploads\/google-play.png\" \/>\n<meta name=\"twitter:card\" content=\"summary_large_image\" \/>\n<meta name=\"twitter:label1\" content=\"Est. tempo de leitura\" \/>\n\t<meta name=\"twitter:data1\" content=\"3 minutos\" \/>\n<script type=\"application\/ld+json\" class=\"yoast-schema-graph\">{\"@context\":\"https:\/\/schema.org\",\"@graph\":[{\"@type\":\"WebPage\",\"@id\":\"https:\/\/www.legislapp.com.br\/index.php\/cam-legislativa-de-sc-pl-0380-2025\/\",\"url\":\"https:\/\/www.legislapp.com.br\/index.php\/cam-legislativa-de-sc-pl-0380-2025\/\",\"name\":\"PL.\/0380\/2025 - S\u00e9rgio Guimar\u00e3es - Legislapp\",\"isPartOf\":{\"@id\":\"https:\/\/www.legislapp.com.br\/#website\"},\"primaryImageOfPage\":{\"@id\":\"https:\/\/www.legislapp.com.br\/index.php\/cam-legislativa-de-sc-pl-0380-2025\/#primaryimage\"},\"image\":{\"@id\":\"https:\/\/www.legislapp.com.br\/index.php\/cam-legislativa-de-sc-pl-0380-2025\/#primaryimage\"},\"thumbnailUrl\":\"https:\/\/www.legislapp.com.br\/wp-content\/uploads\/google-play.png\",\"datePublished\":\"2025-09-17T16:25:04+00:00\",\"breadcrumb\":{\"@id\":\"https:\/\/www.legislapp.com.br\/index.php\/cam-legislativa-de-sc-pl-0380-2025\/#breadcrumb\"},\"inLanguage\":\"pt-BR\",\"potentialAction\":[{\"@type\":\"ReadAction\",\"target\":[\"https:\/\/www.legislapp.com.br\/index.php\/cam-legislativa-de-sc-pl-0380-2025\/\"]}]},{\"@type\":\"ImageObject\",\"inLanguage\":\"pt-BR\",\"@id\":\"https:\/\/www.legislapp.com.br\/index.php\/cam-legislativa-de-sc-pl-0380-2025\/#primaryimage\",\"url\":\"https:\/\/www.legislapp.com.br\/wp-content\/uploads\/google-play.png\",\"contentUrl\":\"https:\/\/www.legislapp.com.br\/wp-content\/uploads\/google-play.png\",\"width\":564,\"height\":168},{\"@type\":\"BreadcrumbList\",\"@id\":\"https:\/\/www.legislapp.com.br\/index.php\/cam-legislativa-de-sc-pl-0380-2025\/#breadcrumb\",\"itemListElement\":[{\"@type\":\"ListItem\",\"position\":1,\"name\":\"In\u00edcio\",\"item\":\"https:\/\/www.legislapp.com.br\/\"},{\"@type\":\"ListItem\",\"position\":2,\"name\":\"PL.\/0380\/2025 &#8211; S\u00e9rgio Guimar\u00e3es\"}]},{\"@type\":\"WebSite\",\"@id\":\"https:\/\/www.legislapp.com.br\/#website\",\"url\":\"https:\/\/www.legislapp.com.br\/\",\"name\":\"Legislapp\",\"description\":\"Intelig\u00eancia governamental em tempo real\",\"publisher\":{\"@id\":\"https:\/\/www.legislapp.com.br\/#organization\"},\"potentialAction\":[{\"@type\":\"SearchAction\",\"target\":{\"@type\":\"EntryPoint\",\"urlTemplate\":\"https:\/\/www.legislapp.com.br\/?s={search_term_string}\"},\"query-input\":{\"@type\":\"PropertyValueSpecification\",\"valueRequired\":true,\"valueName\":\"search_term_string\"}}],\"inLanguage\":\"pt-BR\"},{\"@type\":\"Organization\",\"@id\":\"https:\/\/www.legislapp.com.br\/#organization\",\"name\":\"Legislapp Monitoramento e Intelig\u00eancia Governamental\",\"url\":\"https:\/\/www.legislapp.com.br\/\",\"logo\":{\"@type\":\"ImageObject\",\"inLanguage\":\"pt-BR\",\"@id\":\"https:\/\/www.legislapp.com.br\/#\/schema\/logo\/image\/\",\"url\":\"https:\/\/www.legislapp.com.br\/wp-content\/uploads\/icon.png\",\"contentUrl\":\"https:\/\/www.legislapp.com.br\/wp-content\/uploads\/icon.png\",\"width\":1024,\"height\":1024,\"caption\":\"Legislapp Monitoramento e Intelig\u00eancia Governamental\"},\"image\":{\"@id\":\"https:\/\/www.legislapp.com.br\/#\/schema\/logo\/image\/\"},\"sameAs\":[\"https:\/\/www.instagram.com\/legislapp\/\"]}]}<\/script>\n<!-- \/ Yoast SEO plugin. -->","yoast_head_json":{"title":"PL.\/0380\/2025 - S\u00e9rgio Guimar\u00e3es - Legislapp","robots":{"index":"index","follow":"follow","max-snippet":"max-snippet:-1","max-image-preview":"max-image-preview:large","max-video-preview":"max-video-preview:-1"},"canonical":"https:\/\/www.legislapp.com.br\/index.php\/cam-legislativa-de-sc-pl-0380-2025\/","og_locale":"pt_BR","og_type":"article","og_title":"PL.\/0380\/2025 - S\u00e9rgio Guimar\u00e3es - Legislapp","og_description":"C\u00e2m. Legislativa de SC &#8211; Autoria de S\u00e9rgio Guimar\u00e3es Institui o pagamento de meia-entrada para os portadores de c\u00e2ncer em espet\u00e1culos teatrais e musicais, exposi\u00e7\u00f5es de arte, exibi\u00e7\u00f5es cinematogr\u00e1ficas e demais manifesta\u00e7\u00f5es culturais e esportivas p\u00fablicas e privadas. ASSEMBLEIA LEGISLATIVA GABINETE DEPUTADO ESTADO DE SANTA CATARINA S\u00c9RGIO GUIMAR\u00c3ES PROJETO DE LEI Institui o pagamento de [&hellip;]","og_url":"https:\/\/www.legislapp.com.br\/index.php\/cam-legislativa-de-sc-pl-0380-2025\/","og_site_name":"Legislapp","article_publisher":"https:\/\/www.instagram.com\/legislapp\/","og_image":[{"url":"https:\/\/www.legislapp.com.br\/wp-content\/uploads\/google-play.png","type":"","width":"","height":""}],"twitter_card":"summary_large_image","twitter_misc":{"Est. tempo de leitura":"3 minutos"},"schema":{"@context":"https:\/\/schema.org","@graph":[{"@type":"WebPage","@id":"https:\/\/www.legislapp.com.br\/index.php\/cam-legislativa-de-sc-pl-0380-2025\/","url":"https:\/\/www.legislapp.com.br\/index.php\/cam-legislativa-de-sc-pl-0380-2025\/","name":"PL.\/0380\/2025 - S\u00e9rgio Guimar\u00e3es - Legislapp","isPartOf":{"@id":"https:\/\/www.legislapp.com.br\/#website"},"primaryImageOfPage":{"@id":"https:\/\/www.legislapp.com.br\/index.php\/cam-legislativa-de-sc-pl-0380-2025\/#primaryimage"},"image":{"@id":"https:\/\/www.legislapp.com.br\/index.php\/cam-legislativa-de-sc-pl-0380-2025\/#primaryimage"},"thumbnailUrl":"https:\/\/www.legislapp.com.br\/wp-content\/uploads\/google-play.png","datePublished":"2025-09-17T16:25:04+00:00","breadcrumb":{"@id":"https:\/\/www.legislapp.com.br\/index.php\/cam-legislativa-de-sc-pl-0380-2025\/#breadcrumb"},"inLanguage":"pt-BR","potentialAction":[{"@type":"ReadAction","target":["https:\/\/www.legislapp.com.br\/index.php\/cam-legislativa-de-sc-pl-0380-2025\/"]}]},{"@type":"ImageObject","inLanguage":"pt-BR","@id":"https:\/\/www.legislapp.com.br\/index.php\/cam-legislativa-de-sc-pl-0380-2025\/#primaryimage","url":"https:\/\/www.legislapp.com.br\/wp-content\/uploads\/google-play.png","contentUrl":"https:\/\/www.legislapp.com.br\/wp-content\/uploads\/google-play.png","width":564,"height":168},{"@type":"BreadcrumbList","@id":"https:\/\/www.legislapp.com.br\/index.php\/cam-legislativa-de-sc-pl-0380-2025\/#breadcrumb","itemListElement":[{"@type":"ListItem","position":1,"name":"In\u00edcio","item":"https:\/\/www.legislapp.com.br\/"},{"@type":"ListItem","position":2,"name":"PL.\/0380\/2025 &#8211; S\u00e9rgio Guimar\u00e3es"}]},{"@type":"WebSite","@id":"https:\/\/www.legislapp.com.br\/#website","url":"https:\/\/www.legislapp.com.br\/","name":"Legislapp","description":"Intelig\u00eancia governamental em tempo real","publisher":{"@id":"https:\/\/www.legislapp.com.br\/#organization"},"potentialAction":[{"@type":"SearchAction","target":{"@type":"EntryPoint","urlTemplate":"https:\/\/www.legislapp.com.br\/?s={search_term_string}"},"query-input":{"@type":"PropertyValueSpecification","valueRequired":true,"valueName":"search_term_string"}}],"inLanguage":"pt-BR"},{"@type":"Organization","@id":"https:\/\/www.legislapp.com.br\/#organization","name":"Legislapp Monitoramento e Intelig\u00eancia Governamental","url":"https:\/\/www.legislapp.com.br\/","logo":{"@type":"ImageObject","inLanguage":"pt-BR","@id":"https:\/\/www.legislapp.com.br\/#\/schema\/logo\/image\/","url":"https:\/\/www.legislapp.com.br\/wp-content\/uploads\/icon.png","contentUrl":"https:\/\/www.legislapp.com.br\/wp-content\/uploads\/icon.png","width":1024,"height":1024,"caption":"Legislapp Monitoramento e Intelig\u00eancia Governamental"},"image":{"@id":"https:\/\/www.legislapp.com.br\/#\/schema\/logo\/image\/"},"sameAs":["https:\/\/www.instagram.com\/legislapp\/"]}]}},"_links":{"self":[{"href":"https:\/\/www.legislapp.com.br\/index.php\/wp-json\/wp\/v2\/pages\/7329","targetHints":{"allow":["GET"]}}],"collection":[{"href":"https:\/\/www.legislapp.com.br\/index.php\/wp-json\/wp\/v2\/pages"}],"about":[{"href":"https:\/\/www.legislapp.com.br\/index.php\/wp-json\/wp\/v2\/types\/page"}],"author":[{"embeddable":true,"href":"https:\/\/www.legislapp.com.br\/index.php\/wp-json\/wp\/v2\/users\/1"}],"replies":[{"embeddable":true,"href":"https:\/\/www.legislapp.com.br\/index.php\/wp-json\/wp\/v2\/comments?post=7329"}],"version-history":[{"count":0,"href":"https:\/\/www.legislapp.com.br\/index.php\/wp-json\/wp\/v2\/pages\/7329\/revisions"}],"wp:attachment":[{"href":"https:\/\/www.legislapp.com.br\/index.php\/wp-json\/wp\/v2\/media?parent=7329"}],"curies":[{"name":"wp","href":"https:\/\/api.w.org\/{rel}","templated":true}]}}