{"id":7341,"date":"2025-09-17T13:25:44","date_gmt":"2025-09-17T16:25:44","guid":{"rendered":"https:\/\/www.legislapp.com.br\/index.php\/cam-legislativa-de-sc-pl-0373-2025\/"},"modified":"2025-09-17T13:25:44","modified_gmt":"2025-09-17T16:25:44","slug":"cam-legislativa-de-sc-pl-0373-2025","status":"publish","type":"page","link":"https:\/\/www.legislapp.com.br\/index.php\/cam-legislativa-de-sc-pl-0373-2025\/","title":{"rendered":"PL.\/0373\/2025 &#8211; Jess\u00e9 Lopes"},"content":{"rendered":"<h1 style='text-align: center;'>C\u00e2m. Legislativa de SC &#8211; Autoria de Jess\u00e9 Lopes<\/h3>\n<p><\/p>\n<article style='text-align: center'>Altera a Lei n. 17.727, de 13 de maio de 2019, para facultar aos estabelecimentos a distribui\u00e7\u00e3o de canudos pl\u00e1sticos descart\u00e1veis.<\/article>\n<p><\/p>\n<p style='text-align: center'><a href='https:\/\/app.legislapp.com.br\/#\/busca?termo='><\/a><\/p>\n<p><\/p>\n<article>ASSEMBLEIA LEGISLATIVA GABINETE DEPUTADO<br \/>\nESTADO DE SANTA CATARINA JESS\u00c9 LOPES<\/p>\n<p>PROJETO DE LEI N.              , DE 2025<\/p>\n<p>Altera a Lei n. 17.727, de 13 de maio de 2019, para facultar<br \/>\naos estabelecimentos a distribui\u00e7\u00e3o de canudos pl\u00e1sticos<br \/>\ndescart\u00e1veis. <\/p>\n<p>Art. 1\u00ba A Lei n. 17.727, de 13 de maio de 2019, passa a<br \/>\nvigorar com a seguinte altera\u00e7\u00e3o: <\/p>\n<p>&#8220;Art. 1\u00ba \u00c9 facultado aos estabelecimentos comerciais<br \/>\ninstalados no Estado de Santa Catarina, tais como hot\u00e9is,<br \/>\nclubes, padarias, bares e lanchonetes, bem como os servi\u00e7os<br \/>\nambulantes de alimenta\u00e7\u00e3o e bebidas, utilizarem canudos e<br \/>\ndemais insumos descart\u00e1veis, biodegrad\u00e1veis, recicl\u00e1veis ou<br \/>\nreutiliz\u00e1veis, de acordo com sua pol\u00edtica interna e p\u00fablico-<br \/>\nalvo.&#8221; (NR)<\/p>\n<p>Art. 2\u00ba Ficam revogados o par\u00e1grafo \u00fanico do art. 1\u00ba e os<br \/>\narts. 2\u00ba e 4\u00ba, todos da Lei n. 17.727, de 13 de maio de 2019.<\/p>\n<p>Art. 3\u00ba Esta Lei entra em vigor na data de sua publica\u00e7\u00e3o.<\/p>\n<p>Sala da Sess\u00f5es, data da assinatura digital.    <\/p>\n<p>Deputado JESS\u00c9 LOPES<br \/>\nPL\/SC<br \/>\nJUSTIFICATIVA<\/p>\n<p>O presente projeto visa disponibilizar aos estabelecimentos<br \/>\ncomerciais do Estado de Santa Catarina a escolha do uso de canudos e demais<br \/>\ninsumos de ordem descart\u00e1veis, biodegrad\u00e1veis, recicl\u00e1veis ou reutiliz\u00e1veis.<\/p>\n<p>A proposta surge no contexto de estudos recentes que<br \/>\navaliaram o grau de (in)sustentabilidade dos canudos de papel. Ou seja, em resposta<br \/>\naos estudos que demonstram o dano que o pl\u00e1stico provoca ao meio ambiente, os<br \/>\ncanudos de papel come\u00e7aram a ser utilizados por grande parte dos estabelecimentos<br \/>\ntanto no Brasil e em outros pa\u00edses.<\/p>\n<p>Contudo, pesquisadores da Universidade da Antu\u00e9rpia, na<br \/>\nB\u00e9lgica, avaliaram que o canudo de papel cont\u00eam mais &#8220;produtos qu\u00edmicos eternos&#8221;,<br \/>\nsubst\u00e2ncias per e polifluoroalquil (PFAS) do que o pl\u00e1stico. Esses produtos podem<br \/>\nmanter-se no ambiente durante d\u00e9cadas, contaminando rios e provocando uma s\u00e9ries<br \/>\nde problemas de sa\u00fade, concluindo que os canudos de papel n\u00e3o s\u00e3o uma op\u00e7\u00e3o mais<br \/>\nsustent\u00e1vel do que os de pl\u00e1stico.<\/p>\n<p>Al\u00e9m disso, os canudos de papel de degradam mais<br \/>\nfacilmente que os de pl\u00e1stico, resultando no uso de mais de uma unidade por indiv\u00edduo.<br \/>\nAdemais, a produ\u00e7\u00e3o desse insumo tamb\u00e9m acarreta impactos ambientais negativos,<br \/>\numa vez que envolve a extra\u00e7\u00e3o de celulose para a fabrica\u00e7\u00e3o dos canudos.<\/p>\n<p>Com isso, revela-se inadequado impor aos estabelecimentos<br \/>\ncatarinenses a obrigatoriedade de utiliza\u00e7\u00e3o dos canudos de papel sob a justificativa de<br \/>\nsustentabilidade, especialmente diante de estudos recentes que apontam seus pr\u00f3prios<br \/>\nimpactos ambientais negativos. Tal imposi\u00e7\u00e3o pode, inclusive, induzir a uma falsa<br \/>\npercep\u00e7\u00e3o de sustentabilidade, mascarando os reais danos associados \u00e0 produ\u00e7\u00e3o e<br \/>\nao descarte desse tipo de material.<\/p>\n<p>Diante do exposto, solicitamos o apoio dos nobres<br \/>\nparlamentares para a aprova\u00e7\u00e3o desta proposta.<\/p>\n<p>Deputado Jess\u00e9 Lopes<br \/>\n PL-SC<\/p>\n<p>ELEGIS<br \/>\nDocumento assinado eletronicamente por Jess\u00e9 de Faria Lopes,<br \/>\nSistema de Processo<br \/>\nem 23\/06\/2025, \u00e0s 21:11.<br \/>\nLegislativo Eletr\u00f4nico<\/article>\n<div style=\"text-align: center\">\n<div style=\"margin-bottom: 20px;\" class=\"et_pb_button_module_wrapper et_pb_button_5_tb_body_wrapper et_pb_button_alignment_center et_pb_module \">\n         <a class=\"et_pb_button et_pb_button_5_tb_body et_hover_enabled et_pb_bg_layout_dark\" style=\"width: 50%;background-color: black;\" href=\"https:\/\/app.legislapp.com.br\" target=\"_blank\" rel=\"noopener\">Visualizar completo na nossa plataforma (30 dias gr\u00e1tis)<\/a><\/p><\/div>\n<p>      <a href=\"https:\/\/play.google.com\/store\/apps\/details?id=br.com.legislapp\"><img decoding=\"async\" style=\"width: 15%; min-width: 130px;\" src=\"https:\/\/www.legislapp.com.br\/wp-content\/uploads\/google-play.png\"><\/a><br \/>\n      <a href=\"https:\/\/apps.apple.com\/us\/app\/legislapp\/id1568929859\"><img decoding=\"async\" style=\"width: 15%; min-width: 130px\" src=\"https:\/\/www.legislapp.com.br\/wp-content\/uploads\/apple-store.png\"><\/a>\n   <\/div>\n","protected":false},"excerpt":{"rendered":"<p>C\u00e2m. Legislativa de SC &#8211; Autoria de Jess\u00e9 Lopes Altera a Lei n. 17.727, de 13 de maio de 2019, para facultar aos estabelecimentos a distribui\u00e7\u00e3o de canudos pl\u00e1sticos descart\u00e1veis. ASSEMBLEIA LEGISLATIVA GABINETE DEPUTADO ESTADO DE SANTA CATARINA JESS\u00c9 LOPES PROJETO DE LEI N. , DE 2025 Altera a Lei n. 17.727, de 13 de [&hellip;]<\/p>\n","protected":false},"author":1,"featured_media":0,"parent":0,"menu_order":0,"comment_status":"closed","ping_status":"closed","template":"page-template-blank.php","meta":{"_et_pb_use_builder":"","_et_pb_old_content":"","_et_gb_content_width":"1080","ngg_post_thumbnail":0,"footnotes":""},"class_list":["post-7341","page","type-page","status-publish","hentry"],"yoast_head":"<!-- This site is optimized with the Yoast SEO plugin v24.4 - https:\/\/yoast.com\/wordpress\/plugins\/seo\/ -->\n<title>PL.\/0373\/2025 - Jess\u00e9 Lopes - Legislapp<\/title>\n<meta name=\"robots\" content=\"index, follow, max-snippet:-1, max-image-preview:large, max-video-preview:-1\" \/>\n<link rel=\"canonical\" href=\"https:\/\/www.legislapp.com.br\/index.php\/cam-legislativa-de-sc-pl-0373-2025\/\" \/>\n<meta property=\"og:locale\" content=\"pt_BR\" \/>\n<meta property=\"og:type\" content=\"article\" \/>\n<meta property=\"og:title\" content=\"PL.\/0373\/2025 - Jess\u00e9 Lopes - Legislapp\" \/>\n<meta property=\"og:description\" content=\"C\u00e2m. Legislativa de SC &#8211; Autoria de Jess\u00e9 Lopes Altera a Lei n. 17.727, de 13 de maio de 2019, para facultar aos estabelecimentos a distribui\u00e7\u00e3o de canudos pl\u00e1sticos descart\u00e1veis. ASSEMBLEIA LEGISLATIVA GABINETE DEPUTADO ESTADO DE SANTA CATARINA JESS\u00c9 LOPES PROJETO DE LEI N. , DE 2025 Altera a Lei n. 17.727, de 13 de [&hellip;]\" \/>\n<meta property=\"og:url\" content=\"https:\/\/www.legislapp.com.br\/index.php\/cam-legislativa-de-sc-pl-0373-2025\/\" \/>\n<meta property=\"og:site_name\" content=\"Legislapp\" \/>\n<meta property=\"article:publisher\" content=\"https:\/\/www.instagram.com\/legislapp\/\" \/>\n<meta property=\"og:image\" content=\"https:\/\/www.legislapp.com.br\/wp-content\/uploads\/google-play.png\" \/>\n<meta name=\"twitter:card\" content=\"summary_large_image\" \/>\n<meta name=\"twitter:label1\" content=\"Est. tempo de leitura\" \/>\n\t<meta name=\"twitter:data1\" content=\"3 minutos\" \/>\n<script type=\"application\/ld+json\" class=\"yoast-schema-graph\">{\"@context\":\"https:\/\/schema.org\",\"@graph\":[{\"@type\":\"WebPage\",\"@id\":\"https:\/\/www.legislapp.com.br\/index.php\/cam-legislativa-de-sc-pl-0373-2025\/\",\"url\":\"https:\/\/www.legislapp.com.br\/index.php\/cam-legislativa-de-sc-pl-0373-2025\/\",\"name\":\"PL.\/0373\/2025 - Jess\u00e9 Lopes - Legislapp\",\"isPartOf\":{\"@id\":\"https:\/\/www.legislapp.com.br\/#website\"},\"primaryImageOfPage\":{\"@id\":\"https:\/\/www.legislapp.com.br\/index.php\/cam-legislativa-de-sc-pl-0373-2025\/#primaryimage\"},\"image\":{\"@id\":\"https:\/\/www.legislapp.com.br\/index.php\/cam-legislativa-de-sc-pl-0373-2025\/#primaryimage\"},\"thumbnailUrl\":\"https:\/\/www.legislapp.com.br\/wp-content\/uploads\/google-play.png\",\"datePublished\":\"2025-09-17T16:25:44+00:00\",\"breadcrumb\":{\"@id\":\"https:\/\/www.legislapp.com.br\/index.php\/cam-legislativa-de-sc-pl-0373-2025\/#breadcrumb\"},\"inLanguage\":\"pt-BR\",\"potentialAction\":[{\"@type\":\"ReadAction\",\"target\":[\"https:\/\/www.legislapp.com.br\/index.php\/cam-legislativa-de-sc-pl-0373-2025\/\"]}]},{\"@type\":\"ImageObject\",\"inLanguage\":\"pt-BR\",\"@id\":\"https:\/\/www.legislapp.com.br\/index.php\/cam-legislativa-de-sc-pl-0373-2025\/#primaryimage\",\"url\":\"https:\/\/www.legislapp.com.br\/wp-content\/uploads\/google-play.png\",\"contentUrl\":\"https:\/\/www.legislapp.com.br\/wp-content\/uploads\/google-play.png\",\"width\":564,\"height\":168},{\"@type\":\"BreadcrumbList\",\"@id\":\"https:\/\/www.legislapp.com.br\/index.php\/cam-legislativa-de-sc-pl-0373-2025\/#breadcrumb\",\"itemListElement\":[{\"@type\":\"ListItem\",\"position\":1,\"name\":\"In\u00edcio\",\"item\":\"https:\/\/www.legislapp.com.br\/\"},{\"@type\":\"ListItem\",\"position\":2,\"name\":\"PL.\/0373\/2025 &#8211; Jess\u00e9 Lopes\"}]},{\"@type\":\"WebSite\",\"@id\":\"https:\/\/www.legislapp.com.br\/#website\",\"url\":\"https:\/\/www.legislapp.com.br\/\",\"name\":\"Legislapp\",\"description\":\"Intelig\u00eancia governamental em tempo real\",\"publisher\":{\"@id\":\"https:\/\/www.legislapp.com.br\/#organization\"},\"potentialAction\":[{\"@type\":\"SearchAction\",\"target\":{\"@type\":\"EntryPoint\",\"urlTemplate\":\"https:\/\/www.legislapp.com.br\/?s={search_term_string}\"},\"query-input\":{\"@type\":\"PropertyValueSpecification\",\"valueRequired\":true,\"valueName\":\"search_term_string\"}}],\"inLanguage\":\"pt-BR\"},{\"@type\":\"Organization\",\"@id\":\"https:\/\/www.legislapp.com.br\/#organization\",\"name\":\"Legislapp Monitoramento e Intelig\u00eancia Governamental\",\"url\":\"https:\/\/www.legislapp.com.br\/\",\"logo\":{\"@type\":\"ImageObject\",\"inLanguage\":\"pt-BR\",\"@id\":\"https:\/\/www.legislapp.com.br\/#\/schema\/logo\/image\/\",\"url\":\"https:\/\/www.legislapp.com.br\/wp-content\/uploads\/icon.png\",\"contentUrl\":\"https:\/\/www.legislapp.com.br\/wp-content\/uploads\/icon.png\",\"width\":1024,\"height\":1024,\"caption\":\"Legislapp Monitoramento e Intelig\u00eancia Governamental\"},\"image\":{\"@id\":\"https:\/\/www.legislapp.com.br\/#\/schema\/logo\/image\/\"},\"sameAs\":[\"https:\/\/www.instagram.com\/legislapp\/\"]}]}<\/script>\n<!-- \/ Yoast SEO plugin. -->","yoast_head_json":{"title":"PL.\/0373\/2025 - Jess\u00e9 Lopes - Legislapp","robots":{"index":"index","follow":"follow","max-snippet":"max-snippet:-1","max-image-preview":"max-image-preview:large","max-video-preview":"max-video-preview:-1"},"canonical":"https:\/\/www.legislapp.com.br\/index.php\/cam-legislativa-de-sc-pl-0373-2025\/","og_locale":"pt_BR","og_type":"article","og_title":"PL.\/0373\/2025 - Jess\u00e9 Lopes - Legislapp","og_description":"C\u00e2m. Legislativa de SC &#8211; Autoria de Jess\u00e9 Lopes Altera a Lei n. 17.727, de 13 de maio de 2019, para facultar aos estabelecimentos a distribui\u00e7\u00e3o de canudos pl\u00e1sticos descart\u00e1veis. ASSEMBLEIA LEGISLATIVA GABINETE DEPUTADO ESTADO DE SANTA CATARINA JESS\u00c9 LOPES PROJETO DE LEI N. , DE 2025 Altera a Lei n. 17.727, de 13 de [&hellip;]","og_url":"https:\/\/www.legislapp.com.br\/index.php\/cam-legislativa-de-sc-pl-0373-2025\/","og_site_name":"Legislapp","article_publisher":"https:\/\/www.instagram.com\/legislapp\/","og_image":[{"url":"https:\/\/www.legislapp.com.br\/wp-content\/uploads\/google-play.png","type":"","width":"","height":""}],"twitter_card":"summary_large_image","twitter_misc":{"Est. tempo de leitura":"3 minutos"},"schema":{"@context":"https:\/\/schema.org","@graph":[{"@type":"WebPage","@id":"https:\/\/www.legislapp.com.br\/index.php\/cam-legislativa-de-sc-pl-0373-2025\/","url":"https:\/\/www.legislapp.com.br\/index.php\/cam-legislativa-de-sc-pl-0373-2025\/","name":"PL.\/0373\/2025 - Jess\u00e9 Lopes - Legislapp","isPartOf":{"@id":"https:\/\/www.legislapp.com.br\/#website"},"primaryImageOfPage":{"@id":"https:\/\/www.legislapp.com.br\/index.php\/cam-legislativa-de-sc-pl-0373-2025\/#primaryimage"},"image":{"@id":"https:\/\/www.legislapp.com.br\/index.php\/cam-legislativa-de-sc-pl-0373-2025\/#primaryimage"},"thumbnailUrl":"https:\/\/www.legislapp.com.br\/wp-content\/uploads\/google-play.png","datePublished":"2025-09-17T16:25:44+00:00","breadcrumb":{"@id":"https:\/\/www.legislapp.com.br\/index.php\/cam-legislativa-de-sc-pl-0373-2025\/#breadcrumb"},"inLanguage":"pt-BR","potentialAction":[{"@type":"ReadAction","target":["https:\/\/www.legislapp.com.br\/index.php\/cam-legislativa-de-sc-pl-0373-2025\/"]}]},{"@type":"ImageObject","inLanguage":"pt-BR","@id":"https:\/\/www.legislapp.com.br\/index.php\/cam-legislativa-de-sc-pl-0373-2025\/#primaryimage","url":"https:\/\/www.legislapp.com.br\/wp-content\/uploads\/google-play.png","contentUrl":"https:\/\/www.legislapp.com.br\/wp-content\/uploads\/google-play.png","width":564,"height":168},{"@type":"BreadcrumbList","@id":"https:\/\/www.legislapp.com.br\/index.php\/cam-legislativa-de-sc-pl-0373-2025\/#breadcrumb","itemListElement":[{"@type":"ListItem","position":1,"name":"In\u00edcio","item":"https:\/\/www.legislapp.com.br\/"},{"@type":"ListItem","position":2,"name":"PL.\/0373\/2025 &#8211; Jess\u00e9 Lopes"}]},{"@type":"WebSite","@id":"https:\/\/www.legislapp.com.br\/#website","url":"https:\/\/www.legislapp.com.br\/","name":"Legislapp","description":"Intelig\u00eancia governamental em tempo real","publisher":{"@id":"https:\/\/www.legislapp.com.br\/#organization"},"potentialAction":[{"@type":"SearchAction","target":{"@type":"EntryPoint","urlTemplate":"https:\/\/www.legislapp.com.br\/?s={search_term_string}"},"query-input":{"@type":"PropertyValueSpecification","valueRequired":true,"valueName":"search_term_string"}}],"inLanguage":"pt-BR"},{"@type":"Organization","@id":"https:\/\/www.legislapp.com.br\/#organization","name":"Legislapp Monitoramento e Intelig\u00eancia Governamental","url":"https:\/\/www.legislapp.com.br\/","logo":{"@type":"ImageObject","inLanguage":"pt-BR","@id":"https:\/\/www.legislapp.com.br\/#\/schema\/logo\/image\/","url":"https:\/\/www.legislapp.com.br\/wp-content\/uploads\/icon.png","contentUrl":"https:\/\/www.legislapp.com.br\/wp-content\/uploads\/icon.png","width":1024,"height":1024,"caption":"Legislapp Monitoramento e Intelig\u00eancia Governamental"},"image":{"@id":"https:\/\/www.legislapp.com.br\/#\/schema\/logo\/image\/"},"sameAs":["https:\/\/www.instagram.com\/legislapp\/"]}]}},"_links":{"self":[{"href":"https:\/\/www.legislapp.com.br\/index.php\/wp-json\/wp\/v2\/pages\/7341","targetHints":{"allow":["GET"]}}],"collection":[{"href":"https:\/\/www.legislapp.com.br\/index.php\/wp-json\/wp\/v2\/pages"}],"about":[{"href":"https:\/\/www.legislapp.com.br\/index.php\/wp-json\/wp\/v2\/types\/page"}],"author":[{"embeddable":true,"href":"https:\/\/www.legislapp.com.br\/index.php\/wp-json\/wp\/v2\/users\/1"}],"replies":[{"embeddable":true,"href":"https:\/\/www.legislapp.com.br\/index.php\/wp-json\/wp\/v2\/comments?post=7341"}],"version-history":[{"count":0,"href":"https:\/\/www.legislapp.com.br\/index.php\/wp-json\/wp\/v2\/pages\/7341\/revisions"}],"wp:attachment":[{"href":"https:\/\/www.legislapp.com.br\/index.php\/wp-json\/wp\/v2\/media?parent=7341"}],"curies":[{"name":"wp","href":"https:\/\/api.w.org\/{rel}","templated":true}]}}