{"id":7342,"date":"2025-09-17T13:25:47","date_gmt":"2025-09-17T16:25:47","guid":{"rendered":"https:\/\/www.legislapp.com.br\/index.php\/cam-legislativa-de-sc-pl-0374-2025\/"},"modified":"2025-09-17T13:25:47","modified_gmt":"2025-09-17T16:25:47","slug":"cam-legislativa-de-sc-pl-0374-2025","status":"publish","type":"page","link":"https:\/\/www.legislapp.com.br\/index.php\/cam-legislativa-de-sc-pl-0374-2025\/","title":{"rendered":"PL.\/0374\/2025 &#8211; Tribunal de Justi\u00e7a do Estado"},"content":{"rendered":"<h1 style='text-align: center;'>C\u00e2m. Legislativa de SC &#8211; Autoria de Tribunal de Justi\u00e7a do Estado<\/h3>\n<p><\/p>\n<article style='text-align: center'>Altera a Lei n\u00ba 16.812, de 16 de dezembro de 2015, que disp\u00f5e sobre a cria\u00e7\u00e3o de serventias extrajudiciais na comarca de Chapec\u00f3 e adota outras provid\u00eancias.<\/article>\n<p><\/p>\n<p style='text-align: center'><a href='https:\/\/app.legislapp.com.br\/#\/busca?termo='><\/a><\/p>\n<p><\/p>\n<article>ESTADO DE SANTA CATARINA<br \/>\nPODER JUDICI\u00c1RIO<\/p>\n<p>OF\u00cdCIO N. 1.453\/2025 &#8211; GP<br \/>\n\u00c0 Sua Excel\u00eancia o Senhor<br \/>\nDeputado PADRE PEDRO BALDISSERA<br \/>\nPresidente em exerc\u00edcio da Assembleia Legislativa do Estado de Santa<br \/>\nCatarina \u2013 ALESC<br \/>\nFlorian\u00f3polis\/SC<\/p>\n<p>Assunto: Encaminhamento de Projeto de Lei \u2013 Reorganiza\u00e7\u00e3o<br \/>\nterritorial dos Of\u00edcios de Registro de Im\u00f3veis da Comarca de<br \/>\nChapec\u00f3\/SC<\/p>\n<p>Excelent\u00edssimo Senhor Presidente,<\/p>\n<p>Cumprimentando-o respeitosamente, sirvo-me do presente para<br \/>\nencaminhar, para aprecia\u00e7\u00e3o dessa augusta Assembleia Legislativa, o<br \/>\nProjeto de Lei aprovado pelo \u00d3rg\u00e3o Especial do Tribunal de Justi\u00e7a do Estado<br \/>\nde Santa Catarina, que trata da reorganiza\u00e7\u00e3o territorial dos 1\u00ba e 2\u00ba Of\u00edcios<br \/>\nde Registro de Im\u00f3veis da Comarca de Chapec\u00f3\/SC, com as devidas<br \/>\naltera\u00e7\u00f5es da Lei Estadual n. 16.812, de 16 de dezembro de 2015.<br \/>\nA proposta legislativa, elaborada no \u00e2mbito de processo<br \/>\nadministrativo conduzido por este Tribunal, foi precedida de dilig\u00eancias<br \/>\nt\u00e9cnicas, inspe\u00e7\u00e3o judicial e manifesta\u00e7\u00f5es especializadas, tendo por<br \/>\nobjetivo promover a adequada delimita\u00e7\u00e3o das circunscri\u00e7\u00f5es territoriais e<br \/>\ncorrigir limita\u00e7\u00f5es regionais, solucionando con?ito de compet\u00eancia entre as<br \/>\nserventias locais, tudo em conson\u00e2ncia com o interesse p\u00fablico, a seguran\u00e7a<br \/>\njur\u00eddica e os princ\u00edpios constitucionais aplic\u00e1veis.<br \/>\nDestaco que a mat\u00e9ria foi submetida, nos termos do art. 1\u00ba da<br \/>\nResolu\u00e7\u00e3o CNJ n. 609\/2024, \u00e0 aprecia\u00e7\u00e3o da \u00ednclita Corregedoria Nacional de<br \/>\nJusti\u00e7a, que, por decis\u00e3o do Exmo. Ministro Mauro Campbell Marques,<br \/>\nmanifestou-se favoravelmente ao encaminhamento do anteprojeto a esta<br \/>\nAssembleia Legislativa, ressaltando a regularidade formal da iniciativa.<br \/>\nDiante do exposto, remeto o Projeto de Lei, acompanhado dos<br \/>\ndocumentos correlatos, para regular tramita\u00e7\u00e3o e delibera\u00e7\u00e3o por esse<br \/>\nEgr\u00e9gio Poder Legislativo.<br \/>\nRenovando protestos de elevada considera\u00e7\u00e3o e apre\u00e7o, coloco-<br \/>\nme \u00e0 disposi\u00e7\u00e3o para quaisquer esclarecimentos adicionais que se ?zeremnecess\u00e1rios.<br \/>\nRespeitosamente,<\/p>\n<p>Desembargador Cid Goulart<br \/>\nPresidente e. e.<br \/>\nDocumento assinado eletronicamente por Cid Jose Goulart Junior, Presidente<br \/>\nem Exerc\u00edcio, em 17\/06\/2025, \u00e0s 21:35, conforme art. 1\u00ba, III, &#8220;b&#8221;, da Lei<br \/>\n11.419\/2006.<br \/>\nA autenticidade do documento pode ser conferida no site<br \/>\nhttp:\/\/sei.tjsc.jus.br\/verificacao informando o c\u00f3digo verificador 9502357 e o<br \/>\nc\u00f3digo CRC 6B9A035E.<br \/>\n0102648-82.2024.8.24.0710 9502357v4ESTADO DE SANTA CATARINA<br \/>\nPODER JUDICI\u00c1RIO<\/p>\n<p>PROJETO DE LEI N\u00b0 XX, DE XX DE XXXX DE 2025<\/p>\n<p>Altera a Lei 16.812, de 16 de dezembro de 2015, que<br \/>\ndisp\u00f5e sobre a cria\u00e7\u00e3o de serventias extrajudiciais na<br \/>\ncomarca de Chapec\u00f3 e adota outras provid\u00eancias.  <\/p>\n<p>O GOVERNADOR DO ESTADO DE SANTA CATARINA<br \/>\nFa\u00e7o saber a todos os habitantes deste Estado que a Assembleia<br \/>\nLegislativa decreta e eu sanciono a seguinte Lei: <\/p>\n<p>Art. 1\u00ba Os incisos I, II e III do art. 2\u00ba da Lei n\u00ba. 16.812, de 16 de dezembro<br \/>\nde 2015, passam a vigorar com a seguinte reda\u00e7\u00e3o: <\/p>\n<p>\u201cArt. 2\u00ba &#8230;&#8230;&#8230;&#8230;&#8230;&#8230;&#8230;&#8230;&#8230;&#8230;&#8230;&#8230;&#8230;&#8230;&#8230;&#8230;&#8230;&#8230;&#8230;&#8230;&#8230;&#8230;&#8230;&#8230;&#8230;&#8230;&#8230;&#8230;&#8230;&#8230;&#8230;&#8230;&#8230;..<br \/>\nI \u2013 os atos do 1\u00ba Of\u00edcio de Registro de Im\u00f3veis abranger\u00e3o:<br \/>\na) os im\u00f3veis situados nos munic\u00edpios de Caxamb\u00fa do Sul e de Guatambu;<br \/>\ne<br \/>\nb) no munic\u00edpio de Chapec\u00f3, iniciando no sentido norte-sul, abranger\u00e3o os<br \/>\nim\u00f3veis que ter\u00e3o como faixa divis\u00f3ria entre o 1\u00ba Of\u00edcio de Registro de<br \/>\nIm\u00f3veis e o 2\u00ba Of\u00edcio de Registro de Im\u00f3veis a Avenida Get\u00falio Vargas,<br \/>\nseguindo-se pela sua lateral leste no sentido sul at\u00e9 a Rua Paschoal<br \/>\nCortelini, desta seguindo sentido oeste at\u00e9 a interse\u00e7\u00e3o com a SC-480 e,<br \/>\ndesta, at\u00e9 o trevo com o bairro Industrial, sentido sul, deste seguindo<br \/>\nsentido leste pelo AC. Fidelis L\u00edbero Grando at\u00e9 a interse\u00e7\u00e3o com a<br \/>\nEMC117, nesta seguindo sentido sul at\u00e9 a EMC116 e desta at\u00e9 a Reserva<br \/>\nInd\u00edgena Cond\u00e1, continuando por sua lateral leste, sentido sul, at\u00e9 o limite<br \/>\ndo munic\u00edpio; confrontando com a \u00e1rea de abrang\u00eancia territorial do 3\u00ba<br \/>\nOf\u00edcio de Registro de Im\u00f3veis, tem como limite a Avenida S\u00e3o Pedro, no<br \/>\nsentido oeste-leste, pelo lado sul, at\u00e9 o cruzamento com a Rua Jardim<br \/>\nEuropa, que, em linha reta, no sentido norte-sul, pelo lado oeste, encontra<br \/>\ntamb\u00e9m com a Rodovia SC-283 que segue sentido leste, pela parte sul, at\u00e9<br \/>\no final do munic\u00edpio;<br \/>\nII \u2013 os atos do 2\u00ba Of\u00edcio de Registro de Im\u00f3veis abranger\u00e3o:<br \/>\na) os im\u00f3veis situados no munic\u00edpio de Planalto Alegre; e<br \/>\nb) no munic\u00edpio de Chapec\u00f3, iniciando no sentido norte-sul, abranger\u00e3o os<br \/>\nim\u00f3veis situados no cruzamento entre a Avenida S\u00e3o Pedro (SC-283) e a<br \/>\nAvenida Get\u00falio Vargas (sentido norte-sul), seguindo pela sua lateral oeste<br \/>\nno sentido sul at\u00e9 a Rua Paschoal Cortelini, desta seguindo sentido oeste<br \/>\nat\u00e9 a interse\u00e7\u00e3o com a SC-480 e, desta, at\u00e9 o trevo com o bairro Industrial<br \/>\nsentido sul, deste seguindo sentido  leste pelo AC. Fidelis L\u00edbero Grando<br \/>\nat\u00e9 a interse\u00e7\u00e3o com a EMC117, seguindo nesta, sentido sul, at\u00e9 a EMC116<br \/>\ne desta at\u00e9 a Reserva Ind\u00edgena Cond\u00e1, continuando por sua lateral oeste,<br \/>\nsentido sul, at\u00e9 o limite do munic\u00edpio; confrontando com a \u00e1rea de<br \/>\nabrang\u00eancia territorial do 3\u00ba Of\u00edcio de Registro de Im\u00f3veis, tem como limite a Rodovia SC-283, lado sul, seguindo no sentido leste-oeste a partir do<br \/>\nlimite com a Avenida Get\u00falio Vargas at\u00e9 o limite do munic\u00edpio; e<br \/>\nIII \u2013 os atos do 3\u00ba Of\u00edcio de Registro de Im\u00f3veis abranger\u00e3o;<br \/>\na) os munic\u00edpios de Cordilheira Alta e Nova Itaberaba; e<br \/>\nb) no munic\u00edpio de Chapec\u00f3, na confronta\u00e7\u00e3o com a \u00e1rea de abrang\u00eancia<br \/>\nterritorial do 1\u00ba Of\u00edcio de Registro de Im\u00f3veis tem como limite a Avenida<br \/>\nS\u00e3o Pedro, pelo lado norte, sentido oeste-leste, at\u00e9 o cruzamento com a<br \/>\nRua Jardim Europa, que, em linha reta, encontra tamb\u00e9m com a Rodovia<br \/>\nSC-283, seguindo pelo lado leste e norte at\u00e9 o final do munic\u00edpio; na<br \/>\nconfronta\u00e7\u00e3o com a \u00e1rea de abrang\u00eancia territorial do 2\u00ba Of\u00edcio de Registro<br \/>\nde Im\u00f3veis ter\u00e1 como limite a Rodovia SC-283, pelo lado norte, seguindo<br \/>\nno sentido leste-oeste at\u00e9 o limite do munic\u00edpio.\u201d (NR) <\/p>\n<p>Art. 2\u00ba Esta lei entra em vigor na data de sua publica\u00e7\u00e3o. <\/p>\n<p>Florian\u00f3polis, XX de XX de 2025. <\/p>\n<p>JORGINHO MELLO<br \/>\nGovernador do Estado <\/p>\n<p>Justificativa <\/p>\n<p>O presente projeto de lei nasceu da necessidade de corrigir d\u00favidas sobre<br \/>\na compet\u00eancia territorial verificadas entre os Of\u00edcios de Registro de Im\u00f3veis de<br \/>\nChapec\u00f3, decorrentes da interpreta\u00e7\u00e3o da Lei n\u00ba 16.812, de 16 de dezembro de 2015,<br \/>\nque disp\u00f5e sobre a cria\u00e7\u00e3o de serventias extrajudiciais na comarca de Chapec\u00f3 e<br \/>\nadota outras provid\u00eancias.<br \/>\nA necessidade da presente altera\u00e7\u00e3o legislativa decorre da imprecis\u00e3o na<br \/>\ndelimita\u00e7\u00e3o territorial imposta pela legisla\u00e7\u00e3o vigente, tornando inexequ\u00edveis alguns<br \/>\ndos marcos originalmente instalados. Essa situa\u00e7\u00e3o tem gerado d\u00favidas sobre a<br \/>\ncorreta aplica\u00e7\u00e3o da compet\u00eancia de cada of\u00edcio, o que pode comprometer a<br \/>\nseguran\u00e7a jur\u00eddica e a efici\u00eancia da presta\u00e7\u00e3o de servi\u00e7os extrajudiciais praticados na<br \/>\ncomarca de Chapec\u00f3.<br \/>\nA proposta refere-se t\u00e3o somente \u00e0 redefini\u00e7\u00e3o dos limites das<br \/>\ncircunscri\u00e7\u00f5es do 1\u00ba, do 2\u00ba e do 3\u00ba Of\u00edcio de Registro de Im\u00f3veis, tendo em vista a<br \/>\nnecessidade de adequa\u00e7\u00e3o \u00e0 atual configura\u00e7\u00e3o urbana da cidade, que, passados 10<br \/>\n(dez) anos, se desenha de forma diversa da estabelecida quando da edi\u00e7\u00e3o da Lei n\u00ba<br \/>\n16.812, de 16 de dezembro de 2015. Para solucionar esse problema, a nova reda\u00e7\u00e3o<br \/>\nda norma prop\u00f5e a ado\u00e7\u00e3o de marcos alternativos, de modo a garantir a clareza e a<br \/>\nefetividade da divis\u00e3o territorial atual.<br \/>\nAssim sendo, com fundamento no princ\u00edpio da reserva legal, encaminha-se<br \/>\no presente anteprojeto de lei para a devida aprecia\u00e7\u00e3o.  <\/p>\n<p> Documento assinado eletronicamente por Neide Lara de Souza Broering,<br \/>\nChefe de Se\u00e7\u00e3o, em 19\/03\/2025, \u00e0s 16:41, conforme art. 1\u00ba, III, &#8220;b&#8221;, da Lei<br \/>\n11.419\/2006.<br \/>\nA autenticidade do documento pode ser conferida no site<br \/>\nhttp:\/\/sei.tjsc.jus.br\/verificacao informando o c\u00f3digo verificador 9201636 e o<br \/>\nc\u00f3digo CRC 94118F1E.<br \/>\n0102648-82.2024.8.24.0710 9201636v2<\/article>\n<div style=\"text-align: center\">\n<div style=\"margin-bottom: 20px;\" class=\"et_pb_button_module_wrapper et_pb_button_5_tb_body_wrapper et_pb_button_alignment_center et_pb_module \">\n         <a class=\"et_pb_button et_pb_button_5_tb_body et_hover_enabled et_pb_bg_layout_dark\" style=\"width: 50%;background-color: black;\" href=\"https:\/\/app.legislapp.com.br\" target=\"_blank\" rel=\"noopener\">Visualizar completo na nossa plataforma (30 dias gr\u00e1tis)<\/a><\/p><\/div>\n<p>      <a href=\"https:\/\/play.google.com\/store\/apps\/details?id=br.com.legislapp\"><img decoding=\"async\" style=\"width: 15%; min-width: 130px;\" src=\"https:\/\/www.legislapp.com.br\/wp-content\/uploads\/google-play.png\"><\/a><br \/>\n      <a href=\"https:\/\/apps.apple.com\/us\/app\/legislapp\/id1568929859\"><img decoding=\"async\" style=\"width: 15%; min-width: 130px\" src=\"https:\/\/www.legislapp.com.br\/wp-content\/uploads\/apple-store.png\"><\/a>\n   <\/div>\n","protected":false},"excerpt":{"rendered":"<p>C\u00e2m. Legislativa de SC &#8211; Autoria de Tribunal de Justi\u00e7a do Estado Altera a Lei n\u00ba 16.812, de 16 de dezembro de 2015, que disp\u00f5e sobre a cria\u00e7\u00e3o de serventias extrajudiciais na comarca de Chapec\u00f3 e adota outras provid\u00eancias. ESTADO DE SANTA CATARINA PODER JUDICI\u00c1RIO OF\u00cdCIO N. 1.453\/2025 &#8211; GP \u00c0 Sua Excel\u00eancia o Senhor [&hellip;]<\/p>\n","protected":false},"author":1,"featured_media":0,"parent":0,"menu_order":0,"comment_status":"closed","ping_status":"closed","template":"page-template-blank.php","meta":{"_et_pb_use_builder":"","_et_pb_old_content":"","_et_gb_content_width":"1080","ngg_post_thumbnail":0,"footnotes":""},"class_list":["post-7342","page","type-page","status-publish","hentry"],"yoast_head":"<!-- This site is optimized with the Yoast SEO plugin v24.4 - https:\/\/yoast.com\/wordpress\/plugins\/seo\/ -->\n<title>PL.\/0374\/2025 - Tribunal de Justi\u00e7a do Estado - Legislapp<\/title>\n<meta name=\"robots\" content=\"index, follow, max-snippet:-1, max-image-preview:large, max-video-preview:-1\" \/>\n<link rel=\"canonical\" href=\"https:\/\/www.legislapp.com.br\/index.php\/cam-legislativa-de-sc-pl-0374-2025\/\" \/>\n<meta property=\"og:locale\" content=\"pt_BR\" \/>\n<meta property=\"og:type\" content=\"article\" \/>\n<meta property=\"og:title\" content=\"PL.\/0374\/2025 - Tribunal de Justi\u00e7a do Estado - Legislapp\" \/>\n<meta property=\"og:description\" content=\"C\u00e2m. Legislativa de SC &#8211; Autoria de Tribunal de Justi\u00e7a do Estado Altera a Lei n\u00ba 16.812, de 16 de dezembro de 2015, que disp\u00f5e sobre a cria\u00e7\u00e3o de serventias extrajudiciais na comarca de Chapec\u00f3 e adota outras provid\u00eancias. ESTADO DE SANTA CATARINA PODER JUDICI\u00c1RIO OF\u00cdCIO N. 1.453\/2025 &#8211; GP \u00c0 Sua Excel\u00eancia o Senhor [&hellip;]\" \/>\n<meta property=\"og:url\" content=\"https:\/\/www.legislapp.com.br\/index.php\/cam-legislativa-de-sc-pl-0374-2025\/\" \/>\n<meta property=\"og:site_name\" content=\"Legislapp\" \/>\n<meta property=\"article:publisher\" content=\"https:\/\/www.instagram.com\/legislapp\/\" \/>\n<meta property=\"og:image\" content=\"https:\/\/www.legislapp.com.br\/wp-content\/uploads\/google-play.png\" \/>\n<meta name=\"twitter:card\" content=\"summary_large_image\" \/>\n<meta name=\"twitter:label1\" content=\"Est. tempo de leitura\" \/>\n\t<meta name=\"twitter:data1\" content=\"7 minutos\" \/>\n<script type=\"application\/ld+json\" class=\"yoast-schema-graph\">{\"@context\":\"https:\/\/schema.org\",\"@graph\":[{\"@type\":\"WebPage\",\"@id\":\"https:\/\/www.legislapp.com.br\/index.php\/cam-legislativa-de-sc-pl-0374-2025\/\",\"url\":\"https:\/\/www.legislapp.com.br\/index.php\/cam-legislativa-de-sc-pl-0374-2025\/\",\"name\":\"PL.\/0374\/2025 - Tribunal de Justi\u00e7a do Estado - Legislapp\",\"isPartOf\":{\"@id\":\"https:\/\/www.legislapp.com.br\/#website\"},\"primaryImageOfPage\":{\"@id\":\"https:\/\/www.legislapp.com.br\/index.php\/cam-legislativa-de-sc-pl-0374-2025\/#primaryimage\"},\"image\":{\"@id\":\"https:\/\/www.legislapp.com.br\/index.php\/cam-legislativa-de-sc-pl-0374-2025\/#primaryimage\"},\"thumbnailUrl\":\"https:\/\/www.legislapp.com.br\/wp-content\/uploads\/google-play.png\",\"datePublished\":\"2025-09-17T16:25:47+00:00\",\"breadcrumb\":{\"@id\":\"https:\/\/www.legislapp.com.br\/index.php\/cam-legislativa-de-sc-pl-0374-2025\/#breadcrumb\"},\"inLanguage\":\"pt-BR\",\"potentialAction\":[{\"@type\":\"ReadAction\",\"target\":[\"https:\/\/www.legislapp.com.br\/index.php\/cam-legislativa-de-sc-pl-0374-2025\/\"]}]},{\"@type\":\"ImageObject\",\"inLanguage\":\"pt-BR\",\"@id\":\"https:\/\/www.legislapp.com.br\/index.php\/cam-legislativa-de-sc-pl-0374-2025\/#primaryimage\",\"url\":\"https:\/\/www.legislapp.com.br\/wp-content\/uploads\/google-play.png\",\"contentUrl\":\"https:\/\/www.legislapp.com.br\/wp-content\/uploads\/google-play.png\",\"width\":564,\"height\":168},{\"@type\":\"BreadcrumbList\",\"@id\":\"https:\/\/www.legislapp.com.br\/index.php\/cam-legislativa-de-sc-pl-0374-2025\/#breadcrumb\",\"itemListElement\":[{\"@type\":\"ListItem\",\"position\":1,\"name\":\"In\u00edcio\",\"item\":\"https:\/\/www.legislapp.com.br\/\"},{\"@type\":\"ListItem\",\"position\":2,\"name\":\"PL.\/0374\/2025 &#8211; Tribunal de Justi\u00e7a do Estado\"}]},{\"@type\":\"WebSite\",\"@id\":\"https:\/\/www.legislapp.com.br\/#website\",\"url\":\"https:\/\/www.legislapp.com.br\/\",\"name\":\"Legislapp\",\"description\":\"Intelig\u00eancia governamental em tempo real\",\"publisher\":{\"@id\":\"https:\/\/www.legislapp.com.br\/#organization\"},\"potentialAction\":[{\"@type\":\"SearchAction\",\"target\":{\"@type\":\"EntryPoint\",\"urlTemplate\":\"https:\/\/www.legislapp.com.br\/?s={search_term_string}\"},\"query-input\":{\"@type\":\"PropertyValueSpecification\",\"valueRequired\":true,\"valueName\":\"search_term_string\"}}],\"inLanguage\":\"pt-BR\"},{\"@type\":\"Organization\",\"@id\":\"https:\/\/www.legislapp.com.br\/#organization\",\"name\":\"Legislapp Monitoramento e Intelig\u00eancia Governamental\",\"url\":\"https:\/\/www.legislapp.com.br\/\",\"logo\":{\"@type\":\"ImageObject\",\"inLanguage\":\"pt-BR\",\"@id\":\"https:\/\/www.legislapp.com.br\/#\/schema\/logo\/image\/\",\"url\":\"https:\/\/www.legislapp.com.br\/wp-content\/uploads\/icon.png\",\"contentUrl\":\"https:\/\/www.legislapp.com.br\/wp-content\/uploads\/icon.png\",\"width\":1024,\"height\":1024,\"caption\":\"Legislapp Monitoramento e Intelig\u00eancia Governamental\"},\"image\":{\"@id\":\"https:\/\/www.legislapp.com.br\/#\/schema\/logo\/image\/\"},\"sameAs\":[\"https:\/\/www.instagram.com\/legislapp\/\"]}]}<\/script>\n<!-- \/ Yoast SEO plugin. -->","yoast_head_json":{"title":"PL.\/0374\/2025 - Tribunal de Justi\u00e7a do Estado - Legislapp","robots":{"index":"index","follow":"follow","max-snippet":"max-snippet:-1","max-image-preview":"max-image-preview:large","max-video-preview":"max-video-preview:-1"},"canonical":"https:\/\/www.legislapp.com.br\/index.php\/cam-legislativa-de-sc-pl-0374-2025\/","og_locale":"pt_BR","og_type":"article","og_title":"PL.\/0374\/2025 - Tribunal de Justi\u00e7a do Estado - Legislapp","og_description":"C\u00e2m. Legislativa de SC &#8211; Autoria de Tribunal de Justi\u00e7a do Estado Altera a Lei n\u00ba 16.812, de 16 de dezembro de 2015, que disp\u00f5e sobre a cria\u00e7\u00e3o de serventias extrajudiciais na comarca de Chapec\u00f3 e adota outras provid\u00eancias. ESTADO DE SANTA CATARINA PODER JUDICI\u00c1RIO OF\u00cdCIO N. 1.453\/2025 &#8211; GP \u00c0 Sua Excel\u00eancia o Senhor [&hellip;]","og_url":"https:\/\/www.legislapp.com.br\/index.php\/cam-legislativa-de-sc-pl-0374-2025\/","og_site_name":"Legislapp","article_publisher":"https:\/\/www.instagram.com\/legislapp\/","og_image":[{"url":"https:\/\/www.legislapp.com.br\/wp-content\/uploads\/google-play.png","type":"","width":"","height":""}],"twitter_card":"summary_large_image","twitter_misc":{"Est. tempo de leitura":"7 minutos"},"schema":{"@context":"https:\/\/schema.org","@graph":[{"@type":"WebPage","@id":"https:\/\/www.legislapp.com.br\/index.php\/cam-legislativa-de-sc-pl-0374-2025\/","url":"https:\/\/www.legislapp.com.br\/index.php\/cam-legislativa-de-sc-pl-0374-2025\/","name":"PL.\/0374\/2025 - Tribunal de Justi\u00e7a do Estado - Legislapp","isPartOf":{"@id":"https:\/\/www.legislapp.com.br\/#website"},"primaryImageOfPage":{"@id":"https:\/\/www.legislapp.com.br\/index.php\/cam-legislativa-de-sc-pl-0374-2025\/#primaryimage"},"image":{"@id":"https:\/\/www.legislapp.com.br\/index.php\/cam-legislativa-de-sc-pl-0374-2025\/#primaryimage"},"thumbnailUrl":"https:\/\/www.legislapp.com.br\/wp-content\/uploads\/google-play.png","datePublished":"2025-09-17T16:25:47+00:00","breadcrumb":{"@id":"https:\/\/www.legislapp.com.br\/index.php\/cam-legislativa-de-sc-pl-0374-2025\/#breadcrumb"},"inLanguage":"pt-BR","potentialAction":[{"@type":"ReadAction","target":["https:\/\/www.legislapp.com.br\/index.php\/cam-legislativa-de-sc-pl-0374-2025\/"]}]},{"@type":"ImageObject","inLanguage":"pt-BR","@id":"https:\/\/www.legislapp.com.br\/index.php\/cam-legislativa-de-sc-pl-0374-2025\/#primaryimage","url":"https:\/\/www.legislapp.com.br\/wp-content\/uploads\/google-play.png","contentUrl":"https:\/\/www.legislapp.com.br\/wp-content\/uploads\/google-play.png","width":564,"height":168},{"@type":"BreadcrumbList","@id":"https:\/\/www.legislapp.com.br\/index.php\/cam-legislativa-de-sc-pl-0374-2025\/#breadcrumb","itemListElement":[{"@type":"ListItem","position":1,"name":"In\u00edcio","item":"https:\/\/www.legislapp.com.br\/"},{"@type":"ListItem","position":2,"name":"PL.\/0374\/2025 &#8211; Tribunal de Justi\u00e7a do Estado"}]},{"@type":"WebSite","@id":"https:\/\/www.legislapp.com.br\/#website","url":"https:\/\/www.legislapp.com.br\/","name":"Legislapp","description":"Intelig\u00eancia governamental em tempo real","publisher":{"@id":"https:\/\/www.legislapp.com.br\/#organization"},"potentialAction":[{"@type":"SearchAction","target":{"@type":"EntryPoint","urlTemplate":"https:\/\/www.legislapp.com.br\/?s={search_term_string}"},"query-input":{"@type":"PropertyValueSpecification","valueRequired":true,"valueName":"search_term_string"}}],"inLanguage":"pt-BR"},{"@type":"Organization","@id":"https:\/\/www.legislapp.com.br\/#organization","name":"Legislapp Monitoramento e Intelig\u00eancia Governamental","url":"https:\/\/www.legislapp.com.br\/","logo":{"@type":"ImageObject","inLanguage":"pt-BR","@id":"https:\/\/www.legislapp.com.br\/#\/schema\/logo\/image\/","url":"https:\/\/www.legislapp.com.br\/wp-content\/uploads\/icon.png","contentUrl":"https:\/\/www.legislapp.com.br\/wp-content\/uploads\/icon.png","width":1024,"height":1024,"caption":"Legislapp Monitoramento e Intelig\u00eancia Governamental"},"image":{"@id":"https:\/\/www.legislapp.com.br\/#\/schema\/logo\/image\/"},"sameAs":["https:\/\/www.instagram.com\/legislapp\/"]}]}},"_links":{"self":[{"href":"https:\/\/www.legislapp.com.br\/index.php\/wp-json\/wp\/v2\/pages\/7342","targetHints":{"allow":["GET"]}}],"collection":[{"href":"https:\/\/www.legislapp.com.br\/index.php\/wp-json\/wp\/v2\/pages"}],"about":[{"href":"https:\/\/www.legislapp.com.br\/index.php\/wp-json\/wp\/v2\/types\/page"}],"author":[{"embeddable":true,"href":"https:\/\/www.legislapp.com.br\/index.php\/wp-json\/wp\/v2\/users\/1"}],"replies":[{"embeddable":true,"href":"https:\/\/www.legislapp.com.br\/index.php\/wp-json\/wp\/v2\/comments?post=7342"}],"version-history":[{"count":0,"href":"https:\/\/www.legislapp.com.br\/index.php\/wp-json\/wp\/v2\/pages\/7342\/revisions"}],"wp:attachment":[{"href":"https:\/\/www.legislapp.com.br\/index.php\/wp-json\/wp\/v2\/media?parent=7342"}],"curies":[{"name":"wp","href":"https:\/\/api.w.org\/{rel}","templated":true}]}}