{"id":7573,"date":"2025-09-17T13:38:32","date_gmt":"2025-09-17T16:38:32","guid":{"rendered":"https:\/\/www.legislapp.com.br\/index.php\/cam-legislativa-de-pe-pl-3004-2025-3\/"},"modified":"2025-09-17T13:38:32","modified_gmt":"2025-09-17T16:38:32","slug":"cam-legislativa-de-pe-pl-3004-2025-3","status":"publish","type":"page","link":"https:\/\/www.legislapp.com.br\/index.php\/cam-legislativa-de-pe-pl-3004-2025-3\/","title":{"rendered":"PL 3004\/2025 &#8211; Rosa Amorim"},"content":{"rendered":"<h1 style='text-align: center;'>C\u00e2m. Legislativa de PE &#8211; Autoria de Rosa Amorim<br \/><img src='https:\/\/www.alepe.pe.gov.br\/\/wp-content\/uploads\/2023\/02\/ROSA-AMORIM-scaled-e1675862161271.jpg' alt='Rosa Amorim' \/><\/h3>\n<p><\/p>\n<article style='text-align: center'>A presente proposi\u00e7\u00e3o legislativa tem por finalidade manter o fornecimento de merenda escolar nas escolas da rede p\u00fablica de ensino, mesmo nos dias em que as aulas forem suspensas devido \u00e0 ocorr\u00eancia de fortes chuvas ou outras calamidades, garantindo que os alunos tenham acesso \u00e0 alimenta\u00e7\u00e3o e possam cobrir suas necessidades nutricionais durante todo o per\u00edodo letivo.<\/p>\n<p>Garante-se, dessa forma, que os estudantes, cujas fam\u00edlias s\u00e3o consideradas de baixa renda e n\u00e3o t\u00eam condi\u00e7\u00f5es de prover todas as refei\u00e7\u00f5es, tenham o m\u00ednimo de alimenta\u00e7\u00e3o di\u00e1ria necess\u00e1ria para um desenvolvimento sadio. Isto porque nos dias de suspens\u00e3o tempor\u00e1ria de aulas muitas crian\u00e7as e adolescentes ficam sem acesso ao m\u00ednimo, no quesito alimenta\u00e7\u00e3o.<\/p>\n<p>A mat\u00e9ria se insere na compet\u00eancia legislativa concorrente dos estados membros para dispor sobre prote\u00e7\u00e3o e defesa da sa\u00fade e prote\u00e7\u00e3o \u00e0 inf\u00e2ncia e \u00e0 juventude, nos termos do art. 24, XII e XV, da Constitui\u00e7\u00e3o Federal.<\/p>\n<p>Por fim, quanto \u00e0 constitucionalidade formal da proposta, n\u00e3o existe impedimento para a iniciativa parlamentar, pois a mat\u00e9ria n\u00e3o se enquadra nas hip\u00f3teses de iniciativa privativa do Governador do Estado (art. 19, \u00a7 1\u00ba da Constitui\u00e7\u00e3o Estadual), uma vez que n\u00e3o versa sobre cria\u00e7\u00e3o, estrutura\u00e7\u00e3o e atribui\u00e7\u00f5es de \u00f3rg\u00e3os do Poder Executivo.<\/p>\n<p>Diante do exposto, requer-se o valoroso apoio dos Nobres Parlamentares da Assembleia Legislativa.<\/article>\n<p><\/p>\n<p style='text-align: center'><a href='https:\/\/app.legislapp.com.br\/#\/busca?termo='><\/a><\/p>\n<p><\/p>\n<article>\u00a0\u00a0\u00a0\u00a0\u00a0Art. 1\u00ba As escolas da rede p\u00fablica de ensino do Estado de Pernambuco dever\u00e3o manter o fornecimento de alimenta\u00e7\u00e3o escolar nos dias em que houver suspens\u00e3o tempor\u00e1ria das aulas em decorr\u00eancia de fortes chuvas ou de outras calamidades, garantindo-se a seguran\u00e7a alimentar dos estudantes.<\/p>\n<p>\u00a0\u00a0\u00a0\u00a0\u00a0Par\u00e1grafo \u00fanico. Para os efeitos desta Lei, entende-se por alimenta\u00e7\u00e3o escolar todo alimento oferecido no ambiente escolar, independentemente de sua origem, durante o per\u00edodo letivo.<\/p>\n<p>\u00a0\u00a0\u00a0\u00a0\u00a0Art. 2\u00ba Os estudantes poder\u00e3o ter acesso \u00e0 alimenta\u00e7\u00e3o escolar atrav\u00e9s da institui\u00e7\u00e3o de ensino mais pr\u00f3xima de sua resid\u00eancia, n\u00e3o sendo necess\u00e1rio dirigir-se \u00e0quela na qual estejam matriculados.<\/p>\n<p>\u00a0\u00a0\u00a0\u00a0\u00a0Par\u00e1grafo \u00fanico. Caber\u00e1 ao \u00f3rg\u00e3o competente determinar quais unidades de ensino ficar\u00e3o abertas para oferecimento da alimenta\u00e7\u00e3o escolar de que trata esta Lei.<\/p>\n<p>\u00a0\u00a0\u00a0\u00a0\u00a0Art. 3\u00ba O descumprimento ao disposto nesta Lei pelas institui\u00e7\u00f5es p\u00fablicas ensejar\u00e1 a responsabiliza\u00e7\u00e3o administrativa de seus dirigentes, em conformidade com a legisla\u00e7\u00e3o aplic\u00e1vel.<\/p>\n<p>\u00a0\u00a0\u00a0\u00a0\u00a0Art. 4\u00ba Caber\u00e1 ao Poder Executivo regulamentar a presente Lei em todos os aspectos necess\u00e1rios para a sua efetiva aplica\u00e7\u00e3o.<\/p>\n<p>\u00a0\u00a0\u00a0\u00a0\u00a0Art. 5\u00ba Esta Lei entra vigor na data de sua publica\u00e7\u00e3o.<\/article>\n<div style=\"text-align: center\">\n<div style=\"margin-bottom: 20px;\" class=\"et_pb_button_module_wrapper et_pb_button_5_tb_body_wrapper et_pb_button_alignment_center et_pb_module \">\n         <a class=\"et_pb_button et_pb_button_5_tb_body et_hover_enabled et_pb_bg_layout_dark\" style=\"width: 50%;background-color: black;\" href=\"https:\/\/app.legislapp.com.br\" target=\"_blank\" rel=\"noopener\">Visualizar completo na nossa plataforma (30 dias gr\u00e1tis)<\/a><\/p><\/div>\n<p>      <a href=\"https:\/\/play.google.com\/store\/apps\/details?id=br.com.legislapp\"><img decoding=\"async\" style=\"width: 15%; min-width: 130px;\" src=\"https:\/\/www.legislapp.com.br\/wp-content\/uploads\/google-play.png\"><\/a><br \/>\n      <a href=\"https:\/\/apps.apple.com\/us\/app\/legislapp\/id1568929859\"><img decoding=\"async\" style=\"width: 15%; min-width: 130px\" src=\"https:\/\/www.legislapp.com.br\/wp-content\/uploads\/apple-store.png\"><\/a>\n   <\/div>\n","protected":false},"excerpt":{"rendered":"<p>C\u00e2m. Legislativa de PE &#8211; Autoria de Rosa Amorim A presente proposi\u00e7\u00e3o legislativa tem por finalidade manter o fornecimento de merenda escolar nas escolas da rede p\u00fablica de ensino, mesmo nos dias em que as aulas forem suspensas devido \u00e0 ocorr\u00eancia de fortes chuvas ou outras calamidades, garantindo que os alunos tenham acesso \u00e0 alimenta\u00e7\u00e3o [&hellip;]<\/p>\n","protected":false},"author":1,"featured_media":0,"parent":0,"menu_order":0,"comment_status":"closed","ping_status":"closed","template":"page-template-blank.php","meta":{"_et_pb_use_builder":"","_et_pb_old_content":"","_et_gb_content_width":"1080","ngg_post_thumbnail":0,"footnotes":""},"class_list":["post-7573","page","type-page","status-publish","hentry"],"yoast_head":"<!-- This site is optimized with the Yoast SEO plugin v24.4 - https:\/\/yoast.com\/wordpress\/plugins\/seo\/ -->\n<title>PL 3004\/2025 - Rosa Amorim - Legislapp<\/title>\n<meta name=\"robots\" content=\"index, follow, max-snippet:-1, max-image-preview:large, max-video-preview:-1\" \/>\n<link rel=\"canonical\" href=\"https:\/\/www.legislapp.com.br\/index.php\/cam-legislativa-de-pe-pl-3004-2025-3\/\" \/>\n<meta property=\"og:locale\" content=\"pt_BR\" \/>\n<meta property=\"og:type\" content=\"article\" \/>\n<meta property=\"og:title\" content=\"PL 3004\/2025 - Rosa Amorim - Legislapp\" \/>\n<meta property=\"og:description\" content=\"C\u00e2m. Legislativa de PE &#8211; Autoria de Rosa Amorim A presente proposi\u00e7\u00e3o legislativa tem por finalidade manter o fornecimento de merenda escolar nas escolas da rede p\u00fablica de ensino, mesmo nos dias em que as aulas forem suspensas devido \u00e0 ocorr\u00eancia de fortes chuvas ou outras calamidades, garantindo que os alunos tenham acesso \u00e0 alimenta\u00e7\u00e3o [&hellip;]\" \/>\n<meta property=\"og:url\" content=\"https:\/\/www.legislapp.com.br\/index.php\/cam-legislativa-de-pe-pl-3004-2025-3\/\" \/>\n<meta property=\"og:site_name\" content=\"Legislapp\" \/>\n<meta property=\"article:publisher\" content=\"https:\/\/www.instagram.com\/legislapp\/\" \/>\n<meta property=\"og:image\" content=\"https:\/\/www.alepe.pe.gov.br\/\/wp-content\/uploads\/2023\/02\/ROSA-AMORIM-scaled-e1675862161271.jpg\" \/>\n<meta name=\"twitter:card\" content=\"summary_large_image\" \/>\n<meta name=\"twitter:label1\" content=\"Est. tempo de leitura\" \/>\n\t<meta name=\"twitter:data1\" content=\"2 minutos\" \/>\n<script type=\"application\/ld+json\" class=\"yoast-schema-graph\">{\"@context\":\"https:\/\/schema.org\",\"@graph\":[{\"@type\":\"WebPage\",\"@id\":\"https:\/\/www.legislapp.com.br\/index.php\/cam-legislativa-de-pe-pl-3004-2025-3\/\",\"url\":\"https:\/\/www.legislapp.com.br\/index.php\/cam-legislativa-de-pe-pl-3004-2025-3\/\",\"name\":\"PL 3004\/2025 - Rosa Amorim - Legislapp\",\"isPartOf\":{\"@id\":\"https:\/\/www.legislapp.com.br\/#website\"},\"primaryImageOfPage\":{\"@id\":\"https:\/\/www.legislapp.com.br\/index.php\/cam-legislativa-de-pe-pl-3004-2025-3\/#primaryimage\"},\"image\":{\"@id\":\"https:\/\/www.legislapp.com.br\/index.php\/cam-legislativa-de-pe-pl-3004-2025-3\/#primaryimage\"},\"thumbnailUrl\":\"https:\/\/www.alepe.pe.gov.br\/\/wp-content\/uploads\/2023\/02\/ROSA-AMORIM-scaled-e1675862161271.jpg\",\"datePublished\":\"2025-09-17T16:38:32+00:00\",\"breadcrumb\":{\"@id\":\"https:\/\/www.legislapp.com.br\/index.php\/cam-legislativa-de-pe-pl-3004-2025-3\/#breadcrumb\"},\"inLanguage\":\"pt-BR\",\"potentialAction\":[{\"@type\":\"ReadAction\",\"target\":[\"https:\/\/www.legislapp.com.br\/index.php\/cam-legislativa-de-pe-pl-3004-2025-3\/\"]}]},{\"@type\":\"ImageObject\",\"inLanguage\":\"pt-BR\",\"@id\":\"https:\/\/www.legislapp.com.br\/index.php\/cam-legislativa-de-pe-pl-3004-2025-3\/#primaryimage\",\"url\":\"https:\/\/www.alepe.pe.gov.br\/\/wp-content\/uploads\/2023\/02\/ROSA-AMORIM-scaled-e1675862161271.jpg\",\"contentUrl\":\"https:\/\/www.alepe.pe.gov.br\/\/wp-content\/uploads\/2023\/02\/ROSA-AMORIM-scaled-e1675862161271.jpg\"},{\"@type\":\"BreadcrumbList\",\"@id\":\"https:\/\/www.legislapp.com.br\/index.php\/cam-legislativa-de-pe-pl-3004-2025-3\/#breadcrumb\",\"itemListElement\":[{\"@type\":\"ListItem\",\"position\":1,\"name\":\"In\u00edcio\",\"item\":\"https:\/\/www.legislapp.com.br\/\"},{\"@type\":\"ListItem\",\"position\":2,\"name\":\"PL 3004\/2025 &#8211; Rosa Amorim\"}]},{\"@type\":\"WebSite\",\"@id\":\"https:\/\/www.legislapp.com.br\/#website\",\"url\":\"https:\/\/www.legislapp.com.br\/\",\"name\":\"Legislapp\",\"description\":\"Intelig\u00eancia governamental em tempo real\",\"publisher\":{\"@id\":\"https:\/\/www.legislapp.com.br\/#organization\"},\"potentialAction\":[{\"@type\":\"SearchAction\",\"target\":{\"@type\":\"EntryPoint\",\"urlTemplate\":\"https:\/\/www.legislapp.com.br\/?s={search_term_string}\"},\"query-input\":{\"@type\":\"PropertyValueSpecification\",\"valueRequired\":true,\"valueName\":\"search_term_string\"}}],\"inLanguage\":\"pt-BR\"},{\"@type\":\"Organization\",\"@id\":\"https:\/\/www.legislapp.com.br\/#organization\",\"name\":\"Legislapp Monitoramento e Intelig\u00eancia Governamental\",\"url\":\"https:\/\/www.legislapp.com.br\/\",\"logo\":{\"@type\":\"ImageObject\",\"inLanguage\":\"pt-BR\",\"@id\":\"https:\/\/www.legislapp.com.br\/#\/schema\/logo\/image\/\",\"url\":\"https:\/\/www.legislapp.com.br\/wp-content\/uploads\/icon.png\",\"contentUrl\":\"https:\/\/www.legislapp.com.br\/wp-content\/uploads\/icon.png\",\"width\":1024,\"height\":1024,\"caption\":\"Legislapp Monitoramento e Intelig\u00eancia Governamental\"},\"image\":{\"@id\":\"https:\/\/www.legislapp.com.br\/#\/schema\/logo\/image\/\"},\"sameAs\":[\"https:\/\/www.instagram.com\/legislapp\/\"]}]}<\/script>\n<!-- \/ Yoast SEO plugin. -->","yoast_head_json":{"title":"PL 3004\/2025 - Rosa Amorim - Legislapp","robots":{"index":"index","follow":"follow","max-snippet":"max-snippet:-1","max-image-preview":"max-image-preview:large","max-video-preview":"max-video-preview:-1"},"canonical":"https:\/\/www.legislapp.com.br\/index.php\/cam-legislativa-de-pe-pl-3004-2025-3\/","og_locale":"pt_BR","og_type":"article","og_title":"PL 3004\/2025 - Rosa Amorim - Legislapp","og_description":"C\u00e2m. Legislativa de PE &#8211; Autoria de Rosa Amorim A presente proposi\u00e7\u00e3o legislativa tem por finalidade manter o fornecimento de merenda escolar nas escolas da rede p\u00fablica de ensino, mesmo nos dias em que as aulas forem suspensas devido \u00e0 ocorr\u00eancia de fortes chuvas ou outras calamidades, garantindo que os alunos tenham acesso \u00e0 alimenta\u00e7\u00e3o [&hellip;]","og_url":"https:\/\/www.legislapp.com.br\/index.php\/cam-legislativa-de-pe-pl-3004-2025-3\/","og_site_name":"Legislapp","article_publisher":"https:\/\/www.instagram.com\/legislapp\/","og_image":[{"url":"https:\/\/www.alepe.pe.gov.br\/\/wp-content\/uploads\/2023\/02\/ROSA-AMORIM-scaled-e1675862161271.jpg","type":"","width":"","height":""}],"twitter_card":"summary_large_image","twitter_misc":{"Est. tempo de leitura":"2 minutos"},"schema":{"@context":"https:\/\/schema.org","@graph":[{"@type":"WebPage","@id":"https:\/\/www.legislapp.com.br\/index.php\/cam-legislativa-de-pe-pl-3004-2025-3\/","url":"https:\/\/www.legislapp.com.br\/index.php\/cam-legislativa-de-pe-pl-3004-2025-3\/","name":"PL 3004\/2025 - Rosa Amorim - Legislapp","isPartOf":{"@id":"https:\/\/www.legislapp.com.br\/#website"},"primaryImageOfPage":{"@id":"https:\/\/www.legislapp.com.br\/index.php\/cam-legislativa-de-pe-pl-3004-2025-3\/#primaryimage"},"image":{"@id":"https:\/\/www.legislapp.com.br\/index.php\/cam-legislativa-de-pe-pl-3004-2025-3\/#primaryimage"},"thumbnailUrl":"https:\/\/www.alepe.pe.gov.br\/\/wp-content\/uploads\/2023\/02\/ROSA-AMORIM-scaled-e1675862161271.jpg","datePublished":"2025-09-17T16:38:32+00:00","breadcrumb":{"@id":"https:\/\/www.legislapp.com.br\/index.php\/cam-legislativa-de-pe-pl-3004-2025-3\/#breadcrumb"},"inLanguage":"pt-BR","potentialAction":[{"@type":"ReadAction","target":["https:\/\/www.legislapp.com.br\/index.php\/cam-legislativa-de-pe-pl-3004-2025-3\/"]}]},{"@type":"ImageObject","inLanguage":"pt-BR","@id":"https:\/\/www.legislapp.com.br\/index.php\/cam-legislativa-de-pe-pl-3004-2025-3\/#primaryimage","url":"https:\/\/www.alepe.pe.gov.br\/\/wp-content\/uploads\/2023\/02\/ROSA-AMORIM-scaled-e1675862161271.jpg","contentUrl":"https:\/\/www.alepe.pe.gov.br\/\/wp-content\/uploads\/2023\/02\/ROSA-AMORIM-scaled-e1675862161271.jpg"},{"@type":"BreadcrumbList","@id":"https:\/\/www.legislapp.com.br\/index.php\/cam-legislativa-de-pe-pl-3004-2025-3\/#breadcrumb","itemListElement":[{"@type":"ListItem","position":1,"name":"In\u00edcio","item":"https:\/\/www.legislapp.com.br\/"},{"@type":"ListItem","position":2,"name":"PL 3004\/2025 &#8211; Rosa Amorim"}]},{"@type":"WebSite","@id":"https:\/\/www.legislapp.com.br\/#website","url":"https:\/\/www.legislapp.com.br\/","name":"Legislapp","description":"Intelig\u00eancia governamental em tempo real","publisher":{"@id":"https:\/\/www.legislapp.com.br\/#organization"},"potentialAction":[{"@type":"SearchAction","target":{"@type":"EntryPoint","urlTemplate":"https:\/\/www.legislapp.com.br\/?s={search_term_string}"},"query-input":{"@type":"PropertyValueSpecification","valueRequired":true,"valueName":"search_term_string"}}],"inLanguage":"pt-BR"},{"@type":"Organization","@id":"https:\/\/www.legislapp.com.br\/#organization","name":"Legislapp Monitoramento e Intelig\u00eancia Governamental","url":"https:\/\/www.legislapp.com.br\/","logo":{"@type":"ImageObject","inLanguage":"pt-BR","@id":"https:\/\/www.legislapp.com.br\/#\/schema\/logo\/image\/","url":"https:\/\/www.legislapp.com.br\/wp-content\/uploads\/icon.png","contentUrl":"https:\/\/www.legislapp.com.br\/wp-content\/uploads\/icon.png","width":1024,"height":1024,"caption":"Legislapp Monitoramento e Intelig\u00eancia Governamental"},"image":{"@id":"https:\/\/www.legislapp.com.br\/#\/schema\/logo\/image\/"},"sameAs":["https:\/\/www.instagram.com\/legislapp\/"]}]}},"_links":{"self":[{"href":"https:\/\/www.legislapp.com.br\/index.php\/wp-json\/wp\/v2\/pages\/7573","targetHints":{"allow":["GET"]}}],"collection":[{"href":"https:\/\/www.legislapp.com.br\/index.php\/wp-json\/wp\/v2\/pages"}],"about":[{"href":"https:\/\/www.legislapp.com.br\/index.php\/wp-json\/wp\/v2\/types\/page"}],"author":[{"embeddable":true,"href":"https:\/\/www.legislapp.com.br\/index.php\/wp-json\/wp\/v2\/users\/1"}],"replies":[{"embeddable":true,"href":"https:\/\/www.legislapp.com.br\/index.php\/wp-json\/wp\/v2\/comments?post=7573"}],"version-history":[{"count":0,"href":"https:\/\/www.legislapp.com.br\/index.php\/wp-json\/wp\/v2\/pages\/7573\/revisions"}],"wp:attachment":[{"href":"https:\/\/www.legislapp.com.br\/index.php\/wp-json\/wp\/v2\/media?parent=7573"}],"curies":[{"name":"wp","href":"https:\/\/api.w.org\/{rel}","templated":true}]}}